{"nbFiches":1,"dataPrest":{"infoPrest":{"pave1":{"libelle":"Descriptif","contenu":"Montaneo \u00e8 un'agenzia che propone soggiorni per gruppi"},"pave2":{"libelle":"URL de la r\u00e9servation ou vente en ligne","contenu":""},"pave3":{"libelle":"Descriptif court (old)","contenu":""},"pave4":{"libelle":"Descriptif d\u00e9taill\u00e9","contenu":""},"pave5":{"libelle":"Bons plans","contenu":""},"pave6":{"libelle":"Compl\u00e9ment localisation","contenu":""},"pave7":{"libelle":"Compl\u00e9ment accueil","contenu":""},"pave8":{"libelle":"P\u00e9riodes en clair","contenu":"Tutto l'anno."},"pave9":{"libelle":"Tarifs en clair","contenu":""},"pave10":{"libelle":"Compl\u00e9ment Tarifs","contenu":""},"pave11":{"libelle":"Compl\u00e9ment R\u00e9servation","contenu":""},"pave12":{"libelle":"Descriptif court","contenu":""},"pave13":{"libelle":"Descriptif d\u00e9taill\u00e9","contenu":""},"pave14":{"libelle":"Bons plans","contenu":""},"pave15":{"libelle":"Tarifs (Tarifs en clair, Compl\u00e9ment Tarifs)","contenu":""},"pave16":{"libelle":"P\u00e9riodes en clair","contenu":""},"pave17":{"libelle":"Descriptif court","contenu":""},"pave18":{"libelle":"Descriptif d\u00e9taill\u00e9","contenu":""},"pave19":{"libelle":"Bons plans","contenu":""},"pave20":{"libelle":"Tarifs (Tarifs en clair, Compl\u00e9ment Tarifs)","contenu":""},"pave21":{"libelle":"P\u00e9riodes en clair","contenu":""},"pave22":{"libelle":"Dispositions sp\u00e9ciales","contenu":""},"pave23":{"libelle":"Nouveaut\u00e9s","contenu":""},"pave24":{"libelle":"Gestes pour l'environnement","contenu":""},"pave25":{"libelle":"","contenu":""},"ContactsParType":{"":{"114881":{"id_contact":"114881","type_contact":"","categorie_contact":"PRESTATAIRE","societe_contact":"","fonction_contact":"","civilite_nom_prenom_contact":"M Sblandano Yoann ","adresse1_contact":"","adresse2_contact":"","adresse3_contact":"","cpostal_contact":"","ville_contact":"","teldom_contact":"","telbur_contact":"","fax_contact":"","portable_contact":"","email_contact":"","siteweb_contact":"","commentaire_contact":"","langue_contact":"","autre_moyen_com":[]}}},"Libelle":"Agenzia di viaggi \"sejourgroupe.com\"","Nom":"Agence de Voyage \"sejourgroupe.com\"","Prenom":"","NomPrenom":"Agence de Voyage \"sejourgroupe.com\" ","CiviliteNomPrenom":"Agence de Voyage \"sejourgroupe.com\" ","Cle":"A|4867012","PrestataireParent":"","ContexteStat":"PRESTATAIRE-A-4867012","DateModificationIso":"2025-11-20T01:20:00+01:00","Type":"PRESTATAIRE","TypePrestataire":"A","Adresse":{"LigneAdresse1":"90 chemin du r\u00e9servoir","LigneAdresse2":"Val d'Allos - le Village","LigneAdresse3":"","CodePostal":"04260","Ville":"Allos","Cedex":"","Etat":"","Pays":"FRA"},"Email":"contact@montaneo.fr","Telephone":"","TelephoneBureau":"","Portable":"06 71 09 80 74","SiteWeb":"http:\/\/www.sejourgroupe.com\/","Fax":"","Id":"a-4867012","Code":"A|4867012","Fichier":{"Image":[{"url":"https:\/\/www.valdallos.com\/medias\/images\/prestataires\/131160-montaneo_agence_voyage_ete.jpg","chemin":"..\/medias\/images\/prestataires\/131160-montaneo_agence_voyage_ete.jpg","libelle":"Agence montaneo","extension":"jpg","categorie":"","largeur":800,"theme":"ETE","hauteur":534,"type":"Image","origine":"","liaisonPave":"","langue":"","id":"131160","urlVignette":"https:\/\/www.valdallos.com\/medias\/images\/prestataires\/v-131160-montaneo_agence_voyage_ete.jpg","alt":"Agence montaneo","title":"Agence montaneo","MultiTaille":{"1920x1440":{"url":"https:\/\/www.valdallos.com\/medias\/images\/prestataires\/multitailles\/1920x1440_131160-montaneo_agence_voyage_ete.jpg"},"1200x900":{"url":"https:\/\/www.valdallos.com\/medias\/images\/prestataires\/multitailles\/1200x900_131160-montaneo_agence_voyage_ete.jpg"},"800x600":{"url":"https:\/\/www.valdallos.com\/medias\/images\/prestataires\/multitailles\/800x600_131160-montaneo_agence_voyage_ete.jpg"},"640x480":{"url":"https:\/\/www.valdallos.com\/medias\/images\/prestataires\/multitailles\/640x480_131160-montaneo_agence_voyage_ete.jpg"},"320x240":{"url":"https:\/\/www.valdallos.com\/medias\/images\/prestataires\/multitailles\/320x240_131160-montaneo_agence_voyage_ete.jpg"},"160x120":{"url":"https:\/\/www.valdallos.com\/medias\/images\/prestataires\/multitailles\/160x120_131160-montaneo_agence_voyage_ete.jpg"},"origine":{"url":"https:\/\/www.valdallos.com\/medias\/images\/prestataires\/131160-montaneo_agence_voyage_ete.jpg"}},"urlLien":"","typeLien":"","nofollow":"N","copyright":"R Palomba"},{"url":"https:\/\/www.valdallos.com\/medias\/images\/prestataires\/131161-montaneo_agence_voyage_hiver.jpg","chemin":"..\/medias\/images\/prestataires\/131161-montaneo_agence_voyage_hiver.jpg","libelle":"Agence montaneo","extension":"jpg","categorie":"","largeur":800,"theme":"HIVER","hauteur":533,"type":"Image","origine":"","liaisonPave":"","langue":"","id":"131161","urlVignette":"https:\/\/www.valdallos.com\/medias\/images\/prestataires\/v-131161-montaneo_agence_voyage_hiver.jpg","alt":"Agence montaneo","title":"Agence montaneo","MultiTaille":{"1920x1440":{"url":"https:\/\/www.valdallos.com\/medias\/images\/prestataires\/multitailles\/1920x1440_131161-montaneo_agence_voyage_hiver.jpg"},"1200x900":{"url":"https:\/\/www.valdallos.com\/medias\/images\/prestataires\/multitailles\/1200x900_131161-montaneo_agence_voyage_hiver.jpg"},"800x600":{"url":"https:\/\/www.valdallos.com\/medias\/images\/prestataires\/multitailles\/800x600_131161-montaneo_agence_voyage_hiver.jpg"},"640x480":{"url":"https:\/\/www.valdallos.com\/medias\/images\/prestataires\/multitailles\/640x480_131161-montaneo_agence_voyage_hiver.jpg"},"320x240":{"url":"https:\/\/www.valdallos.com\/medias\/images\/prestataires\/multitailles\/320x240_131161-montaneo_agence_voyage_hiver.jpg"},"160x120":{"url":"https:\/\/www.valdallos.com\/medias\/images\/prestataires\/multitailles\/160x120_131161-montaneo_agence_voyage_hiver.jpg"},"origine":{"url":"https:\/\/www.valdallos.com\/medias\/images\/prestataires\/131161-montaneo_agence_voyage_hiver.jpg"}},"urlLien":"","typeLien":"","nofollow":"N","copyright":"R Palomba"},{"url":"https:\/\/www.valdallos.com\/medias\/images\/prestataires\/131162-montaneo_agence_voyage_hiver2.jpg","chemin":"..\/medias\/images\/prestataires\/131162-montaneo_agence_voyage_hiver2.jpg","libelle":"Agence montaneo","extension":"jpg","categorie":"","largeur":800,"theme":"HIVER","hauteur":534,"type":"Image","origine":"","liaisonPave":"","langue":"","id":"131162","urlVignette":"https:\/\/www.valdallos.com\/medias\/images\/prestataires\/v-131162-montaneo_agence_voyage_hiver2.jpg","alt":"Agence montaneo","title":"Agence montaneo","MultiTaille":{"1920x1440":{"url":"https:\/\/www.valdallos.com\/medias\/images\/prestataires\/multitailles\/1920x1440_131162-montaneo_agence_voyage_hiver2.jpg"},"1200x900":{"url":"https:\/\/www.valdallos.com\/medias\/images\/prestataires\/multitailles\/1200x900_131162-montaneo_agence_voyage_hiver2.jpg"},"800x600":{"url":"https:\/\/www.valdallos.com\/medias\/images\/prestataires\/multitailles\/800x600_131162-montaneo_agence_voyage_hiver2.jpg"},"640x480":{"url":"https:\/\/www.valdallos.com\/medias\/images\/prestataires\/multitailles\/640x480_131162-montaneo_agence_voyage_hiver2.jpg"},"320x240":{"url":"https:\/\/www.valdallos.com\/medias\/images\/prestataires\/multitailles\/320x240_131162-montaneo_agence_voyage_hiver2.jpg"},"160x120":{"url":"https:\/\/www.valdallos.com\/medias\/images\/prestataires\/multitailles\/160x120_131162-montaneo_agence_voyage_hiver2.jpg"},"origine":{"url":"https:\/\/www.valdallos.com\/medias\/images\/prestataires\/131162-montaneo_agence_voyage_hiver2.jpg"}},"urlLien":"","typeLien":"","nofollow":"N","copyright":"R Palomba"}],"ByCategorie":{"":[{"url":"https:\/\/www.valdallos.com\/medias\/images\/prestataires\/131160-montaneo_agence_voyage_ete.jpg","chemin":"..\/medias\/images\/prestataires\/131160-montaneo_agence_voyage_ete.jpg","libelle":"Agence montaneo","extension":"jpg","categorie":"","largeur":800,"theme":"ETE","hauteur":534,"type":"Image","origine":"","liaisonPave":"","langue":"","id":"131160","urlVignette":"https:\/\/www.valdallos.com\/medias\/images\/prestataires\/v-131160-montaneo_agence_voyage_ete.jpg","alt":"Agence montaneo","title":"Agence montaneo","MultiTaille":{"1920x1440":{"url":"https:\/\/www.valdallos.com\/medias\/images\/prestataires\/multitailles\/1920x1440_131160-montaneo_agence_voyage_ete.jpg"},"1200x900":{"url":"https:\/\/www.valdallos.com\/medias\/images\/prestataires\/multitailles\/1200x900_131160-montaneo_agence_voyage_ete.jpg"},"800x600":{"url":"https:\/\/www.valdallos.com\/medias\/images\/prestataires\/multitailles\/800x600_131160-montaneo_agence_voyage_ete.jpg"},"640x480":{"url":"https:\/\/www.valdallos.com\/medias\/images\/prestataires\/multitailles\/640x480_131160-montaneo_agence_voyage_ete.jpg"},"320x240":{"url":"https:\/\/www.valdallos.com\/medias\/images\/prestataires\/multitailles\/320x240_131160-montaneo_agence_voyage_ete.jpg"},"160x120":{"url":"https:\/\/www.valdallos.com\/medias\/images\/prestataires\/multitailles\/160x120_131160-montaneo_agence_voyage_ete.jpg"},"origine":{"url":"https:\/\/www.valdallos.com\/medias\/images\/prestataires\/131160-montaneo_agence_voyage_ete.jpg"}},"urlLien":"","typeLien":"","nofollow":"N","copyright":"R Palomba"},{"url":"https:\/\/www.valdallos.com\/medias\/images\/prestataires\/131161-montaneo_agence_voyage_hiver.jpg","chemin":"..\/medias\/images\/prestataires\/131161-montaneo_agence_voyage_hiver.jpg","libelle":"Agence montaneo","extension":"jpg","categorie":"","largeur":800,"theme":"HIVER","hauteur":533,"type":"Image","origine":"","liaisonPave":"","langue":"","id":"131161","urlVignette":"https:\/\/www.valdallos.com\/medias\/images\/prestataires\/v-131161-montaneo_agence_voyage_hiver.jpg","alt":"Agence montaneo","title":"Agence montaneo","MultiTaille":{"1920x1440":{"url":"https:\/\/www.valdallos.com\/medias\/images\/prestataires\/multitailles\/1920x1440_131161-montaneo_agence_voyage_hiver.jpg"},"1200x900":{"url":"https:\/\/www.valdallos.com\/medias\/images\/prestataires\/multitailles\/1200x900_131161-montaneo_agence_voyage_hiver.jpg"},"800x600":{"url":"https:\/\/www.valdallos.com\/medias\/images\/prestataires\/multitailles\/800x600_131161-montaneo_agence_voyage_hiver.jpg"},"640x480":{"url":"https:\/\/www.valdallos.com\/medias\/images\/prestataires\/multitailles\/640x480_131161-montaneo_agence_voyage_hiver.jpg"},"320x240":{"url":"https:\/\/www.valdallos.com\/medias\/images\/prestataires\/multitailles\/320x240_131161-montaneo_agence_voyage_hiver.jpg"},"160x120":{"url":"https:\/\/www.valdallos.com\/medias\/images\/prestataires\/multitailles\/160x120_131161-montaneo_agence_voyage_hiver.jpg"},"origine":{"url":"https:\/\/www.valdallos.com\/medias\/images\/prestataires\/131161-montaneo_agence_voyage_hiver.jpg"}},"urlLien":"","typeLien":"","nofollow":"N","copyright":"R Palomba"},{"url":"https:\/\/www.valdallos.com\/medias\/images\/prestataires\/131162-montaneo_agence_voyage_hiver2.jpg","chemin":"..\/medias\/images\/prestataires\/131162-montaneo_agence_voyage_hiver2.jpg","libelle":"Agence montaneo","extension":"jpg","categorie":"","largeur":800,"theme":"HIVER","hauteur":534,"type":"Image","origine":"","liaisonPave":"","langue":"","id":"131162","urlVignette":"https:\/\/www.valdallos.com\/medias\/images\/prestataires\/v-131162-montaneo_agence_voyage_hiver2.jpg","alt":"Agence montaneo","title":"Agence montaneo","MultiTaille":{"1920x1440":{"url":"https:\/\/www.valdallos.com\/medias\/images\/prestataires\/multitailles\/1920x1440_131162-montaneo_agence_voyage_hiver2.jpg"},"1200x900":{"url":"https:\/\/www.valdallos.com\/medias\/images\/prestataires\/multitailles\/1200x900_131162-montaneo_agence_voyage_hiver2.jpg"},"800x600":{"url":"https:\/\/www.valdallos.com\/medias\/images\/prestataires\/multitailles\/800x600_131162-montaneo_agence_voyage_hiver2.jpg"},"640x480":{"url":"https:\/\/www.valdallos.com\/medias\/images\/prestataires\/multitailles\/640x480_131162-montaneo_agence_voyage_hiver2.jpg"},"320x240":{"url":"https:\/\/www.valdallos.com\/medias\/images\/prestataires\/multitailles\/320x240_131162-montaneo_agence_voyage_hiver2.jpg"},"160x120":{"url":"https:\/\/www.valdallos.com\/medias\/images\/prestataires\/multitailles\/160x120_131162-montaneo_agence_voyage_hiver2.jpg"},"origine":{"url":"https:\/\/www.valdallos.com\/medias\/images\/prestataires\/131162-montaneo_agence_voyage_hiver2.jpg"}},"urlLien":"","typeLien":"","nofollow":"N","copyright":"R Palomba"}]}},"Url":"agence-de-voyage-sejour-groupe-fr.html","Localisation":{"GoogleMap":{"Latitude":"44.246854","Longitude":"6.630819"}},"ZoneGeo":"","Criteres":{"PUBLICATION[VALDALLOS":"","AADHER[AOFFIC":"","AINFADH[AFIN":"","ZONEGEO[FRPA04VAV1400":"","P.modesPaiement[1278":"","P.prestations[surchargeTourismesAdaptes":"","P.prestations[surchargeDescriptifHandicapMoteur":"","P.prestations[surchargeDescriptifHandicapAuditif":"","P.prestations[surchargeDescriptifHandicapVisuel":"","P.prestations[surchargeDescriptifHandicapMental":"","P.prestations[surchargeNombreFauteuilsRoulants":"","P.prestations[tailleGroupeMax":"100","P.languesParlees[1192":"","P.languesParlees[1194":"","P.languesParlees[1197":"","P.environnements[171":"","P.environnements[193":"","P.environnements[195":"","P.114[416":"","P.114[418":"","P.114[435":"","P.114[436":"","P.modesPaiement[1268":"","P.modesPaiement[1274":"","P.modesPaiement[1281":"","P.tourismeAffaires[tourismeAffairesEnabled":"","P.tourismeAffaires[devise":"EUR","P.commerceEtServiceType[1875":"","P.17[2382":"","P.17[2539":"","P.CINTSITRA[5660":"","P.CINTSITRA[5664":"","P.CINTSITRA[8809":"","P.6241[126905":"","P.6241[5740912":"","P.3218[311229":"","P.3220[587401":"","P.3220[5575332":"","P.3233[591419":"","P.3221[4876304":"","P.3219[5127127":"","P.3219[5239406":"","P.3219[6436838":"","P.3240[5778284":"","P.6242[5843488":"","P.3230[6139211":"","P.VilleSitra[1559":"","P.VillageDeDepart[1559":"","P.114[439":""},"DateFinPublication":"","PrixAPartirDe":"","PrixPour":"","FicheListeEnCours":"fiche_liste_commerces_services_OT_v3","ParametresModele":{"AfficherPhotos":1,"NbPhotosMax":6,"AfficherReserver":0,"AfficherContact":0,"AfficherSalle":1,"AfficherZoneGeo":0,"AfficherEnSavoirPlus":"0","AfficherUneSeuleOuverture":0,"AfficherContactCarte":1,"AfficherTarifsChaudAPartirDe":0,"AfficherTarifChaudSansRecherche":0,"BlocCritereInfo":{"critere1":{"libelle":""},"critere2":{"libelle":"","liste_critere":["ZONEGEO|A"]},"critere3":{"libelle":""},"critere4":{"libelle":""},"critere5":{"libelle":"","liste_critere":["ACOMM|A","ASANTE|A"]},"critere6":{"libelle":"","liste_critere":["ALABEL|A"]},"critere7":{"libelle":""},"critere8":{"libelle":""},"afficherpictoetpaslibelle":"1"},"BlocPaveInfo":{"texte1":{"pave":["1","12","17"],"longeurmax":"250","afficherLibelle":"0","garderHtml":"0"}},"PositionBloc":"GALLERIE|ZONEPRINCIPALFICHEPRESTA|NOM|CARNET_VOYAGE","TypePrestataire":"A","ComportementResa":false,"ComportementDispo":false},"AffichageCoordonnees":[],"Coordonnees":{"Ville":"Allos"},"ContexteId":"PRESTATAIRE|A|4867012","ContexteIdHtml":"PRESTATAIRE-A-4867012","cleContexte":"A|4867012","Bloc":{"texte1":"Montaneo \u00e8 un'agenzia che propone soggiorni per gruppi","texte3":"","critere1":{"libelle":"","contenu":[]},"critere2":{"libelle":"","contenu":{"ZONEGEO":{"libelle":"Citt\u00e0","contenu":{"3":"Val d\u2019Allos \u2013 Le village"},"codesValeurs":{"3":"ZONEGEO|FRPA04VAV1400|A"},"criteres_datas":{"valeurs":{"3":{"FRPA04VAV1400":{"descriptif":""}}}}}}},"critere3":{"libelle":"","contenu":[]},"critere4":{"libelle":"","contenu":[]},"critere5":{"libelle":"","contenu":[]},"critere6":{"libelle":"","contenu":[]},"critere7":{"libelle":"","contenu":[]},"critere8":{"libelle":"","contenu":[]},"critere9":{"libelle":"","contenu":[]}},"LocalisationGps":{"Latitude":"44.246854","Longitude":"6.630819"},"libelleDuPrestataire":"","listeCriteres":{"PUBLICATION":{"VALDALLOS":""},"AADHER":{"AOFFIC":""},"AINFADH":{"AFIN":""},"ZONEGEO":{"FRPA04VAV1400":""},"P.modesPaiement":{"1278":"","1268":"","1274":"","1281":""},"P.prestations":{"surchargeTourismesAdaptes":"","surchargeDescriptifHandicapMoteur":"","surchargeDescriptifHandicapAuditif":"","surchargeDescriptifHandicapVisuel":"","surchargeDescriptifHandicapMental":"","surchargeNombreFauteuilsRoulants":"","tailleGroupeMax":"100"},"P.languesParlees":{"1192":"","1194":"","1197":""},"P.environnements":{"171":"","193":"","195":""},"P.114":{"416":"","418":"","435":"","436":"","439":""},"P.tourismeAffaires":{"tourismeAffairesEnabled":"","devise":"EUR"},"P.commerceEtServiceType":{"1875":""},"P.17":{"2382":"","2539":""},"P.CINTSITRA":{"5660":"","5664":"","8809":""},"P.6241":{"126905":"","5740912":""},"P.3218":{"311229":""},"P.3220":{"587401":"","5575332":""},"P.3233":{"591419":""},"P.3221":{"4876304":""},"P.3219":{"5127127":"","5239406":"","6436838":""},"P.3240":{"5778284":""},"P.6242":{"5843488":""},"P.3230":{"6139211":""},"P.VilleSitra":{"1559":""},"P.VillageDeDepart":{"1559":""}},"dansCarnetVoyage":true,"Ouverture":""},"html":" \n \u003Cdiv id=\"CV-PRESTATAIRE-A-4867012\" data-contexte-id=\"PRESTATAIRE|A|4867012\" data-cle=\"A|4867012\" class=\"fiche-liste\"\u003E\n    \n\n    \u003C!-- partie photo --\u003E\n    \u003Cdiv class=\"photo\"\u003E\t\t\t\t\t\t\t\t\t\t\t\t\t\t\t\t\t\t\t\t\t\n        \u003Cdiv class=\"cadre_photo_principale\"\u003E\t\t\n        \n            \t\t\t\t\t\n                    \u003Ca href=\"agence-de-voyage-sejour-groupe-fr.html?origine=carnet#media\"\u003E\n                        \u003Cimg class=\"photo_principale\" alt=\"Agence montaneo\" src=\"https:\/\/www.valdallos.com\/medias\/images\/prestataires\/multitailles\/320x240_131160-montaneo_agence_voyage_ete.jpg\" itemprop=\"image\"\u003E\n                    \u003C\/a\u003E\t\t\t\t\t\t\n                \n                    \u003C\/div\u003E\t\t\t\t\t\t\t\t\t\t\t\t\t\t\t\t\t\t\t \t\t\n    \u003C\/div\u003E\n    \n    \u003C!-- partie nom prest --\u003E\n    \u003Cdiv class=\"nom\"\u003E\n        \u003Ch2\u003EAgenzia di viaggi \"sejourgroupe.com\"\u003C\/h2\u003E\n        \n            \u003C\/div\u003E\n\n         \n    \u003C!-- partie adresse --\u003E\n    \u003Cdiv class=\"adresse\"\u003E\n    \n          \n    \u003C\/div\u003E\n    \n    \u003C!-- partie liens --\u003E\n    \u003Cdiv class=\"liens\"\u003E\n            \u003Ca class=\"btn-icon btn-view \" title=\"Vedi il file dettagliato\" href=\"agence-de-voyage-sejour-groupe-fr.html?origine=carnet\"\u003E\u003C\/a\u003E\u003C!--\u003Ca class=\"btn-icon btn-view \" title=\"\" href=\"?origine=carnet#thaut\"\u003E\u003C\/a\u003E--\u003E\n      \u003Ca class=\"btn-icon btn-trash carnet_voyage_supprimer\" title=\"Elimina questo file dal mio diario di viaggio\" href=\"carnet-voyage?action=remove&fiche=A|4867012\"\u003E\u003C\/a\u003E\n    \u003C\/div\u003E\n\n\u003C\/div\u003E\n\n","icon":"https:\/\/static.ingenie.fr\/images\/carnetVoyageV3\/A.png"},"fiche":"A|4867012","popup":"\u003Cdiv id=\"bloc_popup_ajout_fiche_carnet\"\u003E\n    \u003Cdiv class=\"info_popup_ajout_fiche_carnet\"\u003E\n        Hai appena aggiunto questo elemento alla tua selezione:    \u003C\/div\u003E\n    \u003Cdiv class=\"prest_popup_ajout_fiche_carnet\"\u003E\n        Agenzia di viaggi &quot;sejourgroupe.com&quot;    \u003C\/div\u003E\n    \u003Cdiv class=\"bloc_btn_ajout_fiche_carnet form_submit_div\"\u003E\n        \u003Cinput type=\"button\" value=\"Continua la mia selezione\" title=\"Continua la mia selezione\" name=\"btn_close\" class=\"btn_close_popup_carnet form_submit\" onclick=\"$.colorbox.close()\" \/\u003E\n        \u003Cinput type=\"button\" value=\"Visualizza la mia selezione\" title=\"Visualizza la mia selezione\" name=\"btn_panier\" class=\"btn_panier_popup_carnet form_submit\" onclick=\"if(typeof CarnetVoyage != 'undefined') {CarnetVoyage.voirCarnet();}\" \/\u003E\n    \u003C\/div\u003E\n    \u003Cdiv class=\"bloc_btn_ajout_fiche_carnet\"\u003E\n        \u003Cinput type=\"checkbox\" value=\"1\" name=\"desactiver_popup\" id=\"desactiver_popup\" \/\u003E\n        \u003Clabel for=\"desactiver_popup\"\u003ENon visualizzare pi\u00f9 questo messaggio\u003C\/label\u003E\n    \u003C\/div\u003E\n\u003C\/div\u003E","success":1}