{"nbFiches":3,"dataPrest":{"infoPrest":{"pave1":{"libelle":"Descriptif","contenu":"Negozzio di sport durante l'inverno per lo sci et l'estate (per lo MTB)"},"pave2":{"libelle":"URL de la r\u00e9servation ou vente en ligne","contenu":""},"pave3":{"libelle":"Descriptif court (old)","contenu":""},"pave4":{"libelle":"Descriptif d\u00e9taill\u00e9","contenu":""},"pave5":{"libelle":"Bons plans","contenu":""},"pave6":{"libelle":"Compl\u00e9ment localisation","contenu":""},"pave7":{"libelle":"Compl\u00e9ment accueil","contenu":""},"pave8":{"libelle":"P\u00e9riodes en clair","contenu":"Dal 27\/06 al 06\/09\/2026 ogni giorno dalle 9 alle 12:30 e dalle 15 alle 19."},"pave9":{"libelle":"Tarifs en clair","contenu":""},"pave10":{"libelle":"Compl\u00e9ment Tarifs","contenu":""},"pave11":{"libelle":"Compl\u00e9ment R\u00e9servation","contenu":""},"pave12":{"libelle":"Descriptif court","contenu":""},"pave13":{"libelle":"Descriptif d\u00e9taill\u00e9","contenu":""},"pave14":{"libelle":"Bons plans","contenu":""},"pave15":{"libelle":"Tarifs (Tarifs en clair, Compl\u00e9ment Tarifs)","contenu":""},"pave16":{"libelle":"P\u00e9riodes en clair","contenu":""},"pave17":{"libelle":"Descriptif court","contenu":""},"pave18":{"libelle":"Descriptif d\u00e9taill\u00e9","contenu":""},"pave19":{"libelle":"Bons plans","contenu":""},"pave20":{"libelle":"Tarifs (Tarifs en clair, Compl\u00e9ment Tarifs)","contenu":""},"pave21":{"libelle":"P\u00e9riodes en clair","contenu":""},"pave22":{"libelle":"Dispositions sp\u00e9ciales","contenu":""},"pave23":{"libelle":"Nouveaut\u00e9s","contenu":""},"pave24":{"libelle":"Gestes pour l'environnement","contenu":""},"pave25":{"libelle":"","contenu":""},"ContactsParType":{"":{"118097":{"id_contact":"118097","type_contact":"","categorie_contact":"PRESTATAIRE","societe_contact":"","fonction_contact":"","civilite_nom_prenom_contact":"M Lantelme Bernard ","adresse1_contact":"","adresse2_contact":"","adresse3_contact":"","cpostal_contact":"","ville_contact":"","teldom_contact":"","telbur_contact":"","fax_contact":"","portable_contact":"","email_contact":"","siteweb_contact":"","commentaire_contact":"","langue_contact":"","autre_moyen_com":[]}},"RES":{"118098":{"id_contact":"118098","type_contact":"RES","categorie_contact":"PRESTATAIRE","societe_contact":"","fonction_contact":"","civilite_nom_prenom_contact":"R\u00e9servation ","adresse1_contact":"","adresse2_contact":"","adresse3_contact":"","cpostal_contact":"","ville_contact":"","teldom_contact":"","telbur_contact":"","fax_contact":"","portable_contact":"","email_contact":"","siteweb_contact":"https:\/\/www.skiset.com\/station-ski\/la-foux-d-allos\/magasins\/lantelme-sports","commentaire_contact":"","langue_contact":"","autre_moyen_com":[]}}},"ZoneGeoLibelle":"Val d\u2019Allos \u2013 La Foux","Libelle":"Lantelme Sports skiset","Nom":"Magasin de sports Lantelme Sports skiset","Prenom":"","NomPrenom":"Magasin de sports Lantelme Sports skiset ","CiviliteNomPrenom":"Magasin de sports Lantelme Sports skiset ","Cle":"A|636848","PrestataireParent":"","ContexteStat":"PRESTATAIRE-A-636848","DateModificationIso":"2026-04-14T00:13:00+02:00","Type":"PRESTATAIRE","TypePrestataire":"A","Adresse":{"LigneAdresse1":"centre station, galerie marchande","LigneAdresse2":"Val d'Allos - la Foux","LigneAdresse3":"","CodePostal":"04260","Ville":"La Foux d\u2019Allos","Cedex":"","Etat":"","Pays":"FRA"},"Email":"lantelme-sport04@orange.fr","Telephone":"04 92 83 80 09","TelephoneBureau":"","Portable":"","SiteWeb":"https:\/\/www.lantelme-sports.com","Fax":"","Id":"a-636848","Code":"A|636848","Fichier":{"Image":[{"url":"https:\/\/www.valdallos.com\/medias\/images\/prestataires\/138957-lantelme_sports_ete.jpg","chemin":"..\/medias\/images\/prestataires\/138957-lantelme_sports_ete.jpg","libelle":"lantelme sports","extension":"jpg","categorie":"","largeur":800,"theme":"ETE","hauteur":600,"type":"Image","origine":"","liaisonPave":"","langue":"","id":"138957","urlVignette":"https:\/\/www.valdallos.com\/medias\/images\/prestataires\/v-138957-lantelme_sports_ete.jpg","alt":"lantelme sports","title":"lantelme sports","MultiTaille":{"1920x1440":{"url":"https:\/\/www.valdallos.com\/medias\/images\/prestataires\/multitailles\/1920x1440_138957-lantelme_sports_ete.jpg"},"1200x900":{"url":"https:\/\/www.valdallos.com\/medias\/images\/prestataires\/multitailles\/1200x900_138957-lantelme_sports_ete.jpg"},"800x600":{"url":"https:\/\/www.valdallos.com\/medias\/images\/prestataires\/multitailles\/800x600_138957-lantelme_sports_ete.jpg"},"640x480":{"url":"https:\/\/www.valdallos.com\/medias\/images\/prestataires\/multitailles\/640x480_138957-lantelme_sports_ete.jpg"},"320x240":{"url":"https:\/\/www.valdallos.com\/medias\/images\/prestataires\/multitailles\/320x240_138957-lantelme_sports_ete.jpg"},"160x120":{"url":"https:\/\/www.valdallos.com\/medias\/images\/prestataires\/multitailles\/160x120_138957-lantelme_sports_ete.jpg"},"origine":{"url":"https:\/\/www.valdallos.com\/medias\/images\/prestataires\/138957-lantelme_sports_ete.jpg"}},"urlLien":"","typeLien":"","nofollow":"N","copyright":"office de tourisme du Val d'Allos"},{"url":"https:\/\/www.valdallos.com\/medias\/images\/prestataires\/138959-skiset.jpg","chemin":"..\/medias\/images\/prestataires\/138959-skiset.jpg","libelle":"Skiset Lantelme Sports","extension":"jpg","categorie":"","largeur":602,"theme":"","hauteur":156,"type":"Image","origine":"","liaisonPave":"","langue":"","id":"138959","urlVignette":"https:\/\/www.valdallos.com\/medias\/images\/prestataires\/v-138959-skiset.jpg","alt":"Skiset Lantelme Sports","title":"Skiset Lantelme Sports","MultiTaille":{"1920x1440":{"url":"https:\/\/www.valdallos.com\/medias\/images\/prestataires\/multitailles\/1920x1440_138959-skiset.jpg"},"1200x900":{"url":"https:\/\/www.valdallos.com\/medias\/images\/prestataires\/multitailles\/1200x900_138959-skiset.jpg"},"800x600":{"url":"https:\/\/www.valdallos.com\/medias\/images\/prestataires\/multitailles\/800x600_138959-skiset.jpg"},"640x480":{"url":"https:\/\/www.valdallos.com\/medias\/images\/prestataires\/multitailles\/640x480_138959-skiset.jpg"},"320x240":{"url":"https:\/\/www.valdallos.com\/medias\/images\/prestataires\/multitailles\/320x240_138959-skiset.jpg"},"160x120":{"url":"https:\/\/www.valdallos.com\/medias\/images\/prestataires\/multitailles\/160x120_138959-skiset.jpg"},"origine":{"url":"https:\/\/www.valdallos.com\/medias\/images\/prestataires\/138959-skiset.jpg"}},"urlLien":"","typeLien":"","nofollow":"N","copyright":"skiset"},{"url":"https:\/\/www.valdallos.com\/medias\/images\/prestataires\/138958-pal96881.jpg","chemin":"..\/medias\/images\/prestataires\/138958-pal96881.jpg","libelle":"Val d'Allos, magasin lantelme sports skiset","extension":"jpg","categorie":"","largeur":4252,"theme":"HIVER","hauteur":2835,"type":"Image","origine":"","liaisonPave":"","langue":"","id":"138958","urlVignette":"https:\/\/www.valdallos.com\/medias\/images\/prestataires\/v-138958-pal96881.jpg","alt":"Val d'Allos, magasin lantelme sports skiset","title":"Val d'Allos, magasin lantelme sports skiset","MultiTaille":{"1920x1440":{"url":"https:\/\/www.valdallos.com\/medias\/images\/prestataires\/multitailles\/1920x1440_138958-pal96881.jpg"},"1200x900":{"url":"https:\/\/www.valdallos.com\/medias\/images\/prestataires\/multitailles\/1200x900_138958-pal96881.jpg"},"800x600":{"url":"https:\/\/www.valdallos.com\/medias\/images\/prestataires\/multitailles\/800x600_138958-pal96881.jpg"},"640x480":{"url":"https:\/\/www.valdallos.com\/medias\/images\/prestataires\/multitailles\/640x480_138958-pal96881.jpg"},"320x240":{"url":"https:\/\/www.valdallos.com\/medias\/images\/prestataires\/multitailles\/320x240_138958-pal96881.jpg"},"160x120":{"url":"https:\/\/www.valdallos.com\/medias\/images\/prestataires\/multitailles\/160x120_138958-pal96881.jpg"},"origine":{"url":"https:\/\/www.valdallos.com\/medias\/images\/prestataires\/138958-pal96881.jpg"}},"urlLien":"","typeLien":"","nofollow":"N","copyright":"Office de tourisme du Val d'Allos - R Palomba"}],"ByCategorie":{"":[{"url":"https:\/\/www.valdallos.com\/medias\/images\/prestataires\/138957-lantelme_sports_ete.jpg","chemin":"..\/medias\/images\/prestataires\/138957-lantelme_sports_ete.jpg","libelle":"lantelme sports","extension":"jpg","categorie":"","largeur":800,"theme":"ETE","hauteur":600,"type":"Image","origine":"","liaisonPave":"","langue":"","id":"138957","urlVignette":"https:\/\/www.valdallos.com\/medias\/images\/prestataires\/v-138957-lantelme_sports_ete.jpg","alt":"lantelme sports","title":"lantelme sports","MultiTaille":{"1920x1440":{"url":"https:\/\/www.valdallos.com\/medias\/images\/prestataires\/multitailles\/1920x1440_138957-lantelme_sports_ete.jpg"},"1200x900":{"url":"https:\/\/www.valdallos.com\/medias\/images\/prestataires\/multitailles\/1200x900_138957-lantelme_sports_ete.jpg"},"800x600":{"url":"https:\/\/www.valdallos.com\/medias\/images\/prestataires\/multitailles\/800x600_138957-lantelme_sports_ete.jpg"},"640x480":{"url":"https:\/\/www.valdallos.com\/medias\/images\/prestataires\/multitailles\/640x480_138957-lantelme_sports_ete.jpg"},"320x240":{"url":"https:\/\/www.valdallos.com\/medias\/images\/prestataires\/multitailles\/320x240_138957-lantelme_sports_ete.jpg"},"160x120":{"url":"https:\/\/www.valdallos.com\/medias\/images\/prestataires\/multitailles\/160x120_138957-lantelme_sports_ete.jpg"},"origine":{"url":"https:\/\/www.valdallos.com\/medias\/images\/prestataires\/138957-lantelme_sports_ete.jpg"}},"urlLien":"","typeLien":"","nofollow":"N","copyright":"office de tourisme du Val d'Allos"},{"url":"https:\/\/www.valdallos.com\/medias\/images\/prestataires\/138959-skiset.jpg","chemin":"..\/medias\/images\/prestataires\/138959-skiset.jpg","libelle":"Skiset Lantelme Sports","extension":"jpg","categorie":"","largeur":602,"theme":"","hauteur":156,"type":"Image","origine":"","liaisonPave":"","langue":"","id":"138959","urlVignette":"https:\/\/www.valdallos.com\/medias\/images\/prestataires\/v-138959-skiset.jpg","alt":"Skiset Lantelme Sports","title":"Skiset Lantelme Sports","MultiTaille":{"1920x1440":{"url":"https:\/\/www.valdallos.com\/medias\/images\/prestataires\/multitailles\/1920x1440_138959-skiset.jpg"},"1200x900":{"url":"https:\/\/www.valdallos.com\/medias\/images\/prestataires\/multitailles\/1200x900_138959-skiset.jpg"},"800x600":{"url":"https:\/\/www.valdallos.com\/medias\/images\/prestataires\/multitailles\/800x600_138959-skiset.jpg"},"640x480":{"url":"https:\/\/www.valdallos.com\/medias\/images\/prestataires\/multitailles\/640x480_138959-skiset.jpg"},"320x240":{"url":"https:\/\/www.valdallos.com\/medias\/images\/prestataires\/multitailles\/320x240_138959-skiset.jpg"},"160x120":{"url":"https:\/\/www.valdallos.com\/medias\/images\/prestataires\/multitailles\/160x120_138959-skiset.jpg"},"origine":{"url":"https:\/\/www.valdallos.com\/medias\/images\/prestataires\/138959-skiset.jpg"}},"urlLien":"","typeLien":"","nofollow":"N","copyright":"skiset"},{"url":"https:\/\/www.valdallos.com\/medias\/images\/prestataires\/138958-pal96881.jpg","chemin":"..\/medias\/images\/prestataires\/138958-pal96881.jpg","libelle":"Val d'Allos, magasin lantelme sports skiset","extension":"jpg","categorie":"","largeur":4252,"theme":"HIVER","hauteur":2835,"type":"Image","origine":"","liaisonPave":"","langue":"","id":"138958","urlVignette":"https:\/\/www.valdallos.com\/medias\/images\/prestataires\/v-138958-pal96881.jpg","alt":"Val d'Allos, magasin lantelme sports skiset","title":"Val d'Allos, magasin lantelme sports skiset","MultiTaille":{"1920x1440":{"url":"https:\/\/www.valdallos.com\/medias\/images\/prestataires\/multitailles\/1920x1440_138958-pal96881.jpg"},"1200x900":{"url":"https:\/\/www.valdallos.com\/medias\/images\/prestataires\/multitailles\/1200x900_138958-pal96881.jpg"},"800x600":{"url":"https:\/\/www.valdallos.com\/medias\/images\/prestataires\/multitailles\/800x600_138958-pal96881.jpg"},"640x480":{"url":"https:\/\/www.valdallos.com\/medias\/images\/prestataires\/multitailles\/640x480_138958-pal96881.jpg"},"320x240":{"url":"https:\/\/www.valdallos.com\/medias\/images\/prestataires\/multitailles\/320x240_138958-pal96881.jpg"},"160x120":{"url":"https:\/\/www.valdallos.com\/medias\/images\/prestataires\/multitailles\/160x120_138958-pal96881.jpg"},"origine":{"url":"https:\/\/www.valdallos.com\/medias\/images\/prestataires\/138958-pal96881.jpg"}},"urlLien":"","typeLien":"","nofollow":"N","copyright":"Office de tourisme du Val d'Allos - R Palomba"}]}},"Url":"noleggio-di-materiale-noleggio-bicicletta-negozzio-sportivo-moda-pret-a-porter-lantelme-sports-skiset-val-dallos-la-foux.html","Localisation":{"GoogleMap":{"Latitude":"44.290045","Longitude":"6.56903"},"PlanStation":{"idPlan":"6","nomPlan":"[NEW] Plan La Foux","carte":"\/plan\/plan_station_2018[HIVER_FR[.jpg","PositionAbs":"648","PositionOrd":"221"}},"ZoneGeo":"","LiensEtWidgetsParType":{"R":[{"Id":"16411","TypePrestataire":"A","CodePrestataire":"636848","CodePrestation":"","CodeLibelle":"URL00002390","Type":"R","Url":"https:\/\/www.skiset.com\/station-ski\/la-foux-d-allos\/magasins\/lantelme-sports","Defaut":"N","Langue":"","Nature":"URL","Import":"SITRA2","LibelleText":"R\u00e9servation","Theme":""}]},"LiensEtWidgets":[{"Id":"16411","TypePrestataire":"A","CodePrestataire":"636848","CodePrestation":"","CodeLibelle":"URL00002390","Type":"R","Url":"https:\/\/www.skiset.com\/station-ski\/la-foux-d-allos\/magasins\/lantelme-sports","Defaut":"N","Langue":"","Nature":"URL","Import":"SITRA2","LibelleText":"R\u00e9servation","Theme":""}],"Criteres":{"PUBLICATION[VALDALLOS":"","PUBLICATION[SITEVTTMONTAGNE":"","AADHER[AOFFIC":"","AINFADH[AFIN":"","ACOMM[ALOCMAT":"","ACOMM[LOUERVELOS":"","ACOMM[AMAGA":"","ACOMM[AMODE":"","ACRITFAMHIVER[ASKIS":"","ACRITFAMHIVER[ACASQUE":"","ACRITFAMHIVER[ALUGE":"","ACRITFAMHIVER[ASNOW":"","ACRITFAMHIVER[APORTBE":"","ACRITFAMHIVER[ARAQUE":"","ACRITFAMHIVER[ALUGEBB":"","ACRITFAMHIVER[AOFFRE":"","ACRITFAMETE[APORTEB":"","ACRITFAMETE[AVTT":"","ACRITFAMETE[ACASQUE":"","ACRITFAMETE[AVELPB":"","ACRITFAMETE[AOFFFAMP":"","ZONEGEO[FRPA04VAV1800":"","CHAINELABELAFF[FAMILLEPLUSAFF":"","P.113[1593":"","P.126[972":"","P.4169[3695":"","P.4169[3696":"","P.4169[3699":"","P.4169[3724":"","P.4169[3963":"","P.4169[4094":"","P.4168[3889":"","P.4168[3939":"","P.4168[4144":"","P.78[7556":"","P.prestations[surchargeTourismesAdaptes":"","P.prestations[surchargeDescriptifHandicapMoteur":"","P.prestations[surchargeDescriptifHandicapAuditif":"","P.prestations[surchargeDescriptifHandicapVisuel":"","P.prestations[surchargeDescriptifHandicapMental":"","P.prestations[surchargeNombreFauteuilsRoulants":"","P.languesParlees[1192":"","P.languesParlees[1197":"","P.2[513":"","P.5[593":"","P.114[416":"","P.114[418":"","P.114[435":"","P.114[436":"","P.modesPaiement[1268":"","P.modesPaiement[1274":"","P.modesPaiement[1277":"","P.tourismeAffaires[tourismeAffairesEnabled":"","P.tourismeAffaires[devise":"EUR","P.commerceEtServiceType[1874":"","P.13[2060":"","P.13[2061":"","P.13[2185":"","P.13[2192":"","P.14[2067":"","P.CINTSITRA[5660":"","P.CINTSITRA[5663":"","P.CINTSITRA[5664":"","P.CINTSITRA[8809":"","P.CINTSITRA[19004":"","P.6241[126905":"","P.6241[5740912":"","P.3218[311229":"","P.3220[587401":"","P.3220[5575332":"","P.3233[591419":"","P.3221[4876304":"","P.3219[5127066":"","P.3219[5127127":"","P.3219[5239406":"","P.3219[6436838":"","P.3240[5778284":"","P.6242[5843488":"","P.3230[6139211":"","P.VilleSitra[37282":"","P.VillageDeDepart[1559":"","P.VillageDeDepart[37282":""},"DateFinPublication":"","PrixAPartirDe":"","PrixPour":"","FicheListeEnCours":"fiche_liste_commerces_services_OT_v3","ParametresModele":{"AfficherPhotos":1,"NbPhotosMax":6,"AfficherReserver":0,"AfficherContact":0,"AfficherSalle":1,"AfficherZoneGeo":0,"AfficherEnSavoirPlus":"0","AfficherUneSeuleOuverture":0,"AfficherContactCarte":1,"AfficherTarifsChaudAPartirDe":0,"AfficherTarifChaudSansRecherche":0,"BlocCritereInfo":{"critere1":{"libelle":""},"critere2":{"libelle":"","liste_critere":["ZONEGEO|A"]},"critere3":{"libelle":""},"critere4":{"libelle":""},"critere5":{"libelle":"","liste_critere":["ACOMM|A","ASANTE|A"]},"critere6":{"libelle":"","liste_critere":["ALABEL|A"]},"critere7":{"libelle":""},"critere8":{"libelle":""},"afficherpictoetpaslibelle":"1"},"BlocPaveInfo":{"texte1":{"pave":["1","12","17"],"longeurmax":"250","afficherLibelle":"0","garderHtml":"0"}},"PositionBloc":"GALLERIE|ZONEPRINCIPALFICHEPRESTA|NOM|CARNET_VOYAGE","TypePrestataire":"A","ComportementResa":false,"ComportementDispo":false},"AffichageCoordonnees":[],"Coordonnees":{"Ville":"La Foux d\u2019Allos"},"ContexteId":"PRESTATAIRE|A|636848","ContexteIdHtml":"PRESTATAIRE-A-636848","cleContexte":"A|636848","Bloc":{"texte1":"Negozzio di sport durante l'inverno per lo sci et l'estate (per lo MTB)","texte3":"","critere1":{"libelle":"","contenu":[]},"critere2":{"libelle":"","contenu":{"ZONEGEO":{"libelle":"Citt\u00e0","contenu":{"1":"Val d\u2019Allos \u2013 La Foux"},"codesValeurs":{"1":"ZONEGEO|FRPA04VAV1800|A"},"criteres_datas":{"valeurs":{"1":{"FRPA04VAV1800":{"descriptif":""}}}}}}},"critere3":{"libelle":"","contenu":[]},"critere4":{"libelle":"","contenu":[]},"critere5":{"libelle":"","contenu":{"ACOMM":{"libelle":"Negozio","contenu":{"12":"Noleggio  di materiale","13":"Noleggio bicicletta","15":"Negozzio sportivo","17":"Moda, pr\u00eat-\u00e0-porter\t"},"codesValeurs":{"12":"ACOMM|ALOCMAT|A","13":"ACOMM|LOUERVELOS|A","15":"ACOMM|AMAGA|A","17":"ACOMM|AMODE|A"},"criteres_datas":{"valeurs":{"12":{"ALOCMAT":{"descriptif":""}},"13":{"LOUERVELOS":{"descriptif":""}},"15":{"AMAGA":{"descriptif":""}},"17":{"AMODE":{"descriptif":""}}}}}}},"critere6":{"libelle":"","contenu":[]},"critere7":{"libelle":"","contenu":[]},"critere8":{"libelle":"","contenu":[]},"critere9":{"libelle":"","contenu":[]}},"LocalisationGps":{"Latitude":"44.290045","Longitude":"6.56903"},"libelleDuPrestataire":"","listeCriteres":{"PUBLICATION":{"VALDALLOS":"","SITEVTTMONTAGNE":""},"AADHER":{"AOFFIC":""},"AINFADH":{"AFIN":""},"ACOMM":{"ALOCMAT":"","LOUERVELOS":"","AMAGA":"","AMODE":""},"ACRITFAMHIVER":{"ASKIS":"","ACASQUE":"","ALUGE":"","ASNOW":"","APORTBE":"","ARAQUE":"","ALUGEBB":"","AOFFRE":""},"ACRITFAMETE":{"APORTEB":"","AVTT":"","ACASQUE":"","AVELPB":"","AOFFFAMP":""},"ZONEGEO":{"FRPA04VAV1800":""},"CHAINELABELAFF":{"FAMILLEPLUSAFF":""},"P.113":{"1593":""},"P.126":{"972":""},"P.4169":{"3695":"","3696":"","3699":"","3724":"","3963":"","4094":""},"P.4168":{"3889":"","3939":"","4144":""},"P.78":{"7556":""},"P.prestations":{"surchargeTourismesAdaptes":"","surchargeDescriptifHandicapMoteur":"","surchargeDescriptifHandicapAuditif":"","surchargeDescriptifHandicapVisuel":"","surchargeDescriptifHandicapMental":"","surchargeNombreFauteuilsRoulants":""},"P.languesParlees":{"1192":"","1197":""},"P.2":{"513":""},"P.5":{"593":""},"P.114":{"416":"","418":"","435":"","436":""},"P.modesPaiement":{"1268":"","1274":"","1277":""},"P.tourismeAffaires":{"tourismeAffairesEnabled":"","devise":"EUR"},"P.commerceEtServiceType":{"1874":""},"P.13":{"2060":"","2061":"","2185":"","2192":""},"P.14":{"2067":""},"P.CINTSITRA":{"5660":"","5663":"","5664":"","8809":"","19004":""},"P.6241":{"126905":"","5740912":""},"P.3218":{"311229":""},"P.3220":{"587401":"","5575332":""},"P.3233":{"591419":""},"P.3221":{"4876304":""},"P.3219":{"5127066":"","5127127":"","5239406":"","6436838":""},"P.3240":{"5778284":""},"P.6242":{"5843488":""},"P.3230":{"6139211":""},"P.VilleSitra":{"37282":""},"P.VillageDeDepart":{"1559":"","37282":""}},"dansCarnetVoyage":true,"Ouverture":""},"html":" \n \u003Cdiv id=\"CV-PRESTATAIRE-A-636848\" data-contexte-id=\"PRESTATAIRE|A|636848\" data-cle=\"A|636848\" class=\"fiche-liste\"\u003E\n    \n\n    \u003C!-- partie photo --\u003E\n    \u003Cdiv class=\"photo\"\u003E\t\t\t\t\t\t\t\t\t\t\t\t\t\t\t\t\t\t\t\t\t\n        \u003Cdiv class=\"cadre_photo_principale\"\u003E\t\t\n        \n            \t\t\t\t\t\n                    \u003Ca href=\"noleggio-di-materiale-noleggio-bicicletta-negozzio-sportivo-moda-pret-a-porter-lantelme-sports-skiset-val-dallos-la-foux.html?origine=carnet#media\"\u003E\n                        \u003Cimg class=\"photo_principale\" alt=\"lantelme sports\" src=\"https:\/\/www.valdallos.com\/medias\/images\/prestataires\/multitailles\/320x240_138957-lantelme_sports_ete.jpg\" itemprop=\"image\"\u003E\n                    \u003C\/a\u003E\t\t\t\t\t\t\n                \n                    \u003C\/div\u003E\t\t\t\t\t\t\t\t\t\t\t\t\t\t\t\t\t\t\t \t\t\n    \u003C\/div\u003E\n    \n    \u003C!-- partie nom prest --\u003E\n    \u003Cdiv class=\"nom\"\u003E\n        \u003Ch2\u003ELantelme Sports skiset\u003C\/h2\u003E\n        \n            \u003C\/div\u003E\n\n         \n    \u003C!-- partie adresse --\u003E\n    \u003Cdiv class=\"adresse\"\u003E\n    \n          \n    \u003C\/div\u003E\n    \n    \u003C!-- partie liens --\u003E\n    \u003Cdiv class=\"liens\"\u003E\n            \u003Ca class=\"btn-icon btn-view \" title=\"Vedi il file dettagliato\" href=\"noleggio-di-materiale-noleggio-bicicletta-negozzio-sportivo-moda-pret-a-porter-lantelme-sports-skiset-val-dallos-la-foux.html?origine=carnet\"\u003E\u003C\/a\u003E\u003C!--\u003Ca class=\"btn-icon btn-view \" title=\"\" href=\"?origine=carnet#thaut\"\u003E\u003C\/a\u003E--\u003E\n      \u003Ca class=\"btn-icon btn-trash carnet_voyage_supprimer\" title=\"Elimina questo file dal mio diario di viaggio\" href=\"carnet-voyage?action=remove&fiche=A|636848\"\u003E\u003C\/a\u003E\n    \u003C\/div\u003E\n\n\u003C\/div\u003E\n\n","icon":"https:\/\/static.ingenie.fr\/images\/carnetVoyageV3\/A.png"},"fiche":"A|636848","popup":"\u003Cdiv id=\"bloc_popup_ajout_fiche_carnet\"\u003E\n    \u003Cdiv class=\"info_popup_ajout_fiche_carnet\"\u003E\n        Hai appena aggiunto questo elemento alla tua selezione:    \u003C\/div\u003E\n    \u003Cdiv class=\"prest_popup_ajout_fiche_carnet\"\u003E\n        Lantelme Sports skiset    \u003C\/div\u003E\n    \u003Cdiv class=\"bloc_btn_ajout_fiche_carnet form_submit_div\"\u003E\n        \u003Cinput type=\"button\" value=\"Continua la mia selezione\" title=\"Continua la mia selezione\" name=\"btn_close\" class=\"btn_close_popup_carnet form_submit\" onclick=\"$.colorbox.close()\" \/\u003E\n        \u003Cinput type=\"button\" value=\"Visualizza la mia selezione\" title=\"Visualizza la mia selezione\" name=\"btn_panier\" class=\"btn_panier_popup_carnet form_submit\" onclick=\"if(typeof CarnetVoyage != 'undefined') {CarnetVoyage.voirCarnet();}\" \/\u003E\n    \u003C\/div\u003E\n    \u003Cdiv class=\"bloc_btn_ajout_fiche_carnet\"\u003E\n        \u003Cinput type=\"checkbox\" value=\"1\" name=\"desactiver_popup\" id=\"desactiver_popup\" \/\u003E\n        \u003Clabel for=\"desactiver_popup\"\u003ENon visualizzare pi\u00f9 questo messaggio\u003C\/label\u003E\n    \u003C\/div\u003E\n\u003C\/div\u003E","success":1}