{"nbFiches":1,"dataPrest":{"infoPrest":{"pave1":{"libelle":"Descriptif","contenu":"Vacanc\u00e9ole Privati, filiale del gruppo Vacanc\u00e9ole dal 2020, si rivolge ai proprietari e agli investitori che desiderano delegare la gestione completa della loro propriet\u00e0"},"pave2":{"libelle":"URL de la r\u00e9servation ou vente en ligne","contenu":""},"pave3":{"libelle":"Descriptif court (old)","contenu":""},"pave4":{"libelle":"Descriptif d\u00e9taill\u00e9","contenu":""},"pave5":{"libelle":"Bons plans","contenu":""},"pave6":{"libelle":"Compl\u00e9ment localisation","contenu":""},"pave7":{"libelle":"Compl\u00e9ment accueil","contenu":""},"pave8":{"libelle":"P\u00e9riodes en clair","contenu":"Dal 27\/06 al 30\/08\/2026 ogni giorno."},"pave9":{"libelle":"Tarifs en clair","contenu":""},"pave10":{"libelle":"Compl\u00e9ment Tarifs","contenu":""},"pave11":{"libelle":"Compl\u00e9ment R\u00e9servation","contenu":""},"pave12":{"libelle":"Descriptif court","contenu":""},"pave13":{"libelle":"Descriptif d\u00e9taill\u00e9","contenu":""},"pave14":{"libelle":"Bons plans","contenu":""},"pave15":{"libelle":"Tarifs (Tarifs en clair, Compl\u00e9ment Tarifs)","contenu":""},"pave16":{"libelle":"P\u00e9riodes en clair","contenu":""},"pave17":{"libelle":"Descriptif court","contenu":""},"pave18":{"libelle":"Descriptif d\u00e9taill\u00e9","contenu":""},"pave19":{"libelle":"Bons plans","contenu":""},"pave20":{"libelle":"Tarifs (Tarifs en clair, Compl\u00e9ment Tarifs)","contenu":""},"pave21":{"libelle":"P\u00e9riodes en clair","contenu":""},"pave22":{"libelle":"Dispositions sp\u00e9ciales","contenu":""},"pave23":{"libelle":"Nouveaut\u00e9s","contenu":""},"pave24":{"libelle":"Gestes pour l'environnement","contenu":""},"pave25":{"libelle":"","contenu":""},"Libelle":"Vacanceole","Nom":"Vacanceole  Particuliers","Prenom":"","NomPrenom":"Vacanceole  Particuliers ","CiviliteNomPrenom":"Vacanceole  Particuliers ","Cle":"A|6764698","PrestataireParent":"","ContexteStat":"PRESTATAIRE-A-6764698","DateModificationIso":"2026-03-30T00:11:00+02:00","Type":"PRESTATAIRE","TypePrestataire":"A","Adresse":{"LigneAdresse1":"Val d'Allos - la Foux","LigneAdresse2":"","LigneAdresse3":"","CodePostal":"04260","Ville":"La Foux d\u2019Allos","Cedex":"","Etat":"","Pays":"FRA"},"Email":"contact-particuliers@vacanceole.com","Telephone":"04 79 75 75 40","TelephoneBureau":"","Portable":"","SiteWeb":"https:\/\/www.vacanceole-particuliers.com","Fax":"","Id":"a-6764698","Code":"A|6764698","Fichier":{"Image":[{"url":"https:\/\/www.valdallos.com\/medias\/images\/prestataires\/138374-vacanceole_particuliers_chalets_verdon.jpg","chemin":"..\/medias\/images\/prestataires\/138374-vacanceole_particuliers_chalets_verdon.jpg","libelle":"Vacanceole_La Foux d\u2019Allos","extension":"jpg","categorie":"","largeur":4000,"theme":"","hauteur":3000,"type":"Image","origine":"","liaisonPave":"","langue":"","id":"138374","urlVignette":"https:\/\/www.valdallos.com\/medias\/images\/prestataires\/v-138374-vacanceole_particuliers_chalets_verdon.jpg","alt":"Vacanceole_La Foux d\u2019Allos","title":"Vacanceole_La Foux d\u2019Allos - &copy Vacanceole  Particuliers_La Foux d\u2019Allos","MultiTaille":{"1920x1440":{"url":"https:\/\/www.valdallos.com\/medias\/images\/prestataires\/multitailles\/1920x1440_138374-vacanceole_particuliers_chalets_verdon.jpg"},"1200x900":{"url":"https:\/\/www.valdallos.com\/medias\/images\/prestataires\/multitailles\/1200x900_138374-vacanceole_particuliers_chalets_verdon.jpg"},"800x600":{"url":"https:\/\/www.valdallos.com\/medias\/images\/prestataires\/multitailles\/800x600_138374-vacanceole_particuliers_chalets_verdon.jpg"},"640x480":{"url":"https:\/\/www.valdallos.com\/medias\/images\/prestataires\/multitailles\/640x480_138374-vacanceole_particuliers_chalets_verdon.jpg"},"320x240":{"url":"https:\/\/www.valdallos.com\/medias\/images\/prestataires\/multitailles\/320x240_138374-vacanceole_particuliers_chalets_verdon.jpg"},"160x120":{"url":"https:\/\/www.valdallos.com\/medias\/images\/prestataires\/multitailles\/160x120_138374-vacanceole_particuliers_chalets_verdon.jpg"},"origine":{"url":"https:\/\/www.valdallos.com\/medias\/images\/prestataires\/138374-vacanceole_particuliers_chalets_verdon.jpg"}},"urlLien":"","typeLien":"","nofollow":"N","copyright":"Vacanceole  Particuliers_La Foux d\u2019Allos"},{"url":"https:\/\/www.valdallos.com\/medias\/images\/prestataires\/138375-vacanceole_particuliers.jpg","chemin":"..\/medias\/images\/prestataires\/138375-vacanceole_particuliers.jpg","libelle":"Vacanceole particuliers","extension":"jpg","categorie":"","largeur":800,"theme":"","hauteur":600,"type":"Image","origine":"","liaisonPave":"","langue":"","id":"138375","urlVignette":"https:\/\/www.valdallos.com\/medias\/images\/prestataires\/v-138375-vacanceole_particuliers.jpg","alt":"Vacanceole particuliers","title":"Vacanceole particuliers","MultiTaille":{"1920x1440":{"url":"https:\/\/www.valdallos.com\/medias\/images\/prestataires\/multitailles\/1920x1440_138375-vacanceole_particuliers.jpg"},"1200x900":{"url":"https:\/\/www.valdallos.com\/medias\/images\/prestataires\/multitailles\/1200x900_138375-vacanceole_particuliers.jpg"},"800x600":{"url":"https:\/\/www.valdallos.com\/medias\/images\/prestataires\/multitailles\/800x600_138375-vacanceole_particuliers.jpg"},"640x480":{"url":"https:\/\/www.valdallos.com\/medias\/images\/prestataires\/multitailles\/640x480_138375-vacanceole_particuliers.jpg"},"320x240":{"url":"https:\/\/www.valdallos.com\/medias\/images\/prestataires\/multitailles\/320x240_138375-vacanceole_particuliers.jpg"},"160x120":{"url":"https:\/\/www.valdallos.com\/medias\/images\/prestataires\/multitailles\/160x120_138375-vacanceole_particuliers.jpg"},"origine":{"url":"https:\/\/www.valdallos.com\/medias\/images\/prestataires\/138375-vacanceole_particuliers.jpg"}},"urlLien":"","typeLien":"","nofollow":"N","copyright":"Vacanceole particuliers"},{"url":"https:\/\/www.valdallos.com\/medias\/images\/prestataires\/138376-vacanceole_particuliers_central.jpg","chemin":"..\/medias\/images\/prestataires\/138376-vacanceole_particuliers_central.jpg","libelle":"Vacanceole_La Foux d\u2019Allos","extension":"jpg","categorie":"","largeur":4000,"theme":"","hauteur":3000,"type":"Image","origine":"","liaisonPave":"","langue":"","id":"138376","urlVignette":"https:\/\/www.valdallos.com\/medias\/images\/prestataires\/v-138376-vacanceole_particuliers_central.jpg","alt":"Vacanceole_La Foux d\u2019Allos","title":"Vacanceole_La Foux d\u2019Allos - &copy Vacanceole  Particuliers_La Foux d\u2019Allos","MultiTaille":{"1920x1440":{"url":"https:\/\/www.valdallos.com\/medias\/images\/prestataires\/multitailles\/1920x1440_138376-vacanceole_particuliers_central.jpg"},"1200x900":{"url":"https:\/\/www.valdallos.com\/medias\/images\/prestataires\/multitailles\/1200x900_138376-vacanceole_particuliers_central.jpg"},"800x600":{"url":"https:\/\/www.valdallos.com\/medias\/images\/prestataires\/multitailles\/800x600_138376-vacanceole_particuliers_central.jpg"},"640x480":{"url":"https:\/\/www.valdallos.com\/medias\/images\/prestataires\/multitailles\/640x480_138376-vacanceole_particuliers_central.jpg"},"320x240":{"url":"https:\/\/www.valdallos.com\/medias\/images\/prestataires\/multitailles\/320x240_138376-vacanceole_particuliers_central.jpg"},"160x120":{"url":"https:\/\/www.valdallos.com\/medias\/images\/prestataires\/multitailles\/160x120_138376-vacanceole_particuliers_central.jpg"},"origine":{"url":"https:\/\/www.valdallos.com\/medias\/images\/prestataires\/138376-vacanceole_particuliers_central.jpg"}},"urlLien":"","typeLien":"","nofollow":"N","copyright":"Vacanceole  Particuliers_La Foux d\u2019Allos"}],"ByCategorie":{"":[{"url":"https:\/\/www.valdallos.com\/medias\/images\/prestataires\/138374-vacanceole_particuliers_chalets_verdon.jpg","chemin":"..\/medias\/images\/prestataires\/138374-vacanceole_particuliers_chalets_verdon.jpg","libelle":"Vacanceole_La Foux d\u2019Allos","extension":"jpg","categorie":"","largeur":4000,"theme":"","hauteur":3000,"type":"Image","origine":"","liaisonPave":"","langue":"","id":"138374","urlVignette":"https:\/\/www.valdallos.com\/medias\/images\/prestataires\/v-138374-vacanceole_particuliers_chalets_verdon.jpg","alt":"Vacanceole_La Foux d\u2019Allos","title":"Vacanceole_La Foux d\u2019Allos - &copy Vacanceole  Particuliers_La Foux d\u2019Allos","MultiTaille":{"1920x1440":{"url":"https:\/\/www.valdallos.com\/medias\/images\/prestataires\/multitailles\/1920x1440_138374-vacanceole_particuliers_chalets_verdon.jpg"},"1200x900":{"url":"https:\/\/www.valdallos.com\/medias\/images\/prestataires\/multitailles\/1200x900_138374-vacanceole_particuliers_chalets_verdon.jpg"},"800x600":{"url":"https:\/\/www.valdallos.com\/medias\/images\/prestataires\/multitailles\/800x600_138374-vacanceole_particuliers_chalets_verdon.jpg"},"640x480":{"url":"https:\/\/www.valdallos.com\/medias\/images\/prestataires\/multitailles\/640x480_138374-vacanceole_particuliers_chalets_verdon.jpg"},"320x240":{"url":"https:\/\/www.valdallos.com\/medias\/images\/prestataires\/multitailles\/320x240_138374-vacanceole_particuliers_chalets_verdon.jpg"},"160x120":{"url":"https:\/\/www.valdallos.com\/medias\/images\/prestataires\/multitailles\/160x120_138374-vacanceole_particuliers_chalets_verdon.jpg"},"origine":{"url":"https:\/\/www.valdallos.com\/medias\/images\/prestataires\/138374-vacanceole_particuliers_chalets_verdon.jpg"}},"urlLien":"","typeLien":"","nofollow":"N","copyright":"Vacanceole  Particuliers_La Foux d\u2019Allos"},{"url":"https:\/\/www.valdallos.com\/medias\/images\/prestataires\/138375-vacanceole_particuliers.jpg","chemin":"..\/medias\/images\/prestataires\/138375-vacanceole_particuliers.jpg","libelle":"Vacanceole particuliers","extension":"jpg","categorie":"","largeur":800,"theme":"","hauteur":600,"type":"Image","origine":"","liaisonPave":"","langue":"","id":"138375","urlVignette":"https:\/\/www.valdallos.com\/medias\/images\/prestataires\/v-138375-vacanceole_particuliers.jpg","alt":"Vacanceole particuliers","title":"Vacanceole particuliers","MultiTaille":{"1920x1440":{"url":"https:\/\/www.valdallos.com\/medias\/images\/prestataires\/multitailles\/1920x1440_138375-vacanceole_particuliers.jpg"},"1200x900":{"url":"https:\/\/www.valdallos.com\/medias\/images\/prestataires\/multitailles\/1200x900_138375-vacanceole_particuliers.jpg"},"800x600":{"url":"https:\/\/www.valdallos.com\/medias\/images\/prestataires\/multitailles\/800x600_138375-vacanceole_particuliers.jpg"},"640x480":{"url":"https:\/\/www.valdallos.com\/medias\/images\/prestataires\/multitailles\/640x480_138375-vacanceole_particuliers.jpg"},"320x240":{"url":"https:\/\/www.valdallos.com\/medias\/images\/prestataires\/multitailles\/320x240_138375-vacanceole_particuliers.jpg"},"160x120":{"url":"https:\/\/www.valdallos.com\/medias\/images\/prestataires\/multitailles\/160x120_138375-vacanceole_particuliers.jpg"},"origine":{"url":"https:\/\/www.valdallos.com\/medias\/images\/prestataires\/138375-vacanceole_particuliers.jpg"}},"urlLien":"","typeLien":"","nofollow":"N","copyright":"Vacanceole particuliers"},{"url":"https:\/\/www.valdallos.com\/medias\/images\/prestataires\/138376-vacanceole_particuliers_central.jpg","chemin":"..\/medias\/images\/prestataires\/138376-vacanceole_particuliers_central.jpg","libelle":"Vacanceole_La Foux d\u2019Allos","extension":"jpg","categorie":"","largeur":4000,"theme":"","hauteur":3000,"type":"Image","origine":"","liaisonPave":"","langue":"","id":"138376","urlVignette":"https:\/\/www.valdallos.com\/medias\/images\/prestataires\/v-138376-vacanceole_particuliers_central.jpg","alt":"Vacanceole_La Foux d\u2019Allos","title":"Vacanceole_La Foux d\u2019Allos - &copy Vacanceole  Particuliers_La Foux d\u2019Allos","MultiTaille":{"1920x1440":{"url":"https:\/\/www.valdallos.com\/medias\/images\/prestataires\/multitailles\/1920x1440_138376-vacanceole_particuliers_central.jpg"},"1200x900":{"url":"https:\/\/www.valdallos.com\/medias\/images\/prestataires\/multitailles\/1200x900_138376-vacanceole_particuliers_central.jpg"},"800x600":{"url":"https:\/\/www.valdallos.com\/medias\/images\/prestataires\/multitailles\/800x600_138376-vacanceole_particuliers_central.jpg"},"640x480":{"url":"https:\/\/www.valdallos.com\/medias\/images\/prestataires\/multitailles\/640x480_138376-vacanceole_particuliers_central.jpg"},"320x240":{"url":"https:\/\/www.valdallos.com\/medias\/images\/prestataires\/multitailles\/320x240_138376-vacanceole_particuliers_central.jpg"},"160x120":{"url":"https:\/\/www.valdallos.com\/medias\/images\/prestataires\/multitailles\/160x120_138376-vacanceole_particuliers_central.jpg"},"origine":{"url":"https:\/\/www.valdallos.com\/medias\/images\/prestataires\/138376-vacanceole_particuliers_central.jpg"}},"urlLien":"","typeLien":"","nofollow":"N","copyright":"Vacanceole  Particuliers_La Foux d\u2019Allos"}]}},"Url":"servizi-di-portineria-servizzi-vacanceole.html","Localisation":{"GoogleMap":{"Latitude":"","Longitude":""},"PlanStation":{"idPlan":"6","nomPlan":"[NEW] Plan La Foux","carte":"\/plan\/plan_station_2018[HIVER_FR[.jpg","PositionAbs":"353","PositionOrd":"263"}},"ZoneGeo":"","Criteres":{"PUBLICATION[VALDALLOS":"","AADHER[AOFFIC":"","AINFADH[AFIN":"","ACOMM[ALANGU":"","ZONEGEO[FRPA04VAV1800":"","ACOMM[CONCI":"","P.prestations[surchargeTourismesAdaptes":"","P.prestations[surchargeDescriptifHandicapMoteur":"","P.prestations[surchargeDescriptifHandicapAuditif":"","P.prestations[surchargeDescriptifHandicapVisuel":"","P.prestations[surchargeDescriptifHandicapMental":"","P.prestations[surchargeNombreFauteuilsRoulants":"","P.languesParlees[1197":"","P.114[416":"","P.114[418":"","P.114[435":"","P.114[436":"","P.modesPaiement[1268":"","P.tourismeAffaires[tourismeAffairesEnabled":"","P.tourismeAffaires[devise":"EUR","P.commerceEtServiceType[1875":"","P.17[2381":"","P.17[2420":"","P.17[3776":"","P.CINTSITRA[5660":"","P.CINTSITRA[5663":"","P.CINTSITRA[5664":"","P.CINTSITRA[8809":"","P.6241[126905":"","P.6241[5740912":"","P.3218[311229":"","P.3220[587401":"","P.3220[5575332":"","P.3233[591419":"","P.3221[4876304":"","P.3219[5127066":"","P.3219[5239406":"","P.3240[5778284":"","P.3230[6139211":"","P.VilleSitra[37282":"","P.VillageDeDepart[37282":""},"DateFinPublication":"","PrixAPartirDe":"","PrixPour":"","FicheListeEnCours":"fiche_liste_commerces_services_OT_v3","ParametresModele":{"AfficherPhotos":1,"NbPhotosMax":6,"AfficherReserver":0,"AfficherContact":0,"AfficherSalle":1,"AfficherZoneGeo":0,"AfficherEnSavoirPlus":"0","AfficherUneSeuleOuverture":0,"AfficherContactCarte":0,"AfficherTarifsChaudAPartirDe":0,"AfficherTarifChaudSansRecherche":0,"BlocCritereInfo":{"critere1":{"libelle":""},"critere2":{"libelle":"","liste_critere":["ZONEGEO|A"]},"critere3":{"libelle":""},"critere4":{"libelle":""},"critere5":{"libelle":"","liste_critere":["ACOMM|A","ASANTE|A"]},"critere6":{"libelle":"","liste_critere":["ALABEL|A"]},"critere7":{"libelle":""},"critere8":{"libelle":""},"afficherpictoetpaslibelle":"1"},"BlocPaveInfo":{"texte1":{"pave":["1","12","17"],"longeurmax":"250","afficherLibelle":"0","garderHtml":"0"}},"PositionBloc":"GALLERIE|ZONEPRINCIPALFICHEPRESTA|NOM|CARNET_VOYAGE","TypePrestataire":"A","ComportementResa":false,"ComportementDispo":false},"AffichageCoordonnees":[],"Coordonnees":{"Ville":"La Foux d\u2019Allos"},"ContexteId":"PRESTATAIRE|A|6764698","ContexteIdHtml":"PRESTATAIRE-A-6764698","cleContexte":"A|6764698","Bloc":{"texte1":"Vacanc\u00e9ole Privati, filiale del gruppo Vacanc\u00e9ole dal 2020, si rivolge ai proprietari e agli investitori che desiderano delegare la gestione completa della loro propriet\u00e0","texte3":"","critere1":{"libelle":"","contenu":[]},"critere2":{"libelle":"","contenu":{"ZONEGEO":{"libelle":"Citt\u00e0","contenu":{"1":"Val d\u2019Allos \u2013 La Foux"},"codesValeurs":{"1":"ZONEGEO|FRPA04VAV1800|A"},"criteres_datas":{"valeurs":{"1":{"FRPA04VAV1800":{"descriptif":""}}}}}}},"critere3":{"libelle":"","contenu":[]},"critere4":{"libelle":"","contenu":[]},"critere5":{"libelle":"","contenu":{"ACOMM":{"libelle":"Negozio","contenu":{"6":"Servizi di portineria\t","19":"Servizzi"},"codesValeurs":{"19":"ACOMM|ALANGU|A","6":"ACOMM|CONCI|A"},"criteres_datas":{"valeurs":{"19":{"ALANGU":{"descriptif":""}},"6":{"CONCI":{"descriptif":""}}}}}}},"critere6":{"libelle":"","contenu":[]},"critere7":{"libelle":"","contenu":[]},"critere8":{"libelle":"","contenu":[]},"critere9":{"libelle":"","contenu":[]}},"libelleDuPrestataire":"","listeCriteres":{"PUBLICATION":{"VALDALLOS":""},"AADHER":{"AOFFIC":""},"AINFADH":{"AFIN":""},"ACOMM":{"ALANGU":"","CONCI":""},"ZONEGEO":{"FRPA04VAV1800":""},"P.prestations":{"surchargeTourismesAdaptes":"","surchargeDescriptifHandicapMoteur":"","surchargeDescriptifHandicapAuditif":"","surchargeDescriptifHandicapVisuel":"","surchargeDescriptifHandicapMental":"","surchargeNombreFauteuilsRoulants":""},"P.languesParlees":{"1197":""},"P.114":{"416":"","418":"","435":"","436":""},"P.modesPaiement":{"1268":""},"P.tourismeAffaires":{"tourismeAffairesEnabled":"","devise":"EUR"},"P.commerceEtServiceType":{"1875":""},"P.17":{"2381":"","2420":"","3776":""},"P.CINTSITRA":{"5660":"","5663":"","5664":"","8809":""},"P.6241":{"126905":"","5740912":""},"P.3218":{"311229":""},"P.3220":{"587401":"","5575332":""},"P.3233":{"591419":""},"P.3221":{"4876304":""},"P.3219":{"5127066":"","5239406":""},"P.3240":{"5778284":""},"P.3230":{"6139211":""},"P.VilleSitra":{"37282":""},"P.VillageDeDepart":{"37282":""}},"dansCarnetVoyage":true,"Ouverture":""},"html":" \n \u003Cdiv id=\"CV-PRESTATAIRE-A-6764698\" data-contexte-id=\"PRESTATAIRE|A|6764698\" data-cle=\"A|6764698\" class=\"fiche-liste\"\u003E\n    \n\n    \u003C!-- partie photo --\u003E\n    \u003Cdiv class=\"photo\"\u003E\t\t\t\t\t\t\t\t\t\t\t\t\t\t\t\t\t\t\t\t\t\n        \u003Cdiv class=\"cadre_photo_principale\"\u003E\t\t\n        \n            \t\t\t\t\t\n                    \u003Ca href=\"servizi-di-portineria-servizzi-vacanceole.html?origine=carnet#media\"\u003E\n                        \u003Cimg class=\"photo_principale\" alt=\"Vacanceole_La Foux d\u2019Allos\" src=\"https:\/\/www.valdallos.com\/medias\/images\/prestataires\/multitailles\/320x240_138374-vacanceole_particuliers_chalets_verdon.jpg\" itemprop=\"image\"\u003E\n                    \u003C\/a\u003E\t\t\t\t\t\t\n                \n                    \u003C\/div\u003E\t\t\t\t\t\t\t\t\t\t\t\t\t\t\t\t\t\t\t \t\t\n    \u003C\/div\u003E\n    \n    \u003C!-- partie nom prest --\u003E\n    \u003Cdiv class=\"nom\"\u003E\n        \u003Ch2\u003EVacanceole\u003C\/h2\u003E\n        \n            \u003C\/div\u003E\n\n         \n    \u003C!-- partie adresse --\u003E\n    \u003Cdiv class=\"adresse\"\u003E\n    \n          \n    \u003C\/div\u003E\n    \n    \u003C!-- partie liens --\u003E\n    \u003Cdiv class=\"liens\"\u003E\n            \u003Ca class=\"btn-icon btn-view \" title=\"Vedi il file dettagliato\" href=\"servizi-di-portineria-servizzi-vacanceole.html?origine=carnet\"\u003E\u003C\/a\u003E\u003C!--\u003Ca class=\"btn-icon btn-view \" title=\"\" href=\"?origine=carnet#thaut\"\u003E\u003C\/a\u003E--\u003E\n      \u003Ca class=\"btn-icon btn-trash carnet_voyage_supprimer\" title=\"Elimina questo file dal mio diario di viaggio\" href=\"carnet-voyage?action=remove&fiche=A|6764698\"\u003E\u003C\/a\u003E\n    \u003C\/div\u003E\n\n\u003C\/div\u003E\n\n","icon":"https:\/\/static.ingenie.fr\/images\/carnetVoyageV3\/A.png"},"fiche":"A|6764698","popup":"\u003Cdiv id=\"bloc_popup_ajout_fiche_carnet\"\u003E\n    \u003Cdiv class=\"info_popup_ajout_fiche_carnet\"\u003E\n        Hai appena aggiunto questo elemento alla tua selezione:    \u003C\/div\u003E\n    \u003Cdiv class=\"prest_popup_ajout_fiche_carnet\"\u003E\n        Vacanceole    \u003C\/div\u003E\n    \u003Cdiv class=\"bloc_btn_ajout_fiche_carnet form_submit_div\"\u003E\n        \u003Cinput type=\"button\" value=\"Continua la mia selezione\" title=\"Continua la mia selezione\" name=\"btn_close\" class=\"btn_close_popup_carnet form_submit\" onclick=\"$.colorbox.close()\" \/\u003E\n        \u003Cinput type=\"button\" value=\"Visualizza la mia selezione\" title=\"Visualizza la mia selezione\" name=\"btn_panier\" class=\"btn_panier_popup_carnet form_submit\" onclick=\"if(typeof CarnetVoyage != 'undefined') {CarnetVoyage.voirCarnet();}\" \/\u003E\n    \u003C\/div\u003E\n    \u003Cdiv class=\"bloc_btn_ajout_fiche_carnet\"\u003E\n        \u003Cinput type=\"checkbox\" value=\"1\" name=\"desactiver_popup\" id=\"desactiver_popup\" \/\u003E\n        \u003Clabel for=\"desactiver_popup\"\u003ENon visualizzare pi\u00f9 questo messaggio\u003C\/label\u003E\n    \u003C\/div\u003E\n\u003C\/div\u003E","success":1}