{"nbFiches":2,"dataPrest":{"infoPrest":{"pave1":{"libelle":"Descriptif","contenu":"Negozzio di sport\u003Cbr \/\u003E\r\nNoleggio di sci, snowboards..."},"pave2":{"libelle":"URL de la r\u00e9servation ou vente en ligne","contenu":""},"pave3":{"libelle":"Descriptif court (old)","contenu":""},"pave4":{"libelle":"Descriptif d\u00e9taill\u00e9","contenu":""},"pave5":{"libelle":"Bons plans","contenu":""},"pave6":{"libelle":"Compl\u00e9ment localisation","contenu":""},"pave7":{"libelle":"Compl\u00e9ment accueil","contenu":""},"pave8":{"libelle":"P\u00e9riodes en clair","contenu":"Dal 13\/12\/2025 al 05\/04\/2026 ogni giorno dalle 8:30 alle 19.\u003Cbr \/\u003E\n\u003Cbr \/\u003E\nDal 04\/07 al 31\/08\/2026 ogni giorno dalle 8:30 alle 12:30 e dalle 14:30 alle 18:30."},"pave9":{"libelle":"Tarifs en clair","contenu":""},"pave10":{"libelle":"Compl\u00e9ment Tarifs","contenu":""},"pave11":{"libelle":"Compl\u00e9ment R\u00e9servation","contenu":""},"pave12":{"libelle":"Descriptif court","contenu":"MTB locazione"},"pave13":{"libelle":"Descriptif d\u00e9taill\u00e9","contenu":""},"pave14":{"libelle":"Bons plans","contenu":""},"pave15":{"libelle":"Tarifs (Tarifs en clair, Compl\u00e9ment Tarifs)","contenu":""},"pave16":{"libelle":"P\u00e9riodes en clair","contenu":""},"pave17":{"libelle":"Descriptif court","contenu":"Ski shop"},"pave18":{"libelle":"Descriptif d\u00e9taill\u00e9","contenu":""},"pave19":{"libelle":"Bons plans","contenu":""},"pave20":{"libelle":"Tarifs (Tarifs en clair, Compl\u00e9ment Tarifs)","contenu":""},"pave21":{"libelle":"P\u00e9riodes en clair","contenu":""},"pave22":{"libelle":"Dispositions sp\u00e9ciales","contenu":""},"pave23":{"libelle":"Nouveaut\u00e9s","contenu":""},"pave24":{"libelle":"Gestes pour l'environnement","contenu":""},"pave25":{"libelle":"","contenu":""},"ContactsParType":{"":{"118058":{"id_contact":"118058","type_contact":"","categorie_contact":"PRESTATAIRE","societe_contact":"","fonction_contact":"","civilite_nom_prenom_contact":"MME Roman Laure ","adresse1_contact":"","adresse2_contact":"","adresse3_contact":"","cpostal_contact":"","ville_contact":"","teldom_contact":"","telbur_contact":"","fax_contact":"","portable_contact":"","email_contact":"","siteweb_contact":"","commentaire_contact":"","langue_contact":"","autre_moyen_com":[]}},"RES":{"118059":{"id_contact":"118059","type_contact":"RES","categorie_contact":"PRESTATAIRE","societe_contact":"","fonction_contact":"","civilite_nom_prenom_contact":"R\u00e9servation du mat\u00e9riel de ski ","adresse1_contact":"","adresse2_contact":"","adresse3_contact":"","cpostal_contact":"","ville_contact":"","teldom_contact":"","telbur_contact":"","fax_contact":"","portable_contact":"","email_contact":"","siteweb_contact":"https:\/\/www.intersport-rent.fr\/fr\/stations-ski\/alpes-du-sud\/la-foux-dallos-val-dallos-1800\/le-pont-du-verdon#","commentaire_contact":"","langue_contact":"","autre_moyen_com":[]}}},"ZoneGeoLibelle":"Val d\u2019Allos \u2013 La Foux","Libelle":"Intersport","Nom":"Magasin de sports Intersport","Prenom":"","NomPrenom":"Magasin de sports Intersport ","CiviliteNomPrenom":"Magasin de sports Intersport ","Cle":"A|790457","PrestataireParent":"","ContexteStat":"PRESTATAIRE-A-790457","DateModificationIso":"2026-04-13T00:04:00+02:00","Type":"PRESTATAIRE","TypePrestataire":"A","Adresse":{"LigneAdresse1":"Chemin de la patinoire - Pont du Verdon","LigneAdresse2":"Centre station","LigneAdresse3":"Val d'Allos - la Foux","CodePostal":"04260","Ville":"La Foux d\u2019Allos","Cedex":"","Etat":"","Pays":"FRA"},"Email":"contact@intersport-lafouxdallos.com","Telephone":"04 92 83 83 04","TelephoneBureau":"","Portable":"","SiteWeb":"https:\/\/www.intersport-lafouxdallos.com","Fax":"","Id":"a-790457","Code":"A|790457","Fichier":{"Video":[{"url":"https:\/\/www.youtube.com\/watch?v=OCirH7OTzIk","libelle":"rev\u00eatement ski\/surf comme neuf","categorie":"","largeur":"","theme":"","hauteur":"","type":"Video","origine":"YOUTUBE","liaisonPave":"","langue":"","id":"138862","htmlVideo":"\u003Ciframe src=\"https:\/\/www.youtube.com\/embed\/OCirH7OTzIk?wmode=opaque&rel=0&start=0\" width=\"\" height=\"\" style=\"border:0;\" allowfullscreen\u003E\u003C\/iframe\u003E","vignetteVideo":"\u003Cimg src=\"https:\/\/img.youtube.com\/vi\/OCirH7OTzIk\/0.jpg\" \/\u003E"}],"ByCategorie":{"":[{"url":"https:\/\/www.youtube.com\/watch?v=OCirH7OTzIk","libelle":"rev\u00eatement ski\/surf comme neuf","categorie":"","largeur":"","theme":"","hauteur":"","type":"Video","origine":"YOUTUBE","liaisonPave":"","langue":"","id":"138862","htmlVideo":"\u003Ciframe src=\"https:\/\/www.youtube.com\/embed\/OCirH7OTzIk?wmode=opaque&rel=0&start=0\" width=\"\" height=\"\" style=\"border:0;\" allowfullscreen\u003E\u003C\/iframe\u003E","vignetteVideo":"\u003Cimg src=\"https:\/\/img.youtube.com\/vi\/OCirH7OTzIk\/0.jpg\" \/\u003E"},{"url":"https:\/\/www.valdallos.com\/medias\/images\/prestataires\/138861-intersports_ete_interports.jpg","chemin":"..\/medias\/images\/prestataires\/138861-intersports_ete_interports.jpg","libelle":"Intersports","extension":"jpg","categorie":"","largeur":800,"theme":"ETE","hauteur":600,"type":"Image","origine":"","liaisonPave":"","langue":"","id":"138861","urlVignette":"https:\/\/www.valdallos.com\/medias\/images\/prestataires\/v-138861-intersports_ete_interports.jpg","alt":"Intersports","title":"Intersports","MultiTaille":{"1920x1440":{"url":"https:\/\/www.valdallos.com\/medias\/images\/prestataires\/multitailles\/1920x1440_138861-intersports_ete_interports.jpg"},"1200x900":{"url":"https:\/\/www.valdallos.com\/medias\/images\/prestataires\/multitailles\/1200x900_138861-intersports_ete_interports.jpg"},"800x600":{"url":"https:\/\/www.valdallos.com\/medias\/images\/prestataires\/multitailles\/800x600_138861-intersports_ete_interports.jpg"},"640x480":{"url":"https:\/\/www.valdallos.com\/medias\/images\/prestataires\/multitailles\/640x480_138861-intersports_ete_interports.jpg"},"320x240":{"url":"https:\/\/www.valdallos.com\/medias\/images\/prestataires\/multitailles\/320x240_138861-intersports_ete_interports.jpg"},"160x120":{"url":"https:\/\/www.valdallos.com\/medias\/images\/prestataires\/multitailles\/160x120_138861-intersports_ete_interports.jpg"},"origine":{"url":"https:\/\/www.valdallos.com\/medias\/images\/prestataires\/138861-intersports_ete_interports.jpg"}},"urlLien":"","typeLien":"","nofollow":"N","copyright":"Intersports"},{"url":"https:\/\/www.valdallos.com\/medias\/images\/prestataires\/138857-intersports_1.jpg","chemin":"..\/medias\/images\/prestataires\/138857-intersports_1.jpg","libelle":"magasin Intersports","extension":"jpg","categorie":"","largeur":1200,"theme":"HIVER","hauteur":900,"type":"Image","origine":"","liaisonPave":"","langue":"","id":"138857","urlVignette":"https:\/\/www.valdallos.com\/medias\/images\/prestataires\/v-138857-intersports_1.jpg","alt":"magasin Intersports","title":"magasin Intersports","MultiTaille":{"1920x1440":{"url":"https:\/\/www.valdallos.com\/medias\/images\/prestataires\/multitailles\/1920x1440_138857-intersports_1.jpg"},"1200x900":{"url":"https:\/\/www.valdallos.com\/medias\/images\/prestataires\/multitailles\/1200x900_138857-intersports_1.jpg"},"800x600":{"url":"https:\/\/www.valdallos.com\/medias\/images\/prestataires\/multitailles\/800x600_138857-intersports_1.jpg"},"640x480":{"url":"https:\/\/www.valdallos.com\/medias\/images\/prestataires\/multitailles\/640x480_138857-intersports_1.jpg"},"320x240":{"url":"https:\/\/www.valdallos.com\/medias\/images\/prestataires\/multitailles\/320x240_138857-intersports_1.jpg"},"160x120":{"url":"https:\/\/www.valdallos.com\/medias\/images\/prestataires\/multitailles\/160x120_138857-intersports_1.jpg"},"origine":{"url":"https:\/\/www.valdallos.com\/medias\/images\/prestataires\/138857-intersports_1.jpg"}},"urlLien":"","typeLien":"","nofollow":"N","copyright":"magasin Intersports"},{"url":"https:\/\/www.valdallos.com\/medias\/images\/prestataires\/138858-intersports_2.jpg","chemin":"..\/medias\/images\/prestataires\/138858-intersports_2.jpg","libelle":"magasin Intersports","extension":"jpg","categorie":"","largeur":1200,"theme":"HIVER","hauteur":900,"type":"Image","origine":"","liaisonPave":"","langue":"","id":"138858","urlVignette":"https:\/\/www.valdallos.com\/medias\/images\/prestataires\/v-138858-intersports_2.jpg","alt":"magasin Intersports","title":"magasin Intersports","MultiTaille":{"1920x1440":{"url":"https:\/\/www.valdallos.com\/medias\/images\/prestataires\/multitailles\/1920x1440_138858-intersports_2.jpg"},"1200x900":{"url":"https:\/\/www.valdallos.com\/medias\/images\/prestataires\/multitailles\/1200x900_138858-intersports_2.jpg"},"800x600":{"url":"https:\/\/www.valdallos.com\/medias\/images\/prestataires\/multitailles\/800x600_138858-intersports_2.jpg"},"640x480":{"url":"https:\/\/www.valdallos.com\/medias\/images\/prestataires\/multitailles\/640x480_138858-intersports_2.jpg"},"320x240":{"url":"https:\/\/www.valdallos.com\/medias\/images\/prestataires\/multitailles\/320x240_138858-intersports_2.jpg"},"160x120":{"url":"https:\/\/www.valdallos.com\/medias\/images\/prestataires\/multitailles\/160x120_138858-intersports_2.jpg"},"origine":{"url":"https:\/\/www.valdallos.com\/medias\/images\/prestataires\/138858-intersports_2.jpg"}},"urlLien":"","typeLien":"","nofollow":"N","copyright":"magasin Intersports"},{"url":"https:\/\/www.valdallos.com\/medias\/images\/prestataires\/138859-intersports_3.jpg","chemin":"..\/medias\/images\/prestataires\/138859-intersports_3.jpg","libelle":"magasin Intersports","extension":"jpg","categorie":"","largeur":1200,"theme":"HIVER","hauteur":900,"type":"Image","origine":"","liaisonPave":"","langue":"","id":"138859","urlVignette":"https:\/\/www.valdallos.com\/medias\/images\/prestataires\/v-138859-intersports_3.jpg","alt":"magasin Intersports","title":"magasin Intersports","MultiTaille":{"1920x1440":{"url":"https:\/\/www.valdallos.com\/medias\/images\/prestataires\/multitailles\/1920x1440_138859-intersports_3.jpg"},"1200x900":{"url":"https:\/\/www.valdallos.com\/medias\/images\/prestataires\/multitailles\/1200x900_138859-intersports_3.jpg"},"800x600":{"url":"https:\/\/www.valdallos.com\/medias\/images\/prestataires\/multitailles\/800x600_138859-intersports_3.jpg"},"640x480":{"url":"https:\/\/www.valdallos.com\/medias\/images\/prestataires\/multitailles\/640x480_138859-intersports_3.jpg"},"320x240":{"url":"https:\/\/www.valdallos.com\/medias\/images\/prestataires\/multitailles\/320x240_138859-intersports_3.jpg"},"160x120":{"url":"https:\/\/www.valdallos.com\/medias\/images\/prestataires\/multitailles\/160x120_138859-intersports_3.jpg"},"origine":{"url":"https:\/\/www.valdallos.com\/medias\/images\/prestataires\/138859-intersports_3.jpg"}},"urlLien":"","typeLien":"","nofollow":"N","copyright":"magasin Intersports"},{"url":"https:\/\/www.valdallos.com\/medias\/images\/prestataires\/138860-intersports_4.jpg","chemin":"..\/medias\/images\/prestataires\/138860-intersports_4.jpg","libelle":"magasin Intersports","extension":"jpg","categorie":"","largeur":1200,"theme":"HIVER","hauteur":900,"type":"Image","origine":"","liaisonPave":"","langue":"","id":"138860","urlVignette":"https:\/\/www.valdallos.com\/medias\/images\/prestataires\/v-138860-intersports_4.jpg","alt":"magasin Intersports","title":"magasin Intersports","MultiTaille":{"1920x1440":{"url":"https:\/\/www.valdallos.com\/medias\/images\/prestataires\/multitailles\/1920x1440_138860-intersports_4.jpg"},"1200x900":{"url":"https:\/\/www.valdallos.com\/medias\/images\/prestataires\/multitailles\/1200x900_138860-intersports_4.jpg"},"800x600":{"url":"https:\/\/www.valdallos.com\/medias\/images\/prestataires\/multitailles\/800x600_138860-intersports_4.jpg"},"640x480":{"url":"https:\/\/www.valdallos.com\/medias\/images\/prestataires\/multitailles\/640x480_138860-intersports_4.jpg"},"320x240":{"url":"https:\/\/www.valdallos.com\/medias\/images\/prestataires\/multitailles\/320x240_138860-intersports_4.jpg"},"160x120":{"url":"https:\/\/www.valdallos.com\/medias\/images\/prestataires\/multitailles\/160x120_138860-intersports_4.jpg"},"origine":{"url":"https:\/\/www.valdallos.com\/medias\/images\/prestataires\/138860-intersports_4.jpg"}},"urlLien":"","typeLien":"","nofollow":"N","copyright":"magasin Intersports"}]},"Image":[{"url":"https:\/\/www.valdallos.com\/medias\/images\/prestataires\/138861-intersports_ete_interports.jpg","chemin":"..\/medias\/images\/prestataires\/138861-intersports_ete_interports.jpg","libelle":"Intersports","extension":"jpg","categorie":"","largeur":800,"theme":"ETE","hauteur":600,"type":"Image","origine":"","liaisonPave":"","langue":"","id":"138861","urlVignette":"https:\/\/www.valdallos.com\/medias\/images\/prestataires\/v-138861-intersports_ete_interports.jpg","alt":"Intersports","title":"Intersports","MultiTaille":{"1920x1440":{"url":"https:\/\/www.valdallos.com\/medias\/images\/prestataires\/multitailles\/1920x1440_138861-intersports_ete_interports.jpg"},"1200x900":{"url":"https:\/\/www.valdallos.com\/medias\/images\/prestataires\/multitailles\/1200x900_138861-intersports_ete_interports.jpg"},"800x600":{"url":"https:\/\/www.valdallos.com\/medias\/images\/prestataires\/multitailles\/800x600_138861-intersports_ete_interports.jpg"},"640x480":{"url":"https:\/\/www.valdallos.com\/medias\/images\/prestataires\/multitailles\/640x480_138861-intersports_ete_interports.jpg"},"320x240":{"url":"https:\/\/www.valdallos.com\/medias\/images\/prestataires\/multitailles\/320x240_138861-intersports_ete_interports.jpg"},"160x120":{"url":"https:\/\/www.valdallos.com\/medias\/images\/prestataires\/multitailles\/160x120_138861-intersports_ete_interports.jpg"},"origine":{"url":"https:\/\/www.valdallos.com\/medias\/images\/prestataires\/138861-intersports_ete_interports.jpg"}},"urlLien":"","typeLien":"","nofollow":"N","copyright":"Intersports"},{"url":"https:\/\/www.valdallos.com\/medias\/images\/prestataires\/138857-intersports_1.jpg","chemin":"..\/medias\/images\/prestataires\/138857-intersports_1.jpg","libelle":"magasin Intersports","extension":"jpg","categorie":"","largeur":1200,"theme":"HIVER","hauteur":900,"type":"Image","origine":"","liaisonPave":"","langue":"","id":"138857","urlVignette":"https:\/\/www.valdallos.com\/medias\/images\/prestataires\/v-138857-intersports_1.jpg","alt":"magasin Intersports","title":"magasin Intersports","MultiTaille":{"1920x1440":{"url":"https:\/\/www.valdallos.com\/medias\/images\/prestataires\/multitailles\/1920x1440_138857-intersports_1.jpg"},"1200x900":{"url":"https:\/\/www.valdallos.com\/medias\/images\/prestataires\/multitailles\/1200x900_138857-intersports_1.jpg"},"800x600":{"url":"https:\/\/www.valdallos.com\/medias\/images\/prestataires\/multitailles\/800x600_138857-intersports_1.jpg"},"640x480":{"url":"https:\/\/www.valdallos.com\/medias\/images\/prestataires\/multitailles\/640x480_138857-intersports_1.jpg"},"320x240":{"url":"https:\/\/www.valdallos.com\/medias\/images\/prestataires\/multitailles\/320x240_138857-intersports_1.jpg"},"160x120":{"url":"https:\/\/www.valdallos.com\/medias\/images\/prestataires\/multitailles\/160x120_138857-intersports_1.jpg"},"origine":{"url":"https:\/\/www.valdallos.com\/medias\/images\/prestataires\/138857-intersports_1.jpg"}},"urlLien":"","typeLien":"","nofollow":"N","copyright":"magasin Intersports"},{"url":"https:\/\/www.valdallos.com\/medias\/images\/prestataires\/138858-intersports_2.jpg","chemin":"..\/medias\/images\/prestataires\/138858-intersports_2.jpg","libelle":"magasin Intersports","extension":"jpg","categorie":"","largeur":1200,"theme":"HIVER","hauteur":900,"type":"Image","origine":"","liaisonPave":"","langue":"","id":"138858","urlVignette":"https:\/\/www.valdallos.com\/medias\/images\/prestataires\/v-138858-intersports_2.jpg","alt":"magasin Intersports","title":"magasin Intersports","MultiTaille":{"1920x1440":{"url":"https:\/\/www.valdallos.com\/medias\/images\/prestataires\/multitailles\/1920x1440_138858-intersports_2.jpg"},"1200x900":{"url":"https:\/\/www.valdallos.com\/medias\/images\/prestataires\/multitailles\/1200x900_138858-intersports_2.jpg"},"800x600":{"url":"https:\/\/www.valdallos.com\/medias\/images\/prestataires\/multitailles\/800x600_138858-intersports_2.jpg"},"640x480":{"url":"https:\/\/www.valdallos.com\/medias\/images\/prestataires\/multitailles\/640x480_138858-intersports_2.jpg"},"320x240":{"url":"https:\/\/www.valdallos.com\/medias\/images\/prestataires\/multitailles\/320x240_138858-intersports_2.jpg"},"160x120":{"url":"https:\/\/www.valdallos.com\/medias\/images\/prestataires\/multitailles\/160x120_138858-intersports_2.jpg"},"origine":{"url":"https:\/\/www.valdallos.com\/medias\/images\/prestataires\/138858-intersports_2.jpg"}},"urlLien":"","typeLien":"","nofollow":"N","copyright":"magasin Intersports"},{"url":"https:\/\/www.valdallos.com\/medias\/images\/prestataires\/138859-intersports_3.jpg","chemin":"..\/medias\/images\/prestataires\/138859-intersports_3.jpg","libelle":"magasin Intersports","extension":"jpg","categorie":"","largeur":1200,"theme":"HIVER","hauteur":900,"type":"Image","origine":"","liaisonPave":"","langue":"","id":"138859","urlVignette":"https:\/\/www.valdallos.com\/medias\/images\/prestataires\/v-138859-intersports_3.jpg","alt":"magasin Intersports","title":"magasin Intersports","MultiTaille":{"1920x1440":{"url":"https:\/\/www.valdallos.com\/medias\/images\/prestataires\/multitailles\/1920x1440_138859-intersports_3.jpg"},"1200x900":{"url":"https:\/\/www.valdallos.com\/medias\/images\/prestataires\/multitailles\/1200x900_138859-intersports_3.jpg"},"800x600":{"url":"https:\/\/www.valdallos.com\/medias\/images\/prestataires\/multitailles\/800x600_138859-intersports_3.jpg"},"640x480":{"url":"https:\/\/www.valdallos.com\/medias\/images\/prestataires\/multitailles\/640x480_138859-intersports_3.jpg"},"320x240":{"url":"https:\/\/www.valdallos.com\/medias\/images\/prestataires\/multitailles\/320x240_138859-intersports_3.jpg"},"160x120":{"url":"https:\/\/www.valdallos.com\/medias\/images\/prestataires\/multitailles\/160x120_138859-intersports_3.jpg"},"origine":{"url":"https:\/\/www.valdallos.com\/medias\/images\/prestataires\/138859-intersports_3.jpg"}},"urlLien":"","typeLien":"","nofollow":"N","copyright":"magasin Intersports"},{"url":"https:\/\/www.valdallos.com\/medias\/images\/prestataires\/138860-intersports_4.jpg","chemin":"..\/medias\/images\/prestataires\/138860-intersports_4.jpg","libelle":"magasin Intersports","extension":"jpg","categorie":"","largeur":1200,"theme":"HIVER","hauteur":900,"type":"Image","origine":"","liaisonPave":"","langue":"","id":"138860","urlVignette":"https:\/\/www.valdallos.com\/medias\/images\/prestataires\/v-138860-intersports_4.jpg","alt":"magasin Intersports","title":"magasin Intersports","MultiTaille":{"1920x1440":{"url":"https:\/\/www.valdallos.com\/medias\/images\/prestataires\/multitailles\/1920x1440_138860-intersports_4.jpg"},"1200x900":{"url":"https:\/\/www.valdallos.com\/medias\/images\/prestataires\/multitailles\/1200x900_138860-intersports_4.jpg"},"800x600":{"url":"https:\/\/www.valdallos.com\/medias\/images\/prestataires\/multitailles\/800x600_138860-intersports_4.jpg"},"640x480":{"url":"https:\/\/www.valdallos.com\/medias\/images\/prestataires\/multitailles\/640x480_138860-intersports_4.jpg"},"320x240":{"url":"https:\/\/www.valdallos.com\/medias\/images\/prestataires\/multitailles\/320x240_138860-intersports_4.jpg"},"160x120":{"url":"https:\/\/www.valdallos.com\/medias\/images\/prestataires\/multitailles\/160x120_138860-intersports_4.jpg"},"origine":{"url":"https:\/\/www.valdallos.com\/medias\/images\/prestataires\/138860-intersports_4.jpg"}},"urlLien":"","typeLien":"","nofollow":"N","copyright":"magasin Intersports"}]},"Url":"noleggio-di-materiale-noleggio-bicicletta-negozzio-sportivo-moda-pret-a-porter-intersport-val-dallos-la-foux.html","Localisation":{"GoogleMap":{"Latitude":"44.290492","Longitude":"6.569379"},"PlanStation":{"idPlan":"6","nomPlan":"[NEW] Plan La Foux","carte":"\/plan\/plan_station_2018[HIVER_FR[.jpg","PositionAbs":"726","PositionOrd":"242"}},"ZoneGeo":"","LiensEtWidgetsParType":{"R":[{"Id":"16410","TypePrestataire":"A","CodePrestataire":"790457","CodePrestation":"","CodeLibelle":"URL00002389","Type":"R","Url":"https:\/\/www.intersport-rent.fr\/fr\/stations-ski\/alpes-du-sud\/la-foux-dallos-val-dallos-1800\/le-pont-du-verdon#","Defaut":"N","Langue":"","Nature":"URL","Import":"SITRA2","LibelleText":"R\u00e9servation du mat\u00e9riel de ski","Theme":""}]},"LiensEtWidgets":[{"Id":"16410","TypePrestataire":"A","CodePrestataire":"790457","CodePrestation":"","CodeLibelle":"URL00002389","Type":"R","Url":"https:\/\/www.intersport-rent.fr\/fr\/stations-ski\/alpes-du-sud\/la-foux-dallos-val-dallos-1800\/le-pont-du-verdon#","Defaut":"N","Langue":"","Nature":"URL","Import":"SITRA2","LibelleText":"R\u00e9servation du mat\u00e9riel de ski","Theme":""}],"Criteres":{"PUBLICATION[VALDALLOS":"","AADHER[AOFFIC":"","AINFADH[AFIN":"","ACOMM[ALOCMAT":"","ACOMM[LOUERVELOS":"","ACOMM[AMAGA":"","ACOMM[AMODE":"","ACRITFAMHIVER[ASKIS":"","ACRITFAMHIVER[ACASQUE":"","ACRITFAMHIVER[ALUGE":"","ACRITFAMHIVER[ASNOW":"","ACRITFAMHIVER[APORTBE":"","ACRITFAMHIVER[ARAQUE":"","ACRITFAMHIVER[ALUGEBB":"","ACRITFAMHIVER[ABABSN":"","ACRITFAMHIVER[AOFFRE":"","ACRITFAMETE[APORTEB":"","ACRITFAMETE[AVTT":"","ACRITFAMETE[ACASQUE":"","ACRITFAMETE[AVELPB":"","ACRITFAMETE[AOFFFAMP":"","ZONEGEO[FRPA04VAV1800":"","CHAINELABELAFF[FAMILLEPLUSAFF":"","P.113[1593":"","P.4169[3696":"","P.4169[3697":"","P.4169[3699":"","P.4169[3724":"","P.4169[3963":"","P.4169[4094":"","P.4169[6213":"","P.4168[3889":"","P.4168[4144":"","P.prestations[surchargeTourismesAdaptes":"","P.prestations[surchargeDescriptifHandicapMoteur":"","P.prestations[surchargeDescriptifHandicapAuditif":"","P.prestations[surchargeDescriptifHandicapVisuel":"","P.prestations[surchargeDescriptifHandicapMental":"","P.prestations[surchargeNombreFauteuilsRoulants":"","P.languesParlees[1192":"","P.languesParlees[1194":"","P.languesParlees[1197":"","P.114[416":"","P.114[418":"","P.114[435":"","P.114[436":"","P.modesPaiement[1268":"","P.modesPaiement[1274":"","P.modesPaiement[1277":"","P.modesPaiement[4139":"","P.tourismeAffaires[tourismeAffairesEnabled":"","P.tourismeAffaires[devise":"EUR","P.commerceEtServiceType[1874":"","P.13[2060":"","P.13[2061":"","P.13[2185":"","P.13[2192":"","P.14[2067":"","P.14[2204":"","P.14[2207":"","P.CINTSITRA[5660":"","P.CINTSITRA[5663":"","P.CINTSITRA[5664":"","P.CINTSITRA[8809":"","P.6241[126905":"","P.6241[5740912":"","P.3218[311229":"","P.3220[587401":"","P.3220[5575332":"","P.3233[591419":"","P.3221[4876304":"","P.3219[5127066":"","P.3219[5239406":"","P.3240[5778284":"","P.3230[6139211":"","P.VilleSitra[37282":"","P.VillageDeDepart[37282":""},"DateFinPublication":"","PrixAPartirDe":"","PrixPour":"","FicheListeEnCours":"fiche_liste_commerces_services_OT_v3","ParametresModele":{"AfficherPhotos":1,"NbPhotosMax":6,"AfficherReserver":0,"AfficherContact":0,"AfficherSalle":1,"AfficherZoneGeo":0,"AfficherEnSavoirPlus":"0","AfficherUneSeuleOuverture":0,"AfficherContactCarte":1,"AfficherTarifsChaudAPartirDe":0,"AfficherTarifChaudSansRecherche":0,"BlocCritereInfo":{"critere1":{"libelle":""},"critere2":{"libelle":"","liste_critere":["ZONEGEO|A"]},"critere3":{"libelle":""},"critere4":{"libelle":""},"critere5":{"libelle":"","liste_critere":["ACOMM|A","ASANTE|A"]},"critere6":{"libelle":"","liste_critere":["ALABEL|A"]},"critere7":{"libelle":""},"critere8":{"libelle":""},"afficherpictoetpaslibelle":"1"},"BlocPaveInfo":{"texte1":{"pave":["1","12","17"],"longeurmax":"250","afficherLibelle":"0","garderHtml":"0"}},"PositionBloc":"GALLERIE|ZONEPRINCIPALFICHEPRESTA|NOM|CARNET_VOYAGE","TypePrestataire":"A","ComportementResa":false,"ComportementDispo":false},"AffichageCoordonnees":[],"Coordonnees":{"Ville":"La Foux d\u2019Allos"},"ContexteId":"PRESTATAIRE|A|790457","ContexteIdHtml":"PRESTATAIRE-A-790457","cleContexte":"A|790457","Bloc":{"texte1":"MTB locazione","texte3":"","critere1":{"libelle":"","contenu":[]},"critere2":{"libelle":"","contenu":{"ZONEGEO":{"libelle":"Citt\u00e0","contenu":{"1":"Val d\u2019Allos \u2013 La Foux"},"codesValeurs":{"1":"ZONEGEO|FRPA04VAV1800|A"},"criteres_datas":{"valeurs":{"1":{"FRPA04VAV1800":{"descriptif":""}}}}}}},"critere3":{"libelle":"","contenu":[]},"critere4":{"libelle":"","contenu":[]},"critere5":{"libelle":"","contenu":{"ACOMM":{"libelle":"Negozio","contenu":{"12":"Noleggio  di materiale","13":"Noleggio bicicletta","15":"Negozzio sportivo","17":"Moda, pr\u00eat-\u00e0-porter\t"},"codesValeurs":{"12":"ACOMM|ALOCMAT|A","13":"ACOMM|LOUERVELOS|A","15":"ACOMM|AMAGA|A","17":"ACOMM|AMODE|A"},"criteres_datas":{"valeurs":{"12":{"ALOCMAT":{"descriptif":""}},"13":{"LOUERVELOS":{"descriptif":""}},"15":{"AMAGA":{"descriptif":""}},"17":{"AMODE":{"descriptif":""}}}}}}},"critere6":{"libelle":"","contenu":[]},"critere7":{"libelle":"","contenu":[]},"critere8":{"libelle":"","contenu":[]},"critere9":{"libelle":"","contenu":[]}},"LocalisationGps":{"Latitude":"44.290492","Longitude":"6.569379"},"libelleDuPrestataire":"","listeCriteres":{"PUBLICATION":{"VALDALLOS":""},"AADHER":{"AOFFIC":""},"AINFADH":{"AFIN":""},"ACOMM":{"ALOCMAT":"","LOUERVELOS":"","AMAGA":"","AMODE":""},"ACRITFAMHIVER":{"ASKIS":"","ACASQUE":"","ALUGE":"","ASNOW":"","APORTBE":"","ARAQUE":"","ALUGEBB":"","ABABSN":"","AOFFRE":""},"ACRITFAMETE":{"APORTEB":"","AVTT":"","ACASQUE":"","AVELPB":"","AOFFFAMP":""},"ZONEGEO":{"FRPA04VAV1800":""},"CHAINELABELAFF":{"FAMILLEPLUSAFF":""},"P.113":{"1593":""},"P.4169":{"3696":"","3697":"","3699":"","3724":"","3963":"","4094":"","6213":""},"P.4168":{"3889":"","4144":""},"P.prestations":{"surchargeTourismesAdaptes":"","surchargeDescriptifHandicapMoteur":"","surchargeDescriptifHandicapAuditif":"","surchargeDescriptifHandicapVisuel":"","surchargeDescriptifHandicapMental":"","surchargeNombreFauteuilsRoulants":""},"P.languesParlees":{"1192":"","1194":"","1197":""},"P.114":{"416":"","418":"","435":"","436":""},"P.modesPaiement":{"1268":"","1274":"","1277":"","4139":""},"P.tourismeAffaires":{"tourismeAffairesEnabled":"","devise":"EUR"},"P.commerceEtServiceType":{"1874":""},"P.13":{"2060":"","2061":"","2185":"","2192":""},"P.14":{"2067":"","2204":"","2207":""},"P.CINTSITRA":{"5660":"","5663":"","5664":"","8809":""},"P.6241":{"126905":"","5740912":""},"P.3218":{"311229":""},"P.3220":{"587401":"","5575332":""},"P.3233":{"591419":""},"P.3221":{"4876304":""},"P.3219":{"5127066":"","5239406":""},"P.3240":{"5778284":""},"P.3230":{"6139211":""},"P.VilleSitra":{"37282":""},"P.VillageDeDepart":{"37282":""}},"dansCarnetVoyage":true,"Ouverture":""},"html":" \n \u003Cdiv id=\"CV-PRESTATAIRE-A-790457\" data-contexte-id=\"PRESTATAIRE|A|790457\" data-cle=\"A|790457\" class=\"fiche-liste\"\u003E\n    \n\n    \u003C!-- partie photo --\u003E\n    \u003Cdiv class=\"photo\"\u003E\t\t\t\t\t\t\t\t\t\t\t\t\t\t\t\t\t\t\t\t\t\n        \u003Cdiv class=\"cadre_photo_principale\"\u003E\t\t\n        \n            \t\t\t\t\t\n                    \u003Ca href=\"noleggio-di-materiale-noleggio-bicicletta-negozzio-sportivo-moda-pret-a-porter-intersport-val-dallos-la-foux.html?origine=carnet#media\"\u003E\n                        \u003Cimg class=\"photo_principale\" alt=\"Intersports\" src=\"https:\/\/www.valdallos.com\/medias\/images\/prestataires\/multitailles\/320x240_138861-intersports_ete_interports.jpg\" itemprop=\"image\"\u003E\n                    \u003C\/a\u003E\t\t\t\t\t\t\n                \n                    \u003C\/div\u003E\t\t\t\t\t\t\t\t\t\t\t\t\t\t\t\t\t\t\t \t\t\n    \u003C\/div\u003E\n    \n    \u003C!-- partie nom prest --\u003E\n    \u003Cdiv class=\"nom\"\u003E\n        \u003Ch2\u003EIntersport\u003C\/h2\u003E\n        \n            \u003C\/div\u003E\n\n         \n    \u003C!-- partie adresse --\u003E\n    \u003Cdiv class=\"adresse\"\u003E\n    \n          \n    \u003C\/div\u003E\n    \n    \u003C!-- partie liens --\u003E\n    \u003Cdiv class=\"liens\"\u003E\n            \u003Ca class=\"btn-icon btn-view \" title=\"Vedi il file dettagliato\" href=\"noleggio-di-materiale-noleggio-bicicletta-negozzio-sportivo-moda-pret-a-porter-intersport-val-dallos-la-foux.html?origine=carnet\"\u003E\u003C\/a\u003E\u003C!--\u003Ca class=\"btn-icon btn-view \" title=\"\" href=\"?origine=carnet#thaut\"\u003E\u003C\/a\u003E--\u003E\n      \u003Ca class=\"btn-icon btn-trash carnet_voyage_supprimer\" title=\"Elimina questo file dal mio diario di viaggio\" href=\"carnet-voyage?action=remove&fiche=A|790457\"\u003E\u003C\/a\u003E\n    \u003C\/div\u003E\n\n\u003C\/div\u003E\n\n","icon":"https:\/\/static.ingenie.fr\/images\/carnetVoyageV3\/A.png"},"fiche":"A|790457","popup":"\u003Cdiv id=\"bloc_popup_ajout_fiche_carnet\"\u003E\n    \u003Cdiv class=\"info_popup_ajout_fiche_carnet\"\u003E\n        Hai appena aggiunto questo elemento alla tua selezione:    \u003C\/div\u003E\n    \u003Cdiv class=\"prest_popup_ajout_fiche_carnet\"\u003E\n        Intersport    \u003C\/div\u003E\n    \u003Cdiv class=\"bloc_btn_ajout_fiche_carnet form_submit_div\"\u003E\n        \u003Cinput type=\"button\" value=\"Continua la mia selezione\" title=\"Continua la mia selezione\" name=\"btn_close\" class=\"btn_close_popup_carnet form_submit\" onclick=\"$.colorbox.close()\" \/\u003E\n        \u003Cinput type=\"button\" value=\"Visualizza la mia selezione\" title=\"Visualizza la mia selezione\" name=\"btn_panier\" class=\"btn_panier_popup_carnet form_submit\" onclick=\"if(typeof CarnetVoyage != 'undefined') {CarnetVoyage.voirCarnet();}\" \/\u003E\n    \u003C\/div\u003E\n    \u003Cdiv class=\"bloc_btn_ajout_fiche_carnet\"\u003E\n        \u003Cinput type=\"checkbox\" value=\"1\" name=\"desactiver_popup\" id=\"desactiver_popup\" \/\u003E\n        \u003Clabel for=\"desactiver_popup\"\u003ENon visualizzare pi\u00f9 questo messaggio\u003C\/label\u003E\n    \u003C\/div\u003E\n\u003C\/div\u003E","success":1}