{"nbFiches":1,"dataPrest":{"infoPrest":{"pave1":{"libelle":"Descriptif","contenu":""},"pave2":{"libelle":"Tarifs Hiver","contenu":""},"pave3":{"libelle":"Tarifs Et\u00e9","contenu":""},"pave4":{"libelle":"URL de la r\u00e9servation ou vente en ligne","contenu":""},"pave5":{"libelle":"Descriptif court (old)","contenu":"Sia in inverno che in estate gli impianti di risalita ti portano in vetta"},"pave6":{"libelle":"Descriptif d\u00e9taill\u00e9","contenu":""},"pave7":{"libelle":"Bons plans","contenu":""},"pave8":{"libelle":"Compl\u00e9ment localisation","contenu":""},"pave9":{"libelle":"Compl\u00e9ment accueil","contenu":""},"pave10":{"libelle":"P\u00e9riodes en clair","contenu":"Dal 13\/06 al 28\/06\/2026 fine settimana dalle 10 alle 17.\u003Cbr \/\u003E\n\u003Cbr \/\u003E\nDal 04\/07 al 30\/08\/2026 ogni giorno dalle 10 alle 17.\u003Cbr \/\u003E\n\u003Cbr \/\u003E\nDal 05\/09 al 13\/09\/2026 fine settimana dalle 10 alle 17.\u003Cbr \/\u003E\n\u003Cbr \/\u003E\nCon riserva di condizioni atmosferiche favorevoli."},"pave11":{"libelle":"Tarifs en clair","contenu":"Giornata mountain bike: da 14 a 20 \u20ac\u003Cbr \/\u003E\nAndata adulto: 9 \u20ac\u003Cbr \/\u003E\nAndata bambino: 8 \u20ac.\u003Cbr \/\u003E\n\u003Cbr \/\u003E\n Gratuito per i bambini di et\u00e0 inferiore a 5 anni."},"pave12":{"libelle":"Compl\u00e9ment Tarifs","contenu":""},"pave13":{"libelle":"Compl\u00e9ment R\u00e9servation","contenu":""},"pave14":{"libelle":"Descriptif court","contenu":"Una seggiovia \u00e8 aperta in estate, che consente di accedere al bike park, ai percorsi per mountain bike o semplicemente per godersi il paesaggio."},"pave15":{"libelle":"Descriptif d\u00e9taill\u00e9","contenu":""},"pave16":{"libelle":"Bons plans","contenu":""},"pave17":{"libelle":"Tarifs (Tarifs en clair, Compl\u00e9ment Tarifs)","contenu":""},"pave18":{"libelle":"P\u00e9riodes en clair","contenu":""},"pave19":{"libelle":"Descriptif court","contenu":""},"pave20":{"libelle":"Descriptif d\u00e9taill\u00e9","contenu":""},"pave21":{"libelle":"Bons plans","contenu":""},"pave22":{"libelle":"Tarifs (Tarifs en clair, Compl\u00e9ment Tarifs)","contenu":""},"pave23":{"libelle":"P\u00e9riodes en clair","contenu":""},"pave24":{"libelle":"Dispositions sp\u00e9ciales","contenu":""},"pave25":{"libelle":"","contenu":""},"ContactsParType":{"":{"117928":{"id_contact":"117928","type_contact":"","categorie_contact":"PRESTATAIRE","societe_contact":"","fonction_contact":"","civilite_nom_prenom_contact":"Point info ","adresse1_contact":"","adresse2_contact":"","adresse3_contact":"","cpostal_contact":"","ville_contact":"","teldom_contact":"","telbur_contact":"","fax_contact":"","portable_contact":"","email_contact":"","siteweb_contact":"","commentaire_contact":"","langue_contact":"","autre_moyen_com":[]}}},"ZoneGeoLibelle":"Val d\u2019Allos \u2013 Le Seignus","Libelle":"Impianti di risalita","Nom":"Remont\u00e9es m\u00e9caniques","Prenom":"","NomPrenom":"Remont\u00e9es m\u00e9caniques ","CiviliteNomPrenom":"Remont\u00e9es m\u00e9caniques ","Cle":"E|4623185","PrestataireParent":"E|RMHIVER","ContexteStat":"PRESTATAIRE-E-4623185","DateModificationIso":"2026-04-01T00:10:00+02:00","Type":"PRESTATAIRE","TypePrestataire":"E","Adresse":{"LigneAdresse1":"Val d'Allos - le Seignus","LigneAdresse2":"","LigneAdresse3":"","CodePostal":"04260","Ville":"Le Seignus","Cedex":"","Etat":"","Pays":"FRA"},"Email":"","Telephone":"04 92 83 02 81","TelephoneBureau":"","Portable":"","SiteWeb":"https:\/\/www.valdallos.com","Fax":"","Id":"e-4623185","Code":"E|4623185","Fichier":{"Image":[{"url":"https:\/\/www.valdallos.com\/medias\/images\/prestataires\/138419-rm_ete2.jpg","chemin":"..\/medias\/images\/prestataires\/138419-rm_ete2.jpg","libelle":"VTTiste s'appr\u00eatant \u00e0 monter dans le t\u00e9l\u00e9si\u00e8ge d\u00e9brayable du Clos Bertrand \u00e0 Val d'Allos - le Seignus en \u00e9t\u00e9","extension":"jpg","categorie":"","largeur":1200,"theme":"","hauteur":800,"type":"Image","origine":"","liaisonPave":"","langue":"","id":"138419","urlVignette":"https:\/\/www.valdallos.com\/medias\/images\/prestataires\/v-138419-rm_ete2.jpg","alt":"VTTiste s'appr\u00eatant \u00e0 monter dans le t\u00e9l\u00e9si\u00e8ge d\u00e9brayable du Clos Bertrand \u00e0 Val d'Allos - le Seignus en \u00e9t\u00e9","title":"VTTiste s'appr\u00eatant \u00e0 monter dans le t\u00e9l\u00e9si\u00e8ge d\u00e9brayable du Clos Bertrand \u00e0 Val d'Allos - le Seignus en \u00e9t\u00e9","MultiTaille":{"1920x1440":{"url":"https:\/\/www.valdallos.com\/medias\/images\/prestataires\/multitailles\/1920x1440_138419-rm_ete2.jpg"},"1200x900":{"url":"https:\/\/www.valdallos.com\/medias\/images\/prestataires\/multitailles\/1200x900_138419-rm_ete2.jpg"},"800x600":{"url":"https:\/\/www.valdallos.com\/medias\/images\/prestataires\/multitailles\/800x600_138419-rm_ete2.jpg"},"640x480":{"url":"https:\/\/www.valdallos.com\/medias\/images\/prestataires\/multitailles\/640x480_138419-rm_ete2.jpg"},"320x240":{"url":"https:\/\/www.valdallos.com\/medias\/images\/prestataires\/multitailles\/320x240_138419-rm_ete2.jpg"},"160x120":{"url":"https:\/\/www.valdallos.com\/medias\/images\/prestataires\/multitailles\/160x120_138419-rm_ete2.jpg"},"origine":{"url":"https:\/\/www.valdallos.com\/medias\/images\/prestataires\/138419-rm_ete2.jpg"}},"urlLien":"","typeLien":"","nofollow":"N","copyright":"office de tourisme du Val d'Allos R Palomba"},{"url":"https:\/\/www.valdallos.com\/medias\/images\/prestataires\/138420-remonteesmecaniques.jpg","chemin":"..\/medias\/images\/prestataires\/138420-remonteesmecaniques.jpg","libelle":"VTTiste descendant un sentier situ\u00e9 sous le t\u00e9l\u00e9si\u00e8ge du Clos Bertrand \u00e0 Val d'Allos - le Seignus en \u00e9t\u00e9. Station et montagnes visibles en arri\u00e8re-plan","extension":"jpg","categorie":"","largeur":1200,"theme":"","hauteur":800,"type":"Image","origine":"","liaisonPave":"","langue":"","id":"138420","urlVignette":"https:\/\/www.valdallos.com\/medias\/images\/prestataires\/v-138420-remonteesmecaniques.jpg","alt":"VTTiste descendant un sentier situ\u00e9 sous le t\u00e9l\u00e9si\u00e8ge du Clos Bertrand \u00e0 Val d'Allos - le Seignus en \u00e9t\u00e9. Station et montagnes visibles en arri\u00e8re-plan","title":"VTTiste descendant un sentier situ\u00e9 sous le t\u00e9l\u00e9si\u00e8ge du Clos Bertrand \u00e0 Val d'Allos - le Seignus en \u00e9t\u00e9. Station et montagnes visibles en arri\u00e8re-plan","MultiTaille":{"1920x1440":{"url":"https:\/\/www.valdallos.com\/medias\/images\/prestataires\/multitailles\/1920x1440_138420-remonteesmecaniques.jpg"},"1200x900":{"url":"https:\/\/www.valdallos.com\/medias\/images\/prestataires\/multitailles\/1200x900_138420-remonteesmecaniques.jpg"},"800x600":{"url":"https:\/\/www.valdallos.com\/medias\/images\/prestataires\/multitailles\/800x600_138420-remonteesmecaniques.jpg"},"640x480":{"url":"https:\/\/www.valdallos.com\/medias\/images\/prestataires\/multitailles\/640x480_138420-remonteesmecaniques.jpg"},"320x240":{"url":"https:\/\/www.valdallos.com\/medias\/images\/prestataires\/multitailles\/320x240_138420-remonteesmecaniques.jpg"},"160x120":{"url":"https:\/\/www.valdallos.com\/medias\/images\/prestataires\/multitailles\/160x120_138420-remonteesmecaniques.jpg"},"origine":{"url":"https:\/\/www.valdallos.com\/medias\/images\/prestataires\/138420-remonteesmecaniques.jpg"}},"urlLien":"","typeLien":"","nofollow":"N","copyright":"office de tourisme du Val d'Allos R Palomba"},{"url":"https:\/\/www.valdallos.com\/medias\/images\/prestataires\/138421-rm_ete.jpg","chemin":"..\/medias\/images\/prestataires\/138421-rm_ete.jpg","libelle":"VTT accroch\u00e9 au support du t\u00e9l\u00e9si\u00e8ge du Clos Bertrand \u00e0 Val d'Allos - le Seignus en \u00e9t\u00e9","extension":"jpg","categorie":"","largeur":1200,"theme":"","hauteur":800,"type":"Image","origine":"","liaisonPave":"","langue":"","id":"138421","urlVignette":"https:\/\/www.valdallos.com\/medias\/images\/prestataires\/v-138421-rm_ete.jpg","alt":"VTT accroch\u00e9 au support du t\u00e9l\u00e9si\u00e8ge du Clos Bertrand \u00e0 Val d'Allos - le Seignus en \u00e9t\u00e9","title":"VTT accroch\u00e9 au support du t\u00e9l\u00e9si\u00e8ge du Clos Bertrand \u00e0 Val d'Allos - le Seignus en \u00e9t\u00e9","MultiTaille":{"1920x1440":{"url":"https:\/\/www.valdallos.com\/medias\/images\/prestataires\/multitailles\/1920x1440_138421-rm_ete.jpg"},"1200x900":{"url":"https:\/\/www.valdallos.com\/medias\/images\/prestataires\/multitailles\/1200x900_138421-rm_ete.jpg"},"800x600":{"url":"https:\/\/www.valdallos.com\/medias\/images\/prestataires\/multitailles\/800x600_138421-rm_ete.jpg"},"640x480":{"url":"https:\/\/www.valdallos.com\/medias\/images\/prestataires\/multitailles\/640x480_138421-rm_ete.jpg"},"320x240":{"url":"https:\/\/www.valdallos.com\/medias\/images\/prestataires\/multitailles\/320x240_138421-rm_ete.jpg"},"160x120":{"url":"https:\/\/www.valdallos.com\/medias\/images\/prestataires\/multitailles\/160x120_138421-rm_ete.jpg"},"origine":{"url":"https:\/\/www.valdallos.com\/medias\/images\/prestataires\/138421-rm_ete.jpg"}},"urlLien":"","typeLien":"","nofollow":"N","copyright":"office de tourisme du Val d'Allos R Palomba"}],"ByCategorie":{"":[{"url":"https:\/\/www.valdallos.com\/medias\/images\/prestataires\/138419-rm_ete2.jpg","chemin":"..\/medias\/images\/prestataires\/138419-rm_ete2.jpg","libelle":"VTTiste s'appr\u00eatant \u00e0 monter dans le t\u00e9l\u00e9si\u00e8ge d\u00e9brayable du Clos Bertrand \u00e0 Val d'Allos - le Seignus en \u00e9t\u00e9","extension":"jpg","categorie":"","largeur":1200,"theme":"","hauteur":800,"type":"Image","origine":"","liaisonPave":"","langue":"","id":"138419","urlVignette":"https:\/\/www.valdallos.com\/medias\/images\/prestataires\/v-138419-rm_ete2.jpg","alt":"VTTiste s'appr\u00eatant \u00e0 monter dans le t\u00e9l\u00e9si\u00e8ge d\u00e9brayable du Clos Bertrand \u00e0 Val d'Allos - le Seignus en \u00e9t\u00e9","title":"VTTiste s'appr\u00eatant \u00e0 monter dans le t\u00e9l\u00e9si\u00e8ge d\u00e9brayable du Clos Bertrand \u00e0 Val d'Allos - le Seignus en \u00e9t\u00e9","MultiTaille":{"1920x1440":{"url":"https:\/\/www.valdallos.com\/medias\/images\/prestataires\/multitailles\/1920x1440_138419-rm_ete2.jpg"},"1200x900":{"url":"https:\/\/www.valdallos.com\/medias\/images\/prestataires\/multitailles\/1200x900_138419-rm_ete2.jpg"},"800x600":{"url":"https:\/\/www.valdallos.com\/medias\/images\/prestataires\/multitailles\/800x600_138419-rm_ete2.jpg"},"640x480":{"url":"https:\/\/www.valdallos.com\/medias\/images\/prestataires\/multitailles\/640x480_138419-rm_ete2.jpg"},"320x240":{"url":"https:\/\/www.valdallos.com\/medias\/images\/prestataires\/multitailles\/320x240_138419-rm_ete2.jpg"},"160x120":{"url":"https:\/\/www.valdallos.com\/medias\/images\/prestataires\/multitailles\/160x120_138419-rm_ete2.jpg"},"origine":{"url":"https:\/\/www.valdallos.com\/medias\/images\/prestataires\/138419-rm_ete2.jpg"}},"urlLien":"","typeLien":"","nofollow":"N","copyright":"office de tourisme du Val d'Allos R Palomba"},{"url":"https:\/\/www.valdallos.com\/s?u=documentation\/F\/65VTT|FR|C|99999","chemin":"..\/medias\/images\/prestataires\/https:\/\/www.valdallos.com\/s?u=documentation\/F\/65VTT|FR|C|99999","libelle":"D\u00e9pliant des itin\u00e9raires de VTT","extension":"com\/s?u=documentation\/f\/65vtt|fr|c|99999","categorie":"","largeur":"","theme":"","hauteur":"","type":"Document","origine":"EXTERNE","liaisonPave":"","langue":"","id":"26577","alt":"D\u00e9pliant des itin\u00e9raires de VTT","title":"D\u00e9pliant des itin\u00e9raires de VTT"},{"url":"https:\/\/www.valdallos.com\/medias\/images\/prestataires\/138420-remonteesmecaniques.jpg","chemin":"..\/medias\/images\/prestataires\/138420-remonteesmecaniques.jpg","libelle":"VTTiste descendant un sentier situ\u00e9 sous le t\u00e9l\u00e9si\u00e8ge du Clos Bertrand \u00e0 Val d'Allos - le Seignus en \u00e9t\u00e9. Station et montagnes visibles en arri\u00e8re-plan","extension":"jpg","categorie":"","largeur":1200,"theme":"","hauteur":800,"type":"Image","origine":"","liaisonPave":"","langue":"","id":"138420","urlVignette":"https:\/\/www.valdallos.com\/medias\/images\/prestataires\/v-138420-remonteesmecaniques.jpg","alt":"VTTiste descendant un sentier situ\u00e9 sous le t\u00e9l\u00e9si\u00e8ge du Clos Bertrand \u00e0 Val d'Allos - le Seignus en \u00e9t\u00e9. Station et montagnes visibles en arri\u00e8re-plan","title":"VTTiste descendant un sentier situ\u00e9 sous le t\u00e9l\u00e9si\u00e8ge du Clos Bertrand \u00e0 Val d'Allos - le Seignus en \u00e9t\u00e9. Station et montagnes visibles en arri\u00e8re-plan","MultiTaille":{"1920x1440":{"url":"https:\/\/www.valdallos.com\/medias\/images\/prestataires\/multitailles\/1920x1440_138420-remonteesmecaniques.jpg"},"1200x900":{"url":"https:\/\/www.valdallos.com\/medias\/images\/prestataires\/multitailles\/1200x900_138420-remonteesmecaniques.jpg"},"800x600":{"url":"https:\/\/www.valdallos.com\/medias\/images\/prestataires\/multitailles\/800x600_138420-remonteesmecaniques.jpg"},"640x480":{"url":"https:\/\/www.valdallos.com\/medias\/images\/prestataires\/multitailles\/640x480_138420-remonteesmecaniques.jpg"},"320x240":{"url":"https:\/\/www.valdallos.com\/medias\/images\/prestataires\/multitailles\/320x240_138420-remonteesmecaniques.jpg"},"160x120":{"url":"https:\/\/www.valdallos.com\/medias\/images\/prestataires\/multitailles\/160x120_138420-remonteesmecaniques.jpg"},"origine":{"url":"https:\/\/www.valdallos.com\/medias\/images\/prestataires\/138420-remonteesmecaniques.jpg"}},"urlLien":"","typeLien":"","nofollow":"N","copyright":"office de tourisme du Val d'Allos R Palomba"},{"url":"https:\/\/www.valdallos.com\/medias\/images\/prestataires\/138421-rm_ete.jpg","chemin":"..\/medias\/images\/prestataires\/138421-rm_ete.jpg","libelle":"VTT accroch\u00e9 au support du t\u00e9l\u00e9si\u00e8ge du Clos Bertrand \u00e0 Val d'Allos - le Seignus en \u00e9t\u00e9","extension":"jpg","categorie":"","largeur":1200,"theme":"","hauteur":800,"type":"Image","origine":"","liaisonPave":"","langue":"","id":"138421","urlVignette":"https:\/\/www.valdallos.com\/medias\/images\/prestataires\/v-138421-rm_ete.jpg","alt":"VTT accroch\u00e9 au support du t\u00e9l\u00e9si\u00e8ge du Clos Bertrand \u00e0 Val d'Allos - le Seignus en \u00e9t\u00e9","title":"VTT accroch\u00e9 au support du t\u00e9l\u00e9si\u00e8ge du Clos Bertrand \u00e0 Val d'Allos - le Seignus en \u00e9t\u00e9","MultiTaille":{"1920x1440":{"url":"https:\/\/www.valdallos.com\/medias\/images\/prestataires\/multitailles\/1920x1440_138421-rm_ete.jpg"},"1200x900":{"url":"https:\/\/www.valdallos.com\/medias\/images\/prestataires\/multitailles\/1200x900_138421-rm_ete.jpg"},"800x600":{"url":"https:\/\/www.valdallos.com\/medias\/images\/prestataires\/multitailles\/800x600_138421-rm_ete.jpg"},"640x480":{"url":"https:\/\/www.valdallos.com\/medias\/images\/prestataires\/multitailles\/640x480_138421-rm_ete.jpg"},"320x240":{"url":"https:\/\/www.valdallos.com\/medias\/images\/prestataires\/multitailles\/320x240_138421-rm_ete.jpg"},"160x120":{"url":"https:\/\/www.valdallos.com\/medias\/images\/prestataires\/multitailles\/160x120_138421-rm_ete.jpg"},"origine":{"url":"https:\/\/www.valdallos.com\/medias\/images\/prestataires\/138421-rm_ete.jpg"}},"urlLien":"","typeLien":"","nofollow":"N","copyright":"office de tourisme du Val d'Allos R Palomba"}]},"Document":[{"url":"https:\/\/www.valdallos.com\/s?u=documentation\/F\/65VTT|FR|C|99999","chemin":"..\/medias\/images\/prestataires\/https:\/\/www.valdallos.com\/s?u=documentation\/F\/65VTT|FR|C|99999","libelle":"D\u00e9pliant des itin\u00e9raires de VTT","extension":"com\/s?u=documentation\/f\/65vtt|fr|c|99999","categorie":"","largeur":"","theme":"","hauteur":"","type":"Document","origine":"EXTERNE","liaisonPave":"","langue":"","id":"26577","alt":"D\u00e9pliant des itin\u00e9raires de VTT","title":"D\u00e9pliant des itin\u00e9raires de VTT"}]},"Url":"remontees-mecaniques-le-seignus.html","Localisation":{"GoogleMap":{"Latitude":"44.241651","Longitude":"6.61523"},"PlanStation":{"idPlan":"7","nomPlan":"[NEW] Plan Village Allos","carte":"\/plan\/plan_village_2018[HIVER_FR[.jpg","PositionAbs":"328","PositionOrd":"239"}},"ZoneGeo":"","LiensEtWidgetsParType":{"BI":[{"Id":"16382","TypePrestataire":"E","CodePrestataire":"4623185","CodePrestation":"","CodeLibelle":"URL00002373","Type":"BI","Url":"https:\/\/fr.calameo.com\/read\/0000873382de569aa3f51","Defaut":"N","Langue":"","Nature":"URL","Import":"SITRA2","LibelleText":"Bike park du Val d'Allos","Theme":""}]},"LiensEtWidgets":[{"Id":"16382","TypePrestataire":"E","CodePrestataire":"4623185","CodePrestation":"","CodeLibelle":"URL00002373","Type":"BI","Url":"https:\/\/fr.calameo.com\/read\/0000873382de569aa3f51","Defaut":"N","Langue":"","Nature":"URL","Import":"SITRA2","LibelleText":"Bike park du Val d'Allos","Theme":""}],"Criteres":{"EAGEE[E4ANS":"","EAGEE[E812AN":"","EAGEE[E12":"","ZONEGEO[FRPA04VAV1500":"","EACETE[EREMON":"","PUBLICATION[VALDALLOS":"","EADHER[EGRAT":"","EACETE[ERNSOU":"","P.113[1593":"","P.typologiesPromoSitra[1599":"","P.typologiesPromoSitra[1676":"","P.126[1321":"","P.prestations[surchargeTourismesAdaptes":"","P.prestations[surchargeDescriptifHandicapMoteur":"","P.prestations[surchargeDescriptifHandicapAuditif":"","P.prestations[surchargeDescriptifHandicapVisuel":"","P.prestations[surchargeDescriptifHandicapMental":"","P.prestations[surchargeNombreFauteuilsRoulants":"","P.languesParlees[1192":"","P.languesParlees[1197":"","P.50[1775":"","P.50[1938":"","P.50[3705":"","P.61[1872":"","P.61[2028":"","P.114[418":"","P.114[436":"","P.ouverturesComplementaires[4188":"","P.tourismeAffaires[tourismeAffairesEnabled":"","P.tourismeAffaires[devise":"EUR","P.rubrique[2988":"","P.44[3232":"","P.44[3414":"","P.CINTSITRA[5662":"","P.CINTSITRA[5663":"","P.CINTSITRA[8809":"","P.6241[126905":"","P.6241[5740912":"","P.3218[311229":"","P.3220[587401":"","P.3220[5575332":"","P.3233[591419":"","P.3221[4876304":"","P.3219[5127066":"","P.3219[5239406":"","P.3240[5778284":"","P.3230[6139211":"","P.VilleSitra[37281":"","P.VillageDeDepart[37281":""},"DateFinPublication":"","PrixAPartirDe":"","PrixPour":"","FicheListeEnCours":"fiche_liste_activites_loisirs_enfants_OT_v3","ParametresModele":{"AfficherPhotos":1,"NbPhotosMax":6,"AfficherReserver":0,"AfficherContact":0,"AfficherSalle":1,"AfficherZoneGeo":0,"AfficherEnSavoirPlus":"0","AfficherUneSeuleOuverture":0,"AfficherContactCarte":1,"AfficherTarifsChaudAPartirDe":0,"AfficherTarifChaudSansRecherche":0,"BlocCritereInfo":{"critere1":{"libelle":""},"critere2":{"libelle":"","liste_critere":["ZONEGEO|E"]},"critere3":{"libelle":""},"critere4":{"libelle":""},"critere5":{"libelle":"","liste_critere":["P.113|1593|E"]},"critere6":{"libelle":"","liste_critere":["P.prestations|ANINOAD|E"]},"critere7":{"libelle":""},"critere8":{"libelle":""},"afficherpictoetpaslibelle":"1"},"BlocPaveInfo":{"texte1":{"pave":["1","19","14"],"longeurmax":"250","afficherLibelle":"0","garderHtml":"0"}},"PositionBloc":"GALLERIE|ZONEPRINCIPALFICHEPRESTA|NOM|CARNET_VOYAGE","TypePrestataire":"E","ComportementResa":false,"ComportementDispo":false},"AffichageCoordonnees":[],"Coordonnees":{"Ville":"Le Seignus"},"ContexteId":"PRESTATAIRE|E|4623185","ContexteIdHtml":"PRESTATAIRE-E-4623185","cleContexte":"E|4623185","Bloc":{"texte1":"Una seggiovia \u00e8 aperta in estate, che consente di accedere al bike park, ai percorsi per mountain bike o semplicemente per godersi il paesaggio.","texte3":"","critere1":{"libelle":"","contenu":[]},"critere2":{"libelle":"","contenu":{"ZONEGEO":{"libelle":"Citt\u00e0","contenu":{"2":"Val d\u2019Allos \u2013 Le Seignus"},"codesValeurs":{"2":"ZONEGEO|FRPA04VAV1500|E"},"criteres_datas":{"valeurs":{"2":{"FRPA04VAV1500":{"descriptif":""}}}}}}},"critere3":{"libelle":"","contenu":[]},"critere4":{"libelle":"","contenu":[]},"critere5":{"libelle":"","contenu":{"P.113":{"libelle":"Nazionale","contenu":{"1":"\u003Cimg src=\"https:\/\/www.valdallos.com\/medias\/images\/picto\/P.113-1593-E.png\"  alt=\"Famille plus\" title=\"Famille plus\" \/\u003E"},"codesValeurs":{"1":"P.113|1593|E"},"criteres_datas":{"valeurs":{"1":{"1593":{"descriptif":""}}}}}}},"critere6":{"libelle":"","contenu":[]},"critere7":{"libelle":"","contenu":[]},"critere8":{"libelle":"","contenu":[]},"critere9":{"libelle":"","contenu":[]}},"LocalisationGps":{"Latitude":"44.241651","Longitude":"6.61523"},"libelleDuPrestataire":"","listeCriteres":{"EAGEE":{"E4ANS":"","E812AN":"","E12":""},"ZONEGEO":{"FRPA04VAV1500":""},"EACETE":{"EREMON":"","ERNSOU":""},"PUBLICATION":{"VALDALLOS":""},"EADHER":{"EGRAT":""},"P.113":{"1593":""},"P.typologiesPromoSitra":{"1599":"","1676":""},"P.126":{"1321":""},"P.prestations":{"surchargeTourismesAdaptes":"","surchargeDescriptifHandicapMoteur":"","surchargeDescriptifHandicapAuditif":"","surchargeDescriptifHandicapVisuel":"","surchargeDescriptifHandicapMental":"","surchargeNombreFauteuilsRoulants":""},"P.languesParlees":{"1192":"","1197":""},"P.50":{"1775":"","1938":"","3705":""},"P.61":{"1872":"","2028":""},"P.114":{"418":"","436":""},"P.ouverturesComplementaires":{"4188":""},"P.tourismeAffaires":{"tourismeAffairesEnabled":"","devise":"EUR"},"P.rubrique":{"2988":""},"P.44":{"3232":"","3414":""},"P.CINTSITRA":{"5662":"","5663":"","8809":""},"P.6241":{"126905":"","5740912":""},"P.3218":{"311229":""},"P.3220":{"587401":"","5575332":""},"P.3233":{"591419":""},"P.3221":{"4876304":""},"P.3219":{"5127066":"","5239406":""},"P.3240":{"5778284":""},"P.3230":{"6139211":""},"P.VilleSitra":{"37281":""},"P.VillageDeDepart":{"37281":""}},"dansCarnetVoyage":true,"Ouverture":""},"html":" \n \u003Cdiv id=\"CV-PRESTATAIRE-E-4623185\" data-contexte-id=\"PRESTATAIRE|E|4623185\" data-cle=\"E|4623185\" class=\"fiche-liste\"\u003E\n    \n\n    \u003C!-- partie photo --\u003E\n    \u003Cdiv class=\"photo\"\u003E\t\t\t\t\t\t\t\t\t\t\t\t\t\t\t\t\t\t\t\t\t\n        \u003Cdiv class=\"cadre_photo_principale\"\u003E\t\t\n        \n            \t\t\t\t\t\n                    \u003Ca href=\"remontees-mecaniques-le-seignus.html?origine=carnet#media\"\u003E\n                        \u003Cimg class=\"photo_principale\" alt=\"VTTiste s'appr\u00eatant \u00e0 monter dans le t\u00e9l\u00e9si\u00e8ge d\u00e9brayable du Clos Bertrand \u00e0 Val d'Allos - le Seignus en \u00e9t\u00e9\" src=\"https:\/\/www.valdallos.com\/medias\/images\/prestataires\/multitailles\/320x240_138419-rm_ete2.jpg\" itemprop=\"image\"\u003E\n                    \u003C\/a\u003E\t\t\t\t\t\t\n                \n                    \u003C\/div\u003E\t\t\t\t\t\t\t\t\t\t\t\t\t\t\t\t\t\t\t \t\t\n    \u003C\/div\u003E\n    \n    \u003C!-- partie nom prest --\u003E\n    \u003Cdiv class=\"nom\"\u003E\n        \u003Ch2\u003EImpianti di risalita\u003C\/h2\u003E\n        \n            \u003C\/div\u003E\n\n         \n    \u003C!-- partie adresse --\u003E\n    \u003Cdiv class=\"adresse\"\u003E\n    \n          \n    \u003C\/div\u003E\n    \n    \u003C!-- partie liens --\u003E\n    \u003Cdiv class=\"liens\"\u003E\n            \u003Ca class=\"btn-icon btn-view \" title=\"Vedi il file dettagliato\" href=\"remontees-mecaniques-le-seignus.html?origine=carnet\"\u003E\u003C\/a\u003E\u003C!--\u003Ca class=\"btn-icon btn-view \" title=\"\" href=\"?origine=carnet#thaut\"\u003E\u003C\/a\u003E--\u003E\n      \u003Ca class=\"btn-icon btn-trash carnet_voyage_supprimer\" title=\"Elimina questo file dal mio diario di viaggio\" href=\"carnet-voyage?action=remove&fiche=E|4623185\"\u003E\u003C\/a\u003E\n    \u003C\/div\u003E\n\n\u003C\/div\u003E\n\n","icon":"https:\/\/static.ingenie.fr\/images\/carnetVoyageV3\/E.png"},"fiche":"E|4623185","popup":"\u003Cdiv id=\"bloc_popup_ajout_fiche_carnet\"\u003E\n    \u003Cdiv class=\"info_popup_ajout_fiche_carnet\"\u003E\n        Hai appena aggiunto questo elemento alla tua selezione:    \u003C\/div\u003E\n    \u003Cdiv class=\"prest_popup_ajout_fiche_carnet\"\u003E\n        Impianti di risalita    \u003C\/div\u003E\n    \u003Cdiv class=\"bloc_btn_ajout_fiche_carnet form_submit_div\"\u003E\n        \u003Cinput type=\"button\" value=\"Continua la mia selezione\" title=\"Continua la mia selezione\" name=\"btn_close\" class=\"btn_close_popup_carnet form_submit\" onclick=\"$.colorbox.close()\" \/\u003E\n        \u003Cinput type=\"button\" value=\"Visualizza la mia selezione\" title=\"Visualizza la mia selezione\" name=\"btn_panier\" class=\"btn_panier_popup_carnet form_submit\" onclick=\"if(typeof CarnetVoyage != 'undefined') {CarnetVoyage.voirCarnet();}\" \/\u003E\n    \u003C\/div\u003E\n    \u003Cdiv class=\"bloc_btn_ajout_fiche_carnet\"\u003E\n        \u003Cinput type=\"checkbox\" value=\"1\" name=\"desactiver_popup\" id=\"desactiver_popup\" \/\u003E\n        \u003Clabel for=\"desactiver_popup\"\u003ENon visualizzare pi\u00f9 questo messaggio\u003C\/label\u003E\n    \u003C\/div\u003E\n\u003C\/div\u003E","success":1}