{"nbFiches":1,"dataPrest":{"infoPrest":{"pave1":{"libelle":"Descriptif","contenu":"Passeggiate in montagna con guida, tutto l'anno"},"pave2":{"libelle":"Tarifs Hiver","contenu":""},"pave3":{"libelle":"Tarifs Et\u00e9","contenu":""},"pave4":{"libelle":"URL de la r\u00e9servation ou vente en ligne","contenu":""},"pave5":{"libelle":"Descriptif court (old)","contenu":""},"pave6":{"libelle":"Descriptif d\u00e9taill\u00e9","contenu":""},"pave7":{"libelle":"Bons plans","contenu":""},"pave8":{"libelle":"Compl\u00e9ment localisation","contenu":"Tutto l'anno ogni giorno."},"pave9":{"libelle":"Compl\u00e9ment accueil","contenu":""},"pave10":{"libelle":"P\u00e9riodes en clair","contenu":""},"pave11":{"libelle":"Tarifs en clair","contenu":""},"pave12":{"libelle":"Compl\u00e9ment Tarifs","contenu":""},"pave13":{"libelle":"Compl\u00e9ment R\u00e9servation","contenu":""},"pave14":{"libelle":"Descriptif court","contenu":""},"pave15":{"libelle":"Descriptif d\u00e9taill\u00e9","contenu":""},"pave16":{"libelle":"Bons plans","contenu":""},"pave17":{"libelle":"Tarifs (Tarifs en clair, Compl\u00e9ment Tarifs)","contenu":""},"pave18":{"libelle":"P\u00e9riodes en clair","contenu":""},"pave19":{"libelle":"Descriptif court","contenu":""},"pave20":{"libelle":"Descriptif d\u00e9taill\u00e9","contenu":""},"pave21":{"libelle":"Bons plans","contenu":""},"pave22":{"libelle":"Tarifs (Tarifs en clair, Compl\u00e9ment Tarifs)","contenu":""},"pave23":{"libelle":"P\u00e9riodes en clair","contenu":""},"pave24":{"libelle":"Dispositions sp\u00e9ciales","contenu":""},"pave25":{"libelle":"","contenu":""},"ContactsParType":{"GEST":{"116615":{"id_contact":"116615","type_contact":"GEST","categorie_contact":"PRESTATAIRE","societe_contact":"","fonction_contact":"","civilite_nom_prenom_contact":"Christiane Ray Anezin ","adresse1_contact":"Le Roufleyran","adresse2_contact":"","adresse3_contact":"","cpostal_contact":"04370","ville_contact":"Beauvezer","teldom_contact":"04 92 89 14 22","telbur_contact":"","fax_contact":"","portable_contact":"06 15 31 49 57","email_contact":"christiane.ray.anezin@gmail.com","siteweb_contact":"http:\/\/www.randonneesmontagne.fr","commentaire_contact":"","langue_contact":"","autre_moyen_com":[]}},"DIR":{"116616":{"id_contact":"116616","type_contact":"DIR","categorie_contact":"PRESTATAIRE","societe_contact":"","fonction_contact":"","civilite_nom_prenom_contact":"MME Ray Anezin Christiane ","adresse1_contact":"","adresse2_contact":"","adresse3_contact":"","cpostal_contact":"","ville_contact":"","teldom_contact":"","telbur_contact":"","fax_contact":"","portable_contact":"","email_contact":"","siteweb_contact":"","commentaire_contact":"","langue_contact":"","autre_moyen_com":[]}}},"Libelle":"Christiane Ray Anezin guida","Nom":"Randonn\u00e9es montagne, Christiane Ray Anezin","Prenom":"","NomPrenom":"Randonn\u00e9es montagne, Christiane Ray Anezin ","CiviliteNomPrenom":"Randonn\u00e9es montagne, Christiane Ray Anezin ","Cle":"E|4768141","PrestataireParent":"","ContexteStat":"PRESTATAIRE-E-4768141","DateModificationIso":"2026-02-12T00:11:00+01:00","Type":"PRESTATAIRE","TypePrestataire":"E","Adresse":{"LigneAdresse1":"Christiane Ray Anezin - Accompagnateur en montagne","LigneAdresse2":"la vall\u00e9e blanche 1","LigneAdresse3":"Val d'Allos - la Foux","CodePostal":"04260","Ville":"La Foux d\u2019Allos","Cedex":"","Etat":"","Pays":"FRA"},"Email":"christiane.ray.anezin@gmail.com","Telephone":"","TelephoneBureau":"","Portable":"06 15 31 49 57","SiteWeb":"http:\/\/www.randonneesmontagne.fr","Fax":"","Id":"e-4768141","Code":"E|4768141","Fichier":{"Image":[{"url":"https:\/\/www.valdallos.com\/medias\/images\/prestataires\/135030-2015_anezin_randonnee_faune_mercantour.jpg","chemin":"..\/medias\/images\/prestataires\/135030-2015_anezin_randonnee_faune_mercantour.jpg","libelle":"2015_anezin_randonnee_faune_mercantour.jpg","extension":"jpg","categorie":"","largeur":800,"theme":"ETE","hauteur":571,"type":"Image","origine":"","liaisonPave":"","langue":"","id":"135041","urlVignette":"https:\/\/www.valdallos.com\/medias\/images\/prestataires\/v-135030-2015_anezin_randonnee_faune_mercantour.jpg","alt":"2015_anezin_randonnee_faune_mercantour.jpg","title":"2015_anezin_randonnee_faune_mercantour.jpg","MultiTaille":{"1920x1440":{"url":"https:\/\/www.valdallos.com\/medias\/images\/prestataires\/multitailles\/1920x1440_135030-2015_anezin_randonnee_faune_mercantour.jpg"},"1200x900":{"url":"https:\/\/www.valdallos.com\/medias\/images\/prestataires\/multitailles\/1200x900_135030-2015_anezin_randonnee_faune_mercantour.jpg"},"800x600":{"url":"https:\/\/www.valdallos.com\/medias\/images\/prestataires\/multitailles\/800x600_135030-2015_anezin_randonnee_faune_mercantour.jpg"},"640x480":{"url":"https:\/\/www.valdallos.com\/medias\/images\/prestataires\/multitailles\/640x480_135030-2015_anezin_randonnee_faune_mercantour.jpg"},"320x240":{"url":"https:\/\/www.valdallos.com\/medias\/images\/prestataires\/multitailles\/320x240_135030-2015_anezin_randonnee_faune_mercantour.jpg"},"160x120":{"url":"https:\/\/www.valdallos.com\/medias\/images\/prestataires\/multitailles\/160x120_135030-2015_anezin_randonnee_faune_mercantour.jpg"},"origine":{"url":"https:\/\/www.valdallos.com\/medias\/images\/prestataires\/135030-2015_anezin_randonnee_faune_mercantour.jpg"}},"urlLien":"","typeLien":"","nofollow":"N","copyright":"Photo C Anezin"},{"url":"https:\/\/www.valdallos.com\/medias\/images\/prestataires\/135031-rando_ete_cra.jpg","chemin":"..\/medias\/images\/prestataires\/135031-rando_ete_cra.jpg","libelle":"rando_ete_cra.jpg","extension":"jpg","categorie":"","largeur":800,"theme":"ETE","hauteur":537,"type":"Image","origine":"","liaisonPave":"","langue":"","id":"135042","urlVignette":"https:\/\/www.valdallos.com\/medias\/images\/prestataires\/v-135031-rando_ete_cra.jpg","alt":"rando_ete_cra.jpg","title":"rando_ete_cra.jpg","MultiTaille":{"1920x1440":{"url":"https:\/\/www.valdallos.com\/medias\/images\/prestataires\/multitailles\/1920x1440_135031-rando_ete_cra.jpg"},"1200x900":{"url":"https:\/\/www.valdallos.com\/medias\/images\/prestataires\/multitailles\/1200x900_135031-rando_ete_cra.jpg"},"800x600":{"url":"https:\/\/www.valdallos.com\/medias\/images\/prestataires\/multitailles\/800x600_135031-rando_ete_cra.jpg"},"640x480":{"url":"https:\/\/www.valdallos.com\/medias\/images\/prestataires\/multitailles\/640x480_135031-rando_ete_cra.jpg"},"320x240":{"url":"https:\/\/www.valdallos.com\/medias\/images\/prestataires\/multitailles\/320x240_135031-rando_ete_cra.jpg"},"160x120":{"url":"https:\/\/www.valdallos.com\/medias\/images\/prestataires\/multitailles\/160x120_135031-rando_ete_cra.jpg"},"origine":{"url":"https:\/\/www.valdallos.com\/medias\/images\/prestataires\/135031-rando_ete_cra.jpg"}},"urlLien":"","typeLien":"","nofollow":"N","copyright":"Photo C Anezin"},{"url":"https:\/\/www.valdallos.com\/medias\/images\/prestataires\/135032-2015_anezin_randonnee_flore_mercantour.jpg","chemin":"..\/medias\/images\/prestataires\/135032-2015_anezin_randonnee_flore_mercantour.jpg","libelle":"2015_anezin_randonnee_flore_mercantour.jpg","extension":"jpg","categorie":"","largeur":800,"theme":"ETE","hauteur":600,"type":"Image","origine":"","liaisonPave":"","langue":"","id":"135043","urlVignette":"https:\/\/www.valdallos.com\/medias\/images\/prestataires\/v-135032-2015_anezin_randonnee_flore_mercantour.jpg","alt":"2015_anezin_randonnee_flore_mercantour.jpg","title":"2015_anezin_randonnee_flore_mercantour.jpg","MultiTaille":{"1920x1440":{"url":"https:\/\/www.valdallos.com\/medias\/images\/prestataires\/multitailles\/1920x1440_135032-2015_anezin_randonnee_flore_mercantour.jpg"},"1200x900":{"url":"https:\/\/www.valdallos.com\/medias\/images\/prestataires\/multitailles\/1200x900_135032-2015_anezin_randonnee_flore_mercantour.jpg"},"800x600":{"url":"https:\/\/www.valdallos.com\/medias\/images\/prestataires\/multitailles\/800x600_135032-2015_anezin_randonnee_flore_mercantour.jpg"},"640x480":{"url":"https:\/\/www.valdallos.com\/medias\/images\/prestataires\/multitailles\/640x480_135032-2015_anezin_randonnee_flore_mercantour.jpg"},"320x240":{"url":"https:\/\/www.valdallos.com\/medias\/images\/prestataires\/multitailles\/320x240_135032-2015_anezin_randonnee_flore_mercantour.jpg"},"160x120":{"url":"https:\/\/www.valdallos.com\/medias\/images\/prestataires\/multitailles\/160x120_135032-2015_anezin_randonnee_flore_mercantour.jpg"},"origine":{"url":"https:\/\/www.valdallos.com\/medias\/images\/prestataires\/135032-2015_anezin_randonnee_flore_mercantour.jpg"}},"urlLien":"","typeLien":"","nofollow":"N","copyright":"Photo C Anezin"},{"url":"https:\/\/www.valdallos.com\/medias\/images\/prestataires\/135033-205_anezin_randonnee_lac_d_allos.jpg","chemin":"..\/medias\/images\/prestataires\/135033-205_anezin_randonnee_lac_d_allos.jpg","libelle":"205_anezin_randonnee_lac_d_allos.jpg","extension":"jpg","categorie":"","largeur":800,"theme":"ETE","hauteur":537,"type":"Image","origine":"","liaisonPave":"","langue":"","id":"135044","urlVignette":"https:\/\/www.valdallos.com\/medias\/images\/prestataires\/v-135033-205_anezin_randonnee_lac_d_allos.jpg","alt":"205_anezin_randonnee_lac_d_allos.jpg","title":"205_anezin_randonnee_lac_d_allos.jpg","MultiTaille":{"1920x1440":{"url":"https:\/\/www.valdallos.com\/medias\/images\/prestataires\/multitailles\/1920x1440_135033-205_anezin_randonnee_lac_d_allos.jpg"},"1200x900":{"url":"https:\/\/www.valdallos.com\/medias\/images\/prestataires\/multitailles\/1200x900_135033-205_anezin_randonnee_lac_d_allos.jpg"},"800x600":{"url":"https:\/\/www.valdallos.com\/medias\/images\/prestataires\/multitailles\/800x600_135033-205_anezin_randonnee_lac_d_allos.jpg"},"640x480":{"url":"https:\/\/www.valdallos.com\/medias\/images\/prestataires\/multitailles\/640x480_135033-205_anezin_randonnee_lac_d_allos.jpg"},"320x240":{"url":"https:\/\/www.valdallos.com\/medias\/images\/prestataires\/multitailles\/320x240_135033-205_anezin_randonnee_lac_d_allos.jpg"},"160x120":{"url":"https:\/\/www.valdallos.com\/medias\/images\/prestataires\/multitailles\/160x120_135033-205_anezin_randonnee_lac_d_allos.jpg"},"origine":{"url":"https:\/\/www.valdallos.com\/medias\/images\/prestataires\/135033-205_anezin_randonnee_lac_d_allos.jpg"}},"urlLien":"","typeLien":"","nofollow":"N","copyright":"Photo C Anezin"},{"url":"https:\/\/www.valdallos.com\/medias\/images\/prestataires\/135034-2015_anezin_randonnee_mont_pelat.jpg","chemin":"..\/medias\/images\/prestataires\/135034-2015_anezin_randonnee_mont_pelat.jpg","libelle":"2015_anezin_randonnee_mont_pelat.jpg","extension":"jpg","categorie":"","largeur":800,"theme":"ETE","hauteur":600,"type":"Image","origine":"","liaisonPave":"","langue":"","id":"135045","urlVignette":"https:\/\/www.valdallos.com\/medias\/images\/prestataires\/v-135034-2015_anezin_randonnee_mont_pelat.jpg","alt":"2015_anezin_randonnee_mont_pelat.jpg","title":"2015_anezin_randonnee_mont_pelat.jpg","MultiTaille":{"1920x1440":{"url":"https:\/\/www.valdallos.com\/medias\/images\/prestataires\/multitailles\/1920x1440_135034-2015_anezin_randonnee_mont_pelat.jpg"},"1200x900":{"url":"https:\/\/www.valdallos.com\/medias\/images\/prestataires\/multitailles\/1200x900_135034-2015_anezin_randonnee_mont_pelat.jpg"},"800x600":{"url":"https:\/\/www.valdallos.com\/medias\/images\/prestataires\/multitailles\/800x600_135034-2015_anezin_randonnee_mont_pelat.jpg"},"640x480":{"url":"https:\/\/www.valdallos.com\/medias\/images\/prestataires\/multitailles\/640x480_135034-2015_anezin_randonnee_mont_pelat.jpg"},"320x240":{"url":"https:\/\/www.valdallos.com\/medias\/images\/prestataires\/multitailles\/320x240_135034-2015_anezin_randonnee_mont_pelat.jpg"},"160x120":{"url":"https:\/\/www.valdallos.com\/medias\/images\/prestataires\/multitailles\/160x120_135034-2015_anezin_randonnee_mont_pelat.jpg"},"origine":{"url":"https:\/\/www.valdallos.com\/medias\/images\/prestataires\/135034-2015_anezin_randonnee_mont_pelat.jpg"}},"urlLien":"","typeLien":"","nofollow":"N","copyright":"Photo C Anezin"},{"url":"https:\/\/www.valdallos.com\/medias\/images\/prestataires\/135035-marque_esprit_parc.jpg","chemin":"..\/medias\/images\/prestataires\/135035-marque_esprit_parc.jpg","libelle":"marque_esprit_parc.jpg","extension":"jpg","categorie":"","largeur":229,"theme":"ETE","hauteur":113,"type":"Image","origine":"","liaisonPave":"","langue":"","id":"135046","urlVignette":"https:\/\/www.valdallos.com\/medias\/images\/prestataires\/v-135035-marque_esprit_parc.jpg","alt":"marque_esprit_parc.jpg","title":"marque_esprit_parc.jpg","MultiTaille":{"1920x1440":{"url":"https:\/\/www.valdallos.com\/medias\/images\/prestataires\/multitailles\/1920x1440_135035-marque_esprit_parc.jpg"},"1200x900":{"url":"https:\/\/www.valdallos.com\/medias\/images\/prestataires\/multitailles\/1200x900_135035-marque_esprit_parc.jpg"},"800x600":{"url":"https:\/\/www.valdallos.com\/medias\/images\/prestataires\/multitailles\/800x600_135035-marque_esprit_parc.jpg"},"640x480":{"url":"https:\/\/www.valdallos.com\/medias\/images\/prestataires\/multitailles\/640x480_135035-marque_esprit_parc.jpg"},"320x240":{"url":"https:\/\/www.valdallos.com\/medias\/images\/prestataires\/multitailles\/320x240_135035-marque_esprit_parc.jpg"},"160x120":{"url":"https:\/\/www.valdallos.com\/medias\/images\/prestataires\/multitailles\/160x120_135035-marque_esprit_parc.jpg"},"origine":{"url":"https:\/\/www.valdallos.com\/medias\/images\/prestataires\/135035-marque_esprit_parc.jpg"}},"urlLien":"","typeLien":"","nofollow":"N","copyright":"Photo C Anezin"},{"url":"https:\/\/www.valdallos.com\/medias\/images\/prestataires\/135036-accompagnateur_en_montagne_christiane_ray_anezin.jpg","chemin":"..\/medias\/images\/prestataires\/135036-accompagnateur_en_montagne_christiane_ray_anezin.jpg","libelle":"accompagnateur_en_montagne_christiane_ray_anezin.jpg","extension":"jpg","categorie":"","largeur":800,"theme":"HIVER","hauteur":537,"type":"Image","origine":"","liaisonPave":"","langue":"","id":"135047","urlVignette":"https:\/\/www.valdallos.com\/medias\/images\/prestataires\/v-135036-accompagnateur_en_montagne_christiane_ray_anezin.jpg","alt":"accompagnateur_en_montagne_christiane_ray_anezin.jpg","title":"accompagnateur_en_montagne_christiane_ray_anezin.jpg","MultiTaille":{"1920x1440":{"url":"https:\/\/www.valdallos.com\/medias\/images\/prestataires\/multitailles\/1920x1440_135036-accompagnateur_en_montagne_christiane_ray_anezin.jpg"},"1200x900":{"url":"https:\/\/www.valdallos.com\/medias\/images\/prestataires\/multitailles\/1200x900_135036-accompagnateur_en_montagne_christiane_ray_anezin.jpg"},"800x600":{"url":"https:\/\/www.valdallos.com\/medias\/images\/prestataires\/multitailles\/800x600_135036-accompagnateur_en_montagne_christiane_ray_anezin.jpg"},"640x480":{"url":"https:\/\/www.valdallos.com\/medias\/images\/prestataires\/multitailles\/640x480_135036-accompagnateur_en_montagne_christiane_ray_anezin.jpg"},"320x240":{"url":"https:\/\/www.valdallos.com\/medias\/images\/prestataires\/multitailles\/320x240_135036-accompagnateur_en_montagne_christiane_ray_anezin.jpg"},"160x120":{"url":"https:\/\/www.valdallos.com\/medias\/images\/prestataires\/multitailles\/160x120_135036-accompagnateur_en_montagne_christiane_ray_anezin.jpg"},"origine":{"url":"https:\/\/www.valdallos.com\/medias\/images\/prestataires\/135036-accompagnateur_en_montagne_christiane_ray_anezin.jpg"}},"urlLien":"","typeLien":"","nofollow":"N","copyright":"Photo C Anezin"},{"url":"https:\/\/www.valdallos.com\/medias\/images\/prestataires\/135037-randonnee_raquette_la_foux.jpg","chemin":"..\/medias\/images\/prestataires\/135037-randonnee_raquette_la_foux.jpg","libelle":"randonnee_raquette_la_foux.jpg","extension":"jpg","categorie":"","largeur":800,"theme":"HIVER","hauteur":565,"type":"Image","origine":"","liaisonPave":"","langue":"","id":"135048","urlVignette":"https:\/\/www.valdallos.com\/medias\/images\/prestataires\/v-135037-randonnee_raquette_la_foux.jpg","alt":"randonnee_raquette_la_foux.jpg","title":"randonnee_raquette_la_foux.jpg","MultiTaille":{"1920x1440":{"url":"https:\/\/www.valdallos.com\/medias\/images\/prestataires\/multitailles\/1920x1440_135037-randonnee_raquette_la_foux.jpg"},"1200x900":{"url":"https:\/\/www.valdallos.com\/medias\/images\/prestataires\/multitailles\/1200x900_135037-randonnee_raquette_la_foux.jpg"},"800x600":{"url":"https:\/\/www.valdallos.com\/medias\/images\/prestataires\/multitailles\/800x600_135037-randonnee_raquette_la_foux.jpg"},"640x480":{"url":"https:\/\/www.valdallos.com\/medias\/images\/prestataires\/multitailles\/640x480_135037-randonnee_raquette_la_foux.jpg"},"320x240":{"url":"https:\/\/www.valdallos.com\/medias\/images\/prestataires\/multitailles\/320x240_135037-randonnee_raquette_la_foux.jpg"},"160x120":{"url":"https:\/\/www.valdallos.com\/medias\/images\/prestataires\/multitailles\/160x120_135037-randonnee_raquette_la_foux.jpg"},"origine":{"url":"https:\/\/www.valdallos.com\/medias\/images\/prestataires\/135037-randonnee_raquette_la_foux.jpg"}},"urlLien":"","typeLien":"","nofollow":"N","copyright":"Photo C Anezin"},{"url":"https:\/\/www.valdallos.com\/medias\/images\/prestataires\/135038-randonnee_raquette_lac_d_allos.jpg","chemin":"..\/medias\/images\/prestataires\/135038-randonnee_raquette_lac_d_allos.jpg","libelle":"randonnee_raquette_lac_d_allos.jpg","extension":"jpg","categorie":"","largeur":800,"theme":"HIVER","hauteur":565,"type":"Image","origine":"","liaisonPave":"","langue":"","id":"135049","urlVignette":"https:\/\/www.valdallos.com\/medias\/images\/prestataires\/v-135038-randonnee_raquette_lac_d_allos.jpg","alt":"randonnee_raquette_lac_d_allos.jpg","title":"randonnee_raquette_lac_d_allos.jpg","MultiTaille":{"1920x1440":{"url":"https:\/\/www.valdallos.com\/medias\/images\/prestataires\/multitailles\/1920x1440_135038-randonnee_raquette_lac_d_allos.jpg"},"1200x900":{"url":"https:\/\/www.valdallos.com\/medias\/images\/prestataires\/multitailles\/1200x900_135038-randonnee_raquette_lac_d_allos.jpg"},"800x600":{"url":"https:\/\/www.valdallos.com\/medias\/images\/prestataires\/multitailles\/800x600_135038-randonnee_raquette_lac_d_allos.jpg"},"640x480":{"url":"https:\/\/www.valdallos.com\/medias\/images\/prestataires\/multitailles\/640x480_135038-randonnee_raquette_lac_d_allos.jpg"},"320x240":{"url":"https:\/\/www.valdallos.com\/medias\/images\/prestataires\/multitailles\/320x240_135038-randonnee_raquette_lac_d_allos.jpg"},"160x120":{"url":"https:\/\/www.valdallos.com\/medias\/images\/prestataires\/multitailles\/160x120_135038-randonnee_raquette_lac_d_allos.jpg"},"origine":{"url":"https:\/\/www.valdallos.com\/medias\/images\/prestataires\/135038-randonnee_raquette_lac_d_allos.jpg"}},"urlLien":"","typeLien":"","nofollow":"N","copyright":"Photo C Anezin"},{"url":"https:\/\/www.valdallos.com\/medias\/images\/prestataires\/135039-randonnee_raquette_le_seignus.jpg","chemin":"..\/medias\/images\/prestataires\/135039-randonnee_raquette_le_seignus.jpg","libelle":"randonnee_raquette_le_seignus.jpg","extension":"jpg","categorie":"","largeur":800,"theme":"HIVER","hauteur":600,"type":"Image","origine":"","liaisonPave":"","langue":"","id":"135050","urlVignette":"https:\/\/www.valdallos.com\/medias\/images\/prestataires\/v-135039-randonnee_raquette_le_seignus.jpg","alt":"randonnee_raquette_le_seignus.jpg","title":"randonnee_raquette_le_seignus.jpg","MultiTaille":{"1920x1440":{"url":"https:\/\/www.valdallos.com\/medias\/images\/prestataires\/multitailles\/1920x1440_135039-randonnee_raquette_le_seignus.jpg"},"1200x900":{"url":"https:\/\/www.valdallos.com\/medias\/images\/prestataires\/multitailles\/1200x900_135039-randonnee_raquette_le_seignus.jpg"},"800x600":{"url":"https:\/\/www.valdallos.com\/medias\/images\/prestataires\/multitailles\/800x600_135039-randonnee_raquette_le_seignus.jpg"},"640x480":{"url":"https:\/\/www.valdallos.com\/medias\/images\/prestataires\/multitailles\/640x480_135039-randonnee_raquette_le_seignus.jpg"},"320x240":{"url":"https:\/\/www.valdallos.com\/medias\/images\/prestataires\/multitailles\/320x240_135039-randonnee_raquette_le_seignus.jpg"},"160x120":{"url":"https:\/\/www.valdallos.com\/medias\/images\/prestataires\/multitailles\/160x120_135039-randonnee_raquette_le_seignus.jpg"},"origine":{"url":"https:\/\/www.valdallos.com\/medias\/images\/prestataires\/135039-randonnee_raquette_le_seignus.jpg"}},"urlLien":"","typeLien":"","nofollow":"N","copyright":"Photo C Anezin"},{"url":"https:\/\/www.valdallos.com\/medias\/images\/prestataires\/135040-randonnee_raquette_val_d_allos.jpg","chemin":"..\/medias\/images\/prestataires\/135040-randonnee_raquette_val_d_allos.jpg","libelle":"randonnee_raquette_val_d_allos.jpg","extension":"jpg","categorie":"","largeur":800,"theme":"HIVER","hauteur":600,"type":"Image","origine":"","liaisonPave":"","langue":"","id":"135051","urlVignette":"https:\/\/www.valdallos.com\/medias\/images\/prestataires\/v-135040-randonnee_raquette_val_d_allos.jpg","alt":"randonnee_raquette_val_d_allos.jpg","title":"randonnee_raquette_val_d_allos.jpg","MultiTaille":{"1920x1440":{"url":"https:\/\/www.valdallos.com\/medias\/images\/prestataires\/multitailles\/1920x1440_135040-randonnee_raquette_val_d_allos.jpg"},"1200x900":{"url":"https:\/\/www.valdallos.com\/medias\/images\/prestataires\/multitailles\/1200x900_135040-randonnee_raquette_val_d_allos.jpg"},"800x600":{"url":"https:\/\/www.valdallos.com\/medias\/images\/prestataires\/multitailles\/800x600_135040-randonnee_raquette_val_d_allos.jpg"},"640x480":{"url":"https:\/\/www.valdallos.com\/medias\/images\/prestataires\/multitailles\/640x480_135040-randonnee_raquette_val_d_allos.jpg"},"320x240":{"url":"https:\/\/www.valdallos.com\/medias\/images\/prestataires\/multitailles\/320x240_135040-randonnee_raquette_val_d_allos.jpg"},"160x120":{"url":"https:\/\/www.valdallos.com\/medias\/images\/prestataires\/multitailles\/160x120_135040-randonnee_raquette_val_d_allos.jpg"},"origine":{"url":"https:\/\/www.valdallos.com\/medias\/images\/prestataires\/135040-randonnee_raquette_val_d_allos.jpg"}},"urlLien":"","typeLien":"","nofollow":"N","copyright":"Photo C Anezin"}],"ByCategorie":{"":[{"url":"https:\/\/www.valdallos.com\/medias\/images\/prestataires\/135030-2015_anezin_randonnee_faune_mercantour.jpg","chemin":"..\/medias\/images\/prestataires\/135030-2015_anezin_randonnee_faune_mercantour.jpg","libelle":"2015_anezin_randonnee_faune_mercantour.jpg","extension":"jpg","categorie":"","largeur":800,"theme":"ETE","hauteur":571,"type":"Image","origine":"","liaisonPave":"","langue":"","id":"135041","urlVignette":"https:\/\/www.valdallos.com\/medias\/images\/prestataires\/v-135030-2015_anezin_randonnee_faune_mercantour.jpg","alt":"2015_anezin_randonnee_faune_mercantour.jpg","title":"2015_anezin_randonnee_faune_mercantour.jpg","MultiTaille":{"1920x1440":{"url":"https:\/\/www.valdallos.com\/medias\/images\/prestataires\/multitailles\/1920x1440_135030-2015_anezin_randonnee_faune_mercantour.jpg"},"1200x900":{"url":"https:\/\/www.valdallos.com\/medias\/images\/prestataires\/multitailles\/1200x900_135030-2015_anezin_randonnee_faune_mercantour.jpg"},"800x600":{"url":"https:\/\/www.valdallos.com\/medias\/images\/prestataires\/multitailles\/800x600_135030-2015_anezin_randonnee_faune_mercantour.jpg"},"640x480":{"url":"https:\/\/www.valdallos.com\/medias\/images\/prestataires\/multitailles\/640x480_135030-2015_anezin_randonnee_faune_mercantour.jpg"},"320x240":{"url":"https:\/\/www.valdallos.com\/medias\/images\/prestataires\/multitailles\/320x240_135030-2015_anezin_randonnee_faune_mercantour.jpg"},"160x120":{"url":"https:\/\/www.valdallos.com\/medias\/images\/prestataires\/multitailles\/160x120_135030-2015_anezin_randonnee_faune_mercantour.jpg"},"origine":{"url":"https:\/\/www.valdallos.com\/medias\/images\/prestataires\/135030-2015_anezin_randonnee_faune_mercantour.jpg"}},"urlLien":"","typeLien":"","nofollow":"N","copyright":"Photo C Anezin"},{"url":"https:\/\/www.valdallos.com\/medias\/images\/prestataires\/135031-rando_ete_cra.jpg","chemin":"..\/medias\/images\/prestataires\/135031-rando_ete_cra.jpg","libelle":"rando_ete_cra.jpg","extension":"jpg","categorie":"","largeur":800,"theme":"ETE","hauteur":537,"type":"Image","origine":"","liaisonPave":"","langue":"","id":"135042","urlVignette":"https:\/\/www.valdallos.com\/medias\/images\/prestataires\/v-135031-rando_ete_cra.jpg","alt":"rando_ete_cra.jpg","title":"rando_ete_cra.jpg","MultiTaille":{"1920x1440":{"url":"https:\/\/www.valdallos.com\/medias\/images\/prestataires\/multitailles\/1920x1440_135031-rando_ete_cra.jpg"},"1200x900":{"url":"https:\/\/www.valdallos.com\/medias\/images\/prestataires\/multitailles\/1200x900_135031-rando_ete_cra.jpg"},"800x600":{"url":"https:\/\/www.valdallos.com\/medias\/images\/prestataires\/multitailles\/800x600_135031-rando_ete_cra.jpg"},"640x480":{"url":"https:\/\/www.valdallos.com\/medias\/images\/prestataires\/multitailles\/640x480_135031-rando_ete_cra.jpg"},"320x240":{"url":"https:\/\/www.valdallos.com\/medias\/images\/prestataires\/multitailles\/320x240_135031-rando_ete_cra.jpg"},"160x120":{"url":"https:\/\/www.valdallos.com\/medias\/images\/prestataires\/multitailles\/160x120_135031-rando_ete_cra.jpg"},"origine":{"url":"https:\/\/www.valdallos.com\/medias\/images\/prestataires\/135031-rando_ete_cra.jpg"}},"urlLien":"","typeLien":"","nofollow":"N","copyright":"Photo C Anezin"},{"url":"https:\/\/www.valdallos.com\/medias\/images\/prestataires\/135032-2015_anezin_randonnee_flore_mercantour.jpg","chemin":"..\/medias\/images\/prestataires\/135032-2015_anezin_randonnee_flore_mercantour.jpg","libelle":"2015_anezin_randonnee_flore_mercantour.jpg","extension":"jpg","categorie":"","largeur":800,"theme":"ETE","hauteur":600,"type":"Image","origine":"","liaisonPave":"","langue":"","id":"135043","urlVignette":"https:\/\/www.valdallos.com\/medias\/images\/prestataires\/v-135032-2015_anezin_randonnee_flore_mercantour.jpg","alt":"2015_anezin_randonnee_flore_mercantour.jpg","title":"2015_anezin_randonnee_flore_mercantour.jpg","MultiTaille":{"1920x1440":{"url":"https:\/\/www.valdallos.com\/medias\/images\/prestataires\/multitailles\/1920x1440_135032-2015_anezin_randonnee_flore_mercantour.jpg"},"1200x900":{"url":"https:\/\/www.valdallos.com\/medias\/images\/prestataires\/multitailles\/1200x900_135032-2015_anezin_randonnee_flore_mercantour.jpg"},"800x600":{"url":"https:\/\/www.valdallos.com\/medias\/images\/prestataires\/multitailles\/800x600_135032-2015_anezin_randonnee_flore_mercantour.jpg"},"640x480":{"url":"https:\/\/www.valdallos.com\/medias\/images\/prestataires\/multitailles\/640x480_135032-2015_anezin_randonnee_flore_mercantour.jpg"},"320x240":{"url":"https:\/\/www.valdallos.com\/medias\/images\/prestataires\/multitailles\/320x240_135032-2015_anezin_randonnee_flore_mercantour.jpg"},"160x120":{"url":"https:\/\/www.valdallos.com\/medias\/images\/prestataires\/multitailles\/160x120_135032-2015_anezin_randonnee_flore_mercantour.jpg"},"origine":{"url":"https:\/\/www.valdallos.com\/medias\/images\/prestataires\/135032-2015_anezin_randonnee_flore_mercantour.jpg"}},"urlLien":"","typeLien":"","nofollow":"N","copyright":"Photo C Anezin"},{"url":"https:\/\/www.valdallos.com\/medias\/images\/prestataires\/135033-205_anezin_randonnee_lac_d_allos.jpg","chemin":"..\/medias\/images\/prestataires\/135033-205_anezin_randonnee_lac_d_allos.jpg","libelle":"205_anezin_randonnee_lac_d_allos.jpg","extension":"jpg","categorie":"","largeur":800,"theme":"ETE","hauteur":537,"type":"Image","origine":"","liaisonPave":"","langue":"","id":"135044","urlVignette":"https:\/\/www.valdallos.com\/medias\/images\/prestataires\/v-135033-205_anezin_randonnee_lac_d_allos.jpg","alt":"205_anezin_randonnee_lac_d_allos.jpg","title":"205_anezin_randonnee_lac_d_allos.jpg","MultiTaille":{"1920x1440":{"url":"https:\/\/www.valdallos.com\/medias\/images\/prestataires\/multitailles\/1920x1440_135033-205_anezin_randonnee_lac_d_allos.jpg"},"1200x900":{"url":"https:\/\/www.valdallos.com\/medias\/images\/prestataires\/multitailles\/1200x900_135033-205_anezin_randonnee_lac_d_allos.jpg"},"800x600":{"url":"https:\/\/www.valdallos.com\/medias\/images\/prestataires\/multitailles\/800x600_135033-205_anezin_randonnee_lac_d_allos.jpg"},"640x480":{"url":"https:\/\/www.valdallos.com\/medias\/images\/prestataires\/multitailles\/640x480_135033-205_anezin_randonnee_lac_d_allos.jpg"},"320x240":{"url":"https:\/\/www.valdallos.com\/medias\/images\/prestataires\/multitailles\/320x240_135033-205_anezin_randonnee_lac_d_allos.jpg"},"160x120":{"url":"https:\/\/www.valdallos.com\/medias\/images\/prestataires\/multitailles\/160x120_135033-205_anezin_randonnee_lac_d_allos.jpg"},"origine":{"url":"https:\/\/www.valdallos.com\/medias\/images\/prestataires\/135033-205_anezin_randonnee_lac_d_allos.jpg"}},"urlLien":"","typeLien":"","nofollow":"N","copyright":"Photo C Anezin"},{"url":"https:\/\/www.valdallos.com\/medias\/images\/prestataires\/135034-2015_anezin_randonnee_mont_pelat.jpg","chemin":"..\/medias\/images\/prestataires\/135034-2015_anezin_randonnee_mont_pelat.jpg","libelle":"2015_anezin_randonnee_mont_pelat.jpg","extension":"jpg","categorie":"","largeur":800,"theme":"ETE","hauteur":600,"type":"Image","origine":"","liaisonPave":"","langue":"","id":"135045","urlVignette":"https:\/\/www.valdallos.com\/medias\/images\/prestataires\/v-135034-2015_anezin_randonnee_mont_pelat.jpg","alt":"2015_anezin_randonnee_mont_pelat.jpg","title":"2015_anezin_randonnee_mont_pelat.jpg","MultiTaille":{"1920x1440":{"url":"https:\/\/www.valdallos.com\/medias\/images\/prestataires\/multitailles\/1920x1440_135034-2015_anezin_randonnee_mont_pelat.jpg"},"1200x900":{"url":"https:\/\/www.valdallos.com\/medias\/images\/prestataires\/multitailles\/1200x900_135034-2015_anezin_randonnee_mont_pelat.jpg"},"800x600":{"url":"https:\/\/www.valdallos.com\/medias\/images\/prestataires\/multitailles\/800x600_135034-2015_anezin_randonnee_mont_pelat.jpg"},"640x480":{"url":"https:\/\/www.valdallos.com\/medias\/images\/prestataires\/multitailles\/640x480_135034-2015_anezin_randonnee_mont_pelat.jpg"},"320x240":{"url":"https:\/\/www.valdallos.com\/medias\/images\/prestataires\/multitailles\/320x240_135034-2015_anezin_randonnee_mont_pelat.jpg"},"160x120":{"url":"https:\/\/www.valdallos.com\/medias\/images\/prestataires\/multitailles\/160x120_135034-2015_anezin_randonnee_mont_pelat.jpg"},"origine":{"url":"https:\/\/www.valdallos.com\/medias\/images\/prestataires\/135034-2015_anezin_randonnee_mont_pelat.jpg"}},"urlLien":"","typeLien":"","nofollow":"N","copyright":"Photo C Anezin"},{"url":"https:\/\/www.valdallos.com\/medias\/images\/prestataires\/135035-marque_esprit_parc.jpg","chemin":"..\/medias\/images\/prestataires\/135035-marque_esprit_parc.jpg","libelle":"marque_esprit_parc.jpg","extension":"jpg","categorie":"","largeur":229,"theme":"ETE","hauteur":113,"type":"Image","origine":"","liaisonPave":"","langue":"","id":"135046","urlVignette":"https:\/\/www.valdallos.com\/medias\/images\/prestataires\/v-135035-marque_esprit_parc.jpg","alt":"marque_esprit_parc.jpg","title":"marque_esprit_parc.jpg","MultiTaille":{"1920x1440":{"url":"https:\/\/www.valdallos.com\/medias\/images\/prestataires\/multitailles\/1920x1440_135035-marque_esprit_parc.jpg"},"1200x900":{"url":"https:\/\/www.valdallos.com\/medias\/images\/prestataires\/multitailles\/1200x900_135035-marque_esprit_parc.jpg"},"800x600":{"url":"https:\/\/www.valdallos.com\/medias\/images\/prestataires\/multitailles\/800x600_135035-marque_esprit_parc.jpg"},"640x480":{"url":"https:\/\/www.valdallos.com\/medias\/images\/prestataires\/multitailles\/640x480_135035-marque_esprit_parc.jpg"},"320x240":{"url":"https:\/\/www.valdallos.com\/medias\/images\/prestataires\/multitailles\/320x240_135035-marque_esprit_parc.jpg"},"160x120":{"url":"https:\/\/www.valdallos.com\/medias\/images\/prestataires\/multitailles\/160x120_135035-marque_esprit_parc.jpg"},"origine":{"url":"https:\/\/www.valdallos.com\/medias\/images\/prestataires\/135035-marque_esprit_parc.jpg"}},"urlLien":"","typeLien":"","nofollow":"N","copyright":"Photo C Anezin"},{"url":"https:\/\/www.valdallos.com\/medias\/images\/prestataires\/135036-accompagnateur_en_montagne_christiane_ray_anezin.jpg","chemin":"..\/medias\/images\/prestataires\/135036-accompagnateur_en_montagne_christiane_ray_anezin.jpg","libelle":"accompagnateur_en_montagne_christiane_ray_anezin.jpg","extension":"jpg","categorie":"","largeur":800,"theme":"HIVER","hauteur":537,"type":"Image","origine":"","liaisonPave":"","langue":"","id":"135047","urlVignette":"https:\/\/www.valdallos.com\/medias\/images\/prestataires\/v-135036-accompagnateur_en_montagne_christiane_ray_anezin.jpg","alt":"accompagnateur_en_montagne_christiane_ray_anezin.jpg","title":"accompagnateur_en_montagne_christiane_ray_anezin.jpg","MultiTaille":{"1920x1440":{"url":"https:\/\/www.valdallos.com\/medias\/images\/prestataires\/multitailles\/1920x1440_135036-accompagnateur_en_montagne_christiane_ray_anezin.jpg"},"1200x900":{"url":"https:\/\/www.valdallos.com\/medias\/images\/prestataires\/multitailles\/1200x900_135036-accompagnateur_en_montagne_christiane_ray_anezin.jpg"},"800x600":{"url":"https:\/\/www.valdallos.com\/medias\/images\/prestataires\/multitailles\/800x600_135036-accompagnateur_en_montagne_christiane_ray_anezin.jpg"},"640x480":{"url":"https:\/\/www.valdallos.com\/medias\/images\/prestataires\/multitailles\/640x480_135036-accompagnateur_en_montagne_christiane_ray_anezin.jpg"},"320x240":{"url":"https:\/\/www.valdallos.com\/medias\/images\/prestataires\/multitailles\/320x240_135036-accompagnateur_en_montagne_christiane_ray_anezin.jpg"},"160x120":{"url":"https:\/\/www.valdallos.com\/medias\/images\/prestataires\/multitailles\/160x120_135036-accompagnateur_en_montagne_christiane_ray_anezin.jpg"},"origine":{"url":"https:\/\/www.valdallos.com\/medias\/images\/prestataires\/135036-accompagnateur_en_montagne_christiane_ray_anezin.jpg"}},"urlLien":"","typeLien":"","nofollow":"N","copyright":"Photo C Anezin"},{"url":"https:\/\/www.valdallos.com\/medias\/images\/prestataires\/135037-randonnee_raquette_la_foux.jpg","chemin":"..\/medias\/images\/prestataires\/135037-randonnee_raquette_la_foux.jpg","libelle":"randonnee_raquette_la_foux.jpg","extension":"jpg","categorie":"","largeur":800,"theme":"HIVER","hauteur":565,"type":"Image","origine":"","liaisonPave":"","langue":"","id":"135048","urlVignette":"https:\/\/www.valdallos.com\/medias\/images\/prestataires\/v-135037-randonnee_raquette_la_foux.jpg","alt":"randonnee_raquette_la_foux.jpg","title":"randonnee_raquette_la_foux.jpg","MultiTaille":{"1920x1440":{"url":"https:\/\/www.valdallos.com\/medias\/images\/prestataires\/multitailles\/1920x1440_135037-randonnee_raquette_la_foux.jpg"},"1200x900":{"url":"https:\/\/www.valdallos.com\/medias\/images\/prestataires\/multitailles\/1200x900_135037-randonnee_raquette_la_foux.jpg"},"800x600":{"url":"https:\/\/www.valdallos.com\/medias\/images\/prestataires\/multitailles\/800x600_135037-randonnee_raquette_la_foux.jpg"},"640x480":{"url":"https:\/\/www.valdallos.com\/medias\/images\/prestataires\/multitailles\/640x480_135037-randonnee_raquette_la_foux.jpg"},"320x240":{"url":"https:\/\/www.valdallos.com\/medias\/images\/prestataires\/multitailles\/320x240_135037-randonnee_raquette_la_foux.jpg"},"160x120":{"url":"https:\/\/www.valdallos.com\/medias\/images\/prestataires\/multitailles\/160x120_135037-randonnee_raquette_la_foux.jpg"},"origine":{"url":"https:\/\/www.valdallos.com\/medias\/images\/prestataires\/135037-randonnee_raquette_la_foux.jpg"}},"urlLien":"","typeLien":"","nofollow":"N","copyright":"Photo C Anezin"},{"url":"https:\/\/www.valdallos.com\/medias\/images\/prestataires\/135038-randonnee_raquette_lac_d_allos.jpg","chemin":"..\/medias\/images\/prestataires\/135038-randonnee_raquette_lac_d_allos.jpg","libelle":"randonnee_raquette_lac_d_allos.jpg","extension":"jpg","categorie":"","largeur":800,"theme":"HIVER","hauteur":565,"type":"Image","origine":"","liaisonPave":"","langue":"","id":"135049","urlVignette":"https:\/\/www.valdallos.com\/medias\/images\/prestataires\/v-135038-randonnee_raquette_lac_d_allos.jpg","alt":"randonnee_raquette_lac_d_allos.jpg","title":"randonnee_raquette_lac_d_allos.jpg","MultiTaille":{"1920x1440":{"url":"https:\/\/www.valdallos.com\/medias\/images\/prestataires\/multitailles\/1920x1440_135038-randonnee_raquette_lac_d_allos.jpg"},"1200x900":{"url":"https:\/\/www.valdallos.com\/medias\/images\/prestataires\/multitailles\/1200x900_135038-randonnee_raquette_lac_d_allos.jpg"},"800x600":{"url":"https:\/\/www.valdallos.com\/medias\/images\/prestataires\/multitailles\/800x600_135038-randonnee_raquette_lac_d_allos.jpg"},"640x480":{"url":"https:\/\/www.valdallos.com\/medias\/images\/prestataires\/multitailles\/640x480_135038-randonnee_raquette_lac_d_allos.jpg"},"320x240":{"url":"https:\/\/www.valdallos.com\/medias\/images\/prestataires\/multitailles\/320x240_135038-randonnee_raquette_lac_d_allos.jpg"},"160x120":{"url":"https:\/\/www.valdallos.com\/medias\/images\/prestataires\/multitailles\/160x120_135038-randonnee_raquette_lac_d_allos.jpg"},"origine":{"url":"https:\/\/www.valdallos.com\/medias\/images\/prestataires\/135038-randonnee_raquette_lac_d_allos.jpg"}},"urlLien":"","typeLien":"","nofollow":"N","copyright":"Photo C Anezin"},{"url":"https:\/\/www.valdallos.com\/medias\/images\/prestataires\/135039-randonnee_raquette_le_seignus.jpg","chemin":"..\/medias\/images\/prestataires\/135039-randonnee_raquette_le_seignus.jpg","libelle":"randonnee_raquette_le_seignus.jpg","extension":"jpg","categorie":"","largeur":800,"theme":"HIVER","hauteur":600,"type":"Image","origine":"","liaisonPave":"","langue":"","id":"135050","urlVignette":"https:\/\/www.valdallos.com\/medias\/images\/prestataires\/v-135039-randonnee_raquette_le_seignus.jpg","alt":"randonnee_raquette_le_seignus.jpg","title":"randonnee_raquette_le_seignus.jpg","MultiTaille":{"1920x1440":{"url":"https:\/\/www.valdallos.com\/medias\/images\/prestataires\/multitailles\/1920x1440_135039-randonnee_raquette_le_seignus.jpg"},"1200x900":{"url":"https:\/\/www.valdallos.com\/medias\/images\/prestataires\/multitailles\/1200x900_135039-randonnee_raquette_le_seignus.jpg"},"800x600":{"url":"https:\/\/www.valdallos.com\/medias\/images\/prestataires\/multitailles\/800x600_135039-randonnee_raquette_le_seignus.jpg"},"640x480":{"url":"https:\/\/www.valdallos.com\/medias\/images\/prestataires\/multitailles\/640x480_135039-randonnee_raquette_le_seignus.jpg"},"320x240":{"url":"https:\/\/www.valdallos.com\/medias\/images\/prestataires\/multitailles\/320x240_135039-randonnee_raquette_le_seignus.jpg"},"160x120":{"url":"https:\/\/www.valdallos.com\/medias\/images\/prestataires\/multitailles\/160x120_135039-randonnee_raquette_le_seignus.jpg"},"origine":{"url":"https:\/\/www.valdallos.com\/medias\/images\/prestataires\/135039-randonnee_raquette_le_seignus.jpg"}},"urlLien":"","typeLien":"","nofollow":"N","copyright":"Photo C Anezin"},{"url":"https:\/\/www.valdallos.com\/medias\/images\/prestataires\/135040-randonnee_raquette_val_d_allos.jpg","chemin":"..\/medias\/images\/prestataires\/135040-randonnee_raquette_val_d_allos.jpg","libelle":"randonnee_raquette_val_d_allos.jpg","extension":"jpg","categorie":"","largeur":800,"theme":"HIVER","hauteur":600,"type":"Image","origine":"","liaisonPave":"","langue":"","id":"135051","urlVignette":"https:\/\/www.valdallos.com\/medias\/images\/prestataires\/v-135040-randonnee_raquette_val_d_allos.jpg","alt":"randonnee_raquette_val_d_allos.jpg","title":"randonnee_raquette_val_d_allos.jpg","MultiTaille":{"1920x1440":{"url":"https:\/\/www.valdallos.com\/medias\/images\/prestataires\/multitailles\/1920x1440_135040-randonnee_raquette_val_d_allos.jpg"},"1200x900":{"url":"https:\/\/www.valdallos.com\/medias\/images\/prestataires\/multitailles\/1200x900_135040-randonnee_raquette_val_d_allos.jpg"},"800x600":{"url":"https:\/\/www.valdallos.com\/medias\/images\/prestataires\/multitailles\/800x600_135040-randonnee_raquette_val_d_allos.jpg"},"640x480":{"url":"https:\/\/www.valdallos.com\/medias\/images\/prestataires\/multitailles\/640x480_135040-randonnee_raquette_val_d_allos.jpg"},"320x240":{"url":"https:\/\/www.valdallos.com\/medias\/images\/prestataires\/multitailles\/320x240_135040-randonnee_raquette_val_d_allos.jpg"},"160x120":{"url":"https:\/\/www.valdallos.com\/medias\/images\/prestataires\/multitailles\/160x120_135040-randonnee_raquette_val_d_allos.jpg"},"origine":{"url":"https:\/\/www.valdallos.com\/medias\/images\/prestataires\/135040-randonnee_raquette_val_d_allos.jpg"}},"urlLien":"","typeLien":"","nofollow":"N","copyright":"Photo C Anezin"}]}},"Url":"christiane-ray-anezin-guida-la-foux-dallos.html","Localisation":{"GoogleMap":{"Latitude":"44.288165","Longitude":"6.569906"}},"ZoneGeo":"","Criteres":{"PUBLICATION[VALDALLOS":"","EADHER[EOFFIC":"","EINFADH[EDEB":"","EINFADH[EFIN":"","EAGE[8ANS12":"","EAGE[PLU12":"","EAGEE[E812AN":"","EAGEE[E12":"","ZONEGEO[FRPA04VAV1800":"","ZONEGEO[FRPA04VAVALLO":"","EACETE[ERNSOU":"","EJARDI[ERAQUETTES":"","EFAMILLEPLUS[EINTRO":"","EFAMILLEPLUS[EPLUS":"","P.113[1593":"","P.113[4545":"","P.4790[5063":"","P.CINTSITRA[8809":"","P.CINTSITRA[5660":"","P.CINTSITRA[5663":"","P.CINTSITRA[5664":"","P.prestations[ageMin":"8","P.114[418":"","P.114[416":"","P.114[435":"","P.114[436":"","P.114[439":"","P.habilitationsPrestataires[3156":"","P.modesPaiement[1277":"","P.modesPaiement[1271":"","P.modesPaiement[1268":"","P.modesPaiement[1274":"","P.languesParlees[1197":"","P.languesParlees[1200":"","P.57[1832":"","P.57[2003":"","P.61[1872":"","P.61[2028":"","P.VilleSitra[37282":"","P.3220[587401":"","P.3220[5575332":"","P.3221[4876304":"","P.3218[311229":"","P.3233[591419":"","P.3219[5127066":"","P.3219[5239406":"","P.typesDetailles[4039":"","P.typesDetailles[4041":"","P.commerceEtServiceType[4015":"","P.6241[126905":"","P.6241[5740912":"","P.3240[5778284":"","P.VillageDeDepart[37282":"","P.3230[6139211":""},"DateFinPublication":"","PrixAPartirDe":"","PrixPour":"","FicheListeEnCours":"fiche_liste_activites_loisirs_enfants_OT_v3","ParametresModele":{"AfficherPhotos":1,"NbPhotosMax":6,"AfficherReserver":0,"AfficherContact":0,"AfficherSalle":1,"AfficherZoneGeo":0,"AfficherEnSavoirPlus":"0","AfficherUneSeuleOuverture":0,"AfficherContactCarte":1,"AfficherTarifsChaudAPartirDe":0,"AfficherTarifChaudSansRecherche":0,"BlocCritereInfo":{"critere1":{"libelle":""},"critere2":{"libelle":"","liste_critere":["ZONEGEO|E"]},"critere3":{"libelle":""},"critere4":{"libelle":""},"critere5":{"libelle":"","liste_critere":["P.113|1593|E"]},"critere6":{"libelle":"","liste_critere":["P.prestations|ANINOAD|E"]},"critere7":{"libelle":""},"critere8":{"libelle":""},"afficherpictoetpaslibelle":"1"},"BlocPaveInfo":{"texte1":{"pave":["1","19","14"],"longeurmax":"250","afficherLibelle":"0","garderHtml":"0"}},"PositionBloc":"GALLERIE|ZONEPRINCIPALFICHEPRESTA|NOM|CARNET_VOYAGE","TypePrestataire":"E","ComportementResa":false,"ComportementDispo":false},"AffichageCoordonnees":[],"Coordonnees":{"Ville":"La Foux d\u2019Allos"},"ContexteId":"PRESTATAIRE|E|4768141","ContexteIdHtml":"PRESTATAIRE-E-4768141","cleContexte":"E|4768141","Bloc":{"texte1":"Passeggiate in montagna con guida, tutto l'anno","texte3":"","critere1":{"libelle":"","contenu":[]},"critere2":{"libelle":"","contenu":{"ZONEGEO":{"libelle":"Citt\u00e0","contenu":{"1":"Val d\u2019Allos \u2013 La Foux","4":"Val d'Allos"},"codesValeurs":{"1":"ZONEGEO|FRPA04VAV1800|E","4":"ZONEGEO|FRPA04VAVALLO|E"},"criteres_datas":{"valeurs":{"1":{"FRPA04VAV1800":{"descriptif":""}},"4":{"FRPA04VAVALLO":{"descriptif":""}}}}}}},"critere3":{"libelle":"","contenu":[]},"critere4":{"libelle":"","contenu":[]},"critere5":{"libelle":"","contenu":{"P.113":{"libelle":"Nazionale","contenu":{"1":"\u003Cimg src=\"https:\/\/www.valdallos.com\/medias\/images\/picto\/P.113-1593-E.png\"  alt=\"Famille plus\" title=\"Famille plus\" \/\u003E"},"codesValeurs":{"1":"P.113|1593|E"},"criteres_datas":{"valeurs":{"1":{"1593":{"descriptif":""}}}}}}},"critere6":{"libelle":"","contenu":[]},"critere7":{"libelle":"","contenu":[]},"critere8":{"libelle":"","contenu":[]},"critere9":{"libelle":"","contenu":[]}},"LocalisationGps":{"Latitude":"44.288165","Longitude":"6.569906"},"libelleDuPrestataire":"","listeCriteres":{"PUBLICATION":{"VALDALLOS":""},"EADHER":{"EOFFIC":""},"EINFADH":{"EDEB":"","EFIN":""},"EAGE":{"8ANS12":"","PLU12":""},"EAGEE":{"E812AN":"","E12":""},"ZONEGEO":{"FRPA04VAV1800":"","FRPA04VAVALLO":""},"EACETE":{"ERNSOU":""},"EJARDI":{"ERAQUETTES":""},"EFAMILLEPLUS":{"EINTRO":"","EPLUS":""},"P.113":{"1593":"","4545":""},"P.4790":{"5063":""},"P.CINTSITRA":{"8809":"","5660":"","5663":"","5664":""},"P.prestations":{"ageMin":"8"},"P.114":{"418":"","416":"","435":"","436":"","439":""},"P.habilitationsPrestataires":{"3156":""},"P.modesPaiement":{"1277":"","1271":"","1268":"","1274":""},"P.languesParlees":{"1197":"","1200":""},"P.57":{"1832":"","2003":""},"P.61":{"1872":"","2028":""},"P.VilleSitra":{"37282":""},"P.3220":{"587401":"","5575332":""},"P.3221":{"4876304":""},"P.3218":{"311229":""},"P.3233":{"591419":""},"P.3219":{"5127066":"","5239406":""},"P.typesDetailles":{"4039":"","4041":""},"P.commerceEtServiceType":{"4015":""},"P.6241":{"126905":"","5740912":""},"P.3240":{"5778284":""},"P.VillageDeDepart":{"37282":""},"P.3230":{"6139211":""}},"dansCarnetVoyage":true,"Ouverture":""},"html":" \n \u003Cdiv id=\"CV-PRESTATAIRE-E-4768141\" data-contexte-id=\"PRESTATAIRE|E|4768141\" data-cle=\"E|4768141\" class=\"fiche-liste\"\u003E\n    \n\n    \u003C!-- partie photo --\u003E\n    \u003Cdiv class=\"photo\"\u003E\t\t\t\t\t\t\t\t\t\t\t\t\t\t\t\t\t\t\t\t\t\n        \u003Cdiv class=\"cadre_photo_principale\"\u003E\t\t\n        \n            \t\t\t\t\t\n                    \u003Ca href=\"christiane-ray-anezin-guida-la-foux-dallos.html?origine=carnet#media\"\u003E\n                        \u003Cimg class=\"photo_principale\" alt=\"2015_anezin_randonnee_faune_mercantour.jpg\" src=\"https:\/\/www.valdallos.com\/medias\/images\/prestataires\/multitailles\/320x240_135030-2015_anezin_randonnee_faune_mercantour.jpg\" itemprop=\"image\"\u003E\n                    \u003C\/a\u003E\t\t\t\t\t\t\n                \n                    \u003C\/div\u003E\t\t\t\t\t\t\t\t\t\t\t\t\t\t\t\t\t\t\t \t\t\n    \u003C\/div\u003E\n    \n    \u003C!-- partie nom prest --\u003E\n    \u003Cdiv class=\"nom\"\u003E\n        \u003Ch2\u003EChristiane Ray Anezin guida\u003C\/h2\u003E\n        \n            \u003C\/div\u003E\n\n         \n    \u003C!-- partie adresse --\u003E\n    \u003Cdiv class=\"adresse\"\u003E\n    \n          \n    \u003C\/div\u003E\n    \n    \u003C!-- partie liens --\u003E\n    \u003Cdiv class=\"liens\"\u003E\n            \u003Ca class=\"btn-icon btn-view \" title=\"Vedi il file dettagliato\" href=\"christiane-ray-anezin-guida-la-foux-dallos.html?origine=carnet\"\u003E\u003C\/a\u003E\u003C!--\u003Ca class=\"btn-icon btn-view \" title=\"\" href=\"?origine=carnet#thaut\"\u003E\u003C\/a\u003E--\u003E\n      \u003Ca class=\"btn-icon btn-trash carnet_voyage_supprimer\" title=\"Elimina questo file dal mio diario di viaggio\" href=\"carnet-voyage?action=remove&fiche=E|4768141\"\u003E\u003C\/a\u003E\n    \u003C\/div\u003E\n\n\u003C\/div\u003E\n\n","icon":"https:\/\/static.ingenie.fr\/images\/carnetVoyageV3\/E.png"},"fiche":"E|4768141","popup":"\u003Cdiv id=\"bloc_popup_ajout_fiche_carnet\"\u003E\n    \u003Cdiv class=\"info_popup_ajout_fiche_carnet\"\u003E\n        Hai appena aggiunto questo elemento alla tua selezione:    \u003C\/div\u003E\n    \u003Cdiv class=\"prest_popup_ajout_fiche_carnet\"\u003E\n        Christiane Ray Anezin guida    \u003C\/div\u003E\n    \u003Cdiv class=\"bloc_btn_ajout_fiche_carnet form_submit_div\"\u003E\n        \u003Cinput type=\"button\" value=\"Continua la mia selezione\" title=\"Continua la mia selezione\" name=\"btn_close\" class=\"btn_close_popup_carnet form_submit\" onclick=\"$.colorbox.close()\" \/\u003E\n        \u003Cinput type=\"button\" value=\"Visualizza la mia selezione\" title=\"Visualizza la mia selezione\" name=\"btn_panier\" class=\"btn_panier_popup_carnet form_submit\" onclick=\"if(typeof CarnetVoyage != 'undefined') {CarnetVoyage.voirCarnet();}\" \/\u003E\n    \u003C\/div\u003E\n    \u003Cdiv class=\"bloc_btn_ajout_fiche_carnet\"\u003E\n        \u003Cinput type=\"checkbox\" value=\"1\" name=\"desactiver_popup\" id=\"desactiver_popup\" \/\u003E\n        \u003Clabel for=\"desactiver_popup\"\u003ENon visualizzare pi\u00f9 questo messaggio\u003C\/label\u003E\n    \u003C\/div\u003E\n\u003C\/div\u003E","success":1}