{"nbFiches":1,"dataPrest":{"infoPrest":{"pave1":{"libelle":"Descriptif","contenu":"Strutture per scoprire nuove sensazioni discesa in mountain bike: corso divertente, itinerari con diversi nivelli. Northshore, sentieri segnalati in discesa accessibili dalla seggiovie."},"pave2":{"libelle":"Tarifs Hiver","contenu":""},"pave3":{"libelle":"Tarifs Et\u00e9","contenu":""},"pave4":{"libelle":"URL de la r\u00e9servation ou vente en ligne","contenu":""},"pave5":{"libelle":"Descriptif court (old)","contenu":""},"pave6":{"libelle":"Descriptif d\u00e9taill\u00e9","contenu":""},"pave7":{"libelle":"Bons plans","contenu":""},"pave8":{"libelle":"Compl\u00e9ment localisation","contenu":""},"pave9":{"libelle":"Compl\u00e9ment accueil","contenu":""},"pave10":{"libelle":"P\u00e9riodes en clair","contenu":"Dal 13\/06 al 28\/06\/2026 fine settimana dalle 10 alle 17.\u003Cbr \/\u003E\n\u003Cbr \/\u003E\nDal 04\/07 al 30\/08\/2026 ogni giorno dalle 10 alle 17.\u003Cbr \/\u003E\n\u003Cbr \/\u003E\nDal 05\/09 al 13\/09\/2026 fine settimana dalle 10 alle 17.\u003Cbr \/\u003E\n\u003Cbr \/\u003E\nCon riserva di condizioni atmosferiche favorevoli."},"pave11":{"libelle":"Tarifs en clair","contenu":"Gratuito per i bambini di et\u00e0 inferiore a 5 anni."},"pave12":{"libelle":"Compl\u00e9ment Tarifs","contenu":""},"pave13":{"libelle":"Compl\u00e9ment R\u00e9servation","contenu":""},"pave14":{"libelle":"Descriptif court","contenu":""},"pave15":{"libelle":"Descriptif d\u00e9taill\u00e9","contenu":""},"pave16":{"libelle":"Bons plans","contenu":""},"pave17":{"libelle":"Tarifs (Tarifs en clair, Compl\u00e9ment Tarifs)","contenu":""},"pave18":{"libelle":"P\u00e9riodes en clair","contenu":""},"pave19":{"libelle":"Descriptif court","contenu":""},"pave20":{"libelle":"Descriptif d\u00e9taill\u00e9","contenu":""},"pave21":{"libelle":"Bons plans","contenu":""},"pave22":{"libelle":"Tarifs (Tarifs en clair, Compl\u00e9ment Tarifs)","contenu":""},"pave23":{"libelle":"P\u00e9riodes en clair","contenu":""},"pave24":{"libelle":"Dispositions sp\u00e9ciales","contenu":""},"pave25":{"libelle":"","contenu":""},"ContactsParType":{"RES":{"117783":{"id_contact":"117783","type_contact":"RES","categorie_contact":"PRESTATAIRE","societe_contact":"","fonction_contact":"","civilite_nom_prenom_contact":"Acheter mon forfait ","adresse1_contact":"","adresse2_contact":"","adresse3_contact":"","cpostal_contact":"","ville_contact":"","teldom_contact":"","telbur_contact":"","fax_contact":"","portable_contact":"","email_contact":"","siteweb_contact":"https:\/\/www.seignus-allos.fr\/fr\/","commentaire_contact":"","langue_contact":"","autre_moyen_com":[]}}},"ZoneGeoLibelle":"Val d\u2019Allos \u2013 Le Seignus","Libelle":"Bike Park","Nom":"Bike Park","Prenom":"","NomPrenom":"Bike Park ","CiviliteNomPrenom":"Bike Park ","Cle":"E|4927931","PrestataireParent":"E|RMHIVER","ContexteStat":"PRESTATAIRE-E-4927931","DateModificationIso":"2026-03-25T00:07:00+01:00","Type":"PRESTATAIRE","TypePrestataire":"E","Adresse":{"LigneAdresse1":"Val d'Allos - le Seignus","LigneAdresse2":"","LigneAdresse3":"","CodePostal":"04260","Ville":"Le Seignus","Cedex":"","Etat":"","Pays":"FRA"},"Email":"","Telephone":"04 92 83 02 81","TelephoneBureau":"","Portable":"","SiteWeb":"https:\/\/www.valdallos.com","Fax":"","Id":"e-4927931","Code":"E|4927931","Fichier":{"Image":[{"url":"https:\/\/www.valdallos.com\/medias\/images\/prestataires\/138096-cartebikepark2025_a3_copie.jpg","chemin":"..\/medias\/images\/prestataires\/138096-cartebikepark2025_a3_copie.jpg","libelle":"Bike Park_Le Seignus","extension":"jpg","categorie":"","largeur":1654,"theme":"","hauteur":1169,"type":"Image","origine":"","liaisonPave":"","langue":"","id":"138096","urlVignette":"https:\/\/www.valdallos.com\/medias\/images\/prestataires\/v-138096-cartebikepark2025_a3_copie.jpg","alt":"Bike Park_Le Seignus","title":"Bike Park_Le Seignus - &copy office de tourisme\/atelier Novat","MultiTaille":{"1920x1440":{"url":"https:\/\/www.valdallos.com\/medias\/images\/prestataires\/multitailles\/1920x1440_138096-cartebikepark2025_a3_copie.jpg"},"1200x900":{"url":"https:\/\/www.valdallos.com\/medias\/images\/prestataires\/multitailles\/1200x900_138096-cartebikepark2025_a3_copie.jpg"},"800x600":{"url":"https:\/\/www.valdallos.com\/medias\/images\/prestataires\/multitailles\/800x600_138096-cartebikepark2025_a3_copie.jpg"},"640x480":{"url":"https:\/\/www.valdallos.com\/medias\/images\/prestataires\/multitailles\/640x480_138096-cartebikepark2025_a3_copie.jpg"},"320x240":{"url":"https:\/\/www.valdallos.com\/medias\/images\/prestataires\/multitailles\/320x240_138096-cartebikepark2025_a3_copie.jpg"},"160x120":{"url":"https:\/\/www.valdallos.com\/medias\/images\/prestataires\/multitailles\/160x120_138096-cartebikepark2025_a3_copie.jpg"},"origine":{"url":"https:\/\/www.valdallos.com\/medias\/images\/prestataires\/138096-cartebikepark2025_a3_copie.jpg"}},"urlLien":"","typeLien":"","nofollow":"N","copyright":"office de tourisme\/atelier Novat"},{"url":"https:\/\/www.valdallos.com\/medias\/images\/prestataires\/138097-bike_park_1.jpg","chemin":"..\/medias\/images\/prestataires\/138097-bike_park_1.jpg","libelle":"Bike Park_Le Seignus","extension":"jpg","categorie":"","largeur":1200,"theme":"","hauteur":800,"type":"Image","origine":"","liaisonPave":"","langue":"","id":"138097","urlVignette":"https:\/\/www.valdallos.com\/medias\/images\/prestataires\/v-138097-bike_park_1.jpg","alt":"Bike Park_Le Seignus","title":"Bike Park_Le Seignus - &copy R Palomba office de tourisme du Val d'Allos","MultiTaille":{"1920x1440":{"url":"https:\/\/www.valdallos.com\/medias\/images\/prestataires\/multitailles\/1920x1440_138097-bike_park_1.jpg"},"1200x900":{"url":"https:\/\/www.valdallos.com\/medias\/images\/prestataires\/multitailles\/1200x900_138097-bike_park_1.jpg"},"800x600":{"url":"https:\/\/www.valdallos.com\/medias\/images\/prestataires\/multitailles\/800x600_138097-bike_park_1.jpg"},"640x480":{"url":"https:\/\/www.valdallos.com\/medias\/images\/prestataires\/multitailles\/640x480_138097-bike_park_1.jpg"},"320x240":{"url":"https:\/\/www.valdallos.com\/medias\/images\/prestataires\/multitailles\/320x240_138097-bike_park_1.jpg"},"160x120":{"url":"https:\/\/www.valdallos.com\/medias\/images\/prestataires\/multitailles\/160x120_138097-bike_park_1.jpg"},"origine":{"url":"https:\/\/www.valdallos.com\/medias\/images\/prestataires\/138097-bike_park_1.jpg"}},"urlLien":"","typeLien":"","nofollow":"N","copyright":"R Palomba office de tourisme du Val d'Allos"},{"url":"https:\/\/www.valdallos.com\/medias\/images\/prestataires\/138098-bike_park_2.jpg","chemin":"..\/medias\/images\/prestataires\/138098-bike_park_2.jpg","libelle":"Bike Park_Le Seignus","extension":"jpg","categorie":"","largeur":1200,"theme":"","hauteur":800,"type":"Image","origine":"","liaisonPave":"","langue":"","id":"138098","urlVignette":"https:\/\/www.valdallos.com\/medias\/images\/prestataires\/v-138098-bike_park_2.jpg","alt":"Bike Park_Le Seignus","title":"Bike Park_Le Seignus - &copy R Palomba office de tourisme du Val d'Allos","MultiTaille":{"1920x1440":{"url":"https:\/\/www.valdallos.com\/medias\/images\/prestataires\/multitailles\/1920x1440_138098-bike_park_2.jpg"},"1200x900":{"url":"https:\/\/www.valdallos.com\/medias\/images\/prestataires\/multitailles\/1200x900_138098-bike_park_2.jpg"},"800x600":{"url":"https:\/\/www.valdallos.com\/medias\/images\/prestataires\/multitailles\/800x600_138098-bike_park_2.jpg"},"640x480":{"url":"https:\/\/www.valdallos.com\/medias\/images\/prestataires\/multitailles\/640x480_138098-bike_park_2.jpg"},"320x240":{"url":"https:\/\/www.valdallos.com\/medias\/images\/prestataires\/multitailles\/320x240_138098-bike_park_2.jpg"},"160x120":{"url":"https:\/\/www.valdallos.com\/medias\/images\/prestataires\/multitailles\/160x120_138098-bike_park_2.jpg"},"origine":{"url":"https:\/\/www.valdallos.com\/medias\/images\/prestataires\/138098-bike_park_2.jpg"}},"urlLien":"","typeLien":"","nofollow":"N","copyright":"R Palomba office de tourisme du Val d'Allos"}],"ByCategorie":{"":[{"url":"https:\/\/www.valdallos.com\/medias\/images\/prestataires\/138096-cartebikepark2025_a3_copie.jpg","chemin":"..\/medias\/images\/prestataires\/138096-cartebikepark2025_a3_copie.jpg","libelle":"Bike Park_Le Seignus","extension":"jpg","categorie":"","largeur":1654,"theme":"","hauteur":1169,"type":"Image","origine":"","liaisonPave":"","langue":"","id":"138096","urlVignette":"https:\/\/www.valdallos.com\/medias\/images\/prestataires\/v-138096-cartebikepark2025_a3_copie.jpg","alt":"Bike Park_Le Seignus","title":"Bike Park_Le Seignus - &copy office de tourisme\/atelier Novat","MultiTaille":{"1920x1440":{"url":"https:\/\/www.valdallos.com\/medias\/images\/prestataires\/multitailles\/1920x1440_138096-cartebikepark2025_a3_copie.jpg"},"1200x900":{"url":"https:\/\/www.valdallos.com\/medias\/images\/prestataires\/multitailles\/1200x900_138096-cartebikepark2025_a3_copie.jpg"},"800x600":{"url":"https:\/\/www.valdallos.com\/medias\/images\/prestataires\/multitailles\/800x600_138096-cartebikepark2025_a3_copie.jpg"},"640x480":{"url":"https:\/\/www.valdallos.com\/medias\/images\/prestataires\/multitailles\/640x480_138096-cartebikepark2025_a3_copie.jpg"},"320x240":{"url":"https:\/\/www.valdallos.com\/medias\/images\/prestataires\/multitailles\/320x240_138096-cartebikepark2025_a3_copie.jpg"},"160x120":{"url":"https:\/\/www.valdallos.com\/medias\/images\/prestataires\/multitailles\/160x120_138096-cartebikepark2025_a3_copie.jpg"},"origine":{"url":"https:\/\/www.valdallos.com\/medias\/images\/prestataires\/138096-cartebikepark2025_a3_copie.jpg"}},"urlLien":"","typeLien":"","nofollow":"N","copyright":"office de tourisme\/atelier Novat"},{"url":"https:\/\/www.calameo.com\/read\/000087338097d5926d716","chemin":"..\/medias\/images\/prestataires\/https:\/\/www.calameo.com\/read\/000087338097d5926d716","libelle":"Plan du bike park","extension":"com\/read\/000087338097d5926d716","categorie":"","largeur":"","theme":"","hauteur":"","type":"Document","origine":"EXTERNE","liaisonPave":"","langue":"","id":"138099","alt":"Plan du bike park","title":"Plan du bike park"},{"url":"https:\/\/www.valdallos.com\/medias\/images\/prestataires\/138097-bike_park_1.jpg","chemin":"..\/medias\/images\/prestataires\/138097-bike_park_1.jpg","libelle":"Bike Park_Le Seignus","extension":"jpg","categorie":"","largeur":1200,"theme":"","hauteur":800,"type":"Image","origine":"","liaisonPave":"","langue":"","id":"138097","urlVignette":"https:\/\/www.valdallos.com\/medias\/images\/prestataires\/v-138097-bike_park_1.jpg","alt":"Bike Park_Le Seignus","title":"Bike Park_Le Seignus - &copy R Palomba office de tourisme du Val d'Allos","MultiTaille":{"1920x1440":{"url":"https:\/\/www.valdallos.com\/medias\/images\/prestataires\/multitailles\/1920x1440_138097-bike_park_1.jpg"},"1200x900":{"url":"https:\/\/www.valdallos.com\/medias\/images\/prestataires\/multitailles\/1200x900_138097-bike_park_1.jpg"},"800x600":{"url":"https:\/\/www.valdallos.com\/medias\/images\/prestataires\/multitailles\/800x600_138097-bike_park_1.jpg"},"640x480":{"url":"https:\/\/www.valdallos.com\/medias\/images\/prestataires\/multitailles\/640x480_138097-bike_park_1.jpg"},"320x240":{"url":"https:\/\/www.valdallos.com\/medias\/images\/prestataires\/multitailles\/320x240_138097-bike_park_1.jpg"},"160x120":{"url":"https:\/\/www.valdallos.com\/medias\/images\/prestataires\/multitailles\/160x120_138097-bike_park_1.jpg"},"origine":{"url":"https:\/\/www.valdallos.com\/medias\/images\/prestataires\/138097-bike_park_1.jpg"}},"urlLien":"","typeLien":"","nofollow":"N","copyright":"R Palomba office de tourisme du Val d'Allos"},{"url":"https:\/\/www.valdallos.com\/medias\/images\/prestataires\/138098-bike_park_2.jpg","chemin":"..\/medias\/images\/prestataires\/138098-bike_park_2.jpg","libelle":"Bike Park_Le Seignus","extension":"jpg","categorie":"","largeur":1200,"theme":"","hauteur":800,"type":"Image","origine":"","liaisonPave":"","langue":"","id":"138098","urlVignette":"https:\/\/www.valdallos.com\/medias\/images\/prestataires\/v-138098-bike_park_2.jpg","alt":"Bike Park_Le Seignus","title":"Bike Park_Le Seignus - &copy R Palomba office de tourisme du Val d'Allos","MultiTaille":{"1920x1440":{"url":"https:\/\/www.valdallos.com\/medias\/images\/prestataires\/multitailles\/1920x1440_138098-bike_park_2.jpg"},"1200x900":{"url":"https:\/\/www.valdallos.com\/medias\/images\/prestataires\/multitailles\/1200x900_138098-bike_park_2.jpg"},"800x600":{"url":"https:\/\/www.valdallos.com\/medias\/images\/prestataires\/multitailles\/800x600_138098-bike_park_2.jpg"},"640x480":{"url":"https:\/\/www.valdallos.com\/medias\/images\/prestataires\/multitailles\/640x480_138098-bike_park_2.jpg"},"320x240":{"url":"https:\/\/www.valdallos.com\/medias\/images\/prestataires\/multitailles\/320x240_138098-bike_park_2.jpg"},"160x120":{"url":"https:\/\/www.valdallos.com\/medias\/images\/prestataires\/multitailles\/160x120_138098-bike_park_2.jpg"},"origine":{"url":"https:\/\/www.valdallos.com\/medias\/images\/prestataires\/138098-bike_park_2.jpg"}},"urlLien":"","typeLien":"","nofollow":"N","copyright":"R Palomba office de tourisme du Val d'Allos"}]},"Document":[{"url":"https:\/\/www.calameo.com\/read\/000087338097d5926d716","chemin":"..\/medias\/images\/prestataires\/https:\/\/www.calameo.com\/read\/000087338097d5926d716","libelle":"Plan du bike park","extension":"com\/read\/000087338097d5926d716","categorie":"","largeur":"","theme":"","hauteur":"","type":"Document","origine":"EXTERNE","liaisonPave":"","langue":"","id":"138099","alt":"Plan du bike park","title":"Plan du bike park"}]},"Url":"bike-park-le-seignus.html","Localisation":{"GoogleMap":{"Latitude":"44.230498","Longitude":"6.610451"}},"ZoneGeo":"","LiensEtWidgetsParType":{"R":[{"Id":"16348","TypePrestataire":"E","CodePrestataire":"4927931","CodePrestation":"","CodeLibelle":"URL00002345","Type":"R","Url":"https:\/\/www.seignus-allos.fr\/fr\/","Defaut":"N","Langue":"","Nature":"URL","Import":"SITRA2","LibelleText":"Acheter mon forfait","Theme":""}]},"LiensEtWidgets":[{"Id":"16348","TypePrestataire":"E","CodePrestataire":"4927931","CodePrestation":"","CodeLibelle":"URL00002345","Type":"R","Url":"https:\/\/www.seignus-allos.fr\/fr\/","Defaut":"N","Langue":"","Nature":"URL","Import":"SITRA2","LibelleText":"Acheter mon forfait","Theme":""}],"Criteres":{"PUBLICATION[VALDALLOS":"","PUBLICATION[SITEVTTMONTAGNE":"","EADHER[EGRAT":"","CIDUREEVTT[VTT2MO":"","CIDUREEVTT[VTTE":"","ZONEGEO[FRPA04VAV1500":"","EACETE[EVTT":"","P.113[1582":"","P.113[1593":"","P.typologiesPromoSitra[1676":"","P.prestations[surchargeTourismesAdaptes":"","P.prestations[surchargeDescriptifHandicapMoteur":"","P.prestations[surchargeDescriptifHandicapAuditif":"","P.prestations[surchargeDescriptifHandicapVisuel":"","P.prestations[surchargeDescriptifHandicapMental":"","P.prestations[surchargeNombreFauteuilsRoulants":"","P.languesParlees[1192":"","P.languesParlees[1197":"","P.114[418":"","P.114[436":"","P.ouverturesComplementaires[4188":"","P.modesPaiement[1268":"","P.modesPaiement[1274":"","P.modesPaiement[1277":"","P.classification[4221":"","P.CINTSITRA[5662":"","P.CINTSITRA[5663":"","P.CINTSITRA[8809":"","P.CINTSITRA[19004":"","P.6241[126905":"","P.6241[5740912":"","P.3218[311229":"","P.3220[587401":"","P.3220[5575332":"","P.3233[591419":"","P.3221[4876304":"","P.3219[5127066":"","P.3219[5239406":"","P.3240[5778284":"","P.3230[6139211":"","P.VilleSitra[37281":"","P.VillageDeDepart[37281":""},"DateFinPublication":"","PrixAPartirDe":"","PrixPour":"","FicheListeEnCours":"fiche_liste_activites_loisirs_enfants_OT_v3","ParametresModele":{"AfficherPhotos":1,"NbPhotosMax":6,"AfficherReserver":0,"AfficherContact":0,"AfficherSalle":1,"AfficherZoneGeo":0,"AfficherEnSavoirPlus":"0","AfficherUneSeuleOuverture":0,"AfficherContactCarte":1,"AfficherTarifsChaudAPartirDe":0,"AfficherTarifChaudSansRecherche":0,"BlocCritereInfo":{"critere1":{"libelle":""},"critere2":{"libelle":"","liste_critere":["ZONEGEO|E"]},"critere3":{"libelle":""},"critere4":{"libelle":""},"critere5":{"libelle":"","liste_critere":["P.113|1593|E"]},"critere6":{"libelle":"","liste_critere":["P.prestations|ANINOAD|E"]},"critere7":{"libelle":""},"critere8":{"libelle":""},"afficherpictoetpaslibelle":"1"},"BlocPaveInfo":{"texte1":{"pave":["1","19","14"],"longeurmax":"250","afficherLibelle":"0","garderHtml":"0"}},"PositionBloc":"GALLERIE|ZONEPRINCIPALFICHEPRESTA|NOM|CARNET_VOYAGE","TypePrestataire":"E","ComportementResa":false,"ComportementDispo":false},"AffichageCoordonnees":[],"Coordonnees":{"Ville":"Le Seignus"},"ContexteId":"PRESTATAIRE|E|4927931","ContexteIdHtml":"PRESTATAIRE-E-4927931","cleContexte":"E|4927931","Bloc":{"texte1":"Strutture per scoprire nuove sensazioni discesa in mountain bike: corso divertente, itinerari con diversi nivelli. Northshore, sentieri segnalati in discesa accessibili dalla seggiovie.","texte3":"","critere1":{"libelle":"","contenu":[]},"critere2":{"libelle":"","contenu":{"ZONEGEO":{"libelle":"Citt\u00e0","contenu":{"2":"Val d\u2019Allos \u2013 Le Seignus"},"codesValeurs":{"2":"ZONEGEO|FRPA04VAV1500|E"},"criteres_datas":{"valeurs":{"2":{"FRPA04VAV1500":{"descriptif":""}}}}}}},"critere3":{"libelle":"","contenu":[]},"critere4":{"libelle":"","contenu":[]},"critere5":{"libelle":"","contenu":{"P.113":{"libelle":"Nazionale","contenu":{"1":"\u003Cimg src=\"https:\/\/www.valdallos.com\/medias\/images\/picto\/P.113-1593-E.png\"  alt=\"Famille plus\" title=\"Famille plus\" \/\u003E"},"codesValeurs":{"1":"P.113|1593|E"},"criteres_datas":{"valeurs":{"1":{"1593":{"descriptif":""}}}}}}},"critere6":{"libelle":"","contenu":[]},"critere7":{"libelle":"","contenu":[]},"critere8":{"libelle":"","contenu":[]},"critere9":{"libelle":"","contenu":[]}},"LocalisationGps":{"Latitude":"44.230498","Longitude":"6.610451"},"libelleDuPrestataire":"","listeCriteres":{"PUBLICATION":{"VALDALLOS":"","SITEVTTMONTAGNE":""},"EADHER":{"EGRAT":""},"CIDUREEVTT":{"VTT2MO":"","VTTE":""},"ZONEGEO":{"FRPA04VAV1500":""},"EACETE":{"EVTT":""},"P.113":{"1582":"","1593":""},"P.typologiesPromoSitra":{"1676":""},"P.prestations":{"surchargeTourismesAdaptes":"","surchargeDescriptifHandicapMoteur":"","surchargeDescriptifHandicapAuditif":"","surchargeDescriptifHandicapVisuel":"","surchargeDescriptifHandicapMental":"","surchargeNombreFauteuilsRoulants":""},"P.languesParlees":{"1192":"","1197":""},"P.114":{"418":"","436":""},"P.ouverturesComplementaires":{"4188":""},"P.modesPaiement":{"1268":"","1274":"","1277":""},"P.classification":{"4221":""},"P.CINTSITRA":{"5662":"","5663":"","8809":"","19004":""},"P.6241":{"126905":"","5740912":""},"P.3218":{"311229":""},"P.3220":{"587401":"","5575332":""},"P.3233":{"591419":""},"P.3221":{"4876304":""},"P.3219":{"5127066":"","5239406":""},"P.3240":{"5778284":""},"P.3230":{"6139211":""},"P.VilleSitra":{"37281":""},"P.VillageDeDepart":{"37281":""}},"dansCarnetVoyage":true,"Ouverture":""},"html":" \n \u003Cdiv id=\"CV-PRESTATAIRE-E-4927931\" data-contexte-id=\"PRESTATAIRE|E|4927931\" data-cle=\"E|4927931\" class=\"fiche-liste\"\u003E\n    \n\n    \u003C!-- partie photo --\u003E\n    \u003Cdiv class=\"photo\"\u003E\t\t\t\t\t\t\t\t\t\t\t\t\t\t\t\t\t\t\t\t\t\n        \u003Cdiv class=\"cadre_photo_principale\"\u003E\t\t\n        \n            \t\t\t\t\t\n                    \u003Ca href=\"bike-park-le-seignus.html?origine=carnet#media\"\u003E\n                        \u003Cimg class=\"photo_principale\" alt=\"Bike Park_Le Seignus\" src=\"https:\/\/www.valdallos.com\/medias\/images\/prestataires\/multitailles\/320x240_138096-cartebikepark2025_a3_copie.jpg\" itemprop=\"image\"\u003E\n                    \u003C\/a\u003E\t\t\t\t\t\t\n                \n                    \u003C\/div\u003E\t\t\t\t\t\t\t\t\t\t\t\t\t\t\t\t\t\t\t \t\t\n    \u003C\/div\u003E\n    \n    \u003C!-- partie nom prest --\u003E\n    \u003Cdiv class=\"nom\"\u003E\n        \u003Ch2\u003EBike Park\u003C\/h2\u003E\n        \n            \u003C\/div\u003E\n\n         \n    \u003C!-- partie adresse --\u003E\n    \u003Cdiv class=\"adresse\"\u003E\n    \n          \n    \u003C\/div\u003E\n    \n    \u003C!-- partie liens --\u003E\n    \u003Cdiv class=\"liens\"\u003E\n            \u003Ca class=\"btn-icon btn-view \" title=\"Vedi il file dettagliato\" href=\"bike-park-le-seignus.html?origine=carnet\"\u003E\u003C\/a\u003E\u003C!--\u003Ca class=\"btn-icon btn-view \" title=\"\" href=\"?origine=carnet#thaut\"\u003E\u003C\/a\u003E--\u003E\n      \u003Ca class=\"btn-icon btn-trash carnet_voyage_supprimer\" title=\"Elimina questo file dal mio diario di viaggio\" href=\"carnet-voyage?action=remove&fiche=E|4927931\"\u003E\u003C\/a\u003E\n    \u003C\/div\u003E\n\n\u003C\/div\u003E\n\n","icon":"https:\/\/static.ingenie.fr\/images\/carnetVoyageV3\/E.png"},"fiche":"E|4927931","popup":"\u003Cdiv id=\"bloc_popup_ajout_fiche_carnet\"\u003E\n    \u003Cdiv class=\"info_popup_ajout_fiche_carnet\"\u003E\n        Hai appena aggiunto questo elemento alla tua selezione:    \u003C\/div\u003E\n    \u003Cdiv class=\"prest_popup_ajout_fiche_carnet\"\u003E\n        Bike Park    \u003C\/div\u003E\n    \u003Cdiv class=\"bloc_btn_ajout_fiche_carnet form_submit_div\"\u003E\n        \u003Cinput type=\"button\" value=\"Continua la mia selezione\" title=\"Continua la mia selezione\" name=\"btn_close\" class=\"btn_close_popup_carnet form_submit\" onclick=\"$.colorbox.close()\" \/\u003E\n        \u003Cinput type=\"button\" value=\"Visualizza la mia selezione\" title=\"Visualizza la mia selezione\" name=\"btn_panier\" class=\"btn_panier_popup_carnet form_submit\" onclick=\"if(typeof CarnetVoyage != 'undefined') {CarnetVoyage.voirCarnet();}\" \/\u003E\n    \u003C\/div\u003E\n    \u003Cdiv class=\"bloc_btn_ajout_fiche_carnet\"\u003E\n        \u003Cinput type=\"checkbox\" value=\"1\" name=\"desactiver_popup\" id=\"desactiver_popup\" \/\u003E\n        \u003Clabel for=\"desactiver_popup\"\u003ENon visualizzare pi\u00f9 questo messaggio\u003C\/label\u003E\n    \u003C\/div\u003E\n\u003C\/div\u003E","success":1}