{"nbFiches":1,"dataPrest":{"infoPrest":{"pave1":{"libelle":"Descriptif","contenu":""},"pave2":{"libelle":"Tarifs Hiver","contenu":""},"pave3":{"libelle":"Tarifs Et\u00e9","contenu":""},"pave4":{"libelle":"URL de la r\u00e9servation ou vente en ligne","contenu":""},"pave5":{"libelle":"Descriptif court (old)","contenu":"Un itinerario selvaggio che vi porter\u00e0 fino al centro stazione Val d'Allos - Le Seignus con paesaggi mervigliosi"},"pave6":{"libelle":"Descriptif d\u00e9taill\u00e9","contenu":"Alla partenza di Val d'Allos - La Foux, al livello della seggiovia del Ponte di Labrau, chiederete un percorso forestale selvaggio, che vi far\u00e0 passare dalla capanna del selette, di rougnouse, per arrivare poi del lato di Valdemars nei boschi del Seignus."},"pave7":{"libelle":"Bons plans","contenu":""},"pave8":{"libelle":"Compl\u00e9ment localisation","contenu":""},"pave9":{"libelle":"Compl\u00e9ment accueil","contenu":""},"pave10":{"libelle":"P\u00e9riodes en clair","contenu":"Dal 20\/05 al 31\/10 ogni giorno."},"pave11":{"libelle":"Tarifs en clair","contenu":"Gratuito."},"pave12":{"libelle":"Compl\u00e9ment Tarifs","contenu":""},"pave13":{"libelle":"Compl\u00e9ment R\u00e9servation","contenu":""},"pave14":{"libelle":"Descriptif court","contenu":""},"pave15":{"libelle":"Descriptif d\u00e9taill\u00e9","contenu":""},"pave16":{"libelle":"Bons plans","contenu":""},"pave17":{"libelle":"Tarifs (Tarifs en clair, Compl\u00e9ment Tarifs)","contenu":""},"pave18":{"libelle":"P\u00e9riodes en clair","contenu":""},"pave19":{"libelle":"Descriptif court","contenu":""},"pave20":{"libelle":"Descriptif d\u00e9taill\u00e9","contenu":""},"pave21":{"libelle":"Bons plans","contenu":""},"pave22":{"libelle":"Tarifs (Tarifs en clair, Compl\u00e9ment Tarifs)","contenu":""},"pave23":{"libelle":"P\u00e9riodes en clair","contenu":""},"pave24":{"libelle":"Dispositions sp\u00e9ciales","contenu":""},"pave25":{"libelle":"","contenu":""},"Libelle":"collegamento Val d'Allos - La Foux Val d'Allos - Le Seignus","Nom":"Liaison Val d'Allos - La Foux Val d'Allos - Le Seignus","Prenom":"","NomPrenom":"Liaison Val d'Allos - La Foux Val d'Allos - Le Seignus ","CiviliteNomPrenom":"Liaison Val d'Allos - La Foux Val d'Allos - Le Seignus ","Cle":"E|4986399","PrestataireParent":"","ContexteStat":"PRESTATAIRE-E-4986399","DateModificationIso":"2026-03-19T00:17:00+01:00","Type":"PRESTATAIRE","TypePrestataire":"E","Adresse":{"LigneAdresse1":"place de la coop\u00e9rative","LigneAdresse2":"Val d'Allos -la Foux","LigneAdresse3":"","CodePostal":"04260","Ville":"La Foux d\u2019Allos","Cedex":"","Etat":"","Pays":"FRA"},"Email":"","Telephone":"","TelephoneBureau":"","Portable":"","SiteWeb":"https:\/\/www.valdallos.com","Fax":"","Id":"e-4986399","Code":"E|4986399","Fichier":{"Image":[{"url":"https:\/\/www.valdallos.com\/medias\/images\/prestataires\/137739-lafouxleseignus3.jpg","chemin":"..\/medias\/images\/prestataires\/137739-lafouxleseignus3.jpg","libelle":"Vall\u00e9e de montagne bois\u00e9e, conif\u00e8res","extension":"jpg","categorie":"","largeur":800,"theme":"","hauteur":533,"type":"Image","origine":"","liaisonPave":"","langue":"","id":"137739","urlVignette":"https:\/\/www.valdallos.com\/medias\/images\/prestataires\/v-137739-lafouxleseignus3.jpg","alt":"Vall\u00e9e de montagne bois\u00e9e, conif\u00e8res","title":"Vall\u00e9e de montagne bois\u00e9e, conif\u00e8res","MultiTaille":{"1920x1440":{"url":"https:\/\/www.valdallos.com\/medias\/images\/prestataires\/multitailles\/1920x1440_137739-lafouxleseignus3.jpg"},"1200x900":{"url":"https:\/\/www.valdallos.com\/medias\/images\/prestataires\/multitailles\/1200x900_137739-lafouxleseignus3.jpg"},"800x600":{"url":"https:\/\/www.valdallos.com\/medias\/images\/prestataires\/multitailles\/800x600_137739-lafouxleseignus3.jpg"},"640x480":{"url":"https:\/\/www.valdallos.com\/medias\/images\/prestataires\/multitailles\/640x480_137739-lafouxleseignus3.jpg"},"320x240":{"url":"https:\/\/www.valdallos.com\/medias\/images\/prestataires\/multitailles\/320x240_137739-lafouxleseignus3.jpg"},"160x120":{"url":"https:\/\/www.valdallos.com\/medias\/images\/prestataires\/multitailles\/160x120_137739-lafouxleseignus3.jpg"},"origine":{"url":"https:\/\/www.valdallos.com\/medias\/images\/prestataires\/137739-lafouxleseignus3.jpg"}},"urlLien":"","typeLien":"","nofollow":"N","copyright":"office de tourisme du Val d'Allos"},{"url":"https:\/\/www.valdallos.com\/medias\/images\/prestataires\/137740-lafouxleseignus2.jpg","chemin":"..\/medias\/images\/prestataires\/137740-lafouxleseignus2.jpg","libelle":"Plan d'eau au milieu d'une for\u00eat de conif\u00e8res","extension":"jpg","categorie":"","largeur":800,"theme":"","hauteur":533,"type":"Image","origine":"","liaisonPave":"","langue":"","id":"137740","urlVignette":"https:\/\/www.valdallos.com\/medias\/images\/prestataires\/v-137740-lafouxleseignus2.jpg","alt":"Plan d'eau au milieu d'une for\u00eat de conif\u00e8res","title":"Plan d'eau au milieu d'une for\u00eat de conif\u00e8res","MultiTaille":{"1920x1440":{"url":"https:\/\/www.valdallos.com\/medias\/images\/prestataires\/multitailles\/1920x1440_137740-lafouxleseignus2.jpg"},"1200x900":{"url":"https:\/\/www.valdallos.com\/medias\/images\/prestataires\/multitailles\/1200x900_137740-lafouxleseignus2.jpg"},"800x600":{"url":"https:\/\/www.valdallos.com\/medias\/images\/prestataires\/multitailles\/800x600_137740-lafouxleseignus2.jpg"},"640x480":{"url":"https:\/\/www.valdallos.com\/medias\/images\/prestataires\/multitailles\/640x480_137740-lafouxleseignus2.jpg"},"320x240":{"url":"https:\/\/www.valdallos.com\/medias\/images\/prestataires\/multitailles\/320x240_137740-lafouxleseignus2.jpg"},"160x120":{"url":"https:\/\/www.valdallos.com\/medias\/images\/prestataires\/multitailles\/160x120_137740-lafouxleseignus2.jpg"},"origine":{"url":"https:\/\/www.valdallos.com\/medias\/images\/prestataires\/137740-lafouxleseignus2.jpg"}},"urlLien":"","typeLien":"","nofollow":"N","copyright":"office de tourisme du Val d'Allos"},{"url":"https:\/\/www.valdallos.com\/medias\/images\/prestataires\/137741-lafouxleseignus.jpg","chemin":"..\/medias\/images\/prestataires\/137741-lafouxleseignus.jpg","libelle":"Montagne avec for\u00eat de conif\u00e8res \u00e0 sa base","extension":"jpg","categorie":"","largeur":800,"theme":"","hauteur":533,"type":"Image","origine":"","liaisonPave":"","langue":"","id":"137741","urlVignette":"https:\/\/www.valdallos.com\/medias\/images\/prestataires\/v-137741-lafouxleseignus.jpg","alt":"Montagne avec for\u00eat de conif\u00e8res \u00e0 sa base","title":"Montagne avec for\u00eat de conif\u00e8res \u00e0 sa base","MultiTaille":{"1920x1440":{"url":"https:\/\/www.valdallos.com\/medias\/images\/prestataires\/multitailles\/1920x1440_137741-lafouxleseignus.jpg"},"1200x900":{"url":"https:\/\/www.valdallos.com\/medias\/images\/prestataires\/multitailles\/1200x900_137741-lafouxleseignus.jpg"},"800x600":{"url":"https:\/\/www.valdallos.com\/medias\/images\/prestataires\/multitailles\/800x600_137741-lafouxleseignus.jpg"},"640x480":{"url":"https:\/\/www.valdallos.com\/medias\/images\/prestataires\/multitailles\/640x480_137741-lafouxleseignus.jpg"},"320x240":{"url":"https:\/\/www.valdallos.com\/medias\/images\/prestataires\/multitailles\/320x240_137741-lafouxleseignus.jpg"},"160x120":{"url":"https:\/\/www.valdallos.com\/medias\/images\/prestataires\/multitailles\/160x120_137741-lafouxleseignus.jpg"},"origine":{"url":"https:\/\/www.valdallos.com\/medias\/images\/prestataires\/137741-lafouxleseignus.jpg"}},"urlLien":"","typeLien":"","nofollow":"N","copyright":"office de tourisme du Val d'Allos"}],"ByCategorie":{"":[{"url":"https:\/\/www.valdallos.com\/medias\/images\/prestataires\/137739-lafouxleseignus3.jpg","chemin":"..\/medias\/images\/prestataires\/137739-lafouxleseignus3.jpg","libelle":"Vall\u00e9e de montagne bois\u00e9e, conif\u00e8res","extension":"jpg","categorie":"","largeur":800,"theme":"","hauteur":533,"type":"Image","origine":"","liaisonPave":"","langue":"","id":"137739","urlVignette":"https:\/\/www.valdallos.com\/medias\/images\/prestataires\/v-137739-lafouxleseignus3.jpg","alt":"Vall\u00e9e de montagne bois\u00e9e, conif\u00e8res","title":"Vall\u00e9e de montagne bois\u00e9e, conif\u00e8res","MultiTaille":{"1920x1440":{"url":"https:\/\/www.valdallos.com\/medias\/images\/prestataires\/multitailles\/1920x1440_137739-lafouxleseignus3.jpg"},"1200x900":{"url":"https:\/\/www.valdallos.com\/medias\/images\/prestataires\/multitailles\/1200x900_137739-lafouxleseignus3.jpg"},"800x600":{"url":"https:\/\/www.valdallos.com\/medias\/images\/prestataires\/multitailles\/800x600_137739-lafouxleseignus3.jpg"},"640x480":{"url":"https:\/\/www.valdallos.com\/medias\/images\/prestataires\/multitailles\/640x480_137739-lafouxleseignus3.jpg"},"320x240":{"url":"https:\/\/www.valdallos.com\/medias\/images\/prestataires\/multitailles\/320x240_137739-lafouxleseignus3.jpg"},"160x120":{"url":"https:\/\/www.valdallos.com\/medias\/images\/prestataires\/multitailles\/160x120_137739-lafouxleseignus3.jpg"},"origine":{"url":"https:\/\/www.valdallos.com\/medias\/images\/prestataires\/137739-lafouxleseignus3.jpg"}},"urlLien":"","typeLien":"","nofollow":"N","copyright":"office de tourisme du Val d'Allos"},{"url":"https:\/\/www.valdallos.com\/medias\/images\/prestataires\/137742-name_19.gpx","chemin":"..\/medias\/images\/prestataires\/137742-name_19.gpx","libelle":"Liaison Val d'Allos la Foux\/Le Seignus","extension":"gpx","categorie":"","largeur":"","theme":"","hauteur":"","type":"Document","origine":"","liaisonPave":"","langue":"","id":"137742","poids":"23.51 Ko","alt":"Liaison Val d'Allos la Foux\/Le Seignus","title":"Liaison Val d'Allos la Foux\/Le Seignus"},{"url":"https:\/\/www.valdallos.com\/medias\/images\/prestataires\/137740-lafouxleseignus2.jpg","chemin":"..\/medias\/images\/prestataires\/137740-lafouxleseignus2.jpg","libelle":"Plan d'eau au milieu d'une for\u00eat de conif\u00e8res","extension":"jpg","categorie":"","largeur":800,"theme":"","hauteur":533,"type":"Image","origine":"","liaisonPave":"","langue":"","id":"137740","urlVignette":"https:\/\/www.valdallos.com\/medias\/images\/prestataires\/v-137740-lafouxleseignus2.jpg","alt":"Plan d'eau au milieu d'une for\u00eat de conif\u00e8res","title":"Plan d'eau au milieu d'une for\u00eat de conif\u00e8res","MultiTaille":{"1920x1440":{"url":"https:\/\/www.valdallos.com\/medias\/images\/prestataires\/multitailles\/1920x1440_137740-lafouxleseignus2.jpg"},"1200x900":{"url":"https:\/\/www.valdallos.com\/medias\/images\/prestataires\/multitailles\/1200x900_137740-lafouxleseignus2.jpg"},"800x600":{"url":"https:\/\/www.valdallos.com\/medias\/images\/prestataires\/multitailles\/800x600_137740-lafouxleseignus2.jpg"},"640x480":{"url":"https:\/\/www.valdallos.com\/medias\/images\/prestataires\/multitailles\/640x480_137740-lafouxleseignus2.jpg"},"320x240":{"url":"https:\/\/www.valdallos.com\/medias\/images\/prestataires\/multitailles\/320x240_137740-lafouxleseignus2.jpg"},"160x120":{"url":"https:\/\/www.valdallos.com\/medias\/images\/prestataires\/multitailles\/160x120_137740-lafouxleseignus2.jpg"},"origine":{"url":"https:\/\/www.valdallos.com\/medias\/images\/prestataires\/137740-lafouxleseignus2.jpg"}},"urlLien":"","typeLien":"","nofollow":"N","copyright":"office de tourisme du Val d'Allos"},{"url":"https:\/\/www.valdallos.com\/medias\/images\/prestataires\/137741-lafouxleseignus.jpg","chemin":"..\/medias\/images\/prestataires\/137741-lafouxleseignus.jpg","libelle":"Montagne avec for\u00eat de conif\u00e8res \u00e0 sa base","extension":"jpg","categorie":"","largeur":800,"theme":"","hauteur":533,"type":"Image","origine":"","liaisonPave":"","langue":"","id":"137741","urlVignette":"https:\/\/www.valdallos.com\/medias\/images\/prestataires\/v-137741-lafouxleseignus.jpg","alt":"Montagne avec for\u00eat de conif\u00e8res \u00e0 sa base","title":"Montagne avec for\u00eat de conif\u00e8res \u00e0 sa base","MultiTaille":{"1920x1440":{"url":"https:\/\/www.valdallos.com\/medias\/images\/prestataires\/multitailles\/1920x1440_137741-lafouxleseignus.jpg"},"1200x900":{"url":"https:\/\/www.valdallos.com\/medias\/images\/prestataires\/multitailles\/1200x900_137741-lafouxleseignus.jpg"},"800x600":{"url":"https:\/\/www.valdallos.com\/medias\/images\/prestataires\/multitailles\/800x600_137741-lafouxleseignus.jpg"},"640x480":{"url":"https:\/\/www.valdallos.com\/medias\/images\/prestataires\/multitailles\/640x480_137741-lafouxleseignus.jpg"},"320x240":{"url":"https:\/\/www.valdallos.com\/medias\/images\/prestataires\/multitailles\/320x240_137741-lafouxleseignus.jpg"},"160x120":{"url":"https:\/\/www.valdallos.com\/medias\/images\/prestataires\/multitailles\/160x120_137741-lafouxleseignus.jpg"},"origine":{"url":"https:\/\/www.valdallos.com\/medias\/images\/prestataires\/137741-lafouxleseignus.jpg"}},"urlLien":"","typeLien":"","nofollow":"N","copyright":"office de tourisme du Val d'Allos"}]},"Document":[{"url":"https:\/\/www.valdallos.com\/medias\/images\/prestataires\/137742-name_19.gpx","chemin":"..\/medias\/images\/prestataires\/137742-name_19.gpx","libelle":"Liaison Val d'Allos la Foux\/Le Seignus","extension":"gpx","categorie":"","largeur":"","theme":"","hauteur":"","type":"Document","origine":"","liaisonPave":"","langue":"","id":"137742","poids":"23.51 Ko","alt":"Liaison Val d'Allos la Foux\/Le Seignus","title":"Liaison Val d'Allos la Foux\/Le Seignus"}]},"Url":"collegamento-val-d-allos-la-foux-val-d-allos-le-seignus-la-foux-dallos.html","Localisation":{"GoogleMap":{"Latitude":"44.284939","Longitude":"6.571135"}},"ZoneGeo":"","Criteres":{"EADHER[EGRAT":"","CIDUREE[RANDO4":"","ZONEGEO[FRPA04VAV1800":"","PUBLICATION[VALDALLOSITI":"","P.typologiesPromoSitra[1599":"","P.typologiesPromoSitra[1676":"","P.34[1602":"","P.113[4971":"","P.services[687":"","P.prestations[animauxAcceptes":"","P.prestations[surchargeTourismesAdaptes":"","P.prestations[surchargeDescriptifHandicapMoteur":"","P.prestations[surchargeDescriptifHandicapAuditif":"","P.prestations[surchargeDescriptifHandicapVisuel":"","P.prestations[surchargeDescriptifHandicapMental":"","P.prestations[surchargeNombreFauteuilsRoulants":"","P.languesParlees[1197":"","P.environnements[171":"","P.114[416":"","P.114[418":"","P.114[436":"","P.tourismeAffaires[tourismeAffairesEnabled":"","P.tourismeAffaires[devise":"EUR","P.visites[visitable":"","P.prestationsVisitesIndividuelles[480":"","P.prestationsVisitesGroupees[488":"","P.rubrique[2988":"","P.61[3184":"","P.61[3331":"","P.61[3333":"","P.itineraire[denivellationPositive":"490","P.itineraire[distance":"15","P.itineraire[altitudeMaximum":"2200","P.itineraire[itineraireType":"Aller \/ Itinerance","P.itineraire[itineraireBalise":"","P.itineraire[denivellation":"490","P.naturesTerrain[4246":"","P.CINTSITRA[5662":"","P.CINTSITRA[8809":"","P.6241[126905":"","P.6241[5740912":"","P.3218[311229":"","P.3220[587401":"","P.3220[5575332":"","P.3233[591419":"","P.3221[4876304":"","P.3219[5127066":"","P.3219[5239406":"","P.3240[5778284":"","P.3230[6139211":"","P.VilleSitra[37282":"","P.VillageDeDepart[37282":"","INDICATIONPRIX[GRATUIT":""},"DateFinPublication":"","PrixAPartirDe":"","PrixPour":"","FicheListeEnCours":"fiche_liste_itineraires_equip_v2018","ParametresModele":{"AfficherPhotos":1,"NbPhotosMax":6,"AfficherReserver":0,"AfficherContact":"1","AfficherSalle":1,"AfficherZoneGeo":0,"AfficherEnSavoirPlus":"0","AfficherUneSeuleOuverture":0,"AfficherContactCarte":1,"AfficherTarifsChaudAPartirDe":0,"AfficherTarifChaudSansRecherche":0,"AfficherAvis":"0","AfficherAvisIngenie":"1","BlocCritereInfo":{"critere1":{"libelle":""},"critere2":{"libelle":""},"critere3":{"libelle":""},"critere4":{"libelle":""},"critere5":{"libelle":""},"critere6":{"libelle":"","liste_critere":["CIDUREE|E","P.prestations|ANINOAD|E","P.itineraire|distance|E","P.itineraire|denivellation|E","P.itineraire|dureeJournaliere|E"]},"critere7":{"libelle":"","liste_critere":["ZONEGEO|FRPA04VAV1800|E","ZONEGEO|FRPA04VAV1500|E","ZONEGEO|FRPA04VAV1400|E"]},"critere8":{"libelle":""},"critere9":{"libelle":""},"afficherpictoetpaslibelle":"1"},"BlocPaveInfo":{"texte1":{"longeurmax":"","afficherLibelle":"0","garderHtml":"0"},"texte3":{"longeurmax":"","afficherLibelle":"0","garderHtml":"0"}},"Criteres":"PUBLICATION[VALDALLOSITI","ModeleUrl":"fiche_itineraires_equip_v2018","PositionBloc":"GALLERIE|NOM|CRITERESORDONNEES|ZONEPRINCIPALFICHEPRESTA|DESCRIPTIF|AVIS|CARNET_VOYAGE|URL","TypePrestataire":"E","ComportementResa":false,"ComportementDispo":false},"AffichageCoordonnees":[],"Coordonnees":{"Ville":"La Foux d\u2019Allos"},"ContexteId":"PRESTATAIRE|E|4986399","ContexteIdHtml":"PRESTATAIRE-E-4986399","cleContexte":"E|4986399","Bloc":{"texte1":"","texte3":"","critere1":{"libelle":"","contenu":[]},"critere2":{"libelle":"","contenu":[]},"critere3":{"libelle":"","contenu":[]},"critere4":{"libelle":"","contenu":[]},"critere5":{"libelle":"","contenu":[]},"critere6":{"libelle":"","contenu":{"CIDUREE":{"libelle":"Itinerari","contenu":{"4":"Giornata"},"codesValeurs":{"4":"CIDUREE|RANDO4|E"},"criteres_datas":{"valeurs":{"4":{"RANDO4":{"descriptif":""}}}}},"P.itineraire":{"libelle":"Circuito","contenu":{"3":"\u003Cspan class=\"libelle\"\u003Edistanza\u003C\/span\u003E \u003Cspan class=\"quantite\"\u003E15\u003C\/span\u003E","5":"\u003Cspan class=\"libelle\"\u003Edislivello\u003C\/span\u003E \u003Cspan class=\"quantite\"\u003E490\u003C\/span\u003E"},"codesValeurs":{"3":"P.itineraire|distance|E","5":"P.itineraire|denivellation|E"},"criteres_datas":{"valeurs":{"3":{"distance":{"descriptif":""}},"5":{"denivellation":{"descriptif":""}}}}}}},"critere7":{"libelle":"","contenu":{"ZONEGEO":{"libelle":"Citt\u00e0","contenu":{"1":"Val d\u2019Allos \u2013 La Foux"},"codesValeurs":{"1":"ZONEGEO|FRPA04VAV1800|E"},"criteres_datas":{"valeurs":{"1":{"FRPA04VAV1800":{"descriptif":""}}}}}}},"critere8":{"libelle":"","contenu":[]},"critere9":{"libelle":"","contenu":[]}},"LocalisationGps":{"Latitude":"44.284939","Longitude":"6.571135"},"libelleDuPrestataire":"","listeCriteres":{"EADHER":{"EGRAT":""},"CIDUREE":{"RANDO4":""},"ZONEGEO":{"FRPA04VAV1800":""},"PUBLICATION":{"VALDALLOSITI":""},"P.typologiesPromoSitra":{"1599":"","1676":""},"P.34":{"1602":""},"P.113":{"4971":""},"P.services":{"687":""},"P.prestations":{"animauxAcceptes":"","surchargeTourismesAdaptes":"","surchargeDescriptifHandicapMoteur":"","surchargeDescriptifHandicapAuditif":"","surchargeDescriptifHandicapVisuel":"","surchargeDescriptifHandicapMental":"","surchargeNombreFauteuilsRoulants":""},"P.languesParlees":{"1197":""},"P.environnements":{"171":""},"P.114":{"416":"","418":"","436":""},"P.tourismeAffaires":{"tourismeAffairesEnabled":"","devise":"EUR"},"P.visites":{"visitable":""},"P.prestationsVisitesIndividuelles":{"480":""},"P.prestationsVisitesGroupees":{"488":""},"P.rubrique":{"2988":""},"P.61":{"3184":"","3331":"","3333":""},"P.itineraire":{"denivellationPositive":"490","distance":"15","altitudeMaximum":"2200","itineraireType":"Aller \/ Itinerance","itineraireBalise":"","denivellation":"490"},"P.naturesTerrain":{"4246":""},"P.CINTSITRA":{"5662":"","8809":""},"P.6241":{"126905":"","5740912":""},"P.3218":{"311229":""},"P.3220":{"587401":"","5575332":""},"P.3233":{"591419":""},"P.3221":{"4876304":""},"P.3219":{"5127066":"","5239406":""},"P.3240":{"5778284":""},"P.3230":{"6139211":""},"P.VilleSitra":{"37282":""},"P.VillageDeDepart":{"37282":""},"INDICATIONPRIX":{"GRATUIT":""}},"dansCarnetVoyage":true,"Ouverture":""},"html":" \n \u003Cdiv id=\"CV-PRESTATAIRE-E-4986399\" data-contexte-id=\"PRESTATAIRE|E|4986399\" data-cle=\"E|4986399\" class=\"fiche-liste\"\u003E\n    \n\n    \u003C!-- partie photo --\u003E\n    \u003Cdiv class=\"photo\"\u003E\t\t\t\t\t\t\t\t\t\t\t\t\t\t\t\t\t\t\t\t\t\n        \u003Cdiv class=\"cadre_photo_principale\"\u003E\t\t\n        \n            \t\t\t\t\t\n                    \u003Ca href=\"collegamento-val-d-allos-la-foux-val-d-allos-le-seignus-la-foux-dallos.html?origine=carnet#media\"\u003E\n                        \u003Cimg class=\"photo_principale\" alt=\"Vall\u00e9e de montagne bois\u00e9e, conif\u00e8res\" src=\"https:\/\/www.valdallos.com\/medias\/images\/prestataires\/multitailles\/320x240_137739-lafouxleseignus3.jpg\" itemprop=\"image\"\u003E\n                    \u003C\/a\u003E\t\t\t\t\t\t\n                \n                    \u003C\/div\u003E\t\t\t\t\t\t\t\t\t\t\t\t\t\t\t\t\t\t\t \t\t\n    \u003C\/div\u003E\n    \n    \u003C!-- partie nom prest --\u003E\n    \u003Cdiv class=\"nom\"\u003E\n        \u003Ch2\u003Ecollegamento Val d'Allos - La Foux Val d'Allos - Le Seignus\u003C\/h2\u003E\n        \n            \u003C\/div\u003E\n\n         \n    \u003C!-- partie adresse --\u003E\n    \u003Cdiv class=\"adresse\"\u003E\n    \n          \n    \u003C\/div\u003E\n    \n    \u003C!-- partie liens --\u003E\n    \u003Cdiv class=\"liens\"\u003E\n            \u003Ca class=\"btn-icon btn-view \" title=\"Vedi il file dettagliato\" href=\"collegamento-val-d-allos-la-foux-val-d-allos-le-seignus-la-foux-dallos.html?origine=carnet\"\u003E\u003C\/a\u003E\u003C!--\u003Ca class=\"btn-icon btn-view \" title=\"\" href=\"?origine=carnet#thaut\"\u003E\u003C\/a\u003E--\u003E\n      \u003Ca class=\"btn-icon btn-trash carnet_voyage_supprimer\" title=\"Elimina questo file dal mio diario di viaggio\" href=\"carnet-voyage?action=remove&fiche=E|4986399\"\u003E\u003C\/a\u003E\n    \u003C\/div\u003E\n\n\u003C\/div\u003E\n\n","icon":"https:\/\/static.ingenie.fr\/images\/carnetVoyageV3\/E.png"},"fiche":"E|4986399","popup":"\u003Cdiv id=\"bloc_popup_ajout_fiche_carnet\"\u003E\n    \u003Cdiv class=\"info_popup_ajout_fiche_carnet\"\u003E\n        Hai appena aggiunto questo elemento alla tua selezione:    \u003C\/div\u003E\n    \u003Cdiv class=\"prest_popup_ajout_fiche_carnet\"\u003E\n        collegamento Val d&#039;Allos - La Foux Val d&#039;Allos - Le Seignus    \u003C\/div\u003E\n    \u003Cdiv class=\"bloc_btn_ajout_fiche_carnet form_submit_div\"\u003E\n        \u003Cinput type=\"button\" value=\"Continua la mia selezione\" title=\"Continua la mia selezione\" name=\"btn_close\" class=\"btn_close_popup_carnet form_submit\" onclick=\"$.colorbox.close()\" \/\u003E\n        \u003Cinput type=\"button\" value=\"Visualizza la mia selezione\" title=\"Visualizza la mia selezione\" name=\"btn_panier\" class=\"btn_panier_popup_carnet form_submit\" onclick=\"if(typeof CarnetVoyage != 'undefined') {CarnetVoyage.voirCarnet();}\" \/\u003E\n    \u003C\/div\u003E\n    \u003Cdiv class=\"bloc_btn_ajout_fiche_carnet\"\u003E\n        \u003Cinput type=\"checkbox\" value=\"1\" name=\"desactiver_popup\" id=\"desactiver_popup\" \/\u003E\n        \u003Clabel for=\"desactiver_popup\"\u003ENon visualizzare pi\u00f9 questo messaggio\u003C\/label\u003E\n    \u003C\/div\u003E\n\u003C\/div\u003E","success":1}