{"nbFiches":1,"dataPrest":{"infoPrest":{"pave1":{"libelle":"Descriptif","contenu":""},"pave2":{"libelle":"Tarifs Hiver","contenu":""},"pave3":{"libelle":"Tarifs Et\u00e9","contenu":""},"pave4":{"libelle":"URL de la r\u00e9servation ou vente en ligne","contenu":""},"pave5":{"libelle":"Descriptif court (old)","contenu":"Itinerario con prati e forestale che consente di scoprire i massicci del Val d'Allos Haut-Verdon."},"pave6":{"libelle":"Descriptif d\u00e9taill\u00e9","contenu":"Partendo dal parcheggio di Seignus-Haut, si prende una pista che vi aprir\u00e0 la strada verso la foresta di larici. Lungo questo percorso, scoprirete tesori quali la capanna di Meyries, l\u2019altopiano della Sagna e del Fourier, il borgo di Chaumie... per poi terminare al villaggio fortificato di Vauban Colmars- Les-Alpes."},"pave7":{"libelle":"Bons plans","contenu":""},"pave8":{"libelle":"Compl\u00e9ment localisation","contenu":"Prevedere un veicolo all\u2019arrivo o informarsi presso gli Uffici di Turismo sugli orari e le tariffe delle navette."},"pave9":{"libelle":"Compl\u00e9ment accueil","contenu":""},"pave10":{"libelle":"P\u00e9riodes en clair","contenu":""},"pave11":{"libelle":"Tarifs en clair","contenu":"Gratuito."},"pave12":{"libelle":"Compl\u00e9ment Tarifs","contenu":""},"pave13":{"libelle":"Compl\u00e9ment R\u00e9servation","contenu":""},"pave14":{"libelle":"Descriptif court","contenu":""},"pave15":{"libelle":"Descriptif d\u00e9taill\u00e9","contenu":""},"pave16":{"libelle":"Bons plans","contenu":""},"pave17":{"libelle":"Tarifs (Tarifs en clair, Compl\u00e9ment Tarifs)","contenu":""},"pave18":{"libelle":"P\u00e9riodes en clair","contenu":""},"pave19":{"libelle":"Descriptif court","contenu":""},"pave20":{"libelle":"Descriptif d\u00e9taill\u00e9","contenu":""},"pave21":{"libelle":"Bons plans","contenu":""},"pave22":{"libelle":"Tarifs (Tarifs en clair, Compl\u00e9ment Tarifs)","contenu":""},"pave23":{"libelle":"P\u00e9riodes en clair","contenu":""},"pave24":{"libelle":"Dispositions sp\u00e9ciales","contenu":""},"pave25":{"libelle":"","contenu":""},"Libelle":"Collegamento Val d'Allos - Le Seignus \/ Colmars","Nom":"Liaison Val d'Allos - Le Seignus \/ Colmars","Prenom":"","NomPrenom":"Liaison Val d'Allos - Le Seignus \/ Colmars ","CiviliteNomPrenom":"Liaison Val d'Allos - Le Seignus \/ Colmars ","Cle":"E|5504940","PrestataireParent":"","ContexteStat":"PRESTATAIRE-E-5504940","DateModificationIso":"2026-03-21T00:24:00+01:00","Type":"PRESTATAIRE","TypePrestataire":"E","Adresse":{"LigneAdresse1":"","LigneAdresse2":"","LigneAdresse3":"","CodePostal":"04260","Ville":"Le Seignus","Cedex":"","Etat":"","Pays":"FRA"},"Email":"","Telephone":"","TelephoneBureau":"","Portable":"","SiteWeb":"https:\/\/www.valdallos.com","Fax":"","Id":"e-5504940","Code":"E|5504940","Fichier":{"Image":[{"url":"https:\/\/www.valdallos.com\/medias\/images\/prestataires\/137846-leseignus_colmars.jpg","chemin":"..\/medias\/images\/prestataires\/137846-leseignus_colmars.jpg","libelle":"Hameau de Chaumie, sentier de terre et d'herbes sinuant entre les petites maisons anciennes en pierre aux portes larges et toits en t\u00f4le. Montagnes en arri\u00e8re-plan","extension":"jpg","categorie":"","largeur":1200,"theme":"","hauteur":900,"type":"Image","origine":"","liaisonPave":"","langue":"","id":"137846","urlVignette":"https:\/\/www.valdallos.com\/medias\/images\/prestataires\/v-137846-leseignus_colmars.jpg","alt":"Hameau de Chaumie, sentier de terre et d'herbes sinuant entre les petites maisons anciennes en pierre aux portes larges et toits en t\u00f4le. Montagnes en arri\u00e8re-plan","title":"Hameau de Chaumie, sentier de terre et d'herbes sinuant entre les petites maisons anciennes en pierre aux portes larges et toits en t\u00f4le. Montagnes en arri\u00e8re-plan","MultiTaille":{"1920x1440":{"url":"https:\/\/www.valdallos.com\/medias\/images\/prestataires\/multitailles\/1920x1440_137846-leseignus_colmars.jpg"},"1200x900":{"url":"https:\/\/www.valdallos.com\/medias\/images\/prestataires\/multitailles\/1200x900_137846-leseignus_colmars.jpg"},"800x600":{"url":"https:\/\/www.valdallos.com\/medias\/images\/prestataires\/multitailles\/800x600_137846-leseignus_colmars.jpg"},"640x480":{"url":"https:\/\/www.valdallos.com\/medias\/images\/prestataires\/multitailles\/640x480_137846-leseignus_colmars.jpg"},"320x240":{"url":"https:\/\/www.valdallos.com\/medias\/images\/prestataires\/multitailles\/320x240_137846-leseignus_colmars.jpg"},"160x120":{"url":"https:\/\/www.valdallos.com\/medias\/images\/prestataires\/multitailles\/160x120_137846-leseignus_colmars.jpg"},"origine":{"url":"https:\/\/www.valdallos.com\/medias\/images\/prestataires\/137846-leseignus_colmars.jpg"}},"urlLien":"","typeLien":"","nofollow":"N","copyright":"B Courbon"},{"url":"https:\/\/www.valdallos.com\/medias\/images\/prestataires\/137847-meyries.jpg","chemin":"..\/medias\/images\/prestataires\/137847-meyries.jpg","libelle":"Panorama de montagne depuis Val d'Allos - le Seignus, prairie de montagne entour\u00e9e de conif\u00e8res, montagne de Rochecline","extension":"jpg","categorie":"","largeur":800,"theme":"","hauteur":450,"type":"Image","origine":"","liaisonPave":"","langue":"","id":"137847","urlVignette":"https:\/\/www.valdallos.com\/medias\/images\/prestataires\/v-137847-meyries.jpg","alt":"Panorama de montagne depuis Val d'Allos - le Seignus, prairie de montagne entour\u00e9e de conif\u00e8res, montagne de Rochecline","title":"Panorama de montagne depuis Val d'Allos - le Seignus, prairie de montagne entour\u00e9e de conif\u00e8res, montagne de Rochecline","MultiTaille":{"1920x1440":{"url":"https:\/\/www.valdallos.com\/medias\/images\/prestataires\/multitailles\/1920x1440_137847-meyries.jpg"},"1200x900":{"url":"https:\/\/www.valdallos.com\/medias\/images\/prestataires\/multitailles\/1200x900_137847-meyries.jpg"},"800x600":{"url":"https:\/\/www.valdallos.com\/medias\/images\/prestataires\/multitailles\/800x600_137847-meyries.jpg"},"640x480":{"url":"https:\/\/www.valdallos.com\/medias\/images\/prestataires\/multitailles\/640x480_137847-meyries.jpg"},"320x240":{"url":"https:\/\/www.valdallos.com\/medias\/images\/prestataires\/multitailles\/320x240_137847-meyries.jpg"},"160x120":{"url":"https:\/\/www.valdallos.com\/medias\/images\/prestataires\/multitailles\/160x120_137847-meyries.jpg"},"origine":{"url":"https:\/\/www.valdallos.com\/medias\/images\/prestataires\/137847-meyries.jpg"}},"urlLien":"","typeLien":"","nofollow":"N","copyright":"office de tourisme du Val d'Allos"},{"url":"https:\/\/www.valdallos.com\/medias\/images\/prestataires\/137848-leseignus_colmars_2.jpg","chemin":"..\/medias\/images\/prestataires\/137848-leseignus_colmars_2.jpg","libelle":"Cascade de Chaumie, cascade rocheuse se d\u00e9versant depuis une for\u00eat de conif\u00e8res dans un petit bassin naturel creus\u00e9 dans la roche","extension":"jpg","categorie":"","largeur":900,"theme":"","hauteur":1200,"type":"Image","origine":"","liaisonPave":"","langue":"","id":"137848","urlVignette":"https:\/\/www.valdallos.com\/medias\/images\/prestataires\/v-137848-leseignus_colmars_2.jpg","alt":"Cascade de Chaumie, cascade rocheuse se d\u00e9versant depuis une for\u00eat de conif\u00e8res dans un petit bassin naturel creus\u00e9 dans la roche","title":"Cascade de Chaumie, cascade rocheuse se d\u00e9versant depuis une for\u00eat de conif\u00e8res dans un petit bassin naturel creus\u00e9 dans la roche","MultiTaille":{"1920x1440":{"url":"https:\/\/www.valdallos.com\/medias\/images\/prestataires\/multitailles\/1920x1440_137848-leseignus_colmars_2.jpg"},"1200x900":{"url":"https:\/\/www.valdallos.com\/medias\/images\/prestataires\/multitailles\/1200x900_137848-leseignus_colmars_2.jpg"},"800x600":{"url":"https:\/\/www.valdallos.com\/medias\/images\/prestataires\/multitailles\/800x600_137848-leseignus_colmars_2.jpg"},"640x480":{"url":"https:\/\/www.valdallos.com\/medias\/images\/prestataires\/multitailles\/640x480_137848-leseignus_colmars_2.jpg"},"320x240":{"url":"https:\/\/www.valdallos.com\/medias\/images\/prestataires\/multitailles\/320x240_137848-leseignus_colmars_2.jpg"},"160x120":{"url":"https:\/\/www.valdallos.com\/medias\/images\/prestataires\/multitailles\/160x120_137848-leseignus_colmars_2.jpg"},"origine":{"url":"https:\/\/www.valdallos.com\/medias\/images\/prestataires\/137848-leseignus_colmars_2.jpg"}},"urlLien":"","typeLien":"","nofollow":"N","copyright":"B Courbon"}],"ByCategorie":{"":[{"url":"https:\/\/www.valdallos.com\/medias\/images\/prestataires\/137846-leseignus_colmars.jpg","chemin":"..\/medias\/images\/prestataires\/137846-leseignus_colmars.jpg","libelle":"Hameau de Chaumie, sentier de terre et d'herbes sinuant entre les petites maisons anciennes en pierre aux portes larges et toits en t\u00f4le. Montagnes en arri\u00e8re-plan","extension":"jpg","categorie":"","largeur":1200,"theme":"","hauteur":900,"type":"Image","origine":"","liaisonPave":"","langue":"","id":"137846","urlVignette":"https:\/\/www.valdallos.com\/medias\/images\/prestataires\/v-137846-leseignus_colmars.jpg","alt":"Hameau de Chaumie, sentier de terre et d'herbes sinuant entre les petites maisons anciennes en pierre aux portes larges et toits en t\u00f4le. Montagnes en arri\u00e8re-plan","title":"Hameau de Chaumie, sentier de terre et d'herbes sinuant entre les petites maisons anciennes en pierre aux portes larges et toits en t\u00f4le. Montagnes en arri\u00e8re-plan","MultiTaille":{"1920x1440":{"url":"https:\/\/www.valdallos.com\/medias\/images\/prestataires\/multitailles\/1920x1440_137846-leseignus_colmars.jpg"},"1200x900":{"url":"https:\/\/www.valdallos.com\/medias\/images\/prestataires\/multitailles\/1200x900_137846-leseignus_colmars.jpg"},"800x600":{"url":"https:\/\/www.valdallos.com\/medias\/images\/prestataires\/multitailles\/800x600_137846-leseignus_colmars.jpg"},"640x480":{"url":"https:\/\/www.valdallos.com\/medias\/images\/prestataires\/multitailles\/640x480_137846-leseignus_colmars.jpg"},"320x240":{"url":"https:\/\/www.valdallos.com\/medias\/images\/prestataires\/multitailles\/320x240_137846-leseignus_colmars.jpg"},"160x120":{"url":"https:\/\/www.valdallos.com\/medias\/images\/prestataires\/multitailles\/160x120_137846-leseignus_colmars.jpg"},"origine":{"url":"https:\/\/www.valdallos.com\/medias\/images\/prestataires\/137846-leseignus_colmars.jpg"}},"urlLien":"","typeLien":"","nofollow":"N","copyright":"B Courbon"},{"url":"https:\/\/www.valdallos.com\/medias\/images\/prestataires\/137849-name_18.gpx","chemin":"..\/medias\/images\/prestataires\/137849-name_18.gpx","libelle":"Liaison Val d'Allos le Seignus\/Colmars","extension":"gpx","categorie":"","largeur":"","theme":"","hauteur":"","type":"Document","origine":"","liaisonPave":"","langue":"","id":"137849","poids":"12.5 Ko","alt":"Liaison Val d'Allos le Seignus\/Colmars","title":"Liaison Val d'Allos le Seignus\/Colmars"},{"url":"https:\/\/www.valdallos.com\/medias\/images\/prestataires\/137847-meyries.jpg","chemin":"..\/medias\/images\/prestataires\/137847-meyries.jpg","libelle":"Panorama de montagne depuis Val d'Allos - le Seignus, prairie de montagne entour\u00e9e de conif\u00e8res, montagne de Rochecline","extension":"jpg","categorie":"","largeur":800,"theme":"","hauteur":450,"type":"Image","origine":"","liaisonPave":"","langue":"","id":"137847","urlVignette":"https:\/\/www.valdallos.com\/medias\/images\/prestataires\/v-137847-meyries.jpg","alt":"Panorama de montagne depuis Val d'Allos - le Seignus, prairie de montagne entour\u00e9e de conif\u00e8res, montagne de Rochecline","title":"Panorama de montagne depuis Val d'Allos - le Seignus, prairie de montagne entour\u00e9e de conif\u00e8res, montagne de Rochecline","MultiTaille":{"1920x1440":{"url":"https:\/\/www.valdallos.com\/medias\/images\/prestataires\/multitailles\/1920x1440_137847-meyries.jpg"},"1200x900":{"url":"https:\/\/www.valdallos.com\/medias\/images\/prestataires\/multitailles\/1200x900_137847-meyries.jpg"},"800x600":{"url":"https:\/\/www.valdallos.com\/medias\/images\/prestataires\/multitailles\/800x600_137847-meyries.jpg"},"640x480":{"url":"https:\/\/www.valdallos.com\/medias\/images\/prestataires\/multitailles\/640x480_137847-meyries.jpg"},"320x240":{"url":"https:\/\/www.valdallos.com\/medias\/images\/prestataires\/multitailles\/320x240_137847-meyries.jpg"},"160x120":{"url":"https:\/\/www.valdallos.com\/medias\/images\/prestataires\/multitailles\/160x120_137847-meyries.jpg"},"origine":{"url":"https:\/\/www.valdallos.com\/medias\/images\/prestataires\/137847-meyries.jpg"}},"urlLien":"","typeLien":"","nofollow":"N","copyright":"office de tourisme du Val d'Allos"},{"url":"https:\/\/www.valdallos.com\/medias\/images\/prestataires\/137848-leseignus_colmars_2.jpg","chemin":"..\/medias\/images\/prestataires\/137848-leseignus_colmars_2.jpg","libelle":"Cascade de Chaumie, cascade rocheuse se d\u00e9versant depuis une for\u00eat de conif\u00e8res dans un petit bassin naturel creus\u00e9 dans la roche","extension":"jpg","categorie":"","largeur":900,"theme":"","hauteur":1200,"type":"Image","origine":"","liaisonPave":"","langue":"","id":"137848","urlVignette":"https:\/\/www.valdallos.com\/medias\/images\/prestataires\/v-137848-leseignus_colmars_2.jpg","alt":"Cascade de Chaumie, cascade rocheuse se d\u00e9versant depuis une for\u00eat de conif\u00e8res dans un petit bassin naturel creus\u00e9 dans la roche","title":"Cascade de Chaumie, cascade rocheuse se d\u00e9versant depuis une for\u00eat de conif\u00e8res dans un petit bassin naturel creus\u00e9 dans la roche","MultiTaille":{"1920x1440":{"url":"https:\/\/www.valdallos.com\/medias\/images\/prestataires\/multitailles\/1920x1440_137848-leseignus_colmars_2.jpg"},"1200x900":{"url":"https:\/\/www.valdallos.com\/medias\/images\/prestataires\/multitailles\/1200x900_137848-leseignus_colmars_2.jpg"},"800x600":{"url":"https:\/\/www.valdallos.com\/medias\/images\/prestataires\/multitailles\/800x600_137848-leseignus_colmars_2.jpg"},"640x480":{"url":"https:\/\/www.valdallos.com\/medias\/images\/prestataires\/multitailles\/640x480_137848-leseignus_colmars_2.jpg"},"320x240":{"url":"https:\/\/www.valdallos.com\/medias\/images\/prestataires\/multitailles\/320x240_137848-leseignus_colmars_2.jpg"},"160x120":{"url":"https:\/\/www.valdallos.com\/medias\/images\/prestataires\/multitailles\/160x120_137848-leseignus_colmars_2.jpg"},"origine":{"url":"https:\/\/www.valdallos.com\/medias\/images\/prestataires\/137848-leseignus_colmars_2.jpg"}},"urlLien":"","typeLien":"","nofollow":"N","copyright":"B Courbon"}]},"Document":[{"url":"https:\/\/www.valdallos.com\/medias\/images\/prestataires\/137849-name_18.gpx","chemin":"..\/medias\/images\/prestataires\/137849-name_18.gpx","libelle":"Liaison Val d'Allos le Seignus\/Colmars","extension":"gpx","categorie":"","largeur":"","theme":"","hauteur":"","type":"Document","origine":"","liaisonPave":"","langue":"","id":"137849","poids":"12.5 Ko","alt":"Liaison Val d'Allos le Seignus\/Colmars","title":"Liaison Val d'Allos le Seignus\/Colmars"}]},"Url":"collegamento-val-d-allos-le-seignus-colmars-le-seignus.html","Localisation":{"GoogleMap":{"Latitude":"44.236089","Longitude":"6.617908"}},"ZoneGeo":"","Criteres":{"PUBLICATION[VALDALLOSITI":"","ZONEGEO[FRPA04VAV1500":"","P.typologiesPromoSitra[1599":"","P.34[1602":"","P.services[687":"","P.prestations[animauxAcceptes":"","P.prestations[surchargeTourismesAdaptes":"","P.prestations[surchargeDescriptifHandicapMoteur":"","P.prestations[surchargeDescriptifHandicapAuditif":"","P.prestations[surchargeDescriptifHandicapVisuel":"","P.prestations[surchargeDescriptifHandicapMental":"","P.prestations[surchargeNombreFauteuilsRoulants":"","P.languesParlees[1197":"","P.tourismeAffaires[tourismeAffairesEnabled":"","P.tourismeAffaires[devise":"EUR","P.visites[visitable":"","P.visites[dureeMoyenneVisiteIndividuelle":"180","P.prestationsVisitesIndividuelles[480":"","P.prestationsVisitesGroupees[488":"","P.rubrique[2988":"","P.61[3184":"","P.61[3333":"","P.itineraire[denivellationPositive":"130","P.itineraire[distance":"9","P.itineraire[dureeJournaliere":"180","P.itineraire[altitudeMaximum":"1690","P.itineraire[itineraireType":"Aller \/ Itinerance","P.itineraire[itineraireBalise":"","P.itineraire[denivellation":"130","P.naturesTerrain[4246":"","P.6241[126905":"","P.6241[5740912":"","P.3218[311229":"","P.3220[587401":"","P.3220[5575332":"","P.3233[591419":"","P.3221[4876304":"","P.3219[5127066":"","P.3219[5239406":"","P.3240[5778284":"","P.3230[6139211":"","P.VilleSitra[37281":"","P.VillageDeDepart[37281":"","INDICATIONPRIX[GRATUIT":""},"DateFinPublication":"","PrixAPartirDe":"","PrixPour":"","FicheListeEnCours":"fiche_liste_itineraires_equip_v2018","ParametresModele":{"AfficherPhotos":1,"NbPhotosMax":6,"AfficherReserver":0,"AfficherContact":"1","AfficherSalle":1,"AfficherZoneGeo":0,"AfficherEnSavoirPlus":"0","AfficherUneSeuleOuverture":0,"AfficherContactCarte":1,"AfficherTarifsChaudAPartirDe":0,"AfficherTarifChaudSansRecherche":0,"AfficherAvis":"0","AfficherAvisIngenie":"1","BlocCritereInfo":{"critere1":{"libelle":""},"critere2":{"libelle":""},"critere3":{"libelle":""},"critere4":{"libelle":""},"critere5":{"libelle":""},"critere6":{"libelle":"","liste_critere":["CIDUREE|E","P.prestations|ANINOAD|E","P.itineraire|distance|E","P.itineraire|denivellation|E","P.itineraire|dureeJournaliere|E"]},"critere7":{"libelle":"","liste_critere":["ZONEGEO|FRPA04VAV1800|E","ZONEGEO|FRPA04VAV1500|E","ZONEGEO|FRPA04VAV1400|E"]},"critere8":{"libelle":""},"critere9":{"libelle":""},"afficherpictoetpaslibelle":"1"},"BlocPaveInfo":{"texte1":{"longeurmax":"","afficherLibelle":"0","garderHtml":"0"},"texte3":{"longeurmax":"","afficherLibelle":"0","garderHtml":"0"}},"Criteres":"PUBLICATION[VALDALLOSITI","ModeleUrl":"fiche_itineraires_equip_v2018","PositionBloc":"GALLERIE|NOM|CRITERESORDONNEES|ZONEPRINCIPALFICHEPRESTA|DESCRIPTIF|AVIS|CARNET_VOYAGE|URL","TypePrestataire":"E","ComportementResa":false,"ComportementDispo":false},"AffichageCoordonnees":[],"Coordonnees":{"Ville":"Le Seignus"},"ContexteId":"PRESTATAIRE|E|5504940","ContexteIdHtml":"PRESTATAIRE-E-5504940","cleContexte":"E|5504940","Bloc":{"texte1":"","texte3":"","critere1":{"libelle":"","contenu":[]},"critere2":{"libelle":"","contenu":[]},"critere3":{"libelle":"","contenu":[]},"critere4":{"libelle":"","contenu":[]},"critere5":{"libelle":"","contenu":[]},"critere6":{"libelle":"","contenu":{"P.itineraire":{"libelle":"Circuito","contenu":{"3":"\u003Cspan class=\"libelle\"\u003Edistanza\u003C\/span\u003E \u003Cspan class=\"quantite\"\u003E9\u003C\/span\u003E","5":"\u003Cspan class=\"libelle\"\u003Edislivello\u003C\/span\u003E \u003Cspan class=\"quantite\"\u003E130\u003C\/span\u003E","6":"\u003Cspan class=\"libelle\"\u003Edurata\u003C\/span\u003E \u003Cspan class=\"quantite\"\u003E180\u003C\/span\u003E"},"codesValeurs":{"3":"P.itineraire|distance|E","5":"P.itineraire|denivellation|E","6":"P.itineraire|dureeJournaliere|E"},"criteres_datas":{"valeurs":{"3":{"distance":{"descriptif":""}},"5":{"denivellation":{"descriptif":""}},"6":{"dureeJournaliere":{"descriptif":""}}}}}}},"critere7":{"libelle":"","contenu":{"ZONEGEO":{"libelle":"Citt\u00e0","contenu":{"2":"Val d\u2019Allos \u2013 Le Seignus"},"codesValeurs":{"2":"ZONEGEO|FRPA04VAV1500|E"},"criteres_datas":{"valeurs":{"2":{"FRPA04VAV1500":{"descriptif":""}}}}}}},"critere8":{"libelle":"","contenu":[]},"critere9":{"libelle":"","contenu":[]}},"LocalisationGps":{"Latitude":"44.236089","Longitude":"6.617908"},"libelleDuPrestataire":"","listeCriteres":{"PUBLICATION":{"VALDALLOSITI":""},"ZONEGEO":{"FRPA04VAV1500":""},"P.typologiesPromoSitra":{"1599":""},"P.34":{"1602":""},"P.services":{"687":""},"P.prestations":{"animauxAcceptes":"","surchargeTourismesAdaptes":"","surchargeDescriptifHandicapMoteur":"","surchargeDescriptifHandicapAuditif":"","surchargeDescriptifHandicapVisuel":"","surchargeDescriptifHandicapMental":"","surchargeNombreFauteuilsRoulants":""},"P.languesParlees":{"1197":""},"P.tourismeAffaires":{"tourismeAffairesEnabled":"","devise":"EUR"},"P.visites":{"visitable":"","dureeMoyenneVisiteIndividuelle":"180"},"P.prestationsVisitesIndividuelles":{"480":""},"P.prestationsVisitesGroupees":{"488":""},"P.rubrique":{"2988":""},"P.61":{"3184":"","3333":""},"P.itineraire":{"denivellationPositive":"130","distance":"9","dureeJournaliere":"180","altitudeMaximum":"1690","itineraireType":"Aller \/ Itinerance","itineraireBalise":"","denivellation":"130"},"P.naturesTerrain":{"4246":""},"P.6241":{"126905":"","5740912":""},"P.3218":{"311229":""},"P.3220":{"587401":"","5575332":""},"P.3233":{"591419":""},"P.3221":{"4876304":""},"P.3219":{"5127066":"","5239406":""},"P.3240":{"5778284":""},"P.3230":{"6139211":""},"P.VilleSitra":{"37281":""},"P.VillageDeDepart":{"37281":""},"INDICATIONPRIX":{"GRATUIT":""}},"dansCarnetVoyage":true,"Ouverture":""},"html":" \n \u003Cdiv id=\"CV-PRESTATAIRE-E-5504940\" data-contexte-id=\"PRESTATAIRE|E|5504940\" data-cle=\"E|5504940\" class=\"fiche-liste\"\u003E\n    \n\n    \u003C!-- partie photo --\u003E\n    \u003Cdiv class=\"photo\"\u003E\t\t\t\t\t\t\t\t\t\t\t\t\t\t\t\t\t\t\t\t\t\n        \u003Cdiv class=\"cadre_photo_principale\"\u003E\t\t\n        \n            \t\t\t\t\t\n                    \u003Ca href=\"collegamento-val-d-allos-le-seignus-colmars-le-seignus.html?origine=carnet#media\"\u003E\n                        \u003Cimg class=\"photo_principale\" alt=\"Hameau de Chaumie, sentier de terre et d'herbes sinuant entre les petites maisons anciennes en pierre aux portes larges et toits en t\u00f4le. Montagnes en arri\u00e8re-plan\" src=\"https:\/\/www.valdallos.com\/medias\/images\/prestataires\/multitailles\/320x240_137846-leseignus_colmars.jpg\" itemprop=\"image\"\u003E\n                    \u003C\/a\u003E\t\t\t\t\t\t\n                \n                    \u003C\/div\u003E\t\t\t\t\t\t\t\t\t\t\t\t\t\t\t\t\t\t\t \t\t\n    \u003C\/div\u003E\n    \n    \u003C!-- partie nom prest --\u003E\n    \u003Cdiv class=\"nom\"\u003E\n        \u003Ch2\u003ECollegamento Val d'Allos - Le Seignus \/ Colmars\u003C\/h2\u003E\n        \n            \u003C\/div\u003E\n\n         \n    \u003C!-- partie adresse --\u003E\n    \u003Cdiv class=\"adresse\"\u003E\n    \n          \n    \u003C\/div\u003E\n    \n    \u003C!-- partie liens --\u003E\n    \u003Cdiv class=\"liens\"\u003E\n            \u003Ca class=\"btn-icon btn-view \" title=\"Vedi il file dettagliato\" href=\"collegamento-val-d-allos-le-seignus-colmars-le-seignus.html?origine=carnet\"\u003E\u003C\/a\u003E\u003C!--\u003Ca class=\"btn-icon btn-view \" title=\"\" href=\"?origine=carnet#thaut\"\u003E\u003C\/a\u003E--\u003E\n      \u003Ca class=\"btn-icon btn-trash carnet_voyage_supprimer\" title=\"Elimina questo file dal mio diario di viaggio\" href=\"carnet-voyage?action=remove&fiche=E|5504940\"\u003E\u003C\/a\u003E\n    \u003C\/div\u003E\n\n\u003C\/div\u003E\n\n","icon":"https:\/\/static.ingenie.fr\/images\/carnetVoyageV3\/E.png"},"fiche":"E|5504940","popup":"\u003Cdiv id=\"bloc_popup_ajout_fiche_carnet\"\u003E\n    \u003Cdiv class=\"info_popup_ajout_fiche_carnet\"\u003E\n        Hai appena aggiunto questo elemento alla tua selezione:    \u003C\/div\u003E\n    \u003Cdiv class=\"prest_popup_ajout_fiche_carnet\"\u003E\n        Collegamento Val d&#039;Allos - Le Seignus \/ Colmars    \u003C\/div\u003E\n    \u003Cdiv class=\"bloc_btn_ajout_fiche_carnet form_submit_div\"\u003E\n        \u003Cinput type=\"button\" value=\"Continua la mia selezione\" title=\"Continua la mia selezione\" name=\"btn_close\" class=\"btn_close_popup_carnet form_submit\" onclick=\"$.colorbox.close()\" \/\u003E\n        \u003Cinput type=\"button\" value=\"Visualizza la mia selezione\" title=\"Visualizza la mia selezione\" name=\"btn_panier\" class=\"btn_panier_popup_carnet form_submit\" onclick=\"if(typeof CarnetVoyage != 'undefined') {CarnetVoyage.voirCarnet();}\" \/\u003E\n    \u003C\/div\u003E\n    \u003Cdiv class=\"bloc_btn_ajout_fiche_carnet\"\u003E\n        \u003Cinput type=\"checkbox\" value=\"1\" name=\"desactiver_popup\" id=\"desactiver_popup\" \/\u003E\n        \u003Clabel for=\"desactiver_popup\"\u003ENon visualizzare pi\u00f9 questo messaggio\u003C\/label\u003E\n    \u003C\/div\u003E\n\u003C\/div\u003E","success":1}