{"nbFiches":1,"dataPrest":{"infoPrest":{"pave1":{"libelle":"Descriptif","contenu":""},"pave2":{"libelle":"Tarifs Hiver","contenu":""},"pave3":{"libelle":"Tarifs Et\u00e9","contenu":""},"pave4":{"libelle":"URL de la r\u00e9servation ou vente en ligne","contenu":""},"pave5":{"libelle":"Descriptif court (old)","contenu":"Percorso alla scoperta del lago delle Rane, attraversando foresta di larici e prati."},"pave6":{"libelle":"Descriptif d\u00e9taill\u00e9","contenu":"Partendo dal Ponte di L\u2019Abrau, percorrerete un sentiero che vi guider\u00e0 verso la scoperta di diversi paesaggi, con l\u2019incontro dei prati dell\u2019Auriac, della Foresta dei larici, del burrone della Selette e del Lago delle Rane."},"pave7":{"libelle":"Bons plans","contenu":""},"pave8":{"libelle":"Compl\u00e9ment localisation","contenu":""},"pave9":{"libelle":"Compl\u00e9ment accueil","contenu":"Sconsigliato con cattivo tempo"},"pave10":{"libelle":"P\u00e9riodes en clair","contenu":""},"pave11":{"libelle":"Tarifs en clair","contenu":"Gratuito."},"pave12":{"libelle":"Compl\u00e9ment Tarifs","contenu":""},"pave13":{"libelle":"Compl\u00e9ment R\u00e9servation","contenu":""},"pave14":{"libelle":"Descriptif court","contenu":""},"pave15":{"libelle":"Descriptif d\u00e9taill\u00e9","contenu":""},"pave16":{"libelle":"Bons plans","contenu":""},"pave17":{"libelle":"Tarifs (Tarifs en clair, Compl\u00e9ment Tarifs)","contenu":""},"pave18":{"libelle":"P\u00e9riodes en clair","contenu":""},"pave19":{"libelle":"Descriptif court","contenu":""},"pave20":{"libelle":"Descriptif d\u00e9taill\u00e9","contenu":""},"pave21":{"libelle":"Bons plans","contenu":""},"pave22":{"libelle":"Tarifs (Tarifs en clair, Compl\u00e9ment Tarifs)","contenu":""},"pave23":{"libelle":"P\u00e9riodes en clair","contenu":""},"pave24":{"libelle":"Dispositions sp\u00e9ciales","contenu":""},"pave25":{"libelle":"","contenu":""},"Libelle":"Lago delle rane","Nom":"Balade : Lac des Grenouilles","Prenom":"","NomPrenom":"Balade : Lac des Grenouilles ","CiviliteNomPrenom":"Balade : Lac des Grenouilles ","Cle":"E|5506638","PrestataireParent":"","ContexteStat":"PRESTATAIRE-E-5506638","DateModificationIso":"2026-03-12T00:25:00+01:00","Type":"PRESTATAIRE","TypePrestataire":"E","Adresse":{"LigneAdresse1":"","LigneAdresse2":"","LigneAdresse3":"","CodePostal":"04260","Ville":"La Foux d\u2019Allos","Cedex":"","Etat":"","Pays":"FRA"},"Email":"","Telephone":"","TelephoneBureau":"","Portable":"","SiteWeb":"https:\/\/www.valdallos.com","Fax":"","Id":"e-5506638","Code":"E|5506638","Fichier":{"Image":[{"url":"https:\/\/www.valdallos.com\/medias\/images\/prestataires\/137201-grenouilles.jpg","chemin":"..\/medias\/images\/prestataires\/137201-grenouilles.jpg","libelle":"Lac aux Grenouilles, \u00e9tendue d'eau au milieu d'une for\u00eat de conif\u00e8res","extension":"jpg","categorie":"","largeur":1200,"theme":"","hauteur":900,"type":"Image","origine":"","liaisonPave":"","langue":"","id":"137201","urlVignette":"https:\/\/www.valdallos.com\/medias\/images\/prestataires\/v-137201-grenouilles.jpg","alt":"Lac aux Grenouilles, \u00e9tendue d'eau au milieu d'une for\u00eat de conif\u00e8res","title":"Lac aux Grenouilles, \u00e9tendue d'eau au milieu d'une for\u00eat de conif\u00e8res","MultiTaille":{"1920x1440":{"url":"https:\/\/www.valdallos.com\/medias\/images\/prestataires\/multitailles\/1920x1440_137201-grenouilles.jpg"},"1200x900":{"url":"https:\/\/www.valdallos.com\/medias\/images\/prestataires\/multitailles\/1200x900_137201-grenouilles.jpg"},"800x600":{"url":"https:\/\/www.valdallos.com\/medias\/images\/prestataires\/multitailles\/800x600_137201-grenouilles.jpg"},"640x480":{"url":"https:\/\/www.valdallos.com\/medias\/images\/prestataires\/multitailles\/640x480_137201-grenouilles.jpg"},"320x240":{"url":"https:\/\/www.valdallos.com\/medias\/images\/prestataires\/multitailles\/320x240_137201-grenouilles.jpg"},"160x120":{"url":"https:\/\/www.valdallos.com\/medias\/images\/prestataires\/multitailles\/160x120_137201-grenouilles.jpg"},"origine":{"url":"https:\/\/www.valdallos.com\/medias\/images\/prestataires\/137201-grenouilles.jpg"}},"urlLien":"","typeLien":"","nofollow":"N","copyright":"B Courbon"},{"url":"https:\/\/www.valdallos.com\/medias\/images\/prestataires\/137202-grenouilles_3.jpg","chemin":"..\/medias\/images\/prestataires\/137202-grenouilles_3.jpg","libelle":"Cours d'eau claire passant le long d'un sentier de for\u00eat, terre et cailloux, montagnes luxuriantes en arri\u00e8re-plan","extension":"jpg","categorie":"","largeur":1200,"theme":"","hauteur":900,"type":"Image","origine":"","liaisonPave":"","langue":"","id":"137202","urlVignette":"https:\/\/www.valdallos.com\/medias\/images\/prestataires\/v-137202-grenouilles_3.jpg","alt":"Cours d'eau claire passant le long d'un sentier de for\u00eat, terre et cailloux, montagnes luxuriantes en arri\u00e8re-plan","title":"Cours d'eau claire passant le long d'un sentier de for\u00eat, terre et cailloux, montagnes luxuriantes en arri\u00e8re-plan","MultiTaille":{"1920x1440":{"url":"https:\/\/www.valdallos.com\/medias\/images\/prestataires\/multitailles\/1920x1440_137202-grenouilles_3.jpg"},"1200x900":{"url":"https:\/\/www.valdallos.com\/medias\/images\/prestataires\/multitailles\/1200x900_137202-grenouilles_3.jpg"},"800x600":{"url":"https:\/\/www.valdallos.com\/medias\/images\/prestataires\/multitailles\/800x600_137202-grenouilles_3.jpg"},"640x480":{"url":"https:\/\/www.valdallos.com\/medias\/images\/prestataires\/multitailles\/640x480_137202-grenouilles_3.jpg"},"320x240":{"url":"https:\/\/www.valdallos.com\/medias\/images\/prestataires\/multitailles\/320x240_137202-grenouilles_3.jpg"},"160x120":{"url":"https:\/\/www.valdallos.com\/medias\/images\/prestataires\/multitailles\/160x120_137202-grenouilles_3.jpg"},"origine":{"url":"https:\/\/www.valdallos.com\/medias\/images\/prestataires\/137202-grenouilles_3.jpg"}},"urlLien":"","typeLien":"","nofollow":"N","copyright":"B Courbon"},{"url":"https:\/\/www.valdallos.com\/medias\/images\/prestataires\/137203-grenouilles_2.jpg","chemin":"..\/medias\/images\/prestataires\/137203-grenouilles_2.jpg","libelle":"Grande prairie ensoleill\u00e9e remplie de trolles d'Europe, m\u00e9l\u00e8zes et montagnes en arri\u00e8re-plan","extension":"jpg","categorie":"","largeur":1200,"theme":"","hauteur":900,"type":"Image","origine":"","liaisonPave":"","langue":"","id":"137203","urlVignette":"https:\/\/www.valdallos.com\/medias\/images\/prestataires\/v-137203-grenouilles_2.jpg","alt":"Grande prairie ensoleill\u00e9e remplie de trolles d'Europe, m\u00e9l\u00e8zes et montagnes en arri\u00e8re-plan","title":"Grande prairie ensoleill\u00e9e remplie de trolles d'Europe, m\u00e9l\u00e8zes et montagnes en arri\u00e8re-plan","MultiTaille":{"1920x1440":{"url":"https:\/\/www.valdallos.com\/medias\/images\/prestataires\/multitailles\/1920x1440_137203-grenouilles_2.jpg"},"1200x900":{"url":"https:\/\/www.valdallos.com\/medias\/images\/prestataires\/multitailles\/1200x900_137203-grenouilles_2.jpg"},"800x600":{"url":"https:\/\/www.valdallos.com\/medias\/images\/prestataires\/multitailles\/800x600_137203-grenouilles_2.jpg"},"640x480":{"url":"https:\/\/www.valdallos.com\/medias\/images\/prestataires\/multitailles\/640x480_137203-grenouilles_2.jpg"},"320x240":{"url":"https:\/\/www.valdallos.com\/medias\/images\/prestataires\/multitailles\/320x240_137203-grenouilles_2.jpg"},"160x120":{"url":"https:\/\/www.valdallos.com\/medias\/images\/prestataires\/multitailles\/160x120_137203-grenouilles_2.jpg"},"origine":{"url":"https:\/\/www.valdallos.com\/medias\/images\/prestataires\/137203-grenouilles_2.jpg"}},"urlLien":"","typeLien":"","nofollow":"N","copyright":"B Courbon"}],"ByCategorie":{"":[{"url":"https:\/\/www.valdallos.com\/medias\/images\/prestataires\/137201-grenouilles.jpg","chemin":"..\/medias\/images\/prestataires\/137201-grenouilles.jpg","libelle":"Lac aux Grenouilles, \u00e9tendue d'eau au milieu d'une for\u00eat de conif\u00e8res","extension":"jpg","categorie":"","largeur":1200,"theme":"","hauteur":900,"type":"Image","origine":"","liaisonPave":"","langue":"","id":"137201","urlVignette":"https:\/\/www.valdallos.com\/medias\/images\/prestataires\/v-137201-grenouilles.jpg","alt":"Lac aux Grenouilles, \u00e9tendue d'eau au milieu d'une for\u00eat de conif\u00e8res","title":"Lac aux Grenouilles, \u00e9tendue d'eau au milieu d'une for\u00eat de conif\u00e8res","MultiTaille":{"1920x1440":{"url":"https:\/\/www.valdallos.com\/medias\/images\/prestataires\/multitailles\/1920x1440_137201-grenouilles.jpg"},"1200x900":{"url":"https:\/\/www.valdallos.com\/medias\/images\/prestataires\/multitailles\/1200x900_137201-grenouilles.jpg"},"800x600":{"url":"https:\/\/www.valdallos.com\/medias\/images\/prestataires\/multitailles\/800x600_137201-grenouilles.jpg"},"640x480":{"url":"https:\/\/www.valdallos.com\/medias\/images\/prestataires\/multitailles\/640x480_137201-grenouilles.jpg"},"320x240":{"url":"https:\/\/www.valdallos.com\/medias\/images\/prestataires\/multitailles\/320x240_137201-grenouilles.jpg"},"160x120":{"url":"https:\/\/www.valdallos.com\/medias\/images\/prestataires\/multitailles\/160x120_137201-grenouilles.jpg"},"origine":{"url":"https:\/\/www.valdallos.com\/medias\/images\/prestataires\/137201-grenouilles.jpg"}},"urlLien":"","typeLien":"","nofollow":"N","copyright":"B Courbon"},{"url":"https:\/\/www.valdallos.com\/medias\/images\/prestataires\/137204-name_20.gpx","chemin":"..\/medias\/images\/prestataires\/137204-name_20.gpx","libelle":"Le lac des grenouilles","extension":"gpx","categorie":"","largeur":"","theme":"","hauteur":"","type":"Document","origine":"","liaisonPave":"","langue":"","id":"137204","poids":"12.82 Ko","alt":"Le lac des grenouilles","title":"Le lac des grenouilles"},{"url":"https:\/\/www.valdallos.com\/medias\/images\/prestataires\/137202-grenouilles_3.jpg","chemin":"..\/medias\/images\/prestataires\/137202-grenouilles_3.jpg","libelle":"Cours d'eau claire passant le long d'un sentier de for\u00eat, terre et cailloux, montagnes luxuriantes en arri\u00e8re-plan","extension":"jpg","categorie":"","largeur":1200,"theme":"","hauteur":900,"type":"Image","origine":"","liaisonPave":"","langue":"","id":"137202","urlVignette":"https:\/\/www.valdallos.com\/medias\/images\/prestataires\/v-137202-grenouilles_3.jpg","alt":"Cours d'eau claire passant le long d'un sentier de for\u00eat, terre et cailloux, montagnes luxuriantes en arri\u00e8re-plan","title":"Cours d'eau claire passant le long d'un sentier de for\u00eat, terre et cailloux, montagnes luxuriantes en arri\u00e8re-plan","MultiTaille":{"1920x1440":{"url":"https:\/\/www.valdallos.com\/medias\/images\/prestataires\/multitailles\/1920x1440_137202-grenouilles_3.jpg"},"1200x900":{"url":"https:\/\/www.valdallos.com\/medias\/images\/prestataires\/multitailles\/1200x900_137202-grenouilles_3.jpg"},"800x600":{"url":"https:\/\/www.valdallos.com\/medias\/images\/prestataires\/multitailles\/800x600_137202-grenouilles_3.jpg"},"640x480":{"url":"https:\/\/www.valdallos.com\/medias\/images\/prestataires\/multitailles\/640x480_137202-grenouilles_3.jpg"},"320x240":{"url":"https:\/\/www.valdallos.com\/medias\/images\/prestataires\/multitailles\/320x240_137202-grenouilles_3.jpg"},"160x120":{"url":"https:\/\/www.valdallos.com\/medias\/images\/prestataires\/multitailles\/160x120_137202-grenouilles_3.jpg"},"origine":{"url":"https:\/\/www.valdallos.com\/medias\/images\/prestataires\/137202-grenouilles_3.jpg"}},"urlLien":"","typeLien":"","nofollow":"N","copyright":"B Courbon"},{"url":"https:\/\/www.valdallos.com\/medias\/images\/prestataires\/137203-grenouilles_2.jpg","chemin":"..\/medias\/images\/prestataires\/137203-grenouilles_2.jpg","libelle":"Grande prairie ensoleill\u00e9e remplie de trolles d'Europe, m\u00e9l\u00e8zes et montagnes en arri\u00e8re-plan","extension":"jpg","categorie":"","largeur":1200,"theme":"","hauteur":900,"type":"Image","origine":"","liaisonPave":"","langue":"","id":"137203","urlVignette":"https:\/\/www.valdallos.com\/medias\/images\/prestataires\/v-137203-grenouilles_2.jpg","alt":"Grande prairie ensoleill\u00e9e remplie de trolles d'Europe, m\u00e9l\u00e8zes et montagnes en arri\u00e8re-plan","title":"Grande prairie ensoleill\u00e9e remplie de trolles d'Europe, m\u00e9l\u00e8zes et montagnes en arri\u00e8re-plan","MultiTaille":{"1920x1440":{"url":"https:\/\/www.valdallos.com\/medias\/images\/prestataires\/multitailles\/1920x1440_137203-grenouilles_2.jpg"},"1200x900":{"url":"https:\/\/www.valdallos.com\/medias\/images\/prestataires\/multitailles\/1200x900_137203-grenouilles_2.jpg"},"800x600":{"url":"https:\/\/www.valdallos.com\/medias\/images\/prestataires\/multitailles\/800x600_137203-grenouilles_2.jpg"},"640x480":{"url":"https:\/\/www.valdallos.com\/medias\/images\/prestataires\/multitailles\/640x480_137203-grenouilles_2.jpg"},"320x240":{"url":"https:\/\/www.valdallos.com\/medias\/images\/prestataires\/multitailles\/320x240_137203-grenouilles_2.jpg"},"160x120":{"url":"https:\/\/www.valdallos.com\/medias\/images\/prestataires\/multitailles\/160x120_137203-grenouilles_2.jpg"},"origine":{"url":"https:\/\/www.valdallos.com\/medias\/images\/prestataires\/137203-grenouilles_2.jpg"}},"urlLien":"","typeLien":"","nofollow":"N","copyright":"B Courbon"}]},"Document":[{"url":"https:\/\/www.valdallos.com\/medias\/images\/prestataires\/137204-name_20.gpx","chemin":"..\/medias\/images\/prestataires\/137204-name_20.gpx","libelle":"Le lac des grenouilles","extension":"gpx","categorie":"","largeur":"","theme":"","hauteur":"","type":"Document","origine":"","liaisonPave":"","langue":"","id":"137204","poids":"12.82 Ko","alt":"Le lac des grenouilles","title":"Le lac des grenouilles"}]},"Url":"lago-delle-rane-la-foux-dallos.html","Localisation":{"GoogleMap":{"Latitude":"44.26846","Longitude":"6.562705"}},"ZoneGeo":"","Criteres":{"EADHER[EGRAT":"","CIDUREE[RANDO2":"","CIDUREE[RANDO5":"","ZONEGEO[FRPA04VAV1800":"","PUBLICATION[VALDALLOSITI":"","P.typologiesPromoSitra[1599":"","P.34[1602":"","P.services[687":"","P.prestations[animauxAcceptes":"","P.prestations[surchargeTourismesAdaptes":"","P.prestations[surchargeDescriptifHandicapMoteur":"","P.prestations[surchargeDescriptifHandicapAuditif":"","P.prestations[surchargeDescriptifHandicapVisuel":"","P.prestations[surchargeDescriptifHandicapMental":"","P.prestations[surchargeNombreFauteuilsRoulants":"","P.languesParlees[1197":"","P.114[416":"","P.114[418":"","P.114[436":"","P.tourismeAffaires[tourismeAffairesEnabled":"","P.tourismeAffaires[devise":"EUR","P.visites[visitable":"","P.visites[dureeMoyenneVisiteIndividuelle":"150","P.prestationsVisitesIndividuelles[480":"","P.prestationsVisitesGroupees[488":"","P.rubrique[2988":"","P.61[3184":"","P.61[3333":"","P.itineraire[denivellationPositive":"330","P.itineraire[distance":"6","P.itineraire[dureeJournaliere":"150","P.itineraire[altitudeMaximum":"2020","P.itineraire[itineraireType":"BOUCLE","P.itineraire[itineraireBalise":"","P.itineraire[denivellation":"330","P.naturesTerrain[4246":"","P.CINTSITRA[5662":"","P.CINTSITRA[8809":"","P.6241[126905":"","P.6241[5740912":"","P.3218[311229":"","P.3220[587401":"","P.3220[5575332":"","P.3233[591419":"","P.3221[4876304":"","P.3219[5127066":"","P.3219[5239406":"","P.3240[5778284":"","P.3230[6139211":"","P.VilleSitra[37282":"","P.VillageDeDepart[37282":"","INDICATIONPRIX[GRATUIT":""},"DateFinPublication":"","PrixAPartirDe":"","PrixPour":"","FicheListeEnCours":"fiche_liste_itineraires_equip_v2018","ParametresModele":{"AfficherPhotos":1,"NbPhotosMax":6,"AfficherReserver":0,"AfficherContact":"1","AfficherSalle":1,"AfficherZoneGeo":0,"AfficherEnSavoirPlus":"0","AfficherUneSeuleOuverture":0,"AfficherContactCarte":1,"AfficherTarifsChaudAPartirDe":0,"AfficherTarifChaudSansRecherche":0,"AfficherAvis":"0","AfficherAvisIngenie":"1","BlocCritereInfo":{"critere1":{"libelle":""},"critere2":{"libelle":""},"critere3":{"libelle":""},"critere4":{"libelle":""},"critere5":{"libelle":""},"critere6":{"libelle":"","liste_critere":["CIDUREE|E","P.prestations|ANINOAD|E","P.itineraire|distance|E","P.itineraire|denivellation|E","P.itineraire|dureeJournaliere|E"]},"critere7":{"libelle":"","liste_critere":["ZONEGEO|FRPA04VAV1800|E","ZONEGEO|FRPA04VAV1500|E","ZONEGEO|FRPA04VAV1400|E"]},"critere8":{"libelle":""},"critere9":{"libelle":""},"afficherpictoetpaslibelle":"1"},"BlocPaveInfo":{"texte1":{"longeurmax":"","afficherLibelle":"0","garderHtml":"0"},"texte3":{"longeurmax":"","afficherLibelle":"0","garderHtml":"0"}},"Criteres":"PUBLICATION[VALDALLOSITI","ModeleUrl":"fiche_itineraires_equip_v2018","PositionBloc":"GALLERIE|NOM|CRITERESORDONNEES|ZONEPRINCIPALFICHEPRESTA|DESCRIPTIF|AVIS|CARNET_VOYAGE|URL","TypePrestataire":"E","ComportementResa":false,"ComportementDispo":false},"AffichageCoordonnees":[],"Coordonnees":{"Ville":"La Foux d\u2019Allos"},"ContexteId":"PRESTATAIRE|E|5506638","ContexteIdHtml":"PRESTATAIRE-E-5506638","cleContexte":"E|5506638","Bloc":{"texte1":"","texte3":"","critere1":{"libelle":"","contenu":[]},"critere2":{"libelle":"","contenu":[]},"critere3":{"libelle":"","contenu":[]},"critere4":{"libelle":"","contenu":[]},"critere5":{"libelle":"","contenu":[]},"critere6":{"libelle":"","contenu":{"CIDUREE":{"libelle":"Itinerari","contenu":{"2":"Mezza giornata","5":"Speciale famiglie"},"codesValeurs":{"2":"CIDUREE|RANDO2|E","5":"CIDUREE|RANDO5|E"},"criteres_datas":{"valeurs":{"2":{"RANDO2":{"descriptif":""}},"5":{"RANDO5":{"descriptif":""}}}}},"P.itineraire":{"libelle":"Circuito","contenu":{"3":"\u003Cspan class=\"libelle\"\u003Edistanza\u003C\/span\u003E \u003Cspan class=\"quantite\"\u003E6\u003C\/span\u003E","5":"\u003Cspan class=\"libelle\"\u003Edislivello\u003C\/span\u003E \u003Cspan class=\"quantite\"\u003E330\u003C\/span\u003E","6":"\u003Cspan class=\"libelle\"\u003Edurata\u003C\/span\u003E \u003Cspan class=\"quantite\"\u003E150\u003C\/span\u003E"},"codesValeurs":{"3":"P.itineraire|distance|E","5":"P.itineraire|denivellation|E","6":"P.itineraire|dureeJournaliere|E"},"criteres_datas":{"valeurs":{"3":{"distance":{"descriptif":""}},"5":{"denivellation":{"descriptif":""}},"6":{"dureeJournaliere":{"descriptif":""}}}}}}},"critere7":{"libelle":"","contenu":{"ZONEGEO":{"libelle":"Citt\u00e0","contenu":{"1":"Val d\u2019Allos \u2013 La Foux"},"codesValeurs":{"1":"ZONEGEO|FRPA04VAV1800|E"},"criteres_datas":{"valeurs":{"1":{"FRPA04VAV1800":{"descriptif":""}}}}}}},"critere8":{"libelle":"","contenu":[]},"critere9":{"libelle":"","contenu":[]}},"LocalisationGps":{"Latitude":"44.26846","Longitude":"6.562705"},"libelleDuPrestataire":"","listeCriteres":{"EADHER":{"EGRAT":""},"CIDUREE":{"RANDO2":"","RANDO5":""},"ZONEGEO":{"FRPA04VAV1800":""},"PUBLICATION":{"VALDALLOSITI":""},"P.typologiesPromoSitra":{"1599":""},"P.34":{"1602":""},"P.services":{"687":""},"P.prestations":{"animauxAcceptes":"","surchargeTourismesAdaptes":"","surchargeDescriptifHandicapMoteur":"","surchargeDescriptifHandicapAuditif":"","surchargeDescriptifHandicapVisuel":"","surchargeDescriptifHandicapMental":"","surchargeNombreFauteuilsRoulants":""},"P.languesParlees":{"1197":""},"P.114":{"416":"","418":"","436":""},"P.tourismeAffaires":{"tourismeAffairesEnabled":"","devise":"EUR"},"P.visites":{"visitable":"","dureeMoyenneVisiteIndividuelle":"150"},"P.prestationsVisitesIndividuelles":{"480":""},"P.prestationsVisitesGroupees":{"488":""},"P.rubrique":{"2988":""},"P.61":{"3184":"","3333":""},"P.itineraire":{"denivellationPositive":"330","distance":"6","dureeJournaliere":"150","altitudeMaximum":"2020","itineraireType":"BOUCLE","itineraireBalise":"","denivellation":"330"},"P.naturesTerrain":{"4246":""},"P.CINTSITRA":{"5662":"","8809":""},"P.6241":{"126905":"","5740912":""},"P.3218":{"311229":""},"P.3220":{"587401":"","5575332":""},"P.3233":{"591419":""},"P.3221":{"4876304":""},"P.3219":{"5127066":"","5239406":""},"P.3240":{"5778284":""},"P.3230":{"6139211":""},"P.VilleSitra":{"37282":""},"P.VillageDeDepart":{"37282":""},"INDICATIONPRIX":{"GRATUIT":""}},"dansCarnetVoyage":true,"Ouverture":""},"html":" \n \u003Cdiv id=\"CV-PRESTATAIRE-E-5506638\" data-contexte-id=\"PRESTATAIRE|E|5506638\" data-cle=\"E|5506638\" class=\"fiche-liste\"\u003E\n    \n\n    \u003C!-- partie photo --\u003E\n    \u003Cdiv class=\"photo\"\u003E\t\t\t\t\t\t\t\t\t\t\t\t\t\t\t\t\t\t\t\t\t\n        \u003Cdiv class=\"cadre_photo_principale\"\u003E\t\t\n        \n            \t\t\t\t\t\n                    \u003Ca href=\"lago-delle-rane-la-foux-dallos.html?origine=carnet#media\"\u003E\n                        \u003Cimg class=\"photo_principale\" alt=\"Lac aux Grenouilles, \u00e9tendue d'eau au milieu d'une for\u00eat de conif\u00e8res\" src=\"https:\/\/www.valdallos.com\/medias\/images\/prestataires\/multitailles\/320x240_137201-grenouilles.jpg\" itemprop=\"image\"\u003E\n                    \u003C\/a\u003E\t\t\t\t\t\t\n                \n                    \u003C\/div\u003E\t\t\t\t\t\t\t\t\t\t\t\t\t\t\t\t\t\t\t \t\t\n    \u003C\/div\u003E\n    \n    \u003C!-- partie nom prest --\u003E\n    \u003Cdiv class=\"nom\"\u003E\n        \u003Ch2\u003ELago delle rane\u003C\/h2\u003E\n        \n            \u003C\/div\u003E\n\n         \n    \u003C!-- partie adresse --\u003E\n    \u003Cdiv class=\"adresse\"\u003E\n    \n          \n    \u003C\/div\u003E\n    \n    \u003C!-- partie liens --\u003E\n    \u003Cdiv class=\"liens\"\u003E\n            \u003Ca class=\"btn-icon btn-view \" title=\"Vedi il file dettagliato\" href=\"lago-delle-rane-la-foux-dallos.html?origine=carnet\"\u003E\u003C\/a\u003E\u003C!--\u003Ca class=\"btn-icon btn-view \" title=\"\" href=\"?origine=carnet#thaut\"\u003E\u003C\/a\u003E--\u003E\n      \u003Ca class=\"btn-icon btn-trash carnet_voyage_supprimer\" title=\"Elimina questo file dal mio diario di viaggio\" href=\"carnet-voyage?action=remove&fiche=E|5506638\"\u003E\u003C\/a\u003E\n    \u003C\/div\u003E\n\n\u003C\/div\u003E\n\n","icon":"https:\/\/static.ingenie.fr\/images\/carnetVoyageV3\/E.png"},"fiche":"E|5506638","popup":"\u003Cdiv id=\"bloc_popup_ajout_fiche_carnet\"\u003E\n    \u003Cdiv class=\"info_popup_ajout_fiche_carnet\"\u003E\n        Hai appena aggiunto questo elemento alla tua selezione:    \u003C\/div\u003E\n    \u003Cdiv class=\"prest_popup_ajout_fiche_carnet\"\u003E\n        Lago delle rane    \u003C\/div\u003E\n    \u003Cdiv class=\"bloc_btn_ajout_fiche_carnet form_submit_div\"\u003E\n        \u003Cinput type=\"button\" value=\"Continua la mia selezione\" title=\"Continua la mia selezione\" name=\"btn_close\" class=\"btn_close_popup_carnet form_submit\" onclick=\"$.colorbox.close()\" \/\u003E\n        \u003Cinput type=\"button\" value=\"Visualizza la mia selezione\" title=\"Visualizza la mia selezione\" name=\"btn_panier\" class=\"btn_panier_popup_carnet form_submit\" onclick=\"if(typeof CarnetVoyage != 'undefined') {CarnetVoyage.voirCarnet();}\" \/\u003E\n    \u003C\/div\u003E\n    \u003Cdiv class=\"bloc_btn_ajout_fiche_carnet\"\u003E\n        \u003Cinput type=\"checkbox\" value=\"1\" name=\"desactiver_popup\" id=\"desactiver_popup\" \/\u003E\n        \u003Clabel for=\"desactiver_popup\"\u003ENon visualizzare pi\u00f9 questo messaggio\u003C\/label\u003E\n    \u003C\/div\u003E\n\u003C\/div\u003E","success":1}