{"nbFiches":1,"dataPrest":{"infoPrest":{"pave1":{"libelle":"Descriptif","contenu":""},"pave2":{"libelle":"Tarifs Hiver","contenu":""},"pave3":{"libelle":"Tarifs Et\u00e9","contenu":""},"pave4":{"libelle":"URL de la r\u00e9servation ou vente en ligne","contenu":""},"pave5":{"libelle":"Descriptif court (old)","contenu":"Questo percorso era utilizzato dal fattore prima del 1950 quando le frazioni di Brec e la fattoria dei boschi erano abitate."},"pave6":{"libelle":"Descriptif d\u00e9taill\u00e9","contenu":"Partendo dalla Salle des F\u00eates di Val d'Allos - il Villaggio, percorrerete il sentiero \"Le Brec Bouchier\" dove il torrente Chadoulin vi accompagner\u00e0 in questo ambiente forestale. Si prende poi la direzione del Brec per raggiungere il Bois de la Vacheresse dove si scoprono le frazioni, la \"Fattoria dei boschi\", prima di scendere a Bouchier poi raggiungere il Villaggio.\u003Cbr \/\u003E\r\n\u003Cbr \/\u003E\r\nVariante: Dopo il Hameau de Bouchier, avete la possibilit\u00e0 di prendere il sentiero dell' Haute Colette dove scoprirete un panorama magnifico sulla valle dell' Haut-Verdon."},"pave7":{"libelle":"Bons plans","contenu":""},"pave8":{"libelle":"Compl\u00e9ment localisation","contenu":""},"pave9":{"libelle":"Compl\u00e9ment accueil","contenu":"Sconsigliato con cattivo tempo"},"pave10":{"libelle":"P\u00e9riodes en clair","contenu":""},"pave11":{"libelle":"Tarifs en clair","contenu":"Gratuito."},"pave12":{"libelle":"Compl\u00e9ment Tarifs","contenu":""},"pave13":{"libelle":"Compl\u00e9ment R\u00e9servation","contenu":""},"pave14":{"libelle":"Descriptif court","contenu":""},"pave15":{"libelle":"Descriptif d\u00e9taill\u00e9","contenu":""},"pave16":{"libelle":"Bons plans","contenu":""},"pave17":{"libelle":"Tarifs (Tarifs en clair, Compl\u00e9ment Tarifs)","contenu":""},"pave18":{"libelle":"P\u00e9riodes en clair","contenu":""},"pave19":{"libelle":"Descriptif court","contenu":""},"pave20":{"libelle":"Descriptif d\u00e9taill\u00e9","contenu":""},"pave21":{"libelle":"Bons plans","contenu":""},"pave22":{"libelle":"Tarifs (Tarifs en clair, Compl\u00e9ment Tarifs)","contenu":""},"pave23":{"libelle":"P\u00e9riodes en clair","contenu":""},"pave24":{"libelle":"Dispositions sp\u00e9ciales","contenu":""},"pave25":{"libelle":"","contenu":""},"ContactsParType":{"GEST":{"110231":{"id_contact":"110231","type_contact":"GEST","categorie_contact":"PRESTATAIRE","societe_contact":"","fonction_contact":"","civilite_nom_prenom_contact":"Office de Tourisme du Val d'Allos ","adresse1_contact":"place de la coop\u00e9rative","adresse2_contact":"Val d'Allos -le  Village","adresse3_contact":"","cpostal_contact":"04260","ville_contact":"Allos","teldom_contact":"04 92 83 02 81","telbur_contact":"","fax_contact":"","portable_contact":"","email_contact":"","siteweb_contact":"https:\/\/www.valdallos.com","commentaire_contact":"","langue_contact":"","autre_moyen_com":[]}}},"Libelle":"Percorso del Postino","Nom":"Randonn\u00e9e le Chemin du Facteur","Prenom":"","NomPrenom":"Randonn\u00e9e le Chemin du Facteur ","CiviliteNomPrenom":"Randonn\u00e9e le Chemin du Facteur ","Cle":"E|5506969","PrestataireParent":"","ContexteStat":"PRESTATAIRE-E-5506969","DateModificationIso":"2026-03-31T09:02:00+02:00","Type":"PRESTATAIRE","TypePrestataire":"E","Adresse":{"LigneAdresse1":"","LigneAdresse2":"","LigneAdresse3":"","CodePostal":"04260","Ville":"Allos","Cedex":"","Etat":"","Pays":"FRA"},"Email":"","Telephone":"","TelephoneBureau":"","Portable":"","SiteWeb":"https:\/\/www.valdallos.com","Fax":"","Id":"e-5506969","Code":"E|5506969","Fichier":{"Image":[{"url":"https:\/\/www.valdallos.com\/medias\/images\/prestataires\/120935-facteur1.jpg","chemin":"..\/medias\/images\/prestataires\/120935-facteur1.jpg","libelle":"Le chemin du facteur","extension":"jpg","categorie":"","largeur":803,"theme":"","hauteur":600,"type":"Image","origine":"","liaisonPave":"","langue":"","id":"120935","urlVignette":"https:\/\/www.valdallos.com\/medias\/images\/prestataires\/v-120935-facteur1.jpg","alt":"Le chemin du facteur","title":"Le chemin du facteur","MultiTaille":{"1920x1440":{"url":"https:\/\/www.valdallos.com\/medias\/images\/prestataires\/multitailles\/1920x1440_120935-facteur1.jpg"},"1200x900":{"url":"https:\/\/www.valdallos.com\/medias\/images\/prestataires\/multitailles\/1200x900_120935-facteur1.jpg"},"800x600":{"url":"https:\/\/www.valdallos.com\/medias\/images\/prestataires\/multitailles\/800x600_120935-facteur1.jpg"},"640x480":{"url":"https:\/\/www.valdallos.com\/medias\/images\/prestataires\/multitailles\/640x480_120935-facteur1.jpg"},"320x240":{"url":"https:\/\/www.valdallos.com\/medias\/images\/prestataires\/multitailles\/320x240_120935-facteur1.jpg"},"160x120":{"url":"https:\/\/www.valdallos.com\/medias\/images\/prestataires\/multitailles\/160x120_120935-facteur1.jpg"},"origine":{"url":"https:\/\/www.valdallos.com\/medias\/images\/prestataires\/120935-facteur1.jpg"}},"urlLien":"","typeLien":"","nofollow":"N","copyright":"office de tourisme du Val d'Allos"},{"url":"https:\/\/www.valdallos.com\/medias\/images\/prestataires\/120936-facteur2.jpg","chemin":"..\/medias\/images\/prestataires\/120936-facteur2.jpg","libelle":"Le chemin du facteur","extension":"jpg","categorie":"","largeur":803,"theme":"","hauteur":600,"type":"Image","origine":"","liaisonPave":"","langue":"","id":"120936","urlVignette":"https:\/\/www.valdallos.com\/medias\/images\/prestataires\/v-120936-facteur2.jpg","alt":"Le chemin du facteur","title":"Le chemin du facteur","MultiTaille":{"1920x1440":{"url":"https:\/\/www.valdallos.com\/medias\/images\/prestataires\/multitailles\/1920x1440_120936-facteur2.jpg"},"1200x900":{"url":"https:\/\/www.valdallos.com\/medias\/images\/prestataires\/multitailles\/1200x900_120936-facteur2.jpg"},"800x600":{"url":"https:\/\/www.valdallos.com\/medias\/images\/prestataires\/multitailles\/800x600_120936-facteur2.jpg"},"640x480":{"url":"https:\/\/www.valdallos.com\/medias\/images\/prestataires\/multitailles\/640x480_120936-facteur2.jpg"},"320x240":{"url":"https:\/\/www.valdallos.com\/medias\/images\/prestataires\/multitailles\/320x240_120936-facteur2.jpg"},"160x120":{"url":"https:\/\/www.valdallos.com\/medias\/images\/prestataires\/multitailles\/160x120_120936-facteur2.jpg"},"origine":{"url":"https:\/\/www.valdallos.com\/medias\/images\/prestataires\/120936-facteur2.jpg"}},"urlLien":"","typeLien":"","nofollow":"N","copyright":"office de tourisme du Val d'Allos"},{"url":"https:\/\/www.valdallos.com\/medias\/images\/prestataires\/120937-facteur3.jpg","chemin":"..\/medias\/images\/prestataires\/120937-facteur3.jpg","libelle":"Le chemin du facteur","extension":"jpg","categorie":"","largeur":800,"theme":"","hauteur":600,"type":"Image","origine":"","liaisonPave":"","langue":"","id":"120937","urlVignette":"https:\/\/www.valdallos.com\/medias\/images\/prestataires\/v-120937-facteur3.jpg","alt":"Le chemin du facteur","title":"Le chemin du facteur","MultiTaille":{"1920x1440":{"url":"https:\/\/www.valdallos.com\/medias\/images\/prestataires\/multitailles\/1920x1440_120937-facteur3.jpg"},"1200x900":{"url":"https:\/\/www.valdallos.com\/medias\/images\/prestataires\/multitailles\/1200x900_120937-facteur3.jpg"},"800x600":{"url":"https:\/\/www.valdallos.com\/medias\/images\/prestataires\/multitailles\/800x600_120937-facteur3.jpg"},"640x480":{"url":"https:\/\/www.valdallos.com\/medias\/images\/prestataires\/multitailles\/640x480_120937-facteur3.jpg"},"320x240":{"url":"https:\/\/www.valdallos.com\/medias\/images\/prestataires\/multitailles\/320x240_120937-facteur3.jpg"},"160x120":{"url":"https:\/\/www.valdallos.com\/medias\/images\/prestataires\/multitailles\/160x120_120937-facteur3.jpg"},"origine":{"url":"https:\/\/www.valdallos.com\/medias\/images\/prestataires\/120937-facteur3.jpg"}},"urlLien":"","typeLien":"","nofollow":"N","copyright":"office de tourisme du Val d'Allos"}],"ByCategorie":{"":[{"url":"https:\/\/www.valdallos.com\/medias\/images\/prestataires\/120935-facteur1.jpg","chemin":"..\/medias\/images\/prestataires\/120935-facteur1.jpg","libelle":"Le chemin du facteur","extension":"jpg","categorie":"","largeur":803,"theme":"","hauteur":600,"type":"Image","origine":"","liaisonPave":"","langue":"","id":"120935","urlVignette":"https:\/\/www.valdallos.com\/medias\/images\/prestataires\/v-120935-facteur1.jpg","alt":"Le chemin du facteur","title":"Le chemin du facteur","MultiTaille":{"1920x1440":{"url":"https:\/\/www.valdallos.com\/medias\/images\/prestataires\/multitailles\/1920x1440_120935-facteur1.jpg"},"1200x900":{"url":"https:\/\/www.valdallos.com\/medias\/images\/prestataires\/multitailles\/1200x900_120935-facteur1.jpg"},"800x600":{"url":"https:\/\/www.valdallos.com\/medias\/images\/prestataires\/multitailles\/800x600_120935-facteur1.jpg"},"640x480":{"url":"https:\/\/www.valdallos.com\/medias\/images\/prestataires\/multitailles\/640x480_120935-facteur1.jpg"},"320x240":{"url":"https:\/\/www.valdallos.com\/medias\/images\/prestataires\/multitailles\/320x240_120935-facteur1.jpg"},"160x120":{"url":"https:\/\/www.valdallos.com\/medias\/images\/prestataires\/multitailles\/160x120_120935-facteur1.jpg"},"origine":{"url":"https:\/\/www.valdallos.com\/medias\/images\/prestataires\/120935-facteur1.jpg"}},"urlLien":"","typeLien":"","nofollow":"N","copyright":"office de tourisme du Val d'Allos"},{"url":"https:\/\/www.valdallos.com\/medias\/images\/prestataires\/120938-name_37.gpx","chemin":"..\/medias\/images\/prestataires\/120938-name_37.gpx","libelle":"Chemin du facteur","extension":"gpx","categorie":"","largeur":"","theme":"","hauteur":"","type":"Document","origine":"","liaisonPave":"","langue":"","id":"120938","poids":"22.44 Ko","alt":"Chemin du facteur","title":"Chemin du facteur"},{"url":"https:\/\/www.valdallos.com\/medias\/images\/prestataires\/120936-facteur2.jpg","chemin":"..\/medias\/images\/prestataires\/120936-facteur2.jpg","libelle":"Le chemin du facteur","extension":"jpg","categorie":"","largeur":803,"theme":"","hauteur":600,"type":"Image","origine":"","liaisonPave":"","langue":"","id":"120936","urlVignette":"https:\/\/www.valdallos.com\/medias\/images\/prestataires\/v-120936-facteur2.jpg","alt":"Le chemin du facteur","title":"Le chemin du facteur","MultiTaille":{"1920x1440":{"url":"https:\/\/www.valdallos.com\/medias\/images\/prestataires\/multitailles\/1920x1440_120936-facteur2.jpg"},"1200x900":{"url":"https:\/\/www.valdallos.com\/medias\/images\/prestataires\/multitailles\/1200x900_120936-facteur2.jpg"},"800x600":{"url":"https:\/\/www.valdallos.com\/medias\/images\/prestataires\/multitailles\/800x600_120936-facteur2.jpg"},"640x480":{"url":"https:\/\/www.valdallos.com\/medias\/images\/prestataires\/multitailles\/640x480_120936-facteur2.jpg"},"320x240":{"url":"https:\/\/www.valdallos.com\/medias\/images\/prestataires\/multitailles\/320x240_120936-facteur2.jpg"},"160x120":{"url":"https:\/\/www.valdallos.com\/medias\/images\/prestataires\/multitailles\/160x120_120936-facteur2.jpg"},"origine":{"url":"https:\/\/www.valdallos.com\/medias\/images\/prestataires\/120936-facteur2.jpg"}},"urlLien":"","typeLien":"","nofollow":"N","copyright":"office de tourisme du Val d'Allos"},{"url":"https:\/\/www.valdallos.com\/medias\/images\/prestataires\/120937-facteur3.jpg","chemin":"..\/medias\/images\/prestataires\/120937-facteur3.jpg","libelle":"Le chemin du facteur","extension":"jpg","categorie":"","largeur":800,"theme":"","hauteur":600,"type":"Image","origine":"","liaisonPave":"","langue":"","id":"120937","urlVignette":"https:\/\/www.valdallos.com\/medias\/images\/prestataires\/v-120937-facteur3.jpg","alt":"Le chemin du facteur","title":"Le chemin du facteur","MultiTaille":{"1920x1440":{"url":"https:\/\/www.valdallos.com\/medias\/images\/prestataires\/multitailles\/1920x1440_120937-facteur3.jpg"},"1200x900":{"url":"https:\/\/www.valdallos.com\/medias\/images\/prestataires\/multitailles\/1200x900_120937-facteur3.jpg"},"800x600":{"url":"https:\/\/www.valdallos.com\/medias\/images\/prestataires\/multitailles\/800x600_120937-facteur3.jpg"},"640x480":{"url":"https:\/\/www.valdallos.com\/medias\/images\/prestataires\/multitailles\/640x480_120937-facteur3.jpg"},"320x240":{"url":"https:\/\/www.valdallos.com\/medias\/images\/prestataires\/multitailles\/320x240_120937-facteur3.jpg"},"160x120":{"url":"https:\/\/www.valdallos.com\/medias\/images\/prestataires\/multitailles\/160x120_120937-facteur3.jpg"},"origine":{"url":"https:\/\/www.valdallos.com\/medias\/images\/prestataires\/120937-facteur3.jpg"}},"urlLien":"","typeLien":"","nofollow":"N","copyright":"office de tourisme du Val d'Allos"}]},"Document":[{"url":"https:\/\/www.valdallos.com\/medias\/images\/prestataires\/120938-name_37.gpx","chemin":"..\/medias\/images\/prestataires\/120938-name_37.gpx","libelle":"Chemin du facteur","extension":"gpx","categorie":"","largeur":"","theme":"","hauteur":"","type":"Document","origine":"","liaisonPave":"","langue":"","id":"120938","poids":"22.44 Ko","alt":"Chemin du facteur","title":"Chemin du facteur"}]},"Url":"percorso-del-postino-allos.html","Localisation":{"GoogleMap":{"Latitude":"44.257531","Longitude":"6.642004"}},"ZoneGeo":"","Criteres":{"PUBLICATION[VALDALLOSITI":"","EADHER[EGRAT":"","CIDUREE[RANDO3":"","ZONEGEO[FRPA04VAV1400":"","P.CINTSITRA[8809":"","P.CINTSITRA[5662":"","P.prestations[animauxAcceptes":"","P.prestations[surchargeTourismesAdaptes":"","P.prestations[surchargeDescriptifHandicapMoteur":"","P.prestations[surchargeDescriptifHandicapAuditif":"","P.prestations[surchargeDescriptifHandicapVisuel":"","P.prestations[surchargeDescriptifHandicapMental":"","P.prestations[surchargeNombreFauteuilsRoulants":"","P.services[687":"","P.prestationsVisitesIndividuelles[480":"","P.itineraire[itineraireBalise":"","P.itineraire[denivellationPositive":"350","P.itineraire[distance":"12","P.itineraire[itineraireType":"BOUCLE","P.itineraire[dureeJournaliere":"210","P.itineraire[altitudeMaximum":"1766","P.114[418":"","P.114[416":"","P.114[436":"","P.visites[visitable":"","P.visites[dureeMoyenneVisiteIndividuelle":"210","P.typologiesPromoSitra[1599":"","INDICATIONPRIX[GRATUIT":"","P.languesParlees[1197":"","P.rubrique[2988":"","P.61[3184":"","P.61[3333":"","P.naturesTerrain[4246":"","P.VilleSitra[1559":"","P.3220[587401":"","P.3220[5575332":"","P.3221[4876304":"","P.3218[311229":"","P.3233[591419":"","P.3219[5127127":"","P.3219[5239406":"","P.3219[6436838":"","P.prestationsVisitesGroupees[488":"","P.6241[126905":"","P.6241[5740912":"","P.6242[5843488":"","P.3240[5778284":"","P.VillageDeDepart[1559":"","P.3230[6139211":"","P.34[1602":""},"DateFinPublication":"","PrixAPartirDe":"","PrixPour":"","FicheListeEnCours":"fiche_liste_itineraires_equip_v2018","ParametresModele":{"AfficherPhotos":1,"NbPhotosMax":6,"AfficherReserver":0,"AfficherContact":"1","AfficherSalle":1,"AfficherZoneGeo":0,"AfficherEnSavoirPlus":"0","AfficherUneSeuleOuverture":0,"AfficherContactCarte":1,"AfficherTarifsChaudAPartirDe":0,"AfficherTarifChaudSansRecherche":0,"AfficherAvis":"0","AfficherAvisIngenie":"1","BlocCritereInfo":{"critere1":{"libelle":""},"critere2":{"libelle":""},"critere3":{"libelle":""},"critere4":{"libelle":""},"critere5":{"libelle":""},"critere6":{"libelle":"","liste_critere":["CIDUREE|E","P.prestations|ANINOAD|E","P.itineraire|distance|E","P.itineraire|denivellation|E","P.itineraire|dureeJournaliere|E"]},"critere7":{"libelle":"","liste_critere":["ZONEGEO|FRPA04VAV1800|E","ZONEGEO|FRPA04VAV1500|E","ZONEGEO|FRPA04VAV1400|E"]},"critere8":{"libelle":""},"critere9":{"libelle":""},"afficherpictoetpaslibelle":"1"},"BlocPaveInfo":{"texte1":{"longeurmax":"","afficherLibelle":"0","garderHtml":"0"},"texte3":{"longeurmax":"","afficherLibelle":"0","garderHtml":"0"}},"Criteres":"PUBLICATION[VALDALLOSITI","ModeleUrl":"fiche_itineraires_equip_v2018","PositionBloc":"GALLERIE|NOM|CRITERESORDONNEES|ZONEPRINCIPALFICHEPRESTA|DESCRIPTIF|AVIS|CARNET_VOYAGE|URL","TypePrestataire":"E","ComportementResa":false,"ComportementDispo":false},"AffichageCoordonnees":[],"Coordonnees":{"Ville":"Allos"},"ContexteId":"PRESTATAIRE|E|5506969","ContexteIdHtml":"PRESTATAIRE-E-5506969","cleContexte":"E|5506969","Bloc":{"texte1":"","texte3":"","critere1":{"libelle":"","contenu":[]},"critere2":{"libelle":"","contenu":[]},"critere3":{"libelle":"","contenu":[]},"critere4":{"libelle":"","contenu":[]},"critere5":{"libelle":"","contenu":[]},"critere6":{"libelle":"","contenu":{"CIDUREE":{"libelle":"Itinerari","contenu":{"3":"Piccola giornata"},"codesValeurs":{"3":"CIDUREE|RANDO3|E"},"criteres_datas":{"valeurs":{"3":{"RANDO3":{"descriptif":""}}}}},"P.itineraire":{"libelle":"Circuito","contenu":{"3":"\u003Cspan class=\"libelle\"\u003Edistanza\u003C\/span\u003E \u003Cspan class=\"quantite\"\u003E12\u003C\/span\u003E","6":"\u003Cspan class=\"libelle\"\u003Edurata\u003C\/span\u003E \u003Cspan class=\"quantite\"\u003E210\u003C\/span\u003E"},"codesValeurs":{"3":"P.itineraire|distance|E","6":"P.itineraire|dureeJournaliere|E"},"criteres_datas":{"valeurs":{"3":{"distance":{"descriptif":""}},"6":{"dureeJournaliere":{"descriptif":""}}}}}}},"critere7":{"libelle":"","contenu":{"ZONEGEO":{"libelle":"Citt\u00e0","contenu":{"3":"Val d\u2019Allos \u2013 Le village"},"codesValeurs":{"3":"ZONEGEO|FRPA04VAV1400|E"},"criteres_datas":{"valeurs":{"3":{"FRPA04VAV1400":{"descriptif":""}}}}}}},"critere8":{"libelle":"","contenu":[]},"critere9":{"libelle":"","contenu":[]}},"LocalisationGps":{"Latitude":"44.257531","Longitude":"6.642004"},"libelleDuPrestataire":"","listeCriteres":{"PUBLICATION":{"VALDALLOSITI":""},"EADHER":{"EGRAT":""},"CIDUREE":{"RANDO3":""},"ZONEGEO":{"FRPA04VAV1400":""},"P.CINTSITRA":{"8809":"","5662":""},"P.prestations":{"animauxAcceptes":"","surchargeTourismesAdaptes":"","surchargeDescriptifHandicapMoteur":"","surchargeDescriptifHandicapAuditif":"","surchargeDescriptifHandicapVisuel":"","surchargeDescriptifHandicapMental":"","surchargeNombreFauteuilsRoulants":""},"P.services":{"687":""},"P.prestationsVisitesIndividuelles":{"480":""},"P.itineraire":{"itineraireBalise":"","denivellationPositive":"350","distance":"12","itineraireType":"BOUCLE","dureeJournaliere":"210","altitudeMaximum":"1766"},"P.114":{"418":"","416":"","436":""},"P.visites":{"visitable":"","dureeMoyenneVisiteIndividuelle":"210"},"P.typologiesPromoSitra":{"1599":""},"INDICATIONPRIX":{"GRATUIT":""},"P.languesParlees":{"1197":""},"P.rubrique":{"2988":""},"P.61":{"3184":"","3333":""},"P.naturesTerrain":{"4246":""},"P.VilleSitra":{"1559":""},"P.3220":{"587401":"","5575332":""},"P.3221":{"4876304":""},"P.3218":{"311229":""},"P.3233":{"591419":""},"P.3219":{"5127127":"","5239406":"","6436838":""},"P.prestationsVisitesGroupees":{"488":""},"P.6241":{"126905":"","5740912":""},"P.6242":{"5843488":""},"P.3240":{"5778284":""},"P.VillageDeDepart":{"1559":""},"P.3230":{"6139211":""},"P.34":{"1602":""}},"dansCarnetVoyage":true,"Ouverture":""},"html":" \n \u003Cdiv id=\"CV-PRESTATAIRE-E-5506969\" data-contexte-id=\"PRESTATAIRE|E|5506969\" data-cle=\"E|5506969\" class=\"fiche-liste\"\u003E\n    \n\n    \u003C!-- partie photo --\u003E\n    \u003Cdiv class=\"photo\"\u003E\t\t\t\t\t\t\t\t\t\t\t\t\t\t\t\t\t\t\t\t\t\n        \u003Cdiv class=\"cadre_photo_principale\"\u003E\t\t\n        \n            \t\t\t\t\t\n                    \u003Ca href=\"percorso-del-postino-allos.html?origine=carnet#media\"\u003E\n                        \u003Cimg class=\"photo_principale\" alt=\"Le chemin du facteur\" src=\"https:\/\/www.valdallos.com\/medias\/images\/prestataires\/multitailles\/320x240_120935-facteur1.jpg\" itemprop=\"image\"\u003E\n                    \u003C\/a\u003E\t\t\t\t\t\t\n                \n                    \u003C\/div\u003E\t\t\t\t\t\t\t\t\t\t\t\t\t\t\t\t\t\t\t \t\t\n    \u003C\/div\u003E\n    \n    \u003C!-- partie nom prest --\u003E\n    \u003Cdiv class=\"nom\"\u003E\n        \u003Ch2\u003EPercorso del Postino\u003C\/h2\u003E\n        \n            \u003C\/div\u003E\n\n         \n    \u003C!-- partie adresse --\u003E\n    \u003Cdiv class=\"adresse\"\u003E\n    \n          \n    \u003C\/div\u003E\n    \n    \u003C!-- partie liens --\u003E\n    \u003Cdiv class=\"liens\"\u003E\n            \u003Ca class=\"btn-icon btn-view \" title=\"Vedi il file dettagliato\" href=\"percorso-del-postino-allos.html?origine=carnet\"\u003E\u003C\/a\u003E\u003C!--\u003Ca class=\"btn-icon btn-view \" title=\"\" href=\"?origine=carnet#thaut\"\u003E\u003C\/a\u003E--\u003E\n      \u003Ca class=\"btn-icon btn-trash carnet_voyage_supprimer\" title=\"Elimina questo file dal mio diario di viaggio\" href=\"carnet-voyage?action=remove&fiche=E|5506969\"\u003E\u003C\/a\u003E\n    \u003C\/div\u003E\n\n\u003C\/div\u003E\n\n","icon":"https:\/\/static.ingenie.fr\/images\/carnetVoyageV3\/E.png"},"fiche":"E|5506969","popup":"\u003Cdiv id=\"bloc_popup_ajout_fiche_carnet\"\u003E\n    \u003Cdiv class=\"info_popup_ajout_fiche_carnet\"\u003E\n        Hai appena aggiunto questo elemento alla tua selezione:    \u003C\/div\u003E\n    \u003Cdiv class=\"prest_popup_ajout_fiche_carnet\"\u003E\n        Percorso del Postino    \u003C\/div\u003E\n    \u003Cdiv class=\"bloc_btn_ajout_fiche_carnet form_submit_div\"\u003E\n        \u003Cinput type=\"button\" value=\"Continua la mia selezione\" title=\"Continua la mia selezione\" name=\"btn_close\" class=\"btn_close_popup_carnet form_submit\" onclick=\"$.colorbox.close()\" \/\u003E\n        \u003Cinput type=\"button\" value=\"Visualizza la mia selezione\" title=\"Visualizza la mia selezione\" name=\"btn_panier\" class=\"btn_panier_popup_carnet form_submit\" onclick=\"if(typeof CarnetVoyage != 'undefined') {CarnetVoyage.voirCarnet();}\" \/\u003E\n    \u003C\/div\u003E\n    \u003Cdiv class=\"bloc_btn_ajout_fiche_carnet\"\u003E\n        \u003Cinput type=\"checkbox\" value=\"1\" name=\"desactiver_popup\" id=\"desactiver_popup\" \/\u003E\n        \u003Clabel for=\"desactiver_popup\"\u003ENon visualizzare pi\u00f9 questo messaggio\u003C\/label\u003E\n    \u003C\/div\u003E\n\u003C\/div\u003E","success":1}