{"nbFiches":1,"dataPrest":{"infoPrest":{"pave1":{"libelle":"Descriptif","contenu":""},"pave2":{"libelle":"Tarifs Hiver","contenu":""},"pave3":{"libelle":"Tarifs Et\u00e9","contenu":""},"pave4":{"libelle":"URL de la r\u00e9servation ou vente en ligne","contenu":""},"pave5":{"libelle":"Descriptif court (old)","contenu":"Una passeggiata accessibile per le famiglie, non troppo lunga e con una bella vista sulla valle del Verdon"},"pave6":{"libelle":"Descriptif d\u00e9taill\u00e9","contenu":""},"pave7":{"libelle":"Bons plans","contenu":""},"pave8":{"libelle":"Compl\u00e9ment localisation","contenu":""},"pave9":{"libelle":"Compl\u00e9ment accueil","contenu":""},"pave10":{"libelle":"P\u00e9riodes en clair","contenu":""},"pave11":{"libelle":"Tarifs en clair","contenu":"Gratuito."},"pave12":{"libelle":"Compl\u00e9ment Tarifs","contenu":""},"pave13":{"libelle":"Compl\u00e9ment R\u00e9servation","contenu":""},"pave14":{"libelle":"Descriptif court","contenu":""},"pave15":{"libelle":"Descriptif d\u00e9taill\u00e9","contenu":""},"pave16":{"libelle":"Bons plans","contenu":""},"pave17":{"libelle":"Tarifs (Tarifs en clair, Compl\u00e9ment Tarifs)","contenu":""},"pave18":{"libelle":"P\u00e9riodes en clair","contenu":""},"pave19":{"libelle":"Descriptif court","contenu":""},"pave20":{"libelle":"Descriptif d\u00e9taill\u00e9","contenu":""},"pave21":{"libelle":"Bons plans","contenu":""},"pave22":{"libelle":"Tarifs (Tarifs en clair, Compl\u00e9ment Tarifs)","contenu":""},"pave23":{"libelle":"P\u00e9riodes en clair","contenu":""},"pave24":{"libelle":"Dispositions sp\u00e9ciales","contenu":""},"pave25":{"libelle":"","contenu":""},"Libelle":"Montgros","Nom":"Randonn\u00e9e : Montgros","Prenom":"","NomPrenom":"Randonn\u00e9e : Montgros ","CiviliteNomPrenom":"Randonn\u00e9e : Montgros ","Cle":"E|5603761","PrestataireParent":"","ContexteStat":"PRESTATAIRE-E-5603761","DateModificationIso":"2026-04-05T00:06:00+02:00","Type":"PRESTATAIRE","TypePrestataire":"E","Adresse":{"LigneAdresse1":"place de la coop\u00e9rative","LigneAdresse2":"Val d'Allos -le  Village","LigneAdresse3":"","CodePostal":"04260","Ville":"Allos","Cedex":"","Etat":"","Pays":"FRA"},"Email":"","Telephone":"04 92 83 02 81","TelephoneBureau":"","Portable":"","SiteWeb":"https:\/\/www.valdallos.com","Fax":"","Id":"e-5603761","Code":"E|5603761","Fichier":{"Image":[{"url":"https:\/\/www.valdallos.com\/medias\/images\/prestataires\/138590-montgros25.jpg","chemin":"..\/medias\/images\/prestataires\/138590-montgros25.jpg","libelle":"Montgros_Allos","extension":"jpg","categorie":"","largeur":1200,"theme":"","hauteur":900,"type":"Image","origine":"","liaisonPave":"","langue":"","id":"138590","urlVignette":"https:\/\/www.valdallos.com\/medias\/images\/prestataires\/v-138590-montgros25.jpg","alt":"Montgros_Allos","title":"Montgros_Allos - &copy office de tourisme du Val d'Allos","MultiTaille":{"1920x1440":{"url":"https:\/\/www.valdallos.com\/medias\/images\/prestataires\/multitailles\/1920x1440_138590-montgros25.jpg"},"1200x900":{"url":"https:\/\/www.valdallos.com\/medias\/images\/prestataires\/multitailles\/1200x900_138590-montgros25.jpg"},"800x600":{"url":"https:\/\/www.valdallos.com\/medias\/images\/prestataires\/multitailles\/800x600_138590-montgros25.jpg"},"640x480":{"url":"https:\/\/www.valdallos.com\/medias\/images\/prestataires\/multitailles\/640x480_138590-montgros25.jpg"},"320x240":{"url":"https:\/\/www.valdallos.com\/medias\/images\/prestataires\/multitailles\/320x240_138590-montgros25.jpg"},"160x120":{"url":"https:\/\/www.valdallos.com\/medias\/images\/prestataires\/multitailles\/160x120_138590-montgros25.jpg"},"origine":{"url":"https:\/\/www.valdallos.com\/medias\/images\/prestataires\/138590-montgros25.jpg"}},"urlLien":"","typeLien":"","nofollow":"N","copyright":"office de tourisme du Val d'Allos"},{"url":"https:\/\/www.valdallos.com\/medias\/images\/prestataires\/138591-montgros_valdallos_25.jpg","chemin":"..\/medias\/images\/prestataires\/138591-montgros_valdallos_25.jpg","libelle":"Montgros_Allos","extension":"jpg","categorie":"","largeur":1200,"theme":"","hauteur":900,"type":"Image","origine":"","liaisonPave":"","langue":"","id":"138591","urlVignette":"https:\/\/www.valdallos.com\/medias\/images\/prestataires\/v-138591-montgros_valdallos_25.jpg","alt":"Montgros_Allos","title":"Montgros_Allos - &copy office de tourisme du Val d'Allos","MultiTaille":{"1920x1440":{"url":"https:\/\/www.valdallos.com\/medias\/images\/prestataires\/multitailles\/1920x1440_138591-montgros_valdallos_25.jpg"},"1200x900":{"url":"https:\/\/www.valdallos.com\/medias\/images\/prestataires\/multitailles\/1200x900_138591-montgros_valdallos_25.jpg"},"800x600":{"url":"https:\/\/www.valdallos.com\/medias\/images\/prestataires\/multitailles\/800x600_138591-montgros_valdallos_25.jpg"},"640x480":{"url":"https:\/\/www.valdallos.com\/medias\/images\/prestataires\/multitailles\/640x480_138591-montgros_valdallos_25.jpg"},"320x240":{"url":"https:\/\/www.valdallos.com\/medias\/images\/prestataires\/multitailles\/320x240_138591-montgros_valdallos_25.jpg"},"160x120":{"url":"https:\/\/www.valdallos.com\/medias\/images\/prestataires\/multitailles\/160x120_138591-montgros_valdallos_25.jpg"},"origine":{"url":"https:\/\/www.valdallos.com\/medias\/images\/prestataires\/138591-montgros_valdallos_25.jpg"}},"urlLien":"","typeLien":"","nofollow":"N","copyright":"office de tourisme du Val d'Allos"},{"url":"https:\/\/www.valdallos.com\/medias\/images\/prestataires\/138592-montgros_25_valdallos.jpg","chemin":"..\/medias\/images\/prestataires\/138592-montgros_25_valdallos.jpg","libelle":"Montgros_Allos","extension":"jpg","categorie":"","largeur":1200,"theme":"","hauteur":900,"type":"Image","origine":"","liaisonPave":"","langue":"","id":"138592","urlVignette":"https:\/\/www.valdallos.com\/medias\/images\/prestataires\/v-138592-montgros_25_valdallos.jpg","alt":"Montgros_Allos","title":"Montgros_Allos - &copy B Courbon","MultiTaille":{"1920x1440":{"url":"https:\/\/www.valdallos.com\/medias\/images\/prestataires\/multitailles\/1920x1440_138592-montgros_25_valdallos.jpg"},"1200x900":{"url":"https:\/\/www.valdallos.com\/medias\/images\/prestataires\/multitailles\/1200x900_138592-montgros_25_valdallos.jpg"},"800x600":{"url":"https:\/\/www.valdallos.com\/medias\/images\/prestataires\/multitailles\/800x600_138592-montgros_25_valdallos.jpg"},"640x480":{"url":"https:\/\/www.valdallos.com\/medias\/images\/prestataires\/multitailles\/640x480_138592-montgros_25_valdallos.jpg"},"320x240":{"url":"https:\/\/www.valdallos.com\/medias\/images\/prestataires\/multitailles\/320x240_138592-montgros_25_valdallos.jpg"},"160x120":{"url":"https:\/\/www.valdallos.com\/medias\/images\/prestataires\/multitailles\/160x120_138592-montgros_25_valdallos.jpg"},"origine":{"url":"https:\/\/www.valdallos.com\/medias\/images\/prestataires\/138592-montgros_25_valdallos.jpg"}},"urlLien":"","typeLien":"","nofollow":"N","copyright":"B Courbon"},{"url":"https:\/\/www.valdallos.com\/medias\/images\/prestataires\/138593-montgros26_valdallos.jpg","chemin":"..\/medias\/images\/prestataires\/138593-montgros26_valdallos.jpg","libelle":"Montgros_Allos","extension":"jpg","categorie":"","largeur":1200,"theme":"","hauteur":900,"type":"Image","origine":"","liaisonPave":"","langue":"","id":"138593","urlVignette":"https:\/\/www.valdallos.com\/medias\/images\/prestataires\/v-138593-montgros26_valdallos.jpg","alt":"Montgros_Allos","title":"Montgros_Allos - &copy B Courbon","MultiTaille":{"1920x1440":{"url":"https:\/\/www.valdallos.com\/medias\/images\/prestataires\/multitailles\/1920x1440_138593-montgros26_valdallos.jpg"},"1200x900":{"url":"https:\/\/www.valdallos.com\/medias\/images\/prestataires\/multitailles\/1200x900_138593-montgros26_valdallos.jpg"},"800x600":{"url":"https:\/\/www.valdallos.com\/medias\/images\/prestataires\/multitailles\/800x600_138593-montgros26_valdallos.jpg"},"640x480":{"url":"https:\/\/www.valdallos.com\/medias\/images\/prestataires\/multitailles\/640x480_138593-montgros26_valdallos.jpg"},"320x240":{"url":"https:\/\/www.valdallos.com\/medias\/images\/prestataires\/multitailles\/320x240_138593-montgros26_valdallos.jpg"},"160x120":{"url":"https:\/\/www.valdallos.com\/medias\/images\/prestataires\/multitailles\/160x120_138593-montgros26_valdallos.jpg"},"origine":{"url":"https:\/\/www.valdallos.com\/medias\/images\/prestataires\/138593-montgros26_valdallos.jpg"}},"urlLien":"","typeLien":"","nofollow":"N","copyright":"B Courbon"}],"ByCategorie":{"":[{"url":"https:\/\/www.valdallos.com\/medias\/images\/prestataires\/138590-montgros25.jpg","chemin":"..\/medias\/images\/prestataires\/138590-montgros25.jpg","libelle":"Montgros_Allos","extension":"jpg","categorie":"","largeur":1200,"theme":"","hauteur":900,"type":"Image","origine":"","liaisonPave":"","langue":"","id":"138590","urlVignette":"https:\/\/www.valdallos.com\/medias\/images\/prestataires\/v-138590-montgros25.jpg","alt":"Montgros_Allos","title":"Montgros_Allos - &copy office de tourisme du Val d'Allos","MultiTaille":{"1920x1440":{"url":"https:\/\/www.valdallos.com\/medias\/images\/prestataires\/multitailles\/1920x1440_138590-montgros25.jpg"},"1200x900":{"url":"https:\/\/www.valdallos.com\/medias\/images\/prestataires\/multitailles\/1200x900_138590-montgros25.jpg"},"800x600":{"url":"https:\/\/www.valdallos.com\/medias\/images\/prestataires\/multitailles\/800x600_138590-montgros25.jpg"},"640x480":{"url":"https:\/\/www.valdallos.com\/medias\/images\/prestataires\/multitailles\/640x480_138590-montgros25.jpg"},"320x240":{"url":"https:\/\/www.valdallos.com\/medias\/images\/prestataires\/multitailles\/320x240_138590-montgros25.jpg"},"160x120":{"url":"https:\/\/www.valdallos.com\/medias\/images\/prestataires\/multitailles\/160x120_138590-montgros25.jpg"},"origine":{"url":"https:\/\/www.valdallos.com\/medias\/images\/prestataires\/138590-montgros25.jpg"}},"urlLien":"","typeLien":"","nofollow":"N","copyright":"office de tourisme du Val d'Allos"},{"url":"https:\/\/www.valdallos.com\/medias\/images\/prestataires\/138594-name_31.gpx","chemin":"..\/medias\/images\/prestataires\/138594-name_31.gpx","libelle":"Montgros","extension":"gpx","categorie":"","largeur":"","theme":"","hauteur":"","type":"Document","origine":"","liaisonPave":"","langue":"","id":"138594","poids":"8.28 Ko","alt":"Montgros","title":"Montgros"},{"url":"https:\/\/www.valdallos.com\/medias\/images\/prestataires\/138591-montgros_valdallos_25.jpg","chemin":"..\/medias\/images\/prestataires\/138591-montgros_valdallos_25.jpg","libelle":"Montgros_Allos","extension":"jpg","categorie":"","largeur":1200,"theme":"","hauteur":900,"type":"Image","origine":"","liaisonPave":"","langue":"","id":"138591","urlVignette":"https:\/\/www.valdallos.com\/medias\/images\/prestataires\/v-138591-montgros_valdallos_25.jpg","alt":"Montgros_Allos","title":"Montgros_Allos - &copy office de tourisme du Val d'Allos","MultiTaille":{"1920x1440":{"url":"https:\/\/www.valdallos.com\/medias\/images\/prestataires\/multitailles\/1920x1440_138591-montgros_valdallos_25.jpg"},"1200x900":{"url":"https:\/\/www.valdallos.com\/medias\/images\/prestataires\/multitailles\/1200x900_138591-montgros_valdallos_25.jpg"},"800x600":{"url":"https:\/\/www.valdallos.com\/medias\/images\/prestataires\/multitailles\/800x600_138591-montgros_valdallos_25.jpg"},"640x480":{"url":"https:\/\/www.valdallos.com\/medias\/images\/prestataires\/multitailles\/640x480_138591-montgros_valdallos_25.jpg"},"320x240":{"url":"https:\/\/www.valdallos.com\/medias\/images\/prestataires\/multitailles\/320x240_138591-montgros_valdallos_25.jpg"},"160x120":{"url":"https:\/\/www.valdallos.com\/medias\/images\/prestataires\/multitailles\/160x120_138591-montgros_valdallos_25.jpg"},"origine":{"url":"https:\/\/www.valdallos.com\/medias\/images\/prestataires\/138591-montgros_valdallos_25.jpg"}},"urlLien":"","typeLien":"","nofollow":"N","copyright":"office de tourisme du Val d'Allos"},{"url":"https:\/\/www.valdallos.com\/medias\/images\/prestataires\/138592-montgros_25_valdallos.jpg","chemin":"..\/medias\/images\/prestataires\/138592-montgros_25_valdallos.jpg","libelle":"Montgros_Allos","extension":"jpg","categorie":"","largeur":1200,"theme":"","hauteur":900,"type":"Image","origine":"","liaisonPave":"","langue":"","id":"138592","urlVignette":"https:\/\/www.valdallos.com\/medias\/images\/prestataires\/v-138592-montgros_25_valdallos.jpg","alt":"Montgros_Allos","title":"Montgros_Allos - &copy B Courbon","MultiTaille":{"1920x1440":{"url":"https:\/\/www.valdallos.com\/medias\/images\/prestataires\/multitailles\/1920x1440_138592-montgros_25_valdallos.jpg"},"1200x900":{"url":"https:\/\/www.valdallos.com\/medias\/images\/prestataires\/multitailles\/1200x900_138592-montgros_25_valdallos.jpg"},"800x600":{"url":"https:\/\/www.valdallos.com\/medias\/images\/prestataires\/multitailles\/800x600_138592-montgros_25_valdallos.jpg"},"640x480":{"url":"https:\/\/www.valdallos.com\/medias\/images\/prestataires\/multitailles\/640x480_138592-montgros_25_valdallos.jpg"},"320x240":{"url":"https:\/\/www.valdallos.com\/medias\/images\/prestataires\/multitailles\/320x240_138592-montgros_25_valdallos.jpg"},"160x120":{"url":"https:\/\/www.valdallos.com\/medias\/images\/prestataires\/multitailles\/160x120_138592-montgros_25_valdallos.jpg"},"origine":{"url":"https:\/\/www.valdallos.com\/medias\/images\/prestataires\/138592-montgros_25_valdallos.jpg"}},"urlLien":"","typeLien":"","nofollow":"N","copyright":"B Courbon"},{"url":"https:\/\/www.valdallos.com\/medias\/images\/prestataires\/138593-montgros26_valdallos.jpg","chemin":"..\/medias\/images\/prestataires\/138593-montgros26_valdallos.jpg","libelle":"Montgros_Allos","extension":"jpg","categorie":"","largeur":1200,"theme":"","hauteur":900,"type":"Image","origine":"","liaisonPave":"","langue":"","id":"138593","urlVignette":"https:\/\/www.valdallos.com\/medias\/images\/prestataires\/v-138593-montgros26_valdallos.jpg","alt":"Montgros_Allos","title":"Montgros_Allos - &copy B Courbon","MultiTaille":{"1920x1440":{"url":"https:\/\/www.valdallos.com\/medias\/images\/prestataires\/multitailles\/1920x1440_138593-montgros26_valdallos.jpg"},"1200x900":{"url":"https:\/\/www.valdallos.com\/medias\/images\/prestataires\/multitailles\/1200x900_138593-montgros26_valdallos.jpg"},"800x600":{"url":"https:\/\/www.valdallos.com\/medias\/images\/prestataires\/multitailles\/800x600_138593-montgros26_valdallos.jpg"},"640x480":{"url":"https:\/\/www.valdallos.com\/medias\/images\/prestataires\/multitailles\/640x480_138593-montgros26_valdallos.jpg"},"320x240":{"url":"https:\/\/www.valdallos.com\/medias\/images\/prestataires\/multitailles\/320x240_138593-montgros26_valdallos.jpg"},"160x120":{"url":"https:\/\/www.valdallos.com\/medias\/images\/prestataires\/multitailles\/160x120_138593-montgros26_valdallos.jpg"},"origine":{"url":"https:\/\/www.valdallos.com\/medias\/images\/prestataires\/138593-montgros26_valdallos.jpg"}},"urlLien":"","typeLien":"","nofollow":"N","copyright":"B Courbon"}]},"Document":[{"url":"https:\/\/www.valdallos.com\/medias\/images\/prestataires\/138594-name_31.gpx","chemin":"..\/medias\/images\/prestataires\/138594-name_31.gpx","libelle":"Montgros","extension":"gpx","categorie":"","largeur":"","theme":"","hauteur":"","type":"Document","origine":"","liaisonPave":"","langue":"","id":"138594","poids":"8.28 Ko","alt":"Montgros","title":"Montgros"}]},"Url":"montgros-allos.html","Localisation":{"GoogleMap":{"Latitude":"44.241574","Longitude":"6.626753"}},"ZoneGeo":"","Criteres":{"PUBLICATION[VALDALLOSITI":"","EADHER[EGRAT":"","CIDUREE[RANDO3":"","EAGEE[E812AN":"","EAGEE[E12":"","ZONEGEO[FRPA04VAV1400":"","P.typologiesPromoSitra[1599":"","P.typologiesPromoSitra[1676":"","P.34[1602":"","P.113[4830":"","P.113[4971":"","P.services[687":"","P.prestations[animauxAcceptes":"","P.prestations[surchargeTourismesAdaptes":"","P.prestations[surchargeDescriptifHandicapMoteur":"","P.prestations[surchargeDescriptifHandicapAuditif":"","P.prestations[surchargeDescriptifHandicapVisuel":"","P.prestations[surchargeDescriptifHandicapMental":"","P.prestations[surchargeNombreFauteuilsRoulants":"","P.languesParlees[1197":"","P.ouverturesComplementaires[4188":"","P.tourismeAffaires[tourismeAffairesEnabled":"","P.tourismeAffaires[devise":"EUR","P.visites[dureeMoyenneVisiteIndividuelle":"210","P.rubrique[2988":"","P.61[3184":"","P.61[3333":"","P.itineraire[denivellationPositive":"350","P.itineraire[distance":"8","P.itineraire[dureeJournaliere":"210","P.itineraire[itineraireType":"Aller \/ Retour","P.itineraire[itineraireBalise":"","P.itineraire[denivellation":"350","P.CINTSITRA[5662":"","P.CINTSITRA[8809":"","P.6241[126905":"","P.6241[5740912":"","P.3218[311229":"","P.3220[587401":"","P.3220[5575332":"","P.3233[591419":"","P.3221[4876304":"","P.3219[5127127":"","P.3219[5239406":"","P.3219[6436838":"","P.3240[5778284":"","P.6242[5843488":"","P.3230[6139211":"","P.VilleSitra[1559":"","P.VillageDeDepart[1559":"","INDICATIONPRIX[GRATUIT":""},"DateFinPublication":"","PrixAPartirDe":"","PrixPour":"","FicheListeEnCours":"fiche_liste_itineraires_equip_v2018","ParametresModele":{"AfficherPhotos":1,"NbPhotosMax":6,"AfficherReserver":0,"AfficherContact":"1","AfficherSalle":1,"AfficherZoneGeo":0,"AfficherEnSavoirPlus":"0","AfficherUneSeuleOuverture":0,"AfficherContactCarte":1,"AfficherTarifsChaudAPartirDe":0,"AfficherTarifChaudSansRecherche":0,"AfficherAvis":"0","AfficherAvisIngenie":"1","BlocCritereInfo":{"critere1":{"libelle":""},"critere2":{"libelle":""},"critere3":{"libelle":""},"critere4":{"libelle":""},"critere5":{"libelle":""},"critere6":{"libelle":"","liste_critere":["CIDUREE|E","P.prestations|ANINOAD|E","P.itineraire|distance|E","P.itineraire|denivellation|E","P.itineraire|dureeJournaliere|E"]},"critere7":{"libelle":"","liste_critere":["ZONEGEO|FRPA04VAV1800|E","ZONEGEO|FRPA04VAV1500|E","ZONEGEO|FRPA04VAV1400|E"]},"critere8":{"libelle":""},"critere9":{"libelle":""},"afficherpictoetpaslibelle":"1"},"BlocPaveInfo":{"texte1":{"longeurmax":"","afficherLibelle":"0","garderHtml":"0"},"texte3":{"longeurmax":"","afficherLibelle":"0","garderHtml":"0"}},"Criteres":"PUBLICATION[VALDALLOSITI","ModeleUrl":"fiche_itineraires_equip_v2018","PositionBloc":"GALLERIE|NOM|CRITERESORDONNEES|ZONEPRINCIPALFICHEPRESTA|DESCRIPTIF|AVIS|CARNET_VOYAGE|URL","TypePrestataire":"E","ComportementResa":false,"ComportementDispo":false},"AffichageCoordonnees":[],"Coordonnees":{"Ville":"Allos"},"ContexteId":"PRESTATAIRE|E|5603761","ContexteIdHtml":"PRESTATAIRE-E-5603761","cleContexte":"E|5603761","Bloc":{"texte1":"","texte3":"","critere1":{"libelle":"","contenu":[]},"critere2":{"libelle":"","contenu":[]},"critere3":{"libelle":"","contenu":[]},"critere4":{"libelle":"","contenu":[]},"critere5":{"libelle":"","contenu":[]},"critere6":{"libelle":"","contenu":{"CIDUREE":{"libelle":"Itinerari","contenu":{"3":"Piccola giornata"},"codesValeurs":{"3":"CIDUREE|RANDO3|E"},"criteres_datas":{"valeurs":{"3":{"RANDO3":{"descriptif":""}}}}},"P.itineraire":{"libelle":"Circuito","contenu":{"3":"\u003Cspan class=\"libelle\"\u003Edistanza\u003C\/span\u003E \u003Cspan class=\"quantite\"\u003E8\u003C\/span\u003E","5":"\u003Cspan class=\"libelle\"\u003Edislivello\u003C\/span\u003E \u003Cspan class=\"quantite\"\u003E350\u003C\/span\u003E","6":"\u003Cspan class=\"libelle\"\u003Edurata\u003C\/span\u003E \u003Cspan class=\"quantite\"\u003E210\u003C\/span\u003E"},"codesValeurs":{"3":"P.itineraire|distance|E","5":"P.itineraire|denivellation|E","6":"P.itineraire|dureeJournaliere|E"},"criteres_datas":{"valeurs":{"3":{"distance":{"descriptif":""}},"5":{"denivellation":{"descriptif":""}},"6":{"dureeJournaliere":{"descriptif":""}}}}}}},"critere7":{"libelle":"","contenu":{"ZONEGEO":{"libelle":"Citt\u00e0","contenu":{"3":"Val d\u2019Allos \u2013 Le village"},"codesValeurs":{"3":"ZONEGEO|FRPA04VAV1400|E"},"criteres_datas":{"valeurs":{"3":{"FRPA04VAV1400":{"descriptif":""}}}}}}},"critere8":{"libelle":"","contenu":[]},"critere9":{"libelle":"","contenu":[]}},"LocalisationGps":{"Latitude":"44.241574","Longitude":"6.626753"},"libelleDuPrestataire":"","listeCriteres":{"PUBLICATION":{"VALDALLOSITI":""},"EADHER":{"EGRAT":""},"CIDUREE":{"RANDO3":""},"EAGEE":{"E812AN":"","E12":""},"ZONEGEO":{"FRPA04VAV1400":""},"P.typologiesPromoSitra":{"1599":"","1676":""},"P.34":{"1602":""},"P.113":{"4830":"","4971":""},"P.services":{"687":""},"P.prestations":{"animauxAcceptes":"","surchargeTourismesAdaptes":"","surchargeDescriptifHandicapMoteur":"","surchargeDescriptifHandicapAuditif":"","surchargeDescriptifHandicapVisuel":"","surchargeDescriptifHandicapMental":"","surchargeNombreFauteuilsRoulants":""},"P.languesParlees":{"1197":""},"P.ouverturesComplementaires":{"4188":""},"P.tourismeAffaires":{"tourismeAffairesEnabled":"","devise":"EUR"},"P.visites":{"dureeMoyenneVisiteIndividuelle":"210"},"P.rubrique":{"2988":""},"P.61":{"3184":"","3333":""},"P.itineraire":{"denivellationPositive":"350","distance":"8","dureeJournaliere":"210","itineraireType":"Aller \/ Retour","itineraireBalise":"","denivellation":"350"},"P.CINTSITRA":{"5662":"","8809":""},"P.6241":{"126905":"","5740912":""},"P.3218":{"311229":""},"P.3220":{"587401":"","5575332":""},"P.3233":{"591419":""},"P.3221":{"4876304":""},"P.3219":{"5127127":"","5239406":"","6436838":""},"P.3240":{"5778284":""},"P.6242":{"5843488":""},"P.3230":{"6139211":""},"P.VilleSitra":{"1559":""},"P.VillageDeDepart":{"1559":""},"INDICATIONPRIX":{"GRATUIT":""}},"dansCarnetVoyage":true,"Ouverture":""},"html":" \n \u003Cdiv id=\"CV-PRESTATAIRE-E-5603761\" data-contexte-id=\"PRESTATAIRE|E|5603761\" data-cle=\"E|5603761\" class=\"fiche-liste\"\u003E\n    \n\n    \u003C!-- partie photo --\u003E\n    \u003Cdiv class=\"photo\"\u003E\t\t\t\t\t\t\t\t\t\t\t\t\t\t\t\t\t\t\t\t\t\n        \u003Cdiv class=\"cadre_photo_principale\"\u003E\t\t\n        \n            \t\t\t\t\t\n                    \u003Ca href=\"montgros-allos.html?origine=carnet#media\"\u003E\n                        \u003Cimg class=\"photo_principale\" alt=\"Montgros_Allos\" src=\"https:\/\/www.valdallos.com\/medias\/images\/prestataires\/multitailles\/320x240_138590-montgros25.jpg\" itemprop=\"image\"\u003E\n                    \u003C\/a\u003E\t\t\t\t\t\t\n                \n                    \u003C\/div\u003E\t\t\t\t\t\t\t\t\t\t\t\t\t\t\t\t\t\t\t \t\t\n    \u003C\/div\u003E\n    \n    \u003C!-- partie nom prest --\u003E\n    \u003Cdiv class=\"nom\"\u003E\n        \u003Ch2\u003EMontgros\u003C\/h2\u003E\n        \n            \u003C\/div\u003E\n\n         \n    \u003C!-- partie adresse --\u003E\n    \u003Cdiv class=\"adresse\"\u003E\n    \n          \n    \u003C\/div\u003E\n    \n    \u003C!-- partie liens --\u003E\n    \u003Cdiv class=\"liens\"\u003E\n            \u003Ca class=\"btn-icon btn-view \" title=\"Vedi il file dettagliato\" href=\"montgros-allos.html?origine=carnet\"\u003E\u003C\/a\u003E\u003C!--\u003Ca class=\"btn-icon btn-view \" title=\"\" href=\"?origine=carnet#thaut\"\u003E\u003C\/a\u003E--\u003E\n      \u003Ca class=\"btn-icon btn-trash carnet_voyage_supprimer\" title=\"Elimina questo file dal mio diario di viaggio\" href=\"carnet-voyage?action=remove&fiche=E|5603761\"\u003E\u003C\/a\u003E\n    \u003C\/div\u003E\n\n\u003C\/div\u003E\n\n","icon":"https:\/\/static.ingenie.fr\/images\/carnetVoyageV3\/E.png"},"fiche":"E|5603761","popup":"\u003Cdiv id=\"bloc_popup_ajout_fiche_carnet\"\u003E\n    \u003Cdiv class=\"info_popup_ajout_fiche_carnet\"\u003E\n        Hai appena aggiunto questo elemento alla tua selezione:    \u003C\/div\u003E\n    \u003Cdiv class=\"prest_popup_ajout_fiche_carnet\"\u003E\n        Montgros    \u003C\/div\u003E\n    \u003Cdiv class=\"bloc_btn_ajout_fiche_carnet form_submit_div\"\u003E\n        \u003Cinput type=\"button\" value=\"Continua la mia selezione\" title=\"Continua la mia selezione\" name=\"btn_close\" class=\"btn_close_popup_carnet form_submit\" onclick=\"$.colorbox.close()\" \/\u003E\n        \u003Cinput type=\"button\" value=\"Visualizza la mia selezione\" title=\"Visualizza la mia selezione\" name=\"btn_panier\" class=\"btn_panier_popup_carnet form_submit\" onclick=\"if(typeof CarnetVoyage != 'undefined') {CarnetVoyage.voirCarnet();}\" \/\u003E\n    \u003C\/div\u003E\n    \u003Cdiv class=\"bloc_btn_ajout_fiche_carnet\"\u003E\n        \u003Cinput type=\"checkbox\" value=\"1\" name=\"desactiver_popup\" id=\"desactiver_popup\" \/\u003E\n        \u003Clabel for=\"desactiver_popup\"\u003ENon visualizzare pi\u00f9 questo messaggio\u003C\/label\u003E\n    \u003C\/div\u003E\n\u003C\/div\u003E","success":1}