{"nbFiches":2,"dataPrest":{"infoPrest":{"pave1":{"libelle":"Descriptif","contenu":""},"pave2":{"libelle":"Tarifs Hiver","contenu":""},"pave3":{"libelle":"Tarifs Et\u00e9","contenu":""},"pave4":{"libelle":"URL de la r\u00e9servation ou vente en ligne","contenu":""},"pave5":{"libelle":"Descriptif court (old)","contenu":"In un ambiente verde eccezionale, intorno a un lago di 15.000 m2 dove una moltitudine di attivit\u00e0 e servizi \u00e8 offerta a tutti nel parco divertimenti della Val d'Allos."},"pave6":{"libelle":"Descriptif d\u00e9taill\u00e9","contenu":"Vera oasi di freschezza in montagna, il parco divertimenti \u00e8 situato in un ambiente montano, \u00e8 un luogo privilegiato per trascorrere un piacevole momento di relax e svago.\u003Cbr \/\u003E\r\n\u003Cbr \/\u003E\r\nIl biglietto d'ingresso al parco ricreativo comprende : corpo d'acqua , giochi , attivit\u00e0, animazioni ... Ampio parcheggio all'entrata del parco divertimenti .\u003Cbr \/\u003E\r\nPer motivi igienici non sono ammessi animali all'interno del parco di divertimenti."},"pave7":{"libelle":"Bons plans","contenu":""},"pave8":{"libelle":"Compl\u00e9ment localisation","contenu":""},"pave9":{"libelle":"Compl\u00e9ment accueil","contenu":""},"pave10":{"libelle":"P\u00e9riodes en clair","contenu":"Dal 27\/06 al 28\/06\/2026 dalle 10 alle 17.\u003Cbr \/\u003E\n\u003Cbr \/\u003E\nDal 04\/07 al 30\/08\/2026 ogni giorno dalle 10 alle 18:45.\u003Cbr \/\u003E\n\u003Cbr \/\u003E\nDal 05\/09 al 06\/09\/2026 dalle 10 alle 17."},"pave11":{"libelle":"Tarifs en clair","contenu":"Adulto: 15 \u20ac\u003Cbr \/\u003E\nBambino (5-15 anni): 9 \u20ac.\u003Cbr \/\u003E\n\u003Cbr \/\u003E\n Gratuito per i bambini di et\u00e0 inferiore a 5 anni, le persone di pi\u00f9 di 75 anni."},"pave12":{"libelle":"Compl\u00e9ment Tarifs","contenu":""},"pave13":{"libelle":"Compl\u00e9ment R\u00e9servation","contenu":""},"pave14":{"libelle":"Descriptif court","contenu":""},"pave15":{"libelle":"Descriptif d\u00e9taill\u00e9","contenu":""},"pave16":{"libelle":"Bons plans","contenu":""},"pave17":{"libelle":"Tarifs (Tarifs en clair, Compl\u00e9ment Tarifs)","contenu":""},"pave18":{"libelle":"P\u00e9riodes en clair","contenu":""},"pave19":{"libelle":"Descriptif court","contenu":""},"pave20":{"libelle":"Descriptif d\u00e9taill\u00e9","contenu":""},"pave21":{"libelle":"Bons plans","contenu":""},"pave22":{"libelle":"Tarifs (Tarifs en clair, Compl\u00e9ment Tarifs)","contenu":""},"pave23":{"libelle":"P\u00e9riodes en clair","contenu":""},"pave24":{"libelle":"Dispositions sp\u00e9ciales","contenu":""},"pave25":{"libelle":"","contenu":""},"ContactsParType":{"":{"118021":{"id_contact":"118021","type_contact":"","categorie_contact":"PRESTATAIRE","societe_contact":"","fonction_contact":"","civilite_nom_prenom_contact":"mairie ","adresse1_contact":"","adresse2_contact":"","adresse3_contact":"","cpostal_contact":"","ville_contact":"","teldom_contact":"","telbur_contact":"","fax_contact":"","portable_contact":"","email_contact":"","siteweb_contact":"","commentaire_contact":"","langue_contact":"","autre_moyen_com":[]}},"RES":{"118022":{"id_contact":"118022","type_contact":"RES","categorie_contact":"PRESTATAIRE","societe_contact":"","fonction_contact":"","civilite_nom_prenom_contact":"R\u00e9servation ","adresse1_contact":"","adresse2_contact":"","adresse3_contact":"","cpostal_contact":"","ville_contact":"","teldom_contact":"","telbur_contact":"","fax_contact":"","portable_contact":"","email_contact":"","siteweb_contact":"https:\/\/www.valdallos.com\/reservation-parc-de-loisirs.html","commentaire_contact":"","langue_contact":"","autre_moyen_com":[]}}},"Libelle":"Parco divertimenti","Nom":"Parc de loisirs","Prenom":"","NomPrenom":"Parc de loisirs ","CiviliteNomPrenom":"Parc de loisirs ","Cle":"E|632904","PrestataireParent":"","ContexteStat":"PRESTATAIRE-E-632904","DateModificationIso":"2026-04-11T00:12:00+02:00","Type":"PRESTATAIRE","TypePrestataire":"E","Adresse":{"LigneAdresse1":"Parc de loisirs","LigneAdresse2":"Val d'Allos le Village","LigneAdresse3":"","CodePostal":"04260","Ville":"Allos","Cedex":"","Etat":"","Pays":"FRA"},"Email":"parcdeloisirs@valdallos.com","Telephone":"04 92 83 09 45","TelephoneBureau":"04 92 83 18 00","Portable":"","SiteWeb":"","Fax":"","Id":"e-632904","Code":"E|632904","Fichier":{"Image":[{"url":"https:\/\/www.valdallos.com\/medias\/images\/prestataires\/138777-parc_pedalos.jpg","chemin":"..\/medias\/images\/prestataires\/138777-parc_pedalos.jpg","libelle":"Parco divertimenti_Allos","extension":"jpg","categorie":"","largeur":800,"theme":"","hauteur":600,"type":"Image","origine":"","liaisonPave":"","langue":"","id":"138777","urlVignette":"https:\/\/www.valdallos.com\/medias\/images\/prestataires\/v-138777-parc_pedalos.jpg","alt":"Parco divertimenti_Allos","title":"Parco divertimenti_Allos - &copy R Palomba office de tourisme du Val d'Allos","MultiTaille":{"1920x1440":{"url":"https:\/\/www.valdallos.com\/medias\/images\/prestataires\/multitailles\/1920x1440_138777-parc_pedalos.jpg"},"1200x900":{"url":"https:\/\/www.valdallos.com\/medias\/images\/prestataires\/multitailles\/1200x900_138777-parc_pedalos.jpg"},"800x600":{"url":"https:\/\/www.valdallos.com\/medias\/images\/prestataires\/multitailles\/800x600_138777-parc_pedalos.jpg"},"640x480":{"url":"https:\/\/www.valdallos.com\/medias\/images\/prestataires\/multitailles\/640x480_138777-parc_pedalos.jpg"},"320x240":{"url":"https:\/\/www.valdallos.com\/medias\/images\/prestataires\/multitailles\/320x240_138777-parc_pedalos.jpg"},"160x120":{"url":"https:\/\/www.valdallos.com\/medias\/images\/prestataires\/multitailles\/160x120_138777-parc_pedalos.jpg"},"origine":{"url":"https:\/\/www.valdallos.com\/medias\/images\/prestataires\/138777-parc_pedalos.jpg"}},"urlLien":"","typeLien":"","nofollow":"N","copyright":"R Palomba office de tourisme du Val d'Allos"},{"url":"https:\/\/www.valdallos.com\/medias\/images\/prestataires\/138778-parc_toboggan.jpg","chemin":"..\/medias\/images\/prestataires\/138778-parc_toboggan.jpg","libelle":"Parco divertimenti_Allos","extension":"jpg","categorie":"","largeur":800,"theme":"","hauteur":599,"type":"Image","origine":"","liaisonPave":"","langue":"","id":"138778","urlVignette":"https:\/\/www.valdallos.com\/medias\/images\/prestataires\/v-138778-parc_toboggan.jpg","alt":"Parco divertimenti_Allos","title":"Parco divertimenti_Allos - &copy R Palomba office de tourisme du Val d'Allos","MultiTaille":{"1920x1440":{"url":"https:\/\/www.valdallos.com\/medias\/images\/prestataires\/multitailles\/1920x1440_138778-parc_toboggan.jpg"},"1200x900":{"url":"https:\/\/www.valdallos.com\/medias\/images\/prestataires\/multitailles\/1200x900_138778-parc_toboggan.jpg"},"800x600":{"url":"https:\/\/www.valdallos.com\/medias\/images\/prestataires\/multitailles\/800x600_138778-parc_toboggan.jpg"},"640x480":{"url":"https:\/\/www.valdallos.com\/medias\/images\/prestataires\/multitailles\/640x480_138778-parc_toboggan.jpg"},"320x240":{"url":"https:\/\/www.valdallos.com\/medias\/images\/prestataires\/multitailles\/320x240_138778-parc_toboggan.jpg"},"160x120":{"url":"https:\/\/www.valdallos.com\/medias\/images\/prestataires\/multitailles\/160x120_138778-parc_toboggan.jpg"},"origine":{"url":"https:\/\/www.valdallos.com\/medias\/images\/prestataires\/138778-parc_toboggan.jpg"}},"urlLien":"","typeLien":"","nofollow":"N","copyright":"R Palomba office de tourisme du Val d'Allos"}],"ByCategorie":{"":[{"url":"https:\/\/www.valdallos.com\/medias\/images\/prestataires\/138777-parc_pedalos.jpg","chemin":"..\/medias\/images\/prestataires\/138777-parc_pedalos.jpg","libelle":"Parco divertimenti_Allos","extension":"jpg","categorie":"","largeur":800,"theme":"","hauteur":600,"type":"Image","origine":"","liaisonPave":"","langue":"","id":"138777","urlVignette":"https:\/\/www.valdallos.com\/medias\/images\/prestataires\/v-138777-parc_pedalos.jpg","alt":"Parco divertimenti_Allos","title":"Parco divertimenti_Allos - &copy R Palomba office de tourisme du Val d'Allos","MultiTaille":{"1920x1440":{"url":"https:\/\/www.valdallos.com\/medias\/images\/prestataires\/multitailles\/1920x1440_138777-parc_pedalos.jpg"},"1200x900":{"url":"https:\/\/www.valdallos.com\/medias\/images\/prestataires\/multitailles\/1200x900_138777-parc_pedalos.jpg"},"800x600":{"url":"https:\/\/www.valdallos.com\/medias\/images\/prestataires\/multitailles\/800x600_138777-parc_pedalos.jpg"},"640x480":{"url":"https:\/\/www.valdallos.com\/medias\/images\/prestataires\/multitailles\/640x480_138777-parc_pedalos.jpg"},"320x240":{"url":"https:\/\/www.valdallos.com\/medias\/images\/prestataires\/multitailles\/320x240_138777-parc_pedalos.jpg"},"160x120":{"url":"https:\/\/www.valdallos.com\/medias\/images\/prestataires\/multitailles\/160x120_138777-parc_pedalos.jpg"},"origine":{"url":"https:\/\/www.valdallos.com\/medias\/images\/prestataires\/138777-parc_pedalos.jpg"}},"urlLien":"","typeLien":"","nofollow":"N","copyright":"R Palomba office de tourisme du Val d'Allos"},{"url":"https:\/\/www.valdallos.com\/medias\/images\/prestataires\/138778-parc_toboggan.jpg","chemin":"..\/medias\/images\/prestataires\/138778-parc_toboggan.jpg","libelle":"Parco divertimenti_Allos","extension":"jpg","categorie":"","largeur":800,"theme":"","hauteur":599,"type":"Image","origine":"","liaisonPave":"","langue":"","id":"138778","urlVignette":"https:\/\/www.valdallos.com\/medias\/images\/prestataires\/v-138778-parc_toboggan.jpg","alt":"Parco divertimenti_Allos","title":"Parco divertimenti_Allos - &copy R Palomba office de tourisme du Val d'Allos","MultiTaille":{"1920x1440":{"url":"https:\/\/www.valdallos.com\/medias\/images\/prestataires\/multitailles\/1920x1440_138778-parc_toboggan.jpg"},"1200x900":{"url":"https:\/\/www.valdallos.com\/medias\/images\/prestataires\/multitailles\/1200x900_138778-parc_toboggan.jpg"},"800x600":{"url":"https:\/\/www.valdallos.com\/medias\/images\/prestataires\/multitailles\/800x600_138778-parc_toboggan.jpg"},"640x480":{"url":"https:\/\/www.valdallos.com\/medias\/images\/prestataires\/multitailles\/640x480_138778-parc_toboggan.jpg"},"320x240":{"url":"https:\/\/www.valdallos.com\/medias\/images\/prestataires\/multitailles\/320x240_138778-parc_toboggan.jpg"},"160x120":{"url":"https:\/\/www.valdallos.com\/medias\/images\/prestataires\/multitailles\/160x120_138778-parc_toboggan.jpg"},"origine":{"url":"https:\/\/www.valdallos.com\/medias\/images\/prestataires\/138778-parc_toboggan.jpg"}},"urlLien":"","typeLien":"","nofollow":"N","copyright":"R Palomba office de tourisme du Val d'Allos"}]}},"Url":"parco-divertimenti-allos.html","Localisation":{"GoogleMap":{"Latitude":"44.240042","Longitude":"6.623087"},"PlanStation":{"idPlan":"7","nomPlan":"[NEW] Plan Village Allos","carte":"\/plan\/plan_village_2018[HIVER_FR[.jpg","PositionAbs":"1152","PositionOrd":"457"}},"ZoneGeo":"","LiensEtWidgetsParType":{"R":[{"Id":"16403","TypePrestataire":"E","CodePrestataire":"632904","CodePrestation":"","CodeLibelle":"URL00002384","Type":"R","Url":"https:\/\/www.valdallos.com\/reservation-parc-de-loisirs.html","Defaut":"N","Langue":"","Nature":"URL","Import":"SITRA2","LibelleText":"R\u00e9servation","Theme":""}]},"LiensEtWidgets":[{"Id":"16403","TypePrestataire":"E","CodePrestataire":"632904","CodePrestation":"","CodeLibelle":"URL00002384","Type":"R","Url":"https:\/\/www.valdallos.com\/reservation-parc-de-loisirs.html","Defaut":"N","Langue":"","Nature":"URL","Import":"SITRA2","LibelleText":"R\u00e9servation","Theme":""}],"Criteres":{"RESA[RESAOUI":"","PUBLICATION[VALDALLOS":"","EADHER[EGRAT":"","EINFADH[EMONT":"","EAGEE[EMOIN4":"","EAGEE[E4ANS":"","EAGEE[E812AN":"","EAGEE[E12":"","ZONEGEO[FRPA04VAV1400":"","EACETE[EPARC":"","ELMTA[EAIRED":"","EFAMILLEPLUS[EINTRO":"","P.113[1593":"","P.122[612":"","P.122[613":"","P.122[931":"","P.122[1081":"","P.122[1102":"","P.125[741":"","P.125[1106":"","P.123[810":"","P.126[972":"","P.80[781":"","P.4170[1112":"","P.services[1114":"","P.118[1146":"","P.119[1177":"","P.prestations[surchargeTourismesAdaptes":"","P.prestations[surchargeDescriptifHandicapMoteur":"","P.prestations[surchargeDescriptifHandicapAuditif":"","P.prestations[surchargeDescriptifHandicapVisuel":"","P.prestations[surchargeDescriptifHandicapMental":"","P.prestations[surchargeNombreFauteuilsRoulants":"","P.106[582":"","P.languesParlees[1192":"","P.languesParlees[1197":"","P.3650[3652":"","P.2[513":"","P.5[593":"","P.3728[3731":"","P.114[418":"","P.modesPaiement[1268":"","P.modesPaiement[1271":"","P.modesPaiement[1274":"","P.modesPaiement[1277":"","P.tourismeAffaires[tourismeAffairesEnabled":"","P.tourismeAffaires[devise":"EUR","P.rubrique[2993":"","P.56[3149":"","P.56[3293":"","P.56[3298":"","P.45[3208":"","P.45[3402":"","P.CINTSITRA[5662":"","P.CINTSITRA[5663":"","P.CINTSITRA[8809":"","P.6241[126905":"","P.6241[5740912":"","P.3218[311229":"","P.3220[587401":"","P.3220[5575332":"","P.3233[591419":"","P.3221[4876304":"","P.3219[5127127":"","P.3219[5239406":"","P.3219[6436838":"","P.3240[5778284":"","P.6242[5843488":"","P.3230[6139211":"","P.VilleSitra[1559":"","P.VillageDeDepart[1559":""},"DateFinPublication":"","PrixAPartirDe":"","PrixPour":"","FicheListeEnCours":"fiche_liste_activites_loisirs_enfants_OT_v3","ParametresModele":{"AfficherPhotos":1,"NbPhotosMax":6,"AfficherReserver":0,"AfficherContact":0,"AfficherSalle":1,"AfficherZoneGeo":0,"AfficherEnSavoirPlus":"0","AfficherUneSeuleOuverture":0,"AfficherContactCarte":1,"AfficherTarifsChaudAPartirDe":0,"AfficherTarifChaudSansRecherche":0,"BlocCritereInfo":{"critere1":{"libelle":""},"critere2":{"libelle":"","liste_critere":["ZONEGEO|E"]},"critere3":{"libelle":""},"critere4":{"libelle":""},"critere5":{"libelle":"","liste_critere":["P.113|1593|E"]},"critere6":{"libelle":"","liste_critere":["P.prestations|ANINOAD|E"]},"critere7":{"libelle":""},"critere8":{"libelle":""},"afficherpictoetpaslibelle":"1"},"BlocPaveInfo":{"texte1":{"pave":["1","19","14"],"longeurmax":"250","afficherLibelle":"0","garderHtml":"0"}},"PositionBloc":"GALLERIE|ZONEPRINCIPALFICHEPRESTA|NOM|CARNET_VOYAGE","TypePrestataire":"E","ComportementResa":false,"ComportementDispo":false},"AffichageCoordonnees":[],"Coordonnees":{"Ville":"Allos"},"ContexteId":"PRESTATAIRE|E|632904","ContexteIdHtml":"PRESTATAIRE-E-632904","cleContexte":"E|632904","Bloc":{"texte1":"","texte3":"","critere1":{"libelle":"","contenu":[]},"critere2":{"libelle":"","contenu":{"ZONEGEO":{"libelle":"Citt\u00e0","contenu":{"3":"Val d\u2019Allos \u2013 Le village"},"codesValeurs":{"3":"ZONEGEO|FRPA04VAV1400|E"},"criteres_datas":{"valeurs":{"3":{"FRPA04VAV1400":{"descriptif":""}}}}}}},"critere3":{"libelle":"","contenu":[]},"critere4":{"libelle":"","contenu":[]},"critere5":{"libelle":"","contenu":{"P.113":{"libelle":"Nazionale","contenu":{"1":"\u003Cimg src=\"https:\/\/www.valdallos.com\/medias\/images\/picto\/P.113-1593-E.png\"  alt=\"Famille plus\" title=\"Famille plus\" \/\u003E"},"codesValeurs":{"1":"P.113|1593|E"},"criteres_datas":{"valeurs":{"1":{"1593":{"descriptif":""}}}}}}},"critere6":{"libelle":"","contenu":[]},"critere7":{"libelle":"","contenu":[]},"critere8":{"libelle":"","contenu":[]},"critere9":{"libelle":"","contenu":[]}},"LocalisationGps":{"Latitude":"44.240042","Longitude":"6.623087"},"libelleDuPrestataire":"","listeCriteres":{"RESA":{"RESAOUI":""},"PUBLICATION":{"VALDALLOS":""},"EADHER":{"EGRAT":""},"EINFADH":{"EMONT":""},"EAGEE":{"EMOIN4":"","E4ANS":"","E812AN":"","E12":""},"ZONEGEO":{"FRPA04VAV1400":""},"EACETE":{"EPARC":""},"ELMTA":{"EAIRED":""},"EFAMILLEPLUS":{"EINTRO":""},"P.113":{"1593":""},"P.122":{"612":"","613":"","931":"","1081":"","1102":""},"P.125":{"741":"","1106":""},"P.123":{"810":""},"P.126":{"972":""},"P.80":{"781":""},"P.4170":{"1112":""},"P.services":{"1114":""},"P.118":{"1146":""},"P.119":{"1177":""},"P.prestations":{"surchargeTourismesAdaptes":"","surchargeDescriptifHandicapMoteur":"","surchargeDescriptifHandicapAuditif":"","surchargeDescriptifHandicapVisuel":"","surchargeDescriptifHandicapMental":"","surchargeNombreFauteuilsRoulants":""},"P.106":{"582":""},"P.languesParlees":{"1192":"","1197":""},"P.3650":{"3652":""},"P.2":{"513":""},"P.5":{"593":""},"P.3728":{"3731":""},"P.114":{"418":""},"P.modesPaiement":{"1268":"","1271":"","1274":"","1277":""},"P.tourismeAffaires":{"tourismeAffairesEnabled":"","devise":"EUR"},"P.rubrique":{"2993":""},"P.56":{"3149":"","3293":"","3298":""},"P.45":{"3208":"","3402":""},"P.CINTSITRA":{"5662":"","5663":"","8809":""},"P.6241":{"126905":"","5740912":""},"P.3218":{"311229":""},"P.3220":{"587401":"","5575332":""},"P.3233":{"591419":""},"P.3221":{"4876304":""},"P.3219":{"5127127":"","5239406":"","6436838":""},"P.3240":{"5778284":""},"P.6242":{"5843488":""},"P.3230":{"6139211":""},"P.VilleSitra":{"1559":""},"P.VillageDeDepart":{"1559":""}},"dansCarnetVoyage":true,"Ouverture":""},"html":" \n \u003Cdiv id=\"CV-PRESTATAIRE-E-632904\" data-contexte-id=\"PRESTATAIRE|E|632904\" data-cle=\"E|632904\" class=\"fiche-liste\"\u003E\n    \n\n    \u003C!-- partie photo --\u003E\n    \u003Cdiv class=\"photo\"\u003E\t\t\t\t\t\t\t\t\t\t\t\t\t\t\t\t\t\t\t\t\t\n        \u003Cdiv class=\"cadre_photo_principale\"\u003E\t\t\n        \n            \t\t\t\t\t\n                    \u003Ca href=\"parco-divertimenti-allos.html?origine=carnet#media\"\u003E\n                        \u003Cimg class=\"photo_principale\" alt=\"Parco divertimenti_Allos\" src=\"https:\/\/www.valdallos.com\/medias\/images\/prestataires\/multitailles\/320x240_138777-parc_pedalos.jpg\" itemprop=\"image\"\u003E\n                    \u003C\/a\u003E\t\t\t\t\t\t\n                \n                    \u003C\/div\u003E\t\t\t\t\t\t\t\t\t\t\t\t\t\t\t\t\t\t\t \t\t\n    \u003C\/div\u003E\n    \n    \u003C!-- partie nom prest --\u003E\n    \u003Cdiv class=\"nom\"\u003E\n        \u003Ch2\u003EParco divertimenti\u003C\/h2\u003E\n        \n            \u003C\/div\u003E\n\n         \n    \u003C!-- partie adresse --\u003E\n    \u003Cdiv class=\"adresse\"\u003E\n    \n          \n    \u003C\/div\u003E\n    \n    \u003C!-- partie liens --\u003E\n    \u003Cdiv class=\"liens\"\u003E\n            \u003Ca class=\"btn-icon btn-view \" title=\"Vedi il file dettagliato\" href=\"parco-divertimenti-allos.html?origine=carnet\"\u003E\u003C\/a\u003E\u003C!--\u003Ca class=\"btn-icon btn-view \" title=\"\" href=\"?origine=carnet#thaut\"\u003E\u003C\/a\u003E--\u003E\n      \u003Ca class=\"btn-icon btn-trash carnet_voyage_supprimer\" title=\"Elimina questo file dal mio diario di viaggio\" href=\"carnet-voyage?action=remove&fiche=E|632904\"\u003E\u003C\/a\u003E\n    \u003C\/div\u003E\n\n\u003C\/div\u003E\n\n","icon":"https:\/\/static.ingenie.fr\/images\/carnetVoyageV3\/E.png"},"fiche":"E|632904","popup":"\u003Cdiv id=\"bloc_popup_ajout_fiche_carnet\"\u003E\n    \u003Cdiv class=\"info_popup_ajout_fiche_carnet\"\u003E\n        Hai appena aggiunto questo elemento alla tua selezione:    \u003C\/div\u003E\n    \u003Cdiv class=\"prest_popup_ajout_fiche_carnet\"\u003E\n        Parco divertimenti    \u003C\/div\u003E\n    \u003Cdiv class=\"bloc_btn_ajout_fiche_carnet form_submit_div\"\u003E\n        \u003Cinput type=\"button\" value=\"Continua la mia selezione\" title=\"Continua la mia selezione\" name=\"btn_close\" class=\"btn_close_popup_carnet form_submit\" onclick=\"$.colorbox.close()\" \/\u003E\n        \u003Cinput type=\"button\" value=\"Visualizza la mia selezione\" title=\"Visualizza la mia selezione\" name=\"btn_panier\" class=\"btn_panier_popup_carnet form_submit\" onclick=\"if(typeof CarnetVoyage != 'undefined') {CarnetVoyage.voirCarnet();}\" \/\u003E\n    \u003C\/div\u003E\n    \u003Cdiv class=\"bloc_btn_ajout_fiche_carnet\"\u003E\n        \u003Cinput type=\"checkbox\" value=\"1\" name=\"desactiver_popup\" id=\"desactiver_popup\" \/\u003E\n        \u003Clabel for=\"desactiver_popup\"\u003ENon visualizzare pi\u00f9 questo messaggio\u003C\/label\u003E\n    \u003C\/div\u003E\n\u003C\/div\u003E","success":1}