{"nbFiches":1,"dataPrest":{"infoPrest":{"pave1":{"libelle":"Descriptif","contenu":"Parapendio biposto"},"pave2":{"libelle":"Tarifs Hiver","contenu":""},"pave3":{"libelle":"Tarifs Et\u00e9","contenu":""},"pave4":{"libelle":"URL de la r\u00e9servation ou vente en ligne","contenu":""},"pave5":{"libelle":"Descriptif court (old)","contenu":""},"pave6":{"libelle":"Descriptif d\u00e9taill\u00e9","contenu":""},"pave7":{"libelle":"Bons plans","contenu":""},"pave8":{"libelle":"Compl\u00e9ment localisation","contenu":""},"pave9":{"libelle":"Compl\u00e9ment accueil","contenu":""},"pave10":{"libelle":"P\u00e9riodes en clair","contenu":"Dal 01\/05 al 31\/10\/2026 ogni giorno."},"pave11":{"libelle":"Tarifs en clair","contenu":""},"pave12":{"libelle":"Compl\u00e9ment Tarifs","contenu":""},"pave13":{"libelle":"Compl\u00e9ment R\u00e9servation","contenu":""},"pave14":{"libelle":"Descriptif court","contenu":""},"pave15":{"libelle":"Descriptif d\u00e9taill\u00e9","contenu":""},"pave16":{"libelle":"Bons plans","contenu":""},"pave17":{"libelle":"Tarifs (Tarifs en clair, Compl\u00e9ment Tarifs)","contenu":""},"pave18":{"libelle":"P\u00e9riodes en clair","contenu":""},"pave19":{"libelle":"Descriptif court","contenu":""},"pave20":{"libelle":"Descriptif d\u00e9taill\u00e9","contenu":""},"pave21":{"libelle":"Bons plans","contenu":""},"pave22":{"libelle":"Tarifs (Tarifs en clair, Compl\u00e9ment Tarifs)","contenu":""},"pave23":{"libelle":"P\u00e9riodes en clair","contenu":""},"pave24":{"libelle":"Dispositions sp\u00e9ciales","contenu":""},"pave25":{"libelle":"","contenu":""},"ContactsParType":{"":{"115204":{"id_contact":"115204","type_contact":"","categorie_contact":"PRESTATAIRE","societe_contact":"","fonction_contact":"","civilite_nom_prenom_contact":"jacquemot daniel ","adresse1_contact":"","adresse2_contact":"","adresse3_contact":"","cpostal_contact":"","ville_contact":"","teldom_contact":"","telbur_contact":"","fax_contact":"","portable_contact":"","email_contact":"","siteweb_contact":"","commentaire_contact":"","langue_contact":"","autre_moyen_com":[]}}},"ZoneGeoLibelle":"Val d\u2019Allos \u2013 Le village","Libelle":"Parapendio","Nom":"Parapente bi places","Prenom":"","NomPrenom":"Parapente bi places ","CiviliteNomPrenom":"Parapente bi places ","Cle":"E|633750","PrestataireParent":"","ContexteStat":"PRESTATAIRE-E-633750","DateModificationIso":"2025-11-25T01:59:00+01:00","Type":"PRESTATAIRE","TypePrestataire":"E","Adresse":{"LigneAdresse1":"Val d'Allos le Village","LigneAdresse2":"","LigneAdresse3":"","CodePostal":"04260","Ville":"Allos","Cedex":"","Etat":"","Pays":"FRA"},"Email":"danieljacquemot61@gmail.com","Telephone":"","TelephoneBureau":"","Portable":"06 62 72 40 85","SiteWeb":"","Fax":"","Id":"e-633750","Code":"E|633750","Fichier":{"Video":[{"url":"https:\/\/youtu.be\/qjoFHoRbtqA","libelle":"Parapente Bi Place avec Daniel","categorie":"","largeur":"","theme":"","hauteur":"","type":"Video","origine":"YOUTUBE","liaisonPave":"","langue":"","id":"131761","htmlVideo":"\u003Ciframe src=\"https:\/\/www.youtube.com\/embed\/qjoFHoRbtqA?wmode=opaque&rel=0&start=0\" width=\"\" height=\"\" style=\"border:0;\" allowfullscreen\u003E\u003C\/iframe\u003E","vignetteVideo":"\u003Cimg src=\"https:\/\/img.youtube.com\/vi\/qjoFHoRbtqA\/0.jpg\" \/\u003E"}],"ByCategorie":{"":[{"url":"https:\/\/youtu.be\/qjoFHoRbtqA","libelle":"Parapente Bi Place avec Daniel","categorie":"","largeur":"","theme":"","hauteur":"","type":"Video","origine":"YOUTUBE","liaisonPave":"","langue":"","id":"131761","htmlVideo":"\u003Ciframe src=\"https:\/\/www.youtube.com\/embed\/qjoFHoRbtqA?wmode=opaque&rel=0&start=0\" width=\"\" height=\"\" style=\"border:0;\" allowfullscreen\u003E\u003C\/iframe\u003E","vignetteVideo":"\u003Cimg src=\"https:\/\/img.youtube.com\/vi\/qjoFHoRbtqA\/0.jpg\" \/\u003E"},{"url":"https:\/\/www.valdallos.com\/medias\/images\/prestataires\/parapente-bi-place-31.jpg","chemin":"..\/medias\/images\/prestataires\/parapente-bi-place-31.jpg","libelle":"parapente bi place","extension":"jpg","categorie":"","largeur":300,"theme":"","hauteur":200,"type":"Image","origine":"","liaisonPave":"","langue":"","id":"31","urlVignette":"https:\/\/www.valdallos.com\/medias\/images\/prestataires\/v-parapente-bi-place-31.jpg","alt":"parapente bi place","title":"parapente bi place","MultiTaille":{"1920x1440":{"url":"https:\/\/www.valdallos.com\/medias\/images\/prestataires\/multitailles\/1920x1440_parapente-bi-place-31.jpg"},"1200x900":{"url":"https:\/\/www.valdallos.com\/medias\/images\/prestataires\/multitailles\/1200x900_parapente-bi-place-31.jpg"},"800x600":{"url":"https:\/\/www.valdallos.com\/medias\/images\/prestataires\/multitailles\/800x600_parapente-bi-place-31.jpg"},"640x480":{"url":"https:\/\/www.valdallos.com\/medias\/images\/prestataires\/multitailles\/640x480_parapente-bi-place-31.jpg"},"320x240":{"url":"https:\/\/www.valdallos.com\/medias\/images\/prestataires\/multitailles\/320x240_parapente-bi-place-31.jpg"},"160x120":{"url":"https:\/\/www.valdallos.com\/medias\/images\/prestataires\/multitailles\/160x120_parapente-bi-place-31.jpg"},"origine":{"url":"https:\/\/www.valdallos.com\/medias\/images\/prestataires\/parapente-bi-place-31.jpg"}},"urlLien":"","typeLien":"","nofollow":"N","copyright":""},{"url":"https:\/\/www.valdallos.com\/medias\/images\/prestataires\/parapente-bi-place-33.jpg","chemin":"..\/medias\/images\/prestataires\/parapente-bi-place-33.jpg","libelle":"parapente bi place","extension":"jpg","categorie":"","largeur":300,"theme":"","hauteur":367,"type":"Image","origine":"","liaisonPave":"","langue":"","id":"33","urlVignette":"https:\/\/www.valdallos.com\/medias\/images\/prestataires\/v-parapente-bi-place-33.jpg","alt":"parapente bi place","title":"parapente bi place","MultiTaille":{"1920x1440":{"url":"https:\/\/www.valdallos.com\/medias\/images\/prestataires\/multitailles\/1920x1440_parapente-bi-place-33.jpg"},"1200x900":{"url":"https:\/\/www.valdallos.com\/medias\/images\/prestataires\/multitailles\/1200x900_parapente-bi-place-33.jpg"},"800x600":{"url":"https:\/\/www.valdallos.com\/medias\/images\/prestataires\/multitailles\/800x600_parapente-bi-place-33.jpg"},"640x480":{"url":"https:\/\/www.valdallos.com\/medias\/images\/prestataires\/multitailles\/640x480_parapente-bi-place-33.jpg"},"320x240":{"url":"https:\/\/www.valdallos.com\/medias\/images\/prestataires\/multitailles\/320x240_parapente-bi-place-33.jpg"},"160x120":{"url":"https:\/\/www.valdallos.com\/medias\/images\/prestataires\/multitailles\/160x120_parapente-bi-place-33.jpg"},"origine":{"url":"https:\/\/www.valdallos.com\/medias\/images\/prestataires\/parapente-bi-place-33.jpg"}},"urlLien":"","typeLien":"","nofollow":"N","copyright":""},{"url":"https:\/\/www.valdallos.com\/medias\/images\/prestataires\/131759-dsc01288.jpg","chemin":"..\/medias\/images\/prestataires\/131759-dsc01288.jpg","libelle":"vol d\u00e9couverte parapente","extension":"jpg","categorie":"","largeur":5184,"theme":"","hauteur":3888,"type":"Image","origine":"","liaisonPave":"","langue":"","id":"131759","urlVignette":"https:\/\/www.valdallos.com\/medias\/images\/prestataires\/v-131759-dsc01288.jpg","alt":"vol d\u00e9couverte parapente","title":"vol d\u00e9couverte parapente","MultiTaille":{"1920x1440":{"url":"https:\/\/www.valdallos.com\/medias\/images\/prestataires\/multitailles\/1920x1440_131759-dsc01288.jpg"},"1200x900":{"url":"https:\/\/www.valdallos.com\/medias\/images\/prestataires\/multitailles\/1200x900_131759-dsc01288.jpg"},"800x600":{"url":"https:\/\/www.valdallos.com\/medias\/images\/prestataires\/multitailles\/800x600_131759-dsc01288.jpg"},"640x480":{"url":"https:\/\/www.valdallos.com\/medias\/images\/prestataires\/multitailles\/640x480_131759-dsc01288.jpg"},"320x240":{"url":"https:\/\/www.valdallos.com\/medias\/images\/prestataires\/multitailles\/320x240_131759-dsc01288.jpg"},"160x120":{"url":"https:\/\/www.valdallos.com\/medias\/images\/prestataires\/multitailles\/160x120_131759-dsc01288.jpg"},"origine":{"url":"https:\/\/www.valdallos.com\/medias\/images\/prestataires\/131759-dsc01288.jpg"}},"urlLien":"","typeLien":"","nofollow":"N","copyright":"D Jacquemot"},{"url":"https:\/\/www.valdallos.com\/medias\/images\/prestataires\/131760-dsc01289.jpg","chemin":"..\/medias\/images\/prestataires\/131760-dsc01289.jpg","libelle":"vol d\u00e9couverte parapente","extension":"jpg","categorie":"","largeur":5184,"theme":"","hauteur":3888,"type":"Image","origine":"","liaisonPave":"","langue":"","id":"131760","urlVignette":"https:\/\/www.valdallos.com\/medias\/images\/prestataires\/v-131760-dsc01289.jpg","alt":"vol d\u00e9couverte parapente","title":"vol d\u00e9couverte parapente","MultiTaille":{"1920x1440":{"url":"https:\/\/www.valdallos.com\/medias\/images\/prestataires\/multitailles\/1920x1440_131760-dsc01289.jpg"},"1200x900":{"url":"https:\/\/www.valdallos.com\/medias\/images\/prestataires\/multitailles\/1200x900_131760-dsc01289.jpg"},"800x600":{"url":"https:\/\/www.valdallos.com\/medias\/images\/prestataires\/multitailles\/800x600_131760-dsc01289.jpg"},"640x480":{"url":"https:\/\/www.valdallos.com\/medias\/images\/prestataires\/multitailles\/640x480_131760-dsc01289.jpg"},"320x240":{"url":"https:\/\/www.valdallos.com\/medias\/images\/prestataires\/multitailles\/320x240_131760-dsc01289.jpg"},"160x120":{"url":"https:\/\/www.valdallos.com\/medias\/images\/prestataires\/multitailles\/160x120_131760-dsc01289.jpg"},"origine":{"url":"https:\/\/www.valdallos.com\/medias\/images\/prestataires\/131760-dsc01289.jpg"}},"urlLien":"","typeLien":"","nofollow":"N","copyright":"D Jacquemot"}]},"Image":[{"url":"https:\/\/www.valdallos.com\/medias\/images\/prestataires\/parapente-bi-place-31.jpg","chemin":"..\/medias\/images\/prestataires\/parapente-bi-place-31.jpg","libelle":"parapente bi place","extension":"jpg","categorie":"","largeur":300,"theme":"","hauteur":200,"type":"Image","origine":"","liaisonPave":"","langue":"","id":"31","urlVignette":"https:\/\/www.valdallos.com\/medias\/images\/prestataires\/v-parapente-bi-place-31.jpg","alt":"parapente bi place","title":"parapente bi place","MultiTaille":{"1920x1440":{"url":"https:\/\/www.valdallos.com\/medias\/images\/prestataires\/multitailles\/1920x1440_parapente-bi-place-31.jpg"},"1200x900":{"url":"https:\/\/www.valdallos.com\/medias\/images\/prestataires\/multitailles\/1200x900_parapente-bi-place-31.jpg"},"800x600":{"url":"https:\/\/www.valdallos.com\/medias\/images\/prestataires\/multitailles\/800x600_parapente-bi-place-31.jpg"},"640x480":{"url":"https:\/\/www.valdallos.com\/medias\/images\/prestataires\/multitailles\/640x480_parapente-bi-place-31.jpg"},"320x240":{"url":"https:\/\/www.valdallos.com\/medias\/images\/prestataires\/multitailles\/320x240_parapente-bi-place-31.jpg"},"160x120":{"url":"https:\/\/www.valdallos.com\/medias\/images\/prestataires\/multitailles\/160x120_parapente-bi-place-31.jpg"},"origine":{"url":"https:\/\/www.valdallos.com\/medias\/images\/prestataires\/parapente-bi-place-31.jpg"}},"urlLien":"","typeLien":"","nofollow":"N","copyright":""},{"url":"https:\/\/www.valdallos.com\/medias\/images\/prestataires\/parapente-bi-place-33.jpg","chemin":"..\/medias\/images\/prestataires\/parapente-bi-place-33.jpg","libelle":"parapente bi place","extension":"jpg","categorie":"","largeur":300,"theme":"","hauteur":367,"type":"Image","origine":"","liaisonPave":"","langue":"","id":"33","urlVignette":"https:\/\/www.valdallos.com\/medias\/images\/prestataires\/v-parapente-bi-place-33.jpg","alt":"parapente bi place","title":"parapente bi place","MultiTaille":{"1920x1440":{"url":"https:\/\/www.valdallos.com\/medias\/images\/prestataires\/multitailles\/1920x1440_parapente-bi-place-33.jpg"},"1200x900":{"url":"https:\/\/www.valdallos.com\/medias\/images\/prestataires\/multitailles\/1200x900_parapente-bi-place-33.jpg"},"800x600":{"url":"https:\/\/www.valdallos.com\/medias\/images\/prestataires\/multitailles\/800x600_parapente-bi-place-33.jpg"},"640x480":{"url":"https:\/\/www.valdallos.com\/medias\/images\/prestataires\/multitailles\/640x480_parapente-bi-place-33.jpg"},"320x240":{"url":"https:\/\/www.valdallos.com\/medias\/images\/prestataires\/multitailles\/320x240_parapente-bi-place-33.jpg"},"160x120":{"url":"https:\/\/www.valdallos.com\/medias\/images\/prestataires\/multitailles\/160x120_parapente-bi-place-33.jpg"},"origine":{"url":"https:\/\/www.valdallos.com\/medias\/images\/prestataires\/parapente-bi-place-33.jpg"}},"urlLien":"","typeLien":"","nofollow":"N","copyright":""},{"url":"https:\/\/www.valdallos.com\/medias\/images\/prestataires\/131759-dsc01288.jpg","chemin":"..\/medias\/images\/prestataires\/131759-dsc01288.jpg","libelle":"vol d\u00e9couverte parapente","extension":"jpg","categorie":"","largeur":5184,"theme":"","hauteur":3888,"type":"Image","origine":"","liaisonPave":"","langue":"","id":"131759","urlVignette":"https:\/\/www.valdallos.com\/medias\/images\/prestataires\/v-131759-dsc01288.jpg","alt":"vol d\u00e9couverte parapente","title":"vol d\u00e9couverte parapente","MultiTaille":{"1920x1440":{"url":"https:\/\/www.valdallos.com\/medias\/images\/prestataires\/multitailles\/1920x1440_131759-dsc01288.jpg"},"1200x900":{"url":"https:\/\/www.valdallos.com\/medias\/images\/prestataires\/multitailles\/1200x900_131759-dsc01288.jpg"},"800x600":{"url":"https:\/\/www.valdallos.com\/medias\/images\/prestataires\/multitailles\/800x600_131759-dsc01288.jpg"},"640x480":{"url":"https:\/\/www.valdallos.com\/medias\/images\/prestataires\/multitailles\/640x480_131759-dsc01288.jpg"},"320x240":{"url":"https:\/\/www.valdallos.com\/medias\/images\/prestataires\/multitailles\/320x240_131759-dsc01288.jpg"},"160x120":{"url":"https:\/\/www.valdallos.com\/medias\/images\/prestataires\/multitailles\/160x120_131759-dsc01288.jpg"},"origine":{"url":"https:\/\/www.valdallos.com\/medias\/images\/prestataires\/131759-dsc01288.jpg"}},"urlLien":"","typeLien":"","nofollow":"N","copyright":"D Jacquemot"},{"url":"https:\/\/www.valdallos.com\/medias\/images\/prestataires\/131760-dsc01289.jpg","chemin":"..\/medias\/images\/prestataires\/131760-dsc01289.jpg","libelle":"vol d\u00e9couverte parapente","extension":"jpg","categorie":"","largeur":5184,"theme":"","hauteur":3888,"type":"Image","origine":"","liaisonPave":"","langue":"","id":"131760","urlVignette":"https:\/\/www.valdallos.com\/medias\/images\/prestataires\/v-131760-dsc01289.jpg","alt":"vol d\u00e9couverte parapente","title":"vol d\u00e9couverte parapente","MultiTaille":{"1920x1440":{"url":"https:\/\/www.valdallos.com\/medias\/images\/prestataires\/multitailles\/1920x1440_131760-dsc01289.jpg"},"1200x900":{"url":"https:\/\/www.valdallos.com\/medias\/images\/prestataires\/multitailles\/1200x900_131760-dsc01289.jpg"},"800x600":{"url":"https:\/\/www.valdallos.com\/medias\/images\/prestataires\/multitailles\/800x600_131760-dsc01289.jpg"},"640x480":{"url":"https:\/\/www.valdallos.com\/medias\/images\/prestataires\/multitailles\/640x480_131760-dsc01289.jpg"},"320x240":{"url":"https:\/\/www.valdallos.com\/medias\/images\/prestataires\/multitailles\/320x240_131760-dsc01289.jpg"},"160x120":{"url":"https:\/\/www.valdallos.com\/medias\/images\/prestataires\/multitailles\/160x120_131760-dsc01289.jpg"},"origine":{"url":"https:\/\/www.valdallos.com\/medias\/images\/prestataires\/131760-dsc01289.jpg"}},"urlLien":"","typeLien":"","nofollow":"N","copyright":"D Jacquemot"}]},"Url":"parapendio-allos.html","Localisation":{"GoogleMap":{"Latitude":"44.242363","Longitude":"6.624374"}},"ZoneGeo":"","Criteres":{"PUBLICATION[VALDALLOS":"","EADHER[EOFFIC":"","EINFADH[EMONT":"","EAGEE[E4ANS":"","EAGEE[E812AN":"","EAGEE[E12":"","ZONEGEO[FRPA04VAV1400":"","EACETE[EPARAP":"","P.126[972":"","P.prestations[surchargeTourismesAdaptes":"","P.prestations[surchargeDescriptifHandicapMoteur":"","P.prestations[surchargeDescriptifHandicapAuditif":"","P.prestations[surchargeDescriptifHandicapVisuel":"","P.prestations[surchargeDescriptifHandicapMental":"","P.prestations[surchargeNombreFauteuilsRoulants":"","P.prestations[ageMin":"5","P.languesParlees[1197":"","P.2[509":"","P.2[496":"","P.49[1773":"","P.49[1932":"","P.114[416":"","P.114[418":"","P.114[436":"","P.modesPaiement[1271":"","P.modesPaiement[1277":"","P.tourismeAffaires[tourismeAffairesEnabled":"","P.tourismeAffaires[devise":"EUR","P.commerceEtServiceType[4015":"","P.typesDetailles[4039":"","P.typesDetailles[4041":"","P.habilitationsPrestataires[3156":"","P.CINTSITRA[5660":"","P.CINTSITRA[5663":"","P.CINTSITRA[8809":"","P.6241[126905":"","P.6241[5740912":"","P.3218[311229":"","P.3220[587401":"","P.3220[5575332":"","P.3233[591419":"","P.3221[4876304":"","P.3219[5127127":"","P.3219[5239406":"","P.3219[6436838":"","P.3240[5778284":"","P.6242[5843488":"","P.3230[6139211":"","P.VilleSitra[1559":"","P.VillageDeDepart[1559":""},"DateFinPublication":"","PrixAPartirDe":"","PrixPour":"","FicheListeEnCours":"fiche_liste_activites_loisirs_enfants_OT_v3","ParametresModele":{"AfficherPhotos":1,"NbPhotosMax":6,"AfficherReserver":0,"AfficherContact":0,"AfficherSalle":1,"AfficherZoneGeo":0,"AfficherEnSavoirPlus":"0","AfficherUneSeuleOuverture":0,"AfficherContactCarte":1,"AfficherTarifsChaudAPartirDe":0,"AfficherTarifChaudSansRecherche":0,"BlocCritereInfo":{"critere1":{"libelle":""},"critere2":{"libelle":"","liste_critere":["ZONEGEO|E"]},"critere3":{"libelle":""},"critere4":{"libelle":""},"critere5":{"libelle":"","liste_critere":["P.113|1593|E"]},"critere6":{"libelle":"","liste_critere":["P.prestations|ANINOAD|E"]},"critere7":{"libelle":""},"critere8":{"libelle":""},"afficherpictoetpaslibelle":"1"},"BlocPaveInfo":{"texte1":{"pave":["1","19","14"],"longeurmax":"250","afficherLibelle":"0","garderHtml":"0"}},"PositionBloc":"GALLERIE|ZONEPRINCIPALFICHEPRESTA|NOM|CARNET_VOYAGE","TypePrestataire":"E","ComportementResa":false,"ComportementDispo":false},"AffichageCoordonnees":[],"Coordonnees":{"Ville":"Allos"},"ContexteId":"PRESTATAIRE|E|633750","ContexteIdHtml":"PRESTATAIRE-E-633750","cleContexte":"E|633750","Bloc":{"texte1":"Parapendio biposto","texte3":"","critere1":{"libelle":"","contenu":[]},"critere2":{"libelle":"","contenu":{"ZONEGEO":{"libelle":"Citt\u00e0","contenu":{"3":"Val d\u2019Allos \u2013 Le village"},"codesValeurs":{"3":"ZONEGEO|FRPA04VAV1400|E"},"criteres_datas":{"valeurs":{"3":{"FRPA04VAV1400":{"descriptif":""}}}}}}},"critere3":{"libelle":"","contenu":[]},"critere4":{"libelle":"","contenu":[]},"critere5":{"libelle":"","contenu":[]},"critere6":{"libelle":"","contenu":[]},"critere7":{"libelle":"","contenu":[]},"critere8":{"libelle":"","contenu":[]},"critere9":{"libelle":"","contenu":[]}},"LocalisationGps":{"Latitude":"44.242363","Longitude":"6.624374"},"libelleDuPrestataire":"","listeCriteres":{"PUBLICATION":{"VALDALLOS":""},"EADHER":{"EOFFIC":""},"EINFADH":{"EMONT":""},"EAGEE":{"E4ANS":"","E812AN":"","E12":""},"ZONEGEO":{"FRPA04VAV1400":""},"EACETE":{"EPARAP":""},"P.126":{"972":""},"P.prestations":{"surchargeTourismesAdaptes":"","surchargeDescriptifHandicapMoteur":"","surchargeDescriptifHandicapAuditif":"","surchargeDescriptifHandicapVisuel":"","surchargeDescriptifHandicapMental":"","surchargeNombreFauteuilsRoulants":"","ageMin":"5"},"P.languesParlees":{"1197":""},"P.2":{"509":"","496":""},"P.49":{"1773":"","1932":""},"P.114":{"416":"","418":"","436":""},"P.modesPaiement":{"1271":"","1277":""},"P.tourismeAffaires":{"tourismeAffairesEnabled":"","devise":"EUR"},"P.commerceEtServiceType":{"4015":""},"P.typesDetailles":{"4039":"","4041":""},"P.habilitationsPrestataires":{"3156":""},"P.CINTSITRA":{"5660":"","5663":"","8809":""},"P.6241":{"126905":"","5740912":""},"P.3218":{"311229":""},"P.3220":{"587401":"","5575332":""},"P.3233":{"591419":""},"P.3221":{"4876304":""},"P.3219":{"5127127":"","5239406":"","6436838":""},"P.3240":{"5778284":""},"P.6242":{"5843488":""},"P.3230":{"6139211":""},"P.VilleSitra":{"1559":""},"P.VillageDeDepart":{"1559":""}},"dansCarnetVoyage":true,"Ouverture":""},"html":" \n \u003Cdiv id=\"CV-PRESTATAIRE-E-633750\" data-contexte-id=\"PRESTATAIRE|E|633750\" data-cle=\"E|633750\" class=\"fiche-liste\"\u003E\n    \n\n    \u003C!-- partie photo --\u003E\n    \u003Cdiv class=\"photo\"\u003E\t\t\t\t\t\t\t\t\t\t\t\t\t\t\t\t\t\t\t\t\t\n        \u003Cdiv class=\"cadre_photo_principale\"\u003E\t\t\n        \n            \t\t\t\t\t\n                    \u003Ca href=\"parapendio-allos.html?origine=carnet#media\"\u003E\n                        \u003Cimg class=\"photo_principale\" alt=\"parapente bi place\" src=\"https:\/\/www.valdallos.com\/medias\/images\/prestataires\/multitailles\/320x240_parapente-bi-place-31.jpg\" itemprop=\"image\"\u003E\n                    \u003C\/a\u003E\t\t\t\t\t\t\n                \n                    \u003C\/div\u003E\t\t\t\t\t\t\t\t\t\t\t\t\t\t\t\t\t\t\t \t\t\n    \u003C\/div\u003E\n    \n    \u003C!-- partie nom prest --\u003E\n    \u003Cdiv class=\"nom\"\u003E\n        \u003Ch2\u003EParapendio\u003C\/h2\u003E\n        \n            \u003C\/div\u003E\n\n         \n    \u003C!-- partie adresse --\u003E\n    \u003Cdiv class=\"adresse\"\u003E\n    \n          \n    \u003C\/div\u003E\n    \n    \u003C!-- partie liens --\u003E\n    \u003Cdiv class=\"liens\"\u003E\n            \u003Ca class=\"btn-icon btn-view \" title=\"Vedi il file dettagliato\" href=\"parapendio-allos.html?origine=carnet\"\u003E\u003C\/a\u003E\u003C!--\u003Ca class=\"btn-icon btn-view \" title=\"\" href=\"?origine=carnet#thaut\"\u003E\u003C\/a\u003E--\u003E\n      \u003Ca class=\"btn-icon btn-trash carnet_voyage_supprimer\" title=\"Elimina questo file dal mio diario di viaggio\" href=\"carnet-voyage?action=remove&fiche=E|633750\"\u003E\u003C\/a\u003E\n    \u003C\/div\u003E\n\n\u003C\/div\u003E\n\n","icon":"https:\/\/static.ingenie.fr\/images\/carnetVoyageV3\/E.png"},"fiche":"E|633750","popup":"\u003Cdiv id=\"bloc_popup_ajout_fiche_carnet\"\u003E\n    \u003Cdiv class=\"info_popup_ajout_fiche_carnet\"\u003E\n        Hai appena aggiunto questo elemento alla tua selezione:    \u003C\/div\u003E\n    \u003Cdiv class=\"prest_popup_ajout_fiche_carnet\"\u003E\n        Parapendio    \u003C\/div\u003E\n    \u003Cdiv class=\"bloc_btn_ajout_fiche_carnet form_submit_div\"\u003E\n        \u003Cinput type=\"button\" value=\"Continua la mia selezione\" title=\"Continua la mia selezione\" name=\"btn_close\" class=\"btn_close_popup_carnet form_submit\" onclick=\"$.colorbox.close()\" \/\u003E\n        \u003Cinput type=\"button\" value=\"Visualizza la mia selezione\" title=\"Visualizza la mia selezione\" name=\"btn_panier\" class=\"btn_panier_popup_carnet form_submit\" onclick=\"if(typeof CarnetVoyage != 'undefined') {CarnetVoyage.voirCarnet();}\" \/\u003E\n    \u003C\/div\u003E\n    \u003Cdiv class=\"bloc_btn_ajout_fiche_carnet\"\u003E\n        \u003Cinput type=\"checkbox\" value=\"1\" name=\"desactiver_popup\" id=\"desactiver_popup\" \/\u003E\n        \u003Clabel for=\"desactiver_popup\"\u003ENon visualizzare pi\u00f9 questo messaggio\u003C\/label\u003E\n    \u003C\/div\u003E\n\u003C\/div\u003E","success":1}