{"nbFiches":2,"dataPrest":{"infoPrest":{"pave1":{"libelle":"Descriptif","contenu":"","fichiers":[]},"pave2":{"libelle":"Indirizzo","contenu":"","fichiers":[]},"pave3":{"libelle":"Tarifs Hiver","contenu":"","fichiers":[]},"pave4":{"libelle":"Tarifs Et\u00e9","contenu":"","fichiers":[]},"pave5":{"libelle":"URL de la r\u00e9servation ou vente en ligne","contenu":"","fichiers":[]},"pave6":{"libelle":"Descriptif court","contenu":"Nel quartiere di Super Allos, Chalet tutto attrezzato con 3 camere, una terrazza.","fichiers":[]},"pave7":{"libelle":"Descriptif d\u00e9taill\u00e9","contenu":"","fichiers":[]},"pave8":{"libelle":"Bons plans","contenu":"","fichiers":[]},"pave9":{"libelle":"Compl\u00e9ment localisation","contenu":"","fichiers":[]},"pave10":{"libelle":"Compl\u00e9ment accueil","contenu":"","fichiers":[]},"pave11":{"libelle":"P\u00e9riodes en clair","contenu":"","fichiers":[]},"pave12":{"libelle":"Tarifs en clair","contenu":"","fichiers":[]},"pave13":{"libelle":"Compl\u00e9ment Tarifs","contenu":"","fichiers":[]},"pave14":{"libelle":"Compl\u00e9ment R\u00e9servation","contenu":"","fichiers":[]},"pave15":{"libelle":"Descriptif court","contenu":"","fichiers":[]},"pave16":{"libelle":"Descriptif d\u00e9taill\u00e9","contenu":"","fichiers":[]},"pave17":{"libelle":"Bons plans","contenu":"","fichiers":[]},"pave18":{"libelle":"Tarifs (Tarifs en clair, Compl\u00e9ment Tarifs)","contenu":"","fichiers":[]},"pave19":{"libelle":"P\u00e9riodes en clair","contenu":"","fichiers":[]},"pave20":{"libelle":"Descriptif court","contenu":"","fichiers":[]},"pave21":{"libelle":"Descriptif d\u00e9taill\u00e9","contenu":"","fichiers":[]},"pave22":{"libelle":"Bons plans","contenu":"","fichiers":[]},"pave23":{"libelle":"Tarifs (Tarifs en clair, Compl\u00e9ment Tarifs)","contenu":"","fichiers":[]},"pave24":{"libelle":"P\u00e9riodes en clair","contenu":"","fichiers":[]},"pave25":{"libelle":"Dispositions sp\u00e9ciales","contenu":"","fichiers":[]},"Libelle":"Barral Robert","Reference":"","Reftar":"","Type":"PRESTATION","TypePrestataire":"G","ContexteStat":"PRESTATION-G-4677328-4678533","DateModificationIso":"2026-04-27T13:43:00+02:00","Adresse":{"LigneAdresse1":"50 rue des gen\u00e9vriers","LigneAdresse2":"Val d'Allos - le village","LigneAdresse3":"","CodePostal":"04260","Ville":"Allos","Cedex":"","Etat":"","Pays":"FRA"},"Id":"g-4677328-4678533","Code":"G|4677328|4678533","Cle":"G|4677328|4678533","Url":"3-stelle-val-dallos-le-village.html","Localisation":{"GoogleMap":{"Latitude":"44.24468","Longitude":"6.6298"}},"ZoneGeo":"","Criteres":{"DISPONIBILITES[DISPORELANCE":"","GPREST[GLOCAS":"","GPREST[GCOU":"","GCAPACITE[8PERS":"","NBPERS[GCAP08":"","GLOGEM[GCHALI":"","GCHAR[GCHARN":"","GEQUIC[GFOUR":"","GEQUIC[GLAVEV":"","GEQUIC[GMICRO":"","GEQUIC[GRACLE":"","GEQUIC[GREFIG":"","GEQUIS[GLECTE":"","GEQUIS[GTELEV":"","GSALLE[GDOUCH":"","GSALLE[GWCIND":"","G2SALL[G2DOUC":"","G2SALL[G2WC":"","G1EQUI[GBARBE":"","G1EQUI[GLOCSK":"","G1EQUI[GLOVEL":"","G1EQUI[GMOBIL":"","GANIMA[GANINA":"","PUBLICATION[VALDALLOS":"","PUBLICATION[VERDONTOURISME":"","GNOMBRE[8PERS":"","AFFEQUIP[LAVEVAIS":"","AFFEQUIP[LAVELINGEAFF":"","AFFEQUIP[JAR":"","GLOC[G14":"","LOCVERDON[1559":"","AFFGTYPE[CHALET":"","AFFPRES[AFFP3":"","VISIBWEB[PLANNINGVISIBLE":"","127[606":"","22[672":"","22[723":"","22[1058":"","122[803":"","122[1297":"","122[4054":"","prestations[surchargeTourismesAdaptes":"","prestations[surchargeDescriptifHandicapMoteur":"","prestations[surchargeDescriptifHandicapAuditif":"","prestations[surchargeDescriptifHandicapVisuel":"","prestations[surchargeDescriptifHandicapMental":"","prestations[surchargeNombreFauteuilsRoulants":"","70[895":"","70[907":"","70[919":"","70[922":"","70[943":"","70[999":"","73[902":"","73[973":"","72[963":"","72[998":"","68[971":"","71[987":"","languesParlees[1197":"","modesPaiement[1271":"","tourismeAffaires[tourismeAffairesEnabled":"","tourismeAffaires[devise":"EUR","hebergementLocatifType[2620":"","informationsHebergementLocatif[dateClassement":"2021-05-18","classementPrefectoral[2629":"","capacite[capaciteHebergement":"8","capacite[capaciteMaximumPossible":"8","capacite[surface":"80","capacite[nombreChambres":"3","CINTSITRA[5660":"","CINTSITRA[8809":"","6241[126905":"","6241[5740912":"","3218[311229":"","3220[587401":"","3220[5575332":"","3233[591419":"","3221[4876304":"","3219[5127127":"","3219[5239406":"","3219[6436838":"","3240[5778284":"","6242[5843488":"","3230[6139211":"","VilleSitra[1559":"","VillageDeDepart[1559":"","DISPONIBILITES[PLANNINGACT":""},"ContactsParType":{"IWEB":{"117313":{"id_contact":"117313","type_contact":"IWEB","categorie_contact":"PRESTATION","societe_contact":"","fonction_contact":"","civilite_nom_prenom_contact":"Barral Robert  ","adresse1_contact":"","adresse2_contact":"","adresse3_contact":"","cpostal_contact":"","ville_contact":"","teldom_contact":"","telbur_contact":"","fax_contact":"","portable_contact":"06 98 32 20 47","email_contact":"h.barral83@gmail.com","siteweb_contact":"","commentaire_contact":"","langue_contact":"","autre_moyen_com":[]}},"":{"117314":{"id_contact":"117314","type_contact":"","categorie_contact":"PRESTATION","societe_contact":"","fonction_contact":"","civilite_nom_prenom_contact":"M Barral Robert ","adresse1_contact":"","adresse2_contact":"","adresse3_contact":"","cpostal_contact":"","ville_contact":"","teldom_contact":"","telbur_contact":"","fax_contact":"","portable_contact":"","email_contact":"","siteweb_contact":"","commentaire_contact":"","langue_contact":"","autre_moyen_com":[]}}},"ContactRemplaceCoordonnees":"117313","Prestataire":{"pave1":{"libelle":"","contenu":""},"pave2":{"libelle":"","contenu":""},"pave3":{"libelle":"","contenu":""},"pave4":{"libelle":"","contenu":""},"pave5":{"libelle":"","contenu":""},"pave6":{"libelle":"","contenu":""},"pave7":{"libelle":"","contenu":""},"pave8":{"libelle":"","contenu":""},"pave9":{"libelle":"","contenu":""},"pave10":{"libelle":"","contenu":""},"pave11":{"libelle":"","contenu":""},"pave12":{"libelle":"","contenu":""},"pave13":{"libelle":"","contenu":""},"pave14":{"libelle":"","contenu":""},"pave15":{"libelle":"","contenu":""},"pave16":{"libelle":"","contenu":""},"pave17":{"libelle":"","contenu":""},"pave18":{"libelle":"","contenu":""},"pave19":{"libelle":"","contenu":""},"pave20":{"libelle":"","contenu":""},"pave21":{"libelle":"","contenu":""},"pave22":{"libelle":"","contenu":""},"pave23":{"libelle":"","contenu":""},"pave24":{"libelle":"","contenu":""},"pave25":{"libelle":"","contenu":""},"ContactsParType":{"GEST":{"114305":{"id_contact":"114305","type_contact":"GEST","categorie_contact":"PRESTATAIRE","societe_contact":"","fonction_contact":"","civilite_nom_prenom_contact":"Barral Robert ","adresse1_contact":"722 route de Mons","adresse2_contact":"","adresse3_contact":"","cpostal_contact":"83440","ville_contact":"Callian","teldom_contact":"","telbur_contact":"","fax_contact":"","portable_contact":"06 98 32 20 47","email_contact":"h.barral83@gmail.com","siteweb_contact":"","commentaire_contact":"","langue_contact":"","autre_moyen_com":[]}}},"Libelle":"Barral Robert","Nom":"Barral Robert ","Prenom":"","NomPrenom":"Barral Robert  ","CiviliteNomPrenom":"Barral Robert  ","Cle":"G|4677328","PrestataireParent":"","ContexteStat":"PRESTATAIRE-G-4677328","DateModificationIso":"2025-11-19T00:23:00+01:00","Type":"PRESTATAIRE","TypePrestataire":"G","Adresse":{"LigneAdresse1":"","LigneAdresse2":"","LigneAdresse3":"","CodePostal":"","Ville":"","Cedex":"","Etat":"","Pays":""},"Email":"h.barral83@gmail.com","Telephone":"","TelephoneBureau":"","Portable":"06 98 32 20 47","SiteWeb":"","Fax":"","Id":"g-4677328","Code":"G|4677328","Fichier":[],"Url":"","Localisation":{"GoogleMap":{"Latitude":"","Longitude":""}},"ZoneGeo":"","Criteres":{"GINFADH[GDEB":"20160530","GINFADH[GMONT":"115","GTIMMO[GPARTI":"","P.3218[311230":"","P.3233[591419":"","P.3221[629933":"","P.3227[4700469":"","P.3219[5127066":"","P.3219[5127176":"","P.3219[7242385":"","P.3230[5603318":"","P.3228[7031946":"","P.VilleSitra[34066":"","P.VillageDeDepart[34066":""},"DateFinPublication":""},"Fichier":{"Image":[{"url":"https:\/\/www.valdallos.com\/medias\/images\/prestations\/79143-chalet_ete_4.jpg","chemin":"..\/medias\/images\/prestations\/79143-chalet_ete_4.jpg","libelle":"chalet en bois ensoleill\u00e9 avec terrasse, fen\u00eatres","extension":"jpg","categorie":"","largeur":900,"theme":"ETE","hauteur":1200,"type":"Image","origine":"","liaisonPave":"","langue":"","id":"79143","urlVignette":"https:\/\/www.valdallos.com\/medias\/images\/prestations\/v-79143-chalet_ete_4.jpg","alt":"chalet en bois ensoleill\u00e9 avec terrasse, fen\u00eatres","title":"chalet en bois ensoleill\u00e9 avec terrasse, fen\u00eatres","MultiTaille":{"1920x1440":{"url":"https:\/\/www.valdallos.com\/medias\/images\/prestations\/multitailles\/1920x1440_79143-chalet_ete_4.jpg"},"1200x900":{"url":"https:\/\/www.valdallos.com\/medias\/images\/prestations\/multitailles\/1200x900_79143-chalet_ete_4.jpg"},"800x600":{"url":"https:\/\/www.valdallos.com\/medias\/images\/prestations\/multitailles\/800x600_79143-chalet_ete_4.jpg"},"640x480":{"url":"https:\/\/www.valdallos.com\/medias\/images\/prestations\/multitailles\/640x480_79143-chalet_ete_4.jpg"},"320x240":{"url":"https:\/\/www.valdallos.com\/medias\/images\/prestations\/multitailles\/320x240_79143-chalet_ete_4.jpg"},"160x120":{"url":"https:\/\/www.valdallos.com\/medias\/images\/prestations\/multitailles\/160x120_79143-chalet_ete_4.jpg"},"origine":{"url":"https:\/\/www.valdallos.com\/medias\/images\/prestations\/79143-chalet_ete_4.jpg"}},"urlLien":"","typeLien":"","nofollow":"N","copyright":"M Barral"},{"url":"https:\/\/www.valdallos.com\/medias\/images\/prestations\/79144-dsc_1103.jpg","chemin":"..\/medias\/images\/prestations\/79144-dsc_1103.jpg","libelle":"coin cuisine moderne et lumineux, bar, fen\u00eatres","extension":"jpg","categorie":"","largeur":1200,"theme":"","hauteur":795,"type":"Image","origine":"","liaisonPave":"","langue":"","id":"79144","urlVignette":"https:\/\/www.valdallos.com\/medias\/images\/prestations\/v-79144-dsc_1103.jpg","alt":"coin cuisine moderne et lumineux, bar, fen\u00eatres","title":"coin cuisine moderne et lumineux, bar, fen\u00eatres","MultiTaille":{"1920x1440":{"url":"https:\/\/www.valdallos.com\/medias\/images\/prestations\/multitailles\/1920x1440_79144-dsc_1103.jpg"},"1200x900":{"url":"https:\/\/www.valdallos.com\/medias\/images\/prestations\/multitailles\/1200x900_79144-dsc_1103.jpg"},"800x600":{"url":"https:\/\/www.valdallos.com\/medias\/images\/prestations\/multitailles\/800x600_79144-dsc_1103.jpg"},"640x480":{"url":"https:\/\/www.valdallos.com\/medias\/images\/prestations\/multitailles\/640x480_79144-dsc_1103.jpg"},"320x240":{"url":"https:\/\/www.valdallos.com\/medias\/images\/prestations\/multitailles\/320x240_79144-dsc_1103.jpg"},"160x120":{"url":"https:\/\/www.valdallos.com\/medias\/images\/prestations\/multitailles\/160x120_79144-dsc_1103.jpg"},"origine":{"url":"https:\/\/www.valdallos.com\/medias\/images\/prestations\/79144-dsc_1103.jpg"}},"urlLien":"","typeLien":"","nofollow":"N","copyright":"M Barral"},{"url":"https:\/\/www.valdallos.com\/medias\/images\/prestations\/79145-dsc_1106.jpg","chemin":"..\/medias\/images\/prestations\/79145-dsc_1106.jpg","libelle":"s\u00e9jour lumineux avec canap\u00e9, t\u00e9l\u00e9vision, fen\u00eatre et porte-fen\u00eatre sur terrasse","extension":"jpg","categorie":"","largeur":1200,"theme":"","hauteur":795,"type":"Image","origine":"","liaisonPave":"","langue":"","id":"79145","urlVignette":"https:\/\/www.valdallos.com\/medias\/images\/prestations\/v-79145-dsc_1106.jpg","alt":"s\u00e9jour lumineux avec canap\u00e9, t\u00e9l\u00e9vision, fen\u00eatre et porte-fen\u00eatre sur terrasse","title":"s\u00e9jour lumineux avec canap\u00e9, t\u00e9l\u00e9vision, fen\u00eatre et porte-fen\u00eatre sur terrasse","MultiTaille":{"1920x1440":{"url":"https:\/\/www.valdallos.com\/medias\/images\/prestations\/multitailles\/1920x1440_79145-dsc_1106.jpg"},"1200x900":{"url":"https:\/\/www.valdallos.com\/medias\/images\/prestations\/multitailles\/1200x900_79145-dsc_1106.jpg"},"800x600":{"url":"https:\/\/www.valdallos.com\/medias\/images\/prestations\/multitailles\/800x600_79145-dsc_1106.jpg"},"640x480":{"url":"https:\/\/www.valdallos.com\/medias\/images\/prestations\/multitailles\/640x480_79145-dsc_1106.jpg"},"320x240":{"url":"https:\/\/www.valdallos.com\/medias\/images\/prestations\/multitailles\/320x240_79145-dsc_1106.jpg"},"160x120":{"url":"https:\/\/www.valdallos.com\/medias\/images\/prestations\/multitailles\/160x120_79145-dsc_1106.jpg"},"origine":{"url":"https:\/\/www.valdallos.com\/medias\/images\/prestations\/79145-dsc_1106.jpg"}},"urlLien":"","typeLien":"","nofollow":"N","copyright":"M Barral"},{"url":"https:\/\/www.valdallos.com\/medias\/images\/prestations\/79146-dsc_1118.jpg","chemin":"..\/medias\/images\/prestations\/79146-dsc_1118.jpg","libelle":"grande salle de jeux avec baby-foot","extension":"jpg","categorie":"","largeur":1200,"theme":"","hauteur":795,"type":"Image","origine":"","liaisonPave":"","langue":"","id":"79146","urlVignette":"https:\/\/www.valdallos.com\/medias\/images\/prestations\/v-79146-dsc_1118.jpg","alt":"grande salle de jeux avec baby-foot","title":"grande salle de jeux avec baby-foot","MultiTaille":{"1920x1440":{"url":"https:\/\/www.valdallos.com\/medias\/images\/prestations\/multitailles\/1920x1440_79146-dsc_1118.jpg"},"1200x900":{"url":"https:\/\/www.valdallos.com\/medias\/images\/prestations\/multitailles\/1200x900_79146-dsc_1118.jpg"},"800x600":{"url":"https:\/\/www.valdallos.com\/medias\/images\/prestations\/multitailles\/800x600_79146-dsc_1118.jpg"},"640x480":{"url":"https:\/\/www.valdallos.com\/medias\/images\/prestations\/multitailles\/640x480_79146-dsc_1118.jpg"},"320x240":{"url":"https:\/\/www.valdallos.com\/medias\/images\/prestations\/multitailles\/320x240_79146-dsc_1118.jpg"},"160x120":{"url":"https:\/\/www.valdallos.com\/medias\/images\/prestations\/multitailles\/160x120_79146-dsc_1118.jpg"},"origine":{"url":"https:\/\/www.valdallos.com\/medias\/images\/prestations\/79146-dsc_1118.jpg"}},"urlLien":"","typeLien":"","nofollow":"N","copyright":"M Barral"},{"url":"https:\/\/www.valdallos.com\/medias\/images\/prestations\/79147-salle_a_manger.jpg","chemin":"..\/medias\/images\/prestations\/79147-salle_a_manger.jpg","libelle":"s\u00e9jour avec coin cuisine, canap\u00e9, chemin\u00e9e et fen\u00eatres","extension":"jpg","categorie":"","largeur":1200,"theme":"","hauteur":900,"type":"Image","origine":"","liaisonPave":"","langue":"","id":"79147","urlVignette":"https:\/\/www.valdallos.com\/medias\/images\/prestations\/v-79147-salle_a_manger.jpg","alt":"s\u00e9jour avec coin cuisine, canap\u00e9, chemin\u00e9e et fen\u00eatres","title":"s\u00e9jour avec coin cuisine, canap\u00e9, chemin\u00e9e et fen\u00eatres","MultiTaille":{"1920x1440":{"url":"https:\/\/www.valdallos.com\/medias\/images\/prestations\/multitailles\/1920x1440_79147-salle_a_manger.jpg"},"1200x900":{"url":"https:\/\/www.valdallos.com\/medias\/images\/prestations\/multitailles\/1200x900_79147-salle_a_manger.jpg"},"800x600":{"url":"https:\/\/www.valdallos.com\/medias\/images\/prestations\/multitailles\/800x600_79147-salle_a_manger.jpg"},"640x480":{"url":"https:\/\/www.valdallos.com\/medias\/images\/prestations\/multitailles\/640x480_79147-salle_a_manger.jpg"},"320x240":{"url":"https:\/\/www.valdallos.com\/medias\/images\/prestations\/multitailles\/320x240_79147-salle_a_manger.jpg"},"160x120":{"url":"https:\/\/www.valdallos.com\/medias\/images\/prestations\/multitailles\/160x120_79147-salle_a_manger.jpg"},"origine":{"url":"https:\/\/www.valdallos.com\/medias\/images\/prestations\/79147-salle_a_manger.jpg"}},"urlLien":"","typeLien":"","nofollow":"N","copyright":"M Barral"},{"url":"https:\/\/www.valdallos.com\/medias\/images\/prestations\/79148-dsc_1110.jpg","chemin":"..\/medias\/images\/prestations\/79148-dsc_1110.jpg","libelle":"chambre \u00e0 coucher lumineuse sous comble avec lit double et fen\u00eatre","extension":"jpg","categorie":"","largeur":1200,"theme":"","hauteur":795,"type":"Image","origine":"","liaisonPave":"","langue":"","id":"79148","urlVignette":"https:\/\/www.valdallos.com\/medias\/images\/prestations\/v-79148-dsc_1110.jpg","alt":"chambre \u00e0 coucher lumineuse sous comble avec lit double et fen\u00eatre","title":"chambre \u00e0 coucher lumineuse sous comble avec lit double et fen\u00eatre","MultiTaille":{"1920x1440":{"url":"https:\/\/www.valdallos.com\/medias\/images\/prestations\/multitailles\/1920x1440_79148-dsc_1110.jpg"},"1200x900":{"url":"https:\/\/www.valdallos.com\/medias\/images\/prestations\/multitailles\/1200x900_79148-dsc_1110.jpg"},"800x600":{"url":"https:\/\/www.valdallos.com\/medias\/images\/prestations\/multitailles\/800x600_79148-dsc_1110.jpg"},"640x480":{"url":"https:\/\/www.valdallos.com\/medias\/images\/prestations\/multitailles\/640x480_79148-dsc_1110.jpg"},"320x240":{"url":"https:\/\/www.valdallos.com\/medias\/images\/prestations\/multitailles\/320x240_79148-dsc_1110.jpg"},"160x120":{"url":"https:\/\/www.valdallos.com\/medias\/images\/prestations\/multitailles\/160x120_79148-dsc_1110.jpg"},"origine":{"url":"https:\/\/www.valdallos.com\/medias\/images\/prestations\/79148-dsc_1110.jpg"}},"urlLien":"","typeLien":"","nofollow":"N","copyright":"M Barral"},{"url":"https:\/\/www.valdallos.com\/medias\/images\/prestations\/79149-dsc_1112.jpg","chemin":"..\/medias\/images\/prestations\/79149-dsc_1112.jpg","libelle":"chambre \u00e0 coucher d'enfant lumineuse sous combles avec deux lits simples et fen\u00eatre","extension":"jpg","categorie":"","largeur":1200,"theme":"","hauteur":795,"type":"Image","origine":"","liaisonPave":"","langue":"","id":"79149","urlVignette":"https:\/\/www.valdallos.com\/medias\/images\/prestations\/v-79149-dsc_1112.jpg","alt":"chambre \u00e0 coucher d'enfant lumineuse sous combles avec deux lits simples et fen\u00eatre","title":"chambre \u00e0 coucher d'enfant lumineuse sous combles avec deux lits simples et fen\u00eatre","MultiTaille":{"1920x1440":{"url":"https:\/\/www.valdallos.com\/medias\/images\/prestations\/multitailles\/1920x1440_79149-dsc_1112.jpg"},"1200x900":{"url":"https:\/\/www.valdallos.com\/medias\/images\/prestations\/multitailles\/1200x900_79149-dsc_1112.jpg"},"800x600":{"url":"https:\/\/www.valdallos.com\/medias\/images\/prestations\/multitailles\/800x600_79149-dsc_1112.jpg"},"640x480":{"url":"https:\/\/www.valdallos.com\/medias\/images\/prestations\/multitailles\/640x480_79149-dsc_1112.jpg"},"320x240":{"url":"https:\/\/www.valdallos.com\/medias\/images\/prestations\/multitailles\/320x240_79149-dsc_1112.jpg"},"160x120":{"url":"https:\/\/www.valdallos.com\/medias\/images\/prestations\/multitailles\/160x120_79149-dsc_1112.jpg"},"origine":{"url":"https:\/\/www.valdallos.com\/medias\/images\/prestations\/79149-dsc_1112.jpg"}},"urlLien":"","typeLien":"","nofollow":"N","copyright":"M Barral"},{"url":"https:\/\/www.valdallos.com\/medias\/images\/prestations\/79150-dsc_1119.jpg","chemin":"..\/medias\/images\/prestations\/79150-dsc_1119.jpg","libelle":"chambre \u00e0 coucher lumineuse moderne avec lit double et fen\u00eatre","extension":"jpg","categorie":"","largeur":1200,"theme":"","hauteur":795,"type":"Image","origine":"","liaisonPave":"","langue":"","id":"79150","urlVignette":"https:\/\/www.valdallos.com\/medias\/images\/prestations\/v-79150-dsc_1119.jpg","alt":"chambre \u00e0 coucher lumineuse moderne avec lit double et fen\u00eatre","title":"chambre \u00e0 coucher lumineuse moderne avec lit double et fen\u00eatre","MultiTaille":{"1920x1440":{"url":"https:\/\/www.valdallos.com\/medias\/images\/prestations\/multitailles\/1920x1440_79150-dsc_1119.jpg"},"1200x900":{"url":"https:\/\/www.valdallos.com\/medias\/images\/prestations\/multitailles\/1200x900_79150-dsc_1119.jpg"},"800x600":{"url":"https:\/\/www.valdallos.com\/medias\/images\/prestations\/multitailles\/800x600_79150-dsc_1119.jpg"},"640x480":{"url":"https:\/\/www.valdallos.com\/medias\/images\/prestations\/multitailles\/640x480_79150-dsc_1119.jpg"},"320x240":{"url":"https:\/\/www.valdallos.com\/medias\/images\/prestations\/multitailles\/320x240_79150-dsc_1119.jpg"},"160x120":{"url":"https:\/\/www.valdallos.com\/medias\/images\/prestations\/multitailles\/160x120_79150-dsc_1119.jpg"},"origine":{"url":"https:\/\/www.valdallos.com\/medias\/images\/prestations\/79150-dsc_1119.jpg"}},"urlLien":"","typeLien":"","nofollow":"N","copyright":"M Barral"},{"url":"https:\/\/www.valdallos.com\/medias\/images\/prestations\/79141-dsc06104.jpg","chemin":"..\/medias\/images\/prestations\/79141-dsc06104.jpg","libelle":"chalet en bois avec balcon, fen\u00eatre, paysage enneig\u00e9","extension":"jpg","categorie":"","largeur":1200,"theme":"HIVER","hauteur":900,"type":"Image","origine":"","liaisonPave":"","langue":"","id":"79141","urlVignette":"https:\/\/www.valdallos.com\/medias\/images\/prestations\/v-79141-dsc06104.jpg","alt":"chalet en bois avec balcon, fen\u00eatre, paysage enneig\u00e9","title":"chalet en bois avec balcon, fen\u00eatre, paysage enneig\u00e9","MultiTaille":{"1920x1440":{"url":"https:\/\/www.valdallos.com\/medias\/images\/prestations\/multitailles\/1920x1440_79141-dsc06104.jpg"},"1200x900":{"url":"https:\/\/www.valdallos.com\/medias\/images\/prestations\/multitailles\/1200x900_79141-dsc06104.jpg"},"800x600":{"url":"https:\/\/www.valdallos.com\/medias\/images\/prestations\/multitailles\/800x600_79141-dsc06104.jpg"},"640x480":{"url":"https:\/\/www.valdallos.com\/medias\/images\/prestations\/multitailles\/640x480_79141-dsc06104.jpg"},"320x240":{"url":"https:\/\/www.valdallos.com\/medias\/images\/prestations\/multitailles\/320x240_79141-dsc06104.jpg"},"160x120":{"url":"https:\/\/www.valdallos.com\/medias\/images\/prestations\/multitailles\/160x120_79141-dsc06104.jpg"},"origine":{"url":"https:\/\/www.valdallos.com\/medias\/images\/prestations\/79141-dsc06104.jpg"}},"urlLien":"","typeLien":"","nofollow":"N","copyright":"M Barral"},{"url":"https:\/\/www.valdallos.com\/medias\/images\/prestations\/79142-terrasse_5.jpg","chemin":"..\/medias\/images\/prestations\/79142-terrasse_5.jpg","libelle":"balcon de chalet, vue d\u00e9gag\u00e9e, nature et montagne enneig\u00e9es","extension":"jpg","categorie":"","largeur":1200,"theme":"HIVER","hauteur":900,"type":"Image","origine":"","liaisonPave":"","langue":"","id":"79142","urlVignette":"https:\/\/www.valdallos.com\/medias\/images\/prestations\/v-79142-terrasse_5.jpg","alt":"balcon de chalet, vue d\u00e9gag\u00e9e, nature et montagne enneig\u00e9es","title":"balcon de chalet, vue d\u00e9gag\u00e9e, nature et montagne enneig\u00e9es","MultiTaille":{"1920x1440":{"url":"https:\/\/www.valdallos.com\/medias\/images\/prestations\/multitailles\/1920x1440_79142-terrasse_5.jpg"},"1200x900":{"url":"https:\/\/www.valdallos.com\/medias\/images\/prestations\/multitailles\/1200x900_79142-terrasse_5.jpg"},"800x600":{"url":"https:\/\/www.valdallos.com\/medias\/images\/prestations\/multitailles\/800x600_79142-terrasse_5.jpg"},"640x480":{"url":"https:\/\/www.valdallos.com\/medias\/images\/prestations\/multitailles\/640x480_79142-terrasse_5.jpg"},"320x240":{"url":"https:\/\/www.valdallos.com\/medias\/images\/prestations\/multitailles\/320x240_79142-terrasse_5.jpg"},"160x120":{"url":"https:\/\/www.valdallos.com\/medias\/images\/prestations\/multitailles\/160x120_79142-terrasse_5.jpg"},"origine":{"url":"https:\/\/www.valdallos.com\/medias\/images\/prestations\/79142-terrasse_5.jpg"}},"urlLien":"","typeLien":"","nofollow":"N","copyright":"M Barral"}],"ByCategorie":{"":[{"url":"https:\/\/www.valdallos.com\/medias\/images\/prestations\/79143-chalet_ete_4.jpg","chemin":"..\/medias\/images\/prestations\/79143-chalet_ete_4.jpg","libelle":"chalet en bois ensoleill\u00e9 avec terrasse, fen\u00eatres","extension":"jpg","categorie":"","largeur":900,"theme":"ETE","hauteur":1200,"type":"Image","origine":"","liaisonPave":"","langue":"","id":"79143","urlVignette":"https:\/\/www.valdallos.com\/medias\/images\/prestations\/v-79143-chalet_ete_4.jpg","alt":"chalet en bois ensoleill\u00e9 avec terrasse, fen\u00eatres","title":"chalet en bois ensoleill\u00e9 avec terrasse, fen\u00eatres","MultiTaille":{"1920x1440":{"url":"https:\/\/www.valdallos.com\/medias\/images\/prestations\/multitailles\/1920x1440_79143-chalet_ete_4.jpg"},"1200x900":{"url":"https:\/\/www.valdallos.com\/medias\/images\/prestations\/multitailles\/1200x900_79143-chalet_ete_4.jpg"},"800x600":{"url":"https:\/\/www.valdallos.com\/medias\/images\/prestations\/multitailles\/800x600_79143-chalet_ete_4.jpg"},"640x480":{"url":"https:\/\/www.valdallos.com\/medias\/images\/prestations\/multitailles\/640x480_79143-chalet_ete_4.jpg"},"320x240":{"url":"https:\/\/www.valdallos.com\/medias\/images\/prestations\/multitailles\/320x240_79143-chalet_ete_4.jpg"},"160x120":{"url":"https:\/\/www.valdallos.com\/medias\/images\/prestations\/multitailles\/160x120_79143-chalet_ete_4.jpg"},"origine":{"url":"https:\/\/www.valdallos.com\/medias\/images\/prestations\/79143-chalet_ete_4.jpg"}},"urlLien":"","typeLien":"","nofollow":"N","copyright":"M Barral"},{"url":"https:\/\/www.valdallos.com\/medias\/images\/prestations\/79144-dsc_1103.jpg","chemin":"..\/medias\/images\/prestations\/79144-dsc_1103.jpg","libelle":"coin cuisine moderne et lumineux, bar, fen\u00eatres","extension":"jpg","categorie":"","largeur":1200,"theme":"","hauteur":795,"type":"Image","origine":"","liaisonPave":"","langue":"","id":"79144","urlVignette":"https:\/\/www.valdallos.com\/medias\/images\/prestations\/v-79144-dsc_1103.jpg","alt":"coin cuisine moderne et lumineux, bar, fen\u00eatres","title":"coin cuisine moderne et lumineux, bar, fen\u00eatres","MultiTaille":{"1920x1440":{"url":"https:\/\/www.valdallos.com\/medias\/images\/prestations\/multitailles\/1920x1440_79144-dsc_1103.jpg"},"1200x900":{"url":"https:\/\/www.valdallos.com\/medias\/images\/prestations\/multitailles\/1200x900_79144-dsc_1103.jpg"},"800x600":{"url":"https:\/\/www.valdallos.com\/medias\/images\/prestations\/multitailles\/800x600_79144-dsc_1103.jpg"},"640x480":{"url":"https:\/\/www.valdallos.com\/medias\/images\/prestations\/multitailles\/640x480_79144-dsc_1103.jpg"},"320x240":{"url":"https:\/\/www.valdallos.com\/medias\/images\/prestations\/multitailles\/320x240_79144-dsc_1103.jpg"},"160x120":{"url":"https:\/\/www.valdallos.com\/medias\/images\/prestations\/multitailles\/160x120_79144-dsc_1103.jpg"},"origine":{"url":"https:\/\/www.valdallos.com\/medias\/images\/prestations\/79144-dsc_1103.jpg"}},"urlLien":"","typeLien":"","nofollow":"N","copyright":"M Barral"},{"url":"https:\/\/www.valdallos.com\/medias\/images\/prestations\/79145-dsc_1106.jpg","chemin":"..\/medias\/images\/prestations\/79145-dsc_1106.jpg","libelle":"s\u00e9jour lumineux avec canap\u00e9, t\u00e9l\u00e9vision, fen\u00eatre et porte-fen\u00eatre sur terrasse","extension":"jpg","categorie":"","largeur":1200,"theme":"","hauteur":795,"type":"Image","origine":"","liaisonPave":"","langue":"","id":"79145","urlVignette":"https:\/\/www.valdallos.com\/medias\/images\/prestations\/v-79145-dsc_1106.jpg","alt":"s\u00e9jour lumineux avec canap\u00e9, t\u00e9l\u00e9vision, fen\u00eatre et porte-fen\u00eatre sur terrasse","title":"s\u00e9jour lumineux avec canap\u00e9, t\u00e9l\u00e9vision, fen\u00eatre et porte-fen\u00eatre sur terrasse","MultiTaille":{"1920x1440":{"url":"https:\/\/www.valdallos.com\/medias\/images\/prestations\/multitailles\/1920x1440_79145-dsc_1106.jpg"},"1200x900":{"url":"https:\/\/www.valdallos.com\/medias\/images\/prestations\/multitailles\/1200x900_79145-dsc_1106.jpg"},"800x600":{"url":"https:\/\/www.valdallos.com\/medias\/images\/prestations\/multitailles\/800x600_79145-dsc_1106.jpg"},"640x480":{"url":"https:\/\/www.valdallos.com\/medias\/images\/prestations\/multitailles\/640x480_79145-dsc_1106.jpg"},"320x240":{"url":"https:\/\/www.valdallos.com\/medias\/images\/prestations\/multitailles\/320x240_79145-dsc_1106.jpg"},"160x120":{"url":"https:\/\/www.valdallos.com\/medias\/images\/prestations\/multitailles\/160x120_79145-dsc_1106.jpg"},"origine":{"url":"https:\/\/www.valdallos.com\/medias\/images\/prestations\/79145-dsc_1106.jpg"}},"urlLien":"","typeLien":"","nofollow":"N","copyright":"M Barral"},{"url":"https:\/\/www.valdallos.com\/medias\/images\/prestations\/79146-dsc_1118.jpg","chemin":"..\/medias\/images\/prestations\/79146-dsc_1118.jpg","libelle":"grande salle de jeux avec baby-foot","extension":"jpg","categorie":"","largeur":1200,"theme":"","hauteur":795,"type":"Image","origine":"","liaisonPave":"","langue":"","id":"79146","urlVignette":"https:\/\/www.valdallos.com\/medias\/images\/prestations\/v-79146-dsc_1118.jpg","alt":"grande salle de jeux avec baby-foot","title":"grande salle de jeux avec baby-foot","MultiTaille":{"1920x1440":{"url":"https:\/\/www.valdallos.com\/medias\/images\/prestations\/multitailles\/1920x1440_79146-dsc_1118.jpg"},"1200x900":{"url":"https:\/\/www.valdallos.com\/medias\/images\/prestations\/multitailles\/1200x900_79146-dsc_1118.jpg"},"800x600":{"url":"https:\/\/www.valdallos.com\/medias\/images\/prestations\/multitailles\/800x600_79146-dsc_1118.jpg"},"640x480":{"url":"https:\/\/www.valdallos.com\/medias\/images\/prestations\/multitailles\/640x480_79146-dsc_1118.jpg"},"320x240":{"url":"https:\/\/www.valdallos.com\/medias\/images\/prestations\/multitailles\/320x240_79146-dsc_1118.jpg"},"160x120":{"url":"https:\/\/www.valdallos.com\/medias\/images\/prestations\/multitailles\/160x120_79146-dsc_1118.jpg"},"origine":{"url":"https:\/\/www.valdallos.com\/medias\/images\/prestations\/79146-dsc_1118.jpg"}},"urlLien":"","typeLien":"","nofollow":"N","copyright":"M Barral"},{"url":"https:\/\/www.valdallos.com\/medias\/images\/prestations\/79147-salle_a_manger.jpg","chemin":"..\/medias\/images\/prestations\/79147-salle_a_manger.jpg","libelle":"s\u00e9jour avec coin cuisine, canap\u00e9, chemin\u00e9e et fen\u00eatres","extension":"jpg","categorie":"","largeur":1200,"theme":"","hauteur":900,"type":"Image","origine":"","liaisonPave":"","langue":"","id":"79147","urlVignette":"https:\/\/www.valdallos.com\/medias\/images\/prestations\/v-79147-salle_a_manger.jpg","alt":"s\u00e9jour avec coin cuisine, canap\u00e9, chemin\u00e9e et fen\u00eatres","title":"s\u00e9jour avec coin cuisine, canap\u00e9, chemin\u00e9e et fen\u00eatres","MultiTaille":{"1920x1440":{"url":"https:\/\/www.valdallos.com\/medias\/images\/prestations\/multitailles\/1920x1440_79147-salle_a_manger.jpg"},"1200x900":{"url":"https:\/\/www.valdallos.com\/medias\/images\/prestations\/multitailles\/1200x900_79147-salle_a_manger.jpg"},"800x600":{"url":"https:\/\/www.valdallos.com\/medias\/images\/prestations\/multitailles\/800x600_79147-salle_a_manger.jpg"},"640x480":{"url":"https:\/\/www.valdallos.com\/medias\/images\/prestations\/multitailles\/640x480_79147-salle_a_manger.jpg"},"320x240":{"url":"https:\/\/www.valdallos.com\/medias\/images\/prestations\/multitailles\/320x240_79147-salle_a_manger.jpg"},"160x120":{"url":"https:\/\/www.valdallos.com\/medias\/images\/prestations\/multitailles\/160x120_79147-salle_a_manger.jpg"},"origine":{"url":"https:\/\/www.valdallos.com\/medias\/images\/prestations\/79147-salle_a_manger.jpg"}},"urlLien":"","typeLien":"","nofollow":"N","copyright":"M Barral"},{"url":"https:\/\/www.valdallos.com\/medias\/images\/prestations\/79148-dsc_1110.jpg","chemin":"..\/medias\/images\/prestations\/79148-dsc_1110.jpg","libelle":"chambre \u00e0 coucher lumineuse sous comble avec lit double et fen\u00eatre","extension":"jpg","categorie":"","largeur":1200,"theme":"","hauteur":795,"type":"Image","origine":"","liaisonPave":"","langue":"","id":"79148","urlVignette":"https:\/\/www.valdallos.com\/medias\/images\/prestations\/v-79148-dsc_1110.jpg","alt":"chambre \u00e0 coucher lumineuse sous comble avec lit double et fen\u00eatre","title":"chambre \u00e0 coucher lumineuse sous comble avec lit double et fen\u00eatre","MultiTaille":{"1920x1440":{"url":"https:\/\/www.valdallos.com\/medias\/images\/prestations\/multitailles\/1920x1440_79148-dsc_1110.jpg"},"1200x900":{"url":"https:\/\/www.valdallos.com\/medias\/images\/prestations\/multitailles\/1200x900_79148-dsc_1110.jpg"},"800x600":{"url":"https:\/\/www.valdallos.com\/medias\/images\/prestations\/multitailles\/800x600_79148-dsc_1110.jpg"},"640x480":{"url":"https:\/\/www.valdallos.com\/medias\/images\/prestations\/multitailles\/640x480_79148-dsc_1110.jpg"},"320x240":{"url":"https:\/\/www.valdallos.com\/medias\/images\/prestations\/multitailles\/320x240_79148-dsc_1110.jpg"},"160x120":{"url":"https:\/\/www.valdallos.com\/medias\/images\/prestations\/multitailles\/160x120_79148-dsc_1110.jpg"},"origine":{"url":"https:\/\/www.valdallos.com\/medias\/images\/prestations\/79148-dsc_1110.jpg"}},"urlLien":"","typeLien":"","nofollow":"N","copyright":"M Barral"},{"url":"https:\/\/www.valdallos.com\/medias\/images\/prestations\/79149-dsc_1112.jpg","chemin":"..\/medias\/images\/prestations\/79149-dsc_1112.jpg","libelle":"chambre \u00e0 coucher d'enfant lumineuse sous combles avec deux lits simples et fen\u00eatre","extension":"jpg","categorie":"","largeur":1200,"theme":"","hauteur":795,"type":"Image","origine":"","liaisonPave":"","langue":"","id":"79149","urlVignette":"https:\/\/www.valdallos.com\/medias\/images\/prestations\/v-79149-dsc_1112.jpg","alt":"chambre \u00e0 coucher d'enfant lumineuse sous combles avec deux lits simples et fen\u00eatre","title":"chambre \u00e0 coucher d'enfant lumineuse sous combles avec deux lits simples et fen\u00eatre","MultiTaille":{"1920x1440":{"url":"https:\/\/www.valdallos.com\/medias\/images\/prestations\/multitailles\/1920x1440_79149-dsc_1112.jpg"},"1200x900":{"url":"https:\/\/www.valdallos.com\/medias\/images\/prestations\/multitailles\/1200x900_79149-dsc_1112.jpg"},"800x600":{"url":"https:\/\/www.valdallos.com\/medias\/images\/prestations\/multitailles\/800x600_79149-dsc_1112.jpg"},"640x480":{"url":"https:\/\/www.valdallos.com\/medias\/images\/prestations\/multitailles\/640x480_79149-dsc_1112.jpg"},"320x240":{"url":"https:\/\/www.valdallos.com\/medias\/images\/prestations\/multitailles\/320x240_79149-dsc_1112.jpg"},"160x120":{"url":"https:\/\/www.valdallos.com\/medias\/images\/prestations\/multitailles\/160x120_79149-dsc_1112.jpg"},"origine":{"url":"https:\/\/www.valdallos.com\/medias\/images\/prestations\/79149-dsc_1112.jpg"}},"urlLien":"","typeLien":"","nofollow":"N","copyright":"M Barral"},{"url":"https:\/\/www.valdallos.com\/medias\/images\/prestations\/79150-dsc_1119.jpg","chemin":"..\/medias\/images\/prestations\/79150-dsc_1119.jpg","libelle":"chambre \u00e0 coucher lumineuse moderne avec lit double et fen\u00eatre","extension":"jpg","categorie":"","largeur":1200,"theme":"","hauteur":795,"type":"Image","origine":"","liaisonPave":"","langue":"","id":"79150","urlVignette":"https:\/\/www.valdallos.com\/medias\/images\/prestations\/v-79150-dsc_1119.jpg","alt":"chambre \u00e0 coucher lumineuse moderne avec lit double et fen\u00eatre","title":"chambre \u00e0 coucher lumineuse moderne avec lit double et fen\u00eatre","MultiTaille":{"1920x1440":{"url":"https:\/\/www.valdallos.com\/medias\/images\/prestations\/multitailles\/1920x1440_79150-dsc_1119.jpg"},"1200x900":{"url":"https:\/\/www.valdallos.com\/medias\/images\/prestations\/multitailles\/1200x900_79150-dsc_1119.jpg"},"800x600":{"url":"https:\/\/www.valdallos.com\/medias\/images\/prestations\/multitailles\/800x600_79150-dsc_1119.jpg"},"640x480":{"url":"https:\/\/www.valdallos.com\/medias\/images\/prestations\/multitailles\/640x480_79150-dsc_1119.jpg"},"320x240":{"url":"https:\/\/www.valdallos.com\/medias\/images\/prestations\/multitailles\/320x240_79150-dsc_1119.jpg"},"160x120":{"url":"https:\/\/www.valdallos.com\/medias\/images\/prestations\/multitailles\/160x120_79150-dsc_1119.jpg"},"origine":{"url":"https:\/\/www.valdallos.com\/medias\/images\/prestations\/79150-dsc_1119.jpg"}},"urlLien":"","typeLien":"","nofollow":"N","copyright":"M Barral"},{"url":"https:\/\/www.valdallos.com\/medias\/images\/prestations\/79141-dsc06104.jpg","chemin":"..\/medias\/images\/prestations\/79141-dsc06104.jpg","libelle":"chalet en bois avec balcon, fen\u00eatre, paysage enneig\u00e9","extension":"jpg","categorie":"","largeur":1200,"theme":"HIVER","hauteur":900,"type":"Image","origine":"","liaisonPave":"","langue":"","id":"79141","urlVignette":"https:\/\/www.valdallos.com\/medias\/images\/prestations\/v-79141-dsc06104.jpg","alt":"chalet en bois avec balcon, fen\u00eatre, paysage enneig\u00e9","title":"chalet en bois avec balcon, fen\u00eatre, paysage enneig\u00e9","MultiTaille":{"1920x1440":{"url":"https:\/\/www.valdallos.com\/medias\/images\/prestations\/multitailles\/1920x1440_79141-dsc06104.jpg"},"1200x900":{"url":"https:\/\/www.valdallos.com\/medias\/images\/prestations\/multitailles\/1200x900_79141-dsc06104.jpg"},"800x600":{"url":"https:\/\/www.valdallos.com\/medias\/images\/prestations\/multitailles\/800x600_79141-dsc06104.jpg"},"640x480":{"url":"https:\/\/www.valdallos.com\/medias\/images\/prestations\/multitailles\/640x480_79141-dsc06104.jpg"},"320x240":{"url":"https:\/\/www.valdallos.com\/medias\/images\/prestations\/multitailles\/320x240_79141-dsc06104.jpg"},"160x120":{"url":"https:\/\/www.valdallos.com\/medias\/images\/prestations\/multitailles\/160x120_79141-dsc06104.jpg"},"origine":{"url":"https:\/\/www.valdallos.com\/medias\/images\/prestations\/79141-dsc06104.jpg"}},"urlLien":"","typeLien":"","nofollow":"N","copyright":"M Barral"},{"url":"https:\/\/www.valdallos.com\/medias\/images\/prestations\/79142-terrasse_5.jpg","chemin":"..\/medias\/images\/prestations\/79142-terrasse_5.jpg","libelle":"balcon de chalet, vue d\u00e9gag\u00e9e, nature et montagne enneig\u00e9es","extension":"jpg","categorie":"","largeur":1200,"theme":"HIVER","hauteur":900,"type":"Image","origine":"","liaisonPave":"","langue":"","id":"79142","urlVignette":"https:\/\/www.valdallos.com\/medias\/images\/prestations\/v-79142-terrasse_5.jpg","alt":"balcon de chalet, vue d\u00e9gag\u00e9e, nature et montagne enneig\u00e9es","title":"balcon de chalet, vue d\u00e9gag\u00e9e, nature et montagne enneig\u00e9es","MultiTaille":{"1920x1440":{"url":"https:\/\/www.valdallos.com\/medias\/images\/prestations\/multitailles\/1920x1440_79142-terrasse_5.jpg"},"1200x900":{"url":"https:\/\/www.valdallos.com\/medias\/images\/prestations\/multitailles\/1200x900_79142-terrasse_5.jpg"},"800x600":{"url":"https:\/\/www.valdallos.com\/medias\/images\/prestations\/multitailles\/800x600_79142-terrasse_5.jpg"},"640x480":{"url":"https:\/\/www.valdallos.com\/medias\/images\/prestations\/multitailles\/640x480_79142-terrasse_5.jpg"},"320x240":{"url":"https:\/\/www.valdallos.com\/medias\/images\/prestations\/multitailles\/320x240_79142-terrasse_5.jpg"},"160x120":{"url":"https:\/\/www.valdallos.com\/medias\/images\/prestations\/multitailles\/160x120_79142-terrasse_5.jpg"},"origine":{"url":"https:\/\/www.valdallos.com\/medias\/images\/prestations\/79142-terrasse_5.jpg"}},"urlLien":"","typeLien":"","nofollow":"N","copyright":"M Barral"}]}},"DateDebPublication":"","DateFinPublication":"","PrixAPartirDe":"","PrixPour":"","FicheListeEnCours":"fiche_liste_immobilier_prestation_OT_v3","ParametresModele":{"AfficherPhotos":1,"NbPhotosMax":6,"AfficherReserver":0,"AfficherContact":0,"AfficherSalle":1,"AfficherZoneGeo":0,"AfficherEnSavoirPlus":"0","AfficherUneSeuleOuverture":0,"AfficherContactCarte":1,"AfficherTarifsChaudAPartirDe":0,"AfficherTarifChaudSansRecherche":0,"AfficherDispoAccordeon":"1","AfficherDispoResa":"1","AfficherPrixAPartirDe":"1","BlocCritereInfo":{"critere1":{"libelle":"","liste_critere":["classementPrefectoral|2631|G","classementPrefectoral|2630|G","classementPrefectoral|2629|G","classementPrefectoral|2628|G","classementPrefectoral|2627|G","classementPrefectoral|2632|G"]},"critere2":{"libelle":"","liste_critere":["GLOC|G"]},"critere3":{"libelle":""},"critere4":{"libelle":""},"critere5":{"libelle":"","liste_critere":["GHANDI|G","AFFEQUIP|WIFI|G","AFFEQUIP|ANIMAUX|G","AFFEQUIP|PARKING|G","AFFEQUIP|LAVEVAIS|G","AFFEQUIP|LAVELINGEAFF|G","GCHAMB|G","NBPERS|G","GSURFA|G","GLOGEM|G"]},"critere6":{"libelle":"","liste_critere":["GLABEL|GCLEVA|G"]},"critere7":{"libelle":""},"critere8":{"libelle":""},"critere9":{"libelle":""},"afficherpictoetpaslibelle":"1"},"BlocPaveInfo":{"texte1":{"pave":["6","15","20"],"longeurmax":"250","afficherLibelle":"0","garderHtml":"0","boutonVoirPlus":""},"texte3":{"longeurmax":"","afficherLibelle":"0","garderHtml":"0","boutonVoirPlus":""}},"CriteresComportementDispo":"DISPONIBILITES[PLANNINGACT","PositionBloc":"GALLERIE|ZONEPRINCIPALFICHEPRESTA|NOM|CARNET_VOYAGE|ACCROCHE_TARIF_DISPO","TypePrestataire":"G","ComportementResa":false,"ComportementDispo":true},"AffichageCoordonnees":[],"Coordonnees":{"Ville":"Allos"},"ContexteId":"PRESTATION|G|4677328|4678533","ContexteIdHtml":"PRESTATION-G-4677328-4678533","cleContexte":"G|4677328|4678533","Bloc":{"texte1":"Nel quartiere di Super Allos, Chalet tutto attrezzato con 3 camere, una terrazza.","texte3":"","critere1":{"libelle":"","contenu":{"classementPrefectoral":{"libelle":"","contenu":{"3":"\u003Cimg src=\"https:\/\/www.valdallos.com\/medias\/images\/picto\/classementPrefectoral-2629-G.png\"  alt=\"3 stelle\" title=\"3 stelle\" \/\u003E"},"codesValeurs":{"3":"classementPrefectoral|2629|G"},"criteres_datas":{"valeurs":{"3":{"2629":{"descriptif":""}}}}}}},"critere2":{"libelle":"","contenu":{"GLOC":{"libelle":"Localizzare","contenu":{"3":"Val d'Allos - Villaggio"},"codesValeurs":{"3":"GLOC|G14|G"},"criteres_datas":{"valeurs":{"3":{"G14":{"descriptif":""}}}}}}},"critere3":{"libelle":"","contenu":[]},"critere4":{"libelle":"","contenu":[]},"critere5":{"libelle":"","contenu":{"NBPERS":{"libelle":"Persone","contenu":{"7":"8 persone"},"codesValeurs":{"7":"NBPERS|GCAP08|G"},"criteres_datas":{"valeurs":{"7":{"GCAP08":{"descriptif":""}}}}},"GLOGEM":{"libelle":"tipo di alloggio","contenu":{"4":"Chalet"},"codesValeurs":{"4":"GLOGEM|GCHALI|G"},"criteres_datas":{"valeurs":{"4":{"GCHALI":{"descriptif":""}}}}},"AFFEQUIP":{"libelle":"Servizi","contenu":{"4":"Lavastoviglie","5":"Lavatrice"},"codesValeurs":{"4":"AFFEQUIP|LAVEVAIS|G","5":"AFFEQUIP|LAVELINGEAFF|G"},"criteres_datas":{"valeurs":{"4":{"LAVEVAIS":{"descriptif":""}},"5":{"LAVELINGEAFF":{"descriptif":""}}}}}}},"critere6":{"libelle":"","contenu":[]},"critere7":{"libelle":"","contenu":[]},"critere8":{"libelle":"","contenu":[]},"critere9":{"libelle":"","contenu":[]}},"LocalisationGps":{"Latitude":"44.24468","Longitude":"6.6298"},"libelleDuPrestataire":"","vuePrestataire":{"pave1":{"libelle":"","contenu":""},"pave2":{"libelle":"","contenu":""},"pave3":{"libelle":"","contenu":""},"pave4":{"libelle":"","contenu":""},"pave5":{"libelle":"","contenu":""},"pave6":{"libelle":"","contenu":""},"pave7":{"libelle":"","contenu":""},"pave8":{"libelle":"","contenu":""},"pave9":{"libelle":"","contenu":""},"pave10":{"libelle":"","contenu":""},"pave11":{"libelle":"","contenu":""},"pave12":{"libelle":"","contenu":""},"pave13":{"libelle":"","contenu":""},"pave14":{"libelle":"","contenu":""},"pave15":{"libelle":"","contenu":""},"pave16":{"libelle":"","contenu":""},"pave17":{"libelle":"","contenu":""},"pave18":{"libelle":"","contenu":""},"pave19":{"libelle":"","contenu":""},"pave20":{"libelle":"","contenu":""},"pave21":{"libelle":"","contenu":""},"pave22":{"libelle":"","contenu":""},"pave23":{"libelle":"","contenu":""},"pave24":{"libelle":"","contenu":""},"pave25":{"libelle":"","contenu":""},"ContactsParType":{"GEST":{"114305":{"id_contact":"114305","type_contact":"GEST","categorie_contact":"PRESTATAIRE","societe_contact":"","fonction_contact":"","civilite_nom_prenom_contact":"Barral Robert ","adresse1_contact":"722 route de Mons","adresse2_contact":"","adresse3_contact":"","cpostal_contact":"83440","ville_contact":"Callian","teldom_contact":"","telbur_contact":"","fax_contact":"","portable_contact":"06 98 32 20 47","email_contact":"h.barral83@gmail.com","siteweb_contact":"","commentaire_contact":"","langue_contact":"","autre_moyen_com":[]}}},"Libelle":"Barral Robert","Nom":"Barral Robert ","Prenom":"","NomPrenom":"Barral Robert  ","CiviliteNomPrenom":"Barral Robert  ","Cle":"G|4677328","PrestataireParent":"","ContexteStat":"PRESTATAIRE-G-4677328","DateModificationIso":"2025-11-19T00:23:00+01:00","Type":"PRESTATAIRE","TypePrestataire":"G","Adresse":{"LigneAdresse1":"","LigneAdresse2":"","LigneAdresse3":"","CodePostal":"","Ville":"","Cedex":"","Etat":"","Pays":""},"Email":"h.barral83@gmail.com","Telephone":"","TelephoneBureau":"","Portable":"06 98 32 20 47","SiteWeb":"","Fax":"","Id":"g-4677328","Code":"G|4677328","Fichier":[],"Url":"","Localisation":{"GoogleMap":{"Latitude":"","Longitude":""}},"ZoneGeo":"","Criteres":{"GINFADH[GDEB":"20160530","GINFADH[GMONT":"115","GTIMMO[GPARTI":"","P.3218[311230":"","P.3233[591419":"","P.3221[629933":"","P.3227[4700469":"","P.3219[5127066":"","P.3219[5127176":"","P.3219[7242385":"","P.3230[5603318":"","P.3228[7031946":"","P.VilleSitra[34066":"","P.VillageDeDepart[34066":""},"DateFinPublication":"","AffichageCoordonnees":[]},"listeCriteres":{"DISPONIBILITES":{"DISPORELANCE":"","PLANNINGACT":""},"GPREST":{"GLOCAS":"","GCOU":""},"GCAPACITE":{"8PERS":""},"NBPERS":{"GCAP08":""},"GLOGEM":{"GCHALI":""},"GCHAR":{"GCHARN":""},"GEQUIC":{"GFOUR":"","GLAVEV":"","GMICRO":"","GRACLE":"","GREFIG":""},"GEQUIS":{"GLECTE":"","GTELEV":""},"GSALLE":{"GDOUCH":"","GWCIND":""},"G2SALL":{"G2DOUC":"","G2WC":""},"G1EQUI":{"GBARBE":"","GLOCSK":"","GLOVEL":"","GMOBIL":""},"GANIMA":{"GANINA":""},"PUBLICATION":{"VALDALLOS":"","VERDONTOURISME":""},"GNOMBRE":{"8PERS":""},"AFFEQUIP":{"LAVEVAIS":"","LAVELINGEAFF":"","JAR":""},"GLOC":{"G14":""},"LOCVERDON":{"1559":""},"AFFGTYPE":{"CHALET":""},"AFFPRES":{"AFFP3":""},"VISIBWEB":{"PLANNINGVISIBLE":""},"127":{"606":""},"22":{"672":"","723":"","1058":""},"122":{"803":"","1297":"","4054":""},"prestations":{"surchargeTourismesAdaptes":"","surchargeDescriptifHandicapMoteur":"","surchargeDescriptifHandicapAuditif":"","surchargeDescriptifHandicapVisuel":"","surchargeDescriptifHandicapMental":"","surchargeNombreFauteuilsRoulants":""},"70":{"895":"","907":"","919":"","922":"","943":"","999":""},"73":{"902":"","973":""},"72":{"963":"","998":""},"68":{"971":""},"71":{"987":""},"languesParlees":{"1197":""},"modesPaiement":{"1271":""},"tourismeAffaires":{"tourismeAffairesEnabled":"","devise":"EUR"},"hebergementLocatifType":{"2620":""},"informationsHebergementLocatif":{"dateClassement":"2021-05-18"},"classementPrefectoral":{"2629":""},"capacite":{"capaciteHebergement":"8","capaciteMaximumPossible":"8","surface":"80","nombreChambres":"3"},"CINTSITRA":{"5660":"","8809":""},"6241":{"126905":"","5740912":""},"3218":{"311229":""},"3220":{"587401":"","5575332":""},"3233":{"591419":""},"3221":{"4876304":""},"3219":{"5127127":"","5239406":"","6436838":""},"3240":{"5778284":""},"6242":{"5843488":""},"3230":{"6139211":""},"VilleSitra":{"1559":""},"VillageDeDepart":{"1559":""},"GINFADH":{"GDEB":"20160530","GMONT":"115"},"GTIMMO":{"GPARTI":""},"P.3218":{"311230":""},"P.3233":{"591419":""},"P.3221":{"629933":""},"P.3227":{"4700469":""},"P.3219":{"5127066":"","5127176":"","7242385":""},"P.3230":{"5603318":""},"P.3228":{"7031946":""},"P.VilleSitra":{"34066":""},"P.VillageDeDepart":{"34066":""}},"dansCarnetVoyage":true,"Ouverture":"","WidgetDispoRechercheDate":false,"WidgetDispoVoirLienVoirToutesDispos":true,"ChargerWidgetDispoAuClic":true,"WidgetDispo":"\u003Cspan\u003E\u003C\/span\u003E","JsOnClickBtnDispo":"\u003Cscript\u003E\n                try{\n                    WidgetDispos.addChargementAuClicBtnDispoAccordeon('PRESTATION-G-4677328-4678533',{tabParamsWidgetDispo : {\"id\":\"G|4677328|4678533\",\"origineListeInfo\":\"\",\"vue\":\"semaineLigne\",\"mode\":\"ajax\",\"url_fiche\":\"3-stelle-val-dallos-le-village.html\",\"id_form_contact\":\"42\",\"version\":\"2\",\"parametersWidgetV2\":{\"el\":\"blocDispo-PRESTATION-G-4677328-4678533\",\"object\":{\"code\":\"G|4677328|4678533\"},\"cid\":\"8\",\"site\":{\"code\":\"SITE2018\",\"url\":\"https:\\\/\\\/it.valdallos.com\"},\"slider\":{\"controls\":{\"arrows\":{\"enable\":true,\"showLocked\":true,\"style\":\"button\"}}},\"booking\":{\"enable\":false,\"waitForWindowLoad\":false,\"parameters\":{\"idWidget\":\"blocResa-PRESTATION-G-4677328-4678533\",\"queryParams\":null,\"withoutForm\":true}},\"options\":{\"typeDate\":\"SS\",\"elReferer\":\"PRESTATION-G-4677328-4678533\",\"ingContext\":\"RESA\",\"urlFiche\":\"3-stelle-val-dallos-le-village.html\",\"startDate\":null,\"templates\":{\"Week\":\"semaine\",\"Days\":\"mois\"},\"plugContactForm\":\"42\"}}},idBloc : \"blocDispo-PRESTATION-G-4677328-4678533\",prestation : \"G|4677328|4678533\"});\n                }\n                catch(e) {\n                    \/\/console.log(e);\n                }\u003C\/script\u003E"},"html":" \n \u003Cdiv id=\"CV-PRESTATION-G-4677328-4678533\" data-contexte-id=\"PRESTATION|G|4677328|4678533\" data-cle=\"G|4677328|4678533\" class=\"fiche-liste\"\u003E\n    \n\n    \u003C!-- partie photo --\u003E\n    \u003Cdiv class=\"photo\"\u003E\t\t\t\t\t\t\t\t\t\t\t\t\t\t\t\t\t\t\t\t\t\n        \u003Cdiv class=\"cadre_photo_principale\"\u003E\t\t\n        \n            \t\t\t\t\t\n                    \u003Ca href=\"3-stelle-val-dallos-le-village.html?origine=carnet#media\"\u003E\n                        \u003Cimg class=\"photo_principale\" alt=\"chalet en bois ensoleill\u00e9 avec terrasse, fen\u00eatres\" src=\"https:\/\/www.valdallos.com\/medias\/images\/prestations\/multitailles\/320x240_79143-chalet_ete_4.jpg\" itemprop=\"image\"\u003E\n                    \u003C\/a\u003E\t\t\t\t\t\t\n                \n                    \u003C\/div\u003E\t\t\t\t\t\t\t\t\t\t\t\t\t\t\t\t\t\t\t \t\t\n    \u003C\/div\u003E\n    \n    \u003C!-- partie nom prest --\u003E\n    \u003Cdiv class=\"nom\"\u003E\n        \u003Ch2\u003EBarral Robert\u003C\/h2\u003E\n        \n            \u003C\/div\u003E\n\n         \n    \u003C!-- partie adresse --\u003E\n    \u003Cdiv class=\"adresse\"\u003E\n    \n          \n    \u003C\/div\u003E\n    \n    \u003C!-- partie liens --\u003E\n    \u003Cdiv class=\"liens\"\u003E\n            \u003Ca class=\"btn-icon btn-view \" title=\"Vedi il file dettagliato\" href=\"3-stelle-val-dallos-le-village.html?origine=carnet\"\u003E\u003C\/a\u003E\u003C!--\u003Ca class=\"btn-icon btn-view \" title=\"\" href=\"?origine=carnet#thaut\"\u003E\u003C\/a\u003E--\u003E\n      \u003Ca class=\"btn-icon btn-trash carnet_voyage_supprimer\" title=\"Elimina questo file dal mio diario di viaggio\" href=\"carnet-voyage?action=remove&fiche=G|4677328|4678533\"\u003E\u003C\/a\u003E\n    \u003C\/div\u003E\n\n\u003C\/div\u003E\n\n","icon":"https:\/\/static.ingenie.fr\/images\/carnetVoyageV3\/G.png"},"fiche":"G|4677328|4678533","popup":"\u003Cdiv id=\"bloc_popup_ajout_fiche_carnet\"\u003E\n    \u003Cdiv class=\"info_popup_ajout_fiche_carnet\"\u003E\n        Hai appena aggiunto questo elemento alla tua selezione:    \u003C\/div\u003E\n    \u003Cdiv class=\"prest_popup_ajout_fiche_carnet\"\u003E\n        Barral Robert    \u003C\/div\u003E\n    \u003Cdiv class=\"bloc_btn_ajout_fiche_carnet form_submit_div\"\u003E\n        \u003Cinput type=\"button\" value=\"Continua la mia selezione\" title=\"Continua la mia selezione\" name=\"btn_close\" class=\"btn_close_popup_carnet form_submit\" onclick=\"$.colorbox.close()\" \/\u003E\n        \u003Cinput type=\"button\" value=\"Visualizza la mia selezione\" title=\"Visualizza la mia selezione\" name=\"btn_panier\" class=\"btn_panier_popup_carnet form_submit\" onclick=\"if(typeof CarnetVoyage != 'undefined') {CarnetVoyage.voirCarnet();}\" \/\u003E\n    \u003C\/div\u003E\n    \u003Cdiv class=\"bloc_btn_ajout_fiche_carnet\"\u003E\n        \u003Cinput type=\"checkbox\" value=\"1\" name=\"desactiver_popup\" id=\"desactiver_popup\" \/\u003E\n        \u003Clabel for=\"desactiver_popup\"\u003ENon visualizzare pi\u00f9 questo messaggio\u003C\/label\u003E\n    \u003C\/div\u003E\n\u003C\/div\u003E","success":1}