{"nbFiches":3,"dataPrest":{"infoPrest":{"pave1":{"libelle":"Descriptif","contenu":"","fichiers":[]},"pave2":{"libelle":"Indirizzo","contenu":"","fichiers":[]},"pave3":{"libelle":"Tarifs Hiver","contenu":"","fichiers":[]},"pave4":{"libelle":"Tarifs Et\u00e9","contenu":"","fichiers":[]},"pave5":{"libelle":"URL de la r\u00e9servation ou vente en ligne","contenu":"","fichiers":[]},"pave6":{"libelle":"Descriptif court","contenu":"Ampio appartamento tutto attrezzato al piano terra di uno chalet, situato nel centro del villaggio, con giardino indipendente e parcheggio privato.","fichiers":[]},"pave7":{"libelle":"Descriptif d\u00e9taill\u00e9","contenu":"","fichiers":[]},"pave8":{"libelle":"Bons plans","contenu":"","fichiers":[]},"pave9":{"libelle":"Compl\u00e9ment localisation","contenu":"","fichiers":[]},"pave10":{"libelle":"Compl\u00e9ment accueil","contenu":"","fichiers":[]},"pave11":{"libelle":"P\u00e9riodes en clair","contenu":"","fichiers":[]},"pave12":{"libelle":"Tarifs en clair","contenu":"","fichiers":[]},"pave13":{"libelle":"Compl\u00e9ment Tarifs","contenu":"","fichiers":[]},"pave14":{"libelle":"Compl\u00e9ment R\u00e9servation","contenu":"","fichiers":[]},"pave15":{"libelle":"Descriptif court","contenu":"","fichiers":[]},"pave16":{"libelle":"Descriptif d\u00e9taill\u00e9","contenu":"","fichiers":[]},"pave17":{"libelle":"Bons plans","contenu":"","fichiers":[]},"pave18":{"libelle":"Tarifs (Tarifs en clair, Compl\u00e9ment Tarifs)","contenu":"","fichiers":[]},"pave19":{"libelle":"P\u00e9riodes en clair","contenu":"","fichiers":[]},"pave20":{"libelle":"Descriptif court","contenu":"","fichiers":[]},"pave21":{"libelle":"Descriptif d\u00e9taill\u00e9","contenu":"","fichiers":[]},"pave22":{"libelle":"Bons plans","contenu":"","fichiers":[]},"pave23":{"libelle":"Tarifs (Tarifs en clair, Compl\u00e9ment Tarifs)","contenu":"","fichiers":[]},"pave24":{"libelle":"P\u00e9riodes en clair","contenu":"","fichiers":[]},"pave25":{"libelle":"Dispositions sp\u00e9ciales","contenu":"","fichiers":[]},"Libelle":"Bechet Dominique et Jean Louis","Reference":"","Reftar":"","Type":"PRESTATION","TypePrestataire":"G","ContexteStat":"PRESTATION-G-4677331-5155550","DateModificationIso":"2026-04-27T13:43:00+02:00","Adresse":{"LigneAdresse1":"Quartier Haut de Ville","LigneAdresse2":"","LigneAdresse3":"","CodePostal":"04260","Ville":"Allos","Cedex":"","Etat":"","Pays":"FRA"},"Id":"g-4677331-5155550","Code":"G|4677331|5155550","Cle":"G|4677331|5155550","Url":"4-stelle-val-dallos-le-village.html","Localisation":{"GoogleMap":{"Latitude":"44.243164","Longitude":"6.625074"}},"ZoneGeo":"","Criteres":{"DISPONIBILITES[DISPORELANCE":"","GPREST[GLOCAS":"","GCAPACITE[4PERS":"","NBPERS[GCAP04":"","GLOGEM[GAPPCH":"","GEQUIC[GLAVEV":"","GPARKI[GPARKC":"","GPARKI[GPARKE":"","PUBLICATION[VALDALLOS":"","PUBLICATION[VERDONTOURISME":"","AFFGTYPE[APPART":"","AFFEQUIP[PARKING":"","AFFEQUIP[LAVEVAIS":"","AFFEQUIP[LAVELINGEAFF":"","AFFEQUIP[JAR":"","AFFEQUIP[POELE":"","GLOC[G14":"","LOCVERDON[1559":"","AFFPRES[AFFP4":"","GNOMBRE[4PERS":"","VISIBWEB[PLANNINGVISIBLE":"","22[672":"","22[723":"","22[1058":"","22[1479":"","126[972":"","126[1323":"","122[4054":"","118[1145":"","prestations[surchargeTourismesAdaptes":"","prestations[surchargeDescriptifHandicapMoteur":"","prestations[surchargeDescriptifHandicapAuditif":"","prestations[surchargeDescriptifHandicapVisuel":"","prestations[surchargeDescriptifHandicapMental":"","prestations[surchargeNombreFauteuilsRoulants":"","73[796":"","71[877":"","71[986":"","70[919":"","70[922":"","70[946":"","70[1010":"","languesParlees[1197":"","environnements[185":"","modesPaiement[1271":"","modesPaiement[1277":"","modesPaiement[1281":"","tourismeAffaires[tourismeAffairesEnabled":"","tourismeAffaires[devise":"EUR","hebergementLocatifType[2620":"","informationsHebergementLocatif[dateClassement":"2021-09-17","classementPrefectoral[2630":"","capacite[capaciteHebergement":"4","capacite[capaciteMaximumPossible":"4","capacite[nombreSallesDeBain":"1","capacite[nombreWC":"1","capacite[nombreLitsDoubles":"1","capacite[nombreLitsSimples":"2","capacite[surface":"67","capacite[nombrePieces":"3","capacite[nombreChambres":"2","CINTSITRA[5660":"","CINTSITRA[8809":"","6241[126905":"","6241[5740912":"","3218[311229":"","3220[587401":"","3220[5575332":"","3233[591419":"","3221[4876304":"","3219[5127127":"","3219[5239406":"","3219[6436838":"","3240[5778284":"","6242[5843488":"","3230[6139211":"","VilleSitra[1559":"","VillageDeDepart[1559":"","DISPONIBILITES[PLANNINGACT":""},"ContactsParType":{"IWEB":{"116463":{"id_contact":"116463","type_contact":"IWEB","categorie_contact":"PRESTATION","societe_contact":"","fonction_contact":"","civilite_nom_prenom_contact":"Bechet Dominique\/Jean Louis  ","adresse1_contact":"","adresse2_contact":"","adresse3_contact":"","cpostal_contact":"","ville_contact":"","teldom_contact":"","telbur_contact":"","fax_contact":"","portable_contact":"06 50 96 70 15","email_contact":"chalet.autapie@orange.fr","siteweb_contact":"","commentaire_contact":"","langue_contact":"","autre_moyen_com":[]}},"":{"116464":{"id_contact":"116464","type_contact":"","categorie_contact":"PRESTATION","societe_contact":"","fonction_contact":"","civilite_nom_prenom_contact":"Bechet Dominique et Jean Louis ","adresse1_contact":"","adresse2_contact":"","adresse3_contact":"","cpostal_contact":"","ville_contact":"","teldom_contact":"","telbur_contact":"","fax_contact":"","portable_contact":"","email_contact":"","siteweb_contact":"","commentaire_contact":"","langue_contact":"","autre_moyen_com":[]},"116465":{"id_contact":"116465","type_contact":"","categorie_contact":"PRESTATION","societe_contact":"","fonction_contact":"","civilite_nom_prenom_contact":"","adresse1_contact":"","adresse2_contact":"","adresse3_contact":"","cpostal_contact":"","ville_contact":"","teldom_contact":"","telbur_contact":"","fax_contact":"","portable_contact":"","email_contact":"","siteweb_contact":"","commentaire_contact":"","langue_contact":"","autre_moyen_com":[]}}},"ContactRemplaceCoordonnees":"116463","Prestataire":{"pave1":{"libelle":"","contenu":""},"pave2":{"libelle":"","contenu":""},"pave3":{"libelle":"","contenu":""},"pave4":{"libelle":"","contenu":""},"pave5":{"libelle":"","contenu":""},"pave6":{"libelle":"","contenu":""},"pave7":{"libelle":"","contenu":""},"pave8":{"libelle":"","contenu":""},"pave9":{"libelle":"","contenu":""},"pave10":{"libelle":"","contenu":""},"pave11":{"libelle":"","contenu":""},"pave12":{"libelle":"","contenu":""},"pave13":{"libelle":"","contenu":""},"pave14":{"libelle":"","contenu":""},"pave15":{"libelle":"","contenu":""},"pave16":{"libelle":"","contenu":""},"pave17":{"libelle":"","contenu":""},"pave18":{"libelle":"","contenu":""},"pave19":{"libelle":"","contenu":""},"pave20":{"libelle":"","contenu":""},"pave21":{"libelle":"","contenu":""},"pave22":{"libelle":"","contenu":""},"pave23":{"libelle":"","contenu":""},"pave24":{"libelle":"","contenu":""},"pave25":{"libelle":"","contenu":""},"ContactsParType":{"GEST":{"108571":{"id_contact":"108571","type_contact":"GEST","categorie_contact":"PRESTATAIRE","societe_contact":"","fonction_contact":"","civilite_nom_prenom_contact":"Bechet Dominique\/Jean Louis ","adresse1_contact":"Quartier haut de ville","adresse2_contact":"Val d'Allos le village","adresse3_contact":"","cpostal_contact":"04260","ville_contact":"Allos","teldom_contact":"04 92 83 06 31","telbur_contact":"","fax_contact":"","portable_contact":"06 50 96 70 15","email_contact":"chalet.autapie@orange.fr","siteweb_contact":"","commentaire_contact":"","langue_contact":"","autre_moyen_com":[]}}},"ZoneGeoLibelle":"Val d\u2019Allos \u2013 Le village","Libelle":"Bechet Dominique\/Jean Louis","Nom":"Bechet Dominique\/Jean Louis ","Prenom":"","NomPrenom":"Bechet Dominique\/Jean Louis  ","CiviliteNomPrenom":"Bechet Dominique\/Jean Louis  ","Cle":"G|4677331","PrestataireParent":"","ContexteStat":"PRESTATAIRE-G-4677331","DateModificationIso":"2025-01-07T00:13:00+01:00","Type":"PRESTATAIRE","TypePrestataire":"G","Adresse":{"LigneAdresse1":"","LigneAdresse2":"","LigneAdresse3":"","CodePostal":"","Ville":"","Cedex":"","Etat":"","Pays":""},"Email":"chalet.autapie@orange.fr","Telephone":"","TelephoneBureau":"","Portable":"06 50 96 70 15","SiteWeb":"","Fax":"","Id":"g-4677331","Code":"G|4677331","Fichier":[],"Url":"","Localisation":{"GoogleMap":{"Latitude":"","Longitude":""}},"ZoneGeo":"FRPA04VAV1400","Criteres":{"GINFADH[GMONT":"80","GINFADH[GCOMM":"prochain classement mai 2021","GTIMMO[GPARTI":"","P.GLOC[G14":"","P.6241[126905":"","P.6241[5740912":"","P.3218[311229":"","P.3220[587401":"","P.3220[5575332":"","P.3233[591419":"","P.3221[4876304":"","P.3219[5127127":"","P.3219[5239406":"","P.3219[6436838":"","P.3240[5778284":"","P.6242[5843488":"","P.3230[6139211":"","P.VilleSitra[1559":"","P.VillageDeDepart[1559":""},"DateFinPublication":""},"Fichier":{"Image":[{"url":"https:\/\/www.valdallos.com\/medias\/images\/prestations\/78332-dsc_0027.jpg","chemin":"..\/medias\/images\/prestations\/78332-dsc_0027.jpg","libelle":"Chalet en bois sur 3 \u00e9tages, terrasse, cour, espace d\u00e9gag\u00e9","extension":"jpg","categorie":"","largeur":1804,"theme":"","hauteur":1200,"type":"Image","origine":"","liaisonPave":"","langue":"","id":"78332","urlVignette":"https:\/\/www.valdallos.com\/medias\/images\/prestations\/v-78332-dsc_0027.jpg","alt":"Chalet en bois sur 3 \u00e9tages, terrasse, cour, espace d\u00e9gag\u00e9","title":"Chalet en bois sur 3 \u00e9tages, terrasse, cour, espace d\u00e9gag\u00e9","MultiTaille":{"1920x1440":{"url":"https:\/\/www.valdallos.com\/medias\/images\/prestations\/multitailles\/1920x1440_78332-dsc_0027.jpg"},"1200x900":{"url":"https:\/\/www.valdallos.com\/medias\/images\/prestations\/multitailles\/1200x900_78332-dsc_0027.jpg"},"800x600":{"url":"https:\/\/www.valdallos.com\/medias\/images\/prestations\/multitailles\/800x600_78332-dsc_0027.jpg"},"640x480":{"url":"https:\/\/www.valdallos.com\/medias\/images\/prestations\/multitailles\/640x480_78332-dsc_0027.jpg"},"320x240":{"url":"https:\/\/www.valdallos.com\/medias\/images\/prestations\/multitailles\/320x240_78332-dsc_0027.jpg"},"160x120":{"url":"https:\/\/www.valdallos.com\/medias\/images\/prestations\/multitailles\/160x120_78332-dsc_0027.jpg"},"origine":{"url":"https:\/\/www.valdallos.com\/medias\/images\/prestations\/78332-dsc_0027.jpg"}},"urlLien":"","typeLien":"","nofollow":"N","copyright":"Bechet"},{"url":"https:\/\/www.valdallos.com\/medias\/images\/prestations\/78333-dsc_0007.jpg","chemin":"..\/medias\/images\/prestations\/78333-dsc_0007.jpg","libelle":"Grand s\u00e9jour lumineux avec canap\u00e9 et fauteuils, TV, po\u00eale \u00e0 bois, porte-fen\u00eatres","extension":"jpg","categorie":"","largeur":1787,"theme":"","hauteur":1200,"type":"Image","origine":"","liaisonPave":"","langue":"","id":"78333","urlVignette":"https:\/\/www.valdallos.com\/medias\/images\/prestations\/v-78333-dsc_0007.jpg","alt":"Grand s\u00e9jour lumineux avec canap\u00e9 et fauteuils, TV, po\u00eale \u00e0 bois, porte-fen\u00eatres","title":"Grand s\u00e9jour lumineux avec canap\u00e9 et fauteuils, TV, po\u00eale \u00e0 bois, porte-fen\u00eatres","MultiTaille":{"1920x1440":{"url":"https:\/\/www.valdallos.com\/medias\/images\/prestations\/multitailles\/1920x1440_78333-dsc_0007.jpg"},"1200x900":{"url":"https:\/\/www.valdallos.com\/medias\/images\/prestations\/multitailles\/1200x900_78333-dsc_0007.jpg"},"800x600":{"url":"https:\/\/www.valdallos.com\/medias\/images\/prestations\/multitailles\/800x600_78333-dsc_0007.jpg"},"640x480":{"url":"https:\/\/www.valdallos.com\/medias\/images\/prestations\/multitailles\/640x480_78333-dsc_0007.jpg"},"320x240":{"url":"https:\/\/www.valdallos.com\/medias\/images\/prestations\/multitailles\/320x240_78333-dsc_0007.jpg"},"160x120":{"url":"https:\/\/www.valdallos.com\/medias\/images\/prestations\/multitailles\/160x120_78333-dsc_0007.jpg"},"origine":{"url":"https:\/\/www.valdallos.com\/medias\/images\/prestations\/78333-dsc_0007.jpg"}},"urlLien":"","typeLien":"","nofollow":"N","copyright":"Bechet"},{"url":"https:\/\/www.valdallos.com\/medias\/images\/prestations\/78334-dsc_0002.jpg","chemin":"..\/medias\/images\/prestations\/78334-dsc_0002.jpg","libelle":"S\u00e9jour lumineux avec coin cuisine, canap\u00e9, fen\u00eatre","extension":"jpg","categorie":"","largeur":1787,"theme":"","hauteur":1200,"type":"Image","origine":"","liaisonPave":"","langue":"","id":"78334","urlVignette":"https:\/\/www.valdallos.com\/medias\/images\/prestations\/v-78334-dsc_0002.jpg","alt":"S\u00e9jour lumineux avec coin cuisine, canap\u00e9, fen\u00eatre","title":"S\u00e9jour lumineux avec coin cuisine, canap\u00e9, fen\u00eatre","MultiTaille":{"1920x1440":{"url":"https:\/\/www.valdallos.com\/medias\/images\/prestations\/multitailles\/1920x1440_78334-dsc_0002.jpg"},"1200x900":{"url":"https:\/\/www.valdallos.com\/medias\/images\/prestations\/multitailles\/1200x900_78334-dsc_0002.jpg"},"800x600":{"url":"https:\/\/www.valdallos.com\/medias\/images\/prestations\/multitailles\/800x600_78334-dsc_0002.jpg"},"640x480":{"url":"https:\/\/www.valdallos.com\/medias\/images\/prestations\/multitailles\/640x480_78334-dsc_0002.jpg"},"320x240":{"url":"https:\/\/www.valdallos.com\/medias\/images\/prestations\/multitailles\/320x240_78334-dsc_0002.jpg"},"160x120":{"url":"https:\/\/www.valdallos.com\/medias\/images\/prestations\/multitailles\/160x120_78334-dsc_0002.jpg"},"origine":{"url":"https:\/\/www.valdallos.com\/medias\/images\/prestations\/78334-dsc_0002.jpg"}},"urlLien":"","typeLien":"","nofollow":"N","copyright":"Bechet"},{"url":"https:\/\/www.valdallos.com\/medias\/images\/prestations\/78335-dsc_0001.jpg","chemin":"..\/medias\/images\/prestations\/78335-dsc_0001.jpg","libelle":"S\u00e9jour lumineux avec canap\u00e9, fauteuil, d\u00e9coration d'int\u00e9rieur, TV","extension":"jpg","categorie":"","largeur":1787,"theme":"","hauteur":1200,"type":"Image","origine":"","liaisonPave":"","langue":"","id":"78335","urlVignette":"https:\/\/www.valdallos.com\/medias\/images\/prestations\/v-78335-dsc_0001.jpg","alt":"S\u00e9jour lumineux avec canap\u00e9, fauteuil, d\u00e9coration d'int\u00e9rieur, TV","title":"S\u00e9jour lumineux avec canap\u00e9, fauteuil, d\u00e9coration d'int\u00e9rieur, TV","MultiTaille":{"1920x1440":{"url":"https:\/\/www.valdallos.com\/medias\/images\/prestations\/multitailles\/1920x1440_78335-dsc_0001.jpg"},"1200x900":{"url":"https:\/\/www.valdallos.com\/medias\/images\/prestations\/multitailles\/1200x900_78335-dsc_0001.jpg"},"800x600":{"url":"https:\/\/www.valdallos.com\/medias\/images\/prestations\/multitailles\/800x600_78335-dsc_0001.jpg"},"640x480":{"url":"https:\/\/www.valdallos.com\/medias\/images\/prestations\/multitailles\/640x480_78335-dsc_0001.jpg"},"320x240":{"url":"https:\/\/www.valdallos.com\/medias\/images\/prestations\/multitailles\/320x240_78335-dsc_0001.jpg"},"160x120":{"url":"https:\/\/www.valdallos.com\/medias\/images\/prestations\/multitailles\/160x120_78335-dsc_0001.jpg"},"origine":{"url":"https:\/\/www.valdallos.com\/medias\/images\/prestations\/78335-dsc_0001.jpg"}},"urlLien":"","typeLien":"","nofollow":"N","copyright":"Bechet"},{"url":"https:\/\/www.valdallos.com\/medias\/images\/prestations\/78336-dsc_0008.jpg","chemin":"..\/medias\/images\/prestations\/78336-dsc_0008.jpg","libelle":"Chambre \u00e0 coucher lumineuse avec lit double, fen\u00eatre et rideaux","extension":"jpg","categorie":"","largeur":1787,"theme":"","hauteur":1200,"type":"Image","origine":"","liaisonPave":"","langue":"","id":"78336","urlVignette":"https:\/\/www.valdallos.com\/medias\/images\/prestations\/v-78336-dsc_0008.jpg","alt":"Chambre \u00e0 coucher lumineuse avec lit double, fen\u00eatre et rideaux","title":"Chambre \u00e0 coucher lumineuse avec lit double, fen\u00eatre et rideaux","MultiTaille":{"1920x1440":{"url":"https:\/\/www.valdallos.com\/medias\/images\/prestations\/multitailles\/1920x1440_78336-dsc_0008.jpg"},"1200x900":{"url":"https:\/\/www.valdallos.com\/medias\/images\/prestations\/multitailles\/1200x900_78336-dsc_0008.jpg"},"800x600":{"url":"https:\/\/www.valdallos.com\/medias\/images\/prestations\/multitailles\/800x600_78336-dsc_0008.jpg"},"640x480":{"url":"https:\/\/www.valdallos.com\/medias\/images\/prestations\/multitailles\/640x480_78336-dsc_0008.jpg"},"320x240":{"url":"https:\/\/www.valdallos.com\/medias\/images\/prestations\/multitailles\/320x240_78336-dsc_0008.jpg"},"160x120":{"url":"https:\/\/www.valdallos.com\/medias\/images\/prestations\/multitailles\/160x120_78336-dsc_0008.jpg"},"origine":{"url":"https:\/\/www.valdallos.com\/medias\/images\/prestations\/78336-dsc_0008.jpg"}},"urlLien":"","typeLien":"","nofollow":"N","copyright":"Bechet"},{"url":"https:\/\/www.valdallos.com\/medias\/images\/prestations\/78337-dsc_0004.jpg","chemin":"..\/medias\/images\/prestations\/78337-dsc_0004.jpg","libelle":"Chambre \u00e0 coucher lumineuse avec lit superpos\u00e9, fen\u00eatre et rideaux","extension":"jpg","categorie":"","largeur":1787,"theme":"","hauteur":1200,"type":"Image","origine":"","liaisonPave":"","langue":"","id":"78337","urlVignette":"https:\/\/www.valdallos.com\/medias\/images\/prestations\/v-78337-dsc_0004.jpg","alt":"Chambre \u00e0 coucher lumineuse avec lit superpos\u00e9, fen\u00eatre et rideaux","title":"Chambre \u00e0 coucher lumineuse avec lit superpos\u00e9, fen\u00eatre et rideaux","MultiTaille":{"1920x1440":{"url":"https:\/\/www.valdallos.com\/medias\/images\/prestations\/multitailles\/1920x1440_78337-dsc_0004.jpg"},"1200x900":{"url":"https:\/\/www.valdallos.com\/medias\/images\/prestations\/multitailles\/1200x900_78337-dsc_0004.jpg"},"800x600":{"url":"https:\/\/www.valdallos.com\/medias\/images\/prestations\/multitailles\/800x600_78337-dsc_0004.jpg"},"640x480":{"url":"https:\/\/www.valdallos.com\/medias\/images\/prestations\/multitailles\/640x480_78337-dsc_0004.jpg"},"320x240":{"url":"https:\/\/www.valdallos.com\/medias\/images\/prestations\/multitailles\/320x240_78337-dsc_0004.jpg"},"160x120":{"url":"https:\/\/www.valdallos.com\/medias\/images\/prestations\/multitailles\/160x120_78337-dsc_0004.jpg"},"origine":{"url":"https:\/\/www.valdallos.com\/medias\/images\/prestations\/78337-dsc_0004.jpg"}},"urlLien":"","typeLien":"","nofollow":"N","copyright":"Bechet"},{"url":"https:\/\/www.valdallos.com\/medias\/images\/prestations\/78338-dsc_0029.jpg","chemin":"..\/medias\/images\/prestations\/78338-dsc_0029.jpg","libelle":"Cour ext\u00e9rieure de chalet, vue sur les montagnes, espace d\u00e9gag\u00e9","extension":"jpg","categorie":"","largeur":1804,"theme":"","hauteur":1200,"type":"Image","origine":"","liaisonPave":"","langue":"","id":"78338","urlVignette":"https:\/\/www.valdallos.com\/medias\/images\/prestations\/v-78338-dsc_0029.jpg","alt":"Cour ext\u00e9rieure de chalet, vue sur les montagnes, espace d\u00e9gag\u00e9","title":"Cour ext\u00e9rieure de chalet, vue sur les montagnes, espace d\u00e9gag\u00e9","MultiTaille":{"1920x1440":{"url":"https:\/\/www.valdallos.com\/medias\/images\/prestations\/multitailles\/1920x1440_78338-dsc_0029.jpg"},"1200x900":{"url":"https:\/\/www.valdallos.com\/medias\/images\/prestations\/multitailles\/1200x900_78338-dsc_0029.jpg"},"800x600":{"url":"https:\/\/www.valdallos.com\/medias\/images\/prestations\/multitailles\/800x600_78338-dsc_0029.jpg"},"640x480":{"url":"https:\/\/www.valdallos.com\/medias\/images\/prestations\/multitailles\/640x480_78338-dsc_0029.jpg"},"320x240":{"url":"https:\/\/www.valdallos.com\/medias\/images\/prestations\/multitailles\/320x240_78338-dsc_0029.jpg"},"160x120":{"url":"https:\/\/www.valdallos.com\/medias\/images\/prestations\/multitailles\/160x120_78338-dsc_0029.jpg"},"origine":{"url":"https:\/\/www.valdallos.com\/medias\/images\/prestations\/78338-dsc_0029.jpg"}},"urlLien":"","typeLien":"","nofollow":"N","copyright":"Bechet"}],"ByCategorie":{"":[{"url":"https:\/\/www.valdallos.com\/medias\/images\/prestations\/78332-dsc_0027.jpg","chemin":"..\/medias\/images\/prestations\/78332-dsc_0027.jpg","libelle":"Chalet en bois sur 3 \u00e9tages, terrasse, cour, espace d\u00e9gag\u00e9","extension":"jpg","categorie":"","largeur":1804,"theme":"","hauteur":1200,"type":"Image","origine":"","liaisonPave":"","langue":"","id":"78332","urlVignette":"https:\/\/www.valdallos.com\/medias\/images\/prestations\/v-78332-dsc_0027.jpg","alt":"Chalet en bois sur 3 \u00e9tages, terrasse, cour, espace d\u00e9gag\u00e9","title":"Chalet en bois sur 3 \u00e9tages, terrasse, cour, espace d\u00e9gag\u00e9","MultiTaille":{"1920x1440":{"url":"https:\/\/www.valdallos.com\/medias\/images\/prestations\/multitailles\/1920x1440_78332-dsc_0027.jpg"},"1200x900":{"url":"https:\/\/www.valdallos.com\/medias\/images\/prestations\/multitailles\/1200x900_78332-dsc_0027.jpg"},"800x600":{"url":"https:\/\/www.valdallos.com\/medias\/images\/prestations\/multitailles\/800x600_78332-dsc_0027.jpg"},"640x480":{"url":"https:\/\/www.valdallos.com\/medias\/images\/prestations\/multitailles\/640x480_78332-dsc_0027.jpg"},"320x240":{"url":"https:\/\/www.valdallos.com\/medias\/images\/prestations\/multitailles\/320x240_78332-dsc_0027.jpg"},"160x120":{"url":"https:\/\/www.valdallos.com\/medias\/images\/prestations\/multitailles\/160x120_78332-dsc_0027.jpg"},"origine":{"url":"https:\/\/www.valdallos.com\/medias\/images\/prestations\/78332-dsc_0027.jpg"}},"urlLien":"","typeLien":"","nofollow":"N","copyright":"Bechet"},{"url":"https:\/\/www.valdallos.com\/medias\/images\/prestations\/78333-dsc_0007.jpg","chemin":"..\/medias\/images\/prestations\/78333-dsc_0007.jpg","libelle":"Grand s\u00e9jour lumineux avec canap\u00e9 et fauteuils, TV, po\u00eale \u00e0 bois, porte-fen\u00eatres","extension":"jpg","categorie":"","largeur":1787,"theme":"","hauteur":1200,"type":"Image","origine":"","liaisonPave":"","langue":"","id":"78333","urlVignette":"https:\/\/www.valdallos.com\/medias\/images\/prestations\/v-78333-dsc_0007.jpg","alt":"Grand s\u00e9jour lumineux avec canap\u00e9 et fauteuils, TV, po\u00eale \u00e0 bois, porte-fen\u00eatres","title":"Grand s\u00e9jour lumineux avec canap\u00e9 et fauteuils, TV, po\u00eale \u00e0 bois, porte-fen\u00eatres","MultiTaille":{"1920x1440":{"url":"https:\/\/www.valdallos.com\/medias\/images\/prestations\/multitailles\/1920x1440_78333-dsc_0007.jpg"},"1200x900":{"url":"https:\/\/www.valdallos.com\/medias\/images\/prestations\/multitailles\/1200x900_78333-dsc_0007.jpg"},"800x600":{"url":"https:\/\/www.valdallos.com\/medias\/images\/prestations\/multitailles\/800x600_78333-dsc_0007.jpg"},"640x480":{"url":"https:\/\/www.valdallos.com\/medias\/images\/prestations\/multitailles\/640x480_78333-dsc_0007.jpg"},"320x240":{"url":"https:\/\/www.valdallos.com\/medias\/images\/prestations\/multitailles\/320x240_78333-dsc_0007.jpg"},"160x120":{"url":"https:\/\/www.valdallos.com\/medias\/images\/prestations\/multitailles\/160x120_78333-dsc_0007.jpg"},"origine":{"url":"https:\/\/www.valdallos.com\/medias\/images\/prestations\/78333-dsc_0007.jpg"}},"urlLien":"","typeLien":"","nofollow":"N","copyright":"Bechet"},{"url":"https:\/\/www.valdallos.com\/medias\/images\/prestations\/78334-dsc_0002.jpg","chemin":"..\/medias\/images\/prestations\/78334-dsc_0002.jpg","libelle":"S\u00e9jour lumineux avec coin cuisine, canap\u00e9, fen\u00eatre","extension":"jpg","categorie":"","largeur":1787,"theme":"","hauteur":1200,"type":"Image","origine":"","liaisonPave":"","langue":"","id":"78334","urlVignette":"https:\/\/www.valdallos.com\/medias\/images\/prestations\/v-78334-dsc_0002.jpg","alt":"S\u00e9jour lumineux avec coin cuisine, canap\u00e9, fen\u00eatre","title":"S\u00e9jour lumineux avec coin cuisine, canap\u00e9, fen\u00eatre","MultiTaille":{"1920x1440":{"url":"https:\/\/www.valdallos.com\/medias\/images\/prestations\/multitailles\/1920x1440_78334-dsc_0002.jpg"},"1200x900":{"url":"https:\/\/www.valdallos.com\/medias\/images\/prestations\/multitailles\/1200x900_78334-dsc_0002.jpg"},"800x600":{"url":"https:\/\/www.valdallos.com\/medias\/images\/prestations\/multitailles\/800x600_78334-dsc_0002.jpg"},"640x480":{"url":"https:\/\/www.valdallos.com\/medias\/images\/prestations\/multitailles\/640x480_78334-dsc_0002.jpg"},"320x240":{"url":"https:\/\/www.valdallos.com\/medias\/images\/prestations\/multitailles\/320x240_78334-dsc_0002.jpg"},"160x120":{"url":"https:\/\/www.valdallos.com\/medias\/images\/prestations\/multitailles\/160x120_78334-dsc_0002.jpg"},"origine":{"url":"https:\/\/www.valdallos.com\/medias\/images\/prestations\/78334-dsc_0002.jpg"}},"urlLien":"","typeLien":"","nofollow":"N","copyright":"Bechet"},{"url":"https:\/\/www.valdallos.com\/medias\/images\/prestations\/78335-dsc_0001.jpg","chemin":"..\/medias\/images\/prestations\/78335-dsc_0001.jpg","libelle":"S\u00e9jour lumineux avec canap\u00e9, fauteuil, d\u00e9coration d'int\u00e9rieur, TV","extension":"jpg","categorie":"","largeur":1787,"theme":"","hauteur":1200,"type":"Image","origine":"","liaisonPave":"","langue":"","id":"78335","urlVignette":"https:\/\/www.valdallos.com\/medias\/images\/prestations\/v-78335-dsc_0001.jpg","alt":"S\u00e9jour lumineux avec canap\u00e9, fauteuil, d\u00e9coration d'int\u00e9rieur, TV","title":"S\u00e9jour lumineux avec canap\u00e9, fauteuil, d\u00e9coration d'int\u00e9rieur, TV","MultiTaille":{"1920x1440":{"url":"https:\/\/www.valdallos.com\/medias\/images\/prestations\/multitailles\/1920x1440_78335-dsc_0001.jpg"},"1200x900":{"url":"https:\/\/www.valdallos.com\/medias\/images\/prestations\/multitailles\/1200x900_78335-dsc_0001.jpg"},"800x600":{"url":"https:\/\/www.valdallos.com\/medias\/images\/prestations\/multitailles\/800x600_78335-dsc_0001.jpg"},"640x480":{"url":"https:\/\/www.valdallos.com\/medias\/images\/prestations\/multitailles\/640x480_78335-dsc_0001.jpg"},"320x240":{"url":"https:\/\/www.valdallos.com\/medias\/images\/prestations\/multitailles\/320x240_78335-dsc_0001.jpg"},"160x120":{"url":"https:\/\/www.valdallos.com\/medias\/images\/prestations\/multitailles\/160x120_78335-dsc_0001.jpg"},"origine":{"url":"https:\/\/www.valdallos.com\/medias\/images\/prestations\/78335-dsc_0001.jpg"}},"urlLien":"","typeLien":"","nofollow":"N","copyright":"Bechet"},{"url":"https:\/\/www.valdallos.com\/medias\/images\/prestations\/78336-dsc_0008.jpg","chemin":"..\/medias\/images\/prestations\/78336-dsc_0008.jpg","libelle":"Chambre \u00e0 coucher lumineuse avec lit double, fen\u00eatre et rideaux","extension":"jpg","categorie":"","largeur":1787,"theme":"","hauteur":1200,"type":"Image","origine":"","liaisonPave":"","langue":"","id":"78336","urlVignette":"https:\/\/www.valdallos.com\/medias\/images\/prestations\/v-78336-dsc_0008.jpg","alt":"Chambre \u00e0 coucher lumineuse avec lit double, fen\u00eatre et rideaux","title":"Chambre \u00e0 coucher lumineuse avec lit double, fen\u00eatre et rideaux","MultiTaille":{"1920x1440":{"url":"https:\/\/www.valdallos.com\/medias\/images\/prestations\/multitailles\/1920x1440_78336-dsc_0008.jpg"},"1200x900":{"url":"https:\/\/www.valdallos.com\/medias\/images\/prestations\/multitailles\/1200x900_78336-dsc_0008.jpg"},"800x600":{"url":"https:\/\/www.valdallos.com\/medias\/images\/prestations\/multitailles\/800x600_78336-dsc_0008.jpg"},"640x480":{"url":"https:\/\/www.valdallos.com\/medias\/images\/prestations\/multitailles\/640x480_78336-dsc_0008.jpg"},"320x240":{"url":"https:\/\/www.valdallos.com\/medias\/images\/prestations\/multitailles\/320x240_78336-dsc_0008.jpg"},"160x120":{"url":"https:\/\/www.valdallos.com\/medias\/images\/prestations\/multitailles\/160x120_78336-dsc_0008.jpg"},"origine":{"url":"https:\/\/www.valdallos.com\/medias\/images\/prestations\/78336-dsc_0008.jpg"}},"urlLien":"","typeLien":"","nofollow":"N","copyright":"Bechet"},{"url":"https:\/\/www.valdallos.com\/medias\/images\/prestations\/78337-dsc_0004.jpg","chemin":"..\/medias\/images\/prestations\/78337-dsc_0004.jpg","libelle":"Chambre \u00e0 coucher lumineuse avec lit superpos\u00e9, fen\u00eatre et rideaux","extension":"jpg","categorie":"","largeur":1787,"theme":"","hauteur":1200,"type":"Image","origine":"","liaisonPave":"","langue":"","id":"78337","urlVignette":"https:\/\/www.valdallos.com\/medias\/images\/prestations\/v-78337-dsc_0004.jpg","alt":"Chambre \u00e0 coucher lumineuse avec lit superpos\u00e9, fen\u00eatre et rideaux","title":"Chambre \u00e0 coucher lumineuse avec lit superpos\u00e9, fen\u00eatre et rideaux","MultiTaille":{"1920x1440":{"url":"https:\/\/www.valdallos.com\/medias\/images\/prestations\/multitailles\/1920x1440_78337-dsc_0004.jpg"},"1200x900":{"url":"https:\/\/www.valdallos.com\/medias\/images\/prestations\/multitailles\/1200x900_78337-dsc_0004.jpg"},"800x600":{"url":"https:\/\/www.valdallos.com\/medias\/images\/prestations\/multitailles\/800x600_78337-dsc_0004.jpg"},"640x480":{"url":"https:\/\/www.valdallos.com\/medias\/images\/prestations\/multitailles\/640x480_78337-dsc_0004.jpg"},"320x240":{"url":"https:\/\/www.valdallos.com\/medias\/images\/prestations\/multitailles\/320x240_78337-dsc_0004.jpg"},"160x120":{"url":"https:\/\/www.valdallos.com\/medias\/images\/prestations\/multitailles\/160x120_78337-dsc_0004.jpg"},"origine":{"url":"https:\/\/www.valdallos.com\/medias\/images\/prestations\/78337-dsc_0004.jpg"}},"urlLien":"","typeLien":"","nofollow":"N","copyright":"Bechet"},{"url":"https:\/\/www.valdallos.com\/medias\/images\/prestations\/78338-dsc_0029.jpg","chemin":"..\/medias\/images\/prestations\/78338-dsc_0029.jpg","libelle":"Cour ext\u00e9rieure de chalet, vue sur les montagnes, espace d\u00e9gag\u00e9","extension":"jpg","categorie":"","largeur":1804,"theme":"","hauteur":1200,"type":"Image","origine":"","liaisonPave":"","langue":"","id":"78338","urlVignette":"https:\/\/www.valdallos.com\/medias\/images\/prestations\/v-78338-dsc_0029.jpg","alt":"Cour ext\u00e9rieure de chalet, vue sur les montagnes, espace d\u00e9gag\u00e9","title":"Cour ext\u00e9rieure de chalet, vue sur les montagnes, espace d\u00e9gag\u00e9","MultiTaille":{"1920x1440":{"url":"https:\/\/www.valdallos.com\/medias\/images\/prestations\/multitailles\/1920x1440_78338-dsc_0029.jpg"},"1200x900":{"url":"https:\/\/www.valdallos.com\/medias\/images\/prestations\/multitailles\/1200x900_78338-dsc_0029.jpg"},"800x600":{"url":"https:\/\/www.valdallos.com\/medias\/images\/prestations\/multitailles\/800x600_78338-dsc_0029.jpg"},"640x480":{"url":"https:\/\/www.valdallos.com\/medias\/images\/prestations\/multitailles\/640x480_78338-dsc_0029.jpg"},"320x240":{"url":"https:\/\/www.valdallos.com\/medias\/images\/prestations\/multitailles\/320x240_78338-dsc_0029.jpg"},"160x120":{"url":"https:\/\/www.valdallos.com\/medias\/images\/prestations\/multitailles\/160x120_78338-dsc_0029.jpg"},"origine":{"url":"https:\/\/www.valdallos.com\/medias\/images\/prestations\/78338-dsc_0029.jpg"}},"urlLien":"","typeLien":"","nofollow":"N","copyright":"Bechet"}]}},"DateDebPublication":"","DateFinPublication":"","PrixAPartirDe":"","PrixPour":"","FicheListeEnCours":"fiche_liste_immobilier_prestation_OT_v3","ParametresModele":{"AfficherPhotos":1,"NbPhotosMax":6,"AfficherReserver":0,"AfficherContact":0,"AfficherSalle":1,"AfficherZoneGeo":0,"AfficherEnSavoirPlus":"0","AfficherUneSeuleOuverture":0,"AfficherContactCarte":1,"AfficherTarifsChaudAPartirDe":0,"AfficherTarifChaudSansRecherche":0,"AfficherDispoAccordeon":"1","AfficherDispoResa":"1","AfficherPrixAPartirDe":"1","BlocCritereInfo":{"critere1":{"libelle":"","liste_critere":["classementPrefectoral|2631|G","classementPrefectoral|2630|G","classementPrefectoral|2629|G","classementPrefectoral|2628|G","classementPrefectoral|2627|G","classementPrefectoral|2632|G"]},"critere2":{"libelle":"","liste_critere":["GLOC|G"]},"critere3":{"libelle":""},"critere4":{"libelle":""},"critere5":{"libelle":"","liste_critere":["GHANDI|G","AFFEQUIP|WIFI|G","AFFEQUIP|ANIMAUX|G","AFFEQUIP|PARKING|G","AFFEQUIP|LAVEVAIS|G","AFFEQUIP|LAVELINGEAFF|G","GCHAMB|G","NBPERS|G","GSURFA|G","GLOGEM|G"]},"critere6":{"libelle":"","liste_critere":["GLABEL|GCLEVA|G"]},"critere7":{"libelle":""},"critere8":{"libelle":""},"critere9":{"libelle":""},"afficherpictoetpaslibelle":"1"},"BlocPaveInfo":{"texte1":{"pave":["6","15","20"],"longeurmax":"250","afficherLibelle":"0","garderHtml":"0","boutonVoirPlus":""},"texte3":{"longeurmax":"","afficherLibelle":"0","garderHtml":"0","boutonVoirPlus":""}},"CriteresComportementDispo":"DISPONIBILITES[PLANNINGACT","PositionBloc":"GALLERIE|ZONEPRINCIPALFICHEPRESTA|NOM|CARNET_VOYAGE|ACCROCHE_TARIF_DISPO","TypePrestataire":"G","ComportementResa":false,"ComportementDispo":true},"AffichageCoordonnees":[],"Coordonnees":{"Ville":"Allos"},"ContexteId":"PRESTATION|G|4677331|5155550","ContexteIdHtml":"PRESTATION-G-4677331-5155550","cleContexte":"G|4677331|5155550","Bloc":{"texte1":"Ampio appartamento tutto attrezzato al piano terra di uno chalet, situato nel centro del villaggio, con giardino indipendente e parcheggio privato.","texte3":"","critere1":{"libelle":"","contenu":{"classementPrefectoral":{"libelle":"","contenu":{"2":"\u003Cimg src=\"https:\/\/www.valdallos.com\/medias\/images\/picto\/classementPrefectoral-2630-G.png\"  alt=\"4 stelle\" title=\"4 stelle\" \/\u003E"},"codesValeurs":{"2":"classementPrefectoral|2630|G"},"criteres_datas":{"valeurs":{"2":{"2630":{"descriptif":""}}}}}}},"critere2":{"libelle":"","contenu":{"GLOC":{"libelle":"Localizzare","contenu":{"3":"Val d'Allos - Villaggio"},"codesValeurs":{"3":"GLOC|G14|G"},"criteres_datas":{"valeurs":{"3":{"G14":{"descriptif":""}}}}}}},"critere3":{"libelle":"","contenu":[]},"critere4":{"libelle":"","contenu":[]},"critere5":{"libelle":"","contenu":{"NBPERS":{"libelle":"Persone","contenu":{"3":"4 persone"},"codesValeurs":{"3":"NBPERS|GCAP04|G"},"criteres_datas":{"valeurs":{"3":{"GCAP04":{"descriptif":""}}}}},"GLOGEM":{"libelle":"tipo di alloggio","contenu":{"1":"appartamento in chalet"},"codesValeurs":{"1":"GLOGEM|GAPPCH|G"},"criteres_datas":{"valeurs":{"1":{"GAPPCH":{"descriptif":""}}}}},"AFFEQUIP":{"libelle":"Servizi","contenu":{"3":"Parcheggio \/ Garage","4":"Lavastoviglie","5":"Lavatrice"},"codesValeurs":{"3":"AFFEQUIP|PARKING|G","4":"AFFEQUIP|LAVEVAIS|G","5":"AFFEQUIP|LAVELINGEAFF|G"},"criteres_datas":{"valeurs":{"3":{"PARKING":{"descriptif":""}},"4":{"LAVEVAIS":{"descriptif":""}},"5":{"LAVELINGEAFF":{"descriptif":""}}}}}}},"critere6":{"libelle":"","contenu":[]},"critere7":{"libelle":"","contenu":[]},"critere8":{"libelle":"","contenu":[]},"critere9":{"libelle":"","contenu":[]}},"LocalisationGps":{"Latitude":"44.243164","Longitude":"6.625074"},"libelleDuPrestataire":"","vuePrestataire":{"pave1":{"libelle":"","contenu":""},"pave2":{"libelle":"","contenu":""},"pave3":{"libelle":"","contenu":""},"pave4":{"libelle":"","contenu":""},"pave5":{"libelle":"","contenu":""},"pave6":{"libelle":"","contenu":""},"pave7":{"libelle":"","contenu":""},"pave8":{"libelle":"","contenu":""},"pave9":{"libelle":"","contenu":""},"pave10":{"libelle":"","contenu":""},"pave11":{"libelle":"","contenu":""},"pave12":{"libelle":"","contenu":""},"pave13":{"libelle":"","contenu":""},"pave14":{"libelle":"","contenu":""},"pave15":{"libelle":"","contenu":""},"pave16":{"libelle":"","contenu":""},"pave17":{"libelle":"","contenu":""},"pave18":{"libelle":"","contenu":""},"pave19":{"libelle":"","contenu":""},"pave20":{"libelle":"","contenu":""},"pave21":{"libelle":"","contenu":""},"pave22":{"libelle":"","contenu":""},"pave23":{"libelle":"","contenu":""},"pave24":{"libelle":"","contenu":""},"pave25":{"libelle":"","contenu":""},"ContactsParType":{"GEST":{"108571":{"id_contact":"108571","type_contact":"GEST","categorie_contact":"PRESTATAIRE","societe_contact":"","fonction_contact":"","civilite_nom_prenom_contact":"Bechet Dominique\/Jean Louis ","adresse1_contact":"Quartier haut de ville","adresse2_contact":"Val d'Allos le village","adresse3_contact":"","cpostal_contact":"04260","ville_contact":"Allos","teldom_contact":"04 92 83 06 31","telbur_contact":"","fax_contact":"","portable_contact":"06 50 96 70 15","email_contact":"chalet.autapie@orange.fr","siteweb_contact":"","commentaire_contact":"","langue_contact":"","autre_moyen_com":[]}}},"ZoneGeoLibelle":"Val d\u2019Allos \u2013 Le village","Libelle":"Bechet Dominique\/Jean Louis","Nom":"Bechet Dominique\/Jean Louis ","Prenom":"","NomPrenom":"Bechet Dominique\/Jean Louis  ","CiviliteNomPrenom":"Bechet Dominique\/Jean Louis  ","Cle":"G|4677331","PrestataireParent":"","ContexteStat":"PRESTATAIRE-G-4677331","DateModificationIso":"2025-01-07T00:13:00+01:00","Type":"PRESTATAIRE","TypePrestataire":"G","Adresse":{"LigneAdresse1":"","LigneAdresse2":"","LigneAdresse3":"","CodePostal":"","Ville":"","Cedex":"","Etat":"","Pays":""},"Email":"chalet.autapie@orange.fr","Telephone":"","TelephoneBureau":"","Portable":"06 50 96 70 15","SiteWeb":"","Fax":"","Id":"g-4677331","Code":"G|4677331","Fichier":[],"Url":"","Localisation":{"GoogleMap":{"Latitude":"","Longitude":""}},"ZoneGeo":"FRPA04VAV1400","Criteres":{"GINFADH[GMONT":"80","GINFADH[GCOMM":"prochain classement mai 2021","GTIMMO[GPARTI":"","P.GLOC[G14":"","P.6241[126905":"","P.6241[5740912":"","P.3218[311229":"","P.3220[587401":"","P.3220[5575332":"","P.3233[591419":"","P.3221[4876304":"","P.3219[5127127":"","P.3219[5239406":"","P.3219[6436838":"","P.3240[5778284":"","P.6242[5843488":"","P.3230[6139211":"","P.VilleSitra[1559":"","P.VillageDeDepart[1559":""},"DateFinPublication":"","AffichageCoordonnees":[]},"listeCriteres":{"DISPONIBILITES":{"DISPORELANCE":"","PLANNINGACT":""},"GPREST":{"GLOCAS":""},"GCAPACITE":{"4PERS":""},"NBPERS":{"GCAP04":""},"GLOGEM":{"GAPPCH":""},"GEQUIC":{"GLAVEV":""},"GPARKI":{"GPARKC":"","GPARKE":""},"PUBLICATION":{"VALDALLOS":"","VERDONTOURISME":""},"AFFGTYPE":{"APPART":""},"AFFEQUIP":{"PARKING":"","LAVEVAIS":"","LAVELINGEAFF":"","JAR":"","POELE":""},"GLOC":{"G14":""},"LOCVERDON":{"1559":""},"AFFPRES":{"AFFP4":""},"GNOMBRE":{"4PERS":""},"VISIBWEB":{"PLANNINGVISIBLE":""},"22":{"672":"","723":"","1058":"","1479":""},"126":{"972":"","1323":""},"122":{"4054":""},"118":{"1145":""},"prestations":{"surchargeTourismesAdaptes":"","surchargeDescriptifHandicapMoteur":"","surchargeDescriptifHandicapAuditif":"","surchargeDescriptifHandicapVisuel":"","surchargeDescriptifHandicapMental":"","surchargeNombreFauteuilsRoulants":""},"73":{"796":""},"71":{"877":"","986":""},"70":{"919":"","922":"","946":"","1010":""},"languesParlees":{"1197":""},"environnements":{"185":""},"modesPaiement":{"1271":"","1277":"","1281":""},"tourismeAffaires":{"tourismeAffairesEnabled":"","devise":"EUR"},"hebergementLocatifType":{"2620":""},"informationsHebergementLocatif":{"dateClassement":"2021-09-17"},"classementPrefectoral":{"2630":""},"capacite":{"capaciteHebergement":"4","capaciteMaximumPossible":"4","nombreSallesDeBain":"1","nombreWC":"1","nombreLitsDoubles":"1","nombreLitsSimples":"2","surface":"67","nombrePieces":"3","nombreChambres":"2"},"CINTSITRA":{"5660":"","8809":""},"6241":{"126905":"","5740912":""},"3218":{"311229":""},"3220":{"587401":"","5575332":""},"3233":{"591419":""},"3221":{"4876304":""},"3219":{"5127127":"","5239406":"","6436838":""},"3240":{"5778284":""},"6242":{"5843488":""},"3230":{"6139211":""},"VilleSitra":{"1559":""},"VillageDeDepart":{"1559":""},"GINFADH":{"GMONT":"80","GCOMM":"prochain classement mai 2021"},"GTIMMO":{"GPARTI":""},"P.GLOC":{"G14":""},"P.6241":{"126905":"","5740912":""},"P.3218":{"311229":""},"P.3220":{"587401":"","5575332":""},"P.3233":{"591419":""},"P.3221":{"4876304":""},"P.3219":{"5127127":"","5239406":"","6436838":""},"P.3240":{"5778284":""},"P.6242":{"5843488":""},"P.3230":{"6139211":""},"P.VilleSitra":{"1559":""},"P.VillageDeDepart":{"1559":""}},"dansCarnetVoyage":true,"Ouverture":"","WidgetDispoRechercheDate":false,"WidgetDispoVoirLienVoirToutesDispos":true,"ChargerWidgetDispoAuClic":true,"WidgetDispo":"\u003Cspan\u003E\u003C\/span\u003E","JsOnClickBtnDispo":"\u003Cscript\u003E\n                try{\n                    WidgetDispos.addChargementAuClicBtnDispoAccordeon('PRESTATION-G-4677331-5155550',{tabParamsWidgetDispo : {\"id\":\"G|4677331|5155550\",\"origineListeInfo\":\"\",\"vue\":\"semaineLigne\",\"mode\":\"ajax\",\"url_fiche\":\"4-stelle-val-dallos-le-village.html\",\"id_form_contact\":\"42\",\"version\":\"2\",\"parametersWidgetV2\":{\"el\":\"blocDispo-PRESTATION-G-4677331-5155550\",\"object\":{\"code\":\"G|4677331|5155550\"},\"cid\":\"8\",\"site\":{\"code\":\"SITE2018\",\"url\":\"https:\\\/\\\/it.valdallos.com\"},\"slider\":{\"controls\":{\"arrows\":{\"enable\":true,\"showLocked\":true,\"style\":\"button\"}}},\"booking\":{\"enable\":false,\"waitForWindowLoad\":false,\"parameters\":{\"idWidget\":\"blocResa-PRESTATION-G-4677331-5155550\",\"queryParams\":null,\"withoutForm\":true}},\"options\":{\"typeDate\":\"SS\",\"elReferer\":\"PRESTATION-G-4677331-5155550\",\"ingContext\":\"RESA\",\"urlFiche\":\"4-stelle-val-dallos-le-village.html\",\"startDate\":null,\"templates\":{\"Week\":\"semaine\",\"Days\":\"mois\"},\"plugContactForm\":\"42\"}}},idBloc : \"blocDispo-PRESTATION-G-4677331-5155550\",prestation : \"G|4677331|5155550\"});\n                }\n                catch(e) {\n                    \/\/console.log(e);\n                }\u003C\/script\u003E"},"html":" \n \u003Cdiv id=\"CV-PRESTATION-G-4677331-5155550\" data-contexte-id=\"PRESTATION|G|4677331|5155550\" data-cle=\"G|4677331|5155550\" class=\"fiche-liste\"\u003E\n    \n\n    \u003C!-- partie photo --\u003E\n    \u003Cdiv class=\"photo\"\u003E\t\t\t\t\t\t\t\t\t\t\t\t\t\t\t\t\t\t\t\t\t\n        \u003Cdiv class=\"cadre_photo_principale\"\u003E\t\t\n        \n            \t\t\t\t\t\n                    \u003Ca href=\"4-stelle-val-dallos-le-village.html?origine=carnet#media\"\u003E\n                        \u003Cimg class=\"photo_principale\" alt=\"Chalet en bois sur 3 \u00e9tages, terrasse, cour, espace d\u00e9gag\u00e9\" src=\"https:\/\/www.valdallos.com\/medias\/images\/prestations\/multitailles\/320x240_78332-dsc_0027.jpg\" itemprop=\"image\"\u003E\n                    \u003C\/a\u003E\t\t\t\t\t\t\n                \n                    \u003C\/div\u003E\t\t\t\t\t\t\t\t\t\t\t\t\t\t\t\t\t\t\t \t\t\n    \u003C\/div\u003E\n    \n    \u003C!-- partie nom prest --\u003E\n    \u003Cdiv class=\"nom\"\u003E\n        \u003Ch2\u003EBechet Dominique et Jean Louis\u003C\/h2\u003E\n        \n            \u003C\/div\u003E\n\n         \n    \u003C!-- partie adresse --\u003E\n    \u003Cdiv class=\"adresse\"\u003E\n    \n          \n    \u003C\/div\u003E\n    \n    \u003C!-- partie liens --\u003E\n    \u003Cdiv class=\"liens\"\u003E\n            \u003Ca class=\"btn-icon btn-view \" title=\"Vedi il file dettagliato\" href=\"4-stelle-val-dallos-le-village.html?origine=carnet\"\u003E\u003C\/a\u003E\u003C!--\u003Ca class=\"btn-icon btn-view \" title=\"\" href=\"?origine=carnet#thaut\"\u003E\u003C\/a\u003E--\u003E\n      \u003Ca class=\"btn-icon btn-trash carnet_voyage_supprimer\" title=\"Elimina questo file dal mio diario di viaggio\" href=\"carnet-voyage?action=remove&fiche=G|4677331|5155550\"\u003E\u003C\/a\u003E\n    \u003C\/div\u003E\n\n\u003C\/div\u003E\n\n","icon":"https:\/\/static.ingenie.fr\/images\/carnetVoyageV3\/G.png"},"fiche":"G|4677331|5155550","popup":"\u003Cdiv id=\"bloc_popup_ajout_fiche_carnet\"\u003E\n    \u003Cdiv class=\"info_popup_ajout_fiche_carnet\"\u003E\n        Hai appena aggiunto questo elemento alla tua selezione:    \u003C\/div\u003E\n    \u003Cdiv class=\"prest_popup_ajout_fiche_carnet\"\u003E\n        Bechet Dominique et Jean Louis    \u003C\/div\u003E\n    \u003Cdiv class=\"bloc_btn_ajout_fiche_carnet form_submit_div\"\u003E\n        \u003Cinput type=\"button\" value=\"Continua la mia selezione\" title=\"Continua la mia selezione\" name=\"btn_close\" class=\"btn_close_popup_carnet form_submit\" onclick=\"$.colorbox.close()\" \/\u003E\n        \u003Cinput type=\"button\" value=\"Visualizza la mia selezione\" title=\"Visualizza la mia selezione\" name=\"btn_panier\" class=\"btn_panier_popup_carnet form_submit\" onclick=\"if(typeof CarnetVoyage != 'undefined') {CarnetVoyage.voirCarnet();}\" \/\u003E\n    \u003C\/div\u003E\n    \u003Cdiv class=\"bloc_btn_ajout_fiche_carnet\"\u003E\n        \u003Cinput type=\"checkbox\" value=\"1\" name=\"desactiver_popup\" id=\"desactiver_popup\" \/\u003E\n        \u003Clabel for=\"desactiver_popup\"\u003ENon visualizzare pi\u00f9 questo messaggio\u003C\/label\u003E\n    \u003C\/div\u003E\n\u003C\/div\u003E","success":1}