{"nbFiches":1,"dataPrest":{"infoPrest":{"pave1":{"libelle":"Descriptif","contenu":"","fichiers":[]},"pave2":{"libelle":"Indirizzo","contenu":"","fichiers":[]},"pave3":{"libelle":"Tarifs Hiver","contenu":"","fichiers":[]},"pave4":{"libelle":"Tarifs Et\u00e9","contenu":"","fichiers":[]},"pave5":{"libelle":"URL de la r\u00e9servation ou vente en ligne","contenu":"","fichiers":[]},"pave6":{"libelle":"Descriptif court","contenu":"Situato ai piedi delle piste del comprensorio sciistico Val d'Allos - La Foux nelle Alpi dell'Alta Provenza ea 150 metri dal centro del resort raggiungibile con la navetta.","fichiers":[]},"pave7":{"libelle":"Descriptif d\u00e9taill\u00e9","contenu":"","fichiers":[]},"pave8":{"libelle":"Bons plans","contenu":"","fichiers":[]},"pave9":{"libelle":"Compl\u00e9ment localisation","contenu":"","fichiers":[]},"pave10":{"libelle":"Compl\u00e9ment accueil","contenu":"","fichiers":[]},"pave11":{"libelle":"P\u00e9riodes en clair","contenu":"","fichiers":[]},"pave12":{"libelle":"Tarifs en clair","contenu":"","fichiers":[]},"pave13":{"libelle":"Compl\u00e9ment Tarifs","contenu":"","fichiers":[]},"pave14":{"libelle":"Compl\u00e9ment R\u00e9servation","contenu":"","fichiers":[]},"pave15":{"libelle":"Descriptif court","contenu":"","fichiers":[]},"pave16":{"libelle":"Descriptif d\u00e9taill\u00e9","contenu":"","fichiers":[]},"pave17":{"libelle":"Bons plans","contenu":"","fichiers":[]},"pave18":{"libelle":"Tarifs (Tarifs en clair, Compl\u00e9ment Tarifs)","contenu":"","fichiers":[]},"pave19":{"libelle":"P\u00e9riodes en clair","contenu":"","fichiers":[]},"pave20":{"libelle":"Descriptif court","contenu":"","fichiers":[]},"pave21":{"libelle":"Descriptif d\u00e9taill\u00e9","contenu":"","fichiers":[]},"pave22":{"libelle":"Bons plans","contenu":"","fichiers":[]},"pave23":{"libelle":"Tarifs (Tarifs en clair, Compl\u00e9ment Tarifs)","contenu":"","fichiers":[]},"pave24":{"libelle":"P\u00e9riodes en clair","contenu":"","fichiers":[]},"pave25":{"libelle":"Dispositions sp\u00e9ciales","contenu":"","fichiers":[]},"Libelle":"Garcia Yann","Reference":"","Reftar":"","Type":"PRESTATION","TypePrestataire":"G","ContexteStat":"PRESTATION-G-4677826-4679741","DateModificationIso":"2026-04-29T13:30:00+02:00","Adresse":{"LigneAdresse1":"r\u00e9sidence la Croisette Entr\u00e9e A","LigneAdresse2":"lieu-dit Adrech de Chauvet","LigneAdresse3":"Val d'Allos - la foux","CodePostal":"04260","Ville":"La Foux d\u2019Allos","Cedex":"","Etat":"","Pays":"FRA"},"Id":"g-4677826-4679741","Code":"G|4677826|4679741","Cle":"G|4677826|4679741","Url":"2-stelle-val-dallos-la-foux.html","Localisation":{"GoogleMap":{"Latitude":"44.291734","Longitude":"6.566426"}},"ZoneGeo":"","Criteres":{"DISPONIBILITES[DISPORELANCE":"","GPREST[GLOCAS":"","GPREST[GCOU":"","GCAPACITE[4PERS":"","NBPERS[GCAP04":"","GLOGEM[GSTRES":"","GCHAR[GCHARC":"","GCHAR[GCHATS":"","GEQUIC[GFONDU":"","GEQUIC[GFOUR":"","GEQUIC[GMICRO":"","GEQUIC[GRACLE":"","GEQUIC[GREFIG":"","GEQUIS[GCHHIF":"","GEQUIS[GLECTE":"","GEQUIS[GTELEV":"","GSALLE[GDOUCH":"","G1EQUI[GLOCSK":"","G1EQUI[GLOVEL":"","GPARKI[GPARKE":"","GANIMA[GANINA":"","PUBLICATION[VALDALLOS":"","PUBLICATION[VERDONTOURISME":"","GNOMBRE[4PERS":"","AFFEQUIP[PARKING":"","GLOC[G18":"","LOCVERDON[37282":"","AFFGTYPE[STUDIO":"","127[606":"","126[972":"","122[4054":"","122[4055":"","122[4063":"","prestations[surchargeTourismesAdaptes":"","prestations[surchargeDescriptifHandicapMoteur":"","prestations[surchargeDescriptifHandicapAuditif":"","prestations[surchargeDescriptifHandicapVisuel":"","prestations[surchargeDescriptifHandicapMental":"","prestations[surchargeNombreFauteuilsRoulants":"","70[895":"","70[907":"","70[943":"","70[999":"","73[902":"","72[963":"","72[985":"","72[998":"","71[986":"","languesParlees[1197":"","6528[169":"","environnements[171":"","environnements[178":"","environnements[193":"","modesPaiement[1271":"","modesPaiement[1277":"","modesPaiement[1281":"","tourismeAffaires[tourismeAffairesEnabled":"","tourismeAffaires[devise":"EUR","hebergementLocatifType[2620":"","informationsHebergementLocatif[dateClassement":"2022-01-31","classementPrefectoral[2628":"","5403[1681":"","capacite[capaciteHebergement":"4","capacite[capaciteMaximumPossible":"4","capacite[surface":"22","capacite[numeroEtage":"3","CINTSITRA[5660":"","CINTSITRA[8809":"","6241[126905":"","6241[5740912":"","3218[311229":"","3220[587401":"","3220[5575332":"","3233[591419":"","3221[4876304":"","3219[5127066":"","3219[5239406":"","3240[5778284":"","3230[6139211":"","VilleSitra[37282":"","VillageDeDepart[37282":""},"ContactsParType":{"IWEB":{"116529":{"id_contact":"116529","type_contact":"IWEB","categorie_contact":"PRESTATION","societe_contact":"","fonction_contact":"","civilite_nom_prenom_contact":"Garcia Yann  ","adresse1_contact":"","adresse2_contact":"","adresse3_contact":"","cpostal_contact":"","ville_contact":"","teldom_contact":"","telbur_contact":"","fax_contact":"","portable_contact":"06 89 18 76 83","email_contact":"","siteweb_contact":"","commentaire_contact":"","langue_contact":"","autre_moyen_com":[]}},"":{"116530":{"id_contact":"116530","type_contact":"","categorie_contact":"PRESTATION","societe_contact":"","fonction_contact":"","civilite_nom_prenom_contact":"M Garcia Denys ","adresse1_contact":"","adresse2_contact":"","adresse3_contact":"","cpostal_contact":"","ville_contact":"","teldom_contact":"","telbur_contact":"","fax_contact":"","portable_contact":"","email_contact":"","siteweb_contact":"","commentaire_contact":"","langue_contact":"","autre_moyen_com":[]}}},"ContactRemplaceCoordonnees":"116529","Prestataire":{"pave1":{"libelle":"","contenu":""},"pave2":{"libelle":"","contenu":""},"pave3":{"libelle":"","contenu":""},"pave4":{"libelle":"","contenu":""},"pave5":{"libelle":"","contenu":""},"pave6":{"libelle":"","contenu":""},"pave7":{"libelle":"","contenu":""},"pave8":{"libelle":"","contenu":""},"pave9":{"libelle":"","contenu":""},"pave10":{"libelle":"","contenu":""},"pave11":{"libelle":"","contenu":""},"pave12":{"libelle":"","contenu":""},"pave13":{"libelle":"","contenu":""},"pave14":{"libelle":"","contenu":""},"pave15":{"libelle":"","contenu":""},"pave16":{"libelle":"","contenu":""},"pave17":{"libelle":"","contenu":""},"pave18":{"libelle":"","contenu":""},"pave19":{"libelle":"","contenu":""},"pave20":{"libelle":"","contenu":""},"pave21":{"libelle":"","contenu":""},"pave22":{"libelle":"","contenu":""},"pave23":{"libelle":"","contenu":""},"pave24":{"libelle":"","contenu":""},"pave25":{"libelle":"","contenu":""},"ContactsParType":{"GEST":{"114317":{"id_contact":"114317","type_contact":"GEST","categorie_contact":"PRESTATAIRE","societe_contact":"","fonction_contact":"","civilite_nom_prenom_contact":"Garcia Yann ","adresse1_contact":"687 Boulevard Jean Ossela","adresse2_contact":"","adresse3_contact":"","cpostal_contact":"06700","ville_contact":"Saint-Laurent-du-Var","teldom_contact":"","telbur_contact":"","fax_contact":"","portable_contact":"06 89 18 76 83","email_contact":"yann.garcia.ekart@gmail.com","siteweb_contact":"","commentaire_contact":"","langue_contact":"","autre_moyen_com":[]}}},"Libelle":"Garcia Yann","Nom":"Garcia Yann ","Prenom":"","NomPrenom":"Garcia Yann  ","CiviliteNomPrenom":"Garcia Yann  ","Cle":"G|4677826","PrestataireParent":"","ContexteStat":"PRESTATAIRE-G-4677826","DateModificationIso":"2025-11-19T00:24:00+01:00","Type":"PRESTATAIRE","TypePrestataire":"G","Adresse":{"LigneAdresse1":"","LigneAdresse2":"","LigneAdresse3":"","CodePostal":"","Ville":"","Cedex":"","Etat":"","Pays":""},"Email":"","Telephone":"","TelephoneBureau":"","Portable":"06 89 18 76 83","SiteWeb":"","Fax":"","Id":"g-4677826","Code":"G|4677826","Fichier":[],"Url":"","Localisation":{"GoogleMap":{"Latitude":"","Longitude":""}},"ZoneGeo":"","Criteres":{"GINFADH[GDEB":"20121227","GINFADH[GMONT":"115","GINFADH[GCOMM":"","GTIMMO[GPARTI":"","P.6241[100154":"","P.3218[585905":"","P.3233[591419":"","P.3240[4920302":"","P.3219[5127176":"","P.3219[7242385":"","P.4805[5505653":"","P.3230[5511142":"","P.3227[6897182":"","P.VilleSitra[2055":"","P.VillageDeDepart[2055":""},"DateFinPublication":""},"Fichier":{"Image":[{"url":"https:\/\/www.valdallos.com\/medias\/images\/prestations\/78510-2017_garcia1.jpg","chemin":"..\/medias\/images\/prestations\/78510-2017_garcia1.jpg","libelle":"S\u00e9jour lumineux ameublement bois, lambris, fen\u00eatre et rideaux","extension":"jpg","categorie":"","largeur":1200,"theme":"","hauteur":900,"type":"Image","origine":"","liaisonPave":"","langue":"","id":"78510","urlVignette":"https:\/\/www.valdallos.com\/medias\/images\/prestations\/v-78510-2017_garcia1.jpg","alt":"S\u00e9jour lumineux ameublement bois, lambris, fen\u00eatre et rideaux","title":"S\u00e9jour lumineux ameublement bois, lambris, fen\u00eatre et rideaux","MultiTaille":{"1920x1440":{"url":"https:\/\/www.valdallos.com\/medias\/images\/prestations\/multitailles\/1920x1440_78510-2017_garcia1.jpg"},"1200x900":{"url":"https:\/\/www.valdallos.com\/medias\/images\/prestations\/multitailles\/1200x900_78510-2017_garcia1.jpg"},"800x600":{"url":"https:\/\/www.valdallos.com\/medias\/images\/prestations\/multitailles\/800x600_78510-2017_garcia1.jpg"},"640x480":{"url":"https:\/\/www.valdallos.com\/medias\/images\/prestations\/multitailles\/640x480_78510-2017_garcia1.jpg"},"320x240":{"url":"https:\/\/www.valdallos.com\/medias\/images\/prestations\/multitailles\/320x240_78510-2017_garcia1.jpg"},"160x120":{"url":"https:\/\/www.valdallos.com\/medias\/images\/prestations\/multitailles\/160x120_78510-2017_garcia1.jpg"},"origine":{"url":"https:\/\/www.valdallos.com\/medias\/images\/prestations\/78510-2017_garcia1.jpg"}},"urlLien":"","typeLien":"","nofollow":"N","copyright":"D Garcia"},{"url":"https:\/\/www.valdallos.com\/medias\/images\/prestations\/78511-2018salon.jpg","chemin":"..\/medias\/images\/prestations\/78511-2018salon.jpg","libelle":"S\u00e9jour lumineux avec ameublement bois, lambris, canap\u00e9, fen\u00eatre et rideaux","extension":"jpg","categorie":"","largeur":1500,"theme":"","hauteur":2000,"type":"Image","origine":"","liaisonPave":"","langue":"","id":"78511","urlVignette":"https:\/\/www.valdallos.com\/medias\/images\/prestations\/v-78511-2018salon.jpg","alt":"S\u00e9jour lumineux avec ameublement bois, lambris, canap\u00e9, fen\u00eatre et rideaux","title":"S\u00e9jour lumineux avec ameublement bois, lambris, canap\u00e9, fen\u00eatre et rideaux","MultiTaille":{"1920x1440":{"url":"https:\/\/www.valdallos.com\/medias\/images\/prestations\/multitailles\/1920x1440_78511-2018salon.jpg"},"1200x900":{"url":"https:\/\/www.valdallos.com\/medias\/images\/prestations\/multitailles\/1200x900_78511-2018salon.jpg"},"800x600":{"url":"https:\/\/www.valdallos.com\/medias\/images\/prestations\/multitailles\/800x600_78511-2018salon.jpg"},"640x480":{"url":"https:\/\/www.valdallos.com\/medias\/images\/prestations\/multitailles\/640x480_78511-2018salon.jpg"},"320x240":{"url":"https:\/\/www.valdallos.com\/medias\/images\/prestations\/multitailles\/320x240_78511-2018salon.jpg"},"160x120":{"url":"https:\/\/www.valdallos.com\/medias\/images\/prestations\/multitailles\/160x120_78511-2018salon.jpg"},"origine":{"url":"https:\/\/www.valdallos.com\/medias\/images\/prestations\/78511-2018salon.jpg"}},"urlLien":"","typeLien":"","nofollow":"N","copyright":"D Garcia"},{"url":"https:\/\/www.valdallos.com\/medias\/images\/prestations\/78512-2018canape.jpg","chemin":"..\/medias\/images\/prestations\/78512-2018canape.jpg","libelle":"S\u00e9jour lumineux ameublement bois, lambris, fen\u00eatre et rideaux","extension":"jpg","categorie":"","largeur":1500,"theme":"","hauteur":2000,"type":"Image","origine":"","liaisonPave":"","langue":"","id":"78512","urlVignette":"https:\/\/www.valdallos.com\/medias\/images\/prestations\/v-78512-2018canape.jpg","alt":"S\u00e9jour lumineux ameublement bois, lambris, fen\u00eatre et rideaux","title":"S\u00e9jour lumineux ameublement bois, lambris, fen\u00eatre et rideaux","MultiTaille":{"1920x1440":{"url":"https:\/\/www.valdallos.com\/medias\/images\/prestations\/multitailles\/1920x1440_78512-2018canape.jpg"},"1200x900":{"url":"https:\/\/www.valdallos.com\/medias\/images\/prestations\/multitailles\/1200x900_78512-2018canape.jpg"},"800x600":{"url":"https:\/\/www.valdallos.com\/medias\/images\/prestations\/multitailles\/800x600_78512-2018canape.jpg"},"640x480":{"url":"https:\/\/www.valdallos.com\/medias\/images\/prestations\/multitailles\/640x480_78512-2018canape.jpg"},"320x240":{"url":"https:\/\/www.valdallos.com\/medias\/images\/prestations\/multitailles\/320x240_78512-2018canape.jpg"},"160x120":{"url":"https:\/\/www.valdallos.com\/medias\/images\/prestations\/multitailles\/160x120_78512-2018canape.jpg"},"origine":{"url":"https:\/\/www.valdallos.com\/medias\/images\/prestations\/78512-2018canape.jpg"}},"urlLien":"","typeLien":"","nofollow":"N","copyright":"D Garcia"},{"url":"https:\/\/www.valdallos.com\/medias\/images\/prestations\/78513-2018_sejour.jpg","chemin":"..\/medias\/images\/prestations\/78513-2018_sejour.jpg","libelle":"S\u00e9jour lumineux ameublement bois, lambris, coin cuisine, table \u00e0 manger","extension":"jpg","categorie":"","largeur":1500,"theme":"","hauteur":2000,"type":"Image","origine":"","liaisonPave":"","langue":"","id":"78513","urlVignette":"https:\/\/www.valdallos.com\/medias\/images\/prestations\/v-78513-2018_sejour.jpg","alt":"S\u00e9jour lumineux ameublement bois, lambris, coin cuisine, table \u00e0 manger","title":"S\u00e9jour lumineux ameublement bois, lambris, coin cuisine, table \u00e0 manger","MultiTaille":{"1920x1440":{"url":"https:\/\/www.valdallos.com\/medias\/images\/prestations\/multitailles\/1920x1440_78513-2018_sejour.jpg"},"1200x900":{"url":"https:\/\/www.valdallos.com\/medias\/images\/prestations\/multitailles\/1200x900_78513-2018_sejour.jpg"},"800x600":{"url":"https:\/\/www.valdallos.com\/medias\/images\/prestations\/multitailles\/800x600_78513-2018_sejour.jpg"},"640x480":{"url":"https:\/\/www.valdallos.com\/medias\/images\/prestations\/multitailles\/640x480_78513-2018_sejour.jpg"},"320x240":{"url":"https:\/\/www.valdallos.com\/medias\/images\/prestations\/multitailles\/320x240_78513-2018_sejour.jpg"},"160x120":{"url":"https:\/\/www.valdallos.com\/medias\/images\/prestations\/multitailles\/160x120_78513-2018_sejour.jpg"},"origine":{"url":"https:\/\/www.valdallos.com\/medias\/images\/prestations\/78513-2018_sejour.jpg"}},"urlLien":"","typeLien":"","nofollow":"N","copyright":"D Garcia"},{"url":"https:\/\/www.valdallos.com\/medias\/images\/prestations\/78514-2017_garcia3.jpg","chemin":"..\/medias\/images\/prestations\/78514-2017_garcia3.jpg","libelle":"Couloir appartement, d\u00e9coration bois et lambris","extension":"jpg","categorie":"","largeur":900,"theme":"","hauteur":1200,"type":"Image","origine":"","liaisonPave":"","langue":"","id":"78514","urlVignette":"https:\/\/www.valdallos.com\/medias\/images\/prestations\/v-78514-2017_garcia3.jpg","alt":"Couloir appartement, d\u00e9coration bois et lambris","title":"Couloir appartement, d\u00e9coration bois et lambris","MultiTaille":{"1920x1440":{"url":"https:\/\/www.valdallos.com\/medias\/images\/prestations\/multitailles\/1920x1440_78514-2017_garcia3.jpg"},"1200x900":{"url":"https:\/\/www.valdallos.com\/medias\/images\/prestations\/multitailles\/1200x900_78514-2017_garcia3.jpg"},"800x600":{"url":"https:\/\/www.valdallos.com\/medias\/images\/prestations\/multitailles\/800x600_78514-2017_garcia3.jpg"},"640x480":{"url":"https:\/\/www.valdallos.com\/medias\/images\/prestations\/multitailles\/640x480_78514-2017_garcia3.jpg"},"320x240":{"url":"https:\/\/www.valdallos.com\/medias\/images\/prestations\/multitailles\/320x240_78514-2017_garcia3.jpg"},"160x120":{"url":"https:\/\/www.valdallos.com\/medias\/images\/prestations\/multitailles\/160x120_78514-2017_garcia3.jpg"},"origine":{"url":"https:\/\/www.valdallos.com\/medias\/images\/prestations\/78514-2017_garcia3.jpg"}},"urlLien":"","typeLien":"","nofollow":"N","copyright":"D Garcia"},{"url":"https:\/\/www.valdallos.com\/medias\/images\/prestations\/78515-2017_garcia7.jpg","chemin":"..\/medias\/images\/prestations\/78515-2017_garcia7.jpg","libelle":"Salle de bains carrel\u00e9e avec bac de douche et \u00e9vier","extension":"jpg","categorie":"","largeur":900,"theme":"","hauteur":1200,"type":"Image","origine":"","liaisonPave":"","langue":"","id":"78515","urlVignette":"https:\/\/www.valdallos.com\/medias\/images\/prestations\/v-78515-2017_garcia7.jpg","alt":"Salle de bains carrel\u00e9e avec bac de douche et \u00e9vier","title":"Salle de bains carrel\u00e9e avec bac de douche et \u00e9vier","MultiTaille":{"1920x1440":{"url":"https:\/\/www.valdallos.com\/medias\/images\/prestations\/multitailles\/1920x1440_78515-2017_garcia7.jpg"},"1200x900":{"url":"https:\/\/www.valdallos.com\/medias\/images\/prestations\/multitailles\/1200x900_78515-2017_garcia7.jpg"},"800x600":{"url":"https:\/\/www.valdallos.com\/medias\/images\/prestations\/multitailles\/800x600_78515-2017_garcia7.jpg"},"640x480":{"url":"https:\/\/www.valdallos.com\/medias\/images\/prestations\/multitailles\/640x480_78515-2017_garcia7.jpg"},"320x240":{"url":"https:\/\/www.valdallos.com\/medias\/images\/prestations\/multitailles\/320x240_78515-2017_garcia7.jpg"},"160x120":{"url":"https:\/\/www.valdallos.com\/medias\/images\/prestations\/multitailles\/160x120_78515-2017_garcia7.jpg"},"origine":{"url":"https:\/\/www.valdallos.com\/medias\/images\/prestations\/78515-2017_garcia7.jpg"}},"urlLien":"","typeLien":"","nofollow":"N","copyright":"D Garcia"},{"url":"https:\/\/www.valdallos.com\/medias\/images\/prestations\/78516-2017_garcia5.jpg","chemin":"..\/medias\/images\/prestations\/78516-2017_garcia5.jpg","libelle":"Porte d'entr\u00e9e dans couloir, lambris","extension":"jpg","categorie":"","largeur":900,"theme":"","hauteur":1200,"type":"Image","origine":"","liaisonPave":"","langue":"","id":"78516","urlVignette":"https:\/\/www.valdallos.com\/medias\/images\/prestations\/v-78516-2017_garcia5.jpg","alt":"Porte d'entr\u00e9e dans couloir, lambris","title":"Porte d'entr\u00e9e dans couloir, lambris","MultiTaille":{"1920x1440":{"url":"https:\/\/www.valdallos.com\/medias\/images\/prestations\/multitailles\/1920x1440_78516-2017_garcia5.jpg"},"1200x900":{"url":"https:\/\/www.valdallos.com\/medias\/images\/prestations\/multitailles\/1200x900_78516-2017_garcia5.jpg"},"800x600":{"url":"https:\/\/www.valdallos.com\/medias\/images\/prestations\/multitailles\/800x600_78516-2017_garcia5.jpg"},"640x480":{"url":"https:\/\/www.valdallos.com\/medias\/images\/prestations\/multitailles\/640x480_78516-2017_garcia5.jpg"},"320x240":{"url":"https:\/\/www.valdallos.com\/medias\/images\/prestations\/multitailles\/320x240_78516-2017_garcia5.jpg"},"160x120":{"url":"https:\/\/www.valdallos.com\/medias\/images\/prestations\/multitailles\/160x120_78516-2017_garcia5.jpg"},"origine":{"url":"https:\/\/www.valdallos.com\/medias\/images\/prestations\/78516-2017_garcia5.jpg"}},"urlLien":"","typeLien":"","nofollow":"N","copyright":"D Garcia"},{"url":"https:\/\/www.valdallos.com\/medias\/images\/prestations\/78517-2017_garcia2.jpg","chemin":"..\/medias\/images\/prestations\/78517-2017_garcia2.jpg","libelle":"Vue en contrebas de l'appartement avec montagne enneig\u00e9e","extension":"jpg","categorie":"","largeur":900,"theme":"HIVER","hauteur":1200,"type":"Image","origine":"","liaisonPave":"","langue":"","id":"78517","urlVignette":"https:\/\/www.valdallos.com\/medias\/images\/prestations\/v-78517-2017_garcia2.jpg","alt":"Vue en contrebas de l'appartement avec montagne enneig\u00e9e","title":"Vue en contrebas de l'appartement avec montagne enneig\u00e9e","MultiTaille":{"1920x1440":{"url":"https:\/\/www.valdallos.com\/medias\/images\/prestations\/multitailles\/1920x1440_78517-2017_garcia2.jpg"},"1200x900":{"url":"https:\/\/www.valdallos.com\/medias\/images\/prestations\/multitailles\/1200x900_78517-2017_garcia2.jpg"},"800x600":{"url":"https:\/\/www.valdallos.com\/medias\/images\/prestations\/multitailles\/800x600_78517-2017_garcia2.jpg"},"640x480":{"url":"https:\/\/www.valdallos.com\/medias\/images\/prestations\/multitailles\/640x480_78517-2017_garcia2.jpg"},"320x240":{"url":"https:\/\/www.valdallos.com\/medias\/images\/prestations\/multitailles\/320x240_78517-2017_garcia2.jpg"},"160x120":{"url":"https:\/\/www.valdallos.com\/medias\/images\/prestations\/multitailles\/160x120_78517-2017_garcia2.jpg"},"origine":{"url":"https:\/\/www.valdallos.com\/medias\/images\/prestations\/78517-2017_garcia2.jpg"}},"urlLien":"","typeLien":"","nofollow":"N","copyright":"D Garcia"}],"ByCategorie":{"":[{"url":"https:\/\/www.valdallos.com\/medias\/images\/prestations\/78510-2017_garcia1.jpg","chemin":"..\/medias\/images\/prestations\/78510-2017_garcia1.jpg","libelle":"S\u00e9jour lumineux ameublement bois, lambris, fen\u00eatre et rideaux","extension":"jpg","categorie":"","largeur":1200,"theme":"","hauteur":900,"type":"Image","origine":"","liaisonPave":"","langue":"","id":"78510","urlVignette":"https:\/\/www.valdallos.com\/medias\/images\/prestations\/v-78510-2017_garcia1.jpg","alt":"S\u00e9jour lumineux ameublement bois, lambris, fen\u00eatre et rideaux","title":"S\u00e9jour lumineux ameublement bois, lambris, fen\u00eatre et rideaux","MultiTaille":{"1920x1440":{"url":"https:\/\/www.valdallos.com\/medias\/images\/prestations\/multitailles\/1920x1440_78510-2017_garcia1.jpg"},"1200x900":{"url":"https:\/\/www.valdallos.com\/medias\/images\/prestations\/multitailles\/1200x900_78510-2017_garcia1.jpg"},"800x600":{"url":"https:\/\/www.valdallos.com\/medias\/images\/prestations\/multitailles\/800x600_78510-2017_garcia1.jpg"},"640x480":{"url":"https:\/\/www.valdallos.com\/medias\/images\/prestations\/multitailles\/640x480_78510-2017_garcia1.jpg"},"320x240":{"url":"https:\/\/www.valdallos.com\/medias\/images\/prestations\/multitailles\/320x240_78510-2017_garcia1.jpg"},"160x120":{"url":"https:\/\/www.valdallos.com\/medias\/images\/prestations\/multitailles\/160x120_78510-2017_garcia1.jpg"},"origine":{"url":"https:\/\/www.valdallos.com\/medias\/images\/prestations\/78510-2017_garcia1.jpg"}},"urlLien":"","typeLien":"","nofollow":"N","copyright":"D Garcia"},{"url":"https:\/\/www.valdallos.com\/medias\/images\/prestations\/78511-2018salon.jpg","chemin":"..\/medias\/images\/prestations\/78511-2018salon.jpg","libelle":"S\u00e9jour lumineux avec ameublement bois, lambris, canap\u00e9, fen\u00eatre et rideaux","extension":"jpg","categorie":"","largeur":1500,"theme":"","hauteur":2000,"type":"Image","origine":"","liaisonPave":"","langue":"","id":"78511","urlVignette":"https:\/\/www.valdallos.com\/medias\/images\/prestations\/v-78511-2018salon.jpg","alt":"S\u00e9jour lumineux avec ameublement bois, lambris, canap\u00e9, fen\u00eatre et rideaux","title":"S\u00e9jour lumineux avec ameublement bois, lambris, canap\u00e9, fen\u00eatre et rideaux","MultiTaille":{"1920x1440":{"url":"https:\/\/www.valdallos.com\/medias\/images\/prestations\/multitailles\/1920x1440_78511-2018salon.jpg"},"1200x900":{"url":"https:\/\/www.valdallos.com\/medias\/images\/prestations\/multitailles\/1200x900_78511-2018salon.jpg"},"800x600":{"url":"https:\/\/www.valdallos.com\/medias\/images\/prestations\/multitailles\/800x600_78511-2018salon.jpg"},"640x480":{"url":"https:\/\/www.valdallos.com\/medias\/images\/prestations\/multitailles\/640x480_78511-2018salon.jpg"},"320x240":{"url":"https:\/\/www.valdallos.com\/medias\/images\/prestations\/multitailles\/320x240_78511-2018salon.jpg"},"160x120":{"url":"https:\/\/www.valdallos.com\/medias\/images\/prestations\/multitailles\/160x120_78511-2018salon.jpg"},"origine":{"url":"https:\/\/www.valdallos.com\/medias\/images\/prestations\/78511-2018salon.jpg"}},"urlLien":"","typeLien":"","nofollow":"N","copyright":"D Garcia"},{"url":"https:\/\/www.valdallos.com\/medias\/images\/prestations\/78512-2018canape.jpg","chemin":"..\/medias\/images\/prestations\/78512-2018canape.jpg","libelle":"S\u00e9jour lumineux ameublement bois, lambris, fen\u00eatre et rideaux","extension":"jpg","categorie":"","largeur":1500,"theme":"","hauteur":2000,"type":"Image","origine":"","liaisonPave":"","langue":"","id":"78512","urlVignette":"https:\/\/www.valdallos.com\/medias\/images\/prestations\/v-78512-2018canape.jpg","alt":"S\u00e9jour lumineux ameublement bois, lambris, fen\u00eatre et rideaux","title":"S\u00e9jour lumineux ameublement bois, lambris, fen\u00eatre et rideaux","MultiTaille":{"1920x1440":{"url":"https:\/\/www.valdallos.com\/medias\/images\/prestations\/multitailles\/1920x1440_78512-2018canape.jpg"},"1200x900":{"url":"https:\/\/www.valdallos.com\/medias\/images\/prestations\/multitailles\/1200x900_78512-2018canape.jpg"},"800x600":{"url":"https:\/\/www.valdallos.com\/medias\/images\/prestations\/multitailles\/800x600_78512-2018canape.jpg"},"640x480":{"url":"https:\/\/www.valdallos.com\/medias\/images\/prestations\/multitailles\/640x480_78512-2018canape.jpg"},"320x240":{"url":"https:\/\/www.valdallos.com\/medias\/images\/prestations\/multitailles\/320x240_78512-2018canape.jpg"},"160x120":{"url":"https:\/\/www.valdallos.com\/medias\/images\/prestations\/multitailles\/160x120_78512-2018canape.jpg"},"origine":{"url":"https:\/\/www.valdallos.com\/medias\/images\/prestations\/78512-2018canape.jpg"}},"urlLien":"","typeLien":"","nofollow":"N","copyright":"D Garcia"},{"url":"https:\/\/www.valdallos.com\/medias\/images\/prestations\/78513-2018_sejour.jpg","chemin":"..\/medias\/images\/prestations\/78513-2018_sejour.jpg","libelle":"S\u00e9jour lumineux ameublement bois, lambris, coin cuisine, table \u00e0 manger","extension":"jpg","categorie":"","largeur":1500,"theme":"","hauteur":2000,"type":"Image","origine":"","liaisonPave":"","langue":"","id":"78513","urlVignette":"https:\/\/www.valdallos.com\/medias\/images\/prestations\/v-78513-2018_sejour.jpg","alt":"S\u00e9jour lumineux ameublement bois, lambris, coin cuisine, table \u00e0 manger","title":"S\u00e9jour lumineux ameublement bois, lambris, coin cuisine, table \u00e0 manger","MultiTaille":{"1920x1440":{"url":"https:\/\/www.valdallos.com\/medias\/images\/prestations\/multitailles\/1920x1440_78513-2018_sejour.jpg"},"1200x900":{"url":"https:\/\/www.valdallos.com\/medias\/images\/prestations\/multitailles\/1200x900_78513-2018_sejour.jpg"},"800x600":{"url":"https:\/\/www.valdallos.com\/medias\/images\/prestations\/multitailles\/800x600_78513-2018_sejour.jpg"},"640x480":{"url":"https:\/\/www.valdallos.com\/medias\/images\/prestations\/multitailles\/640x480_78513-2018_sejour.jpg"},"320x240":{"url":"https:\/\/www.valdallos.com\/medias\/images\/prestations\/multitailles\/320x240_78513-2018_sejour.jpg"},"160x120":{"url":"https:\/\/www.valdallos.com\/medias\/images\/prestations\/multitailles\/160x120_78513-2018_sejour.jpg"},"origine":{"url":"https:\/\/www.valdallos.com\/medias\/images\/prestations\/78513-2018_sejour.jpg"}},"urlLien":"","typeLien":"","nofollow":"N","copyright":"D Garcia"},{"url":"https:\/\/www.valdallos.com\/medias\/images\/prestations\/78514-2017_garcia3.jpg","chemin":"..\/medias\/images\/prestations\/78514-2017_garcia3.jpg","libelle":"Couloir appartement, d\u00e9coration bois et lambris","extension":"jpg","categorie":"","largeur":900,"theme":"","hauteur":1200,"type":"Image","origine":"","liaisonPave":"","langue":"","id":"78514","urlVignette":"https:\/\/www.valdallos.com\/medias\/images\/prestations\/v-78514-2017_garcia3.jpg","alt":"Couloir appartement, d\u00e9coration bois et lambris","title":"Couloir appartement, d\u00e9coration bois et lambris","MultiTaille":{"1920x1440":{"url":"https:\/\/www.valdallos.com\/medias\/images\/prestations\/multitailles\/1920x1440_78514-2017_garcia3.jpg"},"1200x900":{"url":"https:\/\/www.valdallos.com\/medias\/images\/prestations\/multitailles\/1200x900_78514-2017_garcia3.jpg"},"800x600":{"url":"https:\/\/www.valdallos.com\/medias\/images\/prestations\/multitailles\/800x600_78514-2017_garcia3.jpg"},"640x480":{"url":"https:\/\/www.valdallos.com\/medias\/images\/prestations\/multitailles\/640x480_78514-2017_garcia3.jpg"},"320x240":{"url":"https:\/\/www.valdallos.com\/medias\/images\/prestations\/multitailles\/320x240_78514-2017_garcia3.jpg"},"160x120":{"url":"https:\/\/www.valdallos.com\/medias\/images\/prestations\/multitailles\/160x120_78514-2017_garcia3.jpg"},"origine":{"url":"https:\/\/www.valdallos.com\/medias\/images\/prestations\/78514-2017_garcia3.jpg"}},"urlLien":"","typeLien":"","nofollow":"N","copyright":"D Garcia"},{"url":"https:\/\/www.valdallos.com\/medias\/images\/prestations\/78515-2017_garcia7.jpg","chemin":"..\/medias\/images\/prestations\/78515-2017_garcia7.jpg","libelle":"Salle de bains carrel\u00e9e avec bac de douche et \u00e9vier","extension":"jpg","categorie":"","largeur":900,"theme":"","hauteur":1200,"type":"Image","origine":"","liaisonPave":"","langue":"","id":"78515","urlVignette":"https:\/\/www.valdallos.com\/medias\/images\/prestations\/v-78515-2017_garcia7.jpg","alt":"Salle de bains carrel\u00e9e avec bac de douche et \u00e9vier","title":"Salle de bains carrel\u00e9e avec bac de douche et \u00e9vier","MultiTaille":{"1920x1440":{"url":"https:\/\/www.valdallos.com\/medias\/images\/prestations\/multitailles\/1920x1440_78515-2017_garcia7.jpg"},"1200x900":{"url":"https:\/\/www.valdallos.com\/medias\/images\/prestations\/multitailles\/1200x900_78515-2017_garcia7.jpg"},"800x600":{"url":"https:\/\/www.valdallos.com\/medias\/images\/prestations\/multitailles\/800x600_78515-2017_garcia7.jpg"},"640x480":{"url":"https:\/\/www.valdallos.com\/medias\/images\/prestations\/multitailles\/640x480_78515-2017_garcia7.jpg"},"320x240":{"url":"https:\/\/www.valdallos.com\/medias\/images\/prestations\/multitailles\/320x240_78515-2017_garcia7.jpg"},"160x120":{"url":"https:\/\/www.valdallos.com\/medias\/images\/prestations\/multitailles\/160x120_78515-2017_garcia7.jpg"},"origine":{"url":"https:\/\/www.valdallos.com\/medias\/images\/prestations\/78515-2017_garcia7.jpg"}},"urlLien":"","typeLien":"","nofollow":"N","copyright":"D Garcia"},{"url":"https:\/\/www.valdallos.com\/medias\/images\/prestations\/78516-2017_garcia5.jpg","chemin":"..\/medias\/images\/prestations\/78516-2017_garcia5.jpg","libelle":"Porte d'entr\u00e9e dans couloir, lambris","extension":"jpg","categorie":"","largeur":900,"theme":"","hauteur":1200,"type":"Image","origine":"","liaisonPave":"","langue":"","id":"78516","urlVignette":"https:\/\/www.valdallos.com\/medias\/images\/prestations\/v-78516-2017_garcia5.jpg","alt":"Porte d'entr\u00e9e dans couloir, lambris","title":"Porte d'entr\u00e9e dans couloir, lambris","MultiTaille":{"1920x1440":{"url":"https:\/\/www.valdallos.com\/medias\/images\/prestations\/multitailles\/1920x1440_78516-2017_garcia5.jpg"},"1200x900":{"url":"https:\/\/www.valdallos.com\/medias\/images\/prestations\/multitailles\/1200x900_78516-2017_garcia5.jpg"},"800x600":{"url":"https:\/\/www.valdallos.com\/medias\/images\/prestations\/multitailles\/800x600_78516-2017_garcia5.jpg"},"640x480":{"url":"https:\/\/www.valdallos.com\/medias\/images\/prestations\/multitailles\/640x480_78516-2017_garcia5.jpg"},"320x240":{"url":"https:\/\/www.valdallos.com\/medias\/images\/prestations\/multitailles\/320x240_78516-2017_garcia5.jpg"},"160x120":{"url":"https:\/\/www.valdallos.com\/medias\/images\/prestations\/multitailles\/160x120_78516-2017_garcia5.jpg"},"origine":{"url":"https:\/\/www.valdallos.com\/medias\/images\/prestations\/78516-2017_garcia5.jpg"}},"urlLien":"","typeLien":"","nofollow":"N","copyright":"D Garcia"},{"url":"https:\/\/www.valdallos.com\/medias\/images\/prestations\/78517-2017_garcia2.jpg","chemin":"..\/medias\/images\/prestations\/78517-2017_garcia2.jpg","libelle":"Vue en contrebas de l'appartement avec montagne enneig\u00e9e","extension":"jpg","categorie":"","largeur":900,"theme":"HIVER","hauteur":1200,"type":"Image","origine":"","liaisonPave":"","langue":"","id":"78517","urlVignette":"https:\/\/www.valdallos.com\/medias\/images\/prestations\/v-78517-2017_garcia2.jpg","alt":"Vue en contrebas de l'appartement avec montagne enneig\u00e9e","title":"Vue en contrebas de l'appartement avec montagne enneig\u00e9e","MultiTaille":{"1920x1440":{"url":"https:\/\/www.valdallos.com\/medias\/images\/prestations\/multitailles\/1920x1440_78517-2017_garcia2.jpg"},"1200x900":{"url":"https:\/\/www.valdallos.com\/medias\/images\/prestations\/multitailles\/1200x900_78517-2017_garcia2.jpg"},"800x600":{"url":"https:\/\/www.valdallos.com\/medias\/images\/prestations\/multitailles\/800x600_78517-2017_garcia2.jpg"},"640x480":{"url":"https:\/\/www.valdallos.com\/medias\/images\/prestations\/multitailles\/640x480_78517-2017_garcia2.jpg"},"320x240":{"url":"https:\/\/www.valdallos.com\/medias\/images\/prestations\/multitailles\/320x240_78517-2017_garcia2.jpg"},"160x120":{"url":"https:\/\/www.valdallos.com\/medias\/images\/prestations\/multitailles\/160x120_78517-2017_garcia2.jpg"},"origine":{"url":"https:\/\/www.valdallos.com\/medias\/images\/prestations\/78517-2017_garcia2.jpg"}},"urlLien":"","typeLien":"","nofollow":"N","copyright":"D Garcia"}]}},"DateDebPublication":"","DateFinPublication":"","PrixAPartirDe":"","PrixPour":"","FicheListeEnCours":"fiche_liste_immobilier_prestation_OT_v3","ParametresModele":{"AfficherPhotos":1,"NbPhotosMax":6,"AfficherReserver":0,"AfficherContact":0,"AfficherSalle":1,"AfficherZoneGeo":0,"AfficherEnSavoirPlus":"0","AfficherUneSeuleOuverture":0,"AfficherContactCarte":1,"AfficherTarifsChaudAPartirDe":0,"AfficherTarifChaudSansRecherche":0,"AfficherDispoAccordeon":"1","AfficherDispoResa":"1","AfficherPrixAPartirDe":"1","BlocCritereInfo":{"critere1":{"libelle":"","liste_critere":["classementPrefectoral|2631|G","classementPrefectoral|2630|G","classementPrefectoral|2629|G","classementPrefectoral|2628|G","classementPrefectoral|2627|G","classementPrefectoral|2632|G"]},"critere2":{"libelle":"","liste_critere":["GLOC|G"]},"critere3":{"libelle":""},"critere4":{"libelle":""},"critere5":{"libelle":"","liste_critere":["GHANDI|G","AFFEQUIP|WIFI|G","AFFEQUIP|ANIMAUX|G","AFFEQUIP|PARKING|G","AFFEQUIP|LAVEVAIS|G","AFFEQUIP|LAVELINGEAFF|G","GCHAMB|G","NBPERS|G","GSURFA|G","GLOGEM|G"]},"critere6":{"libelle":"","liste_critere":["GLABEL|GCLEVA|G"]},"critere7":{"libelle":""},"critere8":{"libelle":""},"critere9":{"libelle":""},"afficherpictoetpaslibelle":"1"},"BlocPaveInfo":{"texte1":{"pave":["6","15","20"],"longeurmax":"250","afficherLibelle":"0","garderHtml":"0","boutonVoirPlus":""},"texte3":{"longeurmax":"","afficherLibelle":"0","garderHtml":"0","boutonVoirPlus":""}},"CriteresComportementDispo":"DISPONIBILITES[PLANNINGACT","PositionBloc":"GALLERIE|ZONEPRINCIPALFICHEPRESTA|NOM|CARNET_VOYAGE|ACCROCHE_TARIF_DISPO","TypePrestataire":"G","ComportementResa":false,"ComportementDispo":false},"AffichageCoordonnees":[],"Coordonnees":{"Ville":"La Foux d\u2019Allos"},"ContexteId":"PRESTATION|G|4677826|4679741","ContexteIdHtml":"PRESTATION-G-4677826-4679741","cleContexte":"G|4677826|4679741","Bloc":{"texte1":"Situato ai piedi delle piste del comprensorio sciistico Val d'Allos - La Foux nelle Alpi dell'Alta Provenza ea 150 metri dal centro del resort raggiungibile con la navetta.","texte3":"","critere1":{"libelle":"","contenu":{"classementPrefectoral":{"libelle":"","contenu":{"4":"\u003Cimg src=\"https:\/\/www.valdallos.com\/medias\/images\/picto\/classementPrefectoral-2628-G.png\"  alt=\"2 stelle\" title=\"2 stelle\" \/\u003E"},"codesValeurs":{"4":"classementPrefectoral|2628|G"},"criteres_datas":{"valeurs":{"4":{"2628":{"descriptif":""}}}}}}},"critere2":{"libelle":"","contenu":{"GLOC":{"libelle":"Localizzare","contenu":{"1":"Val d'Allos - La Foux"},"codesValeurs":{"1":"GLOC|G18|G"},"criteres_datas":{"valeurs":{"1":{"G18":{"descriptif":""}}}}}}},"critere3":{"libelle":"","contenu":[]},"critere4":{"libelle":"","contenu":[]},"critere5":{"libelle":"","contenu":{"NBPERS":{"libelle":"Persone","contenu":{"3":"4 persone"},"codesValeurs":{"3":"NBPERS|GCAP04|G"},"criteres_datas":{"valeurs":{"3":{"GCAP04":{"descriptif":""}}}}},"GLOGEM":{"libelle":"tipo di alloggio","contenu":{"7":"Monolocale in una reisdence"},"codesValeurs":{"7":"GLOGEM|GSTRES|G"},"criteres_datas":{"valeurs":{"7":{"GSTRES":{"descriptif":""}}}}},"AFFEQUIP":{"libelle":"Servizi","contenu":{"3":"Parcheggio \/ Garage"},"codesValeurs":{"3":"AFFEQUIP|PARKING|G"},"criteres_datas":{"valeurs":{"3":{"PARKING":{"descriptif":""}}}}}}},"critere6":{"libelle":"","contenu":[]},"critere7":{"libelle":"","contenu":[]},"critere8":{"libelle":"","contenu":[]},"critere9":{"libelle":"","contenu":[]}},"LocalisationGps":{"Latitude":"44.291734","Longitude":"6.566426"},"libelleDuPrestataire":"","vuePrestataire":{"pave1":{"libelle":"","contenu":""},"pave2":{"libelle":"","contenu":""},"pave3":{"libelle":"","contenu":""},"pave4":{"libelle":"","contenu":""},"pave5":{"libelle":"","contenu":""},"pave6":{"libelle":"","contenu":""},"pave7":{"libelle":"","contenu":""},"pave8":{"libelle":"","contenu":""},"pave9":{"libelle":"","contenu":""},"pave10":{"libelle":"","contenu":""},"pave11":{"libelle":"","contenu":""},"pave12":{"libelle":"","contenu":""},"pave13":{"libelle":"","contenu":""},"pave14":{"libelle":"","contenu":""},"pave15":{"libelle":"","contenu":""},"pave16":{"libelle":"","contenu":""},"pave17":{"libelle":"","contenu":""},"pave18":{"libelle":"","contenu":""},"pave19":{"libelle":"","contenu":""},"pave20":{"libelle":"","contenu":""},"pave21":{"libelle":"","contenu":""},"pave22":{"libelle":"","contenu":""},"pave23":{"libelle":"","contenu":""},"pave24":{"libelle":"","contenu":""},"pave25":{"libelle":"","contenu":""},"ContactsParType":{"GEST":{"114317":{"id_contact":"114317","type_contact":"GEST","categorie_contact":"PRESTATAIRE","societe_contact":"","fonction_contact":"","civilite_nom_prenom_contact":"Garcia Yann ","adresse1_contact":"687 Boulevard Jean Ossela","adresse2_contact":"","adresse3_contact":"","cpostal_contact":"06700","ville_contact":"Saint-Laurent-du-Var","teldom_contact":"","telbur_contact":"","fax_contact":"","portable_contact":"06 89 18 76 83","email_contact":"yann.garcia.ekart@gmail.com","siteweb_contact":"","commentaire_contact":"","langue_contact":"","autre_moyen_com":[]}}},"Libelle":"Garcia Yann","Nom":"Garcia Yann ","Prenom":"","NomPrenom":"Garcia Yann  ","CiviliteNomPrenom":"Garcia Yann  ","Cle":"G|4677826","PrestataireParent":"","ContexteStat":"PRESTATAIRE-G-4677826","DateModificationIso":"2025-11-19T00:24:00+01:00","Type":"PRESTATAIRE","TypePrestataire":"G","Adresse":{"LigneAdresse1":"","LigneAdresse2":"","LigneAdresse3":"","CodePostal":"","Ville":"","Cedex":"","Etat":"","Pays":""},"Email":"","Telephone":"","TelephoneBureau":"","Portable":"06 89 18 76 83","SiteWeb":"","Fax":"","Id":"g-4677826","Code":"G|4677826","Fichier":[],"Url":"","Localisation":{"GoogleMap":{"Latitude":"","Longitude":""}},"ZoneGeo":"","Criteres":{"GINFADH[GDEB":"20121227","GINFADH[GMONT":"115","GINFADH[GCOMM":"","GTIMMO[GPARTI":"","P.6241[100154":"","P.3218[585905":"","P.3233[591419":"","P.3240[4920302":"","P.3219[5127176":"","P.3219[7242385":"","P.4805[5505653":"","P.3230[5511142":"","P.3227[6897182":"","P.VilleSitra[2055":"","P.VillageDeDepart[2055":""},"DateFinPublication":"","AffichageCoordonnees":[]},"listeCriteres":{"DISPONIBILITES":{"DISPORELANCE":""},"GPREST":{"GLOCAS":"","GCOU":""},"GCAPACITE":{"4PERS":""},"NBPERS":{"GCAP04":""},"GLOGEM":{"GSTRES":""},"GCHAR":{"GCHARC":"","GCHATS":""},"GEQUIC":{"GFONDU":"","GFOUR":"","GMICRO":"","GRACLE":"","GREFIG":""},"GEQUIS":{"GCHHIF":"","GLECTE":"","GTELEV":""},"GSALLE":{"GDOUCH":""},"G1EQUI":{"GLOCSK":"","GLOVEL":""},"GPARKI":{"GPARKE":""},"GANIMA":{"GANINA":""},"PUBLICATION":{"VALDALLOS":"","VERDONTOURISME":""},"GNOMBRE":{"4PERS":""},"AFFEQUIP":{"PARKING":""},"GLOC":{"G18":""},"LOCVERDON":{"37282":""},"AFFGTYPE":{"STUDIO":""},"127":{"606":""},"126":{"972":""},"122":{"4054":"","4055":"","4063":""},"prestations":{"surchargeTourismesAdaptes":"","surchargeDescriptifHandicapMoteur":"","surchargeDescriptifHandicapAuditif":"","surchargeDescriptifHandicapVisuel":"","surchargeDescriptifHandicapMental":"","surchargeNombreFauteuilsRoulants":""},"70":{"895":"","907":"","943":"","999":""},"73":{"902":""},"72":{"963":"","985":"","998":""},"71":{"986":""},"languesParlees":{"1197":""},"6528":{"169":""},"environnements":{"171":"","178":"","193":""},"modesPaiement":{"1271":"","1277":"","1281":""},"tourismeAffaires":{"tourismeAffairesEnabled":"","devise":"EUR"},"hebergementLocatifType":{"2620":""},"informationsHebergementLocatif":{"dateClassement":"2022-01-31"},"classementPrefectoral":{"2628":""},"5403":{"1681":""},"capacite":{"capaciteHebergement":"4","capaciteMaximumPossible":"4","surface":"22","numeroEtage":"3"},"CINTSITRA":{"5660":"","8809":""},"6241":{"126905":"","5740912":""},"3218":{"311229":""},"3220":{"587401":"","5575332":""},"3233":{"591419":""},"3221":{"4876304":""},"3219":{"5127066":"","5239406":""},"3240":{"5778284":""},"3230":{"6139211":""},"VilleSitra":{"37282":""},"VillageDeDepart":{"37282":""},"GINFADH":{"GDEB":"20121227","GMONT":"115","GCOMM":""},"GTIMMO":{"GPARTI":""},"P.6241":{"100154":""},"P.3218":{"585905":""},"P.3233":{"591419":""},"P.3240":{"4920302":""},"P.3219":{"5127176":"","7242385":""},"P.4805":{"5505653":""},"P.3230":{"5511142":""},"P.3227":{"6897182":""},"P.VilleSitra":{"2055":""},"P.VillageDeDepart":{"2055":""}},"dansCarnetVoyage":true,"Ouverture":""},"html":" \n \u003Cdiv id=\"CV-PRESTATION-G-4677826-4679741\" data-contexte-id=\"PRESTATION|G|4677826|4679741\" data-cle=\"G|4677826|4679741\" class=\"fiche-liste\"\u003E\n    \n\n    \u003C!-- partie photo --\u003E\n    \u003Cdiv class=\"photo\"\u003E\t\t\t\t\t\t\t\t\t\t\t\t\t\t\t\t\t\t\t\t\t\n        \u003Cdiv class=\"cadre_photo_principale\"\u003E\t\t\n        \n            \t\t\t\t\t\n                    \u003Ca href=\"2-stelle-val-dallos-la-foux.html?origine=carnet#media\"\u003E\n                        \u003Cimg class=\"photo_principale\" alt=\"S\u00e9jour lumineux ameublement bois, lambris, fen\u00eatre et rideaux\" src=\"https:\/\/www.valdallos.com\/medias\/images\/prestations\/multitailles\/320x240_78510-2017_garcia1.jpg\" itemprop=\"image\"\u003E\n                    \u003C\/a\u003E\t\t\t\t\t\t\n                \n                    \u003C\/div\u003E\t\t\t\t\t\t\t\t\t\t\t\t\t\t\t\t\t\t\t \t\t\n    \u003C\/div\u003E\n    \n    \u003C!-- partie nom prest --\u003E\n    \u003Cdiv class=\"nom\"\u003E\n        \u003Ch2\u003EGarcia Yann\u003C\/h2\u003E\n        \n            \u003C\/div\u003E\n\n         \n    \u003C!-- partie adresse --\u003E\n    \u003Cdiv class=\"adresse\"\u003E\n    \n          \n    \u003C\/div\u003E\n    \n    \u003C!-- partie liens --\u003E\n    \u003Cdiv class=\"liens\"\u003E\n            \u003Ca class=\"btn-icon btn-view \" title=\"Vedi il file dettagliato\" href=\"2-stelle-val-dallos-la-foux.html?origine=carnet\"\u003E\u003C\/a\u003E\u003C!--\u003Ca class=\"btn-icon btn-view \" title=\"\" href=\"?origine=carnet#thaut\"\u003E\u003C\/a\u003E--\u003E\n      \u003Ca class=\"btn-icon btn-trash carnet_voyage_supprimer\" title=\"Elimina questo file dal mio diario di viaggio\" href=\"carnet-voyage?action=remove&fiche=G|4677826|4679741\"\u003E\u003C\/a\u003E\n    \u003C\/div\u003E\n\n\u003C\/div\u003E\n\n","icon":"https:\/\/static.ingenie.fr\/images\/carnetVoyageV3\/G.png"},"fiche":"G|4677826|4679741","popup":"\u003Cdiv id=\"bloc_popup_ajout_fiche_carnet\"\u003E\n    \u003Cdiv class=\"info_popup_ajout_fiche_carnet\"\u003E\n        Hai appena aggiunto questo elemento alla tua selezione:    \u003C\/div\u003E\n    \u003Cdiv class=\"prest_popup_ajout_fiche_carnet\"\u003E\n        Garcia Yann    \u003C\/div\u003E\n    \u003Cdiv class=\"bloc_btn_ajout_fiche_carnet form_submit_div\"\u003E\n        \u003Cinput type=\"button\" value=\"Continua la mia selezione\" title=\"Continua la mia selezione\" name=\"btn_close\" class=\"btn_close_popup_carnet form_submit\" onclick=\"$.colorbox.close()\" \/\u003E\n        \u003Cinput type=\"button\" value=\"Visualizza la mia selezione\" title=\"Visualizza la mia selezione\" name=\"btn_panier\" class=\"btn_panier_popup_carnet form_submit\" onclick=\"if(typeof CarnetVoyage != 'undefined') {CarnetVoyage.voirCarnet();}\" \/\u003E\n    \u003C\/div\u003E\n    \u003Cdiv class=\"bloc_btn_ajout_fiche_carnet\"\u003E\n        \u003Cinput type=\"checkbox\" value=\"1\" name=\"desactiver_popup\" id=\"desactiver_popup\" \/\u003E\n        \u003Clabel for=\"desactiver_popup\"\u003ENon visualizzare pi\u00f9 questo messaggio\u003C\/label\u003E\n    \u003C\/div\u003E\n\u003C\/div\u003E","success":1}