{"nbFiches":1,"dataPrest":{"infoPrest":{"pave1":{"libelle":"Descriptif","contenu":"","fichiers":[]},"pave2":{"libelle":"Indirizzo","contenu":"","fichiers":[]},"pave3":{"libelle":"Tarifs Hiver","contenu":"","fichiers":[]},"pave4":{"libelle":"Tarifs Et\u00e9","contenu":"","fichiers":[]},"pave5":{"libelle":"URL de la r\u00e9servation ou vente en ligne","contenu":"","fichiers":[]},"pave6":{"libelle":"Descriptif court","contenu":"Appartamento con balcone, situato a pochi passi dalla partenza della seggiovia Clos Bertrand.","fichiers":[]},"pave7":{"libelle":"Descriptif d\u00e9taill\u00e9","contenu":"","fichiers":[]},"pave8":{"libelle":"Bons plans","contenu":"","fichiers":[]},"pave9":{"libelle":"Compl\u00e9ment localisation","contenu":"","fichiers":[]},"pave10":{"libelle":"Compl\u00e9ment accueil","contenu":"","fichiers":[]},"pave11":{"libelle":"P\u00e9riodes en clair","contenu":"","fichiers":[]},"pave12":{"libelle":"Tarifs en clair","contenu":"","fichiers":[]},"pave13":{"libelle":"Compl\u00e9ment Tarifs","contenu":"","fichiers":[]},"pave14":{"libelle":"Compl\u00e9ment R\u00e9servation","contenu":"","fichiers":[]},"pave15":{"libelle":"Descriptif court","contenu":"","fichiers":[]},"pave16":{"libelle":"Descriptif d\u00e9taill\u00e9","contenu":"","fichiers":[]},"pave17":{"libelle":"Bons plans","contenu":"","fichiers":[]},"pave18":{"libelle":"Tarifs (Tarifs en clair, Compl\u00e9ment Tarifs)","contenu":"","fichiers":[]},"pave19":{"libelle":"P\u00e9riodes en clair","contenu":"","fichiers":[]},"pave20":{"libelle":"Descriptif court","contenu":"","fichiers":[]},"pave21":{"libelle":"Descriptif d\u00e9taill\u00e9","contenu":"","fichiers":[]},"pave22":{"libelle":"Bons plans","contenu":"","fichiers":[]},"pave23":{"libelle":"Tarifs (Tarifs en clair, Compl\u00e9ment Tarifs)","contenu":"","fichiers":[]},"pave24":{"libelle":"P\u00e9riodes en clair","contenu":"","fichiers":[]},"pave25":{"libelle":"Dispositions sp\u00e9ciales","contenu":"","fichiers":[]},"Libelle":"Steimer H\u00e9l\u00e8ne","Reference":"","Reftar":"","Type":"PRESTATION","TypePrestataire":"G","ContexteStat":"PRESTATION-G-4678007-4686861","DateModificationIso":"2026-04-29T07:30:00+02:00","Adresse":{"LigneAdresse1":"Le valdemars","LigneAdresse2":"Val d'Allos - Le seignus","LigneAdresse3":"","CodePostal":"04260","Ville":"Le Seignus","Cedex":"","Etat":"","Pays":"FRA"},"Id":"g-4678007-4686861","Code":"G|4678007|4686861","Cle":"G|4678007|4686861","Url":"appartamento-in-residence-2-stelle-haut-verdon-val-dallos-le-seignus-1.html","Localisation":{"GoogleMap":{"Latitude":"44.241844","Longitude":"6.614832"}},"ZoneGeo":"","Criteres":{"DISPONIBILITES[DISPORELANCE":"","GPREST[GLOCAS":"","GCAPACITE[4PERS":"","NBPERS[GCAP04":"","GLOGEM[GAPPRE":"","GCHAR[GCHARN":"","GEQUIC[GFOUR":"","GEQUIC[GMICRO":"","GEQUIC[GRACLE":"","GEQUIC[GREFIG":"","GEQUIS[GTELEV":"","GSALLE[GBAIGN":"","GSALLE[GWCIND":"","G1EQUI[GLOCSK":"","G1EQUI[GLOVEL":"","GPARKI[GPARKE":"","GANIMA[GANINA":"","PUBLICATION[VALDALLOS":"","PUBLICATION[VERDONTOURISME":"","AFFGTYPE[APPART":"","AFFEQUIP[PARKING":"","GLOC[G15":"","LOCVERDON[37281":"","GNOMBRE[4PERS":"","VISIBWEB[PLANNINGVISIBLE":"","127[606":"","126[972":"","122[4054":"","prestations[surchargeTourismesAdaptes":"","prestations[surchargeDescriptifHandicapMoteur":"","prestations[surchargeDescriptifHandicapAuditif":"","prestations[surchargeDescriptifHandicapVisuel":"","prestations[surchargeDescriptifHandicapMental":"","prestations[surchargeNombreFauteuilsRoulants":"","73[796":"","73[973":"","70[907":"","70[943":"","70[999":"","72[963":"","68[971":"","71[987":"","languesParlees[1197":"","environnements[171":"","environnements[184":"","environnements[193":"","environnements[3972":"","modesPaiement[1271":"","modesPaiement[1277":"","tourismeAffaires[tourismeAffairesEnabled":"","tourismeAffaires[devise":"EUR","hebergementLocatifType[2620":"","informationsHebergementLocatif[dateClassement":"2024-11-29","classementPrefectoral[2628":"","5403[1613":"","capacite[capaciteHebergement":"4","capacite[capaciteMaximumPossible":"4","capacite[surface":"45","capacite[numeroEtage":"1","CINTSITRA[5660":"","CINTSITRA[8809":"","6241[126905":"","6241[5740912":"","3218[311229":"","3220[587401":"","3220[5575332":"","3233[591419":"","3221[4876304":"","3219[5127066":"","3219[5239406":"","3240[5778284":"","3230[6139211":"","VilleSitra[37281":"","VillageDeDepart[37281":"","DISPONIBILITES[PLANNINGACT":""},"ContactsParType":{"IWEB":{"117097":{"id_contact":"117097","type_contact":"IWEB","categorie_contact":"PRESTATION","societe_contact":"","fonction_contact":"","civilite_nom_prenom_contact":"Steimer H\u00e9l\u00e8ne  ","adresse1_contact":"","adresse2_contact":"","adresse3_contact":"","cpostal_contact":"","ville_contact":"","teldom_contact":"","telbur_contact":"","fax_contact":"","portable_contact":"06 31 43 00 36","email_contact":"steimer.helene@orange.fr","siteweb_contact":"","commentaire_contact":"","langue_contact":"","autre_moyen_com":[]}},"":{"117098":{"id_contact":"117098","type_contact":"","categorie_contact":"PRESTATION","societe_contact":"","fonction_contact":"","civilite_nom_prenom_contact":"MME Steimer H\u00e9l\u00e8ne ","adresse1_contact":"","adresse2_contact":"","adresse3_contact":"","cpostal_contact":"","ville_contact":"","teldom_contact":"","telbur_contact":"","fax_contact":"","portable_contact":"","email_contact":"","siteweb_contact":"","commentaire_contact":"","langue_contact":"","autre_moyen_com":[]}}},"ContactRemplaceCoordonnees":"117097","Prestataire":{"pave1":{"libelle":"","contenu":""},"pave2":{"libelle":"","contenu":""},"pave3":{"libelle":"","contenu":""},"pave4":{"libelle":"","contenu":""},"pave5":{"libelle":"","contenu":""},"pave6":{"libelle":"","contenu":""},"pave7":{"libelle":"","contenu":""},"pave8":{"libelle":"","contenu":""},"pave9":{"libelle":"","contenu":""},"pave10":{"libelle":"","contenu":""},"pave11":{"libelle":"","contenu":""},"pave12":{"libelle":"","contenu":""},"pave13":{"libelle":"","contenu":""},"pave14":{"libelle":"","contenu":""},"pave15":{"libelle":"","contenu":""},"pave16":{"libelle":"","contenu":""},"pave17":{"libelle":"","contenu":""},"pave18":{"libelle":"","contenu":""},"pave19":{"libelle":"","contenu":""},"pave20":{"libelle":"","contenu":""},"pave21":{"libelle":"","contenu":""},"pave22":{"libelle":"","contenu":""},"pave23":{"libelle":"","contenu":""},"pave24":{"libelle":"","contenu":""},"pave25":{"libelle":"","contenu":""},"ContactsParType":{"GEST":{"114326":{"id_contact":"114326","type_contact":"GEST","categorie_contact":"PRESTATAIRE","societe_contact":"","fonction_contact":"","civilite_nom_prenom_contact":"Steimer H\u00e9l\u00e8ne ","adresse1_contact":"Les m\u00e9l\u00e8zes","adresse2_contact":"","adresse3_contact":"","cpostal_contact":"04260","ville_contact":"Le Seignus","teldom_contact":"","telbur_contact":"","fax_contact":"","portable_contact":"06 31 43 00 36","email_contact":"steimer.helene@orange.fr","siteweb_contact":"","commentaire_contact":"","langue_contact":"","autre_moyen_com":[]}}},"ZoneGeoLibelle":"Haut-Verdon","Libelle":"Steimer H\u00e9l\u00e8ne","Nom":"Steimer H\u00e9l\u00e8ne ","Prenom":"","NomPrenom":"Steimer H\u00e9l\u00e8ne  ","CiviliteNomPrenom":"Steimer H\u00e9l\u00e8ne  ","Cle":"G|4678007","PrestataireParent":"","ContexteStat":"PRESTATAIRE-G-4678007","DateModificationIso":"2025-11-19T00:24:00+01:00","Type":"PRESTATAIRE","TypePrestataire":"G","Adresse":{"LigneAdresse1":"","LigneAdresse2":"","LigneAdresse3":"","CodePostal":"","Ville":"","Cedex":"","Etat":"","Pays":""},"Email":"steimer.helene@orange.fr","Telephone":"","TelephoneBureau":"","Portable":"06 31 43 00 36","SiteWeb":"","Fax":"","Id":"g-4678007","Code":"G|4678007","Fichier":[],"Url":"","Localisation":{"GoogleMap":{"Latitude":"","Longitude":""}},"ZoneGeo":"FRPA04VAHVERD","Criteres":{"GINFADH[GMONT":"80","GINFADH[GCOMM":"prochain classement dec 2019","GTIMMO[GPARTI":"","P.GLOC[G15":"","P.6241[126905":"","P.6241[5740912":"","P.3218[311229":"","P.3220[587401":"","P.3220[5575332":"","P.3233[591419":"","P.3221[4876304":"","P.3219[5127066":"","P.3219[5239406":"","P.3240[5778284":"","P.3230[6139211":"","P.VilleSitra[37281":"","P.VillageDeDepart[37281":""},"DateFinPublication":""},"Fichier":{"Image":[{"url":"https:\/\/www.valdallos.com\/medias\/images\/prestations\/78995-valdemars_vue_exterieure.jpg","chemin":"..\/medias\/images\/prestations\/78995-valdemars_vue_exterieure.jpg","libelle":"Vue ext\u00e9rieur du lotissement, en bois, c\u00f4t\u00e9 prairie, avec vue sur les montagnes","extension":"jpg","categorie":"","largeur":1551,"theme":"ETE","hauteur":868,"type":"Image","origine":"","liaisonPave":"","langue":"","id":"78995","urlVignette":"https:\/\/www.valdallos.com\/medias\/images\/prestations\/v-78995-valdemars_vue_exterieure.jpg","alt":"Vue ext\u00e9rieur du lotissement, en bois, c\u00f4t\u00e9 prairie, avec vue sur les montagnes","title":"Vue ext\u00e9rieur du lotissement, en bois, c\u00f4t\u00e9 prairie, avec vue sur les montagnes","MultiTaille":{"1920x1440":{"url":"https:\/\/www.valdallos.com\/medias\/images\/prestations\/multitailles\/1920x1440_78995-valdemars_vue_exterieure.jpg"},"1200x900":{"url":"https:\/\/www.valdallos.com\/medias\/images\/prestations\/multitailles\/1200x900_78995-valdemars_vue_exterieure.jpg"},"800x600":{"url":"https:\/\/www.valdallos.com\/medias\/images\/prestations\/multitailles\/800x600_78995-valdemars_vue_exterieure.jpg"},"640x480":{"url":"https:\/\/www.valdallos.com\/medias\/images\/prestations\/multitailles\/640x480_78995-valdemars_vue_exterieure.jpg"},"320x240":{"url":"https:\/\/www.valdallos.com\/medias\/images\/prestations\/multitailles\/320x240_78995-valdemars_vue_exterieure.jpg"},"160x120":{"url":"https:\/\/www.valdallos.com\/medias\/images\/prestations\/multitailles\/160x120_78995-valdemars_vue_exterieure.jpg"},"origine":{"url":"https:\/\/www.valdallos.com\/medias\/images\/prestations\/78995-valdemars_vue_exterieure.jpg"}},"urlLien":"","typeLien":"","nofollow":"N","copyright":"M Steimer"},{"url":"https:\/\/www.valdallos.com\/medias\/images\/prestations\/78996-img_8526_copie.jpg","chemin":"..\/medias\/images\/prestations\/78996-img_8526_copie.jpg","libelle":"S\u00e9jour lumineux de l'appartement avec table \u00e0 manger et coin cuisine au RDC, mezzanine \u00e0 l'\u00e9tage avec couchages. Int\u00e9rieur et ameublement bois.","extension":"jpg","categorie":"","largeur":2000,"theme":"","hauteur":1500,"type":"Image","origine":"","liaisonPave":"","langue":"","id":"78996","urlVignette":"https:\/\/www.valdallos.com\/medias\/images\/prestations\/v-78996-img_8526_copie.jpg","alt":"S\u00e9jour lumineux de l'appartement avec table \u00e0 manger et coin cuisine au RDC, mezzanine \u00e0 l'\u00e9tage avec couchages. Int\u00e9rieur et ameublement bois.","title":"S\u00e9jour lumineux de l'appartement avec table \u00e0 manger et coin cuisine au RDC, mezzanine \u00e0 l'\u00e9tage avec couchages. Int\u00e9rieur et ameublement bois.","MultiTaille":{"1920x1440":{"url":"https:\/\/www.valdallos.com\/medias\/images\/prestations\/multitailles\/1920x1440_78996-img_8526_copie.jpg"},"1200x900":{"url":"https:\/\/www.valdallos.com\/medias\/images\/prestations\/multitailles\/1200x900_78996-img_8526_copie.jpg"},"800x600":{"url":"https:\/\/www.valdallos.com\/medias\/images\/prestations\/multitailles\/800x600_78996-img_8526_copie.jpg"},"640x480":{"url":"https:\/\/www.valdallos.com\/medias\/images\/prestations\/multitailles\/640x480_78996-img_8526_copie.jpg"},"320x240":{"url":"https:\/\/www.valdallos.com\/medias\/images\/prestations\/multitailles\/320x240_78996-img_8526_copie.jpg"},"160x120":{"url":"https:\/\/www.valdallos.com\/medias\/images\/prestations\/multitailles\/160x120_78996-img_8526_copie.jpg"},"origine":{"url":"https:\/\/www.valdallos.com\/medias\/images\/prestations\/78996-img_8526_copie.jpg"}},"urlLien":"","typeLien":"","nofollow":"N","copyright":"M Steimer"},{"url":"https:\/\/www.valdallos.com\/medias\/images\/prestations\/78997-img_1240_copie.jpg","chemin":"..\/medias\/images\/prestations\/78997-img_1240_copie.jpg","libelle":"S\u00e9jour lumineux de l'appartement : table \u00e0 manger, canap\u00e9, ameublement bois, ventilation","extension":"jpg","categorie":"","largeur":2000,"theme":"","hauteur":1500,"type":"Image","origine":"","liaisonPave":"","langue":"","id":"78997","urlVignette":"https:\/\/www.valdallos.com\/medias\/images\/prestations\/v-78997-img_1240_copie.jpg","alt":"S\u00e9jour lumineux de l'appartement : table \u00e0 manger, canap\u00e9, ameublement bois, ventilation","title":"S\u00e9jour lumineux de l'appartement : table \u00e0 manger, canap\u00e9, ameublement bois, ventilation","MultiTaille":{"1920x1440":{"url":"https:\/\/www.valdallos.com\/medias\/images\/prestations\/multitailles\/1920x1440_78997-img_1240_copie.jpg"},"1200x900":{"url":"https:\/\/www.valdallos.com\/medias\/images\/prestations\/multitailles\/1200x900_78997-img_1240_copie.jpg"},"800x600":{"url":"https:\/\/www.valdallos.com\/medias\/images\/prestations\/multitailles\/800x600_78997-img_1240_copie.jpg"},"640x480":{"url":"https:\/\/www.valdallos.com\/medias\/images\/prestations\/multitailles\/640x480_78997-img_1240_copie.jpg"},"320x240":{"url":"https:\/\/www.valdallos.com\/medias\/images\/prestations\/multitailles\/320x240_78997-img_1240_copie.jpg"},"160x120":{"url":"https:\/\/www.valdallos.com\/medias\/images\/prestations\/multitailles\/160x120_78997-img_1240_copie.jpg"},"origine":{"url":"https:\/\/www.valdallos.com\/medias\/images\/prestations\/78997-img_1240_copie.jpg"}},"urlLien":"","typeLien":"","nofollow":"N","copyright":"M Steimer"},{"url":"https:\/\/www.valdallos.com\/medias\/images\/prestations\/78998-img_20200614_144958_copie.jpg","chemin":"..\/medias\/images\/prestations\/78998-img_20200614_144958_copie.jpg","libelle":"Location M Steimer Val d'Allos le Seignus","extension":"jpg","categorie":"","largeur":2000,"theme":"","hauteur":1125,"type":"Image","origine":"","liaisonPave":"","langue":"","id":"78998","urlVignette":"https:\/\/www.valdallos.com\/medias\/images\/prestations\/v-78998-img_20200614_144958_copie.jpg","alt":"Location M Steimer Val d'Allos le Seignus","title":"Location M Steimer Val d'Allos le Seignus","MultiTaille":{"1920x1440":{"url":"https:\/\/www.valdallos.com\/medias\/images\/prestations\/multitailles\/1920x1440_78998-img_20200614_144958_copie.jpg"},"1200x900":{"url":"https:\/\/www.valdallos.com\/medias\/images\/prestations\/multitailles\/1200x900_78998-img_20200614_144958_copie.jpg"},"800x600":{"url":"https:\/\/www.valdallos.com\/medias\/images\/prestations\/multitailles\/800x600_78998-img_20200614_144958_copie.jpg"},"640x480":{"url":"https:\/\/www.valdallos.com\/medias\/images\/prestations\/multitailles\/640x480_78998-img_20200614_144958_copie.jpg"},"320x240":{"url":"https:\/\/www.valdallos.com\/medias\/images\/prestations\/multitailles\/320x240_78998-img_20200614_144958_copie.jpg"},"160x120":{"url":"https:\/\/www.valdallos.com\/medias\/images\/prestations\/multitailles\/160x120_78998-img_20200614_144958_copie.jpg"},"origine":{"url":"https:\/\/www.valdallos.com\/medias\/images\/prestations\/78998-img_20200614_144958_copie.jpg"}},"urlLien":"","typeLien":"","nofollow":"N","copyright":"M Steimer"},{"url":"https:\/\/www.valdallos.com\/medias\/images\/prestations\/78999-img_8535.jpg","chemin":"..\/medias\/images\/prestations\/78999-img_8535.jpg","libelle":"Espace couchage avec lits superpos\u00e9s, int\u00e9rieur et ameublement bois","extension":"jpg","categorie":"","largeur":1200,"theme":"","hauteur":800,"type":"Image","origine":"","liaisonPave":"","langue":"","id":"78999","urlVignette":"https:\/\/www.valdallos.com\/medias\/images\/prestations\/v-78999-img_8535.jpg","alt":"Espace couchage avec lits superpos\u00e9s, int\u00e9rieur et ameublement bois","title":"Espace couchage avec lits superpos\u00e9s, int\u00e9rieur et ameublement bois","MultiTaille":{"1920x1440":{"url":"https:\/\/www.valdallos.com\/medias\/images\/prestations\/multitailles\/1920x1440_78999-img_8535.jpg"},"1200x900":{"url":"https:\/\/www.valdallos.com\/medias\/images\/prestations\/multitailles\/1200x900_78999-img_8535.jpg"},"800x600":{"url":"https:\/\/www.valdallos.com\/medias\/images\/prestations\/multitailles\/800x600_78999-img_8535.jpg"},"640x480":{"url":"https:\/\/www.valdallos.com\/medias\/images\/prestations\/multitailles\/640x480_78999-img_8535.jpg"},"320x240":{"url":"https:\/\/www.valdallos.com\/medias\/images\/prestations\/multitailles\/320x240_78999-img_8535.jpg"},"160x120":{"url":"https:\/\/www.valdallos.com\/medias\/images\/prestations\/multitailles\/160x120_78999-img_8535.jpg"},"origine":{"url":"https:\/\/www.valdallos.com\/medias\/images\/prestations\/78999-img_8535.jpg"}},"urlLien":"","typeLien":"","nofollow":"N","copyright":"steimer"},{"url":"https:\/\/www.valdallos.com\/medias\/images\/prestations\/79000-img_0254_copie.jpg","chemin":"..\/medias\/images\/prestations\/79000-img_0254_copie.jpg","libelle":"Chambre \u00e0 coucher avec lit double, ameublement et int\u00e9rieur bois","extension":"jpg","categorie":"","largeur":2000,"theme":"","hauteur":1333,"type":"Image","origine":"","liaisonPave":"","langue":"","id":"79000","urlVignette":"https:\/\/www.valdallos.com\/medias\/images\/prestations\/v-79000-img_0254_copie.jpg","alt":"Chambre \u00e0 coucher avec lit double, ameublement et int\u00e9rieur bois","title":"Chambre \u00e0 coucher avec lit double, ameublement et int\u00e9rieur bois","MultiTaille":{"1920x1440":{"url":"https:\/\/www.valdallos.com\/medias\/images\/prestations\/multitailles\/1920x1440_79000-img_0254_copie.jpg"},"1200x900":{"url":"https:\/\/www.valdallos.com\/medias\/images\/prestations\/multitailles\/1200x900_79000-img_0254_copie.jpg"},"800x600":{"url":"https:\/\/www.valdallos.com\/medias\/images\/prestations\/multitailles\/800x600_79000-img_0254_copie.jpg"},"640x480":{"url":"https:\/\/www.valdallos.com\/medias\/images\/prestations\/multitailles\/640x480_79000-img_0254_copie.jpg"},"320x240":{"url":"https:\/\/www.valdallos.com\/medias\/images\/prestations\/multitailles\/320x240_79000-img_0254_copie.jpg"},"160x120":{"url":"https:\/\/www.valdallos.com\/medias\/images\/prestations\/multitailles\/160x120_79000-img_0254_copie.jpg"},"origine":{"url":"https:\/\/www.valdallos.com\/medias\/images\/prestations\/79000-img_0254_copie.jpg"}},"urlLien":"","typeLien":"","nofollow":"N","copyright":"M Steimer"},{"url":"https:\/\/www.valdallos.com\/medias\/images\/prestations\/79001-valdemars_salle_de_bain.jpg","chemin":"..\/medias\/images\/prestations\/79001-valdemars_salle_de_bain.jpg","libelle":"Salle de bains avec baignoire, \u00e9vier, miroir","extension":"jpg","categorie":"","largeur":698,"theme":"","hauteur":925,"type":"Image","origine":"","liaisonPave":"","langue":"","id":"79001","urlVignette":"https:\/\/www.valdallos.com\/medias\/images\/prestations\/v-79001-valdemars_salle_de_bain.jpg","alt":"Salle de bains avec baignoire, \u00e9vier, miroir","title":"Salle de bains avec baignoire, \u00e9vier, miroir","MultiTaille":{"1920x1440":{"url":"https:\/\/www.valdallos.com\/medias\/images\/prestations\/multitailles\/1920x1440_79001-valdemars_salle_de_bain.jpg"},"1200x900":{"url":"https:\/\/www.valdallos.com\/medias\/images\/prestations\/multitailles\/1200x900_79001-valdemars_salle_de_bain.jpg"},"800x600":{"url":"https:\/\/www.valdallos.com\/medias\/images\/prestations\/multitailles\/800x600_79001-valdemars_salle_de_bain.jpg"},"640x480":{"url":"https:\/\/www.valdallos.com\/medias\/images\/prestations\/multitailles\/640x480_79001-valdemars_salle_de_bain.jpg"},"320x240":{"url":"https:\/\/www.valdallos.com\/medias\/images\/prestations\/multitailles\/320x240_79001-valdemars_salle_de_bain.jpg"},"160x120":{"url":"https:\/\/www.valdallos.com\/medias\/images\/prestations\/multitailles\/160x120_79001-valdemars_salle_de_bain.jpg"},"origine":{"url":"https:\/\/www.valdallos.com\/medias\/images\/prestations\/79001-valdemars_salle_de_bain.jpg"}},"urlLien":"","typeLien":"","nofollow":"N","copyright":"M Steimer"}],"ByCategorie":{"":[{"url":"https:\/\/www.valdallos.com\/medias\/images\/prestations\/78995-valdemars_vue_exterieure.jpg","chemin":"..\/medias\/images\/prestations\/78995-valdemars_vue_exterieure.jpg","libelle":"Vue ext\u00e9rieur du lotissement, en bois, c\u00f4t\u00e9 prairie, avec vue sur les montagnes","extension":"jpg","categorie":"","largeur":1551,"theme":"ETE","hauteur":868,"type":"Image","origine":"","liaisonPave":"","langue":"","id":"78995","urlVignette":"https:\/\/www.valdallos.com\/medias\/images\/prestations\/v-78995-valdemars_vue_exterieure.jpg","alt":"Vue ext\u00e9rieur du lotissement, en bois, c\u00f4t\u00e9 prairie, avec vue sur les montagnes","title":"Vue ext\u00e9rieur du lotissement, en bois, c\u00f4t\u00e9 prairie, avec vue sur les montagnes","MultiTaille":{"1920x1440":{"url":"https:\/\/www.valdallos.com\/medias\/images\/prestations\/multitailles\/1920x1440_78995-valdemars_vue_exterieure.jpg"},"1200x900":{"url":"https:\/\/www.valdallos.com\/medias\/images\/prestations\/multitailles\/1200x900_78995-valdemars_vue_exterieure.jpg"},"800x600":{"url":"https:\/\/www.valdallos.com\/medias\/images\/prestations\/multitailles\/800x600_78995-valdemars_vue_exterieure.jpg"},"640x480":{"url":"https:\/\/www.valdallos.com\/medias\/images\/prestations\/multitailles\/640x480_78995-valdemars_vue_exterieure.jpg"},"320x240":{"url":"https:\/\/www.valdallos.com\/medias\/images\/prestations\/multitailles\/320x240_78995-valdemars_vue_exterieure.jpg"},"160x120":{"url":"https:\/\/www.valdallos.com\/medias\/images\/prestations\/multitailles\/160x120_78995-valdemars_vue_exterieure.jpg"},"origine":{"url":"https:\/\/www.valdallos.com\/medias\/images\/prestations\/78995-valdemars_vue_exterieure.jpg"}},"urlLien":"","typeLien":"","nofollow":"N","copyright":"M Steimer"},{"url":"https:\/\/www.valdallos.com\/medias\/images\/prestations\/78996-img_8526_copie.jpg","chemin":"..\/medias\/images\/prestations\/78996-img_8526_copie.jpg","libelle":"S\u00e9jour lumineux de l'appartement avec table \u00e0 manger et coin cuisine au RDC, mezzanine \u00e0 l'\u00e9tage avec couchages. Int\u00e9rieur et ameublement bois.","extension":"jpg","categorie":"","largeur":2000,"theme":"","hauteur":1500,"type":"Image","origine":"","liaisonPave":"","langue":"","id":"78996","urlVignette":"https:\/\/www.valdallos.com\/medias\/images\/prestations\/v-78996-img_8526_copie.jpg","alt":"S\u00e9jour lumineux de l'appartement avec table \u00e0 manger et coin cuisine au RDC, mezzanine \u00e0 l'\u00e9tage avec couchages. Int\u00e9rieur et ameublement bois.","title":"S\u00e9jour lumineux de l'appartement avec table \u00e0 manger et coin cuisine au RDC, mezzanine \u00e0 l'\u00e9tage avec couchages. Int\u00e9rieur et ameublement bois.","MultiTaille":{"1920x1440":{"url":"https:\/\/www.valdallos.com\/medias\/images\/prestations\/multitailles\/1920x1440_78996-img_8526_copie.jpg"},"1200x900":{"url":"https:\/\/www.valdallos.com\/medias\/images\/prestations\/multitailles\/1200x900_78996-img_8526_copie.jpg"},"800x600":{"url":"https:\/\/www.valdallos.com\/medias\/images\/prestations\/multitailles\/800x600_78996-img_8526_copie.jpg"},"640x480":{"url":"https:\/\/www.valdallos.com\/medias\/images\/prestations\/multitailles\/640x480_78996-img_8526_copie.jpg"},"320x240":{"url":"https:\/\/www.valdallos.com\/medias\/images\/prestations\/multitailles\/320x240_78996-img_8526_copie.jpg"},"160x120":{"url":"https:\/\/www.valdallos.com\/medias\/images\/prestations\/multitailles\/160x120_78996-img_8526_copie.jpg"},"origine":{"url":"https:\/\/www.valdallos.com\/medias\/images\/prestations\/78996-img_8526_copie.jpg"}},"urlLien":"","typeLien":"","nofollow":"N","copyright":"M Steimer"},{"url":"https:\/\/www.valdallos.com\/medias\/images\/prestations\/78997-img_1240_copie.jpg","chemin":"..\/medias\/images\/prestations\/78997-img_1240_copie.jpg","libelle":"S\u00e9jour lumineux de l'appartement : table \u00e0 manger, canap\u00e9, ameublement bois, ventilation","extension":"jpg","categorie":"","largeur":2000,"theme":"","hauteur":1500,"type":"Image","origine":"","liaisonPave":"","langue":"","id":"78997","urlVignette":"https:\/\/www.valdallos.com\/medias\/images\/prestations\/v-78997-img_1240_copie.jpg","alt":"S\u00e9jour lumineux de l'appartement : table \u00e0 manger, canap\u00e9, ameublement bois, ventilation","title":"S\u00e9jour lumineux de l'appartement : table \u00e0 manger, canap\u00e9, ameublement bois, ventilation","MultiTaille":{"1920x1440":{"url":"https:\/\/www.valdallos.com\/medias\/images\/prestations\/multitailles\/1920x1440_78997-img_1240_copie.jpg"},"1200x900":{"url":"https:\/\/www.valdallos.com\/medias\/images\/prestations\/multitailles\/1200x900_78997-img_1240_copie.jpg"},"800x600":{"url":"https:\/\/www.valdallos.com\/medias\/images\/prestations\/multitailles\/800x600_78997-img_1240_copie.jpg"},"640x480":{"url":"https:\/\/www.valdallos.com\/medias\/images\/prestations\/multitailles\/640x480_78997-img_1240_copie.jpg"},"320x240":{"url":"https:\/\/www.valdallos.com\/medias\/images\/prestations\/multitailles\/320x240_78997-img_1240_copie.jpg"},"160x120":{"url":"https:\/\/www.valdallos.com\/medias\/images\/prestations\/multitailles\/160x120_78997-img_1240_copie.jpg"},"origine":{"url":"https:\/\/www.valdallos.com\/medias\/images\/prestations\/78997-img_1240_copie.jpg"}},"urlLien":"","typeLien":"","nofollow":"N","copyright":"M Steimer"},{"url":"https:\/\/www.valdallos.com\/medias\/images\/prestations\/78998-img_20200614_144958_copie.jpg","chemin":"..\/medias\/images\/prestations\/78998-img_20200614_144958_copie.jpg","libelle":"Location M Steimer Val d'Allos le Seignus","extension":"jpg","categorie":"","largeur":2000,"theme":"","hauteur":1125,"type":"Image","origine":"","liaisonPave":"","langue":"","id":"78998","urlVignette":"https:\/\/www.valdallos.com\/medias\/images\/prestations\/v-78998-img_20200614_144958_copie.jpg","alt":"Location M Steimer Val d'Allos le Seignus","title":"Location M Steimer Val d'Allos le Seignus","MultiTaille":{"1920x1440":{"url":"https:\/\/www.valdallos.com\/medias\/images\/prestations\/multitailles\/1920x1440_78998-img_20200614_144958_copie.jpg"},"1200x900":{"url":"https:\/\/www.valdallos.com\/medias\/images\/prestations\/multitailles\/1200x900_78998-img_20200614_144958_copie.jpg"},"800x600":{"url":"https:\/\/www.valdallos.com\/medias\/images\/prestations\/multitailles\/800x600_78998-img_20200614_144958_copie.jpg"},"640x480":{"url":"https:\/\/www.valdallos.com\/medias\/images\/prestations\/multitailles\/640x480_78998-img_20200614_144958_copie.jpg"},"320x240":{"url":"https:\/\/www.valdallos.com\/medias\/images\/prestations\/multitailles\/320x240_78998-img_20200614_144958_copie.jpg"},"160x120":{"url":"https:\/\/www.valdallos.com\/medias\/images\/prestations\/multitailles\/160x120_78998-img_20200614_144958_copie.jpg"},"origine":{"url":"https:\/\/www.valdallos.com\/medias\/images\/prestations\/78998-img_20200614_144958_copie.jpg"}},"urlLien":"","typeLien":"","nofollow":"N","copyright":"M Steimer"},{"url":"https:\/\/www.valdallos.com\/medias\/images\/prestations\/78999-img_8535.jpg","chemin":"..\/medias\/images\/prestations\/78999-img_8535.jpg","libelle":"Espace couchage avec lits superpos\u00e9s, int\u00e9rieur et ameublement bois","extension":"jpg","categorie":"","largeur":1200,"theme":"","hauteur":800,"type":"Image","origine":"","liaisonPave":"","langue":"","id":"78999","urlVignette":"https:\/\/www.valdallos.com\/medias\/images\/prestations\/v-78999-img_8535.jpg","alt":"Espace couchage avec lits superpos\u00e9s, int\u00e9rieur et ameublement bois","title":"Espace couchage avec lits superpos\u00e9s, int\u00e9rieur et ameublement bois","MultiTaille":{"1920x1440":{"url":"https:\/\/www.valdallos.com\/medias\/images\/prestations\/multitailles\/1920x1440_78999-img_8535.jpg"},"1200x900":{"url":"https:\/\/www.valdallos.com\/medias\/images\/prestations\/multitailles\/1200x900_78999-img_8535.jpg"},"800x600":{"url":"https:\/\/www.valdallos.com\/medias\/images\/prestations\/multitailles\/800x600_78999-img_8535.jpg"},"640x480":{"url":"https:\/\/www.valdallos.com\/medias\/images\/prestations\/multitailles\/640x480_78999-img_8535.jpg"},"320x240":{"url":"https:\/\/www.valdallos.com\/medias\/images\/prestations\/multitailles\/320x240_78999-img_8535.jpg"},"160x120":{"url":"https:\/\/www.valdallos.com\/medias\/images\/prestations\/multitailles\/160x120_78999-img_8535.jpg"},"origine":{"url":"https:\/\/www.valdallos.com\/medias\/images\/prestations\/78999-img_8535.jpg"}},"urlLien":"","typeLien":"","nofollow":"N","copyright":"steimer"},{"url":"https:\/\/www.valdallos.com\/medias\/images\/prestations\/79000-img_0254_copie.jpg","chemin":"..\/medias\/images\/prestations\/79000-img_0254_copie.jpg","libelle":"Chambre \u00e0 coucher avec lit double, ameublement et int\u00e9rieur bois","extension":"jpg","categorie":"","largeur":2000,"theme":"","hauteur":1333,"type":"Image","origine":"","liaisonPave":"","langue":"","id":"79000","urlVignette":"https:\/\/www.valdallos.com\/medias\/images\/prestations\/v-79000-img_0254_copie.jpg","alt":"Chambre \u00e0 coucher avec lit double, ameublement et int\u00e9rieur bois","title":"Chambre \u00e0 coucher avec lit double, ameublement et int\u00e9rieur bois","MultiTaille":{"1920x1440":{"url":"https:\/\/www.valdallos.com\/medias\/images\/prestations\/multitailles\/1920x1440_79000-img_0254_copie.jpg"},"1200x900":{"url":"https:\/\/www.valdallos.com\/medias\/images\/prestations\/multitailles\/1200x900_79000-img_0254_copie.jpg"},"800x600":{"url":"https:\/\/www.valdallos.com\/medias\/images\/prestations\/multitailles\/800x600_79000-img_0254_copie.jpg"},"640x480":{"url":"https:\/\/www.valdallos.com\/medias\/images\/prestations\/multitailles\/640x480_79000-img_0254_copie.jpg"},"320x240":{"url":"https:\/\/www.valdallos.com\/medias\/images\/prestations\/multitailles\/320x240_79000-img_0254_copie.jpg"},"160x120":{"url":"https:\/\/www.valdallos.com\/medias\/images\/prestations\/multitailles\/160x120_79000-img_0254_copie.jpg"},"origine":{"url":"https:\/\/www.valdallos.com\/medias\/images\/prestations\/79000-img_0254_copie.jpg"}},"urlLien":"","typeLien":"","nofollow":"N","copyright":"M Steimer"},{"url":"https:\/\/www.valdallos.com\/medias\/images\/prestations\/79001-valdemars_salle_de_bain.jpg","chemin":"..\/medias\/images\/prestations\/79001-valdemars_salle_de_bain.jpg","libelle":"Salle de bains avec baignoire, \u00e9vier, miroir","extension":"jpg","categorie":"","largeur":698,"theme":"","hauteur":925,"type":"Image","origine":"","liaisonPave":"","langue":"","id":"79001","urlVignette":"https:\/\/www.valdallos.com\/medias\/images\/prestations\/v-79001-valdemars_salle_de_bain.jpg","alt":"Salle de bains avec baignoire, \u00e9vier, miroir","title":"Salle de bains avec baignoire, \u00e9vier, miroir","MultiTaille":{"1920x1440":{"url":"https:\/\/www.valdallos.com\/medias\/images\/prestations\/multitailles\/1920x1440_79001-valdemars_salle_de_bain.jpg"},"1200x900":{"url":"https:\/\/www.valdallos.com\/medias\/images\/prestations\/multitailles\/1200x900_79001-valdemars_salle_de_bain.jpg"},"800x600":{"url":"https:\/\/www.valdallos.com\/medias\/images\/prestations\/multitailles\/800x600_79001-valdemars_salle_de_bain.jpg"},"640x480":{"url":"https:\/\/www.valdallos.com\/medias\/images\/prestations\/multitailles\/640x480_79001-valdemars_salle_de_bain.jpg"},"320x240":{"url":"https:\/\/www.valdallos.com\/medias\/images\/prestations\/multitailles\/320x240_79001-valdemars_salle_de_bain.jpg"},"160x120":{"url":"https:\/\/www.valdallos.com\/medias\/images\/prestations\/multitailles\/160x120_79001-valdemars_salle_de_bain.jpg"},"origine":{"url":"https:\/\/www.valdallos.com\/medias\/images\/prestations\/79001-valdemars_salle_de_bain.jpg"}},"urlLien":"","typeLien":"","nofollow":"N","copyright":"M Steimer"}]}},"DateDebPublication":"","DateFinPublication":"","PrixAPartirDe":"","PrixPour":"","FicheListeEnCours":"fiche_liste_immobilier_prestation_OT_v3","ParametresModele":{"AfficherPhotos":1,"NbPhotosMax":6,"AfficherReserver":0,"AfficherContact":0,"AfficherSalle":1,"AfficherZoneGeo":0,"AfficherEnSavoirPlus":"0","AfficherUneSeuleOuverture":0,"AfficherContactCarte":1,"AfficherTarifsChaudAPartirDe":0,"AfficherTarifChaudSansRecherche":0,"AfficherDispoAccordeon":"1","AfficherDispoResa":"1","AfficherPrixAPartirDe":"1","BlocCritereInfo":{"critere1":{"libelle":"","liste_critere":["classementPrefectoral|2631|G","classementPrefectoral|2630|G","classementPrefectoral|2629|G","classementPrefectoral|2628|G","classementPrefectoral|2627|G","classementPrefectoral|2632|G"]},"critere2":{"libelle":"","liste_critere":["GLOC|G"]},"critere3":{"libelle":""},"critere4":{"libelle":""},"critere5":{"libelle":"","liste_critere":["GHANDI|G","AFFEQUIP|WIFI|G","AFFEQUIP|ANIMAUX|G","AFFEQUIP|PARKING|G","AFFEQUIP|LAVEVAIS|G","AFFEQUIP|LAVELINGEAFF|G","GCHAMB|G","NBPERS|G","GSURFA|G","GLOGEM|G"]},"critere6":{"libelle":"","liste_critere":["GLABEL|GCLEVA|G"]},"critere7":{"libelle":""},"critere8":{"libelle":""},"critere9":{"libelle":""},"afficherpictoetpaslibelle":"1"},"BlocPaveInfo":{"texte1":{"pave":["6","15","20"],"longeurmax":"250","afficherLibelle":"0","garderHtml":"0","boutonVoirPlus":""},"texte3":{"longeurmax":"","afficherLibelle":"0","garderHtml":"0","boutonVoirPlus":""}},"CriteresComportementDispo":"DISPONIBILITES[PLANNINGACT","PositionBloc":"GALLERIE|ZONEPRINCIPALFICHEPRESTA|NOM|CARNET_VOYAGE|ACCROCHE_TARIF_DISPO","TypePrestataire":"G","ComportementResa":false,"ComportementDispo":true},"AffichageCoordonnees":[],"Coordonnees":{"Ville":"Le Seignus"},"ContexteId":"PRESTATION|G|4678007|4686861","ContexteIdHtml":"PRESTATION-G-4678007-4686861","cleContexte":"G|4678007|4686861","Bloc":{"texte1":"Appartamento con balcone, situato a pochi passi dalla partenza della seggiovia Clos Bertrand.","texte3":"","critere1":{"libelle":"","contenu":{"classementPrefectoral":{"libelle":"","contenu":{"4":"\u003Cimg src=\"https:\/\/www.valdallos.com\/medias\/images\/picto\/classementPrefectoral-2628-G.png\"  alt=\"2 stelle\" title=\"2 stelle\" \/\u003E"},"codesValeurs":{"4":"classementPrefectoral|2628|G"},"criteres_datas":{"valeurs":{"4":{"2628":{"descriptif":""}}}}}}},"critere2":{"libelle":"","contenu":{"GLOC":{"libelle":"Localizzare","contenu":{"2":"Val d'Allos - Le Seignus"},"codesValeurs":{"2":"GLOC|G15|G"},"criteres_datas":{"valeurs":{"2":{"G15":{"descriptif":""}}}}}}},"critere3":{"libelle":"","contenu":[]},"critere4":{"libelle":"","contenu":[]},"critere5":{"libelle":"","contenu":{"NBPERS":{"libelle":"Persone","contenu":{"3":"4 persone"},"codesValeurs":{"3":"NBPERS|GCAP04|G"},"criteres_datas":{"valeurs":{"3":{"GCAP04":{"descriptif":""}}}}},"GLOGEM":{"libelle":"tipo di alloggio","contenu":{"3":"appartamento  in residence"},"codesValeurs":{"3":"GLOGEM|GAPPRE|G"},"criteres_datas":{"valeurs":{"3":{"GAPPRE":{"descriptif":""}}}}},"AFFEQUIP":{"libelle":"Servizi","contenu":{"3":"Parcheggio \/ Garage"},"codesValeurs":{"3":"AFFEQUIP|PARKING|G"},"criteres_datas":{"valeurs":{"3":{"PARKING":{"descriptif":""}}}}}}},"critere6":{"libelle":"","contenu":[]},"critere7":{"libelle":"","contenu":[]},"critere8":{"libelle":"","contenu":[]},"critere9":{"libelle":"","contenu":[]}},"LocalisationGps":{"Latitude":"44.241844","Longitude":"6.614832"},"libelleDuPrestataire":"","vuePrestataire":{"pave1":{"libelle":"","contenu":""},"pave2":{"libelle":"","contenu":""},"pave3":{"libelle":"","contenu":""},"pave4":{"libelle":"","contenu":""},"pave5":{"libelle":"","contenu":""},"pave6":{"libelle":"","contenu":""},"pave7":{"libelle":"","contenu":""},"pave8":{"libelle":"","contenu":""},"pave9":{"libelle":"","contenu":""},"pave10":{"libelle":"","contenu":""},"pave11":{"libelle":"","contenu":""},"pave12":{"libelle":"","contenu":""},"pave13":{"libelle":"","contenu":""},"pave14":{"libelle":"","contenu":""},"pave15":{"libelle":"","contenu":""},"pave16":{"libelle":"","contenu":""},"pave17":{"libelle":"","contenu":""},"pave18":{"libelle":"","contenu":""},"pave19":{"libelle":"","contenu":""},"pave20":{"libelle":"","contenu":""},"pave21":{"libelle":"","contenu":""},"pave22":{"libelle":"","contenu":""},"pave23":{"libelle":"","contenu":""},"pave24":{"libelle":"","contenu":""},"pave25":{"libelle":"","contenu":""},"ContactsParType":{"GEST":{"114326":{"id_contact":"114326","type_contact":"GEST","categorie_contact":"PRESTATAIRE","societe_contact":"","fonction_contact":"","civilite_nom_prenom_contact":"Steimer H\u00e9l\u00e8ne ","adresse1_contact":"Les m\u00e9l\u00e8zes","adresse2_contact":"","adresse3_contact":"","cpostal_contact":"04260","ville_contact":"Le Seignus","teldom_contact":"","telbur_contact":"","fax_contact":"","portable_contact":"06 31 43 00 36","email_contact":"steimer.helene@orange.fr","siteweb_contact":"","commentaire_contact":"","langue_contact":"","autre_moyen_com":[]}}},"ZoneGeoLibelle":"Haut-Verdon","Libelle":"Steimer H\u00e9l\u00e8ne","Nom":"Steimer H\u00e9l\u00e8ne ","Prenom":"","NomPrenom":"Steimer H\u00e9l\u00e8ne  ","CiviliteNomPrenom":"Steimer H\u00e9l\u00e8ne  ","Cle":"G|4678007","PrestataireParent":"","ContexteStat":"PRESTATAIRE-G-4678007","DateModificationIso":"2025-11-19T00:24:00+01:00","Type":"PRESTATAIRE","TypePrestataire":"G","Adresse":{"LigneAdresse1":"","LigneAdresse2":"","LigneAdresse3":"","CodePostal":"","Ville":"","Cedex":"","Etat":"","Pays":""},"Email":"steimer.helene@orange.fr","Telephone":"","TelephoneBureau":"","Portable":"06 31 43 00 36","SiteWeb":"","Fax":"","Id":"g-4678007","Code":"G|4678007","Fichier":[],"Url":"","Localisation":{"GoogleMap":{"Latitude":"","Longitude":""}},"ZoneGeo":"FRPA04VAHVERD","Criteres":{"GINFADH[GMONT":"80","GINFADH[GCOMM":"prochain classement dec 2019","GTIMMO[GPARTI":"","P.GLOC[G15":"","P.6241[126905":"","P.6241[5740912":"","P.3218[311229":"","P.3220[587401":"","P.3220[5575332":"","P.3233[591419":"","P.3221[4876304":"","P.3219[5127066":"","P.3219[5239406":"","P.3240[5778284":"","P.3230[6139211":"","P.VilleSitra[37281":"","P.VillageDeDepart[37281":""},"DateFinPublication":"","AffichageCoordonnees":[]},"listeCriteres":{"DISPONIBILITES":{"DISPORELANCE":"","PLANNINGACT":""},"GPREST":{"GLOCAS":""},"GCAPACITE":{"4PERS":""},"NBPERS":{"GCAP04":""},"GLOGEM":{"GAPPRE":""},"GCHAR":{"GCHARN":""},"GEQUIC":{"GFOUR":"","GMICRO":"","GRACLE":"","GREFIG":""},"GEQUIS":{"GTELEV":""},"GSALLE":{"GBAIGN":"","GWCIND":""},"G1EQUI":{"GLOCSK":"","GLOVEL":""},"GPARKI":{"GPARKE":""},"GANIMA":{"GANINA":""},"PUBLICATION":{"VALDALLOS":"","VERDONTOURISME":""},"AFFGTYPE":{"APPART":""},"AFFEQUIP":{"PARKING":""},"GLOC":{"G15":""},"LOCVERDON":{"37281":""},"GNOMBRE":{"4PERS":""},"VISIBWEB":{"PLANNINGVISIBLE":""},"127":{"606":""},"126":{"972":""},"122":{"4054":""},"prestations":{"surchargeTourismesAdaptes":"","surchargeDescriptifHandicapMoteur":"","surchargeDescriptifHandicapAuditif":"","surchargeDescriptifHandicapVisuel":"","surchargeDescriptifHandicapMental":"","surchargeNombreFauteuilsRoulants":""},"73":{"796":"","973":""},"70":{"907":"","943":"","999":""},"72":{"963":""},"68":{"971":""},"71":{"987":""},"languesParlees":{"1197":""},"environnements":{"171":"","184":"","193":"","3972":""},"modesPaiement":{"1271":"","1277":""},"tourismeAffaires":{"tourismeAffairesEnabled":"","devise":"EUR"},"hebergementLocatifType":{"2620":""},"informationsHebergementLocatif":{"dateClassement":"2024-11-29"},"classementPrefectoral":{"2628":""},"5403":{"1613":""},"capacite":{"capaciteHebergement":"4","capaciteMaximumPossible":"4","surface":"45","numeroEtage":"1"},"CINTSITRA":{"5660":"","8809":""},"6241":{"126905":"","5740912":""},"3218":{"311229":""},"3220":{"587401":"","5575332":""},"3233":{"591419":""},"3221":{"4876304":""},"3219":{"5127066":"","5239406":""},"3240":{"5778284":""},"3230":{"6139211":""},"VilleSitra":{"37281":""},"VillageDeDepart":{"37281":""},"GINFADH":{"GMONT":"80","GCOMM":"prochain classement dec 2019"},"GTIMMO":{"GPARTI":""},"P.GLOC":{"G15":""},"P.6241":{"126905":"","5740912":""},"P.3218":{"311229":""},"P.3220":{"587401":"","5575332":""},"P.3233":{"591419":""},"P.3221":{"4876304":""},"P.3219":{"5127066":"","5239406":""},"P.3240":{"5778284":""},"P.3230":{"6139211":""},"P.VilleSitra":{"37281":""},"P.VillageDeDepart":{"37281":""}},"dansCarnetVoyage":true,"Ouverture":"","WidgetDispoRechercheDate":false,"WidgetDispoVoirLienVoirToutesDispos":true,"ChargerWidgetDispoAuClic":true,"WidgetDispo":"\u003Cspan\u003E\u003C\/span\u003E","JsOnClickBtnDispo":"\u003Cscript\u003E\n                try{\n                    WidgetDispos.addChargementAuClicBtnDispoAccordeon('PRESTATION-G-4678007-4686861',{tabParamsWidgetDispo : {\"id\":\"G|4678007|4686861\",\"origineListeInfo\":\"\",\"vue\":\"semaineLigne\",\"mode\":\"ajax\",\"url_fiche\":\"appartamento-in-residence-2-stelle-haut-verdon-val-dallos-le-seignus-1.html\",\"id_form_contact\":\"42\",\"version\":\"2\",\"parametersWidgetV2\":{\"el\":\"blocDispo-PRESTATION-G-4678007-4686861\",\"object\":{\"code\":\"G|4678007|4686861\"},\"cid\":\"8\",\"site\":{\"code\":\"SITE2018\",\"url\":\"https:\\\/\\\/it.valdallos.com\"},\"slider\":{\"controls\":{\"arrows\":{\"enable\":true,\"showLocked\":true,\"style\":\"button\"}}},\"booking\":{\"enable\":false,\"waitForWindowLoad\":false,\"parameters\":{\"idWidget\":\"blocResa-PRESTATION-G-4678007-4686861\",\"queryParams\":null,\"withoutForm\":true}},\"options\":{\"typeDate\":\"SS\",\"elReferer\":\"PRESTATION-G-4678007-4686861\",\"ingContext\":\"RESA\",\"urlFiche\":\"appartamento-in-residence-2-stelle-haut-verdon-val-dallos-le-seignus-1.html\",\"startDate\":null,\"templates\":{\"Week\":\"semaine\",\"Days\":\"mois\"},\"plugContactForm\":\"42\"}}},idBloc : \"blocDispo-PRESTATION-G-4678007-4686861\",prestation : \"G|4678007|4686861\"});\n                }\n                catch(e) {\n                    \/\/console.log(e);\n                }\u003C\/script\u003E"},"html":" \n \u003Cdiv id=\"CV-PRESTATION-G-4678007-4686861\" data-contexte-id=\"PRESTATION|G|4678007|4686861\" data-cle=\"G|4678007|4686861\" class=\"fiche-liste\"\u003E\n    \n\n    \u003C!-- partie photo --\u003E\n    \u003Cdiv class=\"photo\"\u003E\t\t\t\t\t\t\t\t\t\t\t\t\t\t\t\t\t\t\t\t\t\n        \u003Cdiv class=\"cadre_photo_principale\"\u003E\t\t\n        \n            \t\t\t\t\t\n                    \u003Ca href=\"appartamento-in-residence-2-stelle-haut-verdon-val-dallos-le-seignus-1.html?origine=carnet#media\"\u003E\n                        \u003Cimg class=\"photo_principale\" alt=\"Vue ext\u00e9rieur du lotissement, en bois, c\u00f4t\u00e9 prairie, avec vue sur les montagnes\" src=\"https:\/\/www.valdallos.com\/medias\/images\/prestations\/multitailles\/320x240_78995-valdemars_vue_exterieure.jpg\" itemprop=\"image\"\u003E\n                    \u003C\/a\u003E\t\t\t\t\t\t\n                \n                    \u003C\/div\u003E\t\t\t\t\t\t\t\t\t\t\t\t\t\t\t\t\t\t\t \t\t\n    \u003C\/div\u003E\n    \n    \u003C!-- partie nom prest --\u003E\n    \u003Cdiv class=\"nom\"\u003E\n        \u003Ch2\u003ESteimer H\u00e9l\u00e8ne\u003C\/h2\u003E\n        \n            \u003C\/div\u003E\n\n         \n    \u003C!-- partie adresse --\u003E\n    \u003Cdiv class=\"adresse\"\u003E\n    \n          \n    \u003C\/div\u003E\n    \n    \u003C!-- partie liens --\u003E\n    \u003Cdiv class=\"liens\"\u003E\n            \u003Ca class=\"btn-icon btn-view \" title=\"Vedi il file dettagliato\" href=\"appartamento-in-residence-2-stelle-haut-verdon-val-dallos-le-seignus-1.html?origine=carnet\"\u003E\u003C\/a\u003E\u003C!--\u003Ca class=\"btn-icon btn-view \" title=\"\" href=\"?origine=carnet#thaut\"\u003E\u003C\/a\u003E--\u003E\n      \u003Ca class=\"btn-icon btn-trash carnet_voyage_supprimer\" title=\"Elimina questo file dal mio diario di viaggio\" href=\"carnet-voyage?action=remove&fiche=G|4678007|4686861\"\u003E\u003C\/a\u003E\n    \u003C\/div\u003E\n\n\u003C\/div\u003E\n\n","icon":"https:\/\/static.ingenie.fr\/images\/carnetVoyageV3\/G.png"},"fiche":"G|4678007|4686861","popup":"\u003Cdiv id=\"bloc_popup_ajout_fiche_carnet\"\u003E\n    \u003Cdiv class=\"info_popup_ajout_fiche_carnet\"\u003E\n        Hai appena aggiunto questo elemento alla tua selezione:    \u003C\/div\u003E\n    \u003Cdiv class=\"prest_popup_ajout_fiche_carnet\"\u003E\n        Steimer H&eacute;l&egrave;ne    \u003C\/div\u003E\n    \u003Cdiv class=\"bloc_btn_ajout_fiche_carnet form_submit_div\"\u003E\n        \u003Cinput type=\"button\" value=\"Continua la mia selezione\" title=\"Continua la mia selezione\" name=\"btn_close\" class=\"btn_close_popup_carnet form_submit\" onclick=\"$.colorbox.close()\" \/\u003E\n        \u003Cinput type=\"button\" value=\"Visualizza la mia selezione\" title=\"Visualizza la mia selezione\" name=\"btn_panier\" class=\"btn_panier_popup_carnet form_submit\" onclick=\"if(typeof CarnetVoyage != 'undefined') {CarnetVoyage.voirCarnet();}\" \/\u003E\n    \u003C\/div\u003E\n    \u003Cdiv class=\"bloc_btn_ajout_fiche_carnet\"\u003E\n        \u003Cinput type=\"checkbox\" value=\"1\" name=\"desactiver_popup\" id=\"desactiver_popup\" \/\u003E\n        \u003Clabel for=\"desactiver_popup\"\u003ENon visualizzare pi\u00f9 questo messaggio\u003C\/label\u003E\n    \u003C\/div\u003E\n\u003C\/div\u003E","success":1}