{"nbFiches":2,"dataPrest":{"infoPrest":{"pave1":{"libelle":"Descriptif","contenu":"","fichiers":[]},"pave2":{"libelle":"Indirizzo","contenu":"","fichiers":[]},"pave3":{"libelle":"Tarifs Hiver","contenu":"","fichiers":[]},"pave4":{"libelle":"Tarifs Et\u00e9","contenu":"","fichiers":[]},"pave5":{"libelle":"URL de la r\u00e9servation ou vente en ligne","contenu":"","fichiers":[]},"pave6":{"libelle":"Descriptif court","contenu":"Appartamento tutto attrezzato in una casa di villaggio.","fichiers":[]},"pave7":{"libelle":"Descriptif d\u00e9taill\u00e9","contenu":"","fichiers":[]},"pave8":{"libelle":"Bons plans","contenu":"","fichiers":[]},"pave9":{"libelle":"Compl\u00e9ment localisation","contenu":"","fichiers":[]},"pave10":{"libelle":"Compl\u00e9ment accueil","contenu":"","fichiers":[]},"pave11":{"libelle":"P\u00e9riodes en clair","contenu":"","fichiers":[]},"pave12":{"libelle":"Tarifs en clair","contenu":"","fichiers":[]},"pave13":{"libelle":"Compl\u00e9ment Tarifs","contenu":"","fichiers":[]},"pave14":{"libelle":"Compl\u00e9ment R\u00e9servation","contenu":"","fichiers":[]},"pave15":{"libelle":"Descriptif court","contenu":"","fichiers":[]},"pave16":{"libelle":"Descriptif d\u00e9taill\u00e9","contenu":"","fichiers":[]},"pave17":{"libelle":"Bons plans","contenu":"","fichiers":[]},"pave18":{"libelle":"Tarifs (Tarifs en clair, Compl\u00e9ment Tarifs)","contenu":"","fichiers":[]},"pave19":{"libelle":"P\u00e9riodes en clair","contenu":"","fichiers":[]},"pave20":{"libelle":"Descriptif court","contenu":"","fichiers":[]},"pave21":{"libelle":"Descriptif d\u00e9taill\u00e9","contenu":"","fichiers":[]},"pave22":{"libelle":"Bons plans","contenu":"","fichiers":[]},"pave23":{"libelle":"Tarifs (Tarifs en clair, Compl\u00e9ment Tarifs)","contenu":"","fichiers":[]},"pave24":{"libelle":"P\u00e9riodes en clair","contenu":"","fichiers":[]},"pave25":{"libelle":"Dispositions sp\u00e9ciales","contenu":"","fichiers":[]},"Libelle":"Matheron Julien \"le Cimet\"","Reference":"","Reftar":"","Type":"PRESTATION","TypePrestataire":"G","ContexteStat":"PRESTATION-G-4678018-4686865","DateModificationIso":"2026-04-27T13:43:00+02:00","Adresse":{"LigneAdresse1":"Rue du Barri","LigneAdresse2":"Val d'Allos - le village","LigneAdresse3":"","CodePostal":"04260","Ville":"Allos","Cedex":"","Etat":"","Pays":"FRA"},"Id":"g-4678018-4686865","Code":"G|4678018|4686865","Cle":"G|4678018|4686865","Url":"appartamento-in-casa-2-stelle-haut-verdon-val-dallos-le-village-1-1-1.html","Localisation":{"GoogleMap":{"Latitude":"44.24016","Longitude":"6.628074"}},"ZoneGeo":"","Criteres":{"GLOC[G14":"","GLOGEM[GAPPMA":"","AFFEQUIP[ANIMAUX":"","AFFEQUIP[LAVEVAIS":"","GPREST[GLOCAS":"","GCHAR[GCHARC":"","GEQUIC[GFOUR":"","GEQUIC[GLAVEV":"","GEQUIC[GMICRO":"","GEQUIC[GREFIG":"","GEQUIS[GTELEV":"","GSALLE[GDOUCH":"","GSALLE[GWCIND":"","G1EQUI[GLOVEL":"","GANIMA[GANIMA":"","AFFGTYPE[APPART":"","NBPERS[GCAP06":"","PUBLICATION[VALDALLOS":"","DISPONIBILITES[DISPORELANCE":"","GCAPACITE[6PERS":"","GNOMBRE[6PERS":"","PUBLICATION[VERDONTOURISME":"","LOCVERDON[1559":"","AFFEQUIP[LAVELINGEAFF":"","VISIBWEB[PLANNINGVISIBLE":"","127[606":"","122[4054":"","122[4055":"","services[687":"","prestations[animauxAcceptes":"","prestations[surchargeTourismesAdaptes":"","prestations[surchargeDescriptifHandicapMoteur":"","prestations[surchargeDescriptifHandicapAuditif":"","prestations[surchargeDescriptifHandicapVisuel":"","prestations[surchargeDescriptifHandicapMental":"","prestations[surchargeNombreFauteuilsRoulants":"","70[895":"","70[907":"","70[919":"","70[922":"","70[943":"","70[999":"","73[902":"","73[973":"","72[963":"","71[987":"","languesParlees[1197":"","modesPaiement[1271":"","modesPaiement[1277":"","modesPaiement[1281":"","tourismeAffaires[tourismeAffairesEnabled":"","tourismeAffaires[devise":"EUR","hebergementLocatifType[2620":"","informationsHebergementLocatif[dateClassement":"2024-11-26","classementPrefectoral[2628":"","5403[1613":"","capacite[capaciteHebergement":"6","capacite[capaciteMaximumPossible":"6","capacite[nombreSallesDeBain":"1","capacite[nombreWC":"1","capacite[nombreLitsDoubles":"3","capacite[nombreLitsSimples":"1","capacite[surface":"63","capacite[nombrePieces":"3","capacite[nombreChambres":"2","capacite[numeroEtage":"1","CINTSITRA[5660":"","CINTSITRA[8809":"","6241[126905":"","6241[5740912":"","3218[311229":"","3220[587401":"","3220[5575332":"","3233[591419":"","3221[4876304":"","3219[5127127":"","3219[5239406":"","3219[6436838":"","3240[5778284":"","6242[5843488":"","3230[6139211":"","VilleSitra[1559":"","VillageDeDepart[1559":"","DISPONIBILITES[PLANNINGACT":""},"ContactsParType":{"IWEB":{"116188":{"id_contact":"116188","type_contact":"IWEB","categorie_contact":"PRESTATION","societe_contact":"","fonction_contact":"","civilite_nom_prenom_contact":"Matheron Julien  ","adresse1_contact":"","adresse2_contact":"","adresse3_contact":"","cpostal_contact":"","ville_contact":"","teldom_contact":"04 92 83 01 29","telbur_contact":"","fax_contact":"","portable_contact":"06 85 57 95 09","email_contact":"julien.matheron@wanadoo.fr","siteweb_contact":"","commentaire_contact":"","langue_contact":"","autre_moyen_com":[]}},"":{"116189":{"id_contact":"116189","type_contact":"","categorie_contact":"PRESTATION","societe_contact":"","fonction_contact":"","civilite_nom_prenom_contact":"M Matheron Julien ","adresse1_contact":"","adresse2_contact":"","adresse3_contact":"","cpostal_contact":"","ville_contact":"","teldom_contact":"","telbur_contact":"","fax_contact":"","portable_contact":"","email_contact":"","siteweb_contact":"","commentaire_contact":"","langue_contact":"","autre_moyen_com":[]}}},"ContactRemplaceCoordonnees":"116188","Prestataire":{"pave1":{"libelle":"","contenu":""},"pave2":{"libelle":"","contenu":""},"pave3":{"libelle":"","contenu":""},"pave4":{"libelle":"","contenu":""},"pave5":{"libelle":"","contenu":""},"pave6":{"libelle":"","contenu":""},"pave7":{"libelle":"","contenu":""},"pave8":{"libelle":"","contenu":""},"pave9":{"libelle":"","contenu":""},"pave10":{"libelle":"","contenu":""},"pave11":{"libelle":"","contenu":""},"pave12":{"libelle":"","contenu":""},"pave13":{"libelle":"","contenu":""},"pave14":{"libelle":"","contenu":""},"pave15":{"libelle":"","contenu":""},"pave16":{"libelle":"","contenu":""},"pave17":{"libelle":"","contenu":""},"pave18":{"libelle":"","contenu":""},"pave19":{"libelle":"","contenu":""},"pave20":{"libelle":"","contenu":""},"pave21":{"libelle":"","contenu":""},"pave22":{"libelle":"","contenu":""},"pave23":{"libelle":"","contenu":""},"pave24":{"libelle":"","contenu":""},"pave25":{"libelle":"","contenu":""},"ContactsParType":{"GEST":{"114329":{"id_contact":"114329","type_contact":"GEST","categorie_contact":"PRESTATAIRE","societe_contact":"","fonction_contact":"","civilite_nom_prenom_contact":"Matheron Julien ","adresse1_contact":"rue du barri","adresse2_contact":"Val d'Allos - Le village","adresse3_contact":"","cpostal_contact":"04260","ville_contact":"Allos","teldom_contact":"04 92 83 01 29","telbur_contact":"","fax_contact":"","portable_contact":"06 85 57 95 09","email_contact":"julien.matheron@wanadoo.fr","siteweb_contact":"","commentaire_contact":"","langue_contact":"","autre_moyen_com":[]},"114486":{"id_contact":"114486","type_contact":"GEST","categorie_contact":"PRESTATAIRE","societe_contact":"","fonction_contact":"","civilite_nom_prenom_contact":"Matheron Julien ","adresse1_contact":"rue du barri","adresse2_contact":"Val d'Allos - Le village","adresse3_contact":"","cpostal_contact":"04260","ville_contact":"Allos","teldom_contact":"04 92 83 01 29","telbur_contact":"","fax_contact":"","portable_contact":"06 85 57 95 09","email_contact":"julien.matheron@wanadoo.fr","siteweb_contact":"","commentaire_contact":"","langue_contact":"","autre_moyen_com":[]}}},"ZoneGeoLibelle":"Haut-Verdon","Libelle":"Matheron Julien","Nom":"Matheron Julien ","Prenom":"","NomPrenom":"Matheron Julien  ","CiviliteNomPrenom":"Matheron Julien  ","Cle":"G|4678018","PrestataireParent":"","ContexteStat":"PRESTATAIRE-G-4678018","DateModificationIso":"2025-11-19T00:24:00+01:00","Type":"PRESTATAIRE","TypePrestataire":"G","Adresse":{"LigneAdresse1":"","LigneAdresse2":"","LigneAdresse3":"","CodePostal":"","Ville":"","Cedex":"","Etat":"","Pays":""},"Email":"julien.matheron@wanadoo.fr","Telephone":"04 92 83 01 29","TelephoneBureau":"","Portable":"06 85 57 95 09","SiteWeb":"","Fax":"","Id":"g-4678018","Code":"G|4678018","Fichier":[],"Url":"","Localisation":{"GoogleMap":{"Latitude":"","Longitude":""}},"ZoneGeo":"FRPA04VAHVERD","Criteres":{"GINFADH[GMONT":"80","GINFADH[GCOMM":"","GTIMMO[GPARTI":"","P.GLOC[G14":"","P.6241[126905":"","P.6241[5740912":"","P.3218[311229":"","P.3220[587401":"","P.3220[5575332":"","P.3233[591419":"","P.3221[4876304":"","P.3219[5127127":"","P.3219[5239406":"","P.3219[6436838":"","P.3240[5778284":"","P.6242[5843488":"","P.3230[6139211":"","P.VilleSitra[1559":"","P.VillageDeDepart[1559":""},"DateFinPublication":""},"Fichier":{"Image":[{"url":"https:\/\/www.valdallos.com\/medias\/images\/prestations\/77997-imgp0092.jpg","chemin":"..\/medias\/images\/prestations\/77997-imgp0092.jpg","libelle":"Coin s\u00e9jour avec table \u00e0 manger, canap\u00e9, TV, ameublement bois, parquet au sol, fen\u00eatre","extension":"jpg","categorie":"","largeur":1600,"theme":"","hauteur":1200,"type":"Image","origine":"","liaisonPave":"","langue":"","id":"77997","urlVignette":"https:\/\/www.valdallos.com\/medias\/images\/prestations\/v-77997-imgp0092.jpg","alt":"Coin s\u00e9jour avec table \u00e0 manger, canap\u00e9, TV, ameublement bois, parquet au sol, fen\u00eatre","title":"Coin s\u00e9jour avec table \u00e0 manger, canap\u00e9, TV, ameublement bois, parquet au sol, fen\u00eatre","MultiTaille":{"1920x1440":{"url":"https:\/\/www.valdallos.com\/medias\/images\/prestations\/multitailles\/1920x1440_77997-imgp0092.jpg"},"1200x900":{"url":"https:\/\/www.valdallos.com\/medias\/images\/prestations\/multitailles\/1200x900_77997-imgp0092.jpg"},"800x600":{"url":"https:\/\/www.valdallos.com\/medias\/images\/prestations\/multitailles\/800x600_77997-imgp0092.jpg"},"640x480":{"url":"https:\/\/www.valdallos.com\/medias\/images\/prestations\/multitailles\/640x480_77997-imgp0092.jpg"},"320x240":{"url":"https:\/\/www.valdallos.com\/medias\/images\/prestations\/multitailles\/320x240_77997-imgp0092.jpg"},"160x120":{"url":"https:\/\/www.valdallos.com\/medias\/images\/prestations\/multitailles\/160x120_77997-imgp0092.jpg"},"origine":{"url":"https:\/\/www.valdallos.com\/medias\/images\/prestations\/77997-imgp0092.jpg"}},"urlLien":"","typeLien":"","nofollow":"N","copyright":"Matheron Julien"},{"url":"https:\/\/www.valdallos.com\/medias\/images\/prestations\/77998-imgp0091.jpg","chemin":"..\/medias\/images\/prestations\/77998-imgp0091.jpg","libelle":"S\u00e9jour avec coin cuisine, table \u00e0 manger, plaques \u00e9lectriques, four \u00e0 micro-ondes, ameublement bois, parquet au sol","extension":"jpg","categorie":"","largeur":1600,"theme":"","hauteur":1200,"type":"Image","origine":"","liaisonPave":"","langue":"","id":"77998","urlVignette":"https:\/\/www.valdallos.com\/medias\/images\/prestations\/v-77998-imgp0091.jpg","alt":"S\u00e9jour avec coin cuisine, table \u00e0 manger, plaques \u00e9lectriques, four \u00e0 micro-ondes, ameublement bois, parquet au sol","title":"S\u00e9jour avec coin cuisine, table \u00e0 manger, plaques \u00e9lectriques, four \u00e0 micro-ondes, ameublement bois, parquet au sol","MultiTaille":{"1920x1440":{"url":"https:\/\/www.valdallos.com\/medias\/images\/prestations\/multitailles\/1920x1440_77998-imgp0091.jpg"},"1200x900":{"url":"https:\/\/www.valdallos.com\/medias\/images\/prestations\/multitailles\/1200x900_77998-imgp0091.jpg"},"800x600":{"url":"https:\/\/www.valdallos.com\/medias\/images\/prestations\/multitailles\/800x600_77998-imgp0091.jpg"},"640x480":{"url":"https:\/\/www.valdallos.com\/medias\/images\/prestations\/multitailles\/640x480_77998-imgp0091.jpg"},"320x240":{"url":"https:\/\/www.valdallos.com\/medias\/images\/prestations\/multitailles\/320x240_77998-imgp0091.jpg"},"160x120":{"url":"https:\/\/www.valdallos.com\/medias\/images\/prestations\/multitailles\/160x120_77998-imgp0091.jpg"},"origine":{"url":"https:\/\/www.valdallos.com\/medias\/images\/prestations\/77998-imgp0091.jpg"}},"urlLien":"","typeLien":"","nofollow":"N","copyright":"Matheron Julien"},{"url":"https:\/\/www.valdallos.com\/medias\/images\/prestations\/77999-imgp0095.jpg","chemin":"..\/medias\/images\/prestations\/77999-imgp0095.jpg","libelle":"Chambre \u00e0 coucher lumineuse avec deux lits doubles, ameublement bois, parquet au sol, fen\u00eatre","extension":"jpg","categorie":"","largeur":1600,"theme":"","hauteur":1200,"type":"Image","origine":"","liaisonPave":"","langue":"","id":"77999","urlVignette":"https:\/\/www.valdallos.com\/medias\/images\/prestations\/v-77999-imgp0095.jpg","alt":"Chambre \u00e0 coucher lumineuse avec deux lits doubles, ameublement bois, parquet au sol, fen\u00eatre","title":"Chambre \u00e0 coucher lumineuse avec deux lits doubles, ameublement bois, parquet au sol, fen\u00eatre","MultiTaille":{"1920x1440":{"url":"https:\/\/www.valdallos.com\/medias\/images\/prestations\/multitailles\/1920x1440_77999-imgp0095.jpg"},"1200x900":{"url":"https:\/\/www.valdallos.com\/medias\/images\/prestations\/multitailles\/1200x900_77999-imgp0095.jpg"},"800x600":{"url":"https:\/\/www.valdallos.com\/medias\/images\/prestations\/multitailles\/800x600_77999-imgp0095.jpg"},"640x480":{"url":"https:\/\/www.valdallos.com\/medias\/images\/prestations\/multitailles\/640x480_77999-imgp0095.jpg"},"320x240":{"url":"https:\/\/www.valdallos.com\/medias\/images\/prestations\/multitailles\/320x240_77999-imgp0095.jpg"},"160x120":{"url":"https:\/\/www.valdallos.com\/medias\/images\/prestations\/multitailles\/160x120_77999-imgp0095.jpg"},"origine":{"url":"https:\/\/www.valdallos.com\/medias\/images\/prestations\/77999-imgp0095.jpg"}},"urlLien":"","typeLien":"","nofollow":"N","copyright":"Matheron Julien"},{"url":"https:\/\/www.valdallos.com\/medias\/images\/prestations\/78000-imgp0096.jpg","chemin":"..\/medias\/images\/prestations\/78000-imgp0096.jpg","libelle":"Chambre \u00e0 coucher lumineuse avec deux lits doubles, ameublement bois, parquet au sol, fen\u00eatre","extension":"jpg","categorie":"","largeur":1256,"theme":"","hauteur":1200,"type":"Image","origine":"","liaisonPave":"","langue":"","id":"78000","urlVignette":"https:\/\/www.valdallos.com\/medias\/images\/prestations\/v-78000-imgp0096.jpg","alt":"Chambre \u00e0 coucher lumineuse avec deux lits doubles, ameublement bois, parquet au sol, fen\u00eatre","title":"Chambre \u00e0 coucher lumineuse avec deux lits doubles, ameublement bois, parquet au sol, fen\u00eatre","MultiTaille":{"1920x1440":{"url":"https:\/\/www.valdallos.com\/medias\/images\/prestations\/multitailles\/1920x1440_78000-imgp0096.jpg"},"1200x900":{"url":"https:\/\/www.valdallos.com\/medias\/images\/prestations\/multitailles\/1200x900_78000-imgp0096.jpg"},"800x600":{"url":"https:\/\/www.valdallos.com\/medias\/images\/prestations\/multitailles\/800x600_78000-imgp0096.jpg"},"640x480":{"url":"https:\/\/www.valdallos.com\/medias\/images\/prestations\/multitailles\/640x480_78000-imgp0096.jpg"},"320x240":{"url":"https:\/\/www.valdallos.com\/medias\/images\/prestations\/multitailles\/320x240_78000-imgp0096.jpg"},"160x120":{"url":"https:\/\/www.valdallos.com\/medias\/images\/prestations\/multitailles\/160x120_78000-imgp0096.jpg"},"origine":{"url":"https:\/\/www.valdallos.com\/medias\/images\/prestations\/78000-imgp0096.jpg"}},"urlLien":"","typeLien":"","nofollow":"N","copyright":"J Matheron"},{"url":"https:\/\/www.valdallos.com\/medias\/images\/prestations\/78001-imgp0093.jpg","chemin":"..\/medias\/images\/prestations\/78001-imgp0093.jpg","libelle":"Chambre \u00e0 coucher lumineuse avec lit double, ameublement bois, parquet au sol, fen\u00eatre","extension":"jpg","categorie":"","largeur":1600,"theme":"","hauteur":1200,"type":"Image","origine":"","liaisonPave":"","langue":"","id":"78001","urlVignette":"https:\/\/www.valdallos.com\/medias\/images\/prestations\/v-78001-imgp0093.jpg","alt":"Chambre \u00e0 coucher lumineuse avec lit double, ameublement bois, parquet au sol, fen\u00eatre","title":"Chambre \u00e0 coucher lumineuse avec lit double, ameublement bois, parquet au sol, fen\u00eatre","MultiTaille":{"1920x1440":{"url":"https:\/\/www.valdallos.com\/medias\/images\/prestations\/multitailles\/1920x1440_78001-imgp0093.jpg"},"1200x900":{"url":"https:\/\/www.valdallos.com\/medias\/images\/prestations\/multitailles\/1200x900_78001-imgp0093.jpg"},"800x600":{"url":"https:\/\/www.valdallos.com\/medias\/images\/prestations\/multitailles\/800x600_78001-imgp0093.jpg"},"640x480":{"url":"https:\/\/www.valdallos.com\/medias\/images\/prestations\/multitailles\/640x480_78001-imgp0093.jpg"},"320x240":{"url":"https:\/\/www.valdallos.com\/medias\/images\/prestations\/multitailles\/320x240_78001-imgp0093.jpg"},"160x120":{"url":"https:\/\/www.valdallos.com\/medias\/images\/prestations\/multitailles\/160x120_78001-imgp0093.jpg"},"origine":{"url":"https:\/\/www.valdallos.com\/medias\/images\/prestations\/78001-imgp0093.jpg"}},"urlLien":"","typeLien":"","nofollow":"N","copyright":"Matheron Julien"}],"ByCategorie":{"":[{"url":"https:\/\/www.valdallos.com\/medias\/images\/prestations\/77997-imgp0092.jpg","chemin":"..\/medias\/images\/prestations\/77997-imgp0092.jpg","libelle":"Coin s\u00e9jour avec table \u00e0 manger, canap\u00e9, TV, ameublement bois, parquet au sol, fen\u00eatre","extension":"jpg","categorie":"","largeur":1600,"theme":"","hauteur":1200,"type":"Image","origine":"","liaisonPave":"","langue":"","id":"77997","urlVignette":"https:\/\/www.valdallos.com\/medias\/images\/prestations\/v-77997-imgp0092.jpg","alt":"Coin s\u00e9jour avec table \u00e0 manger, canap\u00e9, TV, ameublement bois, parquet au sol, fen\u00eatre","title":"Coin s\u00e9jour avec table \u00e0 manger, canap\u00e9, TV, ameublement bois, parquet au sol, fen\u00eatre","MultiTaille":{"1920x1440":{"url":"https:\/\/www.valdallos.com\/medias\/images\/prestations\/multitailles\/1920x1440_77997-imgp0092.jpg"},"1200x900":{"url":"https:\/\/www.valdallos.com\/medias\/images\/prestations\/multitailles\/1200x900_77997-imgp0092.jpg"},"800x600":{"url":"https:\/\/www.valdallos.com\/medias\/images\/prestations\/multitailles\/800x600_77997-imgp0092.jpg"},"640x480":{"url":"https:\/\/www.valdallos.com\/medias\/images\/prestations\/multitailles\/640x480_77997-imgp0092.jpg"},"320x240":{"url":"https:\/\/www.valdallos.com\/medias\/images\/prestations\/multitailles\/320x240_77997-imgp0092.jpg"},"160x120":{"url":"https:\/\/www.valdallos.com\/medias\/images\/prestations\/multitailles\/160x120_77997-imgp0092.jpg"},"origine":{"url":"https:\/\/www.valdallos.com\/medias\/images\/prestations\/77997-imgp0092.jpg"}},"urlLien":"","typeLien":"","nofollow":"N","copyright":"Matheron Julien"},{"url":"https:\/\/www.valdallos.com\/medias\/images\/prestations\/77998-imgp0091.jpg","chemin":"..\/medias\/images\/prestations\/77998-imgp0091.jpg","libelle":"S\u00e9jour avec coin cuisine, table \u00e0 manger, plaques \u00e9lectriques, four \u00e0 micro-ondes, ameublement bois, parquet au sol","extension":"jpg","categorie":"","largeur":1600,"theme":"","hauteur":1200,"type":"Image","origine":"","liaisonPave":"","langue":"","id":"77998","urlVignette":"https:\/\/www.valdallos.com\/medias\/images\/prestations\/v-77998-imgp0091.jpg","alt":"S\u00e9jour avec coin cuisine, table \u00e0 manger, plaques \u00e9lectriques, four \u00e0 micro-ondes, ameublement bois, parquet au sol","title":"S\u00e9jour avec coin cuisine, table \u00e0 manger, plaques \u00e9lectriques, four \u00e0 micro-ondes, ameublement bois, parquet au sol","MultiTaille":{"1920x1440":{"url":"https:\/\/www.valdallos.com\/medias\/images\/prestations\/multitailles\/1920x1440_77998-imgp0091.jpg"},"1200x900":{"url":"https:\/\/www.valdallos.com\/medias\/images\/prestations\/multitailles\/1200x900_77998-imgp0091.jpg"},"800x600":{"url":"https:\/\/www.valdallos.com\/medias\/images\/prestations\/multitailles\/800x600_77998-imgp0091.jpg"},"640x480":{"url":"https:\/\/www.valdallos.com\/medias\/images\/prestations\/multitailles\/640x480_77998-imgp0091.jpg"},"320x240":{"url":"https:\/\/www.valdallos.com\/medias\/images\/prestations\/multitailles\/320x240_77998-imgp0091.jpg"},"160x120":{"url":"https:\/\/www.valdallos.com\/medias\/images\/prestations\/multitailles\/160x120_77998-imgp0091.jpg"},"origine":{"url":"https:\/\/www.valdallos.com\/medias\/images\/prestations\/77998-imgp0091.jpg"}},"urlLien":"","typeLien":"","nofollow":"N","copyright":"Matheron Julien"},{"url":"https:\/\/www.valdallos.com\/medias\/images\/prestations\/77999-imgp0095.jpg","chemin":"..\/medias\/images\/prestations\/77999-imgp0095.jpg","libelle":"Chambre \u00e0 coucher lumineuse avec deux lits doubles, ameublement bois, parquet au sol, fen\u00eatre","extension":"jpg","categorie":"","largeur":1600,"theme":"","hauteur":1200,"type":"Image","origine":"","liaisonPave":"","langue":"","id":"77999","urlVignette":"https:\/\/www.valdallos.com\/medias\/images\/prestations\/v-77999-imgp0095.jpg","alt":"Chambre \u00e0 coucher lumineuse avec deux lits doubles, ameublement bois, parquet au sol, fen\u00eatre","title":"Chambre \u00e0 coucher lumineuse avec deux lits doubles, ameublement bois, parquet au sol, fen\u00eatre","MultiTaille":{"1920x1440":{"url":"https:\/\/www.valdallos.com\/medias\/images\/prestations\/multitailles\/1920x1440_77999-imgp0095.jpg"},"1200x900":{"url":"https:\/\/www.valdallos.com\/medias\/images\/prestations\/multitailles\/1200x900_77999-imgp0095.jpg"},"800x600":{"url":"https:\/\/www.valdallos.com\/medias\/images\/prestations\/multitailles\/800x600_77999-imgp0095.jpg"},"640x480":{"url":"https:\/\/www.valdallos.com\/medias\/images\/prestations\/multitailles\/640x480_77999-imgp0095.jpg"},"320x240":{"url":"https:\/\/www.valdallos.com\/medias\/images\/prestations\/multitailles\/320x240_77999-imgp0095.jpg"},"160x120":{"url":"https:\/\/www.valdallos.com\/medias\/images\/prestations\/multitailles\/160x120_77999-imgp0095.jpg"},"origine":{"url":"https:\/\/www.valdallos.com\/medias\/images\/prestations\/77999-imgp0095.jpg"}},"urlLien":"","typeLien":"","nofollow":"N","copyright":"Matheron Julien"},{"url":"https:\/\/www.valdallos.com\/medias\/images\/prestations\/78000-imgp0096.jpg","chemin":"..\/medias\/images\/prestations\/78000-imgp0096.jpg","libelle":"Chambre \u00e0 coucher lumineuse avec deux lits doubles, ameublement bois, parquet au sol, fen\u00eatre","extension":"jpg","categorie":"","largeur":1256,"theme":"","hauteur":1200,"type":"Image","origine":"","liaisonPave":"","langue":"","id":"78000","urlVignette":"https:\/\/www.valdallos.com\/medias\/images\/prestations\/v-78000-imgp0096.jpg","alt":"Chambre \u00e0 coucher lumineuse avec deux lits doubles, ameublement bois, parquet au sol, fen\u00eatre","title":"Chambre \u00e0 coucher lumineuse avec deux lits doubles, ameublement bois, parquet au sol, fen\u00eatre","MultiTaille":{"1920x1440":{"url":"https:\/\/www.valdallos.com\/medias\/images\/prestations\/multitailles\/1920x1440_78000-imgp0096.jpg"},"1200x900":{"url":"https:\/\/www.valdallos.com\/medias\/images\/prestations\/multitailles\/1200x900_78000-imgp0096.jpg"},"800x600":{"url":"https:\/\/www.valdallos.com\/medias\/images\/prestations\/multitailles\/800x600_78000-imgp0096.jpg"},"640x480":{"url":"https:\/\/www.valdallos.com\/medias\/images\/prestations\/multitailles\/640x480_78000-imgp0096.jpg"},"320x240":{"url":"https:\/\/www.valdallos.com\/medias\/images\/prestations\/multitailles\/320x240_78000-imgp0096.jpg"},"160x120":{"url":"https:\/\/www.valdallos.com\/medias\/images\/prestations\/multitailles\/160x120_78000-imgp0096.jpg"},"origine":{"url":"https:\/\/www.valdallos.com\/medias\/images\/prestations\/78000-imgp0096.jpg"}},"urlLien":"","typeLien":"","nofollow":"N","copyright":"J Matheron"},{"url":"https:\/\/www.valdallos.com\/medias\/images\/prestations\/78001-imgp0093.jpg","chemin":"..\/medias\/images\/prestations\/78001-imgp0093.jpg","libelle":"Chambre \u00e0 coucher lumineuse avec lit double, ameublement bois, parquet au sol, fen\u00eatre","extension":"jpg","categorie":"","largeur":1600,"theme":"","hauteur":1200,"type":"Image","origine":"","liaisonPave":"","langue":"","id":"78001","urlVignette":"https:\/\/www.valdallos.com\/medias\/images\/prestations\/v-78001-imgp0093.jpg","alt":"Chambre \u00e0 coucher lumineuse avec lit double, ameublement bois, parquet au sol, fen\u00eatre","title":"Chambre \u00e0 coucher lumineuse avec lit double, ameublement bois, parquet au sol, fen\u00eatre","MultiTaille":{"1920x1440":{"url":"https:\/\/www.valdallos.com\/medias\/images\/prestations\/multitailles\/1920x1440_78001-imgp0093.jpg"},"1200x900":{"url":"https:\/\/www.valdallos.com\/medias\/images\/prestations\/multitailles\/1200x900_78001-imgp0093.jpg"},"800x600":{"url":"https:\/\/www.valdallos.com\/medias\/images\/prestations\/multitailles\/800x600_78001-imgp0093.jpg"},"640x480":{"url":"https:\/\/www.valdallos.com\/medias\/images\/prestations\/multitailles\/640x480_78001-imgp0093.jpg"},"320x240":{"url":"https:\/\/www.valdallos.com\/medias\/images\/prestations\/multitailles\/320x240_78001-imgp0093.jpg"},"160x120":{"url":"https:\/\/www.valdallos.com\/medias\/images\/prestations\/multitailles\/160x120_78001-imgp0093.jpg"},"origine":{"url":"https:\/\/www.valdallos.com\/medias\/images\/prestations\/78001-imgp0093.jpg"}},"urlLien":"","typeLien":"","nofollow":"N","copyright":"Matheron Julien"}]}},"DateDebPublication":"","DateFinPublication":"","PrixAPartirDe":"","PrixPour":"","FicheListeEnCours":"fiche_liste_immobilier_prestation_OT_v3","ParametresModele":{"AfficherPhotos":1,"NbPhotosMax":6,"AfficherReserver":0,"AfficherContact":0,"AfficherSalle":1,"AfficherZoneGeo":0,"AfficherEnSavoirPlus":"0","AfficherUneSeuleOuverture":0,"AfficherContactCarte":1,"AfficherTarifsChaudAPartirDe":0,"AfficherTarifChaudSansRecherche":0,"AfficherDispoAccordeon":"1","AfficherDispoResa":"1","AfficherPrixAPartirDe":"1","BlocCritereInfo":{"critere1":{"libelle":"","liste_critere":["classementPrefectoral|2631|G","classementPrefectoral|2630|G","classementPrefectoral|2629|G","classementPrefectoral|2628|G","classementPrefectoral|2627|G","classementPrefectoral|2632|G"]},"critere2":{"libelle":"","liste_critere":["GLOC|G"]},"critere3":{"libelle":""},"critere4":{"libelle":""},"critere5":{"libelle":"","liste_critere":["GHANDI|G","AFFEQUIP|WIFI|G","AFFEQUIP|ANIMAUX|G","AFFEQUIP|PARKING|G","AFFEQUIP|LAVEVAIS|G","AFFEQUIP|LAVELINGEAFF|G","GCHAMB|G","NBPERS|G","GSURFA|G","GLOGEM|G"]},"critere6":{"libelle":"","liste_critere":["GLABEL|GCLEVA|G"]},"critere7":{"libelle":""},"critere8":{"libelle":""},"critere9":{"libelle":""},"afficherpictoetpaslibelle":"1"},"BlocPaveInfo":{"texte1":{"pave":["6","15","20"],"longeurmax":"250","afficherLibelle":"0","garderHtml":"0","boutonVoirPlus":""},"texte3":{"longeurmax":"","afficherLibelle":"0","garderHtml":"0","boutonVoirPlus":""}},"CriteresComportementDispo":"DISPONIBILITES[PLANNINGACT","PositionBloc":"GALLERIE|ZONEPRINCIPALFICHEPRESTA|NOM|CARNET_VOYAGE|ACCROCHE_TARIF_DISPO","TypePrestataire":"G","ComportementResa":false,"ComportementDispo":true},"AffichageCoordonnees":[],"Coordonnees":{"Ville":"Allos"},"ContexteId":"PRESTATION|G|4678018|4686865","ContexteIdHtml":"PRESTATION-G-4678018-4686865","cleContexte":"G|4678018|4686865","Bloc":{"texte1":"Appartamento tutto attrezzato in una casa di villaggio.","texte3":"","critere1":{"libelle":"","contenu":{"classementPrefectoral":{"libelle":"","contenu":{"4":"\u003Cimg src=\"https:\/\/www.valdallos.com\/medias\/images\/picto\/classementPrefectoral-2628-G.png\"  alt=\"2 stelle\" title=\"2 stelle\" \/\u003E"},"codesValeurs":{"4":"classementPrefectoral|2628|G"},"criteres_datas":{"valeurs":{"4":{"2628":{"descriptif":""}}}}}}},"critere2":{"libelle":"","contenu":{"GLOC":{"libelle":"Localizzare","contenu":{"3":"Val d'Allos - Villaggio"},"codesValeurs":{"3":"GLOC|G14|G"},"criteres_datas":{"valeurs":{"3":{"G14":{"descriptif":""}}}}}}},"critere3":{"libelle":"","contenu":[]},"critere4":{"libelle":"","contenu":[]},"critere5":{"libelle":"","contenu":{"NBPERS":{"libelle":"Persone","contenu":{"5":"6 persone"},"codesValeurs":{"5":"NBPERS|GCAP06|G"},"criteres_datas":{"valeurs":{"5":{"GCAP06":{"descriptif":""}}}}},"GLOGEM":{"libelle":"tipo di alloggio","contenu":{"2":"appartamento in casa"},"codesValeurs":{"2":"GLOGEM|GAPPMA|G"},"criteres_datas":{"valeurs":{"2":{"GAPPMA":{"descriptif":""}}}}},"AFFEQUIP":{"libelle":"Servizi","contenu":{"2":"Animali domestici ammessi","4":"Lavastoviglie","5":"Lavatrice"},"codesValeurs":{"2":"AFFEQUIP|ANIMAUX|G","4":"AFFEQUIP|LAVEVAIS|G","5":"AFFEQUIP|LAVELINGEAFF|G"},"criteres_datas":{"valeurs":{"2":{"ANIMAUX":{"descriptif":""}},"4":{"LAVEVAIS":{"descriptif":""}},"5":{"LAVELINGEAFF":{"descriptif":""}}}}}}},"critere6":{"libelle":"","contenu":[]},"critere7":{"libelle":"","contenu":[]},"critere8":{"libelle":"","contenu":[]},"critere9":{"libelle":"","contenu":[]}},"LocalisationGps":{"Latitude":"44.24016","Longitude":"6.628074"},"libelleDuPrestataire":"","vuePrestataire":{"pave1":{"libelle":"","contenu":""},"pave2":{"libelle":"","contenu":""},"pave3":{"libelle":"","contenu":""},"pave4":{"libelle":"","contenu":""},"pave5":{"libelle":"","contenu":""},"pave6":{"libelle":"","contenu":""},"pave7":{"libelle":"","contenu":""},"pave8":{"libelle":"","contenu":""},"pave9":{"libelle":"","contenu":""},"pave10":{"libelle":"","contenu":""},"pave11":{"libelle":"","contenu":""},"pave12":{"libelle":"","contenu":""},"pave13":{"libelle":"","contenu":""},"pave14":{"libelle":"","contenu":""},"pave15":{"libelle":"","contenu":""},"pave16":{"libelle":"","contenu":""},"pave17":{"libelle":"","contenu":""},"pave18":{"libelle":"","contenu":""},"pave19":{"libelle":"","contenu":""},"pave20":{"libelle":"","contenu":""},"pave21":{"libelle":"","contenu":""},"pave22":{"libelle":"","contenu":""},"pave23":{"libelle":"","contenu":""},"pave24":{"libelle":"","contenu":""},"pave25":{"libelle":"","contenu":""},"ContactsParType":{"GEST":{"114329":{"id_contact":"114329","type_contact":"GEST","categorie_contact":"PRESTATAIRE","societe_contact":"","fonction_contact":"","civilite_nom_prenom_contact":"Matheron Julien ","adresse1_contact":"rue du barri","adresse2_contact":"Val d'Allos - Le village","adresse3_contact":"","cpostal_contact":"04260","ville_contact":"Allos","teldom_contact":"04 92 83 01 29","telbur_contact":"","fax_contact":"","portable_contact":"06 85 57 95 09","email_contact":"julien.matheron@wanadoo.fr","siteweb_contact":"","commentaire_contact":"","langue_contact":"","autre_moyen_com":[]},"114486":{"id_contact":"114486","type_contact":"GEST","categorie_contact":"PRESTATAIRE","societe_contact":"","fonction_contact":"","civilite_nom_prenom_contact":"Matheron Julien ","adresse1_contact":"rue du barri","adresse2_contact":"Val d'Allos - Le village","adresse3_contact":"","cpostal_contact":"04260","ville_contact":"Allos","teldom_contact":"04 92 83 01 29","telbur_contact":"","fax_contact":"","portable_contact":"06 85 57 95 09","email_contact":"julien.matheron@wanadoo.fr","siteweb_contact":"","commentaire_contact":"","langue_contact":"","autre_moyen_com":[]}}},"ZoneGeoLibelle":"Haut-Verdon","Libelle":"Matheron Julien","Nom":"Matheron Julien ","Prenom":"","NomPrenom":"Matheron Julien  ","CiviliteNomPrenom":"Matheron Julien  ","Cle":"G|4678018","PrestataireParent":"","ContexteStat":"PRESTATAIRE-G-4678018","DateModificationIso":"2025-11-19T00:24:00+01:00","Type":"PRESTATAIRE","TypePrestataire":"G","Adresse":{"LigneAdresse1":"","LigneAdresse2":"","LigneAdresse3":"","CodePostal":"","Ville":"","Cedex":"","Etat":"","Pays":""},"Email":"julien.matheron@wanadoo.fr","Telephone":"04 92 83 01 29","TelephoneBureau":"","Portable":"06 85 57 95 09","SiteWeb":"","Fax":"","Id":"g-4678018","Code":"G|4678018","Fichier":[],"Url":"","Localisation":{"GoogleMap":{"Latitude":"","Longitude":""}},"ZoneGeo":"FRPA04VAHVERD","Criteres":{"GINFADH[GMONT":"80","GINFADH[GCOMM":"","GTIMMO[GPARTI":"","P.GLOC[G14":"","P.6241[126905":"","P.6241[5740912":"","P.3218[311229":"","P.3220[587401":"","P.3220[5575332":"","P.3233[591419":"","P.3221[4876304":"","P.3219[5127127":"","P.3219[5239406":"","P.3219[6436838":"","P.3240[5778284":"","P.6242[5843488":"","P.3230[6139211":"","P.VilleSitra[1559":"","P.VillageDeDepart[1559":""},"DateFinPublication":"","AffichageCoordonnees":[]},"listeCriteres":{"GLOC":{"G14":""},"GLOGEM":{"GAPPMA":""},"AFFEQUIP":{"ANIMAUX":"","LAVEVAIS":"","LAVELINGEAFF":""},"GPREST":{"GLOCAS":""},"GCHAR":{"GCHARC":""},"GEQUIC":{"GFOUR":"","GLAVEV":"","GMICRO":"","GREFIG":""},"GEQUIS":{"GTELEV":""},"GSALLE":{"GDOUCH":"","GWCIND":""},"G1EQUI":{"GLOVEL":""},"GANIMA":{"GANIMA":""},"AFFGTYPE":{"APPART":""},"NBPERS":{"GCAP06":""},"PUBLICATION":{"VALDALLOS":"","VERDONTOURISME":""},"DISPONIBILITES":{"DISPORELANCE":"","PLANNINGACT":""},"GCAPACITE":{"6PERS":""},"GNOMBRE":{"6PERS":""},"LOCVERDON":{"1559":""},"VISIBWEB":{"PLANNINGVISIBLE":""},"127":{"606":""},"122":{"4054":"","4055":""},"services":{"687":""},"prestations":{"animauxAcceptes":"","surchargeTourismesAdaptes":"","surchargeDescriptifHandicapMoteur":"","surchargeDescriptifHandicapAuditif":"","surchargeDescriptifHandicapVisuel":"","surchargeDescriptifHandicapMental":"","surchargeNombreFauteuilsRoulants":""},"70":{"895":"","907":"","919":"","922":"","943":"","999":""},"73":{"902":"","973":""},"72":{"963":""},"71":{"987":""},"languesParlees":{"1197":""},"modesPaiement":{"1271":"","1277":"","1281":""},"tourismeAffaires":{"tourismeAffairesEnabled":"","devise":"EUR"},"hebergementLocatifType":{"2620":""},"informationsHebergementLocatif":{"dateClassement":"2024-11-26"},"classementPrefectoral":{"2628":""},"5403":{"1613":""},"capacite":{"capaciteHebergement":"6","capaciteMaximumPossible":"6","nombreSallesDeBain":"1","nombreWC":"1","nombreLitsDoubles":"3","nombreLitsSimples":"1","surface":"63","nombrePieces":"3","nombreChambres":"2","numeroEtage":"1"},"CINTSITRA":{"5660":"","8809":""},"6241":{"126905":"","5740912":""},"3218":{"311229":""},"3220":{"587401":"","5575332":""},"3233":{"591419":""},"3221":{"4876304":""},"3219":{"5127127":"","5239406":"","6436838":""},"3240":{"5778284":""},"6242":{"5843488":""},"3230":{"6139211":""},"VilleSitra":{"1559":""},"VillageDeDepart":{"1559":""},"GINFADH":{"GMONT":"80","GCOMM":""},"GTIMMO":{"GPARTI":""},"P.GLOC":{"G14":""},"P.6241":{"126905":"","5740912":""},"P.3218":{"311229":""},"P.3220":{"587401":"","5575332":""},"P.3233":{"591419":""},"P.3221":{"4876304":""},"P.3219":{"5127127":"","5239406":"","6436838":""},"P.3240":{"5778284":""},"P.6242":{"5843488":""},"P.3230":{"6139211":""},"P.VilleSitra":{"1559":""},"P.VillageDeDepart":{"1559":""}},"dansCarnetVoyage":true,"Ouverture":"","WidgetDispoRechercheDate":false,"WidgetDispoVoirLienVoirToutesDispos":true,"ChargerWidgetDispoAuClic":true,"WidgetDispo":"\u003Cspan\u003E\u003C\/span\u003E","JsOnClickBtnDispo":"\u003Cscript\u003E\n                try{\n                    WidgetDispos.addChargementAuClicBtnDispoAccordeon('PRESTATION-G-4678018-4686865',{tabParamsWidgetDispo : {\"id\":\"G|4678018|4686865\",\"origineListeInfo\":\"\",\"vue\":\"semaineLigne\",\"mode\":\"ajax\",\"url_fiche\":\"appartamento-in-casa-2-stelle-haut-verdon-val-dallos-le-village-1-1-1.html\",\"id_form_contact\":\"42\",\"version\":\"2\",\"parametersWidgetV2\":{\"el\":\"blocDispo-PRESTATION-G-4678018-4686865\",\"object\":{\"code\":\"G|4678018|4686865\"},\"cid\":\"8\",\"site\":{\"code\":\"SITE2018\",\"url\":\"https:\\\/\\\/it.valdallos.com\"},\"slider\":{\"controls\":{\"arrows\":{\"enable\":true,\"showLocked\":true,\"style\":\"button\"}}},\"booking\":{\"enable\":false,\"waitForWindowLoad\":false,\"parameters\":{\"idWidget\":\"blocResa-PRESTATION-G-4678018-4686865\",\"queryParams\":null,\"withoutForm\":true}},\"options\":{\"typeDate\":\"SS\",\"elReferer\":\"PRESTATION-G-4678018-4686865\",\"ingContext\":\"RESA\",\"urlFiche\":\"appartamento-in-casa-2-stelle-haut-verdon-val-dallos-le-village-1-1-1.html\",\"startDate\":null,\"templates\":{\"Week\":\"semaine\",\"Days\":\"mois\"},\"plugContactForm\":\"42\"}}},idBloc : \"blocDispo-PRESTATION-G-4678018-4686865\",prestation : \"G|4678018|4686865\"});\n                }\n                catch(e) {\n                    \/\/console.log(e);\n                }\u003C\/script\u003E"},"html":" \n \u003Cdiv id=\"CV-PRESTATION-G-4678018-4686865\" data-contexte-id=\"PRESTATION|G|4678018|4686865\" data-cle=\"G|4678018|4686865\" class=\"fiche-liste\"\u003E\n    \n\n    \u003C!-- partie photo --\u003E\n    \u003Cdiv class=\"photo\"\u003E\t\t\t\t\t\t\t\t\t\t\t\t\t\t\t\t\t\t\t\t\t\n        \u003Cdiv class=\"cadre_photo_principale\"\u003E\t\t\n        \n            \t\t\t\t\t\n                    \u003Ca href=\"appartamento-in-casa-2-stelle-haut-verdon-val-dallos-le-village-1-1-1.html?origine=carnet#media\"\u003E\n                        \u003Cimg class=\"photo_principale\" alt=\"Coin s\u00e9jour avec table \u00e0 manger, canap\u00e9, TV, ameublement bois, parquet au sol, fen\u00eatre\" src=\"https:\/\/www.valdallos.com\/medias\/images\/prestations\/multitailles\/320x240_77997-imgp0092.jpg\" itemprop=\"image\"\u003E\n                    \u003C\/a\u003E\t\t\t\t\t\t\n                \n                    \u003C\/div\u003E\t\t\t\t\t\t\t\t\t\t\t\t\t\t\t\t\t\t\t \t\t\n    \u003C\/div\u003E\n    \n    \u003C!-- partie nom prest --\u003E\n    \u003Cdiv class=\"nom\"\u003E\n        \u003Ch2\u003EMatheron Julien \"le Cimet\"\u003C\/h2\u003E\n        \n            \u003C\/div\u003E\n\n         \n    \u003C!-- partie adresse --\u003E\n    \u003Cdiv class=\"adresse\"\u003E\n    \n          \n    \u003C\/div\u003E\n    \n    \u003C!-- partie liens --\u003E\n    \u003Cdiv class=\"liens\"\u003E\n            \u003Ca class=\"btn-icon btn-view \" title=\"Vedi il file dettagliato\" href=\"appartamento-in-casa-2-stelle-haut-verdon-val-dallos-le-village-1-1-1.html?origine=carnet\"\u003E\u003C\/a\u003E\u003C!--\u003Ca class=\"btn-icon btn-view \" title=\"\" href=\"?origine=carnet#thaut\"\u003E\u003C\/a\u003E--\u003E\n      \u003Ca class=\"btn-icon btn-trash carnet_voyage_supprimer\" title=\"Elimina questo file dal mio diario di viaggio\" href=\"carnet-voyage?action=remove&fiche=G|4678018|4686865\"\u003E\u003C\/a\u003E\n    \u003C\/div\u003E\n\n\u003C\/div\u003E\n\n","icon":"https:\/\/static.ingenie.fr\/images\/carnetVoyageV3\/G.png"},"fiche":"G|4678018|4686865","popup":"\u003Cdiv id=\"bloc_popup_ajout_fiche_carnet\"\u003E\n    \u003Cdiv class=\"info_popup_ajout_fiche_carnet\"\u003E\n        Hai appena aggiunto questo elemento alla tua selezione:    \u003C\/div\u003E\n    \u003Cdiv class=\"prest_popup_ajout_fiche_carnet\"\u003E\n        Matheron Julien &quot;le Cimet&quot;    \u003C\/div\u003E\n    \u003Cdiv class=\"bloc_btn_ajout_fiche_carnet form_submit_div\"\u003E\n        \u003Cinput type=\"button\" value=\"Continua la mia selezione\" title=\"Continua la mia selezione\" name=\"btn_close\" class=\"btn_close_popup_carnet form_submit\" onclick=\"$.colorbox.close()\" \/\u003E\n        \u003Cinput type=\"button\" value=\"Visualizza la mia selezione\" title=\"Visualizza la mia selezione\" name=\"btn_panier\" class=\"btn_panier_popup_carnet form_submit\" onclick=\"if(typeof CarnetVoyage != 'undefined') {CarnetVoyage.voirCarnet();}\" \/\u003E\n    \u003C\/div\u003E\n    \u003Cdiv class=\"bloc_btn_ajout_fiche_carnet\"\u003E\n        \u003Cinput type=\"checkbox\" value=\"1\" name=\"desactiver_popup\" id=\"desactiver_popup\" \/\u003E\n        \u003Clabel for=\"desactiver_popup\"\u003ENon visualizzare pi\u00f9 questo messaggio\u003C\/label\u003E\n    \u003C\/div\u003E\n\u003C\/div\u003E","success":1}