{"nbFiches":1,"dataPrest":{"infoPrest":{"pave1":{"libelle":"Descriptif","contenu":"","fichiers":[]},"pave2":{"libelle":"Indirizzo","contenu":"","fichiers":[]},"pave3":{"libelle":"Tarifs Hiver","contenu":"","fichiers":[]},"pave4":{"libelle":"Tarifs Et\u00e9","contenu":"","fichiers":[]},"pave5":{"libelle":"URL de la r\u00e9servation ou vente en ligne","contenu":"","fichiers":[]},"pave6":{"libelle":"Descriptif court","contenu":"Vicino alla natura ma a due passi dal villaggio. In una casa di carattere, confortevole appartamento con tre camere da letto con una bella atmosfera di montagna.","fichiers":[]},"pave7":{"libelle":"Descriptif d\u00e9taill\u00e9","contenu":"","fichiers":[]},"pave8":{"libelle":"Bons plans","contenu":"","fichiers":[]},"pave9":{"libelle":"Compl\u00e9ment localisation","contenu":"","fichiers":[]},"pave10":{"libelle":"Compl\u00e9ment accueil","contenu":"","fichiers":[]},"pave11":{"libelle":"P\u00e9riodes en clair","contenu":"","fichiers":[]},"pave12":{"libelle":"Tarifs en clair","contenu":"","fichiers":[]},"pave13":{"libelle":"Compl\u00e9ment Tarifs","contenu":"","fichiers":[]},"pave14":{"libelle":"Compl\u00e9ment R\u00e9servation","contenu":"","fichiers":[]},"pave15":{"libelle":"Descriptif court","contenu":"","fichiers":[]},"pave16":{"libelle":"Descriptif d\u00e9taill\u00e9","contenu":"","fichiers":[]},"pave17":{"libelle":"Bons plans","contenu":"","fichiers":[]},"pave18":{"libelle":"Tarifs (Tarifs en clair, Compl\u00e9ment Tarifs)","contenu":"","fichiers":[]},"pave19":{"libelle":"P\u00e9riodes en clair","contenu":"","fichiers":[]},"pave20":{"libelle":"Descriptif court","contenu":"","fichiers":[]},"pave21":{"libelle":"Descriptif d\u00e9taill\u00e9","contenu":"","fichiers":[]},"pave22":{"libelle":"Bons plans","contenu":"","fichiers":[]},"pave23":{"libelle":"Tarifs (Tarifs en clair, Compl\u00e9ment Tarifs)","contenu":"","fichiers":[]},"pave24":{"libelle":"P\u00e9riodes en clair","contenu":"","fichiers":[]},"pave25":{"libelle":"Dispositions sp\u00e9ciales","contenu":"","fichiers":[]},"Libelle":"Michel Jean Marc \"le moulin\"","Reference":"","Reftar":"","Type":"PRESTATION","TypePrestataire":"G","ContexteStat":"PRESTATION-G-4678042-4687023","DateModificationIso":"2026-04-27T13:43:00+02:00","Adresse":{"LigneAdresse1":"Le moulin","LigneAdresse2":"Val d'Allos - le Village","LigneAdresse3":"","CodePostal":"04260","Ville":"Allos","Cedex":"","Etat":"","Pays":"FRA"},"Id":"g-4678042-4687023","Code":"G|4678042|4687023","Cle":"G|4678042|4687023","Url":"appartamento-in-casa-3-stelle-haut-verdon-val-dallos-le-village-1.html","Localisation":{"GoogleMap":{"Latitude":"44.24104","Longitude":"6.63024"}},"ZoneGeo":"","Criteres":{"GLOC[G14":"","GLABEL[GCLEVA":"","GLABEL[GMERCECO":"","GLOGEM[GAPPMA":"","AFFEQUIP[WIFI":"","AFFEQUIP[ANIMAUX":"","AFFEQUIP[PARKING":"","AFFEQUIP[LAVEVAIS":"","GPREST[GLOCAS":"","GPREST[GCOU":"","GCHAR[GCHARC":"","GEQUIC[GFOUR":"","GEQUIC[GLAVEV":"","GEQUIC[GMICRO":"","GEQUIC[GRACLE":"","GEQUIC[GREFIG":"","GEQUIS[GLECTE":"","GEQUIS[GTELEV":"","GSALLE[GDOUCH":"","GSALLE[GWCIND":"","G1EQUI[GBARBE":"","G1EQUI[GLOCSK":"","G1EQUI[GLOVEL":"","G1EQUI[GMOBIL":"","GACTIV[GINTER":"","GPARKI[GPARKE":"","GANIMA[GANASU":"","GFAMPLUS[GMICRO":"","GFAMPLUS[GCHAISEHAUT":"","GFAMPLUS[GBAIGN":"","GFAMPLUS[GJEUXINT":"","GFAMPLUS[GJEUXEXT":"","GFAMPLUS[GLITBEBE":"","GFAMPLUS[GMATE":"","GFAMPLUS[GPORTBE":"","GFAMPLUS[GOFFRE":"jardin commun avec balan\u00e7oire, pr\u00eat de luge et de sac \u00e0 dos porte b\u00e9b\u00e9","AFFGTYPE[APPART":"","NBPERS[GCAP06":"","GANIMA[GANIMA":"","PUBLICATION[VALDALLOS":"","DISPONIBILITES[DISPORELANCE":"","GCAPACITE[6PERS":"","GNOMBRE[6PERS":"","PUBLICATION[VERDONTOURISME":"","LOCVERDON[1559":"","AFFEQUIP[LAVELINGEAFF":"","AFFEQUIP[JAR":"","VISIBWEB[PLANNINGVISIBLE":"","AFFPRES[AFFP3":"","113[1593":"","113[4545":"","4790[5063":"","127[606":"","127[811":"","22[672":"","22[1058":"","122[803":"","122[4054":"","126[972":"","services[687":"","services[1025":"","118[1145":"","prestations[animauxAcceptes":"","prestations[animauxAcceptesSupplement":"","prestations[surchargeTourismesAdaptes":"","prestations[surchargeDescriptifHandicapMoteur":"","prestations[surchargeDescriptifHandicapAuditif":"","prestations[surchargeDescriptifHandicapVisuel":"","prestations[surchargeDescriptifHandicapMental":"","prestations[surchargeNombreFauteuilsRoulants":"","73[796":"","73[902":"","73[973":"","69[838":"","69[904":"","69[1014":"","69[1015":"","69[1016":"","69[4060":"","72[842":"","72[882":"","72[963":"","72[998":"","70[895":"","70[907":"","70[917":"","70[922":"","70[943":"","70[999":"","68[971":"","71[986":"","languesParlees[1197":"","environnements[185":"","6528[4006":"","modesPaiement[1271":"","modesPaiement[1274":"","modesPaiement[1277":"","modesPaiement[1281":"","tourismeAffaires[tourismeAffairesEnabled":"","tourismeAffaires[devise":"EUR","hebergementLocatifType[2620":"","informationsHebergementLocatif[dateClassement":"2023-12-02","classementPrefectoral[2629":"","5403[1613":"","capacite[capaciteHebergement":"6","capacite[capaciteMaximumPossible":"6","capacite[surface":"80","capacite[nombreChambres":"3","capacite[numeroEtage":"1","CINTSITRA[5660":"","CINTSITRA[8809":"","6241[126905":"","6241[5740912":"","3218[311229":"","3220[587401":"","3220[5575332":"","3233[591419":"","3221[4876304":"","3219[5127127":"","3219[5239406":"","3219[6436838":"","3240[5778284":"","6242[5843488":"","3230[6139211":"","VilleSitra[1559":"","VillageDeDepart[1559":"","DISPONIBILITES[PLANNINGACT":""},"ContactsParType":{"IWEB":{"116539":{"id_contact":"116539","type_contact":"IWEB","categorie_contact":"PRESTATION","societe_contact":"","fonction_contact":"","civilite_nom_prenom_contact":"Michel Jean-Marc  ","adresse1_contact":"","adresse2_contact":"","adresse3_contact":"","cpostal_contact":"","ville_contact":"","teldom_contact":"04 92 83 04 98","telbur_contact":"","fax_contact":"","portable_contact":"06 71 72 82 38","email_contact":"jean-marc.michel1@orange.fr","siteweb_contact":"http:\/\/www.lemoulindallos.com","commentaire_contact":"","langue_contact":"","autre_moyen_com":[]}},"":{"116540":{"id_contact":"116540","type_contact":"","categorie_contact":"PRESTATION","societe_contact":"","fonction_contact":"","civilite_nom_prenom_contact":"M Michel Jean Marc ","adresse1_contact":"","adresse2_contact":"","adresse3_contact":"","cpostal_contact":"","ville_contact":"","teldom_contact":"","telbur_contact":"","fax_contact":"","portable_contact":"","email_contact":"","siteweb_contact":"","commentaire_contact":"","langue_contact":"","autre_moyen_com":[]}}},"ContactRemplaceCoordonnees":"116539","Prestataire":{"pave1":{"libelle":"","contenu":""},"pave2":{"libelle":"","contenu":""},"pave3":{"libelle":"","contenu":""},"pave4":{"libelle":"","contenu":""},"pave5":{"libelle":"","contenu":""},"pave6":{"libelle":"","contenu":""},"pave7":{"libelle":"","contenu":""},"pave8":{"libelle":"","contenu":""},"pave9":{"libelle":"","contenu":""},"pave10":{"libelle":"","contenu":""},"pave11":{"libelle":"","contenu":""},"pave12":{"libelle":"","contenu":""},"pave13":{"libelle":"","contenu":""},"pave14":{"libelle":"","contenu":""},"pave15":{"libelle":"","contenu":""},"pave16":{"libelle":"","contenu":""},"pave17":{"libelle":"","contenu":""},"pave18":{"libelle":"","contenu":""},"pave19":{"libelle":"","contenu":""},"pave20":{"libelle":"","contenu":""},"pave21":{"libelle":"","contenu":""},"pave22":{"libelle":"","contenu":""},"pave23":{"libelle":"","contenu":""},"pave24":{"libelle":"","contenu":""},"pave25":{"libelle":"","contenu":""},"ContactsParType":{"GEST":{"114336":{"id_contact":"114336","type_contact":"GEST","categorie_contact":"PRESTATAIRE","societe_contact":"","fonction_contact":"","civilite_nom_prenom_contact":"Michel Jean-Marc ","adresse1_contact":"Le moulin","adresse2_contact":"Val d'Allos-le village","adresse3_contact":"","cpostal_contact":"04260","ville_contact":"Allos","teldom_contact":"04 92 83 04 98","telbur_contact":"","fax_contact":"","portable_contact":"06 71 72 82 38","email_contact":"jean-marc.michel1@orange.fr","siteweb_contact":"http:\/\/www.lemoulindallos.com","commentaire_contact":"","langue_contact":"","autre_moyen_com":[]},"114339":{"id_contact":"114339","type_contact":"GEST","categorie_contact":"PRESTATAIRE","societe_contact":"","fonction_contact":"","civilite_nom_prenom_contact":"Michel Jean-Marc ","adresse1_contact":"Le moulin","adresse2_contact":"Val d'Allos-le village","adresse3_contact":"","cpostal_contact":"04260","ville_contact":"Allos","teldom_contact":"04 92 83 04 98","telbur_contact":"","fax_contact":"","portable_contact":"06 71 72 82 38","email_contact":"jean-marc.michel1@orange.fr","siteweb_contact":"http:\/\/www.lemoulindallos.com","commentaire_contact":"","langue_contact":"","autre_moyen_com":[]},"114342":{"id_contact":"114342","type_contact":"GEST","categorie_contact":"PRESTATAIRE","societe_contact":"","fonction_contact":"","civilite_nom_prenom_contact":"Michel Jean-Marc ","adresse1_contact":"Le moulin","adresse2_contact":"Val d'Allos-le village","adresse3_contact":"","cpostal_contact":"04260","ville_contact":"Allos","teldom_contact":"04 92 83 04 98","telbur_contact":"","fax_contact":"","portable_contact":"06 71 72 82 38","email_contact":"jean-marc.michel1@orange.fr","siteweb_contact":"http:\/\/www.lemoulindallos.com","commentaire_contact":"","langue_contact":"","autre_moyen_com":[]},"114345":{"id_contact":"114345","type_contact":"GEST","categorie_contact":"PRESTATAIRE","societe_contact":"","fonction_contact":"","civilite_nom_prenom_contact":"Michel Jean-Marc ","adresse1_contact":"Le moulin","adresse2_contact":"Val d'Allos-le village","adresse3_contact":"","cpostal_contact":"04260","ville_contact":"Allos","teldom_contact":"04 92 83 04 98","telbur_contact":"","fax_contact":"","portable_contact":"06 71 72 82 38","email_contact":"jean-marc.michel1@orange.fr","siteweb_contact":"http:\/\/www.lemoulindallos.com","commentaire_contact":"","langue_contact":"","autre_moyen_com":[]}}},"ZoneGeoLibelle":"Haut-Verdon","Libelle":"Michel Jean-Marc","Nom":"Michel Jean-Marc ","Prenom":"","NomPrenom":"Michel Jean-Marc  ","CiviliteNomPrenom":"Michel Jean-Marc  ","Cle":"G|4678042","PrestataireParent":"","ContexteStat":"PRESTATAIRE-G-4678042","DateModificationIso":"2025-11-19T00:24:00+01:00","Type":"PRESTATAIRE","TypePrestataire":"G","Adresse":{"LigneAdresse1":"","LigneAdresse2":"","LigneAdresse3":"","CodePostal":"","Ville":"","Cedex":"","Etat":"","Pays":""},"Email":"jean-marc.michel1@orange.fr","Telephone":"04 92 83 04 98","TelephoneBureau":"","Portable":"06 71 72 82 38","SiteWeb":"http:\/\/www.lemoulindallos.com","Fax":"","Id":"g-4678042","Code":"G|4678042","Fichier":[],"Url":"","Localisation":{"GoogleMap":{"Latitude":"","Longitude":""}},"ZoneGeo":"FRPA04VAHVERD","Criteres":{"GINFADH[GMONT":"80","GINFADH[GCOMM":"prochain classement en 2017","GTIMMO[GPARTI":"","P.GLOC[G14":"","P.6241[126905":"","P.6241[5740912":"","P.3218[311229":"","P.3220[587401":"","P.3220[5575332":"","P.3233[591419":"","P.3221[4876304":"","P.3219[5127127":"","P.3219[5239406":"","P.3219[6436838":"","P.3240[5778284":"","P.6242[5843488":"","P.3230[6139211":"","P.VilleSitra[1559":"","P.VillageDeDepart[1559":""},"DateFinPublication":""},"Fichier":{"Image":[{"url":"https:\/\/www.valdallos.com\/medias\/images\/prestations\/78544-mg_0954.jpg","chemin":"..\/medias\/images\/prestations\/78544-mg_0954.jpg","libelle":"S\u00e9jour moderne et lumineux avec canap\u00e9, table basse, TV, po\u00eale \u00e0 bois, porte-fen\u00eatre, ameublement bois et parquet au sol","extension":"jpg","categorie":"","largeur":1200,"theme":"","hauteur":800,"type":"Image","origine":"","liaisonPave":"","langue":"","id":"78544","urlVignette":"https:\/\/www.valdallos.com\/medias\/images\/prestations\/v-78544-mg_0954.jpg","alt":"S\u00e9jour moderne et lumineux avec canap\u00e9, table basse, TV, po\u00eale \u00e0 bois, porte-fen\u00eatre, ameublement bois et parquet au sol","title":"S\u00e9jour moderne et lumineux avec canap\u00e9, table basse, TV, po\u00eale \u00e0 bois, porte-fen\u00eatre, ameublement bois et parquet au sol","MultiTaille":{"1920x1440":{"url":"https:\/\/www.valdallos.com\/medias\/images\/prestations\/multitailles\/1920x1440_78544-mg_0954.jpg"},"1200x900":{"url":"https:\/\/www.valdallos.com\/medias\/images\/prestations\/multitailles\/1200x900_78544-mg_0954.jpg"},"800x600":{"url":"https:\/\/www.valdallos.com\/medias\/images\/prestations\/multitailles\/800x600_78544-mg_0954.jpg"},"640x480":{"url":"https:\/\/www.valdallos.com\/medias\/images\/prestations\/multitailles\/640x480_78544-mg_0954.jpg"},"320x240":{"url":"https:\/\/www.valdallos.com\/medias\/images\/prestations\/multitailles\/320x240_78544-mg_0954.jpg"},"160x120":{"url":"https:\/\/www.valdallos.com\/medias\/images\/prestations\/multitailles\/160x120_78544-mg_0954.jpg"},"origine":{"url":"https:\/\/www.valdallos.com\/medias\/images\/prestations\/78544-mg_0954.jpg"}},"urlLien":"","typeLien":"","nofollow":"N","copyright":"Jean Marc Michel"},{"url":"https:\/\/www.valdallos.com\/medias\/images\/prestations\/78545-michel_moulin_cuisine.jpg","chemin":"..\/medias\/images\/prestations\/78545-michel_moulin_cuisine.jpg","libelle":"Cuisine moderne et lumineuse avec plaques au gaz, ameublement bois, parquet au sol","extension":"jpg","categorie":"","largeur":1200,"theme":"","hauteur":800,"type":"Image","origine":"","liaisonPave":"","langue":"","id":"78545","urlVignette":"https:\/\/www.valdallos.com\/medias\/images\/prestations\/v-78545-michel_moulin_cuisine.jpg","alt":"Cuisine moderne et lumineuse avec plaques au gaz, ameublement bois, parquet au sol","title":"Cuisine moderne et lumineuse avec plaques au gaz, ameublement bois, parquet au sol","MultiTaille":{"1920x1440":{"url":"https:\/\/www.valdallos.com\/medias\/images\/prestations\/multitailles\/1920x1440_78545-michel_moulin_cuisine.jpg"},"1200x900":{"url":"https:\/\/www.valdallos.com\/medias\/images\/prestations\/multitailles\/1200x900_78545-michel_moulin_cuisine.jpg"},"800x600":{"url":"https:\/\/www.valdallos.com\/medias\/images\/prestations\/multitailles\/800x600_78545-michel_moulin_cuisine.jpg"},"640x480":{"url":"https:\/\/www.valdallos.com\/medias\/images\/prestations\/multitailles\/640x480_78545-michel_moulin_cuisine.jpg"},"320x240":{"url":"https:\/\/www.valdallos.com\/medias\/images\/prestations\/multitailles\/320x240_78545-michel_moulin_cuisine.jpg"},"160x120":{"url":"https:\/\/www.valdallos.com\/medias\/images\/prestations\/multitailles\/160x120_78545-michel_moulin_cuisine.jpg"},"origine":{"url":"https:\/\/www.valdallos.com\/medias\/images\/prestations\/78545-michel_moulin_cuisine.jpg"}},"urlLien":"","typeLien":"","nofollow":"N","copyright":"Michel JM"},{"url":"https:\/\/www.valdallos.com\/medias\/images\/prestations\/78546-mg_0958.jpg","chemin":"..\/medias\/images\/prestations\/78546-mg_0958.jpg","libelle":"Chambre \u00e0 coucher lumineuse avec deux lits simples, ameublement bois, parquet au sol, porte-fen\u00eatre","extension":"jpg","categorie":"","largeur":1200,"theme":"","hauteur":800,"type":"Image","origine":"","liaisonPave":"","langue":"","id":"78546","urlVignette":"https:\/\/www.valdallos.com\/medias\/images\/prestations\/v-78546-mg_0958.jpg","alt":"Chambre \u00e0 coucher lumineuse avec deux lits simples, ameublement bois, parquet au sol, porte-fen\u00eatre","title":"Chambre \u00e0 coucher lumineuse avec deux lits simples, ameublement bois, parquet au sol, porte-fen\u00eatre","MultiTaille":{"1920x1440":{"url":"https:\/\/www.valdallos.com\/medias\/images\/prestations\/multitailles\/1920x1440_78546-mg_0958.jpg"},"1200x900":{"url":"https:\/\/www.valdallos.com\/medias\/images\/prestations\/multitailles\/1200x900_78546-mg_0958.jpg"},"800x600":{"url":"https:\/\/www.valdallos.com\/medias\/images\/prestations\/multitailles\/800x600_78546-mg_0958.jpg"},"640x480":{"url":"https:\/\/www.valdallos.com\/medias\/images\/prestations\/multitailles\/640x480_78546-mg_0958.jpg"},"320x240":{"url":"https:\/\/www.valdallos.com\/medias\/images\/prestations\/multitailles\/320x240_78546-mg_0958.jpg"},"160x120":{"url":"https:\/\/www.valdallos.com\/medias\/images\/prestations\/multitailles\/160x120_78546-mg_0958.jpg"},"origine":{"url":"https:\/\/www.valdallos.com\/medias\/images\/prestations\/78546-mg_0958.jpg"}},"urlLien":"","typeLien":"","nofollow":"N","copyright":"Jean Marc Michel"},{"url":"https:\/\/www.valdallos.com\/medias\/images\/prestations\/78547-mg_0965.jpg","chemin":"..\/medias\/images\/prestations\/78547-mg_0965.jpg","libelle":"Chambre \u00e0 coucher lumineuse avec lit double, ameublement bois, parquet au sol, fen\u00eatre","extension":"jpg","categorie":"","largeur":1200,"theme":"","hauteur":800,"type":"Image","origine":"","liaisonPave":"","langue":"","id":"78547","urlVignette":"https:\/\/www.valdallos.com\/medias\/images\/prestations\/v-78547-mg_0965.jpg","alt":"Chambre \u00e0 coucher lumineuse avec lit double, ameublement bois, parquet au sol, fen\u00eatre","title":"Chambre \u00e0 coucher lumineuse avec lit double, ameublement bois, parquet au sol, fen\u00eatre","MultiTaille":{"1920x1440":{"url":"https:\/\/www.valdallos.com\/medias\/images\/prestations\/multitailles\/1920x1440_78547-mg_0965.jpg"},"1200x900":{"url":"https:\/\/www.valdallos.com\/medias\/images\/prestations\/multitailles\/1200x900_78547-mg_0965.jpg"},"800x600":{"url":"https:\/\/www.valdallos.com\/medias\/images\/prestations\/multitailles\/800x600_78547-mg_0965.jpg"},"640x480":{"url":"https:\/\/www.valdallos.com\/medias\/images\/prestations\/multitailles\/640x480_78547-mg_0965.jpg"},"320x240":{"url":"https:\/\/www.valdallos.com\/medias\/images\/prestations\/multitailles\/320x240_78547-mg_0965.jpg"},"160x120":{"url":"https:\/\/www.valdallos.com\/medias\/images\/prestations\/multitailles\/160x120_78547-mg_0965.jpg"},"origine":{"url":"https:\/\/www.valdallos.com\/medias\/images\/prestations\/78547-mg_0965.jpg"}},"urlLien":"","typeLien":"","nofollow":"N","copyright":"Jean Marc Michel"},{"url":"https:\/\/www.valdallos.com\/medias\/images\/prestations\/78548-mg_0977.jpg","chemin":"..\/medias\/images\/prestations\/78548-mg_0977.jpg","libelle":"Terrasse ensoleill\u00e9 avec table et chaises, vue d\u00e9gag\u00e9e sur une for\u00eat de montagne","extension":"jpg","categorie":"","largeur":1200,"theme":"","hauteur":800,"type":"Image","origine":"","liaisonPave":"","langue":"","id":"78548","urlVignette":"https:\/\/www.valdallos.com\/medias\/images\/prestations\/v-78548-mg_0977.jpg","alt":"Terrasse ensoleill\u00e9 avec table et chaises, vue d\u00e9gag\u00e9e sur une for\u00eat de montagne","title":"Terrasse ensoleill\u00e9 avec table et chaises, vue d\u00e9gag\u00e9e sur une for\u00eat de montagne","MultiTaille":{"1920x1440":{"url":"https:\/\/www.valdallos.com\/medias\/images\/prestations\/multitailles\/1920x1440_78548-mg_0977.jpg"},"1200x900":{"url":"https:\/\/www.valdallos.com\/medias\/images\/prestations\/multitailles\/1200x900_78548-mg_0977.jpg"},"800x600":{"url":"https:\/\/www.valdallos.com\/medias\/images\/prestations\/multitailles\/800x600_78548-mg_0977.jpg"},"640x480":{"url":"https:\/\/www.valdallos.com\/medias\/images\/prestations\/multitailles\/640x480_78548-mg_0977.jpg"},"320x240":{"url":"https:\/\/www.valdallos.com\/medias\/images\/prestations\/multitailles\/320x240_78548-mg_0977.jpg"},"160x120":{"url":"https:\/\/www.valdallos.com\/medias\/images\/prestations\/multitailles\/160x120_78548-mg_0977.jpg"},"origine":{"url":"https:\/\/www.valdallos.com\/medias\/images\/prestations\/78548-mg_0977.jpg"}},"urlLien":"","typeLien":"","nofollow":"N","copyright":"Jean Marc Michel"},{"url":"https:\/\/www.valdallos.com\/medias\/images\/prestations\/78549-mg_0984.jpg","chemin":"..\/medias\/images\/prestations\/78549-mg_0984.jpg","libelle":"Salle de bains moderne et lumineuse avec baignoire, bac \u00e0 douche, toilettes, ameublement bois, fen\u00eatre","extension":"jpg","categorie":"","largeur":1200,"theme":"","hauteur":800,"type":"Image","origine":"","liaisonPave":"","langue":"","id":"78549","urlVignette":"https:\/\/www.valdallos.com\/medias\/images\/prestations\/v-78549-mg_0984.jpg","alt":"Salle de bains moderne et lumineuse avec baignoire, bac \u00e0 douche, toilettes, ameublement bois, fen\u00eatre","title":"Salle de bains moderne et lumineuse avec baignoire, bac \u00e0 douche, toilettes, ameublement bois, fen\u00eatre","MultiTaille":{"1920x1440":{"url":"https:\/\/www.valdallos.com\/medias\/images\/prestations\/multitailles\/1920x1440_78549-mg_0984.jpg"},"1200x900":{"url":"https:\/\/www.valdallos.com\/medias\/images\/prestations\/multitailles\/1200x900_78549-mg_0984.jpg"},"800x600":{"url":"https:\/\/www.valdallos.com\/medias\/images\/prestations\/multitailles\/800x600_78549-mg_0984.jpg"},"640x480":{"url":"https:\/\/www.valdallos.com\/medias\/images\/prestations\/multitailles\/640x480_78549-mg_0984.jpg"},"320x240":{"url":"https:\/\/www.valdallos.com\/medias\/images\/prestations\/multitailles\/320x240_78549-mg_0984.jpg"},"160x120":{"url":"https:\/\/www.valdallos.com\/medias\/images\/prestations\/multitailles\/160x120_78549-mg_0984.jpg"},"origine":{"url":"https:\/\/www.valdallos.com\/medias\/images\/prestations\/78549-mg_0984.jpg"}},"urlLien":"","typeLien":"","nofollow":"N","copyright":"Jean Marc Michel"},{"url":"https:\/\/www.valdallos.com\/medias\/images\/prestations\/78550-mg_1005.jpg","chemin":"..\/medias\/images\/prestations\/78550-mg_1005.jpg","libelle":"Chambre \u00e0 coucher lumineuse avec 2 lits simples, ameublement bois, parquet au sol, fen\u00eatre","extension":"jpg","categorie":"","largeur":1200,"theme":"","hauteur":800,"type":"Image","origine":"","liaisonPave":"","langue":"","id":"78550","urlVignette":"https:\/\/www.valdallos.com\/medias\/images\/prestations\/v-78550-mg_1005.jpg","alt":"Chambre \u00e0 coucher lumineuse avec 2 lits simples, ameublement bois, parquet au sol, fen\u00eatre","title":"Chambre \u00e0 coucher lumineuse avec 2 lits simples, ameublement bois, parquet au sol, fen\u00eatre","MultiTaille":{"1920x1440":{"url":"https:\/\/www.valdallos.com\/medias\/images\/prestations\/multitailles\/1920x1440_78550-mg_1005.jpg"},"1200x900":{"url":"https:\/\/www.valdallos.com\/medias\/images\/prestations\/multitailles\/1200x900_78550-mg_1005.jpg"},"800x600":{"url":"https:\/\/www.valdallos.com\/medias\/images\/prestations\/multitailles\/800x600_78550-mg_1005.jpg"},"640x480":{"url":"https:\/\/www.valdallos.com\/medias\/images\/prestations\/multitailles\/640x480_78550-mg_1005.jpg"},"320x240":{"url":"https:\/\/www.valdallos.com\/medias\/images\/prestations\/multitailles\/320x240_78550-mg_1005.jpg"},"160x120":{"url":"https:\/\/www.valdallos.com\/medias\/images\/prestations\/multitailles\/160x120_78550-mg_1005.jpg"},"origine":{"url":"https:\/\/www.valdallos.com\/medias\/images\/prestations\/78550-mg_1005.jpg"}},"urlLien":"","typeLien":"","nofollow":"N","copyright":"Jean Marc Michel"},{"url":"https:\/\/www.valdallos.com\/medias\/images\/prestations\/78551-mg_1016.jpg","chemin":"..\/medias\/images\/prestations\/78551-mg_1016.jpg","libelle":"Vue de la maison sur plusieurs \u00e9tages, avec balcons et terrasse","extension":"jpg","categorie":"","largeur":1200,"theme":"","hauteur":800,"type":"Image","origine":"","liaisonPave":"","langue":"","id":"78551","urlVignette":"https:\/\/www.valdallos.com\/medias\/images\/prestations\/v-78551-mg_1016.jpg","alt":"Vue de la maison sur plusieurs \u00e9tages, avec balcons et terrasse","title":"Vue de la maison sur plusieurs \u00e9tages, avec balcons et terrasse","MultiTaille":{"1920x1440":{"url":"https:\/\/www.valdallos.com\/medias\/images\/prestations\/multitailles\/1920x1440_78551-mg_1016.jpg"},"1200x900":{"url":"https:\/\/www.valdallos.com\/medias\/images\/prestations\/multitailles\/1200x900_78551-mg_1016.jpg"},"800x600":{"url":"https:\/\/www.valdallos.com\/medias\/images\/prestations\/multitailles\/800x600_78551-mg_1016.jpg"},"640x480":{"url":"https:\/\/www.valdallos.com\/medias\/images\/prestations\/multitailles\/640x480_78551-mg_1016.jpg"},"320x240":{"url":"https:\/\/www.valdallos.com\/medias\/images\/prestations\/multitailles\/320x240_78551-mg_1016.jpg"},"160x120":{"url":"https:\/\/www.valdallos.com\/medias\/images\/prestations\/multitailles\/160x120_78551-mg_1016.jpg"},"origine":{"url":"https:\/\/www.valdallos.com\/medias\/images\/prestations\/78551-mg_1016.jpg"}},"urlLien":"","typeLien":"","nofollow":"N","copyright":"Jean Marc Michel"}],"ByCategorie":{"":[{"url":"https:\/\/www.valdallos.com\/medias\/images\/prestations\/78544-mg_0954.jpg","chemin":"..\/medias\/images\/prestations\/78544-mg_0954.jpg","libelle":"S\u00e9jour moderne et lumineux avec canap\u00e9, table basse, TV, po\u00eale \u00e0 bois, porte-fen\u00eatre, ameublement bois et parquet au sol","extension":"jpg","categorie":"","largeur":1200,"theme":"","hauteur":800,"type":"Image","origine":"","liaisonPave":"","langue":"","id":"78544","urlVignette":"https:\/\/www.valdallos.com\/medias\/images\/prestations\/v-78544-mg_0954.jpg","alt":"S\u00e9jour moderne et lumineux avec canap\u00e9, table basse, TV, po\u00eale \u00e0 bois, porte-fen\u00eatre, ameublement bois et parquet au sol","title":"S\u00e9jour moderne et lumineux avec canap\u00e9, table basse, TV, po\u00eale \u00e0 bois, porte-fen\u00eatre, ameublement bois et parquet au sol","MultiTaille":{"1920x1440":{"url":"https:\/\/www.valdallos.com\/medias\/images\/prestations\/multitailles\/1920x1440_78544-mg_0954.jpg"},"1200x900":{"url":"https:\/\/www.valdallos.com\/medias\/images\/prestations\/multitailles\/1200x900_78544-mg_0954.jpg"},"800x600":{"url":"https:\/\/www.valdallos.com\/medias\/images\/prestations\/multitailles\/800x600_78544-mg_0954.jpg"},"640x480":{"url":"https:\/\/www.valdallos.com\/medias\/images\/prestations\/multitailles\/640x480_78544-mg_0954.jpg"},"320x240":{"url":"https:\/\/www.valdallos.com\/medias\/images\/prestations\/multitailles\/320x240_78544-mg_0954.jpg"},"160x120":{"url":"https:\/\/www.valdallos.com\/medias\/images\/prestations\/multitailles\/160x120_78544-mg_0954.jpg"},"origine":{"url":"https:\/\/www.valdallos.com\/medias\/images\/prestations\/78544-mg_0954.jpg"}},"urlLien":"","typeLien":"","nofollow":"N","copyright":"Jean Marc Michel"},{"url":"https:\/\/www.valdallos.com\/medias\/images\/prestations\/78545-michel_moulin_cuisine.jpg","chemin":"..\/medias\/images\/prestations\/78545-michel_moulin_cuisine.jpg","libelle":"Cuisine moderne et lumineuse avec plaques au gaz, ameublement bois, parquet au sol","extension":"jpg","categorie":"","largeur":1200,"theme":"","hauteur":800,"type":"Image","origine":"","liaisonPave":"","langue":"","id":"78545","urlVignette":"https:\/\/www.valdallos.com\/medias\/images\/prestations\/v-78545-michel_moulin_cuisine.jpg","alt":"Cuisine moderne et lumineuse avec plaques au gaz, ameublement bois, parquet au sol","title":"Cuisine moderne et lumineuse avec plaques au gaz, ameublement bois, parquet au sol","MultiTaille":{"1920x1440":{"url":"https:\/\/www.valdallos.com\/medias\/images\/prestations\/multitailles\/1920x1440_78545-michel_moulin_cuisine.jpg"},"1200x900":{"url":"https:\/\/www.valdallos.com\/medias\/images\/prestations\/multitailles\/1200x900_78545-michel_moulin_cuisine.jpg"},"800x600":{"url":"https:\/\/www.valdallos.com\/medias\/images\/prestations\/multitailles\/800x600_78545-michel_moulin_cuisine.jpg"},"640x480":{"url":"https:\/\/www.valdallos.com\/medias\/images\/prestations\/multitailles\/640x480_78545-michel_moulin_cuisine.jpg"},"320x240":{"url":"https:\/\/www.valdallos.com\/medias\/images\/prestations\/multitailles\/320x240_78545-michel_moulin_cuisine.jpg"},"160x120":{"url":"https:\/\/www.valdallos.com\/medias\/images\/prestations\/multitailles\/160x120_78545-michel_moulin_cuisine.jpg"},"origine":{"url":"https:\/\/www.valdallos.com\/medias\/images\/prestations\/78545-michel_moulin_cuisine.jpg"}},"urlLien":"","typeLien":"","nofollow":"N","copyright":"Michel JM"},{"url":"https:\/\/www.valdallos.com\/medias\/images\/prestations\/78546-mg_0958.jpg","chemin":"..\/medias\/images\/prestations\/78546-mg_0958.jpg","libelle":"Chambre \u00e0 coucher lumineuse avec deux lits simples, ameublement bois, parquet au sol, porte-fen\u00eatre","extension":"jpg","categorie":"","largeur":1200,"theme":"","hauteur":800,"type":"Image","origine":"","liaisonPave":"","langue":"","id":"78546","urlVignette":"https:\/\/www.valdallos.com\/medias\/images\/prestations\/v-78546-mg_0958.jpg","alt":"Chambre \u00e0 coucher lumineuse avec deux lits simples, ameublement bois, parquet au sol, porte-fen\u00eatre","title":"Chambre \u00e0 coucher lumineuse avec deux lits simples, ameublement bois, parquet au sol, porte-fen\u00eatre","MultiTaille":{"1920x1440":{"url":"https:\/\/www.valdallos.com\/medias\/images\/prestations\/multitailles\/1920x1440_78546-mg_0958.jpg"},"1200x900":{"url":"https:\/\/www.valdallos.com\/medias\/images\/prestations\/multitailles\/1200x900_78546-mg_0958.jpg"},"800x600":{"url":"https:\/\/www.valdallos.com\/medias\/images\/prestations\/multitailles\/800x600_78546-mg_0958.jpg"},"640x480":{"url":"https:\/\/www.valdallos.com\/medias\/images\/prestations\/multitailles\/640x480_78546-mg_0958.jpg"},"320x240":{"url":"https:\/\/www.valdallos.com\/medias\/images\/prestations\/multitailles\/320x240_78546-mg_0958.jpg"},"160x120":{"url":"https:\/\/www.valdallos.com\/medias\/images\/prestations\/multitailles\/160x120_78546-mg_0958.jpg"},"origine":{"url":"https:\/\/www.valdallos.com\/medias\/images\/prestations\/78546-mg_0958.jpg"}},"urlLien":"","typeLien":"","nofollow":"N","copyright":"Jean Marc Michel"},{"url":"https:\/\/www.valdallos.com\/medias\/images\/prestations\/78547-mg_0965.jpg","chemin":"..\/medias\/images\/prestations\/78547-mg_0965.jpg","libelle":"Chambre \u00e0 coucher lumineuse avec lit double, ameublement bois, parquet au sol, fen\u00eatre","extension":"jpg","categorie":"","largeur":1200,"theme":"","hauteur":800,"type":"Image","origine":"","liaisonPave":"","langue":"","id":"78547","urlVignette":"https:\/\/www.valdallos.com\/medias\/images\/prestations\/v-78547-mg_0965.jpg","alt":"Chambre \u00e0 coucher lumineuse avec lit double, ameublement bois, parquet au sol, fen\u00eatre","title":"Chambre \u00e0 coucher lumineuse avec lit double, ameublement bois, parquet au sol, fen\u00eatre","MultiTaille":{"1920x1440":{"url":"https:\/\/www.valdallos.com\/medias\/images\/prestations\/multitailles\/1920x1440_78547-mg_0965.jpg"},"1200x900":{"url":"https:\/\/www.valdallos.com\/medias\/images\/prestations\/multitailles\/1200x900_78547-mg_0965.jpg"},"800x600":{"url":"https:\/\/www.valdallos.com\/medias\/images\/prestations\/multitailles\/800x600_78547-mg_0965.jpg"},"640x480":{"url":"https:\/\/www.valdallos.com\/medias\/images\/prestations\/multitailles\/640x480_78547-mg_0965.jpg"},"320x240":{"url":"https:\/\/www.valdallos.com\/medias\/images\/prestations\/multitailles\/320x240_78547-mg_0965.jpg"},"160x120":{"url":"https:\/\/www.valdallos.com\/medias\/images\/prestations\/multitailles\/160x120_78547-mg_0965.jpg"},"origine":{"url":"https:\/\/www.valdallos.com\/medias\/images\/prestations\/78547-mg_0965.jpg"}},"urlLien":"","typeLien":"","nofollow":"N","copyright":"Jean Marc Michel"},{"url":"https:\/\/www.valdallos.com\/medias\/images\/prestations\/78548-mg_0977.jpg","chemin":"..\/medias\/images\/prestations\/78548-mg_0977.jpg","libelle":"Terrasse ensoleill\u00e9 avec table et chaises, vue d\u00e9gag\u00e9e sur une for\u00eat de montagne","extension":"jpg","categorie":"","largeur":1200,"theme":"","hauteur":800,"type":"Image","origine":"","liaisonPave":"","langue":"","id":"78548","urlVignette":"https:\/\/www.valdallos.com\/medias\/images\/prestations\/v-78548-mg_0977.jpg","alt":"Terrasse ensoleill\u00e9 avec table et chaises, vue d\u00e9gag\u00e9e sur une for\u00eat de montagne","title":"Terrasse ensoleill\u00e9 avec table et chaises, vue d\u00e9gag\u00e9e sur une for\u00eat de montagne","MultiTaille":{"1920x1440":{"url":"https:\/\/www.valdallos.com\/medias\/images\/prestations\/multitailles\/1920x1440_78548-mg_0977.jpg"},"1200x900":{"url":"https:\/\/www.valdallos.com\/medias\/images\/prestations\/multitailles\/1200x900_78548-mg_0977.jpg"},"800x600":{"url":"https:\/\/www.valdallos.com\/medias\/images\/prestations\/multitailles\/800x600_78548-mg_0977.jpg"},"640x480":{"url":"https:\/\/www.valdallos.com\/medias\/images\/prestations\/multitailles\/640x480_78548-mg_0977.jpg"},"320x240":{"url":"https:\/\/www.valdallos.com\/medias\/images\/prestations\/multitailles\/320x240_78548-mg_0977.jpg"},"160x120":{"url":"https:\/\/www.valdallos.com\/medias\/images\/prestations\/multitailles\/160x120_78548-mg_0977.jpg"},"origine":{"url":"https:\/\/www.valdallos.com\/medias\/images\/prestations\/78548-mg_0977.jpg"}},"urlLien":"","typeLien":"","nofollow":"N","copyright":"Jean Marc Michel"},{"url":"https:\/\/www.valdallos.com\/medias\/images\/prestations\/78549-mg_0984.jpg","chemin":"..\/medias\/images\/prestations\/78549-mg_0984.jpg","libelle":"Salle de bains moderne et lumineuse avec baignoire, bac \u00e0 douche, toilettes, ameublement bois, fen\u00eatre","extension":"jpg","categorie":"","largeur":1200,"theme":"","hauteur":800,"type":"Image","origine":"","liaisonPave":"","langue":"","id":"78549","urlVignette":"https:\/\/www.valdallos.com\/medias\/images\/prestations\/v-78549-mg_0984.jpg","alt":"Salle de bains moderne et lumineuse avec baignoire, bac \u00e0 douche, toilettes, ameublement bois, fen\u00eatre","title":"Salle de bains moderne et lumineuse avec baignoire, bac \u00e0 douche, toilettes, ameublement bois, fen\u00eatre","MultiTaille":{"1920x1440":{"url":"https:\/\/www.valdallos.com\/medias\/images\/prestations\/multitailles\/1920x1440_78549-mg_0984.jpg"},"1200x900":{"url":"https:\/\/www.valdallos.com\/medias\/images\/prestations\/multitailles\/1200x900_78549-mg_0984.jpg"},"800x600":{"url":"https:\/\/www.valdallos.com\/medias\/images\/prestations\/multitailles\/800x600_78549-mg_0984.jpg"},"640x480":{"url":"https:\/\/www.valdallos.com\/medias\/images\/prestations\/multitailles\/640x480_78549-mg_0984.jpg"},"320x240":{"url":"https:\/\/www.valdallos.com\/medias\/images\/prestations\/multitailles\/320x240_78549-mg_0984.jpg"},"160x120":{"url":"https:\/\/www.valdallos.com\/medias\/images\/prestations\/multitailles\/160x120_78549-mg_0984.jpg"},"origine":{"url":"https:\/\/www.valdallos.com\/medias\/images\/prestations\/78549-mg_0984.jpg"}},"urlLien":"","typeLien":"","nofollow":"N","copyright":"Jean Marc Michel"},{"url":"https:\/\/www.valdallos.com\/medias\/images\/prestations\/78550-mg_1005.jpg","chemin":"..\/medias\/images\/prestations\/78550-mg_1005.jpg","libelle":"Chambre \u00e0 coucher lumineuse avec 2 lits simples, ameublement bois, parquet au sol, fen\u00eatre","extension":"jpg","categorie":"","largeur":1200,"theme":"","hauteur":800,"type":"Image","origine":"","liaisonPave":"","langue":"","id":"78550","urlVignette":"https:\/\/www.valdallos.com\/medias\/images\/prestations\/v-78550-mg_1005.jpg","alt":"Chambre \u00e0 coucher lumineuse avec 2 lits simples, ameublement bois, parquet au sol, fen\u00eatre","title":"Chambre \u00e0 coucher lumineuse avec 2 lits simples, ameublement bois, parquet au sol, fen\u00eatre","MultiTaille":{"1920x1440":{"url":"https:\/\/www.valdallos.com\/medias\/images\/prestations\/multitailles\/1920x1440_78550-mg_1005.jpg"},"1200x900":{"url":"https:\/\/www.valdallos.com\/medias\/images\/prestations\/multitailles\/1200x900_78550-mg_1005.jpg"},"800x600":{"url":"https:\/\/www.valdallos.com\/medias\/images\/prestations\/multitailles\/800x600_78550-mg_1005.jpg"},"640x480":{"url":"https:\/\/www.valdallos.com\/medias\/images\/prestations\/multitailles\/640x480_78550-mg_1005.jpg"},"320x240":{"url":"https:\/\/www.valdallos.com\/medias\/images\/prestations\/multitailles\/320x240_78550-mg_1005.jpg"},"160x120":{"url":"https:\/\/www.valdallos.com\/medias\/images\/prestations\/multitailles\/160x120_78550-mg_1005.jpg"},"origine":{"url":"https:\/\/www.valdallos.com\/medias\/images\/prestations\/78550-mg_1005.jpg"}},"urlLien":"","typeLien":"","nofollow":"N","copyright":"Jean Marc Michel"},{"url":"https:\/\/www.valdallos.com\/medias\/images\/prestations\/78551-mg_1016.jpg","chemin":"..\/medias\/images\/prestations\/78551-mg_1016.jpg","libelle":"Vue de la maison sur plusieurs \u00e9tages, avec balcons et terrasse","extension":"jpg","categorie":"","largeur":1200,"theme":"","hauteur":800,"type":"Image","origine":"","liaisonPave":"","langue":"","id":"78551","urlVignette":"https:\/\/www.valdallos.com\/medias\/images\/prestations\/v-78551-mg_1016.jpg","alt":"Vue de la maison sur plusieurs \u00e9tages, avec balcons et terrasse","title":"Vue de la maison sur plusieurs \u00e9tages, avec balcons et terrasse","MultiTaille":{"1920x1440":{"url":"https:\/\/www.valdallos.com\/medias\/images\/prestations\/multitailles\/1920x1440_78551-mg_1016.jpg"},"1200x900":{"url":"https:\/\/www.valdallos.com\/medias\/images\/prestations\/multitailles\/1200x900_78551-mg_1016.jpg"},"800x600":{"url":"https:\/\/www.valdallos.com\/medias\/images\/prestations\/multitailles\/800x600_78551-mg_1016.jpg"},"640x480":{"url":"https:\/\/www.valdallos.com\/medias\/images\/prestations\/multitailles\/640x480_78551-mg_1016.jpg"},"320x240":{"url":"https:\/\/www.valdallos.com\/medias\/images\/prestations\/multitailles\/320x240_78551-mg_1016.jpg"},"160x120":{"url":"https:\/\/www.valdallos.com\/medias\/images\/prestations\/multitailles\/160x120_78551-mg_1016.jpg"},"origine":{"url":"https:\/\/www.valdallos.com\/medias\/images\/prestations\/78551-mg_1016.jpg"}},"urlLien":"","typeLien":"","nofollow":"N","copyright":"Jean Marc Michel"}]}},"DateDebPublication":"","DateFinPublication":"","PrixAPartirDe":"","PrixPour":"","FicheListeEnCours":"fiche_liste_immobilier_prestation_OT_v3","ParametresModele":{"AfficherPhotos":1,"NbPhotosMax":6,"AfficherReserver":0,"AfficherContact":0,"AfficherSalle":1,"AfficherZoneGeo":0,"AfficherEnSavoirPlus":"0","AfficherUneSeuleOuverture":0,"AfficherContactCarte":1,"AfficherTarifsChaudAPartirDe":0,"AfficherTarifChaudSansRecherche":0,"AfficherDispoAccordeon":"1","AfficherDispoResa":"1","AfficherPrixAPartirDe":"1","BlocCritereInfo":{"critere1":{"libelle":"","liste_critere":["classementPrefectoral|2631|G","classementPrefectoral|2630|G","classementPrefectoral|2629|G","classementPrefectoral|2628|G","classementPrefectoral|2627|G","classementPrefectoral|2632|G"]},"critere2":{"libelle":"","liste_critere":["GLOC|G"]},"critere3":{"libelle":""},"critere4":{"libelle":""},"critere5":{"libelle":"","liste_critere":["GHANDI|G","AFFEQUIP|WIFI|G","AFFEQUIP|ANIMAUX|G","AFFEQUIP|PARKING|G","AFFEQUIP|LAVEVAIS|G","AFFEQUIP|LAVELINGEAFF|G","GCHAMB|G","NBPERS|G","GSURFA|G","GLOGEM|G"]},"critere6":{"libelle":"","liste_critere":["GLABEL|GCLEVA|G"]},"critere7":{"libelle":""},"critere8":{"libelle":""},"critere9":{"libelle":""},"afficherpictoetpaslibelle":"1"},"BlocPaveInfo":{"texte1":{"pave":["6","15","20"],"longeurmax":"250","afficherLibelle":"0","garderHtml":"0","boutonVoirPlus":""},"texte3":{"longeurmax":"","afficherLibelle":"0","garderHtml":"0","boutonVoirPlus":""}},"CriteresComportementDispo":"DISPONIBILITES[PLANNINGACT","PositionBloc":"GALLERIE|ZONEPRINCIPALFICHEPRESTA|NOM|CARNET_VOYAGE|ACCROCHE_TARIF_DISPO","TypePrestataire":"G","ComportementResa":false,"ComportementDispo":true},"AffichageCoordonnees":[],"Coordonnees":{"Ville":"Allos"},"ContexteId":"PRESTATION|G|4678042|4687023","ContexteIdHtml":"PRESTATION-G-4678042-4687023","cleContexte":"G|4678042|4687023","Bloc":{"texte1":"Vicino alla natura ma a due passi dal villaggio. In una casa di carattere, confortevole appartamento con tre camere da letto con una bella atmosfera di montagna.","texte3":"","critere1":{"libelle":"","contenu":{"classementPrefectoral":{"libelle":"","contenu":{"3":"\u003Cimg src=\"https:\/\/www.valdallos.com\/medias\/images\/picto\/classementPrefectoral-2629-G.png\"  alt=\"3 stelle\" title=\"3 stelle\" \/\u003E"},"codesValeurs":{"3":"classementPrefectoral|2629|G"},"criteres_datas":{"valeurs":{"3":{"2629":{"descriptif":""}}}}}}},"critere2":{"libelle":"","contenu":{"GLOC":{"libelle":"Localizzare","contenu":{"3":"Val d'Allos - Villaggio"},"codesValeurs":{"3":"GLOC|G14|G"},"criteres_datas":{"valeurs":{"3":{"G14":{"descriptif":""}}}}}}},"critere3":{"libelle":"","contenu":[]},"critere4":{"libelle":"","contenu":[]},"critere5":{"libelle":"","contenu":{"NBPERS":{"libelle":"Persone","contenu":{"5":"6 persone"},"codesValeurs":{"5":"NBPERS|GCAP06|G"},"criteres_datas":{"valeurs":{"5":{"GCAP06":{"descriptif":""}}}}},"GLOGEM":{"libelle":"tipo di alloggio","contenu":{"2":"appartamento in casa"},"codesValeurs":{"2":"GLOGEM|GAPPMA|G"},"criteres_datas":{"valeurs":{"2":{"GAPPMA":{"descriptif":""}}}}},"AFFEQUIP":{"libelle":"Servizi","contenu":{"1":"Acc\u00e8s Internet \/ Wifi","2":"Animali domestici ammessi","3":"Parcheggio \/ Garage","4":"Lavastoviglie","5":"Lavatrice"},"codesValeurs":{"1":"AFFEQUIP|WIFI|G","2":"AFFEQUIP|ANIMAUX|G","3":"AFFEQUIP|PARKING|G","4":"AFFEQUIP|LAVEVAIS|G","5":"AFFEQUIP|LAVELINGEAFF|G"},"criteres_datas":{"valeurs":{"1":{"WIFI":{"descriptif":""}},"2":{"ANIMAUX":{"descriptif":""}},"3":{"PARKING":{"descriptif":""}},"4":{"LAVEVAIS":{"descriptif":""}},"5":{"LAVELINGEAFF":{"descriptif":""}}}}}}},"critere6":{"libelle":"","contenu":{"GLABEL":{"libelle":"marchio","contenu":{"1":"\u003Cimg src=\"https:\/\/www.valdallos.com\/medias\/images\/picto\/GLABEL-GCLEVA-G.jpg\"  alt=\"Famille Plus\" title=\"Famille Plus\" \/\u003E"},"codesValeurs":{"1":"GLABEL|GCLEVA|G"},"criteres_datas":{"valeurs":{"1":{"GCLEVA":{"descriptif":""}}}}}}},"critere7":{"libelle":"","contenu":[]},"critere8":{"libelle":"","contenu":[]},"critere9":{"libelle":"","contenu":[]}},"LocalisationGps":{"Latitude":"44.24104","Longitude":"6.63024"},"libelleDuPrestataire":"","vuePrestataire":{"pave1":{"libelle":"","contenu":""},"pave2":{"libelle":"","contenu":""},"pave3":{"libelle":"","contenu":""},"pave4":{"libelle":"","contenu":""},"pave5":{"libelle":"","contenu":""},"pave6":{"libelle":"","contenu":""},"pave7":{"libelle":"","contenu":""},"pave8":{"libelle":"","contenu":""},"pave9":{"libelle":"","contenu":""},"pave10":{"libelle":"","contenu":""},"pave11":{"libelle":"","contenu":""},"pave12":{"libelle":"","contenu":""},"pave13":{"libelle":"","contenu":""},"pave14":{"libelle":"","contenu":""},"pave15":{"libelle":"","contenu":""},"pave16":{"libelle":"","contenu":""},"pave17":{"libelle":"","contenu":""},"pave18":{"libelle":"","contenu":""},"pave19":{"libelle":"","contenu":""},"pave20":{"libelle":"","contenu":""},"pave21":{"libelle":"","contenu":""},"pave22":{"libelle":"","contenu":""},"pave23":{"libelle":"","contenu":""},"pave24":{"libelle":"","contenu":""},"pave25":{"libelle":"","contenu":""},"ContactsParType":{"GEST":{"114336":{"id_contact":"114336","type_contact":"GEST","categorie_contact":"PRESTATAIRE","societe_contact":"","fonction_contact":"","civilite_nom_prenom_contact":"Michel Jean-Marc ","adresse1_contact":"Le moulin","adresse2_contact":"Val d'Allos-le village","adresse3_contact":"","cpostal_contact":"04260","ville_contact":"Allos","teldom_contact":"04 92 83 04 98","telbur_contact":"","fax_contact":"","portable_contact":"06 71 72 82 38","email_contact":"jean-marc.michel1@orange.fr","siteweb_contact":"http:\/\/www.lemoulindallos.com","commentaire_contact":"","langue_contact":"","autre_moyen_com":[]},"114339":{"id_contact":"114339","type_contact":"GEST","categorie_contact":"PRESTATAIRE","societe_contact":"","fonction_contact":"","civilite_nom_prenom_contact":"Michel Jean-Marc ","adresse1_contact":"Le moulin","adresse2_contact":"Val d'Allos-le village","adresse3_contact":"","cpostal_contact":"04260","ville_contact":"Allos","teldom_contact":"04 92 83 04 98","telbur_contact":"","fax_contact":"","portable_contact":"06 71 72 82 38","email_contact":"jean-marc.michel1@orange.fr","siteweb_contact":"http:\/\/www.lemoulindallos.com","commentaire_contact":"","langue_contact":"","autre_moyen_com":[]},"114342":{"id_contact":"114342","type_contact":"GEST","categorie_contact":"PRESTATAIRE","societe_contact":"","fonction_contact":"","civilite_nom_prenom_contact":"Michel Jean-Marc ","adresse1_contact":"Le moulin","adresse2_contact":"Val d'Allos-le village","adresse3_contact":"","cpostal_contact":"04260","ville_contact":"Allos","teldom_contact":"04 92 83 04 98","telbur_contact":"","fax_contact":"","portable_contact":"06 71 72 82 38","email_contact":"jean-marc.michel1@orange.fr","siteweb_contact":"http:\/\/www.lemoulindallos.com","commentaire_contact":"","langue_contact":"","autre_moyen_com":[]},"114345":{"id_contact":"114345","type_contact":"GEST","categorie_contact":"PRESTATAIRE","societe_contact":"","fonction_contact":"","civilite_nom_prenom_contact":"Michel Jean-Marc ","adresse1_contact":"Le moulin","adresse2_contact":"Val d'Allos-le village","adresse3_contact":"","cpostal_contact":"04260","ville_contact":"Allos","teldom_contact":"04 92 83 04 98","telbur_contact":"","fax_contact":"","portable_contact":"06 71 72 82 38","email_contact":"jean-marc.michel1@orange.fr","siteweb_contact":"http:\/\/www.lemoulindallos.com","commentaire_contact":"","langue_contact":"","autre_moyen_com":[]}}},"ZoneGeoLibelle":"Haut-Verdon","Libelle":"Michel Jean-Marc","Nom":"Michel Jean-Marc ","Prenom":"","NomPrenom":"Michel Jean-Marc  ","CiviliteNomPrenom":"Michel Jean-Marc  ","Cle":"G|4678042","PrestataireParent":"","ContexteStat":"PRESTATAIRE-G-4678042","DateModificationIso":"2025-11-19T00:24:00+01:00","Type":"PRESTATAIRE","TypePrestataire":"G","Adresse":{"LigneAdresse1":"","LigneAdresse2":"","LigneAdresse3":"","CodePostal":"","Ville":"","Cedex":"","Etat":"","Pays":""},"Email":"jean-marc.michel1@orange.fr","Telephone":"04 92 83 04 98","TelephoneBureau":"","Portable":"06 71 72 82 38","SiteWeb":"http:\/\/www.lemoulindallos.com","Fax":"","Id":"g-4678042","Code":"G|4678042","Fichier":[],"Url":"","Localisation":{"GoogleMap":{"Latitude":"","Longitude":""}},"ZoneGeo":"FRPA04VAHVERD","Criteres":{"GINFADH[GMONT":"80","GINFADH[GCOMM":"prochain classement en 2017","GTIMMO[GPARTI":"","P.GLOC[G14":"","P.6241[126905":"","P.6241[5740912":"","P.3218[311229":"","P.3220[587401":"","P.3220[5575332":"","P.3233[591419":"","P.3221[4876304":"","P.3219[5127127":"","P.3219[5239406":"","P.3219[6436838":"","P.3240[5778284":"","P.6242[5843488":"","P.3230[6139211":"","P.VilleSitra[1559":"","P.VillageDeDepart[1559":""},"DateFinPublication":"","AffichageCoordonnees":[]},"listeCriteres":{"GLOC":{"G14":""},"GLABEL":{"GCLEVA":"","GMERCECO":""},"GLOGEM":{"GAPPMA":""},"AFFEQUIP":{"WIFI":"","ANIMAUX":"","PARKING":"","LAVEVAIS":"","LAVELINGEAFF":"","JAR":""},"GPREST":{"GLOCAS":"","GCOU":""},"GCHAR":{"GCHARC":""},"GEQUIC":{"GFOUR":"","GLAVEV":"","GMICRO":"","GRACLE":"","GREFIG":""},"GEQUIS":{"GLECTE":"","GTELEV":""},"GSALLE":{"GDOUCH":"","GWCIND":""},"G1EQUI":{"GBARBE":"","GLOCSK":"","GLOVEL":"","GMOBIL":""},"GACTIV":{"GINTER":""},"GPARKI":{"GPARKE":""},"GANIMA":{"GANASU":"","GANIMA":""},"GFAMPLUS":{"GMICRO":"","GCHAISEHAUT":"","GBAIGN":"","GJEUXINT":"","GJEUXEXT":"","GLITBEBE":"","GMATE":"","GPORTBE":"","GOFFRE":"jardin commun avec balan\u00e7oire, pr\u00eat de luge et de sac \u00e0 dos porte b\u00e9b\u00e9"},"AFFGTYPE":{"APPART":""},"NBPERS":{"GCAP06":""},"PUBLICATION":{"VALDALLOS":"","VERDONTOURISME":""},"DISPONIBILITES":{"DISPORELANCE":"","PLANNINGACT":""},"GCAPACITE":{"6PERS":""},"GNOMBRE":{"6PERS":""},"LOCVERDON":{"1559":""},"VISIBWEB":{"PLANNINGVISIBLE":""},"AFFPRES":{"AFFP3":""},"113":{"1593":"","4545":""},"4790":{"5063":""},"127":{"606":"","811":""},"22":{"672":"","1058":""},"122":{"803":"","4054":""},"126":{"972":""},"services":{"687":"","1025":""},"118":{"1145":""},"prestations":{"animauxAcceptes":"","animauxAcceptesSupplement":"","surchargeTourismesAdaptes":"","surchargeDescriptifHandicapMoteur":"","surchargeDescriptifHandicapAuditif":"","surchargeDescriptifHandicapVisuel":"","surchargeDescriptifHandicapMental":"","surchargeNombreFauteuilsRoulants":""},"73":{"796":"","902":"","973":""},"69":{"838":"","904":"","1014":"","1015":"","1016":"","4060":""},"72":{"842":"","882":"","963":"","998":""},"70":{"895":"","907":"","917":"","922":"","943":"","999":""},"68":{"971":""},"71":{"986":""},"languesParlees":{"1197":""},"environnements":{"185":""},"6528":{"4006":""},"modesPaiement":{"1271":"","1274":"","1277":"","1281":""},"tourismeAffaires":{"tourismeAffairesEnabled":"","devise":"EUR"},"hebergementLocatifType":{"2620":""},"informationsHebergementLocatif":{"dateClassement":"2023-12-02"},"classementPrefectoral":{"2629":""},"5403":{"1613":""},"capacite":{"capaciteHebergement":"6","capaciteMaximumPossible":"6","surface":"80","nombreChambres":"3","numeroEtage":"1"},"CINTSITRA":{"5660":"","8809":""},"6241":{"126905":"","5740912":""},"3218":{"311229":""},"3220":{"587401":"","5575332":""},"3233":{"591419":""},"3221":{"4876304":""},"3219":{"5127127":"","5239406":"","6436838":""},"3240":{"5778284":""},"6242":{"5843488":""},"3230":{"6139211":""},"VilleSitra":{"1559":""},"VillageDeDepart":{"1559":""},"GINFADH":{"GMONT":"80","GCOMM":"prochain classement en 2017"},"GTIMMO":{"GPARTI":""},"P.GLOC":{"G14":""},"P.6241":{"126905":"","5740912":""},"P.3218":{"311229":""},"P.3220":{"587401":"","5575332":""},"P.3233":{"591419":""},"P.3221":{"4876304":""},"P.3219":{"5127127":"","5239406":"","6436838":""},"P.3240":{"5778284":""},"P.6242":{"5843488":""},"P.3230":{"6139211":""},"P.VilleSitra":{"1559":""},"P.VillageDeDepart":{"1559":""}},"dansCarnetVoyage":true,"Ouverture":"","WidgetDispoRechercheDate":false,"WidgetDispoVoirLienVoirToutesDispos":true,"ChargerWidgetDispoAuClic":true,"WidgetDispo":"\u003Cspan\u003E\u003C\/span\u003E","JsOnClickBtnDispo":"\u003Cscript\u003E\n                try{\n                    WidgetDispos.addChargementAuClicBtnDispoAccordeon('PRESTATION-G-4678042-4687023',{tabParamsWidgetDispo : {\"id\":\"G|4678042|4687023\",\"origineListeInfo\":\"\",\"vue\":\"semaineLigne\",\"mode\":\"ajax\",\"url_fiche\":\"appartamento-in-casa-3-stelle-haut-verdon-val-dallos-le-village-1.html\",\"id_form_contact\":\"42\",\"version\":\"2\",\"parametersWidgetV2\":{\"el\":\"blocDispo-PRESTATION-G-4678042-4687023\",\"object\":{\"code\":\"G|4678042|4687023\"},\"cid\":\"8\",\"site\":{\"code\":\"SITE2018\",\"url\":\"https:\\\/\\\/it.valdallos.com\"},\"slider\":{\"controls\":{\"arrows\":{\"enable\":true,\"showLocked\":true,\"style\":\"button\"}}},\"booking\":{\"enable\":false,\"waitForWindowLoad\":false,\"parameters\":{\"idWidget\":\"blocResa-PRESTATION-G-4678042-4687023\",\"queryParams\":null,\"withoutForm\":true}},\"options\":{\"typeDate\":\"SS\",\"elReferer\":\"PRESTATION-G-4678042-4687023\",\"ingContext\":\"RESA\",\"urlFiche\":\"appartamento-in-casa-3-stelle-haut-verdon-val-dallos-le-village-1.html\",\"startDate\":null,\"templates\":{\"Week\":\"semaine\",\"Days\":\"mois\"},\"plugContactForm\":\"42\"}}},idBloc : \"blocDispo-PRESTATION-G-4678042-4687023\",prestation : \"G|4678042|4687023\"});\n                }\n                catch(e) {\n                    \/\/console.log(e);\n                }\u003C\/script\u003E"},"html":" \n \u003Cdiv id=\"CV-PRESTATION-G-4678042-4687023\" data-contexte-id=\"PRESTATION|G|4678042|4687023\" data-cle=\"G|4678042|4687023\" class=\"fiche-liste\"\u003E\n    \n\n    \u003C!-- partie photo --\u003E\n    \u003Cdiv class=\"photo\"\u003E\t\t\t\t\t\t\t\t\t\t\t\t\t\t\t\t\t\t\t\t\t\n        \u003Cdiv class=\"cadre_photo_principale\"\u003E\t\t\n        \n            \t\t\t\t\t\n                    \u003Ca href=\"appartamento-in-casa-3-stelle-haut-verdon-val-dallos-le-village-1.html?origine=carnet#media\"\u003E\n                        \u003Cimg class=\"photo_principale\" alt=\"S\u00e9jour moderne et lumineux avec canap\u00e9, table basse, TV, po\u00eale \u00e0 bois, porte-fen\u00eatre, ameublement bois et parquet au sol\" src=\"https:\/\/www.valdallos.com\/medias\/images\/prestations\/multitailles\/320x240_78544-mg_0954.jpg\" itemprop=\"image\"\u003E\n                    \u003C\/a\u003E\t\t\t\t\t\t\n                \n                    \u003C\/div\u003E\t\t\t\t\t\t\t\t\t\t\t\t\t\t\t\t\t\t\t \t\t\n    \u003C\/div\u003E\n    \n    \u003C!-- partie nom prest --\u003E\n    \u003Cdiv class=\"nom\"\u003E\n        \u003Ch2\u003EMichel Jean Marc \"le moulin\"\u003C\/h2\u003E\n        \n            \u003C\/div\u003E\n\n         \n    \u003C!-- partie adresse --\u003E\n    \u003Cdiv class=\"adresse\"\u003E\n    \n          \n    \u003C\/div\u003E\n    \n    \u003C!-- partie liens --\u003E\n    \u003Cdiv class=\"liens\"\u003E\n            \u003Ca class=\"btn-icon btn-view \" title=\"Vedi il file dettagliato\" href=\"appartamento-in-casa-3-stelle-haut-verdon-val-dallos-le-village-1.html?origine=carnet\"\u003E\u003C\/a\u003E\u003C!--\u003Ca class=\"btn-icon btn-view \" title=\"\" href=\"?origine=carnet#thaut\"\u003E\u003C\/a\u003E--\u003E\n      \u003Ca class=\"btn-icon btn-trash carnet_voyage_supprimer\" title=\"Elimina questo file dal mio diario di viaggio\" href=\"carnet-voyage?action=remove&fiche=G|4678042|4687023\"\u003E\u003C\/a\u003E\n    \u003C\/div\u003E\n\n\u003C\/div\u003E\n\n","icon":"https:\/\/static.ingenie.fr\/images\/carnetVoyageV3\/G.png"},"fiche":"G|4678042|4687023","popup":"\u003Cdiv id=\"bloc_popup_ajout_fiche_carnet\"\u003E\n    \u003Cdiv class=\"info_popup_ajout_fiche_carnet\"\u003E\n        Hai appena aggiunto questo elemento alla tua selezione:    \u003C\/div\u003E\n    \u003Cdiv class=\"prest_popup_ajout_fiche_carnet\"\u003E\n        Michel Jean Marc &quot;le moulin&quot;    \u003C\/div\u003E\n    \u003Cdiv class=\"bloc_btn_ajout_fiche_carnet form_submit_div\"\u003E\n        \u003Cinput type=\"button\" value=\"Continua la mia selezione\" title=\"Continua la mia selezione\" name=\"btn_close\" class=\"btn_close_popup_carnet form_submit\" onclick=\"$.colorbox.close()\" \/\u003E\n        \u003Cinput type=\"button\" value=\"Visualizza la mia selezione\" title=\"Visualizza la mia selezione\" name=\"btn_panier\" class=\"btn_panier_popup_carnet form_submit\" onclick=\"if(typeof CarnetVoyage != 'undefined') {CarnetVoyage.voirCarnet();}\" \/\u003E\n    \u003C\/div\u003E\n    \u003Cdiv class=\"bloc_btn_ajout_fiche_carnet\"\u003E\n        \u003Cinput type=\"checkbox\" value=\"1\" name=\"desactiver_popup\" id=\"desactiver_popup\" \/\u003E\n        \u003Clabel for=\"desactiver_popup\"\u003ENon visualizzare pi\u00f9 questo messaggio\u003C\/label\u003E\n    \u003C\/div\u003E\n\u003C\/div\u003E","success":1}