{"nbFiches":1,"dataPrest":{"infoPrest":{"pave1":{"libelle":"Descriptif","contenu":"","fichiers":[]},"pave2":{"libelle":"Indirizzo","contenu":"","fichiers":[]},"pave3":{"libelle":"Tarifs Hiver","contenu":"","fichiers":[]},"pave4":{"libelle":"Tarifs Et\u00e9","contenu":"","fichiers":[]},"pave5":{"libelle":"URL de la r\u00e9servation ou vente en ligne","contenu":"","fichiers":[]},"pave6":{"libelle":"Descriptif court","contenu":"Studio in un cottage a 5 minuti a piedi dal centro del paese, con un giardino e parcheggio possibile.","fichiers":[]},"pave7":{"libelle":"Descriptif d\u00e9taill\u00e9","contenu":"","fichiers":[]},"pave8":{"libelle":"Bons plans","contenu":"","fichiers":[]},"pave9":{"libelle":"Compl\u00e9ment localisation","contenu":"","fichiers":[]},"pave10":{"libelle":"Compl\u00e9ment accueil","contenu":"","fichiers":[]},"pave11":{"libelle":"P\u00e9riodes en clair","contenu":"","fichiers":[]},"pave12":{"libelle":"Tarifs en clair","contenu":"","fichiers":[]},"pave13":{"libelle":"Compl\u00e9ment Tarifs","contenu":"","fichiers":[]},"pave14":{"libelle":"Compl\u00e9ment R\u00e9servation","contenu":"","fichiers":[]},"pave15":{"libelle":"Descriptif court","contenu":"","fichiers":[]},"pave16":{"libelle":"Descriptif d\u00e9taill\u00e9","contenu":"","fichiers":[]},"pave17":{"libelle":"Bons plans","contenu":"","fichiers":[]},"pave18":{"libelle":"Tarifs (Tarifs en clair, Compl\u00e9ment Tarifs)","contenu":"","fichiers":[]},"pave19":{"libelle":"P\u00e9riodes en clair","contenu":"","fichiers":[]},"pave20":{"libelle":"Descriptif court","contenu":"","fichiers":[]},"pave21":{"libelle":"Descriptif d\u00e9taill\u00e9","contenu":"","fichiers":[]},"pave22":{"libelle":"Bons plans","contenu":"","fichiers":[]},"pave23":{"libelle":"Tarifs (Tarifs en clair, Compl\u00e9ment Tarifs)","contenu":"","fichiers":[]},"pave24":{"libelle":"P\u00e9riodes en clair","contenu":"","fichiers":[]},"pave25":{"libelle":"Dispositions sp\u00e9ciales","contenu":"","fichiers":[]},"Libelle":"Miserandini Dani\u00e8le","Reference":"","Reftar":"","Type":"PRESTATION","TypePrestataire":"G","ContexteStat":"PRESTATION-G-4678053-4687697","DateModificationIso":"2026-04-27T13:44:00+02:00","Adresse":{"LigneAdresse1":"Le pradas","LigneAdresse2":"Val d'Allos le Village","LigneAdresse3":"","CodePostal":"04260","Ville":"Allos","Cedex":"","Etat":"","Pays":"FRA"},"Id":"g-4678053-4687697","Code":"G|4678053|4687697","Cle":"G|4678053|4687697","Url":"monolocale-in-a-chalet-2-stelle-haut-verdon-val-dallos-le-village.html","Localisation":{"GoogleMap":{"Latitude":"44.243112","Longitude":"6.626188"}},"ZoneGeo":"","Criteres":{"GLOC[G14":"","GLOGEM[GSTCHA":"","AFFEQUIP[ANIMAUX":"","AFFEQUIP[PARKING":"","GPREST[GLOCAS":"","GCHAR[GCHARC":"","GEQUIC[GFOUR":"","GEQUIC[GMICRO":"","GEQUIC[GREFIG":"","GEQUIS[GLECTE":"","GEQUIS[GTELEV":"","GSALLE[GDOUCH":"","GSALLE[GWC":"","G1EQUI[GLOCSK":"","G1EQUI[GLOVEL":"","G1EQUI[GMOBIL":"","GPARKI[GPARKE":"","GANIMA[GANIMA":"","AFFGTYPE[STUDIO":"","NBPERS[GCAP03":"","PUBLICATION[VALDALLOS":"","DISPONIBILITES[DISPORELANCE":"","GCAPACITE[3PERS":"","GNOMBRE[3PERS":"","PUBLICATION[VERDONTOURISME":"","LOCVERDON[1559":"","AFFEQUIP[JAR":"","VISIBWEB[PLANNINGVISIBLE":"","4790[5063":"","127[606":"","22[672":"","22[1058":"","126[972":"","services[687":"","prestations[animauxAcceptes":"","prestations[surchargeTourismesAdaptes":"","prestations[surchargeDescriptifHandicapMoteur":"","prestations[surchargeDescriptifHandicapAuditif":"","prestations[surchargeDescriptifHandicapVisuel":"","prestations[surchargeDescriptifHandicapMental":"","prestations[surchargeNombreFauteuilsRoulants":"","73[902":"","70[907":"","70[943":"","70[999":"","72[963":"","72[998":"","71[987":"","languesParlees[1197":"","6528[169":"","environnements[176":"","modesPaiement[1271":"","modesPaiement[1277":"","modesPaiement[1281":"","tourismeAffaires[tourismeAffairesEnabled":"","tourismeAffaires[devise":"EUR","hebergementLocatifType[2620":"","informationsHebergementLocatif[dateClassement":"2026-04-08","classementPrefectoral[2628":"","5403[1681":"","capacite[capaciteHebergement":"3","capacite[capaciteMaximumPossible":"3","capacite[surface":"27","capacite[numeroEtage":"1","CINTSITRA[5660":"","CINTSITRA[8809":"","6241[126905":"","6241[5740912":"","3218[311229":"","3220[587401":"","3220[5575332":"","3233[591419":"","3221[4876304":"","3219[5127127":"","3219[5239406":"","3219[6436838":"","3240[5778284":"","6242[5843488":"","3230[6139211":"","VilleSitra[1559":"","VillageDeDepart[1559":"","DISPONIBILITES[PLANNINGACT":""},"ContactsParType":{"IWEB":{"118159":{"id_contact":"118159","type_contact":"IWEB","categorie_contact":"PRESTATION","societe_contact":"","fonction_contact":"","civilite_nom_prenom_contact":"Miserandini Dani\u00e8le  ","adresse1_contact":"","adresse2_contact":"","adresse3_contact":"","cpostal_contact":"","ville_contact":"","teldom_contact":"04 92 83 02 64","telbur_contact":"06 83 24 87 75","fax_contact":"","portable_contact":"06 52 53 46 89","email_contact":"danye.miserandini@laposte.net","siteweb_contact":"","commentaire_contact":"","langue_contact":"","autre_moyen_com":[]}},"":{"118160":{"id_contact":"118160","type_contact":"","categorie_contact":"PRESTATION","societe_contact":"","fonction_contact":"","civilite_nom_prenom_contact":"MME Miserandini Dani\u00e8le ","adresse1_contact":"","adresse2_contact":"","adresse3_contact":"","cpostal_contact":"","ville_contact":"","teldom_contact":"","telbur_contact":"","fax_contact":"","portable_contact":"","email_contact":"","siteweb_contact":"","commentaire_contact":"","langue_contact":"","autre_moyen_com":[]}}},"ContactRemplaceCoordonnees":"118159","Prestataire":{"pave1":{"libelle":"","contenu":""},"pave2":{"libelle":"","contenu":""},"pave3":{"libelle":"","contenu":""},"pave4":{"libelle":"","contenu":""},"pave5":{"libelle":"","contenu":""},"pave6":{"libelle":"","contenu":""},"pave7":{"libelle":"","contenu":""},"pave8":{"libelle":"","contenu":""},"pave9":{"libelle":"","contenu":""},"pave10":{"libelle":"","contenu":""},"pave11":{"libelle":"","contenu":""},"pave12":{"libelle":"","contenu":""},"pave13":{"libelle":"","contenu":""},"pave14":{"libelle":"","contenu":""},"pave15":{"libelle":"","contenu":""},"pave16":{"libelle":"","contenu":""},"pave17":{"libelle":"","contenu":""},"pave18":{"libelle":"","contenu":""},"pave19":{"libelle":"","contenu":""},"pave20":{"libelle":"","contenu":""},"pave21":{"libelle":"","contenu":""},"pave22":{"libelle":"","contenu":""},"pave23":{"libelle":"","contenu":""},"pave24":{"libelle":"","contenu":""},"pave25":{"libelle":"","contenu":""},"ContactsParType":{"LIEU":{"114353":{"id_contact":"114353","type_contact":"LIEU","categorie_contact":"PRESTATAIRE","societe_contact":"","fonction_contact":"","civilite_nom_prenom_contact":"Miserandini Dani\u00e8le ","adresse1_contact":"","adresse2_contact":"","adresse3_contact":"","cpostal_contact":"","ville_contact":"","teldom_contact":"","telbur_contact":"","fax_contact":"","portable_contact":"06 83 24 87 75","email_contact":"","siteweb_contact":"","commentaire_contact":"","langue_contact":"","autre_moyen_com":[]}},"GEST":{"114355":{"id_contact":"114355","type_contact":"GEST","categorie_contact":"PRESTATAIRE","societe_contact":"","fonction_contact":"","civilite_nom_prenom_contact":"Miserandini Dani\u00e8le ","adresse1_contact":"Le prada","adresse2_contact":"Val d'Allos le village","adresse3_contact":"","cpostal_contact":"04260","ville_contact":"Allos","teldom_contact":"04 92 83 02 64","telbur_contact":"","fax_contact":"","portable_contact":"06 52 53 46 89","email_contact":"danye.miserandini@laposte.net","siteweb_contact":"","commentaire_contact":"","langue_contact":"","autre_moyen_com":[]}}},"ZoneGeoLibelle":"Haut-Verdon","Libelle":"Miserandini Dani\u00e8le","Nom":"Miserandini Dani\u00e8le ","Prenom":"","NomPrenom":"Miserandini Dani\u00e8le  ","CiviliteNomPrenom":"Miserandini Dani\u00e8le  ","Cle":"G|4678053","PrestataireParent":"","ContexteStat":"PRESTATAIRE-G-4678053","DateModificationIso":"2025-11-19T00:25:00+01:00","Type":"PRESTATAIRE","TypePrestataire":"G","Adresse":{"LigneAdresse1":"","LigneAdresse2":"","LigneAdresse3":"","CodePostal":"","Ville":"","Cedex":"","Etat":"","Pays":""},"Email":"danye.miserandini@laposte.net","Telephone":"04 92 83 02 64","TelephoneBureau":"06 83 24 87 75","Portable":"06 52 53 46 89","SiteWeb":"","Fax":"","Id":"g-4678053","Code":"G|4678053","Fichier":[],"Url":"","Localisation":{"GoogleMap":{"Latitude":"","Longitude":""}},"ZoneGeo":"FRPA04VAHVERD","Criteres":{"GINFADH[GMONT":"80","GINFADH[GCOMM":"prochain classement dec 2017","GTIMMO[GPARTI":"","P.GLOC[G14":"","P.6241[126905":"","P.6241[5740912":"","P.3218[311229":"","P.3220[587401":"","P.3220[5575332":"","P.3233[591419":"","P.3221[4876304":"","P.3219[5127127":"","P.3219[5239406":"","P.3219[6436838":"","P.3240[5778284":"","P.6242[5843488":"","P.3230[6139211":"","P.VilleSitra[1559":"","P.VillageDeDepart[1559":""},"DateFinPublication":""},"Fichier":{"Image":[{"url":"https:\/\/www.valdallos.com\/medias\/images\/prestations\/79363-sejour.jpg","chemin":"..\/medias\/images\/prestations\/79363-sejour.jpg","libelle":"S\u00e9jour lumineux avec table \u00e0 manger, TV, ameublement bois, parquet au sol, fen\u00eatre ouvrant sur les montagnes","extension":"jpg","categorie":"","largeur":1200,"theme":"","hauteur":583,"type":"Image","origine":"","liaisonPave":"","langue":"","id":"79363","urlVignette":"https:\/\/www.valdallos.com\/medias\/images\/prestations\/v-79363-sejour.jpg","alt":"S\u00e9jour lumineux avec table \u00e0 manger, TV, ameublement bois, parquet au sol, fen\u00eatre ouvrant sur les montagnes","title":"S\u00e9jour lumineux avec table \u00e0 manger, TV, ameublement bois, parquet au sol, fen\u00eatre ouvrant sur les montagnes","MultiTaille":{"1920x1440":{"url":"https:\/\/www.valdallos.com\/medias\/images\/prestations\/multitailles\/1920x1440_79363-sejour.jpg"},"1200x900":{"url":"https:\/\/www.valdallos.com\/medias\/images\/prestations\/multitailles\/1200x900_79363-sejour.jpg"},"800x600":{"url":"https:\/\/www.valdallos.com\/medias\/images\/prestations\/multitailles\/800x600_79363-sejour.jpg"},"640x480":{"url":"https:\/\/www.valdallos.com\/medias\/images\/prestations\/multitailles\/640x480_79363-sejour.jpg"},"320x240":{"url":"https:\/\/www.valdallos.com\/medias\/images\/prestations\/multitailles\/320x240_79363-sejour.jpg"},"160x120":{"url":"https:\/\/www.valdallos.com\/medias\/images\/prestations\/multitailles\/160x120_79363-sejour.jpg"},"origine":{"url":"https:\/\/www.valdallos.com\/medias\/images\/prestations\/79363-sejour.jpg"}},"urlLien":"","typeLien":"","nofollow":"N","copyright":"M Miserandini"},{"url":"https:\/\/www.valdallos.com\/medias\/images\/prestations\/79364-sejour.jpg","chemin":"..\/medias\/images\/prestations\/79364-sejour.jpg","libelle":"S\u00e9jour lumineux sous combles avec table \u00e0 manger, canap\u00e9, ameublement bois, parquet au sol, fen\u00eatre donnant sur les montagnes","extension":"jpg","categorie":"","largeur":1200,"theme":"","hauteur":583,"type":"Image","origine":"","liaisonPave":"","langue":"","id":"79364","urlVignette":"https:\/\/www.valdallos.com\/medias\/images\/prestations\/v-79364-sejour.jpg","alt":"S\u00e9jour lumineux sous combles avec table \u00e0 manger, canap\u00e9, ameublement bois, parquet au sol, fen\u00eatre donnant sur les montagnes","title":"S\u00e9jour lumineux sous combles avec table \u00e0 manger, canap\u00e9, ameublement bois, parquet au sol, fen\u00eatre donnant sur les montagnes","MultiTaille":{"1920x1440":{"url":"https:\/\/www.valdallos.com\/medias\/images\/prestations\/multitailles\/1920x1440_79364-sejour.jpg"},"1200x900":{"url":"https:\/\/www.valdallos.com\/medias\/images\/prestations\/multitailles\/1200x900_79364-sejour.jpg"},"800x600":{"url":"https:\/\/www.valdallos.com\/medias\/images\/prestations\/multitailles\/800x600_79364-sejour.jpg"},"640x480":{"url":"https:\/\/www.valdallos.com\/medias\/images\/prestations\/multitailles\/640x480_79364-sejour.jpg"},"320x240":{"url":"https:\/\/www.valdallos.com\/medias\/images\/prestations\/multitailles\/320x240_79364-sejour.jpg"},"160x120":{"url":"https:\/\/www.valdallos.com\/medias\/images\/prestations\/multitailles\/160x120_79364-sejour.jpg"},"origine":{"url":"https:\/\/www.valdallos.com\/medias\/images\/prestations\/79364-sejour.jpg"}},"urlLien":"","typeLien":"","nofollow":"N","copyright":"M Miserandini"},{"url":"https:\/\/www.valdallos.com\/medias\/images\/prestations\/79365-rangement.jpg","chemin":"..\/medias\/images\/prestations\/79365-rangement.jpg","libelle":"S\u00e9jour avec coin cuisine carrel\u00e9, espace de rangement, table \u00e0 manger, passage vers salle de bains, parquet au sol","extension":"jpg","categorie":"","largeur":1200,"theme":"","hauteur":583,"type":"Image","origine":"","liaisonPave":"","langue":"","id":"79365","urlVignette":"https:\/\/www.valdallos.com\/medias\/images\/prestations\/v-79365-rangement.jpg","alt":"S\u00e9jour avec coin cuisine carrel\u00e9, espace de rangement, table \u00e0 manger, passage vers salle de bains, parquet au sol","title":"S\u00e9jour avec coin cuisine carrel\u00e9, espace de rangement, table \u00e0 manger, passage vers salle de bains, parquet au sol","MultiTaille":{"1920x1440":{"url":"https:\/\/www.valdallos.com\/medias\/images\/prestations\/multitailles\/1920x1440_79365-rangement.jpg"},"1200x900":{"url":"https:\/\/www.valdallos.com\/medias\/images\/prestations\/multitailles\/1200x900_79365-rangement.jpg"},"800x600":{"url":"https:\/\/www.valdallos.com\/medias\/images\/prestations\/multitailles\/800x600_79365-rangement.jpg"},"640x480":{"url":"https:\/\/www.valdallos.com\/medias\/images\/prestations\/multitailles\/640x480_79365-rangement.jpg"},"320x240":{"url":"https:\/\/www.valdallos.com\/medias\/images\/prestations\/multitailles\/320x240_79365-rangement.jpg"},"160x120":{"url":"https:\/\/www.valdallos.com\/medias\/images\/prestations\/multitailles\/160x120_79365-rangement.jpg"},"origine":{"url":"https:\/\/www.valdallos.com\/medias\/images\/prestations\/79365-rangement.jpg"}},"urlLien":"","typeLien":"","nofollow":"N","copyright":"M Miserandini"},{"url":"https:\/\/www.valdallos.com\/medias\/images\/prestations\/79366-velux.jpg","chemin":"..\/medias\/images\/prestations\/79366-velux.jpg","libelle":"Chambre \u00e0 coucher sous combles avec lit double, parquet au sol, velux","extension":"jpg","categorie":"","largeur":583,"theme":"","hauteur":1200,"type":"Image","origine":"","liaisonPave":"","langue":"","id":"79366","urlVignette":"https:\/\/www.valdallos.com\/medias\/images\/prestations\/v-79366-velux.jpg","alt":"Chambre \u00e0 coucher sous combles avec lit double, parquet au sol, velux","title":"Chambre \u00e0 coucher sous combles avec lit double, parquet au sol, velux","MultiTaille":{"1920x1440":{"url":"https:\/\/www.valdallos.com\/medias\/images\/prestations\/multitailles\/1920x1440_79366-velux.jpg"},"1200x900":{"url":"https:\/\/www.valdallos.com\/medias\/images\/prestations\/multitailles\/1200x900_79366-velux.jpg"},"800x600":{"url":"https:\/\/www.valdallos.com\/medias\/images\/prestations\/multitailles\/800x600_79366-velux.jpg"},"640x480":{"url":"https:\/\/www.valdallos.com\/medias\/images\/prestations\/multitailles\/640x480_79366-velux.jpg"},"320x240":{"url":"https:\/\/www.valdallos.com\/medias\/images\/prestations\/multitailles\/320x240_79366-velux.jpg"},"160x120":{"url":"https:\/\/www.valdallos.com\/medias\/images\/prestations\/multitailles\/160x120_79366-velux.jpg"},"origine":{"url":"https:\/\/www.valdallos.com\/medias\/images\/prestations\/79366-velux.jpg"}},"urlLien":"","typeLien":"","nofollow":"N","copyright":"M Miserandini"},{"url":"https:\/\/www.valdallos.com\/medias\/images\/prestations\/79367-salle_de_bain.jpg","chemin":"..\/medias\/images\/prestations\/79367-salle_de_bain.jpg","libelle":"Salle de bains carrel\u00e9e avec bac \u00e0 douche, \u00e9vier, parquet au sol, fen\u00eatre","extension":"jpg","categorie":"","largeur":583,"theme":"","hauteur":1200,"type":"Image","origine":"","liaisonPave":"","langue":"","id":"79367","urlVignette":"https:\/\/www.valdallos.com\/medias\/images\/prestations\/v-79367-salle_de_bain.jpg","alt":"Salle de bains carrel\u00e9e avec bac \u00e0 douche, \u00e9vier, parquet au sol, fen\u00eatre","title":"Salle de bains carrel\u00e9e avec bac \u00e0 douche, \u00e9vier, parquet au sol, fen\u00eatre","MultiTaille":{"1920x1440":{"url":"https:\/\/www.valdallos.com\/medias\/images\/prestations\/multitailles\/1920x1440_79367-salle_de_bain.jpg"},"1200x900":{"url":"https:\/\/www.valdallos.com\/medias\/images\/prestations\/multitailles\/1200x900_79367-salle_de_bain.jpg"},"800x600":{"url":"https:\/\/www.valdallos.com\/medias\/images\/prestations\/multitailles\/800x600_79367-salle_de_bain.jpg"},"640x480":{"url":"https:\/\/www.valdallos.com\/medias\/images\/prestations\/multitailles\/640x480_79367-salle_de_bain.jpg"},"320x240":{"url":"https:\/\/www.valdallos.com\/medias\/images\/prestations\/multitailles\/320x240_79367-salle_de_bain.jpg"},"160x120":{"url":"https:\/\/www.valdallos.com\/medias\/images\/prestations\/multitailles\/160x120_79367-salle_de_bain.jpg"},"origine":{"url":"https:\/\/www.valdallos.com\/medias\/images\/prestations\/79367-salle_de_bain.jpg"}},"urlLien":"","typeLien":"","nofollow":"N","copyright":"M Miserandini"}],"ByCategorie":{"":[{"url":"https:\/\/www.valdallos.com\/medias\/images\/prestations\/79363-sejour.jpg","chemin":"..\/medias\/images\/prestations\/79363-sejour.jpg","libelle":"S\u00e9jour lumineux avec table \u00e0 manger, TV, ameublement bois, parquet au sol, fen\u00eatre ouvrant sur les montagnes","extension":"jpg","categorie":"","largeur":1200,"theme":"","hauteur":583,"type":"Image","origine":"","liaisonPave":"","langue":"","id":"79363","urlVignette":"https:\/\/www.valdallos.com\/medias\/images\/prestations\/v-79363-sejour.jpg","alt":"S\u00e9jour lumineux avec table \u00e0 manger, TV, ameublement bois, parquet au sol, fen\u00eatre ouvrant sur les montagnes","title":"S\u00e9jour lumineux avec table \u00e0 manger, TV, ameublement bois, parquet au sol, fen\u00eatre ouvrant sur les montagnes","MultiTaille":{"1920x1440":{"url":"https:\/\/www.valdallos.com\/medias\/images\/prestations\/multitailles\/1920x1440_79363-sejour.jpg"},"1200x900":{"url":"https:\/\/www.valdallos.com\/medias\/images\/prestations\/multitailles\/1200x900_79363-sejour.jpg"},"800x600":{"url":"https:\/\/www.valdallos.com\/medias\/images\/prestations\/multitailles\/800x600_79363-sejour.jpg"},"640x480":{"url":"https:\/\/www.valdallos.com\/medias\/images\/prestations\/multitailles\/640x480_79363-sejour.jpg"},"320x240":{"url":"https:\/\/www.valdallos.com\/medias\/images\/prestations\/multitailles\/320x240_79363-sejour.jpg"},"160x120":{"url":"https:\/\/www.valdallos.com\/medias\/images\/prestations\/multitailles\/160x120_79363-sejour.jpg"},"origine":{"url":"https:\/\/www.valdallos.com\/medias\/images\/prestations\/79363-sejour.jpg"}},"urlLien":"","typeLien":"","nofollow":"N","copyright":"M Miserandini"},{"url":"https:\/\/www.valdallos.com\/medias\/images\/prestations\/79364-sejour.jpg","chemin":"..\/medias\/images\/prestations\/79364-sejour.jpg","libelle":"S\u00e9jour lumineux sous combles avec table \u00e0 manger, canap\u00e9, ameublement bois, parquet au sol, fen\u00eatre donnant sur les montagnes","extension":"jpg","categorie":"","largeur":1200,"theme":"","hauteur":583,"type":"Image","origine":"","liaisonPave":"","langue":"","id":"79364","urlVignette":"https:\/\/www.valdallos.com\/medias\/images\/prestations\/v-79364-sejour.jpg","alt":"S\u00e9jour lumineux sous combles avec table \u00e0 manger, canap\u00e9, ameublement bois, parquet au sol, fen\u00eatre donnant sur les montagnes","title":"S\u00e9jour lumineux sous combles avec table \u00e0 manger, canap\u00e9, ameublement bois, parquet au sol, fen\u00eatre donnant sur les montagnes","MultiTaille":{"1920x1440":{"url":"https:\/\/www.valdallos.com\/medias\/images\/prestations\/multitailles\/1920x1440_79364-sejour.jpg"},"1200x900":{"url":"https:\/\/www.valdallos.com\/medias\/images\/prestations\/multitailles\/1200x900_79364-sejour.jpg"},"800x600":{"url":"https:\/\/www.valdallos.com\/medias\/images\/prestations\/multitailles\/800x600_79364-sejour.jpg"},"640x480":{"url":"https:\/\/www.valdallos.com\/medias\/images\/prestations\/multitailles\/640x480_79364-sejour.jpg"},"320x240":{"url":"https:\/\/www.valdallos.com\/medias\/images\/prestations\/multitailles\/320x240_79364-sejour.jpg"},"160x120":{"url":"https:\/\/www.valdallos.com\/medias\/images\/prestations\/multitailles\/160x120_79364-sejour.jpg"},"origine":{"url":"https:\/\/www.valdallos.com\/medias\/images\/prestations\/79364-sejour.jpg"}},"urlLien":"","typeLien":"","nofollow":"N","copyright":"M Miserandini"},{"url":"https:\/\/www.valdallos.com\/medias\/images\/prestations\/79365-rangement.jpg","chemin":"..\/medias\/images\/prestations\/79365-rangement.jpg","libelle":"S\u00e9jour avec coin cuisine carrel\u00e9, espace de rangement, table \u00e0 manger, passage vers salle de bains, parquet au sol","extension":"jpg","categorie":"","largeur":1200,"theme":"","hauteur":583,"type":"Image","origine":"","liaisonPave":"","langue":"","id":"79365","urlVignette":"https:\/\/www.valdallos.com\/medias\/images\/prestations\/v-79365-rangement.jpg","alt":"S\u00e9jour avec coin cuisine carrel\u00e9, espace de rangement, table \u00e0 manger, passage vers salle de bains, parquet au sol","title":"S\u00e9jour avec coin cuisine carrel\u00e9, espace de rangement, table \u00e0 manger, passage vers salle de bains, parquet au sol","MultiTaille":{"1920x1440":{"url":"https:\/\/www.valdallos.com\/medias\/images\/prestations\/multitailles\/1920x1440_79365-rangement.jpg"},"1200x900":{"url":"https:\/\/www.valdallos.com\/medias\/images\/prestations\/multitailles\/1200x900_79365-rangement.jpg"},"800x600":{"url":"https:\/\/www.valdallos.com\/medias\/images\/prestations\/multitailles\/800x600_79365-rangement.jpg"},"640x480":{"url":"https:\/\/www.valdallos.com\/medias\/images\/prestations\/multitailles\/640x480_79365-rangement.jpg"},"320x240":{"url":"https:\/\/www.valdallos.com\/medias\/images\/prestations\/multitailles\/320x240_79365-rangement.jpg"},"160x120":{"url":"https:\/\/www.valdallos.com\/medias\/images\/prestations\/multitailles\/160x120_79365-rangement.jpg"},"origine":{"url":"https:\/\/www.valdallos.com\/medias\/images\/prestations\/79365-rangement.jpg"}},"urlLien":"","typeLien":"","nofollow":"N","copyright":"M Miserandini"},{"url":"https:\/\/www.valdallos.com\/medias\/images\/prestations\/79366-velux.jpg","chemin":"..\/medias\/images\/prestations\/79366-velux.jpg","libelle":"Chambre \u00e0 coucher sous combles avec lit double, parquet au sol, velux","extension":"jpg","categorie":"","largeur":583,"theme":"","hauteur":1200,"type":"Image","origine":"","liaisonPave":"","langue":"","id":"79366","urlVignette":"https:\/\/www.valdallos.com\/medias\/images\/prestations\/v-79366-velux.jpg","alt":"Chambre \u00e0 coucher sous combles avec lit double, parquet au sol, velux","title":"Chambre \u00e0 coucher sous combles avec lit double, parquet au sol, velux","MultiTaille":{"1920x1440":{"url":"https:\/\/www.valdallos.com\/medias\/images\/prestations\/multitailles\/1920x1440_79366-velux.jpg"},"1200x900":{"url":"https:\/\/www.valdallos.com\/medias\/images\/prestations\/multitailles\/1200x900_79366-velux.jpg"},"800x600":{"url":"https:\/\/www.valdallos.com\/medias\/images\/prestations\/multitailles\/800x600_79366-velux.jpg"},"640x480":{"url":"https:\/\/www.valdallos.com\/medias\/images\/prestations\/multitailles\/640x480_79366-velux.jpg"},"320x240":{"url":"https:\/\/www.valdallos.com\/medias\/images\/prestations\/multitailles\/320x240_79366-velux.jpg"},"160x120":{"url":"https:\/\/www.valdallos.com\/medias\/images\/prestations\/multitailles\/160x120_79366-velux.jpg"},"origine":{"url":"https:\/\/www.valdallos.com\/medias\/images\/prestations\/79366-velux.jpg"}},"urlLien":"","typeLien":"","nofollow":"N","copyright":"M Miserandini"},{"url":"https:\/\/www.valdallos.com\/medias\/images\/prestations\/79367-salle_de_bain.jpg","chemin":"..\/medias\/images\/prestations\/79367-salle_de_bain.jpg","libelle":"Salle de bains carrel\u00e9e avec bac \u00e0 douche, \u00e9vier, parquet au sol, fen\u00eatre","extension":"jpg","categorie":"","largeur":583,"theme":"","hauteur":1200,"type":"Image","origine":"","liaisonPave":"","langue":"","id":"79367","urlVignette":"https:\/\/www.valdallos.com\/medias\/images\/prestations\/v-79367-salle_de_bain.jpg","alt":"Salle de bains carrel\u00e9e avec bac \u00e0 douche, \u00e9vier, parquet au sol, fen\u00eatre","title":"Salle de bains carrel\u00e9e avec bac \u00e0 douche, \u00e9vier, parquet au sol, fen\u00eatre","MultiTaille":{"1920x1440":{"url":"https:\/\/www.valdallos.com\/medias\/images\/prestations\/multitailles\/1920x1440_79367-salle_de_bain.jpg"},"1200x900":{"url":"https:\/\/www.valdallos.com\/medias\/images\/prestations\/multitailles\/1200x900_79367-salle_de_bain.jpg"},"800x600":{"url":"https:\/\/www.valdallos.com\/medias\/images\/prestations\/multitailles\/800x600_79367-salle_de_bain.jpg"},"640x480":{"url":"https:\/\/www.valdallos.com\/medias\/images\/prestations\/multitailles\/640x480_79367-salle_de_bain.jpg"},"320x240":{"url":"https:\/\/www.valdallos.com\/medias\/images\/prestations\/multitailles\/320x240_79367-salle_de_bain.jpg"},"160x120":{"url":"https:\/\/www.valdallos.com\/medias\/images\/prestations\/multitailles\/160x120_79367-salle_de_bain.jpg"},"origine":{"url":"https:\/\/www.valdallos.com\/medias\/images\/prestations\/79367-salle_de_bain.jpg"}},"urlLien":"","typeLien":"","nofollow":"N","copyright":"M Miserandini"}]}},"DateDebPublication":"","DateFinPublication":"","PrixAPartirDe":"","PrixPour":"","FicheListeEnCours":"fiche_liste_immobilier_prestation_OT_v3","ParametresModele":{"AfficherPhotos":1,"NbPhotosMax":6,"AfficherReserver":0,"AfficherContact":0,"AfficherSalle":1,"AfficherZoneGeo":0,"AfficherEnSavoirPlus":"0","AfficherUneSeuleOuverture":0,"AfficherContactCarte":1,"AfficherTarifsChaudAPartirDe":0,"AfficherTarifChaudSansRecherche":0,"AfficherDispoAccordeon":"1","AfficherDispoResa":"1","AfficherPrixAPartirDe":"1","BlocCritereInfo":{"critere1":{"libelle":"","liste_critere":["classementPrefectoral|2631|G","classementPrefectoral|2630|G","classementPrefectoral|2629|G","classementPrefectoral|2628|G","classementPrefectoral|2627|G","classementPrefectoral|2632|G"]},"critere2":{"libelle":"","liste_critere":["GLOC|G"]},"critere3":{"libelle":""},"critere4":{"libelle":""},"critere5":{"libelle":"","liste_critere":["GHANDI|G","AFFEQUIP|WIFI|G","AFFEQUIP|ANIMAUX|G","AFFEQUIP|PARKING|G","AFFEQUIP|LAVEVAIS|G","AFFEQUIP|LAVELINGEAFF|G","GCHAMB|G","NBPERS|G","GSURFA|G","GLOGEM|G"]},"critere6":{"libelle":"","liste_critere":["GLABEL|GCLEVA|G"]},"critere7":{"libelle":""},"critere8":{"libelle":""},"critere9":{"libelle":""},"afficherpictoetpaslibelle":"1"},"BlocPaveInfo":{"texte1":{"pave":["6","15","20"],"longeurmax":"250","afficherLibelle":"0","garderHtml":"0","boutonVoirPlus":""},"texte3":{"longeurmax":"","afficherLibelle":"0","garderHtml":"0","boutonVoirPlus":""}},"CriteresComportementDispo":"DISPONIBILITES[PLANNINGACT","PositionBloc":"GALLERIE|ZONEPRINCIPALFICHEPRESTA|NOM|CARNET_VOYAGE|ACCROCHE_TARIF_DISPO","TypePrestataire":"G","ComportementResa":false,"ComportementDispo":true},"AffichageCoordonnees":[],"Coordonnees":{"Ville":"Allos"},"ContexteId":"PRESTATION|G|4678053|4687697","ContexteIdHtml":"PRESTATION-G-4678053-4687697","cleContexte":"G|4678053|4687697","Bloc":{"texte1":"Studio in un cottage a 5 minuti a piedi dal centro del paese, con un giardino e parcheggio possibile.","texte3":"","critere1":{"libelle":"","contenu":{"classementPrefectoral":{"libelle":"","contenu":{"4":"\u003Cimg src=\"https:\/\/www.valdallos.com\/medias\/images\/picto\/classementPrefectoral-2628-G.png\"  alt=\"2 stelle\" title=\"2 stelle\" \/\u003E"},"codesValeurs":{"4":"classementPrefectoral|2628|G"},"criteres_datas":{"valeurs":{"4":{"2628":{"descriptif":""}}}}}}},"critere2":{"libelle":"","contenu":{"GLOC":{"libelle":"Localizzare","contenu":{"3":"Val d'Allos - Villaggio"},"codesValeurs":{"3":"GLOC|G14|G"},"criteres_datas":{"valeurs":{"3":{"G14":{"descriptif":""}}}}}}},"critere3":{"libelle":"","contenu":[]},"critere4":{"libelle":"","contenu":[]},"critere5":{"libelle":"","contenu":{"NBPERS":{"libelle":"Persone","contenu":{"2":"3 persone"},"codesValeurs":{"2":"NBPERS|GCAP03|G"},"criteres_datas":{"valeurs":{"2":{"GCAP03":{"descriptif":""}}}}},"GLOGEM":{"libelle":"tipo di alloggio","contenu":{"6":"Monolocale in a chalet"},"codesValeurs":{"6":"GLOGEM|GSTCHA|G"},"criteres_datas":{"valeurs":{"6":{"GSTCHA":{"descriptif":""}}}}},"AFFEQUIP":{"libelle":"Servizi","contenu":{"2":"Animali domestici ammessi","3":"Parcheggio \/ Garage"},"codesValeurs":{"2":"AFFEQUIP|ANIMAUX|G","3":"AFFEQUIP|PARKING|G"},"criteres_datas":{"valeurs":{"2":{"ANIMAUX":{"descriptif":""}},"3":{"PARKING":{"descriptif":""}}}}}}},"critere6":{"libelle":"","contenu":[]},"critere7":{"libelle":"","contenu":[]},"critere8":{"libelle":"","contenu":[]},"critere9":{"libelle":"","contenu":[]}},"LocalisationGps":{"Latitude":"44.243112","Longitude":"6.626188"},"libelleDuPrestataire":"","vuePrestataire":{"pave1":{"libelle":"","contenu":""},"pave2":{"libelle":"","contenu":""},"pave3":{"libelle":"","contenu":""},"pave4":{"libelle":"","contenu":""},"pave5":{"libelle":"","contenu":""},"pave6":{"libelle":"","contenu":""},"pave7":{"libelle":"","contenu":""},"pave8":{"libelle":"","contenu":""},"pave9":{"libelle":"","contenu":""},"pave10":{"libelle":"","contenu":""},"pave11":{"libelle":"","contenu":""},"pave12":{"libelle":"","contenu":""},"pave13":{"libelle":"","contenu":""},"pave14":{"libelle":"","contenu":""},"pave15":{"libelle":"","contenu":""},"pave16":{"libelle":"","contenu":""},"pave17":{"libelle":"","contenu":""},"pave18":{"libelle":"","contenu":""},"pave19":{"libelle":"","contenu":""},"pave20":{"libelle":"","contenu":""},"pave21":{"libelle":"","contenu":""},"pave22":{"libelle":"","contenu":""},"pave23":{"libelle":"","contenu":""},"pave24":{"libelle":"","contenu":""},"pave25":{"libelle":"","contenu":""},"ContactsParType":{"LIEU":{"114353":{"id_contact":"114353","type_contact":"LIEU","categorie_contact":"PRESTATAIRE","societe_contact":"","fonction_contact":"","civilite_nom_prenom_contact":"Miserandini Dani\u00e8le ","adresse1_contact":"","adresse2_contact":"","adresse3_contact":"","cpostal_contact":"","ville_contact":"","teldom_contact":"","telbur_contact":"","fax_contact":"","portable_contact":"06 83 24 87 75","email_contact":"","siteweb_contact":"","commentaire_contact":"","langue_contact":"","autre_moyen_com":[]}},"GEST":{"114355":{"id_contact":"114355","type_contact":"GEST","categorie_contact":"PRESTATAIRE","societe_contact":"","fonction_contact":"","civilite_nom_prenom_contact":"Miserandini Dani\u00e8le ","adresse1_contact":"Le prada","adresse2_contact":"Val d'Allos le village","adresse3_contact":"","cpostal_contact":"04260","ville_contact":"Allos","teldom_contact":"04 92 83 02 64","telbur_contact":"","fax_contact":"","portable_contact":"06 52 53 46 89","email_contact":"danye.miserandini@laposte.net","siteweb_contact":"","commentaire_contact":"","langue_contact":"","autre_moyen_com":[]}}},"ZoneGeoLibelle":"Haut-Verdon","Libelle":"Miserandini Dani\u00e8le","Nom":"Miserandini Dani\u00e8le ","Prenom":"","NomPrenom":"Miserandini Dani\u00e8le  ","CiviliteNomPrenom":"Miserandini Dani\u00e8le  ","Cle":"G|4678053","PrestataireParent":"","ContexteStat":"PRESTATAIRE-G-4678053","DateModificationIso":"2025-11-19T00:25:00+01:00","Type":"PRESTATAIRE","TypePrestataire":"G","Adresse":{"LigneAdresse1":"","LigneAdresse2":"","LigneAdresse3":"","CodePostal":"","Ville":"","Cedex":"","Etat":"","Pays":""},"Email":"danye.miserandini@laposte.net","Telephone":"04 92 83 02 64","TelephoneBureau":"06 83 24 87 75","Portable":"06 52 53 46 89","SiteWeb":"","Fax":"","Id":"g-4678053","Code":"G|4678053","Fichier":[],"Url":"","Localisation":{"GoogleMap":{"Latitude":"","Longitude":""}},"ZoneGeo":"FRPA04VAHVERD","Criteres":{"GINFADH[GMONT":"80","GINFADH[GCOMM":"prochain classement dec 2017","GTIMMO[GPARTI":"","P.GLOC[G14":"","P.6241[126905":"","P.6241[5740912":"","P.3218[311229":"","P.3220[587401":"","P.3220[5575332":"","P.3233[591419":"","P.3221[4876304":"","P.3219[5127127":"","P.3219[5239406":"","P.3219[6436838":"","P.3240[5778284":"","P.6242[5843488":"","P.3230[6139211":"","P.VilleSitra[1559":"","P.VillageDeDepart[1559":""},"DateFinPublication":"","AffichageCoordonnees":[]},"listeCriteres":{"GLOC":{"G14":""},"GLOGEM":{"GSTCHA":""},"AFFEQUIP":{"ANIMAUX":"","PARKING":"","JAR":""},"GPREST":{"GLOCAS":""},"GCHAR":{"GCHARC":""},"GEQUIC":{"GFOUR":"","GMICRO":"","GREFIG":""},"GEQUIS":{"GLECTE":"","GTELEV":""},"GSALLE":{"GDOUCH":"","GWC":""},"G1EQUI":{"GLOCSK":"","GLOVEL":"","GMOBIL":""},"GPARKI":{"GPARKE":""},"GANIMA":{"GANIMA":""},"AFFGTYPE":{"STUDIO":""},"NBPERS":{"GCAP03":""},"PUBLICATION":{"VALDALLOS":"","VERDONTOURISME":""},"DISPONIBILITES":{"DISPORELANCE":"","PLANNINGACT":""},"GCAPACITE":{"3PERS":""},"GNOMBRE":{"3PERS":""},"LOCVERDON":{"1559":""},"VISIBWEB":{"PLANNINGVISIBLE":""},"4790":{"5063":""},"127":{"606":""},"22":{"672":"","1058":""},"126":{"972":""},"services":{"687":""},"prestations":{"animauxAcceptes":"","surchargeTourismesAdaptes":"","surchargeDescriptifHandicapMoteur":"","surchargeDescriptifHandicapAuditif":"","surchargeDescriptifHandicapVisuel":"","surchargeDescriptifHandicapMental":"","surchargeNombreFauteuilsRoulants":""},"73":{"902":""},"70":{"907":"","943":"","999":""},"72":{"963":"","998":""},"71":{"987":""},"languesParlees":{"1197":""},"6528":{"169":""},"environnements":{"176":""},"modesPaiement":{"1271":"","1277":"","1281":""},"tourismeAffaires":{"tourismeAffairesEnabled":"","devise":"EUR"},"hebergementLocatifType":{"2620":""},"informationsHebergementLocatif":{"dateClassement":"2026-04-08"},"classementPrefectoral":{"2628":""},"5403":{"1681":""},"capacite":{"capaciteHebergement":"3","capaciteMaximumPossible":"3","surface":"27","numeroEtage":"1"},"CINTSITRA":{"5660":"","8809":""},"6241":{"126905":"","5740912":""},"3218":{"311229":""},"3220":{"587401":"","5575332":""},"3233":{"591419":""},"3221":{"4876304":""},"3219":{"5127127":"","5239406":"","6436838":""},"3240":{"5778284":""},"6242":{"5843488":""},"3230":{"6139211":""},"VilleSitra":{"1559":""},"VillageDeDepart":{"1559":""},"GINFADH":{"GMONT":"80","GCOMM":"prochain classement dec 2017"},"GTIMMO":{"GPARTI":""},"P.GLOC":{"G14":""},"P.6241":{"126905":"","5740912":""},"P.3218":{"311229":""},"P.3220":{"587401":"","5575332":""},"P.3233":{"591419":""},"P.3221":{"4876304":""},"P.3219":{"5127127":"","5239406":"","6436838":""},"P.3240":{"5778284":""},"P.6242":{"5843488":""},"P.3230":{"6139211":""},"P.VilleSitra":{"1559":""},"P.VillageDeDepart":{"1559":""}},"dansCarnetVoyage":true,"Ouverture":"","WidgetDispoRechercheDate":false,"WidgetDispoVoirLienVoirToutesDispos":true,"ChargerWidgetDispoAuClic":true,"WidgetDispo":"\u003Cspan\u003E\u003C\/span\u003E","JsOnClickBtnDispo":"\u003Cscript\u003E\n                try{\n                    WidgetDispos.addChargementAuClicBtnDispoAccordeon('PRESTATION-G-4678053-4687697',{tabParamsWidgetDispo : {\"id\":\"G|4678053|4687697\",\"origineListeInfo\":\"\",\"vue\":\"semaineLigne\",\"mode\":\"ajax\",\"url_fiche\":\"monolocale-in-a-chalet-2-stelle-haut-verdon-val-dallos-le-village.html\",\"id_form_contact\":\"42\",\"version\":\"2\",\"parametersWidgetV2\":{\"el\":\"blocDispo-PRESTATION-G-4678053-4687697\",\"object\":{\"code\":\"G|4678053|4687697\"},\"cid\":\"8\",\"site\":{\"code\":\"SITE2018\",\"url\":\"https:\\\/\\\/it.valdallos.com\"},\"slider\":{\"controls\":{\"arrows\":{\"enable\":true,\"showLocked\":true,\"style\":\"button\"}}},\"booking\":{\"enable\":false,\"waitForWindowLoad\":false,\"parameters\":{\"idWidget\":\"blocResa-PRESTATION-G-4678053-4687697\",\"queryParams\":null,\"withoutForm\":true}},\"options\":{\"typeDate\":\"SS\",\"elReferer\":\"PRESTATION-G-4678053-4687697\",\"ingContext\":\"RESA\",\"urlFiche\":\"monolocale-in-a-chalet-2-stelle-haut-verdon-val-dallos-le-village.html\",\"startDate\":null,\"templates\":{\"Week\":\"semaine\",\"Days\":\"mois\"},\"plugContactForm\":\"42\"}}},idBloc : \"blocDispo-PRESTATION-G-4678053-4687697\",prestation : \"G|4678053|4687697\"});\n                }\n                catch(e) {\n                    \/\/console.log(e);\n                }\u003C\/script\u003E"},"html":" \n \u003Cdiv id=\"CV-PRESTATION-G-4678053-4687697\" data-contexte-id=\"PRESTATION|G|4678053|4687697\" data-cle=\"G|4678053|4687697\" class=\"fiche-liste\"\u003E\n    \n\n    \u003C!-- partie photo --\u003E\n    \u003Cdiv class=\"photo\"\u003E\t\t\t\t\t\t\t\t\t\t\t\t\t\t\t\t\t\t\t\t\t\n        \u003Cdiv class=\"cadre_photo_principale\"\u003E\t\t\n        \n            \t\t\t\t\t\n                    \u003Ca href=\"monolocale-in-a-chalet-2-stelle-haut-verdon-val-dallos-le-village.html?origine=carnet#media\"\u003E\n                        \u003Cimg class=\"photo_principale\" alt=\"S\u00e9jour lumineux avec table \u00e0 manger, TV, ameublement bois, parquet au sol, fen\u00eatre ouvrant sur les montagnes\" src=\"https:\/\/www.valdallos.com\/medias\/images\/prestations\/multitailles\/320x240_79363-sejour.jpg\" itemprop=\"image\"\u003E\n                    \u003C\/a\u003E\t\t\t\t\t\t\n                \n                    \u003C\/div\u003E\t\t\t\t\t\t\t\t\t\t\t\t\t\t\t\t\t\t\t \t\t\n    \u003C\/div\u003E\n    \n    \u003C!-- partie nom prest --\u003E\n    \u003Cdiv class=\"nom\"\u003E\n        \u003Ch2\u003EMiserandini Dani\u00e8le\u003C\/h2\u003E\n        \n            \u003C\/div\u003E\n\n         \n    \u003C!-- partie adresse --\u003E\n    \u003Cdiv class=\"adresse\"\u003E\n    \n          \n    \u003C\/div\u003E\n    \n    \u003C!-- partie liens --\u003E\n    \u003Cdiv class=\"liens\"\u003E\n            \u003Ca class=\"btn-icon btn-view \" title=\"Vedi il file dettagliato\" href=\"monolocale-in-a-chalet-2-stelle-haut-verdon-val-dallos-le-village.html?origine=carnet\"\u003E\u003C\/a\u003E\u003C!--\u003Ca class=\"btn-icon btn-view \" title=\"\" href=\"?origine=carnet#thaut\"\u003E\u003C\/a\u003E--\u003E\n      \u003Ca class=\"btn-icon btn-trash carnet_voyage_supprimer\" title=\"Elimina questo file dal mio diario di viaggio\" href=\"carnet-voyage?action=remove&fiche=G|4678053|4687697\"\u003E\u003C\/a\u003E\n    \u003C\/div\u003E\n\n\u003C\/div\u003E\n\n","icon":"https:\/\/static.ingenie.fr\/images\/carnetVoyageV3\/G.png"},"fiche":"G|4678053|4687697","popup":"\u003Cdiv id=\"bloc_popup_ajout_fiche_carnet\"\u003E\n    \u003Cdiv class=\"info_popup_ajout_fiche_carnet\"\u003E\n        Hai appena aggiunto questo elemento alla tua selezione:    \u003C\/div\u003E\n    \u003Cdiv class=\"prest_popup_ajout_fiche_carnet\"\u003E\n        Miserandini Dani&egrave;le    \u003C\/div\u003E\n    \u003Cdiv class=\"bloc_btn_ajout_fiche_carnet form_submit_div\"\u003E\n        \u003Cinput type=\"button\" value=\"Continua la mia selezione\" title=\"Continua la mia selezione\" name=\"btn_close\" class=\"btn_close_popup_carnet form_submit\" onclick=\"$.colorbox.close()\" \/\u003E\n        \u003Cinput type=\"button\" value=\"Visualizza la mia selezione\" title=\"Visualizza la mia selezione\" name=\"btn_panier\" class=\"btn_panier_popup_carnet form_submit\" onclick=\"if(typeof CarnetVoyage != 'undefined') {CarnetVoyage.voirCarnet();}\" \/\u003E\n    \u003C\/div\u003E\n    \u003Cdiv class=\"bloc_btn_ajout_fiche_carnet\"\u003E\n        \u003Cinput type=\"checkbox\" value=\"1\" name=\"desactiver_popup\" id=\"desactiver_popup\" \/\u003E\n        \u003Clabel for=\"desactiver_popup\"\u003ENon visualizzare pi\u00f9 questo messaggio\u003C\/label\u003E\n    \u003C\/div\u003E\n\u003C\/div\u003E","success":1}