{"nbFiches":1,"dataPrest":{"infoPrest":{"pave1":{"libelle":"Descriptif","contenu":"","fichiers":[]},"pave2":{"libelle":"Indirizzo","contenu":"","fichiers":[]},"pave3":{"libelle":"Tarifs Hiver","contenu":"","fichiers":[]},"pave4":{"libelle":"Tarifs Et\u00e9","contenu":"","fichiers":[]},"pave5":{"libelle":"URL de la r\u00e9servation ou vente en ligne","contenu":"","fichiers":[]},"pave6":{"libelle":"Descriptif court","contenu":"Appartamento con un balcone, situato nel centro della stazione di Val d'Allos-La Foux, con parcheggio privato.","fichiers":[]},"pave7":{"libelle":"Descriptif d\u00e9taill\u00e9","contenu":"","fichiers":[]},"pave8":{"libelle":"Bons plans","contenu":"","fichiers":[]},"pave9":{"libelle":"Compl\u00e9ment localisation","contenu":"","fichiers":[]},"pave10":{"libelle":"Compl\u00e9ment accueil","contenu":"","fichiers":[]},"pave11":{"libelle":"P\u00e9riodes en clair","contenu":"","fichiers":[]},"pave12":{"libelle":"Tarifs en clair","contenu":"","fichiers":[]},"pave13":{"libelle":"Compl\u00e9ment Tarifs","contenu":"","fichiers":[]},"pave14":{"libelle":"Compl\u00e9ment R\u00e9servation","contenu":"","fichiers":[]},"pave15":{"libelle":"Descriptif court","contenu":"","fichiers":[]},"pave16":{"libelle":"Descriptif d\u00e9taill\u00e9","contenu":"","fichiers":[]},"pave17":{"libelle":"Bons plans","contenu":"","fichiers":[]},"pave18":{"libelle":"Tarifs (Tarifs en clair, Compl\u00e9ment Tarifs)","contenu":"","fichiers":[]},"pave19":{"libelle":"P\u00e9riodes en clair","contenu":"","fichiers":[]},"pave20":{"libelle":"Descriptif court","contenu":"","fichiers":[]},"pave21":{"libelle":"Descriptif d\u00e9taill\u00e9","contenu":"","fichiers":[]},"pave22":{"libelle":"Bons plans","contenu":"","fichiers":[]},"pave23":{"libelle":"Tarifs (Tarifs en clair, Compl\u00e9ment Tarifs)","contenu":"","fichiers":[]},"pave24":{"libelle":"P\u00e9riodes en clair","contenu":"","fichiers":[]},"pave25":{"libelle":"Dispositions sp\u00e9ciales","contenu":"","fichiers":[]},"Libelle":"Nakam Jacques","Reference":"","Reftar":"02","Type":"PRESTATION","TypePrestataire":"G","ContexteStat":"PRESTATION-G-4678058-4893714","DateModificationIso":"2026-04-27T13:44:00+02:00","Adresse":{"LigneAdresse1":"Le Pont du verdon","LigneAdresse2":"L'Alisier - Bat A","LigneAdresse3":"","CodePostal":"04260","Ville":"La Foux d\u2019Allos","Cedex":"","Etat":"","Pays":"FRA"},"Id":"g-4678058-4893714","Code":"G|4678058|4893714","Cle":"G|4678058|4893714","Url":"2-stelle-1.html","Localisation":{"GoogleMap":{"Latitude":"44.290697","Longitude":"6.569868"}},"ZoneGeo":"","Criteres":{"DISPONIBILITES[DISPORELANCE":"","GPREST[GLOCAS":"","GPREST[GCOU":"","GCAPACITE[4PERS":"","NBPERS[GCAP04":"","GLOGEM[GAPPRE":"","GEQUIC[GLAVEV":"","GPARKI[GPARKC":"","GPARKI[GPARKE":"","informationsHebergementLocatif[dateClassement":"2017-09-14","CINTSITRA[8809":"","CINTSITRA[5660":"","classementPrefectoral[2628":"","languesParlees[1197":"","capacite[capaciteHebergement":"4","capacite[capaciteMaximumPossible":"4","capacite[surface":"42","capacite[nombrePieces":"1","capacite[nombreEtages":"2","capacite[nombreChambresEnMezzanine":"2","typeLabel[2634":"","3233[591419":"","3218[311229":"","3221[4876304":"","modesPaiement[1271":"","modesPaiement[1281":"","modesPaiement[1277":"","VilleSitra[37282":"","5403[1613":"","126[972":"","126[1323":"","122[4054":"","122[4055":"","118[1145":"","73[796":"","73[973":"","70[907":"","70[922":"","70[999":"","68[971":"","72[963":"","71[987":"","PUBLICATION[VALDALLOS":"","PUBLICATION[VERDONTOURISME":"","environnements[171":"","environnements[178":"","environnements[193":"","environnements[184":"","hebergementLocatifType[2620":"","GNOMBRE[4PERS":"","AFFEQUIP[PARKING":"","AFFEQUIP[LAVEVAIS":"","GLOC[G18":"","3220[587401":"","3220[5575332":"","LOCVERDON[37282":"","3219[5127066":"","3219[5239406":"","3240[5778284":"","6241[126905":"","6241[5740912":"","AFFGTYPE[APPART":""},"ContactsParType":{"IWEB":{"84451":{"id_contact":"84451","type_contact":"IWEB","categorie_contact":"PRESTATION","societe_contact":"","fonction_contact":"","civilite_nom_prenom_contact":"Nakam Jacques  ","adresse1_contact":"","adresse2_contact":"","adresse3_contact":"","cpostal_contact":"","ville_contact":"","teldom_contact":"04 86 07 90 33","telbur_contact":"","fax_contact":"","portable_contact":"06 13 02 81 41","email_contact":"d.nakam@gmail.com","siteweb_contact":"","commentaire_contact":"","langue_contact":"","autre_moyen_com":[]}},"":{"84453":{"id_contact":"84453","type_contact":"","categorie_contact":"PRESTATION","societe_contact":"","fonction_contact":"","civilite_nom_prenom_contact":"M Nakam Jcques ","adresse1_contact":"","adresse2_contact":"","adresse3_contact":"","cpostal_contact":"","ville_contact":"","teldom_contact":"","telbur_contact":"","fax_contact":"","portable_contact":"","email_contact":"","siteweb_contact":"","commentaire_contact":"","langue_contact":"","autre_moyen_com":[]}}},"ContactRemplaceCoordonnees":"84451","Prestataire":{"pave1":{"libelle":"","contenu":""},"pave2":{"libelle":"","contenu":""},"pave3":{"libelle":"","contenu":""},"pave4":{"libelle":"","contenu":""},"pave5":{"libelle":"","contenu":""},"pave6":{"libelle":"","contenu":""},"pave7":{"libelle":"","contenu":""},"pave8":{"libelle":"","contenu":""},"pave9":{"libelle":"","contenu":""},"pave10":{"libelle":"","contenu":""},"pave11":{"libelle":"","contenu":""},"pave12":{"libelle":"","contenu":""},"pave13":{"libelle":"","contenu":""},"pave14":{"libelle":"","contenu":""},"pave15":{"libelle":"","contenu":""},"pave16":{"libelle":"","contenu":""},"pave17":{"libelle":"","contenu":""},"pave18":{"libelle":"","contenu":""},"pave19":{"libelle":"","contenu":""},"pave20":{"libelle":"","contenu":""},"pave21":{"libelle":"","contenu":""},"pave22":{"libelle":"","contenu":""},"pave23":{"libelle":"","contenu":""},"pave24":{"libelle":"","contenu":""},"pave25":{"libelle":"","contenu":""},"ContactsParType":{"GEST":{"114358":{"id_contact":"114358","type_contact":"GEST","categorie_contact":"PRESTATAIRE","societe_contact":"","fonction_contact":"","civilite_nom_prenom_contact":"Nakam Jacques ","adresse1_contact":"4 avenue H\u00e9l\u00e8ne Boucher","adresse2_contact":"","adresse3_contact":"","cpostal_contact":"13800","ville_contact":"Istres","teldom_contact":"04 86 07 90 33","telbur_contact":"","fax_contact":"","portable_contact":"06 13 02 81 41","email_contact":"d.nakam@gmail.com","siteweb_contact":"","commentaire_contact":"","langue_contact":"","autre_moyen_com":[]}}},"Libelle":"Nakam Jacques","Nom":"Nakam Jacques ","Prenom":"","NomPrenom":"Nakam Jacques  ","CiviliteNomPrenom":"Nakam Jacques  ","Cle":"G|4678058","PrestataireParent":"","ContexteStat":"PRESTATAIRE-G-4678058","DateModificationIso":"2025-11-19T00:25:00+01:00","Type":"PRESTATAIRE","TypePrestataire":"G","Adresse":{"LigneAdresse1":"","LigneAdresse2":"","LigneAdresse3":"","CodePostal":"","Ville":"","Cedex":"","Etat":"","Pays":""},"Email":"d.nakam@gmail.com","Telephone":"04 86 07 90 33","TelephoneBureau":"","Portable":"06 13 02 81 41","SiteWeb":"","Fax":"","Id":"g-4678058","Code":"G|4678058","Fichier":[],"Url":"","Localisation":{"GoogleMap":{"Latitude":"","Longitude":""}},"ZoneGeo":"","Criteres":{"GINFADH[GDEB":"20130121","GINFADH[GMONT":"115","GINFADH[GCOMM":"prochain classement dec 2017","GTIMMO[GPARTI":"","P.3218[591381":"","P.3233[591419":"","P.3219[5127066":"","P.3219[7242385":"","P.4805[5427637":"","P.3220[5693765":"","P.3220[5853947":"","P.5311[5693899":"","P.VilleSitra[4458":"","P.VillageDeDepart[4458":""},"DateFinPublication":""},"Fichier":{"Image":[{"url":"https:\/\/www.valdallos.com\/medias\/images\/prestations\/64433-img_1698.jpg","chemin":"..\/medias\/images\/prestations\/64433-img_1698.jpg","libelle":"img_1698.jpg","extension":"jpg","categorie":"","largeur":640,"theme":"","hauteur":480,"type":"Image","origine":"","liaisonPave":"","langue":"","id":"64433","urlVignette":"https:\/\/www.valdallos.com\/medias\/images\/prestations\/v-64433-img_1698.jpg","alt":"img_1698.jpg","title":"img_1698.jpg","MultiTaille":{"1920x1440":{"url":"https:\/\/www.valdallos.com\/medias\/images\/prestations\/multitailles\/1920x1440_64433-img_1698.jpg"},"1200x900":{"url":"https:\/\/www.valdallos.com\/medias\/images\/prestations\/multitailles\/1200x900_64433-img_1698.jpg"},"800x600":{"url":"https:\/\/www.valdallos.com\/medias\/images\/prestations\/multitailles\/800x600_64433-img_1698.jpg"},"640x480":{"url":"https:\/\/www.valdallos.com\/medias\/images\/prestations\/multitailles\/640x480_64433-img_1698.jpg"},"320x240":{"url":"https:\/\/www.valdallos.com\/medias\/images\/prestations\/multitailles\/320x240_64433-img_1698.jpg"},"160x120":{"url":"https:\/\/www.valdallos.com\/medias\/images\/prestations\/multitailles\/160x120_64433-img_1698.jpg"},"origine":{"url":"https:\/\/www.valdallos.com\/medias\/images\/prestations\/64433-img_1698.jpg"}},"urlLien":"","typeLien":"","nofollow":"N","copyright":"nakam"},{"url":"https:\/\/www.valdallos.com\/medias\/images\/prestations\/64435-img_1697.jpg","chemin":"..\/medias\/images\/prestations\/64435-img_1697.jpg","libelle":"img_1697.jpg","extension":"jpg","categorie":"","largeur":640,"theme":"","hauteur":480,"type":"Image","origine":"","liaisonPave":"","langue":"","id":"64435","urlVignette":"https:\/\/www.valdallos.com\/medias\/images\/prestations\/v-64435-img_1697.jpg","alt":"img_1697.jpg","title":"img_1697.jpg","MultiTaille":{"1920x1440":{"url":"https:\/\/www.valdallos.com\/medias\/images\/prestations\/multitailles\/1920x1440_64435-img_1697.jpg"},"1200x900":{"url":"https:\/\/www.valdallos.com\/medias\/images\/prestations\/multitailles\/1200x900_64435-img_1697.jpg"},"800x600":{"url":"https:\/\/www.valdallos.com\/medias\/images\/prestations\/multitailles\/800x600_64435-img_1697.jpg"},"640x480":{"url":"https:\/\/www.valdallos.com\/medias\/images\/prestations\/multitailles\/640x480_64435-img_1697.jpg"},"320x240":{"url":"https:\/\/www.valdallos.com\/medias\/images\/prestations\/multitailles\/320x240_64435-img_1697.jpg"},"160x120":{"url":"https:\/\/www.valdallos.com\/medias\/images\/prestations\/multitailles\/160x120_64435-img_1697.jpg"},"origine":{"url":"https:\/\/www.valdallos.com\/medias\/images\/prestations\/64435-img_1697.jpg"}},"urlLien":"","typeLien":"","nofollow":"N","copyright":"nakam"},{"url":"https:\/\/www.valdallos.com\/medias\/images\/prestations\/64436-img_6441.jpg","chemin":"..\/medias\/images\/prestations\/64436-img_6441.jpg","libelle":"img_6441.jpg","extension":"jpg","categorie":"","largeur":640,"theme":"","hauteur":480,"type":"Image","origine":"","liaisonPave":"","langue":"","id":"64436","urlVignette":"https:\/\/www.valdallos.com\/medias\/images\/prestations\/v-64436-img_6441.jpg","alt":"img_6441.jpg","title":"img_6441.jpg","MultiTaille":{"1920x1440":{"url":"https:\/\/www.valdallos.com\/medias\/images\/prestations\/multitailles\/1920x1440_64436-img_6441.jpg"},"1200x900":{"url":"https:\/\/www.valdallos.com\/medias\/images\/prestations\/multitailles\/1200x900_64436-img_6441.jpg"},"800x600":{"url":"https:\/\/www.valdallos.com\/medias\/images\/prestations\/multitailles\/800x600_64436-img_6441.jpg"},"640x480":{"url":"https:\/\/www.valdallos.com\/medias\/images\/prestations\/multitailles\/640x480_64436-img_6441.jpg"},"320x240":{"url":"https:\/\/www.valdallos.com\/medias\/images\/prestations\/multitailles\/320x240_64436-img_6441.jpg"},"160x120":{"url":"https:\/\/www.valdallos.com\/medias\/images\/prestations\/multitailles\/160x120_64436-img_6441.jpg"},"origine":{"url":"https:\/\/www.valdallos.com\/medias\/images\/prestations\/64436-img_6441.jpg"}},"urlLien":"","typeLien":"","nofollow":"N","copyright":"nakam"},{"url":"https:\/\/www.valdallos.com\/medias\/images\/prestations\/64434-img_6439.jpg","chemin":"..\/medias\/images\/prestations\/64434-img_6439.jpg","libelle":"img_6439.jpg","extension":"jpg","categorie":"","largeur":640,"theme":"HIVER","hauteur":480,"type":"Image","origine":"","liaisonPave":"","langue":"","id":"64434","urlVignette":"https:\/\/www.valdallos.com\/medias\/images\/prestations\/v-64434-img_6439.jpg","alt":"img_6439.jpg","title":"img_6439.jpg","MultiTaille":{"1920x1440":{"url":"https:\/\/www.valdallos.com\/medias\/images\/prestations\/multitailles\/1920x1440_64434-img_6439.jpg"},"1200x900":{"url":"https:\/\/www.valdallos.com\/medias\/images\/prestations\/multitailles\/1200x900_64434-img_6439.jpg"},"800x600":{"url":"https:\/\/www.valdallos.com\/medias\/images\/prestations\/multitailles\/800x600_64434-img_6439.jpg"},"640x480":{"url":"https:\/\/www.valdallos.com\/medias\/images\/prestations\/multitailles\/640x480_64434-img_6439.jpg"},"320x240":{"url":"https:\/\/www.valdallos.com\/medias\/images\/prestations\/multitailles\/320x240_64434-img_6439.jpg"},"160x120":{"url":"https:\/\/www.valdallos.com\/medias\/images\/prestations\/multitailles\/160x120_64434-img_6439.jpg"},"origine":{"url":"https:\/\/www.valdallos.com\/medias\/images\/prestations\/64434-img_6439.jpg"}},"urlLien":"","typeLien":"","nofollow":"N","copyright":"nakam"}],"ByCategorie":{"":[{"url":"https:\/\/www.valdallos.com\/medias\/images\/prestations\/64433-img_1698.jpg","chemin":"..\/medias\/images\/prestations\/64433-img_1698.jpg","libelle":"img_1698.jpg","extension":"jpg","categorie":"","largeur":640,"theme":"","hauteur":480,"type":"Image","origine":"","liaisonPave":"","langue":"","id":"64433","urlVignette":"https:\/\/www.valdallos.com\/medias\/images\/prestations\/v-64433-img_1698.jpg","alt":"img_1698.jpg","title":"img_1698.jpg","MultiTaille":{"1920x1440":{"url":"https:\/\/www.valdallos.com\/medias\/images\/prestations\/multitailles\/1920x1440_64433-img_1698.jpg"},"1200x900":{"url":"https:\/\/www.valdallos.com\/medias\/images\/prestations\/multitailles\/1200x900_64433-img_1698.jpg"},"800x600":{"url":"https:\/\/www.valdallos.com\/medias\/images\/prestations\/multitailles\/800x600_64433-img_1698.jpg"},"640x480":{"url":"https:\/\/www.valdallos.com\/medias\/images\/prestations\/multitailles\/640x480_64433-img_1698.jpg"},"320x240":{"url":"https:\/\/www.valdallos.com\/medias\/images\/prestations\/multitailles\/320x240_64433-img_1698.jpg"},"160x120":{"url":"https:\/\/www.valdallos.com\/medias\/images\/prestations\/multitailles\/160x120_64433-img_1698.jpg"},"origine":{"url":"https:\/\/www.valdallos.com\/medias\/images\/prestations\/64433-img_1698.jpg"}},"urlLien":"","typeLien":"","nofollow":"N","copyright":"nakam"},{"url":"https:\/\/www.valdallos.com\/medias\/images\/prestations\/64435-img_1697.jpg","chemin":"..\/medias\/images\/prestations\/64435-img_1697.jpg","libelle":"img_1697.jpg","extension":"jpg","categorie":"","largeur":640,"theme":"","hauteur":480,"type":"Image","origine":"","liaisonPave":"","langue":"","id":"64435","urlVignette":"https:\/\/www.valdallos.com\/medias\/images\/prestations\/v-64435-img_1697.jpg","alt":"img_1697.jpg","title":"img_1697.jpg","MultiTaille":{"1920x1440":{"url":"https:\/\/www.valdallos.com\/medias\/images\/prestations\/multitailles\/1920x1440_64435-img_1697.jpg"},"1200x900":{"url":"https:\/\/www.valdallos.com\/medias\/images\/prestations\/multitailles\/1200x900_64435-img_1697.jpg"},"800x600":{"url":"https:\/\/www.valdallos.com\/medias\/images\/prestations\/multitailles\/800x600_64435-img_1697.jpg"},"640x480":{"url":"https:\/\/www.valdallos.com\/medias\/images\/prestations\/multitailles\/640x480_64435-img_1697.jpg"},"320x240":{"url":"https:\/\/www.valdallos.com\/medias\/images\/prestations\/multitailles\/320x240_64435-img_1697.jpg"},"160x120":{"url":"https:\/\/www.valdallos.com\/medias\/images\/prestations\/multitailles\/160x120_64435-img_1697.jpg"},"origine":{"url":"https:\/\/www.valdallos.com\/medias\/images\/prestations\/64435-img_1697.jpg"}},"urlLien":"","typeLien":"","nofollow":"N","copyright":"nakam"},{"url":"https:\/\/www.valdallos.com\/medias\/images\/prestations\/64436-img_6441.jpg","chemin":"..\/medias\/images\/prestations\/64436-img_6441.jpg","libelle":"img_6441.jpg","extension":"jpg","categorie":"","largeur":640,"theme":"","hauteur":480,"type":"Image","origine":"","liaisonPave":"","langue":"","id":"64436","urlVignette":"https:\/\/www.valdallos.com\/medias\/images\/prestations\/v-64436-img_6441.jpg","alt":"img_6441.jpg","title":"img_6441.jpg","MultiTaille":{"1920x1440":{"url":"https:\/\/www.valdallos.com\/medias\/images\/prestations\/multitailles\/1920x1440_64436-img_6441.jpg"},"1200x900":{"url":"https:\/\/www.valdallos.com\/medias\/images\/prestations\/multitailles\/1200x900_64436-img_6441.jpg"},"800x600":{"url":"https:\/\/www.valdallos.com\/medias\/images\/prestations\/multitailles\/800x600_64436-img_6441.jpg"},"640x480":{"url":"https:\/\/www.valdallos.com\/medias\/images\/prestations\/multitailles\/640x480_64436-img_6441.jpg"},"320x240":{"url":"https:\/\/www.valdallos.com\/medias\/images\/prestations\/multitailles\/320x240_64436-img_6441.jpg"},"160x120":{"url":"https:\/\/www.valdallos.com\/medias\/images\/prestations\/multitailles\/160x120_64436-img_6441.jpg"},"origine":{"url":"https:\/\/www.valdallos.com\/medias\/images\/prestations\/64436-img_6441.jpg"}},"urlLien":"","typeLien":"","nofollow":"N","copyright":"nakam"},{"url":"https:\/\/www.valdallos.com\/medias\/images\/prestations\/64434-img_6439.jpg","chemin":"..\/medias\/images\/prestations\/64434-img_6439.jpg","libelle":"img_6439.jpg","extension":"jpg","categorie":"","largeur":640,"theme":"HIVER","hauteur":480,"type":"Image","origine":"","liaisonPave":"","langue":"","id":"64434","urlVignette":"https:\/\/www.valdallos.com\/medias\/images\/prestations\/v-64434-img_6439.jpg","alt":"img_6439.jpg","title":"img_6439.jpg","MultiTaille":{"1920x1440":{"url":"https:\/\/www.valdallos.com\/medias\/images\/prestations\/multitailles\/1920x1440_64434-img_6439.jpg"},"1200x900":{"url":"https:\/\/www.valdallos.com\/medias\/images\/prestations\/multitailles\/1200x900_64434-img_6439.jpg"},"800x600":{"url":"https:\/\/www.valdallos.com\/medias\/images\/prestations\/multitailles\/800x600_64434-img_6439.jpg"},"640x480":{"url":"https:\/\/www.valdallos.com\/medias\/images\/prestations\/multitailles\/640x480_64434-img_6439.jpg"},"320x240":{"url":"https:\/\/www.valdallos.com\/medias\/images\/prestations\/multitailles\/320x240_64434-img_6439.jpg"},"160x120":{"url":"https:\/\/www.valdallos.com\/medias\/images\/prestations\/multitailles\/160x120_64434-img_6439.jpg"},"origine":{"url":"https:\/\/www.valdallos.com\/medias\/images\/prestations\/64434-img_6439.jpg"}},"urlLien":"","typeLien":"","nofollow":"N","copyright":"nakam"}]}},"DateDebPublication":"","DateFinPublication":"","PrixAPartirDe":"","PrixPour":"","FicheListeEnCours":"fiche_liste_immobilier_prestation_OT_v3","ParametresModele":{"AfficherPhotos":1,"NbPhotosMax":6,"AfficherReserver":0,"AfficherContact":0,"AfficherSalle":1,"AfficherZoneGeo":0,"AfficherEnSavoirPlus":"0","AfficherUneSeuleOuverture":0,"AfficherContactCarte":1,"AfficherTarifsChaudAPartirDe":0,"AfficherTarifChaudSansRecherche":0,"AfficherDispoAccordeon":"1","AfficherDispoResa":"1","AfficherPrixAPartirDe":"1","BlocCritereInfo":{"critere1":{"libelle":"","liste_critere":["classementPrefectoral|2631|G","classementPrefectoral|2630|G","classementPrefectoral|2629|G","classementPrefectoral|2628|G","classementPrefectoral|2627|G","classementPrefectoral|2632|G"]},"critere2":{"libelle":"","liste_critere":["GLOC|G"]},"critere3":{"libelle":""},"critere4":{"libelle":""},"critere5":{"libelle":"","liste_critere":["GHANDI|G","AFFEQUIP|WIFI|G","AFFEQUIP|ANIMAUX|G","AFFEQUIP|PARKING|G","AFFEQUIP|LAVEVAIS|G","AFFEQUIP|LAVELINGEAFF|G","GCHAMB|G","NBPERS|G","GSURFA|G","GLOGEM|G"]},"critere6":{"libelle":"","liste_critere":["GLABEL|GCLEVA|G"]},"critere7":{"libelle":""},"critere8":{"libelle":""},"critere9":{"libelle":""},"afficherpictoetpaslibelle":"1"},"BlocPaveInfo":{"texte1":{"pave":["6","15","20"],"longeurmax":"250","afficherLibelle":"0","garderHtml":"0","boutonVoirPlus":""},"texte3":{"longeurmax":"","afficherLibelle":"0","garderHtml":"0","boutonVoirPlus":""}},"CriteresComportementDispo":"DISPONIBILITES[PLANNINGACT","PositionBloc":"GALLERIE|ZONEPRINCIPALFICHEPRESTA|NOM|CARNET_VOYAGE|ACCROCHE_TARIF_DISPO","TypePrestataire":"G","ComportementResa":false,"ComportementDispo":false},"AffichageCoordonnees":[],"Coordonnees":{"Ville":"La Foux d\u2019Allos"},"ContexteId":"PRESTATION|G|4678058|4893714","ContexteIdHtml":"PRESTATION-G-4678058-4893714","cleContexte":"G|4678058|4893714","Bloc":{"texte1":"Appartamento con un balcone, situato nel centro della stazione di Val d'Allos-La Foux, con parcheggio privato.","texte3":"","critere1":{"libelle":"","contenu":{"classementPrefectoral":{"libelle":"","contenu":{"4":"\u003Cimg src=\"https:\/\/www.valdallos.com\/medias\/images\/picto\/classementPrefectoral-2628-G.png\"  alt=\"2 stelle\" title=\"2 stelle\" \/\u003E"},"codesValeurs":{"4":"classementPrefectoral|2628|G"},"criteres_datas":{"valeurs":{"4":{"2628":{"descriptif":""}}}}}}},"critere2":{"libelle":"","contenu":{"GLOC":{"libelle":"Localizzare","contenu":{"1":"Val d'Allos - La Foux"},"codesValeurs":{"1":"GLOC|G18|G"},"criteres_datas":{"valeurs":{"1":{"G18":{"descriptif":""}}}}}}},"critere3":{"libelle":"","contenu":[]},"critere4":{"libelle":"","contenu":[]},"critere5":{"libelle":"","contenu":{"NBPERS":{"libelle":"Persone","contenu":{"3":"4 persone"},"codesValeurs":{"3":"NBPERS|GCAP04|G"},"criteres_datas":{"valeurs":{"3":{"GCAP04":{"descriptif":""}}}}},"GLOGEM":{"libelle":"tipo di alloggio","contenu":{"3":"appartamento  in residence"},"codesValeurs":{"3":"GLOGEM|GAPPRE|G"},"criteres_datas":{"valeurs":{"3":{"GAPPRE":{"descriptif":""}}}}},"AFFEQUIP":{"libelle":"Servizi","contenu":{"3":"Parcheggio \/ Garage","4":"Lavastoviglie"},"codesValeurs":{"3":"AFFEQUIP|PARKING|G","4":"AFFEQUIP|LAVEVAIS|G"},"criteres_datas":{"valeurs":{"3":{"PARKING":{"descriptif":""}},"4":{"LAVEVAIS":{"descriptif":""}}}}}}},"critere6":{"libelle":"","contenu":[]},"critere7":{"libelle":"","contenu":[]},"critere8":{"libelle":"","contenu":[]},"critere9":{"libelle":"","contenu":[]}},"LocalisationGps":{"Latitude":"44.290697","Longitude":"6.569868"},"libelleDuPrestataire":"","vuePrestataire":{"pave1":{"libelle":"","contenu":""},"pave2":{"libelle":"","contenu":""},"pave3":{"libelle":"","contenu":""},"pave4":{"libelle":"","contenu":""},"pave5":{"libelle":"","contenu":""},"pave6":{"libelle":"","contenu":""},"pave7":{"libelle":"","contenu":""},"pave8":{"libelle":"","contenu":""},"pave9":{"libelle":"","contenu":""},"pave10":{"libelle":"","contenu":""},"pave11":{"libelle":"","contenu":""},"pave12":{"libelle":"","contenu":""},"pave13":{"libelle":"","contenu":""},"pave14":{"libelle":"","contenu":""},"pave15":{"libelle":"","contenu":""},"pave16":{"libelle":"","contenu":""},"pave17":{"libelle":"","contenu":""},"pave18":{"libelle":"","contenu":""},"pave19":{"libelle":"","contenu":""},"pave20":{"libelle":"","contenu":""},"pave21":{"libelle":"","contenu":""},"pave22":{"libelle":"","contenu":""},"pave23":{"libelle":"","contenu":""},"pave24":{"libelle":"","contenu":""},"pave25":{"libelle":"","contenu":""},"ContactsParType":{"GEST":{"114358":{"id_contact":"114358","type_contact":"GEST","categorie_contact":"PRESTATAIRE","societe_contact":"","fonction_contact":"","civilite_nom_prenom_contact":"Nakam Jacques ","adresse1_contact":"4 avenue H\u00e9l\u00e8ne Boucher","adresse2_contact":"","adresse3_contact":"","cpostal_contact":"13800","ville_contact":"Istres","teldom_contact":"04 86 07 90 33","telbur_contact":"","fax_contact":"","portable_contact":"06 13 02 81 41","email_contact":"d.nakam@gmail.com","siteweb_contact":"","commentaire_contact":"","langue_contact":"","autre_moyen_com":[]}}},"Libelle":"Nakam Jacques","Nom":"Nakam Jacques ","Prenom":"","NomPrenom":"Nakam Jacques  ","CiviliteNomPrenom":"Nakam Jacques  ","Cle":"G|4678058","PrestataireParent":"","ContexteStat":"PRESTATAIRE-G-4678058","DateModificationIso":"2025-11-19T00:25:00+01:00","Type":"PRESTATAIRE","TypePrestataire":"G","Adresse":{"LigneAdresse1":"","LigneAdresse2":"","LigneAdresse3":"","CodePostal":"","Ville":"","Cedex":"","Etat":"","Pays":""},"Email":"d.nakam@gmail.com","Telephone":"04 86 07 90 33","TelephoneBureau":"","Portable":"06 13 02 81 41","SiteWeb":"","Fax":"","Id":"g-4678058","Code":"G|4678058","Fichier":[],"Url":"","Localisation":{"GoogleMap":{"Latitude":"","Longitude":""}},"ZoneGeo":"","Criteres":{"GINFADH[GDEB":"20130121","GINFADH[GMONT":"115","GINFADH[GCOMM":"prochain classement dec 2017","GTIMMO[GPARTI":"","P.3218[591381":"","P.3233[591419":"","P.3219[5127066":"","P.3219[7242385":"","P.4805[5427637":"","P.3220[5693765":"","P.3220[5853947":"","P.5311[5693899":"","P.VilleSitra[4458":"","P.VillageDeDepart[4458":""},"DateFinPublication":"","AffichageCoordonnees":[]},"listeCriteres":{"DISPONIBILITES":{"DISPORELANCE":""},"GPREST":{"GLOCAS":"","GCOU":""},"GCAPACITE":{"4PERS":""},"NBPERS":{"GCAP04":""},"GLOGEM":{"GAPPRE":""},"GEQUIC":{"GLAVEV":""},"GPARKI":{"GPARKC":"","GPARKE":""},"informationsHebergementLocatif":{"dateClassement":"2017-09-14"},"CINTSITRA":{"8809":"","5660":""},"classementPrefectoral":{"2628":""},"languesParlees":{"1197":""},"capacite":{"capaciteHebergement":"4","capaciteMaximumPossible":"4","surface":"42","nombrePieces":"1","nombreEtages":"2","nombreChambresEnMezzanine":"2"},"typeLabel":{"2634":""},"3233":{"591419":""},"3218":{"311229":""},"3221":{"4876304":""},"modesPaiement":{"1271":"","1281":"","1277":""},"VilleSitra":{"37282":""},"5403":{"1613":""},"126":{"972":"","1323":""},"122":{"4054":"","4055":""},"118":{"1145":""},"73":{"796":"","973":""},"70":{"907":"","922":"","999":""},"68":{"971":""},"72":{"963":""},"71":{"987":""},"PUBLICATION":{"VALDALLOS":"","VERDONTOURISME":""},"environnements":{"171":"","178":"","193":"","184":""},"hebergementLocatifType":{"2620":""},"GNOMBRE":{"4PERS":""},"AFFEQUIP":{"PARKING":"","LAVEVAIS":""},"GLOC":{"G18":""},"3220":{"587401":"","5575332":""},"LOCVERDON":{"37282":""},"3219":{"5127066":"","5239406":""},"3240":{"5778284":""},"6241":{"126905":"","5740912":""},"AFFGTYPE":{"APPART":""},"GINFADH":{"GDEB":"20130121","GMONT":"115","GCOMM":"prochain classement dec 2017"},"GTIMMO":{"GPARTI":""},"P.3218":{"591381":""},"P.3233":{"591419":""},"P.3219":{"5127066":"","7242385":""},"P.4805":{"5427637":""},"P.3220":{"5693765":"","5853947":""},"P.5311":{"5693899":""},"P.VilleSitra":{"4458":""},"P.VillageDeDepart":{"4458":""}},"dansCarnetVoyage":true,"Ouverture":""},"html":" \n \u003Cdiv id=\"CV-PRESTATION-G-4678058-4893714\" data-contexte-id=\"PRESTATION|G|4678058|4893714\" data-cle=\"G|4678058|4893714\" class=\"fiche-liste\"\u003E\n    \n\n    \u003C!-- partie photo --\u003E\n    \u003Cdiv class=\"photo\"\u003E\t\t\t\t\t\t\t\t\t\t\t\t\t\t\t\t\t\t\t\t\t\n        \u003Cdiv class=\"cadre_photo_principale\"\u003E\t\t\n        \n            \t\t\t\t\t\n                    \u003Ca href=\"2-stelle-1.html?origine=carnet#media\"\u003E\n                        \u003Cimg class=\"photo_principale\" alt=\"img_1698.jpg\" src=\"https:\/\/www.valdallos.com\/medias\/images\/prestations\/multitailles\/320x240_64433-img_1698.jpg\" itemprop=\"image\"\u003E\n                    \u003C\/a\u003E\t\t\t\t\t\t\n                \n                    \u003C\/div\u003E\t\t\t\t\t\t\t\t\t\t\t\t\t\t\t\t\t\t\t \t\t\n    \u003C\/div\u003E\n    \n    \u003C!-- partie nom prest --\u003E\n    \u003Cdiv class=\"nom\"\u003E\n        \u003Ch2\u003ENakam Jacques\u003C\/h2\u003E\n        \n            \u003C\/div\u003E\n\n         \n    \u003C!-- partie adresse --\u003E\n    \u003Cdiv class=\"adresse\"\u003E\n    \n          \n    \u003C\/div\u003E\n    \n    \u003C!-- partie liens --\u003E\n    \u003Cdiv class=\"liens\"\u003E\n            \u003Ca class=\"btn-icon btn-view \" title=\"Vedi il file dettagliato\" href=\"2-stelle-1.html?origine=carnet\"\u003E\u003C\/a\u003E\u003C!--\u003Ca class=\"btn-icon btn-view \" title=\"\" href=\"?origine=carnet#thaut\"\u003E\u003C\/a\u003E--\u003E\n      \u003Ca class=\"btn-icon btn-trash carnet_voyage_supprimer\" title=\"Elimina questo file dal mio diario di viaggio\" href=\"carnet-voyage?action=remove&fiche=G|4678058|4893714\"\u003E\u003C\/a\u003E\n    \u003C\/div\u003E\n\n\u003C\/div\u003E\n\n","icon":"https:\/\/static.ingenie.fr\/images\/carnetVoyageV3\/G.png"},"fiche":"G|4678058|4893714","popup":"\u003Cdiv id=\"bloc_popup_ajout_fiche_carnet\"\u003E\n    \u003Cdiv class=\"info_popup_ajout_fiche_carnet\"\u003E\n        Hai appena aggiunto questo elemento alla tua selezione:    \u003C\/div\u003E\n    \u003Cdiv class=\"prest_popup_ajout_fiche_carnet\"\u003E\n        Nakam Jacques    \u003C\/div\u003E\n    \u003Cdiv class=\"bloc_btn_ajout_fiche_carnet form_submit_div\"\u003E\n        \u003Cinput type=\"button\" value=\"Continua la mia selezione\" title=\"Continua la mia selezione\" name=\"btn_close\" class=\"btn_close_popup_carnet form_submit\" onclick=\"$.colorbox.close()\" \/\u003E\n        \u003Cinput type=\"button\" value=\"Visualizza la mia selezione\" title=\"Visualizza la mia selezione\" name=\"btn_panier\" class=\"btn_panier_popup_carnet form_submit\" onclick=\"if(typeof CarnetVoyage != 'undefined') {CarnetVoyage.voirCarnet();}\" \/\u003E\n    \u003C\/div\u003E\n    \u003Cdiv class=\"bloc_btn_ajout_fiche_carnet\"\u003E\n        \u003Cinput type=\"checkbox\" value=\"1\" name=\"desactiver_popup\" id=\"desactiver_popup\" \/\u003E\n        \u003Clabel for=\"desactiver_popup\"\u003ENon visualizzare pi\u00f9 questo messaggio\u003C\/label\u003E\n    \u003C\/div\u003E\n\u003C\/div\u003E","success":1}