{"nbFiches":1,"dataPrest":{"infoPrest":{"pave1":{"libelle":"Descriptif","contenu":"","fichiers":[]},"pave2":{"libelle":"Indirizzo","contenu":"","fichiers":[]},"pave3":{"libelle":"Tarifs Hiver","contenu":"","fichiers":[]},"pave4":{"libelle":"Tarifs Et\u00e9","contenu":"","fichiers":[]},"pave5":{"libelle":"URL de la r\u00e9servation ou vente en ligne","contenu":"","fichiers":[]},"pave6":{"libelle":"Descriptif court","contenu":"Il mio appartamento si trova vicino al centro del villaggio et dei negozzi. Un picolo  spazio esterno con una decorazione spirito chalet per quest'appartamento.","fichiers":[]},"pave7":{"libelle":"Descriptif d\u00e9taill\u00e9","contenu":"","fichiers":[]},"pave8":{"libelle":"Bons plans","contenu":"","fichiers":[]},"pave9":{"libelle":"Compl\u00e9ment localisation","contenu":"","fichiers":[]},"pave10":{"libelle":"Compl\u00e9ment accueil","contenu":"","fichiers":[]},"pave11":{"libelle":"P\u00e9riodes en clair","contenu":"","fichiers":[]},"pave12":{"libelle":"Tarifs en clair","contenu":"Tasse non incluse.","fichiers":[]},"pave13":{"libelle":"Compl\u00e9ment Tarifs","contenu":"","fichiers":[]},"pave14":{"libelle":"Compl\u00e9ment R\u00e9servation","contenu":"","fichiers":[]},"pave15":{"libelle":"Descriptif court","contenu":"","fichiers":[]},"pave16":{"libelle":"Descriptif d\u00e9taill\u00e9","contenu":"","fichiers":[]},"pave17":{"libelle":"Bons plans","contenu":"","fichiers":[]},"pave18":{"libelle":"Tarifs (Tarifs en clair, Compl\u00e9ment Tarifs)","contenu":"","fichiers":[]},"pave19":{"libelle":"P\u00e9riodes en clair","contenu":"","fichiers":[]},"pave20":{"libelle":"Descriptif court","contenu":"","fichiers":[]},"pave21":{"libelle":"Descriptif d\u00e9taill\u00e9","contenu":"","fichiers":[]},"pave22":{"libelle":"Bons plans","contenu":"","fichiers":[]},"pave23":{"libelle":"Tarifs (Tarifs en clair, Compl\u00e9ment Tarifs)","contenu":"","fichiers":[]},"pave24":{"libelle":"P\u00e9riodes en clair","contenu":"","fichiers":[]},"pave25":{"libelle":"Dispositions sp\u00e9ciales","contenu":"","fichiers":[]},"Libelle":"Pellegrin Gravier Jacqueline - 5","Reference":"","Reftar":"","Type":"PRESTATION","TypePrestataire":"G","ContexteStat":"PRESTATION-G-4678069-6111338","DateModificationIso":"2026-04-27T13:44:00+02:00","Adresse":{"LigneAdresse1":"Le Jean Virginie","LigneAdresse2":"Val d'Allos - le Village","LigneAdresse3":"","CodePostal":"04260","Ville":"Allos","Cedex":"","Etat":"","Pays":"FRA"},"Id":"g-4678069-6111338","Code":"G|4678069|6111338","Cle":"G|4678069|6111338","Url":"appartamento-in-residence-3-stelle-val-dallos-le-village-val-dallos-le-village.html","Localisation":{"GoogleMap":{"Latitude":"44.242399","Longitude":"6.626459"}},"ZoneGeo":"","Criteres":{"DISPONIBILITES[DISPORELANCE":"","GCAPACITE[5PERS":"","NBPERS[GCAP05":"","GLABEL[GCLEVA":"","GLOGEM[GAPPRE":"","GEQUIC[GLAVEV":"","GFAMPLUS[GCHAISEHAUT":"","GFAMPLUS[GBAIGN":"","GFAMPLUS[GJEUXINT":"","GFAMPLUS[GLITBEBE":"","GFAMPLUS[GPOUSS":"","PUBLICATION[VALDALLOS":"","PUBLICATION[VERDONTOURISME":"","AFFGTYPE[APPART":"","GNOMBRE[5PERS":"","AFFEQUIP[PARKING":"","AFFEQUIP[LAVEVAIS":"","AFFEQUIP[LAVELINGEAFF":"","GLOC[G14":"","LOCVERDON[1559":"","AFFPRES[AFFP3":"","113[1593":"","127[606":"","127[811":"","126[972":"","126[5592":"","122[4054":"","122[4055":"","122[4063":"","78[1115":"","prestations[surchargeTourismesAdaptes":"","prestations[surchargeDescriptifHandicapMoteur":"","prestations[surchargeDescriptifHandicapAuditif":"","prestations[surchargeDescriptifHandicapVisuel":"","prestations[surchargeDescriptifHandicapMental":"","prestations[surchargeNombreFauteuilsRoulants":"","69[838":"","69[1014":"","69[1015":"","69[4060":"","69[5669":"","70[895":"","70[919":"","70[922":"","languesParlees[1197":"","modesPaiement[1271":"","modesPaiement[1277":"","tourismeAffaires[tourismeAffairesEnabled":"","tourismeAffaires[devise":"EUR","hebergementLocatifType[2620":"","informationsHebergementLocatif[dateClassement":"2022-04-28","classementPrefectoral[2629":"","5403[1613":"","5402[1619":"","5401[1632":"","capacite[capaciteHebergement":"5","capacite[capaciteMaximumPossible":"5","capacite[nombreSallesDeBain":"1","capacite[nombreWC":"1","capacite[nombreLitsDoubles":"2","capacite[surface":"67","capacite[nombrePieces":"3","capacite[numeroEtage":"rdc","CINTSITRA[5660":"","CINTSITRA[5663":"","CINTSITRA[5664":"","CINTSITRA[8809":"","6241[126905":"","6241[5740912":"","3218[311229":"","3220[587401":"","3220[5575332":"","3233[591419":"","3221[4876304":"","3219[5127127":"","3219[5239406":"","3219[6436838":"","3240[5778284":"","6242[5843488":"","3230[6139211":"","VilleSitra[1559":"","VillageDeDepart[1559":"","VISIBWEB[PLANNINGVISIBLE":"","DISPONIBILITES[PLANNINGACT":""},"ContactsParType":{"IWEB":{"116569":{"id_contact":"116569","type_contact":"IWEB","categorie_contact":"PRESTATION","societe_contact":"","fonction_contact":"","civilite_nom_prenom_contact":"Pellegrin-Gravier Jacqueline  ","adresse1_contact":"","adresse2_contact":"","adresse3_contact":"","cpostal_contact":"","ville_contact":"","teldom_contact":"04 92 83 01 64","telbur_contact":"","fax_contact":"","portable_contact":"06 87 66 01 24","email_contact":"caloukiki@orange.fr","siteweb_contact":"","commentaire_contact":"","langue_contact":"","autre_moyen_com":[]}}},"ContactRemplaceCoordonnees":"116569","Prestataire":{"pave1":{"libelle":"","contenu":""},"pave2":{"libelle":"","contenu":""},"pave3":{"libelle":"","contenu":""},"pave4":{"libelle":"","contenu":""},"pave5":{"libelle":"","contenu":""},"pave6":{"libelle":"","contenu":""},"pave7":{"libelle":"","contenu":""},"pave8":{"libelle":"","contenu":""},"pave9":{"libelle":"","contenu":""},"pave10":{"libelle":"","contenu":""},"pave11":{"libelle":"","contenu":""},"pave12":{"libelle":"","contenu":""},"pave13":{"libelle":"","contenu":""},"pave14":{"libelle":"","contenu":""},"pave15":{"libelle":"","contenu":""},"pave16":{"libelle":"","contenu":""},"pave17":{"libelle":"","contenu":""},"pave18":{"libelle":"","contenu":""},"pave19":{"libelle":"","contenu":""},"pave20":{"libelle":"","contenu":""},"pave21":{"libelle":"","contenu":""},"pave22":{"libelle":"","contenu":""},"pave23":{"libelle":"","contenu":""},"pave24":{"libelle":"","contenu":""},"pave25":{"libelle":"","contenu":""},"ContactsParType":{"GEST":{"114361":{"id_contact":"114361","type_contact":"GEST","categorie_contact":"PRESTATAIRE","societe_contact":"","fonction_contact":"","civilite_nom_prenom_contact":"Pellegrin-Gravier Jacqueline ","adresse1_contact":"le pradas","adresse2_contact":"Val d'Allos - le village","adresse3_contact":"","cpostal_contact":"04260","ville_contact":"Allos","teldom_contact":"04 92 83 01 64","telbur_contact":"","fax_contact":"","portable_contact":"06 87 66 01 24","email_contact":"caloukiki@orange.fr","siteweb_contact":"","commentaire_contact":"","langue_contact":"","autre_moyen_com":[]},"114595":{"id_contact":"114595","type_contact":"GEST","categorie_contact":"PRESTATAIRE","societe_contact":"","fonction_contact":"","civilite_nom_prenom_contact":"Pellegrin-Gravier Jacqueline ","adresse1_contact":"le pradas","adresse2_contact":"Val d'Allos - le village","adresse3_contact":"","cpostal_contact":"04260","ville_contact":"Allos","teldom_contact":"04 92 83 01 64","telbur_contact":"","fax_contact":"","portable_contact":"06 87 66 01 24","email_contact":"caloukiki@orange.fr","siteweb_contact":"","commentaire_contact":"","langue_contact":"","autre_moyen_com":[]}}},"ZoneGeoLibelle":"Val d\u2019Allos \u2013 Le village","Libelle":"Pellegrin-Gravier Jacqueline","Nom":"Pellegrin-Gravier Jacqueline ","Prenom":"","NomPrenom":"Pellegrin-Gravier Jacqueline  ","CiviliteNomPrenom":"Pellegrin-Gravier Jacqueline  ","Cle":"G|4678069","PrestataireParent":"","ContexteStat":"PRESTATAIRE-G-4678069","DateModificationIso":"2025-11-19T00:25:00+01:00","Type":"PRESTATAIRE","TypePrestataire":"G","Adresse":{"LigneAdresse1":"","LigneAdresse2":"","LigneAdresse3":"","CodePostal":"","Ville":"","Cedex":"","Etat":"","Pays":""},"Email":"caloukiki@orange.fr","Telephone":"04 92 83 01 64","TelephoneBureau":"","Portable":"06 87 66 01 24","SiteWeb":"","Fax":"","Id":"g-4678069","Code":"G|4678069","Fichier":[],"Url":"","Localisation":{"GoogleMap":{"Latitude":"","Longitude":""}},"ZoneGeo":"FRPA04VAV1400","Criteres":{"GINFADH[GMONT":"80","GINFADH[GCOMM":"prochaine visite 11\/2018","GTIMMO[GPARTI":"","P.GLOC[G14":"","P.6241[126905":"","P.6241[5740912":"","P.3218[311229":"","P.3220[587401":"","P.3220[5575332":"","P.3233[591419":"","P.3221[4876304":"","P.3219[5127127":"","P.3219[5239406":"","P.3219[6436838":"","P.3240[5778284":"","P.6242[5843488":"","P.3230[6139211":"","P.VilleSitra[1559":"","P.VillageDeDepart[1559":""},"DateFinPublication":""},"Fichier":{"Image":[{"url":"https:\/\/www.valdallos.com\/medias\/images\/prestations\/78653-img_6283.jpg","chemin":"..\/medias\/images\/prestations\/78653-img_6283.jpg","libelle":"S\u00e9jour lumineux avec canap\u00e9, fauteuil, TV, table \u00e0 manger, ameublement bois, parquet au sol, fen\u00eatre","extension":"jpg","categorie":"","largeur":1200,"theme":"","hauteur":900,"type":"Image","origine":"","liaisonPave":"","langue":"","id":"78653","urlVignette":"https:\/\/www.valdallos.com\/medias\/images\/prestations\/v-78653-img_6283.jpg","alt":"S\u00e9jour lumineux avec canap\u00e9, fauteuil, TV, table \u00e0 manger, ameublement bois, parquet au sol, fen\u00eatre","title":"S\u00e9jour lumineux avec canap\u00e9, fauteuil, TV, table \u00e0 manger, ameublement bois, parquet au sol, fen\u00eatre","MultiTaille":{"1920x1440":{"url":"https:\/\/www.valdallos.com\/medias\/images\/prestations\/multitailles\/1920x1440_78653-img_6283.jpg"},"1200x900":{"url":"https:\/\/www.valdallos.com\/medias\/images\/prestations\/multitailles\/1200x900_78653-img_6283.jpg"},"800x600":{"url":"https:\/\/www.valdallos.com\/medias\/images\/prestations\/multitailles\/800x600_78653-img_6283.jpg"},"640x480":{"url":"https:\/\/www.valdallos.com\/medias\/images\/prestations\/multitailles\/640x480_78653-img_6283.jpg"},"320x240":{"url":"https:\/\/www.valdallos.com\/medias\/images\/prestations\/multitailles\/320x240_78653-img_6283.jpg"},"160x120":{"url":"https:\/\/www.valdallos.com\/medias\/images\/prestations\/multitailles\/160x120_78653-img_6283.jpg"},"origine":{"url":"https:\/\/www.valdallos.com\/medias\/images\/prestations\/78653-img_6283.jpg"}},"urlLien":"","typeLien":"","nofollow":"N","copyright":"J Pellegrin Gravier"},{"url":"https:\/\/www.valdallos.com\/medias\/images\/prestations\/78654-img_1833.jpg","chemin":"..\/medias\/images\/prestations\/78654-img_1833.jpg","libelle":"Cuisine moderne et lumineuse, table \u00e0 manger, plaques au gaz, carrelage","extension":"jpg","categorie":"","largeur":1200,"theme":"","hauteur":900,"type":"Image","origine":"","liaisonPave":"","langue":"","id":"78654","urlVignette":"https:\/\/www.valdallos.com\/medias\/images\/prestations\/v-78654-img_1833.jpg","alt":"Cuisine moderne et lumineuse, table \u00e0 manger, plaques au gaz, carrelage","title":"Cuisine moderne et lumineuse, table \u00e0 manger, plaques au gaz, carrelage","MultiTaille":{"1920x1440":{"url":"https:\/\/www.valdallos.com\/medias\/images\/prestations\/multitailles\/1920x1440_78654-img_1833.jpg"},"1200x900":{"url":"https:\/\/www.valdallos.com\/medias\/images\/prestations\/multitailles\/1200x900_78654-img_1833.jpg"},"800x600":{"url":"https:\/\/www.valdallos.com\/medias\/images\/prestations\/multitailles\/800x600_78654-img_1833.jpg"},"640x480":{"url":"https:\/\/www.valdallos.com\/medias\/images\/prestations\/multitailles\/640x480_78654-img_1833.jpg"},"320x240":{"url":"https:\/\/www.valdallos.com\/medias\/images\/prestations\/multitailles\/320x240_78654-img_1833.jpg"},"160x120":{"url":"https:\/\/www.valdallos.com\/medias\/images\/prestations\/multitailles\/160x120_78654-img_1833.jpg"},"origine":{"url":"https:\/\/www.valdallos.com\/medias\/images\/prestations\/78654-img_1833.jpg"}},"urlLien":"","typeLien":"","nofollow":"N","copyright":"J Pellegrin Gravier"},{"url":"https:\/\/www.valdallos.com\/medias\/images\/prestations\/78655-img_6284.jpg","chemin":"..\/medias\/images\/prestations\/78655-img_6284.jpg","libelle":"Chambre \u00e0 coucher lumineuse avec lit double avec ameublement bois, lambris, fen\u00eatre","extension":"jpg","categorie":"","largeur":1200,"theme":"","hauteur":900,"type":"Image","origine":"","liaisonPave":"","langue":"","id":"78655","urlVignette":"https:\/\/www.valdallos.com\/medias\/images\/prestations\/v-78655-img_6284.jpg","alt":"Chambre \u00e0 coucher lumineuse avec lit double avec ameublement bois, lambris, fen\u00eatre","title":"Chambre \u00e0 coucher lumineuse avec lit double avec ameublement bois, lambris, fen\u00eatre","MultiTaille":{"1920x1440":{"url":"https:\/\/www.valdallos.com\/medias\/images\/prestations\/multitailles\/1920x1440_78655-img_6284.jpg"},"1200x900":{"url":"https:\/\/www.valdallos.com\/medias\/images\/prestations\/multitailles\/1200x900_78655-img_6284.jpg"},"800x600":{"url":"https:\/\/www.valdallos.com\/medias\/images\/prestations\/multitailles\/800x600_78655-img_6284.jpg"},"640x480":{"url":"https:\/\/www.valdallos.com\/medias\/images\/prestations\/multitailles\/640x480_78655-img_6284.jpg"},"320x240":{"url":"https:\/\/www.valdallos.com\/medias\/images\/prestations\/multitailles\/320x240_78655-img_6284.jpg"},"160x120":{"url":"https:\/\/www.valdallos.com\/medias\/images\/prestations\/multitailles\/160x120_78655-img_6284.jpg"},"origine":{"url":"https:\/\/www.valdallos.com\/medias\/images\/prestations\/78655-img_6284.jpg"}},"urlLien":"","typeLien":"","nofollow":"N","copyright":"J Pellegrin Gravier"},{"url":"https:\/\/www.valdallos.com\/medias\/images\/prestations\/78656-img_1839.jpg","chemin":"..\/medias\/images\/prestations\/78656-img_1839.jpg","libelle":"Salle de bains lumineuse carrel\u00e9e avec bac \u00e0 douche, ameublement bois, fen\u00eatre","extension":"jpg","categorie":"","largeur":1200,"theme":"","hauteur":900,"type":"Image","origine":"","liaisonPave":"","langue":"","id":"78656","urlVignette":"https:\/\/www.valdallos.com\/medias\/images\/prestations\/v-78656-img_1839.jpg","alt":"Salle de bains lumineuse carrel\u00e9e avec bac \u00e0 douche, ameublement bois, fen\u00eatre","title":"Salle de bains lumineuse carrel\u00e9e avec bac \u00e0 douche, ameublement bois, fen\u00eatre","MultiTaille":{"1920x1440":{"url":"https:\/\/www.valdallos.com\/medias\/images\/prestations\/multitailles\/1920x1440_78656-img_1839.jpg"},"1200x900":{"url":"https:\/\/www.valdallos.com\/medias\/images\/prestations\/multitailles\/1200x900_78656-img_1839.jpg"},"800x600":{"url":"https:\/\/www.valdallos.com\/medias\/images\/prestations\/multitailles\/800x600_78656-img_1839.jpg"},"640x480":{"url":"https:\/\/www.valdallos.com\/medias\/images\/prestations\/multitailles\/640x480_78656-img_1839.jpg"},"320x240":{"url":"https:\/\/www.valdallos.com\/medias\/images\/prestations\/multitailles\/320x240_78656-img_1839.jpg"},"160x120":{"url":"https:\/\/www.valdallos.com\/medias\/images\/prestations\/multitailles\/160x120_78656-img_1839.jpg"},"origine":{"url":"https:\/\/www.valdallos.com\/medias\/images\/prestations\/78656-img_1839.jpg"}},"urlLien":"","typeLien":"","nofollow":"N","copyright":"J Pellegrin Gravier"}],"ByCategorie":{"":[{"url":"https:\/\/www.valdallos.com\/medias\/images\/prestations\/78653-img_6283.jpg","chemin":"..\/medias\/images\/prestations\/78653-img_6283.jpg","libelle":"S\u00e9jour lumineux avec canap\u00e9, fauteuil, TV, table \u00e0 manger, ameublement bois, parquet au sol, fen\u00eatre","extension":"jpg","categorie":"","largeur":1200,"theme":"","hauteur":900,"type":"Image","origine":"","liaisonPave":"","langue":"","id":"78653","urlVignette":"https:\/\/www.valdallos.com\/medias\/images\/prestations\/v-78653-img_6283.jpg","alt":"S\u00e9jour lumineux avec canap\u00e9, fauteuil, TV, table \u00e0 manger, ameublement bois, parquet au sol, fen\u00eatre","title":"S\u00e9jour lumineux avec canap\u00e9, fauteuil, TV, table \u00e0 manger, ameublement bois, parquet au sol, fen\u00eatre","MultiTaille":{"1920x1440":{"url":"https:\/\/www.valdallos.com\/medias\/images\/prestations\/multitailles\/1920x1440_78653-img_6283.jpg"},"1200x900":{"url":"https:\/\/www.valdallos.com\/medias\/images\/prestations\/multitailles\/1200x900_78653-img_6283.jpg"},"800x600":{"url":"https:\/\/www.valdallos.com\/medias\/images\/prestations\/multitailles\/800x600_78653-img_6283.jpg"},"640x480":{"url":"https:\/\/www.valdallos.com\/medias\/images\/prestations\/multitailles\/640x480_78653-img_6283.jpg"},"320x240":{"url":"https:\/\/www.valdallos.com\/medias\/images\/prestations\/multitailles\/320x240_78653-img_6283.jpg"},"160x120":{"url":"https:\/\/www.valdallos.com\/medias\/images\/prestations\/multitailles\/160x120_78653-img_6283.jpg"},"origine":{"url":"https:\/\/www.valdallos.com\/medias\/images\/prestations\/78653-img_6283.jpg"}},"urlLien":"","typeLien":"","nofollow":"N","copyright":"J Pellegrin Gravier"},{"url":"https:\/\/www.valdallos.com\/medias\/images\/prestations\/78654-img_1833.jpg","chemin":"..\/medias\/images\/prestations\/78654-img_1833.jpg","libelle":"Cuisine moderne et lumineuse, table \u00e0 manger, plaques au gaz, carrelage","extension":"jpg","categorie":"","largeur":1200,"theme":"","hauteur":900,"type":"Image","origine":"","liaisonPave":"","langue":"","id":"78654","urlVignette":"https:\/\/www.valdallos.com\/medias\/images\/prestations\/v-78654-img_1833.jpg","alt":"Cuisine moderne et lumineuse, table \u00e0 manger, plaques au gaz, carrelage","title":"Cuisine moderne et lumineuse, table \u00e0 manger, plaques au gaz, carrelage","MultiTaille":{"1920x1440":{"url":"https:\/\/www.valdallos.com\/medias\/images\/prestations\/multitailles\/1920x1440_78654-img_1833.jpg"},"1200x900":{"url":"https:\/\/www.valdallos.com\/medias\/images\/prestations\/multitailles\/1200x900_78654-img_1833.jpg"},"800x600":{"url":"https:\/\/www.valdallos.com\/medias\/images\/prestations\/multitailles\/800x600_78654-img_1833.jpg"},"640x480":{"url":"https:\/\/www.valdallos.com\/medias\/images\/prestations\/multitailles\/640x480_78654-img_1833.jpg"},"320x240":{"url":"https:\/\/www.valdallos.com\/medias\/images\/prestations\/multitailles\/320x240_78654-img_1833.jpg"},"160x120":{"url":"https:\/\/www.valdallos.com\/medias\/images\/prestations\/multitailles\/160x120_78654-img_1833.jpg"},"origine":{"url":"https:\/\/www.valdallos.com\/medias\/images\/prestations\/78654-img_1833.jpg"}},"urlLien":"","typeLien":"","nofollow":"N","copyright":"J Pellegrin Gravier"},{"url":"https:\/\/www.valdallos.com\/medias\/images\/prestations\/78655-img_6284.jpg","chemin":"..\/medias\/images\/prestations\/78655-img_6284.jpg","libelle":"Chambre \u00e0 coucher lumineuse avec lit double avec ameublement bois, lambris, fen\u00eatre","extension":"jpg","categorie":"","largeur":1200,"theme":"","hauteur":900,"type":"Image","origine":"","liaisonPave":"","langue":"","id":"78655","urlVignette":"https:\/\/www.valdallos.com\/medias\/images\/prestations\/v-78655-img_6284.jpg","alt":"Chambre \u00e0 coucher lumineuse avec lit double avec ameublement bois, lambris, fen\u00eatre","title":"Chambre \u00e0 coucher lumineuse avec lit double avec ameublement bois, lambris, fen\u00eatre","MultiTaille":{"1920x1440":{"url":"https:\/\/www.valdallos.com\/medias\/images\/prestations\/multitailles\/1920x1440_78655-img_6284.jpg"},"1200x900":{"url":"https:\/\/www.valdallos.com\/medias\/images\/prestations\/multitailles\/1200x900_78655-img_6284.jpg"},"800x600":{"url":"https:\/\/www.valdallos.com\/medias\/images\/prestations\/multitailles\/800x600_78655-img_6284.jpg"},"640x480":{"url":"https:\/\/www.valdallos.com\/medias\/images\/prestations\/multitailles\/640x480_78655-img_6284.jpg"},"320x240":{"url":"https:\/\/www.valdallos.com\/medias\/images\/prestations\/multitailles\/320x240_78655-img_6284.jpg"},"160x120":{"url":"https:\/\/www.valdallos.com\/medias\/images\/prestations\/multitailles\/160x120_78655-img_6284.jpg"},"origine":{"url":"https:\/\/www.valdallos.com\/medias\/images\/prestations\/78655-img_6284.jpg"}},"urlLien":"","typeLien":"","nofollow":"N","copyright":"J Pellegrin Gravier"},{"url":"https:\/\/www.valdallos.com\/medias\/images\/prestations\/78656-img_1839.jpg","chemin":"..\/medias\/images\/prestations\/78656-img_1839.jpg","libelle":"Salle de bains lumineuse carrel\u00e9e avec bac \u00e0 douche, ameublement bois, fen\u00eatre","extension":"jpg","categorie":"","largeur":1200,"theme":"","hauteur":900,"type":"Image","origine":"","liaisonPave":"","langue":"","id":"78656","urlVignette":"https:\/\/www.valdallos.com\/medias\/images\/prestations\/v-78656-img_1839.jpg","alt":"Salle de bains lumineuse carrel\u00e9e avec bac \u00e0 douche, ameublement bois, fen\u00eatre","title":"Salle de bains lumineuse carrel\u00e9e avec bac \u00e0 douche, ameublement bois, fen\u00eatre","MultiTaille":{"1920x1440":{"url":"https:\/\/www.valdallos.com\/medias\/images\/prestations\/multitailles\/1920x1440_78656-img_1839.jpg"},"1200x900":{"url":"https:\/\/www.valdallos.com\/medias\/images\/prestations\/multitailles\/1200x900_78656-img_1839.jpg"},"800x600":{"url":"https:\/\/www.valdallos.com\/medias\/images\/prestations\/multitailles\/800x600_78656-img_1839.jpg"},"640x480":{"url":"https:\/\/www.valdallos.com\/medias\/images\/prestations\/multitailles\/640x480_78656-img_1839.jpg"},"320x240":{"url":"https:\/\/www.valdallos.com\/medias\/images\/prestations\/multitailles\/320x240_78656-img_1839.jpg"},"160x120":{"url":"https:\/\/www.valdallos.com\/medias\/images\/prestations\/multitailles\/160x120_78656-img_1839.jpg"},"origine":{"url":"https:\/\/www.valdallos.com\/medias\/images\/prestations\/78656-img_1839.jpg"}},"urlLien":"","typeLien":"","nofollow":"N","copyright":"J Pellegrin Gravier"}]}},"DateDebPublication":"","DateFinPublication":"","PrixAPartirDe":"","PrixPour":"","FicheListeEnCours":"fiche_liste_immobilier_prestation_OT_v3","ParametresModele":{"AfficherPhotos":1,"NbPhotosMax":6,"AfficherReserver":0,"AfficherContact":0,"AfficherSalle":1,"AfficherZoneGeo":0,"AfficherEnSavoirPlus":"0","AfficherUneSeuleOuverture":0,"AfficherContactCarte":1,"AfficherTarifsChaudAPartirDe":0,"AfficherTarifChaudSansRecherche":0,"AfficherDispoAccordeon":"1","AfficherDispoResa":"1","AfficherPrixAPartirDe":"1","BlocCritereInfo":{"critere1":{"libelle":"","liste_critere":["classementPrefectoral|2631|G","classementPrefectoral|2630|G","classementPrefectoral|2629|G","classementPrefectoral|2628|G","classementPrefectoral|2627|G","classementPrefectoral|2632|G"]},"critere2":{"libelle":"","liste_critere":["GLOC|G"]},"critere3":{"libelle":""},"critere4":{"libelle":""},"critere5":{"libelle":"","liste_critere":["GHANDI|G","AFFEQUIP|WIFI|G","AFFEQUIP|ANIMAUX|G","AFFEQUIP|PARKING|G","AFFEQUIP|LAVEVAIS|G","AFFEQUIP|LAVELINGEAFF|G","GCHAMB|G","NBPERS|G","GSURFA|G","GLOGEM|G"]},"critere6":{"libelle":"","liste_critere":["GLABEL|GCLEVA|G"]},"critere7":{"libelle":""},"critere8":{"libelle":""},"critere9":{"libelle":""},"afficherpictoetpaslibelle":"1"},"BlocPaveInfo":{"texte1":{"pave":["6","15","20"],"longeurmax":"250","afficherLibelle":"0","garderHtml":"0","boutonVoirPlus":""},"texte3":{"longeurmax":"","afficherLibelle":"0","garderHtml":"0","boutonVoirPlus":""}},"CriteresComportementDispo":"DISPONIBILITES[PLANNINGACT","PositionBloc":"GALLERIE|ZONEPRINCIPALFICHEPRESTA|NOM|CARNET_VOYAGE|ACCROCHE_TARIF_DISPO","TypePrestataire":"G","ComportementResa":false,"ComportementDispo":true},"AffichageCoordonnees":[],"Coordonnees":{"Ville":"Allos"},"ContexteId":"PRESTATION|G|4678069|6111338","ContexteIdHtml":"PRESTATION-G-4678069-6111338","cleContexte":"G|4678069|6111338","Bloc":{"texte1":"Il mio appartamento si trova vicino al centro del villaggio et dei negozzi. Un picolo  spazio esterno con una decorazione spirito chalet per quest'appartamento.","texte3":"","critere1":{"libelle":"","contenu":{"classementPrefectoral":{"libelle":"","contenu":{"3":"\u003Cimg src=\"https:\/\/www.valdallos.com\/medias\/images\/picto\/classementPrefectoral-2629-G.png\"  alt=\"3 stelle\" title=\"3 stelle\" \/\u003E"},"codesValeurs":{"3":"classementPrefectoral|2629|G"},"criteres_datas":{"valeurs":{"3":{"2629":{"descriptif":""}}}}}}},"critere2":{"libelle":"","contenu":{"GLOC":{"libelle":"Localizzare","contenu":{"3":"Val d'Allos - Villaggio"},"codesValeurs":{"3":"GLOC|G14|G"},"criteres_datas":{"valeurs":{"3":{"G14":{"descriptif":""}}}}}}},"critere3":{"libelle":"","contenu":[]},"critere4":{"libelle":"","contenu":[]},"critere5":{"libelle":"","contenu":{"NBPERS":{"libelle":"Persone","contenu":{"4":"5 persone"},"codesValeurs":{"4":"NBPERS|GCAP05|G"},"criteres_datas":{"valeurs":{"4":{"GCAP05":{"descriptif":""}}}}},"GLOGEM":{"libelle":"tipo di alloggio","contenu":{"3":"appartamento  in residence"},"codesValeurs":{"3":"GLOGEM|GAPPRE|G"},"criteres_datas":{"valeurs":{"3":{"GAPPRE":{"descriptif":""}}}}},"AFFEQUIP":{"libelle":"Servizi","contenu":{"3":"Parcheggio \/ Garage","4":"Lavastoviglie","5":"Lavatrice"},"codesValeurs":{"3":"AFFEQUIP|PARKING|G","4":"AFFEQUIP|LAVEVAIS|G","5":"AFFEQUIP|LAVELINGEAFF|G"},"criteres_datas":{"valeurs":{"3":{"PARKING":{"descriptif":""}},"4":{"LAVEVAIS":{"descriptif":""}},"5":{"LAVELINGEAFF":{"descriptif":""}}}}}}},"critere6":{"libelle":"","contenu":{"GLABEL":{"libelle":"marchio","contenu":{"1":"\u003Cimg src=\"https:\/\/www.valdallos.com\/medias\/images\/picto\/GLABEL-GCLEVA-G.jpg\"  alt=\"Famille Plus\" title=\"Famille Plus\" \/\u003E"},"codesValeurs":{"1":"GLABEL|GCLEVA|G"},"criteres_datas":{"valeurs":{"1":{"GCLEVA":{"descriptif":""}}}}}}},"critere7":{"libelle":"","contenu":[]},"critere8":{"libelle":"","contenu":[]},"critere9":{"libelle":"","contenu":[]}},"LocalisationGps":{"Latitude":"44.242399","Longitude":"6.626459"},"libelleDuPrestataire":"","vuePrestataire":{"pave1":{"libelle":"","contenu":""},"pave2":{"libelle":"","contenu":""},"pave3":{"libelle":"","contenu":""},"pave4":{"libelle":"","contenu":""},"pave5":{"libelle":"","contenu":""},"pave6":{"libelle":"","contenu":""},"pave7":{"libelle":"","contenu":""},"pave8":{"libelle":"","contenu":""},"pave9":{"libelle":"","contenu":""},"pave10":{"libelle":"","contenu":""},"pave11":{"libelle":"","contenu":""},"pave12":{"libelle":"","contenu":""},"pave13":{"libelle":"","contenu":""},"pave14":{"libelle":"","contenu":""},"pave15":{"libelle":"","contenu":""},"pave16":{"libelle":"","contenu":""},"pave17":{"libelle":"","contenu":""},"pave18":{"libelle":"","contenu":""},"pave19":{"libelle":"","contenu":""},"pave20":{"libelle":"","contenu":""},"pave21":{"libelle":"","contenu":""},"pave22":{"libelle":"","contenu":""},"pave23":{"libelle":"","contenu":""},"pave24":{"libelle":"","contenu":""},"pave25":{"libelle":"","contenu":""},"ContactsParType":{"GEST":{"114361":{"id_contact":"114361","type_contact":"GEST","categorie_contact":"PRESTATAIRE","societe_contact":"","fonction_contact":"","civilite_nom_prenom_contact":"Pellegrin-Gravier Jacqueline ","adresse1_contact":"le pradas","adresse2_contact":"Val d'Allos - le village","adresse3_contact":"","cpostal_contact":"04260","ville_contact":"Allos","teldom_contact":"04 92 83 01 64","telbur_contact":"","fax_contact":"","portable_contact":"06 87 66 01 24","email_contact":"caloukiki@orange.fr","siteweb_contact":"","commentaire_contact":"","langue_contact":"","autre_moyen_com":[]},"114595":{"id_contact":"114595","type_contact":"GEST","categorie_contact":"PRESTATAIRE","societe_contact":"","fonction_contact":"","civilite_nom_prenom_contact":"Pellegrin-Gravier Jacqueline ","adresse1_contact":"le pradas","adresse2_contact":"Val d'Allos - le village","adresse3_contact":"","cpostal_contact":"04260","ville_contact":"Allos","teldom_contact":"04 92 83 01 64","telbur_contact":"","fax_contact":"","portable_contact":"06 87 66 01 24","email_contact":"caloukiki@orange.fr","siteweb_contact":"","commentaire_contact":"","langue_contact":"","autre_moyen_com":[]}}},"ZoneGeoLibelle":"Val d\u2019Allos \u2013 Le village","Libelle":"Pellegrin-Gravier Jacqueline","Nom":"Pellegrin-Gravier Jacqueline ","Prenom":"","NomPrenom":"Pellegrin-Gravier Jacqueline  ","CiviliteNomPrenom":"Pellegrin-Gravier Jacqueline  ","Cle":"G|4678069","PrestataireParent":"","ContexteStat":"PRESTATAIRE-G-4678069","DateModificationIso":"2025-11-19T00:25:00+01:00","Type":"PRESTATAIRE","TypePrestataire":"G","Adresse":{"LigneAdresse1":"","LigneAdresse2":"","LigneAdresse3":"","CodePostal":"","Ville":"","Cedex":"","Etat":"","Pays":""},"Email":"caloukiki@orange.fr","Telephone":"04 92 83 01 64","TelephoneBureau":"","Portable":"06 87 66 01 24","SiteWeb":"","Fax":"","Id":"g-4678069","Code":"G|4678069","Fichier":[],"Url":"","Localisation":{"GoogleMap":{"Latitude":"","Longitude":""}},"ZoneGeo":"FRPA04VAV1400","Criteres":{"GINFADH[GMONT":"80","GINFADH[GCOMM":"prochaine visite 11\/2018","GTIMMO[GPARTI":"","P.GLOC[G14":"","P.6241[126905":"","P.6241[5740912":"","P.3218[311229":"","P.3220[587401":"","P.3220[5575332":"","P.3233[591419":"","P.3221[4876304":"","P.3219[5127127":"","P.3219[5239406":"","P.3219[6436838":"","P.3240[5778284":"","P.6242[5843488":"","P.3230[6139211":"","P.VilleSitra[1559":"","P.VillageDeDepart[1559":""},"DateFinPublication":"","AffichageCoordonnees":[]},"listeCriteres":{"DISPONIBILITES":{"DISPORELANCE":"","PLANNINGACT":""},"GCAPACITE":{"5PERS":""},"NBPERS":{"GCAP05":""},"GLABEL":{"GCLEVA":""},"GLOGEM":{"GAPPRE":""},"GEQUIC":{"GLAVEV":""},"GFAMPLUS":{"GCHAISEHAUT":"","GBAIGN":"","GJEUXINT":"","GLITBEBE":"","GPOUSS":""},"PUBLICATION":{"VALDALLOS":"","VERDONTOURISME":""},"AFFGTYPE":{"APPART":""},"GNOMBRE":{"5PERS":""},"AFFEQUIP":{"PARKING":"","LAVEVAIS":"","LAVELINGEAFF":""},"GLOC":{"G14":""},"LOCVERDON":{"1559":""},"AFFPRES":{"AFFP3":""},"113":{"1593":""},"127":{"606":"","811":""},"126":{"972":"","5592":""},"122":{"4054":"","4055":"","4063":""},"78":{"1115":""},"prestations":{"surchargeTourismesAdaptes":"","surchargeDescriptifHandicapMoteur":"","surchargeDescriptifHandicapAuditif":"","surchargeDescriptifHandicapVisuel":"","surchargeDescriptifHandicapMental":"","surchargeNombreFauteuilsRoulants":""},"69":{"838":"","1014":"","1015":"","4060":"","5669":""},"70":{"895":"","919":"","922":""},"languesParlees":{"1197":""},"modesPaiement":{"1271":"","1277":""},"tourismeAffaires":{"tourismeAffairesEnabled":"","devise":"EUR"},"hebergementLocatifType":{"2620":""},"informationsHebergementLocatif":{"dateClassement":"2022-04-28"},"classementPrefectoral":{"2629":""},"5403":{"1613":""},"5402":{"1619":""},"5401":{"1632":""},"capacite":{"capaciteHebergement":"5","capaciteMaximumPossible":"5","nombreSallesDeBain":"1","nombreWC":"1","nombreLitsDoubles":"2","surface":"67","nombrePieces":"3","numeroEtage":"rdc"},"CINTSITRA":{"5660":"","5663":"","5664":"","8809":""},"6241":{"126905":"","5740912":""},"3218":{"311229":""},"3220":{"587401":"","5575332":""},"3233":{"591419":""},"3221":{"4876304":""},"3219":{"5127127":"","5239406":"","6436838":""},"3240":{"5778284":""},"6242":{"5843488":""},"3230":{"6139211":""},"VilleSitra":{"1559":""},"VillageDeDepart":{"1559":""},"VISIBWEB":{"PLANNINGVISIBLE":""},"GINFADH":{"GMONT":"80","GCOMM":"prochaine visite 11\/2018"},"GTIMMO":{"GPARTI":""},"P.GLOC":{"G14":""},"P.6241":{"126905":"","5740912":""},"P.3218":{"311229":""},"P.3220":{"587401":"","5575332":""},"P.3233":{"591419":""},"P.3221":{"4876304":""},"P.3219":{"5127127":"","5239406":"","6436838":""},"P.3240":{"5778284":""},"P.6242":{"5843488":""},"P.3230":{"6139211":""},"P.VilleSitra":{"1559":""},"P.VillageDeDepart":{"1559":""}},"dansCarnetVoyage":true,"Ouverture":"","WidgetDispoRechercheDate":false,"WidgetDispoVoirLienVoirToutesDispos":true,"ChargerWidgetDispoAuClic":true,"WidgetDispo":"\u003Cspan\u003E\u003C\/span\u003E","JsOnClickBtnDispo":"\u003Cscript\u003E\n                try{\n                    WidgetDispos.addChargementAuClicBtnDispoAccordeon('PRESTATION-G-4678069-6111338',{tabParamsWidgetDispo : {\"id\":\"G|4678069|6111338\",\"origineListeInfo\":\"\",\"vue\":\"semaineLigne\",\"mode\":\"ajax\",\"url_fiche\":\"appartamento-in-residence-3-stelle-val-dallos-le-village-val-dallos-le-village.html\",\"id_form_contact\":\"42\",\"version\":\"2\",\"parametersWidgetV2\":{\"el\":\"blocDispo-PRESTATION-G-4678069-6111338\",\"object\":{\"code\":\"G|4678069|6111338\"},\"cid\":\"8\",\"site\":{\"code\":\"SITE2018\",\"url\":\"https:\\\/\\\/it.valdallos.com\"},\"slider\":{\"controls\":{\"arrows\":{\"enable\":true,\"showLocked\":true,\"style\":\"button\"}}},\"booking\":{\"enable\":false,\"waitForWindowLoad\":false,\"parameters\":{\"idWidget\":\"blocResa-PRESTATION-G-4678069-6111338\",\"queryParams\":null,\"withoutForm\":true}},\"options\":{\"typeDate\":\"SS\",\"elReferer\":\"PRESTATION-G-4678069-6111338\",\"ingContext\":\"RESA\",\"urlFiche\":\"appartamento-in-residence-3-stelle-val-dallos-le-village-val-dallos-le-village.html\",\"startDate\":null,\"templates\":{\"Week\":\"semaine\",\"Days\":\"mois\"},\"plugContactForm\":\"42\"}}},idBloc : \"blocDispo-PRESTATION-G-4678069-6111338\",prestation : \"G|4678069|6111338\"});\n                }\n                catch(e) {\n                    \/\/console.log(e);\n                }\u003C\/script\u003E"},"html":" \n \u003Cdiv id=\"CV-PRESTATION-G-4678069-6111338\" data-contexte-id=\"PRESTATION|G|4678069|6111338\" data-cle=\"G|4678069|6111338\" class=\"fiche-liste\"\u003E\n    \n\n    \u003C!-- partie photo --\u003E\n    \u003Cdiv class=\"photo\"\u003E\t\t\t\t\t\t\t\t\t\t\t\t\t\t\t\t\t\t\t\t\t\n        \u003Cdiv class=\"cadre_photo_principale\"\u003E\t\t\n        \n            \t\t\t\t\t\n                    \u003Ca href=\"appartamento-in-residence-3-stelle-val-dallos-le-village-val-dallos-le-village.html?origine=carnet#media\"\u003E\n                        \u003Cimg class=\"photo_principale\" alt=\"S\u00e9jour lumineux avec canap\u00e9, fauteuil, TV, table \u00e0 manger, ameublement bois, parquet au sol, fen\u00eatre\" src=\"https:\/\/www.valdallos.com\/medias\/images\/prestations\/multitailles\/320x240_78653-img_6283.jpg\" itemprop=\"image\"\u003E\n                    \u003C\/a\u003E\t\t\t\t\t\t\n                \n                    \u003C\/div\u003E\t\t\t\t\t\t\t\t\t\t\t\t\t\t\t\t\t\t\t \t\t\n    \u003C\/div\u003E\n    \n    \u003C!-- partie nom prest --\u003E\n    \u003Cdiv class=\"nom\"\u003E\n        \u003Ch2\u003EPellegrin Gravier Jacqueline - 5\u003C\/h2\u003E\n        \n            \u003C\/div\u003E\n\n         \n    \u003C!-- partie adresse --\u003E\n    \u003Cdiv class=\"adresse\"\u003E\n    \n          \n    \u003C\/div\u003E\n    \n    \u003C!-- partie liens --\u003E\n    \u003Cdiv class=\"liens\"\u003E\n            \u003Ca class=\"btn-icon btn-view \" title=\"Vedi il file dettagliato\" href=\"appartamento-in-residence-3-stelle-val-dallos-le-village-val-dallos-le-village.html?origine=carnet\"\u003E\u003C\/a\u003E\u003C!--\u003Ca class=\"btn-icon btn-view \" title=\"\" href=\"?origine=carnet#thaut\"\u003E\u003C\/a\u003E--\u003E\n      \u003Ca class=\"btn-icon btn-trash carnet_voyage_supprimer\" title=\"Elimina questo file dal mio diario di viaggio\" href=\"carnet-voyage?action=remove&fiche=G|4678069|6111338\"\u003E\u003C\/a\u003E\n    \u003C\/div\u003E\n\n\u003C\/div\u003E\n\n","icon":"https:\/\/static.ingenie.fr\/images\/carnetVoyageV3\/G.png"},"fiche":"G|4678069|6111338","popup":"\u003Cdiv id=\"bloc_popup_ajout_fiche_carnet\"\u003E\n    \u003Cdiv class=\"info_popup_ajout_fiche_carnet\"\u003E\n        Hai appena aggiunto questo elemento alla tua selezione:    \u003C\/div\u003E\n    \u003Cdiv class=\"prest_popup_ajout_fiche_carnet\"\u003E\n        Pellegrin Gravier Jacqueline - 5    \u003C\/div\u003E\n    \u003Cdiv class=\"bloc_btn_ajout_fiche_carnet form_submit_div\"\u003E\n        \u003Cinput type=\"button\" value=\"Continua la mia selezione\" title=\"Continua la mia selezione\" name=\"btn_close\" class=\"btn_close_popup_carnet form_submit\" onclick=\"$.colorbox.close()\" \/\u003E\n        \u003Cinput type=\"button\" value=\"Visualizza la mia selezione\" title=\"Visualizza la mia selezione\" name=\"btn_panier\" class=\"btn_panier_popup_carnet form_submit\" onclick=\"if(typeof CarnetVoyage != 'undefined') {CarnetVoyage.voirCarnet();}\" \/\u003E\n    \u003C\/div\u003E\n    \u003Cdiv class=\"bloc_btn_ajout_fiche_carnet\"\u003E\n        \u003Cinput type=\"checkbox\" value=\"1\" name=\"desactiver_popup\" id=\"desactiver_popup\" \/\u003E\n        \u003Clabel for=\"desactiver_popup\"\u003ENon visualizzare pi\u00f9 questo messaggio\u003C\/label\u003E\n    \u003C\/div\u003E\n\u003C\/div\u003E","success":1}