{"nbFiches":1,"dataPrest":{"infoPrest":{"pave1":{"libelle":"Descriptif","contenu":"","fichiers":[]},"pave2":{"libelle":"Indirizzo","contenu":"","fichiers":[]},"pave3":{"libelle":"Tarifs Hiver","contenu":"","fichiers":[]},"pave4":{"libelle":"Tarifs Et\u00e9","contenu":"","fichiers":[]},"pave5":{"libelle":"URL de la r\u00e9servation ou vente en ligne","contenu":"","fichiers":[]},"pave6":{"libelle":"Descriptif court","contenu":"Casa indipendente e spaziosa, con un giardino e un possibile parcheggio ai piedi delle abitazioni.","fichiers":[]},"pave7":{"libelle":"Descriptif d\u00e9taill\u00e9","contenu":"","fichiers":[]},"pave8":{"libelle":"Bons plans","contenu":"","fichiers":[]},"pave9":{"libelle":"Compl\u00e9ment localisation","contenu":"","fichiers":[]},"pave10":{"libelle":"Compl\u00e9ment accueil","contenu":"","fichiers":[]},"pave11":{"libelle":"P\u00e9riodes en clair","contenu":"","fichiers":[]},"pave12":{"libelle":"Tarifs en clair","contenu":"","fichiers":[]},"pave13":{"libelle":"Compl\u00e9ment Tarifs","contenu":"","fichiers":[]},"pave14":{"libelle":"Compl\u00e9ment R\u00e9servation","contenu":"","fichiers":[]},"pave15":{"libelle":"Descriptif court","contenu":"","fichiers":[]},"pave16":{"libelle":"Descriptif d\u00e9taill\u00e9","contenu":"","fichiers":[]},"pave17":{"libelle":"Bons plans","contenu":"","fichiers":[]},"pave18":{"libelle":"Tarifs (Tarifs en clair, Compl\u00e9ment Tarifs)","contenu":"","fichiers":[]},"pave19":{"libelle":"P\u00e9riodes en clair","contenu":"","fichiers":[]},"pave20":{"libelle":"Descriptif court","contenu":"","fichiers":[]},"pave21":{"libelle":"Descriptif d\u00e9taill\u00e9","contenu":"","fichiers":[]},"pave22":{"libelle":"Bons plans","contenu":"","fichiers":[]},"pave23":{"libelle":"Tarifs (Tarifs en clair, Compl\u00e9ment Tarifs)","contenu":"","fichiers":[]},"pave24":{"libelle":"P\u00e9riodes en clair","contenu":"","fichiers":[]},"pave25":{"libelle":"Dispositions sp\u00e9ciales","contenu":"","fichiers":[]},"Libelle":"Pellissier Isabelle et St\u00e9phane","Reference":"","Reftar":"","Type":"PRESTATION","TypePrestataire":"G","ContexteStat":"PRESTATION-G-4678115-4688022","DateModificationIso":"2026-04-27T13:44:00+02:00","Adresse":{"LigneAdresse1":"Le mazot","LigneAdresse2":"centre station","LigneAdresse3":"Val d'Allos - le seignus","CodePostal":"04260","Ville":"Le Seignus","Cedex":"","Etat":"","Pays":"FRA"},"Id":"g-4678115-4688022","Code":"G|4678115|4688022","Cle":"G|4678115|4688022","Url":"casa-3-stelle-val-dallos-le-seignus-val-dallos-le-seignus.html","Localisation":{"GoogleMap":{"Latitude":"44.24097","Longitude":"6.61642"}},"ZoneGeo":"","Criteres":{"DISPONIBILITES[DISPORELANCE":"","GPREST[GLOCAS":"","GPREST[GCOU":"","GCAPACITE[8PERS":"","NBPERS[GCAP08":"","GLABEL[GCLEVA":"","GLOGEM[GMAIIN":"","GCHAR[GCHARC":"","GEQUIC[GFOUR":"","GEQUIC[GLAVEV":"","GEQUIC[GMICRO":"","GEQUIC[GRACLE":"","GEQUIC[GREFIG":"","GEQUIS[GLECTE":"","GEQUIS[GTELEV":"","GSALLE[GBAIGN":"","GSALLE[GDOUCH":"","GSALLE[GWC":"","G2SALL[G2DOUC":"","G1EQUI[GBARBE":"","G1EQUI[GMOBIL":"","GACTIV[GINTER":"","GANIMA[GANINA":"","GFAMPLUS[GMICRO":"","GFAMPLUS[GCHAISEHAUT":"","GFAMPLUS[GPOT":"","GFAMPLUS[GJEUXINT":"","GFAMPLUS[GLITBEBE":"","GFAMPLUS[GOFFRE":"coloriage pour les enfants","PUBLICATION[VALDALLOS":"","PUBLICATION[VERDONTOURISME":"","AFFGTYPE[CHALET":"","GNOMBRE[8PERS":"","AFFEQUIP[WIFI":"","AFFEQUIP[PARKING":"","AFFEQUIP[LAVEVAIS":"","AFFEQUIP[LAVELINGEAFF":"","AFFEQUIP[JAR":"","AFFEQUIP[POELE":"","GLOC[G15":"","LOCVERDON[37281":"","AFFPRES[AFFP3":"","113[1593":"","22[672":"","22[723":"","22[1058":"","122[803":"","122[4054":"","126[972":"","127[976":"","127[1064":"","118[1028":"","118[1145":"","prestations[surchargeTourismesAdaptes":"","prestations[surchargeDescriptifHandicapMoteur":"","prestations[surchargeDescriptifHandicapAuditif":"","prestations[surchargeDescriptifHandicapVisuel":"","prestations[surchargeDescriptifHandicapMental":"","prestations[surchargeNombreFauteuilsRoulants":"","73[796":"","73[902":"","69[838":"","69[1014":"","69[1015":"","72[842":"","72[963":"","72[998":"","71[877":"","71[987":"","70[895":"","70[907":"","70[919":"","70[922":"","70[943":"","70[999":"","languesParlees[1197":"","tourismesAdaptes[3651":"","environnements[171":"","environnements[178":"","environnements[184":"","environnements[193":"","modesPaiement[1271":"","modesPaiement[1277":"","tourismeAffaires[tourismeAffairesEnabled":"","tourismeAffaires[devise":"EUR","hebergementLocatifType[2620":"","informationsHebergementLocatif[dateClassement":"2024-07-03","classementPrefectoral[2629":"","capacite[capaciteHebergement":"8","capacite[capaciteMaximumPossible":"8","capacite[surface":"100","capacite[nombreChambres":"4","CINTSITRA[5660":"","CINTSITRA[8809":"","6241[126905":"","6241[5740912":"","3218[311229":"","3220[587401":"","3220[5575332":"","3233[591419":"","3221[4876304":"","3219[5127066":"","3219[5239406":"","3240[5778284":"","3230[6139211":"","VilleSitra[37281":"","VillageDeDepart[37281":"","VISIBWEB[PLANNINGVISIBLE":"","DISPONIBILITES[PLANNINGACT":""},"ContactsParType":{"IWEB":{"116606":{"id_contact":"116606","type_contact":"IWEB","categorie_contact":"PRESTATION","societe_contact":"","fonction_contact":"","civilite_nom_prenom_contact":"Pellissier Isabelle  ","adresse1_contact":"","adresse2_contact":"","adresse3_contact":"","cpostal_contact":"","ville_contact":"","teldom_contact":"","telbur_contact":"","fax_contact":"","portable_contact":"06 75 37 61 75","email_contact":"geneste.isabelle04@gmail.com","siteweb_contact":"","commentaire_contact":"","langue_contact":"","autre_moyen_com":[]}},"":{"116607":{"id_contact":"116607","type_contact":"","categorie_contact":"PRESTATION","societe_contact":"","fonction_contact":"","civilite_nom_prenom_contact":"MME Pellissier Isabelle ","adresse1_contact":"","adresse2_contact":"","adresse3_contact":"","cpostal_contact":"","ville_contact":"","teldom_contact":"","telbur_contact":"","fax_contact":"","portable_contact":"","email_contact":"","siteweb_contact":"","commentaire_contact":"","langue_contact":"","autre_moyen_com":[]}}},"ContactRemplaceCoordonnees":"116606","Prestataire":{"pave1":{"libelle":"","contenu":""},"pave2":{"libelle":"","contenu":""},"pave3":{"libelle":"","contenu":""},"pave4":{"libelle":"","contenu":""},"pave5":{"libelle":"","contenu":""},"pave6":{"libelle":"","contenu":""},"pave7":{"libelle":"","contenu":""},"pave8":{"libelle":"","contenu":""},"pave9":{"libelle":"","contenu":""},"pave10":{"libelle":"","contenu":""},"pave11":{"libelle":"","contenu":""},"pave12":{"libelle":"","contenu":""},"pave13":{"libelle":"","contenu":""},"pave14":{"libelle":"","contenu":""},"pave15":{"libelle":"","contenu":""},"pave16":{"libelle":"","contenu":""},"pave17":{"libelle":"","contenu":""},"pave18":{"libelle":"","contenu":""},"pave19":{"libelle":"","contenu":""},"pave20":{"libelle":"","contenu":""},"pave21":{"libelle":"","contenu":""},"pave22":{"libelle":"","contenu":""},"pave23":{"libelle":"","contenu":""},"pave24":{"libelle":"","contenu":""},"pave25":{"libelle":"","contenu":""},"ContactsParType":{"GEST":{"114364":{"id_contact":"114364","type_contact":"GEST","categorie_contact":"PRESTATAIRE","societe_contact":"","fonction_contact":"","civilite_nom_prenom_contact":"Pellissier Isabelle ","adresse1_contact":"le mazot","adresse2_contact":"Val d'Allos - Le Seignus","adresse3_contact":"","cpostal_contact":"04260","ville_contact":"Le Seignus","teldom_contact":"","telbur_contact":"","fax_contact":"","portable_contact":"06 75 37 61 75","email_contact":"geneste.isabelle04@gmail.com","siteweb_contact":"","commentaire_contact":"","langue_contact":"","autre_moyen_com":[]}}},"ZoneGeoLibelle":"Val d\u2019Allos \u2013 Le Seignus","Libelle":"Pellissier Isabelle","Nom":"Pellissier Isabelle ","Prenom":"","NomPrenom":"Pellissier Isabelle  ","CiviliteNomPrenom":"Pellissier Isabelle  ","Cle":"G|4678115","PrestataireParent":"","ContexteStat":"PRESTATAIRE-G-4678115","DateModificationIso":"2025-11-19T00:25:00+01:00","Type":"PRESTATAIRE","TypePrestataire":"G","Adresse":{"LigneAdresse1":"","LigneAdresse2":"","LigneAdresse3":"","CodePostal":"","Ville":"","Cedex":"","Etat":"","Pays":""},"Email":"geneste.isabelle04@gmail.com","Telephone":"","TelephoneBureau":"","Portable":"06 75 37 61 75","SiteWeb":"","Fax":"","Id":"g-4678115","Code":"G|4678115","Fichier":[],"Url":"","Localisation":{"GoogleMap":{"Latitude":"","Longitude":""}},"ZoneGeo":"FRPA04VAV1500","Criteres":{"GINFADH[GDEB":"20131113","GINFADH[GMONT":"80","GINFADH[GCOMM":"prochain classement 11\/2018","GTIMMO[GPARTI":"","P.GLOC[G15":"","P.6241[126905":"","P.6241[5740912":"","P.3218[311229":"","P.3220[587401":"","P.3220[5575332":"","P.3233[591419":"","P.3221[4876304":"","P.3219[5127066":"","P.3219[5239406":"","P.3240[5778284":"","P.3230[6139211":"","P.VilleSitra[37281":"","P.VillageDeDepart[37281":""},"DateFinPublication":""},"Fichier":{"Image":[{"url":"https:\/\/www.valdallos.com\/medias\/images\/prestations\/78664-pellissier_i_2.jpg","chemin":"..\/medias\/images\/prestations\/78664-pellissier_i_2.jpg","libelle":"S\u00e9jour de maison lumineux avec canap\u00e9s, fauteuils, table basse, moquette au sol, fen\u00eatre et porte-fen\u00eatre","extension":"jpg","categorie":"","largeur":800,"theme":"","hauteur":600,"type":"Image","origine":"","liaisonPave":"","langue":"","id":"78664","urlVignette":"https:\/\/www.valdallos.com\/medias\/images\/prestations\/v-78664-pellissier_i_2.jpg","alt":"S\u00e9jour de maison lumineux avec canap\u00e9s, fauteuils, table basse, moquette au sol, fen\u00eatre et porte-fen\u00eatre","title":"S\u00e9jour de maison lumineux avec canap\u00e9s, fauteuils, table basse, moquette au sol, fen\u00eatre et porte-fen\u00eatre","MultiTaille":{"1920x1440":{"url":"https:\/\/www.valdallos.com\/medias\/images\/prestations\/multitailles\/1920x1440_78664-pellissier_i_2.jpg"},"1200x900":{"url":"https:\/\/www.valdallos.com\/medias\/images\/prestations\/multitailles\/1200x900_78664-pellissier_i_2.jpg"},"800x600":{"url":"https:\/\/www.valdallos.com\/medias\/images\/prestations\/multitailles\/800x600_78664-pellissier_i_2.jpg"},"640x480":{"url":"https:\/\/www.valdallos.com\/medias\/images\/prestations\/multitailles\/640x480_78664-pellissier_i_2.jpg"},"320x240":{"url":"https:\/\/www.valdallos.com\/medias\/images\/prestations\/multitailles\/320x240_78664-pellissier_i_2.jpg"},"160x120":{"url":"https:\/\/www.valdallos.com\/medias\/images\/prestations\/multitailles\/160x120_78664-pellissier_i_2.jpg"},"origine":{"url":"https:\/\/www.valdallos.com\/medias\/images\/prestations\/78664-pellissier_i_2.jpg"}},"urlLien":"","typeLien":"","nofollow":"N","copyright":"Pellissier I"},{"url":"https:\/\/www.valdallos.com\/medias\/images\/prestations\/78665-pellissier_i_1.jpg","chemin":"..\/medias\/images\/prestations\/78665-pellissier_i_1.jpg","libelle":"S\u00e9jour de maison lumineux avec cuisine, grand table \u00e0 manger, plaques au gaz, sol carrel\u00e9, ameublement bois, porte-fen\u00eatre","extension":"jpg","categorie":"","largeur":800,"theme":"","hauteur":600,"type":"Image","origine":"","liaisonPave":"","langue":"","id":"78665","urlVignette":"https:\/\/www.valdallos.com\/medias\/images\/prestations\/v-78665-pellissier_i_1.jpg","alt":"S\u00e9jour de maison lumineux avec cuisine, grand table \u00e0 manger, plaques au gaz, sol carrel\u00e9, ameublement bois, porte-fen\u00eatre","title":"S\u00e9jour de maison lumineux avec cuisine, grand table \u00e0 manger, plaques au gaz, sol carrel\u00e9, ameublement bois, porte-fen\u00eatre","MultiTaille":{"1920x1440":{"url":"https:\/\/www.valdallos.com\/medias\/images\/prestations\/multitailles\/1920x1440_78665-pellissier_i_1.jpg"},"1200x900":{"url":"https:\/\/www.valdallos.com\/medias\/images\/prestations\/multitailles\/1200x900_78665-pellissier_i_1.jpg"},"800x600":{"url":"https:\/\/www.valdallos.com\/medias\/images\/prestations\/multitailles\/800x600_78665-pellissier_i_1.jpg"},"640x480":{"url":"https:\/\/www.valdallos.com\/medias\/images\/prestations\/multitailles\/640x480_78665-pellissier_i_1.jpg"},"320x240":{"url":"https:\/\/www.valdallos.com\/medias\/images\/prestations\/multitailles\/320x240_78665-pellissier_i_1.jpg"},"160x120":{"url":"https:\/\/www.valdallos.com\/medias\/images\/prestations\/multitailles\/160x120_78665-pellissier_i_1.jpg"},"origine":{"url":"https:\/\/www.valdallos.com\/medias\/images\/prestations\/78665-pellissier_i_1.jpg"}},"urlLien":"","typeLien":"","nofollow":"N","copyright":"Pellissier I"},{"url":"https:\/\/www.valdallos.com\/medias\/images\/prestations\/78666-chambre_img_2464.jpg","chemin":"..\/medias\/images\/prestations\/78666-chambre_img_2464.jpg","libelle":"Chambre \u00e0 coucher sous combles avec lit double, ameublement bois, parquet","extension":"jpg","categorie":"","largeur":1200,"theme":"","hauteur":900,"type":"Image","origine":"","liaisonPave":"","langue":"","id":"78666","urlVignette":"https:\/\/www.valdallos.com\/medias\/images\/prestations\/v-78666-chambre_img_2464.jpg","alt":"Chambre \u00e0 coucher sous combles avec lit double, ameublement bois, parquet","title":"Chambre \u00e0 coucher sous combles avec lit double, ameublement bois, parquet","MultiTaille":{"1920x1440":{"url":"https:\/\/www.valdallos.com\/medias\/images\/prestations\/multitailles\/1920x1440_78666-chambre_img_2464.jpg"},"1200x900":{"url":"https:\/\/www.valdallos.com\/medias\/images\/prestations\/multitailles\/1200x900_78666-chambre_img_2464.jpg"},"800x600":{"url":"https:\/\/www.valdallos.com\/medias\/images\/prestations\/multitailles\/800x600_78666-chambre_img_2464.jpg"},"640x480":{"url":"https:\/\/www.valdallos.com\/medias\/images\/prestations\/multitailles\/640x480_78666-chambre_img_2464.jpg"},"320x240":{"url":"https:\/\/www.valdallos.com\/medias\/images\/prestations\/multitailles\/320x240_78666-chambre_img_2464.jpg"},"160x120":{"url":"https:\/\/www.valdallos.com\/medias\/images\/prestations\/multitailles\/160x120_78666-chambre_img_2464.jpg"},"origine":{"url":"https:\/\/www.valdallos.com\/medias\/images\/prestations\/78666-chambre_img_2464.jpg"}},"urlLien":"","typeLien":"","nofollow":"N","copyright":"Pellissier I"},{"url":"https:\/\/www.valdallos.com\/medias\/images\/prestations\/78667-pellissier_i_4.jpg","chemin":"..\/medias\/images\/prestations\/78667-pellissier_i_4.jpg","libelle":"Chambre \u00e0 coucher sous combles avec deux lits simples, fen\u00eatre, ameublement bois, parquet","extension":"jpg","categorie":"","largeur":800,"theme":"","hauteur":600,"type":"Image","origine":"","liaisonPave":"","langue":"","id":"78667","urlVignette":"https:\/\/www.valdallos.com\/medias\/images\/prestations\/v-78667-pellissier_i_4.jpg","alt":"Chambre \u00e0 coucher sous combles avec deux lits simples, fen\u00eatre, ameublement bois, parquet","title":"Chambre \u00e0 coucher sous combles avec deux lits simples, fen\u00eatre, ameublement bois, parquet","MultiTaille":{"1920x1440":{"url":"https:\/\/www.valdallos.com\/medias\/images\/prestations\/multitailles\/1920x1440_78667-pellissier_i_4.jpg"},"1200x900":{"url":"https:\/\/www.valdallos.com\/medias\/images\/prestations\/multitailles\/1200x900_78667-pellissier_i_4.jpg"},"800x600":{"url":"https:\/\/www.valdallos.com\/medias\/images\/prestations\/multitailles\/800x600_78667-pellissier_i_4.jpg"},"640x480":{"url":"https:\/\/www.valdallos.com\/medias\/images\/prestations\/multitailles\/640x480_78667-pellissier_i_4.jpg"},"320x240":{"url":"https:\/\/www.valdallos.com\/medias\/images\/prestations\/multitailles\/320x240_78667-pellissier_i_4.jpg"},"160x120":{"url":"https:\/\/www.valdallos.com\/medias\/images\/prestations\/multitailles\/160x120_78667-pellissier_i_4.jpg"},"origine":{"url":"https:\/\/www.valdallos.com\/medias\/images\/prestations\/78667-pellissier_i_4.jpg"}},"urlLien":"","typeLien":"","nofollow":"N","copyright":"Pellissier I"},{"url":"https:\/\/www.valdallos.com\/medias\/images\/prestations\/78668-pellissier_i_5.jpg","chemin":"..\/medias\/images\/prestations\/78668-pellissier_i_5.jpg","libelle":"Chambre \u00e0 coucher lumineuse sous plafond avec deux lits simples, ameublement bois, parquet, velux","extension":"jpg","categorie":"","largeur":800,"theme":"","hauteur":600,"type":"Image","origine":"","liaisonPave":"","langue":"","id":"78668","urlVignette":"https:\/\/www.valdallos.com\/medias\/images\/prestations\/v-78668-pellissier_i_5.jpg","alt":"Chambre \u00e0 coucher lumineuse sous plafond avec deux lits simples, ameublement bois, parquet, velux","title":"Chambre \u00e0 coucher lumineuse sous plafond avec deux lits simples, ameublement bois, parquet, velux","MultiTaille":{"1920x1440":{"url":"https:\/\/www.valdallos.com\/medias\/images\/prestations\/multitailles\/1920x1440_78668-pellissier_i_5.jpg"},"1200x900":{"url":"https:\/\/www.valdallos.com\/medias\/images\/prestations\/multitailles\/1200x900_78668-pellissier_i_5.jpg"},"800x600":{"url":"https:\/\/www.valdallos.com\/medias\/images\/prestations\/multitailles\/800x600_78668-pellissier_i_5.jpg"},"640x480":{"url":"https:\/\/www.valdallos.com\/medias\/images\/prestations\/multitailles\/640x480_78668-pellissier_i_5.jpg"},"320x240":{"url":"https:\/\/www.valdallos.com\/medias\/images\/prestations\/multitailles\/320x240_78668-pellissier_i_5.jpg"},"160x120":{"url":"https:\/\/www.valdallos.com\/medias\/images\/prestations\/multitailles\/160x120_78668-pellissier_i_5.jpg"},"origine":{"url":"https:\/\/www.valdallos.com\/medias\/images\/prestations\/78668-pellissier_i_5.jpg"}},"urlLien":"","typeLien":"","nofollow":"N","copyright":"Pellissier I"},{"url":"https:\/\/www.valdallos.com\/medias\/images\/prestations\/78669-pellissier_i_3.jpg","chemin":"..\/medias\/images\/prestations\/78669-pellissier_i_3.jpg","libelle":"Chambre \u00e0 coucher sous combles avec lit double, ameublement bois, parquet, fen\u00eatre","extension":"jpg","categorie":"","largeur":800,"theme":"","hauteur":600,"type":"Image","origine":"","liaisonPave":"","langue":"","id":"78669","urlVignette":"https:\/\/www.valdallos.com\/medias\/images\/prestations\/v-78669-pellissier_i_3.jpg","alt":"Chambre \u00e0 coucher sous combles avec lit double, ameublement bois, parquet, fen\u00eatre","title":"Chambre \u00e0 coucher sous combles avec lit double, ameublement bois, parquet, fen\u00eatre","MultiTaille":{"1920x1440":{"url":"https:\/\/www.valdallos.com\/medias\/images\/prestations\/multitailles\/1920x1440_78669-pellissier_i_3.jpg"},"1200x900":{"url":"https:\/\/www.valdallos.com\/medias\/images\/prestations\/multitailles\/1200x900_78669-pellissier_i_3.jpg"},"800x600":{"url":"https:\/\/www.valdallos.com\/medias\/images\/prestations\/multitailles\/800x600_78669-pellissier_i_3.jpg"},"640x480":{"url":"https:\/\/www.valdallos.com\/medias\/images\/prestations\/multitailles\/640x480_78669-pellissier_i_3.jpg"},"320x240":{"url":"https:\/\/www.valdallos.com\/medias\/images\/prestations\/multitailles\/320x240_78669-pellissier_i_3.jpg"},"160x120":{"url":"https:\/\/www.valdallos.com\/medias\/images\/prestations\/multitailles\/160x120_78669-pellissier_i_3.jpg"},"origine":{"url":"https:\/\/www.valdallos.com\/medias\/images\/prestations\/78669-pellissier_i_3.jpg"}},"urlLien":"","typeLien":"","nofollow":"N","copyright":"Pellissier I"},{"url":"https:\/\/www.valdallos.com\/medias\/images\/prestations\/78670-pellissier_i_6.jpg","chemin":"..\/medias\/images\/prestations\/78670-pellissier_i_6.jpg","libelle":"Salle de bains lumineuse, carrel\u00e9e, avec baignoire, ameublement bois, fen\u00eatre","extension":"jpg","categorie":"","largeur":800,"theme":"","hauteur":600,"type":"Image","origine":"","liaisonPave":"","langue":"","id":"78670","urlVignette":"https:\/\/www.valdallos.com\/medias\/images\/prestations\/v-78670-pellissier_i_6.jpg","alt":"Salle de bains lumineuse, carrel\u00e9e, avec baignoire, ameublement bois, fen\u00eatre","title":"Salle de bains lumineuse, carrel\u00e9e, avec baignoire, ameublement bois, fen\u00eatre","MultiTaille":{"1920x1440":{"url":"https:\/\/www.valdallos.com\/medias\/images\/prestations\/multitailles\/1920x1440_78670-pellissier_i_6.jpg"},"1200x900":{"url":"https:\/\/www.valdallos.com\/medias\/images\/prestations\/multitailles\/1200x900_78670-pellissier_i_6.jpg"},"800x600":{"url":"https:\/\/www.valdallos.com\/medias\/images\/prestations\/multitailles\/800x600_78670-pellissier_i_6.jpg"},"640x480":{"url":"https:\/\/www.valdallos.com\/medias\/images\/prestations\/multitailles\/640x480_78670-pellissier_i_6.jpg"},"320x240":{"url":"https:\/\/www.valdallos.com\/medias\/images\/prestations\/multitailles\/320x240_78670-pellissier_i_6.jpg"},"160x120":{"url":"https:\/\/www.valdallos.com\/medias\/images\/prestations\/multitailles\/160x120_78670-pellissier_i_6.jpg"},"origine":{"url":"https:\/\/www.valdallos.com\/medias\/images\/prestations\/78670-pellissier_i_6.jpg"}},"urlLien":"","typeLien":"","nofollow":"N","copyright":"Pellissier I"},{"url":"https:\/\/www.valdallos.com\/medias\/images\/prestations\/78671-salle_deaudsc00679.jpg","chemin":"..\/medias\/images\/prestations\/78671-salle_deaudsc00679.jpg","libelle":"Salle de bains lumineuse avec bac \u00e0 douche, carrelage","extension":"jpg","categorie":"","largeur":900,"theme":"","hauteur":1200,"type":"Image","origine":"","liaisonPave":"","langue":"","id":"78671","urlVignette":"https:\/\/www.valdallos.com\/medias\/images\/prestations\/v-78671-salle_deaudsc00679.jpg","alt":"Salle de bains lumineuse avec bac \u00e0 douche, carrelage","title":"Salle de bains lumineuse avec bac \u00e0 douche, carrelage","MultiTaille":{"1920x1440":{"url":"https:\/\/www.valdallos.com\/medias\/images\/prestations\/multitailles\/1920x1440_78671-salle_deaudsc00679.jpg"},"1200x900":{"url":"https:\/\/www.valdallos.com\/medias\/images\/prestations\/multitailles\/1200x900_78671-salle_deaudsc00679.jpg"},"800x600":{"url":"https:\/\/www.valdallos.com\/medias\/images\/prestations\/multitailles\/800x600_78671-salle_deaudsc00679.jpg"},"640x480":{"url":"https:\/\/www.valdallos.com\/medias\/images\/prestations\/multitailles\/640x480_78671-salle_deaudsc00679.jpg"},"320x240":{"url":"https:\/\/www.valdallos.com\/medias\/images\/prestations\/multitailles\/320x240_78671-salle_deaudsc00679.jpg"},"160x120":{"url":"https:\/\/www.valdallos.com\/medias\/images\/prestations\/multitailles\/160x120_78671-salle_deaudsc00679.jpg"},"origine":{"url":"https:\/\/www.valdallos.com\/medias\/images\/prestations\/78671-salle_deaudsc00679.jpg"}},"urlLien":"","typeLien":"","nofollow":"N","copyright":"Pellissier I"},{"url":"https:\/\/www.valdallos.com\/medias\/images\/prestations\/78672-entree_dsc00672.jpg","chemin":"..\/medias\/images\/prestations\/78672-entree_dsc00672.jpg","libelle":"Casiers \u00e0 ski et \u00e0 snowboard, tiges pour chaussures de ski","extension":"jpg","categorie":"","largeur":1200,"theme":"","hauteur":900,"type":"Image","origine":"","liaisonPave":"","langue":"","id":"78672","urlVignette":"https:\/\/www.valdallos.com\/medias\/images\/prestations\/v-78672-entree_dsc00672.jpg","alt":"Casiers \u00e0 ski et \u00e0 snowboard, tiges pour chaussures de ski","title":"Casiers \u00e0 ski et \u00e0 snowboard, tiges pour chaussures de ski","MultiTaille":{"1920x1440":{"url":"https:\/\/www.valdallos.com\/medias\/images\/prestations\/multitailles\/1920x1440_78672-entree_dsc00672.jpg"},"1200x900":{"url":"https:\/\/www.valdallos.com\/medias\/images\/prestations\/multitailles\/1200x900_78672-entree_dsc00672.jpg"},"800x600":{"url":"https:\/\/www.valdallos.com\/medias\/images\/prestations\/multitailles\/800x600_78672-entree_dsc00672.jpg"},"640x480":{"url":"https:\/\/www.valdallos.com\/medias\/images\/prestations\/multitailles\/640x480_78672-entree_dsc00672.jpg"},"320x240":{"url":"https:\/\/www.valdallos.com\/medias\/images\/prestations\/multitailles\/320x240_78672-entree_dsc00672.jpg"},"160x120":{"url":"https:\/\/www.valdallos.com\/medias\/images\/prestations\/multitailles\/160x120_78672-entree_dsc00672.jpg"},"origine":{"url":"https:\/\/www.valdallos.com\/medias\/images\/prestations\/78672-entree_dsc00672.jpg"}},"urlLien":"","typeLien":"","nofollow":"N","copyright":"Pellissier I"},{"url":"https:\/\/www.valdallos.com\/medias\/images\/prestations\/78673-pellissier_i_0.jpg","chemin":"..\/medias\/images\/prestations\/78673-pellissier_i_0.jpg","libelle":"pellissier_i_0.jpg","extension":"jpg","categorie":"","largeur":800,"theme":"HIVER","hauteur":600,"type":"Image","origine":"","liaisonPave":"","langue":"","id":"78673","urlVignette":"https:\/\/www.valdallos.com\/medias\/images\/prestations\/v-78673-pellissier_i_0.jpg","alt":"pellissier_i_0.jpg","title":"pellissier_i_0.jpg","MultiTaille":{"1920x1440":{"url":"https:\/\/www.valdallos.com\/medias\/images\/prestations\/multitailles\/1920x1440_78673-pellissier_i_0.jpg"},"1200x900":{"url":"https:\/\/www.valdallos.com\/medias\/images\/prestations\/multitailles\/1200x900_78673-pellissier_i_0.jpg"},"800x600":{"url":"https:\/\/www.valdallos.com\/medias\/images\/prestations\/multitailles\/800x600_78673-pellissier_i_0.jpg"},"640x480":{"url":"https:\/\/www.valdallos.com\/medias\/images\/prestations\/multitailles\/640x480_78673-pellissier_i_0.jpg"},"320x240":{"url":"https:\/\/www.valdallos.com\/medias\/images\/prestations\/multitailles\/320x240_78673-pellissier_i_0.jpg"},"160x120":{"url":"https:\/\/www.valdallos.com\/medias\/images\/prestations\/multitailles\/160x120_78673-pellissier_i_0.jpg"},"origine":{"url":"https:\/\/www.valdallos.com\/medias\/images\/prestations\/78673-pellissier_i_0.jpg"}},"urlLien":"","typeLien":"","nofollow":"N","copyright":""}],"ByCategorie":{"":[{"url":"https:\/\/www.valdallos.com\/medias\/images\/prestations\/78664-pellissier_i_2.jpg","chemin":"..\/medias\/images\/prestations\/78664-pellissier_i_2.jpg","libelle":"S\u00e9jour de maison lumineux avec canap\u00e9s, fauteuils, table basse, moquette au sol, fen\u00eatre et porte-fen\u00eatre","extension":"jpg","categorie":"","largeur":800,"theme":"","hauteur":600,"type":"Image","origine":"","liaisonPave":"","langue":"","id":"78664","urlVignette":"https:\/\/www.valdallos.com\/medias\/images\/prestations\/v-78664-pellissier_i_2.jpg","alt":"S\u00e9jour de maison lumineux avec canap\u00e9s, fauteuils, table basse, moquette au sol, fen\u00eatre et porte-fen\u00eatre","title":"S\u00e9jour de maison lumineux avec canap\u00e9s, fauteuils, table basse, moquette au sol, fen\u00eatre et porte-fen\u00eatre","MultiTaille":{"1920x1440":{"url":"https:\/\/www.valdallos.com\/medias\/images\/prestations\/multitailles\/1920x1440_78664-pellissier_i_2.jpg"},"1200x900":{"url":"https:\/\/www.valdallos.com\/medias\/images\/prestations\/multitailles\/1200x900_78664-pellissier_i_2.jpg"},"800x600":{"url":"https:\/\/www.valdallos.com\/medias\/images\/prestations\/multitailles\/800x600_78664-pellissier_i_2.jpg"},"640x480":{"url":"https:\/\/www.valdallos.com\/medias\/images\/prestations\/multitailles\/640x480_78664-pellissier_i_2.jpg"},"320x240":{"url":"https:\/\/www.valdallos.com\/medias\/images\/prestations\/multitailles\/320x240_78664-pellissier_i_2.jpg"},"160x120":{"url":"https:\/\/www.valdallos.com\/medias\/images\/prestations\/multitailles\/160x120_78664-pellissier_i_2.jpg"},"origine":{"url":"https:\/\/www.valdallos.com\/medias\/images\/prestations\/78664-pellissier_i_2.jpg"}},"urlLien":"","typeLien":"","nofollow":"N","copyright":"Pellissier I"},{"url":"https:\/\/www.valdallos.com\/medias\/images\/prestations\/78665-pellissier_i_1.jpg","chemin":"..\/medias\/images\/prestations\/78665-pellissier_i_1.jpg","libelle":"S\u00e9jour de maison lumineux avec cuisine, grand table \u00e0 manger, plaques au gaz, sol carrel\u00e9, ameublement bois, porte-fen\u00eatre","extension":"jpg","categorie":"","largeur":800,"theme":"","hauteur":600,"type":"Image","origine":"","liaisonPave":"","langue":"","id":"78665","urlVignette":"https:\/\/www.valdallos.com\/medias\/images\/prestations\/v-78665-pellissier_i_1.jpg","alt":"S\u00e9jour de maison lumineux avec cuisine, grand table \u00e0 manger, plaques au gaz, sol carrel\u00e9, ameublement bois, porte-fen\u00eatre","title":"S\u00e9jour de maison lumineux avec cuisine, grand table \u00e0 manger, plaques au gaz, sol carrel\u00e9, ameublement bois, porte-fen\u00eatre","MultiTaille":{"1920x1440":{"url":"https:\/\/www.valdallos.com\/medias\/images\/prestations\/multitailles\/1920x1440_78665-pellissier_i_1.jpg"},"1200x900":{"url":"https:\/\/www.valdallos.com\/medias\/images\/prestations\/multitailles\/1200x900_78665-pellissier_i_1.jpg"},"800x600":{"url":"https:\/\/www.valdallos.com\/medias\/images\/prestations\/multitailles\/800x600_78665-pellissier_i_1.jpg"},"640x480":{"url":"https:\/\/www.valdallos.com\/medias\/images\/prestations\/multitailles\/640x480_78665-pellissier_i_1.jpg"},"320x240":{"url":"https:\/\/www.valdallos.com\/medias\/images\/prestations\/multitailles\/320x240_78665-pellissier_i_1.jpg"},"160x120":{"url":"https:\/\/www.valdallos.com\/medias\/images\/prestations\/multitailles\/160x120_78665-pellissier_i_1.jpg"},"origine":{"url":"https:\/\/www.valdallos.com\/medias\/images\/prestations\/78665-pellissier_i_1.jpg"}},"urlLien":"","typeLien":"","nofollow":"N","copyright":"Pellissier I"},{"url":"https:\/\/www.valdallos.com\/medias\/images\/prestations\/78666-chambre_img_2464.jpg","chemin":"..\/medias\/images\/prestations\/78666-chambre_img_2464.jpg","libelle":"Chambre \u00e0 coucher sous combles avec lit double, ameublement bois, parquet","extension":"jpg","categorie":"","largeur":1200,"theme":"","hauteur":900,"type":"Image","origine":"","liaisonPave":"","langue":"","id":"78666","urlVignette":"https:\/\/www.valdallos.com\/medias\/images\/prestations\/v-78666-chambre_img_2464.jpg","alt":"Chambre \u00e0 coucher sous combles avec lit double, ameublement bois, parquet","title":"Chambre \u00e0 coucher sous combles avec lit double, ameublement bois, parquet","MultiTaille":{"1920x1440":{"url":"https:\/\/www.valdallos.com\/medias\/images\/prestations\/multitailles\/1920x1440_78666-chambre_img_2464.jpg"},"1200x900":{"url":"https:\/\/www.valdallos.com\/medias\/images\/prestations\/multitailles\/1200x900_78666-chambre_img_2464.jpg"},"800x600":{"url":"https:\/\/www.valdallos.com\/medias\/images\/prestations\/multitailles\/800x600_78666-chambre_img_2464.jpg"},"640x480":{"url":"https:\/\/www.valdallos.com\/medias\/images\/prestations\/multitailles\/640x480_78666-chambre_img_2464.jpg"},"320x240":{"url":"https:\/\/www.valdallos.com\/medias\/images\/prestations\/multitailles\/320x240_78666-chambre_img_2464.jpg"},"160x120":{"url":"https:\/\/www.valdallos.com\/medias\/images\/prestations\/multitailles\/160x120_78666-chambre_img_2464.jpg"},"origine":{"url":"https:\/\/www.valdallos.com\/medias\/images\/prestations\/78666-chambre_img_2464.jpg"}},"urlLien":"","typeLien":"","nofollow":"N","copyright":"Pellissier I"},{"url":"https:\/\/www.valdallos.com\/medias\/images\/prestations\/78667-pellissier_i_4.jpg","chemin":"..\/medias\/images\/prestations\/78667-pellissier_i_4.jpg","libelle":"Chambre \u00e0 coucher sous combles avec deux lits simples, fen\u00eatre, ameublement bois, parquet","extension":"jpg","categorie":"","largeur":800,"theme":"","hauteur":600,"type":"Image","origine":"","liaisonPave":"","langue":"","id":"78667","urlVignette":"https:\/\/www.valdallos.com\/medias\/images\/prestations\/v-78667-pellissier_i_4.jpg","alt":"Chambre \u00e0 coucher sous combles avec deux lits simples, fen\u00eatre, ameublement bois, parquet","title":"Chambre \u00e0 coucher sous combles avec deux lits simples, fen\u00eatre, ameublement bois, parquet","MultiTaille":{"1920x1440":{"url":"https:\/\/www.valdallos.com\/medias\/images\/prestations\/multitailles\/1920x1440_78667-pellissier_i_4.jpg"},"1200x900":{"url":"https:\/\/www.valdallos.com\/medias\/images\/prestations\/multitailles\/1200x900_78667-pellissier_i_4.jpg"},"800x600":{"url":"https:\/\/www.valdallos.com\/medias\/images\/prestations\/multitailles\/800x600_78667-pellissier_i_4.jpg"},"640x480":{"url":"https:\/\/www.valdallos.com\/medias\/images\/prestations\/multitailles\/640x480_78667-pellissier_i_4.jpg"},"320x240":{"url":"https:\/\/www.valdallos.com\/medias\/images\/prestations\/multitailles\/320x240_78667-pellissier_i_4.jpg"},"160x120":{"url":"https:\/\/www.valdallos.com\/medias\/images\/prestations\/multitailles\/160x120_78667-pellissier_i_4.jpg"},"origine":{"url":"https:\/\/www.valdallos.com\/medias\/images\/prestations\/78667-pellissier_i_4.jpg"}},"urlLien":"","typeLien":"","nofollow":"N","copyright":"Pellissier I"},{"url":"https:\/\/www.valdallos.com\/medias\/images\/prestations\/78668-pellissier_i_5.jpg","chemin":"..\/medias\/images\/prestations\/78668-pellissier_i_5.jpg","libelle":"Chambre \u00e0 coucher lumineuse sous plafond avec deux lits simples, ameublement bois, parquet, velux","extension":"jpg","categorie":"","largeur":800,"theme":"","hauteur":600,"type":"Image","origine":"","liaisonPave":"","langue":"","id":"78668","urlVignette":"https:\/\/www.valdallos.com\/medias\/images\/prestations\/v-78668-pellissier_i_5.jpg","alt":"Chambre \u00e0 coucher lumineuse sous plafond avec deux lits simples, ameublement bois, parquet, velux","title":"Chambre \u00e0 coucher lumineuse sous plafond avec deux lits simples, ameublement bois, parquet, velux","MultiTaille":{"1920x1440":{"url":"https:\/\/www.valdallos.com\/medias\/images\/prestations\/multitailles\/1920x1440_78668-pellissier_i_5.jpg"},"1200x900":{"url":"https:\/\/www.valdallos.com\/medias\/images\/prestations\/multitailles\/1200x900_78668-pellissier_i_5.jpg"},"800x600":{"url":"https:\/\/www.valdallos.com\/medias\/images\/prestations\/multitailles\/800x600_78668-pellissier_i_5.jpg"},"640x480":{"url":"https:\/\/www.valdallos.com\/medias\/images\/prestations\/multitailles\/640x480_78668-pellissier_i_5.jpg"},"320x240":{"url":"https:\/\/www.valdallos.com\/medias\/images\/prestations\/multitailles\/320x240_78668-pellissier_i_5.jpg"},"160x120":{"url":"https:\/\/www.valdallos.com\/medias\/images\/prestations\/multitailles\/160x120_78668-pellissier_i_5.jpg"},"origine":{"url":"https:\/\/www.valdallos.com\/medias\/images\/prestations\/78668-pellissier_i_5.jpg"}},"urlLien":"","typeLien":"","nofollow":"N","copyright":"Pellissier I"},{"url":"https:\/\/www.valdallos.com\/medias\/images\/prestations\/78669-pellissier_i_3.jpg","chemin":"..\/medias\/images\/prestations\/78669-pellissier_i_3.jpg","libelle":"Chambre \u00e0 coucher sous combles avec lit double, ameublement bois, parquet, fen\u00eatre","extension":"jpg","categorie":"","largeur":800,"theme":"","hauteur":600,"type":"Image","origine":"","liaisonPave":"","langue":"","id":"78669","urlVignette":"https:\/\/www.valdallos.com\/medias\/images\/prestations\/v-78669-pellissier_i_3.jpg","alt":"Chambre \u00e0 coucher sous combles avec lit double, ameublement bois, parquet, fen\u00eatre","title":"Chambre \u00e0 coucher sous combles avec lit double, ameublement bois, parquet, fen\u00eatre","MultiTaille":{"1920x1440":{"url":"https:\/\/www.valdallos.com\/medias\/images\/prestations\/multitailles\/1920x1440_78669-pellissier_i_3.jpg"},"1200x900":{"url":"https:\/\/www.valdallos.com\/medias\/images\/prestations\/multitailles\/1200x900_78669-pellissier_i_3.jpg"},"800x600":{"url":"https:\/\/www.valdallos.com\/medias\/images\/prestations\/multitailles\/800x600_78669-pellissier_i_3.jpg"},"640x480":{"url":"https:\/\/www.valdallos.com\/medias\/images\/prestations\/multitailles\/640x480_78669-pellissier_i_3.jpg"},"320x240":{"url":"https:\/\/www.valdallos.com\/medias\/images\/prestations\/multitailles\/320x240_78669-pellissier_i_3.jpg"},"160x120":{"url":"https:\/\/www.valdallos.com\/medias\/images\/prestations\/multitailles\/160x120_78669-pellissier_i_3.jpg"},"origine":{"url":"https:\/\/www.valdallos.com\/medias\/images\/prestations\/78669-pellissier_i_3.jpg"}},"urlLien":"","typeLien":"","nofollow":"N","copyright":"Pellissier I"},{"url":"https:\/\/www.valdallos.com\/medias\/images\/prestations\/78670-pellissier_i_6.jpg","chemin":"..\/medias\/images\/prestations\/78670-pellissier_i_6.jpg","libelle":"Salle de bains lumineuse, carrel\u00e9e, avec baignoire, ameublement bois, fen\u00eatre","extension":"jpg","categorie":"","largeur":800,"theme":"","hauteur":600,"type":"Image","origine":"","liaisonPave":"","langue":"","id":"78670","urlVignette":"https:\/\/www.valdallos.com\/medias\/images\/prestations\/v-78670-pellissier_i_6.jpg","alt":"Salle de bains lumineuse, carrel\u00e9e, avec baignoire, ameublement bois, fen\u00eatre","title":"Salle de bains lumineuse, carrel\u00e9e, avec baignoire, ameublement bois, fen\u00eatre","MultiTaille":{"1920x1440":{"url":"https:\/\/www.valdallos.com\/medias\/images\/prestations\/multitailles\/1920x1440_78670-pellissier_i_6.jpg"},"1200x900":{"url":"https:\/\/www.valdallos.com\/medias\/images\/prestations\/multitailles\/1200x900_78670-pellissier_i_6.jpg"},"800x600":{"url":"https:\/\/www.valdallos.com\/medias\/images\/prestations\/multitailles\/800x600_78670-pellissier_i_6.jpg"},"640x480":{"url":"https:\/\/www.valdallos.com\/medias\/images\/prestations\/multitailles\/640x480_78670-pellissier_i_6.jpg"},"320x240":{"url":"https:\/\/www.valdallos.com\/medias\/images\/prestations\/multitailles\/320x240_78670-pellissier_i_6.jpg"},"160x120":{"url":"https:\/\/www.valdallos.com\/medias\/images\/prestations\/multitailles\/160x120_78670-pellissier_i_6.jpg"},"origine":{"url":"https:\/\/www.valdallos.com\/medias\/images\/prestations\/78670-pellissier_i_6.jpg"}},"urlLien":"","typeLien":"","nofollow":"N","copyright":"Pellissier I"},{"url":"https:\/\/www.valdallos.com\/medias\/images\/prestations\/78671-salle_deaudsc00679.jpg","chemin":"..\/medias\/images\/prestations\/78671-salle_deaudsc00679.jpg","libelle":"Salle de bains lumineuse avec bac \u00e0 douche, carrelage","extension":"jpg","categorie":"","largeur":900,"theme":"","hauteur":1200,"type":"Image","origine":"","liaisonPave":"","langue":"","id":"78671","urlVignette":"https:\/\/www.valdallos.com\/medias\/images\/prestations\/v-78671-salle_deaudsc00679.jpg","alt":"Salle de bains lumineuse avec bac \u00e0 douche, carrelage","title":"Salle de bains lumineuse avec bac \u00e0 douche, carrelage","MultiTaille":{"1920x1440":{"url":"https:\/\/www.valdallos.com\/medias\/images\/prestations\/multitailles\/1920x1440_78671-salle_deaudsc00679.jpg"},"1200x900":{"url":"https:\/\/www.valdallos.com\/medias\/images\/prestations\/multitailles\/1200x900_78671-salle_deaudsc00679.jpg"},"800x600":{"url":"https:\/\/www.valdallos.com\/medias\/images\/prestations\/multitailles\/800x600_78671-salle_deaudsc00679.jpg"},"640x480":{"url":"https:\/\/www.valdallos.com\/medias\/images\/prestations\/multitailles\/640x480_78671-salle_deaudsc00679.jpg"},"320x240":{"url":"https:\/\/www.valdallos.com\/medias\/images\/prestations\/multitailles\/320x240_78671-salle_deaudsc00679.jpg"},"160x120":{"url":"https:\/\/www.valdallos.com\/medias\/images\/prestations\/multitailles\/160x120_78671-salle_deaudsc00679.jpg"},"origine":{"url":"https:\/\/www.valdallos.com\/medias\/images\/prestations\/78671-salle_deaudsc00679.jpg"}},"urlLien":"","typeLien":"","nofollow":"N","copyright":"Pellissier I"},{"url":"https:\/\/www.valdallos.com\/medias\/images\/prestations\/78672-entree_dsc00672.jpg","chemin":"..\/medias\/images\/prestations\/78672-entree_dsc00672.jpg","libelle":"Casiers \u00e0 ski et \u00e0 snowboard, tiges pour chaussures de ski","extension":"jpg","categorie":"","largeur":1200,"theme":"","hauteur":900,"type":"Image","origine":"","liaisonPave":"","langue":"","id":"78672","urlVignette":"https:\/\/www.valdallos.com\/medias\/images\/prestations\/v-78672-entree_dsc00672.jpg","alt":"Casiers \u00e0 ski et \u00e0 snowboard, tiges pour chaussures de ski","title":"Casiers \u00e0 ski et \u00e0 snowboard, tiges pour chaussures de ski","MultiTaille":{"1920x1440":{"url":"https:\/\/www.valdallos.com\/medias\/images\/prestations\/multitailles\/1920x1440_78672-entree_dsc00672.jpg"},"1200x900":{"url":"https:\/\/www.valdallos.com\/medias\/images\/prestations\/multitailles\/1200x900_78672-entree_dsc00672.jpg"},"800x600":{"url":"https:\/\/www.valdallos.com\/medias\/images\/prestations\/multitailles\/800x600_78672-entree_dsc00672.jpg"},"640x480":{"url":"https:\/\/www.valdallos.com\/medias\/images\/prestations\/multitailles\/640x480_78672-entree_dsc00672.jpg"},"320x240":{"url":"https:\/\/www.valdallos.com\/medias\/images\/prestations\/multitailles\/320x240_78672-entree_dsc00672.jpg"},"160x120":{"url":"https:\/\/www.valdallos.com\/medias\/images\/prestations\/multitailles\/160x120_78672-entree_dsc00672.jpg"},"origine":{"url":"https:\/\/www.valdallos.com\/medias\/images\/prestations\/78672-entree_dsc00672.jpg"}},"urlLien":"","typeLien":"","nofollow":"N","copyright":"Pellissier I"},{"url":"https:\/\/www.valdallos.com\/medias\/images\/prestations\/78673-pellissier_i_0.jpg","chemin":"..\/medias\/images\/prestations\/78673-pellissier_i_0.jpg","libelle":"pellissier_i_0.jpg","extension":"jpg","categorie":"","largeur":800,"theme":"HIVER","hauteur":600,"type":"Image","origine":"","liaisonPave":"","langue":"","id":"78673","urlVignette":"https:\/\/www.valdallos.com\/medias\/images\/prestations\/v-78673-pellissier_i_0.jpg","alt":"pellissier_i_0.jpg","title":"pellissier_i_0.jpg","MultiTaille":{"1920x1440":{"url":"https:\/\/www.valdallos.com\/medias\/images\/prestations\/multitailles\/1920x1440_78673-pellissier_i_0.jpg"},"1200x900":{"url":"https:\/\/www.valdallos.com\/medias\/images\/prestations\/multitailles\/1200x900_78673-pellissier_i_0.jpg"},"800x600":{"url":"https:\/\/www.valdallos.com\/medias\/images\/prestations\/multitailles\/800x600_78673-pellissier_i_0.jpg"},"640x480":{"url":"https:\/\/www.valdallos.com\/medias\/images\/prestations\/multitailles\/640x480_78673-pellissier_i_0.jpg"},"320x240":{"url":"https:\/\/www.valdallos.com\/medias\/images\/prestations\/multitailles\/320x240_78673-pellissier_i_0.jpg"},"160x120":{"url":"https:\/\/www.valdallos.com\/medias\/images\/prestations\/multitailles\/160x120_78673-pellissier_i_0.jpg"},"origine":{"url":"https:\/\/www.valdallos.com\/medias\/images\/prestations\/78673-pellissier_i_0.jpg"}},"urlLien":"","typeLien":"","nofollow":"N","copyright":""}]}},"DateDebPublication":"","DateFinPublication":"","PrixAPartirDe":"","PrixPour":"","FicheListeEnCours":"fiche_liste_immobilier_prestation_OT_v3","ParametresModele":{"AfficherPhotos":1,"NbPhotosMax":6,"AfficherReserver":0,"AfficherContact":0,"AfficherSalle":1,"AfficherZoneGeo":0,"AfficherEnSavoirPlus":"0","AfficherUneSeuleOuverture":0,"AfficherContactCarte":1,"AfficherTarifsChaudAPartirDe":0,"AfficherTarifChaudSansRecherche":0,"AfficherDispoAccordeon":"1","AfficherDispoResa":"1","AfficherPrixAPartirDe":"1","BlocCritereInfo":{"critere1":{"libelle":"","liste_critere":["classementPrefectoral|2631|G","classementPrefectoral|2630|G","classementPrefectoral|2629|G","classementPrefectoral|2628|G","classementPrefectoral|2627|G","classementPrefectoral|2632|G"]},"critere2":{"libelle":"","liste_critere":["GLOC|G"]},"critere3":{"libelle":""},"critere4":{"libelle":""},"critere5":{"libelle":"","liste_critere":["GHANDI|G","AFFEQUIP|WIFI|G","AFFEQUIP|ANIMAUX|G","AFFEQUIP|PARKING|G","AFFEQUIP|LAVEVAIS|G","AFFEQUIP|LAVELINGEAFF|G","GCHAMB|G","NBPERS|G","GSURFA|G","GLOGEM|G"]},"critere6":{"libelle":"","liste_critere":["GLABEL|GCLEVA|G"]},"critere7":{"libelle":""},"critere8":{"libelle":""},"critere9":{"libelle":""},"afficherpictoetpaslibelle":"1"},"BlocPaveInfo":{"texte1":{"pave":["6","15","20"],"longeurmax":"250","afficherLibelle":"0","garderHtml":"0","boutonVoirPlus":""},"texte3":{"longeurmax":"","afficherLibelle":"0","garderHtml":"0","boutonVoirPlus":""}},"CriteresComportementDispo":"DISPONIBILITES[PLANNINGACT","PositionBloc":"GALLERIE|ZONEPRINCIPALFICHEPRESTA|NOM|CARNET_VOYAGE|ACCROCHE_TARIF_DISPO","TypePrestataire":"G","ComportementResa":false,"ComportementDispo":true},"AffichageCoordonnees":[],"Coordonnees":{"Ville":"Le Seignus"},"ContexteId":"PRESTATION|G|4678115|4688022","ContexteIdHtml":"PRESTATION-G-4678115-4688022","cleContexte":"G|4678115|4688022","Bloc":{"texte1":"Casa indipendente e spaziosa, con un giardino e un possibile parcheggio ai piedi delle abitazioni.","texte3":"","critere1":{"libelle":"","contenu":{"classementPrefectoral":{"libelle":"","contenu":{"3":"\u003Cimg src=\"https:\/\/www.valdallos.com\/medias\/images\/picto\/classementPrefectoral-2629-G.png\"  alt=\"3 stelle\" title=\"3 stelle\" \/\u003E"},"codesValeurs":{"3":"classementPrefectoral|2629|G"},"criteres_datas":{"valeurs":{"3":{"2629":{"descriptif":""}}}}}}},"critere2":{"libelle":"","contenu":{"GLOC":{"libelle":"Localizzare","contenu":{"2":"Val d'Allos - Le Seignus"},"codesValeurs":{"2":"GLOC|G15|G"},"criteres_datas":{"valeurs":{"2":{"G15":{"descriptif":""}}}}}}},"critere3":{"libelle":"","contenu":[]},"critere4":{"libelle":"","contenu":[]},"critere5":{"libelle":"","contenu":{"NBPERS":{"libelle":"Persone","contenu":{"7":"8 persone"},"codesValeurs":{"7":"NBPERS|GCAP08|G"},"criteres_datas":{"valeurs":{"7":{"GCAP08":{"descriptif":""}}}}},"GLOGEM":{"libelle":"tipo di alloggio","contenu":{"5":"Casa"},"codesValeurs":{"5":"GLOGEM|GMAIIN|G"},"criteres_datas":{"valeurs":{"5":{"GMAIIN":{"descriptif":""}}}}},"AFFEQUIP":{"libelle":"Servizi","contenu":{"1":"Acc\u00e8s Internet \/ Wifi","3":"Parcheggio \/ Garage","4":"Lavastoviglie","5":"Lavatrice"},"codesValeurs":{"1":"AFFEQUIP|WIFI|G","3":"AFFEQUIP|PARKING|G","4":"AFFEQUIP|LAVEVAIS|G","5":"AFFEQUIP|LAVELINGEAFF|G"},"criteres_datas":{"valeurs":{"1":{"WIFI":{"descriptif":""}},"3":{"PARKING":{"descriptif":""}},"4":{"LAVEVAIS":{"descriptif":""}},"5":{"LAVELINGEAFF":{"descriptif":""}}}}}}},"critere6":{"libelle":"","contenu":{"GLABEL":{"libelle":"marchio","contenu":{"1":"\u003Cimg src=\"https:\/\/www.valdallos.com\/medias\/images\/picto\/GLABEL-GCLEVA-G.jpg\"  alt=\"Famille Plus\" title=\"Famille Plus\" \/\u003E"},"codesValeurs":{"1":"GLABEL|GCLEVA|G"},"criteres_datas":{"valeurs":{"1":{"GCLEVA":{"descriptif":""}}}}}}},"critere7":{"libelle":"","contenu":[]},"critere8":{"libelle":"","contenu":[]},"critere9":{"libelle":"","contenu":[]}},"LocalisationGps":{"Latitude":"44.24097","Longitude":"6.61642"},"libelleDuPrestataire":"","vuePrestataire":{"pave1":{"libelle":"","contenu":""},"pave2":{"libelle":"","contenu":""},"pave3":{"libelle":"","contenu":""},"pave4":{"libelle":"","contenu":""},"pave5":{"libelle":"","contenu":""},"pave6":{"libelle":"","contenu":""},"pave7":{"libelle":"","contenu":""},"pave8":{"libelle":"","contenu":""},"pave9":{"libelle":"","contenu":""},"pave10":{"libelle":"","contenu":""},"pave11":{"libelle":"","contenu":""},"pave12":{"libelle":"","contenu":""},"pave13":{"libelle":"","contenu":""},"pave14":{"libelle":"","contenu":""},"pave15":{"libelle":"","contenu":""},"pave16":{"libelle":"","contenu":""},"pave17":{"libelle":"","contenu":""},"pave18":{"libelle":"","contenu":""},"pave19":{"libelle":"","contenu":""},"pave20":{"libelle":"","contenu":""},"pave21":{"libelle":"","contenu":""},"pave22":{"libelle":"","contenu":""},"pave23":{"libelle":"","contenu":""},"pave24":{"libelle":"","contenu":""},"pave25":{"libelle":"","contenu":""},"ContactsParType":{"GEST":{"114364":{"id_contact":"114364","type_contact":"GEST","categorie_contact":"PRESTATAIRE","societe_contact":"","fonction_contact":"","civilite_nom_prenom_contact":"Pellissier Isabelle ","adresse1_contact":"le mazot","adresse2_contact":"Val d'Allos - Le Seignus","adresse3_contact":"","cpostal_contact":"04260","ville_contact":"Le Seignus","teldom_contact":"","telbur_contact":"","fax_contact":"","portable_contact":"06 75 37 61 75","email_contact":"geneste.isabelle04@gmail.com","siteweb_contact":"","commentaire_contact":"","langue_contact":"","autre_moyen_com":[]}}},"ZoneGeoLibelle":"Val d\u2019Allos \u2013 Le Seignus","Libelle":"Pellissier Isabelle","Nom":"Pellissier Isabelle ","Prenom":"","NomPrenom":"Pellissier Isabelle  ","CiviliteNomPrenom":"Pellissier Isabelle  ","Cle":"G|4678115","PrestataireParent":"","ContexteStat":"PRESTATAIRE-G-4678115","DateModificationIso":"2025-11-19T00:25:00+01:00","Type":"PRESTATAIRE","TypePrestataire":"G","Adresse":{"LigneAdresse1":"","LigneAdresse2":"","LigneAdresse3":"","CodePostal":"","Ville":"","Cedex":"","Etat":"","Pays":""},"Email":"geneste.isabelle04@gmail.com","Telephone":"","TelephoneBureau":"","Portable":"06 75 37 61 75","SiteWeb":"","Fax":"","Id":"g-4678115","Code":"G|4678115","Fichier":[],"Url":"","Localisation":{"GoogleMap":{"Latitude":"","Longitude":""}},"ZoneGeo":"FRPA04VAV1500","Criteres":{"GINFADH[GDEB":"20131113","GINFADH[GMONT":"80","GINFADH[GCOMM":"prochain classement 11\/2018","GTIMMO[GPARTI":"","P.GLOC[G15":"","P.6241[126905":"","P.6241[5740912":"","P.3218[311229":"","P.3220[587401":"","P.3220[5575332":"","P.3233[591419":"","P.3221[4876304":"","P.3219[5127066":"","P.3219[5239406":"","P.3240[5778284":"","P.3230[6139211":"","P.VilleSitra[37281":"","P.VillageDeDepart[37281":""},"DateFinPublication":"","AffichageCoordonnees":[]},"listeCriteres":{"DISPONIBILITES":{"DISPORELANCE":"","PLANNINGACT":""},"GPREST":{"GLOCAS":"","GCOU":""},"GCAPACITE":{"8PERS":""},"NBPERS":{"GCAP08":""},"GLABEL":{"GCLEVA":""},"GLOGEM":{"GMAIIN":""},"GCHAR":{"GCHARC":""},"GEQUIC":{"GFOUR":"","GLAVEV":"","GMICRO":"","GRACLE":"","GREFIG":""},"GEQUIS":{"GLECTE":"","GTELEV":""},"GSALLE":{"GBAIGN":"","GDOUCH":"","GWC":""},"G2SALL":{"G2DOUC":""},"G1EQUI":{"GBARBE":"","GMOBIL":""},"GACTIV":{"GINTER":""},"GANIMA":{"GANINA":""},"GFAMPLUS":{"GMICRO":"","GCHAISEHAUT":"","GPOT":"","GJEUXINT":"","GLITBEBE":"","GOFFRE":"coloriage pour les enfants"},"PUBLICATION":{"VALDALLOS":"","VERDONTOURISME":""},"AFFGTYPE":{"CHALET":""},"GNOMBRE":{"8PERS":""},"AFFEQUIP":{"WIFI":"","PARKING":"","LAVEVAIS":"","LAVELINGEAFF":"","JAR":"","POELE":""},"GLOC":{"G15":""},"LOCVERDON":{"37281":""},"AFFPRES":{"AFFP3":""},"113":{"1593":""},"22":{"672":"","723":"","1058":""},"122":{"803":"","4054":""},"126":{"972":""},"127":{"976":"","1064":""},"118":{"1028":"","1145":""},"prestations":{"surchargeTourismesAdaptes":"","surchargeDescriptifHandicapMoteur":"","surchargeDescriptifHandicapAuditif":"","surchargeDescriptifHandicapVisuel":"","surchargeDescriptifHandicapMental":"","surchargeNombreFauteuilsRoulants":""},"73":{"796":"","902":""},"69":{"838":"","1014":"","1015":""},"72":{"842":"","963":"","998":""},"71":{"877":"","987":""},"70":{"895":"","907":"","919":"","922":"","943":"","999":""},"languesParlees":{"1197":""},"tourismesAdaptes":{"3651":""},"environnements":{"171":"","178":"","184":"","193":""},"modesPaiement":{"1271":"","1277":""},"tourismeAffaires":{"tourismeAffairesEnabled":"","devise":"EUR"},"hebergementLocatifType":{"2620":""},"informationsHebergementLocatif":{"dateClassement":"2024-07-03"},"classementPrefectoral":{"2629":""},"capacite":{"capaciteHebergement":"8","capaciteMaximumPossible":"8","surface":"100","nombreChambres":"4"},"CINTSITRA":{"5660":"","8809":""},"6241":{"126905":"","5740912":""},"3218":{"311229":""},"3220":{"587401":"","5575332":""},"3233":{"591419":""},"3221":{"4876304":""},"3219":{"5127066":"","5239406":""},"3240":{"5778284":""},"3230":{"6139211":""},"VilleSitra":{"37281":""},"VillageDeDepart":{"37281":""},"VISIBWEB":{"PLANNINGVISIBLE":""},"GINFADH":{"GDEB":"20131113","GMONT":"80","GCOMM":"prochain classement 11\/2018"},"GTIMMO":{"GPARTI":""},"P.GLOC":{"G15":""},"P.6241":{"126905":"","5740912":""},"P.3218":{"311229":""},"P.3220":{"587401":"","5575332":""},"P.3233":{"591419":""},"P.3221":{"4876304":""},"P.3219":{"5127066":"","5239406":""},"P.3240":{"5778284":""},"P.3230":{"6139211":""},"P.VilleSitra":{"37281":""},"P.VillageDeDepart":{"37281":""}},"dansCarnetVoyage":true,"Ouverture":"","WidgetDispoRechercheDate":false,"WidgetDispoVoirLienVoirToutesDispos":true,"ChargerWidgetDispoAuClic":true,"WidgetDispo":"\u003Cspan\u003E\u003C\/span\u003E","JsOnClickBtnDispo":"\u003Cscript\u003E\n                try{\n                    WidgetDispos.addChargementAuClicBtnDispoAccordeon('PRESTATION-G-4678115-4688022',{tabParamsWidgetDispo : {\"id\":\"G|4678115|4688022\",\"origineListeInfo\":\"\",\"vue\":\"semaineLigne\",\"mode\":\"ajax\",\"url_fiche\":\"casa-3-stelle-val-dallos-le-seignus-val-dallos-le-seignus.html\",\"id_form_contact\":\"42\",\"version\":\"2\",\"parametersWidgetV2\":{\"el\":\"blocDispo-PRESTATION-G-4678115-4688022\",\"object\":{\"code\":\"G|4678115|4688022\"},\"cid\":\"8\",\"site\":{\"code\":\"SITE2018\",\"url\":\"https:\\\/\\\/it.valdallos.com\"},\"slider\":{\"controls\":{\"arrows\":{\"enable\":true,\"showLocked\":true,\"style\":\"button\"}}},\"booking\":{\"enable\":false,\"waitForWindowLoad\":false,\"parameters\":{\"idWidget\":\"blocResa-PRESTATION-G-4678115-4688022\",\"queryParams\":null,\"withoutForm\":true}},\"options\":{\"typeDate\":\"SS\",\"elReferer\":\"PRESTATION-G-4678115-4688022\",\"ingContext\":\"RESA\",\"urlFiche\":\"casa-3-stelle-val-dallos-le-seignus-val-dallos-le-seignus.html\",\"startDate\":null,\"templates\":{\"Week\":\"semaine\",\"Days\":\"mois\"},\"plugContactForm\":\"42\"}}},idBloc : \"blocDispo-PRESTATION-G-4678115-4688022\",prestation : \"G|4678115|4688022\"});\n                }\n                catch(e) {\n                    \/\/console.log(e);\n                }\u003C\/script\u003E"},"html":" \n \u003Cdiv id=\"CV-PRESTATION-G-4678115-4688022\" data-contexte-id=\"PRESTATION|G|4678115|4688022\" data-cle=\"G|4678115|4688022\" class=\"fiche-liste\"\u003E\n    \n\n    \u003C!-- partie photo --\u003E\n    \u003Cdiv class=\"photo\"\u003E\t\t\t\t\t\t\t\t\t\t\t\t\t\t\t\t\t\t\t\t\t\n        \u003Cdiv class=\"cadre_photo_principale\"\u003E\t\t\n        \n            \t\t\t\t\t\n                    \u003Ca href=\"casa-3-stelle-val-dallos-le-seignus-val-dallos-le-seignus.html?origine=carnet#media\"\u003E\n                        \u003Cimg class=\"photo_principale\" alt=\"S\u00e9jour de maison lumineux avec canap\u00e9s, fauteuils, table basse, moquette au sol, fen\u00eatre et porte-fen\u00eatre\" src=\"https:\/\/www.valdallos.com\/medias\/images\/prestations\/multitailles\/320x240_78664-pellissier_i_2.jpg\" itemprop=\"image\"\u003E\n                    \u003C\/a\u003E\t\t\t\t\t\t\n                \n                    \u003C\/div\u003E\t\t\t\t\t\t\t\t\t\t\t\t\t\t\t\t\t\t\t \t\t\n    \u003C\/div\u003E\n    \n    \u003C!-- partie nom prest --\u003E\n    \u003Cdiv class=\"nom\"\u003E\n        \u003Ch2\u003EPellissier Isabelle et St\u00e9phane\u003C\/h2\u003E\n        \n            \u003C\/div\u003E\n\n         \n    \u003C!-- partie adresse --\u003E\n    \u003Cdiv class=\"adresse\"\u003E\n    \n          \n    \u003C\/div\u003E\n    \n    \u003C!-- partie liens --\u003E\n    \u003Cdiv class=\"liens\"\u003E\n            \u003Ca class=\"btn-icon btn-view \" title=\"Vedi il file dettagliato\" href=\"casa-3-stelle-val-dallos-le-seignus-val-dallos-le-seignus.html?origine=carnet\"\u003E\u003C\/a\u003E\u003C!--\u003Ca class=\"btn-icon btn-view \" title=\"\" href=\"?origine=carnet#thaut\"\u003E\u003C\/a\u003E--\u003E\n      \u003Ca class=\"btn-icon btn-trash carnet_voyage_supprimer\" title=\"Elimina questo file dal mio diario di viaggio\" href=\"carnet-voyage?action=remove&fiche=G|4678115|4688022\"\u003E\u003C\/a\u003E\n    \u003C\/div\u003E\n\n\u003C\/div\u003E\n\n","icon":"https:\/\/static.ingenie.fr\/images\/carnetVoyageV3\/G.png"},"fiche":"G|4678115|4688022","popup":"\u003Cdiv id=\"bloc_popup_ajout_fiche_carnet\"\u003E\n    \u003Cdiv class=\"info_popup_ajout_fiche_carnet\"\u003E\n        Hai appena aggiunto questo elemento alla tua selezione:    \u003C\/div\u003E\n    \u003Cdiv class=\"prest_popup_ajout_fiche_carnet\"\u003E\n        Pellissier Isabelle et St&eacute;phane    \u003C\/div\u003E\n    \u003Cdiv class=\"bloc_btn_ajout_fiche_carnet form_submit_div\"\u003E\n        \u003Cinput type=\"button\" value=\"Continua la mia selezione\" title=\"Continua la mia selezione\" name=\"btn_close\" class=\"btn_close_popup_carnet form_submit\" onclick=\"$.colorbox.close()\" \/\u003E\n        \u003Cinput type=\"button\" value=\"Visualizza la mia selezione\" title=\"Visualizza la mia selezione\" name=\"btn_panier\" class=\"btn_panier_popup_carnet form_submit\" onclick=\"if(typeof CarnetVoyage != 'undefined') {CarnetVoyage.voirCarnet();}\" \/\u003E\n    \u003C\/div\u003E\n    \u003Cdiv class=\"bloc_btn_ajout_fiche_carnet\"\u003E\n        \u003Cinput type=\"checkbox\" value=\"1\" name=\"desactiver_popup\" id=\"desactiver_popup\" \/\u003E\n        \u003Clabel for=\"desactiver_popup\"\u003ENon visualizzare pi\u00f9 questo messaggio\u003C\/label\u003E\n    \u003C\/div\u003E\n\u003C\/div\u003E","success":1}