{"nbFiches":1,"dataPrest":{"infoPrest":{"pave1":{"libelle":"Descriptif","contenu":"","fichiers":[]},"pave2":{"libelle":"Indirizzo","contenu":"","fichiers":[]},"pave3":{"libelle":"Tarifs Hiver","contenu":"","fichiers":[]},"pave4":{"libelle":"Tarifs Et\u00e9","contenu":"","fichiers":[]},"pave5":{"libelle":"URL de la r\u00e9servation ou vente en ligne","contenu":"","fichiers":[]},"pave6":{"libelle":"Descriptif court","contenu":"Monolocale con un balcone e un sosta possibile al parcheggio della residenza","fichiers":[]},"pave7":{"libelle":"Descriptif d\u00e9taill\u00e9","contenu":"","fichiers":[]},"pave8":{"libelle":"Bons plans","contenu":"","fichiers":[]},"pave9":{"libelle":"Compl\u00e9ment localisation","contenu":"","fichiers":[]},"pave10":{"libelle":"Compl\u00e9ment accueil","contenu":"","fichiers":[]},"pave11":{"libelle":"P\u00e9riodes en clair","contenu":"","fichiers":[]},"pave12":{"libelle":"Tarifs en clair","contenu":"","fichiers":[]},"pave13":{"libelle":"Compl\u00e9ment Tarifs","contenu":"","fichiers":[]},"pave14":{"libelle":"Compl\u00e9ment R\u00e9servation","contenu":"","fichiers":[]},"pave15":{"libelle":"Descriptif court","contenu":"","fichiers":[]},"pave16":{"libelle":"Descriptif d\u00e9taill\u00e9","contenu":"","fichiers":[]},"pave17":{"libelle":"Bons plans","contenu":"","fichiers":[]},"pave18":{"libelle":"Tarifs (Tarifs en clair, Compl\u00e9ment Tarifs)","contenu":"","fichiers":[]},"pave19":{"libelle":"P\u00e9riodes en clair","contenu":"","fichiers":[]},"pave20":{"libelle":"Descriptif court","contenu":"","fichiers":[]},"pave21":{"libelle":"Descriptif d\u00e9taill\u00e9","contenu":"","fichiers":[]},"pave22":{"libelle":"Bons plans","contenu":"","fichiers":[]},"pave23":{"libelle":"Tarifs (Tarifs en clair, Compl\u00e9ment Tarifs)","contenu":"","fichiers":[]},"pave24":{"libelle":"P\u00e9riodes en clair","contenu":"","fichiers":[]},"pave25":{"libelle":"Dispositions sp\u00e9ciales","contenu":"","fichiers":[]},"Libelle":"Quere Alphonsine","Reference":"","Reftar":"","Type":"PRESTATION","TypePrestataire":"G","ContexteStat":"PRESTATION-G-4678129-4690526","DateModificationIso":"2026-04-28T07:44:00+02:00","Adresse":{"LigneAdresse1":"R\u00e9sidence le verdon","LigneAdresse2":"Val d'Allos - le village","LigneAdresse3":"","CodePostal":"04260","Ville":"Allos","Cedex":"","Etat":"","Pays":"FRA"},"Id":"g-4678129-4690526","Code":"G|4678129|4690526","Cle":"G|4678129|4690526","Url":"1-stella-haut-verdon-val-dallos-le-village-1.html","Localisation":{"GoogleMap":{"Latitude":"44.24446","Longitude":"6.62068"}},"ZoneGeo":"","Criteres":{"DISPONIBILITES[DISPORELANCE":"","GPREST[GLOCAS":"","GCAPACITE[2PERS":"","NBPERS[GCAP02":"","GLOGEM[GSTRES":"","GCHAR[GCHARN":"","GEQUIC[GFONDU":"","GEQUIC[GFOUR":"","GEQUIC[GLAVEV":"","GEQUIC[GMICRO":"","GEQUIC[GRACLE":"","GEQUIC[GREFIG":"","GEQUIS[GTELEV":"","GSALLE[GBAIGN":"","GSALLE[GWCIND":"","G1EQUI[GLOCSK":"","G1EQUI[GLOVEL":"","G1EQUI[GMOBIL":"","GPARKI[GPARKE":"","GANIMA[GANINA":"","PUBLICATION[VALDALLOS":"","PUBLICATION[VERDONTOURISME":"","AFFGTYPE[STUDIO":"","AFFEQUIP[PARKING":"","AFFEQUIP[LAVEVAIS":"","GLOC[G14":"","LOCVERDON[1559":"","GNOMBRE[2PERS":"","VISIBWEB[PLANNINGVISIBLE":"","127[606":"","22[672":"","24[826":"","126[972":"","122[4054":"","122[4055":"","prestations[surchargeTourismesAdaptes":"","prestations[surchargeDescriptifHandicapMoteur":"","prestations[surchargeDescriptifHandicapAuditif":"","prestations[surchargeDescriptifHandicapVisuel":"","prestations[surchargeDescriptifHandicapMental":"","prestations[surchargeNombreFauteuilsRoulants":"","73[796":"","73[973":"","70[895":"","70[922":"","70[943":"","70[999":"","72[963":"","68[971":"","71[987":"","languesParlees[1197":"","6528[169":"","environnements[176":"","modesPaiement[1271":"","tourismeAffaires[tourismeAffairesEnabled":"","tourismeAffaires[devise":"EUR","hebergementLocatifType[2620":"","informationsHebergementLocatif[dateClassement":"2021-05-18","classementPrefectoral[2627":"","5403[1681":"","capacite[capaciteHebergement":"2","capacite[capaciteMaximumPossible":"2","capacite[surface":"28","capacite[numeroEtage":"2","CINTSITRA[8809":"","CINTSITRA[5660":"","6241[126905":"","6241[5740912":"","3218[311229":"","3220[587401":"","3220[5575332":"","3233[591419":"","3221[4876304":"","3219[5127127":"","3219[5239406":"","3219[6436838":"","3240[5778284":"","6242[5843488":"","3230[6139211":"","VilleSitra[1559":"","VillageDeDepart[1559":"","DISPONIBILITES[PLANNINGACT":""},"ContactsParType":{"IWEB":{"117102":{"id_contact":"117102","type_contact":"IWEB","categorie_contact":"PRESTATION","societe_contact":"","fonction_contact":"","civilite_nom_prenom_contact":"Quere Alphonsine  ","adresse1_contact":"","adresse2_contact":"","adresse3_contact":"","cpostal_contact":"","ville_contact":"","teldom_contact":"04 94 23 00 02","telbur_contact":"","fax_contact":"","portable_contact":"06 10 42 77 09","email_contact":"ninaquere@gmail.com","siteweb_contact":"","commentaire_contact":"","langue_contact":"","autre_moyen_com":[]}},"":{"117103":{"id_contact":"117103","type_contact":"","categorie_contact":"PRESTATION","societe_contact":"","fonction_contact":"","civilite_nom_prenom_contact":"MME Quere Alphonsine ","adresse1_contact":"","adresse2_contact":"","adresse3_contact":"","cpostal_contact":"","ville_contact":"","teldom_contact":"","telbur_contact":"","fax_contact":"","portable_contact":"","email_contact":"","siteweb_contact":"","commentaire_contact":"","langue_contact":"","autre_moyen_com":[]}}},"ContactRemplaceCoordonnees":"117102","Prestataire":{"pave1":{"libelle":"","contenu":""},"pave2":{"libelle":"","contenu":""},"pave3":{"libelle":"","contenu":""},"pave4":{"libelle":"","contenu":""},"pave5":{"libelle":"","contenu":""},"pave6":{"libelle":"","contenu":""},"pave7":{"libelle":"","contenu":""},"pave8":{"libelle":"","contenu":""},"pave9":{"libelle":"","contenu":""},"pave10":{"libelle":"","contenu":""},"pave11":{"libelle":"","contenu":""},"pave12":{"libelle":"","contenu":""},"pave13":{"libelle":"","contenu":""},"pave14":{"libelle":"","contenu":""},"pave15":{"libelle":"","contenu":""},"pave16":{"libelle":"","contenu":""},"pave17":{"libelle":"","contenu":""},"pave18":{"libelle":"","contenu":""},"pave19":{"libelle":"","contenu":""},"pave20":{"libelle":"","contenu":""},"pave21":{"libelle":"","contenu":""},"pave22":{"libelle":"","contenu":""},"pave23":{"libelle":"","contenu":""},"pave24":{"libelle":"","contenu":""},"pave25":{"libelle":"","contenu":""},"ContactsParType":{"GEST":{"114381":{"id_contact":"114381","type_contact":"GEST","categorie_contact":"PRESTATAIRE","societe_contact":"","fonction_contact":"","civilite_nom_prenom_contact":"Quere Alphonsine ","adresse1_contact":"96 avenue de Forbin","adresse2_contact":"all\u00e9e 15","adresse3_contact":"r\u00e9sidence la barentine","cpostal_contact":"83000","ville_contact":"Toulon","teldom_contact":"04 94 23 00 02","telbur_contact":"","fax_contact":"","portable_contact":"06 10 42 77 09","email_contact":"ninaquere@gmail.com","siteweb_contact":"","commentaire_contact":"","langue_contact":"","autre_moyen_com":[]}}},"ZoneGeoLibelle":"Haut-Verdon","Libelle":"Quere Alphonsine","Nom":"Quere Alphonsine ","Prenom":"","NomPrenom":"Quere Alphonsine  ","CiviliteNomPrenom":"Quere Alphonsine  ","Cle":"G|4678129","PrestataireParent":"","ContexteStat":"PRESTATAIRE-G-4678129","DateModificationIso":"2025-11-19T00:26:00+01:00","Type":"PRESTATAIRE","TypePrestataire":"G","Adresse":{"LigneAdresse1":"","LigneAdresse2":"","LigneAdresse3":"","CodePostal":"","Ville":"","Cedex":"","Etat":"","Pays":""},"Email":"ninaquere@gmail.com","Telephone":"04 94 23 00 02","TelephoneBureau":"","Portable":"06 10 42 77 09","SiteWeb":"","Fax":"","Id":"g-4678129","Code":"G|4678129","Fichier":[],"Url":"","Localisation":{"GoogleMap":{"Latitude":"","Longitude":""}},"ZoneGeo":"FRPA04VAHVERD","Criteres":{"GTIMMO[GPARTI":"","P.3218[311230":"","P.3233[591419":"","P.3227[4782940":"","P.3220[4825320":"","P.3230[4889017":"","P.4805[5095370":"","P.3219[5127066":"","P.3219[7242385":"","P.3228[7462101":"","P.VilleSitra[34174":"","P.VillageDeDepart[34174":""},"DateFinPublication":""},"Fichier":{"Image":[{"url":"https:\/\/www.valdallos.com\/medias\/images\/prestations\/79013-salon.jpg","chemin":"..\/medias\/images\/prestations\/79013-salon.jpg","libelle":"Salon de studio lumineux avec canap\u00e9-lit, fen\u00eatre, ameublement bois","extension":"jpg","categorie":"","largeur":436,"theme":"","hauteur":444,"type":"Image","origine":"","liaisonPave":"","langue":"","id":"79013","urlVignette":"https:\/\/www.valdallos.com\/medias\/images\/prestations\/v-79013-salon.jpg","alt":"Salon de studio lumineux avec canap\u00e9-lit, fen\u00eatre, ameublement bois","title":"Salon de studio lumineux avec canap\u00e9-lit, fen\u00eatre, ameublement bois","MultiTaille":{"1920x1440":{"url":"https:\/\/www.valdallos.com\/medias\/images\/prestations\/multitailles\/1920x1440_79013-salon.jpg"},"1200x900":{"url":"https:\/\/www.valdallos.com\/medias\/images\/prestations\/multitailles\/1200x900_79013-salon.jpg"},"800x600":{"url":"https:\/\/www.valdallos.com\/medias\/images\/prestations\/multitailles\/800x600_79013-salon.jpg"},"640x480":{"url":"https:\/\/www.valdallos.com\/medias\/images\/prestations\/multitailles\/640x480_79013-salon.jpg"},"320x240":{"url":"https:\/\/www.valdallos.com\/medias\/images\/prestations\/multitailles\/320x240_79013-salon.jpg"},"160x120":{"url":"https:\/\/www.valdallos.com\/medias\/images\/prestations\/multitailles\/160x120_79013-salon.jpg"},"origine":{"url":"https:\/\/www.valdallos.com\/medias\/images\/prestations\/79013-salon.jpg"}},"urlLien":"","typeLien":"","nofollow":"N","copyright":"A Quere"},{"url":"https:\/\/www.valdallos.com\/medias\/images\/prestations\/79014-table_ouverte_copie.jpg","chemin":"..\/medias\/images\/prestations\/79014-table_ouverte_copie.jpg","libelle":"Salon de studio lumineux avec table \u00e0 manger pliante ouverte, ameublement bois","extension":"jpg","categorie":"","largeur":900,"theme":"","hauteur":1200,"type":"Image","origine":"","liaisonPave":"","langue":"","id":"79014","urlVignette":"https:\/\/www.valdallos.com\/medias\/images\/prestations\/v-79014-table_ouverte_copie.jpg","alt":"Salon de studio lumineux avec table \u00e0 manger pliante ouverte, ameublement bois","title":"Salon de studio lumineux avec table \u00e0 manger pliante ouverte, ameublement bois","MultiTaille":{"1920x1440":{"url":"https:\/\/www.valdallos.com\/medias\/images\/prestations\/multitailles\/1920x1440_79014-table_ouverte_copie.jpg"},"1200x900":{"url":"https:\/\/www.valdallos.com\/medias\/images\/prestations\/multitailles\/1200x900_79014-table_ouverte_copie.jpg"},"800x600":{"url":"https:\/\/www.valdallos.com\/medias\/images\/prestations\/multitailles\/800x600_79014-table_ouverte_copie.jpg"},"640x480":{"url":"https:\/\/www.valdallos.com\/medias\/images\/prestations\/multitailles\/640x480_79014-table_ouverte_copie.jpg"},"320x240":{"url":"https:\/\/www.valdallos.com\/medias\/images\/prestations\/multitailles\/320x240_79014-table_ouverte_copie.jpg"},"160x120":{"url":"https:\/\/www.valdallos.com\/medias\/images\/prestations\/multitailles\/160x120_79014-table_ouverte_copie.jpg"},"origine":{"url":"https:\/\/www.valdallos.com\/medias\/images\/prestations\/79014-table_ouverte_copie.jpg"}},"urlLien":"","typeLien":"","nofollow":"N","copyright":"A Quere"},{"url":"https:\/\/www.valdallos.com\/medias\/images\/prestations\/79015-allos_1.jpg","chemin":"..\/medias\/images\/prestations\/79015-allos_1.jpg","libelle":"Coin cuisine moderne de studio","extension":"jpg","categorie":"","largeur":480,"theme":"","hauteur":640,"type":"Image","origine":"","liaisonPave":"","langue":"","id":"79015","urlVignette":"https:\/\/www.valdallos.com\/medias\/images\/prestations\/v-79015-allos_1.jpg","alt":"Coin cuisine moderne de studio","title":"Coin cuisine moderne de studio","MultiTaille":{"1920x1440":{"url":"https:\/\/www.valdallos.com\/medias\/images\/prestations\/multitailles\/1920x1440_79015-allos_1.jpg"},"1200x900":{"url":"https:\/\/www.valdallos.com\/medias\/images\/prestations\/multitailles\/1200x900_79015-allos_1.jpg"},"800x600":{"url":"https:\/\/www.valdallos.com\/medias\/images\/prestations\/multitailles\/800x600_79015-allos_1.jpg"},"640x480":{"url":"https:\/\/www.valdallos.com\/medias\/images\/prestations\/multitailles\/640x480_79015-allos_1.jpg"},"320x240":{"url":"https:\/\/www.valdallos.com\/medias\/images\/prestations\/multitailles\/320x240_79015-allos_1.jpg"},"160x120":{"url":"https:\/\/www.valdallos.com\/medias\/images\/prestations\/multitailles\/160x120_79015-allos_1.jpg"},"origine":{"url":"https:\/\/www.valdallos.com\/medias\/images\/prestations\/79015-allos_1.jpg"}},"urlLien":"","typeLien":"","nofollow":"N","copyright":"A Quere"},{"url":"https:\/\/www.valdallos.com\/medias\/images\/prestations\/79016-salle_de_bain_i.jpg","chemin":"..\/medias\/images\/prestations\/79016-salle_de_bain_i.jpg","libelle":"Salle d'eau avec douche, \u00e9vier, miroir, carrelage","extension":"jpg","categorie":"","largeur":480,"theme":"","hauteur":640,"type":"Image","origine":"","liaisonPave":"","langue":"","id":"79016","urlVignette":"https:\/\/www.valdallos.com\/medias\/images\/prestations\/v-79016-salle_de_bain_i.jpg","alt":"Salle d'eau avec douche, \u00e9vier, miroir, carrelage","title":"Salle d'eau avec douche, \u00e9vier, miroir, carrelage","MultiTaille":{"1920x1440":{"url":"https:\/\/www.valdallos.com\/medias\/images\/prestations\/multitailles\/1920x1440_79016-salle_de_bain_i.jpg"},"1200x900":{"url":"https:\/\/www.valdallos.com\/medias\/images\/prestations\/multitailles\/1200x900_79016-salle_de_bain_i.jpg"},"800x600":{"url":"https:\/\/www.valdallos.com\/medias\/images\/prestations\/multitailles\/800x600_79016-salle_de_bain_i.jpg"},"640x480":{"url":"https:\/\/www.valdallos.com\/medias\/images\/prestations\/multitailles\/640x480_79016-salle_de_bain_i.jpg"},"320x240":{"url":"https:\/\/www.valdallos.com\/medias\/images\/prestations\/multitailles\/320x240_79016-salle_de_bain_i.jpg"},"160x120":{"url":"https:\/\/www.valdallos.com\/medias\/images\/prestations\/multitailles\/160x120_79016-salle_de_bain_i.jpg"},"origine":{"url":"https:\/\/www.valdallos.com\/medias\/images\/prestations\/79016-salle_de_bain_i.jpg"}},"urlLien":"","typeLien":"","nofollow":"N","copyright":"A Quere"}],"ByCategorie":{"":[{"url":"https:\/\/www.valdallos.com\/medias\/images\/prestations\/79013-salon.jpg","chemin":"..\/medias\/images\/prestations\/79013-salon.jpg","libelle":"Salon de studio lumineux avec canap\u00e9-lit, fen\u00eatre, ameublement bois","extension":"jpg","categorie":"","largeur":436,"theme":"","hauteur":444,"type":"Image","origine":"","liaisonPave":"","langue":"","id":"79013","urlVignette":"https:\/\/www.valdallos.com\/medias\/images\/prestations\/v-79013-salon.jpg","alt":"Salon de studio lumineux avec canap\u00e9-lit, fen\u00eatre, ameublement bois","title":"Salon de studio lumineux avec canap\u00e9-lit, fen\u00eatre, ameublement bois","MultiTaille":{"1920x1440":{"url":"https:\/\/www.valdallos.com\/medias\/images\/prestations\/multitailles\/1920x1440_79013-salon.jpg"},"1200x900":{"url":"https:\/\/www.valdallos.com\/medias\/images\/prestations\/multitailles\/1200x900_79013-salon.jpg"},"800x600":{"url":"https:\/\/www.valdallos.com\/medias\/images\/prestations\/multitailles\/800x600_79013-salon.jpg"},"640x480":{"url":"https:\/\/www.valdallos.com\/medias\/images\/prestations\/multitailles\/640x480_79013-salon.jpg"},"320x240":{"url":"https:\/\/www.valdallos.com\/medias\/images\/prestations\/multitailles\/320x240_79013-salon.jpg"},"160x120":{"url":"https:\/\/www.valdallos.com\/medias\/images\/prestations\/multitailles\/160x120_79013-salon.jpg"},"origine":{"url":"https:\/\/www.valdallos.com\/medias\/images\/prestations\/79013-salon.jpg"}},"urlLien":"","typeLien":"","nofollow":"N","copyright":"A Quere"},{"url":"https:\/\/www.valdallos.com\/medias\/images\/prestations\/79014-table_ouverte_copie.jpg","chemin":"..\/medias\/images\/prestations\/79014-table_ouverte_copie.jpg","libelle":"Salon de studio lumineux avec table \u00e0 manger pliante ouverte, ameublement bois","extension":"jpg","categorie":"","largeur":900,"theme":"","hauteur":1200,"type":"Image","origine":"","liaisonPave":"","langue":"","id":"79014","urlVignette":"https:\/\/www.valdallos.com\/medias\/images\/prestations\/v-79014-table_ouverte_copie.jpg","alt":"Salon de studio lumineux avec table \u00e0 manger pliante ouverte, ameublement bois","title":"Salon de studio lumineux avec table \u00e0 manger pliante ouverte, ameublement bois","MultiTaille":{"1920x1440":{"url":"https:\/\/www.valdallos.com\/medias\/images\/prestations\/multitailles\/1920x1440_79014-table_ouverte_copie.jpg"},"1200x900":{"url":"https:\/\/www.valdallos.com\/medias\/images\/prestations\/multitailles\/1200x900_79014-table_ouverte_copie.jpg"},"800x600":{"url":"https:\/\/www.valdallos.com\/medias\/images\/prestations\/multitailles\/800x600_79014-table_ouverte_copie.jpg"},"640x480":{"url":"https:\/\/www.valdallos.com\/medias\/images\/prestations\/multitailles\/640x480_79014-table_ouverte_copie.jpg"},"320x240":{"url":"https:\/\/www.valdallos.com\/medias\/images\/prestations\/multitailles\/320x240_79014-table_ouverte_copie.jpg"},"160x120":{"url":"https:\/\/www.valdallos.com\/medias\/images\/prestations\/multitailles\/160x120_79014-table_ouverte_copie.jpg"},"origine":{"url":"https:\/\/www.valdallos.com\/medias\/images\/prestations\/79014-table_ouverte_copie.jpg"}},"urlLien":"","typeLien":"","nofollow":"N","copyright":"A Quere"},{"url":"https:\/\/www.valdallos.com\/medias\/images\/prestations\/79015-allos_1.jpg","chemin":"..\/medias\/images\/prestations\/79015-allos_1.jpg","libelle":"Coin cuisine moderne de studio","extension":"jpg","categorie":"","largeur":480,"theme":"","hauteur":640,"type":"Image","origine":"","liaisonPave":"","langue":"","id":"79015","urlVignette":"https:\/\/www.valdallos.com\/medias\/images\/prestations\/v-79015-allos_1.jpg","alt":"Coin cuisine moderne de studio","title":"Coin cuisine moderne de studio","MultiTaille":{"1920x1440":{"url":"https:\/\/www.valdallos.com\/medias\/images\/prestations\/multitailles\/1920x1440_79015-allos_1.jpg"},"1200x900":{"url":"https:\/\/www.valdallos.com\/medias\/images\/prestations\/multitailles\/1200x900_79015-allos_1.jpg"},"800x600":{"url":"https:\/\/www.valdallos.com\/medias\/images\/prestations\/multitailles\/800x600_79015-allos_1.jpg"},"640x480":{"url":"https:\/\/www.valdallos.com\/medias\/images\/prestations\/multitailles\/640x480_79015-allos_1.jpg"},"320x240":{"url":"https:\/\/www.valdallos.com\/medias\/images\/prestations\/multitailles\/320x240_79015-allos_1.jpg"},"160x120":{"url":"https:\/\/www.valdallos.com\/medias\/images\/prestations\/multitailles\/160x120_79015-allos_1.jpg"},"origine":{"url":"https:\/\/www.valdallos.com\/medias\/images\/prestations\/79015-allos_1.jpg"}},"urlLien":"","typeLien":"","nofollow":"N","copyright":"A Quere"},{"url":"https:\/\/www.valdallos.com\/medias\/images\/prestations\/79016-salle_de_bain_i.jpg","chemin":"..\/medias\/images\/prestations\/79016-salle_de_bain_i.jpg","libelle":"Salle d'eau avec douche, \u00e9vier, miroir, carrelage","extension":"jpg","categorie":"","largeur":480,"theme":"","hauteur":640,"type":"Image","origine":"","liaisonPave":"","langue":"","id":"79016","urlVignette":"https:\/\/www.valdallos.com\/medias\/images\/prestations\/v-79016-salle_de_bain_i.jpg","alt":"Salle d'eau avec douche, \u00e9vier, miroir, carrelage","title":"Salle d'eau avec douche, \u00e9vier, miroir, carrelage","MultiTaille":{"1920x1440":{"url":"https:\/\/www.valdallos.com\/medias\/images\/prestations\/multitailles\/1920x1440_79016-salle_de_bain_i.jpg"},"1200x900":{"url":"https:\/\/www.valdallos.com\/medias\/images\/prestations\/multitailles\/1200x900_79016-salle_de_bain_i.jpg"},"800x600":{"url":"https:\/\/www.valdallos.com\/medias\/images\/prestations\/multitailles\/800x600_79016-salle_de_bain_i.jpg"},"640x480":{"url":"https:\/\/www.valdallos.com\/medias\/images\/prestations\/multitailles\/640x480_79016-salle_de_bain_i.jpg"},"320x240":{"url":"https:\/\/www.valdallos.com\/medias\/images\/prestations\/multitailles\/320x240_79016-salle_de_bain_i.jpg"},"160x120":{"url":"https:\/\/www.valdallos.com\/medias\/images\/prestations\/multitailles\/160x120_79016-salle_de_bain_i.jpg"},"origine":{"url":"https:\/\/www.valdallos.com\/medias\/images\/prestations\/79016-salle_de_bain_i.jpg"}},"urlLien":"","typeLien":"","nofollow":"N","copyright":"A Quere"}]}},"DateDebPublication":"","DateFinPublication":"","PrixAPartirDe":"","PrixPour":"","FicheListeEnCours":"fiche_liste_immobilier_prestation_OT_v3","ParametresModele":{"AfficherPhotos":1,"NbPhotosMax":6,"AfficherReserver":0,"AfficherContact":0,"AfficherSalle":1,"AfficherZoneGeo":0,"AfficherEnSavoirPlus":"0","AfficherUneSeuleOuverture":0,"AfficherContactCarte":1,"AfficherTarifsChaudAPartirDe":0,"AfficherTarifChaudSansRecherche":0,"AfficherDispoAccordeon":"1","AfficherDispoResa":"1","AfficherPrixAPartirDe":"1","BlocCritereInfo":{"critere1":{"libelle":"","liste_critere":["classementPrefectoral|2631|G","classementPrefectoral|2630|G","classementPrefectoral|2629|G","classementPrefectoral|2628|G","classementPrefectoral|2627|G","classementPrefectoral|2632|G"]},"critere2":{"libelle":"","liste_critere":["GLOC|G"]},"critere3":{"libelle":""},"critere4":{"libelle":""},"critere5":{"libelle":"","liste_critere":["GHANDI|G","AFFEQUIP|WIFI|G","AFFEQUIP|ANIMAUX|G","AFFEQUIP|PARKING|G","AFFEQUIP|LAVEVAIS|G","AFFEQUIP|LAVELINGEAFF|G","GCHAMB|G","NBPERS|G","GSURFA|G","GLOGEM|G"]},"critere6":{"libelle":"","liste_critere":["GLABEL|GCLEVA|G"]},"critere7":{"libelle":""},"critere8":{"libelle":""},"critere9":{"libelle":""},"afficherpictoetpaslibelle":"1"},"BlocPaveInfo":{"texte1":{"pave":["6","15","20"],"longeurmax":"250","afficherLibelle":"0","garderHtml":"0","boutonVoirPlus":""},"texte3":{"longeurmax":"","afficherLibelle":"0","garderHtml":"0","boutonVoirPlus":""}},"CriteresComportementDispo":"DISPONIBILITES[PLANNINGACT","PositionBloc":"GALLERIE|ZONEPRINCIPALFICHEPRESTA|NOM|CARNET_VOYAGE|ACCROCHE_TARIF_DISPO","TypePrestataire":"G","ComportementResa":false,"ComportementDispo":true},"AffichageCoordonnees":[],"Coordonnees":{"Ville":"Allos"},"ContexteId":"PRESTATION|G|4678129|4690526","ContexteIdHtml":"PRESTATION-G-4678129-4690526","cleContexte":"G|4678129|4690526","Bloc":{"texte1":"Monolocale con un balcone e un sosta possibile al parcheggio della residenza","texte3":"","critere1":{"libelle":"","contenu":{"classementPrefectoral":{"libelle":"","contenu":{"5":"\u003Cimg src=\"https:\/\/www.valdallos.com\/medias\/images\/picto\/classementPrefectoral-2627-G.png\"  alt=\"1 stella\" title=\"1 stella\" \/\u003E"},"codesValeurs":{"5":"classementPrefectoral|2627|G"},"criteres_datas":{"valeurs":{"5":{"2627":{"descriptif":""}}}}}}},"critere2":{"libelle":"","contenu":{"GLOC":{"libelle":"Localizzare","contenu":{"3":"Val d'Allos - Villaggio"},"codesValeurs":{"3":"GLOC|G14|G"},"criteres_datas":{"valeurs":{"3":{"G14":{"descriptif":""}}}}}}},"critere3":{"libelle":"","contenu":[]},"critere4":{"libelle":"","contenu":[]},"critere5":{"libelle":"","contenu":{"NBPERS":{"libelle":"Persone","contenu":{"1":"2 persone"},"codesValeurs":{"1":"NBPERS|GCAP02|G"},"criteres_datas":{"valeurs":{"1":{"GCAP02":{"descriptif":""}}}}},"GLOGEM":{"libelle":"tipo di alloggio","contenu":{"7":"Monolocale in una reisdence"},"codesValeurs":{"7":"GLOGEM|GSTRES|G"},"criteres_datas":{"valeurs":{"7":{"GSTRES":{"descriptif":""}}}}},"AFFEQUIP":{"libelle":"Servizi","contenu":{"3":"Parcheggio \/ Garage","4":"Lavastoviglie"},"codesValeurs":{"3":"AFFEQUIP|PARKING|G","4":"AFFEQUIP|LAVEVAIS|G"},"criteres_datas":{"valeurs":{"3":{"PARKING":{"descriptif":""}},"4":{"LAVEVAIS":{"descriptif":""}}}}}}},"critere6":{"libelle":"","contenu":[]},"critere7":{"libelle":"","contenu":[]},"critere8":{"libelle":"","contenu":[]},"critere9":{"libelle":"","contenu":[]}},"LocalisationGps":{"Latitude":"44.24446","Longitude":"6.62068"},"libelleDuPrestataire":"","vuePrestataire":{"pave1":{"libelle":"","contenu":""},"pave2":{"libelle":"","contenu":""},"pave3":{"libelle":"","contenu":""},"pave4":{"libelle":"","contenu":""},"pave5":{"libelle":"","contenu":""},"pave6":{"libelle":"","contenu":""},"pave7":{"libelle":"","contenu":""},"pave8":{"libelle":"","contenu":""},"pave9":{"libelle":"","contenu":""},"pave10":{"libelle":"","contenu":""},"pave11":{"libelle":"","contenu":""},"pave12":{"libelle":"","contenu":""},"pave13":{"libelle":"","contenu":""},"pave14":{"libelle":"","contenu":""},"pave15":{"libelle":"","contenu":""},"pave16":{"libelle":"","contenu":""},"pave17":{"libelle":"","contenu":""},"pave18":{"libelle":"","contenu":""},"pave19":{"libelle":"","contenu":""},"pave20":{"libelle":"","contenu":""},"pave21":{"libelle":"","contenu":""},"pave22":{"libelle":"","contenu":""},"pave23":{"libelle":"","contenu":""},"pave24":{"libelle":"","contenu":""},"pave25":{"libelle":"","contenu":""},"ContactsParType":{"GEST":{"114381":{"id_contact":"114381","type_contact":"GEST","categorie_contact":"PRESTATAIRE","societe_contact":"","fonction_contact":"","civilite_nom_prenom_contact":"Quere Alphonsine ","adresse1_contact":"96 avenue de Forbin","adresse2_contact":"all\u00e9e 15","adresse3_contact":"r\u00e9sidence la barentine","cpostal_contact":"83000","ville_contact":"Toulon","teldom_contact":"04 94 23 00 02","telbur_contact":"","fax_contact":"","portable_contact":"06 10 42 77 09","email_contact":"ninaquere@gmail.com","siteweb_contact":"","commentaire_contact":"","langue_contact":"","autre_moyen_com":[]}}},"ZoneGeoLibelle":"Haut-Verdon","Libelle":"Quere Alphonsine","Nom":"Quere Alphonsine ","Prenom":"","NomPrenom":"Quere Alphonsine  ","CiviliteNomPrenom":"Quere Alphonsine  ","Cle":"G|4678129","PrestataireParent":"","ContexteStat":"PRESTATAIRE-G-4678129","DateModificationIso":"2025-11-19T00:26:00+01:00","Type":"PRESTATAIRE","TypePrestataire":"G","Adresse":{"LigneAdresse1":"","LigneAdresse2":"","LigneAdresse3":"","CodePostal":"","Ville":"","Cedex":"","Etat":"","Pays":""},"Email":"ninaquere@gmail.com","Telephone":"04 94 23 00 02","TelephoneBureau":"","Portable":"06 10 42 77 09","SiteWeb":"","Fax":"","Id":"g-4678129","Code":"G|4678129","Fichier":[],"Url":"","Localisation":{"GoogleMap":{"Latitude":"","Longitude":""}},"ZoneGeo":"FRPA04VAHVERD","Criteres":{"GTIMMO[GPARTI":"","P.3218[311230":"","P.3233[591419":"","P.3227[4782940":"","P.3220[4825320":"","P.3230[4889017":"","P.4805[5095370":"","P.3219[5127066":"","P.3219[7242385":"","P.3228[7462101":"","P.VilleSitra[34174":"","P.VillageDeDepart[34174":""},"DateFinPublication":"","AffichageCoordonnees":[]},"listeCriteres":{"DISPONIBILITES":{"DISPORELANCE":"","PLANNINGACT":""},"GPREST":{"GLOCAS":""},"GCAPACITE":{"2PERS":""},"NBPERS":{"GCAP02":""},"GLOGEM":{"GSTRES":""},"GCHAR":{"GCHARN":""},"GEQUIC":{"GFONDU":"","GFOUR":"","GLAVEV":"","GMICRO":"","GRACLE":"","GREFIG":""},"GEQUIS":{"GTELEV":""},"GSALLE":{"GBAIGN":"","GWCIND":""},"G1EQUI":{"GLOCSK":"","GLOVEL":"","GMOBIL":""},"GPARKI":{"GPARKE":""},"GANIMA":{"GANINA":""},"PUBLICATION":{"VALDALLOS":"","VERDONTOURISME":""},"AFFGTYPE":{"STUDIO":""},"AFFEQUIP":{"PARKING":"","LAVEVAIS":""},"GLOC":{"G14":""},"LOCVERDON":{"1559":""},"GNOMBRE":{"2PERS":""},"VISIBWEB":{"PLANNINGVISIBLE":""},"127":{"606":""},"22":{"672":""},"24":{"826":""},"126":{"972":""},"122":{"4054":"","4055":""},"prestations":{"surchargeTourismesAdaptes":"","surchargeDescriptifHandicapMoteur":"","surchargeDescriptifHandicapAuditif":"","surchargeDescriptifHandicapVisuel":"","surchargeDescriptifHandicapMental":"","surchargeNombreFauteuilsRoulants":""},"73":{"796":"","973":""},"70":{"895":"","922":"","943":"","999":""},"72":{"963":""},"68":{"971":""},"71":{"987":""},"languesParlees":{"1197":""},"6528":{"169":""},"environnements":{"176":""},"modesPaiement":{"1271":""},"tourismeAffaires":{"tourismeAffairesEnabled":"","devise":"EUR"},"hebergementLocatifType":{"2620":""},"informationsHebergementLocatif":{"dateClassement":"2021-05-18"},"classementPrefectoral":{"2627":""},"5403":{"1681":""},"capacite":{"capaciteHebergement":"2","capaciteMaximumPossible":"2","surface":"28","numeroEtage":"2"},"CINTSITRA":{"8809":"","5660":""},"6241":{"126905":"","5740912":""},"3218":{"311229":""},"3220":{"587401":"","5575332":""},"3233":{"591419":""},"3221":{"4876304":""},"3219":{"5127127":"","5239406":"","6436838":""},"3240":{"5778284":""},"6242":{"5843488":""},"3230":{"6139211":""},"VilleSitra":{"1559":""},"VillageDeDepart":{"1559":""},"GTIMMO":{"GPARTI":""},"P.3218":{"311230":""},"P.3233":{"591419":""},"P.3227":{"4782940":""},"P.3220":{"4825320":""},"P.3230":{"4889017":""},"P.4805":{"5095370":""},"P.3219":{"5127066":"","7242385":""},"P.3228":{"7462101":""},"P.VilleSitra":{"34174":""},"P.VillageDeDepart":{"34174":""}},"dansCarnetVoyage":true,"Ouverture":"","WidgetDispoRechercheDate":false,"WidgetDispoVoirLienVoirToutesDispos":true,"ChargerWidgetDispoAuClic":true,"WidgetDispo":"\u003Cspan\u003E\u003C\/span\u003E","JsOnClickBtnDispo":"\u003Cscript\u003E\n                try{\n                    WidgetDispos.addChargementAuClicBtnDispoAccordeon('PRESTATION-G-4678129-4690526',{tabParamsWidgetDispo : {\"id\":\"G|4678129|4690526\",\"origineListeInfo\":\"\",\"vue\":\"semaineLigne\",\"mode\":\"ajax\",\"url_fiche\":\"1-stella-haut-verdon-val-dallos-le-village-1.html\",\"id_form_contact\":\"42\",\"version\":\"2\",\"parametersWidgetV2\":{\"el\":\"blocDispo-PRESTATION-G-4678129-4690526\",\"object\":{\"code\":\"G|4678129|4690526\"},\"cid\":\"8\",\"site\":{\"code\":\"SITE2018\",\"url\":\"https:\\\/\\\/it.valdallos.com\"},\"slider\":{\"controls\":{\"arrows\":{\"enable\":true,\"showLocked\":true,\"style\":\"button\"}}},\"booking\":{\"enable\":false,\"waitForWindowLoad\":false,\"parameters\":{\"idWidget\":\"blocResa-PRESTATION-G-4678129-4690526\",\"queryParams\":null,\"withoutForm\":true}},\"options\":{\"typeDate\":\"SS\",\"elReferer\":\"PRESTATION-G-4678129-4690526\",\"ingContext\":\"RESA\",\"urlFiche\":\"1-stella-haut-verdon-val-dallos-le-village-1.html\",\"startDate\":null,\"templates\":{\"Week\":\"semaine\",\"Days\":\"mois\"},\"plugContactForm\":\"42\"}}},idBloc : \"blocDispo-PRESTATION-G-4678129-4690526\",prestation : \"G|4678129|4690526\"});\n                }\n                catch(e) {\n                    \/\/console.log(e);\n                }\u003C\/script\u003E"},"html":" \n \u003Cdiv id=\"CV-PRESTATION-G-4678129-4690526\" data-contexte-id=\"PRESTATION|G|4678129|4690526\" data-cle=\"G|4678129|4690526\" class=\"fiche-liste\"\u003E\n    \n\n    \u003C!-- partie photo --\u003E\n    \u003Cdiv class=\"photo\"\u003E\t\t\t\t\t\t\t\t\t\t\t\t\t\t\t\t\t\t\t\t\t\n        \u003Cdiv class=\"cadre_photo_principale\"\u003E\t\t\n        \n            \t\t\t\t\t\n                    \u003Ca href=\"1-stella-haut-verdon-val-dallos-le-village-1.html?origine=carnet#media\"\u003E\n                        \u003Cimg class=\"photo_principale\" alt=\"Salon de studio lumineux avec canap\u00e9-lit, fen\u00eatre, ameublement bois\" src=\"https:\/\/www.valdallos.com\/medias\/images\/prestations\/multitailles\/320x240_79013-salon.jpg\" itemprop=\"image\"\u003E\n                    \u003C\/a\u003E\t\t\t\t\t\t\n                \n                    \u003C\/div\u003E\t\t\t\t\t\t\t\t\t\t\t\t\t\t\t\t\t\t\t \t\t\n    \u003C\/div\u003E\n    \n    \u003C!-- partie nom prest --\u003E\n    \u003Cdiv class=\"nom\"\u003E\n        \u003Ch2\u003EQuere Alphonsine\u003C\/h2\u003E\n        \n            \u003C\/div\u003E\n\n         \n    \u003C!-- partie adresse --\u003E\n    \u003Cdiv class=\"adresse\"\u003E\n    \n          \n    \u003C\/div\u003E\n    \n    \u003C!-- partie liens --\u003E\n    \u003Cdiv class=\"liens\"\u003E\n            \u003Ca class=\"btn-icon btn-view \" title=\"Vedi il file dettagliato\" href=\"1-stella-haut-verdon-val-dallos-le-village-1.html?origine=carnet\"\u003E\u003C\/a\u003E\u003C!--\u003Ca class=\"btn-icon btn-view \" title=\"\" href=\"?origine=carnet#thaut\"\u003E\u003C\/a\u003E--\u003E\n      \u003Ca class=\"btn-icon btn-trash carnet_voyage_supprimer\" title=\"Elimina questo file dal mio diario di viaggio\" href=\"carnet-voyage?action=remove&fiche=G|4678129|4690526\"\u003E\u003C\/a\u003E\n    \u003C\/div\u003E\n\n\u003C\/div\u003E\n\n","icon":"https:\/\/static.ingenie.fr\/images\/carnetVoyageV3\/G.png"},"fiche":"G|4678129|4690526","popup":"\u003Cdiv id=\"bloc_popup_ajout_fiche_carnet\"\u003E\n    \u003Cdiv class=\"info_popup_ajout_fiche_carnet\"\u003E\n        Hai appena aggiunto questo elemento alla tua selezione:    \u003C\/div\u003E\n    \u003Cdiv class=\"prest_popup_ajout_fiche_carnet\"\u003E\n        Quere Alphonsine    \u003C\/div\u003E\n    \u003Cdiv class=\"bloc_btn_ajout_fiche_carnet form_submit_div\"\u003E\n        \u003Cinput type=\"button\" value=\"Continua la mia selezione\" title=\"Continua la mia selezione\" name=\"btn_close\" class=\"btn_close_popup_carnet form_submit\" onclick=\"$.colorbox.close()\" \/\u003E\n        \u003Cinput type=\"button\" value=\"Visualizza la mia selezione\" title=\"Visualizza la mia selezione\" name=\"btn_panier\" class=\"btn_panier_popup_carnet form_submit\" onclick=\"if(typeof CarnetVoyage != 'undefined') {CarnetVoyage.voirCarnet();}\" \/\u003E\n    \u003C\/div\u003E\n    \u003Cdiv class=\"bloc_btn_ajout_fiche_carnet\"\u003E\n        \u003Cinput type=\"checkbox\" value=\"1\" name=\"desactiver_popup\" id=\"desactiver_popup\" \/\u003E\n        \u003Clabel for=\"desactiver_popup\"\u003ENon visualizzare pi\u00f9 questo messaggio\u003C\/label\u003E\n    \u003C\/div\u003E\n\u003C\/div\u003E","success":1}