{"nbFiches":1,"dataPrest":{"infoPrest":{"pave1":{"libelle":"Descriptif","contenu":"","fichiers":[]},"pave2":{"libelle":"Indirizzo","contenu":"","fichiers":[]},"pave3":{"libelle":"Tarifs Hiver","contenu":"","fichiers":[]},"pave4":{"libelle":"Tarifs Et\u00e9","contenu":"","fichiers":[]},"pave5":{"libelle":"URL de la r\u00e9servation ou vente en ligne","contenu":"","fichiers":[]},"pave6":{"libelle":"Descriptif court","contenu":"Monolocale con balcone, situato a 5 minuti a piedi dal fronte neve L'Aiguille della stazione Val d'Allos-La Foux.","fichiers":[]},"pave7":{"libelle":"Descriptif d\u00e9taill\u00e9","contenu":"","fichiers":[]},"pave8":{"libelle":"Bons plans","contenu":"","fichiers":[]},"pave9":{"libelle":"Compl\u00e9ment localisation","contenu":"","fichiers":[]},"pave10":{"libelle":"Compl\u00e9ment accueil","contenu":"","fichiers":[]},"pave11":{"libelle":"P\u00e9riodes en clair","contenu":"","fichiers":[]},"pave12":{"libelle":"Tarifs en clair","contenu":"","fichiers":[]},"pave13":{"libelle":"Compl\u00e9ment Tarifs","contenu":"","fichiers":[]},"pave14":{"libelle":"Compl\u00e9ment R\u00e9servation","contenu":"","fichiers":[]},"pave15":{"libelle":"Descriptif court","contenu":"","fichiers":[]},"pave16":{"libelle":"Descriptif d\u00e9taill\u00e9","contenu":"","fichiers":[]},"pave17":{"libelle":"Bons plans","contenu":"","fichiers":[]},"pave18":{"libelle":"Tarifs (Tarifs en clair, Compl\u00e9ment Tarifs)","contenu":"","fichiers":[]},"pave19":{"libelle":"P\u00e9riodes en clair","contenu":"","fichiers":[]},"pave20":{"libelle":"Descriptif court","contenu":"","fichiers":[]},"pave21":{"libelle":"Descriptif d\u00e9taill\u00e9","contenu":"","fichiers":[]},"pave22":{"libelle":"Bons plans","contenu":"","fichiers":[]},"pave23":{"libelle":"Tarifs (Tarifs en clair, Compl\u00e9ment Tarifs)","contenu":"","fichiers":[]},"pave24":{"libelle":"P\u00e9riodes en clair","contenu":"","fichiers":[]},"pave25":{"libelle":"Dispositions sp\u00e9ciales","contenu":"","fichiers":[]},"Libelle":"Reymond Christophe","Reference":"","Reftar":"","Type":"PRESTATION","TypePrestataire":"G","ContexteStat":"PRESTATION-G-4678161-4691162","DateModificationIso":"2026-04-27T13:44:00+02:00","Adresse":{"LigneAdresse1":"immeuble l'aiguille","LigneAdresse2":"Val d'Allos - La Foux","LigneAdresse3":"","CodePostal":"04260","Ville":"La Foux d\u2019Allos","Cedex":"","Etat":"","Pays":"FRA"},"Id":"g-4678161-4691162","Code":"G|4678161|4691162","Cle":"G|4678161|4691162","Url":"2-stelle-val-dallos-la-foux-1-1.html","Localisation":{"GoogleMap":{"Latitude":"44.29156","Longitude":"6.56641"}},"ZoneGeo":"","Criteres":{"DISPONIBILITES[DISPORELANCE":"","GPREST[GLOCAS":"","GCAPACITE[4PERS":"","NBPERS[GCAP04":"","GLOGEM[GSTRES":"","GCHAR[GCHARC":"","GEQUIC[GMICRO":"","GEQUIC[GRACLE":"","GEQUIS[GLECTE":"","GEQUIS[GTELEV":"","GSALLE[GBAIGN":"","GSALLE[GWCIND":"","G1EQUI[GLOCSK":"","GANIMA[GANINA":"","PUBLICATION[VALDALLOS":"","PUBLICATION[VERDONTOURISME":"","GNOMBRE[4PERS":"","GLOC[G18":"","LOCVERDON[37282":"","AFFGTYPE[STUDIO":"","125[624":"","122[4054":"","prestations[surchargeTourismesAdaptes":"","prestations[surchargeDescriptifHandicapMoteur":"","prestations[surchargeDescriptifHandicapAuditif":"","prestations[surchargeDescriptifHandicapVisuel":"","prestations[surchargeDescriptifHandicapMental":"","prestations[surchargeNombreFauteuilsRoulants":"","73[796":"","73[973":"","70[895":"","70[999":"","72[963":"","72[998":"","68[971":"","71[987":"","languesParlees[1197":"","environnements[171":"","environnements[178":"","environnements[193":"","modesPaiement[1271":"","modesPaiement[1287":"","tourismeAffaires[tourismeAffairesEnabled":"","tourismeAffaires[devise":"EUR","hebergementLocatifType[2620":"","informationsHebergementLocatif[dateClassement":"2022-04-29","classementPrefectoral[2628":"","5403[1681":"","capacite[capaciteHebergement":"4","capacite[capaciteMaximumPossible":"4","capacite[surface":"28","capacite[numeroEtage":"4","CINTSITRA[5660":"","CINTSITRA[8809":"","6241[126905":"","6241[5740912":"","3218[311229":"","3220[587401":"","3220[5575332":"","3233[591419":"","3221[4876304":"","3219[5127066":"","3219[5239406":"","3240[5778284":"","3230[6139211":"","VilleSitra[37282":"","VillageDeDepart[37282":"","VISIBWEB[PLANNINGVISIBLE":"","DISPONIBILITES[PLANNINGACT":""},"ContactsParType":{"IWEB":{"117104":{"id_contact":"117104","type_contact":"IWEB","categorie_contact":"PRESTATION","societe_contact":"","fonction_contact":"","civilite_nom_prenom_contact":"Reymond Christophe  ","adresse1_contact":"","adresse2_contact":"","adresse3_contact":"","cpostal_contact":"","ville_contact":"","teldom_contact":"","telbur_contact":"","fax_contact":"","portable_contact":"06 09 77 37 70","email_contact":"reymond.christophe@sfr.fr","siteweb_contact":"","commentaire_contact":"","langue_contact":"","autre_moyen_com":[]}},"":{"117105":{"id_contact":"117105","type_contact":"","categorie_contact":"PRESTATION","societe_contact":"","fonction_contact":"","civilite_nom_prenom_contact":"M Reymond Christophe ","adresse1_contact":"","adresse2_contact":"","adresse3_contact":"","cpostal_contact":"","ville_contact":"","teldom_contact":"","telbur_contact":"","fax_contact":"","portable_contact":"","email_contact":"","siteweb_contact":"","commentaire_contact":"","langue_contact":"","autre_moyen_com":[]}}},"ContactRemplaceCoordonnees":"117104","Prestataire":{"pave1":{"libelle":"","contenu":""},"pave2":{"libelle":"","contenu":""},"pave3":{"libelle":"","contenu":""},"pave4":{"libelle":"","contenu":""},"pave5":{"libelle":"","contenu":""},"pave6":{"libelle":"","contenu":""},"pave7":{"libelle":"","contenu":""},"pave8":{"libelle":"","contenu":""},"pave9":{"libelle":"","contenu":""},"pave10":{"libelle":"","contenu":""},"pave11":{"libelle":"","contenu":""},"pave12":{"libelle":"","contenu":""},"pave13":{"libelle":"","contenu":""},"pave14":{"libelle":"","contenu":""},"pave15":{"libelle":"","contenu":""},"pave16":{"libelle":"","contenu":""},"pave17":{"libelle":"","contenu":""},"pave18":{"libelle":"","contenu":""},"pave19":{"libelle":"","contenu":""},"pave20":{"libelle":"","contenu":""},"pave21":{"libelle":"","contenu":""},"pave22":{"libelle":"","contenu":""},"pave23":{"libelle":"","contenu":""},"pave24":{"libelle":"","contenu":""},"pave25":{"libelle":"","contenu":""},"ContactsParType":{"GEST":{"114384":{"id_contact":"114384","type_contact":"GEST","categorie_contact":"PRESTATAIRE","societe_contact":"","fonction_contact":"","civilite_nom_prenom_contact":"Reymond Christophe ","adresse1_contact":"330 route de Cannes","adresse2_contact":"C5 domaine de riquebonne","adresse3_contact":"","cpostal_contact":"06220","ville_contact":"Vallauris Golfe - Juan","teldom_contact":"","telbur_contact":"","fax_contact":"","portable_contact":"06 09 77 37 70","email_contact":"reymond.christophe@sfr.fr","siteweb_contact":"","commentaire_contact":"","langue_contact":"","autre_moyen_com":[]}}},"Libelle":"Reymond Christophe","Nom":"Reymond Christophe ","Prenom":"","NomPrenom":"Reymond Christophe  ","CiviliteNomPrenom":"Reymond Christophe  ","Cle":"G|4678161","PrestataireParent":"","ContexteStat":"PRESTATAIRE-G-4678161","DateModificationIso":"2025-11-19T00:26:00+01:00","Type":"PRESTATAIRE","TypePrestataire":"G","Adresse":{"LigneAdresse1":"","LigneAdresse2":"","LigneAdresse3":"","CodePostal":"","Ville":"","Cedex":"","Etat":"","Pays":""},"Email":"reymond.christophe@sfr.fr","Telephone":"","TelephoneBureau":"","Portable":"06 09 77 37 70","SiteWeb":"","Fax":"","Id":"g-4678161","Code":"G|4678161","Fichier":[],"Url":"","Localisation":{"GoogleMap":{"Latitude":"","Longitude":""}},"ZoneGeo":"","Criteres":{"GINFADH[GMONT":"115","GINFADH[GCOMM":"","GTIMMO[GPARTI":"","P.3218[585905":"","P.3233[591419":"","P.3219[5127176":"","P.3219[7242385":"","P.5310[5580838":"","P.3240[6410831":"","P.VilleSitra[2087":"","P.VillageDeDepart[2087":""},"DateFinPublication":""},"Fichier":{"Image":[{"url":"https:\/\/www.valdallos.com\/medias\/images\/prestations\/79017-reymond_coin_repas.jpg","chemin":"..\/medias\/images\/prestations\/79017-reymond_coin_repas.jpg","libelle":"Salon de studio moderne avec table \u00e0 manger, TV, ameublement bois","extension":"jpg","categorie":"","largeur":800,"theme":"","hauteur":600,"type":"Image","origine":"","liaisonPave":"","langue":"","id":"79017","urlVignette":"https:\/\/www.valdallos.com\/medias\/images\/prestations\/v-79017-reymond_coin_repas.jpg","alt":"Salon de studio moderne avec table \u00e0 manger, TV, ameublement bois","title":"Salon de studio moderne avec table \u00e0 manger, TV, ameublement bois","MultiTaille":{"1920x1440":{"url":"https:\/\/www.valdallos.com\/medias\/images\/prestations\/multitailles\/1920x1440_79017-reymond_coin_repas.jpg"},"1200x900":{"url":"https:\/\/www.valdallos.com\/medias\/images\/prestations\/multitailles\/1200x900_79017-reymond_coin_repas.jpg"},"800x600":{"url":"https:\/\/www.valdallos.com\/medias\/images\/prestations\/multitailles\/800x600_79017-reymond_coin_repas.jpg"},"640x480":{"url":"https:\/\/www.valdallos.com\/medias\/images\/prestations\/multitailles\/640x480_79017-reymond_coin_repas.jpg"},"320x240":{"url":"https:\/\/www.valdallos.com\/medias\/images\/prestations\/multitailles\/320x240_79017-reymond_coin_repas.jpg"},"160x120":{"url":"https:\/\/www.valdallos.com\/medias\/images\/prestations\/multitailles\/160x120_79017-reymond_coin_repas.jpg"},"origine":{"url":"https:\/\/www.valdallos.com\/medias\/images\/prestations\/79017-reymond_coin_repas.jpg"}},"urlLien":"","typeLien":"","nofollow":"N","copyright":"M reymond"},{"url":"https:\/\/www.valdallos.com\/medias\/images\/prestations\/79018-reymond_salon.jpg","chemin":"..\/medias\/images\/prestations\/79018-reymond_salon.jpg","libelle":"Salon lumineux de studio avec canap\u00e9, table \u00e0 manger, TV, porte-fen\u00eatre donnant sur un balcon en bois avec vue sur les montagnes","extension":"jpg","categorie":"","largeur":800,"theme":"","hauteur":600,"type":"Image","origine":"","liaisonPave":"","langue":"","id":"79018","urlVignette":"https:\/\/www.valdallos.com\/medias\/images\/prestations\/v-79018-reymond_salon.jpg","alt":"Salon lumineux de studio avec canap\u00e9, table \u00e0 manger, TV, porte-fen\u00eatre donnant sur un balcon en bois avec vue sur les montagnes","title":"Salon lumineux de studio avec canap\u00e9, table \u00e0 manger, TV, porte-fen\u00eatre donnant sur un balcon en bois avec vue sur les montagnes","MultiTaille":{"1920x1440":{"url":"https:\/\/www.valdallos.com\/medias\/images\/prestations\/multitailles\/1920x1440_79018-reymond_salon.jpg"},"1200x900":{"url":"https:\/\/www.valdallos.com\/medias\/images\/prestations\/multitailles\/1200x900_79018-reymond_salon.jpg"},"800x600":{"url":"https:\/\/www.valdallos.com\/medias\/images\/prestations\/multitailles\/800x600_79018-reymond_salon.jpg"},"640x480":{"url":"https:\/\/www.valdallos.com\/medias\/images\/prestations\/multitailles\/640x480_79018-reymond_salon.jpg"},"320x240":{"url":"https:\/\/www.valdallos.com\/medias\/images\/prestations\/multitailles\/320x240_79018-reymond_salon.jpg"},"160x120":{"url":"https:\/\/www.valdallos.com\/medias\/images\/prestations\/multitailles\/160x120_79018-reymond_salon.jpg"},"origine":{"url":"https:\/\/www.valdallos.com\/medias\/images\/prestations\/79018-reymond_salon.jpg"}},"urlLien":"","typeLien":"","nofollow":"N","copyright":"M reymond"},{"url":"https:\/\/www.valdallos.com\/medias\/images\/prestations\/79019-reymond_cuisine.jpg","chemin":"..\/medias\/images\/prestations\/79019-reymond_cuisine.jpg","libelle":"Coin cuisine moderne avec plaques \u00e9lectriques et micro-ondes","extension":"jpg","categorie":"","largeur":800,"theme":"","hauteur":600,"type":"Image","origine":"","liaisonPave":"","langue":"","id":"79019","urlVignette":"https:\/\/www.valdallos.com\/medias\/images\/prestations\/v-79019-reymond_cuisine.jpg","alt":"Coin cuisine moderne avec plaques \u00e9lectriques et micro-ondes","title":"Coin cuisine moderne avec plaques \u00e9lectriques et micro-ondes","MultiTaille":{"1920x1440":{"url":"https:\/\/www.valdallos.com\/medias\/images\/prestations\/multitailles\/1920x1440_79019-reymond_cuisine.jpg"},"1200x900":{"url":"https:\/\/www.valdallos.com\/medias\/images\/prestations\/multitailles\/1200x900_79019-reymond_cuisine.jpg"},"800x600":{"url":"https:\/\/www.valdallos.com\/medias\/images\/prestations\/multitailles\/800x600_79019-reymond_cuisine.jpg"},"640x480":{"url":"https:\/\/www.valdallos.com\/medias\/images\/prestations\/multitailles\/640x480_79019-reymond_cuisine.jpg"},"320x240":{"url":"https:\/\/www.valdallos.com\/medias\/images\/prestations\/multitailles\/320x240_79019-reymond_cuisine.jpg"},"160x120":{"url":"https:\/\/www.valdallos.com\/medias\/images\/prestations\/multitailles\/160x120_79019-reymond_cuisine.jpg"},"origine":{"url":"https:\/\/www.valdallos.com\/medias\/images\/prestations\/79019-reymond_cuisine.jpg"}},"urlLien":"","typeLien":"","nofollow":"N","copyright":"M reymond"},{"url":"https:\/\/www.valdallos.com\/medias\/images\/prestations\/79020-reymond_vue_du_balcon.jpg","chemin":"..\/medias\/images\/prestations\/79020-reymond_vue_du_balcon.jpg","libelle":"Vue de la station de ski enneig\u00e9e depuis le balcon","extension":"jpg","categorie":"","largeur":800,"theme":"","hauteur":600,"type":"Image","origine":"","liaisonPave":"","langue":"","id":"79020","urlVignette":"https:\/\/www.valdallos.com\/medias\/images\/prestations\/v-79020-reymond_vue_du_balcon.jpg","alt":"Vue de la station de ski enneig\u00e9e depuis le balcon","title":"Vue de la station de ski enneig\u00e9e depuis le balcon","MultiTaille":{"1920x1440":{"url":"https:\/\/www.valdallos.com\/medias\/images\/prestations\/multitailles\/1920x1440_79020-reymond_vue_du_balcon.jpg"},"1200x900":{"url":"https:\/\/www.valdallos.com\/medias\/images\/prestations\/multitailles\/1200x900_79020-reymond_vue_du_balcon.jpg"},"800x600":{"url":"https:\/\/www.valdallos.com\/medias\/images\/prestations\/multitailles\/800x600_79020-reymond_vue_du_balcon.jpg"},"640x480":{"url":"https:\/\/www.valdallos.com\/medias\/images\/prestations\/multitailles\/640x480_79020-reymond_vue_du_balcon.jpg"},"320x240":{"url":"https:\/\/www.valdallos.com\/medias\/images\/prestations\/multitailles\/320x240_79020-reymond_vue_du_balcon.jpg"},"160x120":{"url":"https:\/\/www.valdallos.com\/medias\/images\/prestations\/multitailles\/160x120_79020-reymond_vue_du_balcon.jpg"},"origine":{"url":"https:\/\/www.valdallos.com\/medias\/images\/prestations\/79020-reymond_vue_du_balcon.jpg"}},"urlLien":"","typeLien":"","nofollow":"N","copyright":"M reymond"},{"url":"https:\/\/www.valdallos.com\/medias\/images\/prestations\/79021-reymond_vue_du_balcon.jpg","chemin":"..\/medias\/images\/prestations\/79021-reymond_vue_du_balcon.jpg","libelle":"reymond_vue_du_balcon.jpg","extension":"jpg","categorie":"","largeur":0,"theme":"HIVER","hauteur":0,"type":"Image","origine":"","liaisonPave":"","langue":"","id":"79021","urlVignette":"https:\/\/www.valdallos.com\/medias\/images\/prestations\/v-79021-reymond_vue_du_balcon.jpg","alt":"reymond_vue_du_balcon.jpg","title":"reymond_vue_du_balcon.jpg","MultiTaille":{"1920x1440":{"url":"https:\/\/www.valdallos.com\/medias\/images\/prestations\/multitailles\/1920x1440_79021-reymond_vue_du_balcon.jpg"},"1200x900":{"url":"https:\/\/www.valdallos.com\/medias\/images\/prestations\/multitailles\/1200x900_79021-reymond_vue_du_balcon.jpg"},"800x600":{"url":"https:\/\/www.valdallos.com\/medias\/images\/prestations\/multitailles\/800x600_79021-reymond_vue_du_balcon.jpg"},"640x480":{"url":"https:\/\/www.valdallos.com\/medias\/images\/prestations\/multitailles\/640x480_79021-reymond_vue_du_balcon.jpg"},"320x240":{"url":"https:\/\/www.valdallos.com\/medias\/images\/prestations\/multitailles\/320x240_79021-reymond_vue_du_balcon.jpg"},"160x120":{"url":"https:\/\/www.valdallos.com\/medias\/images\/prestations\/multitailles\/160x120_79021-reymond_vue_du_balcon.jpg"},"origine":{"url":"https:\/\/www.valdallos.com\/medias\/images\/prestations\/79021-reymond_vue_du_balcon.jpg"}},"urlLien":"","typeLien":"","nofollow":"N","copyright":""}],"ByCategorie":{"":[{"url":"https:\/\/www.valdallos.com\/medias\/images\/prestations\/79017-reymond_coin_repas.jpg","chemin":"..\/medias\/images\/prestations\/79017-reymond_coin_repas.jpg","libelle":"Salon de studio moderne avec table \u00e0 manger, TV, ameublement bois","extension":"jpg","categorie":"","largeur":800,"theme":"","hauteur":600,"type":"Image","origine":"","liaisonPave":"","langue":"","id":"79017","urlVignette":"https:\/\/www.valdallos.com\/medias\/images\/prestations\/v-79017-reymond_coin_repas.jpg","alt":"Salon de studio moderne avec table \u00e0 manger, TV, ameublement bois","title":"Salon de studio moderne avec table \u00e0 manger, TV, ameublement bois","MultiTaille":{"1920x1440":{"url":"https:\/\/www.valdallos.com\/medias\/images\/prestations\/multitailles\/1920x1440_79017-reymond_coin_repas.jpg"},"1200x900":{"url":"https:\/\/www.valdallos.com\/medias\/images\/prestations\/multitailles\/1200x900_79017-reymond_coin_repas.jpg"},"800x600":{"url":"https:\/\/www.valdallos.com\/medias\/images\/prestations\/multitailles\/800x600_79017-reymond_coin_repas.jpg"},"640x480":{"url":"https:\/\/www.valdallos.com\/medias\/images\/prestations\/multitailles\/640x480_79017-reymond_coin_repas.jpg"},"320x240":{"url":"https:\/\/www.valdallos.com\/medias\/images\/prestations\/multitailles\/320x240_79017-reymond_coin_repas.jpg"},"160x120":{"url":"https:\/\/www.valdallos.com\/medias\/images\/prestations\/multitailles\/160x120_79017-reymond_coin_repas.jpg"},"origine":{"url":"https:\/\/www.valdallos.com\/medias\/images\/prestations\/79017-reymond_coin_repas.jpg"}},"urlLien":"","typeLien":"","nofollow":"N","copyright":"M reymond"},{"url":"https:\/\/www.valdallos.com\/medias\/images\/prestations\/79018-reymond_salon.jpg","chemin":"..\/medias\/images\/prestations\/79018-reymond_salon.jpg","libelle":"Salon lumineux de studio avec canap\u00e9, table \u00e0 manger, TV, porte-fen\u00eatre donnant sur un balcon en bois avec vue sur les montagnes","extension":"jpg","categorie":"","largeur":800,"theme":"","hauteur":600,"type":"Image","origine":"","liaisonPave":"","langue":"","id":"79018","urlVignette":"https:\/\/www.valdallos.com\/medias\/images\/prestations\/v-79018-reymond_salon.jpg","alt":"Salon lumineux de studio avec canap\u00e9, table \u00e0 manger, TV, porte-fen\u00eatre donnant sur un balcon en bois avec vue sur les montagnes","title":"Salon lumineux de studio avec canap\u00e9, table \u00e0 manger, TV, porte-fen\u00eatre donnant sur un balcon en bois avec vue sur les montagnes","MultiTaille":{"1920x1440":{"url":"https:\/\/www.valdallos.com\/medias\/images\/prestations\/multitailles\/1920x1440_79018-reymond_salon.jpg"},"1200x900":{"url":"https:\/\/www.valdallos.com\/medias\/images\/prestations\/multitailles\/1200x900_79018-reymond_salon.jpg"},"800x600":{"url":"https:\/\/www.valdallos.com\/medias\/images\/prestations\/multitailles\/800x600_79018-reymond_salon.jpg"},"640x480":{"url":"https:\/\/www.valdallos.com\/medias\/images\/prestations\/multitailles\/640x480_79018-reymond_salon.jpg"},"320x240":{"url":"https:\/\/www.valdallos.com\/medias\/images\/prestations\/multitailles\/320x240_79018-reymond_salon.jpg"},"160x120":{"url":"https:\/\/www.valdallos.com\/medias\/images\/prestations\/multitailles\/160x120_79018-reymond_salon.jpg"},"origine":{"url":"https:\/\/www.valdallos.com\/medias\/images\/prestations\/79018-reymond_salon.jpg"}},"urlLien":"","typeLien":"","nofollow":"N","copyright":"M reymond"},{"url":"https:\/\/www.valdallos.com\/medias\/images\/prestations\/79019-reymond_cuisine.jpg","chemin":"..\/medias\/images\/prestations\/79019-reymond_cuisine.jpg","libelle":"Coin cuisine moderne avec plaques \u00e9lectriques et micro-ondes","extension":"jpg","categorie":"","largeur":800,"theme":"","hauteur":600,"type":"Image","origine":"","liaisonPave":"","langue":"","id":"79019","urlVignette":"https:\/\/www.valdallos.com\/medias\/images\/prestations\/v-79019-reymond_cuisine.jpg","alt":"Coin cuisine moderne avec plaques \u00e9lectriques et micro-ondes","title":"Coin cuisine moderne avec plaques \u00e9lectriques et micro-ondes","MultiTaille":{"1920x1440":{"url":"https:\/\/www.valdallos.com\/medias\/images\/prestations\/multitailles\/1920x1440_79019-reymond_cuisine.jpg"},"1200x900":{"url":"https:\/\/www.valdallos.com\/medias\/images\/prestations\/multitailles\/1200x900_79019-reymond_cuisine.jpg"},"800x600":{"url":"https:\/\/www.valdallos.com\/medias\/images\/prestations\/multitailles\/800x600_79019-reymond_cuisine.jpg"},"640x480":{"url":"https:\/\/www.valdallos.com\/medias\/images\/prestations\/multitailles\/640x480_79019-reymond_cuisine.jpg"},"320x240":{"url":"https:\/\/www.valdallos.com\/medias\/images\/prestations\/multitailles\/320x240_79019-reymond_cuisine.jpg"},"160x120":{"url":"https:\/\/www.valdallos.com\/medias\/images\/prestations\/multitailles\/160x120_79019-reymond_cuisine.jpg"},"origine":{"url":"https:\/\/www.valdallos.com\/medias\/images\/prestations\/79019-reymond_cuisine.jpg"}},"urlLien":"","typeLien":"","nofollow":"N","copyright":"M reymond"},{"url":"https:\/\/www.valdallos.com\/medias\/images\/prestations\/79020-reymond_vue_du_balcon.jpg","chemin":"..\/medias\/images\/prestations\/79020-reymond_vue_du_balcon.jpg","libelle":"Vue de la station de ski enneig\u00e9e depuis le balcon","extension":"jpg","categorie":"","largeur":800,"theme":"","hauteur":600,"type":"Image","origine":"","liaisonPave":"","langue":"","id":"79020","urlVignette":"https:\/\/www.valdallos.com\/medias\/images\/prestations\/v-79020-reymond_vue_du_balcon.jpg","alt":"Vue de la station de ski enneig\u00e9e depuis le balcon","title":"Vue de la station de ski enneig\u00e9e depuis le balcon","MultiTaille":{"1920x1440":{"url":"https:\/\/www.valdallos.com\/medias\/images\/prestations\/multitailles\/1920x1440_79020-reymond_vue_du_balcon.jpg"},"1200x900":{"url":"https:\/\/www.valdallos.com\/medias\/images\/prestations\/multitailles\/1200x900_79020-reymond_vue_du_balcon.jpg"},"800x600":{"url":"https:\/\/www.valdallos.com\/medias\/images\/prestations\/multitailles\/800x600_79020-reymond_vue_du_balcon.jpg"},"640x480":{"url":"https:\/\/www.valdallos.com\/medias\/images\/prestations\/multitailles\/640x480_79020-reymond_vue_du_balcon.jpg"},"320x240":{"url":"https:\/\/www.valdallos.com\/medias\/images\/prestations\/multitailles\/320x240_79020-reymond_vue_du_balcon.jpg"},"160x120":{"url":"https:\/\/www.valdallos.com\/medias\/images\/prestations\/multitailles\/160x120_79020-reymond_vue_du_balcon.jpg"},"origine":{"url":"https:\/\/www.valdallos.com\/medias\/images\/prestations\/79020-reymond_vue_du_balcon.jpg"}},"urlLien":"","typeLien":"","nofollow":"N","copyright":"M reymond"},{"url":"https:\/\/www.valdallos.com\/medias\/images\/prestations\/79021-reymond_vue_du_balcon.jpg","chemin":"..\/medias\/images\/prestations\/79021-reymond_vue_du_balcon.jpg","libelle":"reymond_vue_du_balcon.jpg","extension":"jpg","categorie":"","largeur":0,"theme":"HIVER","hauteur":0,"type":"Image","origine":"","liaisonPave":"","langue":"","id":"79021","urlVignette":"https:\/\/www.valdallos.com\/medias\/images\/prestations\/v-79021-reymond_vue_du_balcon.jpg","alt":"reymond_vue_du_balcon.jpg","title":"reymond_vue_du_balcon.jpg","MultiTaille":{"1920x1440":{"url":"https:\/\/www.valdallos.com\/medias\/images\/prestations\/multitailles\/1920x1440_79021-reymond_vue_du_balcon.jpg"},"1200x900":{"url":"https:\/\/www.valdallos.com\/medias\/images\/prestations\/multitailles\/1200x900_79021-reymond_vue_du_balcon.jpg"},"800x600":{"url":"https:\/\/www.valdallos.com\/medias\/images\/prestations\/multitailles\/800x600_79021-reymond_vue_du_balcon.jpg"},"640x480":{"url":"https:\/\/www.valdallos.com\/medias\/images\/prestations\/multitailles\/640x480_79021-reymond_vue_du_balcon.jpg"},"320x240":{"url":"https:\/\/www.valdallos.com\/medias\/images\/prestations\/multitailles\/320x240_79021-reymond_vue_du_balcon.jpg"},"160x120":{"url":"https:\/\/www.valdallos.com\/medias\/images\/prestations\/multitailles\/160x120_79021-reymond_vue_du_balcon.jpg"},"origine":{"url":"https:\/\/www.valdallos.com\/medias\/images\/prestations\/79021-reymond_vue_du_balcon.jpg"}},"urlLien":"","typeLien":"","nofollow":"N","copyright":""}]}},"DateDebPublication":"","DateFinPublication":"","PrixAPartirDe":"","PrixPour":"","FicheListeEnCours":"fiche_liste_immobilier_prestation_OT_v3","ParametresModele":{"AfficherPhotos":1,"NbPhotosMax":6,"AfficherReserver":0,"AfficherContact":0,"AfficherSalle":1,"AfficherZoneGeo":0,"AfficherEnSavoirPlus":"0","AfficherUneSeuleOuverture":0,"AfficherContactCarte":1,"AfficherTarifsChaudAPartirDe":0,"AfficherTarifChaudSansRecherche":0,"AfficherDispoAccordeon":"1","AfficherDispoResa":"1","AfficherPrixAPartirDe":"1","BlocCritereInfo":{"critere1":{"libelle":"","liste_critere":["classementPrefectoral|2631|G","classementPrefectoral|2630|G","classementPrefectoral|2629|G","classementPrefectoral|2628|G","classementPrefectoral|2627|G","classementPrefectoral|2632|G"]},"critere2":{"libelle":"","liste_critere":["GLOC|G"]},"critere3":{"libelle":""},"critere4":{"libelle":""},"critere5":{"libelle":"","liste_critere":["GHANDI|G","AFFEQUIP|WIFI|G","AFFEQUIP|ANIMAUX|G","AFFEQUIP|PARKING|G","AFFEQUIP|LAVEVAIS|G","AFFEQUIP|LAVELINGEAFF|G","GCHAMB|G","NBPERS|G","GSURFA|G","GLOGEM|G"]},"critere6":{"libelle":"","liste_critere":["GLABEL|GCLEVA|G"]},"critere7":{"libelle":""},"critere8":{"libelle":""},"critere9":{"libelle":""},"afficherpictoetpaslibelle":"1"},"BlocPaveInfo":{"texte1":{"pave":["6","15","20"],"longeurmax":"250","afficherLibelle":"0","garderHtml":"0","boutonVoirPlus":""},"texte3":{"longeurmax":"","afficherLibelle":"0","garderHtml":"0","boutonVoirPlus":""}},"CriteresComportementDispo":"DISPONIBILITES[PLANNINGACT","PositionBloc":"GALLERIE|ZONEPRINCIPALFICHEPRESTA|NOM|CARNET_VOYAGE|ACCROCHE_TARIF_DISPO","TypePrestataire":"G","ComportementResa":false,"ComportementDispo":true},"AffichageCoordonnees":[],"Coordonnees":{"Ville":"La Foux d\u2019Allos"},"ContexteId":"PRESTATION|G|4678161|4691162","ContexteIdHtml":"PRESTATION-G-4678161-4691162","cleContexte":"G|4678161|4691162","Bloc":{"texte1":"Monolocale con balcone, situato a 5 minuti a piedi dal fronte neve L'Aiguille della stazione Val d'Allos-La Foux.","texte3":"","critere1":{"libelle":"","contenu":{"classementPrefectoral":{"libelle":"","contenu":{"4":"\u003Cimg src=\"https:\/\/www.valdallos.com\/medias\/images\/picto\/classementPrefectoral-2628-G.png\"  alt=\"2 stelle\" title=\"2 stelle\" \/\u003E"},"codesValeurs":{"4":"classementPrefectoral|2628|G"},"criteres_datas":{"valeurs":{"4":{"2628":{"descriptif":""}}}}}}},"critere2":{"libelle":"","contenu":{"GLOC":{"libelle":"Localizzare","contenu":{"1":"Val d'Allos - La Foux"},"codesValeurs":{"1":"GLOC|G18|G"},"criteres_datas":{"valeurs":{"1":{"G18":{"descriptif":""}}}}}}},"critere3":{"libelle":"","contenu":[]},"critere4":{"libelle":"","contenu":[]},"critere5":{"libelle":"","contenu":{"NBPERS":{"libelle":"Persone","contenu":{"3":"4 persone"},"codesValeurs":{"3":"NBPERS|GCAP04|G"},"criteres_datas":{"valeurs":{"3":{"GCAP04":{"descriptif":""}}}}},"GLOGEM":{"libelle":"tipo di alloggio","contenu":{"7":"Monolocale in una reisdence"},"codesValeurs":{"7":"GLOGEM|GSTRES|G"},"criteres_datas":{"valeurs":{"7":{"GSTRES":{"descriptif":""}}}}}}},"critere6":{"libelle":"","contenu":[]},"critere7":{"libelle":"","contenu":[]},"critere8":{"libelle":"","contenu":[]},"critere9":{"libelle":"","contenu":[]}},"LocalisationGps":{"Latitude":"44.29156","Longitude":"6.56641"},"libelleDuPrestataire":"","vuePrestataire":{"pave1":{"libelle":"","contenu":""},"pave2":{"libelle":"","contenu":""},"pave3":{"libelle":"","contenu":""},"pave4":{"libelle":"","contenu":""},"pave5":{"libelle":"","contenu":""},"pave6":{"libelle":"","contenu":""},"pave7":{"libelle":"","contenu":""},"pave8":{"libelle":"","contenu":""},"pave9":{"libelle":"","contenu":""},"pave10":{"libelle":"","contenu":""},"pave11":{"libelle":"","contenu":""},"pave12":{"libelle":"","contenu":""},"pave13":{"libelle":"","contenu":""},"pave14":{"libelle":"","contenu":""},"pave15":{"libelle":"","contenu":""},"pave16":{"libelle":"","contenu":""},"pave17":{"libelle":"","contenu":""},"pave18":{"libelle":"","contenu":""},"pave19":{"libelle":"","contenu":""},"pave20":{"libelle":"","contenu":""},"pave21":{"libelle":"","contenu":""},"pave22":{"libelle":"","contenu":""},"pave23":{"libelle":"","contenu":""},"pave24":{"libelle":"","contenu":""},"pave25":{"libelle":"","contenu":""},"ContactsParType":{"GEST":{"114384":{"id_contact":"114384","type_contact":"GEST","categorie_contact":"PRESTATAIRE","societe_contact":"","fonction_contact":"","civilite_nom_prenom_contact":"Reymond Christophe ","adresse1_contact":"330 route de Cannes","adresse2_contact":"C5 domaine de riquebonne","adresse3_contact":"","cpostal_contact":"06220","ville_contact":"Vallauris Golfe - Juan","teldom_contact":"","telbur_contact":"","fax_contact":"","portable_contact":"06 09 77 37 70","email_contact":"reymond.christophe@sfr.fr","siteweb_contact":"","commentaire_contact":"","langue_contact":"","autre_moyen_com":[]}}},"Libelle":"Reymond Christophe","Nom":"Reymond Christophe ","Prenom":"","NomPrenom":"Reymond Christophe  ","CiviliteNomPrenom":"Reymond Christophe  ","Cle":"G|4678161","PrestataireParent":"","ContexteStat":"PRESTATAIRE-G-4678161","DateModificationIso":"2025-11-19T00:26:00+01:00","Type":"PRESTATAIRE","TypePrestataire":"G","Adresse":{"LigneAdresse1":"","LigneAdresse2":"","LigneAdresse3":"","CodePostal":"","Ville":"","Cedex":"","Etat":"","Pays":""},"Email":"reymond.christophe@sfr.fr","Telephone":"","TelephoneBureau":"","Portable":"06 09 77 37 70","SiteWeb":"","Fax":"","Id":"g-4678161","Code":"G|4678161","Fichier":[],"Url":"","Localisation":{"GoogleMap":{"Latitude":"","Longitude":""}},"ZoneGeo":"","Criteres":{"GINFADH[GMONT":"115","GINFADH[GCOMM":"","GTIMMO[GPARTI":"","P.3218[585905":"","P.3233[591419":"","P.3219[5127176":"","P.3219[7242385":"","P.5310[5580838":"","P.3240[6410831":"","P.VilleSitra[2087":"","P.VillageDeDepart[2087":""},"DateFinPublication":"","AffichageCoordonnees":[]},"listeCriteres":{"DISPONIBILITES":{"DISPORELANCE":"","PLANNINGACT":""},"GPREST":{"GLOCAS":""},"GCAPACITE":{"4PERS":""},"NBPERS":{"GCAP04":""},"GLOGEM":{"GSTRES":""},"GCHAR":{"GCHARC":""},"GEQUIC":{"GMICRO":"","GRACLE":""},"GEQUIS":{"GLECTE":"","GTELEV":""},"GSALLE":{"GBAIGN":"","GWCIND":""},"G1EQUI":{"GLOCSK":""},"GANIMA":{"GANINA":""},"PUBLICATION":{"VALDALLOS":"","VERDONTOURISME":""},"GNOMBRE":{"4PERS":""},"GLOC":{"G18":""},"LOCVERDON":{"37282":""},"AFFGTYPE":{"STUDIO":""},"125":{"624":""},"122":{"4054":""},"prestations":{"surchargeTourismesAdaptes":"","surchargeDescriptifHandicapMoteur":"","surchargeDescriptifHandicapAuditif":"","surchargeDescriptifHandicapVisuel":"","surchargeDescriptifHandicapMental":"","surchargeNombreFauteuilsRoulants":""},"73":{"796":"","973":""},"70":{"895":"","999":""},"72":{"963":"","998":""},"68":{"971":""},"71":{"987":""},"languesParlees":{"1197":""},"environnements":{"171":"","178":"","193":""},"modesPaiement":{"1271":"","1287":""},"tourismeAffaires":{"tourismeAffairesEnabled":"","devise":"EUR"},"hebergementLocatifType":{"2620":""},"informationsHebergementLocatif":{"dateClassement":"2022-04-29"},"classementPrefectoral":{"2628":""},"5403":{"1681":""},"capacite":{"capaciteHebergement":"4","capaciteMaximumPossible":"4","surface":"28","numeroEtage":"4"},"CINTSITRA":{"5660":"","8809":""},"6241":{"126905":"","5740912":""},"3218":{"311229":""},"3220":{"587401":"","5575332":""},"3233":{"591419":""},"3221":{"4876304":""},"3219":{"5127066":"","5239406":""},"3240":{"5778284":""},"3230":{"6139211":""},"VilleSitra":{"37282":""},"VillageDeDepart":{"37282":""},"VISIBWEB":{"PLANNINGVISIBLE":""},"GINFADH":{"GMONT":"115","GCOMM":""},"GTIMMO":{"GPARTI":""},"P.3218":{"585905":""},"P.3233":{"591419":""},"P.3219":{"5127176":"","7242385":""},"P.5310":{"5580838":""},"P.3240":{"6410831":""},"P.VilleSitra":{"2087":""},"P.VillageDeDepart":{"2087":""}},"dansCarnetVoyage":true,"Ouverture":"","WidgetDispoRechercheDate":false,"WidgetDispoVoirLienVoirToutesDispos":true,"ChargerWidgetDispoAuClic":true,"WidgetDispo":"\u003Cspan\u003E\u003C\/span\u003E","JsOnClickBtnDispo":"\u003Cscript\u003E\n                try{\n                    WidgetDispos.addChargementAuClicBtnDispoAccordeon('PRESTATION-G-4678161-4691162',{tabParamsWidgetDispo : {\"id\":\"G|4678161|4691162\",\"origineListeInfo\":\"\",\"vue\":\"semaineLigne\",\"mode\":\"ajax\",\"url_fiche\":\"2-stelle-val-dallos-la-foux-1-1.html\",\"id_form_contact\":\"42\",\"version\":\"2\",\"parametersWidgetV2\":{\"el\":\"blocDispo-PRESTATION-G-4678161-4691162\",\"object\":{\"code\":\"G|4678161|4691162\"},\"cid\":\"8\",\"site\":{\"code\":\"SITE2018\",\"url\":\"https:\\\/\\\/it.valdallos.com\"},\"slider\":{\"controls\":{\"arrows\":{\"enable\":true,\"showLocked\":true,\"style\":\"button\"}}},\"booking\":{\"enable\":false,\"waitForWindowLoad\":false,\"parameters\":{\"idWidget\":\"blocResa-PRESTATION-G-4678161-4691162\",\"queryParams\":null,\"withoutForm\":true}},\"options\":{\"typeDate\":\"SS\",\"elReferer\":\"PRESTATION-G-4678161-4691162\",\"ingContext\":\"RESA\",\"urlFiche\":\"2-stelle-val-dallos-la-foux-1-1.html\",\"startDate\":null,\"templates\":{\"Week\":\"semaine\",\"Days\":\"mois\"},\"plugContactForm\":\"42\"}}},idBloc : \"blocDispo-PRESTATION-G-4678161-4691162\",prestation : \"G|4678161|4691162\"});\n                }\n                catch(e) {\n                    \/\/console.log(e);\n                }\u003C\/script\u003E"},"html":" \n \u003Cdiv id=\"CV-PRESTATION-G-4678161-4691162\" data-contexte-id=\"PRESTATION|G|4678161|4691162\" data-cle=\"G|4678161|4691162\" class=\"fiche-liste\"\u003E\n    \n\n    \u003C!-- partie photo --\u003E\n    \u003Cdiv class=\"photo\"\u003E\t\t\t\t\t\t\t\t\t\t\t\t\t\t\t\t\t\t\t\t\t\n        \u003Cdiv class=\"cadre_photo_principale\"\u003E\t\t\n        \n            \t\t\t\t\t\n                    \u003Ca href=\"2-stelle-val-dallos-la-foux-1-1.html?origine=carnet#media\"\u003E\n                        \u003Cimg class=\"photo_principale\" alt=\"Salon de studio moderne avec table \u00e0 manger, TV, ameublement bois\" src=\"https:\/\/www.valdallos.com\/medias\/images\/prestations\/multitailles\/320x240_79017-reymond_coin_repas.jpg\" itemprop=\"image\"\u003E\n                    \u003C\/a\u003E\t\t\t\t\t\t\n                \n                    \u003C\/div\u003E\t\t\t\t\t\t\t\t\t\t\t\t\t\t\t\t\t\t\t \t\t\n    \u003C\/div\u003E\n    \n    \u003C!-- partie nom prest --\u003E\n    \u003Cdiv class=\"nom\"\u003E\n        \u003Ch2\u003EReymond Christophe\u003C\/h2\u003E\n        \n            \u003C\/div\u003E\n\n         \n    \u003C!-- partie adresse --\u003E\n    \u003Cdiv class=\"adresse\"\u003E\n    \n          \n    \u003C\/div\u003E\n    \n    \u003C!-- partie liens --\u003E\n    \u003Cdiv class=\"liens\"\u003E\n            \u003Ca class=\"btn-icon btn-view \" title=\"Vedi il file dettagliato\" href=\"2-stelle-val-dallos-la-foux-1-1.html?origine=carnet\"\u003E\u003C\/a\u003E\u003C!--\u003Ca class=\"btn-icon btn-view \" title=\"\" href=\"?origine=carnet#thaut\"\u003E\u003C\/a\u003E--\u003E\n      \u003Ca class=\"btn-icon btn-trash carnet_voyage_supprimer\" title=\"Elimina questo file dal mio diario di viaggio\" href=\"carnet-voyage?action=remove&fiche=G|4678161|4691162\"\u003E\u003C\/a\u003E\n    \u003C\/div\u003E\n\n\u003C\/div\u003E\n\n","icon":"https:\/\/static.ingenie.fr\/images\/carnetVoyageV3\/G.png"},"fiche":"G|4678161|4691162","popup":"\u003Cdiv id=\"bloc_popup_ajout_fiche_carnet\"\u003E\n    \u003Cdiv class=\"info_popup_ajout_fiche_carnet\"\u003E\n        Hai appena aggiunto questo elemento alla tua selezione:    \u003C\/div\u003E\n    \u003Cdiv class=\"prest_popup_ajout_fiche_carnet\"\u003E\n        Reymond Christophe    \u003C\/div\u003E\n    \u003Cdiv class=\"bloc_btn_ajout_fiche_carnet form_submit_div\"\u003E\n        \u003Cinput type=\"button\" value=\"Continua la mia selezione\" title=\"Continua la mia selezione\" name=\"btn_close\" class=\"btn_close_popup_carnet form_submit\" onclick=\"$.colorbox.close()\" \/\u003E\n        \u003Cinput type=\"button\" value=\"Visualizza la mia selezione\" title=\"Visualizza la mia selezione\" name=\"btn_panier\" class=\"btn_panier_popup_carnet form_submit\" onclick=\"if(typeof CarnetVoyage != 'undefined') {CarnetVoyage.voirCarnet();}\" \/\u003E\n    \u003C\/div\u003E\n    \u003Cdiv class=\"bloc_btn_ajout_fiche_carnet\"\u003E\n        \u003Cinput type=\"checkbox\" value=\"1\" name=\"desactiver_popup\" id=\"desactiver_popup\" \/\u003E\n        \u003Clabel for=\"desactiver_popup\"\u003ENon visualizzare pi\u00f9 questo messaggio\u003C\/label\u003E\n    \u003C\/div\u003E\n\u003C\/div\u003E","success":1}