{"nbFiches":1,"dataPrest":{"infoPrest":{"pave1":{"libelle":"Descriptif","contenu":"","fichiers":[]},"pave2":{"libelle":"Indirizzo","contenu":"","fichiers":[]},"pave3":{"libelle":"Tarifs Hiver","contenu":"","fichiers":[]},"pave4":{"libelle":"Tarifs Et\u00e9","contenu":"","fichiers":[]},"pave5":{"libelle":"URL de la r\u00e9servation ou vente en ligne","contenu":"","fichiers":[]},"pave6":{"libelle":"Descriptif court","contenu":"Appartamento tutto attrezzato in una casa, situato nel centro del villaggio.","fichiers":[]},"pave7":{"libelle":"Descriptif d\u00e9taill\u00e9","contenu":"","fichiers":[]},"pave8":{"libelle":"Bons plans","contenu":"","fichiers":[]},"pave9":{"libelle":"Compl\u00e9ment localisation","contenu":"","fichiers":[]},"pave10":{"libelle":"Compl\u00e9ment accueil","contenu":"","fichiers":[]},"pave11":{"libelle":"P\u00e9riodes en clair","contenu":"","fichiers":[]},"pave12":{"libelle":"Tarifs en clair","contenu":"","fichiers":[]},"pave13":{"libelle":"Compl\u00e9ment Tarifs","contenu":"","fichiers":[]},"pave14":{"libelle":"Compl\u00e9ment R\u00e9servation","contenu":"","fichiers":[]},"pave15":{"libelle":"Descriptif court","contenu":"","fichiers":[]},"pave16":{"libelle":"Descriptif d\u00e9taill\u00e9","contenu":"","fichiers":[]},"pave17":{"libelle":"Bons plans","contenu":"","fichiers":[]},"pave18":{"libelle":"Tarifs (Tarifs en clair, Compl\u00e9ment Tarifs)","contenu":"","fichiers":[]},"pave19":{"libelle":"P\u00e9riodes en clair","contenu":"","fichiers":[]},"pave20":{"libelle":"Descriptif court","contenu":"","fichiers":[]},"pave21":{"libelle":"Descriptif d\u00e9taill\u00e9","contenu":"","fichiers":[]},"pave22":{"libelle":"Bons plans","contenu":"","fichiers":[]},"pave23":{"libelle":"Tarifs (Tarifs en clair, Compl\u00e9ment Tarifs)","contenu":"","fichiers":[]},"pave24":{"libelle":"P\u00e9riodes en clair","contenu":"","fichiers":[]},"pave25":{"libelle":"Dispositions sp\u00e9ciales","contenu":"","fichiers":[]},"Libelle":"Pellissier Nicole 6P village","Reference":"","Reftar":"","Type":"PRESTATION","TypePrestataire":"G","ContexteStat":"PRESTATION-G-4678194-4691330","DateModificationIso":"2026-04-27T13:44:00+02:00","Adresse":{"LigneAdresse1":"Grand rue","LigneAdresse2":"Val d'Allos - le village","LigneAdresse3":"","CodePostal":"04260","Ville":"Allos","Cedex":"","Etat":"","Pays":"FRA"},"Id":"g-4678194-4691330","Code":"G|4678194|4691330","Cle":"G|4678194|4691330","Url":"appartamento-in-casa-3-stelle-val-dallos-le-seignus-val-dallos-le-village.html","Localisation":{"GoogleMap":{"Latitude":"44.240011","Longitude":"6.628873"}},"ZoneGeo":"","Criteres":{"DISPONIBILITES[DISPORELANCE":"","GPREST[GLOCAS":"","GPREST[GCOU":"","GCAPACITE[6PERS":"","NBPERS[GCAP06":"","GLABEL[GCLEVA":"","GLOGEM[GAPPMA":"","GCHAR[GCHARN":"","GEQUIC[GFOUR":"","GEQUIC[GLAVEV":"","GEQUIC[GMICRO":"","GEQUIC[GREFIG":"","GEQUIS[G1CHEM":"","GEQUIS[GCHSAT":"","GEQUIS[GTELEV":"","GSALLE[GDOUCH":"","GSALLE[GWCIND":"","G1EQUI[GLOCSK":"","G1EQUI[GLOVEL":"","GACTIV[GINTER":"","GPARKI[GPARKE":"","GANIMA[GANIMA":"","GFAMPLUS[GMICRO":"","GFAMPLUS[GCHAISEHAUT":"","GFAMPLUS[GJEUXINT":"","PUBLICATION[VALDALLOS":"","PUBLICATION[VERDONTOURISME":"","AFFGTYPE[APPART":"","GNOMBRE[6PERS":"","AFFEQUIP[WIFI":"","AFFEQUIP[ANIMAUX":"","AFFEQUIP[PARKING":"","AFFEQUIP[LAVEVAIS":"","AFFEQUIP[LAVELINGEAFF":"","AFFEQUIP[POELE":"","GLOC[G14":"","LOCVERDON[1559":"","AFFPRES[AFFP3":"","VISIBWEB[PLANNINGVISIBLE":"","113[1593":"","127[606":"","122[4063":"","services[687":"","prestations[animauxAcceptes":"","prestations[surchargeTourismesAdaptes":"","prestations[surchargeDescriptifHandicapMoteur":"","prestations[surchargeDescriptifHandicapAuditif":"","prestations[surchargeDescriptifHandicapVisuel":"","prestations[surchargeDescriptifHandicapMental":"","prestations[surchargeNombreFauteuilsRoulants":"","72[797":"","72[842":"","72[963":"","69[838":"","69[1015":"","71[877":"","71[987":"","70[895":"","70[907":"","70[919":"","70[922":"","70[943":"","70[950":"","70[999":"","73[902":"","73[973":"","languesParlees[1197":"","environnements[185":"","tourismeAffaires[tourismeAffairesEnabled":"","tourismeAffaires[devise":"EUR","hebergementLocatifType[2620":"","informationsHebergementLocatif[dateClassement":"2023-05-11","classementPrefectoral[2629":"","5403[1613":"","capacite[capaciteHebergement":"6","capacite[capaciteMaximumPossible":"6","capacite[surface":"70","capacite[nombreChambres":"2","capacite[numeroEtage":"1","CINTSITRA[5660":"","CINTSITRA[8809":"","6241[126905":"","6241[5740912":"","3218[311229":"","3220[587401":"","3220[5575332":"","3233[591419":"","3221[4876304":"","3219[5127127":"","3219[5239406":"","3219[6436838":"","3240[5778284":"","6242[5843488":"","3230[6139211":"","VilleSitra[1559":"","VillageDeDepart[1559":"","DISPONIBILITES[PLANNINGACT":""},"ContactsParType":{"IWEB":{"117864":{"id_contact":"117864","type_contact":"IWEB","categorie_contact":"PRESTATION","societe_contact":"","fonction_contact":"","civilite_nom_prenom_contact":"Pellissier Nicole  ","adresse1_contact":"","adresse2_contact":"","adresse3_contact":"","cpostal_contact":"","ville_contact":"","teldom_contact":"","telbur_contact":"","fax_contact":"","portable_contact":"06 32 84 61 77","email_contact":"closmeygane@orange.fr","siteweb_contact":"https:\/\/www.leshebergementsdesylvie.fr\/","commentaire_contact":"","langue_contact":"","autre_moyen_com":[]}}},"ContactRemplaceCoordonnees":"117864","Prestataire":{"pave1":{"libelle":"","contenu":""},"pave2":{"libelle":"","contenu":""},"pave3":{"libelle":"","contenu":""},"pave4":{"libelle":"","contenu":""},"pave5":{"libelle":"","contenu":""},"pave6":{"libelle":"","contenu":""},"pave7":{"libelle":"","contenu":""},"pave8":{"libelle":"","contenu":""},"pave9":{"libelle":"","contenu":""},"pave10":{"libelle":"","contenu":""},"pave11":{"libelle":"","contenu":""},"pave12":{"libelle":"","contenu":""},"pave13":{"libelle":"","contenu":""},"pave14":{"libelle":"","contenu":""},"pave15":{"libelle":"","contenu":""},"pave16":{"libelle":"","contenu":""},"pave17":{"libelle":"","contenu":""},"pave18":{"libelle":"","contenu":""},"pave19":{"libelle":"","contenu":""},"pave20":{"libelle":"","contenu":""},"pave21":{"libelle":"","contenu":""},"pave22":{"libelle":"","contenu":""},"pave23":{"libelle":"","contenu":""},"pave24":{"libelle":"","contenu":""},"pave25":{"libelle":"","contenu":""},"ContactsParType":{"GEST":{"117863":{"id_contact":"117863","type_contact":"GEST","categorie_contact":"PRESTATAIRE","societe_contact":"","fonction_contact":"","civilite_nom_prenom_contact":"Pellissier Nicole ","adresse1_contact":"le Clos Bertrand","adresse2_contact":"Val d'Allos - le Seignus","adresse3_contact":"","cpostal_contact":"04260","ville_contact":"Le Seignus","teldom_contact":"04 92 83 01 60","telbur_contact":"","fax_contact":"","portable_contact":"06 32 84 61 77","email_contact":"closmeygane@orange.fr","siteweb_contact":"https:\/\/www.leshebergementsdesylvie.fr\/","commentaire_contact":"","langue_contact":"","autre_moyen_com":[]},"117865":{"id_contact":"117865","type_contact":"GEST","categorie_contact":"PRESTATAIRE","societe_contact":"","fonction_contact":"","civilite_nom_prenom_contact":"Pellissier Nicole ","adresse1_contact":"le Clos Bertrand","adresse2_contact":"Val d'Allos - le Seignus","adresse3_contact":"","cpostal_contact":"04260","ville_contact":"Le Seignus","teldom_contact":"04 92 83 01 60","telbur_contact":"","fax_contact":"","portable_contact":"06 32 84 61 77","email_contact":"closmeygane@orange.fr","siteweb_contact":"https:\/\/www.leshebergementsdesylvie.fr\/","commentaire_contact":"","langue_contact":"","autre_moyen_com":[]},"117867":{"id_contact":"117867","type_contact":"GEST","categorie_contact":"PRESTATAIRE","societe_contact":"","fonction_contact":"","civilite_nom_prenom_contact":"Pellissier Nicole ","adresse1_contact":"le Clos Bertrand","adresse2_contact":"Val d'Allos - le Seignus","adresse3_contact":"","cpostal_contact":"04260","ville_contact":"Le Seignus","teldom_contact":"04 92 83 01 60","telbur_contact":"","fax_contact":"","portable_contact":"06 32 84 61 77","email_contact":"closmeygane@orange.fr","siteweb_contact":"https:\/\/www.leshebergementsdesylvie.fr\/","commentaire_contact":"","langue_contact":"","autre_moyen_com":[]},"117884":{"id_contact":"117884","type_contact":"GEST","categorie_contact":"PRESTATAIRE","societe_contact":"","fonction_contact":"","civilite_nom_prenom_contact":"Pellissier Nicole ","adresse1_contact":"le Clos Bertrand","adresse2_contact":"Val d'Allos - le Seignus","adresse3_contact":"","cpostal_contact":"04260","ville_contact":"Le Seignus","teldom_contact":"04 92 83 01 60","telbur_contact":"","fax_contact":"","portable_contact":"06 32 84 61 77","email_contact":"closmeygane@orange.fr","siteweb_contact":"https:\/\/www.leshebergementsdesylvie.fr\/","commentaire_contact":"","langue_contact":"","autre_moyen_com":[]}}},"ZoneGeoLibelle":"Val d\u2019Allos \u2013 Le Seignus","Libelle":"Pellissier Nicole","Nom":"Pellissier Nicole ","Prenom":"","NomPrenom":"Pellissier Nicole  ","CiviliteNomPrenom":"Pellissier Nicole  ","Cle":"G|4678194","PrestataireParent":"","ContexteStat":"PRESTATAIRE-G-4678194","DateModificationIso":"2026-03-29T00:50:00+01:00","Type":"PRESTATAIRE","TypePrestataire":"G","Adresse":{"LigneAdresse1":"","LigneAdresse2":"","LigneAdresse3":"","CodePostal":"","Ville":"","Cedex":"","Etat":"","Pays":""},"Email":"closmeygane@orange.fr","Telephone":"","TelephoneBureau":"","Portable":"06 32 84 61 77","SiteWeb":"https:\/\/www.leshebergementsdesylvie.fr\/","Fax":"","Id":"g-4678194","Code":"G|4678194","Fichier":[],"Url":"","Localisation":{"GoogleMap":{"Latitude":"","Longitude":""}},"ZoneGeo":"FRPA04VAV1500","Criteres":{"GINFADH[GMONT":"80","GINFADH[GCOMM":"prochains classement en 2017","GTIMMO[GPARTI":"","P.GLOC[G15":"","P.6241[126905":"","P.6241[5740912":"","P.3218[311229":"","P.3220[587401":"","P.3220[5575332":"","P.3233[591419":"","P.3221[4876304":"","P.3219[5127066":"","P.3219[5239406":"","P.3240[5778284":"","P.3230[6139211":"","P.VilleSitra[37281":"","P.VillageDeDepart[37281":""},"DateFinPublication":""},"Fichier":{"Image":[{"url":"https:\/\/www.valdallos.com\/medias\/images\/prestations\/79264-salon_1.jpg","chemin":"..\/medias\/images\/prestations\/79264-salon_1.jpg","libelle":"Salon d'appartement avec table \u00e0 manger, ameublement et int\u00e9rieur bois","extension":"jpg","categorie":"","largeur":640,"theme":"","hauteur":481,"type":"Image","origine":"","liaisonPave":"","langue":"","id":"79264","urlVignette":"https:\/\/www.valdallos.com\/medias\/images\/prestations\/v-79264-salon_1.jpg","alt":"Salon d'appartement avec table \u00e0 manger, ameublement et int\u00e9rieur bois","title":"Salon d'appartement avec table \u00e0 manger, ameublement et int\u00e9rieur bois","MultiTaille":{"1920x1440":{"url":"https:\/\/www.valdallos.com\/medias\/images\/prestations\/multitailles\/1920x1440_79264-salon_1.jpg"},"1200x900":{"url":"https:\/\/www.valdallos.com\/medias\/images\/prestations\/multitailles\/1200x900_79264-salon_1.jpg"},"800x600":{"url":"https:\/\/www.valdallos.com\/medias\/images\/prestations\/multitailles\/800x600_79264-salon_1.jpg"},"640x480":{"url":"https:\/\/www.valdallos.com\/medias\/images\/prestations\/multitailles\/640x480_79264-salon_1.jpg"},"320x240":{"url":"https:\/\/www.valdallos.com\/medias\/images\/prestations\/multitailles\/320x240_79264-salon_1.jpg"},"160x120":{"url":"https:\/\/www.valdallos.com\/medias\/images\/prestations\/multitailles\/160x120_79264-salon_1.jpg"},"origine":{"url":"https:\/\/www.valdallos.com\/medias\/images\/prestations\/79264-salon_1.jpg"}},"urlLien":"","typeLien":"","nofollow":"N","copyright":"Pellissier N"},{"url":"https:\/\/www.valdallos.com\/medias\/images\/prestations\/79265-cuisine_n_pellissier.jpg","chemin":"..\/medias\/images\/prestations\/79265-cuisine_n_pellissier.jpg","libelle":"Cuisine d'appartement avec plaques \u00e9lectriques, ameublement bois et carrelage","extension":"jpg","categorie":"","largeur":640,"theme":"","hauteur":480,"type":"Image","origine":"","liaisonPave":"","langue":"","id":"79265","urlVignette":"https:\/\/www.valdallos.com\/medias\/images\/prestations\/v-79265-cuisine_n_pellissier.jpg","alt":"Cuisine d'appartement avec plaques \u00e9lectriques, ameublement bois et carrelage","title":"Cuisine d'appartement avec plaques \u00e9lectriques, ameublement bois et carrelage","MultiTaille":{"1920x1440":{"url":"https:\/\/www.valdallos.com\/medias\/images\/prestations\/multitailles\/1920x1440_79265-cuisine_n_pellissier.jpg"},"1200x900":{"url":"https:\/\/www.valdallos.com\/medias\/images\/prestations\/multitailles\/1200x900_79265-cuisine_n_pellissier.jpg"},"800x600":{"url":"https:\/\/www.valdallos.com\/medias\/images\/prestations\/multitailles\/800x600_79265-cuisine_n_pellissier.jpg"},"640x480":{"url":"https:\/\/www.valdallos.com\/medias\/images\/prestations\/multitailles\/640x480_79265-cuisine_n_pellissier.jpg"},"320x240":{"url":"https:\/\/www.valdallos.com\/medias\/images\/prestations\/multitailles\/320x240_79265-cuisine_n_pellissier.jpg"},"160x120":{"url":"https:\/\/www.valdallos.com\/medias\/images\/prestations\/multitailles\/160x120_79265-cuisine_n_pellissier.jpg"},"origine":{"url":"https:\/\/www.valdallos.com\/medias\/images\/prestations\/79265-cuisine_n_pellissier.jpg"}},"urlLien":"","typeLien":"","nofollow":"N","copyright":"Pellissier N"},{"url":"https:\/\/www.valdallos.com\/medias\/images\/prestations\/79266-chambre.jpg","chemin":"..\/medias\/images\/prestations\/79266-chambre.jpg","libelle":"Chambre \u00e0 coucher lumineuse avec lit double, ameublement bois","extension":"jpg","categorie":"","largeur":480,"theme":"","hauteur":640,"type":"Image","origine":"","liaisonPave":"","langue":"","id":"79266","urlVignette":"https:\/\/www.valdallos.com\/medias\/images\/prestations\/v-79266-chambre.jpg","alt":"Chambre \u00e0 coucher lumineuse avec lit double, ameublement bois","title":"Chambre \u00e0 coucher lumineuse avec lit double, ameublement bois","MultiTaille":{"1920x1440":{"url":"https:\/\/www.valdallos.com\/medias\/images\/prestations\/multitailles\/1920x1440_79266-chambre.jpg"},"1200x900":{"url":"https:\/\/www.valdallos.com\/medias\/images\/prestations\/multitailles\/1200x900_79266-chambre.jpg"},"800x600":{"url":"https:\/\/www.valdallos.com\/medias\/images\/prestations\/multitailles\/800x600_79266-chambre.jpg"},"640x480":{"url":"https:\/\/www.valdallos.com\/medias\/images\/prestations\/multitailles\/640x480_79266-chambre.jpg"},"320x240":{"url":"https:\/\/www.valdallos.com\/medias\/images\/prestations\/multitailles\/320x240_79266-chambre.jpg"},"160x120":{"url":"https:\/\/www.valdallos.com\/medias\/images\/prestations\/multitailles\/160x120_79266-chambre.jpg"},"origine":{"url":"https:\/\/www.valdallos.com\/medias\/images\/prestations\/79266-chambre.jpg"}},"urlLien":"","typeLien":"","nofollow":"N","copyright":"Pellissier N"},{"url":"https:\/\/www.valdallos.com\/medias\/images\/prestations\/79267-pellissier_village5.jpg","chemin":"..\/medias\/images\/prestations\/79267-pellissier_village5.jpg","libelle":"Chambre \u00e0 coucher lumineuse avec lits superpos\u00e9s et deux lits simples, fen\u00eatre, ameublement bois","extension":"jpg","categorie":"","largeur":1200,"theme":"","hauteur":900,"type":"Image","origine":"","liaisonPave":"","langue":"","id":"79267","urlVignette":"https:\/\/www.valdallos.com\/medias\/images\/prestations\/v-79267-pellissier_village5.jpg","alt":"Chambre \u00e0 coucher lumineuse avec lits superpos\u00e9s et deux lits simples, fen\u00eatre, ameublement bois","title":"Chambre \u00e0 coucher lumineuse avec lits superpos\u00e9s et deux lits simples, fen\u00eatre, ameublement bois","MultiTaille":{"1920x1440":{"url":"https:\/\/www.valdallos.com\/medias\/images\/prestations\/multitailles\/1920x1440_79267-pellissier_village5.jpg"},"1200x900":{"url":"https:\/\/www.valdallos.com\/medias\/images\/prestations\/multitailles\/1200x900_79267-pellissier_village5.jpg"},"800x600":{"url":"https:\/\/www.valdallos.com\/medias\/images\/prestations\/multitailles\/800x600_79267-pellissier_village5.jpg"},"640x480":{"url":"https:\/\/www.valdallos.com\/medias\/images\/prestations\/multitailles\/640x480_79267-pellissier_village5.jpg"},"320x240":{"url":"https:\/\/www.valdallos.com\/medias\/images\/prestations\/multitailles\/320x240_79267-pellissier_village5.jpg"},"160x120":{"url":"https:\/\/www.valdallos.com\/medias\/images\/prestations\/multitailles\/160x120_79267-pellissier_village5.jpg"},"origine":{"url":"https:\/\/www.valdallos.com\/medias\/images\/prestations\/79267-pellissier_village5.jpg"}},"urlLien":"","typeLien":"","nofollow":"N","copyright":"Pellissier N"},{"url":"https:\/\/www.valdallos.com\/medias\/images\/prestations\/79268-chambre.jpg","chemin":"..\/medias\/images\/prestations\/79268-chambre.jpg","libelle":"Vue de chambre \u00e0 coucher avec lits superpos\u00e9s, ameublement bois, fen\u00eatre","extension":"jpg","categorie":"","largeur":900,"theme":"","hauteur":1200,"type":"Image","origine":"","liaisonPave":"","langue":"","id":"79268","urlVignette":"https:\/\/www.valdallos.com\/medias\/images\/prestations\/v-79268-chambre.jpg","alt":"Vue de chambre \u00e0 coucher avec lits superpos\u00e9s, ameublement bois, fen\u00eatre","title":"Vue de chambre \u00e0 coucher avec lits superpos\u00e9s, ameublement bois, fen\u00eatre","MultiTaille":{"1920x1440":{"url":"https:\/\/www.valdallos.com\/medias\/images\/prestations\/multitailles\/1920x1440_79268-chambre.jpg"},"1200x900":{"url":"https:\/\/www.valdallos.com\/medias\/images\/prestations\/multitailles\/1200x900_79268-chambre.jpg"},"800x600":{"url":"https:\/\/www.valdallos.com\/medias\/images\/prestations\/multitailles\/800x600_79268-chambre.jpg"},"640x480":{"url":"https:\/\/www.valdallos.com\/medias\/images\/prestations\/multitailles\/640x480_79268-chambre.jpg"},"320x240":{"url":"https:\/\/www.valdallos.com\/medias\/images\/prestations\/multitailles\/320x240_79268-chambre.jpg"},"160x120":{"url":"https:\/\/www.valdallos.com\/medias\/images\/prestations\/multitailles\/160x120_79268-chambre.jpg"},"origine":{"url":"https:\/\/www.valdallos.com\/medias\/images\/prestations\/79268-chambre.jpg"}},"urlLien":"","typeLien":"","nofollow":"N","copyright":"Pellissier N"},{"url":"https:\/\/www.valdallos.com\/medias\/images\/prestations\/79269-sdb.jpg","chemin":"..\/medias\/images\/prestations\/79269-sdb.jpg","libelle":"Salle d'eau avec bac \u00e0 douche, rideau, \u00e9vier, carrelage","extension":"jpg","categorie":"","largeur":1512,"theme":"","hauteur":2016,"type":"Image","origine":"","liaisonPave":"","langue":"","id":"79269","urlVignette":"https:\/\/www.valdallos.com\/medias\/images\/prestations\/v-79269-sdb.jpg","alt":"Salle d'eau avec bac \u00e0 douche, rideau, \u00e9vier, carrelage","title":"Salle d'eau avec bac \u00e0 douche, rideau, \u00e9vier, carrelage","MultiTaille":{"1920x1440":{"url":"https:\/\/www.valdallos.com\/medias\/images\/prestations\/multitailles\/1920x1440_79269-sdb.jpg"},"1200x900":{"url":"https:\/\/www.valdallos.com\/medias\/images\/prestations\/multitailles\/1200x900_79269-sdb.jpg"},"800x600":{"url":"https:\/\/www.valdallos.com\/medias\/images\/prestations\/multitailles\/800x600_79269-sdb.jpg"},"640x480":{"url":"https:\/\/www.valdallos.com\/medias\/images\/prestations\/multitailles\/640x480_79269-sdb.jpg"},"320x240":{"url":"https:\/\/www.valdallos.com\/medias\/images\/prestations\/multitailles\/320x240_79269-sdb.jpg"},"160x120":{"url":"https:\/\/www.valdallos.com\/medias\/images\/prestations\/multitailles\/160x120_79269-sdb.jpg"},"origine":{"url":"https:\/\/www.valdallos.com\/medias\/images\/prestations\/79269-sdb.jpg"}},"urlLien":"","typeLien":"","nofollow":"N","copyright":"Pellissier N"}],"ByCategorie":{"":[{"url":"https:\/\/www.valdallos.com\/medias\/images\/prestations\/79264-salon_1.jpg","chemin":"..\/medias\/images\/prestations\/79264-salon_1.jpg","libelle":"Salon d'appartement avec table \u00e0 manger, ameublement et int\u00e9rieur bois","extension":"jpg","categorie":"","largeur":640,"theme":"","hauteur":481,"type":"Image","origine":"","liaisonPave":"","langue":"","id":"79264","urlVignette":"https:\/\/www.valdallos.com\/medias\/images\/prestations\/v-79264-salon_1.jpg","alt":"Salon d'appartement avec table \u00e0 manger, ameublement et int\u00e9rieur bois","title":"Salon d'appartement avec table \u00e0 manger, ameublement et int\u00e9rieur bois","MultiTaille":{"1920x1440":{"url":"https:\/\/www.valdallos.com\/medias\/images\/prestations\/multitailles\/1920x1440_79264-salon_1.jpg"},"1200x900":{"url":"https:\/\/www.valdallos.com\/medias\/images\/prestations\/multitailles\/1200x900_79264-salon_1.jpg"},"800x600":{"url":"https:\/\/www.valdallos.com\/medias\/images\/prestations\/multitailles\/800x600_79264-salon_1.jpg"},"640x480":{"url":"https:\/\/www.valdallos.com\/medias\/images\/prestations\/multitailles\/640x480_79264-salon_1.jpg"},"320x240":{"url":"https:\/\/www.valdallos.com\/medias\/images\/prestations\/multitailles\/320x240_79264-salon_1.jpg"},"160x120":{"url":"https:\/\/www.valdallos.com\/medias\/images\/prestations\/multitailles\/160x120_79264-salon_1.jpg"},"origine":{"url":"https:\/\/www.valdallos.com\/medias\/images\/prestations\/79264-salon_1.jpg"}},"urlLien":"","typeLien":"","nofollow":"N","copyright":"Pellissier N"},{"url":"https:\/\/www.valdallos.com\/medias\/images\/prestations\/79265-cuisine_n_pellissier.jpg","chemin":"..\/medias\/images\/prestations\/79265-cuisine_n_pellissier.jpg","libelle":"Cuisine d'appartement avec plaques \u00e9lectriques, ameublement bois et carrelage","extension":"jpg","categorie":"","largeur":640,"theme":"","hauteur":480,"type":"Image","origine":"","liaisonPave":"","langue":"","id":"79265","urlVignette":"https:\/\/www.valdallos.com\/medias\/images\/prestations\/v-79265-cuisine_n_pellissier.jpg","alt":"Cuisine d'appartement avec plaques \u00e9lectriques, ameublement bois et carrelage","title":"Cuisine d'appartement avec plaques \u00e9lectriques, ameublement bois et carrelage","MultiTaille":{"1920x1440":{"url":"https:\/\/www.valdallos.com\/medias\/images\/prestations\/multitailles\/1920x1440_79265-cuisine_n_pellissier.jpg"},"1200x900":{"url":"https:\/\/www.valdallos.com\/medias\/images\/prestations\/multitailles\/1200x900_79265-cuisine_n_pellissier.jpg"},"800x600":{"url":"https:\/\/www.valdallos.com\/medias\/images\/prestations\/multitailles\/800x600_79265-cuisine_n_pellissier.jpg"},"640x480":{"url":"https:\/\/www.valdallos.com\/medias\/images\/prestations\/multitailles\/640x480_79265-cuisine_n_pellissier.jpg"},"320x240":{"url":"https:\/\/www.valdallos.com\/medias\/images\/prestations\/multitailles\/320x240_79265-cuisine_n_pellissier.jpg"},"160x120":{"url":"https:\/\/www.valdallos.com\/medias\/images\/prestations\/multitailles\/160x120_79265-cuisine_n_pellissier.jpg"},"origine":{"url":"https:\/\/www.valdallos.com\/medias\/images\/prestations\/79265-cuisine_n_pellissier.jpg"}},"urlLien":"","typeLien":"","nofollow":"N","copyright":"Pellissier N"},{"url":"https:\/\/www.valdallos.com\/medias\/images\/prestations\/79266-chambre.jpg","chemin":"..\/medias\/images\/prestations\/79266-chambre.jpg","libelle":"Chambre \u00e0 coucher lumineuse avec lit double, ameublement bois","extension":"jpg","categorie":"","largeur":480,"theme":"","hauteur":640,"type":"Image","origine":"","liaisonPave":"","langue":"","id":"79266","urlVignette":"https:\/\/www.valdallos.com\/medias\/images\/prestations\/v-79266-chambre.jpg","alt":"Chambre \u00e0 coucher lumineuse avec lit double, ameublement bois","title":"Chambre \u00e0 coucher lumineuse avec lit double, ameublement bois","MultiTaille":{"1920x1440":{"url":"https:\/\/www.valdallos.com\/medias\/images\/prestations\/multitailles\/1920x1440_79266-chambre.jpg"},"1200x900":{"url":"https:\/\/www.valdallos.com\/medias\/images\/prestations\/multitailles\/1200x900_79266-chambre.jpg"},"800x600":{"url":"https:\/\/www.valdallos.com\/medias\/images\/prestations\/multitailles\/800x600_79266-chambre.jpg"},"640x480":{"url":"https:\/\/www.valdallos.com\/medias\/images\/prestations\/multitailles\/640x480_79266-chambre.jpg"},"320x240":{"url":"https:\/\/www.valdallos.com\/medias\/images\/prestations\/multitailles\/320x240_79266-chambre.jpg"},"160x120":{"url":"https:\/\/www.valdallos.com\/medias\/images\/prestations\/multitailles\/160x120_79266-chambre.jpg"},"origine":{"url":"https:\/\/www.valdallos.com\/medias\/images\/prestations\/79266-chambre.jpg"}},"urlLien":"","typeLien":"","nofollow":"N","copyright":"Pellissier N"},{"url":"https:\/\/www.valdallos.com\/medias\/images\/prestations\/79267-pellissier_village5.jpg","chemin":"..\/medias\/images\/prestations\/79267-pellissier_village5.jpg","libelle":"Chambre \u00e0 coucher lumineuse avec lits superpos\u00e9s et deux lits simples, fen\u00eatre, ameublement bois","extension":"jpg","categorie":"","largeur":1200,"theme":"","hauteur":900,"type":"Image","origine":"","liaisonPave":"","langue":"","id":"79267","urlVignette":"https:\/\/www.valdallos.com\/medias\/images\/prestations\/v-79267-pellissier_village5.jpg","alt":"Chambre \u00e0 coucher lumineuse avec lits superpos\u00e9s et deux lits simples, fen\u00eatre, ameublement bois","title":"Chambre \u00e0 coucher lumineuse avec lits superpos\u00e9s et deux lits simples, fen\u00eatre, ameublement bois","MultiTaille":{"1920x1440":{"url":"https:\/\/www.valdallos.com\/medias\/images\/prestations\/multitailles\/1920x1440_79267-pellissier_village5.jpg"},"1200x900":{"url":"https:\/\/www.valdallos.com\/medias\/images\/prestations\/multitailles\/1200x900_79267-pellissier_village5.jpg"},"800x600":{"url":"https:\/\/www.valdallos.com\/medias\/images\/prestations\/multitailles\/800x600_79267-pellissier_village5.jpg"},"640x480":{"url":"https:\/\/www.valdallos.com\/medias\/images\/prestations\/multitailles\/640x480_79267-pellissier_village5.jpg"},"320x240":{"url":"https:\/\/www.valdallos.com\/medias\/images\/prestations\/multitailles\/320x240_79267-pellissier_village5.jpg"},"160x120":{"url":"https:\/\/www.valdallos.com\/medias\/images\/prestations\/multitailles\/160x120_79267-pellissier_village5.jpg"},"origine":{"url":"https:\/\/www.valdallos.com\/medias\/images\/prestations\/79267-pellissier_village5.jpg"}},"urlLien":"","typeLien":"","nofollow":"N","copyright":"Pellissier N"},{"url":"https:\/\/www.valdallos.com\/medias\/images\/prestations\/79268-chambre.jpg","chemin":"..\/medias\/images\/prestations\/79268-chambre.jpg","libelle":"Vue de chambre \u00e0 coucher avec lits superpos\u00e9s, ameublement bois, fen\u00eatre","extension":"jpg","categorie":"","largeur":900,"theme":"","hauteur":1200,"type":"Image","origine":"","liaisonPave":"","langue":"","id":"79268","urlVignette":"https:\/\/www.valdallos.com\/medias\/images\/prestations\/v-79268-chambre.jpg","alt":"Vue de chambre \u00e0 coucher avec lits superpos\u00e9s, ameublement bois, fen\u00eatre","title":"Vue de chambre \u00e0 coucher avec lits superpos\u00e9s, ameublement bois, fen\u00eatre","MultiTaille":{"1920x1440":{"url":"https:\/\/www.valdallos.com\/medias\/images\/prestations\/multitailles\/1920x1440_79268-chambre.jpg"},"1200x900":{"url":"https:\/\/www.valdallos.com\/medias\/images\/prestations\/multitailles\/1200x900_79268-chambre.jpg"},"800x600":{"url":"https:\/\/www.valdallos.com\/medias\/images\/prestations\/multitailles\/800x600_79268-chambre.jpg"},"640x480":{"url":"https:\/\/www.valdallos.com\/medias\/images\/prestations\/multitailles\/640x480_79268-chambre.jpg"},"320x240":{"url":"https:\/\/www.valdallos.com\/medias\/images\/prestations\/multitailles\/320x240_79268-chambre.jpg"},"160x120":{"url":"https:\/\/www.valdallos.com\/medias\/images\/prestations\/multitailles\/160x120_79268-chambre.jpg"},"origine":{"url":"https:\/\/www.valdallos.com\/medias\/images\/prestations\/79268-chambre.jpg"}},"urlLien":"","typeLien":"","nofollow":"N","copyright":"Pellissier N"},{"url":"https:\/\/www.valdallos.com\/medias\/images\/prestations\/79269-sdb.jpg","chemin":"..\/medias\/images\/prestations\/79269-sdb.jpg","libelle":"Salle d'eau avec bac \u00e0 douche, rideau, \u00e9vier, carrelage","extension":"jpg","categorie":"","largeur":1512,"theme":"","hauteur":2016,"type":"Image","origine":"","liaisonPave":"","langue":"","id":"79269","urlVignette":"https:\/\/www.valdallos.com\/medias\/images\/prestations\/v-79269-sdb.jpg","alt":"Salle d'eau avec bac \u00e0 douche, rideau, \u00e9vier, carrelage","title":"Salle d'eau avec bac \u00e0 douche, rideau, \u00e9vier, carrelage","MultiTaille":{"1920x1440":{"url":"https:\/\/www.valdallos.com\/medias\/images\/prestations\/multitailles\/1920x1440_79269-sdb.jpg"},"1200x900":{"url":"https:\/\/www.valdallos.com\/medias\/images\/prestations\/multitailles\/1200x900_79269-sdb.jpg"},"800x600":{"url":"https:\/\/www.valdallos.com\/medias\/images\/prestations\/multitailles\/800x600_79269-sdb.jpg"},"640x480":{"url":"https:\/\/www.valdallos.com\/medias\/images\/prestations\/multitailles\/640x480_79269-sdb.jpg"},"320x240":{"url":"https:\/\/www.valdallos.com\/medias\/images\/prestations\/multitailles\/320x240_79269-sdb.jpg"},"160x120":{"url":"https:\/\/www.valdallos.com\/medias\/images\/prestations\/multitailles\/160x120_79269-sdb.jpg"},"origine":{"url":"https:\/\/www.valdallos.com\/medias\/images\/prestations\/79269-sdb.jpg"}},"urlLien":"","typeLien":"","nofollow":"N","copyright":"Pellissier N"}]}},"DateDebPublication":"","DateFinPublication":"","PrixAPartirDe":"","PrixPour":"","FicheListeEnCours":"fiche_liste_immobilier_prestation_OT_v3","ParametresModele":{"AfficherPhotos":1,"NbPhotosMax":6,"AfficherReserver":0,"AfficherContact":0,"AfficherSalle":1,"AfficherZoneGeo":0,"AfficherEnSavoirPlus":"0","AfficherUneSeuleOuverture":0,"AfficherContactCarte":1,"AfficherTarifsChaudAPartirDe":0,"AfficherTarifChaudSansRecherche":0,"AfficherDispoAccordeon":"1","AfficherDispoResa":"1","AfficherPrixAPartirDe":"1","BlocCritereInfo":{"critere1":{"libelle":"","liste_critere":["classementPrefectoral|2631|G","classementPrefectoral|2630|G","classementPrefectoral|2629|G","classementPrefectoral|2628|G","classementPrefectoral|2627|G","classementPrefectoral|2632|G"]},"critere2":{"libelle":"","liste_critere":["GLOC|G"]},"critere3":{"libelle":""},"critere4":{"libelle":""},"critere5":{"libelle":"","liste_critere":["GHANDI|G","AFFEQUIP|WIFI|G","AFFEQUIP|ANIMAUX|G","AFFEQUIP|PARKING|G","AFFEQUIP|LAVEVAIS|G","AFFEQUIP|LAVELINGEAFF|G","GCHAMB|G","NBPERS|G","GSURFA|G","GLOGEM|G"]},"critere6":{"libelle":"","liste_critere":["GLABEL|GCLEVA|G"]},"critere7":{"libelle":""},"critere8":{"libelle":""},"critere9":{"libelle":""},"afficherpictoetpaslibelle":"1"},"BlocPaveInfo":{"texte1":{"pave":["6","15","20"],"longeurmax":"250","afficherLibelle":"0","garderHtml":"0","boutonVoirPlus":""},"texte3":{"longeurmax":"","afficherLibelle":"0","garderHtml":"0","boutonVoirPlus":""}},"CriteresComportementDispo":"DISPONIBILITES[PLANNINGACT","PositionBloc":"GALLERIE|ZONEPRINCIPALFICHEPRESTA|NOM|CARNET_VOYAGE|ACCROCHE_TARIF_DISPO","TypePrestataire":"G","ComportementResa":false,"ComportementDispo":true},"AffichageCoordonnees":[],"Coordonnees":{"Ville":"Allos"},"ContexteId":"PRESTATION|G|4678194|4691330","ContexteIdHtml":"PRESTATION-G-4678194-4691330","cleContexte":"G|4678194|4691330","Bloc":{"texte1":"Appartamento tutto attrezzato in una casa, situato nel centro del villaggio.","texte3":"","critere1":{"libelle":"","contenu":{"classementPrefectoral":{"libelle":"","contenu":{"3":"\u003Cimg src=\"https:\/\/www.valdallos.com\/medias\/images\/picto\/classementPrefectoral-2629-G.png\"  alt=\"3 stelle\" title=\"3 stelle\" \/\u003E"},"codesValeurs":{"3":"classementPrefectoral|2629|G"},"criteres_datas":{"valeurs":{"3":{"2629":{"descriptif":""}}}}}}},"critere2":{"libelle":"","contenu":{"GLOC":{"libelle":"Localizzare","contenu":{"3":"Val d'Allos - Villaggio"},"codesValeurs":{"3":"GLOC|G14|G"},"criteres_datas":{"valeurs":{"3":{"G14":{"descriptif":""}}}}}}},"critere3":{"libelle":"","contenu":[]},"critere4":{"libelle":"","contenu":[]},"critere5":{"libelle":"","contenu":{"NBPERS":{"libelle":"Persone","contenu":{"5":"6 persone"},"codesValeurs":{"5":"NBPERS|GCAP06|G"},"criteres_datas":{"valeurs":{"5":{"GCAP06":{"descriptif":""}}}}},"GLOGEM":{"libelle":"tipo di alloggio","contenu":{"2":"appartamento in casa"},"codesValeurs":{"2":"GLOGEM|GAPPMA|G"},"criteres_datas":{"valeurs":{"2":{"GAPPMA":{"descriptif":""}}}}},"AFFEQUIP":{"libelle":"Servizi","contenu":{"1":"Acc\u00e8s Internet \/ Wifi","2":"Animali domestici ammessi","3":"Parcheggio \/ Garage","4":"Lavastoviglie","5":"Lavatrice"},"codesValeurs":{"1":"AFFEQUIP|WIFI|G","2":"AFFEQUIP|ANIMAUX|G","3":"AFFEQUIP|PARKING|G","4":"AFFEQUIP|LAVEVAIS|G","5":"AFFEQUIP|LAVELINGEAFF|G"},"criteres_datas":{"valeurs":{"1":{"WIFI":{"descriptif":""}},"2":{"ANIMAUX":{"descriptif":""}},"3":{"PARKING":{"descriptif":""}},"4":{"LAVEVAIS":{"descriptif":""}},"5":{"LAVELINGEAFF":{"descriptif":""}}}}}}},"critere6":{"libelle":"","contenu":{"GLABEL":{"libelle":"marchio","contenu":{"1":"\u003Cimg src=\"https:\/\/www.valdallos.com\/medias\/images\/picto\/GLABEL-GCLEVA-G.jpg\"  alt=\"Famille Plus\" title=\"Famille Plus\" \/\u003E"},"codesValeurs":{"1":"GLABEL|GCLEVA|G"},"criteres_datas":{"valeurs":{"1":{"GCLEVA":{"descriptif":""}}}}}}},"critere7":{"libelle":"","contenu":[]},"critere8":{"libelle":"","contenu":[]},"critere9":{"libelle":"","contenu":[]}},"LocalisationGps":{"Latitude":"44.240011","Longitude":"6.628873"},"libelleDuPrestataire":"","vuePrestataire":{"pave1":{"libelle":"","contenu":""},"pave2":{"libelle":"","contenu":""},"pave3":{"libelle":"","contenu":""},"pave4":{"libelle":"","contenu":""},"pave5":{"libelle":"","contenu":""},"pave6":{"libelle":"","contenu":""},"pave7":{"libelle":"","contenu":""},"pave8":{"libelle":"","contenu":""},"pave9":{"libelle":"","contenu":""},"pave10":{"libelle":"","contenu":""},"pave11":{"libelle":"","contenu":""},"pave12":{"libelle":"","contenu":""},"pave13":{"libelle":"","contenu":""},"pave14":{"libelle":"","contenu":""},"pave15":{"libelle":"","contenu":""},"pave16":{"libelle":"","contenu":""},"pave17":{"libelle":"","contenu":""},"pave18":{"libelle":"","contenu":""},"pave19":{"libelle":"","contenu":""},"pave20":{"libelle":"","contenu":""},"pave21":{"libelle":"","contenu":""},"pave22":{"libelle":"","contenu":""},"pave23":{"libelle":"","contenu":""},"pave24":{"libelle":"","contenu":""},"pave25":{"libelle":"","contenu":""},"ContactsParType":{"GEST":{"117863":{"id_contact":"117863","type_contact":"GEST","categorie_contact":"PRESTATAIRE","societe_contact":"","fonction_contact":"","civilite_nom_prenom_contact":"Pellissier Nicole ","adresse1_contact":"le Clos Bertrand","adresse2_contact":"Val d'Allos - le Seignus","adresse3_contact":"","cpostal_contact":"04260","ville_contact":"Le Seignus","teldom_contact":"04 92 83 01 60","telbur_contact":"","fax_contact":"","portable_contact":"06 32 84 61 77","email_contact":"closmeygane@orange.fr","siteweb_contact":"https:\/\/www.leshebergementsdesylvie.fr\/","commentaire_contact":"","langue_contact":"","autre_moyen_com":[]},"117865":{"id_contact":"117865","type_contact":"GEST","categorie_contact":"PRESTATAIRE","societe_contact":"","fonction_contact":"","civilite_nom_prenom_contact":"Pellissier Nicole ","adresse1_contact":"le Clos Bertrand","adresse2_contact":"Val d'Allos - le Seignus","adresse3_contact":"","cpostal_contact":"04260","ville_contact":"Le Seignus","teldom_contact":"04 92 83 01 60","telbur_contact":"","fax_contact":"","portable_contact":"06 32 84 61 77","email_contact":"closmeygane@orange.fr","siteweb_contact":"https:\/\/www.leshebergementsdesylvie.fr\/","commentaire_contact":"","langue_contact":"","autre_moyen_com":[]},"117867":{"id_contact":"117867","type_contact":"GEST","categorie_contact":"PRESTATAIRE","societe_contact":"","fonction_contact":"","civilite_nom_prenom_contact":"Pellissier Nicole ","adresse1_contact":"le Clos Bertrand","adresse2_contact":"Val d'Allos - le Seignus","adresse3_contact":"","cpostal_contact":"04260","ville_contact":"Le Seignus","teldom_contact":"04 92 83 01 60","telbur_contact":"","fax_contact":"","portable_contact":"06 32 84 61 77","email_contact":"closmeygane@orange.fr","siteweb_contact":"https:\/\/www.leshebergementsdesylvie.fr\/","commentaire_contact":"","langue_contact":"","autre_moyen_com":[]},"117884":{"id_contact":"117884","type_contact":"GEST","categorie_contact":"PRESTATAIRE","societe_contact":"","fonction_contact":"","civilite_nom_prenom_contact":"Pellissier Nicole ","adresse1_contact":"le Clos Bertrand","adresse2_contact":"Val d'Allos - le Seignus","adresse3_contact":"","cpostal_contact":"04260","ville_contact":"Le Seignus","teldom_contact":"04 92 83 01 60","telbur_contact":"","fax_contact":"","portable_contact":"06 32 84 61 77","email_contact":"closmeygane@orange.fr","siteweb_contact":"https:\/\/www.leshebergementsdesylvie.fr\/","commentaire_contact":"","langue_contact":"","autre_moyen_com":[]}}},"ZoneGeoLibelle":"Val d\u2019Allos \u2013 Le Seignus","Libelle":"Pellissier Nicole","Nom":"Pellissier Nicole ","Prenom":"","NomPrenom":"Pellissier Nicole  ","CiviliteNomPrenom":"Pellissier Nicole  ","Cle":"G|4678194","PrestataireParent":"","ContexteStat":"PRESTATAIRE-G-4678194","DateModificationIso":"2026-03-29T00:50:00+01:00","Type":"PRESTATAIRE","TypePrestataire":"G","Adresse":{"LigneAdresse1":"","LigneAdresse2":"","LigneAdresse3":"","CodePostal":"","Ville":"","Cedex":"","Etat":"","Pays":""},"Email":"closmeygane@orange.fr","Telephone":"","TelephoneBureau":"","Portable":"06 32 84 61 77","SiteWeb":"https:\/\/www.leshebergementsdesylvie.fr\/","Fax":"","Id":"g-4678194","Code":"G|4678194","Fichier":[],"Url":"","Localisation":{"GoogleMap":{"Latitude":"","Longitude":""}},"ZoneGeo":"FRPA04VAV1500","Criteres":{"GINFADH[GMONT":"80","GINFADH[GCOMM":"prochains classement en 2017","GTIMMO[GPARTI":"","P.GLOC[G15":"","P.6241[126905":"","P.6241[5740912":"","P.3218[311229":"","P.3220[587401":"","P.3220[5575332":"","P.3233[591419":"","P.3221[4876304":"","P.3219[5127066":"","P.3219[5239406":"","P.3240[5778284":"","P.3230[6139211":"","P.VilleSitra[37281":"","P.VillageDeDepart[37281":""},"DateFinPublication":"","AffichageCoordonnees":[]},"listeCriteres":{"DISPONIBILITES":{"DISPORELANCE":"","PLANNINGACT":""},"GPREST":{"GLOCAS":"","GCOU":""},"GCAPACITE":{"6PERS":""},"NBPERS":{"GCAP06":""},"GLABEL":{"GCLEVA":""},"GLOGEM":{"GAPPMA":""},"GCHAR":{"GCHARN":""},"GEQUIC":{"GFOUR":"","GLAVEV":"","GMICRO":"","GREFIG":""},"GEQUIS":{"G1CHEM":"","GCHSAT":"","GTELEV":""},"GSALLE":{"GDOUCH":"","GWCIND":""},"G1EQUI":{"GLOCSK":"","GLOVEL":""},"GACTIV":{"GINTER":""},"GPARKI":{"GPARKE":""},"GANIMA":{"GANIMA":""},"GFAMPLUS":{"GMICRO":"","GCHAISEHAUT":"","GJEUXINT":""},"PUBLICATION":{"VALDALLOS":"","VERDONTOURISME":""},"AFFGTYPE":{"APPART":""},"GNOMBRE":{"6PERS":""},"AFFEQUIP":{"WIFI":"","ANIMAUX":"","PARKING":"","LAVEVAIS":"","LAVELINGEAFF":"","POELE":""},"GLOC":{"G14":""},"LOCVERDON":{"1559":""},"AFFPRES":{"AFFP3":""},"VISIBWEB":{"PLANNINGVISIBLE":""},"113":{"1593":""},"127":{"606":""},"122":{"4063":""},"services":{"687":""},"prestations":{"animauxAcceptes":"","surchargeTourismesAdaptes":"","surchargeDescriptifHandicapMoteur":"","surchargeDescriptifHandicapAuditif":"","surchargeDescriptifHandicapVisuel":"","surchargeDescriptifHandicapMental":"","surchargeNombreFauteuilsRoulants":""},"72":{"797":"","842":"","963":""},"69":{"838":"","1015":""},"71":{"877":"","987":""},"70":{"895":"","907":"","919":"","922":"","943":"","950":"","999":""},"73":{"902":"","973":""},"languesParlees":{"1197":""},"environnements":{"185":""},"tourismeAffaires":{"tourismeAffairesEnabled":"","devise":"EUR"},"hebergementLocatifType":{"2620":""},"informationsHebergementLocatif":{"dateClassement":"2023-05-11"},"classementPrefectoral":{"2629":""},"5403":{"1613":""},"capacite":{"capaciteHebergement":"6","capaciteMaximumPossible":"6","surface":"70","nombreChambres":"2","numeroEtage":"1"},"CINTSITRA":{"5660":"","8809":""},"6241":{"126905":"","5740912":""},"3218":{"311229":""},"3220":{"587401":"","5575332":""},"3233":{"591419":""},"3221":{"4876304":""},"3219":{"5127127":"","5239406":"","6436838":""},"3240":{"5778284":""},"6242":{"5843488":""},"3230":{"6139211":""},"VilleSitra":{"1559":""},"VillageDeDepart":{"1559":""},"GINFADH":{"GMONT":"80","GCOMM":"prochains classement en 2017"},"GTIMMO":{"GPARTI":""},"P.GLOC":{"G15":""},"P.6241":{"126905":"","5740912":""},"P.3218":{"311229":""},"P.3220":{"587401":"","5575332":""},"P.3233":{"591419":""},"P.3221":{"4876304":""},"P.3219":{"5127066":"","5239406":""},"P.3240":{"5778284":""},"P.3230":{"6139211":""},"P.VilleSitra":{"37281":""},"P.VillageDeDepart":{"37281":""}},"dansCarnetVoyage":true,"Ouverture":"","WidgetDispoRechercheDate":false,"WidgetDispoVoirLienVoirToutesDispos":true,"ChargerWidgetDispoAuClic":true,"WidgetDispo":"\u003Cspan\u003E\u003C\/span\u003E","JsOnClickBtnDispo":"\u003Cscript\u003E\n                try{\n                    WidgetDispos.addChargementAuClicBtnDispoAccordeon('PRESTATION-G-4678194-4691330',{tabParamsWidgetDispo : {\"id\":\"G|4678194|4691330\",\"origineListeInfo\":\"\",\"vue\":\"semaineLigne\",\"mode\":\"ajax\",\"url_fiche\":\"appartamento-in-casa-3-stelle-val-dallos-le-seignus-val-dallos-le-village.html\",\"id_form_contact\":\"42\",\"version\":\"2\",\"parametersWidgetV2\":{\"el\":\"blocDispo-PRESTATION-G-4678194-4691330\",\"object\":{\"code\":\"G|4678194|4691330\"},\"cid\":\"8\",\"site\":{\"code\":\"SITE2018\",\"url\":\"https:\\\/\\\/it.valdallos.com\"},\"slider\":{\"controls\":{\"arrows\":{\"enable\":true,\"showLocked\":true,\"style\":\"button\"}}},\"booking\":{\"enable\":false,\"waitForWindowLoad\":false,\"parameters\":{\"idWidget\":\"blocResa-PRESTATION-G-4678194-4691330\",\"queryParams\":null,\"withoutForm\":true}},\"options\":{\"typeDate\":\"SS\",\"elReferer\":\"PRESTATION-G-4678194-4691330\",\"ingContext\":\"RESA\",\"urlFiche\":\"appartamento-in-casa-3-stelle-val-dallos-le-seignus-val-dallos-le-village.html\",\"startDate\":null,\"templates\":{\"Week\":\"semaine\",\"Days\":\"mois\"},\"plugContactForm\":\"42\"}}},idBloc : \"blocDispo-PRESTATION-G-4678194-4691330\",prestation : \"G|4678194|4691330\"});\n                }\n                catch(e) {\n                    \/\/console.log(e);\n                }\u003C\/script\u003E"},"html":" \n \u003Cdiv id=\"CV-PRESTATION-G-4678194-4691330\" data-contexte-id=\"PRESTATION|G|4678194|4691330\" data-cle=\"G|4678194|4691330\" class=\"fiche-liste\"\u003E\n    \n\n    \u003C!-- partie photo --\u003E\n    \u003Cdiv class=\"photo\"\u003E\t\t\t\t\t\t\t\t\t\t\t\t\t\t\t\t\t\t\t\t\t\n        \u003Cdiv class=\"cadre_photo_principale\"\u003E\t\t\n        \n            \t\t\t\t\t\n                    \u003Ca href=\"appartamento-in-casa-3-stelle-val-dallos-le-seignus-val-dallos-le-village.html?origine=carnet#media\"\u003E\n                        \u003Cimg class=\"photo_principale\" alt=\"Salon d'appartement avec table \u00e0 manger, ameublement et int\u00e9rieur bois\" src=\"https:\/\/www.valdallos.com\/medias\/images\/prestations\/multitailles\/320x240_79264-salon_1.jpg\" itemprop=\"image\"\u003E\n                    \u003C\/a\u003E\t\t\t\t\t\t\n                \n                    \u003C\/div\u003E\t\t\t\t\t\t\t\t\t\t\t\t\t\t\t\t\t\t\t \t\t\n    \u003C\/div\u003E\n    \n    \u003C!-- partie nom prest --\u003E\n    \u003Cdiv class=\"nom\"\u003E\n        \u003Ch2\u003EPellissier Nicole 6P village\u003C\/h2\u003E\n        \n            \u003C\/div\u003E\n\n         \n    \u003C!-- partie adresse --\u003E\n    \u003Cdiv class=\"adresse\"\u003E\n    \n          \n    \u003C\/div\u003E\n    \n    \u003C!-- partie liens --\u003E\n    \u003Cdiv class=\"liens\"\u003E\n            \u003Ca class=\"btn-icon btn-view \" title=\"Vedi il file dettagliato\" href=\"appartamento-in-casa-3-stelle-val-dallos-le-seignus-val-dallos-le-village.html?origine=carnet\"\u003E\u003C\/a\u003E\u003C!--\u003Ca class=\"btn-icon btn-view \" title=\"\" href=\"?origine=carnet#thaut\"\u003E\u003C\/a\u003E--\u003E\n      \u003Ca class=\"btn-icon btn-trash carnet_voyage_supprimer\" title=\"Elimina questo file dal mio diario di viaggio\" href=\"carnet-voyage?action=remove&fiche=G|4678194|4691330\"\u003E\u003C\/a\u003E\n    \u003C\/div\u003E\n\n\u003C\/div\u003E\n\n","icon":"https:\/\/static.ingenie.fr\/images\/carnetVoyageV3\/G.png"},"fiche":"G|4678194|4691330","popup":"\u003Cdiv id=\"bloc_popup_ajout_fiche_carnet\"\u003E\n    \u003Cdiv class=\"info_popup_ajout_fiche_carnet\"\u003E\n        Hai appena aggiunto questo elemento alla tua selezione:    \u003C\/div\u003E\n    \u003Cdiv class=\"prest_popup_ajout_fiche_carnet\"\u003E\n        Pellissier Nicole 6P village    \u003C\/div\u003E\n    \u003Cdiv class=\"bloc_btn_ajout_fiche_carnet form_submit_div\"\u003E\n        \u003Cinput type=\"button\" value=\"Continua la mia selezione\" title=\"Continua la mia selezione\" name=\"btn_close\" class=\"btn_close_popup_carnet form_submit\" onclick=\"$.colorbox.close()\" \/\u003E\n        \u003Cinput type=\"button\" value=\"Visualizza la mia selezione\" title=\"Visualizza la mia selezione\" name=\"btn_panier\" class=\"btn_panier_popup_carnet form_submit\" onclick=\"if(typeof CarnetVoyage != 'undefined') {CarnetVoyage.voirCarnet();}\" \/\u003E\n    \u003C\/div\u003E\n    \u003Cdiv class=\"bloc_btn_ajout_fiche_carnet\"\u003E\n        \u003Cinput type=\"checkbox\" value=\"1\" name=\"desactiver_popup\" id=\"desactiver_popup\" \/\u003E\n        \u003Clabel for=\"desactiver_popup\"\u003ENon visualizzare pi\u00f9 questo messaggio\u003C\/label\u003E\n    \u003C\/div\u003E\n\u003C\/div\u003E","success":1}