{"nbFiches":1,"dataPrest":{"infoPrest":{"pave1":{"libelle":"Descriptif","contenu":"","fichiers":[]},"pave2":{"libelle":"Indirizzo","contenu":"","fichiers":[]},"pave3":{"libelle":"Tarifs Hiver","contenu":"","fichiers":[]},"pave4":{"libelle":"Tarifs Et\u00e9","contenu":"","fichiers":[]},"pave5":{"libelle":"URL de la r\u00e9servation ou vente en ligne","contenu":"","fichiers":[]},"pave6":{"libelle":"Descriptif court","contenu":"Appartamento tutto attrezzato in uno chalet, con un giardino","fichiers":[]},"pave7":{"libelle":"Descriptif d\u00e9taill\u00e9","contenu":"","fichiers":[]},"pave8":{"libelle":"Bons plans","contenu":"","fichiers":[]},"pave9":{"libelle":"Compl\u00e9ment localisation","contenu":"","fichiers":[]},"pave10":{"libelle":"Compl\u00e9ment accueil","contenu":"","fichiers":[]},"pave11":{"libelle":"P\u00e9riodes en clair","contenu":"","fichiers":[]},"pave12":{"libelle":"Tarifs en clair","contenu":"","fichiers":[]},"pave13":{"libelle":"Compl\u00e9ment Tarifs","contenu":"","fichiers":[]},"pave14":{"libelle":"Compl\u00e9ment R\u00e9servation","contenu":"","fichiers":[]},"pave15":{"libelle":"Descriptif court","contenu":"","fichiers":[]},"pave16":{"libelle":"Descriptif d\u00e9taill\u00e9","contenu":"","fichiers":[]},"pave17":{"libelle":"Bons plans","contenu":"","fichiers":[]},"pave18":{"libelle":"Tarifs (Tarifs en clair, Compl\u00e9ment Tarifs)","contenu":"","fichiers":[]},"pave19":{"libelle":"P\u00e9riodes en clair","contenu":"","fichiers":[]},"pave20":{"libelle":"Descriptif court","contenu":"","fichiers":[]},"pave21":{"libelle":"Descriptif d\u00e9taill\u00e9","contenu":"","fichiers":[]},"pave22":{"libelle":"Bons plans","contenu":"","fichiers":[]},"pave23":{"libelle":"Tarifs (Tarifs en clair, Compl\u00e9ment Tarifs)","contenu":"","fichiers":[]},"pave24":{"libelle":"P\u00e9riodes en clair","contenu":"","fichiers":[]},"pave25":{"libelle":"Dispositions sp\u00e9ciales","contenu":"","fichiers":[]},"Libelle":"Dubois - Sicard Monique","Reference":"","Reftar":"","Type":"PRESTATION","TypePrestataire":"G","ContexteStat":"PRESTATION-G-4678221-4691460","DateModificationIso":"2026-04-27T13:44:00+02:00","Adresse":{"LigneAdresse1":"Les auches","LigneAdresse2":"Val d'Allos - le village","LigneAdresse3":"","CodePostal":"04260","Ville":"Allos","Cedex":"","Etat":"","Pays":"FRA"},"Id":"g-4678221-4691460","Code":"G|4678221|4691460","Cle":"G|4678221|4691460","Url":"appartamento-in-chalet-2-stelle-haut-verdon-val-dallos-le-village.html","Localisation":{"GoogleMap":{"Latitude":"44.24568","Longitude":"6.61988"}},"ZoneGeo":"","Criteres":{"DISPONIBILITES[DISPORELANCE":"","GPREST[GLOCAS":"","GCAPACITE[6PERS":"","NBPERS[GCAP06":"","GLABEL[GCLEVA":"","GLOGEM[GAPPCH":"","GCHAR[GCHARN":"","GEQUIC[GFONDU":"","GEQUIC[GFOUR":"","GEQUIC[GLAVEV":"","GEQUIC[GMICRO":"","GEQUIC[GRACLE":"","GEQUIC[GREFIG":"","GEQUIS[GLECTE":"","GEQUIS[GTELEV":"","GSALLE[GBAIGN":"","GSALLE[GWCIND":"","G1EQUI[GBARBE":"","G1EQUI[GLOCSK":"","G1EQUI[GMOBIL":"","GACTIV[GINTER":"","GPARKI[GPARKE":"","GFAMPLUS[GMICRO":"","GFAMPLUS[GBIB":"","GFAMPLUS[GCHAISEHAUT":"","GFAMPLUS[GREHAU":"","GFAMPLUS[GPOT":"","GFAMPLUS[GREDUCWC":"","GFAMPLUS[GBAIGN":"","GFAMPLUS[GJEUXINT":"","GFAMPLUS[GJEUXEXT":"","GFAMPLUS[GLITBEBE":"","GFAMPLUS[GMATE":"","GFAMPLUS[GPORTBE":"","GFAMPLUS[GOFFRE":"Pr\u00eat de luge, porte b\u00e9b\u00e9, raquettes et confiture maison","PUBLICATION[VALDALLOS":"","PUBLICATION[VERDONTOURISME":"","AFFGTYPE[APPART":"","GNOMBRE[6PERS":"","AFFEQUIP[WIFI":"","AFFEQUIP[PARKING":"","AFFEQUIP[LAVEVAIS":"","AFFEQUIP[LAVELINGEAFF":"","GLOC[G14":"","LOCVERDON[1559":"","22[672":"","22[723":"","122[803":"","122[4054":"","122[4055":"","122[4063":"","126[972":"","prestations[surchargeTourismesAdaptes":"","prestations[surchargeDescriptifHandicapMoteur":"","prestations[surchargeDescriptifHandicapAuditif":"","prestations[surchargeDescriptifHandicapVisuel":"","prestations[surchargeDescriptifHandicapMental":"","prestations[surchargeNombreFauteuilsRoulants":"","73[796":"","73[973":"","69[838":"","69[904":"","69[5669":"","72[842":"","72[963":"","72[998":"","70[895":"","70[907":"","70[919":"","70[922":"","70[943":"","70[946":"","70[999":"","71[986":"","languesParlees[1197":"","6528[169":"","environnements[176":"","modesPaiement[1271":"","tourismeAffaires[tourismeAffairesEnabled":"","tourismeAffaires[devise":"EUR","hebergementLocatifType[2620":"","informationsHebergementLocatif[dateClassement":"2025-09-24","classementPrefectoral[2628":"","5403[1613":"","capacite[capaciteHebergement":"6","capacite[capaciteMaximumPossible":"6","capacite[surface":"49","capacite[nombreChambres":"2","capacite[numeroEtage":"RDC","CINTSITRA[5660":"","CINTSITRA[8809":"","6241[126905":"","6241[5740912":"","3218[311229":"","3220[587401":"","3220[5575332":"","3233[591419":"","3221[4876304":"","3219[5127127":"","3219[5239406":"","3219[6436838":"","3240[5778284":"","6242[5843488":"","3230[6139211":"","VilleSitra[1559":"","VillageDeDepart[1559":""},"ContactsParType":{"IWEB":{"116858":{"id_contact":"116858","type_contact":"IWEB","categorie_contact":"PRESTATION","societe_contact":"","fonction_contact":"","civilite_nom_prenom_contact":"Dubois - Sicard Monique  ","adresse1_contact":"","adresse2_contact":"","adresse3_contact":"","cpostal_contact":"","ville_contact":"","teldom_contact":"04 92 83 04 81","telbur_contact":"","fax_contact":"","portable_contact":"06 76 57 60 69","email_contact":"claudesicard492@gmail.com","siteweb_contact":"","commentaire_contact":"","langue_contact":"","autre_moyen_com":[]}},"":{"116859":{"id_contact":"116859","type_contact":"","categorie_contact":"PRESTATION","societe_contact":"","fonction_contact":"","civilite_nom_prenom_contact":"MRM Sicard Monique et Claude ","adresse1_contact":"","adresse2_contact":"","adresse3_contact":"","cpostal_contact":"","ville_contact":"","teldom_contact":"","telbur_contact":"","fax_contact":"","portable_contact":"","email_contact":"","siteweb_contact":"","commentaire_contact":"","langue_contact":"","autre_moyen_com":[]}}},"ContactRemplaceCoordonnees":"116858","Prestataire":{"pave1":{"libelle":"","contenu":""},"pave2":{"libelle":"","contenu":""},"pave3":{"libelle":"","contenu":""},"pave4":{"libelle":"","contenu":""},"pave5":{"libelle":"","contenu":""},"pave6":{"libelle":"","contenu":""},"pave7":{"libelle":"","contenu":""},"pave8":{"libelle":"","contenu":""},"pave9":{"libelle":"","contenu":""},"pave10":{"libelle":"","contenu":""},"pave11":{"libelle":"","contenu":""},"pave12":{"libelle":"","contenu":""},"pave13":{"libelle":"","contenu":""},"pave14":{"libelle":"","contenu":""},"pave15":{"libelle":"","contenu":""},"pave16":{"libelle":"","contenu":""},"pave17":{"libelle":"","contenu":""},"pave18":{"libelle":"","contenu":""},"pave19":{"libelle":"","contenu":""},"pave20":{"libelle":"","contenu":""},"pave21":{"libelle":"","contenu":""},"pave22":{"libelle":"","contenu":""},"pave23":{"libelle":"","contenu":""},"pave24":{"libelle":"","contenu":""},"pave25":{"libelle":"","contenu":""},"ContactsParType":{"GEST":{"110807":{"id_contact":"110807","type_contact":"GEST","categorie_contact":"PRESTATAIRE","societe_contact":"","fonction_contact":"","civilite_nom_prenom_contact":"Dubois - Sicard Monique ","adresse1_contact":"les auches 1","adresse2_contact":"le cimet","adresse3_contact":"Val d'Allos - le village","cpostal_contact":"04260","ville_contact":"Allos","teldom_contact":"04 92 83 04 81","telbur_contact":"","fax_contact":"","portable_contact":"06 76 57 60 69","email_contact":"claudesicard492@gmail.com","siteweb_contact":"","commentaire_contact":"","langue_contact":"","autre_moyen_com":[]}}},"ZoneGeoLibelle":"Haut-Verdon","Libelle":"Dubois - Sicard Monique","Nom":"Dubois - Sicard Monique ","Prenom":"","NomPrenom":"Dubois - Sicard Monique  ","CiviliteNomPrenom":"Dubois - Sicard Monique  ","Cle":"G|4678221","PrestataireParent":"","ContexteStat":"PRESTATAIRE-G-4678221","DateModificationIso":"2025-11-12T11:02:00+01:00","Type":"PRESTATAIRE","TypePrestataire":"G","Adresse":{"LigneAdresse1":"","LigneAdresse2":"","LigneAdresse3":"","CodePostal":"","Ville":"","Cedex":"","Etat":"","Pays":""},"Email":"claudesicard492@gmail.com","Telephone":"04 92 83 04 81","TelephoneBureau":"","Portable":"06 76 57 60 69","SiteWeb":"","Fax":"","Id":"g-4678221","Code":"G|4678221","Fichier":[],"Url":"","Localisation":{"GoogleMap":{"Latitude":"","Longitude":""}},"ZoneGeo":"FRPA04VAHVERD","Criteres":{"GINFADH[GMONT":"80","GINFADH[GCOMM":"prochain classement novembre 2020","GTIMMO[GPARTI":"","P.GLOC[G14":"","P.6241[126905":"","P.6241[5740912":"","P.3218[311229":"","P.3220[587401":"","P.3220[5575332":"","P.3233[591419":"","P.3221[4876304":"","P.3219[5127127":"","P.3219[5239406":"","P.3219[6436838":"","P.3240[5778284":"","P.6242[5843488":"","P.3230[6139211":"","P.VilleSitra[1559":"","P.VillageDeDepart[1559":""},"DateFinPublication":""},"Fichier":{"Image":[{"url":"https:\/\/www.valdallos.com\/medias\/images\/prestations\/78888-sicard_2023_1.jpg","chemin":"..\/medias\/images\/prestations\/78888-sicard_2023_1.jpg","libelle":"Vue de face de maison en pierre et bois sur trois \u00e9tages, cour int\u00e9rieure bitum\u00e9e, arbre en fleurs","extension":"jpg","categorie":"","largeur":2048,"theme":"ETE","hauteur":1536,"type":"Image","origine":"","liaisonPave":"","langue":"","id":"78888","urlVignette":"https:\/\/www.valdallos.com\/medias\/images\/prestations\/v-78888-sicard_2023_1.jpg","alt":"Vue de face de maison en pierre et bois sur trois \u00e9tages, cour int\u00e9rieure bitum\u00e9e, arbre en fleurs","title":"Vue de face de maison en pierre et bois sur trois \u00e9tages, cour int\u00e9rieure bitum\u00e9e, arbre en fleurs","MultiTaille":{"1920x1440":{"url":"https:\/\/www.valdallos.com\/medias\/images\/prestations\/multitailles\/1920x1440_78888-sicard_2023_1.jpg"},"1200x900":{"url":"https:\/\/www.valdallos.com\/medias\/images\/prestations\/multitailles\/1200x900_78888-sicard_2023_1.jpg"},"800x600":{"url":"https:\/\/www.valdallos.com\/medias\/images\/prestations\/multitailles\/800x600_78888-sicard_2023_1.jpg"},"640x480":{"url":"https:\/\/www.valdallos.com\/medias\/images\/prestations\/multitailles\/640x480_78888-sicard_2023_1.jpg"},"320x240":{"url":"https:\/\/www.valdallos.com\/medias\/images\/prestations\/multitailles\/320x240_78888-sicard_2023_1.jpg"},"160x120":{"url":"https:\/\/www.valdallos.com\/medias\/images\/prestations\/multitailles\/160x120_78888-sicard_2023_1.jpg"},"origine":{"url":"https:\/\/www.valdallos.com\/medias\/images\/prestations\/78888-sicard_2023_1.jpg"}},"urlLien":"","typeLien":"","nofollow":"N","copyright":"Dubois Sicard M"},{"url":"https:\/\/www.valdallos.com\/medias\/images\/prestations\/78890-sicard_ete.jpg","chemin":"..\/medias\/images\/prestations\/78890-sicard_ete.jpg","libelle":"Vue de c\u00f4t\u00e9 d'une maison sur 3 \u00e9tages  en bois et pierre avec balcons m\u00e9talliques, petite cour int\u00e9rieur, abri de jardin, paysage printanier","extension":"jpg","categorie":"","largeur":450,"theme":"ETE","hauteur":600,"type":"Image","origine":"","liaisonPave":"","langue":"","id":"78890","urlVignette":"https:\/\/www.valdallos.com\/medias\/images\/prestations\/v-78890-sicard_ete.jpg","alt":"Vue de c\u00f4t\u00e9 d'une maison sur 3 \u00e9tages  en bois et pierre avec balcons m\u00e9talliques, petite cour int\u00e9rieur, abri de jardin, paysage printanier","title":"Vue de c\u00f4t\u00e9 d'une maison sur 3 \u00e9tages  en bois et pierre avec balcons m\u00e9talliques, petite cour int\u00e9rieur, abri de jardin, paysage printanier","MultiTaille":{"1920x1440":{"url":"https:\/\/www.valdallos.com\/medias\/images\/prestations\/multitailles\/1920x1440_78890-sicard_ete.jpg"},"1200x900":{"url":"https:\/\/www.valdallos.com\/medias\/images\/prestations\/multitailles\/1200x900_78890-sicard_ete.jpg"},"800x600":{"url":"https:\/\/www.valdallos.com\/medias\/images\/prestations\/multitailles\/800x600_78890-sicard_ete.jpg"},"640x480":{"url":"https:\/\/www.valdallos.com\/medias\/images\/prestations\/multitailles\/640x480_78890-sicard_ete.jpg"},"320x240":{"url":"https:\/\/www.valdallos.com\/medias\/images\/prestations\/multitailles\/320x240_78890-sicard_ete.jpg"},"160x120":{"url":"https:\/\/www.valdallos.com\/medias\/images\/prestations\/multitailles\/160x120_78890-sicard_ete.jpg"},"origine":{"url":"https:\/\/www.valdallos.com\/medias\/images\/prestations\/78890-sicard_ete.jpg"}},"urlLien":"","typeLien":"","nofollow":"N","copyright":"M Dubois - Sicard"},{"url":"https:\/\/www.valdallos.com\/medias\/images\/prestations\/78891-dsc04304_1.jpg","chemin":"..\/medias\/images\/prestations\/78891-dsc04304_1.jpg","libelle":"Coin cuisine avec ameublement bois, plaques de gaz, four, micro-ondes, carrelage mural","extension":"jpg","categorie":"","largeur":800,"theme":"","hauteur":600,"type":"Image","origine":"","liaisonPave":"","langue":"","id":"78891","urlVignette":"https:\/\/www.valdallos.com\/medias\/images\/prestations\/v-78891-dsc04304_1.jpg","alt":"Coin cuisine avec ameublement bois, plaques de gaz, four, micro-ondes, carrelage mural","title":"Coin cuisine avec ameublement bois, plaques de gaz, four, micro-ondes, carrelage mural","MultiTaille":{"1920x1440":{"url":"https:\/\/www.valdallos.com\/medias\/images\/prestations\/multitailles\/1920x1440_78891-dsc04304_1.jpg"},"1200x900":{"url":"https:\/\/www.valdallos.com\/medias\/images\/prestations\/multitailles\/1200x900_78891-dsc04304_1.jpg"},"800x600":{"url":"https:\/\/www.valdallos.com\/medias\/images\/prestations\/multitailles\/800x600_78891-dsc04304_1.jpg"},"640x480":{"url":"https:\/\/www.valdallos.com\/medias\/images\/prestations\/multitailles\/640x480_78891-dsc04304_1.jpg"},"320x240":{"url":"https:\/\/www.valdallos.com\/medias\/images\/prestations\/multitailles\/320x240_78891-dsc04304_1.jpg"},"160x120":{"url":"https:\/\/www.valdallos.com\/medias\/images\/prestations\/multitailles\/160x120_78891-dsc04304_1.jpg"},"origine":{"url":"https:\/\/www.valdallos.com\/medias\/images\/prestations\/78891-dsc04304_1.jpg"}},"urlLien":"","typeLien":"","nofollow":"N","copyright":"M Dubois - Sicard"},{"url":"https:\/\/www.valdallos.com\/medias\/images\/prestations\/78892-sicard_sejour_2014.jpg","chemin":"..\/medias\/images\/prestations\/78892-sicard_sejour_2014.jpg","libelle":"S\u00e9jour avec ameublement en bois, table \u00e0 manger, espace de rangement, TV, carrelage au sol","extension":"jpg","categorie":"","largeur":600,"theme":"","hauteur":800,"type":"Image","origine":"","liaisonPave":"","langue":"","id":"78892","urlVignette":"https:\/\/www.valdallos.com\/medias\/images\/prestations\/v-78892-sicard_sejour_2014.jpg","alt":"S\u00e9jour avec ameublement en bois, table \u00e0 manger, espace de rangement, TV, carrelage au sol","title":"S\u00e9jour avec ameublement en bois, table \u00e0 manger, espace de rangement, TV, carrelage au sol","MultiTaille":{"1920x1440":{"url":"https:\/\/www.valdallos.com\/medias\/images\/prestations\/multitailles\/1920x1440_78892-sicard_sejour_2014.jpg"},"1200x900":{"url":"https:\/\/www.valdallos.com\/medias\/images\/prestations\/multitailles\/1200x900_78892-sicard_sejour_2014.jpg"},"800x600":{"url":"https:\/\/www.valdallos.com\/medias\/images\/prestations\/multitailles\/800x600_78892-sicard_sejour_2014.jpg"},"640x480":{"url":"https:\/\/www.valdallos.com\/medias\/images\/prestations\/multitailles\/640x480_78892-sicard_sejour_2014.jpg"},"320x240":{"url":"https:\/\/www.valdallos.com\/medias\/images\/prestations\/multitailles\/320x240_78892-sicard_sejour_2014.jpg"},"160x120":{"url":"https:\/\/www.valdallos.com\/medias\/images\/prestations\/multitailles\/160x120_78892-sicard_sejour_2014.jpg"},"origine":{"url":"https:\/\/www.valdallos.com\/medias\/images\/prestations\/78892-sicard_sejour_2014.jpg"}},"urlLien":"","typeLien":"","nofollow":"N","copyright":"M Dubois - Sicard"},{"url":"https:\/\/www.valdallos.com\/medias\/images\/prestations\/78893-sicard_chambre2_2014.jpg","chemin":"..\/medias\/images\/prestations\/78893-sicard_chambre2_2014.jpg","libelle":"Chambre d'enfants avec ameublement en bois et lambris, lits superpos\u00e9s et lit simple","extension":"jpg","categorie":"","largeur":600,"theme":"","hauteur":800,"type":"Image","origine":"","liaisonPave":"","langue":"","id":"78893","urlVignette":"https:\/\/www.valdallos.com\/medias\/images\/prestations\/v-78893-sicard_chambre2_2014.jpg","alt":"Chambre d'enfants avec ameublement en bois et lambris, lits superpos\u00e9s et lit simple","title":"Chambre d'enfants avec ameublement en bois et lambris, lits superpos\u00e9s et lit simple","MultiTaille":{"1920x1440":{"url":"https:\/\/www.valdallos.com\/medias\/images\/prestations\/multitailles\/1920x1440_78893-sicard_chambre2_2014.jpg"},"1200x900":{"url":"https:\/\/www.valdallos.com\/medias\/images\/prestations\/multitailles\/1200x900_78893-sicard_chambre2_2014.jpg"},"800x600":{"url":"https:\/\/www.valdallos.com\/medias\/images\/prestations\/multitailles\/800x600_78893-sicard_chambre2_2014.jpg"},"640x480":{"url":"https:\/\/www.valdallos.com\/medias\/images\/prestations\/multitailles\/640x480_78893-sicard_chambre2_2014.jpg"},"320x240":{"url":"https:\/\/www.valdallos.com\/medias\/images\/prestations\/multitailles\/320x240_78893-sicard_chambre2_2014.jpg"},"160x120":{"url":"https:\/\/www.valdallos.com\/medias\/images\/prestations\/multitailles\/160x120_78893-sicard_chambre2_2014.jpg"},"origine":{"url":"https:\/\/www.valdallos.com\/medias\/images\/prestations\/78893-sicard_chambre2_2014.jpg"}},"urlLien":"","typeLien":"","nofollow":"N","copyright":"M Dubois - Sicard"},{"url":"https:\/\/www.valdallos.com\/medias\/images\/prestations\/78894-sicard_famille_plus.jpg","chemin":"..\/medias\/images\/prestations\/78894-sicard_famille_plus.jpg","libelle":"Chambre d'enfants lumineuse avec ameublement en bois et lambris, vue sur lit simple et lit \u00e0 barreaux pour b\u00e9b\u00e9, fen\u00eatre et rideaux","extension":"jpg","categorie":"","largeur":600,"theme":"","hauteur":450,"type":"Image","origine":"","liaisonPave":"","langue":"","id":"78894","urlVignette":"https:\/\/www.valdallos.com\/medias\/images\/prestations\/v-78894-sicard_famille_plus.jpg","alt":"Chambre d'enfants lumineuse avec ameublement en bois et lambris, vue sur lit simple et lit \u00e0 barreaux pour b\u00e9b\u00e9, fen\u00eatre et rideaux","title":"Chambre d'enfants lumineuse avec ameublement en bois et lambris, vue sur lit simple et lit \u00e0 barreaux pour b\u00e9b\u00e9, fen\u00eatre et rideaux","MultiTaille":{"1920x1440":{"url":"https:\/\/www.valdallos.com\/medias\/images\/prestations\/multitailles\/1920x1440_78894-sicard_famille_plus.jpg"},"1200x900":{"url":"https:\/\/www.valdallos.com\/medias\/images\/prestations\/multitailles\/1200x900_78894-sicard_famille_plus.jpg"},"800x600":{"url":"https:\/\/www.valdallos.com\/medias\/images\/prestations\/multitailles\/800x600_78894-sicard_famille_plus.jpg"},"640x480":{"url":"https:\/\/www.valdallos.com\/medias\/images\/prestations\/multitailles\/640x480_78894-sicard_famille_plus.jpg"},"320x240":{"url":"https:\/\/www.valdallos.com\/medias\/images\/prestations\/multitailles\/320x240_78894-sicard_famille_plus.jpg"},"160x120":{"url":"https:\/\/www.valdallos.com\/medias\/images\/prestations\/multitailles\/160x120_78894-sicard_famille_plus.jpg"},"origine":{"url":"https:\/\/www.valdallos.com\/medias\/images\/prestations\/78894-sicard_famille_plus.jpg"}},"urlLien":"","typeLien":"","nofollow":"N","copyright":"M Dubois - Sicard"},{"url":"https:\/\/www.valdallos.com\/medias\/images\/prestations\/78895-sicard_4.jpg","chemin":"..\/medias\/images\/prestations\/78895-sicard_4.jpg","libelle":"Vue sur un coin de chambre \u00e0 coucher lumineuse, ameublement en bois, lambris, lit double, TV et fen\u00eatre","extension":"jpg","categorie":"","largeur":600,"theme":"","hauteur":800,"type":"Image","origine":"","liaisonPave":"","langue":"","id":"78895","urlVignette":"https:\/\/www.valdallos.com\/medias\/images\/prestations\/v-78895-sicard_4.jpg","alt":"Vue sur un coin de chambre \u00e0 coucher lumineuse, ameublement en bois, lambris, lit double, TV et fen\u00eatre","title":"Vue sur un coin de chambre \u00e0 coucher lumineuse, ameublement en bois, lambris, lit double, TV et fen\u00eatre","MultiTaille":{"1920x1440":{"url":"https:\/\/www.valdallos.com\/medias\/images\/prestations\/multitailles\/1920x1440_78895-sicard_4.jpg"},"1200x900":{"url":"https:\/\/www.valdallos.com\/medias\/images\/prestations\/multitailles\/1200x900_78895-sicard_4.jpg"},"800x600":{"url":"https:\/\/www.valdallos.com\/medias\/images\/prestations\/multitailles\/800x600_78895-sicard_4.jpg"},"640x480":{"url":"https:\/\/www.valdallos.com\/medias\/images\/prestations\/multitailles\/640x480_78895-sicard_4.jpg"},"320x240":{"url":"https:\/\/www.valdallos.com\/medias\/images\/prestations\/multitailles\/320x240_78895-sicard_4.jpg"},"160x120":{"url":"https:\/\/www.valdallos.com\/medias\/images\/prestations\/multitailles\/160x120_78895-sicard_4.jpg"},"origine":{"url":"https:\/\/www.valdallos.com\/medias\/images\/prestations\/78895-sicard_4.jpg"}},"urlLien":"","typeLien":"","nofollow":"N","copyright":"M Dubois - Sicard"},{"url":"https:\/\/www.valdallos.com\/medias\/images\/prestations\/78896-sicard_maison_2014.jpg","chemin":"..\/medias\/images\/prestations\/78896-sicard_maison_2014.jpg","libelle":"Vue d'une maison en pierre et bois sur trois \u00e9tages, balcon m\u00e9tallique, cour int\u00e9rieure, abri de jardin, v\u00e9g\u00e9tation","extension":"jpg","categorie":"","largeur":800,"theme":"ETE","hauteur":600,"type":"Image","origine":"","liaisonPave":"","langue":"","id":"78896","urlVignette":"https:\/\/www.valdallos.com\/medias\/images\/prestations\/v-78896-sicard_maison_2014.jpg","alt":"Vue d'une maison en pierre et bois sur trois \u00e9tages, balcon m\u00e9tallique, cour int\u00e9rieure, abri de jardin, v\u00e9g\u00e9tation","title":"Vue d'une maison en pierre et bois sur trois \u00e9tages, balcon m\u00e9tallique, cour int\u00e9rieure, abri de jardin, v\u00e9g\u00e9tation","MultiTaille":{"1920x1440":{"url":"https:\/\/www.valdallos.com\/medias\/images\/prestations\/multitailles\/1920x1440_78896-sicard_maison_2014.jpg"},"1200x900":{"url":"https:\/\/www.valdallos.com\/medias\/images\/prestations\/multitailles\/1200x900_78896-sicard_maison_2014.jpg"},"800x600":{"url":"https:\/\/www.valdallos.com\/medias\/images\/prestations\/multitailles\/800x600_78896-sicard_maison_2014.jpg"},"640x480":{"url":"https:\/\/www.valdallos.com\/medias\/images\/prestations\/multitailles\/640x480_78896-sicard_maison_2014.jpg"},"320x240":{"url":"https:\/\/www.valdallos.com\/medias\/images\/prestations\/multitailles\/320x240_78896-sicard_maison_2014.jpg"},"160x120":{"url":"https:\/\/www.valdallos.com\/medias\/images\/prestations\/multitailles\/160x120_78896-sicard_maison_2014.jpg"},"origine":{"url":"https:\/\/www.valdallos.com\/medias\/images\/prestations\/78896-sicard_maison_2014.jpg"}},"urlLien":"","typeLien":"","nofollow":"N","copyright":"M Dubois - Sicard"},{"url":"https:\/\/www.valdallos.com\/medias\/images\/prestations\/78897-sicard_jeux.jpg","chemin":"..\/medias\/images\/prestations\/78897-sicard_jeux.jpg","libelle":"Jardin avec balan\u00e7oires pour enfants, pelouse","extension":"jpg","categorie":"","largeur":1200,"theme":"","hauteur":900,"type":"Image","origine":"","liaisonPave":"","langue":"","id":"78897","urlVignette":"https:\/\/www.valdallos.com\/medias\/images\/prestations\/v-78897-sicard_jeux.jpg","alt":"Jardin avec balan\u00e7oires pour enfants, pelouse","title":"Jardin avec balan\u00e7oires pour enfants, pelouse","MultiTaille":{"1920x1440":{"url":"https:\/\/www.valdallos.com\/medias\/images\/prestations\/multitailles\/1920x1440_78897-sicard_jeux.jpg"},"1200x900":{"url":"https:\/\/www.valdallos.com\/medias\/images\/prestations\/multitailles\/1200x900_78897-sicard_jeux.jpg"},"800x600":{"url":"https:\/\/www.valdallos.com\/medias\/images\/prestations\/multitailles\/800x600_78897-sicard_jeux.jpg"},"640x480":{"url":"https:\/\/www.valdallos.com\/medias\/images\/prestations\/multitailles\/640x480_78897-sicard_jeux.jpg"},"320x240":{"url":"https:\/\/www.valdallos.com\/medias\/images\/prestations\/multitailles\/320x240_78897-sicard_jeux.jpg"},"160x120":{"url":"https:\/\/www.valdallos.com\/medias\/images\/prestations\/multitailles\/160x120_78897-sicard_jeux.jpg"},"origine":{"url":"https:\/\/www.valdallos.com\/medias\/images\/prestations\/78897-sicard_jeux.jpg"}},"urlLien":"","typeLien":"","nofollow":"N","copyright":"M Dubois - Sicard"},{"url":"https:\/\/www.valdallos.com\/medias\/images\/prestations\/78898-sicard_barbecue.jpg","chemin":"..\/medias\/images\/prestations\/78898-sicard_barbecue.jpg","libelle":"Abri de jardin en bois avec stock de bois, chemin\u00e9e d'ext\u00e9rieur en pierre pour barbecue, chaises pliantes","extension":"jpg","categorie":"","largeur":1200,"theme":"","hauteur":900,"type":"Image","origine":"","liaisonPave":"","langue":"","id":"78898","urlVignette":"https:\/\/www.valdallos.com\/medias\/images\/prestations\/v-78898-sicard_barbecue.jpg","alt":"Abri de jardin en bois avec stock de bois, chemin\u00e9e d'ext\u00e9rieur en pierre pour barbecue, chaises pliantes","title":"Abri de jardin en bois avec stock de bois, chemin\u00e9e d'ext\u00e9rieur en pierre pour barbecue, chaises pliantes","MultiTaille":{"1920x1440":{"url":"https:\/\/www.valdallos.com\/medias\/images\/prestations\/multitailles\/1920x1440_78898-sicard_barbecue.jpg"},"1200x900":{"url":"https:\/\/www.valdallos.com\/medias\/images\/prestations\/multitailles\/1200x900_78898-sicard_barbecue.jpg"},"800x600":{"url":"https:\/\/www.valdallos.com\/medias\/images\/prestations\/multitailles\/800x600_78898-sicard_barbecue.jpg"},"640x480":{"url":"https:\/\/www.valdallos.com\/medias\/images\/prestations\/multitailles\/640x480_78898-sicard_barbecue.jpg"},"320x240":{"url":"https:\/\/www.valdallos.com\/medias\/images\/prestations\/multitailles\/320x240_78898-sicard_barbecue.jpg"},"160x120":{"url":"https:\/\/www.valdallos.com\/medias\/images\/prestations\/multitailles\/160x120_78898-sicard_barbecue.jpg"},"origine":{"url":"https:\/\/www.valdallos.com\/medias\/images\/prestations\/78898-sicard_barbecue.jpg"}},"urlLien":"","typeLien":"","nofollow":"N","copyright":"M Dubois - Sicard"},{"url":"https:\/\/www.valdallos.com\/medias\/images\/prestations\/78899-sicard8.jpg","chemin":"..\/medias\/images\/prestations\/78899-sicard8.jpg","libelle":"Terrasse ext\u00e9rieure d'une maison en pierre, table d'ext\u00e9rieur, porte-fen\u00eatre","extension":"jpg","categorie":"","largeur":1200,"theme":"","hauteur":900,"type":"Image","origine":"","liaisonPave":"","langue":"","id":"78899","urlVignette":"https:\/\/www.valdallos.com\/medias\/images\/prestations\/v-78899-sicard8.jpg","alt":"Terrasse ext\u00e9rieure d'une maison en pierre, table d'ext\u00e9rieur, porte-fen\u00eatre","title":"Terrasse ext\u00e9rieure d'une maison en pierre, table d'ext\u00e9rieur, porte-fen\u00eatre","MultiTaille":{"1920x1440":{"url":"https:\/\/www.valdallos.com\/medias\/images\/prestations\/multitailles\/1920x1440_78899-sicard8.jpg"},"1200x900":{"url":"https:\/\/www.valdallos.com\/medias\/images\/prestations\/multitailles\/1200x900_78899-sicard8.jpg"},"800x600":{"url":"https:\/\/www.valdallos.com\/medias\/images\/prestations\/multitailles\/800x600_78899-sicard8.jpg"},"640x480":{"url":"https:\/\/www.valdallos.com\/medias\/images\/prestations\/multitailles\/640x480_78899-sicard8.jpg"},"320x240":{"url":"https:\/\/www.valdallos.com\/medias\/images\/prestations\/multitailles\/320x240_78899-sicard8.jpg"},"160x120":{"url":"https:\/\/www.valdallos.com\/medias\/images\/prestations\/multitailles\/160x120_78899-sicard8.jpg"},"origine":{"url":"https:\/\/www.valdallos.com\/medias\/images\/prestations\/78899-sicard8.jpg"}},"urlLien":"","typeLien":"","nofollow":"N","copyright":"M Dubois - Sicard"},{"url":"https:\/\/www.valdallos.com\/medias\/images\/prestations\/78900-sicard9.jpg","chemin":"..\/medias\/images\/prestations\/78900-sicard9.jpg","libelle":"Vue d'une terrasse ext\u00e9rieure, stock de bois, abri de jardin avec chemin\u00e9e d'ext\u00e9rieur pour barbecue, poussette b\u00e9b\u00e9, table d'ext\u00e9rieur","extension":"jpg","categorie":"","largeur":900,"theme":"","hauteur":1200,"type":"Image","origine":"","liaisonPave":"","langue":"","id":"78900","urlVignette":"https:\/\/www.valdallos.com\/medias\/images\/prestations\/v-78900-sicard9.jpg","alt":"Vue d'une terrasse ext\u00e9rieure, stock de bois, abri de jardin avec chemin\u00e9e d'ext\u00e9rieur pour barbecue, poussette b\u00e9b\u00e9, table d'ext\u00e9rieur","title":"Vue d'une terrasse ext\u00e9rieure, stock de bois, abri de jardin avec chemin\u00e9e d'ext\u00e9rieur pour barbecue, poussette b\u00e9b\u00e9, table d'ext\u00e9rieur","MultiTaille":{"1920x1440":{"url":"https:\/\/www.valdallos.com\/medias\/images\/prestations\/multitailles\/1920x1440_78900-sicard9.jpg"},"1200x900":{"url":"https:\/\/www.valdallos.com\/medias\/images\/prestations\/multitailles\/1200x900_78900-sicard9.jpg"},"800x600":{"url":"https:\/\/www.valdallos.com\/medias\/images\/prestations\/multitailles\/800x600_78900-sicard9.jpg"},"640x480":{"url":"https:\/\/www.valdallos.com\/medias\/images\/prestations\/multitailles\/640x480_78900-sicard9.jpg"},"320x240":{"url":"https:\/\/www.valdallos.com\/medias\/images\/prestations\/multitailles\/320x240_78900-sicard9.jpg"},"160x120":{"url":"https:\/\/www.valdallos.com\/medias\/images\/prestations\/multitailles\/160x120_78900-sicard9.jpg"},"origine":{"url":"https:\/\/www.valdallos.com\/medias\/images\/prestations\/78900-sicard9.jpg"}},"urlLien":"","typeLien":"","nofollow":"N","copyright":"M Dubois - Sicard"},{"url":"https:\/\/www.valdallos.com\/medias\/images\/prestations\/78901-sicard10.jpg","chemin":"..\/medias\/images\/prestations\/78901-sicard10.jpg","libelle":"Terrasse d'ext\u00e9rieur d'une maison en pierre, palissade en bois, table d'ext\u00e9rieur, paysage automnal","extension":"jpg","categorie":"","largeur":900,"theme":"","hauteur":1200,"type":"Image","origine":"","liaisonPave":"","langue":"","id":"78901","urlVignette":"https:\/\/www.valdallos.com\/medias\/images\/prestations\/v-78901-sicard10.jpg","alt":"Terrasse d'ext\u00e9rieur d'une maison en pierre, palissade en bois, table d'ext\u00e9rieur, paysage automnal","title":"Terrasse d'ext\u00e9rieur d'une maison en pierre, palissade en bois, table d'ext\u00e9rieur, paysage automnal","MultiTaille":{"1920x1440":{"url":"https:\/\/www.valdallos.com\/medias\/images\/prestations\/multitailles\/1920x1440_78901-sicard10.jpg"},"1200x900":{"url":"https:\/\/www.valdallos.com\/medias\/images\/prestations\/multitailles\/1200x900_78901-sicard10.jpg"},"800x600":{"url":"https:\/\/www.valdallos.com\/medias\/images\/prestations\/multitailles\/800x600_78901-sicard10.jpg"},"640x480":{"url":"https:\/\/www.valdallos.com\/medias\/images\/prestations\/multitailles\/640x480_78901-sicard10.jpg"},"320x240":{"url":"https:\/\/www.valdallos.com\/medias\/images\/prestations\/multitailles\/320x240_78901-sicard10.jpg"},"160x120":{"url":"https:\/\/www.valdallos.com\/medias\/images\/prestations\/multitailles\/160x120_78901-sicard10.jpg"},"origine":{"url":"https:\/\/www.valdallos.com\/medias\/images\/prestations\/78901-sicard10.jpg"}},"urlLien":"","typeLien":"","nofollow":"N","copyright":"M Dubois - Sicard"},{"url":"https:\/\/www.valdallos.com\/medias\/images\/prestations\/78903-baignoiredsc04310.jpg","chemin":"..\/medias\/images\/prestations\/78903-baignoiredsc04310.jpg","libelle":"Salle de bains carrel\u00e9e avec baignoire","extension":"jpg","categorie":"","largeur":1200,"theme":"","hauteur":900,"type":"Image","origine":"","liaisonPave":"","langue":"","id":"78903","urlVignette":"https:\/\/www.valdallos.com\/medias\/images\/prestations\/v-78903-baignoiredsc04310.jpg","alt":"Salle de bains carrel\u00e9e avec baignoire","title":"Salle de bains carrel\u00e9e avec baignoire","MultiTaille":{"1920x1440":{"url":"https:\/\/www.valdallos.com\/medias\/images\/prestations\/multitailles\/1920x1440_78903-baignoiredsc04310.jpg"},"1200x900":{"url":"https:\/\/www.valdallos.com\/medias\/images\/prestations\/multitailles\/1200x900_78903-baignoiredsc04310.jpg"},"800x600":{"url":"https:\/\/www.valdallos.com\/medias\/images\/prestations\/multitailles\/800x600_78903-baignoiredsc04310.jpg"},"640x480":{"url":"https:\/\/www.valdallos.com\/medias\/images\/prestations\/multitailles\/640x480_78903-baignoiredsc04310.jpg"},"320x240":{"url":"https:\/\/www.valdallos.com\/medias\/images\/prestations\/multitailles\/320x240_78903-baignoiredsc04310.jpg"},"160x120":{"url":"https:\/\/www.valdallos.com\/medias\/images\/prestations\/multitailles\/160x120_78903-baignoiredsc04310.jpg"},"origine":{"url":"https:\/\/www.valdallos.com\/medias\/images\/prestations\/78903-baignoiredsc04310.jpg"}},"urlLien":"","typeLien":"","nofollow":"N","copyright":"M Dubois - Sicard"},{"url":"https:\/\/www.valdallos.com\/medias\/images\/prestations\/78904-sicard12.jpg","chemin":"..\/medias\/images\/prestations\/78904-sicard12.jpg","libelle":"Coin de salle de bains avec toilettes et machine \u00e0 laver, mur et sol carrel\u00e9s","extension":"jpg","categorie":"","largeur":1200,"theme":"","hauteur":900,"type":"Image","origine":"","liaisonPave":"","langue":"","id":"78904","urlVignette":"https:\/\/www.valdallos.com\/medias\/images\/prestations\/v-78904-sicard12.jpg","alt":"Coin de salle de bains avec toilettes et machine \u00e0 laver, mur et sol carrel\u00e9s","title":"Coin de salle de bains avec toilettes et machine \u00e0 laver, mur et sol carrel\u00e9s","MultiTaille":{"1920x1440":{"url":"https:\/\/www.valdallos.com\/medias\/images\/prestations\/multitailles\/1920x1440_78904-sicard12.jpg"},"1200x900":{"url":"https:\/\/www.valdallos.com\/medias\/images\/prestations\/multitailles\/1200x900_78904-sicard12.jpg"},"800x600":{"url":"https:\/\/www.valdallos.com\/medias\/images\/prestations\/multitailles\/800x600_78904-sicard12.jpg"},"640x480":{"url":"https:\/\/www.valdallos.com\/medias\/images\/prestations\/multitailles\/640x480_78904-sicard12.jpg"},"320x240":{"url":"https:\/\/www.valdallos.com\/medias\/images\/prestations\/multitailles\/320x240_78904-sicard12.jpg"},"160x120":{"url":"https:\/\/www.valdallos.com\/medias\/images\/prestations\/multitailles\/160x120_78904-sicard12.jpg"},"origine":{"url":"https:\/\/www.valdallos.com\/medias\/images\/prestations\/78904-sicard12.jpg"}},"urlLien":"","typeLien":"","nofollow":"N","copyright":"M Dubois - Sicard"},{"url":"https:\/\/www.valdallos.com\/medias\/images\/prestations\/78905-sicard11.jpg","chemin":"..\/medias\/images\/prestations\/78905-sicard11.jpg","libelle":"Coin de salle de bains avec \u00e9vier, miroir, mur et sol carrel\u00e9s","extension":"jpg","categorie":"","largeur":900,"theme":"","hauteur":1200,"type":"Image","origine":"","liaisonPave":"","langue":"","id":"78905","urlVignette":"https:\/\/www.valdallos.com\/medias\/images\/prestations\/v-78905-sicard11.jpg","alt":"Coin de salle de bains avec \u00e9vier, miroir, mur et sol carrel\u00e9s","title":"Coin de salle de bains avec \u00e9vier, miroir, mur et sol carrel\u00e9s","MultiTaille":{"1920x1440":{"url":"https:\/\/www.valdallos.com\/medias\/images\/prestations\/multitailles\/1920x1440_78905-sicard11.jpg"},"1200x900":{"url":"https:\/\/www.valdallos.com\/medias\/images\/prestations\/multitailles\/1200x900_78905-sicard11.jpg"},"800x600":{"url":"https:\/\/www.valdallos.com\/medias\/images\/prestations\/multitailles\/800x600_78905-sicard11.jpg"},"640x480":{"url":"https:\/\/www.valdallos.com\/medias\/images\/prestations\/multitailles\/640x480_78905-sicard11.jpg"},"320x240":{"url":"https:\/\/www.valdallos.com\/medias\/images\/prestations\/multitailles\/320x240_78905-sicard11.jpg"},"160x120":{"url":"https:\/\/www.valdallos.com\/medias\/images\/prestations\/multitailles\/160x120_78905-sicard11.jpg"},"origine":{"url":"https:\/\/www.valdallos.com\/medias\/images\/prestations\/78905-sicard11.jpg"}},"urlLien":"","typeLien":"","nofollow":"N","copyright":"M Dubois - Sicard"},{"url":"https:\/\/www.valdallos.com\/medias\/images\/prestations\/78906-dsc04660.jpg","chemin":"..\/medias\/images\/prestations\/78906-dsc04660.jpg","libelle":"Chambre \u00e0 coucher lumineuse avec lit double, ameublement bois et lambris, fen\u00eatre et rideaux","extension":"jpg","categorie":"","largeur":1920,"theme":"","hauteur":1440,"type":"Image","origine":"","liaisonPave":"","langue":"","id":"78906","urlVignette":"https:\/\/www.valdallos.com\/medias\/images\/prestations\/v-78906-dsc04660.jpg","alt":"Chambre \u00e0 coucher lumineuse avec lit double, ameublement bois et lambris, fen\u00eatre et rideaux","title":"Chambre \u00e0 coucher lumineuse avec lit double, ameublement bois et lambris, fen\u00eatre et rideaux","MultiTaille":{"1920x1440":{"url":"https:\/\/www.valdallos.com\/medias\/images\/prestations\/multitailles\/1920x1440_78906-dsc04660.jpg"},"1200x900":{"url":"https:\/\/www.valdallos.com\/medias\/images\/prestations\/multitailles\/1200x900_78906-dsc04660.jpg"},"800x600":{"url":"https:\/\/www.valdallos.com\/medias\/images\/prestations\/multitailles\/800x600_78906-dsc04660.jpg"},"640x480":{"url":"https:\/\/www.valdallos.com\/medias\/images\/prestations\/multitailles\/640x480_78906-dsc04660.jpg"},"320x240":{"url":"https:\/\/www.valdallos.com\/medias\/images\/prestations\/multitailles\/320x240_78906-dsc04660.jpg"},"160x120":{"url":"https:\/\/www.valdallos.com\/medias\/images\/prestations\/multitailles\/160x120_78906-dsc04660.jpg"},"origine":{"url":"https:\/\/www.valdallos.com\/medias\/images\/prestations\/78906-dsc04660.jpg"}},"urlLien":"","typeLien":"","nofollow":"N","copyright":"M Dubois Sicard"},{"url":"https:\/\/www.valdallos.com\/medias\/images\/prestations\/78889-sicard_2023_1.jpg","chemin":"..\/medias\/images\/prestations\/78889-sicard_2023_1.jpg","libelle":"Vue de derri\u00e8re d'une maison \u00e0 3 \u00e9tages en bois et pierre, balcons m\u00e9talliques et paysage enneig\u00e9","extension":"jpg","categorie":"","largeur":1200,"theme":"HIVER","hauteur":900,"type":"Image","origine":"","liaisonPave":"","langue":"","id":"78889","urlVignette":"https:\/\/www.valdallos.com\/medias\/images\/prestations\/v-78889-sicard_2023_1.jpg","alt":"Vue de derri\u00e8re d'une maison \u00e0 3 \u00e9tages en bois et pierre, balcons m\u00e9talliques et paysage enneig\u00e9","title":"Vue de derri\u00e8re d'une maison \u00e0 3 \u00e9tages en bois et pierre, balcons m\u00e9talliques et paysage enneig\u00e9","MultiTaille":{"1920x1440":{"url":"https:\/\/www.valdallos.com\/medias\/images\/prestations\/multitailles\/1920x1440_78889-sicard_2023_1.jpg"},"1200x900":{"url":"https:\/\/www.valdallos.com\/medias\/images\/prestations\/multitailles\/1200x900_78889-sicard_2023_1.jpg"},"800x600":{"url":"https:\/\/www.valdallos.com\/medias\/images\/prestations\/multitailles\/800x600_78889-sicard_2023_1.jpg"},"640x480":{"url":"https:\/\/www.valdallos.com\/medias\/images\/prestations\/multitailles\/640x480_78889-sicard_2023_1.jpg"},"320x240":{"url":"https:\/\/www.valdallos.com\/medias\/images\/prestations\/multitailles\/320x240_78889-sicard_2023_1.jpg"},"160x120":{"url":"https:\/\/www.valdallos.com\/medias\/images\/prestations\/multitailles\/160x120_78889-sicard_2023_1.jpg"},"origine":{"url":"https:\/\/www.valdallos.com\/medias\/images\/prestations\/78889-sicard_2023_1.jpg"}},"urlLien":"","typeLien":"","nofollow":"N","copyright":"Dubois Sicard M"},{"url":"https:\/\/www.valdallos.com\/medias\/images\/prestations\/78902-sicard_hiver2.jpg","chemin":"..\/medias\/images\/prestations\/78902-sicard_hiver2.jpg","libelle":"Vue de c\u00f4t\u00e9 d'une maison en pierre et bois \u00e0 trois \u00e9tages, balcons m\u00e9talliques, paysage hivernal enneig\u00e9","extension":"jpg","categorie":"","largeur":1200,"theme":"HIVER","hauteur":900,"type":"Image","origine":"","liaisonPave":"","langue":"","id":"78902","urlVignette":"https:\/\/www.valdallos.com\/medias\/images\/prestations\/v-78902-sicard_hiver2.jpg","alt":"Vue de c\u00f4t\u00e9 d'une maison en pierre et bois \u00e0 trois \u00e9tages, balcons m\u00e9talliques, paysage hivernal enneig\u00e9","title":"Vue de c\u00f4t\u00e9 d'une maison en pierre et bois \u00e0 trois \u00e9tages, balcons m\u00e9talliques, paysage hivernal enneig\u00e9","MultiTaille":{"1920x1440":{"url":"https:\/\/www.valdallos.com\/medias\/images\/prestations\/multitailles\/1920x1440_78902-sicard_hiver2.jpg"},"1200x900":{"url":"https:\/\/www.valdallos.com\/medias\/images\/prestations\/multitailles\/1200x900_78902-sicard_hiver2.jpg"},"800x600":{"url":"https:\/\/www.valdallos.com\/medias\/images\/prestations\/multitailles\/800x600_78902-sicard_hiver2.jpg"},"640x480":{"url":"https:\/\/www.valdallos.com\/medias\/images\/prestations\/multitailles\/640x480_78902-sicard_hiver2.jpg"},"320x240":{"url":"https:\/\/www.valdallos.com\/medias\/images\/prestations\/multitailles\/320x240_78902-sicard_hiver2.jpg"},"160x120":{"url":"https:\/\/www.valdallos.com\/medias\/images\/prestations\/multitailles\/160x120_78902-sicard_hiver2.jpg"},"origine":{"url":"https:\/\/www.valdallos.com\/medias\/images\/prestations\/78902-sicard_hiver2.jpg"}},"urlLien":"","typeLien":"","nofollow":"N","copyright":"M Dubois - Sicard"}],"ByCategorie":{"":[{"url":"https:\/\/www.valdallos.com\/medias\/images\/prestations\/78888-sicard_2023_1.jpg","chemin":"..\/medias\/images\/prestations\/78888-sicard_2023_1.jpg","libelle":"Vue de face de maison en pierre et bois sur trois \u00e9tages, cour int\u00e9rieure bitum\u00e9e, arbre en fleurs","extension":"jpg","categorie":"","largeur":2048,"theme":"ETE","hauteur":1536,"type":"Image","origine":"","liaisonPave":"","langue":"","id":"78888","urlVignette":"https:\/\/www.valdallos.com\/medias\/images\/prestations\/v-78888-sicard_2023_1.jpg","alt":"Vue de face de maison en pierre et bois sur trois \u00e9tages, cour int\u00e9rieure bitum\u00e9e, arbre en fleurs","title":"Vue de face de maison en pierre et bois sur trois \u00e9tages, cour int\u00e9rieure bitum\u00e9e, arbre en fleurs","MultiTaille":{"1920x1440":{"url":"https:\/\/www.valdallos.com\/medias\/images\/prestations\/multitailles\/1920x1440_78888-sicard_2023_1.jpg"},"1200x900":{"url":"https:\/\/www.valdallos.com\/medias\/images\/prestations\/multitailles\/1200x900_78888-sicard_2023_1.jpg"},"800x600":{"url":"https:\/\/www.valdallos.com\/medias\/images\/prestations\/multitailles\/800x600_78888-sicard_2023_1.jpg"},"640x480":{"url":"https:\/\/www.valdallos.com\/medias\/images\/prestations\/multitailles\/640x480_78888-sicard_2023_1.jpg"},"320x240":{"url":"https:\/\/www.valdallos.com\/medias\/images\/prestations\/multitailles\/320x240_78888-sicard_2023_1.jpg"},"160x120":{"url":"https:\/\/www.valdallos.com\/medias\/images\/prestations\/multitailles\/160x120_78888-sicard_2023_1.jpg"},"origine":{"url":"https:\/\/www.valdallos.com\/medias\/images\/prestations\/78888-sicard_2023_1.jpg"}},"urlLien":"","typeLien":"","nofollow":"N","copyright":"Dubois Sicard M"},{"url":"https:\/\/www.valdallos.com\/medias\/images\/prestations\/78890-sicard_ete.jpg","chemin":"..\/medias\/images\/prestations\/78890-sicard_ete.jpg","libelle":"Vue de c\u00f4t\u00e9 d'une maison sur 3 \u00e9tages  en bois et pierre avec balcons m\u00e9talliques, petite cour int\u00e9rieur, abri de jardin, paysage printanier","extension":"jpg","categorie":"","largeur":450,"theme":"ETE","hauteur":600,"type":"Image","origine":"","liaisonPave":"","langue":"","id":"78890","urlVignette":"https:\/\/www.valdallos.com\/medias\/images\/prestations\/v-78890-sicard_ete.jpg","alt":"Vue de c\u00f4t\u00e9 d'une maison sur 3 \u00e9tages  en bois et pierre avec balcons m\u00e9talliques, petite cour int\u00e9rieur, abri de jardin, paysage printanier","title":"Vue de c\u00f4t\u00e9 d'une maison sur 3 \u00e9tages  en bois et pierre avec balcons m\u00e9talliques, petite cour int\u00e9rieur, abri de jardin, paysage printanier","MultiTaille":{"1920x1440":{"url":"https:\/\/www.valdallos.com\/medias\/images\/prestations\/multitailles\/1920x1440_78890-sicard_ete.jpg"},"1200x900":{"url":"https:\/\/www.valdallos.com\/medias\/images\/prestations\/multitailles\/1200x900_78890-sicard_ete.jpg"},"800x600":{"url":"https:\/\/www.valdallos.com\/medias\/images\/prestations\/multitailles\/800x600_78890-sicard_ete.jpg"},"640x480":{"url":"https:\/\/www.valdallos.com\/medias\/images\/prestations\/multitailles\/640x480_78890-sicard_ete.jpg"},"320x240":{"url":"https:\/\/www.valdallos.com\/medias\/images\/prestations\/multitailles\/320x240_78890-sicard_ete.jpg"},"160x120":{"url":"https:\/\/www.valdallos.com\/medias\/images\/prestations\/multitailles\/160x120_78890-sicard_ete.jpg"},"origine":{"url":"https:\/\/www.valdallos.com\/medias\/images\/prestations\/78890-sicard_ete.jpg"}},"urlLien":"","typeLien":"","nofollow":"N","copyright":"M Dubois - Sicard"},{"url":"https:\/\/www.valdallos.com\/medias\/images\/prestations\/78891-dsc04304_1.jpg","chemin":"..\/medias\/images\/prestations\/78891-dsc04304_1.jpg","libelle":"Coin cuisine avec ameublement bois, plaques de gaz, four, micro-ondes, carrelage mural","extension":"jpg","categorie":"","largeur":800,"theme":"","hauteur":600,"type":"Image","origine":"","liaisonPave":"","langue":"","id":"78891","urlVignette":"https:\/\/www.valdallos.com\/medias\/images\/prestations\/v-78891-dsc04304_1.jpg","alt":"Coin cuisine avec ameublement bois, plaques de gaz, four, micro-ondes, carrelage mural","title":"Coin cuisine avec ameublement bois, plaques de gaz, four, micro-ondes, carrelage mural","MultiTaille":{"1920x1440":{"url":"https:\/\/www.valdallos.com\/medias\/images\/prestations\/multitailles\/1920x1440_78891-dsc04304_1.jpg"},"1200x900":{"url":"https:\/\/www.valdallos.com\/medias\/images\/prestations\/multitailles\/1200x900_78891-dsc04304_1.jpg"},"800x600":{"url":"https:\/\/www.valdallos.com\/medias\/images\/prestations\/multitailles\/800x600_78891-dsc04304_1.jpg"},"640x480":{"url":"https:\/\/www.valdallos.com\/medias\/images\/prestations\/multitailles\/640x480_78891-dsc04304_1.jpg"},"320x240":{"url":"https:\/\/www.valdallos.com\/medias\/images\/prestations\/multitailles\/320x240_78891-dsc04304_1.jpg"},"160x120":{"url":"https:\/\/www.valdallos.com\/medias\/images\/prestations\/multitailles\/160x120_78891-dsc04304_1.jpg"},"origine":{"url":"https:\/\/www.valdallos.com\/medias\/images\/prestations\/78891-dsc04304_1.jpg"}},"urlLien":"","typeLien":"","nofollow":"N","copyright":"M Dubois - Sicard"},{"url":"https:\/\/www.valdallos.com\/medias\/images\/prestations\/78892-sicard_sejour_2014.jpg","chemin":"..\/medias\/images\/prestations\/78892-sicard_sejour_2014.jpg","libelle":"S\u00e9jour avec ameublement en bois, table \u00e0 manger, espace de rangement, TV, carrelage au sol","extension":"jpg","categorie":"","largeur":600,"theme":"","hauteur":800,"type":"Image","origine":"","liaisonPave":"","langue":"","id":"78892","urlVignette":"https:\/\/www.valdallos.com\/medias\/images\/prestations\/v-78892-sicard_sejour_2014.jpg","alt":"S\u00e9jour avec ameublement en bois, table \u00e0 manger, espace de rangement, TV, carrelage au sol","title":"S\u00e9jour avec ameublement en bois, table \u00e0 manger, espace de rangement, TV, carrelage au sol","MultiTaille":{"1920x1440":{"url":"https:\/\/www.valdallos.com\/medias\/images\/prestations\/multitailles\/1920x1440_78892-sicard_sejour_2014.jpg"},"1200x900":{"url":"https:\/\/www.valdallos.com\/medias\/images\/prestations\/multitailles\/1200x900_78892-sicard_sejour_2014.jpg"},"800x600":{"url":"https:\/\/www.valdallos.com\/medias\/images\/prestations\/multitailles\/800x600_78892-sicard_sejour_2014.jpg"},"640x480":{"url":"https:\/\/www.valdallos.com\/medias\/images\/prestations\/multitailles\/640x480_78892-sicard_sejour_2014.jpg"},"320x240":{"url":"https:\/\/www.valdallos.com\/medias\/images\/prestations\/multitailles\/320x240_78892-sicard_sejour_2014.jpg"},"160x120":{"url":"https:\/\/www.valdallos.com\/medias\/images\/prestations\/multitailles\/160x120_78892-sicard_sejour_2014.jpg"},"origine":{"url":"https:\/\/www.valdallos.com\/medias\/images\/prestations\/78892-sicard_sejour_2014.jpg"}},"urlLien":"","typeLien":"","nofollow":"N","copyright":"M Dubois - Sicard"},{"url":"https:\/\/www.valdallos.com\/medias\/images\/prestations\/78893-sicard_chambre2_2014.jpg","chemin":"..\/medias\/images\/prestations\/78893-sicard_chambre2_2014.jpg","libelle":"Chambre d'enfants avec ameublement en bois et lambris, lits superpos\u00e9s et lit simple","extension":"jpg","categorie":"","largeur":600,"theme":"","hauteur":800,"type":"Image","origine":"","liaisonPave":"","langue":"","id":"78893","urlVignette":"https:\/\/www.valdallos.com\/medias\/images\/prestations\/v-78893-sicard_chambre2_2014.jpg","alt":"Chambre d'enfants avec ameublement en bois et lambris, lits superpos\u00e9s et lit simple","title":"Chambre d'enfants avec ameublement en bois et lambris, lits superpos\u00e9s et lit simple","MultiTaille":{"1920x1440":{"url":"https:\/\/www.valdallos.com\/medias\/images\/prestations\/multitailles\/1920x1440_78893-sicard_chambre2_2014.jpg"},"1200x900":{"url":"https:\/\/www.valdallos.com\/medias\/images\/prestations\/multitailles\/1200x900_78893-sicard_chambre2_2014.jpg"},"800x600":{"url":"https:\/\/www.valdallos.com\/medias\/images\/prestations\/multitailles\/800x600_78893-sicard_chambre2_2014.jpg"},"640x480":{"url":"https:\/\/www.valdallos.com\/medias\/images\/prestations\/multitailles\/640x480_78893-sicard_chambre2_2014.jpg"},"320x240":{"url":"https:\/\/www.valdallos.com\/medias\/images\/prestations\/multitailles\/320x240_78893-sicard_chambre2_2014.jpg"},"160x120":{"url":"https:\/\/www.valdallos.com\/medias\/images\/prestations\/multitailles\/160x120_78893-sicard_chambre2_2014.jpg"},"origine":{"url":"https:\/\/www.valdallos.com\/medias\/images\/prestations\/78893-sicard_chambre2_2014.jpg"}},"urlLien":"","typeLien":"","nofollow":"N","copyright":"M Dubois - Sicard"},{"url":"https:\/\/www.valdallos.com\/medias\/images\/prestations\/78894-sicard_famille_plus.jpg","chemin":"..\/medias\/images\/prestations\/78894-sicard_famille_plus.jpg","libelle":"Chambre d'enfants lumineuse avec ameublement en bois et lambris, vue sur lit simple et lit \u00e0 barreaux pour b\u00e9b\u00e9, fen\u00eatre et rideaux","extension":"jpg","categorie":"","largeur":600,"theme":"","hauteur":450,"type":"Image","origine":"","liaisonPave":"","langue":"","id":"78894","urlVignette":"https:\/\/www.valdallos.com\/medias\/images\/prestations\/v-78894-sicard_famille_plus.jpg","alt":"Chambre d'enfants lumineuse avec ameublement en bois et lambris, vue sur lit simple et lit \u00e0 barreaux pour b\u00e9b\u00e9, fen\u00eatre et rideaux","title":"Chambre d'enfants lumineuse avec ameublement en bois et lambris, vue sur lit simple et lit \u00e0 barreaux pour b\u00e9b\u00e9, fen\u00eatre et rideaux","MultiTaille":{"1920x1440":{"url":"https:\/\/www.valdallos.com\/medias\/images\/prestations\/multitailles\/1920x1440_78894-sicard_famille_plus.jpg"},"1200x900":{"url":"https:\/\/www.valdallos.com\/medias\/images\/prestations\/multitailles\/1200x900_78894-sicard_famille_plus.jpg"},"800x600":{"url":"https:\/\/www.valdallos.com\/medias\/images\/prestations\/multitailles\/800x600_78894-sicard_famille_plus.jpg"},"640x480":{"url":"https:\/\/www.valdallos.com\/medias\/images\/prestations\/multitailles\/640x480_78894-sicard_famille_plus.jpg"},"320x240":{"url":"https:\/\/www.valdallos.com\/medias\/images\/prestations\/multitailles\/320x240_78894-sicard_famille_plus.jpg"},"160x120":{"url":"https:\/\/www.valdallos.com\/medias\/images\/prestations\/multitailles\/160x120_78894-sicard_famille_plus.jpg"},"origine":{"url":"https:\/\/www.valdallos.com\/medias\/images\/prestations\/78894-sicard_famille_plus.jpg"}},"urlLien":"","typeLien":"","nofollow":"N","copyright":"M Dubois - Sicard"},{"url":"https:\/\/www.valdallos.com\/medias\/images\/prestations\/78895-sicard_4.jpg","chemin":"..\/medias\/images\/prestations\/78895-sicard_4.jpg","libelle":"Vue sur un coin de chambre \u00e0 coucher lumineuse, ameublement en bois, lambris, lit double, TV et fen\u00eatre","extension":"jpg","categorie":"","largeur":600,"theme":"","hauteur":800,"type":"Image","origine":"","liaisonPave":"","langue":"","id":"78895","urlVignette":"https:\/\/www.valdallos.com\/medias\/images\/prestations\/v-78895-sicard_4.jpg","alt":"Vue sur un coin de chambre \u00e0 coucher lumineuse, ameublement en bois, lambris, lit double, TV et fen\u00eatre","title":"Vue sur un coin de chambre \u00e0 coucher lumineuse, ameublement en bois, lambris, lit double, TV et fen\u00eatre","MultiTaille":{"1920x1440":{"url":"https:\/\/www.valdallos.com\/medias\/images\/prestations\/multitailles\/1920x1440_78895-sicard_4.jpg"},"1200x900":{"url":"https:\/\/www.valdallos.com\/medias\/images\/prestations\/multitailles\/1200x900_78895-sicard_4.jpg"},"800x600":{"url":"https:\/\/www.valdallos.com\/medias\/images\/prestations\/multitailles\/800x600_78895-sicard_4.jpg"},"640x480":{"url":"https:\/\/www.valdallos.com\/medias\/images\/prestations\/multitailles\/640x480_78895-sicard_4.jpg"},"320x240":{"url":"https:\/\/www.valdallos.com\/medias\/images\/prestations\/multitailles\/320x240_78895-sicard_4.jpg"},"160x120":{"url":"https:\/\/www.valdallos.com\/medias\/images\/prestations\/multitailles\/160x120_78895-sicard_4.jpg"},"origine":{"url":"https:\/\/www.valdallos.com\/medias\/images\/prestations\/78895-sicard_4.jpg"}},"urlLien":"","typeLien":"","nofollow":"N","copyright":"M Dubois - Sicard"},{"url":"https:\/\/www.valdallos.com\/medias\/images\/prestations\/78896-sicard_maison_2014.jpg","chemin":"..\/medias\/images\/prestations\/78896-sicard_maison_2014.jpg","libelle":"Vue d'une maison en pierre et bois sur trois \u00e9tages, balcon m\u00e9tallique, cour int\u00e9rieure, abri de jardin, v\u00e9g\u00e9tation","extension":"jpg","categorie":"","largeur":800,"theme":"ETE","hauteur":600,"type":"Image","origine":"","liaisonPave":"","langue":"","id":"78896","urlVignette":"https:\/\/www.valdallos.com\/medias\/images\/prestations\/v-78896-sicard_maison_2014.jpg","alt":"Vue d'une maison en pierre et bois sur trois \u00e9tages, balcon m\u00e9tallique, cour int\u00e9rieure, abri de jardin, v\u00e9g\u00e9tation","title":"Vue d'une maison en pierre et bois sur trois \u00e9tages, balcon m\u00e9tallique, cour int\u00e9rieure, abri de jardin, v\u00e9g\u00e9tation","MultiTaille":{"1920x1440":{"url":"https:\/\/www.valdallos.com\/medias\/images\/prestations\/multitailles\/1920x1440_78896-sicard_maison_2014.jpg"},"1200x900":{"url":"https:\/\/www.valdallos.com\/medias\/images\/prestations\/multitailles\/1200x900_78896-sicard_maison_2014.jpg"},"800x600":{"url":"https:\/\/www.valdallos.com\/medias\/images\/prestations\/multitailles\/800x600_78896-sicard_maison_2014.jpg"},"640x480":{"url":"https:\/\/www.valdallos.com\/medias\/images\/prestations\/multitailles\/640x480_78896-sicard_maison_2014.jpg"},"320x240":{"url":"https:\/\/www.valdallos.com\/medias\/images\/prestations\/multitailles\/320x240_78896-sicard_maison_2014.jpg"},"160x120":{"url":"https:\/\/www.valdallos.com\/medias\/images\/prestations\/multitailles\/160x120_78896-sicard_maison_2014.jpg"},"origine":{"url":"https:\/\/www.valdallos.com\/medias\/images\/prestations\/78896-sicard_maison_2014.jpg"}},"urlLien":"","typeLien":"","nofollow":"N","copyright":"M Dubois - Sicard"},{"url":"https:\/\/www.valdallos.com\/medias\/images\/prestations\/78897-sicard_jeux.jpg","chemin":"..\/medias\/images\/prestations\/78897-sicard_jeux.jpg","libelle":"Jardin avec balan\u00e7oires pour enfants, pelouse","extension":"jpg","categorie":"","largeur":1200,"theme":"","hauteur":900,"type":"Image","origine":"","liaisonPave":"","langue":"","id":"78897","urlVignette":"https:\/\/www.valdallos.com\/medias\/images\/prestations\/v-78897-sicard_jeux.jpg","alt":"Jardin avec balan\u00e7oires pour enfants, pelouse","title":"Jardin avec balan\u00e7oires pour enfants, pelouse","MultiTaille":{"1920x1440":{"url":"https:\/\/www.valdallos.com\/medias\/images\/prestations\/multitailles\/1920x1440_78897-sicard_jeux.jpg"},"1200x900":{"url":"https:\/\/www.valdallos.com\/medias\/images\/prestations\/multitailles\/1200x900_78897-sicard_jeux.jpg"},"800x600":{"url":"https:\/\/www.valdallos.com\/medias\/images\/prestations\/multitailles\/800x600_78897-sicard_jeux.jpg"},"640x480":{"url":"https:\/\/www.valdallos.com\/medias\/images\/prestations\/multitailles\/640x480_78897-sicard_jeux.jpg"},"320x240":{"url":"https:\/\/www.valdallos.com\/medias\/images\/prestations\/multitailles\/320x240_78897-sicard_jeux.jpg"},"160x120":{"url":"https:\/\/www.valdallos.com\/medias\/images\/prestations\/multitailles\/160x120_78897-sicard_jeux.jpg"},"origine":{"url":"https:\/\/www.valdallos.com\/medias\/images\/prestations\/78897-sicard_jeux.jpg"}},"urlLien":"","typeLien":"","nofollow":"N","copyright":"M Dubois - Sicard"},{"url":"https:\/\/www.valdallos.com\/medias\/images\/prestations\/78898-sicard_barbecue.jpg","chemin":"..\/medias\/images\/prestations\/78898-sicard_barbecue.jpg","libelle":"Abri de jardin en bois avec stock de bois, chemin\u00e9e d'ext\u00e9rieur en pierre pour barbecue, chaises pliantes","extension":"jpg","categorie":"","largeur":1200,"theme":"","hauteur":900,"type":"Image","origine":"","liaisonPave":"","langue":"","id":"78898","urlVignette":"https:\/\/www.valdallos.com\/medias\/images\/prestations\/v-78898-sicard_barbecue.jpg","alt":"Abri de jardin en bois avec stock de bois, chemin\u00e9e d'ext\u00e9rieur en pierre pour barbecue, chaises pliantes","title":"Abri de jardin en bois avec stock de bois, chemin\u00e9e d'ext\u00e9rieur en pierre pour barbecue, chaises pliantes","MultiTaille":{"1920x1440":{"url":"https:\/\/www.valdallos.com\/medias\/images\/prestations\/multitailles\/1920x1440_78898-sicard_barbecue.jpg"},"1200x900":{"url":"https:\/\/www.valdallos.com\/medias\/images\/prestations\/multitailles\/1200x900_78898-sicard_barbecue.jpg"},"800x600":{"url":"https:\/\/www.valdallos.com\/medias\/images\/prestations\/multitailles\/800x600_78898-sicard_barbecue.jpg"},"640x480":{"url":"https:\/\/www.valdallos.com\/medias\/images\/prestations\/multitailles\/640x480_78898-sicard_barbecue.jpg"},"320x240":{"url":"https:\/\/www.valdallos.com\/medias\/images\/prestations\/multitailles\/320x240_78898-sicard_barbecue.jpg"},"160x120":{"url":"https:\/\/www.valdallos.com\/medias\/images\/prestations\/multitailles\/160x120_78898-sicard_barbecue.jpg"},"origine":{"url":"https:\/\/www.valdallos.com\/medias\/images\/prestations\/78898-sicard_barbecue.jpg"}},"urlLien":"","typeLien":"","nofollow":"N","copyright":"M Dubois - Sicard"},{"url":"https:\/\/www.valdallos.com\/medias\/images\/prestations\/78899-sicard8.jpg","chemin":"..\/medias\/images\/prestations\/78899-sicard8.jpg","libelle":"Terrasse ext\u00e9rieure d'une maison en pierre, table d'ext\u00e9rieur, porte-fen\u00eatre","extension":"jpg","categorie":"","largeur":1200,"theme":"","hauteur":900,"type":"Image","origine":"","liaisonPave":"","langue":"","id":"78899","urlVignette":"https:\/\/www.valdallos.com\/medias\/images\/prestations\/v-78899-sicard8.jpg","alt":"Terrasse ext\u00e9rieure d'une maison en pierre, table d'ext\u00e9rieur, porte-fen\u00eatre","title":"Terrasse ext\u00e9rieure d'une maison en pierre, table d'ext\u00e9rieur, porte-fen\u00eatre","MultiTaille":{"1920x1440":{"url":"https:\/\/www.valdallos.com\/medias\/images\/prestations\/multitailles\/1920x1440_78899-sicard8.jpg"},"1200x900":{"url":"https:\/\/www.valdallos.com\/medias\/images\/prestations\/multitailles\/1200x900_78899-sicard8.jpg"},"800x600":{"url":"https:\/\/www.valdallos.com\/medias\/images\/prestations\/multitailles\/800x600_78899-sicard8.jpg"},"640x480":{"url":"https:\/\/www.valdallos.com\/medias\/images\/prestations\/multitailles\/640x480_78899-sicard8.jpg"},"320x240":{"url":"https:\/\/www.valdallos.com\/medias\/images\/prestations\/multitailles\/320x240_78899-sicard8.jpg"},"160x120":{"url":"https:\/\/www.valdallos.com\/medias\/images\/prestations\/multitailles\/160x120_78899-sicard8.jpg"},"origine":{"url":"https:\/\/www.valdallos.com\/medias\/images\/prestations\/78899-sicard8.jpg"}},"urlLien":"","typeLien":"","nofollow":"N","copyright":"M Dubois - Sicard"},{"url":"https:\/\/www.valdallos.com\/medias\/images\/prestations\/78900-sicard9.jpg","chemin":"..\/medias\/images\/prestations\/78900-sicard9.jpg","libelle":"Vue d'une terrasse ext\u00e9rieure, stock de bois, abri de jardin avec chemin\u00e9e d'ext\u00e9rieur pour barbecue, poussette b\u00e9b\u00e9, table d'ext\u00e9rieur","extension":"jpg","categorie":"","largeur":900,"theme":"","hauteur":1200,"type":"Image","origine":"","liaisonPave":"","langue":"","id":"78900","urlVignette":"https:\/\/www.valdallos.com\/medias\/images\/prestations\/v-78900-sicard9.jpg","alt":"Vue d'une terrasse ext\u00e9rieure, stock de bois, abri de jardin avec chemin\u00e9e d'ext\u00e9rieur pour barbecue, poussette b\u00e9b\u00e9, table d'ext\u00e9rieur","title":"Vue d'une terrasse ext\u00e9rieure, stock de bois, abri de jardin avec chemin\u00e9e d'ext\u00e9rieur pour barbecue, poussette b\u00e9b\u00e9, table d'ext\u00e9rieur","MultiTaille":{"1920x1440":{"url":"https:\/\/www.valdallos.com\/medias\/images\/prestations\/multitailles\/1920x1440_78900-sicard9.jpg"},"1200x900":{"url":"https:\/\/www.valdallos.com\/medias\/images\/prestations\/multitailles\/1200x900_78900-sicard9.jpg"},"800x600":{"url":"https:\/\/www.valdallos.com\/medias\/images\/prestations\/multitailles\/800x600_78900-sicard9.jpg"},"640x480":{"url":"https:\/\/www.valdallos.com\/medias\/images\/prestations\/multitailles\/640x480_78900-sicard9.jpg"},"320x240":{"url":"https:\/\/www.valdallos.com\/medias\/images\/prestations\/multitailles\/320x240_78900-sicard9.jpg"},"160x120":{"url":"https:\/\/www.valdallos.com\/medias\/images\/prestations\/multitailles\/160x120_78900-sicard9.jpg"},"origine":{"url":"https:\/\/www.valdallos.com\/medias\/images\/prestations\/78900-sicard9.jpg"}},"urlLien":"","typeLien":"","nofollow":"N","copyright":"M Dubois - Sicard"},{"url":"https:\/\/www.valdallos.com\/medias\/images\/prestations\/78901-sicard10.jpg","chemin":"..\/medias\/images\/prestations\/78901-sicard10.jpg","libelle":"Terrasse d'ext\u00e9rieur d'une maison en pierre, palissade en bois, table d'ext\u00e9rieur, paysage automnal","extension":"jpg","categorie":"","largeur":900,"theme":"","hauteur":1200,"type":"Image","origine":"","liaisonPave":"","langue":"","id":"78901","urlVignette":"https:\/\/www.valdallos.com\/medias\/images\/prestations\/v-78901-sicard10.jpg","alt":"Terrasse d'ext\u00e9rieur d'une maison en pierre, palissade en bois, table d'ext\u00e9rieur, paysage automnal","title":"Terrasse d'ext\u00e9rieur d'une maison en pierre, palissade en bois, table d'ext\u00e9rieur, paysage automnal","MultiTaille":{"1920x1440":{"url":"https:\/\/www.valdallos.com\/medias\/images\/prestations\/multitailles\/1920x1440_78901-sicard10.jpg"},"1200x900":{"url":"https:\/\/www.valdallos.com\/medias\/images\/prestations\/multitailles\/1200x900_78901-sicard10.jpg"},"800x600":{"url":"https:\/\/www.valdallos.com\/medias\/images\/prestations\/multitailles\/800x600_78901-sicard10.jpg"},"640x480":{"url":"https:\/\/www.valdallos.com\/medias\/images\/prestations\/multitailles\/640x480_78901-sicard10.jpg"},"320x240":{"url":"https:\/\/www.valdallos.com\/medias\/images\/prestations\/multitailles\/320x240_78901-sicard10.jpg"},"160x120":{"url":"https:\/\/www.valdallos.com\/medias\/images\/prestations\/multitailles\/160x120_78901-sicard10.jpg"},"origine":{"url":"https:\/\/www.valdallos.com\/medias\/images\/prestations\/78901-sicard10.jpg"}},"urlLien":"","typeLien":"","nofollow":"N","copyright":"M Dubois - Sicard"},{"url":"https:\/\/www.valdallos.com\/medias\/images\/prestations\/78903-baignoiredsc04310.jpg","chemin":"..\/medias\/images\/prestations\/78903-baignoiredsc04310.jpg","libelle":"Salle de bains carrel\u00e9e avec baignoire","extension":"jpg","categorie":"","largeur":1200,"theme":"","hauteur":900,"type":"Image","origine":"","liaisonPave":"","langue":"","id":"78903","urlVignette":"https:\/\/www.valdallos.com\/medias\/images\/prestations\/v-78903-baignoiredsc04310.jpg","alt":"Salle de bains carrel\u00e9e avec baignoire","title":"Salle de bains carrel\u00e9e avec baignoire","MultiTaille":{"1920x1440":{"url":"https:\/\/www.valdallos.com\/medias\/images\/prestations\/multitailles\/1920x1440_78903-baignoiredsc04310.jpg"},"1200x900":{"url":"https:\/\/www.valdallos.com\/medias\/images\/prestations\/multitailles\/1200x900_78903-baignoiredsc04310.jpg"},"800x600":{"url":"https:\/\/www.valdallos.com\/medias\/images\/prestations\/multitailles\/800x600_78903-baignoiredsc04310.jpg"},"640x480":{"url":"https:\/\/www.valdallos.com\/medias\/images\/prestations\/multitailles\/640x480_78903-baignoiredsc04310.jpg"},"320x240":{"url":"https:\/\/www.valdallos.com\/medias\/images\/prestations\/multitailles\/320x240_78903-baignoiredsc04310.jpg"},"160x120":{"url":"https:\/\/www.valdallos.com\/medias\/images\/prestations\/multitailles\/160x120_78903-baignoiredsc04310.jpg"},"origine":{"url":"https:\/\/www.valdallos.com\/medias\/images\/prestations\/78903-baignoiredsc04310.jpg"}},"urlLien":"","typeLien":"","nofollow":"N","copyright":"M Dubois - Sicard"},{"url":"https:\/\/www.valdallos.com\/medias\/images\/prestations\/78904-sicard12.jpg","chemin":"..\/medias\/images\/prestations\/78904-sicard12.jpg","libelle":"Coin de salle de bains avec toilettes et machine \u00e0 laver, mur et sol carrel\u00e9s","extension":"jpg","categorie":"","largeur":1200,"theme":"","hauteur":900,"type":"Image","origine":"","liaisonPave":"","langue":"","id":"78904","urlVignette":"https:\/\/www.valdallos.com\/medias\/images\/prestations\/v-78904-sicard12.jpg","alt":"Coin de salle de bains avec toilettes et machine \u00e0 laver, mur et sol carrel\u00e9s","title":"Coin de salle de bains avec toilettes et machine \u00e0 laver, mur et sol carrel\u00e9s","MultiTaille":{"1920x1440":{"url":"https:\/\/www.valdallos.com\/medias\/images\/prestations\/multitailles\/1920x1440_78904-sicard12.jpg"},"1200x900":{"url":"https:\/\/www.valdallos.com\/medias\/images\/prestations\/multitailles\/1200x900_78904-sicard12.jpg"},"800x600":{"url":"https:\/\/www.valdallos.com\/medias\/images\/prestations\/multitailles\/800x600_78904-sicard12.jpg"},"640x480":{"url":"https:\/\/www.valdallos.com\/medias\/images\/prestations\/multitailles\/640x480_78904-sicard12.jpg"},"320x240":{"url":"https:\/\/www.valdallos.com\/medias\/images\/prestations\/multitailles\/320x240_78904-sicard12.jpg"},"160x120":{"url":"https:\/\/www.valdallos.com\/medias\/images\/prestations\/multitailles\/160x120_78904-sicard12.jpg"},"origine":{"url":"https:\/\/www.valdallos.com\/medias\/images\/prestations\/78904-sicard12.jpg"}},"urlLien":"","typeLien":"","nofollow":"N","copyright":"M Dubois - Sicard"},{"url":"https:\/\/www.valdallos.com\/medias\/images\/prestations\/78905-sicard11.jpg","chemin":"..\/medias\/images\/prestations\/78905-sicard11.jpg","libelle":"Coin de salle de bains avec \u00e9vier, miroir, mur et sol carrel\u00e9s","extension":"jpg","categorie":"","largeur":900,"theme":"","hauteur":1200,"type":"Image","origine":"","liaisonPave":"","langue":"","id":"78905","urlVignette":"https:\/\/www.valdallos.com\/medias\/images\/prestations\/v-78905-sicard11.jpg","alt":"Coin de salle de bains avec \u00e9vier, miroir, mur et sol carrel\u00e9s","title":"Coin de salle de bains avec \u00e9vier, miroir, mur et sol carrel\u00e9s","MultiTaille":{"1920x1440":{"url":"https:\/\/www.valdallos.com\/medias\/images\/prestations\/multitailles\/1920x1440_78905-sicard11.jpg"},"1200x900":{"url":"https:\/\/www.valdallos.com\/medias\/images\/prestations\/multitailles\/1200x900_78905-sicard11.jpg"},"800x600":{"url":"https:\/\/www.valdallos.com\/medias\/images\/prestations\/multitailles\/800x600_78905-sicard11.jpg"},"640x480":{"url":"https:\/\/www.valdallos.com\/medias\/images\/prestations\/multitailles\/640x480_78905-sicard11.jpg"},"320x240":{"url":"https:\/\/www.valdallos.com\/medias\/images\/prestations\/multitailles\/320x240_78905-sicard11.jpg"},"160x120":{"url":"https:\/\/www.valdallos.com\/medias\/images\/prestations\/multitailles\/160x120_78905-sicard11.jpg"},"origine":{"url":"https:\/\/www.valdallos.com\/medias\/images\/prestations\/78905-sicard11.jpg"}},"urlLien":"","typeLien":"","nofollow":"N","copyright":"M Dubois - Sicard"},{"url":"https:\/\/www.valdallos.com\/medias\/images\/prestations\/78906-dsc04660.jpg","chemin":"..\/medias\/images\/prestations\/78906-dsc04660.jpg","libelle":"Chambre \u00e0 coucher lumineuse avec lit double, ameublement bois et lambris, fen\u00eatre et rideaux","extension":"jpg","categorie":"","largeur":1920,"theme":"","hauteur":1440,"type":"Image","origine":"","liaisonPave":"","langue":"","id":"78906","urlVignette":"https:\/\/www.valdallos.com\/medias\/images\/prestations\/v-78906-dsc04660.jpg","alt":"Chambre \u00e0 coucher lumineuse avec lit double, ameublement bois et lambris, fen\u00eatre et rideaux","title":"Chambre \u00e0 coucher lumineuse avec lit double, ameublement bois et lambris, fen\u00eatre et rideaux","MultiTaille":{"1920x1440":{"url":"https:\/\/www.valdallos.com\/medias\/images\/prestations\/multitailles\/1920x1440_78906-dsc04660.jpg"},"1200x900":{"url":"https:\/\/www.valdallos.com\/medias\/images\/prestations\/multitailles\/1200x900_78906-dsc04660.jpg"},"800x600":{"url":"https:\/\/www.valdallos.com\/medias\/images\/prestations\/multitailles\/800x600_78906-dsc04660.jpg"},"640x480":{"url":"https:\/\/www.valdallos.com\/medias\/images\/prestations\/multitailles\/640x480_78906-dsc04660.jpg"},"320x240":{"url":"https:\/\/www.valdallos.com\/medias\/images\/prestations\/multitailles\/320x240_78906-dsc04660.jpg"},"160x120":{"url":"https:\/\/www.valdallos.com\/medias\/images\/prestations\/multitailles\/160x120_78906-dsc04660.jpg"},"origine":{"url":"https:\/\/www.valdallos.com\/medias\/images\/prestations\/78906-dsc04660.jpg"}},"urlLien":"","typeLien":"","nofollow":"N","copyright":"M Dubois Sicard"},{"url":"https:\/\/www.valdallos.com\/medias\/images\/prestations\/78889-sicard_2023_1.jpg","chemin":"..\/medias\/images\/prestations\/78889-sicard_2023_1.jpg","libelle":"Vue de derri\u00e8re d'une maison \u00e0 3 \u00e9tages en bois et pierre, balcons m\u00e9talliques et paysage enneig\u00e9","extension":"jpg","categorie":"","largeur":1200,"theme":"HIVER","hauteur":900,"type":"Image","origine":"","liaisonPave":"","langue":"","id":"78889","urlVignette":"https:\/\/www.valdallos.com\/medias\/images\/prestations\/v-78889-sicard_2023_1.jpg","alt":"Vue de derri\u00e8re d'une maison \u00e0 3 \u00e9tages en bois et pierre, balcons m\u00e9talliques et paysage enneig\u00e9","title":"Vue de derri\u00e8re d'une maison \u00e0 3 \u00e9tages en bois et pierre, balcons m\u00e9talliques et paysage enneig\u00e9","MultiTaille":{"1920x1440":{"url":"https:\/\/www.valdallos.com\/medias\/images\/prestations\/multitailles\/1920x1440_78889-sicard_2023_1.jpg"},"1200x900":{"url":"https:\/\/www.valdallos.com\/medias\/images\/prestations\/multitailles\/1200x900_78889-sicard_2023_1.jpg"},"800x600":{"url":"https:\/\/www.valdallos.com\/medias\/images\/prestations\/multitailles\/800x600_78889-sicard_2023_1.jpg"},"640x480":{"url":"https:\/\/www.valdallos.com\/medias\/images\/prestations\/multitailles\/640x480_78889-sicard_2023_1.jpg"},"320x240":{"url":"https:\/\/www.valdallos.com\/medias\/images\/prestations\/multitailles\/320x240_78889-sicard_2023_1.jpg"},"160x120":{"url":"https:\/\/www.valdallos.com\/medias\/images\/prestations\/multitailles\/160x120_78889-sicard_2023_1.jpg"},"origine":{"url":"https:\/\/www.valdallos.com\/medias\/images\/prestations\/78889-sicard_2023_1.jpg"}},"urlLien":"","typeLien":"","nofollow":"N","copyright":"Dubois Sicard M"},{"url":"https:\/\/www.valdallos.com\/medias\/images\/prestations\/78902-sicard_hiver2.jpg","chemin":"..\/medias\/images\/prestations\/78902-sicard_hiver2.jpg","libelle":"Vue de c\u00f4t\u00e9 d'une maison en pierre et bois \u00e0 trois \u00e9tages, balcons m\u00e9talliques, paysage hivernal enneig\u00e9","extension":"jpg","categorie":"","largeur":1200,"theme":"HIVER","hauteur":900,"type":"Image","origine":"","liaisonPave":"","langue":"","id":"78902","urlVignette":"https:\/\/www.valdallos.com\/medias\/images\/prestations\/v-78902-sicard_hiver2.jpg","alt":"Vue de c\u00f4t\u00e9 d'une maison en pierre et bois \u00e0 trois \u00e9tages, balcons m\u00e9talliques, paysage hivernal enneig\u00e9","title":"Vue de c\u00f4t\u00e9 d'une maison en pierre et bois \u00e0 trois \u00e9tages, balcons m\u00e9talliques, paysage hivernal enneig\u00e9","MultiTaille":{"1920x1440":{"url":"https:\/\/www.valdallos.com\/medias\/images\/prestations\/multitailles\/1920x1440_78902-sicard_hiver2.jpg"},"1200x900":{"url":"https:\/\/www.valdallos.com\/medias\/images\/prestations\/multitailles\/1200x900_78902-sicard_hiver2.jpg"},"800x600":{"url":"https:\/\/www.valdallos.com\/medias\/images\/prestations\/multitailles\/800x600_78902-sicard_hiver2.jpg"},"640x480":{"url":"https:\/\/www.valdallos.com\/medias\/images\/prestations\/multitailles\/640x480_78902-sicard_hiver2.jpg"},"320x240":{"url":"https:\/\/www.valdallos.com\/medias\/images\/prestations\/multitailles\/320x240_78902-sicard_hiver2.jpg"},"160x120":{"url":"https:\/\/www.valdallos.com\/medias\/images\/prestations\/multitailles\/160x120_78902-sicard_hiver2.jpg"},"origine":{"url":"https:\/\/www.valdallos.com\/medias\/images\/prestations\/78902-sicard_hiver2.jpg"}},"urlLien":"","typeLien":"","nofollow":"N","copyright":"M Dubois - Sicard"}]}},"DateDebPublication":"","DateFinPublication":"","PrixAPartirDe":"","PrixPour":"","FicheListeEnCours":"fiche_liste_immobilier_prestation_OT_v3","ParametresModele":{"AfficherPhotos":1,"NbPhotosMax":6,"AfficherReserver":0,"AfficherContact":0,"AfficherSalle":1,"AfficherZoneGeo":0,"AfficherEnSavoirPlus":"0","AfficherUneSeuleOuverture":0,"AfficherContactCarte":1,"AfficherTarifsChaudAPartirDe":0,"AfficherTarifChaudSansRecherche":0,"AfficherDispoAccordeon":"1","AfficherDispoResa":"1","AfficherPrixAPartirDe":"1","BlocCritereInfo":{"critere1":{"libelle":"","liste_critere":["classementPrefectoral|2631|G","classementPrefectoral|2630|G","classementPrefectoral|2629|G","classementPrefectoral|2628|G","classementPrefectoral|2627|G","classementPrefectoral|2632|G"]},"critere2":{"libelle":"","liste_critere":["GLOC|G"]},"critere3":{"libelle":""},"critere4":{"libelle":""},"critere5":{"libelle":"","liste_critere":["GHANDI|G","AFFEQUIP|WIFI|G","AFFEQUIP|ANIMAUX|G","AFFEQUIP|PARKING|G","AFFEQUIP|LAVEVAIS|G","AFFEQUIP|LAVELINGEAFF|G","GCHAMB|G","NBPERS|G","GSURFA|G","GLOGEM|G"]},"critere6":{"libelle":"","liste_critere":["GLABEL|GCLEVA|G"]},"critere7":{"libelle":""},"critere8":{"libelle":""},"critere9":{"libelle":""},"afficherpictoetpaslibelle":"1"},"BlocPaveInfo":{"texte1":{"pave":["6","15","20"],"longeurmax":"250","afficherLibelle":"0","garderHtml":"0","boutonVoirPlus":""},"texte3":{"longeurmax":"","afficherLibelle":"0","garderHtml":"0","boutonVoirPlus":""}},"CriteresComportementDispo":"DISPONIBILITES[PLANNINGACT","PositionBloc":"GALLERIE|ZONEPRINCIPALFICHEPRESTA|NOM|CARNET_VOYAGE|ACCROCHE_TARIF_DISPO","TypePrestataire":"G","ComportementResa":false,"ComportementDispo":false},"AffichageCoordonnees":[],"Coordonnees":{"Ville":"Allos"},"ContexteId":"PRESTATION|G|4678221|4691460","ContexteIdHtml":"PRESTATION-G-4678221-4691460","cleContexte":"G|4678221|4691460","Bloc":{"texte1":"Appartamento tutto attrezzato in uno chalet, con un giardino","texte3":"","critere1":{"libelle":"","contenu":{"classementPrefectoral":{"libelle":"","contenu":{"4":"\u003Cimg src=\"https:\/\/www.valdallos.com\/medias\/images\/picto\/classementPrefectoral-2628-G.png\"  alt=\"2 stelle\" title=\"2 stelle\" \/\u003E"},"codesValeurs":{"4":"classementPrefectoral|2628|G"},"criteres_datas":{"valeurs":{"4":{"2628":{"descriptif":""}}}}}}},"critere2":{"libelle":"","contenu":{"GLOC":{"libelle":"Localizzare","contenu":{"3":"Val d'Allos - Villaggio"},"codesValeurs":{"3":"GLOC|G14|G"},"criteres_datas":{"valeurs":{"3":{"G14":{"descriptif":""}}}}}}},"critere3":{"libelle":"","contenu":[]},"critere4":{"libelle":"","contenu":[]},"critere5":{"libelle":"","contenu":{"NBPERS":{"libelle":"Persone","contenu":{"5":"6 persone"},"codesValeurs":{"5":"NBPERS|GCAP06|G"},"criteres_datas":{"valeurs":{"5":{"GCAP06":{"descriptif":""}}}}},"GLOGEM":{"libelle":"tipo di alloggio","contenu":{"1":"appartamento in chalet"},"codesValeurs":{"1":"GLOGEM|GAPPCH|G"},"criteres_datas":{"valeurs":{"1":{"GAPPCH":{"descriptif":""}}}}},"AFFEQUIP":{"libelle":"Servizi","contenu":{"1":"Acc\u00e8s Internet \/ Wifi","3":"Parcheggio \/ Garage","4":"Lavastoviglie","5":"Lavatrice"},"codesValeurs":{"1":"AFFEQUIP|WIFI|G","3":"AFFEQUIP|PARKING|G","4":"AFFEQUIP|LAVEVAIS|G","5":"AFFEQUIP|LAVELINGEAFF|G"},"criteres_datas":{"valeurs":{"1":{"WIFI":{"descriptif":""}},"3":{"PARKING":{"descriptif":""}},"4":{"LAVEVAIS":{"descriptif":""}},"5":{"LAVELINGEAFF":{"descriptif":""}}}}}}},"critere6":{"libelle":"","contenu":{"GLABEL":{"libelle":"marchio","contenu":{"1":"\u003Cimg src=\"https:\/\/www.valdallos.com\/medias\/images\/picto\/GLABEL-GCLEVA-G.jpg\"  alt=\"Famille Plus\" title=\"Famille Plus\" \/\u003E"},"codesValeurs":{"1":"GLABEL|GCLEVA|G"},"criteres_datas":{"valeurs":{"1":{"GCLEVA":{"descriptif":""}}}}}}},"critere7":{"libelle":"","contenu":[]},"critere8":{"libelle":"","contenu":[]},"critere9":{"libelle":"","contenu":[]}},"LocalisationGps":{"Latitude":"44.24568","Longitude":"6.61988"},"libelleDuPrestataire":"","vuePrestataire":{"pave1":{"libelle":"","contenu":""},"pave2":{"libelle":"","contenu":""},"pave3":{"libelle":"","contenu":""},"pave4":{"libelle":"","contenu":""},"pave5":{"libelle":"","contenu":""},"pave6":{"libelle":"","contenu":""},"pave7":{"libelle":"","contenu":""},"pave8":{"libelle":"","contenu":""},"pave9":{"libelle":"","contenu":""},"pave10":{"libelle":"","contenu":""},"pave11":{"libelle":"","contenu":""},"pave12":{"libelle":"","contenu":""},"pave13":{"libelle":"","contenu":""},"pave14":{"libelle":"","contenu":""},"pave15":{"libelle":"","contenu":""},"pave16":{"libelle":"","contenu":""},"pave17":{"libelle":"","contenu":""},"pave18":{"libelle":"","contenu":""},"pave19":{"libelle":"","contenu":""},"pave20":{"libelle":"","contenu":""},"pave21":{"libelle":"","contenu":""},"pave22":{"libelle":"","contenu":""},"pave23":{"libelle":"","contenu":""},"pave24":{"libelle":"","contenu":""},"pave25":{"libelle":"","contenu":""},"ContactsParType":{"GEST":{"110807":{"id_contact":"110807","type_contact":"GEST","categorie_contact":"PRESTATAIRE","societe_contact":"","fonction_contact":"","civilite_nom_prenom_contact":"Dubois - Sicard Monique ","adresse1_contact":"les auches 1","adresse2_contact":"le cimet","adresse3_contact":"Val d'Allos - le village","cpostal_contact":"04260","ville_contact":"Allos","teldom_contact":"04 92 83 04 81","telbur_contact":"","fax_contact":"","portable_contact":"06 76 57 60 69","email_contact":"claudesicard492@gmail.com","siteweb_contact":"","commentaire_contact":"","langue_contact":"","autre_moyen_com":[]}}},"ZoneGeoLibelle":"Haut-Verdon","Libelle":"Dubois - Sicard Monique","Nom":"Dubois - Sicard Monique ","Prenom":"","NomPrenom":"Dubois - Sicard Monique  ","CiviliteNomPrenom":"Dubois - Sicard Monique  ","Cle":"G|4678221","PrestataireParent":"","ContexteStat":"PRESTATAIRE-G-4678221","DateModificationIso":"2025-11-12T11:02:00+01:00","Type":"PRESTATAIRE","TypePrestataire":"G","Adresse":{"LigneAdresse1":"","LigneAdresse2":"","LigneAdresse3":"","CodePostal":"","Ville":"","Cedex":"","Etat":"","Pays":""},"Email":"claudesicard492@gmail.com","Telephone":"04 92 83 04 81","TelephoneBureau":"","Portable":"06 76 57 60 69","SiteWeb":"","Fax":"","Id":"g-4678221","Code":"G|4678221","Fichier":[],"Url":"","Localisation":{"GoogleMap":{"Latitude":"","Longitude":""}},"ZoneGeo":"FRPA04VAHVERD","Criteres":{"GINFADH[GMONT":"80","GINFADH[GCOMM":"prochain classement novembre 2020","GTIMMO[GPARTI":"","P.GLOC[G14":"","P.6241[126905":"","P.6241[5740912":"","P.3218[311229":"","P.3220[587401":"","P.3220[5575332":"","P.3233[591419":"","P.3221[4876304":"","P.3219[5127127":"","P.3219[5239406":"","P.3219[6436838":"","P.3240[5778284":"","P.6242[5843488":"","P.3230[6139211":"","P.VilleSitra[1559":"","P.VillageDeDepart[1559":""},"DateFinPublication":"","AffichageCoordonnees":[]},"listeCriteres":{"DISPONIBILITES":{"DISPORELANCE":""},"GPREST":{"GLOCAS":""},"GCAPACITE":{"6PERS":""},"NBPERS":{"GCAP06":""},"GLABEL":{"GCLEVA":""},"GLOGEM":{"GAPPCH":""},"GCHAR":{"GCHARN":""},"GEQUIC":{"GFONDU":"","GFOUR":"","GLAVEV":"","GMICRO":"","GRACLE":"","GREFIG":""},"GEQUIS":{"GLECTE":"","GTELEV":""},"GSALLE":{"GBAIGN":"","GWCIND":""},"G1EQUI":{"GBARBE":"","GLOCSK":"","GMOBIL":""},"GACTIV":{"GINTER":""},"GPARKI":{"GPARKE":""},"GFAMPLUS":{"GMICRO":"","GBIB":"","GCHAISEHAUT":"","GREHAU":"","GPOT":"","GREDUCWC":"","GBAIGN":"","GJEUXINT":"","GJEUXEXT":"","GLITBEBE":"","GMATE":"","GPORTBE":"","GOFFRE":"Pr\u00eat de luge, porte b\u00e9b\u00e9, raquettes et confiture maison"},"PUBLICATION":{"VALDALLOS":"","VERDONTOURISME":""},"AFFGTYPE":{"APPART":""},"GNOMBRE":{"6PERS":""},"AFFEQUIP":{"WIFI":"","PARKING":"","LAVEVAIS":"","LAVELINGEAFF":""},"GLOC":{"G14":""},"LOCVERDON":{"1559":""},"22":{"672":"","723":""},"122":{"803":"","4054":"","4055":"","4063":""},"126":{"972":""},"prestations":{"surchargeTourismesAdaptes":"","surchargeDescriptifHandicapMoteur":"","surchargeDescriptifHandicapAuditif":"","surchargeDescriptifHandicapVisuel":"","surchargeDescriptifHandicapMental":"","surchargeNombreFauteuilsRoulants":""},"73":{"796":"","973":""},"69":{"838":"","904":"","5669":""},"72":{"842":"","963":"","998":""},"70":{"895":"","907":"","919":"","922":"","943":"","946":"","999":""},"71":{"986":""},"languesParlees":{"1197":""},"6528":{"169":""},"environnements":{"176":""},"modesPaiement":{"1271":""},"tourismeAffaires":{"tourismeAffairesEnabled":"","devise":"EUR"},"hebergementLocatifType":{"2620":""},"informationsHebergementLocatif":{"dateClassement":"2025-09-24"},"classementPrefectoral":{"2628":""},"5403":{"1613":""},"capacite":{"capaciteHebergement":"6","capaciteMaximumPossible":"6","surface":"49","nombreChambres":"2","numeroEtage":"RDC"},"CINTSITRA":{"5660":"","8809":""},"6241":{"126905":"","5740912":""},"3218":{"311229":""},"3220":{"587401":"","5575332":""},"3233":{"591419":""},"3221":{"4876304":""},"3219":{"5127127":"","5239406":"","6436838":""},"3240":{"5778284":""},"6242":{"5843488":""},"3230":{"6139211":""},"VilleSitra":{"1559":""},"VillageDeDepart":{"1559":""},"GINFADH":{"GMONT":"80","GCOMM":"prochain classement novembre 2020"},"GTIMMO":{"GPARTI":""},"P.GLOC":{"G14":""},"P.6241":{"126905":"","5740912":""},"P.3218":{"311229":""},"P.3220":{"587401":"","5575332":""},"P.3233":{"591419":""},"P.3221":{"4876304":""},"P.3219":{"5127127":"","5239406":"","6436838":""},"P.3240":{"5778284":""},"P.6242":{"5843488":""},"P.3230":{"6139211":""},"P.VilleSitra":{"1559":""},"P.VillageDeDepart":{"1559":""}},"dansCarnetVoyage":true,"Ouverture":""},"html":" \n \u003Cdiv id=\"CV-PRESTATION-G-4678221-4691460\" data-contexte-id=\"PRESTATION|G|4678221|4691460\" data-cle=\"G|4678221|4691460\" class=\"fiche-liste\"\u003E\n    \n\n    \u003C!-- partie photo --\u003E\n    \u003Cdiv class=\"photo\"\u003E\t\t\t\t\t\t\t\t\t\t\t\t\t\t\t\t\t\t\t\t\t\n        \u003Cdiv class=\"cadre_photo_principale\"\u003E\t\t\n        \n            \t\t\t\t\t\n                    \u003Ca href=\"appartamento-in-chalet-2-stelle-haut-verdon-val-dallos-le-village.html?origine=carnet#media\"\u003E\n                        \u003Cimg class=\"photo_principale\" alt=\"Vue de face de maison en pierre et bois sur trois \u00e9tages, cour int\u00e9rieure bitum\u00e9e, arbre en fleurs\" src=\"https:\/\/www.valdallos.com\/medias\/images\/prestations\/multitailles\/320x240_78888-sicard_2023_1.jpg\" itemprop=\"image\"\u003E\n                    \u003C\/a\u003E\t\t\t\t\t\t\n                \n                    \u003C\/div\u003E\t\t\t\t\t\t\t\t\t\t\t\t\t\t\t\t\t\t\t \t\t\n    \u003C\/div\u003E\n    \n    \u003C!-- partie nom prest --\u003E\n    \u003Cdiv class=\"nom\"\u003E\n        \u003Ch2\u003EDubois - Sicard Monique\u003C\/h2\u003E\n        \n            \u003C\/div\u003E\n\n         \n    \u003C!-- partie adresse --\u003E\n    \u003Cdiv class=\"adresse\"\u003E\n    \n          \n    \u003C\/div\u003E\n    \n    \u003C!-- partie liens --\u003E\n    \u003Cdiv class=\"liens\"\u003E\n            \u003Ca class=\"btn-icon btn-view \" title=\"Vedi il file dettagliato\" href=\"appartamento-in-chalet-2-stelle-haut-verdon-val-dallos-le-village.html?origine=carnet\"\u003E\u003C\/a\u003E\u003C!--\u003Ca class=\"btn-icon btn-view \" title=\"\" href=\"?origine=carnet#thaut\"\u003E\u003C\/a\u003E--\u003E\n      \u003Ca class=\"btn-icon btn-trash carnet_voyage_supprimer\" title=\"Elimina questo file dal mio diario di viaggio\" href=\"carnet-voyage?action=remove&fiche=G|4678221|4691460\"\u003E\u003C\/a\u003E\n    \u003C\/div\u003E\n\n\u003C\/div\u003E\n\n","icon":"https:\/\/static.ingenie.fr\/images\/carnetVoyageV3\/G.png"},"fiche":"G|4678221|4691460","popup":"\u003Cdiv id=\"bloc_popup_ajout_fiche_carnet\"\u003E\n    \u003Cdiv class=\"info_popup_ajout_fiche_carnet\"\u003E\n        Hai appena aggiunto questo elemento alla tua selezione:    \u003C\/div\u003E\n    \u003Cdiv class=\"prest_popup_ajout_fiche_carnet\"\u003E\n        Dubois - Sicard Monique    \u003C\/div\u003E\n    \u003Cdiv class=\"bloc_btn_ajout_fiche_carnet form_submit_div\"\u003E\n        \u003Cinput type=\"button\" value=\"Continua la mia selezione\" title=\"Continua la mia selezione\" name=\"btn_close\" class=\"btn_close_popup_carnet form_submit\" onclick=\"$.colorbox.close()\" \/\u003E\n        \u003Cinput type=\"button\" value=\"Visualizza la mia selezione\" title=\"Visualizza la mia selezione\" name=\"btn_panier\" class=\"btn_panier_popup_carnet form_submit\" onclick=\"if(typeof CarnetVoyage != 'undefined') {CarnetVoyage.voirCarnet();}\" \/\u003E\n    \u003C\/div\u003E\n    \u003Cdiv class=\"bloc_btn_ajout_fiche_carnet\"\u003E\n        \u003Cinput type=\"checkbox\" value=\"1\" name=\"desactiver_popup\" id=\"desactiver_popup\" \/\u003E\n        \u003Clabel for=\"desactiver_popup\"\u003ENon visualizzare pi\u00f9 questo messaggio\u003C\/label\u003E\n    \u003C\/div\u003E\n\u003C\/div\u003E","success":1}