{"nbFiches":1,"dataPrest":{"infoPrest":{"pave1":{"libelle":"Descriptif","contenu":"","fichiers":[]},"pave2":{"libelle":"Indirizzo","contenu":"","fichiers":[]},"pave3":{"libelle":"Tarifs Hiver","contenu":"","fichiers":[]},"pave4":{"libelle":"Tarifs Et\u00e9","contenu":"","fichiers":[]},"pave5":{"libelle":"URL de la r\u00e9servation ou vente en ligne","contenu":"","fichiers":[]},"pave6":{"libelle":"Descriptif court","contenu":"Spazioso appartamento, ai piedi del villaggio.","fichiers":[]},"pave7":{"libelle":"Descriptif d\u00e9taill\u00e9","contenu":"","fichiers":[]},"pave8":{"libelle":"Bons plans","contenu":"","fichiers":[]},"pave9":{"libelle":"Compl\u00e9ment localisation","contenu":"","fichiers":[]},"pave10":{"libelle":"Compl\u00e9ment accueil","contenu":"","fichiers":[]},"pave11":{"libelle":"P\u00e9riodes en clair","contenu":"","fichiers":[]},"pave12":{"libelle":"Tarifs en clair","contenu":"Tasse non incluse.","fichiers":[]},"pave13":{"libelle":"Compl\u00e9ment Tarifs","contenu":"","fichiers":[]},"pave14":{"libelle":"Compl\u00e9ment R\u00e9servation","contenu":"","fichiers":[]},"pave15":{"libelle":"Descriptif court","contenu":"","fichiers":[]},"pave16":{"libelle":"Descriptif d\u00e9taill\u00e9","contenu":"","fichiers":[]},"pave17":{"libelle":"Bons plans","contenu":"","fichiers":[]},"pave18":{"libelle":"Tarifs (Tarifs en clair, Compl\u00e9ment Tarifs)","contenu":"","fichiers":[]},"pave19":{"libelle":"P\u00e9riodes en clair","contenu":"","fichiers":[]},"pave20":{"libelle":"Descriptif court","contenu":"","fichiers":[]},"pave21":{"libelle":"Descriptif d\u00e9taill\u00e9","contenu":"","fichiers":[]},"pave22":{"libelle":"Bons plans","contenu":"","fichiers":[]},"pave23":{"libelle":"Tarifs (Tarifs en clair, Compl\u00e9ment Tarifs)","contenu":"","fichiers":[]},"pave24":{"libelle":"P\u00e9riodes en clair","contenu":"","fichiers":[]},"pave25":{"libelle":"Dispositions sp\u00e9ciales","contenu":"","fichiers":[]},"Libelle":"Vallauri Marie Claire","Reference":"","Reftar":"","Type":"PRESTATION","TypePrestataire":"G","ContexteStat":"PRESTATION-G-4678260-4691474","DateModificationIso":"2026-04-27T13:44:00+02:00","Adresse":{"LigneAdresse1":"Grand rue","LigneAdresse2":"Val d'Allos - le village","LigneAdresse3":"","CodePostal":"04260","Ville":"Allos","Cedex":"","Etat":"","Pays":"FRA"},"Id":"g-4678260-4691474","Code":"G|4678260|4691474","Cle":"G|4678260|4691474","Url":"appartamento-in-casa-2-stelle-val-dallos-le-village-val-dallos-le-village.html","Localisation":{"GoogleMap":{"Latitude":"44.23943","Longitude":"6.62898"}},"ZoneGeo":"","Criteres":{"DISPONIBILITES[DISPORELANCE":"","GPREST[GLOCAS":"","GPREST[GCOU":"","GCAPACITE[4PERS":"","NBPERS[GCAP04":"","GLABEL[GCLEVA":"","GLOGEM[GAPPMA":"","GCHAR[GCHARN":"","GEQUIC[GFONDU":"","GEQUIC[GFOUR":"","GEQUIC[GLAVEV":"","GEQUIC[GMICRO":"","GEQUIC[GRACLE":"","GEQUIC[GREFIG":"","GEQUIS[GTELEV":"","GSALLE[GDOUCH":"","GSALLE[GWCIND":"","G1EQUI[GMOBIL":"","GPARKI[GPARKE":"","GANIMA[GANINA":"","GFAMPLUS[GMICRO":"","GFAMPLUS[GCHAISEHAUT":"","GFAMPLUS[GREHAU":"","GFAMPLUS[GPOT":"","GFAMPLUS[GBAIGN":"","GFAMPLUS[GJEUXINT":"","GFAMPLUS[GLITBEBE":"","GFAMPLUS[GOFFRE":"dans le village, \u00e0 2 pas de tous les services et commerces","PUBLICATION[VALDALLOS":"","PUBLICATION[VERDONTOURISME":"","AFFGTYPE[APPART":"","GNOMBRE[4PERS":"","AFFEQUIP[PARKING":"","AFFEQUIP[LAVEVAIS":"","AFFEQUIP[LAVELINGEAFF":"","GLOC[G14":"","LOCVERDON[1559":"","AFFEQUIP[WIFI":"","GACTIV[GINTER":"","113[1593":"","22[672":"","22[723":"","126[972":"","122[4054":"","122[4055":"","122[4063":"","prestations[surchargeTourismesAdaptes":"","prestations[surchargeDescriptifHandicapMoteur":"","prestations[surchargeDescriptifHandicapAuditif":"","prestations[surchargeDescriptifHandicapVisuel":"","prestations[surchargeDescriptifHandicapMental":"","prestations[surchargeNombreFauteuilsRoulants":"","69[838":"","69[1014":"","69[1015":"","69[4060":"","72[842":"","72[963":"","70[895":"","70[907":"","70[919":"","70[922":"","70[943":"","70[999":"","73[902":"","73[973":"","71[987":"","languesParlees[1197":"","6528[169":"","environnements[185":"","modesPaiement[1271":"","modesPaiement[1277":"","tourismeAffaires[tourismeAffairesEnabled":"","tourismeAffaires[devise":"EUR","hebergementLocatifType[2620":"","informationsHebergementLocatif[dateClassement":"2023-10-12","classementPrefectoral[2628":"","5403[1613":"","capacite[capaciteHebergement":"4","capacite[capaciteMaximumPossible":"4","capacite[surface":"55","capacite[nombreChambres":"2","capacite[numeroEtage":"1","CINTSITRA[5660":"","CINTSITRA[8809":"","6241[126905":"","6241[5740912":"","3218[311229":"","3220[587401":"","3220[5575332":"","3233[591419":"","3221[4876304":"","3219[5127127":"","3219[5239406":"","3219[6436838":"","3240[5778284":"","6242[5843488":"","3230[6139211":"","VilleSitra[1559":"","VillageDeDepart[1559":""},"ContactsParType":{"IWEB":{"117195":{"id_contact":"117195","type_contact":"IWEB","categorie_contact":"PRESTATION","societe_contact":"","fonction_contact":"","civilite_nom_prenom_contact":"Vallauri Marie-Claire  ","adresse1_contact":"","adresse2_contact":"","adresse3_contact":"","cpostal_contact":"","ville_contact":"","teldom_contact":"04 92 83 88 59","telbur_contact":"","fax_contact":"","portable_contact":"06 83 62 53 04","email_contact":"","siteweb_contact":"","commentaire_contact":"","langue_contact":"","autre_moyen_com":[]}},"":{"117196":{"id_contact":"117196","type_contact":"","categorie_contact":"PRESTATION","societe_contact":"","fonction_contact":"","civilite_nom_prenom_contact":"MME Vallauri Marie-Claire ","adresse1_contact":"","adresse2_contact":"","adresse3_contact":"","cpostal_contact":"","ville_contact":"","teldom_contact":"","telbur_contact":"","fax_contact":"","portable_contact":"","email_contact":"","siteweb_contact":"","commentaire_contact":"","langue_contact":"","autre_moyen_com":[]}}},"ContactRemplaceCoordonnees":"117195","Prestataire":{"pave1":{"libelle":"","contenu":""},"pave2":{"libelle":"","contenu":""},"pave3":{"libelle":"","contenu":""},"pave4":{"libelle":"","contenu":""},"pave5":{"libelle":"","contenu":""},"pave6":{"libelle":"","contenu":""},"pave7":{"libelle":"","contenu":""},"pave8":{"libelle":"","contenu":""},"pave9":{"libelle":"","contenu":""},"pave10":{"libelle":"","contenu":""},"pave11":{"libelle":"","contenu":""},"pave12":{"libelle":"","contenu":""},"pave13":{"libelle":"","contenu":""},"pave14":{"libelle":"","contenu":""},"pave15":{"libelle":"","contenu":""},"pave16":{"libelle":"","contenu":""},"pave17":{"libelle":"","contenu":""},"pave18":{"libelle":"","contenu":""},"pave19":{"libelle":"","contenu":""},"pave20":{"libelle":"","contenu":""},"pave21":{"libelle":"","contenu":""},"pave22":{"libelle":"","contenu":""},"pave23":{"libelle":"","contenu":""},"pave24":{"libelle":"","contenu":""},"pave25":{"libelle":"","contenu":""},"ContactsParType":{"GEST":{"114395":{"id_contact":"114395","type_contact":"GEST","categorie_contact":"PRESTATAIRE","societe_contact":"","fonction_contact":"","civilite_nom_prenom_contact":"Vallauri Marie-Claire ","adresse1_contact":"Grand rue","adresse2_contact":"Val d'Allos - le village","adresse3_contact":"","cpostal_contact":"04260","ville_contact":"Allos","teldom_contact":"04 92 83 88 59","telbur_contact":"","fax_contact":"","portable_contact":"06 83 62 53 04","email_contact":"","siteweb_contact":"","commentaire_contact":"","langue_contact":"","autre_moyen_com":[]}}},"ZoneGeoLibelle":"Val d\u2019Allos \u2013 Le village","Libelle":"Vallauri Marie-Claire","Nom":"Vallauri Marie-Claire ","Prenom":"","NomPrenom":"Vallauri Marie-Claire  ","CiviliteNomPrenom":"Vallauri Marie-Claire  ","Cle":"G|4678260","PrestataireParent":"","ContexteStat":"PRESTATAIRE-G-4678260","DateModificationIso":"2025-11-19T00:26:00+01:00","Type":"PRESTATAIRE","TypePrestataire":"G","Adresse":{"LigneAdresse1":"","LigneAdresse2":"","LigneAdresse3":"","CodePostal":"","Ville":"","Cedex":"","Etat":"","Pays":""},"Email":"","Telephone":"04 92 83 88 59","TelephoneBureau":"","Portable":"06 83 62 53 04","SiteWeb":"","Fax":"","Id":"g-4678260","Code":"G|4678260","Fichier":[],"Url":"","Localisation":{"GoogleMap":{"Latitude":"","Longitude":""}},"ZoneGeo":"FRPA04VAV1400","Criteres":{"GINFADH[GDEB":"20131118","GINFADH[GMONT":"80","GINFADH[GCOMM":"prochain classement 11\/2018","GTIMMO[GPARTI":"","P.GLOC[G14":"","P.6241[126905":"","P.6241[5740912":"","P.3218[311229":"","P.3220[587401":"","P.3220[5575332":"","P.3233[591419":"","P.3221[4876304":"","P.3219[5127127":"","P.3219[5239406":"","P.3219[6436838":"","P.3240[5778284":"","P.6242[5843488":"","P.3230[6139211":"","P.VilleSitra[1559":"","P.VillageDeDepart[1559":""},"DateFinPublication":""},"Fichier":{"Image":[{"url":"https:\/\/www.valdallos.com\/medias\/images\/prestations\/79057-vallauri_salon.jpg","chemin":"..\/medias\/images\/prestations\/79057-vallauri_salon.jpg","libelle":"S\u00e9jour d'appartement lumineux avec table \u00e0 manger, canap\u00e9, ameublement bois, fen\u00eatre","extension":"jpg","categorie":"","largeur":1200,"theme":"","hauteur":900,"type":"Image","origine":"","liaisonPave":"","langue":"","id":"79057","urlVignette":"https:\/\/www.valdallos.com\/medias\/images\/prestations\/v-79057-vallauri_salon.jpg","alt":"S\u00e9jour d'appartement lumineux avec table \u00e0 manger, canap\u00e9, ameublement bois, fen\u00eatre","title":"S\u00e9jour d'appartement lumineux avec table \u00e0 manger, canap\u00e9, ameublement bois, fen\u00eatre","MultiTaille":{"1920x1440":{"url":"https:\/\/www.valdallos.com\/medias\/images\/prestations\/multitailles\/1920x1440_79057-vallauri_salon.jpg"},"1200x900":{"url":"https:\/\/www.valdallos.com\/medias\/images\/prestations\/multitailles\/1200x900_79057-vallauri_salon.jpg"},"800x600":{"url":"https:\/\/www.valdallos.com\/medias\/images\/prestations\/multitailles\/800x600_79057-vallauri_salon.jpg"},"640x480":{"url":"https:\/\/www.valdallos.com\/medias\/images\/prestations\/multitailles\/640x480_79057-vallauri_salon.jpg"},"320x240":{"url":"https:\/\/www.valdallos.com\/medias\/images\/prestations\/multitailles\/320x240_79057-vallauri_salon.jpg"},"160x120":{"url":"https:\/\/www.valdallos.com\/medias\/images\/prestations\/multitailles\/160x120_79057-vallauri_salon.jpg"},"origine":{"url":"https:\/\/www.valdallos.com\/medias\/images\/prestations\/79057-vallauri_salon.jpg"}},"urlLien":"","typeLien":"","nofollow":"N","copyright":"MC Vallauri"},{"url":"https:\/\/www.valdallos.com\/medias\/images\/prestations\/79058-vallauri_salon2.jpg","chemin":"..\/medias\/images\/prestations\/79058-vallauri_salon2.jpg","libelle":"Grand s\u00e9jour en deux parties, table \u00e0 manger, canap\u00e9, TV, ameublement bois, fen\u00eatre","extension":"jpg","categorie":"","largeur":2448,"theme":"","hauteur":3264,"type":"Image","origine":"","liaisonPave":"","langue":"","id":"79058","urlVignette":"https:\/\/www.valdallos.com\/medias\/images\/prestations\/v-79058-vallauri_salon2.jpg","alt":"Grand s\u00e9jour en deux parties, table \u00e0 manger, canap\u00e9, TV, ameublement bois, fen\u00eatre","title":"Grand s\u00e9jour en deux parties, table \u00e0 manger, canap\u00e9, TV, ameublement bois, fen\u00eatre","MultiTaille":{"1920x1440":{"url":"https:\/\/www.valdallos.com\/medias\/images\/prestations\/multitailles\/1920x1440_79058-vallauri_salon2.jpg"},"1200x900":{"url":"https:\/\/www.valdallos.com\/medias\/images\/prestations\/multitailles\/1200x900_79058-vallauri_salon2.jpg"},"800x600":{"url":"https:\/\/www.valdallos.com\/medias\/images\/prestations\/multitailles\/800x600_79058-vallauri_salon2.jpg"},"640x480":{"url":"https:\/\/www.valdallos.com\/medias\/images\/prestations\/multitailles\/640x480_79058-vallauri_salon2.jpg"},"320x240":{"url":"https:\/\/www.valdallos.com\/medias\/images\/prestations\/multitailles\/320x240_79058-vallauri_salon2.jpg"},"160x120":{"url":"https:\/\/www.valdallos.com\/medias\/images\/prestations\/multitailles\/160x120_79058-vallauri_salon2.jpg"},"origine":{"url":"https:\/\/www.valdallos.com\/medias\/images\/prestations\/79058-vallauri_salon2.jpg"}},"urlLien":"","typeLien":"","nofollow":"N","copyright":"MC Vallauri"},{"url":"https:\/\/www.valdallos.com\/medias\/images\/prestations\/79059-vallauri_cuisine.jpg","chemin":"..\/medias\/images\/prestations\/79059-vallauri_cuisine.jpg","libelle":"Coin cuisine en couloir avec machine \u00e0 laver, gazini\u00e8re, \u00e9vier","extension":"jpg","categorie":"","largeur":2448,"theme":"","hauteur":3264,"type":"Image","origine":"","liaisonPave":"","langue":"","id":"79059","urlVignette":"https:\/\/www.valdallos.com\/medias\/images\/prestations\/v-79059-vallauri_cuisine.jpg","alt":"Coin cuisine en couloir avec machine \u00e0 laver, gazini\u00e8re, \u00e9vier","title":"Coin cuisine en couloir avec machine \u00e0 laver, gazini\u00e8re, \u00e9vier","MultiTaille":{"1920x1440":{"url":"https:\/\/www.valdallos.com\/medias\/images\/prestations\/multitailles\/1920x1440_79059-vallauri_cuisine.jpg"},"1200x900":{"url":"https:\/\/www.valdallos.com\/medias\/images\/prestations\/multitailles\/1200x900_79059-vallauri_cuisine.jpg"},"800x600":{"url":"https:\/\/www.valdallos.com\/medias\/images\/prestations\/multitailles\/800x600_79059-vallauri_cuisine.jpg"},"640x480":{"url":"https:\/\/www.valdallos.com\/medias\/images\/prestations\/multitailles\/640x480_79059-vallauri_cuisine.jpg"},"320x240":{"url":"https:\/\/www.valdallos.com\/medias\/images\/prestations\/multitailles\/320x240_79059-vallauri_cuisine.jpg"},"160x120":{"url":"https:\/\/www.valdallos.com\/medias\/images\/prestations\/multitailles\/160x120_79059-vallauri_cuisine.jpg"},"origine":{"url":"https:\/\/www.valdallos.com\/medias\/images\/prestations\/79059-vallauri_cuisine.jpg"}},"urlLien":"","typeLien":"","nofollow":"N","copyright":"MC Vallauri"},{"url":"https:\/\/www.valdallos.com\/medias\/images\/prestations\/79060-vallauri_chambre1.jpg","chemin":"..\/medias\/images\/prestations\/79060-vallauri_chambre1.jpg","libelle":"Chambre \u00e0 coucher lumineuse avec lit double, int\u00e9rieur bois, ameublement bois, fen\u00eatre","extension":"jpg","categorie":"","largeur":1200,"theme":"","hauteur":900,"type":"Image","origine":"","liaisonPave":"","langue":"","id":"79060","urlVignette":"https:\/\/www.valdallos.com\/medias\/images\/prestations\/v-79060-vallauri_chambre1.jpg","alt":"Chambre \u00e0 coucher lumineuse avec lit double, int\u00e9rieur bois, ameublement bois, fen\u00eatre","title":"Chambre \u00e0 coucher lumineuse avec lit double, int\u00e9rieur bois, ameublement bois, fen\u00eatre","MultiTaille":{"1920x1440":{"url":"https:\/\/www.valdallos.com\/medias\/images\/prestations\/multitailles\/1920x1440_79060-vallauri_chambre1.jpg"},"1200x900":{"url":"https:\/\/www.valdallos.com\/medias\/images\/prestations\/multitailles\/1200x900_79060-vallauri_chambre1.jpg"},"800x600":{"url":"https:\/\/www.valdallos.com\/medias\/images\/prestations\/multitailles\/800x600_79060-vallauri_chambre1.jpg"},"640x480":{"url":"https:\/\/www.valdallos.com\/medias\/images\/prestations\/multitailles\/640x480_79060-vallauri_chambre1.jpg"},"320x240":{"url":"https:\/\/www.valdallos.com\/medias\/images\/prestations\/multitailles\/320x240_79060-vallauri_chambre1.jpg"},"160x120":{"url":"https:\/\/www.valdallos.com\/medias\/images\/prestations\/multitailles\/160x120_79060-vallauri_chambre1.jpg"},"origine":{"url":"https:\/\/www.valdallos.com\/medias\/images\/prestations\/79060-vallauri_chambre1.jpg"}},"urlLien":"","typeLien":"","nofollow":"N","copyright":"MC Vallauri"},{"url":"https:\/\/www.valdallos.com\/medias\/images\/prestations\/79061-vallauri_chambre2.jpg","chemin":"..\/medias\/images\/prestations\/79061-vallauri_chambre2.jpg","libelle":"Chambre \u00e0 coucher lumineuse avec deux lits simples, int\u00e9rieur bois et lambris, fen\u00eatre","extension":"jpg","categorie":"","largeur":900,"theme":"","hauteur":1200,"type":"Image","origine":"","liaisonPave":"","langue":"","id":"79061","urlVignette":"https:\/\/www.valdallos.com\/medias\/images\/prestations\/v-79061-vallauri_chambre2.jpg","alt":"Chambre \u00e0 coucher lumineuse avec deux lits simples, int\u00e9rieur bois et lambris, fen\u00eatre","title":"Chambre \u00e0 coucher lumineuse avec deux lits simples, int\u00e9rieur bois et lambris, fen\u00eatre","MultiTaille":{"1920x1440":{"url":"https:\/\/www.valdallos.com\/medias\/images\/prestations\/multitailles\/1920x1440_79061-vallauri_chambre2.jpg"},"1200x900":{"url":"https:\/\/www.valdallos.com\/medias\/images\/prestations\/multitailles\/1200x900_79061-vallauri_chambre2.jpg"},"800x600":{"url":"https:\/\/www.valdallos.com\/medias\/images\/prestations\/multitailles\/800x600_79061-vallauri_chambre2.jpg"},"640x480":{"url":"https:\/\/www.valdallos.com\/medias\/images\/prestations\/multitailles\/640x480_79061-vallauri_chambre2.jpg"},"320x240":{"url":"https:\/\/www.valdallos.com\/medias\/images\/prestations\/multitailles\/320x240_79061-vallauri_chambre2.jpg"},"160x120":{"url":"https:\/\/www.valdallos.com\/medias\/images\/prestations\/multitailles\/160x120_79061-vallauri_chambre2.jpg"},"origine":{"url":"https:\/\/www.valdallos.com\/medias\/images\/prestations\/79061-vallauri_chambre2.jpg"}},"urlLien":"","typeLien":"","nofollow":"N","copyright":"MC Vallauri"}],"ByCategorie":{"":[{"url":"https:\/\/www.valdallos.com\/medias\/images\/prestations\/79057-vallauri_salon.jpg","chemin":"..\/medias\/images\/prestations\/79057-vallauri_salon.jpg","libelle":"S\u00e9jour d'appartement lumineux avec table \u00e0 manger, canap\u00e9, ameublement bois, fen\u00eatre","extension":"jpg","categorie":"","largeur":1200,"theme":"","hauteur":900,"type":"Image","origine":"","liaisonPave":"","langue":"","id":"79057","urlVignette":"https:\/\/www.valdallos.com\/medias\/images\/prestations\/v-79057-vallauri_salon.jpg","alt":"S\u00e9jour d'appartement lumineux avec table \u00e0 manger, canap\u00e9, ameublement bois, fen\u00eatre","title":"S\u00e9jour d'appartement lumineux avec table \u00e0 manger, canap\u00e9, ameublement bois, fen\u00eatre","MultiTaille":{"1920x1440":{"url":"https:\/\/www.valdallos.com\/medias\/images\/prestations\/multitailles\/1920x1440_79057-vallauri_salon.jpg"},"1200x900":{"url":"https:\/\/www.valdallos.com\/medias\/images\/prestations\/multitailles\/1200x900_79057-vallauri_salon.jpg"},"800x600":{"url":"https:\/\/www.valdallos.com\/medias\/images\/prestations\/multitailles\/800x600_79057-vallauri_salon.jpg"},"640x480":{"url":"https:\/\/www.valdallos.com\/medias\/images\/prestations\/multitailles\/640x480_79057-vallauri_salon.jpg"},"320x240":{"url":"https:\/\/www.valdallos.com\/medias\/images\/prestations\/multitailles\/320x240_79057-vallauri_salon.jpg"},"160x120":{"url":"https:\/\/www.valdallos.com\/medias\/images\/prestations\/multitailles\/160x120_79057-vallauri_salon.jpg"},"origine":{"url":"https:\/\/www.valdallos.com\/medias\/images\/prestations\/79057-vallauri_salon.jpg"}},"urlLien":"","typeLien":"","nofollow":"N","copyright":"MC Vallauri"},{"url":"https:\/\/www.valdallos.com\/medias\/images\/prestations\/79058-vallauri_salon2.jpg","chemin":"..\/medias\/images\/prestations\/79058-vallauri_salon2.jpg","libelle":"Grand s\u00e9jour en deux parties, table \u00e0 manger, canap\u00e9, TV, ameublement bois, fen\u00eatre","extension":"jpg","categorie":"","largeur":2448,"theme":"","hauteur":3264,"type":"Image","origine":"","liaisonPave":"","langue":"","id":"79058","urlVignette":"https:\/\/www.valdallos.com\/medias\/images\/prestations\/v-79058-vallauri_salon2.jpg","alt":"Grand s\u00e9jour en deux parties, table \u00e0 manger, canap\u00e9, TV, ameublement bois, fen\u00eatre","title":"Grand s\u00e9jour en deux parties, table \u00e0 manger, canap\u00e9, TV, ameublement bois, fen\u00eatre","MultiTaille":{"1920x1440":{"url":"https:\/\/www.valdallos.com\/medias\/images\/prestations\/multitailles\/1920x1440_79058-vallauri_salon2.jpg"},"1200x900":{"url":"https:\/\/www.valdallos.com\/medias\/images\/prestations\/multitailles\/1200x900_79058-vallauri_salon2.jpg"},"800x600":{"url":"https:\/\/www.valdallos.com\/medias\/images\/prestations\/multitailles\/800x600_79058-vallauri_salon2.jpg"},"640x480":{"url":"https:\/\/www.valdallos.com\/medias\/images\/prestations\/multitailles\/640x480_79058-vallauri_salon2.jpg"},"320x240":{"url":"https:\/\/www.valdallos.com\/medias\/images\/prestations\/multitailles\/320x240_79058-vallauri_salon2.jpg"},"160x120":{"url":"https:\/\/www.valdallos.com\/medias\/images\/prestations\/multitailles\/160x120_79058-vallauri_salon2.jpg"},"origine":{"url":"https:\/\/www.valdallos.com\/medias\/images\/prestations\/79058-vallauri_salon2.jpg"}},"urlLien":"","typeLien":"","nofollow":"N","copyright":"MC Vallauri"},{"url":"https:\/\/www.valdallos.com\/medias\/images\/prestations\/79059-vallauri_cuisine.jpg","chemin":"..\/medias\/images\/prestations\/79059-vallauri_cuisine.jpg","libelle":"Coin cuisine en couloir avec machine \u00e0 laver, gazini\u00e8re, \u00e9vier","extension":"jpg","categorie":"","largeur":2448,"theme":"","hauteur":3264,"type":"Image","origine":"","liaisonPave":"","langue":"","id":"79059","urlVignette":"https:\/\/www.valdallos.com\/medias\/images\/prestations\/v-79059-vallauri_cuisine.jpg","alt":"Coin cuisine en couloir avec machine \u00e0 laver, gazini\u00e8re, \u00e9vier","title":"Coin cuisine en couloir avec machine \u00e0 laver, gazini\u00e8re, \u00e9vier","MultiTaille":{"1920x1440":{"url":"https:\/\/www.valdallos.com\/medias\/images\/prestations\/multitailles\/1920x1440_79059-vallauri_cuisine.jpg"},"1200x900":{"url":"https:\/\/www.valdallos.com\/medias\/images\/prestations\/multitailles\/1200x900_79059-vallauri_cuisine.jpg"},"800x600":{"url":"https:\/\/www.valdallos.com\/medias\/images\/prestations\/multitailles\/800x600_79059-vallauri_cuisine.jpg"},"640x480":{"url":"https:\/\/www.valdallos.com\/medias\/images\/prestations\/multitailles\/640x480_79059-vallauri_cuisine.jpg"},"320x240":{"url":"https:\/\/www.valdallos.com\/medias\/images\/prestations\/multitailles\/320x240_79059-vallauri_cuisine.jpg"},"160x120":{"url":"https:\/\/www.valdallos.com\/medias\/images\/prestations\/multitailles\/160x120_79059-vallauri_cuisine.jpg"},"origine":{"url":"https:\/\/www.valdallos.com\/medias\/images\/prestations\/79059-vallauri_cuisine.jpg"}},"urlLien":"","typeLien":"","nofollow":"N","copyright":"MC Vallauri"},{"url":"https:\/\/www.valdallos.com\/medias\/images\/prestations\/79060-vallauri_chambre1.jpg","chemin":"..\/medias\/images\/prestations\/79060-vallauri_chambre1.jpg","libelle":"Chambre \u00e0 coucher lumineuse avec lit double, int\u00e9rieur bois, ameublement bois, fen\u00eatre","extension":"jpg","categorie":"","largeur":1200,"theme":"","hauteur":900,"type":"Image","origine":"","liaisonPave":"","langue":"","id":"79060","urlVignette":"https:\/\/www.valdallos.com\/medias\/images\/prestations\/v-79060-vallauri_chambre1.jpg","alt":"Chambre \u00e0 coucher lumineuse avec lit double, int\u00e9rieur bois, ameublement bois, fen\u00eatre","title":"Chambre \u00e0 coucher lumineuse avec lit double, int\u00e9rieur bois, ameublement bois, fen\u00eatre","MultiTaille":{"1920x1440":{"url":"https:\/\/www.valdallos.com\/medias\/images\/prestations\/multitailles\/1920x1440_79060-vallauri_chambre1.jpg"},"1200x900":{"url":"https:\/\/www.valdallos.com\/medias\/images\/prestations\/multitailles\/1200x900_79060-vallauri_chambre1.jpg"},"800x600":{"url":"https:\/\/www.valdallos.com\/medias\/images\/prestations\/multitailles\/800x600_79060-vallauri_chambre1.jpg"},"640x480":{"url":"https:\/\/www.valdallos.com\/medias\/images\/prestations\/multitailles\/640x480_79060-vallauri_chambre1.jpg"},"320x240":{"url":"https:\/\/www.valdallos.com\/medias\/images\/prestations\/multitailles\/320x240_79060-vallauri_chambre1.jpg"},"160x120":{"url":"https:\/\/www.valdallos.com\/medias\/images\/prestations\/multitailles\/160x120_79060-vallauri_chambre1.jpg"},"origine":{"url":"https:\/\/www.valdallos.com\/medias\/images\/prestations\/79060-vallauri_chambre1.jpg"}},"urlLien":"","typeLien":"","nofollow":"N","copyright":"MC Vallauri"},{"url":"https:\/\/www.valdallos.com\/medias\/images\/prestations\/79061-vallauri_chambre2.jpg","chemin":"..\/medias\/images\/prestations\/79061-vallauri_chambre2.jpg","libelle":"Chambre \u00e0 coucher lumineuse avec deux lits simples, int\u00e9rieur bois et lambris, fen\u00eatre","extension":"jpg","categorie":"","largeur":900,"theme":"","hauteur":1200,"type":"Image","origine":"","liaisonPave":"","langue":"","id":"79061","urlVignette":"https:\/\/www.valdallos.com\/medias\/images\/prestations\/v-79061-vallauri_chambre2.jpg","alt":"Chambre \u00e0 coucher lumineuse avec deux lits simples, int\u00e9rieur bois et lambris, fen\u00eatre","title":"Chambre \u00e0 coucher lumineuse avec deux lits simples, int\u00e9rieur bois et lambris, fen\u00eatre","MultiTaille":{"1920x1440":{"url":"https:\/\/www.valdallos.com\/medias\/images\/prestations\/multitailles\/1920x1440_79061-vallauri_chambre2.jpg"},"1200x900":{"url":"https:\/\/www.valdallos.com\/medias\/images\/prestations\/multitailles\/1200x900_79061-vallauri_chambre2.jpg"},"800x600":{"url":"https:\/\/www.valdallos.com\/medias\/images\/prestations\/multitailles\/800x600_79061-vallauri_chambre2.jpg"},"640x480":{"url":"https:\/\/www.valdallos.com\/medias\/images\/prestations\/multitailles\/640x480_79061-vallauri_chambre2.jpg"},"320x240":{"url":"https:\/\/www.valdallos.com\/medias\/images\/prestations\/multitailles\/320x240_79061-vallauri_chambre2.jpg"},"160x120":{"url":"https:\/\/www.valdallos.com\/medias\/images\/prestations\/multitailles\/160x120_79061-vallauri_chambre2.jpg"},"origine":{"url":"https:\/\/www.valdallos.com\/medias\/images\/prestations\/79061-vallauri_chambre2.jpg"}},"urlLien":"","typeLien":"","nofollow":"N","copyright":"MC Vallauri"}]}},"DateDebPublication":"","DateFinPublication":"","PrixAPartirDe":"","PrixPour":"","FicheListeEnCours":"fiche_liste_immobilier_prestation_OT_v3","ParametresModele":{"AfficherPhotos":1,"NbPhotosMax":6,"AfficherReserver":0,"AfficherContact":0,"AfficherSalle":1,"AfficherZoneGeo":0,"AfficherEnSavoirPlus":"0","AfficherUneSeuleOuverture":0,"AfficherContactCarte":1,"AfficherTarifsChaudAPartirDe":0,"AfficherTarifChaudSansRecherche":0,"AfficherDispoAccordeon":"1","AfficherDispoResa":"1","AfficherPrixAPartirDe":"1","BlocCritereInfo":{"critere1":{"libelle":"","liste_critere":["classementPrefectoral|2631|G","classementPrefectoral|2630|G","classementPrefectoral|2629|G","classementPrefectoral|2628|G","classementPrefectoral|2627|G","classementPrefectoral|2632|G"]},"critere2":{"libelle":"","liste_critere":["GLOC|G"]},"critere3":{"libelle":""},"critere4":{"libelle":""},"critere5":{"libelle":"","liste_critere":["GHANDI|G","AFFEQUIP|WIFI|G","AFFEQUIP|ANIMAUX|G","AFFEQUIP|PARKING|G","AFFEQUIP|LAVEVAIS|G","AFFEQUIP|LAVELINGEAFF|G","GCHAMB|G","NBPERS|G","GSURFA|G","GLOGEM|G"]},"critere6":{"libelle":"","liste_critere":["GLABEL|GCLEVA|G"]},"critere7":{"libelle":""},"critere8":{"libelle":""},"critere9":{"libelle":""},"afficherpictoetpaslibelle":"1"},"BlocPaveInfo":{"texte1":{"pave":["6","15","20"],"longeurmax":"250","afficherLibelle":"0","garderHtml":"0","boutonVoirPlus":""},"texte3":{"longeurmax":"","afficherLibelle":"0","garderHtml":"0","boutonVoirPlus":""}},"CriteresComportementDispo":"DISPONIBILITES[PLANNINGACT","PositionBloc":"GALLERIE|ZONEPRINCIPALFICHEPRESTA|NOM|CARNET_VOYAGE|ACCROCHE_TARIF_DISPO","TypePrestataire":"G","ComportementResa":false,"ComportementDispo":false},"AffichageCoordonnees":[],"Coordonnees":{"Ville":"Allos"},"ContexteId":"PRESTATION|G|4678260|4691474","ContexteIdHtml":"PRESTATION-G-4678260-4691474","cleContexte":"G|4678260|4691474","Bloc":{"texte1":"Spazioso appartamento, ai piedi del villaggio.","texte3":"","critere1":{"libelle":"","contenu":{"classementPrefectoral":{"libelle":"","contenu":{"4":"\u003Cimg src=\"https:\/\/www.valdallos.com\/medias\/images\/picto\/classementPrefectoral-2628-G.png\"  alt=\"2 stelle\" title=\"2 stelle\" \/\u003E"},"codesValeurs":{"4":"classementPrefectoral|2628|G"},"criteres_datas":{"valeurs":{"4":{"2628":{"descriptif":""}}}}}}},"critere2":{"libelle":"","contenu":{"GLOC":{"libelle":"Localizzare","contenu":{"3":"Val d'Allos - Villaggio"},"codesValeurs":{"3":"GLOC|G14|G"},"criteres_datas":{"valeurs":{"3":{"G14":{"descriptif":""}}}}}}},"critere3":{"libelle":"","contenu":[]},"critere4":{"libelle":"","contenu":[]},"critere5":{"libelle":"","contenu":{"NBPERS":{"libelle":"Persone","contenu":{"3":"4 persone"},"codesValeurs":{"3":"NBPERS|GCAP04|G"},"criteres_datas":{"valeurs":{"3":{"GCAP04":{"descriptif":""}}}}},"GLOGEM":{"libelle":"tipo di alloggio","contenu":{"2":"appartamento in casa"},"codesValeurs":{"2":"GLOGEM|GAPPMA|G"},"criteres_datas":{"valeurs":{"2":{"GAPPMA":{"descriptif":""}}}}},"AFFEQUIP":{"libelle":"Servizi","contenu":{"1":"Acc\u00e8s Internet \/ Wifi","3":"Parcheggio \/ Garage","4":"Lavastoviglie","5":"Lavatrice"},"codesValeurs":{"1":"AFFEQUIP|WIFI|G","3":"AFFEQUIP|PARKING|G","4":"AFFEQUIP|LAVEVAIS|G","5":"AFFEQUIP|LAVELINGEAFF|G"},"criteres_datas":{"valeurs":{"1":{"WIFI":{"descriptif":""}},"3":{"PARKING":{"descriptif":""}},"4":{"LAVEVAIS":{"descriptif":""}},"5":{"LAVELINGEAFF":{"descriptif":""}}}}}}},"critere6":{"libelle":"","contenu":{"GLABEL":{"libelle":"marchio","contenu":{"1":"\u003Cimg src=\"https:\/\/www.valdallos.com\/medias\/images\/picto\/GLABEL-GCLEVA-G.jpg\"  alt=\"Famille Plus\" title=\"Famille Plus\" \/\u003E"},"codesValeurs":{"1":"GLABEL|GCLEVA|G"},"criteres_datas":{"valeurs":{"1":{"GCLEVA":{"descriptif":""}}}}}}},"critere7":{"libelle":"","contenu":[]},"critere8":{"libelle":"","contenu":[]},"critere9":{"libelle":"","contenu":[]}},"LocalisationGps":{"Latitude":"44.23943","Longitude":"6.62898"},"libelleDuPrestataire":"","vuePrestataire":{"pave1":{"libelle":"","contenu":""},"pave2":{"libelle":"","contenu":""},"pave3":{"libelle":"","contenu":""},"pave4":{"libelle":"","contenu":""},"pave5":{"libelle":"","contenu":""},"pave6":{"libelle":"","contenu":""},"pave7":{"libelle":"","contenu":""},"pave8":{"libelle":"","contenu":""},"pave9":{"libelle":"","contenu":""},"pave10":{"libelle":"","contenu":""},"pave11":{"libelle":"","contenu":""},"pave12":{"libelle":"","contenu":""},"pave13":{"libelle":"","contenu":""},"pave14":{"libelle":"","contenu":""},"pave15":{"libelle":"","contenu":""},"pave16":{"libelle":"","contenu":""},"pave17":{"libelle":"","contenu":""},"pave18":{"libelle":"","contenu":""},"pave19":{"libelle":"","contenu":""},"pave20":{"libelle":"","contenu":""},"pave21":{"libelle":"","contenu":""},"pave22":{"libelle":"","contenu":""},"pave23":{"libelle":"","contenu":""},"pave24":{"libelle":"","contenu":""},"pave25":{"libelle":"","contenu":""},"ContactsParType":{"GEST":{"114395":{"id_contact":"114395","type_contact":"GEST","categorie_contact":"PRESTATAIRE","societe_contact":"","fonction_contact":"","civilite_nom_prenom_contact":"Vallauri Marie-Claire ","adresse1_contact":"Grand rue","adresse2_contact":"Val d'Allos - le village","adresse3_contact":"","cpostal_contact":"04260","ville_contact":"Allos","teldom_contact":"04 92 83 88 59","telbur_contact":"","fax_contact":"","portable_contact":"06 83 62 53 04","email_contact":"","siteweb_contact":"","commentaire_contact":"","langue_contact":"","autre_moyen_com":[]}}},"ZoneGeoLibelle":"Val d\u2019Allos \u2013 Le village","Libelle":"Vallauri Marie-Claire","Nom":"Vallauri Marie-Claire ","Prenom":"","NomPrenom":"Vallauri Marie-Claire  ","CiviliteNomPrenom":"Vallauri Marie-Claire  ","Cle":"G|4678260","PrestataireParent":"","ContexteStat":"PRESTATAIRE-G-4678260","DateModificationIso":"2025-11-19T00:26:00+01:00","Type":"PRESTATAIRE","TypePrestataire":"G","Adresse":{"LigneAdresse1":"","LigneAdresse2":"","LigneAdresse3":"","CodePostal":"","Ville":"","Cedex":"","Etat":"","Pays":""},"Email":"","Telephone":"04 92 83 88 59","TelephoneBureau":"","Portable":"06 83 62 53 04","SiteWeb":"","Fax":"","Id":"g-4678260","Code":"G|4678260","Fichier":[],"Url":"","Localisation":{"GoogleMap":{"Latitude":"","Longitude":""}},"ZoneGeo":"FRPA04VAV1400","Criteres":{"GINFADH[GDEB":"20131118","GINFADH[GMONT":"80","GINFADH[GCOMM":"prochain classement 11\/2018","GTIMMO[GPARTI":"","P.GLOC[G14":"","P.6241[126905":"","P.6241[5740912":"","P.3218[311229":"","P.3220[587401":"","P.3220[5575332":"","P.3233[591419":"","P.3221[4876304":"","P.3219[5127127":"","P.3219[5239406":"","P.3219[6436838":"","P.3240[5778284":"","P.6242[5843488":"","P.3230[6139211":"","P.VilleSitra[1559":"","P.VillageDeDepart[1559":""},"DateFinPublication":"","AffichageCoordonnees":[]},"listeCriteres":{"DISPONIBILITES":{"DISPORELANCE":""},"GPREST":{"GLOCAS":"","GCOU":""},"GCAPACITE":{"4PERS":""},"NBPERS":{"GCAP04":""},"GLABEL":{"GCLEVA":""},"GLOGEM":{"GAPPMA":""},"GCHAR":{"GCHARN":""},"GEQUIC":{"GFONDU":"","GFOUR":"","GLAVEV":"","GMICRO":"","GRACLE":"","GREFIG":""},"GEQUIS":{"GTELEV":""},"GSALLE":{"GDOUCH":"","GWCIND":""},"G1EQUI":{"GMOBIL":""},"GPARKI":{"GPARKE":""},"GANIMA":{"GANINA":""},"GFAMPLUS":{"GMICRO":"","GCHAISEHAUT":"","GREHAU":"","GPOT":"","GBAIGN":"","GJEUXINT":"","GLITBEBE":"","GOFFRE":"dans le village, \u00e0 2 pas de tous les services et commerces"},"PUBLICATION":{"VALDALLOS":"","VERDONTOURISME":""},"AFFGTYPE":{"APPART":""},"GNOMBRE":{"4PERS":""},"AFFEQUIP":{"PARKING":"","LAVEVAIS":"","LAVELINGEAFF":"","WIFI":""},"GLOC":{"G14":""},"LOCVERDON":{"1559":""},"GACTIV":{"GINTER":""},"113":{"1593":""},"22":{"672":"","723":""},"126":{"972":""},"122":{"4054":"","4055":"","4063":""},"prestations":{"surchargeTourismesAdaptes":"","surchargeDescriptifHandicapMoteur":"","surchargeDescriptifHandicapAuditif":"","surchargeDescriptifHandicapVisuel":"","surchargeDescriptifHandicapMental":"","surchargeNombreFauteuilsRoulants":""},"69":{"838":"","1014":"","1015":"","4060":""},"72":{"842":"","963":""},"70":{"895":"","907":"","919":"","922":"","943":"","999":""},"73":{"902":"","973":""},"71":{"987":""},"languesParlees":{"1197":""},"6528":{"169":""},"environnements":{"185":""},"modesPaiement":{"1271":"","1277":""},"tourismeAffaires":{"tourismeAffairesEnabled":"","devise":"EUR"},"hebergementLocatifType":{"2620":""},"informationsHebergementLocatif":{"dateClassement":"2023-10-12"},"classementPrefectoral":{"2628":""},"5403":{"1613":""},"capacite":{"capaciteHebergement":"4","capaciteMaximumPossible":"4","surface":"55","nombreChambres":"2","numeroEtage":"1"},"CINTSITRA":{"5660":"","8809":""},"6241":{"126905":"","5740912":""},"3218":{"311229":""},"3220":{"587401":"","5575332":""},"3233":{"591419":""},"3221":{"4876304":""},"3219":{"5127127":"","5239406":"","6436838":""},"3240":{"5778284":""},"6242":{"5843488":""},"3230":{"6139211":""},"VilleSitra":{"1559":""},"VillageDeDepart":{"1559":""},"GINFADH":{"GDEB":"20131118","GMONT":"80","GCOMM":"prochain classement 11\/2018"},"GTIMMO":{"GPARTI":""},"P.GLOC":{"G14":""},"P.6241":{"126905":"","5740912":""},"P.3218":{"311229":""},"P.3220":{"587401":"","5575332":""},"P.3233":{"591419":""},"P.3221":{"4876304":""},"P.3219":{"5127127":"","5239406":"","6436838":""},"P.3240":{"5778284":""},"P.6242":{"5843488":""},"P.3230":{"6139211":""},"P.VilleSitra":{"1559":""},"P.VillageDeDepart":{"1559":""}},"dansCarnetVoyage":true,"Ouverture":""},"html":" \n \u003Cdiv id=\"CV-PRESTATION-G-4678260-4691474\" data-contexte-id=\"PRESTATION|G|4678260|4691474\" data-cle=\"G|4678260|4691474\" class=\"fiche-liste\"\u003E\n    \n\n    \u003C!-- partie photo --\u003E\n    \u003Cdiv class=\"photo\"\u003E\t\t\t\t\t\t\t\t\t\t\t\t\t\t\t\t\t\t\t\t\t\n        \u003Cdiv class=\"cadre_photo_principale\"\u003E\t\t\n        \n            \t\t\t\t\t\n                    \u003Ca href=\"appartamento-in-casa-2-stelle-val-dallos-le-village-val-dallos-le-village.html?origine=carnet#media\"\u003E\n                        \u003Cimg class=\"photo_principale\" alt=\"S\u00e9jour d'appartement lumineux avec table \u00e0 manger, canap\u00e9, ameublement bois, fen\u00eatre\" src=\"https:\/\/www.valdallos.com\/medias\/images\/prestations\/multitailles\/320x240_79057-vallauri_salon.jpg\" itemprop=\"image\"\u003E\n                    \u003C\/a\u003E\t\t\t\t\t\t\n                \n                    \u003C\/div\u003E\t\t\t\t\t\t\t\t\t\t\t\t\t\t\t\t\t\t\t \t\t\n    \u003C\/div\u003E\n    \n    \u003C!-- partie nom prest --\u003E\n    \u003Cdiv class=\"nom\"\u003E\n        \u003Ch2\u003EVallauri Marie Claire\u003C\/h2\u003E\n        \n            \u003C\/div\u003E\n\n         \n    \u003C!-- partie adresse --\u003E\n    \u003Cdiv class=\"adresse\"\u003E\n    \n          \n    \u003C\/div\u003E\n    \n    \u003C!-- partie liens --\u003E\n    \u003Cdiv class=\"liens\"\u003E\n            \u003Ca class=\"btn-icon btn-view \" title=\"Vedi il file dettagliato\" href=\"appartamento-in-casa-2-stelle-val-dallos-le-village-val-dallos-le-village.html?origine=carnet\"\u003E\u003C\/a\u003E\u003C!--\u003Ca class=\"btn-icon btn-view \" title=\"\" href=\"?origine=carnet#thaut\"\u003E\u003C\/a\u003E--\u003E\n      \u003Ca class=\"btn-icon btn-trash carnet_voyage_supprimer\" title=\"Elimina questo file dal mio diario di viaggio\" href=\"carnet-voyage?action=remove&fiche=G|4678260|4691474\"\u003E\u003C\/a\u003E\n    \u003C\/div\u003E\n\n\u003C\/div\u003E\n\n","icon":"https:\/\/static.ingenie.fr\/images\/carnetVoyageV3\/G.png"},"fiche":"G|4678260|4691474","popup":"\u003Cdiv id=\"bloc_popup_ajout_fiche_carnet\"\u003E\n    \u003Cdiv class=\"info_popup_ajout_fiche_carnet\"\u003E\n        Hai appena aggiunto questo elemento alla tua selezione:    \u003C\/div\u003E\n    \u003Cdiv class=\"prest_popup_ajout_fiche_carnet\"\u003E\n        Vallauri Marie Claire    \u003C\/div\u003E\n    \u003Cdiv class=\"bloc_btn_ajout_fiche_carnet form_submit_div\"\u003E\n        \u003Cinput type=\"button\" value=\"Continua la mia selezione\" title=\"Continua la mia selezione\" name=\"btn_close\" class=\"btn_close_popup_carnet form_submit\" onclick=\"$.colorbox.close()\" \/\u003E\n        \u003Cinput type=\"button\" value=\"Visualizza la mia selezione\" title=\"Visualizza la mia selezione\" name=\"btn_panier\" class=\"btn_panier_popup_carnet form_submit\" onclick=\"if(typeof CarnetVoyage != 'undefined') {CarnetVoyage.voirCarnet();}\" \/\u003E\n    \u003C\/div\u003E\n    \u003Cdiv class=\"bloc_btn_ajout_fiche_carnet\"\u003E\n        \u003Cinput type=\"checkbox\" value=\"1\" name=\"desactiver_popup\" id=\"desactiver_popup\" \/\u003E\n        \u003Clabel for=\"desactiver_popup\"\u003ENon visualizzare pi\u00f9 questo messaggio\u003C\/label\u003E\n    \u003C\/div\u003E\n\u003C\/div\u003E","success":1}