{"nbFiches":1,"dataPrest":{"infoPrest":{"pave1":{"libelle":"Descriptif","contenu":"","fichiers":[]},"pave2":{"libelle":"Indirizzo","contenu":"","fichiers":[]},"pave3":{"libelle":"Tarifs Hiver","contenu":"","fichiers":[]},"pave4":{"libelle":"Tarifs Et\u00e9","contenu":"","fichiers":[]},"pave5":{"libelle":"URL de la r\u00e9servation ou vente en ligne","contenu":"","fichiers":[]},"pave6":{"libelle":"Descriptif court","contenu":"Appartamento al 1 \u00b0 piano di una casa, situato a 100 m dal centro del villaggio, icino al parco divertimenti e al rifugio degli autobus","fichiers":[]},"pave7":{"libelle":"Descriptif d\u00e9taill\u00e9","contenu":"","fichiers":[]},"pave8":{"libelle":"Bons plans","contenu":"","fichiers":[]},"pave9":{"libelle":"Compl\u00e9ment localisation","contenu":"","fichiers":[]},"pave10":{"libelle":"Compl\u00e9ment accueil","contenu":"","fichiers":[]},"pave11":{"libelle":"P\u00e9riodes en clair","contenu":"","fichiers":[]},"pave12":{"libelle":"Tarifs en clair","contenu":"Locazione settimana.","fichiers":[]},"pave13":{"libelle":"Compl\u00e9ment Tarifs","contenu":"locazione settimana","fichiers":[]},"pave14":{"libelle":"Compl\u00e9ment R\u00e9servation","contenu":"","fichiers":[]},"pave15":{"libelle":"Descriptif court","contenu":"","fichiers":[]},"pave16":{"libelle":"Descriptif d\u00e9taill\u00e9","contenu":"","fichiers":[]},"pave17":{"libelle":"Bons plans","contenu":"","fichiers":[]},"pave18":{"libelle":"Tarifs (Tarifs en clair, Compl\u00e9ment Tarifs)","contenu":"","fichiers":[]},"pave19":{"libelle":"P\u00e9riodes en clair","contenu":"","fichiers":[]},"pave20":{"libelle":"Descriptif court","contenu":"","fichiers":[]},"pave21":{"libelle":"Descriptif d\u00e9taill\u00e9","contenu":"","fichiers":[]},"pave22":{"libelle":"Bons plans","contenu":"","fichiers":[]},"pave23":{"libelle":"Tarifs (Tarifs en clair, Compl\u00e9ment Tarifs)","contenu":"","fichiers":[]},"pave24":{"libelle":"P\u00e9riodes en clair","contenu":"","fichiers":[]},"pave25":{"libelle":"Dispositions sp\u00e9ciales","contenu":"","fichiers":[]},"Libelle":"Agnello Jean-Baptiste","Reference":"","Reftar":"","Type":"PRESTATION","TypePrestataire":"G","ContexteStat":"PRESTATION-G-5246838-5246837","DateModificationIso":"2026-04-30T13:32:00+02:00","Adresse":{"LigneAdresse1":"Les m\u00e9sanges","LigneAdresse2":"Val d'Allos - Le Village","LigneAdresse3":"","CodePostal":"04260","Ville":"Allos","Cedex":"","Etat":"","Pays":"FRA"},"Id":"g-5246838-5246837","Code":"G|5246838|5246837","Cle":"G|5246838|5246837","Url":"2-stelle-0.html","Localisation":{"GoogleMap":{"Latitude":"44.241","Longitude":"6.625"}},"ZoneGeo":"","Criteres":{"DISPONIBILITES[DISPORELANCE":"","GPREST[GLOCAS":"","GCAPACITE[4PERS":"","NBPERS[GCAP04":"","GLOGEM[GAPPMA":"","GPARKI[GPARKC":"","GPARKI[GPARKE":"","GANIMA[GANIMA":"","PUBLICATION[VALDALLOS":"","PUBLICATION[VERDONTOURISME":"","VISIBWEB[PLANNINGVISIBLE":"","GNOMBRE[4PERS":"","AFFEQUIP[ANIMAUX":"","AFFEQUIP[PARKING":"","AFFEQUIP[LAVELINGEAFF":"","GLOC[G14":"","LOCVERDON[1559":"","AFFGTYPE[APPART":"","AFFEQUIP[WIFI":"","GACTIV[GINTER":"","127[606":"","22[672":"","22[723":"","122[803":"","122[4054":"","122[4055":"","122[4063":"","126[972":"","126[1323":"","services[687":"","118[1028":"","118[1145":"","prestations[animauxAcceptes":"","prestations[surchargeTourismesAdaptes":"","prestations[surchargeDescriptifHandicapMoteur":"","prestations[surchargeDescriptifHandicapAuditif":"","prestations[surchargeDescriptifHandicapVisuel":"","prestations[surchargeDescriptifHandicapMental":"","prestations[surchargeNombreFauteuilsRoulants":"","73[796":"","73[973":"","72[842":"","72[882":"","72[963":"","70[907":"","70[919":"","70[943":"","70[951":"","70[999":"","68[971":"","69[983":"","71[986":"","languesParlees[1197":"","environnements[171":"","environnements[178":"","environnements[185":"","environnements[188":"","modesPaiement[1271":"","modesPaiement[1277":"","tourismeAffaires[tourismeAffairesEnabled":"","tourismeAffaires[devise":"EUR","hebergementLocatifType[2620":"","informationsHebergementLocatif[dateClassement":"2025-05-30","classementPrefectoral[2628":"","5403[1613":"","5403[1633":"","capacite[capaciteMaximumPossible":"4","capacite[nombreSallesDeBain":"1","capacite[nombreWC":"1","capacite[nombreLitsDoubles":"1","capacite[nombreLitsSimples":"2","capacite[surface":"52","capacite[nombrePieces":"4","capacite[nombreChambres":"2","capacite[numeroEtage":"1","CINTSITRA[5660":"","CINTSITRA[8809":"","6241[126905":"","6241[5740912":"","3218[311229":"","3220[587401":"","3220[5575332":"","3233[591419":"","3221[4876304":"","3219[5127127":"","3219[5239406":"","3219[6436838":"","3240[5778284":"","6242[5843488":"","3230[6139211":"","VilleSitra[1559":"","VillageDeDepart[1559":"","DISPONIBILITES[PLANNINGACT":""},"ContactsParType":{"IWEB":{"116466":{"id_contact":"116466","type_contact":"IWEB","categorie_contact":"PRESTATION","societe_contact":"","fonction_contact":"","civilite_nom_prenom_contact":"Agnello Jean-Baptiste  ","adresse1_contact":"","adresse2_contact":"","adresse3_contact":"","cpostal_contact":"","ville_contact":"","teldom_contact":"09 67 33 02 46","telbur_contact":"","fax_contact":"","portable_contact":"06 82 12 81 19","email_contact":"jeannot.agnello@gmail.com","siteweb_contact":"","commentaire_contact":"","langue_contact":"","autre_moyen_com":[]}}},"ContactRemplaceCoordonnees":"116466","Prestataire":{"pave1":{"libelle":"","contenu":""},"pave2":{"libelle":"","contenu":""},"pave3":{"libelle":"","contenu":""},"pave4":{"libelle":"","contenu":""},"pave5":{"libelle":"","contenu":""},"pave6":{"libelle":"","contenu":""},"pave7":{"libelle":"","contenu":""},"pave8":{"libelle":"","contenu":""},"pave9":{"libelle":"","contenu":""},"pave10":{"libelle":"","contenu":""},"pave11":{"libelle":"","contenu":""},"pave12":{"libelle":"","contenu":""},"pave13":{"libelle":"","contenu":""},"pave14":{"libelle":"","contenu":""},"pave15":{"libelle":"","contenu":""},"pave16":{"libelle":"","contenu":""},"pave17":{"libelle":"","contenu":""},"pave18":{"libelle":"","contenu":""},"pave19":{"libelle":"","contenu":""},"pave20":{"libelle":"","contenu":""},"pave21":{"libelle":"","contenu":""},"pave22":{"libelle":"","contenu":""},"pave23":{"libelle":"","contenu":""},"pave24":{"libelle":"","contenu":""},"pave25":{"libelle":"","contenu":""},"ContactsParType":{"GEST":{"114302":{"id_contact":"114302","type_contact":"GEST","categorie_contact":"PRESTATAIRE","societe_contact":"","fonction_contact":"","civilite_nom_prenom_contact":"Agnello Jean-Baptiste ","adresse1_contact":"Les m\u00e9sanges","adresse2_contact":"Val d'Allos - Le Village","adresse3_contact":"","cpostal_contact":"04260","ville_contact":"Allos","teldom_contact":"09 67 33 02 46","telbur_contact":"","fax_contact":"","portable_contact":"06 82 12 81 19","email_contact":"jeannot.agnello@gmail.com","siteweb_contact":"","commentaire_contact":"","langue_contact":"","autre_moyen_com":[]},"114476":{"id_contact":"114476","type_contact":"GEST","categorie_contact":"PRESTATAIRE","societe_contact":"","fonction_contact":"","civilite_nom_prenom_contact":"Agnello Jean-Baptiste ","adresse1_contact":"Les m\u00e9sanges","adresse2_contact":"Val d'Allos - Le Village","adresse3_contact":"","cpostal_contact":"04260","ville_contact":"Allos","teldom_contact":"09 67 33 02 46","telbur_contact":"","fax_contact":"","portable_contact":"06 82 12 81 19","email_contact":"jeannot.agnello@gmail.com","siteweb_contact":"","commentaire_contact":"","langue_contact":"","autre_moyen_com":[]}}},"Libelle":"Agnello Jean-Baptiste","Nom":"Agnello Jean-Baptiste ","Prenom":"","NomPrenom":"Agnello Jean-Baptiste  ","CiviliteNomPrenom":"Agnello Jean-Baptiste  ","Cle":"G|5246838","PrestataireParent":"","ContexteStat":"PRESTATAIRE-G-5246838","DateModificationIso":"2025-11-19T00:23:00+01:00","Type":"PRESTATAIRE","TypePrestataire":"G","Adresse":{"LigneAdresse1":"","LigneAdresse2":"","LigneAdresse3":"","CodePostal":"","Ville":"","Cedex":"","Etat":"","Pays":""},"Email":"jeannot.agnello@gmail.com","Telephone":"09 67 33 02 46","TelephoneBureau":"","Portable":"06 82 12 81 19","SiteWeb":"","Fax":"","Id":"g-5246838","Code":"G|5246838","Fichier":[],"Url":"","Localisation":{"GoogleMap":{"Latitude":"44.241","Longitude":"6.625"}},"ZoneGeo":"","Criteres":{"GINFADH[GDEB":"20190515","GTIMMO[GPARTI":"","P.GLOC[G14":"","P.environnements[185":"","P.environnements[188":"","P.6241[126905":"","P.6241[5740912":"","P.3218[311229":"","P.3220[587401":"","P.3220[5575332":"","P.3233[591419":"","P.3221[4876304":"","P.3219[5127127":"","P.3219[5239406":"","P.3219[6436838":"","P.3240[5778284":"","P.6242[5843488":"","P.3230[6139211":"","P.VilleSitra[1559":"","P.VillageDeDepart[1559":""},"DateFinPublication":""},"Fichier":{"Image":[{"url":"https:\/\/www.valdallos.com\/medias\/images\/prestations\/78339-maison_agnello.jpg","chemin":"..\/medias\/images\/prestations\/78339-maison_agnello.jpg","libelle":"appartement 1er \u00e9tage maison, balcon ext\u00e9rieur, escalier","extension":"jpg","categorie":"","largeur":1598,"theme":"","hauteur":1200,"type":"Image","origine":"","liaisonPave":"","langue":"","id":"78339","urlVignette":"https:\/\/www.valdallos.com\/medias\/images\/prestations\/v-78339-maison_agnello.jpg","alt":"appartement 1er \u00e9tage maison, balcon ext\u00e9rieur, escalier","title":"appartement 1er \u00e9tage maison, balcon ext\u00e9rieur, escalier","MultiTaille":{"1920x1440":{"url":"https:\/\/www.valdallos.com\/medias\/images\/prestations\/multitailles\/1920x1440_78339-maison_agnello.jpg"},"1200x900":{"url":"https:\/\/www.valdallos.com\/medias\/images\/prestations\/multitailles\/1200x900_78339-maison_agnello.jpg"},"800x600":{"url":"https:\/\/www.valdallos.com\/medias\/images\/prestations\/multitailles\/800x600_78339-maison_agnello.jpg"},"640x480":{"url":"https:\/\/www.valdallos.com\/medias\/images\/prestations\/multitailles\/640x480_78339-maison_agnello.jpg"},"320x240":{"url":"https:\/\/www.valdallos.com\/medias\/images\/prestations\/multitailles\/320x240_78339-maison_agnello.jpg"},"160x120":{"url":"https:\/\/www.valdallos.com\/medias\/images\/prestations\/multitailles\/160x120_78339-maison_agnello.jpg"},"origine":{"url":"https:\/\/www.valdallos.com\/medias\/images\/prestations\/78339-maison_agnello.jpg"}},"urlLien":"","typeLien":"","nofollow":"N","copyright":"JB Agnello"},{"url":"https:\/\/www.valdallos.com\/medias\/images\/prestations\/78340-img_5980.jpg","chemin":"..\/medias\/images\/prestations\/78340-img_5980.jpg","libelle":"s\u00e9jour avec coin cuisine, lumineuse (fen\u00eatre et velux)","extension":"jpg","categorie":"","largeur":1600,"theme":"","hauteur":1200,"type":"Image","origine":"","liaisonPave":"","langue":"","id":"78340","urlVignette":"https:\/\/www.valdallos.com\/medias\/images\/prestations\/v-78340-img_5980.jpg","alt":"s\u00e9jour avec coin cuisine, lumineuse (fen\u00eatre et velux)","title":"s\u00e9jour avec coin cuisine, lumineuse (fen\u00eatre et velux)","MultiTaille":{"1920x1440":{"url":"https:\/\/www.valdallos.com\/medias\/images\/prestations\/multitailles\/1920x1440_78340-img_5980.jpg"},"1200x900":{"url":"https:\/\/www.valdallos.com\/medias\/images\/prestations\/multitailles\/1200x900_78340-img_5980.jpg"},"800x600":{"url":"https:\/\/www.valdallos.com\/medias\/images\/prestations\/multitailles\/800x600_78340-img_5980.jpg"},"640x480":{"url":"https:\/\/www.valdallos.com\/medias\/images\/prestations\/multitailles\/640x480_78340-img_5980.jpg"},"320x240":{"url":"https:\/\/www.valdallos.com\/medias\/images\/prestations\/multitailles\/320x240_78340-img_5980.jpg"},"160x120":{"url":"https:\/\/www.valdallos.com\/medias\/images\/prestations\/multitailles\/160x120_78340-img_5980.jpg"},"origine":{"url":"https:\/\/www.valdallos.com\/medias\/images\/prestations\/78340-img_5980.jpg"}},"urlLien":"","typeLien":"","nofollow":"N","copyright":"JB Agnello"},{"url":"https:\/\/www.valdallos.com\/medias\/images\/prestations\/78341-img_5981.jpg","chemin":"..\/medias\/images\/prestations\/78341-img_5981.jpg","libelle":"s\u00e9jour avec coin cuisine, t\u00e9l\u00e9vision, acc\u00e8s chambre","extension":"jpg","categorie":"","largeur":1600,"theme":"","hauteur":1200,"type":"Image","origine":"","liaisonPave":"","langue":"","id":"78341","urlVignette":"https:\/\/www.valdallos.com\/medias\/images\/prestations\/v-78341-img_5981.jpg","alt":"s\u00e9jour avec coin cuisine, t\u00e9l\u00e9vision, acc\u00e8s chambre","title":"s\u00e9jour avec coin cuisine, t\u00e9l\u00e9vision, acc\u00e8s chambre","MultiTaille":{"1920x1440":{"url":"https:\/\/www.valdallos.com\/medias\/images\/prestations\/multitailles\/1920x1440_78341-img_5981.jpg"},"1200x900":{"url":"https:\/\/www.valdallos.com\/medias\/images\/prestations\/multitailles\/1200x900_78341-img_5981.jpg"},"800x600":{"url":"https:\/\/www.valdallos.com\/medias\/images\/prestations\/multitailles\/800x600_78341-img_5981.jpg"},"640x480":{"url":"https:\/\/www.valdallos.com\/medias\/images\/prestations\/multitailles\/640x480_78341-img_5981.jpg"},"320x240":{"url":"https:\/\/www.valdallos.com\/medias\/images\/prestations\/multitailles\/320x240_78341-img_5981.jpg"},"160x120":{"url":"https:\/\/www.valdallos.com\/medias\/images\/prestations\/multitailles\/160x120_78341-img_5981.jpg"},"origine":{"url":"https:\/\/www.valdallos.com\/medias\/images\/prestations\/78341-img_5981.jpg"}},"urlLien":"","typeLien":"","nofollow":"N","copyright":"JB Agnello"},{"url":"https:\/\/www.valdallos.com\/medias\/images\/prestations\/78342-img_5994.jpg","chemin":"..\/medias\/images\/prestations\/78342-img_5994.jpg","libelle":"chambre \u00e0 coucher lit deux places","extension":"jpg","categorie":"","largeur":900,"theme":"","hauteur":1200,"type":"Image","origine":"","liaisonPave":"","langue":"","id":"78342","urlVignette":"https:\/\/www.valdallos.com\/medias\/images\/prestations\/v-78342-img_5994.jpg","alt":"chambre \u00e0 coucher lit deux places","title":"chambre \u00e0 coucher lit deux places","MultiTaille":{"1920x1440":{"url":"https:\/\/www.valdallos.com\/medias\/images\/prestations\/multitailles\/1920x1440_78342-img_5994.jpg"},"1200x900":{"url":"https:\/\/www.valdallos.com\/medias\/images\/prestations\/multitailles\/1200x900_78342-img_5994.jpg"},"800x600":{"url":"https:\/\/www.valdallos.com\/medias\/images\/prestations\/multitailles\/800x600_78342-img_5994.jpg"},"640x480":{"url":"https:\/\/www.valdallos.com\/medias\/images\/prestations\/multitailles\/640x480_78342-img_5994.jpg"},"320x240":{"url":"https:\/\/www.valdallos.com\/medias\/images\/prestations\/multitailles\/320x240_78342-img_5994.jpg"},"160x120":{"url":"https:\/\/www.valdallos.com\/medias\/images\/prestations\/multitailles\/160x120_78342-img_5994.jpg"},"origine":{"url":"https:\/\/www.valdallos.com\/medias\/images\/prestations\/78342-img_5994.jpg"}},"urlLien":"","typeLien":"","nofollow":"N","copyright":"JB Agnello"},{"url":"https:\/\/www.valdallos.com\/medias\/images\/prestations\/78343-img_5983.jpg","chemin":"..\/medias\/images\/prestations\/78343-img_5983.jpg","libelle":"chambre \u00e0 coucher deux lits simples","extension":"jpg","categorie":"","largeur":900,"theme":"","hauteur":1200,"type":"Image","origine":"","liaisonPave":"","langue":"","id":"78343","urlVignette":"https:\/\/www.valdallos.com\/medias\/images\/prestations\/v-78343-img_5983.jpg","alt":"chambre \u00e0 coucher deux lits simples","title":"chambre \u00e0 coucher deux lits simples","MultiTaille":{"1920x1440":{"url":"https:\/\/www.valdallos.com\/medias\/images\/prestations\/multitailles\/1920x1440_78343-img_5983.jpg"},"1200x900":{"url":"https:\/\/www.valdallos.com\/medias\/images\/prestations\/multitailles\/1200x900_78343-img_5983.jpg"},"800x600":{"url":"https:\/\/www.valdallos.com\/medias\/images\/prestations\/multitailles\/800x600_78343-img_5983.jpg"},"640x480":{"url":"https:\/\/www.valdallos.com\/medias\/images\/prestations\/multitailles\/640x480_78343-img_5983.jpg"},"320x240":{"url":"https:\/\/www.valdallos.com\/medias\/images\/prestations\/multitailles\/320x240_78343-img_5983.jpg"},"160x120":{"url":"https:\/\/www.valdallos.com\/medias\/images\/prestations\/multitailles\/160x120_78343-img_5983.jpg"},"origine":{"url":"https:\/\/www.valdallos.com\/medias\/images\/prestations\/78343-img_5983.jpg"}},"urlLien":"","typeLien":"","nofollow":"N","copyright":"JB Agnello"},{"url":"https:\/\/www.valdallos.com\/medias\/images\/prestations\/78344-img_20211018_121512.jpg","chemin":"..\/medias\/images\/prestations\/78344-img_20211018_121512.jpg","libelle":"salle de bains, grand bac \u00e0 douche lumineux","extension":"jpg","categorie":"","largeur":900,"theme":"","hauteur":1200,"type":"Image","origine":"","liaisonPave":"","langue":"","id":"78344","urlVignette":"https:\/\/www.valdallos.com\/medias\/images\/prestations\/v-78344-img_20211018_121512.jpg","alt":"salle de bains, grand bac \u00e0 douche lumineux","title":"salle de bains, grand bac \u00e0 douche lumineux","MultiTaille":{"1920x1440":{"url":"https:\/\/www.valdallos.com\/medias\/images\/prestations\/multitailles\/1920x1440_78344-img_20211018_121512.jpg"},"1200x900":{"url":"https:\/\/www.valdallos.com\/medias\/images\/prestations\/multitailles\/1200x900_78344-img_20211018_121512.jpg"},"800x600":{"url":"https:\/\/www.valdallos.com\/medias\/images\/prestations\/multitailles\/800x600_78344-img_20211018_121512.jpg"},"640x480":{"url":"https:\/\/www.valdallos.com\/medias\/images\/prestations\/multitailles\/640x480_78344-img_20211018_121512.jpg"},"320x240":{"url":"https:\/\/www.valdallos.com\/medias\/images\/prestations\/multitailles\/320x240_78344-img_20211018_121512.jpg"},"160x120":{"url":"https:\/\/www.valdallos.com\/medias\/images\/prestations\/multitailles\/160x120_78344-img_20211018_121512.jpg"},"origine":{"url":"https:\/\/www.valdallos.com\/medias\/images\/prestations\/78344-img_20211018_121512.jpg"}},"urlLien":"","typeLien":"","nofollow":"N","copyright":"JB Agnello"},{"url":"https:\/\/www.valdallos.com\/medias\/images\/prestations\/78345-img_5995.jpg","chemin":"..\/medias\/images\/prestations\/78345-img_5995.jpg","libelle":"maison lumineuse, espace d\u00e9gag\u00e9, jardin, parking, parc de loisirs","extension":"jpg","categorie":"","largeur":1000,"theme":"","hauteur":1200,"type":"Image","origine":"","liaisonPave":"","langue":"","id":"78345","urlVignette":"https:\/\/www.valdallos.com\/medias\/images\/prestations\/v-78345-img_5995.jpg","alt":"maison lumineuse, espace d\u00e9gag\u00e9, jardin, parking, parc de loisirs","title":"maison lumineuse, espace d\u00e9gag\u00e9, jardin, parking, parc de loisirs","MultiTaille":{"1920x1440":{"url":"https:\/\/www.valdallos.com\/medias\/images\/prestations\/multitailles\/1920x1440_78345-img_5995.jpg"},"1200x900":{"url":"https:\/\/www.valdallos.com\/medias\/images\/prestations\/multitailles\/1200x900_78345-img_5995.jpg"},"800x600":{"url":"https:\/\/www.valdallos.com\/medias\/images\/prestations\/multitailles\/800x600_78345-img_5995.jpg"},"640x480":{"url":"https:\/\/www.valdallos.com\/medias\/images\/prestations\/multitailles\/640x480_78345-img_5995.jpg"},"320x240":{"url":"https:\/\/www.valdallos.com\/medias\/images\/prestations\/multitailles\/320x240_78345-img_5995.jpg"},"160x120":{"url":"https:\/\/www.valdallos.com\/medias\/images\/prestations\/multitailles\/160x120_78345-img_5995.jpg"},"origine":{"url":"https:\/\/www.valdallos.com\/medias\/images\/prestations\/78345-img_5995.jpg"}},"urlLien":"","typeLien":"","nofollow":"N","copyright":"JB Agnello"}],"ByCategorie":{"":[{"url":"https:\/\/www.valdallos.com\/medias\/images\/prestations\/78339-maison_agnello.jpg","chemin":"..\/medias\/images\/prestations\/78339-maison_agnello.jpg","libelle":"appartement 1er \u00e9tage maison, balcon ext\u00e9rieur, escalier","extension":"jpg","categorie":"","largeur":1598,"theme":"","hauteur":1200,"type":"Image","origine":"","liaisonPave":"","langue":"","id":"78339","urlVignette":"https:\/\/www.valdallos.com\/medias\/images\/prestations\/v-78339-maison_agnello.jpg","alt":"appartement 1er \u00e9tage maison, balcon ext\u00e9rieur, escalier","title":"appartement 1er \u00e9tage maison, balcon ext\u00e9rieur, escalier","MultiTaille":{"1920x1440":{"url":"https:\/\/www.valdallos.com\/medias\/images\/prestations\/multitailles\/1920x1440_78339-maison_agnello.jpg"},"1200x900":{"url":"https:\/\/www.valdallos.com\/medias\/images\/prestations\/multitailles\/1200x900_78339-maison_agnello.jpg"},"800x600":{"url":"https:\/\/www.valdallos.com\/medias\/images\/prestations\/multitailles\/800x600_78339-maison_agnello.jpg"},"640x480":{"url":"https:\/\/www.valdallos.com\/medias\/images\/prestations\/multitailles\/640x480_78339-maison_agnello.jpg"},"320x240":{"url":"https:\/\/www.valdallos.com\/medias\/images\/prestations\/multitailles\/320x240_78339-maison_agnello.jpg"},"160x120":{"url":"https:\/\/www.valdallos.com\/medias\/images\/prestations\/multitailles\/160x120_78339-maison_agnello.jpg"},"origine":{"url":"https:\/\/www.valdallos.com\/medias\/images\/prestations\/78339-maison_agnello.jpg"}},"urlLien":"","typeLien":"","nofollow":"N","copyright":"JB Agnello"},{"url":"https:\/\/www.valdallos.com\/medias\/images\/prestations\/78340-img_5980.jpg","chemin":"..\/medias\/images\/prestations\/78340-img_5980.jpg","libelle":"s\u00e9jour avec coin cuisine, lumineuse (fen\u00eatre et velux)","extension":"jpg","categorie":"","largeur":1600,"theme":"","hauteur":1200,"type":"Image","origine":"","liaisonPave":"","langue":"","id":"78340","urlVignette":"https:\/\/www.valdallos.com\/medias\/images\/prestations\/v-78340-img_5980.jpg","alt":"s\u00e9jour avec coin cuisine, lumineuse (fen\u00eatre et velux)","title":"s\u00e9jour avec coin cuisine, lumineuse (fen\u00eatre et velux)","MultiTaille":{"1920x1440":{"url":"https:\/\/www.valdallos.com\/medias\/images\/prestations\/multitailles\/1920x1440_78340-img_5980.jpg"},"1200x900":{"url":"https:\/\/www.valdallos.com\/medias\/images\/prestations\/multitailles\/1200x900_78340-img_5980.jpg"},"800x600":{"url":"https:\/\/www.valdallos.com\/medias\/images\/prestations\/multitailles\/800x600_78340-img_5980.jpg"},"640x480":{"url":"https:\/\/www.valdallos.com\/medias\/images\/prestations\/multitailles\/640x480_78340-img_5980.jpg"},"320x240":{"url":"https:\/\/www.valdallos.com\/medias\/images\/prestations\/multitailles\/320x240_78340-img_5980.jpg"},"160x120":{"url":"https:\/\/www.valdallos.com\/medias\/images\/prestations\/multitailles\/160x120_78340-img_5980.jpg"},"origine":{"url":"https:\/\/www.valdallos.com\/medias\/images\/prestations\/78340-img_5980.jpg"}},"urlLien":"","typeLien":"","nofollow":"N","copyright":"JB Agnello"},{"url":"https:\/\/www.valdallos.com\/medias\/images\/prestations\/78341-img_5981.jpg","chemin":"..\/medias\/images\/prestations\/78341-img_5981.jpg","libelle":"s\u00e9jour avec coin cuisine, t\u00e9l\u00e9vision, acc\u00e8s chambre","extension":"jpg","categorie":"","largeur":1600,"theme":"","hauteur":1200,"type":"Image","origine":"","liaisonPave":"","langue":"","id":"78341","urlVignette":"https:\/\/www.valdallos.com\/medias\/images\/prestations\/v-78341-img_5981.jpg","alt":"s\u00e9jour avec coin cuisine, t\u00e9l\u00e9vision, acc\u00e8s chambre","title":"s\u00e9jour avec coin cuisine, t\u00e9l\u00e9vision, acc\u00e8s chambre","MultiTaille":{"1920x1440":{"url":"https:\/\/www.valdallos.com\/medias\/images\/prestations\/multitailles\/1920x1440_78341-img_5981.jpg"},"1200x900":{"url":"https:\/\/www.valdallos.com\/medias\/images\/prestations\/multitailles\/1200x900_78341-img_5981.jpg"},"800x600":{"url":"https:\/\/www.valdallos.com\/medias\/images\/prestations\/multitailles\/800x600_78341-img_5981.jpg"},"640x480":{"url":"https:\/\/www.valdallos.com\/medias\/images\/prestations\/multitailles\/640x480_78341-img_5981.jpg"},"320x240":{"url":"https:\/\/www.valdallos.com\/medias\/images\/prestations\/multitailles\/320x240_78341-img_5981.jpg"},"160x120":{"url":"https:\/\/www.valdallos.com\/medias\/images\/prestations\/multitailles\/160x120_78341-img_5981.jpg"},"origine":{"url":"https:\/\/www.valdallos.com\/medias\/images\/prestations\/78341-img_5981.jpg"}},"urlLien":"","typeLien":"","nofollow":"N","copyright":"JB Agnello"},{"url":"https:\/\/www.valdallos.com\/medias\/images\/prestations\/78342-img_5994.jpg","chemin":"..\/medias\/images\/prestations\/78342-img_5994.jpg","libelle":"chambre \u00e0 coucher lit deux places","extension":"jpg","categorie":"","largeur":900,"theme":"","hauteur":1200,"type":"Image","origine":"","liaisonPave":"","langue":"","id":"78342","urlVignette":"https:\/\/www.valdallos.com\/medias\/images\/prestations\/v-78342-img_5994.jpg","alt":"chambre \u00e0 coucher lit deux places","title":"chambre \u00e0 coucher lit deux places","MultiTaille":{"1920x1440":{"url":"https:\/\/www.valdallos.com\/medias\/images\/prestations\/multitailles\/1920x1440_78342-img_5994.jpg"},"1200x900":{"url":"https:\/\/www.valdallos.com\/medias\/images\/prestations\/multitailles\/1200x900_78342-img_5994.jpg"},"800x600":{"url":"https:\/\/www.valdallos.com\/medias\/images\/prestations\/multitailles\/800x600_78342-img_5994.jpg"},"640x480":{"url":"https:\/\/www.valdallos.com\/medias\/images\/prestations\/multitailles\/640x480_78342-img_5994.jpg"},"320x240":{"url":"https:\/\/www.valdallos.com\/medias\/images\/prestations\/multitailles\/320x240_78342-img_5994.jpg"},"160x120":{"url":"https:\/\/www.valdallos.com\/medias\/images\/prestations\/multitailles\/160x120_78342-img_5994.jpg"},"origine":{"url":"https:\/\/www.valdallos.com\/medias\/images\/prestations\/78342-img_5994.jpg"}},"urlLien":"","typeLien":"","nofollow":"N","copyright":"JB Agnello"},{"url":"https:\/\/www.valdallos.com\/medias\/images\/prestations\/78343-img_5983.jpg","chemin":"..\/medias\/images\/prestations\/78343-img_5983.jpg","libelle":"chambre \u00e0 coucher deux lits simples","extension":"jpg","categorie":"","largeur":900,"theme":"","hauteur":1200,"type":"Image","origine":"","liaisonPave":"","langue":"","id":"78343","urlVignette":"https:\/\/www.valdallos.com\/medias\/images\/prestations\/v-78343-img_5983.jpg","alt":"chambre \u00e0 coucher deux lits simples","title":"chambre \u00e0 coucher deux lits simples","MultiTaille":{"1920x1440":{"url":"https:\/\/www.valdallos.com\/medias\/images\/prestations\/multitailles\/1920x1440_78343-img_5983.jpg"},"1200x900":{"url":"https:\/\/www.valdallos.com\/medias\/images\/prestations\/multitailles\/1200x900_78343-img_5983.jpg"},"800x600":{"url":"https:\/\/www.valdallos.com\/medias\/images\/prestations\/multitailles\/800x600_78343-img_5983.jpg"},"640x480":{"url":"https:\/\/www.valdallos.com\/medias\/images\/prestations\/multitailles\/640x480_78343-img_5983.jpg"},"320x240":{"url":"https:\/\/www.valdallos.com\/medias\/images\/prestations\/multitailles\/320x240_78343-img_5983.jpg"},"160x120":{"url":"https:\/\/www.valdallos.com\/medias\/images\/prestations\/multitailles\/160x120_78343-img_5983.jpg"},"origine":{"url":"https:\/\/www.valdallos.com\/medias\/images\/prestations\/78343-img_5983.jpg"}},"urlLien":"","typeLien":"","nofollow":"N","copyright":"JB Agnello"},{"url":"https:\/\/www.valdallos.com\/medias\/images\/prestations\/78344-img_20211018_121512.jpg","chemin":"..\/medias\/images\/prestations\/78344-img_20211018_121512.jpg","libelle":"salle de bains, grand bac \u00e0 douche lumineux","extension":"jpg","categorie":"","largeur":900,"theme":"","hauteur":1200,"type":"Image","origine":"","liaisonPave":"","langue":"","id":"78344","urlVignette":"https:\/\/www.valdallos.com\/medias\/images\/prestations\/v-78344-img_20211018_121512.jpg","alt":"salle de bains, grand bac \u00e0 douche lumineux","title":"salle de bains, grand bac \u00e0 douche lumineux","MultiTaille":{"1920x1440":{"url":"https:\/\/www.valdallos.com\/medias\/images\/prestations\/multitailles\/1920x1440_78344-img_20211018_121512.jpg"},"1200x900":{"url":"https:\/\/www.valdallos.com\/medias\/images\/prestations\/multitailles\/1200x900_78344-img_20211018_121512.jpg"},"800x600":{"url":"https:\/\/www.valdallos.com\/medias\/images\/prestations\/multitailles\/800x600_78344-img_20211018_121512.jpg"},"640x480":{"url":"https:\/\/www.valdallos.com\/medias\/images\/prestations\/multitailles\/640x480_78344-img_20211018_121512.jpg"},"320x240":{"url":"https:\/\/www.valdallos.com\/medias\/images\/prestations\/multitailles\/320x240_78344-img_20211018_121512.jpg"},"160x120":{"url":"https:\/\/www.valdallos.com\/medias\/images\/prestations\/multitailles\/160x120_78344-img_20211018_121512.jpg"},"origine":{"url":"https:\/\/www.valdallos.com\/medias\/images\/prestations\/78344-img_20211018_121512.jpg"}},"urlLien":"","typeLien":"","nofollow":"N","copyright":"JB Agnello"},{"url":"https:\/\/www.valdallos.com\/medias\/images\/prestations\/78345-img_5995.jpg","chemin":"..\/medias\/images\/prestations\/78345-img_5995.jpg","libelle":"maison lumineuse, espace d\u00e9gag\u00e9, jardin, parking, parc de loisirs","extension":"jpg","categorie":"","largeur":1000,"theme":"","hauteur":1200,"type":"Image","origine":"","liaisonPave":"","langue":"","id":"78345","urlVignette":"https:\/\/www.valdallos.com\/medias\/images\/prestations\/v-78345-img_5995.jpg","alt":"maison lumineuse, espace d\u00e9gag\u00e9, jardin, parking, parc de loisirs","title":"maison lumineuse, espace d\u00e9gag\u00e9, jardin, parking, parc de loisirs","MultiTaille":{"1920x1440":{"url":"https:\/\/www.valdallos.com\/medias\/images\/prestations\/multitailles\/1920x1440_78345-img_5995.jpg"},"1200x900":{"url":"https:\/\/www.valdallos.com\/medias\/images\/prestations\/multitailles\/1200x900_78345-img_5995.jpg"},"800x600":{"url":"https:\/\/www.valdallos.com\/medias\/images\/prestations\/multitailles\/800x600_78345-img_5995.jpg"},"640x480":{"url":"https:\/\/www.valdallos.com\/medias\/images\/prestations\/multitailles\/640x480_78345-img_5995.jpg"},"320x240":{"url":"https:\/\/www.valdallos.com\/medias\/images\/prestations\/multitailles\/320x240_78345-img_5995.jpg"},"160x120":{"url":"https:\/\/www.valdallos.com\/medias\/images\/prestations\/multitailles\/160x120_78345-img_5995.jpg"},"origine":{"url":"https:\/\/www.valdallos.com\/medias\/images\/prestations\/78345-img_5995.jpg"}},"urlLien":"","typeLien":"","nofollow":"N","copyright":"JB Agnello"}]}},"DateDebPublication":"","DateFinPublication":"","PrixAPartirDe":"","PrixPour":"","FicheListeEnCours":"fiche_liste_immobilier_prestation_OT_v3","ParametresModele":{"AfficherPhotos":1,"NbPhotosMax":6,"AfficherReserver":0,"AfficherContact":0,"AfficherSalle":1,"AfficherZoneGeo":0,"AfficherEnSavoirPlus":"0","AfficherUneSeuleOuverture":0,"AfficherContactCarte":1,"AfficherTarifsChaudAPartirDe":0,"AfficherTarifChaudSansRecherche":0,"AfficherDispoAccordeon":"1","AfficherDispoResa":"1","AfficherPrixAPartirDe":"1","BlocCritereInfo":{"critere1":{"libelle":"","liste_critere":["classementPrefectoral|2631|G","classementPrefectoral|2630|G","classementPrefectoral|2629|G","classementPrefectoral|2628|G","classementPrefectoral|2627|G","classementPrefectoral|2632|G"]},"critere2":{"libelle":"","liste_critere":["GLOC|G"]},"critere3":{"libelle":""},"critere4":{"libelle":""},"critere5":{"libelle":"","liste_critere":["GHANDI|G","AFFEQUIP|WIFI|G","AFFEQUIP|ANIMAUX|G","AFFEQUIP|PARKING|G","AFFEQUIP|LAVEVAIS|G","AFFEQUIP|LAVELINGEAFF|G","GCHAMB|G","NBPERS|G","GSURFA|G","GLOGEM|G"]},"critere6":{"libelle":"","liste_critere":["GLABEL|GCLEVA|G"]},"critere7":{"libelle":""},"critere8":{"libelle":""},"critere9":{"libelle":""},"afficherpictoetpaslibelle":"1"},"BlocPaveInfo":{"texte1":{"pave":["6","15","20"],"longeurmax":"250","afficherLibelle":"0","garderHtml":"0","boutonVoirPlus":""},"texte3":{"longeurmax":"","afficherLibelle":"0","garderHtml":"0","boutonVoirPlus":""}},"CriteresComportementDispo":"DISPONIBILITES[PLANNINGACT","PositionBloc":"GALLERIE|ZONEPRINCIPALFICHEPRESTA|NOM|CARNET_VOYAGE|ACCROCHE_TARIF_DISPO","TypePrestataire":"G","ComportementResa":false,"ComportementDispo":true},"AffichageCoordonnees":[],"Coordonnees":{"Ville":"Allos"},"ContexteId":"PRESTATION|G|5246838|5246837","ContexteIdHtml":"PRESTATION-G-5246838-5246837","cleContexte":"G|5246838|5246837","Bloc":{"texte1":"Appartamento al 1 \u00b0 piano di una casa, situato a 100 m dal centro del villaggio, icino al parco divertimenti e al rifugio degli autobus","texte3":"","critere1":{"libelle":"","contenu":{"classementPrefectoral":{"libelle":"","contenu":{"4":"\u003Cimg src=\"https:\/\/www.valdallos.com\/medias\/images\/picto\/classementPrefectoral-2628-G.png\"  alt=\"2 stelle\" title=\"2 stelle\" \/\u003E"},"codesValeurs":{"4":"classementPrefectoral|2628|G"},"criteres_datas":{"valeurs":{"4":{"2628":{"descriptif":""}}}}}}},"critere2":{"libelle":"","contenu":{"GLOC":{"libelle":"Localizzare","contenu":{"3":"Val d'Allos - Villaggio"},"codesValeurs":{"3":"GLOC|G14|G"},"criteres_datas":{"valeurs":{"3":{"G14":{"descriptif":""}}}}}}},"critere3":{"libelle":"","contenu":[]},"critere4":{"libelle":"","contenu":[]},"critere5":{"libelle":"","contenu":{"NBPERS":{"libelle":"Persone","contenu":{"3":"4 persone"},"codesValeurs":{"3":"NBPERS|GCAP04|G"},"criteres_datas":{"valeurs":{"3":{"GCAP04":{"descriptif":""}}}}},"GLOGEM":{"libelle":"tipo di alloggio","contenu":{"2":"appartamento in casa"},"codesValeurs":{"2":"GLOGEM|GAPPMA|G"},"criteres_datas":{"valeurs":{"2":{"GAPPMA":{"descriptif":""}}}}},"AFFEQUIP":{"libelle":"Servizi","contenu":{"1":"Acc\u00e8s Internet \/ Wifi","2":"Animali domestici ammessi","3":"Parcheggio \/ Garage","5":"Lavatrice"},"codesValeurs":{"1":"AFFEQUIP|WIFI|G","2":"AFFEQUIP|ANIMAUX|G","3":"AFFEQUIP|PARKING|G","5":"AFFEQUIP|LAVELINGEAFF|G"},"criteres_datas":{"valeurs":{"1":{"WIFI":{"descriptif":""}},"2":{"ANIMAUX":{"descriptif":""}},"3":{"PARKING":{"descriptif":""}},"5":{"LAVELINGEAFF":{"descriptif":""}}}}}}},"critere6":{"libelle":"","contenu":[]},"critere7":{"libelle":"","contenu":[]},"critere8":{"libelle":"","contenu":[]},"critere9":{"libelle":"","contenu":[]}},"LocalisationGps":{"Latitude":"44.241","Longitude":"6.625"},"libelleDuPrestataire":"","vuePrestataire":{"pave1":{"libelle":"","contenu":""},"pave2":{"libelle":"","contenu":""},"pave3":{"libelle":"","contenu":""},"pave4":{"libelle":"","contenu":""},"pave5":{"libelle":"","contenu":""},"pave6":{"libelle":"","contenu":""},"pave7":{"libelle":"","contenu":""},"pave8":{"libelle":"","contenu":""},"pave9":{"libelle":"","contenu":""},"pave10":{"libelle":"","contenu":""},"pave11":{"libelle":"","contenu":""},"pave12":{"libelle":"","contenu":""},"pave13":{"libelle":"","contenu":""},"pave14":{"libelle":"","contenu":""},"pave15":{"libelle":"","contenu":""},"pave16":{"libelle":"","contenu":""},"pave17":{"libelle":"","contenu":""},"pave18":{"libelle":"","contenu":""},"pave19":{"libelle":"","contenu":""},"pave20":{"libelle":"","contenu":""},"pave21":{"libelle":"","contenu":""},"pave22":{"libelle":"","contenu":""},"pave23":{"libelle":"","contenu":""},"pave24":{"libelle":"","contenu":""},"pave25":{"libelle":"","contenu":""},"ContactsParType":{"GEST":{"114302":{"id_contact":"114302","type_contact":"GEST","categorie_contact":"PRESTATAIRE","societe_contact":"","fonction_contact":"","civilite_nom_prenom_contact":"Agnello Jean-Baptiste ","adresse1_contact":"Les m\u00e9sanges","adresse2_contact":"Val d'Allos - Le Village","adresse3_contact":"","cpostal_contact":"04260","ville_contact":"Allos","teldom_contact":"09 67 33 02 46","telbur_contact":"","fax_contact":"","portable_contact":"06 82 12 81 19","email_contact":"jeannot.agnello@gmail.com","siteweb_contact":"","commentaire_contact":"","langue_contact":"","autre_moyen_com":[]},"114476":{"id_contact":"114476","type_contact":"GEST","categorie_contact":"PRESTATAIRE","societe_contact":"","fonction_contact":"","civilite_nom_prenom_contact":"Agnello Jean-Baptiste ","adresse1_contact":"Les m\u00e9sanges","adresse2_contact":"Val d'Allos - Le Village","adresse3_contact":"","cpostal_contact":"04260","ville_contact":"Allos","teldom_contact":"09 67 33 02 46","telbur_contact":"","fax_contact":"","portable_contact":"06 82 12 81 19","email_contact":"jeannot.agnello@gmail.com","siteweb_contact":"","commentaire_contact":"","langue_contact":"","autre_moyen_com":[]}}},"Libelle":"Agnello Jean-Baptiste","Nom":"Agnello Jean-Baptiste ","Prenom":"","NomPrenom":"Agnello Jean-Baptiste  ","CiviliteNomPrenom":"Agnello Jean-Baptiste  ","Cle":"G|5246838","PrestataireParent":"","ContexteStat":"PRESTATAIRE-G-5246838","DateModificationIso":"2025-11-19T00:23:00+01:00","Type":"PRESTATAIRE","TypePrestataire":"G","Adresse":{"LigneAdresse1":"","LigneAdresse2":"","LigneAdresse3":"","CodePostal":"","Ville":"","Cedex":"","Etat":"","Pays":""},"Email":"jeannot.agnello@gmail.com","Telephone":"09 67 33 02 46","TelephoneBureau":"","Portable":"06 82 12 81 19","SiteWeb":"","Fax":"","Id":"g-5246838","Code":"G|5246838","Fichier":[],"Url":"","Localisation":{"GoogleMap":{"Latitude":"44.241","Longitude":"6.625"}},"ZoneGeo":"","Criteres":{"GINFADH[GDEB":"20190515","GTIMMO[GPARTI":"","P.GLOC[G14":"","P.environnements[185":"","P.environnements[188":"","P.6241[126905":"","P.6241[5740912":"","P.3218[311229":"","P.3220[587401":"","P.3220[5575332":"","P.3233[591419":"","P.3221[4876304":"","P.3219[5127127":"","P.3219[5239406":"","P.3219[6436838":"","P.3240[5778284":"","P.6242[5843488":"","P.3230[6139211":"","P.VilleSitra[1559":"","P.VillageDeDepart[1559":""},"DateFinPublication":"","AffichageCoordonnees":[]},"listeCriteres":{"DISPONIBILITES":{"DISPORELANCE":"","PLANNINGACT":""},"GPREST":{"GLOCAS":""},"GCAPACITE":{"4PERS":""},"NBPERS":{"GCAP04":""},"GLOGEM":{"GAPPMA":""},"GPARKI":{"GPARKC":"","GPARKE":""},"GANIMA":{"GANIMA":""},"PUBLICATION":{"VALDALLOS":"","VERDONTOURISME":""},"VISIBWEB":{"PLANNINGVISIBLE":""},"GNOMBRE":{"4PERS":""},"AFFEQUIP":{"ANIMAUX":"","PARKING":"","LAVELINGEAFF":"","WIFI":""},"GLOC":{"G14":""},"LOCVERDON":{"1559":""},"AFFGTYPE":{"APPART":""},"GACTIV":{"GINTER":""},"127":{"606":""},"22":{"672":"","723":""},"122":{"803":"","4054":"","4055":"","4063":""},"126":{"972":"","1323":""},"services":{"687":""},"118":{"1028":"","1145":""},"prestations":{"animauxAcceptes":"","surchargeTourismesAdaptes":"","surchargeDescriptifHandicapMoteur":"","surchargeDescriptifHandicapAuditif":"","surchargeDescriptifHandicapVisuel":"","surchargeDescriptifHandicapMental":"","surchargeNombreFauteuilsRoulants":""},"73":{"796":"","973":""},"72":{"842":"","882":"","963":""},"70":{"907":"","919":"","943":"","951":"","999":""},"68":{"971":""},"69":{"983":""},"71":{"986":""},"languesParlees":{"1197":""},"environnements":{"171":"","178":"","185":"","188":""},"modesPaiement":{"1271":"","1277":""},"tourismeAffaires":{"tourismeAffairesEnabled":"","devise":"EUR"},"hebergementLocatifType":{"2620":""},"informationsHebergementLocatif":{"dateClassement":"2025-05-30"},"classementPrefectoral":{"2628":""},"5403":{"1613":"","1633":""},"capacite":{"capaciteMaximumPossible":"4","nombreSallesDeBain":"1","nombreWC":"1","nombreLitsDoubles":"1","nombreLitsSimples":"2","surface":"52","nombrePieces":"4","nombreChambres":"2","numeroEtage":"1"},"CINTSITRA":{"5660":"","8809":""},"6241":{"126905":"","5740912":""},"3218":{"311229":""},"3220":{"587401":"","5575332":""},"3233":{"591419":""},"3221":{"4876304":""},"3219":{"5127127":"","5239406":"","6436838":""},"3240":{"5778284":""},"6242":{"5843488":""},"3230":{"6139211":""},"VilleSitra":{"1559":""},"VillageDeDepart":{"1559":""},"GINFADH":{"GDEB":"20190515"},"GTIMMO":{"GPARTI":""},"P.GLOC":{"G14":""},"P.environnements":{"185":"","188":""},"P.6241":{"126905":"","5740912":""},"P.3218":{"311229":""},"P.3220":{"587401":"","5575332":""},"P.3233":{"591419":""},"P.3221":{"4876304":""},"P.3219":{"5127127":"","5239406":"","6436838":""},"P.3240":{"5778284":""},"P.6242":{"5843488":""},"P.3230":{"6139211":""},"P.VilleSitra":{"1559":""},"P.VillageDeDepart":{"1559":""}},"dansCarnetVoyage":true,"Ouverture":"","WidgetDispoRechercheDate":false,"WidgetDispoVoirLienVoirToutesDispos":true,"ChargerWidgetDispoAuClic":true,"WidgetDispo":"\u003Cspan\u003E\u003C\/span\u003E","JsOnClickBtnDispo":"\u003Cscript\u003E\n                try{\n                    WidgetDispos.addChargementAuClicBtnDispoAccordeon('PRESTATION-G-5246838-5246837',{tabParamsWidgetDispo : {\"id\":\"G|5246838|5246837\",\"origineListeInfo\":\"\",\"vue\":\"semaineLigne\",\"mode\":\"ajax\",\"url_fiche\":\"2-stelle-0.html\",\"id_form_contact\":\"42\",\"version\":\"2\",\"parametersWidgetV2\":{\"el\":\"blocDispo-PRESTATION-G-5246838-5246837\",\"object\":{\"code\":\"G|5246838|5246837\"},\"cid\":\"8\",\"site\":{\"code\":\"SITE2018\",\"url\":\"https:\\\/\\\/it.valdallos.com\"},\"slider\":{\"controls\":{\"arrows\":{\"enable\":true,\"showLocked\":true,\"style\":\"button\"}}},\"booking\":{\"enable\":false,\"waitForWindowLoad\":false,\"parameters\":{\"idWidget\":\"blocResa-PRESTATION-G-5246838-5246837\",\"queryParams\":null,\"withoutForm\":true}},\"options\":{\"typeDate\":\"SS\",\"elReferer\":\"PRESTATION-G-5246838-5246837\",\"ingContext\":\"RESA\",\"urlFiche\":\"2-stelle-0.html\",\"startDate\":null,\"templates\":{\"Week\":\"semaine\",\"Days\":\"mois\"},\"plugContactForm\":\"42\"}}},idBloc : \"blocDispo-PRESTATION-G-5246838-5246837\",prestation : \"G|5246838|5246837\"});\n                }\n                catch(e) {\n                    \/\/console.log(e);\n                }\u003C\/script\u003E"},"html":" \n \u003Cdiv id=\"CV-PRESTATION-G-5246838-5246837\" data-contexte-id=\"PRESTATION|G|5246838|5246837\" data-cle=\"G|5246838|5246837\" class=\"fiche-liste\"\u003E\n    \n\n    \u003C!-- partie photo --\u003E\n    \u003Cdiv class=\"photo\"\u003E\t\t\t\t\t\t\t\t\t\t\t\t\t\t\t\t\t\t\t\t\t\n        \u003Cdiv class=\"cadre_photo_principale\"\u003E\t\t\n        \n            \t\t\t\t\t\n                    \u003Ca href=\"2-stelle-0.html?origine=carnet#media\"\u003E\n                        \u003Cimg class=\"photo_principale\" alt=\"appartement 1er \u00e9tage maison, balcon ext\u00e9rieur, escalier\" src=\"https:\/\/www.valdallos.com\/medias\/images\/prestations\/multitailles\/320x240_78339-maison_agnello.jpg\" itemprop=\"image\"\u003E\n                    \u003C\/a\u003E\t\t\t\t\t\t\n                \n                    \u003C\/div\u003E\t\t\t\t\t\t\t\t\t\t\t\t\t\t\t\t\t\t\t \t\t\n    \u003C\/div\u003E\n    \n    \u003C!-- partie nom prest --\u003E\n    \u003Cdiv class=\"nom\"\u003E\n        \u003Ch2\u003EAgnello Jean-Baptiste\u003C\/h2\u003E\n        \n            \u003C\/div\u003E\n\n         \n    \u003C!-- partie adresse --\u003E\n    \u003Cdiv class=\"adresse\"\u003E\n    \n          \n    \u003C\/div\u003E\n    \n    \u003C!-- partie liens --\u003E\n    \u003Cdiv class=\"liens\"\u003E\n            \u003Ca class=\"btn-icon btn-view \" title=\"Vedi il file dettagliato\" href=\"2-stelle-0.html?origine=carnet\"\u003E\u003C\/a\u003E\u003C!--\u003Ca class=\"btn-icon btn-view \" title=\"\" href=\"?origine=carnet#thaut\"\u003E\u003C\/a\u003E--\u003E\n      \u003Ca class=\"btn-icon btn-trash carnet_voyage_supprimer\" title=\"Elimina questo file dal mio diario di viaggio\" href=\"carnet-voyage?action=remove&fiche=G|5246838|5246837\"\u003E\u003C\/a\u003E\n    \u003C\/div\u003E\n\n\u003C\/div\u003E\n\n","icon":"https:\/\/static.ingenie.fr\/images\/carnetVoyageV3\/G.png"},"fiche":"G|5246838|5246837","popup":"\u003Cdiv id=\"bloc_popup_ajout_fiche_carnet\"\u003E\n    \u003Cdiv class=\"info_popup_ajout_fiche_carnet\"\u003E\n        Hai appena aggiunto questo elemento alla tua selezione:    \u003C\/div\u003E\n    \u003Cdiv class=\"prest_popup_ajout_fiche_carnet\"\u003E\n        Agnello Jean-Baptiste    \u003C\/div\u003E\n    \u003Cdiv class=\"bloc_btn_ajout_fiche_carnet form_submit_div\"\u003E\n        \u003Cinput type=\"button\" value=\"Continua la mia selezione\" title=\"Continua la mia selezione\" name=\"btn_close\" class=\"btn_close_popup_carnet form_submit\" onclick=\"$.colorbox.close()\" \/\u003E\n        \u003Cinput type=\"button\" value=\"Visualizza la mia selezione\" title=\"Visualizza la mia selezione\" name=\"btn_panier\" class=\"btn_panier_popup_carnet form_submit\" onclick=\"if(typeof CarnetVoyage != 'undefined') {CarnetVoyage.voirCarnet();}\" \/\u003E\n    \u003C\/div\u003E\n    \u003Cdiv class=\"bloc_btn_ajout_fiche_carnet\"\u003E\n        \u003Cinput type=\"checkbox\" value=\"1\" name=\"desactiver_popup\" id=\"desactiver_popup\" \/\u003E\n        \u003Clabel for=\"desactiver_popup\"\u003ENon visualizzare pi\u00f9 questo messaggio\u003C\/label\u003E\n    \u003C\/div\u003E\n\u003C\/div\u003E","success":1}