{"nbFiches":1,"dataPrest":{"infoPrest":{"pave1":{"libelle":"Descriptif","contenu":"","fichiers":[]},"pave2":{"libelle":"Indirizzo","contenu":"","fichiers":[]},"pave3":{"libelle":"Tarifs Hiver","contenu":"","fichiers":[]},"pave4":{"libelle":"Tarifs Et\u00e9","contenu":"","fichiers":[]},"pave5":{"libelle":"URL de la r\u00e9servation ou vente en ligne","contenu":"","fichiers":[]},"pave6":{"libelle":"Descriptif court","contenu":"Monolocale con balcone, resort in posizione centrale, vicino dal fronte neve e un sosta possibile al parcheggio della residenza","fichiers":[]},"pave7":{"libelle":"Descriptif d\u00e9taill\u00e9","contenu":"","fichiers":[]},"pave8":{"libelle":"Bons plans","contenu":"","fichiers":[]},"pave9":{"libelle":"Compl\u00e9ment localisation","contenu":"","fichiers":[]},"pave10":{"libelle":"Compl\u00e9ment accueil","contenu":"","fichiers":[]},"pave11":{"libelle":"P\u00e9riodes en clair","contenu":"","fichiers":[]},"pave12":{"libelle":"Tarifs en clair","contenu":"","fichiers":[]},"pave13":{"libelle":"Compl\u00e9ment Tarifs","contenu":"","fichiers":[]},"pave14":{"libelle":"Compl\u00e9ment R\u00e9servation","contenu":"","fichiers":[]},"pave15":{"libelle":"Descriptif court","contenu":"","fichiers":[]},"pave16":{"libelle":"Descriptif d\u00e9taill\u00e9","contenu":"","fichiers":[]},"pave17":{"libelle":"Bons plans","contenu":"","fichiers":[]},"pave18":{"libelle":"Tarifs (Tarifs en clair, Compl\u00e9ment Tarifs)","contenu":"","fichiers":[]},"pave19":{"libelle":"P\u00e9riodes en clair","contenu":"","fichiers":[]},"pave20":{"libelle":"Descriptif court","contenu":"","fichiers":[]},"pave21":{"libelle":"Descriptif d\u00e9taill\u00e9","contenu":"","fichiers":[]},"pave22":{"libelle":"Bons plans","contenu":"","fichiers":[]},"pave23":{"libelle":"Tarifs (Tarifs en clair, Compl\u00e9ment Tarifs)","contenu":"","fichiers":[]},"pave24":{"libelle":"P\u00e9riodes en clair","contenu":"","fichiers":[]},"pave25":{"libelle":"Dispositions sp\u00e9ciales","contenu":"","fichiers":[]},"Libelle":"Rovera Jean Claude et Yvette","Reference":"","Reftar":"","Type":"PRESTATION","TypePrestataire":"G","ContexteStat":"PRESTATION-G-5303435-5303434","DateModificationIso":"2026-04-27T13:45:00+02:00","Adresse":{"LigneAdresse1":"Le Pont du Verdon","LigneAdresse2":"L'Alisier B","LigneAdresse3":"","CodePostal":"04260","Ville":"La Foux d\u2019Allos","Cedex":"","Etat":"","Pays":"FRA"},"Id":"g-5303435-5303434","Code":"G|5303435|5303434","Cle":"G|5303435|5303434","Url":"2-stelle-1-1.html","Localisation":{"GoogleMap":{"Latitude":"44.291","Longitude":"6.57"}},"ZoneGeo":"","Criteres":{"DISPONIBILITES[DISPORELANCE":"","GCAPACITE[3PERS":"","NBPERS[GCAP03":"","GLOGEM[GSTRES":"","GEQUIC[GLAVEV":"","GPARKI[GPARKC":"","GPARKI[GPARKE":"","GANIMA[GANIMA":"","PUBLICATION[VALDALLOS":"","PUBLICATION[VERDONTOURISME":"","GNOMBRE[3PERS":"","AFFEQUIP[ANIMAUX":"","AFFEQUIP[PARKING":"","AFFEQUIP[LAVEVAIS":"","GLOC[G18":"","LOCVERDON[37282":"","AFFGTYPE[STUDIO":"","125[624":"","126[972":"","126[1323":"","122[4054":"","122[4063":"","services[687":"","prestations[animauxAcceptes":"","prestations[surchargeTourismesAdaptes":"","prestations[surchargeDescriptifHandicapMoteur":"","prestations[surchargeDescriptifHandicapAuditif":"","prestations[surchargeDescriptifHandicapVisuel":"","prestations[surchargeDescriptifHandicapMental":"","prestations[surchargeNombreFauteuilsRoulants":"","73[796":"","73[973":"","69[880":"","69[983":"","70[895":"","70[907":"","70[922":"","70[946":"","70[999":"","70[1012":"","68[898":"","68[971":"","72[963":"","71[987":"","languesParlees[1197":"","tourismesAdaptes[3651":"","environnements[171":"","environnements[184":"","environnements[193":"","modesPaiement[1271":"","modesPaiement[1277":"","modesPaiement[1281":"","tourismeAffaires[tourismeAffairesEnabled":"","tourismeAffaires[devise":"EUR","hebergementLocatifType[2620":"","informationsHebergementLocatif[dateClassement":"2024-07-01","classementPrefectoral[2628":"","5401[1632":"","5403[1651":"","capacite[capaciteHebergement":"3","capacite[capaciteMaximumPossible":"3","capacite[nombreSallesDeBain":"1","capacite[nombreWC":"1","capacite[nombreCabines":"1","capacite[nombreLitsSimples":"2","capacite[surface":"22","capacite[numeroEtage":"1","CINTSITRA[8809":"","CINTSITRA[5660":"","6241[126905":"","6241[5740912":"","3218[311229":"","3220[587401":"","3220[5575332":"","3233[591419":"","3221[4876304":"","3219[5127066":"","3219[5239406":"","3240[5778284":"","3230[6139211":"","VilleSitra[37282":"","VillageDeDepart[37282":"","VISIBWEB[PLANNINGVISIBLE":"","DISPONIBILITES[PLANNINGACT":""},"ContactsParType":{"IWEB":{"117107":{"id_contact":"117107","type_contact":"IWEB","categorie_contact":"PRESTATION","societe_contact":"","fonction_contact":"","civilite_nom_prenom_contact":"Rovera Jean Claude  ","adresse1_contact":"","adresse2_contact":"","adresse3_contact":"","cpostal_contact":"","ville_contact":"","teldom_contact":"04 92 83  94 19","telbur_contact":"","fax_contact":"","portable_contact":"06 67 22 26 53","email_contact":"yvetterovera@orange.fr","siteweb_contact":"","commentaire_contact":"","langue_contact":"","autre_moyen_com":[]}}},"ContactRemplaceCoordonnees":"117107","Prestataire":{"pave1":{"libelle":"","contenu":""},"pave2":{"libelle":"","contenu":""},"pave3":{"libelle":"","contenu":""},"pave4":{"libelle":"","contenu":""},"pave5":{"libelle":"","contenu":""},"pave6":{"libelle":"","contenu":""},"pave7":{"libelle":"","contenu":""},"pave8":{"libelle":"","contenu":""},"pave9":{"libelle":"","contenu":""},"pave10":{"libelle":"","contenu":""},"pave11":{"libelle":"","contenu":""},"pave12":{"libelle":"","contenu":""},"pave13":{"libelle":"","contenu":""},"pave14":{"libelle":"","contenu":""},"pave15":{"libelle":"","contenu":""},"pave16":{"libelle":"","contenu":""},"pave17":{"libelle":"","contenu":""},"pave18":{"libelle":"","contenu":""},"pave19":{"libelle":"","contenu":""},"pave20":{"libelle":"","contenu":""},"pave21":{"libelle":"","contenu":""},"pave22":{"libelle":"","contenu":""},"pave23":{"libelle":"","contenu":""},"pave24":{"libelle":"","contenu":""},"pave25":{"libelle":"","contenu":""},"ContactsParType":{"LIEU":{"114478":{"id_contact":"114478","type_contact":"LIEU","categorie_contact":"PRESTATAIRE","societe_contact":"","fonction_contact":"","civilite_nom_prenom_contact":"Rovera Jean Claude ","adresse1_contact":"","adresse2_contact":"","adresse3_contact":"","cpostal_contact":"","ville_contact":"","teldom_contact":"","telbur_contact":"","fax_contact":"","portable_contact":"","email_contact":"yvetterovera@orange.fr","siteweb_contact":"","commentaire_contact":"","langue_contact":"","autre_moyen_com":[]}},"GEST":{"114480":{"id_contact":"114480","type_contact":"GEST","categorie_contact":"PRESTATAIRE","societe_contact":"","fonction_contact":"","civilite_nom_prenom_contact":"Rovera Jean Claude ","adresse1_contact":"12 lotissement du lac","adresse2_contact":"","adresse3_contact":"","cpostal_contact":"04170","ville_contact":"Saint-Andr\u00e9-les-Alpes","teldom_contact":"04 92 83  94 19","telbur_contact":"","fax_contact":"","portable_contact":"06 67 22 26 53","email_contact":"jean-claude_rovera@orange.fr","siteweb_contact":"","commentaire_contact":"","langue_contact":"","autre_moyen_com":[]}}},"Libelle":"Rovera Jean Claude","Nom":"Rovera Jean Claude ","Prenom":"","NomPrenom":"Rovera Jean Claude  ","CiviliteNomPrenom":"Rovera Jean Claude  ","Cle":"G|5303435","PrestataireParent":"","ContexteStat":"PRESTATAIRE-G-5303435","DateModificationIso":"2025-11-19T00:29:00+01:00","Type":"PRESTATAIRE","TypePrestataire":"G","Adresse":{"LigneAdresse1":"","LigneAdresse2":"","LigneAdresse3":"","CodePostal":"","Ville":"","Cedex":"","Etat":"","Pays":""},"Email":"yvetterovera@orange.fr","Telephone":"04 92 83  94 19","TelephoneBureau":"","Portable":"06 67 22 26 53","SiteWeb":"","Fax":"","Id":"g-5303435","Code":"G|5303435","Fichier":[],"Url":"","Localisation":{"GoogleMap":{"Latitude":"43.96","Longitude":"6.5047"}},"ZoneGeo":"","Criteres":{"GTIMMO[GPARTI":"","P.6241[100154":"","P.3218[311229":"","P.3220[520893":"","P.3220[587449":"","P.3220[720674":"","P.3220[5178430":"","P.3220[5575034":"","P.3233[591419":"","P.6242[4633673":"","P.3221[4876304":"","P.3240[4920302":"","P.3240[5778284":"","P.3219[5127066":"","P.3219[5239406":"","P.3219[6436838":"","P.3227[5180675":"","P.VilleSitra[1695":"","P.VillageDeDepart[1695":""},"DateFinPublication":""},"Fichier":{"Image":[{"url":"https:\/\/www.valdallos.com\/medias\/images\/prestations\/79022-20190705_111248.jpg","chemin":"..\/medias\/images\/prestations\/79022-20190705_111248.jpg","libelle":"Salon lumineux de studio, canap\u00e9, table basse, porte-fen\u00eatre donnant sur un balcon avec vue sur la station","extension":"jpg","categorie":"","largeur":675,"theme":"","hauteur":1200,"type":"Image","origine":"","liaisonPave":"","langue":"","id":"79022","urlVignette":"https:\/\/www.valdallos.com\/medias\/images\/prestations\/v-79022-20190705_111248.jpg","alt":"Salon lumineux de studio, canap\u00e9, table basse, porte-fen\u00eatre donnant sur un balcon avec vue sur la station","title":"Salon lumineux de studio, canap\u00e9, table basse, porte-fen\u00eatre donnant sur un balcon avec vue sur la station","MultiTaille":{"1920x1440":{"url":"https:\/\/www.valdallos.com\/medias\/images\/prestations\/multitailles\/1920x1440_79022-20190705_111248.jpg"},"1200x900":{"url":"https:\/\/www.valdallos.com\/medias\/images\/prestations\/multitailles\/1200x900_79022-20190705_111248.jpg"},"800x600":{"url":"https:\/\/www.valdallos.com\/medias\/images\/prestations\/multitailles\/800x600_79022-20190705_111248.jpg"},"640x480":{"url":"https:\/\/www.valdallos.com\/medias\/images\/prestations\/multitailles\/640x480_79022-20190705_111248.jpg"},"320x240":{"url":"https:\/\/www.valdallos.com\/medias\/images\/prestations\/multitailles\/320x240_79022-20190705_111248.jpg"},"160x120":{"url":"https:\/\/www.valdallos.com\/medias\/images\/prestations\/multitailles\/160x120_79022-20190705_111248.jpg"},"origine":{"url":"https:\/\/www.valdallos.com\/medias\/images\/prestations\/79022-20190705_111248.jpg"}},"urlLien":"","typeLien":"","nofollow":"N","copyright":"Rovera"},{"url":"https:\/\/www.valdallos.com\/medias\/images\/prestations\/79023-20190627_150558.jpg","chemin":"..\/medias\/images\/prestations\/79023-20190627_150558.jpg","libelle":"Coin cuisine du studio, plaques \u00e9lectriques, lave-vaisselle, table \u00e0 manger","extension":"jpg","categorie":"","largeur":675,"theme":"","hauteur":1200,"type":"Image","origine":"","liaisonPave":"","langue":"","id":"79023","urlVignette":"https:\/\/www.valdallos.com\/medias\/images\/prestations\/v-79023-20190627_150558.jpg","alt":"Coin cuisine du studio, plaques \u00e9lectriques, lave-vaisselle, table \u00e0 manger","title":"Coin cuisine du studio, plaques \u00e9lectriques, lave-vaisselle, table \u00e0 manger","MultiTaille":{"1920x1440":{"url":"https:\/\/www.valdallos.com\/medias\/images\/prestations\/multitailles\/1920x1440_79023-20190627_150558.jpg"},"1200x900":{"url":"https:\/\/www.valdallos.com\/medias\/images\/prestations\/multitailles\/1200x900_79023-20190627_150558.jpg"},"800x600":{"url":"https:\/\/www.valdallos.com\/medias\/images\/prestations\/multitailles\/800x600_79023-20190627_150558.jpg"},"640x480":{"url":"https:\/\/www.valdallos.com\/medias\/images\/prestations\/multitailles\/640x480_79023-20190627_150558.jpg"},"320x240":{"url":"https:\/\/www.valdallos.com\/medias\/images\/prestations\/multitailles\/320x240_79023-20190627_150558.jpg"},"160x120":{"url":"https:\/\/www.valdallos.com\/medias\/images\/prestations\/multitailles\/160x120_79023-20190627_150558.jpg"},"origine":{"url":"https:\/\/www.valdallos.com\/medias\/images\/prestations\/79023-20190627_150558.jpg"}},"urlLien":"","typeLien":"","nofollow":"N","copyright":"Rovera"},{"url":"https:\/\/www.valdallos.com\/medias\/images\/prestations\/79024-20190705_111343.jpg","chemin":"..\/medias\/images\/prestations\/79024-20190705_111343.jpg","libelle":"Vue sur le coin chambre \u00e0 coucher du studio, canap\u00e9, table basse, lits superpos\u00e9s","extension":"jpg","categorie":"","largeur":675,"theme":"","hauteur":1200,"type":"Image","origine":"","liaisonPave":"","langue":"","id":"79024","urlVignette":"https:\/\/www.valdallos.com\/medias\/images\/prestations\/v-79024-20190705_111343.jpg","alt":"Vue sur le coin chambre \u00e0 coucher du studio, canap\u00e9, table basse, lits superpos\u00e9s","title":"Vue sur le coin chambre \u00e0 coucher du studio, canap\u00e9, table basse, lits superpos\u00e9s","MultiTaille":{"1920x1440":{"url":"https:\/\/www.valdallos.com\/medias\/images\/prestations\/multitailles\/1920x1440_79024-20190705_111343.jpg"},"1200x900":{"url":"https:\/\/www.valdallos.com\/medias\/images\/prestations\/multitailles\/1200x900_79024-20190705_111343.jpg"},"800x600":{"url":"https:\/\/www.valdallos.com\/medias\/images\/prestations\/multitailles\/800x600_79024-20190705_111343.jpg"},"640x480":{"url":"https:\/\/www.valdallos.com\/medias\/images\/prestations\/multitailles\/640x480_79024-20190705_111343.jpg"},"320x240":{"url":"https:\/\/www.valdallos.com\/medias\/images\/prestations\/multitailles\/320x240_79024-20190705_111343.jpg"},"160x120":{"url":"https:\/\/www.valdallos.com\/medias\/images\/prestations\/multitailles\/160x120_79024-20190705_111343.jpg"},"origine":{"url":"https:\/\/www.valdallos.com\/medias\/images\/prestations\/79024-20190705_111343.jpg"}},"urlLien":"","typeLien":"","nofollow":"N","copyright":"Rovera"},{"url":"https:\/\/www.valdallos.com\/medias\/images\/prestations\/79025-20190705_111438.jpg","chemin":"..\/medias\/images\/prestations\/79025-20190705_111438.jpg","libelle":"Salon lumineux de studio, vue sur s\u00e9jour avec table basse, table \u00e0 manger, TV, coin cuisine, ameublement bois","extension":"jpg","categorie":"","largeur":675,"theme":"","hauteur":1200,"type":"Image","origine":"","liaisonPave":"","langue":"","id":"79025","urlVignette":"https:\/\/www.valdallos.com\/medias\/images\/prestations\/v-79025-20190705_111438.jpg","alt":"Salon lumineux de studio, vue sur s\u00e9jour avec table basse, table \u00e0 manger, TV, coin cuisine, ameublement bois","title":"Salon lumineux de studio, vue sur s\u00e9jour avec table basse, table \u00e0 manger, TV, coin cuisine, ameublement bois","MultiTaille":{"1920x1440":{"url":"https:\/\/www.valdallos.com\/medias\/images\/prestations\/multitailles\/1920x1440_79025-20190705_111438.jpg"},"1200x900":{"url":"https:\/\/www.valdallos.com\/medias\/images\/prestations\/multitailles\/1200x900_79025-20190705_111438.jpg"},"800x600":{"url":"https:\/\/www.valdallos.com\/medias\/images\/prestations\/multitailles\/800x600_79025-20190705_111438.jpg"},"640x480":{"url":"https:\/\/www.valdallos.com\/medias\/images\/prestations\/multitailles\/640x480_79025-20190705_111438.jpg"},"320x240":{"url":"https:\/\/www.valdallos.com\/medias\/images\/prestations\/multitailles\/320x240_79025-20190705_111438.jpg"},"160x120":{"url":"https:\/\/www.valdallos.com\/medias\/images\/prestations\/multitailles\/160x120_79025-20190705_111438.jpg"},"origine":{"url":"https:\/\/www.valdallos.com\/medias\/images\/prestations\/79025-20190705_111438.jpg"}},"urlLien":"","typeLien":"","nofollow":"N","copyright":"Rovera"}],"ByCategorie":{"":[{"url":"https:\/\/www.valdallos.com\/medias\/images\/prestations\/79022-20190705_111248.jpg","chemin":"..\/medias\/images\/prestations\/79022-20190705_111248.jpg","libelle":"Salon lumineux de studio, canap\u00e9, table basse, porte-fen\u00eatre donnant sur un balcon avec vue sur la station","extension":"jpg","categorie":"","largeur":675,"theme":"","hauteur":1200,"type":"Image","origine":"","liaisonPave":"","langue":"","id":"79022","urlVignette":"https:\/\/www.valdallos.com\/medias\/images\/prestations\/v-79022-20190705_111248.jpg","alt":"Salon lumineux de studio, canap\u00e9, table basse, porte-fen\u00eatre donnant sur un balcon avec vue sur la station","title":"Salon lumineux de studio, canap\u00e9, table basse, porte-fen\u00eatre donnant sur un balcon avec vue sur la station","MultiTaille":{"1920x1440":{"url":"https:\/\/www.valdallos.com\/medias\/images\/prestations\/multitailles\/1920x1440_79022-20190705_111248.jpg"},"1200x900":{"url":"https:\/\/www.valdallos.com\/medias\/images\/prestations\/multitailles\/1200x900_79022-20190705_111248.jpg"},"800x600":{"url":"https:\/\/www.valdallos.com\/medias\/images\/prestations\/multitailles\/800x600_79022-20190705_111248.jpg"},"640x480":{"url":"https:\/\/www.valdallos.com\/medias\/images\/prestations\/multitailles\/640x480_79022-20190705_111248.jpg"},"320x240":{"url":"https:\/\/www.valdallos.com\/medias\/images\/prestations\/multitailles\/320x240_79022-20190705_111248.jpg"},"160x120":{"url":"https:\/\/www.valdallos.com\/medias\/images\/prestations\/multitailles\/160x120_79022-20190705_111248.jpg"},"origine":{"url":"https:\/\/www.valdallos.com\/medias\/images\/prestations\/79022-20190705_111248.jpg"}},"urlLien":"","typeLien":"","nofollow":"N","copyright":"Rovera"},{"url":"https:\/\/www.valdallos.com\/medias\/images\/prestations\/79023-20190627_150558.jpg","chemin":"..\/medias\/images\/prestations\/79023-20190627_150558.jpg","libelle":"Coin cuisine du studio, plaques \u00e9lectriques, lave-vaisselle, table \u00e0 manger","extension":"jpg","categorie":"","largeur":675,"theme":"","hauteur":1200,"type":"Image","origine":"","liaisonPave":"","langue":"","id":"79023","urlVignette":"https:\/\/www.valdallos.com\/medias\/images\/prestations\/v-79023-20190627_150558.jpg","alt":"Coin cuisine du studio, plaques \u00e9lectriques, lave-vaisselle, table \u00e0 manger","title":"Coin cuisine du studio, plaques \u00e9lectriques, lave-vaisselle, table \u00e0 manger","MultiTaille":{"1920x1440":{"url":"https:\/\/www.valdallos.com\/medias\/images\/prestations\/multitailles\/1920x1440_79023-20190627_150558.jpg"},"1200x900":{"url":"https:\/\/www.valdallos.com\/medias\/images\/prestations\/multitailles\/1200x900_79023-20190627_150558.jpg"},"800x600":{"url":"https:\/\/www.valdallos.com\/medias\/images\/prestations\/multitailles\/800x600_79023-20190627_150558.jpg"},"640x480":{"url":"https:\/\/www.valdallos.com\/medias\/images\/prestations\/multitailles\/640x480_79023-20190627_150558.jpg"},"320x240":{"url":"https:\/\/www.valdallos.com\/medias\/images\/prestations\/multitailles\/320x240_79023-20190627_150558.jpg"},"160x120":{"url":"https:\/\/www.valdallos.com\/medias\/images\/prestations\/multitailles\/160x120_79023-20190627_150558.jpg"},"origine":{"url":"https:\/\/www.valdallos.com\/medias\/images\/prestations\/79023-20190627_150558.jpg"}},"urlLien":"","typeLien":"","nofollow":"N","copyright":"Rovera"},{"url":"https:\/\/www.valdallos.com\/medias\/images\/prestations\/79024-20190705_111343.jpg","chemin":"..\/medias\/images\/prestations\/79024-20190705_111343.jpg","libelle":"Vue sur le coin chambre \u00e0 coucher du studio, canap\u00e9, table basse, lits superpos\u00e9s","extension":"jpg","categorie":"","largeur":675,"theme":"","hauteur":1200,"type":"Image","origine":"","liaisonPave":"","langue":"","id":"79024","urlVignette":"https:\/\/www.valdallos.com\/medias\/images\/prestations\/v-79024-20190705_111343.jpg","alt":"Vue sur le coin chambre \u00e0 coucher du studio, canap\u00e9, table basse, lits superpos\u00e9s","title":"Vue sur le coin chambre \u00e0 coucher du studio, canap\u00e9, table basse, lits superpos\u00e9s","MultiTaille":{"1920x1440":{"url":"https:\/\/www.valdallos.com\/medias\/images\/prestations\/multitailles\/1920x1440_79024-20190705_111343.jpg"},"1200x900":{"url":"https:\/\/www.valdallos.com\/medias\/images\/prestations\/multitailles\/1200x900_79024-20190705_111343.jpg"},"800x600":{"url":"https:\/\/www.valdallos.com\/medias\/images\/prestations\/multitailles\/800x600_79024-20190705_111343.jpg"},"640x480":{"url":"https:\/\/www.valdallos.com\/medias\/images\/prestations\/multitailles\/640x480_79024-20190705_111343.jpg"},"320x240":{"url":"https:\/\/www.valdallos.com\/medias\/images\/prestations\/multitailles\/320x240_79024-20190705_111343.jpg"},"160x120":{"url":"https:\/\/www.valdallos.com\/medias\/images\/prestations\/multitailles\/160x120_79024-20190705_111343.jpg"},"origine":{"url":"https:\/\/www.valdallos.com\/medias\/images\/prestations\/79024-20190705_111343.jpg"}},"urlLien":"","typeLien":"","nofollow":"N","copyright":"Rovera"},{"url":"https:\/\/www.valdallos.com\/medias\/images\/prestations\/79025-20190705_111438.jpg","chemin":"..\/medias\/images\/prestations\/79025-20190705_111438.jpg","libelle":"Salon lumineux de studio, vue sur s\u00e9jour avec table basse, table \u00e0 manger, TV, coin cuisine, ameublement bois","extension":"jpg","categorie":"","largeur":675,"theme":"","hauteur":1200,"type":"Image","origine":"","liaisonPave":"","langue":"","id":"79025","urlVignette":"https:\/\/www.valdallos.com\/medias\/images\/prestations\/v-79025-20190705_111438.jpg","alt":"Salon lumineux de studio, vue sur s\u00e9jour avec table basse, table \u00e0 manger, TV, coin cuisine, ameublement bois","title":"Salon lumineux de studio, vue sur s\u00e9jour avec table basse, table \u00e0 manger, TV, coin cuisine, ameublement bois","MultiTaille":{"1920x1440":{"url":"https:\/\/www.valdallos.com\/medias\/images\/prestations\/multitailles\/1920x1440_79025-20190705_111438.jpg"},"1200x900":{"url":"https:\/\/www.valdallos.com\/medias\/images\/prestations\/multitailles\/1200x900_79025-20190705_111438.jpg"},"800x600":{"url":"https:\/\/www.valdallos.com\/medias\/images\/prestations\/multitailles\/800x600_79025-20190705_111438.jpg"},"640x480":{"url":"https:\/\/www.valdallos.com\/medias\/images\/prestations\/multitailles\/640x480_79025-20190705_111438.jpg"},"320x240":{"url":"https:\/\/www.valdallos.com\/medias\/images\/prestations\/multitailles\/320x240_79025-20190705_111438.jpg"},"160x120":{"url":"https:\/\/www.valdallos.com\/medias\/images\/prestations\/multitailles\/160x120_79025-20190705_111438.jpg"},"origine":{"url":"https:\/\/www.valdallos.com\/medias\/images\/prestations\/79025-20190705_111438.jpg"}},"urlLien":"","typeLien":"","nofollow":"N","copyright":"Rovera"}]}},"DateDebPublication":"","DateFinPublication":"","PrixAPartirDe":"","PrixPour":"","FicheListeEnCours":"fiche_liste_immobilier_prestation_OT_v3","ParametresModele":{"AfficherPhotos":1,"NbPhotosMax":6,"AfficherReserver":0,"AfficherContact":0,"AfficherSalle":1,"AfficherZoneGeo":0,"AfficherEnSavoirPlus":"0","AfficherUneSeuleOuverture":0,"AfficherContactCarte":1,"AfficherTarifsChaudAPartirDe":0,"AfficherTarifChaudSansRecherche":0,"AfficherDispoAccordeon":"1","AfficherDispoResa":"1","AfficherPrixAPartirDe":"1","BlocCritereInfo":{"critere1":{"libelle":"","liste_critere":["classementPrefectoral|2631|G","classementPrefectoral|2630|G","classementPrefectoral|2629|G","classementPrefectoral|2628|G","classementPrefectoral|2627|G","classementPrefectoral|2632|G"]},"critere2":{"libelle":"","liste_critere":["GLOC|G"]},"critere3":{"libelle":""},"critere4":{"libelle":""},"critere5":{"libelle":"","liste_critere":["GHANDI|G","AFFEQUIP|WIFI|G","AFFEQUIP|ANIMAUX|G","AFFEQUIP|PARKING|G","AFFEQUIP|LAVEVAIS|G","AFFEQUIP|LAVELINGEAFF|G","GCHAMB|G","NBPERS|G","GSURFA|G","GLOGEM|G"]},"critere6":{"libelle":"","liste_critere":["GLABEL|GCLEVA|G"]},"critere7":{"libelle":""},"critere8":{"libelle":""},"critere9":{"libelle":""},"afficherpictoetpaslibelle":"1"},"BlocPaveInfo":{"texte1":{"pave":["6","15","20"],"longeurmax":"250","afficherLibelle":"0","garderHtml":"0","boutonVoirPlus":""},"texte3":{"longeurmax":"","afficherLibelle":"0","garderHtml":"0","boutonVoirPlus":""}},"CriteresComportementDispo":"DISPONIBILITES[PLANNINGACT","PositionBloc":"GALLERIE|ZONEPRINCIPALFICHEPRESTA|NOM|CARNET_VOYAGE|ACCROCHE_TARIF_DISPO","TypePrestataire":"G","ComportementResa":false,"ComportementDispo":true},"AffichageCoordonnees":[],"Coordonnees":{"Ville":"La Foux d\u2019Allos"},"ContexteId":"PRESTATION|G|5303435|5303434","ContexteIdHtml":"PRESTATION-G-5303435-5303434","cleContexte":"G|5303435|5303434","Bloc":{"texte1":"Monolocale con balcone, resort in posizione centrale, vicino dal fronte neve e un sosta possibile al parcheggio della residenza","texte3":"","critere1":{"libelle":"","contenu":{"classementPrefectoral":{"libelle":"","contenu":{"4":"\u003Cimg src=\"https:\/\/www.valdallos.com\/medias\/images\/picto\/classementPrefectoral-2628-G.png\"  alt=\"2 stelle\" title=\"2 stelle\" \/\u003E"},"codesValeurs":{"4":"classementPrefectoral|2628|G"},"criteres_datas":{"valeurs":{"4":{"2628":{"descriptif":""}}}}}}},"critere2":{"libelle":"","contenu":{"GLOC":{"libelle":"Localizzare","contenu":{"1":"Val d'Allos - La Foux"},"codesValeurs":{"1":"GLOC|G18|G"},"criteres_datas":{"valeurs":{"1":{"G18":{"descriptif":""}}}}}}},"critere3":{"libelle":"","contenu":[]},"critere4":{"libelle":"","contenu":[]},"critere5":{"libelle":"","contenu":{"NBPERS":{"libelle":"Persone","contenu":{"2":"3 persone"},"codesValeurs":{"2":"NBPERS|GCAP03|G"},"criteres_datas":{"valeurs":{"2":{"GCAP03":{"descriptif":""}}}}},"GLOGEM":{"libelle":"tipo di alloggio","contenu":{"7":"Monolocale in una reisdence"},"codesValeurs":{"7":"GLOGEM|GSTRES|G"},"criteres_datas":{"valeurs":{"7":{"GSTRES":{"descriptif":""}}}}},"AFFEQUIP":{"libelle":"Servizi","contenu":{"2":"Animali domestici ammessi","3":"Parcheggio \/ Garage","4":"Lavastoviglie"},"codesValeurs":{"2":"AFFEQUIP|ANIMAUX|G","3":"AFFEQUIP|PARKING|G","4":"AFFEQUIP|LAVEVAIS|G"},"criteres_datas":{"valeurs":{"2":{"ANIMAUX":{"descriptif":""}},"3":{"PARKING":{"descriptif":""}},"4":{"LAVEVAIS":{"descriptif":""}}}}}}},"critere6":{"libelle":"","contenu":[]},"critere7":{"libelle":"","contenu":[]},"critere8":{"libelle":"","contenu":[]},"critere9":{"libelle":"","contenu":[]}},"LocalisationGps":{"Latitude":"44.291","Longitude":"6.57"},"libelleDuPrestataire":"","vuePrestataire":{"pave1":{"libelle":"","contenu":""},"pave2":{"libelle":"","contenu":""},"pave3":{"libelle":"","contenu":""},"pave4":{"libelle":"","contenu":""},"pave5":{"libelle":"","contenu":""},"pave6":{"libelle":"","contenu":""},"pave7":{"libelle":"","contenu":""},"pave8":{"libelle":"","contenu":""},"pave9":{"libelle":"","contenu":""},"pave10":{"libelle":"","contenu":""},"pave11":{"libelle":"","contenu":""},"pave12":{"libelle":"","contenu":""},"pave13":{"libelle":"","contenu":""},"pave14":{"libelle":"","contenu":""},"pave15":{"libelle":"","contenu":""},"pave16":{"libelle":"","contenu":""},"pave17":{"libelle":"","contenu":""},"pave18":{"libelle":"","contenu":""},"pave19":{"libelle":"","contenu":""},"pave20":{"libelle":"","contenu":""},"pave21":{"libelle":"","contenu":""},"pave22":{"libelle":"","contenu":""},"pave23":{"libelle":"","contenu":""},"pave24":{"libelle":"","contenu":""},"pave25":{"libelle":"","contenu":""},"ContactsParType":{"LIEU":{"114478":{"id_contact":"114478","type_contact":"LIEU","categorie_contact":"PRESTATAIRE","societe_contact":"","fonction_contact":"","civilite_nom_prenom_contact":"Rovera Jean Claude ","adresse1_contact":"","adresse2_contact":"","adresse3_contact":"","cpostal_contact":"","ville_contact":"","teldom_contact":"","telbur_contact":"","fax_contact":"","portable_contact":"","email_contact":"yvetterovera@orange.fr","siteweb_contact":"","commentaire_contact":"","langue_contact":"","autre_moyen_com":[]}},"GEST":{"114480":{"id_contact":"114480","type_contact":"GEST","categorie_contact":"PRESTATAIRE","societe_contact":"","fonction_contact":"","civilite_nom_prenom_contact":"Rovera Jean Claude ","adresse1_contact":"12 lotissement du lac","adresse2_contact":"","adresse3_contact":"","cpostal_contact":"04170","ville_contact":"Saint-Andr\u00e9-les-Alpes","teldom_contact":"04 92 83  94 19","telbur_contact":"","fax_contact":"","portable_contact":"06 67 22 26 53","email_contact":"jean-claude_rovera@orange.fr","siteweb_contact":"","commentaire_contact":"","langue_contact":"","autre_moyen_com":[]}}},"Libelle":"Rovera Jean Claude","Nom":"Rovera Jean Claude ","Prenom":"","NomPrenom":"Rovera Jean Claude  ","CiviliteNomPrenom":"Rovera Jean Claude  ","Cle":"G|5303435","PrestataireParent":"","ContexteStat":"PRESTATAIRE-G-5303435","DateModificationIso":"2025-11-19T00:29:00+01:00","Type":"PRESTATAIRE","TypePrestataire":"G","Adresse":{"LigneAdresse1":"","LigneAdresse2":"","LigneAdresse3":"","CodePostal":"","Ville":"","Cedex":"","Etat":"","Pays":""},"Email":"yvetterovera@orange.fr","Telephone":"04 92 83  94 19","TelephoneBureau":"","Portable":"06 67 22 26 53","SiteWeb":"","Fax":"","Id":"g-5303435","Code":"G|5303435","Fichier":[],"Url":"","Localisation":{"GoogleMap":{"Latitude":"43.96","Longitude":"6.5047"}},"ZoneGeo":"","Criteres":{"GTIMMO[GPARTI":"","P.6241[100154":"","P.3218[311229":"","P.3220[520893":"","P.3220[587449":"","P.3220[720674":"","P.3220[5178430":"","P.3220[5575034":"","P.3233[591419":"","P.6242[4633673":"","P.3221[4876304":"","P.3240[4920302":"","P.3240[5778284":"","P.3219[5127066":"","P.3219[5239406":"","P.3219[6436838":"","P.3227[5180675":"","P.VilleSitra[1695":"","P.VillageDeDepart[1695":""},"DateFinPublication":"","AffichageCoordonnees":[]},"listeCriteres":{"DISPONIBILITES":{"DISPORELANCE":"","PLANNINGACT":""},"GCAPACITE":{"3PERS":""},"NBPERS":{"GCAP03":""},"GLOGEM":{"GSTRES":""},"GEQUIC":{"GLAVEV":""},"GPARKI":{"GPARKC":"","GPARKE":""},"GANIMA":{"GANIMA":""},"PUBLICATION":{"VALDALLOS":"","VERDONTOURISME":""},"GNOMBRE":{"3PERS":""},"AFFEQUIP":{"ANIMAUX":"","PARKING":"","LAVEVAIS":""},"GLOC":{"G18":""},"LOCVERDON":{"37282":""},"AFFGTYPE":{"STUDIO":""},"125":{"624":""},"126":{"972":"","1323":""},"122":{"4054":"","4063":""},"services":{"687":""},"prestations":{"animauxAcceptes":"","surchargeTourismesAdaptes":"","surchargeDescriptifHandicapMoteur":"","surchargeDescriptifHandicapAuditif":"","surchargeDescriptifHandicapVisuel":"","surchargeDescriptifHandicapMental":"","surchargeNombreFauteuilsRoulants":""},"73":{"796":"","973":""},"69":{"880":"","983":""},"70":{"895":"","907":"","922":"","946":"","999":"","1012":""},"68":{"898":"","971":""},"72":{"963":""},"71":{"987":""},"languesParlees":{"1197":""},"tourismesAdaptes":{"3651":""},"environnements":{"171":"","184":"","193":""},"modesPaiement":{"1271":"","1277":"","1281":""},"tourismeAffaires":{"tourismeAffairesEnabled":"","devise":"EUR"},"hebergementLocatifType":{"2620":""},"informationsHebergementLocatif":{"dateClassement":"2024-07-01"},"classementPrefectoral":{"2628":""},"5401":{"1632":""},"5403":{"1651":""},"capacite":{"capaciteHebergement":"3","capaciteMaximumPossible":"3","nombreSallesDeBain":"1","nombreWC":"1","nombreCabines":"1","nombreLitsSimples":"2","surface":"22","numeroEtage":"1"},"CINTSITRA":{"8809":"","5660":""},"6241":{"126905":"","5740912":""},"3218":{"311229":""},"3220":{"587401":"","5575332":""},"3233":{"591419":""},"3221":{"4876304":""},"3219":{"5127066":"","5239406":""},"3240":{"5778284":""},"3230":{"6139211":""},"VilleSitra":{"37282":""},"VillageDeDepart":{"37282":""},"VISIBWEB":{"PLANNINGVISIBLE":""},"GTIMMO":{"GPARTI":""},"P.6241":{"100154":""},"P.3218":{"311229":""},"P.3220":{"520893":"","587449":"","720674":"","5178430":"","5575034":""},"P.3233":{"591419":""},"P.6242":{"4633673":""},"P.3221":{"4876304":""},"P.3240":{"4920302":"","5778284":""},"P.3219":{"5127066":"","5239406":"","6436838":""},"P.3227":{"5180675":""},"P.VilleSitra":{"1695":""},"P.VillageDeDepart":{"1695":""}},"dansCarnetVoyage":true,"Ouverture":"","WidgetDispoRechercheDate":false,"WidgetDispoVoirLienVoirToutesDispos":true,"ChargerWidgetDispoAuClic":true,"WidgetDispo":"\u003Cspan\u003E\u003C\/span\u003E","JsOnClickBtnDispo":"\u003Cscript\u003E\n                try{\n                    WidgetDispos.addChargementAuClicBtnDispoAccordeon('PRESTATION-G-5303435-5303434',{tabParamsWidgetDispo : {\"id\":\"G|5303435|5303434\",\"origineListeInfo\":\"\",\"vue\":\"semaineLigne\",\"mode\":\"ajax\",\"url_fiche\":\"2-stelle-1-1.html\",\"id_form_contact\":\"42\",\"version\":\"2\",\"parametersWidgetV2\":{\"el\":\"blocDispo-PRESTATION-G-5303435-5303434\",\"object\":{\"code\":\"G|5303435|5303434\"},\"cid\":\"8\",\"site\":{\"code\":\"SITE2018\",\"url\":\"https:\\\/\\\/it.valdallos.com\"},\"slider\":{\"controls\":{\"arrows\":{\"enable\":true,\"showLocked\":true,\"style\":\"button\"}}},\"booking\":{\"enable\":false,\"waitForWindowLoad\":false,\"parameters\":{\"idWidget\":\"blocResa-PRESTATION-G-5303435-5303434\",\"queryParams\":null,\"withoutForm\":true}},\"options\":{\"typeDate\":\"SS\",\"elReferer\":\"PRESTATION-G-5303435-5303434\",\"ingContext\":\"RESA\",\"urlFiche\":\"2-stelle-1-1.html\",\"startDate\":null,\"templates\":{\"Week\":\"semaine\",\"Days\":\"mois\"},\"plugContactForm\":\"42\"}}},idBloc : \"blocDispo-PRESTATION-G-5303435-5303434\",prestation : \"G|5303435|5303434\"});\n                }\n                catch(e) {\n                    \/\/console.log(e);\n                }\u003C\/script\u003E"},"html":" \n \u003Cdiv id=\"CV-PRESTATION-G-5303435-5303434\" data-contexte-id=\"PRESTATION|G|5303435|5303434\" data-cle=\"G|5303435|5303434\" class=\"fiche-liste\"\u003E\n    \n\n    \u003C!-- partie photo --\u003E\n    \u003Cdiv class=\"photo\"\u003E\t\t\t\t\t\t\t\t\t\t\t\t\t\t\t\t\t\t\t\t\t\n        \u003Cdiv class=\"cadre_photo_principale\"\u003E\t\t\n        \n            \t\t\t\t\t\n                    \u003Ca href=\"2-stelle-1-1.html?origine=carnet#media\"\u003E\n                        \u003Cimg class=\"photo_principale\" alt=\"Salon lumineux de studio, canap\u00e9, table basse, porte-fen\u00eatre donnant sur un balcon avec vue sur la station\" src=\"https:\/\/www.valdallos.com\/medias\/images\/prestations\/multitailles\/320x240_79022-20190705_111248.jpg\" itemprop=\"image\"\u003E\n                    \u003C\/a\u003E\t\t\t\t\t\t\n                \n                    \u003C\/div\u003E\t\t\t\t\t\t\t\t\t\t\t\t\t\t\t\t\t\t\t \t\t\n    \u003C\/div\u003E\n    \n    \u003C!-- partie nom prest --\u003E\n    \u003Cdiv class=\"nom\"\u003E\n        \u003Ch2\u003ERovera Jean Claude et Yvette\u003C\/h2\u003E\n        \n            \u003C\/div\u003E\n\n         \n    \u003C!-- partie adresse --\u003E\n    \u003Cdiv class=\"adresse\"\u003E\n    \n          \n    \u003C\/div\u003E\n    \n    \u003C!-- partie liens --\u003E\n    \u003Cdiv class=\"liens\"\u003E\n            \u003Ca class=\"btn-icon btn-view \" title=\"Vedi il file dettagliato\" href=\"2-stelle-1-1.html?origine=carnet\"\u003E\u003C\/a\u003E\u003C!--\u003Ca class=\"btn-icon btn-view \" title=\"\" href=\"?origine=carnet#thaut\"\u003E\u003C\/a\u003E--\u003E\n      \u003Ca class=\"btn-icon btn-trash carnet_voyage_supprimer\" title=\"Elimina questo file dal mio diario di viaggio\" href=\"carnet-voyage?action=remove&fiche=G|5303435|5303434\"\u003E\u003C\/a\u003E\n    \u003C\/div\u003E\n\n\u003C\/div\u003E\n\n","icon":"https:\/\/static.ingenie.fr\/images\/carnetVoyageV3\/G.png"},"fiche":"G|5303435|5303434","popup":"\u003Cdiv id=\"bloc_popup_ajout_fiche_carnet\"\u003E\n    \u003Cdiv class=\"info_popup_ajout_fiche_carnet\"\u003E\n        Hai appena aggiunto questo elemento alla tua selezione:    \u003C\/div\u003E\n    \u003Cdiv class=\"prest_popup_ajout_fiche_carnet\"\u003E\n        Rovera Jean Claude et Yvette    \u003C\/div\u003E\n    \u003Cdiv class=\"bloc_btn_ajout_fiche_carnet form_submit_div\"\u003E\n        \u003Cinput type=\"button\" value=\"Continua la mia selezione\" title=\"Continua la mia selezione\" name=\"btn_close\" class=\"btn_close_popup_carnet form_submit\" onclick=\"$.colorbox.close()\" \/\u003E\n        \u003Cinput type=\"button\" value=\"Visualizza la mia selezione\" title=\"Visualizza la mia selezione\" name=\"btn_panier\" class=\"btn_panier_popup_carnet form_submit\" onclick=\"if(typeof CarnetVoyage != 'undefined') {CarnetVoyage.voirCarnet();}\" \/\u003E\n    \u003C\/div\u003E\n    \u003Cdiv class=\"bloc_btn_ajout_fiche_carnet\"\u003E\n        \u003Cinput type=\"checkbox\" value=\"1\" name=\"desactiver_popup\" id=\"desactiver_popup\" \/\u003E\n        \u003Clabel for=\"desactiver_popup\"\u003ENon visualizzare pi\u00f9 questo messaggio\u003C\/label\u003E\n    \u003C\/div\u003E\n\u003C\/div\u003E","success":1}