{"nbFiches":1,"dataPrest":{"infoPrest":{"pave1":{"libelle":"Descriptif","contenu":"","fichiers":[]},"pave2":{"libelle":"Indirizzo","contenu":"","fichiers":[]},"pave3":{"libelle":"Tarifs Hiver","contenu":"","fichiers":[]},"pave4":{"libelle":"Tarifs Et\u00e9","contenu":"","fichiers":[]},"pave5":{"libelle":"URL de la r\u00e9servation ou vente en ligne","contenu":"","fichiers":[]},"pave6":{"libelle":"Descriptif court","contenu":"Studio situato a 5 minuti  a piedi dal fronte neve del resort Val d'Allos - Le Seignus, con parcheggio vicino all'alloggiamento.","fichiers":[]},"pave7":{"libelle":"Descriptif d\u00e9taill\u00e9","contenu":"","fichiers":[]},"pave8":{"libelle":"Bons plans","contenu":"","fichiers":[]},"pave9":{"libelle":"Compl\u00e9ment localisation","contenu":"","fichiers":[]},"pave10":{"libelle":"Compl\u00e9ment accueil","contenu":"","fichiers":[]},"pave11":{"libelle":"P\u00e9riodes en clair","contenu":"","fichiers":[]},"pave12":{"libelle":"Tarifs en clair","contenu":"","fichiers":[]},"pave13":{"libelle":"Compl\u00e9ment Tarifs","contenu":"","fichiers":[]},"pave14":{"libelle":"Compl\u00e9ment R\u00e9servation","contenu":"","fichiers":[]},"pave15":{"libelle":"Descriptif court","contenu":"","fichiers":[]},"pave16":{"libelle":"Descriptif d\u00e9taill\u00e9","contenu":"","fichiers":[]},"pave17":{"libelle":"Bons plans","contenu":"","fichiers":[]},"pave18":{"libelle":"Tarifs (Tarifs en clair, Compl\u00e9ment Tarifs)","contenu":"","fichiers":[]},"pave19":{"libelle":"P\u00e9riodes en clair","contenu":"","fichiers":[]},"pave20":{"libelle":"Descriptif court","contenu":"","fichiers":[]},"pave21":{"libelle":"Descriptif d\u00e9taill\u00e9","contenu":"","fichiers":[]},"pave22":{"libelle":"Bons plans","contenu":"","fichiers":[]},"pave23":{"libelle":"Tarifs (Tarifs en clair, Compl\u00e9ment Tarifs)","contenu":"","fichiers":[]},"pave24":{"libelle":"P\u00e9riodes en clair","contenu":"","fichiers":[]},"pave25":{"libelle":"Dispositions sp\u00e9ciales","contenu":"","fichiers":[]},"Libelle":"Pellissier Agn\u00e8s","Reference":"","Reftar":"","Type":"PRESTATION","TypePrestataire":"G","ContexteStat":"PRESTATION-G-5402219-4688032","DateModificationIso":"2026-04-27T13:45:00+02:00","Adresse":{"LigneAdresse1":"R\u00e9sidence le valdemars","LigneAdresse2":"Val d'Allos - le seignus","LigneAdresse3":"","CodePostal":"04260","Ville":"Le Seignus","Cedex":"","Etat":"","Pays":"FRA"},"Id":"g-5402219-4688032","Code":"G|5402219|4688032","Cle":"G|5402219|4688032","Url":"2-stelle-1-1-1-1.html","Localisation":{"GoogleMap":{"Latitude":"44.241842","Longitude":"6.614916"}},"ZoneGeo":"","Criteres":{"DISPONIBILITES[DISPORELANCE":"","GPREST[GLOCAS":"","GPREST[GCOU":"","GCAPACITE[3PERS":"","NBPERS[GCAP03":"","GLOGEM[GSTRES":"","GCHAR[GCHARN":"","GEQUIC[GFOUR":"","GEQUIC[GMICRO":"","GEQUIC[GREFIG":"","GEQUIS[GTELEV":"","GSALLE[GDOUCH":"","GSALLE[GWC":"","G1EQUI[GLOCSK":"","G1EQUI[GLOVEL":"","GPARKI[GPARKE":"","GANIMA[GANINA":"","PUBLICATION[VALDALLOS":"","PUBLICATION[VERDONTOURISME":"","GNOMBRE[3PERS":"","AFFEQUIP[PARKING":"","GLOC[G15":"","LOCVERDON[37281":"","AFFGTYPE[STUDIO":"","127[606":"","126[972":"","prestations[surchargeTourismesAdaptes":"","prestations[surchargeDescriptifHandicapMoteur":"","prestations[surchargeDescriptifHandicapAuditif":"","prestations[surchargeDescriptifHandicapVisuel":"","prestations[surchargeDescriptifHandicapMental":"","prestations[surchargeNombreFauteuilsRoulants":"","73[902":"","70[907":"","70[943":"","70[999":"","72[963":"","71[987":"","languesParlees[1197":"","environnements[171":"","environnements[184":"","environnements[193":"","environnements[3972":"","modesPaiement[1271":"","modesPaiement[1274":"","tourismeAffaires[tourismeAffairesEnabled":"","tourismeAffaires[devise":"EUR","hebergementLocatifType[2620":"","informationsHebergementLocatif[dateClassement":"2023-01-31","classementPrefectoral[2628":"","5403[1681":"","capacite[capaciteHebergement":"3","capacite[capaciteMaximumPossible":"3","capacite[surface":"19","capacite[numeroEtage":"1","CINTSITRA[5660":"","CINTSITRA[8809":"","6241[126905":"","6241[5740912":"","3218[311229":"","3220[587401":"","3220[5575332":"","3233[591419":"","3221[4876304":"","3219[5127066":"","3219[5239406":"","3240[5778284":"","3230[6139211":"","VilleSitra[37281":"","VillageDeDepart[37281":""},"ContactsParType":{"IWEB":{"116608":{"id_contact":"116608","type_contact":"IWEB","categorie_contact":"PRESTATION","societe_contact":"","fonction_contact":"","civilite_nom_prenom_contact":"Pellissier Agn\u00e8s  ","adresse1_contact":"","adresse2_contact":"","adresse3_contact":"","cpostal_contact":"","ville_contact":"","teldom_contact":"","telbur_contact":"","fax_contact":"","portable_contact":"06 66 16 00 16","email_contact":"agnespellissier04@gmail.com","siteweb_contact":"https:\/\/www.seignusgliss.com","commentaire_contact":"","langue_contact":"","autre_moyen_com":[]}},"":{"116609":{"id_contact":"116609","type_contact":"","categorie_contact":"PRESTATION","societe_contact":"","fonction_contact":"","civilite_nom_prenom_contact":"MME Pellissier Jacqueline ","adresse1_contact":"","adresse2_contact":"","adresse3_contact":"","cpostal_contact":"","ville_contact":"","teldom_contact":"","telbur_contact":"","fax_contact":"","portable_contact":"","email_contact":"","siteweb_contact":"","commentaire_contact":"","langue_contact":"","autre_moyen_com":[]}}},"ContactRemplaceCoordonnees":"116608","Prestataire":{"pave1":{"libelle":"","contenu":""},"pave2":{"libelle":"","contenu":""},"pave3":{"libelle":"","contenu":""},"pave4":{"libelle":"","contenu":""},"pave5":{"libelle":"","contenu":""},"pave6":{"libelle":"","contenu":""},"pave7":{"libelle":"","contenu":""},"pave8":{"libelle":"","contenu":""},"pave9":{"libelle":"","contenu":""},"pave10":{"libelle":"","contenu":""},"pave11":{"libelle":"","contenu":""},"pave12":{"libelle":"","contenu":""},"pave13":{"libelle":"","contenu":""},"pave14":{"libelle":"","contenu":""},"pave15":{"libelle":"","contenu":""},"pave16":{"libelle":"","contenu":""},"pave17":{"libelle":"","contenu":""},"pave18":{"libelle":"","contenu":""},"pave19":{"libelle":"","contenu":""},"pave20":{"libelle":"","contenu":""},"pave21":{"libelle":"","contenu":""},"pave22":{"libelle":"","contenu":""},"pave23":{"libelle":"","contenu":""},"pave24":{"libelle":"","contenu":""},"pave25":{"libelle":"","contenu":""},"ContactsParType":{"GEST":{"116252":{"id_contact":"116252","type_contact":"GEST","categorie_contact":"PRESTATAIRE","societe_contact":"","fonction_contact":"","civilite_nom_prenom_contact":"Pellissier Agn\u00e8s ","adresse1_contact":"Centre station","adresse2_contact":"Val d'Allos - le Seignus","adresse3_contact":"","cpostal_contact":"04260","ville_contact":"Le Seignus","teldom_contact":"","telbur_contact":"","fax_contact":"","portable_contact":"06 66 16 00 16","email_contact":"agnespellissier04@gmail.com","siteweb_contact":"https:\/\/www.seignusgliss.com","commentaire_contact":"","langue_contact":"","autre_moyen_com":[]}}},"Libelle":"Pellissier Agn\u00e8s","Nom":"Pellissier Agn\u00e8s ","Prenom":"","NomPrenom":"Pellissier Agn\u00e8s  ","CiviliteNomPrenom":"Pellissier Agn\u00e8s  ","Cle":"G|5402219","PrestataireParent":"","ContexteStat":"PRESTATAIRE-G-5402219","DateModificationIso":"2026-01-29T00:11:00+01:00","Type":"PRESTATAIRE","TypePrestataire":"G","Adresse":{"LigneAdresse1":"","LigneAdresse2":"","LigneAdresse3":"","CodePostal":"","Ville":"","Cedex":"","Etat":"","Pays":""},"Email":"agnespellissier04@gmail.com","Telephone":"","TelephoneBureau":"","Portable":"06 66 16 00 16","SiteWeb":"https:\/\/www.seignusgliss.com","Fax":"","Id":"g-5402219","Code":"G|5402219","Fichier":[],"Url":"","Localisation":{"GoogleMap":{"Latitude":"","Longitude":""}},"ZoneGeo":"","Criteres":{"GTIMMO[GPARTI":"","P.GLOC[G15":"","P.6241[126905":"","P.6241[5740912":"","P.3218[311229":"","P.3220[587401":"","P.3220[5575332":"","P.3233[591419":"","P.3221[4876304":"","P.3219[5127066":"","P.3219[5239406":"","P.3240[5778284":"","P.3230[6139211":"","P.VilleSitra[37281":"","P.VillageDeDepart[37281":""},"DateFinPublication":""},"Fichier":{"Image":[{"url":"https:\/\/www.valdallos.com\/medias\/images\/prestations\/78674-pellissierstudio1.jpg","chemin":"..\/medias\/images\/prestations\/78674-pellissierstudio1.jpg","libelle":"S\u00e9jour de studio avec TV, ameublement bois, porte-fen\u00eatre donnant sur pi\u00e8ce suppl\u00e9mentaire","extension":"jpg","categorie":"","largeur":800,"theme":"","hauteur":600,"type":"Image","origine":"","liaisonPave":"","langue":"","id":"78674","urlVignette":"https:\/\/www.valdallos.com\/medias\/images\/prestations\/v-78674-pellissierstudio1.jpg","alt":"S\u00e9jour de studio avec TV, ameublement bois, porte-fen\u00eatre donnant sur pi\u00e8ce suppl\u00e9mentaire","title":"S\u00e9jour de studio avec TV, ameublement bois, porte-fen\u00eatre donnant sur pi\u00e8ce suppl\u00e9mentaire","MultiTaille":{"1920x1440":{"url":"https:\/\/www.valdallos.com\/medias\/images\/prestations\/multitailles\/1920x1440_78674-pellissierstudio1.jpg"},"1200x900":{"url":"https:\/\/www.valdallos.com\/medias\/images\/prestations\/multitailles\/1200x900_78674-pellissierstudio1.jpg"},"800x600":{"url":"https:\/\/www.valdallos.com\/medias\/images\/prestations\/multitailles\/800x600_78674-pellissierstudio1.jpg"},"640x480":{"url":"https:\/\/www.valdallos.com\/medias\/images\/prestations\/multitailles\/640x480_78674-pellissierstudio1.jpg"},"320x240":{"url":"https:\/\/www.valdallos.com\/medias\/images\/prestations\/multitailles\/320x240_78674-pellissierstudio1.jpg"},"160x120":{"url":"https:\/\/www.valdallos.com\/medias\/images\/prestations\/multitailles\/160x120_78674-pellissierstudio1.jpg"},"origine":{"url":"https:\/\/www.valdallos.com\/medias\/images\/prestations\/78674-pellissierstudio1.jpg"}},"urlLien":"","typeLien":"","nofollow":"N","copyright":"Pellissier A"},{"url":"https:\/\/www.valdallos.com\/medias\/images\/prestations\/78675-pellissierstudio3.jpg","chemin":"..\/medias\/images\/prestations\/78675-pellissierstudio3.jpg","libelle":"Pi\u00e8ce lumineuse donnant sur l'ext\u00e9rieur, ameublement bois, grande fen\u00eatre","extension":"jpg","categorie":"","largeur":800,"theme":"","hauteur":600,"type":"Image","origine":"","liaisonPave":"","langue":"","id":"78675","urlVignette":"https:\/\/www.valdallos.com\/medias\/images\/prestations\/v-78675-pellissierstudio3.jpg","alt":"Pi\u00e8ce lumineuse donnant sur l'ext\u00e9rieur, ameublement bois, grande fen\u00eatre","title":"Pi\u00e8ce lumineuse donnant sur l'ext\u00e9rieur, ameublement bois, grande fen\u00eatre","MultiTaille":{"1920x1440":{"url":"https:\/\/www.valdallos.com\/medias\/images\/prestations\/multitailles\/1920x1440_78675-pellissierstudio3.jpg"},"1200x900":{"url":"https:\/\/www.valdallos.com\/medias\/images\/prestations\/multitailles\/1200x900_78675-pellissierstudio3.jpg"},"800x600":{"url":"https:\/\/www.valdallos.com\/medias\/images\/prestations\/multitailles\/800x600_78675-pellissierstudio3.jpg"},"640x480":{"url":"https:\/\/www.valdallos.com\/medias\/images\/prestations\/multitailles\/640x480_78675-pellissierstudio3.jpg"},"320x240":{"url":"https:\/\/www.valdallos.com\/medias\/images\/prestations\/multitailles\/320x240_78675-pellissierstudio3.jpg"},"160x120":{"url":"https:\/\/www.valdallos.com\/medias\/images\/prestations\/multitailles\/160x120_78675-pellissierstudio3.jpg"},"origine":{"url":"https:\/\/www.valdallos.com\/medias\/images\/prestations\/78675-pellissierstudio3.jpg"}},"urlLien":"","typeLien":"","nofollow":"N","copyright":"Pellissier A"},{"url":"https:\/\/www.valdallos.com\/medias\/images\/prestations\/78676-pellissierstudio4.jpg","chemin":"..\/medias\/images\/prestations\/78676-pellissierstudio4.jpg","libelle":"Pi\u00e8ce lumineuse donnant sur l'ext\u00e9rieur, ameublement bois, grande fen\u00eatre, vue sur les montagnes enneig\u00e9es","extension":"jpg","categorie":"","largeur":800,"theme":"","hauteur":600,"type":"Image","origine":"","liaisonPave":"","langue":"","id":"78676","urlVignette":"https:\/\/www.valdallos.com\/medias\/images\/prestations\/v-78676-pellissierstudio4.jpg","alt":"Pi\u00e8ce lumineuse donnant sur l'ext\u00e9rieur, ameublement bois, grande fen\u00eatre, vue sur les montagnes enneig\u00e9es","title":"Pi\u00e8ce lumineuse donnant sur l'ext\u00e9rieur, ameublement bois, grande fen\u00eatre, vue sur les montagnes enneig\u00e9es","MultiTaille":{"1920x1440":{"url":"https:\/\/www.valdallos.com\/medias\/images\/prestations\/multitailles\/1920x1440_78676-pellissierstudio4.jpg"},"1200x900":{"url":"https:\/\/www.valdallos.com\/medias\/images\/prestations\/multitailles\/1200x900_78676-pellissierstudio4.jpg"},"800x600":{"url":"https:\/\/www.valdallos.com\/medias\/images\/prestations\/multitailles\/800x600_78676-pellissierstudio4.jpg"},"640x480":{"url":"https:\/\/www.valdallos.com\/medias\/images\/prestations\/multitailles\/640x480_78676-pellissierstudio4.jpg"},"320x240":{"url":"https:\/\/www.valdallos.com\/medias\/images\/prestations\/multitailles\/320x240_78676-pellissierstudio4.jpg"},"160x120":{"url":"https:\/\/www.valdallos.com\/medias\/images\/prestations\/multitailles\/160x120_78676-pellissierstudio4.jpg"},"origine":{"url":"https:\/\/www.valdallos.com\/medias\/images\/prestations\/78676-pellissierstudio4.jpg"}},"urlLien":"","typeLien":"","nofollow":"N","copyright":"Pellissier A"},{"url":"https:\/\/www.valdallos.com\/medias\/images\/prestations\/78677-pellissierstudio6.jpg","chemin":"..\/medias\/images\/prestations\/78677-pellissierstudio6.jpg","libelle":"Salle de bains carrel\u00e9e avec bac \u00e0 douche","extension":"jpg","categorie":"","largeur":600,"theme":"","hauteur":800,"type":"Image","origine":"","liaisonPave":"","langue":"","id":"78677","urlVignette":"https:\/\/www.valdallos.com\/medias\/images\/prestations\/v-78677-pellissierstudio6.jpg","alt":"Salle de bains carrel\u00e9e avec bac \u00e0 douche","title":"Salle de bains carrel\u00e9e avec bac \u00e0 douche","MultiTaille":{"1920x1440":{"url":"https:\/\/www.valdallos.com\/medias\/images\/prestations\/multitailles\/1920x1440_78677-pellissierstudio6.jpg"},"1200x900":{"url":"https:\/\/www.valdallos.com\/medias\/images\/prestations\/multitailles\/1200x900_78677-pellissierstudio6.jpg"},"800x600":{"url":"https:\/\/www.valdallos.com\/medias\/images\/prestations\/multitailles\/800x600_78677-pellissierstudio6.jpg"},"640x480":{"url":"https:\/\/www.valdallos.com\/medias\/images\/prestations\/multitailles\/640x480_78677-pellissierstudio6.jpg"},"320x240":{"url":"https:\/\/www.valdallos.com\/medias\/images\/prestations\/multitailles\/320x240_78677-pellissierstudio6.jpg"},"160x120":{"url":"https:\/\/www.valdallos.com\/medias\/images\/prestations\/multitailles\/160x120_78677-pellissierstudio6.jpg"},"origine":{"url":"https:\/\/www.valdallos.com\/medias\/images\/prestations\/78677-pellissierstudio6.jpg"}},"urlLien":"","typeLien":"","nofollow":"N","copyright":"Pellissier A"},{"url":"https:\/\/www.valdallos.com\/medias\/images\/prestations\/78678-image2.jpg","chemin":"..\/medias\/images\/prestations\/78678-image2.jpg","libelle":"Espace salon avec canap\u00e9 et lit en mezzanine, ameublement bois","extension":"jpg","categorie":"","largeur":628,"theme":"","hauteur":1116,"type":"Image","origine":"","liaisonPave":"","langue":"","id":"78678","urlVignette":"https:\/\/www.valdallos.com\/medias\/images\/prestations\/v-78678-image2.jpg","alt":"Espace salon avec canap\u00e9 et lit en mezzanine, ameublement bois","title":"Espace salon avec canap\u00e9 et lit en mezzanine, ameublement bois","MultiTaille":{"1920x1440":{"url":"https:\/\/www.valdallos.com\/medias\/images\/prestations\/multitailles\/1920x1440_78678-image2.jpg"},"1200x900":{"url":"https:\/\/www.valdallos.com\/medias\/images\/prestations\/multitailles\/1200x900_78678-image2.jpg"},"800x600":{"url":"https:\/\/www.valdallos.com\/medias\/images\/prestations\/multitailles\/800x600_78678-image2.jpg"},"640x480":{"url":"https:\/\/www.valdallos.com\/medias\/images\/prestations\/multitailles\/640x480_78678-image2.jpg"},"320x240":{"url":"https:\/\/www.valdallos.com\/medias\/images\/prestations\/multitailles\/320x240_78678-image2.jpg"},"160x120":{"url":"https:\/\/www.valdallos.com\/medias\/images\/prestations\/multitailles\/160x120_78678-image2.jpg"},"origine":{"url":"https:\/\/www.valdallos.com\/medias\/images\/prestations\/78678-image2.jpg"}},"urlLien":"","typeLien":"","nofollow":"N","copyright":"Pellissier A"},{"url":"https:\/\/www.valdallos.com\/medias\/images\/prestations\/78679-pellissierstudio5.jpg","chemin":"..\/medias\/images\/prestations\/78679-pellissierstudio5.jpg","libelle":"Coin cuisine carrel\u00e9e avec \u00e9vier, plaques de cuissons \u00e9lectriques","extension":"jpg","categorie":"","largeur":600,"theme":"","hauteur":800,"type":"Image","origine":"","liaisonPave":"","langue":"","id":"78679","urlVignette":"https:\/\/www.valdallos.com\/medias\/images\/prestations\/v-78679-pellissierstudio5.jpg","alt":"Coin cuisine carrel\u00e9e avec \u00e9vier, plaques de cuissons \u00e9lectriques","title":"Coin cuisine carrel\u00e9e avec \u00e9vier, plaques de cuissons \u00e9lectriques","MultiTaille":{"1920x1440":{"url":"https:\/\/www.valdallos.com\/medias\/images\/prestations\/multitailles\/1920x1440_78679-pellissierstudio5.jpg"},"1200x900":{"url":"https:\/\/www.valdallos.com\/medias\/images\/prestations\/multitailles\/1200x900_78679-pellissierstudio5.jpg"},"800x600":{"url":"https:\/\/www.valdallos.com\/medias\/images\/prestations\/multitailles\/800x600_78679-pellissierstudio5.jpg"},"640x480":{"url":"https:\/\/www.valdallos.com\/medias\/images\/prestations\/multitailles\/640x480_78679-pellissierstudio5.jpg"},"320x240":{"url":"https:\/\/www.valdallos.com\/medias\/images\/prestations\/multitailles\/320x240_78679-pellissierstudio5.jpg"},"160x120":{"url":"https:\/\/www.valdallos.com\/medias\/images\/prestations\/multitailles\/160x120_78679-pellissierstudio5.jpg"},"origine":{"url":"https:\/\/www.valdallos.com\/medias\/images\/prestations\/78679-pellissierstudio5.jpg"}},"urlLien":"","typeLien":"","nofollow":"N","copyright":"Pellissier A"}],"ByCategorie":{"":[{"url":"https:\/\/www.valdallos.com\/medias\/images\/prestations\/78674-pellissierstudio1.jpg","chemin":"..\/medias\/images\/prestations\/78674-pellissierstudio1.jpg","libelle":"S\u00e9jour de studio avec TV, ameublement bois, porte-fen\u00eatre donnant sur pi\u00e8ce suppl\u00e9mentaire","extension":"jpg","categorie":"","largeur":800,"theme":"","hauteur":600,"type":"Image","origine":"","liaisonPave":"","langue":"","id":"78674","urlVignette":"https:\/\/www.valdallos.com\/medias\/images\/prestations\/v-78674-pellissierstudio1.jpg","alt":"S\u00e9jour de studio avec TV, ameublement bois, porte-fen\u00eatre donnant sur pi\u00e8ce suppl\u00e9mentaire","title":"S\u00e9jour de studio avec TV, ameublement bois, porte-fen\u00eatre donnant sur pi\u00e8ce suppl\u00e9mentaire","MultiTaille":{"1920x1440":{"url":"https:\/\/www.valdallos.com\/medias\/images\/prestations\/multitailles\/1920x1440_78674-pellissierstudio1.jpg"},"1200x900":{"url":"https:\/\/www.valdallos.com\/medias\/images\/prestations\/multitailles\/1200x900_78674-pellissierstudio1.jpg"},"800x600":{"url":"https:\/\/www.valdallos.com\/medias\/images\/prestations\/multitailles\/800x600_78674-pellissierstudio1.jpg"},"640x480":{"url":"https:\/\/www.valdallos.com\/medias\/images\/prestations\/multitailles\/640x480_78674-pellissierstudio1.jpg"},"320x240":{"url":"https:\/\/www.valdallos.com\/medias\/images\/prestations\/multitailles\/320x240_78674-pellissierstudio1.jpg"},"160x120":{"url":"https:\/\/www.valdallos.com\/medias\/images\/prestations\/multitailles\/160x120_78674-pellissierstudio1.jpg"},"origine":{"url":"https:\/\/www.valdallos.com\/medias\/images\/prestations\/78674-pellissierstudio1.jpg"}},"urlLien":"","typeLien":"","nofollow":"N","copyright":"Pellissier A"},{"url":"https:\/\/www.valdallos.com\/medias\/images\/prestations\/78675-pellissierstudio3.jpg","chemin":"..\/medias\/images\/prestations\/78675-pellissierstudio3.jpg","libelle":"Pi\u00e8ce lumineuse donnant sur l'ext\u00e9rieur, ameublement bois, grande fen\u00eatre","extension":"jpg","categorie":"","largeur":800,"theme":"","hauteur":600,"type":"Image","origine":"","liaisonPave":"","langue":"","id":"78675","urlVignette":"https:\/\/www.valdallos.com\/medias\/images\/prestations\/v-78675-pellissierstudio3.jpg","alt":"Pi\u00e8ce lumineuse donnant sur l'ext\u00e9rieur, ameublement bois, grande fen\u00eatre","title":"Pi\u00e8ce lumineuse donnant sur l'ext\u00e9rieur, ameublement bois, grande fen\u00eatre","MultiTaille":{"1920x1440":{"url":"https:\/\/www.valdallos.com\/medias\/images\/prestations\/multitailles\/1920x1440_78675-pellissierstudio3.jpg"},"1200x900":{"url":"https:\/\/www.valdallos.com\/medias\/images\/prestations\/multitailles\/1200x900_78675-pellissierstudio3.jpg"},"800x600":{"url":"https:\/\/www.valdallos.com\/medias\/images\/prestations\/multitailles\/800x600_78675-pellissierstudio3.jpg"},"640x480":{"url":"https:\/\/www.valdallos.com\/medias\/images\/prestations\/multitailles\/640x480_78675-pellissierstudio3.jpg"},"320x240":{"url":"https:\/\/www.valdallos.com\/medias\/images\/prestations\/multitailles\/320x240_78675-pellissierstudio3.jpg"},"160x120":{"url":"https:\/\/www.valdallos.com\/medias\/images\/prestations\/multitailles\/160x120_78675-pellissierstudio3.jpg"},"origine":{"url":"https:\/\/www.valdallos.com\/medias\/images\/prestations\/78675-pellissierstudio3.jpg"}},"urlLien":"","typeLien":"","nofollow":"N","copyright":"Pellissier A"},{"url":"https:\/\/www.valdallos.com\/medias\/images\/prestations\/78676-pellissierstudio4.jpg","chemin":"..\/medias\/images\/prestations\/78676-pellissierstudio4.jpg","libelle":"Pi\u00e8ce lumineuse donnant sur l'ext\u00e9rieur, ameublement bois, grande fen\u00eatre, vue sur les montagnes enneig\u00e9es","extension":"jpg","categorie":"","largeur":800,"theme":"","hauteur":600,"type":"Image","origine":"","liaisonPave":"","langue":"","id":"78676","urlVignette":"https:\/\/www.valdallos.com\/medias\/images\/prestations\/v-78676-pellissierstudio4.jpg","alt":"Pi\u00e8ce lumineuse donnant sur l'ext\u00e9rieur, ameublement bois, grande fen\u00eatre, vue sur les montagnes enneig\u00e9es","title":"Pi\u00e8ce lumineuse donnant sur l'ext\u00e9rieur, ameublement bois, grande fen\u00eatre, vue sur les montagnes enneig\u00e9es","MultiTaille":{"1920x1440":{"url":"https:\/\/www.valdallos.com\/medias\/images\/prestations\/multitailles\/1920x1440_78676-pellissierstudio4.jpg"},"1200x900":{"url":"https:\/\/www.valdallos.com\/medias\/images\/prestations\/multitailles\/1200x900_78676-pellissierstudio4.jpg"},"800x600":{"url":"https:\/\/www.valdallos.com\/medias\/images\/prestations\/multitailles\/800x600_78676-pellissierstudio4.jpg"},"640x480":{"url":"https:\/\/www.valdallos.com\/medias\/images\/prestations\/multitailles\/640x480_78676-pellissierstudio4.jpg"},"320x240":{"url":"https:\/\/www.valdallos.com\/medias\/images\/prestations\/multitailles\/320x240_78676-pellissierstudio4.jpg"},"160x120":{"url":"https:\/\/www.valdallos.com\/medias\/images\/prestations\/multitailles\/160x120_78676-pellissierstudio4.jpg"},"origine":{"url":"https:\/\/www.valdallos.com\/medias\/images\/prestations\/78676-pellissierstudio4.jpg"}},"urlLien":"","typeLien":"","nofollow":"N","copyright":"Pellissier A"},{"url":"https:\/\/www.valdallos.com\/medias\/images\/prestations\/78677-pellissierstudio6.jpg","chemin":"..\/medias\/images\/prestations\/78677-pellissierstudio6.jpg","libelle":"Salle de bains carrel\u00e9e avec bac \u00e0 douche","extension":"jpg","categorie":"","largeur":600,"theme":"","hauteur":800,"type":"Image","origine":"","liaisonPave":"","langue":"","id":"78677","urlVignette":"https:\/\/www.valdallos.com\/medias\/images\/prestations\/v-78677-pellissierstudio6.jpg","alt":"Salle de bains carrel\u00e9e avec bac \u00e0 douche","title":"Salle de bains carrel\u00e9e avec bac \u00e0 douche","MultiTaille":{"1920x1440":{"url":"https:\/\/www.valdallos.com\/medias\/images\/prestations\/multitailles\/1920x1440_78677-pellissierstudio6.jpg"},"1200x900":{"url":"https:\/\/www.valdallos.com\/medias\/images\/prestations\/multitailles\/1200x900_78677-pellissierstudio6.jpg"},"800x600":{"url":"https:\/\/www.valdallos.com\/medias\/images\/prestations\/multitailles\/800x600_78677-pellissierstudio6.jpg"},"640x480":{"url":"https:\/\/www.valdallos.com\/medias\/images\/prestations\/multitailles\/640x480_78677-pellissierstudio6.jpg"},"320x240":{"url":"https:\/\/www.valdallos.com\/medias\/images\/prestations\/multitailles\/320x240_78677-pellissierstudio6.jpg"},"160x120":{"url":"https:\/\/www.valdallos.com\/medias\/images\/prestations\/multitailles\/160x120_78677-pellissierstudio6.jpg"},"origine":{"url":"https:\/\/www.valdallos.com\/medias\/images\/prestations\/78677-pellissierstudio6.jpg"}},"urlLien":"","typeLien":"","nofollow":"N","copyright":"Pellissier A"},{"url":"https:\/\/www.valdallos.com\/medias\/images\/prestations\/78678-image2.jpg","chemin":"..\/medias\/images\/prestations\/78678-image2.jpg","libelle":"Espace salon avec canap\u00e9 et lit en mezzanine, ameublement bois","extension":"jpg","categorie":"","largeur":628,"theme":"","hauteur":1116,"type":"Image","origine":"","liaisonPave":"","langue":"","id":"78678","urlVignette":"https:\/\/www.valdallos.com\/medias\/images\/prestations\/v-78678-image2.jpg","alt":"Espace salon avec canap\u00e9 et lit en mezzanine, ameublement bois","title":"Espace salon avec canap\u00e9 et lit en mezzanine, ameublement bois","MultiTaille":{"1920x1440":{"url":"https:\/\/www.valdallos.com\/medias\/images\/prestations\/multitailles\/1920x1440_78678-image2.jpg"},"1200x900":{"url":"https:\/\/www.valdallos.com\/medias\/images\/prestations\/multitailles\/1200x900_78678-image2.jpg"},"800x600":{"url":"https:\/\/www.valdallos.com\/medias\/images\/prestations\/multitailles\/800x600_78678-image2.jpg"},"640x480":{"url":"https:\/\/www.valdallos.com\/medias\/images\/prestations\/multitailles\/640x480_78678-image2.jpg"},"320x240":{"url":"https:\/\/www.valdallos.com\/medias\/images\/prestations\/multitailles\/320x240_78678-image2.jpg"},"160x120":{"url":"https:\/\/www.valdallos.com\/medias\/images\/prestations\/multitailles\/160x120_78678-image2.jpg"},"origine":{"url":"https:\/\/www.valdallos.com\/medias\/images\/prestations\/78678-image2.jpg"}},"urlLien":"","typeLien":"","nofollow":"N","copyright":"Pellissier A"},{"url":"https:\/\/www.valdallos.com\/medias\/images\/prestations\/78679-pellissierstudio5.jpg","chemin":"..\/medias\/images\/prestations\/78679-pellissierstudio5.jpg","libelle":"Coin cuisine carrel\u00e9e avec \u00e9vier, plaques de cuissons \u00e9lectriques","extension":"jpg","categorie":"","largeur":600,"theme":"","hauteur":800,"type":"Image","origine":"","liaisonPave":"","langue":"","id":"78679","urlVignette":"https:\/\/www.valdallos.com\/medias\/images\/prestations\/v-78679-pellissierstudio5.jpg","alt":"Coin cuisine carrel\u00e9e avec \u00e9vier, plaques de cuissons \u00e9lectriques","title":"Coin cuisine carrel\u00e9e avec \u00e9vier, plaques de cuissons \u00e9lectriques","MultiTaille":{"1920x1440":{"url":"https:\/\/www.valdallos.com\/medias\/images\/prestations\/multitailles\/1920x1440_78679-pellissierstudio5.jpg"},"1200x900":{"url":"https:\/\/www.valdallos.com\/medias\/images\/prestations\/multitailles\/1200x900_78679-pellissierstudio5.jpg"},"800x600":{"url":"https:\/\/www.valdallos.com\/medias\/images\/prestations\/multitailles\/800x600_78679-pellissierstudio5.jpg"},"640x480":{"url":"https:\/\/www.valdallos.com\/medias\/images\/prestations\/multitailles\/640x480_78679-pellissierstudio5.jpg"},"320x240":{"url":"https:\/\/www.valdallos.com\/medias\/images\/prestations\/multitailles\/320x240_78679-pellissierstudio5.jpg"},"160x120":{"url":"https:\/\/www.valdallos.com\/medias\/images\/prestations\/multitailles\/160x120_78679-pellissierstudio5.jpg"},"origine":{"url":"https:\/\/www.valdallos.com\/medias\/images\/prestations\/78679-pellissierstudio5.jpg"}},"urlLien":"","typeLien":"","nofollow":"N","copyright":"Pellissier A"}]}},"DateDebPublication":"","DateFinPublication":"","PrixAPartirDe":"","PrixPour":"","FicheListeEnCours":"fiche_liste_immobilier_prestation_OT_v3","ParametresModele":{"AfficherPhotos":1,"NbPhotosMax":6,"AfficherReserver":0,"AfficherContact":0,"AfficherSalle":1,"AfficherZoneGeo":0,"AfficherEnSavoirPlus":"0","AfficherUneSeuleOuverture":0,"AfficherContactCarte":1,"AfficherTarifsChaudAPartirDe":0,"AfficherTarifChaudSansRecherche":0,"AfficherDispoAccordeon":"1","AfficherDispoResa":"1","AfficherPrixAPartirDe":"1","BlocCritereInfo":{"critere1":{"libelle":"","liste_critere":["classementPrefectoral|2631|G","classementPrefectoral|2630|G","classementPrefectoral|2629|G","classementPrefectoral|2628|G","classementPrefectoral|2627|G","classementPrefectoral|2632|G"]},"critere2":{"libelle":"","liste_critere":["GLOC|G"]},"critere3":{"libelle":""},"critere4":{"libelle":""},"critere5":{"libelle":"","liste_critere":["GHANDI|G","AFFEQUIP|WIFI|G","AFFEQUIP|ANIMAUX|G","AFFEQUIP|PARKING|G","AFFEQUIP|LAVEVAIS|G","AFFEQUIP|LAVELINGEAFF|G","GCHAMB|G","NBPERS|G","GSURFA|G","GLOGEM|G"]},"critere6":{"libelle":"","liste_critere":["GLABEL|GCLEVA|G"]},"critere7":{"libelle":""},"critere8":{"libelle":""},"critere9":{"libelle":""},"afficherpictoetpaslibelle":"1"},"BlocPaveInfo":{"texte1":{"pave":["6","15","20"],"longeurmax":"250","afficherLibelle":"0","garderHtml":"0","boutonVoirPlus":""},"texte3":{"longeurmax":"","afficherLibelle":"0","garderHtml":"0","boutonVoirPlus":""}},"CriteresComportementDispo":"DISPONIBILITES[PLANNINGACT","PositionBloc":"GALLERIE|ZONEPRINCIPALFICHEPRESTA|NOM|CARNET_VOYAGE|ACCROCHE_TARIF_DISPO","TypePrestataire":"G","ComportementResa":false,"ComportementDispo":false},"AffichageCoordonnees":[],"Coordonnees":{"Ville":"Le Seignus"},"ContexteId":"PRESTATION|G|5402219|4688032","ContexteIdHtml":"PRESTATION-G-5402219-4688032","cleContexte":"G|5402219|4688032","Bloc":{"texte1":"Studio situato a 5 minuti  a piedi dal fronte neve del resort Val d'Allos - Le Seignus, con parcheggio vicino all'alloggiamento.","texte3":"","critere1":{"libelle":"","contenu":{"classementPrefectoral":{"libelle":"","contenu":{"4":"\u003Cimg src=\"https:\/\/www.valdallos.com\/medias\/images\/picto\/classementPrefectoral-2628-G.png\"  alt=\"2 stelle\" title=\"2 stelle\" \/\u003E"},"codesValeurs":{"4":"classementPrefectoral|2628|G"},"criteres_datas":{"valeurs":{"4":{"2628":{"descriptif":""}}}}}}},"critere2":{"libelle":"","contenu":{"GLOC":{"libelle":"Localizzare","contenu":{"2":"Val d'Allos - Le Seignus"},"codesValeurs":{"2":"GLOC|G15|G"},"criteres_datas":{"valeurs":{"2":{"G15":{"descriptif":""}}}}}}},"critere3":{"libelle":"","contenu":[]},"critere4":{"libelle":"","contenu":[]},"critere5":{"libelle":"","contenu":{"NBPERS":{"libelle":"Persone","contenu":{"2":"3 persone"},"codesValeurs":{"2":"NBPERS|GCAP03|G"},"criteres_datas":{"valeurs":{"2":{"GCAP03":{"descriptif":""}}}}},"GLOGEM":{"libelle":"tipo di alloggio","contenu":{"7":"Monolocale in una reisdence"},"codesValeurs":{"7":"GLOGEM|GSTRES|G"},"criteres_datas":{"valeurs":{"7":{"GSTRES":{"descriptif":""}}}}},"AFFEQUIP":{"libelle":"Servizi","contenu":{"3":"Parcheggio \/ Garage"},"codesValeurs":{"3":"AFFEQUIP|PARKING|G"},"criteres_datas":{"valeurs":{"3":{"PARKING":{"descriptif":""}}}}}}},"critere6":{"libelle":"","contenu":[]},"critere7":{"libelle":"","contenu":[]},"critere8":{"libelle":"","contenu":[]},"critere9":{"libelle":"","contenu":[]}},"LocalisationGps":{"Latitude":"44.241842","Longitude":"6.614916"},"libelleDuPrestataire":"","vuePrestataire":{"pave1":{"libelle":"","contenu":""},"pave2":{"libelle":"","contenu":""},"pave3":{"libelle":"","contenu":""},"pave4":{"libelle":"","contenu":""},"pave5":{"libelle":"","contenu":""},"pave6":{"libelle":"","contenu":""},"pave7":{"libelle":"","contenu":""},"pave8":{"libelle":"","contenu":""},"pave9":{"libelle":"","contenu":""},"pave10":{"libelle":"","contenu":""},"pave11":{"libelle":"","contenu":""},"pave12":{"libelle":"","contenu":""},"pave13":{"libelle":"","contenu":""},"pave14":{"libelle":"","contenu":""},"pave15":{"libelle":"","contenu":""},"pave16":{"libelle":"","contenu":""},"pave17":{"libelle":"","contenu":""},"pave18":{"libelle":"","contenu":""},"pave19":{"libelle":"","contenu":""},"pave20":{"libelle":"","contenu":""},"pave21":{"libelle":"","contenu":""},"pave22":{"libelle":"","contenu":""},"pave23":{"libelle":"","contenu":""},"pave24":{"libelle":"","contenu":""},"pave25":{"libelle":"","contenu":""},"ContactsParType":{"GEST":{"116252":{"id_contact":"116252","type_contact":"GEST","categorie_contact":"PRESTATAIRE","societe_contact":"","fonction_contact":"","civilite_nom_prenom_contact":"Pellissier Agn\u00e8s ","adresse1_contact":"Centre station","adresse2_contact":"Val d'Allos - le Seignus","adresse3_contact":"","cpostal_contact":"04260","ville_contact":"Le Seignus","teldom_contact":"","telbur_contact":"","fax_contact":"","portable_contact":"06 66 16 00 16","email_contact":"agnespellissier04@gmail.com","siteweb_contact":"https:\/\/www.seignusgliss.com","commentaire_contact":"","langue_contact":"","autre_moyen_com":[]}}},"Libelle":"Pellissier Agn\u00e8s","Nom":"Pellissier Agn\u00e8s ","Prenom":"","NomPrenom":"Pellissier Agn\u00e8s  ","CiviliteNomPrenom":"Pellissier Agn\u00e8s  ","Cle":"G|5402219","PrestataireParent":"","ContexteStat":"PRESTATAIRE-G-5402219","DateModificationIso":"2026-01-29T00:11:00+01:00","Type":"PRESTATAIRE","TypePrestataire":"G","Adresse":{"LigneAdresse1":"","LigneAdresse2":"","LigneAdresse3":"","CodePostal":"","Ville":"","Cedex":"","Etat":"","Pays":""},"Email":"agnespellissier04@gmail.com","Telephone":"","TelephoneBureau":"","Portable":"06 66 16 00 16","SiteWeb":"https:\/\/www.seignusgliss.com","Fax":"","Id":"g-5402219","Code":"G|5402219","Fichier":[],"Url":"","Localisation":{"GoogleMap":{"Latitude":"","Longitude":""}},"ZoneGeo":"","Criteres":{"GTIMMO[GPARTI":"","P.GLOC[G15":"","P.6241[126905":"","P.6241[5740912":"","P.3218[311229":"","P.3220[587401":"","P.3220[5575332":"","P.3233[591419":"","P.3221[4876304":"","P.3219[5127066":"","P.3219[5239406":"","P.3240[5778284":"","P.3230[6139211":"","P.VilleSitra[37281":"","P.VillageDeDepart[37281":""},"DateFinPublication":"","AffichageCoordonnees":[]},"listeCriteres":{"DISPONIBILITES":{"DISPORELANCE":""},"GPREST":{"GLOCAS":"","GCOU":""},"GCAPACITE":{"3PERS":""},"NBPERS":{"GCAP03":""},"GLOGEM":{"GSTRES":""},"GCHAR":{"GCHARN":""},"GEQUIC":{"GFOUR":"","GMICRO":"","GREFIG":""},"GEQUIS":{"GTELEV":""},"GSALLE":{"GDOUCH":"","GWC":""},"G1EQUI":{"GLOCSK":"","GLOVEL":""},"GPARKI":{"GPARKE":""},"GANIMA":{"GANINA":""},"PUBLICATION":{"VALDALLOS":"","VERDONTOURISME":""},"GNOMBRE":{"3PERS":""},"AFFEQUIP":{"PARKING":""},"GLOC":{"G15":""},"LOCVERDON":{"37281":""},"AFFGTYPE":{"STUDIO":""},"127":{"606":""},"126":{"972":""},"prestations":{"surchargeTourismesAdaptes":"","surchargeDescriptifHandicapMoteur":"","surchargeDescriptifHandicapAuditif":"","surchargeDescriptifHandicapVisuel":"","surchargeDescriptifHandicapMental":"","surchargeNombreFauteuilsRoulants":""},"73":{"902":""},"70":{"907":"","943":"","999":""},"72":{"963":""},"71":{"987":""},"languesParlees":{"1197":""},"environnements":{"171":"","184":"","193":"","3972":""},"modesPaiement":{"1271":"","1274":""},"tourismeAffaires":{"tourismeAffairesEnabled":"","devise":"EUR"},"hebergementLocatifType":{"2620":""},"informationsHebergementLocatif":{"dateClassement":"2023-01-31"},"classementPrefectoral":{"2628":""},"5403":{"1681":""},"capacite":{"capaciteHebergement":"3","capaciteMaximumPossible":"3","surface":"19","numeroEtage":"1"},"CINTSITRA":{"5660":"","8809":""},"6241":{"126905":"","5740912":""},"3218":{"311229":""},"3220":{"587401":"","5575332":""},"3233":{"591419":""},"3221":{"4876304":""},"3219":{"5127066":"","5239406":""},"3240":{"5778284":""},"3230":{"6139211":""},"VilleSitra":{"37281":""},"VillageDeDepart":{"37281":""},"GTIMMO":{"GPARTI":""},"P.GLOC":{"G15":""},"P.6241":{"126905":"","5740912":""},"P.3218":{"311229":""},"P.3220":{"587401":"","5575332":""},"P.3233":{"591419":""},"P.3221":{"4876304":""},"P.3219":{"5127066":"","5239406":""},"P.3240":{"5778284":""},"P.3230":{"6139211":""},"P.VilleSitra":{"37281":""},"P.VillageDeDepart":{"37281":""}},"dansCarnetVoyage":true,"Ouverture":""},"html":" \n \u003Cdiv id=\"CV-PRESTATION-G-5402219-4688032\" data-contexte-id=\"PRESTATION|G|5402219|4688032\" data-cle=\"G|5402219|4688032\" class=\"fiche-liste\"\u003E\n    \n\n    \u003C!-- partie photo --\u003E\n    \u003Cdiv class=\"photo\"\u003E\t\t\t\t\t\t\t\t\t\t\t\t\t\t\t\t\t\t\t\t\t\n        \u003Cdiv class=\"cadre_photo_principale\"\u003E\t\t\n        \n            \t\t\t\t\t\n                    \u003Ca href=\"2-stelle-1-1-1-1.html?origine=carnet#media\"\u003E\n                        \u003Cimg class=\"photo_principale\" alt=\"S\u00e9jour de studio avec TV, ameublement bois, porte-fen\u00eatre donnant sur pi\u00e8ce suppl\u00e9mentaire\" src=\"https:\/\/www.valdallos.com\/medias\/images\/prestations\/multitailles\/320x240_78674-pellissierstudio1.jpg\" itemprop=\"image\"\u003E\n                    \u003C\/a\u003E\t\t\t\t\t\t\n                \n                    \u003C\/div\u003E\t\t\t\t\t\t\t\t\t\t\t\t\t\t\t\t\t\t\t \t\t\n    \u003C\/div\u003E\n    \n    \u003C!-- partie nom prest --\u003E\n    \u003Cdiv class=\"nom\"\u003E\n        \u003Ch2\u003EPellissier Agn\u00e8s\u003C\/h2\u003E\n        \n            \u003C\/div\u003E\n\n         \n    \u003C!-- partie adresse --\u003E\n    \u003Cdiv class=\"adresse\"\u003E\n    \n          \n    \u003C\/div\u003E\n    \n    \u003C!-- partie liens --\u003E\n    \u003Cdiv class=\"liens\"\u003E\n            \u003Ca class=\"btn-icon btn-view \" title=\"Vedi il file dettagliato\" href=\"2-stelle-1-1-1-1.html?origine=carnet\"\u003E\u003C\/a\u003E\u003C!--\u003Ca class=\"btn-icon btn-view \" title=\"\" href=\"?origine=carnet#thaut\"\u003E\u003C\/a\u003E--\u003E\n      \u003Ca class=\"btn-icon btn-trash carnet_voyage_supprimer\" title=\"Elimina questo file dal mio diario di viaggio\" href=\"carnet-voyage?action=remove&fiche=G|5402219|4688032\"\u003E\u003C\/a\u003E\n    \u003C\/div\u003E\n\n\u003C\/div\u003E\n\n","icon":"https:\/\/static.ingenie.fr\/images\/carnetVoyageV3\/G.png"},"fiche":"G|5402219|4688032","popup":"\u003Cdiv id=\"bloc_popup_ajout_fiche_carnet\"\u003E\n    \u003Cdiv class=\"info_popup_ajout_fiche_carnet\"\u003E\n        Hai appena aggiunto questo elemento alla tua selezione:    \u003C\/div\u003E\n    \u003Cdiv class=\"prest_popup_ajout_fiche_carnet\"\u003E\n        Pellissier Agn&egrave;s    \u003C\/div\u003E\n    \u003Cdiv class=\"bloc_btn_ajout_fiche_carnet form_submit_div\"\u003E\n        \u003Cinput type=\"button\" value=\"Continua la mia selezione\" title=\"Continua la mia selezione\" name=\"btn_close\" class=\"btn_close_popup_carnet form_submit\" onclick=\"$.colorbox.close()\" \/\u003E\n        \u003Cinput type=\"button\" value=\"Visualizza la mia selezione\" title=\"Visualizza la mia selezione\" name=\"btn_panier\" class=\"btn_panier_popup_carnet form_submit\" onclick=\"if(typeof CarnetVoyage != 'undefined') {CarnetVoyage.voirCarnet();}\" \/\u003E\n    \u003C\/div\u003E\n    \u003Cdiv class=\"bloc_btn_ajout_fiche_carnet\"\u003E\n        \u003Cinput type=\"checkbox\" value=\"1\" name=\"desactiver_popup\" id=\"desactiver_popup\" \/\u003E\n        \u003Clabel for=\"desactiver_popup\"\u003ENon visualizzare pi\u00f9 questo messaggio\u003C\/label\u003E\n    \u003C\/div\u003E\n\u003C\/div\u003E","success":1}