{"nbFiches":1,"dataPrest":{"infoPrest":{"pave1":{"libelle":"Descriptif","contenu":"","fichiers":[]},"pave2":{"libelle":"Indirizzo","contenu":"","fichiers":[]},"pave3":{"libelle":"Tarifs Hiver","contenu":"","fichiers":[]},"pave4":{"libelle":"Tarifs Et\u00e9","contenu":"","fichiers":[]},"pave5":{"libelle":"URL de la r\u00e9servation ou vente en ligne","contenu":"","fichiers":[]},"pave6":{"libelle":"Descriptif court","contenu":"Chalet \"la Superba\", confortevole e tranquille","fichiers":[]},"pave7":{"libelle":"Descriptif d\u00e9taill\u00e9","contenu":"","fichiers":[]},"pave8":{"libelle":"Bons plans","contenu":"","fichiers":[]},"pave9":{"libelle":"Compl\u00e9ment localisation","contenu":"","fichiers":[]},"pave10":{"libelle":"Compl\u00e9ment accueil","contenu":"","fichiers":[]},"pave11":{"libelle":"P\u00e9riodes en clair","contenu":"","fichiers":[]},"pave12":{"libelle":"Tarifs en clair","contenu":"","fichiers":[]},"pave13":{"libelle":"Compl\u00e9ment Tarifs","contenu":"","fichiers":[]},"pave14":{"libelle":"Compl\u00e9ment R\u00e9servation","contenu":"","fichiers":[]},"pave15":{"libelle":"Descriptif court","contenu":"","fichiers":[]},"pave16":{"libelle":"Descriptif d\u00e9taill\u00e9","contenu":"","fichiers":[]},"pave17":{"libelle":"Bons plans","contenu":"","fichiers":[]},"pave18":{"libelle":"Tarifs (Tarifs en clair, Compl\u00e9ment Tarifs)","contenu":"","fichiers":[]},"pave19":{"libelle":"P\u00e9riodes en clair","contenu":"","fichiers":[]},"pave20":{"libelle":"Descriptif court","contenu":"","fichiers":[]},"pave21":{"libelle":"Descriptif d\u00e9taill\u00e9","contenu":"","fichiers":[]},"pave22":{"libelle":"Bons plans","contenu":"","fichiers":[]},"pave23":{"libelle":"Tarifs (Tarifs en clair, Compl\u00e9ment Tarifs)","contenu":"","fichiers":[]},"pave24":{"libelle":"P\u00e9riodes en clair","contenu":"","fichiers":[]},"pave25":{"libelle":"Dispositions sp\u00e9ciales","contenu":"","fichiers":[]},"Libelle":"Desvignes Karine","Reference":"","Reftar":"","Type":"PRESTATION","TypePrestataire":"G","ContexteStat":"PRESTATION-G-5420167-5420166","DateModificationIso":"2026-04-27T13:45:00+02:00","Adresse":{"LigneAdresse1":"Le Bruisset","LigneAdresse2":"Parc Nature 1500","LigneAdresse3":"","CodePostal":"04260","Ville":"Allos","Cedex":"","Etat":"","Pays":"FRA"},"Id":"g-5420167-5420166","Code":"G|5420167|5420166","Cle":"G|5420167|5420166","Url":"5-stelle-val-dallos-le-village.html","Localisation":{"GoogleMap":{"Latitude":"44.246772","Longitude":"6.632449"}},"ZoneGeo":"","Criteres":{"DISPONIBILITES[DISPORELANCE":"","GPREST[GLOCAS":"","GPREST[GCOU":"","GCAPACITE[14PERS":"","NBPERS[GCAP08":"","NBPERS[GCAP10":"","NBPERS[GCAP12":"","GLOGEM[GCHALI":"","GEQUIC[GLAVEV":"","GACTIV[GINTER":"","PUBLICATION[VALDALLOS":"","PUBLICATION[VERDONTOURISME":"","GNOMBRE[8PERS":"","AFFEQUIP[WIFI":"","AFFEQUIP[LAVEVAIS":"","AFFEQUIP[LAVELINGEAFF":"","AFFEQUIP[JAR":"","GLOC[G14":"","LOCVERDON[1559":"","AFFGTYPE[CHALET":"","AFFPRES[AFFP4":"","VISIBWEB[PLANNINGVISIBLE":"","127[606":"","22[672":"","22[723":"","22[1058":"","122[803":"","122[4054":"","122[4055":"","122[4063":"","126[1050":"","126[1421":"","25[1053":"","118[1145":"","prestations[surchargeTourismesAdaptes":"","prestations[surchargeDescriptifHandicapMoteur":"","prestations[surchargeDescriptifHandicapAuditif":"","prestations[surchargeDescriptifHandicapVisuel":"","prestations[surchargeDescriptifHandicapMental":"","prestations[surchargeNombreFauteuilsRoulants":"","73[796":"","72[842":"","70[895":"","70[907":"","70[919":"","70[922":"","70[950":"","71[986":"","languesParlees[1197":"","6528[169":"","environnements[171":"","environnements[193":"","environnements[195":"","modesPaiement[1277":"","modesPaiement[1281":"","tourismeAffaires[tourismeAffairesEnabled":"","tourismeAffaires[devise":"EUR","hebergementLocatifType[2620":"","informationsHebergementLocatif[dateClassement":"2025-01-17","classementPrefectoral[2631":"","5401[1614":"","5402[1625":"","capacite[capaciteHebergement":"14","capacite[capaciteMaximumPossible":"14","capacite[nombreWC":"2","capacite[surface":"350","capacite[nombreChambres":"5","CINTSITRA[5660":"","CINTSITRA[8809":"","6241[126905":"","6241[5740912":"","3218[311229":"","3220[587401":"","3220[5575332":"","3233[591419":"","3221[4876304":"","3219[5127127":"","3219[5239406":"","3219[6436838":"","3240[5778284":"","6242[5843488":"","3230[6139211":"","VilleSitra[1559":"","VillageDeDepart[1559":"","DISPONIBILITES[PLANNINGACT":""},"ContactsParType":{"IWEB":{"116469":{"id_contact":"116469","type_contact":"IWEB","categorie_contact":"PRESTATION","societe_contact":"","fonction_contact":"","civilite_nom_prenom_contact":"Desvignes Karine  ","adresse1_contact":"","adresse2_contact":"","adresse3_contact":"","cpostal_contact":"","ville_contact":"","teldom_contact":"06 20 95 74 88","telbur_contact":"","fax_contact":"","portable_contact":"06 16 97 67 62","email_contact":"karinoutof@wanadoo.fr","siteweb_contact":"","commentaire_contact":"","langue_contact":"","autre_moyen_com":[]}},"":{"116470":{"id_contact":"116470","type_contact":"","categorie_contact":"PRESTATION","societe_contact":"","fonction_contact":"","civilite_nom_prenom_contact":"MME Desvignes ","adresse1_contact":"","adresse2_contact":"","adresse3_contact":"","cpostal_contact":"","ville_contact":"","teldom_contact":"","telbur_contact":"","fax_contact":"","portable_contact":"","email_contact":"","siteweb_contact":"","commentaire_contact":"","langue_contact":"","autre_moyen_com":[]}}},"ContactRemplaceCoordonnees":"116469","Prestataire":{"pave1":{"libelle":"","contenu":""},"pave2":{"libelle":"","contenu":""},"pave3":{"libelle":"","contenu":""},"pave4":{"libelle":"","contenu":""},"pave5":{"libelle":"","contenu":""},"pave6":{"libelle":"","contenu":""},"pave7":{"libelle":"","contenu":""},"pave8":{"libelle":"","contenu":""},"pave9":{"libelle":"","contenu":""},"pave10":{"libelle":"","contenu":""},"pave11":{"libelle":"","contenu":""},"pave12":{"libelle":"","contenu":""},"pave13":{"libelle":"","contenu":""},"pave14":{"libelle":"","contenu":""},"pave15":{"libelle":"","contenu":""},"pave16":{"libelle":"","contenu":""},"pave17":{"libelle":"","contenu":""},"pave18":{"libelle":"","contenu":""},"pave19":{"libelle":"","contenu":""},"pave20":{"libelle":"","contenu":""},"pave21":{"libelle":"","contenu":""},"pave22":{"libelle":"","contenu":""},"pave23":{"libelle":"","contenu":""},"pave24":{"libelle":"","contenu":""},"pave25":{"libelle":"","contenu":""},"ContactsParType":{"LIEU":{"114497":{"id_contact":"114497","type_contact":"LIEU","categorie_contact":"PRESTATAIRE","societe_contact":"","fonction_contact":"","civilite_nom_prenom_contact":"Desvignes Karine ","adresse1_contact":"","adresse2_contact":"","adresse3_contact":"","cpostal_contact":"","ville_contact":"","teldom_contact":"","telbur_contact":"","fax_contact":"","portable_contact":"06 20 95 74 88","email_contact":"","siteweb_contact":"","commentaire_contact":"","langue_contact":"","autre_moyen_com":[]}},"GEST":{"114499":{"id_contact":"114499","type_contact":"GEST","categorie_contact":"PRESTATAIRE","societe_contact":"","fonction_contact":"","civilite_nom_prenom_contact":"Desvignes Karine ","adresse1_contact":"les Veyssi\u00e8res","adresse2_contact":"All\u00e9e Albert Schweitzer","adresse3_contact":"","cpostal_contact":"83700","ville_contact":"Saint-Rapha\u00ebl","teldom_contact":"","telbur_contact":"","fax_contact":"","portable_contact":"06 16 97 67 62","email_contact":"karinoutof@wanadoo.fr","siteweb_contact":"","commentaire_contact":"","langue_contact":"","autre_moyen_com":[]}}},"Libelle":"Desvignes Karine","Nom":"Desvignes Karine ","Prenom":"","NomPrenom":"Desvignes Karine  ","CiviliteNomPrenom":"Desvignes Karine  ","Cle":"G|5420167","PrestataireParent":"","ContexteStat":"PRESTATAIRE-G-5420167","DateModificationIso":"2025-11-19T00:29:00+01:00","Type":"PRESTATAIRE","TypePrestataire":"G","Adresse":{"LigneAdresse1":"","LigneAdresse2":"","LigneAdresse3":"","CodePostal":"","Ville":"","Cedex":"","Etat":"","Pays":""},"Email":"karinoutof@wanadoo.fr","Telephone":"06 20 95 74 88","TelephoneBureau":"","Portable":"06 16 97 67 62","SiteWeb":"","Fax":"","Id":"g-5420167","Code":"G|5420167","Fichier":[],"Url":"","Localisation":{"GoogleMap":{"Latitude":"","Longitude":""},"PlanStation":{"idPlan":"7","nomPlan":"[NEW] Plan Village Allos","carte":"\/plan\/plan_village_2018[HIVER_FR[.jpg","PositionAbs":"1205","PositionOrd":"74"}},"ZoneGeo":"","Criteres":{"GINFADH[GDEB":"20200111","GTIMMO[GPARTI":"","P.3218[311230":"","P.3233[591419":"","P.3230[629802":"","P.3230[5603271":"","P.3227[4774650":"","P.3220[4825320":"","P.3219[5127176":"","P.3219[7242385":"","P.5310[5550618":"","P.3228[5633650":"","P.3228[7031946":"","P.VilleSitra[34155":"","P.VillageDeDepart[34155":""},"DateFinPublication":""},"Fichier":{"Image":[{"url":"https:\/\/www.valdallos.com\/medias\/images\/prestations\/78360-exterieur_ete.jpg","chemin":"..\/medias\/images\/prestations\/78360-exterieur_ete.jpg","libelle":"Grand chalet en bois et pierre sur deux \u00e9tages, nombreuses fen\u00eatres et large terrasse, balcon au 1er \u00e9tage. Paysage printanier.","extension":"jpg","categorie":"","largeur":800,"theme":"ETE","hauteur":600,"type":"Image","origine":"","liaisonPave":"","langue":"","id":"78360","urlVignette":"https:\/\/www.valdallos.com\/medias\/images\/prestations\/v-78360-exterieur_ete.jpg","alt":"Grand chalet en bois et pierre sur deux \u00e9tages, nombreuses fen\u00eatres et large terrasse, balcon au 1er \u00e9tage. Paysage printanier.","title":"Grand chalet en bois et pierre sur deux \u00e9tages, nombreuses fen\u00eatres et large terrasse, balcon au 1er \u00e9tage. Paysage printanier.","MultiTaille":{"1920x1440":{"url":"https:\/\/www.valdallos.com\/medias\/images\/prestations\/multitailles\/1920x1440_78360-exterieur_ete.jpg"},"1200x900":{"url":"https:\/\/www.valdallos.com\/medias\/images\/prestations\/multitailles\/1200x900_78360-exterieur_ete.jpg"},"800x600":{"url":"https:\/\/www.valdallos.com\/medias\/images\/prestations\/multitailles\/800x600_78360-exterieur_ete.jpg"},"640x480":{"url":"https:\/\/www.valdallos.com\/medias\/images\/prestations\/multitailles\/640x480_78360-exterieur_ete.jpg"},"320x240":{"url":"https:\/\/www.valdallos.com\/medias\/images\/prestations\/multitailles\/320x240_78360-exterieur_ete.jpg"},"160x120":{"url":"https:\/\/www.valdallos.com\/medias\/images\/prestations\/multitailles\/160x120_78360-exterieur_ete.jpg"},"origine":{"url":"https:\/\/www.valdallos.com\/medias\/images\/prestations\/78360-exterieur_ete.jpg"}},"urlLien":"","typeLien":"","nofollow":"N","copyright":"M Desvignes"},{"url":"https:\/\/www.valdallos.com\/medias\/images\/prestations\/78361-dsc1868_hdr.jpg","chemin":"..\/medias\/images\/prestations\/78361-dsc1868_hdr.jpg","libelle":"S\u00e9jour moderne et lumineux, grande table \u00e0 manger et fauteuils confortables, porte-fen\u00eatres et fen\u00eatres","extension":"jpg","categorie":"","largeur":1200,"theme":"","hauteur":801,"type":"Image","origine":"","liaisonPave":"","langue":"","id":"78361","urlVignette":"https:\/\/www.valdallos.com\/medias\/images\/prestations\/v-78361-dsc1868_hdr.jpg","alt":"S\u00e9jour moderne et lumineux, grande table \u00e0 manger et fauteuils confortables, porte-fen\u00eatres et fen\u00eatres","title":"S\u00e9jour moderne et lumineux, grande table \u00e0 manger et fauteuils confortables, porte-fen\u00eatres et fen\u00eatres","MultiTaille":{"1920x1440":{"url":"https:\/\/www.valdallos.com\/medias\/images\/prestations\/multitailles\/1920x1440_78361-dsc1868_hdr.jpg"},"1200x900":{"url":"https:\/\/www.valdallos.com\/medias\/images\/prestations\/multitailles\/1200x900_78361-dsc1868_hdr.jpg"},"800x600":{"url":"https:\/\/www.valdallos.com\/medias\/images\/prestations\/multitailles\/800x600_78361-dsc1868_hdr.jpg"},"640x480":{"url":"https:\/\/www.valdallos.com\/medias\/images\/prestations\/multitailles\/640x480_78361-dsc1868_hdr.jpg"},"320x240":{"url":"https:\/\/www.valdallos.com\/medias\/images\/prestations\/multitailles\/320x240_78361-dsc1868_hdr.jpg"},"160x120":{"url":"https:\/\/www.valdallos.com\/medias\/images\/prestations\/multitailles\/160x120_78361-dsc1868_hdr.jpg"},"origine":{"url":"https:\/\/www.valdallos.com\/medias\/images\/prestations\/78361-dsc1868_hdr.jpg"}},"urlLien":"","typeLien":"","nofollow":"N","copyright":"M Desvignes"},{"url":"https:\/\/www.valdallos.com\/medias\/images\/prestations\/78362-dsc1875_hdr.jpg","chemin":"..\/medias\/images\/prestations\/78362-dsc1875_hdr.jpg","libelle":"S\u00e9jour moderne et lumineux, coin cuisine, grande table \u00e0 manger et fauteuils confortables, porte-fen\u00eatres et fen\u00eatres","extension":"jpg","categorie":"","largeur":1200,"theme":"","hauteur":800,"type":"Image","origine":"","liaisonPave":"","langue":"","id":"78362","urlVignette":"https:\/\/www.valdallos.com\/medias\/images\/prestations\/v-78362-dsc1875_hdr.jpg","alt":"S\u00e9jour moderne et lumineux, coin cuisine, grande table \u00e0 manger et fauteuils confortables, porte-fen\u00eatres et fen\u00eatres","title":"S\u00e9jour moderne et lumineux, coin cuisine, grande table \u00e0 manger et fauteuils confortables, porte-fen\u00eatres et fen\u00eatres","MultiTaille":{"1920x1440":{"url":"https:\/\/www.valdallos.com\/medias\/images\/prestations\/multitailles\/1920x1440_78362-dsc1875_hdr.jpg"},"1200x900":{"url":"https:\/\/www.valdallos.com\/medias\/images\/prestations\/multitailles\/1200x900_78362-dsc1875_hdr.jpg"},"800x600":{"url":"https:\/\/www.valdallos.com\/medias\/images\/prestations\/multitailles\/800x600_78362-dsc1875_hdr.jpg"},"640x480":{"url":"https:\/\/www.valdallos.com\/medias\/images\/prestations\/multitailles\/640x480_78362-dsc1875_hdr.jpg"},"320x240":{"url":"https:\/\/www.valdallos.com\/medias\/images\/prestations\/multitailles\/320x240_78362-dsc1875_hdr.jpg"},"160x120":{"url":"https:\/\/www.valdallos.com\/medias\/images\/prestations\/multitailles\/160x120_78362-dsc1875_hdr.jpg"},"origine":{"url":"https:\/\/www.valdallos.com\/medias\/images\/prestations\/78362-dsc1875_hdr.jpg"}},"urlLien":"","typeLien":"","nofollow":"N","copyright":"M Desvignes"},{"url":"https:\/\/www.valdallos.com\/medias\/images\/prestations\/78363-dsc1891_hdr.jpg","chemin":"..\/medias\/images\/prestations\/78363-dsc1891_hdr.jpg","libelle":"S\u00e9jour avec coin cuisine lumineux, moderne, grande table \u00e0 manger avec fauteuils confortables, carrelage, fen\u00eatre","extension":"jpg","categorie":"","largeur":1200,"theme":"","hauteur":801,"type":"Image","origine":"","liaisonPave":"","langue":"","id":"78363","urlVignette":"https:\/\/www.valdallos.com\/medias\/images\/prestations\/v-78363-dsc1891_hdr.jpg","alt":"S\u00e9jour avec coin cuisine lumineux, moderne, grande table \u00e0 manger avec fauteuils confortables, carrelage, fen\u00eatre","title":"S\u00e9jour avec coin cuisine lumineux, moderne, grande table \u00e0 manger avec fauteuils confortables, carrelage, fen\u00eatre","MultiTaille":{"1920x1440":{"url":"https:\/\/www.valdallos.com\/medias\/images\/prestations\/multitailles\/1920x1440_78363-dsc1891_hdr.jpg"},"1200x900":{"url":"https:\/\/www.valdallos.com\/medias\/images\/prestations\/multitailles\/1200x900_78363-dsc1891_hdr.jpg"},"800x600":{"url":"https:\/\/www.valdallos.com\/medias\/images\/prestations\/multitailles\/800x600_78363-dsc1891_hdr.jpg"},"640x480":{"url":"https:\/\/www.valdallos.com\/medias\/images\/prestations\/multitailles\/640x480_78363-dsc1891_hdr.jpg"},"320x240":{"url":"https:\/\/www.valdallos.com\/medias\/images\/prestations\/multitailles\/320x240_78363-dsc1891_hdr.jpg"},"160x120":{"url":"https:\/\/www.valdallos.com\/medias\/images\/prestations\/multitailles\/160x120_78363-dsc1891_hdr.jpg"},"origine":{"url":"https:\/\/www.valdallos.com\/medias\/images\/prestations\/78363-dsc1891_hdr.jpg"}},"urlLien":"","typeLien":"","nofollow":"N","copyright":"M Desvignes"},{"url":"https:\/\/www.valdallos.com\/medias\/images\/prestations\/78364-dsc1902_hdr.jpg","chemin":"..\/medias\/images\/prestations\/78364-dsc1902_hdr.jpg","libelle":"Chambre \u00e0 coucher spacieuse, lumineuse avec lit double, d\u00e9coration int\u00e9rieure bois, porte-fen\u00eatre donnant sur terrasse en bois et paysage enneig\u00e9","extension":"jpg","categorie":"","largeur":1200,"theme":"","hauteur":800,"type":"Image","origine":"","liaisonPave":"","langue":"","id":"78364","urlVignette":"https:\/\/www.valdallos.com\/medias\/images\/prestations\/v-78364-dsc1902_hdr.jpg","alt":"Chambre \u00e0 coucher spacieuse, lumineuse avec lit double, d\u00e9coration int\u00e9rieure bois, porte-fen\u00eatre donnant sur terrasse en bois et paysage enneig\u00e9","title":"Chambre \u00e0 coucher spacieuse, lumineuse avec lit double, d\u00e9coration int\u00e9rieure bois, porte-fen\u00eatre donnant sur terrasse en bois et paysage enneig\u00e9","MultiTaille":{"1920x1440":{"url":"https:\/\/www.valdallos.com\/medias\/images\/prestations\/multitailles\/1920x1440_78364-dsc1902_hdr.jpg"},"1200x900":{"url":"https:\/\/www.valdallos.com\/medias\/images\/prestations\/multitailles\/1200x900_78364-dsc1902_hdr.jpg"},"800x600":{"url":"https:\/\/www.valdallos.com\/medias\/images\/prestations\/multitailles\/800x600_78364-dsc1902_hdr.jpg"},"640x480":{"url":"https:\/\/www.valdallos.com\/medias\/images\/prestations\/multitailles\/640x480_78364-dsc1902_hdr.jpg"},"320x240":{"url":"https:\/\/www.valdallos.com\/medias\/images\/prestations\/multitailles\/320x240_78364-dsc1902_hdr.jpg"},"160x120":{"url":"https:\/\/www.valdallos.com\/medias\/images\/prestations\/multitailles\/160x120_78364-dsc1902_hdr.jpg"},"origine":{"url":"https:\/\/www.valdallos.com\/medias\/images\/prestations\/78364-dsc1902_hdr.jpg"}},"urlLien":"","typeLien":"","nofollow":"N","copyright":"M Desvignes"},{"url":"https:\/\/www.valdallos.com\/medias\/images\/prestations\/78365-dsc1967.jpg","chemin":"..\/medias\/images\/prestations\/78365-dsc1967.jpg","libelle":"Chambre \u00e0 coucher spacieuse et lumineuse avec lit double, d\u00e9coration int\u00e9rieure bois, fen\u00eatre et ouverture salle de bains","extension":"jpg","categorie":"","largeur":1200,"theme":"","hauteur":800,"type":"Image","origine":"","liaisonPave":"","langue":"","id":"78365","urlVignette":"https:\/\/www.valdallos.com\/medias\/images\/prestations\/v-78365-dsc1967.jpg","alt":"Chambre \u00e0 coucher spacieuse et lumineuse avec lit double, d\u00e9coration int\u00e9rieure bois, fen\u00eatre et ouverture salle de bains","title":"Chambre \u00e0 coucher spacieuse et lumineuse avec lit double, d\u00e9coration int\u00e9rieure bois, fen\u00eatre et ouverture salle de bains","MultiTaille":{"1920x1440":{"url":"https:\/\/www.valdallos.com\/medias\/images\/prestations\/multitailles\/1920x1440_78365-dsc1967.jpg"},"1200x900":{"url":"https:\/\/www.valdallos.com\/medias\/images\/prestations\/multitailles\/1200x900_78365-dsc1967.jpg"},"800x600":{"url":"https:\/\/www.valdallos.com\/medias\/images\/prestations\/multitailles\/800x600_78365-dsc1967.jpg"},"640x480":{"url":"https:\/\/www.valdallos.com\/medias\/images\/prestations\/multitailles\/640x480_78365-dsc1967.jpg"},"320x240":{"url":"https:\/\/www.valdallos.com\/medias\/images\/prestations\/multitailles\/320x240_78365-dsc1967.jpg"},"160x120":{"url":"https:\/\/www.valdallos.com\/medias\/images\/prestations\/multitailles\/160x120_78365-dsc1967.jpg"},"origine":{"url":"https:\/\/www.valdallos.com\/medias\/images\/prestations\/78365-dsc1967.jpg"}},"urlLien":"","typeLien":"","nofollow":"N","copyright":"M Desvignes"},{"url":"https:\/\/www.valdallos.com\/medias\/images\/prestations\/78366-dsc1903_hdr.jpg","chemin":"..\/medias\/images\/prestations\/78366-dsc1903_hdr.jpg","libelle":"Chambre \u00e0 coucher lumineuse avec lit double, d\u00e9coration int\u00e9rieure bois, fen\u00eatre et salle de bains","extension":"jpg","categorie":"","largeur":1200,"theme":"","hauteur":800,"type":"Image","origine":"","liaisonPave":"","langue":"","id":"78366","urlVignette":"https:\/\/www.valdallos.com\/medias\/images\/prestations\/v-78366-dsc1903_hdr.jpg","alt":"Chambre \u00e0 coucher lumineuse avec lit double, d\u00e9coration int\u00e9rieure bois, fen\u00eatre et salle de bains","title":"Chambre \u00e0 coucher lumineuse avec lit double, d\u00e9coration int\u00e9rieure bois, fen\u00eatre et salle de bains","MultiTaille":{"1920x1440":{"url":"https:\/\/www.valdallos.com\/medias\/images\/prestations\/multitailles\/1920x1440_78366-dsc1903_hdr.jpg"},"1200x900":{"url":"https:\/\/www.valdallos.com\/medias\/images\/prestations\/multitailles\/1200x900_78366-dsc1903_hdr.jpg"},"800x600":{"url":"https:\/\/www.valdallos.com\/medias\/images\/prestations\/multitailles\/800x600_78366-dsc1903_hdr.jpg"},"640x480":{"url":"https:\/\/www.valdallos.com\/medias\/images\/prestations\/multitailles\/640x480_78366-dsc1903_hdr.jpg"},"320x240":{"url":"https:\/\/www.valdallos.com\/medias\/images\/prestations\/multitailles\/320x240_78366-dsc1903_hdr.jpg"},"160x120":{"url":"https:\/\/www.valdallos.com\/medias\/images\/prestations\/multitailles\/160x120_78366-dsc1903_hdr.jpg"},"origine":{"url":"https:\/\/www.valdallos.com\/medias\/images\/prestations\/78366-dsc1903_hdr.jpg"}},"urlLien":"","typeLien":"","nofollow":"N","copyright":"M Desvignes"},{"url":"https:\/\/www.valdallos.com\/medias\/images\/prestations\/78367-dsc1912_hdr.jpg","chemin":"..\/medias\/images\/prestations\/78367-dsc1912_hdr.jpg","libelle":"Salle de bains lumineuse et moderne avec d\u00e9coration int\u00e9rieur bois, grand bac \u00e0 douche, fen\u00eatre donnant sur un paysage enneig\u00e9","extension":"jpg","categorie":"","largeur":1200,"theme":"","hauteur":800,"type":"Image","origine":"","liaisonPave":"","langue":"","id":"78367","urlVignette":"https:\/\/www.valdallos.com\/medias\/images\/prestations\/v-78367-dsc1912_hdr.jpg","alt":"Salle de bains lumineuse et moderne avec d\u00e9coration int\u00e9rieur bois, grand bac \u00e0 douche, fen\u00eatre donnant sur un paysage enneig\u00e9","title":"Salle de bains lumineuse et moderne avec d\u00e9coration int\u00e9rieur bois, grand bac \u00e0 douche, fen\u00eatre donnant sur un paysage enneig\u00e9","MultiTaille":{"1920x1440":{"url":"https:\/\/www.valdallos.com\/medias\/images\/prestations\/multitailles\/1920x1440_78367-dsc1912_hdr.jpg"},"1200x900":{"url":"https:\/\/www.valdallos.com\/medias\/images\/prestations\/multitailles\/1200x900_78367-dsc1912_hdr.jpg"},"800x600":{"url":"https:\/\/www.valdallos.com\/medias\/images\/prestations\/multitailles\/800x600_78367-dsc1912_hdr.jpg"},"640x480":{"url":"https:\/\/www.valdallos.com\/medias\/images\/prestations\/multitailles\/640x480_78367-dsc1912_hdr.jpg"},"320x240":{"url":"https:\/\/www.valdallos.com\/medias\/images\/prestations\/multitailles\/320x240_78367-dsc1912_hdr.jpg"},"160x120":{"url":"https:\/\/www.valdallos.com\/medias\/images\/prestations\/multitailles\/160x120_78367-dsc1912_hdr.jpg"},"origine":{"url":"https:\/\/www.valdallos.com\/medias\/images\/prestations\/78367-dsc1912_hdr.jpg"}},"urlLien":"","typeLien":"","nofollow":"N","copyright":"M Desvignes"},{"url":"https:\/\/www.valdallos.com\/medias\/images\/prestations\/78368-dsc1917.jpg","chemin":"..\/medias\/images\/prestations\/78368-dsc1917.jpg","libelle":"Grande salle de bains moderne avec carrelage, d\u00e9coration int\u00e9rieure bois, baignoire, grande glace","extension":"jpg","categorie":"","largeur":800,"theme":"","hauteur":1200,"type":"Image","origine":"","liaisonPave":"","langue":"","id":"78368","urlVignette":"https:\/\/www.valdallos.com\/medias\/images\/prestations\/v-78368-dsc1917.jpg","alt":"Grande salle de bains moderne avec carrelage, d\u00e9coration int\u00e9rieure bois, baignoire, grande glace","title":"Grande salle de bains moderne avec carrelage, d\u00e9coration int\u00e9rieure bois, baignoire, grande glace","MultiTaille":{"1920x1440":{"url":"https:\/\/www.valdallos.com\/medias\/images\/prestations\/multitailles\/1920x1440_78368-dsc1917.jpg"},"1200x900":{"url":"https:\/\/www.valdallos.com\/medias\/images\/prestations\/multitailles\/1200x900_78368-dsc1917.jpg"},"800x600":{"url":"https:\/\/www.valdallos.com\/medias\/images\/prestations\/multitailles\/800x600_78368-dsc1917.jpg"},"640x480":{"url":"https:\/\/www.valdallos.com\/medias\/images\/prestations\/multitailles\/640x480_78368-dsc1917.jpg"},"320x240":{"url":"https:\/\/www.valdallos.com\/medias\/images\/prestations\/multitailles\/320x240_78368-dsc1917.jpg"},"160x120":{"url":"https:\/\/www.valdallos.com\/medias\/images\/prestations\/multitailles\/160x120_78368-dsc1917.jpg"},"origine":{"url":"https:\/\/www.valdallos.com\/medias\/images\/prestations\/78368-dsc1917.jpg"}},"urlLien":"","typeLien":"","nofollow":"N","copyright":"M Desvignes"},{"url":"https:\/\/www.valdallos.com\/medias\/images\/prestations\/78369-dsc1911_hdr.jpg","chemin":"..\/medias\/images\/prestations\/78369-dsc1911_hdr.jpg","libelle":"Grande salle de bains lumineuse avec bac \u00e0 douche, baignoire, ameublement bois, fen\u00eatre donnant sur un paysage enneig\u00e9","extension":"jpg","categorie":"","largeur":800,"theme":"","hauteur":1200,"type":"Image","origine":"","liaisonPave":"","langue":"","id":"78369","urlVignette":"https:\/\/www.valdallos.com\/medias\/images\/prestations\/v-78369-dsc1911_hdr.jpg","alt":"Grande salle de bains lumineuse avec bac \u00e0 douche, baignoire, ameublement bois, fen\u00eatre donnant sur un paysage enneig\u00e9","title":"Grande salle de bains lumineuse avec bac \u00e0 douche, baignoire, ameublement bois, fen\u00eatre donnant sur un paysage enneig\u00e9","MultiTaille":{"1920x1440":{"url":"https:\/\/www.valdallos.com\/medias\/images\/prestations\/multitailles\/1920x1440_78369-dsc1911_hdr.jpg"},"1200x900":{"url":"https:\/\/www.valdallos.com\/medias\/images\/prestations\/multitailles\/1200x900_78369-dsc1911_hdr.jpg"},"800x600":{"url":"https:\/\/www.valdallos.com\/medias\/images\/prestations\/multitailles\/800x600_78369-dsc1911_hdr.jpg"},"640x480":{"url":"https:\/\/www.valdallos.com\/medias\/images\/prestations\/multitailles\/640x480_78369-dsc1911_hdr.jpg"},"320x240":{"url":"https:\/\/www.valdallos.com\/medias\/images\/prestations\/multitailles\/320x240_78369-dsc1911_hdr.jpg"},"160x120":{"url":"https:\/\/www.valdallos.com\/medias\/images\/prestations\/multitailles\/160x120_78369-dsc1911_hdr.jpg"},"origine":{"url":"https:\/\/www.valdallos.com\/medias\/images\/prestations\/78369-dsc1911_hdr.jpg"}},"urlLien":"","typeLien":"","nofollow":"N","copyright":"M Desvignes"},{"url":"https:\/\/www.valdallos.com\/medias\/images\/prestations\/78370-dsc1971.jpg","chemin":"..\/medias\/images\/prestations\/78370-dsc1971.jpg","libelle":"Vue de salle de bains avec \u00e9vier, grand bac \u00e0 douche, ameublement bois","extension":"jpg","categorie":"","largeur":1200,"theme":"","hauteur":800,"type":"Image","origine":"","liaisonPave":"","langue":"","id":"78370","urlVignette":"https:\/\/www.valdallos.com\/medias\/images\/prestations\/v-78370-dsc1971.jpg","alt":"Vue de salle de bains avec \u00e9vier, grand bac \u00e0 douche, ameublement bois","title":"Vue de salle de bains avec \u00e9vier, grand bac \u00e0 douche, ameublement bois","MultiTaille":{"1920x1440":{"url":"https:\/\/www.valdallos.com\/medias\/images\/prestations\/multitailles\/1920x1440_78370-dsc1971.jpg"},"1200x900":{"url":"https:\/\/www.valdallos.com\/medias\/images\/prestations\/multitailles\/1200x900_78370-dsc1971.jpg"},"800x600":{"url":"https:\/\/www.valdallos.com\/medias\/images\/prestations\/multitailles\/800x600_78370-dsc1971.jpg"},"640x480":{"url":"https:\/\/www.valdallos.com\/medias\/images\/prestations\/multitailles\/640x480_78370-dsc1971.jpg"},"320x240":{"url":"https:\/\/www.valdallos.com\/medias\/images\/prestations\/multitailles\/320x240_78370-dsc1971.jpg"},"160x120":{"url":"https:\/\/www.valdallos.com\/medias\/images\/prestations\/multitailles\/160x120_78370-dsc1971.jpg"},"origine":{"url":"https:\/\/www.valdallos.com\/medias\/images\/prestations\/78370-dsc1971.jpg"}},"urlLien":"","typeLien":"","nofollow":"N","copyright":"M Desvignes"},{"url":"https:\/\/www.valdallos.com\/medias\/images\/prestations\/78356-exterieur.jpg","chemin":"..\/medias\/images\/prestations\/78356-exterieur.jpg","libelle":"Grand chalet en bois et pierre sur deux \u00e9tages, nombreuses fen\u00eatres et large terrasse, balcon au 1er \u00e9tage","extension":"jpg","categorie":"","largeur":800,"theme":"HIVER","hauteur":600,"type":"Image","origine":"","liaisonPave":"","langue":"","id":"78356","urlVignette":"https:\/\/www.valdallos.com\/medias\/images\/prestations\/v-78356-exterieur.jpg","alt":"Grand chalet en bois et pierre sur deux \u00e9tages, nombreuses fen\u00eatres et large terrasse, balcon au 1er \u00e9tage","title":"Grand chalet en bois et pierre sur deux \u00e9tages, nombreuses fen\u00eatres et large terrasse, balcon au 1er \u00e9tage","MultiTaille":{"1920x1440":{"url":"https:\/\/www.valdallos.com\/medias\/images\/prestations\/multitailles\/1920x1440_78356-exterieur.jpg"},"1200x900":{"url":"https:\/\/www.valdallos.com\/medias\/images\/prestations\/multitailles\/1200x900_78356-exterieur.jpg"},"800x600":{"url":"https:\/\/www.valdallos.com\/medias\/images\/prestations\/multitailles\/800x600_78356-exterieur.jpg"},"640x480":{"url":"https:\/\/www.valdallos.com\/medias\/images\/prestations\/multitailles\/640x480_78356-exterieur.jpg"},"320x240":{"url":"https:\/\/www.valdallos.com\/medias\/images\/prestations\/multitailles\/320x240_78356-exterieur.jpg"},"160x120":{"url":"https:\/\/www.valdallos.com\/medias\/images\/prestations\/multitailles\/160x120_78356-exterieur.jpg"},"origine":{"url":"https:\/\/www.valdallos.com\/medias\/images\/prestations\/78356-exterieur.jpg"}},"urlLien":"","typeLien":"","nofollow":"N","copyright":"M Desvignes"},{"url":"https:\/\/www.valdallos.com\/medias\/images\/prestations\/78357-dsc2007.jpg","chemin":"..\/medias\/images\/prestations\/78357-dsc2007.jpg","libelle":"Grand chalet en bois et pierre sur deux \u00e9tages, nombreuses fen\u00eatres et large terrasse, balcon au 1er \u00e9tage","extension":"jpg","categorie":"","largeur":1200,"theme":"HIVER","hauteur":800,"type":"Image","origine":"","liaisonPave":"","langue":"","id":"78357","urlVignette":"https:\/\/www.valdallos.com\/medias\/images\/prestations\/v-78357-dsc2007.jpg","alt":"Grand chalet en bois et pierre sur deux \u00e9tages, nombreuses fen\u00eatres et large terrasse, balcon au 1er \u00e9tage","title":"Grand chalet en bois et pierre sur deux \u00e9tages, nombreuses fen\u00eatres et large terrasse, balcon au 1er \u00e9tage","MultiTaille":{"1920x1440":{"url":"https:\/\/www.valdallos.com\/medias\/images\/prestations\/multitailles\/1920x1440_78357-dsc2007.jpg"},"1200x900":{"url":"https:\/\/www.valdallos.com\/medias\/images\/prestations\/multitailles\/1200x900_78357-dsc2007.jpg"},"800x600":{"url":"https:\/\/www.valdallos.com\/medias\/images\/prestations\/multitailles\/800x600_78357-dsc2007.jpg"},"640x480":{"url":"https:\/\/www.valdallos.com\/medias\/images\/prestations\/multitailles\/640x480_78357-dsc2007.jpg"},"320x240":{"url":"https:\/\/www.valdallos.com\/medias\/images\/prestations\/multitailles\/320x240_78357-dsc2007.jpg"},"160x120":{"url":"https:\/\/www.valdallos.com\/medias\/images\/prestations\/multitailles\/160x120_78357-dsc2007.jpg"},"origine":{"url":"https:\/\/www.valdallos.com\/medias\/images\/prestations\/78357-dsc2007.jpg"}},"urlLien":"","typeLien":"","nofollow":"N","copyright":"M Desvignes"},{"url":"https:\/\/www.valdallos.com\/medias\/images\/prestations\/78358-dsc2009.jpg","chemin":"..\/medias\/images\/prestations\/78358-dsc2009.jpg","libelle":"Vue de c\u00f4t\u00e9 d'un grand chalet en bois et pierre sur deux \u00e9tages, nombreuses fen\u00eatres et large terrasse, balcon au 1er \u00e9tage.","extension":"jpg","categorie":"","largeur":1200,"theme":"HIVER","hauteur":800,"type":"Image","origine":"","liaisonPave":"","langue":"","id":"78358","urlVignette":"https:\/\/www.valdallos.com\/medias\/images\/prestations\/v-78358-dsc2009.jpg","alt":"Vue de c\u00f4t\u00e9 d'un grand chalet en bois et pierre sur deux \u00e9tages, nombreuses fen\u00eatres et large terrasse, balcon au 1er \u00e9tage.","title":"Vue de c\u00f4t\u00e9 d'un grand chalet en bois et pierre sur deux \u00e9tages, nombreuses fen\u00eatres et large terrasse, balcon au 1er \u00e9tage.","MultiTaille":{"1920x1440":{"url":"https:\/\/www.valdallos.com\/medias\/images\/prestations\/multitailles\/1920x1440_78358-dsc2009.jpg"},"1200x900":{"url":"https:\/\/www.valdallos.com\/medias\/images\/prestations\/multitailles\/1200x900_78358-dsc2009.jpg"},"800x600":{"url":"https:\/\/www.valdallos.com\/medias\/images\/prestations\/multitailles\/800x600_78358-dsc2009.jpg"},"640x480":{"url":"https:\/\/www.valdallos.com\/medias\/images\/prestations\/multitailles\/640x480_78358-dsc2009.jpg"},"320x240":{"url":"https:\/\/www.valdallos.com\/medias\/images\/prestations\/multitailles\/320x240_78358-dsc2009.jpg"},"160x120":{"url":"https:\/\/www.valdallos.com\/medias\/images\/prestations\/multitailles\/160x120_78358-dsc2009.jpg"},"origine":{"url":"https:\/\/www.valdallos.com\/medias\/images\/prestations\/78358-dsc2009.jpg"}},"urlLien":"","typeLien":"","nofollow":"N","copyright":"M Desvignes"},{"url":"https:\/\/www.valdallos.com\/medias\/images\/prestations\/78359-dsc2013.jpg","chemin":"..\/medias\/images\/prestations\/78359-dsc2013.jpg","libelle":"Vue de c\u00f4t\u00e9 d'un grand chalet en bois et pierre sur deux \u00e9tages, nombreuses fen\u00eatres et large terrasse, balcon au 1er \u00e9tage. Paysage enneig\u00e9.","extension":"jpg","categorie":"","largeur":1200,"theme":"HIVER","hauteur":801,"type":"Image","origine":"","liaisonPave":"","langue":"","id":"78359","urlVignette":"https:\/\/www.valdallos.com\/medias\/images\/prestations\/v-78359-dsc2013.jpg","alt":"Vue de c\u00f4t\u00e9 d'un grand chalet en bois et pierre sur deux \u00e9tages, nombreuses fen\u00eatres et large terrasse, balcon au 1er \u00e9tage. Paysage enneig\u00e9.","title":"Vue de c\u00f4t\u00e9 d'un grand chalet en bois et pierre sur deux \u00e9tages, nombreuses fen\u00eatres et large terrasse, balcon au 1er \u00e9tage. Paysage enneig\u00e9.","MultiTaille":{"1920x1440":{"url":"https:\/\/www.valdallos.com\/medias\/images\/prestations\/multitailles\/1920x1440_78359-dsc2013.jpg"},"1200x900":{"url":"https:\/\/www.valdallos.com\/medias\/images\/prestations\/multitailles\/1200x900_78359-dsc2013.jpg"},"800x600":{"url":"https:\/\/www.valdallos.com\/medias\/images\/prestations\/multitailles\/800x600_78359-dsc2013.jpg"},"640x480":{"url":"https:\/\/www.valdallos.com\/medias\/images\/prestations\/multitailles\/640x480_78359-dsc2013.jpg"},"320x240":{"url":"https:\/\/www.valdallos.com\/medias\/images\/prestations\/multitailles\/320x240_78359-dsc2013.jpg"},"160x120":{"url":"https:\/\/www.valdallos.com\/medias\/images\/prestations\/multitailles\/160x120_78359-dsc2013.jpg"},"origine":{"url":"https:\/\/www.valdallos.com\/medias\/images\/prestations\/78359-dsc2013.jpg"}},"urlLien":"","typeLien":"","nofollow":"N","copyright":"M Desvignes"}],"ByCategorie":{"":[{"url":"https:\/\/www.valdallos.com\/medias\/images\/prestations\/78360-exterieur_ete.jpg","chemin":"..\/medias\/images\/prestations\/78360-exterieur_ete.jpg","libelle":"Grand chalet en bois et pierre sur deux \u00e9tages, nombreuses fen\u00eatres et large terrasse, balcon au 1er \u00e9tage. Paysage printanier.","extension":"jpg","categorie":"","largeur":800,"theme":"ETE","hauteur":600,"type":"Image","origine":"","liaisonPave":"","langue":"","id":"78360","urlVignette":"https:\/\/www.valdallos.com\/medias\/images\/prestations\/v-78360-exterieur_ete.jpg","alt":"Grand chalet en bois et pierre sur deux \u00e9tages, nombreuses fen\u00eatres et large terrasse, balcon au 1er \u00e9tage. Paysage printanier.","title":"Grand chalet en bois et pierre sur deux \u00e9tages, nombreuses fen\u00eatres et large terrasse, balcon au 1er \u00e9tage. Paysage printanier.","MultiTaille":{"1920x1440":{"url":"https:\/\/www.valdallos.com\/medias\/images\/prestations\/multitailles\/1920x1440_78360-exterieur_ete.jpg"},"1200x900":{"url":"https:\/\/www.valdallos.com\/medias\/images\/prestations\/multitailles\/1200x900_78360-exterieur_ete.jpg"},"800x600":{"url":"https:\/\/www.valdallos.com\/medias\/images\/prestations\/multitailles\/800x600_78360-exterieur_ete.jpg"},"640x480":{"url":"https:\/\/www.valdallos.com\/medias\/images\/prestations\/multitailles\/640x480_78360-exterieur_ete.jpg"},"320x240":{"url":"https:\/\/www.valdallos.com\/medias\/images\/prestations\/multitailles\/320x240_78360-exterieur_ete.jpg"},"160x120":{"url":"https:\/\/www.valdallos.com\/medias\/images\/prestations\/multitailles\/160x120_78360-exterieur_ete.jpg"},"origine":{"url":"https:\/\/www.valdallos.com\/medias\/images\/prestations\/78360-exterieur_ete.jpg"}},"urlLien":"","typeLien":"","nofollow":"N","copyright":"M Desvignes"},{"url":"https:\/\/www.valdallos.com\/medias\/images\/prestations\/78361-dsc1868_hdr.jpg","chemin":"..\/medias\/images\/prestations\/78361-dsc1868_hdr.jpg","libelle":"S\u00e9jour moderne et lumineux, grande table \u00e0 manger et fauteuils confortables, porte-fen\u00eatres et fen\u00eatres","extension":"jpg","categorie":"","largeur":1200,"theme":"","hauteur":801,"type":"Image","origine":"","liaisonPave":"","langue":"","id":"78361","urlVignette":"https:\/\/www.valdallos.com\/medias\/images\/prestations\/v-78361-dsc1868_hdr.jpg","alt":"S\u00e9jour moderne et lumineux, grande table \u00e0 manger et fauteuils confortables, porte-fen\u00eatres et fen\u00eatres","title":"S\u00e9jour moderne et lumineux, grande table \u00e0 manger et fauteuils confortables, porte-fen\u00eatres et fen\u00eatres","MultiTaille":{"1920x1440":{"url":"https:\/\/www.valdallos.com\/medias\/images\/prestations\/multitailles\/1920x1440_78361-dsc1868_hdr.jpg"},"1200x900":{"url":"https:\/\/www.valdallos.com\/medias\/images\/prestations\/multitailles\/1200x900_78361-dsc1868_hdr.jpg"},"800x600":{"url":"https:\/\/www.valdallos.com\/medias\/images\/prestations\/multitailles\/800x600_78361-dsc1868_hdr.jpg"},"640x480":{"url":"https:\/\/www.valdallos.com\/medias\/images\/prestations\/multitailles\/640x480_78361-dsc1868_hdr.jpg"},"320x240":{"url":"https:\/\/www.valdallos.com\/medias\/images\/prestations\/multitailles\/320x240_78361-dsc1868_hdr.jpg"},"160x120":{"url":"https:\/\/www.valdallos.com\/medias\/images\/prestations\/multitailles\/160x120_78361-dsc1868_hdr.jpg"},"origine":{"url":"https:\/\/www.valdallos.com\/medias\/images\/prestations\/78361-dsc1868_hdr.jpg"}},"urlLien":"","typeLien":"","nofollow":"N","copyright":"M Desvignes"},{"url":"https:\/\/www.valdallos.com\/medias\/images\/prestations\/78362-dsc1875_hdr.jpg","chemin":"..\/medias\/images\/prestations\/78362-dsc1875_hdr.jpg","libelle":"S\u00e9jour moderne et lumineux, coin cuisine, grande table \u00e0 manger et fauteuils confortables, porte-fen\u00eatres et fen\u00eatres","extension":"jpg","categorie":"","largeur":1200,"theme":"","hauteur":800,"type":"Image","origine":"","liaisonPave":"","langue":"","id":"78362","urlVignette":"https:\/\/www.valdallos.com\/medias\/images\/prestations\/v-78362-dsc1875_hdr.jpg","alt":"S\u00e9jour moderne et lumineux, coin cuisine, grande table \u00e0 manger et fauteuils confortables, porte-fen\u00eatres et fen\u00eatres","title":"S\u00e9jour moderne et lumineux, coin cuisine, grande table \u00e0 manger et fauteuils confortables, porte-fen\u00eatres et fen\u00eatres","MultiTaille":{"1920x1440":{"url":"https:\/\/www.valdallos.com\/medias\/images\/prestations\/multitailles\/1920x1440_78362-dsc1875_hdr.jpg"},"1200x900":{"url":"https:\/\/www.valdallos.com\/medias\/images\/prestations\/multitailles\/1200x900_78362-dsc1875_hdr.jpg"},"800x600":{"url":"https:\/\/www.valdallos.com\/medias\/images\/prestations\/multitailles\/800x600_78362-dsc1875_hdr.jpg"},"640x480":{"url":"https:\/\/www.valdallos.com\/medias\/images\/prestations\/multitailles\/640x480_78362-dsc1875_hdr.jpg"},"320x240":{"url":"https:\/\/www.valdallos.com\/medias\/images\/prestations\/multitailles\/320x240_78362-dsc1875_hdr.jpg"},"160x120":{"url":"https:\/\/www.valdallos.com\/medias\/images\/prestations\/multitailles\/160x120_78362-dsc1875_hdr.jpg"},"origine":{"url":"https:\/\/www.valdallos.com\/medias\/images\/prestations\/78362-dsc1875_hdr.jpg"}},"urlLien":"","typeLien":"","nofollow":"N","copyright":"M Desvignes"},{"url":"https:\/\/www.valdallos.com\/medias\/images\/prestations\/78363-dsc1891_hdr.jpg","chemin":"..\/medias\/images\/prestations\/78363-dsc1891_hdr.jpg","libelle":"S\u00e9jour avec coin cuisine lumineux, moderne, grande table \u00e0 manger avec fauteuils confortables, carrelage, fen\u00eatre","extension":"jpg","categorie":"","largeur":1200,"theme":"","hauteur":801,"type":"Image","origine":"","liaisonPave":"","langue":"","id":"78363","urlVignette":"https:\/\/www.valdallos.com\/medias\/images\/prestations\/v-78363-dsc1891_hdr.jpg","alt":"S\u00e9jour avec coin cuisine lumineux, moderne, grande table \u00e0 manger avec fauteuils confortables, carrelage, fen\u00eatre","title":"S\u00e9jour avec coin cuisine lumineux, moderne, grande table \u00e0 manger avec fauteuils confortables, carrelage, fen\u00eatre","MultiTaille":{"1920x1440":{"url":"https:\/\/www.valdallos.com\/medias\/images\/prestations\/multitailles\/1920x1440_78363-dsc1891_hdr.jpg"},"1200x900":{"url":"https:\/\/www.valdallos.com\/medias\/images\/prestations\/multitailles\/1200x900_78363-dsc1891_hdr.jpg"},"800x600":{"url":"https:\/\/www.valdallos.com\/medias\/images\/prestations\/multitailles\/800x600_78363-dsc1891_hdr.jpg"},"640x480":{"url":"https:\/\/www.valdallos.com\/medias\/images\/prestations\/multitailles\/640x480_78363-dsc1891_hdr.jpg"},"320x240":{"url":"https:\/\/www.valdallos.com\/medias\/images\/prestations\/multitailles\/320x240_78363-dsc1891_hdr.jpg"},"160x120":{"url":"https:\/\/www.valdallos.com\/medias\/images\/prestations\/multitailles\/160x120_78363-dsc1891_hdr.jpg"},"origine":{"url":"https:\/\/www.valdallos.com\/medias\/images\/prestations\/78363-dsc1891_hdr.jpg"}},"urlLien":"","typeLien":"","nofollow":"N","copyright":"M Desvignes"},{"url":"https:\/\/www.valdallos.com\/medias\/images\/prestations\/78364-dsc1902_hdr.jpg","chemin":"..\/medias\/images\/prestations\/78364-dsc1902_hdr.jpg","libelle":"Chambre \u00e0 coucher spacieuse, lumineuse avec lit double, d\u00e9coration int\u00e9rieure bois, porte-fen\u00eatre donnant sur terrasse en bois et paysage enneig\u00e9","extension":"jpg","categorie":"","largeur":1200,"theme":"","hauteur":800,"type":"Image","origine":"","liaisonPave":"","langue":"","id":"78364","urlVignette":"https:\/\/www.valdallos.com\/medias\/images\/prestations\/v-78364-dsc1902_hdr.jpg","alt":"Chambre \u00e0 coucher spacieuse, lumineuse avec lit double, d\u00e9coration int\u00e9rieure bois, porte-fen\u00eatre donnant sur terrasse en bois et paysage enneig\u00e9","title":"Chambre \u00e0 coucher spacieuse, lumineuse avec lit double, d\u00e9coration int\u00e9rieure bois, porte-fen\u00eatre donnant sur terrasse en bois et paysage enneig\u00e9","MultiTaille":{"1920x1440":{"url":"https:\/\/www.valdallos.com\/medias\/images\/prestations\/multitailles\/1920x1440_78364-dsc1902_hdr.jpg"},"1200x900":{"url":"https:\/\/www.valdallos.com\/medias\/images\/prestations\/multitailles\/1200x900_78364-dsc1902_hdr.jpg"},"800x600":{"url":"https:\/\/www.valdallos.com\/medias\/images\/prestations\/multitailles\/800x600_78364-dsc1902_hdr.jpg"},"640x480":{"url":"https:\/\/www.valdallos.com\/medias\/images\/prestations\/multitailles\/640x480_78364-dsc1902_hdr.jpg"},"320x240":{"url":"https:\/\/www.valdallos.com\/medias\/images\/prestations\/multitailles\/320x240_78364-dsc1902_hdr.jpg"},"160x120":{"url":"https:\/\/www.valdallos.com\/medias\/images\/prestations\/multitailles\/160x120_78364-dsc1902_hdr.jpg"},"origine":{"url":"https:\/\/www.valdallos.com\/medias\/images\/prestations\/78364-dsc1902_hdr.jpg"}},"urlLien":"","typeLien":"","nofollow":"N","copyright":"M Desvignes"},{"url":"https:\/\/www.valdallos.com\/medias\/images\/prestations\/78365-dsc1967.jpg","chemin":"..\/medias\/images\/prestations\/78365-dsc1967.jpg","libelle":"Chambre \u00e0 coucher spacieuse et lumineuse avec lit double, d\u00e9coration int\u00e9rieure bois, fen\u00eatre et ouverture salle de bains","extension":"jpg","categorie":"","largeur":1200,"theme":"","hauteur":800,"type":"Image","origine":"","liaisonPave":"","langue":"","id":"78365","urlVignette":"https:\/\/www.valdallos.com\/medias\/images\/prestations\/v-78365-dsc1967.jpg","alt":"Chambre \u00e0 coucher spacieuse et lumineuse avec lit double, d\u00e9coration int\u00e9rieure bois, fen\u00eatre et ouverture salle de bains","title":"Chambre \u00e0 coucher spacieuse et lumineuse avec lit double, d\u00e9coration int\u00e9rieure bois, fen\u00eatre et ouverture salle de bains","MultiTaille":{"1920x1440":{"url":"https:\/\/www.valdallos.com\/medias\/images\/prestations\/multitailles\/1920x1440_78365-dsc1967.jpg"},"1200x900":{"url":"https:\/\/www.valdallos.com\/medias\/images\/prestations\/multitailles\/1200x900_78365-dsc1967.jpg"},"800x600":{"url":"https:\/\/www.valdallos.com\/medias\/images\/prestations\/multitailles\/800x600_78365-dsc1967.jpg"},"640x480":{"url":"https:\/\/www.valdallos.com\/medias\/images\/prestations\/multitailles\/640x480_78365-dsc1967.jpg"},"320x240":{"url":"https:\/\/www.valdallos.com\/medias\/images\/prestations\/multitailles\/320x240_78365-dsc1967.jpg"},"160x120":{"url":"https:\/\/www.valdallos.com\/medias\/images\/prestations\/multitailles\/160x120_78365-dsc1967.jpg"},"origine":{"url":"https:\/\/www.valdallos.com\/medias\/images\/prestations\/78365-dsc1967.jpg"}},"urlLien":"","typeLien":"","nofollow":"N","copyright":"M Desvignes"},{"url":"https:\/\/www.valdallos.com\/medias\/images\/prestations\/78366-dsc1903_hdr.jpg","chemin":"..\/medias\/images\/prestations\/78366-dsc1903_hdr.jpg","libelle":"Chambre \u00e0 coucher lumineuse avec lit double, d\u00e9coration int\u00e9rieure bois, fen\u00eatre et salle de bains","extension":"jpg","categorie":"","largeur":1200,"theme":"","hauteur":800,"type":"Image","origine":"","liaisonPave":"","langue":"","id":"78366","urlVignette":"https:\/\/www.valdallos.com\/medias\/images\/prestations\/v-78366-dsc1903_hdr.jpg","alt":"Chambre \u00e0 coucher lumineuse avec lit double, d\u00e9coration int\u00e9rieure bois, fen\u00eatre et salle de bains","title":"Chambre \u00e0 coucher lumineuse avec lit double, d\u00e9coration int\u00e9rieure bois, fen\u00eatre et salle de bains","MultiTaille":{"1920x1440":{"url":"https:\/\/www.valdallos.com\/medias\/images\/prestations\/multitailles\/1920x1440_78366-dsc1903_hdr.jpg"},"1200x900":{"url":"https:\/\/www.valdallos.com\/medias\/images\/prestations\/multitailles\/1200x900_78366-dsc1903_hdr.jpg"},"800x600":{"url":"https:\/\/www.valdallos.com\/medias\/images\/prestations\/multitailles\/800x600_78366-dsc1903_hdr.jpg"},"640x480":{"url":"https:\/\/www.valdallos.com\/medias\/images\/prestations\/multitailles\/640x480_78366-dsc1903_hdr.jpg"},"320x240":{"url":"https:\/\/www.valdallos.com\/medias\/images\/prestations\/multitailles\/320x240_78366-dsc1903_hdr.jpg"},"160x120":{"url":"https:\/\/www.valdallos.com\/medias\/images\/prestations\/multitailles\/160x120_78366-dsc1903_hdr.jpg"},"origine":{"url":"https:\/\/www.valdallos.com\/medias\/images\/prestations\/78366-dsc1903_hdr.jpg"}},"urlLien":"","typeLien":"","nofollow":"N","copyright":"M Desvignes"},{"url":"https:\/\/www.valdallos.com\/medias\/images\/prestations\/78367-dsc1912_hdr.jpg","chemin":"..\/medias\/images\/prestations\/78367-dsc1912_hdr.jpg","libelle":"Salle de bains lumineuse et moderne avec d\u00e9coration int\u00e9rieur bois, grand bac \u00e0 douche, fen\u00eatre donnant sur un paysage enneig\u00e9","extension":"jpg","categorie":"","largeur":1200,"theme":"","hauteur":800,"type":"Image","origine":"","liaisonPave":"","langue":"","id":"78367","urlVignette":"https:\/\/www.valdallos.com\/medias\/images\/prestations\/v-78367-dsc1912_hdr.jpg","alt":"Salle de bains lumineuse et moderne avec d\u00e9coration int\u00e9rieur bois, grand bac \u00e0 douche, fen\u00eatre donnant sur un paysage enneig\u00e9","title":"Salle de bains lumineuse et moderne avec d\u00e9coration int\u00e9rieur bois, grand bac \u00e0 douche, fen\u00eatre donnant sur un paysage enneig\u00e9","MultiTaille":{"1920x1440":{"url":"https:\/\/www.valdallos.com\/medias\/images\/prestations\/multitailles\/1920x1440_78367-dsc1912_hdr.jpg"},"1200x900":{"url":"https:\/\/www.valdallos.com\/medias\/images\/prestations\/multitailles\/1200x900_78367-dsc1912_hdr.jpg"},"800x600":{"url":"https:\/\/www.valdallos.com\/medias\/images\/prestations\/multitailles\/800x600_78367-dsc1912_hdr.jpg"},"640x480":{"url":"https:\/\/www.valdallos.com\/medias\/images\/prestations\/multitailles\/640x480_78367-dsc1912_hdr.jpg"},"320x240":{"url":"https:\/\/www.valdallos.com\/medias\/images\/prestations\/multitailles\/320x240_78367-dsc1912_hdr.jpg"},"160x120":{"url":"https:\/\/www.valdallos.com\/medias\/images\/prestations\/multitailles\/160x120_78367-dsc1912_hdr.jpg"},"origine":{"url":"https:\/\/www.valdallos.com\/medias\/images\/prestations\/78367-dsc1912_hdr.jpg"}},"urlLien":"","typeLien":"","nofollow":"N","copyright":"M Desvignes"},{"url":"https:\/\/www.valdallos.com\/medias\/images\/prestations\/78368-dsc1917.jpg","chemin":"..\/medias\/images\/prestations\/78368-dsc1917.jpg","libelle":"Grande salle de bains moderne avec carrelage, d\u00e9coration int\u00e9rieure bois, baignoire, grande glace","extension":"jpg","categorie":"","largeur":800,"theme":"","hauteur":1200,"type":"Image","origine":"","liaisonPave":"","langue":"","id":"78368","urlVignette":"https:\/\/www.valdallos.com\/medias\/images\/prestations\/v-78368-dsc1917.jpg","alt":"Grande salle de bains moderne avec carrelage, d\u00e9coration int\u00e9rieure bois, baignoire, grande glace","title":"Grande salle de bains moderne avec carrelage, d\u00e9coration int\u00e9rieure bois, baignoire, grande glace","MultiTaille":{"1920x1440":{"url":"https:\/\/www.valdallos.com\/medias\/images\/prestations\/multitailles\/1920x1440_78368-dsc1917.jpg"},"1200x900":{"url":"https:\/\/www.valdallos.com\/medias\/images\/prestations\/multitailles\/1200x900_78368-dsc1917.jpg"},"800x600":{"url":"https:\/\/www.valdallos.com\/medias\/images\/prestations\/multitailles\/800x600_78368-dsc1917.jpg"},"640x480":{"url":"https:\/\/www.valdallos.com\/medias\/images\/prestations\/multitailles\/640x480_78368-dsc1917.jpg"},"320x240":{"url":"https:\/\/www.valdallos.com\/medias\/images\/prestations\/multitailles\/320x240_78368-dsc1917.jpg"},"160x120":{"url":"https:\/\/www.valdallos.com\/medias\/images\/prestations\/multitailles\/160x120_78368-dsc1917.jpg"},"origine":{"url":"https:\/\/www.valdallos.com\/medias\/images\/prestations\/78368-dsc1917.jpg"}},"urlLien":"","typeLien":"","nofollow":"N","copyright":"M Desvignes"},{"url":"https:\/\/www.valdallos.com\/medias\/images\/prestations\/78369-dsc1911_hdr.jpg","chemin":"..\/medias\/images\/prestations\/78369-dsc1911_hdr.jpg","libelle":"Grande salle de bains lumineuse avec bac \u00e0 douche, baignoire, ameublement bois, fen\u00eatre donnant sur un paysage enneig\u00e9","extension":"jpg","categorie":"","largeur":800,"theme":"","hauteur":1200,"type":"Image","origine":"","liaisonPave":"","langue":"","id":"78369","urlVignette":"https:\/\/www.valdallos.com\/medias\/images\/prestations\/v-78369-dsc1911_hdr.jpg","alt":"Grande salle de bains lumineuse avec bac \u00e0 douche, baignoire, ameublement bois, fen\u00eatre donnant sur un paysage enneig\u00e9","title":"Grande salle de bains lumineuse avec bac \u00e0 douche, baignoire, ameublement bois, fen\u00eatre donnant sur un paysage enneig\u00e9","MultiTaille":{"1920x1440":{"url":"https:\/\/www.valdallos.com\/medias\/images\/prestations\/multitailles\/1920x1440_78369-dsc1911_hdr.jpg"},"1200x900":{"url":"https:\/\/www.valdallos.com\/medias\/images\/prestations\/multitailles\/1200x900_78369-dsc1911_hdr.jpg"},"800x600":{"url":"https:\/\/www.valdallos.com\/medias\/images\/prestations\/multitailles\/800x600_78369-dsc1911_hdr.jpg"},"640x480":{"url":"https:\/\/www.valdallos.com\/medias\/images\/prestations\/multitailles\/640x480_78369-dsc1911_hdr.jpg"},"320x240":{"url":"https:\/\/www.valdallos.com\/medias\/images\/prestations\/multitailles\/320x240_78369-dsc1911_hdr.jpg"},"160x120":{"url":"https:\/\/www.valdallos.com\/medias\/images\/prestations\/multitailles\/160x120_78369-dsc1911_hdr.jpg"},"origine":{"url":"https:\/\/www.valdallos.com\/medias\/images\/prestations\/78369-dsc1911_hdr.jpg"}},"urlLien":"","typeLien":"","nofollow":"N","copyright":"M Desvignes"},{"url":"https:\/\/www.valdallos.com\/medias\/images\/prestations\/78370-dsc1971.jpg","chemin":"..\/medias\/images\/prestations\/78370-dsc1971.jpg","libelle":"Vue de salle de bains avec \u00e9vier, grand bac \u00e0 douche, ameublement bois","extension":"jpg","categorie":"","largeur":1200,"theme":"","hauteur":800,"type":"Image","origine":"","liaisonPave":"","langue":"","id":"78370","urlVignette":"https:\/\/www.valdallos.com\/medias\/images\/prestations\/v-78370-dsc1971.jpg","alt":"Vue de salle de bains avec \u00e9vier, grand bac \u00e0 douche, ameublement bois","title":"Vue de salle de bains avec \u00e9vier, grand bac \u00e0 douche, ameublement bois","MultiTaille":{"1920x1440":{"url":"https:\/\/www.valdallos.com\/medias\/images\/prestations\/multitailles\/1920x1440_78370-dsc1971.jpg"},"1200x900":{"url":"https:\/\/www.valdallos.com\/medias\/images\/prestations\/multitailles\/1200x900_78370-dsc1971.jpg"},"800x600":{"url":"https:\/\/www.valdallos.com\/medias\/images\/prestations\/multitailles\/800x600_78370-dsc1971.jpg"},"640x480":{"url":"https:\/\/www.valdallos.com\/medias\/images\/prestations\/multitailles\/640x480_78370-dsc1971.jpg"},"320x240":{"url":"https:\/\/www.valdallos.com\/medias\/images\/prestations\/multitailles\/320x240_78370-dsc1971.jpg"},"160x120":{"url":"https:\/\/www.valdallos.com\/medias\/images\/prestations\/multitailles\/160x120_78370-dsc1971.jpg"},"origine":{"url":"https:\/\/www.valdallos.com\/medias\/images\/prestations\/78370-dsc1971.jpg"}},"urlLien":"","typeLien":"","nofollow":"N","copyright":"M Desvignes"},{"url":"https:\/\/www.valdallos.com\/medias\/images\/prestations\/78356-exterieur.jpg","chemin":"..\/medias\/images\/prestations\/78356-exterieur.jpg","libelle":"Grand chalet en bois et pierre sur deux \u00e9tages, nombreuses fen\u00eatres et large terrasse, balcon au 1er \u00e9tage","extension":"jpg","categorie":"","largeur":800,"theme":"HIVER","hauteur":600,"type":"Image","origine":"","liaisonPave":"","langue":"","id":"78356","urlVignette":"https:\/\/www.valdallos.com\/medias\/images\/prestations\/v-78356-exterieur.jpg","alt":"Grand chalet en bois et pierre sur deux \u00e9tages, nombreuses fen\u00eatres et large terrasse, balcon au 1er \u00e9tage","title":"Grand chalet en bois et pierre sur deux \u00e9tages, nombreuses fen\u00eatres et large terrasse, balcon au 1er \u00e9tage","MultiTaille":{"1920x1440":{"url":"https:\/\/www.valdallos.com\/medias\/images\/prestations\/multitailles\/1920x1440_78356-exterieur.jpg"},"1200x900":{"url":"https:\/\/www.valdallos.com\/medias\/images\/prestations\/multitailles\/1200x900_78356-exterieur.jpg"},"800x600":{"url":"https:\/\/www.valdallos.com\/medias\/images\/prestations\/multitailles\/800x600_78356-exterieur.jpg"},"640x480":{"url":"https:\/\/www.valdallos.com\/medias\/images\/prestations\/multitailles\/640x480_78356-exterieur.jpg"},"320x240":{"url":"https:\/\/www.valdallos.com\/medias\/images\/prestations\/multitailles\/320x240_78356-exterieur.jpg"},"160x120":{"url":"https:\/\/www.valdallos.com\/medias\/images\/prestations\/multitailles\/160x120_78356-exterieur.jpg"},"origine":{"url":"https:\/\/www.valdallos.com\/medias\/images\/prestations\/78356-exterieur.jpg"}},"urlLien":"","typeLien":"","nofollow":"N","copyright":"M Desvignes"},{"url":"https:\/\/www.valdallos.com\/medias\/images\/prestations\/78357-dsc2007.jpg","chemin":"..\/medias\/images\/prestations\/78357-dsc2007.jpg","libelle":"Grand chalet en bois et pierre sur deux \u00e9tages, nombreuses fen\u00eatres et large terrasse, balcon au 1er \u00e9tage","extension":"jpg","categorie":"","largeur":1200,"theme":"HIVER","hauteur":800,"type":"Image","origine":"","liaisonPave":"","langue":"","id":"78357","urlVignette":"https:\/\/www.valdallos.com\/medias\/images\/prestations\/v-78357-dsc2007.jpg","alt":"Grand chalet en bois et pierre sur deux \u00e9tages, nombreuses fen\u00eatres et large terrasse, balcon au 1er \u00e9tage","title":"Grand chalet en bois et pierre sur deux \u00e9tages, nombreuses fen\u00eatres et large terrasse, balcon au 1er \u00e9tage","MultiTaille":{"1920x1440":{"url":"https:\/\/www.valdallos.com\/medias\/images\/prestations\/multitailles\/1920x1440_78357-dsc2007.jpg"},"1200x900":{"url":"https:\/\/www.valdallos.com\/medias\/images\/prestations\/multitailles\/1200x900_78357-dsc2007.jpg"},"800x600":{"url":"https:\/\/www.valdallos.com\/medias\/images\/prestations\/multitailles\/800x600_78357-dsc2007.jpg"},"640x480":{"url":"https:\/\/www.valdallos.com\/medias\/images\/prestations\/multitailles\/640x480_78357-dsc2007.jpg"},"320x240":{"url":"https:\/\/www.valdallos.com\/medias\/images\/prestations\/multitailles\/320x240_78357-dsc2007.jpg"},"160x120":{"url":"https:\/\/www.valdallos.com\/medias\/images\/prestations\/multitailles\/160x120_78357-dsc2007.jpg"},"origine":{"url":"https:\/\/www.valdallos.com\/medias\/images\/prestations\/78357-dsc2007.jpg"}},"urlLien":"","typeLien":"","nofollow":"N","copyright":"M Desvignes"},{"url":"https:\/\/www.valdallos.com\/medias\/images\/prestations\/78358-dsc2009.jpg","chemin":"..\/medias\/images\/prestations\/78358-dsc2009.jpg","libelle":"Vue de c\u00f4t\u00e9 d'un grand chalet en bois et pierre sur deux \u00e9tages, nombreuses fen\u00eatres et large terrasse, balcon au 1er \u00e9tage.","extension":"jpg","categorie":"","largeur":1200,"theme":"HIVER","hauteur":800,"type":"Image","origine":"","liaisonPave":"","langue":"","id":"78358","urlVignette":"https:\/\/www.valdallos.com\/medias\/images\/prestations\/v-78358-dsc2009.jpg","alt":"Vue de c\u00f4t\u00e9 d'un grand chalet en bois et pierre sur deux \u00e9tages, nombreuses fen\u00eatres et large terrasse, balcon au 1er \u00e9tage.","title":"Vue de c\u00f4t\u00e9 d'un grand chalet en bois et pierre sur deux \u00e9tages, nombreuses fen\u00eatres et large terrasse, balcon au 1er \u00e9tage.","MultiTaille":{"1920x1440":{"url":"https:\/\/www.valdallos.com\/medias\/images\/prestations\/multitailles\/1920x1440_78358-dsc2009.jpg"},"1200x900":{"url":"https:\/\/www.valdallos.com\/medias\/images\/prestations\/multitailles\/1200x900_78358-dsc2009.jpg"},"800x600":{"url":"https:\/\/www.valdallos.com\/medias\/images\/prestations\/multitailles\/800x600_78358-dsc2009.jpg"},"640x480":{"url":"https:\/\/www.valdallos.com\/medias\/images\/prestations\/multitailles\/640x480_78358-dsc2009.jpg"},"320x240":{"url":"https:\/\/www.valdallos.com\/medias\/images\/prestations\/multitailles\/320x240_78358-dsc2009.jpg"},"160x120":{"url":"https:\/\/www.valdallos.com\/medias\/images\/prestations\/multitailles\/160x120_78358-dsc2009.jpg"},"origine":{"url":"https:\/\/www.valdallos.com\/medias\/images\/prestations\/78358-dsc2009.jpg"}},"urlLien":"","typeLien":"","nofollow":"N","copyright":"M Desvignes"},{"url":"https:\/\/www.valdallos.com\/medias\/images\/prestations\/78359-dsc2013.jpg","chemin":"..\/medias\/images\/prestations\/78359-dsc2013.jpg","libelle":"Vue de c\u00f4t\u00e9 d'un grand chalet en bois et pierre sur deux \u00e9tages, nombreuses fen\u00eatres et large terrasse, balcon au 1er \u00e9tage. Paysage enneig\u00e9.","extension":"jpg","categorie":"","largeur":1200,"theme":"HIVER","hauteur":801,"type":"Image","origine":"","liaisonPave":"","langue":"","id":"78359","urlVignette":"https:\/\/www.valdallos.com\/medias\/images\/prestations\/v-78359-dsc2013.jpg","alt":"Vue de c\u00f4t\u00e9 d'un grand chalet en bois et pierre sur deux \u00e9tages, nombreuses fen\u00eatres et large terrasse, balcon au 1er \u00e9tage. Paysage enneig\u00e9.","title":"Vue de c\u00f4t\u00e9 d'un grand chalet en bois et pierre sur deux \u00e9tages, nombreuses fen\u00eatres et large terrasse, balcon au 1er \u00e9tage. Paysage enneig\u00e9.","MultiTaille":{"1920x1440":{"url":"https:\/\/www.valdallos.com\/medias\/images\/prestations\/multitailles\/1920x1440_78359-dsc2013.jpg"},"1200x900":{"url":"https:\/\/www.valdallos.com\/medias\/images\/prestations\/multitailles\/1200x900_78359-dsc2013.jpg"},"800x600":{"url":"https:\/\/www.valdallos.com\/medias\/images\/prestations\/multitailles\/800x600_78359-dsc2013.jpg"},"640x480":{"url":"https:\/\/www.valdallos.com\/medias\/images\/prestations\/multitailles\/640x480_78359-dsc2013.jpg"},"320x240":{"url":"https:\/\/www.valdallos.com\/medias\/images\/prestations\/multitailles\/320x240_78359-dsc2013.jpg"},"160x120":{"url":"https:\/\/www.valdallos.com\/medias\/images\/prestations\/multitailles\/160x120_78359-dsc2013.jpg"},"origine":{"url":"https:\/\/www.valdallos.com\/medias\/images\/prestations\/78359-dsc2013.jpg"}},"urlLien":"","typeLien":"","nofollow":"N","copyright":"M Desvignes"}]}},"DateDebPublication":"","DateFinPublication":"","PrixAPartirDe":"","PrixPour":"","FicheListeEnCours":"fiche_liste_immobilier_prestation_OT_v3","ParametresModele":{"AfficherPhotos":1,"NbPhotosMax":6,"AfficherReserver":0,"AfficherContact":0,"AfficherSalle":1,"AfficherZoneGeo":0,"AfficherEnSavoirPlus":"0","AfficherUneSeuleOuverture":0,"AfficherContactCarte":1,"AfficherTarifsChaudAPartirDe":0,"AfficherTarifChaudSansRecherche":0,"AfficherDispoAccordeon":"1","AfficherDispoResa":"1","AfficherPrixAPartirDe":"1","BlocCritereInfo":{"critere1":{"libelle":"","liste_critere":["classementPrefectoral|2631|G","classementPrefectoral|2630|G","classementPrefectoral|2629|G","classementPrefectoral|2628|G","classementPrefectoral|2627|G","classementPrefectoral|2632|G"]},"critere2":{"libelle":"","liste_critere":["GLOC|G"]},"critere3":{"libelle":""},"critere4":{"libelle":""},"critere5":{"libelle":"","liste_critere":["GHANDI|G","AFFEQUIP|WIFI|G","AFFEQUIP|ANIMAUX|G","AFFEQUIP|PARKING|G","AFFEQUIP|LAVEVAIS|G","AFFEQUIP|LAVELINGEAFF|G","GCHAMB|G","NBPERS|G","GSURFA|G","GLOGEM|G"]},"critere6":{"libelle":"","liste_critere":["GLABEL|GCLEVA|G"]},"critere7":{"libelle":""},"critere8":{"libelle":""},"critere9":{"libelle":""},"afficherpictoetpaslibelle":"1"},"BlocPaveInfo":{"texte1":{"pave":["6","15","20"],"longeurmax":"250","afficherLibelle":"0","garderHtml":"0","boutonVoirPlus":""},"texte3":{"longeurmax":"","afficherLibelle":"0","garderHtml":"0","boutonVoirPlus":""}},"CriteresComportementDispo":"DISPONIBILITES[PLANNINGACT","PositionBloc":"GALLERIE|ZONEPRINCIPALFICHEPRESTA|NOM|CARNET_VOYAGE|ACCROCHE_TARIF_DISPO","TypePrestataire":"G","ComportementResa":false,"ComportementDispo":true},"AffichageCoordonnees":[],"Coordonnees":{"Ville":"Allos"},"ContexteId":"PRESTATION|G|5420167|5420166","ContexteIdHtml":"PRESTATION-G-5420167-5420166","cleContexte":"G|5420167|5420166","Bloc":{"texte1":"Chalet \"la Superba\", confortevole e tranquille","texte3":"","critere1":{"libelle":"","contenu":{"classementPrefectoral":{"libelle":"","contenu":{"1":"\u003Cimg src=\"https:\/\/www.valdallos.com\/medias\/images\/picto\/classementPrefectoral-2631-G.png\"  alt=\"5 stelle\" title=\"5 stelle\" \/\u003E"},"codesValeurs":{"1":"classementPrefectoral|2631|G"},"criteres_datas":{"valeurs":{"1":{"2631":{"descriptif":""}}}}}}},"critere2":{"libelle":"","contenu":{"GLOC":{"libelle":"Localizzare","contenu":{"3":"Val d'Allos - Villaggio"},"codesValeurs":{"3":"GLOC|G14|G"},"criteres_datas":{"valeurs":{"3":{"G14":{"descriptif":""}}}}}}},"critere3":{"libelle":"","contenu":[]},"critere4":{"libelle":"","contenu":[]},"critere5":{"libelle":"","contenu":{"NBPERS":{"libelle":"Persone","contenu":{"7":"8 persone","8":"10 persone","9":"11 & 12 persone"},"codesValeurs":{"7":"NBPERS|GCAP08|G","8":"NBPERS|GCAP10|G","9":"NBPERS|GCAP12|G"},"criteres_datas":{"valeurs":{"7":{"GCAP08":{"descriptif":""}},"8":{"GCAP10":{"descriptif":""}},"9":{"GCAP12":{"descriptif":""}}}}},"GLOGEM":{"libelle":"tipo di alloggio","contenu":{"4":"Chalet"},"codesValeurs":{"4":"GLOGEM|GCHALI|G"},"criteres_datas":{"valeurs":{"4":{"GCHALI":{"descriptif":""}}}}},"AFFEQUIP":{"libelle":"Servizi","contenu":{"1":"Acc\u00e8s Internet \/ Wifi","4":"Lavastoviglie","5":"Lavatrice"},"codesValeurs":{"1":"AFFEQUIP|WIFI|G","4":"AFFEQUIP|LAVEVAIS|G","5":"AFFEQUIP|LAVELINGEAFF|G"},"criteres_datas":{"valeurs":{"1":{"WIFI":{"descriptif":""}},"4":{"LAVEVAIS":{"descriptif":""}},"5":{"LAVELINGEAFF":{"descriptif":""}}}}}}},"critere6":{"libelle":"","contenu":[]},"critere7":{"libelle":"","contenu":[]},"critere8":{"libelle":"","contenu":[]},"critere9":{"libelle":"","contenu":[]}},"LocalisationGps":{"Latitude":"44.246772","Longitude":"6.632449"},"libelleDuPrestataire":"","vuePrestataire":{"pave1":{"libelle":"","contenu":""},"pave2":{"libelle":"","contenu":""},"pave3":{"libelle":"","contenu":""},"pave4":{"libelle":"","contenu":""},"pave5":{"libelle":"","contenu":""},"pave6":{"libelle":"","contenu":""},"pave7":{"libelle":"","contenu":""},"pave8":{"libelle":"","contenu":""},"pave9":{"libelle":"","contenu":""},"pave10":{"libelle":"","contenu":""},"pave11":{"libelle":"","contenu":""},"pave12":{"libelle":"","contenu":""},"pave13":{"libelle":"","contenu":""},"pave14":{"libelle":"","contenu":""},"pave15":{"libelle":"","contenu":""},"pave16":{"libelle":"","contenu":""},"pave17":{"libelle":"","contenu":""},"pave18":{"libelle":"","contenu":""},"pave19":{"libelle":"","contenu":""},"pave20":{"libelle":"","contenu":""},"pave21":{"libelle":"","contenu":""},"pave22":{"libelle":"","contenu":""},"pave23":{"libelle":"","contenu":""},"pave24":{"libelle":"","contenu":""},"pave25":{"libelle":"","contenu":""},"ContactsParType":{"LIEU":{"114497":{"id_contact":"114497","type_contact":"LIEU","categorie_contact":"PRESTATAIRE","societe_contact":"","fonction_contact":"","civilite_nom_prenom_contact":"Desvignes Karine ","adresse1_contact":"","adresse2_contact":"","adresse3_contact":"","cpostal_contact":"","ville_contact":"","teldom_contact":"","telbur_contact":"","fax_contact":"","portable_contact":"06 20 95 74 88","email_contact":"","siteweb_contact":"","commentaire_contact":"","langue_contact":"","autre_moyen_com":[]}},"GEST":{"114499":{"id_contact":"114499","type_contact":"GEST","categorie_contact":"PRESTATAIRE","societe_contact":"","fonction_contact":"","civilite_nom_prenom_contact":"Desvignes Karine ","adresse1_contact":"les Veyssi\u00e8res","adresse2_contact":"All\u00e9e Albert Schweitzer","adresse3_contact":"","cpostal_contact":"83700","ville_contact":"Saint-Rapha\u00ebl","teldom_contact":"","telbur_contact":"","fax_contact":"","portable_contact":"06 16 97 67 62","email_contact":"karinoutof@wanadoo.fr","siteweb_contact":"","commentaire_contact":"","langue_contact":"","autre_moyen_com":[]}}},"Libelle":"Desvignes Karine","Nom":"Desvignes Karine ","Prenom":"","NomPrenom":"Desvignes Karine  ","CiviliteNomPrenom":"Desvignes Karine  ","Cle":"G|5420167","PrestataireParent":"","ContexteStat":"PRESTATAIRE-G-5420167","DateModificationIso":"2025-11-19T00:29:00+01:00","Type":"PRESTATAIRE","TypePrestataire":"G","Adresse":{"LigneAdresse1":"","LigneAdresse2":"","LigneAdresse3":"","CodePostal":"","Ville":"","Cedex":"","Etat":"","Pays":""},"Email":"karinoutof@wanadoo.fr","Telephone":"06 20 95 74 88","TelephoneBureau":"","Portable":"06 16 97 67 62","SiteWeb":"","Fax":"","Id":"g-5420167","Code":"G|5420167","Fichier":[],"Url":"","Localisation":{"GoogleMap":{"Latitude":"","Longitude":""},"PlanStation":{"idPlan":"7","nomPlan":"[NEW] Plan Village Allos","carte":"\/plan\/plan_village_2018[HIVER_FR[.jpg","PositionAbs":"1205","PositionOrd":"74"}},"ZoneGeo":"","Criteres":{"GINFADH[GDEB":"20200111","GTIMMO[GPARTI":"","P.3218[311230":"","P.3233[591419":"","P.3230[629802":"","P.3230[5603271":"","P.3227[4774650":"","P.3220[4825320":"","P.3219[5127176":"","P.3219[7242385":"","P.5310[5550618":"","P.3228[5633650":"","P.3228[7031946":"","P.VilleSitra[34155":"","P.VillageDeDepart[34155":""},"DateFinPublication":"","AffichageCoordonnees":[]},"listeCriteres":{"DISPONIBILITES":{"DISPORELANCE":"","PLANNINGACT":""},"GPREST":{"GLOCAS":"","GCOU":""},"GCAPACITE":{"14PERS":""},"NBPERS":{"GCAP08":"","GCAP10":"","GCAP12":""},"GLOGEM":{"GCHALI":""},"GEQUIC":{"GLAVEV":""},"GACTIV":{"GINTER":""},"PUBLICATION":{"VALDALLOS":"","VERDONTOURISME":""},"GNOMBRE":{"8PERS":""},"AFFEQUIP":{"WIFI":"","LAVEVAIS":"","LAVELINGEAFF":"","JAR":""},"GLOC":{"G14":""},"LOCVERDON":{"1559":""},"AFFGTYPE":{"CHALET":""},"AFFPRES":{"AFFP4":""},"VISIBWEB":{"PLANNINGVISIBLE":""},"127":{"606":""},"22":{"672":"","723":"","1058":""},"122":{"803":"","4054":"","4055":"","4063":""},"126":{"1050":"","1421":""},"25":{"1053":""},"118":{"1145":""},"prestations":{"surchargeTourismesAdaptes":"","surchargeDescriptifHandicapMoteur":"","surchargeDescriptifHandicapAuditif":"","surchargeDescriptifHandicapVisuel":"","surchargeDescriptifHandicapMental":"","surchargeNombreFauteuilsRoulants":""},"73":{"796":""},"72":{"842":""},"70":{"895":"","907":"","919":"","922":"","950":""},"71":{"986":""},"languesParlees":{"1197":""},"6528":{"169":""},"environnements":{"171":"","193":"","195":""},"modesPaiement":{"1277":"","1281":""},"tourismeAffaires":{"tourismeAffairesEnabled":"","devise":"EUR"},"hebergementLocatifType":{"2620":""},"informationsHebergementLocatif":{"dateClassement":"2025-01-17"},"classementPrefectoral":{"2631":""},"5401":{"1614":""},"5402":{"1625":""},"capacite":{"capaciteHebergement":"14","capaciteMaximumPossible":"14","nombreWC":"2","surface":"350","nombreChambres":"5"},"CINTSITRA":{"5660":"","8809":""},"6241":{"126905":"","5740912":""},"3218":{"311229":""},"3220":{"587401":"","5575332":""},"3233":{"591419":""},"3221":{"4876304":""},"3219":{"5127127":"","5239406":"","6436838":""},"3240":{"5778284":""},"6242":{"5843488":""},"3230":{"6139211":""},"VilleSitra":{"1559":""},"VillageDeDepart":{"1559":""},"GINFADH":{"GDEB":"20200111"},"GTIMMO":{"GPARTI":""},"P.3218":{"311230":""},"P.3233":{"591419":""},"P.3230":{"629802":"","5603271":""},"P.3227":{"4774650":""},"P.3220":{"4825320":""},"P.3219":{"5127176":"","7242385":""},"P.5310":{"5550618":""},"P.3228":{"5633650":"","7031946":""},"P.VilleSitra":{"34155":""},"P.VillageDeDepart":{"34155":""}},"dansCarnetVoyage":true,"Ouverture":"","WidgetDispoRechercheDate":false,"WidgetDispoVoirLienVoirToutesDispos":true,"ChargerWidgetDispoAuClic":true,"WidgetDispo":"\u003Cspan\u003E\u003C\/span\u003E","JsOnClickBtnDispo":"\u003Cscript\u003E\n                try{\n                    WidgetDispos.addChargementAuClicBtnDispoAccordeon('PRESTATION-G-5420167-5420166',{tabParamsWidgetDispo : {\"id\":\"G|5420167|5420166\",\"origineListeInfo\":\"\",\"vue\":\"semaineLigne\",\"mode\":\"ajax\",\"url_fiche\":\"5-stelle-val-dallos-le-village.html\",\"id_form_contact\":\"42\",\"version\":\"2\",\"parametersWidgetV2\":{\"el\":\"blocDispo-PRESTATION-G-5420167-5420166\",\"object\":{\"code\":\"G|5420167|5420166\"},\"cid\":\"8\",\"site\":{\"code\":\"SITE2018\",\"url\":\"https:\\\/\\\/it.valdallos.com\"},\"slider\":{\"controls\":{\"arrows\":{\"enable\":true,\"showLocked\":true,\"style\":\"button\"}}},\"booking\":{\"enable\":false,\"waitForWindowLoad\":false,\"parameters\":{\"idWidget\":\"blocResa-PRESTATION-G-5420167-5420166\",\"queryParams\":null,\"withoutForm\":true}},\"options\":{\"typeDate\":\"SS\",\"elReferer\":\"PRESTATION-G-5420167-5420166\",\"ingContext\":\"RESA\",\"urlFiche\":\"5-stelle-val-dallos-le-village.html\",\"startDate\":null,\"templates\":{\"Week\":\"semaine\",\"Days\":\"mois\"},\"plugContactForm\":\"42\"}}},idBloc : \"blocDispo-PRESTATION-G-5420167-5420166\",prestation : \"G|5420167|5420166\"});\n                }\n                catch(e) {\n                    \/\/console.log(e);\n                }\u003C\/script\u003E"},"html":" \n \u003Cdiv id=\"CV-PRESTATION-G-5420167-5420166\" data-contexte-id=\"PRESTATION|G|5420167|5420166\" data-cle=\"G|5420167|5420166\" class=\"fiche-liste\"\u003E\n    \n\n    \u003C!-- partie photo --\u003E\n    \u003Cdiv class=\"photo\"\u003E\t\t\t\t\t\t\t\t\t\t\t\t\t\t\t\t\t\t\t\t\t\n        \u003Cdiv class=\"cadre_photo_principale\"\u003E\t\t\n        \n            \t\t\t\t\t\n                    \u003Ca href=\"5-stelle-val-dallos-le-village.html?origine=carnet#media\"\u003E\n                        \u003Cimg class=\"photo_principale\" alt=\"Grand chalet en bois et pierre sur deux \u00e9tages, nombreuses fen\u00eatres et large terrasse, balcon au 1er \u00e9tage. Paysage printanier.\" src=\"https:\/\/www.valdallos.com\/medias\/images\/prestations\/multitailles\/320x240_78360-exterieur_ete.jpg\" itemprop=\"image\"\u003E\n                    \u003C\/a\u003E\t\t\t\t\t\t\n                \n                    \u003C\/div\u003E\t\t\t\t\t\t\t\t\t\t\t\t\t\t\t\t\t\t\t \t\t\n    \u003C\/div\u003E\n    \n    \u003C!-- partie nom prest --\u003E\n    \u003Cdiv class=\"nom\"\u003E\n        \u003Ch2\u003EDesvignes Karine\u003C\/h2\u003E\n        \n            \u003C\/div\u003E\n\n         \n    \u003C!-- partie adresse --\u003E\n    \u003Cdiv class=\"adresse\"\u003E\n    \n          \n    \u003C\/div\u003E\n    \n    \u003C!-- partie liens --\u003E\n    \u003Cdiv class=\"liens\"\u003E\n            \u003Ca class=\"btn-icon btn-view \" title=\"Vedi il file dettagliato\" href=\"5-stelle-val-dallos-le-village.html?origine=carnet\"\u003E\u003C\/a\u003E\u003C!--\u003Ca class=\"btn-icon btn-view \" title=\"\" href=\"?origine=carnet#thaut\"\u003E\u003C\/a\u003E--\u003E\n      \u003Ca class=\"btn-icon btn-trash carnet_voyage_supprimer\" title=\"Elimina questo file dal mio diario di viaggio\" href=\"carnet-voyage?action=remove&fiche=G|5420167|5420166\"\u003E\u003C\/a\u003E\n    \u003C\/div\u003E\n\n\u003C\/div\u003E\n\n","icon":"https:\/\/static.ingenie.fr\/images\/carnetVoyageV3\/G.png"},"fiche":"G|5420167|5420166","popup":"\u003Cdiv id=\"bloc_popup_ajout_fiche_carnet\"\u003E\n    \u003Cdiv class=\"info_popup_ajout_fiche_carnet\"\u003E\n        Hai appena aggiunto questo elemento alla tua selezione:    \u003C\/div\u003E\n    \u003Cdiv class=\"prest_popup_ajout_fiche_carnet\"\u003E\n        Desvignes Karine    \u003C\/div\u003E\n    \u003Cdiv class=\"bloc_btn_ajout_fiche_carnet form_submit_div\"\u003E\n        \u003Cinput type=\"button\" value=\"Continua la mia selezione\" title=\"Continua la mia selezione\" name=\"btn_close\" class=\"btn_close_popup_carnet form_submit\" onclick=\"$.colorbox.close()\" \/\u003E\n        \u003Cinput type=\"button\" value=\"Visualizza la mia selezione\" title=\"Visualizza la mia selezione\" name=\"btn_panier\" class=\"btn_panier_popup_carnet form_submit\" onclick=\"if(typeof CarnetVoyage != 'undefined') {CarnetVoyage.voirCarnet();}\" \/\u003E\n    \u003C\/div\u003E\n    \u003Cdiv class=\"bloc_btn_ajout_fiche_carnet\"\u003E\n        \u003Cinput type=\"checkbox\" value=\"1\" name=\"desactiver_popup\" id=\"desactiver_popup\" \/\u003E\n        \u003Clabel for=\"desactiver_popup\"\u003ENon visualizzare pi\u00f9 questo messaggio\u003C\/label\u003E\n    \u003C\/div\u003E\n\u003C\/div\u003E","success":1}