{"nbFiches":1,"dataPrest":{"infoPrest":{"pave1":{"libelle":"Descriptif","contenu":"","fichiers":[]},"pave2":{"libelle":"Indirizzo","contenu":"","fichiers":[]},"pave3":{"libelle":"Tarifs Hiver","contenu":"","fichiers":[]},"pave4":{"libelle":"Tarifs Et\u00e9","contenu":"","fichiers":[]},"pave5":{"libelle":"URL de la r\u00e9servation ou vente en ligne","contenu":"","fichiers":[]},"pave6":{"libelle":"Descriptif court","contenu":"Appartamento nel quartiero delle etoiles, vicino alle piste e col d'Allos","fichiers":[]},"pave7":{"libelle":"Descriptif d\u00e9taill\u00e9","contenu":"","fichiers":[]},"pave8":{"libelle":"Bons plans","contenu":"","fichiers":[]},"pave9":{"libelle":"Compl\u00e9ment localisation","contenu":"","fichiers":[]},"pave10":{"libelle":"Compl\u00e9ment accueil","contenu":"","fichiers":[]},"pave11":{"libelle":"P\u00e9riodes en clair","contenu":"","fichiers":[]},"pave12":{"libelle":"Tarifs en clair","contenu":"Tasse non incluse.","fichiers":[]},"pave13":{"libelle":"Compl\u00e9ment Tarifs","contenu":"","fichiers":[]},"pave14":{"libelle":"Compl\u00e9ment R\u00e9servation","contenu":"","fichiers":[]},"pave15":{"libelle":"Descriptif court","contenu":"","fichiers":[]},"pave16":{"libelle":"Descriptif d\u00e9taill\u00e9","contenu":"","fichiers":[]},"pave17":{"libelle":"Bons plans","contenu":"","fichiers":[]},"pave18":{"libelle":"Tarifs (Tarifs en clair, Compl\u00e9ment Tarifs)","contenu":"","fichiers":[]},"pave19":{"libelle":"P\u00e9riodes en clair","contenu":"","fichiers":[]},"pave20":{"libelle":"Descriptif court","contenu":"","fichiers":[]},"pave21":{"libelle":"Descriptif d\u00e9taill\u00e9","contenu":"","fichiers":[]},"pave22":{"libelle":"Bons plans","contenu":"","fichiers":[]},"pave23":{"libelle":"Tarifs (Tarifs en clair, Compl\u00e9ment Tarifs)","contenu":"","fichiers":[]},"pave24":{"libelle":"P\u00e9riodes en clair","contenu":"","fichiers":[]},"pave25":{"libelle":"Dispositions sp\u00e9ciales","contenu":"","fichiers":[]},"Libelle":"BISQUERT Nicolas","Reference":"","Reftar":"","Type":"PRESTATION","TypePrestataire":"G","ContexteStat":"PRESTATION-G-5937342-5937341","DateModificationIso":"2026-04-28T13:46:00+02:00","Adresse":{"LigneAdresse1":"quartier la Sestri\u00e8re","LigneAdresse2":"R\u00e9sidence les cimes du Val d'Allos","LigneAdresse3":"","CodePostal":"04260","Ville":"La Foux d\u2019Allos","Cedex":"","Etat":"","Pays":"FRA"},"Id":"g-5937342-5937341","Code":"G|5937342|5937341","Cle":"G|5937342|5937341","Url":"appartamento-in-residence-2-stelle-val-dallos-la-foux-1.html","Localisation":{"GoogleMap":{"Latitude":"44.297311","Longitude":"6.570081"}},"ZoneGeo":"","Criteres":{"DISPONIBILITES[DISPORELANCE":"","GPREST[GLOCAS":"","GPREST[GCOU":"","GCAPACITE[4PERS":"","NBPERS[GCAP04":"","GLOGEM[GAPPRE":"","GEQUIC[GLAVEV":"","PUBLICATION[VALDALLOS":"","PUBLICATION[VERDONTOURISME":"","AFFGTYPE[APPART":"","GNOMBRE[4PERS":"","AFFEQUIP[PARKING":"","AFFEQUIP[LAVEVAIS":"","GLOC[G18":"","LOCVERDON[37282":"","125[624":"","23[698":"","23[1054":"","126[972":"","126[1318":"","123[1093":"","123[1504":"","122[4054":"","122[4063":"","prestations[surchargeTourismesAdaptes":"","prestations[surchargeDescriptifHandicapMoteur":"","prestations[surchargeDescriptifHandicapAuditif":"","prestations[surchargeDescriptifHandicapVisuel":"","prestations[surchargeDescriptifHandicapMental":"","prestations[surchargeNombreFauteuilsRoulants":"","73[796":"","73[973":"","70[895":"","70[922":"","68[971":"","69[3694":"","languesParlees[1197":"","modesPaiement[1271":"","modesPaiement[1281":"","tourismeAffaires[tourismeAffairesEnabled":"","tourismeAffaires[devise":"EUR","hebergementLocatifType[2620":"","informationsHebergementLocatif[dateClassement":"2023-11-08","classementPrefectoral[2628":"","5403[1613":"","5402[1625":"","5401[1632":"","capacite[capaciteHebergement":"4","capacite[capaciteMaximumPossible":"4","capacite[surface":"35","capacite[nombreChambres":"1","CINTSITRA[5660":"","CINTSITRA[8809":"","6241[126905":"","6241[5740912":"","3218[311229":"","3220[587401":"","3220[5575332":"","3233[591419":"","3221[4876304":"","3219[5127066":"","3219[5239406":"","3240[5778284":"","3230[6139211":"","VilleSitra[37282":"","VillageDeDepart[37282":"","VISIBWEB[PLANNINGVISIBLE":"","DISPONIBILITES[PLANNINGACT":""},"ContactsParType":{"IWEB":{"116479":{"id_contact":"116479","type_contact":"IWEB","categorie_contact":"PRESTATION","societe_contact":"","fonction_contact":"","civilite_nom_prenom_contact":"Bisquert Nicolas  ","adresse1_contact":"","adresse2_contact":"","adresse3_contact":"","cpostal_contact":"","ville_contact":"","teldom_contact":"06 42 79 22 38","telbur_contact":"","fax_contact":"","portable_contact":"06 59 19 69 61","email_contact":"locationlescimesduvaldallos@hotmail.com","siteweb_contact":"","commentaire_contact":"","langue_contact":"","autre_moyen_com":[]}},"":{"116480":{"id_contact":"116480","type_contact":"","categorie_contact":"PRESTATION","societe_contact":"","fonction_contact":"","civilite_nom_prenom_contact":"M Bisquert Nicolas ","adresse1_contact":"","adresse2_contact":"","adresse3_contact":"","cpostal_contact":"","ville_contact":"","teldom_contact":"","telbur_contact":"","fax_contact":"","portable_contact":"","email_contact":"","siteweb_contact":"","commentaire_contact":"","langue_contact":"","autre_moyen_com":[]}}},"ContactRemplaceCoordonnees":"116479","Prestataire":{"pave1":{"libelle":"","contenu":""},"pave2":{"libelle":"","contenu":""},"pave3":{"libelle":"","contenu":""},"pave4":{"libelle":"","contenu":""},"pave5":{"libelle":"","contenu":""},"pave6":{"libelle":"","contenu":""},"pave7":{"libelle":"","contenu":""},"pave8":{"libelle":"","contenu":""},"pave9":{"libelle":"","contenu":""},"pave10":{"libelle":"","contenu":""},"pave11":{"libelle":"","contenu":""},"pave12":{"libelle":"","contenu":""},"pave13":{"libelle":"","contenu":""},"pave14":{"libelle":"","contenu":""},"pave15":{"libelle":"","contenu":""},"pave16":{"libelle":"","contenu":""},"pave17":{"libelle":"","contenu":""},"pave18":{"libelle":"","contenu":""},"pave19":{"libelle":"","contenu":""},"pave20":{"libelle":"","contenu":""},"pave21":{"libelle":"","contenu":""},"pave22":{"libelle":"","contenu":""},"pave23":{"libelle":"","contenu":""},"pave24":{"libelle":"","contenu":""},"pave25":{"libelle":"","contenu":""},"ContactsParType":{"LIEU":{"114550":{"id_contact":"114550","type_contact":"LIEU","categorie_contact":"PRESTATAIRE","societe_contact":"","fonction_contact":"","civilite_nom_prenom_contact":"Bisquert Nicolas ","adresse1_contact":"","adresse2_contact":"","adresse3_contact":"","cpostal_contact":"","ville_contact":"","teldom_contact":"","telbur_contact":"","fax_contact":"","portable_contact":"06 42 79 22 38","email_contact":"","siteweb_contact":"","commentaire_contact":"","langue_contact":"","autre_moyen_com":[]}},"GEST":{"114552":{"id_contact":"114552","type_contact":"GEST","categorie_contact":"PRESTATAIRE","societe_contact":"","fonction_contact":"","civilite_nom_prenom_contact":"Bisquert Nicolas ","adresse1_contact":"183 avenue Alphonse Daudet","adresse2_contact":"","adresse3_contact":"","cpostal_contact":"83300","ville_contact":"Draguignan","teldom_contact":"","telbur_contact":"","fax_contact":"","portable_contact":"06 59 19 69 61","email_contact":"locationlescimesduvaldallos@hotmail.com","siteweb_contact":"","commentaire_contact":"","langue_contact":"","autre_moyen_com":[]}}},"Libelle":"Bisquert Nicolas","Nom":"Bisquert Nicolas ","Prenom":"","NomPrenom":"Bisquert Nicolas  ","CiviliteNomPrenom":"Bisquert Nicolas  ","Cle":"G|5937342","PrestataireParent":"","ContexteStat":"PRESTATAIRE-G-5937342","DateModificationIso":"2025-11-19T00:31:00+01:00","Type":"PRESTATAIRE","TypePrestataire":"G","Adresse":{"LigneAdresse1":"","LigneAdresse2":"","LigneAdresse3":"","CodePostal":"","Ville":"","Cedex":"","Etat":"","Pays":""},"Email":"locationlescimesduvaldallos@hotmail.com","Telephone":"06 42 79 22 38","TelephoneBureau":"","Portable":"06 59 19 69 61","SiteWeb":"","Fax":"","Id":"g-5937342","Code":"G|5937342","Fichier":[],"Url":"","Localisation":{"GoogleMap":{"Latitude":"","Longitude":""}},"ZoneGeo":"","Criteres":{"GINFADH[GDEB":"20211006","GTIMMO[GPARTI":"","P.3218[311230":"","P.3233[591419":"","P.5310[911737":"","P.3227[4718599":"","P.3219[5127066":"","P.3219[6436838":"","P.3219[7242385":"","P.3228[5633650":"","P.3228[5633768":"","P.VilleSitra[34087":"","P.VillageDeDepart[34087":""},"DateFinPublication":""},"Fichier":{"Image":[{"url":"https:\/\/www.valdallos.com\/medias\/images\/prestations\/78384-coin_salon_balcon.jpg","chemin":"..\/medias\/images\/prestations\/78384-coin_salon_balcon.jpg","libelle":"S\u00e9jour lumineux avec canap\u00e9, TV, porte-fen\u00eatre, balcon et rideaux","extension":"jpg","categorie":"","largeur":1811,"theme":"","hauteur":1200,"type":"Image","origine":"","liaisonPave":"","langue":"","id":"78384","urlVignette":"https:\/\/www.valdallos.com\/medias\/images\/prestations\/v-78384-coin_salon_balcon.jpg","alt":"S\u00e9jour lumineux avec canap\u00e9, TV, porte-fen\u00eatre, balcon et rideaux","title":"S\u00e9jour lumineux avec canap\u00e9, TV, porte-fen\u00eatre, balcon et rideaux","MultiTaille":{"1920x1440":{"url":"https:\/\/www.valdallos.com\/medias\/images\/prestations\/multitailles\/1920x1440_78384-coin_salon_balcon.jpg"},"1200x900":{"url":"https:\/\/www.valdallos.com\/medias\/images\/prestations\/multitailles\/1200x900_78384-coin_salon_balcon.jpg"},"800x600":{"url":"https:\/\/www.valdallos.com\/medias\/images\/prestations\/multitailles\/800x600_78384-coin_salon_balcon.jpg"},"640x480":{"url":"https:\/\/www.valdallos.com\/medias\/images\/prestations\/multitailles\/640x480_78384-coin_salon_balcon.jpg"},"320x240":{"url":"https:\/\/www.valdallos.com\/medias\/images\/prestations\/multitailles\/320x240_78384-coin_salon_balcon.jpg"},"160x120":{"url":"https:\/\/www.valdallos.com\/medias\/images\/prestations\/multitailles\/160x120_78384-coin_salon_balcon.jpg"},"origine":{"url":"https:\/\/www.valdallos.com\/medias\/images\/prestations\/78384-coin_salon_balcon.jpg"}},"urlLien":"","typeLien":"","nofollow":"N","copyright":"Bisquert Nicolas"},{"url":"https:\/\/www.valdallos.com\/medias\/images\/prestations\/78385-coin_salon.jpg","chemin":"..\/medias\/images\/prestations\/78385-coin_salon.jpg","libelle":"S\u00e9jour avec table \u00e0 manger, TV, d\u00e9coration d'int\u00e9rieur","extension":"jpg","categorie":"","largeur":1811,"theme":"","hauteur":1200,"type":"Image","origine":"","liaisonPave":"","langue":"","id":"78385","urlVignette":"https:\/\/www.valdallos.com\/medias\/images\/prestations\/v-78385-coin_salon.jpg","alt":"S\u00e9jour avec table \u00e0 manger, TV, d\u00e9coration d'int\u00e9rieur","title":"S\u00e9jour avec table \u00e0 manger, TV, d\u00e9coration d'int\u00e9rieur","MultiTaille":{"1920x1440":{"url":"https:\/\/www.valdallos.com\/medias\/images\/prestations\/multitailles\/1920x1440_78385-coin_salon.jpg"},"1200x900":{"url":"https:\/\/www.valdallos.com\/medias\/images\/prestations\/multitailles\/1200x900_78385-coin_salon.jpg"},"800x600":{"url":"https:\/\/www.valdallos.com\/medias\/images\/prestations\/multitailles\/800x600_78385-coin_salon.jpg"},"640x480":{"url":"https:\/\/www.valdallos.com\/medias\/images\/prestations\/multitailles\/640x480_78385-coin_salon.jpg"},"320x240":{"url":"https:\/\/www.valdallos.com\/medias\/images\/prestations\/multitailles\/320x240_78385-coin_salon.jpg"},"160x120":{"url":"https:\/\/www.valdallos.com\/medias\/images\/prestations\/multitailles\/160x120_78385-coin_salon.jpg"},"origine":{"url":"https:\/\/www.valdallos.com\/medias\/images\/prestations\/78385-coin_salon.jpg"}},"urlLien":"","typeLien":"","nofollow":"N","copyright":"Bisquert Nicolas"},{"url":"https:\/\/www.valdallos.com\/medias\/images\/prestations\/78386-cuisine.jpg","chemin":"..\/medias\/images\/prestations\/78386-cuisine.jpg","libelle":"Coin cuisine moderne avec plaques \u00e9lectriques, lave-vaisselle","extension":"jpg","categorie":"","largeur":675,"theme":"","hauteur":1200,"type":"Image","origine":"","liaisonPave":"","langue":"","id":"78386","urlVignette":"https:\/\/www.valdallos.com\/medias\/images\/prestations\/v-78386-cuisine.jpg","alt":"Coin cuisine moderne avec plaques \u00e9lectriques, lave-vaisselle","title":"Coin cuisine moderne avec plaques \u00e9lectriques, lave-vaisselle","MultiTaille":{"1920x1440":{"url":"https:\/\/www.valdallos.com\/medias\/images\/prestations\/multitailles\/1920x1440_78386-cuisine.jpg"},"1200x900":{"url":"https:\/\/www.valdallos.com\/medias\/images\/prestations\/multitailles\/1200x900_78386-cuisine.jpg"},"800x600":{"url":"https:\/\/www.valdallos.com\/medias\/images\/prestations\/multitailles\/800x600_78386-cuisine.jpg"},"640x480":{"url":"https:\/\/www.valdallos.com\/medias\/images\/prestations\/multitailles\/640x480_78386-cuisine.jpg"},"320x240":{"url":"https:\/\/www.valdallos.com\/medias\/images\/prestations\/multitailles\/320x240_78386-cuisine.jpg"},"160x120":{"url":"https:\/\/www.valdallos.com\/medias\/images\/prestations\/multitailles\/160x120_78386-cuisine.jpg"},"origine":{"url":"https:\/\/www.valdallos.com\/medias\/images\/prestations\/78386-cuisine.jpg"}},"urlLien":"","typeLien":"","nofollow":"N","copyright":"Bisquert Nicolas"},{"url":"https:\/\/www.valdallos.com\/medias\/images\/prestations\/78387-chambre.jpg","chemin":"..\/medias\/images\/prestations\/78387-chambre.jpg","libelle":"Chambre \u00e0 coucher avec lit double","extension":"jpg","categorie":"","largeur":1800,"theme":"","hauteur":1200,"type":"Image","origine":"","liaisonPave":"","langue":"","id":"78387","urlVignette":"https:\/\/www.valdallos.com\/medias\/images\/prestations\/v-78387-chambre.jpg","alt":"Chambre \u00e0 coucher avec lit double","title":"Chambre \u00e0 coucher avec lit double","MultiTaille":{"1920x1440":{"url":"https:\/\/www.valdallos.com\/medias\/images\/prestations\/multitailles\/1920x1440_78387-chambre.jpg"},"1200x900":{"url":"https:\/\/www.valdallos.com\/medias\/images\/prestations\/multitailles\/1200x900_78387-chambre.jpg"},"800x600":{"url":"https:\/\/www.valdallos.com\/medias\/images\/prestations\/multitailles\/800x600_78387-chambre.jpg"},"640x480":{"url":"https:\/\/www.valdallos.com\/medias\/images\/prestations\/multitailles\/640x480_78387-chambre.jpg"},"320x240":{"url":"https:\/\/www.valdallos.com\/medias\/images\/prestations\/multitailles\/320x240_78387-chambre.jpg"},"160x120":{"url":"https:\/\/www.valdallos.com\/medias\/images\/prestations\/multitailles\/160x120_78387-chambre.jpg"},"origine":{"url":"https:\/\/www.valdallos.com\/medias\/images\/prestations\/78387-chambre.jpg"}},"urlLien":"","typeLien":"","nofollow":"N","copyright":"Bisquert Nicolas"},{"url":"https:\/\/www.valdallos.com\/medias\/images\/prestations\/78388-coin_gigogne_vue_salle.jpg","chemin":"..\/medias\/images\/prestations\/78388-coin_gigogne_vue_salle.jpg","libelle":"Coin chambre, lit superpos\u00e9 et espace de rangement","extension":"jpg","categorie":"","largeur":1800,"theme":"","hauteur":1200,"type":"Image","origine":"","liaisonPave":"","langue":"","id":"78388","urlVignette":"https:\/\/www.valdallos.com\/medias\/images\/prestations\/v-78388-coin_gigogne_vue_salle.jpg","alt":"Coin chambre, lit superpos\u00e9 et espace de rangement","title":"Coin chambre, lit superpos\u00e9 et espace de rangement","MultiTaille":{"1920x1440":{"url":"https:\/\/www.valdallos.com\/medias\/images\/prestations\/multitailles\/1920x1440_78388-coin_gigogne_vue_salle.jpg"},"1200x900":{"url":"https:\/\/www.valdallos.com\/medias\/images\/prestations\/multitailles\/1200x900_78388-coin_gigogne_vue_salle.jpg"},"800x600":{"url":"https:\/\/www.valdallos.com\/medias\/images\/prestations\/multitailles\/800x600_78388-coin_gigogne_vue_salle.jpg"},"640x480":{"url":"https:\/\/www.valdallos.com\/medias\/images\/prestations\/multitailles\/640x480_78388-coin_gigogne_vue_salle.jpg"},"320x240":{"url":"https:\/\/www.valdallos.com\/medias\/images\/prestations\/multitailles\/320x240_78388-coin_gigogne_vue_salle.jpg"},"160x120":{"url":"https:\/\/www.valdallos.com\/medias\/images\/prestations\/multitailles\/160x120_78388-coin_gigogne_vue_salle.jpg"},"origine":{"url":"https:\/\/www.valdallos.com\/medias\/images\/prestations\/78388-coin_gigogne_vue_salle.jpg"}},"urlLien":"","typeLien":"","nofollow":"N","copyright":"Bisquert Nicolas"},{"url":"https:\/\/www.valdallos.com\/medias\/images\/prestations\/78389-coin_gigogne.jpg","chemin":"..\/medias\/images\/prestations\/78389-coin_gigogne.jpg","libelle":"Coin chambre, lit superpos\u00e9 et espace de rangement","extension":"jpg","categorie":"","largeur":1800,"theme":"","hauteur":1200,"type":"Image","origine":"","liaisonPave":"","langue":"","id":"78389","urlVignette":"https:\/\/www.valdallos.com\/medias\/images\/prestations\/v-78389-coin_gigogne.jpg","alt":"Coin chambre, lit superpos\u00e9 et espace de rangement","title":"Coin chambre, lit superpos\u00e9 et espace de rangement","MultiTaille":{"1920x1440":{"url":"https:\/\/www.valdallos.com\/medias\/images\/prestations\/multitailles\/1920x1440_78389-coin_gigogne.jpg"},"1200x900":{"url":"https:\/\/www.valdallos.com\/medias\/images\/prestations\/multitailles\/1200x900_78389-coin_gigogne.jpg"},"800x600":{"url":"https:\/\/www.valdallos.com\/medias\/images\/prestations\/multitailles\/800x600_78389-coin_gigogne.jpg"},"640x480":{"url":"https:\/\/www.valdallos.com\/medias\/images\/prestations\/multitailles\/640x480_78389-coin_gigogne.jpg"},"320x240":{"url":"https:\/\/www.valdallos.com\/medias\/images\/prestations\/multitailles\/320x240_78389-coin_gigogne.jpg"},"160x120":{"url":"https:\/\/www.valdallos.com\/medias\/images\/prestations\/multitailles\/160x120_78389-coin_gigogne.jpg"},"origine":{"url":"https:\/\/www.valdallos.com\/medias\/images\/prestations\/78389-coin_gigogne.jpg"}},"urlLien":"","typeLien":"","nofollow":"N","copyright":"Bisquert Nicolas"},{"url":"https:\/\/www.valdallos.com\/medias\/images\/prestations\/78390-residence_les_cimes_du_val_d_allos_piscine_122463_2.jpg","chemin":"..\/medias\/images\/prestations\/78390-residence_les_cimes_du_val_d_allos_piscine_122463_2.jpg","libelle":"Piscine priv\u00e9e de la r\u00e9sidence","extension":"jpg","categorie":"","largeur":1600,"theme":"","hauteur":1200,"type":"Image","origine":"","liaisonPave":"","langue":"","id":"78390","urlVignette":"https:\/\/www.valdallos.com\/medias\/images\/prestations\/v-78390-residence_les_cimes_du_val_d_allos_piscine_122463_2.jpg","alt":"Piscine priv\u00e9e de la r\u00e9sidence","title":"Piscine priv\u00e9e de la r\u00e9sidence","MultiTaille":{"1920x1440":{"url":"https:\/\/www.valdallos.com\/medias\/images\/prestations\/multitailles\/1920x1440_78390-residence_les_cimes_du_val_d_allos_piscine_122463_2.jpg"},"1200x900":{"url":"https:\/\/www.valdallos.com\/medias\/images\/prestations\/multitailles\/1200x900_78390-residence_les_cimes_du_val_d_allos_piscine_122463_2.jpg"},"800x600":{"url":"https:\/\/www.valdallos.com\/medias\/images\/prestations\/multitailles\/800x600_78390-residence_les_cimes_du_val_d_allos_piscine_122463_2.jpg"},"640x480":{"url":"https:\/\/www.valdallos.com\/medias\/images\/prestations\/multitailles\/640x480_78390-residence_les_cimes_du_val_d_allos_piscine_122463_2.jpg"},"320x240":{"url":"https:\/\/www.valdallos.com\/medias\/images\/prestations\/multitailles\/320x240_78390-residence_les_cimes_du_val_d_allos_piscine_122463_2.jpg"},"160x120":{"url":"https:\/\/www.valdallos.com\/medias\/images\/prestations\/multitailles\/160x120_78390-residence_les_cimes_du_val_d_allos_piscine_122463_2.jpg"},"origine":{"url":"https:\/\/www.valdallos.com\/medias\/images\/prestations\/78390-residence_les_cimes_du_val_d_allos_piscine_122463_2.jpg"}},"urlLien":"","typeLien":"","nofollow":"N","copyright":"Bisquert Nicolas"}],"ByCategorie":{"":[{"url":"https:\/\/www.valdallos.com\/medias\/images\/prestations\/78384-coin_salon_balcon.jpg","chemin":"..\/medias\/images\/prestations\/78384-coin_salon_balcon.jpg","libelle":"S\u00e9jour lumineux avec canap\u00e9, TV, porte-fen\u00eatre, balcon et rideaux","extension":"jpg","categorie":"","largeur":1811,"theme":"","hauteur":1200,"type":"Image","origine":"","liaisonPave":"","langue":"","id":"78384","urlVignette":"https:\/\/www.valdallos.com\/medias\/images\/prestations\/v-78384-coin_salon_balcon.jpg","alt":"S\u00e9jour lumineux avec canap\u00e9, TV, porte-fen\u00eatre, balcon et rideaux","title":"S\u00e9jour lumineux avec canap\u00e9, TV, porte-fen\u00eatre, balcon et rideaux","MultiTaille":{"1920x1440":{"url":"https:\/\/www.valdallos.com\/medias\/images\/prestations\/multitailles\/1920x1440_78384-coin_salon_balcon.jpg"},"1200x900":{"url":"https:\/\/www.valdallos.com\/medias\/images\/prestations\/multitailles\/1200x900_78384-coin_salon_balcon.jpg"},"800x600":{"url":"https:\/\/www.valdallos.com\/medias\/images\/prestations\/multitailles\/800x600_78384-coin_salon_balcon.jpg"},"640x480":{"url":"https:\/\/www.valdallos.com\/medias\/images\/prestations\/multitailles\/640x480_78384-coin_salon_balcon.jpg"},"320x240":{"url":"https:\/\/www.valdallos.com\/medias\/images\/prestations\/multitailles\/320x240_78384-coin_salon_balcon.jpg"},"160x120":{"url":"https:\/\/www.valdallos.com\/medias\/images\/prestations\/multitailles\/160x120_78384-coin_salon_balcon.jpg"},"origine":{"url":"https:\/\/www.valdallos.com\/medias\/images\/prestations\/78384-coin_salon_balcon.jpg"}},"urlLien":"","typeLien":"","nofollow":"N","copyright":"Bisquert Nicolas"},{"url":"https:\/\/www.valdallos.com\/medias\/images\/prestations\/78385-coin_salon.jpg","chemin":"..\/medias\/images\/prestations\/78385-coin_salon.jpg","libelle":"S\u00e9jour avec table \u00e0 manger, TV, d\u00e9coration d'int\u00e9rieur","extension":"jpg","categorie":"","largeur":1811,"theme":"","hauteur":1200,"type":"Image","origine":"","liaisonPave":"","langue":"","id":"78385","urlVignette":"https:\/\/www.valdallos.com\/medias\/images\/prestations\/v-78385-coin_salon.jpg","alt":"S\u00e9jour avec table \u00e0 manger, TV, d\u00e9coration d'int\u00e9rieur","title":"S\u00e9jour avec table \u00e0 manger, TV, d\u00e9coration d'int\u00e9rieur","MultiTaille":{"1920x1440":{"url":"https:\/\/www.valdallos.com\/medias\/images\/prestations\/multitailles\/1920x1440_78385-coin_salon.jpg"},"1200x900":{"url":"https:\/\/www.valdallos.com\/medias\/images\/prestations\/multitailles\/1200x900_78385-coin_salon.jpg"},"800x600":{"url":"https:\/\/www.valdallos.com\/medias\/images\/prestations\/multitailles\/800x600_78385-coin_salon.jpg"},"640x480":{"url":"https:\/\/www.valdallos.com\/medias\/images\/prestations\/multitailles\/640x480_78385-coin_salon.jpg"},"320x240":{"url":"https:\/\/www.valdallos.com\/medias\/images\/prestations\/multitailles\/320x240_78385-coin_salon.jpg"},"160x120":{"url":"https:\/\/www.valdallos.com\/medias\/images\/prestations\/multitailles\/160x120_78385-coin_salon.jpg"},"origine":{"url":"https:\/\/www.valdallos.com\/medias\/images\/prestations\/78385-coin_salon.jpg"}},"urlLien":"","typeLien":"","nofollow":"N","copyright":"Bisquert Nicolas"},{"url":"https:\/\/www.valdallos.com\/medias\/images\/prestations\/78386-cuisine.jpg","chemin":"..\/medias\/images\/prestations\/78386-cuisine.jpg","libelle":"Coin cuisine moderne avec plaques \u00e9lectriques, lave-vaisselle","extension":"jpg","categorie":"","largeur":675,"theme":"","hauteur":1200,"type":"Image","origine":"","liaisonPave":"","langue":"","id":"78386","urlVignette":"https:\/\/www.valdallos.com\/medias\/images\/prestations\/v-78386-cuisine.jpg","alt":"Coin cuisine moderne avec plaques \u00e9lectriques, lave-vaisselle","title":"Coin cuisine moderne avec plaques \u00e9lectriques, lave-vaisselle","MultiTaille":{"1920x1440":{"url":"https:\/\/www.valdallos.com\/medias\/images\/prestations\/multitailles\/1920x1440_78386-cuisine.jpg"},"1200x900":{"url":"https:\/\/www.valdallos.com\/medias\/images\/prestations\/multitailles\/1200x900_78386-cuisine.jpg"},"800x600":{"url":"https:\/\/www.valdallos.com\/medias\/images\/prestations\/multitailles\/800x600_78386-cuisine.jpg"},"640x480":{"url":"https:\/\/www.valdallos.com\/medias\/images\/prestations\/multitailles\/640x480_78386-cuisine.jpg"},"320x240":{"url":"https:\/\/www.valdallos.com\/medias\/images\/prestations\/multitailles\/320x240_78386-cuisine.jpg"},"160x120":{"url":"https:\/\/www.valdallos.com\/medias\/images\/prestations\/multitailles\/160x120_78386-cuisine.jpg"},"origine":{"url":"https:\/\/www.valdallos.com\/medias\/images\/prestations\/78386-cuisine.jpg"}},"urlLien":"","typeLien":"","nofollow":"N","copyright":"Bisquert Nicolas"},{"url":"https:\/\/www.valdallos.com\/medias\/images\/prestations\/78387-chambre.jpg","chemin":"..\/medias\/images\/prestations\/78387-chambre.jpg","libelle":"Chambre \u00e0 coucher avec lit double","extension":"jpg","categorie":"","largeur":1800,"theme":"","hauteur":1200,"type":"Image","origine":"","liaisonPave":"","langue":"","id":"78387","urlVignette":"https:\/\/www.valdallos.com\/medias\/images\/prestations\/v-78387-chambre.jpg","alt":"Chambre \u00e0 coucher avec lit double","title":"Chambre \u00e0 coucher avec lit double","MultiTaille":{"1920x1440":{"url":"https:\/\/www.valdallos.com\/medias\/images\/prestations\/multitailles\/1920x1440_78387-chambre.jpg"},"1200x900":{"url":"https:\/\/www.valdallos.com\/medias\/images\/prestations\/multitailles\/1200x900_78387-chambre.jpg"},"800x600":{"url":"https:\/\/www.valdallos.com\/medias\/images\/prestations\/multitailles\/800x600_78387-chambre.jpg"},"640x480":{"url":"https:\/\/www.valdallos.com\/medias\/images\/prestations\/multitailles\/640x480_78387-chambre.jpg"},"320x240":{"url":"https:\/\/www.valdallos.com\/medias\/images\/prestations\/multitailles\/320x240_78387-chambre.jpg"},"160x120":{"url":"https:\/\/www.valdallos.com\/medias\/images\/prestations\/multitailles\/160x120_78387-chambre.jpg"},"origine":{"url":"https:\/\/www.valdallos.com\/medias\/images\/prestations\/78387-chambre.jpg"}},"urlLien":"","typeLien":"","nofollow":"N","copyright":"Bisquert Nicolas"},{"url":"https:\/\/www.valdallos.com\/medias\/images\/prestations\/78388-coin_gigogne_vue_salle.jpg","chemin":"..\/medias\/images\/prestations\/78388-coin_gigogne_vue_salle.jpg","libelle":"Coin chambre, lit superpos\u00e9 et espace de rangement","extension":"jpg","categorie":"","largeur":1800,"theme":"","hauteur":1200,"type":"Image","origine":"","liaisonPave":"","langue":"","id":"78388","urlVignette":"https:\/\/www.valdallos.com\/medias\/images\/prestations\/v-78388-coin_gigogne_vue_salle.jpg","alt":"Coin chambre, lit superpos\u00e9 et espace de rangement","title":"Coin chambre, lit superpos\u00e9 et espace de rangement","MultiTaille":{"1920x1440":{"url":"https:\/\/www.valdallos.com\/medias\/images\/prestations\/multitailles\/1920x1440_78388-coin_gigogne_vue_salle.jpg"},"1200x900":{"url":"https:\/\/www.valdallos.com\/medias\/images\/prestations\/multitailles\/1200x900_78388-coin_gigogne_vue_salle.jpg"},"800x600":{"url":"https:\/\/www.valdallos.com\/medias\/images\/prestations\/multitailles\/800x600_78388-coin_gigogne_vue_salle.jpg"},"640x480":{"url":"https:\/\/www.valdallos.com\/medias\/images\/prestations\/multitailles\/640x480_78388-coin_gigogne_vue_salle.jpg"},"320x240":{"url":"https:\/\/www.valdallos.com\/medias\/images\/prestations\/multitailles\/320x240_78388-coin_gigogne_vue_salle.jpg"},"160x120":{"url":"https:\/\/www.valdallos.com\/medias\/images\/prestations\/multitailles\/160x120_78388-coin_gigogne_vue_salle.jpg"},"origine":{"url":"https:\/\/www.valdallos.com\/medias\/images\/prestations\/78388-coin_gigogne_vue_salle.jpg"}},"urlLien":"","typeLien":"","nofollow":"N","copyright":"Bisquert Nicolas"},{"url":"https:\/\/www.valdallos.com\/medias\/images\/prestations\/78389-coin_gigogne.jpg","chemin":"..\/medias\/images\/prestations\/78389-coin_gigogne.jpg","libelle":"Coin chambre, lit superpos\u00e9 et espace de rangement","extension":"jpg","categorie":"","largeur":1800,"theme":"","hauteur":1200,"type":"Image","origine":"","liaisonPave":"","langue":"","id":"78389","urlVignette":"https:\/\/www.valdallos.com\/medias\/images\/prestations\/v-78389-coin_gigogne.jpg","alt":"Coin chambre, lit superpos\u00e9 et espace de rangement","title":"Coin chambre, lit superpos\u00e9 et espace de rangement","MultiTaille":{"1920x1440":{"url":"https:\/\/www.valdallos.com\/medias\/images\/prestations\/multitailles\/1920x1440_78389-coin_gigogne.jpg"},"1200x900":{"url":"https:\/\/www.valdallos.com\/medias\/images\/prestations\/multitailles\/1200x900_78389-coin_gigogne.jpg"},"800x600":{"url":"https:\/\/www.valdallos.com\/medias\/images\/prestations\/multitailles\/800x600_78389-coin_gigogne.jpg"},"640x480":{"url":"https:\/\/www.valdallos.com\/medias\/images\/prestations\/multitailles\/640x480_78389-coin_gigogne.jpg"},"320x240":{"url":"https:\/\/www.valdallos.com\/medias\/images\/prestations\/multitailles\/320x240_78389-coin_gigogne.jpg"},"160x120":{"url":"https:\/\/www.valdallos.com\/medias\/images\/prestations\/multitailles\/160x120_78389-coin_gigogne.jpg"},"origine":{"url":"https:\/\/www.valdallos.com\/medias\/images\/prestations\/78389-coin_gigogne.jpg"}},"urlLien":"","typeLien":"","nofollow":"N","copyright":"Bisquert Nicolas"},{"url":"https:\/\/www.valdallos.com\/medias\/images\/prestations\/78390-residence_les_cimes_du_val_d_allos_piscine_122463_2.jpg","chemin":"..\/medias\/images\/prestations\/78390-residence_les_cimes_du_val_d_allos_piscine_122463_2.jpg","libelle":"Piscine priv\u00e9e de la r\u00e9sidence","extension":"jpg","categorie":"","largeur":1600,"theme":"","hauteur":1200,"type":"Image","origine":"","liaisonPave":"","langue":"","id":"78390","urlVignette":"https:\/\/www.valdallos.com\/medias\/images\/prestations\/v-78390-residence_les_cimes_du_val_d_allos_piscine_122463_2.jpg","alt":"Piscine priv\u00e9e de la r\u00e9sidence","title":"Piscine priv\u00e9e de la r\u00e9sidence","MultiTaille":{"1920x1440":{"url":"https:\/\/www.valdallos.com\/medias\/images\/prestations\/multitailles\/1920x1440_78390-residence_les_cimes_du_val_d_allos_piscine_122463_2.jpg"},"1200x900":{"url":"https:\/\/www.valdallos.com\/medias\/images\/prestations\/multitailles\/1200x900_78390-residence_les_cimes_du_val_d_allos_piscine_122463_2.jpg"},"800x600":{"url":"https:\/\/www.valdallos.com\/medias\/images\/prestations\/multitailles\/800x600_78390-residence_les_cimes_du_val_d_allos_piscine_122463_2.jpg"},"640x480":{"url":"https:\/\/www.valdallos.com\/medias\/images\/prestations\/multitailles\/640x480_78390-residence_les_cimes_du_val_d_allos_piscine_122463_2.jpg"},"320x240":{"url":"https:\/\/www.valdallos.com\/medias\/images\/prestations\/multitailles\/320x240_78390-residence_les_cimes_du_val_d_allos_piscine_122463_2.jpg"},"160x120":{"url":"https:\/\/www.valdallos.com\/medias\/images\/prestations\/multitailles\/160x120_78390-residence_les_cimes_du_val_d_allos_piscine_122463_2.jpg"},"origine":{"url":"https:\/\/www.valdallos.com\/medias\/images\/prestations\/78390-residence_les_cimes_du_val_d_allos_piscine_122463_2.jpg"}},"urlLien":"","typeLien":"","nofollow":"N","copyright":"Bisquert Nicolas"}]}},"DateDebPublication":"","DateFinPublication":"","PrixAPartirDe":"","PrixPour":"","FicheListeEnCours":"fiche_liste_immobilier_prestation_OT_v3","ParametresModele":{"AfficherPhotos":1,"NbPhotosMax":6,"AfficherReserver":0,"AfficherContact":0,"AfficherSalle":1,"AfficherZoneGeo":0,"AfficherEnSavoirPlus":"0","AfficherUneSeuleOuverture":0,"AfficherContactCarte":1,"AfficherTarifsChaudAPartirDe":0,"AfficherTarifChaudSansRecherche":0,"AfficherDispoAccordeon":"1","AfficherDispoResa":"1","AfficherPrixAPartirDe":"1","BlocCritereInfo":{"critere1":{"libelle":"","liste_critere":["classementPrefectoral|2631|G","classementPrefectoral|2630|G","classementPrefectoral|2629|G","classementPrefectoral|2628|G","classementPrefectoral|2627|G","classementPrefectoral|2632|G"]},"critere2":{"libelle":"","liste_critere":["GLOC|G"]},"critere3":{"libelle":""},"critere4":{"libelle":""},"critere5":{"libelle":"","liste_critere":["GHANDI|G","AFFEQUIP|WIFI|G","AFFEQUIP|ANIMAUX|G","AFFEQUIP|PARKING|G","AFFEQUIP|LAVEVAIS|G","AFFEQUIP|LAVELINGEAFF|G","GCHAMB|G","NBPERS|G","GSURFA|G","GLOGEM|G"]},"critere6":{"libelle":"","liste_critere":["GLABEL|GCLEVA|G"]},"critere7":{"libelle":""},"critere8":{"libelle":""},"critere9":{"libelle":""},"afficherpictoetpaslibelle":"1"},"BlocPaveInfo":{"texte1":{"pave":["6","15","20"],"longeurmax":"250","afficherLibelle":"0","garderHtml":"0","boutonVoirPlus":""},"texte3":{"longeurmax":"","afficherLibelle":"0","garderHtml":"0","boutonVoirPlus":""}},"CriteresComportementDispo":"DISPONIBILITES[PLANNINGACT","PositionBloc":"GALLERIE|ZONEPRINCIPALFICHEPRESTA|NOM|CARNET_VOYAGE|ACCROCHE_TARIF_DISPO","TypePrestataire":"G","ComportementResa":false,"ComportementDispo":true},"AffichageCoordonnees":[],"Coordonnees":{"Ville":"La Foux d\u2019Allos"},"ContexteId":"PRESTATION|G|5937342|5937341","ContexteIdHtml":"PRESTATION-G-5937342-5937341","cleContexte":"G|5937342|5937341","Bloc":{"texte1":"Appartamento nel quartiero delle etoiles, vicino alle piste e col d'Allos","texte3":"","critere1":{"libelle":"","contenu":{"classementPrefectoral":{"libelle":"","contenu":{"4":"\u003Cimg src=\"https:\/\/www.valdallos.com\/medias\/images\/picto\/classementPrefectoral-2628-G.png\"  alt=\"2 stelle\" title=\"2 stelle\" \/\u003E"},"codesValeurs":{"4":"classementPrefectoral|2628|G"},"criteres_datas":{"valeurs":{"4":{"2628":{"descriptif":""}}}}}}},"critere2":{"libelle":"","contenu":{"GLOC":{"libelle":"Localizzare","contenu":{"1":"Val d'Allos - La Foux"},"codesValeurs":{"1":"GLOC|G18|G"},"criteres_datas":{"valeurs":{"1":{"G18":{"descriptif":""}}}}}}},"critere3":{"libelle":"","contenu":[]},"critere4":{"libelle":"","contenu":[]},"critere5":{"libelle":"","contenu":{"NBPERS":{"libelle":"Persone","contenu":{"3":"4 persone"},"codesValeurs":{"3":"NBPERS|GCAP04|G"},"criteres_datas":{"valeurs":{"3":{"GCAP04":{"descriptif":""}}}}},"GLOGEM":{"libelle":"tipo di alloggio","contenu":{"3":"appartamento  in residence"},"codesValeurs":{"3":"GLOGEM|GAPPRE|G"},"criteres_datas":{"valeurs":{"3":{"GAPPRE":{"descriptif":""}}}}},"AFFEQUIP":{"libelle":"Servizi","contenu":{"3":"Parcheggio \/ Garage","4":"Lavastoviglie"},"codesValeurs":{"3":"AFFEQUIP|PARKING|G","4":"AFFEQUIP|LAVEVAIS|G"},"criteres_datas":{"valeurs":{"3":{"PARKING":{"descriptif":""}},"4":{"LAVEVAIS":{"descriptif":""}}}}}}},"critere6":{"libelle":"","contenu":[]},"critere7":{"libelle":"","contenu":[]},"critere8":{"libelle":"","contenu":[]},"critere9":{"libelle":"","contenu":[]}},"LocalisationGps":{"Latitude":"44.297311","Longitude":"6.570081"},"libelleDuPrestataire":"","vuePrestataire":{"pave1":{"libelle":"","contenu":""},"pave2":{"libelle":"","contenu":""},"pave3":{"libelle":"","contenu":""},"pave4":{"libelle":"","contenu":""},"pave5":{"libelle":"","contenu":""},"pave6":{"libelle":"","contenu":""},"pave7":{"libelle":"","contenu":""},"pave8":{"libelle":"","contenu":""},"pave9":{"libelle":"","contenu":""},"pave10":{"libelle":"","contenu":""},"pave11":{"libelle":"","contenu":""},"pave12":{"libelle":"","contenu":""},"pave13":{"libelle":"","contenu":""},"pave14":{"libelle":"","contenu":""},"pave15":{"libelle":"","contenu":""},"pave16":{"libelle":"","contenu":""},"pave17":{"libelle":"","contenu":""},"pave18":{"libelle":"","contenu":""},"pave19":{"libelle":"","contenu":""},"pave20":{"libelle":"","contenu":""},"pave21":{"libelle":"","contenu":""},"pave22":{"libelle":"","contenu":""},"pave23":{"libelle":"","contenu":""},"pave24":{"libelle":"","contenu":""},"pave25":{"libelle":"","contenu":""},"ContactsParType":{"LIEU":{"114550":{"id_contact":"114550","type_contact":"LIEU","categorie_contact":"PRESTATAIRE","societe_contact":"","fonction_contact":"","civilite_nom_prenom_contact":"Bisquert Nicolas ","adresse1_contact":"","adresse2_contact":"","adresse3_contact":"","cpostal_contact":"","ville_contact":"","teldom_contact":"","telbur_contact":"","fax_contact":"","portable_contact":"06 42 79 22 38","email_contact":"","siteweb_contact":"","commentaire_contact":"","langue_contact":"","autre_moyen_com":[]}},"GEST":{"114552":{"id_contact":"114552","type_contact":"GEST","categorie_contact":"PRESTATAIRE","societe_contact":"","fonction_contact":"","civilite_nom_prenom_contact":"Bisquert Nicolas ","adresse1_contact":"183 avenue Alphonse Daudet","adresse2_contact":"","adresse3_contact":"","cpostal_contact":"83300","ville_contact":"Draguignan","teldom_contact":"","telbur_contact":"","fax_contact":"","portable_contact":"06 59 19 69 61","email_contact":"locationlescimesduvaldallos@hotmail.com","siteweb_contact":"","commentaire_contact":"","langue_contact":"","autre_moyen_com":[]}}},"Libelle":"Bisquert Nicolas","Nom":"Bisquert Nicolas ","Prenom":"","NomPrenom":"Bisquert Nicolas  ","CiviliteNomPrenom":"Bisquert Nicolas  ","Cle":"G|5937342","PrestataireParent":"","ContexteStat":"PRESTATAIRE-G-5937342","DateModificationIso":"2025-11-19T00:31:00+01:00","Type":"PRESTATAIRE","TypePrestataire":"G","Adresse":{"LigneAdresse1":"","LigneAdresse2":"","LigneAdresse3":"","CodePostal":"","Ville":"","Cedex":"","Etat":"","Pays":""},"Email":"locationlescimesduvaldallos@hotmail.com","Telephone":"06 42 79 22 38","TelephoneBureau":"","Portable":"06 59 19 69 61","SiteWeb":"","Fax":"","Id":"g-5937342","Code":"G|5937342","Fichier":[],"Url":"","Localisation":{"GoogleMap":{"Latitude":"","Longitude":""}},"ZoneGeo":"","Criteres":{"GINFADH[GDEB":"20211006","GTIMMO[GPARTI":"","P.3218[311230":"","P.3233[591419":"","P.5310[911737":"","P.3227[4718599":"","P.3219[5127066":"","P.3219[6436838":"","P.3219[7242385":"","P.3228[5633650":"","P.3228[5633768":"","P.VilleSitra[34087":"","P.VillageDeDepart[34087":""},"DateFinPublication":"","AffichageCoordonnees":[]},"listeCriteres":{"DISPONIBILITES":{"DISPORELANCE":"","PLANNINGACT":""},"GPREST":{"GLOCAS":"","GCOU":""},"GCAPACITE":{"4PERS":""},"NBPERS":{"GCAP04":""},"GLOGEM":{"GAPPRE":""},"GEQUIC":{"GLAVEV":""},"PUBLICATION":{"VALDALLOS":"","VERDONTOURISME":""},"AFFGTYPE":{"APPART":""},"GNOMBRE":{"4PERS":""},"AFFEQUIP":{"PARKING":"","LAVEVAIS":""},"GLOC":{"G18":""},"LOCVERDON":{"37282":""},"125":{"624":""},"23":{"698":"","1054":""},"126":{"972":"","1318":""},"123":{"1093":"","1504":""},"122":{"4054":"","4063":""},"prestations":{"surchargeTourismesAdaptes":"","surchargeDescriptifHandicapMoteur":"","surchargeDescriptifHandicapAuditif":"","surchargeDescriptifHandicapVisuel":"","surchargeDescriptifHandicapMental":"","surchargeNombreFauteuilsRoulants":""},"73":{"796":"","973":""},"70":{"895":"","922":""},"68":{"971":""},"69":{"3694":""},"languesParlees":{"1197":""},"modesPaiement":{"1271":"","1281":""},"tourismeAffaires":{"tourismeAffairesEnabled":"","devise":"EUR"},"hebergementLocatifType":{"2620":""},"informationsHebergementLocatif":{"dateClassement":"2023-11-08"},"classementPrefectoral":{"2628":""},"5403":{"1613":""},"5402":{"1625":""},"5401":{"1632":""},"capacite":{"capaciteHebergement":"4","capaciteMaximumPossible":"4","surface":"35","nombreChambres":"1"},"CINTSITRA":{"5660":"","8809":""},"6241":{"126905":"","5740912":""},"3218":{"311229":""},"3220":{"587401":"","5575332":""},"3233":{"591419":""},"3221":{"4876304":""},"3219":{"5127066":"","5239406":""},"3240":{"5778284":""},"3230":{"6139211":""},"VilleSitra":{"37282":""},"VillageDeDepart":{"37282":""},"VISIBWEB":{"PLANNINGVISIBLE":""},"GINFADH":{"GDEB":"20211006"},"GTIMMO":{"GPARTI":""},"P.3218":{"311230":""},"P.3233":{"591419":""},"P.5310":{"911737":""},"P.3227":{"4718599":""},"P.3219":{"5127066":"","6436838":"","7242385":""},"P.3228":{"5633650":"","5633768":""},"P.VilleSitra":{"34087":""},"P.VillageDeDepart":{"34087":""}},"dansCarnetVoyage":true,"Ouverture":"","WidgetDispoRechercheDate":false,"WidgetDispoVoirLienVoirToutesDispos":true,"ChargerWidgetDispoAuClic":true,"WidgetDispo":"\u003Cspan\u003E\u003C\/span\u003E","JsOnClickBtnDispo":"\u003Cscript\u003E\n                try{\n                    WidgetDispos.addChargementAuClicBtnDispoAccordeon('PRESTATION-G-5937342-5937341',{tabParamsWidgetDispo : {\"id\":\"G|5937342|5937341\",\"origineListeInfo\":\"\",\"vue\":\"semaineLigne\",\"mode\":\"ajax\",\"url_fiche\":\"appartamento-in-residence-2-stelle-val-dallos-la-foux-1.html\",\"id_form_contact\":\"42\",\"version\":\"2\",\"parametersWidgetV2\":{\"el\":\"blocDispo-PRESTATION-G-5937342-5937341\",\"object\":{\"code\":\"G|5937342|5937341\"},\"cid\":\"8\",\"site\":{\"code\":\"SITE2018\",\"url\":\"https:\\\/\\\/it.valdallos.com\"},\"slider\":{\"controls\":{\"arrows\":{\"enable\":true,\"showLocked\":true,\"style\":\"button\"}}},\"booking\":{\"enable\":false,\"waitForWindowLoad\":false,\"parameters\":{\"idWidget\":\"blocResa-PRESTATION-G-5937342-5937341\",\"queryParams\":null,\"withoutForm\":true}},\"options\":{\"typeDate\":\"SS\",\"elReferer\":\"PRESTATION-G-5937342-5937341\",\"ingContext\":\"RESA\",\"urlFiche\":\"appartamento-in-residence-2-stelle-val-dallos-la-foux-1.html\",\"startDate\":null,\"templates\":{\"Week\":\"semaine\",\"Days\":\"mois\"},\"plugContactForm\":\"42\"}}},idBloc : \"blocDispo-PRESTATION-G-5937342-5937341\",prestation : \"G|5937342|5937341\"});\n                }\n                catch(e) {\n                    \/\/console.log(e);\n                }\u003C\/script\u003E"},"html":" \n \u003Cdiv id=\"CV-PRESTATION-G-5937342-5937341\" data-contexte-id=\"PRESTATION|G|5937342|5937341\" data-cle=\"G|5937342|5937341\" class=\"fiche-liste\"\u003E\n    \n\n    \u003C!-- partie photo --\u003E\n    \u003Cdiv class=\"photo\"\u003E\t\t\t\t\t\t\t\t\t\t\t\t\t\t\t\t\t\t\t\t\t\n        \u003Cdiv class=\"cadre_photo_principale\"\u003E\t\t\n        \n            \t\t\t\t\t\n                    \u003Ca href=\"appartamento-in-residence-2-stelle-val-dallos-la-foux-1.html?origine=carnet#media\"\u003E\n                        \u003Cimg class=\"photo_principale\" alt=\"S\u00e9jour lumineux avec canap\u00e9, TV, porte-fen\u00eatre, balcon et rideaux\" src=\"https:\/\/www.valdallos.com\/medias\/images\/prestations\/multitailles\/320x240_78384-coin_salon_balcon.jpg\" itemprop=\"image\"\u003E\n                    \u003C\/a\u003E\t\t\t\t\t\t\n                \n                    \u003C\/div\u003E\t\t\t\t\t\t\t\t\t\t\t\t\t\t\t\t\t\t\t \t\t\n    \u003C\/div\u003E\n    \n    \u003C!-- partie nom prest --\u003E\n    \u003Cdiv class=\"nom\"\u003E\n        \u003Ch2\u003EBISQUERT Nicolas\u003C\/h2\u003E\n        \n            \u003C\/div\u003E\n\n         \n    \u003C!-- partie adresse --\u003E\n    \u003Cdiv class=\"adresse\"\u003E\n    \n          \n    \u003C\/div\u003E\n    \n    \u003C!-- partie liens --\u003E\n    \u003Cdiv class=\"liens\"\u003E\n            \u003Ca class=\"btn-icon btn-view \" title=\"Vedi il file dettagliato\" href=\"appartamento-in-residence-2-stelle-val-dallos-la-foux-1.html?origine=carnet\"\u003E\u003C\/a\u003E\u003C!--\u003Ca class=\"btn-icon btn-view \" title=\"\" href=\"?origine=carnet#thaut\"\u003E\u003C\/a\u003E--\u003E\n      \u003Ca class=\"btn-icon btn-trash carnet_voyage_supprimer\" title=\"Elimina questo file dal mio diario di viaggio\" href=\"carnet-voyage?action=remove&fiche=G|5937342|5937341\"\u003E\u003C\/a\u003E\n    \u003C\/div\u003E\n\n\u003C\/div\u003E\n\n","icon":"https:\/\/static.ingenie.fr\/images\/carnetVoyageV3\/G.png"},"fiche":"G|5937342|5937341","popup":"\u003Cdiv id=\"bloc_popup_ajout_fiche_carnet\"\u003E\n    \u003Cdiv class=\"info_popup_ajout_fiche_carnet\"\u003E\n        Hai appena aggiunto questo elemento alla tua selezione:    \u003C\/div\u003E\n    \u003Cdiv class=\"prest_popup_ajout_fiche_carnet\"\u003E\n        BISQUERT Nicolas    \u003C\/div\u003E\n    \u003Cdiv class=\"bloc_btn_ajout_fiche_carnet form_submit_div\"\u003E\n        \u003Cinput type=\"button\" value=\"Continua la mia selezione\" title=\"Continua la mia selezione\" name=\"btn_close\" class=\"btn_close_popup_carnet form_submit\" onclick=\"$.colorbox.close()\" \/\u003E\n        \u003Cinput type=\"button\" value=\"Visualizza la mia selezione\" title=\"Visualizza la mia selezione\" name=\"btn_panier\" class=\"btn_panier_popup_carnet form_submit\" onclick=\"if(typeof CarnetVoyage != 'undefined') {CarnetVoyage.voirCarnet();}\" \/\u003E\n    \u003C\/div\u003E\n    \u003Cdiv class=\"bloc_btn_ajout_fiche_carnet\"\u003E\n        \u003Cinput type=\"checkbox\" value=\"1\" name=\"desactiver_popup\" id=\"desactiver_popup\" \/\u003E\n        \u003Clabel for=\"desactiver_popup\"\u003ENon visualizzare pi\u00f9 questo messaggio\u003C\/label\u003E\n    \u003C\/div\u003E\n\u003C\/div\u003E","success":1}