{"nbFiches":2,"dataPrest":{"infoPrest":{"pave1":{"libelle":"Descriptif","contenu":"","fichiers":[]},"pave2":{"libelle":"Indirizzo","contenu":"","fichiers":[]},"pave3":{"libelle":"Tarifs Hiver","contenu":"","fichiers":[]},"pave4":{"libelle":"Tarifs Et\u00e9","contenu":"","fichiers":[]},"pave5":{"libelle":"URL de la r\u00e9servation ou vente en ligne","contenu":"","fichiers":[]},"pave6":{"libelle":"Descriptif court","contenu":"Monolocale completamente ristrutturato, ambiente  tranquilla vicino a un parco alberato, e del villaggio con tutti i servizi.","fichiers":[]},"pave7":{"libelle":"Descriptif d\u00e9taill\u00e9","contenu":"","fichiers":[]},"pave8":{"libelle":"Bons plans","contenu":"","fichiers":[]},"pave9":{"libelle":"Compl\u00e9ment localisation","contenu":"","fichiers":[]},"pave10":{"libelle":"Compl\u00e9ment accueil","contenu":"","fichiers":[]},"pave11":{"libelle":"P\u00e9riodes en clair","contenu":"","fichiers":[]},"pave12":{"libelle":"Tarifs en clair","contenu":"","fichiers":[]},"pave13":{"libelle":"Compl\u00e9ment Tarifs","contenu":"","fichiers":[]},"pave14":{"libelle":"Compl\u00e9ment R\u00e9servation","contenu":"","fichiers":[]},"pave15":{"libelle":"Descriptif court","contenu":"","fichiers":[]},"pave16":{"libelle":"Descriptif d\u00e9taill\u00e9","contenu":"","fichiers":[]},"pave17":{"libelle":"Bons plans","contenu":"","fichiers":[]},"pave18":{"libelle":"Tarifs (Tarifs en clair, Compl\u00e9ment Tarifs)","contenu":"","fichiers":[]},"pave19":{"libelle":"P\u00e9riodes en clair","contenu":"","fichiers":[]},"pave20":{"libelle":"Descriptif court","contenu":"","fichiers":[]},"pave21":{"libelle":"Descriptif d\u00e9taill\u00e9","contenu":"","fichiers":[]},"pave22":{"libelle":"Bons plans","contenu":"","fichiers":[]},"pave23":{"libelle":"Tarifs (Tarifs en clair, Compl\u00e9ment Tarifs)","contenu":"","fichiers":[]},"pave24":{"libelle":"P\u00e9riodes en clair","contenu":"","fichiers":[]},"pave25":{"libelle":"Dispositions sp\u00e9ciales","contenu":"","fichiers":[]},"Libelle":"Vandeplas - Ducrin Danielle","Reference":"","Reftar":"","Type":"PRESTATION","TypePrestataire":"G","ContexteStat":"PRESTATION-G-6061460-6061459","DateModificationIso":"2026-04-27T13:45:00+02:00","Adresse":{"LigneAdresse1":"R\u00e9sidence Le Verdon","LigneAdresse2":"Bat B - 1er \u00e9tage - Appartement n\u00b034","LigneAdresse3":"","CodePostal":"04260","Ville":"Allos","Cedex":"","Etat":"","Pays":"FRA"},"Id":"g-6061460-6061459","Code":"G|6061460|6061459","Cle":"G|6061460|6061459","Url":"monolocale-in-una-reisdence-3-stelle-val-dallos-le-village.html","Localisation":{"GoogleMap":{"Latitude":"44.245036","Longitude":"6.620138"}},"ZoneGeo":"","Criteres":{"DISPONIBILITES[DISPORELANCE":"","GPREST[GLOCAS":"","GCAPACITE[2PERS":"","NBPERS[GCAP02":"","GLOGEM[GSTRES":"","GEQUIC[GLAVEV":"","GPARKI[GPARKC":"","GPARKI[GPARKE":"","PUBLICATION[VALDALLOS":"","PUBLICATION[VERDONTOURISME":"","VISIBWEB[PLANNINGVISIBLE":"","AFFGTYPE[STUDIO":"","GNOMBRE[2PERS":"","AFFEQUIP[PARKING":"","AFFEQUIP[LAVEVAIS":"","GLOC[G14":"","LOCVERDON[1559":"","AFFPRES[AFFP3":"","122[803":"","122[4054":"","122[4055":"","122[4063":"","127[811":"","126[972":"","126[1323":"","prestations[surchargeTourismesAdaptes":"","prestations[surchargeDescriptifHandicapMoteur":"","prestations[surchargeDescriptifHandicapAuditif":"","prestations[surchargeDescriptifHandicapVisuel":"","prestations[surchargeDescriptifHandicapMental":"","prestations[surchargeNombreFauteuilsRoulants":"","73[796":"","73[973":"","70[895":"","70[907":"","70[922":"","70[943":"","70[946":"","70[999":"","70[5914":"","68[971":"","71[987":"","languesParlees[1197":"","environnements[171":"","environnements[188":"","modesPaiement[1277":"","modesPaiement[1281":"","tourismeAffaires[tourismeAffairesEnabled":"","tourismeAffaires[devise":"EUR","hebergementLocatifType[2620":"","informationsHebergementLocatif[dateClassement":"2022-03-11","classementPrefectoral[2629":"","5401[1632":"","5403[1681":"","capacite[capaciteHebergement":"2","capacite[capaciteMaximumPossible":"2","capacite[nombreSallesDeBain":"1","capacite[nombreWC":"1","capacite[nombreLitsDoubles":"2","capacite[surface":"22","capacite[nombrePieces":"1","capacite[numeroEtage":"1","CINTSITRA[5660":"","CINTSITRA[8809":"","6241[126905":"","6241[5740912":"","3218[311229":"","3220[587401":"","3220[5575332":"","3233[591419":"","3221[4876304":"","3219[5127127":"","3219[5239406":"","3219[6436838":"","3240[5778284":"","6242[5843488":"","3230[6139211":"","VilleSitra[1559":"","VillageDeDepart[1559":"","DISPONIBILITES[PLANNINGACT":""},"ContactsParType":{"IWEB":{"117213":{"id_contact":"117213","type_contact":"IWEB","categorie_contact":"PRESTATION","societe_contact":"","fonction_contact":"","civilite_nom_prenom_contact":"Vandeplas - Ducrin Danielle  ","adresse1_contact":"","adresse2_contact":"","adresse3_contact":"","cpostal_contact":"","ville_contact":"","teldom_contact":"","telbur_contact":"","fax_contact":"","portable_contact":"06 51 55 67 84","email_contact":"dany.ducrin@gmail.com","siteweb_contact":"","commentaire_contact":"","langue_contact":"","autre_moyen_com":[]}},"":{"117214":{"id_contact":"117214","type_contact":"","categorie_contact":"PRESTATION","societe_contact":"","fonction_contact":"","civilite_nom_prenom_contact":"Vandeplas - Ducrin Danielle ","adresse1_contact":"","adresse2_contact":"","adresse3_contact":"","cpostal_contact":"","ville_contact":"","teldom_contact":"","telbur_contact":"","fax_contact":"","portable_contact":"","email_contact":"","siteweb_contact":"","commentaire_contact":"","langue_contact":"","autre_moyen_com":[]}}},"ContactRemplaceCoordonnees":"117213","Prestataire":{"pave1":{"libelle":"","contenu":""},"pave2":{"libelle":"","contenu":""},"pave3":{"libelle":"","contenu":""},"pave4":{"libelle":"","contenu":""},"pave5":{"libelle":"","contenu":""},"pave6":{"libelle":"","contenu":""},"pave7":{"libelle":"","contenu":""},"pave8":{"libelle":"","contenu":""},"pave9":{"libelle":"","contenu":""},"pave10":{"libelle":"","contenu":""},"pave11":{"libelle":"","contenu":""},"pave12":{"libelle":"","contenu":""},"pave13":{"libelle":"","contenu":""},"pave14":{"libelle":"","contenu":""},"pave15":{"libelle":"","contenu":""},"pave16":{"libelle":"","contenu":""},"pave17":{"libelle":"","contenu":""},"pave18":{"libelle":"","contenu":""},"pave19":{"libelle":"","contenu":""},"pave20":{"libelle":"","contenu":""},"pave21":{"libelle":"","contenu":""},"pave22":{"libelle":"","contenu":""},"pave23":{"libelle":"","contenu":""},"pave24":{"libelle":"","contenu":""},"pave25":{"libelle":"","contenu":""},"ContactsParType":{"":{"114586":{"id_contact":"114586","type_contact":"","categorie_contact":"PRESTATAIRE","societe_contact":"","fonction_contact":"","civilite_nom_prenom_contact":"Vandeplas - Ducrin Danielle ","adresse1_contact":"","adresse2_contact":"","adresse3_contact":"","cpostal_contact":"","ville_contact":"","teldom_contact":"","telbur_contact":"","fax_contact":"","portable_contact":"","email_contact":"","siteweb_contact":"","commentaire_contact":"","langue_contact":"","autre_moyen_com":[]}},"GEST":{"114588":{"id_contact":"114588","type_contact":"GEST","categorie_contact":"PRESTATAIRE","societe_contact":"","fonction_contact":"","civilite_nom_prenom_contact":"Vandeplas - Ducrin Danielle ","adresse1_contact":"609 chemin Bertrand Marin","adresse2_contact":"","adresse3_contact":"","cpostal_contact":"83136","ville_contact":"Sainte-Anastasie-sur-Issole","teldom_contact":"","telbur_contact":"","fax_contact":"","portable_contact":"06 51 55 67 84","email_contact":"dany.ducrin@gmail.com","siteweb_contact":"","commentaire_contact":"","langue_contact":"","autre_moyen_com":[]}}},"Libelle":"Vandeplas - Ducrin Danielle","Nom":"Vandeplas - Ducrin Danielle ","Prenom":"","NomPrenom":"Vandeplas - Ducrin Danielle  ","CiviliteNomPrenom":"Vandeplas - Ducrin Danielle  ","Cle":"G|6061460","PrestataireParent":"","ContexteStat":"PRESTATAIRE-G-6061460","DateModificationIso":"2025-11-19T00:31:00+01:00","Type":"PRESTATAIRE","TypePrestataire":"G","Adresse":{"LigneAdresse1":"","LigneAdresse2":"","LigneAdresse3":"","CodePostal":"","Ville":"","Cedex":"","Etat":"","Pays":""},"Email":"dany.ducrin@gmail.com","Telephone":"","TelephoneBureau":"","Portable":"06 51 55 67 84","SiteWeb":"","Fax":"","Id":"g-6061460","Code":"G|6061460","Fichier":[],"Url":"","Localisation":{"GoogleMap":{"Latitude":"43.34102","Longitude":"6.115811"}},"ZoneGeo":"","Criteres":{"GINFADH[GDEB":"20220320","GTIMMO[GPARTI":"","P.3218[311230":"","P.3233[591419":"","P.5310[4649272":"","P.3227[4777382":"","P.3219[5127066":"","P.3219[7242385":"","P.3228[5633694":"","P.3228[5633741":"","P.VilleSitra[34148":"","P.VillageDeDepart[34148":""},"DateFinPublication":""},"Fichier":{"Image":[{"url":"https:\/\/www.valdallos.com\/medias\/images\/prestations\/79094-1_img_3362_copie.jpg","chemin":"..\/medias\/images\/prestations\/79094-1_img_3362_copie.jpg","libelle":"S\u00e9jour de studio lumineux avec canap\u00e9 et fauteuils, table basse, coin cuisine \u00e9quip\u00e9, ameublement bois, fen\u00eatres","extension":"jpg","categorie":"","largeur":1200,"theme":"","hauteur":800,"type":"Image","origine":"","liaisonPave":"","langue":"","id":"79094","urlVignette":"https:\/\/www.valdallos.com\/medias\/images\/prestations\/v-79094-1_img_3362_copie.jpg","alt":"S\u00e9jour de studio lumineux avec canap\u00e9 et fauteuils, table basse, coin cuisine \u00e9quip\u00e9, ameublement bois, fen\u00eatres","title":"S\u00e9jour de studio lumineux avec canap\u00e9 et fauteuils, table basse, coin cuisine \u00e9quip\u00e9, ameublement bois, fen\u00eatres","MultiTaille":{"1920x1440":{"url":"https:\/\/www.valdallos.com\/medias\/images\/prestations\/multitailles\/1920x1440_79094-1_img_3362_copie.jpg"},"1200x900":{"url":"https:\/\/www.valdallos.com\/medias\/images\/prestations\/multitailles\/1200x900_79094-1_img_3362_copie.jpg"},"800x600":{"url":"https:\/\/www.valdallos.com\/medias\/images\/prestations\/multitailles\/800x600_79094-1_img_3362_copie.jpg"},"640x480":{"url":"https:\/\/www.valdallos.com\/medias\/images\/prestations\/multitailles\/640x480_79094-1_img_3362_copie.jpg"},"320x240":{"url":"https:\/\/www.valdallos.com\/medias\/images\/prestations\/multitailles\/320x240_79094-1_img_3362_copie.jpg"},"160x120":{"url":"https:\/\/www.valdallos.com\/medias\/images\/prestations\/multitailles\/160x120_79094-1_img_3362_copie.jpg"},"origine":{"url":"https:\/\/www.valdallos.com\/medias\/images\/prestations\/79094-1_img_3362_copie.jpg"}},"urlLien":"","typeLien":"","nofollow":"N","copyright":"Mme Ducrin Vandeplas"},{"url":"https:\/\/www.valdallos.com\/medias\/images\/prestations\/79095-img_8638_002_copie.jpg","chemin":"..\/medias\/images\/prestations\/79095-img_8638_002_copie.jpg","libelle":"S\u00e9jour de studio avec canap\u00e9-lit, table \u00e0 manger, coin cuisine, ameublement bois, porte vers les autres espaces","extension":"jpg","categorie":"","largeur":1200,"theme":"","hauteur":800,"type":"Image","origine":"","liaisonPave":"","langue":"","id":"79095","urlVignette":"https:\/\/www.valdallos.com\/medias\/images\/prestations\/v-79095-img_8638_002_copie.jpg","alt":"S\u00e9jour de studio avec canap\u00e9-lit, table \u00e0 manger, coin cuisine, ameublement bois, porte vers les autres espaces","title":"S\u00e9jour de studio avec canap\u00e9-lit, table \u00e0 manger, coin cuisine, ameublement bois, porte vers les autres espaces","MultiTaille":{"1920x1440":{"url":"https:\/\/www.valdallos.com\/medias\/images\/prestations\/multitailles\/1920x1440_79095-img_8638_002_copie.jpg"},"1200x900":{"url":"https:\/\/www.valdallos.com\/medias\/images\/prestations\/multitailles\/1200x900_79095-img_8638_002_copie.jpg"},"800x600":{"url":"https:\/\/www.valdallos.com\/medias\/images\/prestations\/multitailles\/800x600_79095-img_8638_002_copie.jpg"},"640x480":{"url":"https:\/\/www.valdallos.com\/medias\/images\/prestations\/multitailles\/640x480_79095-img_8638_002_copie.jpg"},"320x240":{"url":"https:\/\/www.valdallos.com\/medias\/images\/prestations\/multitailles\/320x240_79095-img_8638_002_copie.jpg"},"160x120":{"url":"https:\/\/www.valdallos.com\/medias\/images\/prestations\/multitailles\/160x120_79095-img_8638_002_copie.jpg"},"origine":{"url":"https:\/\/www.valdallos.com\/medias\/images\/prestations\/79095-img_8638_002_copie.jpg"}},"urlLien":"","typeLien":"","nofollow":"N","copyright":"D Ducrin - Vandeplas"},{"url":"https:\/\/www.valdallos.com\/medias\/images\/prestations\/79096-1_4079494066989603273_copie.jpg","chemin":"..\/medias\/images\/prestations\/79096-1_4079494066989603273_copie.jpg","libelle":"S\u00e9jour de studio lumineux avec canap\u00e9, fauteuils, TV murale, fen\u00eatre donnant vers un balcon","extension":"jpg","categorie":"","largeur":1200,"theme":"","hauteur":900,"type":"Image","origine":"","liaisonPave":"","langue":"","id":"79096","urlVignette":"https:\/\/www.valdallos.com\/medias\/images\/prestations\/v-79096-1_4079494066989603273_copie.jpg","alt":"S\u00e9jour de studio lumineux avec canap\u00e9, fauteuils, TV murale, fen\u00eatre donnant vers un balcon","title":"S\u00e9jour de studio lumineux avec canap\u00e9, fauteuils, TV murale, fen\u00eatre donnant vers un balcon","MultiTaille":{"1920x1440":{"url":"https:\/\/www.valdallos.com\/medias\/images\/prestations\/multitailles\/1920x1440_79096-1_4079494066989603273_copie.jpg"},"1200x900":{"url":"https:\/\/www.valdallos.com\/medias\/images\/prestations\/multitailles\/1200x900_79096-1_4079494066989603273_copie.jpg"},"800x600":{"url":"https:\/\/www.valdallos.com\/medias\/images\/prestations\/multitailles\/800x600_79096-1_4079494066989603273_copie.jpg"},"640x480":{"url":"https:\/\/www.valdallos.com\/medias\/images\/prestations\/multitailles\/640x480_79096-1_4079494066989603273_copie.jpg"},"320x240":{"url":"https:\/\/www.valdallos.com\/medias\/images\/prestations\/multitailles\/320x240_79096-1_4079494066989603273_copie.jpg"},"160x120":{"url":"https:\/\/www.valdallos.com\/medias\/images\/prestations\/multitailles\/160x120_79096-1_4079494066989603273_copie.jpg"},"origine":{"url":"https:\/\/www.valdallos.com\/medias\/images\/prestations\/79096-1_4079494066989603273_copie.jpg"}},"urlLien":"","typeLien":"","nofollow":"N","copyright":"Mme Ducrin Vandeplas"},{"url":"https:\/\/www.valdallos.com\/medias\/images\/prestations\/79097-img_8618_002_copie.jpg","chemin":"..\/medias\/images\/prestations\/79097-img_8618_002_copie.jpg","libelle":"Salle de bains moderne et carrel\u00e9e avec baignoire, \u00e9vier et miroir, placard","extension":"jpg","categorie":"","largeur":1200,"theme":"","hauteur":800,"type":"Image","origine":"","liaisonPave":"","langue":"","id":"79097","urlVignette":"https:\/\/www.valdallos.com\/medias\/images\/prestations\/v-79097-img_8618_002_copie.jpg","alt":"Salle de bains moderne et carrel\u00e9e avec baignoire, \u00e9vier et miroir, placard","title":"Salle de bains moderne et carrel\u00e9e avec baignoire, \u00e9vier et miroir, placard","MultiTaille":{"1920x1440":{"url":"https:\/\/www.valdallos.com\/medias\/images\/prestations\/multitailles\/1920x1440_79097-img_8618_002_copie.jpg"},"1200x900":{"url":"https:\/\/www.valdallos.com\/medias\/images\/prestations\/multitailles\/1200x900_79097-img_8618_002_copie.jpg"},"800x600":{"url":"https:\/\/www.valdallos.com\/medias\/images\/prestations\/multitailles\/800x600_79097-img_8618_002_copie.jpg"},"640x480":{"url":"https:\/\/www.valdallos.com\/medias\/images\/prestations\/multitailles\/640x480_79097-img_8618_002_copie.jpg"},"320x240":{"url":"https:\/\/www.valdallos.com\/medias\/images\/prestations\/multitailles\/320x240_79097-img_8618_002_copie.jpg"},"160x120":{"url":"https:\/\/www.valdallos.com\/medias\/images\/prestations\/multitailles\/160x120_79097-img_8618_002_copie.jpg"},"origine":{"url":"https:\/\/www.valdallos.com\/medias\/images\/prestations\/79097-img_8618_002_copie.jpg"}},"urlLien":"","typeLien":"","nofollow":"N","copyright":"D Ducrin - Vandeplas"},{"url":"https:\/\/www.valdallos.com\/medias\/images\/prestations\/79098-1_img_3374_copie.jpg","chemin":"..\/medias\/images\/prestations\/79098-1_img_3374_copie.jpg","libelle":"Terrasse en bois du studio avec table d'ext\u00e9rieur et chaises, vue sur la v\u00e9g\u00e9tation","extension":"jpg","categorie":"","largeur":800,"theme":"","hauteur":1200,"type":"Image","origine":"","liaisonPave":"","langue":"","id":"79098","urlVignette":"https:\/\/www.valdallos.com\/medias\/images\/prestations\/v-79098-1_img_3374_copie.jpg","alt":"Terrasse en bois du studio avec table d'ext\u00e9rieur et chaises, vue sur la v\u00e9g\u00e9tation","title":"Terrasse en bois du studio avec table d'ext\u00e9rieur et chaises, vue sur la v\u00e9g\u00e9tation","MultiTaille":{"1920x1440":{"url":"https:\/\/www.valdallos.com\/medias\/images\/prestations\/multitailles\/1920x1440_79098-1_img_3374_copie.jpg"},"1200x900":{"url":"https:\/\/www.valdallos.com\/medias\/images\/prestations\/multitailles\/1200x900_79098-1_img_3374_copie.jpg"},"800x600":{"url":"https:\/\/www.valdallos.com\/medias\/images\/prestations\/multitailles\/800x600_79098-1_img_3374_copie.jpg"},"640x480":{"url":"https:\/\/www.valdallos.com\/medias\/images\/prestations\/multitailles\/640x480_79098-1_img_3374_copie.jpg"},"320x240":{"url":"https:\/\/www.valdallos.com\/medias\/images\/prestations\/multitailles\/320x240_79098-1_img_3374_copie.jpg"},"160x120":{"url":"https:\/\/www.valdallos.com\/medias\/images\/prestations\/multitailles\/160x120_79098-1_img_3374_copie.jpg"},"origine":{"url":"https:\/\/www.valdallos.com\/medias\/images\/prestations\/79098-1_img_3374_copie.jpg"}},"urlLien":"","typeLien":"","nofollow":"N","copyright":"Mme Ducrin Vandeplas"},{"url":"https:\/\/www.valdallos.com\/medias\/images\/prestations\/79099-canape_lit_140_cm_copie.jpg","chemin":"..\/medias\/images\/prestations\/79099-canape_lit_140_cm_copie.jpg","libelle":"S\u00e9jour de studio lumineux confort avec canap\u00e9 et fauteuils, TV, ameublement bois, fen\u00eatre","extension":"jpg","categorie":"","largeur":1200,"theme":"","hauteur":892,"type":"Image","origine":"","liaisonPave":"","langue":"","id":"79099","urlVignette":"https:\/\/www.valdallos.com\/medias\/images\/prestations\/v-79099-canape_lit_140_cm_copie.jpg","alt":"S\u00e9jour de studio lumineux confort avec canap\u00e9 et fauteuils, TV, ameublement bois, fen\u00eatre","title":"S\u00e9jour de studio lumineux confort avec canap\u00e9 et fauteuils, TV, ameublement bois, fen\u00eatre","MultiTaille":{"1920x1440":{"url":"https:\/\/www.valdallos.com\/medias\/images\/prestations\/multitailles\/1920x1440_79099-canape_lit_140_cm_copie.jpg"},"1200x900":{"url":"https:\/\/www.valdallos.com\/medias\/images\/prestations\/multitailles\/1200x900_79099-canape_lit_140_cm_copie.jpg"},"800x600":{"url":"https:\/\/www.valdallos.com\/medias\/images\/prestations\/multitailles\/800x600_79099-canape_lit_140_cm_copie.jpg"},"640x480":{"url":"https:\/\/www.valdallos.com\/medias\/images\/prestations\/multitailles\/640x480_79099-canape_lit_140_cm_copie.jpg"},"320x240":{"url":"https:\/\/www.valdallos.com\/medias\/images\/prestations\/multitailles\/320x240_79099-canape_lit_140_cm_copie.jpg"},"160x120":{"url":"https:\/\/www.valdallos.com\/medias\/images\/prestations\/multitailles\/160x120_79099-canape_lit_140_cm_copie.jpg"},"origine":{"url":"https:\/\/www.valdallos.com\/medias\/images\/prestations\/79099-canape_lit_140_cm_copie.jpg"}},"urlLien":"","typeLien":"","nofollow":"N","copyright":"Mme Ducrin Vandeplas"}],"ByCategorie":{"":[{"url":"https:\/\/www.valdallos.com\/medias\/images\/prestations\/79094-1_img_3362_copie.jpg","chemin":"..\/medias\/images\/prestations\/79094-1_img_3362_copie.jpg","libelle":"S\u00e9jour de studio lumineux avec canap\u00e9 et fauteuils, table basse, coin cuisine \u00e9quip\u00e9, ameublement bois, fen\u00eatres","extension":"jpg","categorie":"","largeur":1200,"theme":"","hauteur":800,"type":"Image","origine":"","liaisonPave":"","langue":"","id":"79094","urlVignette":"https:\/\/www.valdallos.com\/medias\/images\/prestations\/v-79094-1_img_3362_copie.jpg","alt":"S\u00e9jour de studio lumineux avec canap\u00e9 et fauteuils, table basse, coin cuisine \u00e9quip\u00e9, ameublement bois, fen\u00eatres","title":"S\u00e9jour de studio lumineux avec canap\u00e9 et fauteuils, table basse, coin cuisine \u00e9quip\u00e9, ameublement bois, fen\u00eatres","MultiTaille":{"1920x1440":{"url":"https:\/\/www.valdallos.com\/medias\/images\/prestations\/multitailles\/1920x1440_79094-1_img_3362_copie.jpg"},"1200x900":{"url":"https:\/\/www.valdallos.com\/medias\/images\/prestations\/multitailles\/1200x900_79094-1_img_3362_copie.jpg"},"800x600":{"url":"https:\/\/www.valdallos.com\/medias\/images\/prestations\/multitailles\/800x600_79094-1_img_3362_copie.jpg"},"640x480":{"url":"https:\/\/www.valdallos.com\/medias\/images\/prestations\/multitailles\/640x480_79094-1_img_3362_copie.jpg"},"320x240":{"url":"https:\/\/www.valdallos.com\/medias\/images\/prestations\/multitailles\/320x240_79094-1_img_3362_copie.jpg"},"160x120":{"url":"https:\/\/www.valdallos.com\/medias\/images\/prestations\/multitailles\/160x120_79094-1_img_3362_copie.jpg"},"origine":{"url":"https:\/\/www.valdallos.com\/medias\/images\/prestations\/79094-1_img_3362_copie.jpg"}},"urlLien":"","typeLien":"","nofollow":"N","copyright":"Mme Ducrin Vandeplas"},{"url":"https:\/\/www.valdallos.com\/medias\/images\/prestations\/79095-img_8638_002_copie.jpg","chemin":"..\/medias\/images\/prestations\/79095-img_8638_002_copie.jpg","libelle":"S\u00e9jour de studio avec canap\u00e9-lit, table \u00e0 manger, coin cuisine, ameublement bois, porte vers les autres espaces","extension":"jpg","categorie":"","largeur":1200,"theme":"","hauteur":800,"type":"Image","origine":"","liaisonPave":"","langue":"","id":"79095","urlVignette":"https:\/\/www.valdallos.com\/medias\/images\/prestations\/v-79095-img_8638_002_copie.jpg","alt":"S\u00e9jour de studio avec canap\u00e9-lit, table \u00e0 manger, coin cuisine, ameublement bois, porte vers les autres espaces","title":"S\u00e9jour de studio avec canap\u00e9-lit, table \u00e0 manger, coin cuisine, ameublement bois, porte vers les autres espaces","MultiTaille":{"1920x1440":{"url":"https:\/\/www.valdallos.com\/medias\/images\/prestations\/multitailles\/1920x1440_79095-img_8638_002_copie.jpg"},"1200x900":{"url":"https:\/\/www.valdallos.com\/medias\/images\/prestations\/multitailles\/1200x900_79095-img_8638_002_copie.jpg"},"800x600":{"url":"https:\/\/www.valdallos.com\/medias\/images\/prestations\/multitailles\/800x600_79095-img_8638_002_copie.jpg"},"640x480":{"url":"https:\/\/www.valdallos.com\/medias\/images\/prestations\/multitailles\/640x480_79095-img_8638_002_copie.jpg"},"320x240":{"url":"https:\/\/www.valdallos.com\/medias\/images\/prestations\/multitailles\/320x240_79095-img_8638_002_copie.jpg"},"160x120":{"url":"https:\/\/www.valdallos.com\/medias\/images\/prestations\/multitailles\/160x120_79095-img_8638_002_copie.jpg"},"origine":{"url":"https:\/\/www.valdallos.com\/medias\/images\/prestations\/79095-img_8638_002_copie.jpg"}},"urlLien":"","typeLien":"","nofollow":"N","copyright":"D Ducrin - Vandeplas"},{"url":"https:\/\/www.valdallos.com\/medias\/images\/prestations\/79096-1_4079494066989603273_copie.jpg","chemin":"..\/medias\/images\/prestations\/79096-1_4079494066989603273_copie.jpg","libelle":"S\u00e9jour de studio lumineux avec canap\u00e9, fauteuils, TV murale, fen\u00eatre donnant vers un balcon","extension":"jpg","categorie":"","largeur":1200,"theme":"","hauteur":900,"type":"Image","origine":"","liaisonPave":"","langue":"","id":"79096","urlVignette":"https:\/\/www.valdallos.com\/medias\/images\/prestations\/v-79096-1_4079494066989603273_copie.jpg","alt":"S\u00e9jour de studio lumineux avec canap\u00e9, fauteuils, TV murale, fen\u00eatre donnant vers un balcon","title":"S\u00e9jour de studio lumineux avec canap\u00e9, fauteuils, TV murale, fen\u00eatre donnant vers un balcon","MultiTaille":{"1920x1440":{"url":"https:\/\/www.valdallos.com\/medias\/images\/prestations\/multitailles\/1920x1440_79096-1_4079494066989603273_copie.jpg"},"1200x900":{"url":"https:\/\/www.valdallos.com\/medias\/images\/prestations\/multitailles\/1200x900_79096-1_4079494066989603273_copie.jpg"},"800x600":{"url":"https:\/\/www.valdallos.com\/medias\/images\/prestations\/multitailles\/800x600_79096-1_4079494066989603273_copie.jpg"},"640x480":{"url":"https:\/\/www.valdallos.com\/medias\/images\/prestations\/multitailles\/640x480_79096-1_4079494066989603273_copie.jpg"},"320x240":{"url":"https:\/\/www.valdallos.com\/medias\/images\/prestations\/multitailles\/320x240_79096-1_4079494066989603273_copie.jpg"},"160x120":{"url":"https:\/\/www.valdallos.com\/medias\/images\/prestations\/multitailles\/160x120_79096-1_4079494066989603273_copie.jpg"},"origine":{"url":"https:\/\/www.valdallos.com\/medias\/images\/prestations\/79096-1_4079494066989603273_copie.jpg"}},"urlLien":"","typeLien":"","nofollow":"N","copyright":"Mme Ducrin Vandeplas"},{"url":"https:\/\/www.valdallos.com\/medias\/images\/prestations\/79097-img_8618_002_copie.jpg","chemin":"..\/medias\/images\/prestations\/79097-img_8618_002_copie.jpg","libelle":"Salle de bains moderne et carrel\u00e9e avec baignoire, \u00e9vier et miroir, placard","extension":"jpg","categorie":"","largeur":1200,"theme":"","hauteur":800,"type":"Image","origine":"","liaisonPave":"","langue":"","id":"79097","urlVignette":"https:\/\/www.valdallos.com\/medias\/images\/prestations\/v-79097-img_8618_002_copie.jpg","alt":"Salle de bains moderne et carrel\u00e9e avec baignoire, \u00e9vier et miroir, placard","title":"Salle de bains moderne et carrel\u00e9e avec baignoire, \u00e9vier et miroir, placard","MultiTaille":{"1920x1440":{"url":"https:\/\/www.valdallos.com\/medias\/images\/prestations\/multitailles\/1920x1440_79097-img_8618_002_copie.jpg"},"1200x900":{"url":"https:\/\/www.valdallos.com\/medias\/images\/prestations\/multitailles\/1200x900_79097-img_8618_002_copie.jpg"},"800x600":{"url":"https:\/\/www.valdallos.com\/medias\/images\/prestations\/multitailles\/800x600_79097-img_8618_002_copie.jpg"},"640x480":{"url":"https:\/\/www.valdallos.com\/medias\/images\/prestations\/multitailles\/640x480_79097-img_8618_002_copie.jpg"},"320x240":{"url":"https:\/\/www.valdallos.com\/medias\/images\/prestations\/multitailles\/320x240_79097-img_8618_002_copie.jpg"},"160x120":{"url":"https:\/\/www.valdallos.com\/medias\/images\/prestations\/multitailles\/160x120_79097-img_8618_002_copie.jpg"},"origine":{"url":"https:\/\/www.valdallos.com\/medias\/images\/prestations\/79097-img_8618_002_copie.jpg"}},"urlLien":"","typeLien":"","nofollow":"N","copyright":"D Ducrin - Vandeplas"},{"url":"https:\/\/www.valdallos.com\/medias\/images\/prestations\/79098-1_img_3374_copie.jpg","chemin":"..\/medias\/images\/prestations\/79098-1_img_3374_copie.jpg","libelle":"Terrasse en bois du studio avec table d'ext\u00e9rieur et chaises, vue sur la v\u00e9g\u00e9tation","extension":"jpg","categorie":"","largeur":800,"theme":"","hauteur":1200,"type":"Image","origine":"","liaisonPave":"","langue":"","id":"79098","urlVignette":"https:\/\/www.valdallos.com\/medias\/images\/prestations\/v-79098-1_img_3374_copie.jpg","alt":"Terrasse en bois du studio avec table d'ext\u00e9rieur et chaises, vue sur la v\u00e9g\u00e9tation","title":"Terrasse en bois du studio avec table d'ext\u00e9rieur et chaises, vue sur la v\u00e9g\u00e9tation","MultiTaille":{"1920x1440":{"url":"https:\/\/www.valdallos.com\/medias\/images\/prestations\/multitailles\/1920x1440_79098-1_img_3374_copie.jpg"},"1200x900":{"url":"https:\/\/www.valdallos.com\/medias\/images\/prestations\/multitailles\/1200x900_79098-1_img_3374_copie.jpg"},"800x600":{"url":"https:\/\/www.valdallos.com\/medias\/images\/prestations\/multitailles\/800x600_79098-1_img_3374_copie.jpg"},"640x480":{"url":"https:\/\/www.valdallos.com\/medias\/images\/prestations\/multitailles\/640x480_79098-1_img_3374_copie.jpg"},"320x240":{"url":"https:\/\/www.valdallos.com\/medias\/images\/prestations\/multitailles\/320x240_79098-1_img_3374_copie.jpg"},"160x120":{"url":"https:\/\/www.valdallos.com\/medias\/images\/prestations\/multitailles\/160x120_79098-1_img_3374_copie.jpg"},"origine":{"url":"https:\/\/www.valdallos.com\/medias\/images\/prestations\/79098-1_img_3374_copie.jpg"}},"urlLien":"","typeLien":"","nofollow":"N","copyright":"Mme Ducrin Vandeplas"},{"url":"https:\/\/www.valdallos.com\/medias\/images\/prestations\/79099-canape_lit_140_cm_copie.jpg","chemin":"..\/medias\/images\/prestations\/79099-canape_lit_140_cm_copie.jpg","libelle":"S\u00e9jour de studio lumineux confort avec canap\u00e9 et fauteuils, TV, ameublement bois, fen\u00eatre","extension":"jpg","categorie":"","largeur":1200,"theme":"","hauteur":892,"type":"Image","origine":"","liaisonPave":"","langue":"","id":"79099","urlVignette":"https:\/\/www.valdallos.com\/medias\/images\/prestations\/v-79099-canape_lit_140_cm_copie.jpg","alt":"S\u00e9jour de studio lumineux confort avec canap\u00e9 et fauteuils, TV, ameublement bois, fen\u00eatre","title":"S\u00e9jour de studio lumineux confort avec canap\u00e9 et fauteuils, TV, ameublement bois, fen\u00eatre","MultiTaille":{"1920x1440":{"url":"https:\/\/www.valdallos.com\/medias\/images\/prestations\/multitailles\/1920x1440_79099-canape_lit_140_cm_copie.jpg"},"1200x900":{"url":"https:\/\/www.valdallos.com\/medias\/images\/prestations\/multitailles\/1200x900_79099-canape_lit_140_cm_copie.jpg"},"800x600":{"url":"https:\/\/www.valdallos.com\/medias\/images\/prestations\/multitailles\/800x600_79099-canape_lit_140_cm_copie.jpg"},"640x480":{"url":"https:\/\/www.valdallos.com\/medias\/images\/prestations\/multitailles\/640x480_79099-canape_lit_140_cm_copie.jpg"},"320x240":{"url":"https:\/\/www.valdallos.com\/medias\/images\/prestations\/multitailles\/320x240_79099-canape_lit_140_cm_copie.jpg"},"160x120":{"url":"https:\/\/www.valdallos.com\/medias\/images\/prestations\/multitailles\/160x120_79099-canape_lit_140_cm_copie.jpg"},"origine":{"url":"https:\/\/www.valdallos.com\/medias\/images\/prestations\/79099-canape_lit_140_cm_copie.jpg"}},"urlLien":"","typeLien":"","nofollow":"N","copyright":"Mme Ducrin Vandeplas"}]}},"DateDebPublication":"","DateFinPublication":"","PrixAPartirDe":"","PrixPour":"","FicheListeEnCours":"fiche_liste_immobilier_prestation_OT_v3","ParametresModele":{"AfficherPhotos":1,"NbPhotosMax":6,"AfficherReserver":0,"AfficherContact":0,"AfficherSalle":1,"AfficherZoneGeo":0,"AfficherEnSavoirPlus":"0","AfficherUneSeuleOuverture":0,"AfficherContactCarte":1,"AfficherTarifsChaudAPartirDe":0,"AfficherTarifChaudSansRecherche":0,"AfficherDispoAccordeon":"1","AfficherDispoResa":"1","AfficherPrixAPartirDe":"1","BlocCritereInfo":{"critere1":{"libelle":"","liste_critere":["classementPrefectoral|2631|G","classementPrefectoral|2630|G","classementPrefectoral|2629|G","classementPrefectoral|2628|G","classementPrefectoral|2627|G","classementPrefectoral|2632|G"]},"critere2":{"libelle":"","liste_critere":["GLOC|G"]},"critere3":{"libelle":""},"critere4":{"libelle":""},"critere5":{"libelle":"","liste_critere":["GHANDI|G","AFFEQUIP|WIFI|G","AFFEQUIP|ANIMAUX|G","AFFEQUIP|PARKING|G","AFFEQUIP|LAVEVAIS|G","AFFEQUIP|LAVELINGEAFF|G","GCHAMB|G","NBPERS|G","GSURFA|G","GLOGEM|G"]},"critere6":{"libelle":"","liste_critere":["GLABEL|GCLEVA|G"]},"critere7":{"libelle":""},"critere8":{"libelle":""},"critere9":{"libelle":""},"afficherpictoetpaslibelle":"1"},"BlocPaveInfo":{"texte1":{"pave":["6","15","20"],"longeurmax":"250","afficherLibelle":"0","garderHtml":"0","boutonVoirPlus":""},"texte3":{"longeurmax":"","afficherLibelle":"0","garderHtml":"0","boutonVoirPlus":""}},"CriteresComportementDispo":"DISPONIBILITES[PLANNINGACT","PositionBloc":"GALLERIE|ZONEPRINCIPALFICHEPRESTA|NOM|CARNET_VOYAGE|ACCROCHE_TARIF_DISPO","TypePrestataire":"G","ComportementResa":false,"ComportementDispo":true},"AffichageCoordonnees":[],"Coordonnees":{"Ville":"Allos"},"ContexteId":"PRESTATION|G|6061460|6061459","ContexteIdHtml":"PRESTATION-G-6061460-6061459","cleContexte":"G|6061460|6061459","Bloc":{"texte1":"Monolocale completamente ristrutturato, ambiente  tranquilla vicino a un parco alberato, e del villaggio con tutti i servizi.","texte3":"","critere1":{"libelle":"","contenu":{"classementPrefectoral":{"libelle":"","contenu":{"3":"\u003Cimg src=\"https:\/\/www.valdallos.com\/medias\/images\/picto\/classementPrefectoral-2629-G.png\"  alt=\"3 stelle\" title=\"3 stelle\" \/\u003E"},"codesValeurs":{"3":"classementPrefectoral|2629|G"},"criteres_datas":{"valeurs":{"3":{"2629":{"descriptif":""}}}}}}},"critere2":{"libelle":"","contenu":{"GLOC":{"libelle":"Localizzare","contenu":{"3":"Val d'Allos - Villaggio"},"codesValeurs":{"3":"GLOC|G14|G"},"criteres_datas":{"valeurs":{"3":{"G14":{"descriptif":""}}}}}}},"critere3":{"libelle":"","contenu":[]},"critere4":{"libelle":"","contenu":[]},"critere5":{"libelle":"","contenu":{"NBPERS":{"libelle":"Persone","contenu":{"1":"2 persone"},"codesValeurs":{"1":"NBPERS|GCAP02|G"},"criteres_datas":{"valeurs":{"1":{"GCAP02":{"descriptif":""}}}}},"GLOGEM":{"libelle":"tipo di alloggio","contenu":{"7":"Monolocale in una reisdence"},"codesValeurs":{"7":"GLOGEM|GSTRES|G"},"criteres_datas":{"valeurs":{"7":{"GSTRES":{"descriptif":""}}}}},"AFFEQUIP":{"libelle":"Servizi","contenu":{"3":"Parcheggio \/ Garage","4":"Lavastoviglie"},"codesValeurs":{"3":"AFFEQUIP|PARKING|G","4":"AFFEQUIP|LAVEVAIS|G"},"criteres_datas":{"valeurs":{"3":{"PARKING":{"descriptif":""}},"4":{"LAVEVAIS":{"descriptif":""}}}}}}},"critere6":{"libelle":"","contenu":[]},"critere7":{"libelle":"","contenu":[]},"critere8":{"libelle":"","contenu":[]},"critere9":{"libelle":"","contenu":[]}},"LocalisationGps":{"Latitude":"44.245036","Longitude":"6.620138"},"libelleDuPrestataire":"","vuePrestataire":{"pave1":{"libelle":"","contenu":""},"pave2":{"libelle":"","contenu":""},"pave3":{"libelle":"","contenu":""},"pave4":{"libelle":"","contenu":""},"pave5":{"libelle":"","contenu":""},"pave6":{"libelle":"","contenu":""},"pave7":{"libelle":"","contenu":""},"pave8":{"libelle":"","contenu":""},"pave9":{"libelle":"","contenu":""},"pave10":{"libelle":"","contenu":""},"pave11":{"libelle":"","contenu":""},"pave12":{"libelle":"","contenu":""},"pave13":{"libelle":"","contenu":""},"pave14":{"libelle":"","contenu":""},"pave15":{"libelle":"","contenu":""},"pave16":{"libelle":"","contenu":""},"pave17":{"libelle":"","contenu":""},"pave18":{"libelle":"","contenu":""},"pave19":{"libelle":"","contenu":""},"pave20":{"libelle":"","contenu":""},"pave21":{"libelle":"","contenu":""},"pave22":{"libelle":"","contenu":""},"pave23":{"libelle":"","contenu":""},"pave24":{"libelle":"","contenu":""},"pave25":{"libelle":"","contenu":""},"ContactsParType":{"":{"114586":{"id_contact":"114586","type_contact":"","categorie_contact":"PRESTATAIRE","societe_contact":"","fonction_contact":"","civilite_nom_prenom_contact":"Vandeplas - Ducrin Danielle ","adresse1_contact":"","adresse2_contact":"","adresse3_contact":"","cpostal_contact":"","ville_contact":"","teldom_contact":"","telbur_contact":"","fax_contact":"","portable_contact":"","email_contact":"","siteweb_contact":"","commentaire_contact":"","langue_contact":"","autre_moyen_com":[]}},"GEST":{"114588":{"id_contact":"114588","type_contact":"GEST","categorie_contact":"PRESTATAIRE","societe_contact":"","fonction_contact":"","civilite_nom_prenom_contact":"Vandeplas - Ducrin Danielle ","adresse1_contact":"609 chemin Bertrand Marin","adresse2_contact":"","adresse3_contact":"","cpostal_contact":"83136","ville_contact":"Sainte-Anastasie-sur-Issole","teldom_contact":"","telbur_contact":"","fax_contact":"","portable_contact":"06 51 55 67 84","email_contact":"dany.ducrin@gmail.com","siteweb_contact":"","commentaire_contact":"","langue_contact":"","autre_moyen_com":[]}}},"Libelle":"Vandeplas - Ducrin Danielle","Nom":"Vandeplas - Ducrin Danielle ","Prenom":"","NomPrenom":"Vandeplas - Ducrin Danielle  ","CiviliteNomPrenom":"Vandeplas - Ducrin Danielle  ","Cle":"G|6061460","PrestataireParent":"","ContexteStat":"PRESTATAIRE-G-6061460","DateModificationIso":"2025-11-19T00:31:00+01:00","Type":"PRESTATAIRE","TypePrestataire":"G","Adresse":{"LigneAdresse1":"","LigneAdresse2":"","LigneAdresse3":"","CodePostal":"","Ville":"","Cedex":"","Etat":"","Pays":""},"Email":"dany.ducrin@gmail.com","Telephone":"","TelephoneBureau":"","Portable":"06 51 55 67 84","SiteWeb":"","Fax":"","Id":"g-6061460","Code":"G|6061460","Fichier":[],"Url":"","Localisation":{"GoogleMap":{"Latitude":"43.34102","Longitude":"6.115811"}},"ZoneGeo":"","Criteres":{"GINFADH[GDEB":"20220320","GTIMMO[GPARTI":"","P.3218[311230":"","P.3233[591419":"","P.5310[4649272":"","P.3227[4777382":"","P.3219[5127066":"","P.3219[7242385":"","P.3228[5633694":"","P.3228[5633741":"","P.VilleSitra[34148":"","P.VillageDeDepart[34148":""},"DateFinPublication":"","AffichageCoordonnees":[]},"listeCriteres":{"DISPONIBILITES":{"DISPORELANCE":"","PLANNINGACT":""},"GPREST":{"GLOCAS":""},"GCAPACITE":{"2PERS":""},"NBPERS":{"GCAP02":""},"GLOGEM":{"GSTRES":""},"GEQUIC":{"GLAVEV":""},"GPARKI":{"GPARKC":"","GPARKE":""},"PUBLICATION":{"VALDALLOS":"","VERDONTOURISME":""},"VISIBWEB":{"PLANNINGVISIBLE":""},"AFFGTYPE":{"STUDIO":""},"GNOMBRE":{"2PERS":""},"AFFEQUIP":{"PARKING":"","LAVEVAIS":""},"GLOC":{"G14":""},"LOCVERDON":{"1559":""},"AFFPRES":{"AFFP3":""},"122":{"803":"","4054":"","4055":"","4063":""},"127":{"811":""},"126":{"972":"","1323":""},"prestations":{"surchargeTourismesAdaptes":"","surchargeDescriptifHandicapMoteur":"","surchargeDescriptifHandicapAuditif":"","surchargeDescriptifHandicapVisuel":"","surchargeDescriptifHandicapMental":"","surchargeNombreFauteuilsRoulants":""},"73":{"796":"","973":""},"70":{"895":"","907":"","922":"","943":"","946":"","999":"","5914":""},"68":{"971":""},"71":{"987":""},"languesParlees":{"1197":""},"environnements":{"171":"","188":""},"modesPaiement":{"1277":"","1281":""},"tourismeAffaires":{"tourismeAffairesEnabled":"","devise":"EUR"},"hebergementLocatifType":{"2620":""},"informationsHebergementLocatif":{"dateClassement":"2022-03-11"},"classementPrefectoral":{"2629":""},"5401":{"1632":""},"5403":{"1681":""},"capacite":{"capaciteHebergement":"2","capaciteMaximumPossible":"2","nombreSallesDeBain":"1","nombreWC":"1","nombreLitsDoubles":"2","surface":"22","nombrePieces":"1","numeroEtage":"1"},"CINTSITRA":{"5660":"","8809":""},"6241":{"126905":"","5740912":""},"3218":{"311229":""},"3220":{"587401":"","5575332":""},"3233":{"591419":""},"3221":{"4876304":""},"3219":{"5127127":"","5239406":"","6436838":""},"3240":{"5778284":""},"6242":{"5843488":""},"3230":{"6139211":""},"VilleSitra":{"1559":""},"VillageDeDepart":{"1559":""},"GINFADH":{"GDEB":"20220320"},"GTIMMO":{"GPARTI":""},"P.3218":{"311230":""},"P.3233":{"591419":""},"P.5310":{"4649272":""},"P.3227":{"4777382":""},"P.3219":{"5127066":"","7242385":""},"P.3228":{"5633694":"","5633741":""},"P.VilleSitra":{"34148":""},"P.VillageDeDepart":{"34148":""}},"dansCarnetVoyage":true,"Ouverture":"","WidgetDispoRechercheDate":false,"WidgetDispoVoirLienVoirToutesDispos":true,"ChargerWidgetDispoAuClic":true,"WidgetDispo":"\u003Cspan\u003E\u003C\/span\u003E","JsOnClickBtnDispo":"\u003Cscript\u003E\n                try{\n                    WidgetDispos.addChargementAuClicBtnDispoAccordeon('PRESTATION-G-6061460-6061459',{tabParamsWidgetDispo : {\"id\":\"G|6061460|6061459\",\"origineListeInfo\":\"\",\"vue\":\"semaineLigne\",\"mode\":\"ajax\",\"url_fiche\":\"monolocale-in-una-reisdence-3-stelle-val-dallos-le-village.html\",\"id_form_contact\":\"42\",\"version\":\"2\",\"parametersWidgetV2\":{\"el\":\"blocDispo-PRESTATION-G-6061460-6061459\",\"object\":{\"code\":\"G|6061460|6061459\"},\"cid\":\"8\",\"site\":{\"code\":\"SITE2018\",\"url\":\"https:\\\/\\\/it.valdallos.com\"},\"slider\":{\"controls\":{\"arrows\":{\"enable\":true,\"showLocked\":true,\"style\":\"button\"}}},\"booking\":{\"enable\":false,\"waitForWindowLoad\":false,\"parameters\":{\"idWidget\":\"blocResa-PRESTATION-G-6061460-6061459\",\"queryParams\":null,\"withoutForm\":true}},\"options\":{\"typeDate\":\"SS\",\"elReferer\":\"PRESTATION-G-6061460-6061459\",\"ingContext\":\"RESA\",\"urlFiche\":\"monolocale-in-una-reisdence-3-stelle-val-dallos-le-village.html\",\"startDate\":null,\"templates\":{\"Week\":\"semaine\",\"Days\":\"mois\"},\"plugContactForm\":\"42\"}}},idBloc : \"blocDispo-PRESTATION-G-6061460-6061459\",prestation : \"G|6061460|6061459\"});\n                }\n                catch(e) {\n                    \/\/console.log(e);\n                }\u003C\/script\u003E"},"html":" \n \u003Cdiv id=\"CV-PRESTATION-G-6061460-6061459\" data-contexte-id=\"PRESTATION|G|6061460|6061459\" data-cle=\"G|6061460|6061459\" class=\"fiche-liste\"\u003E\n    \n\n    \u003C!-- partie photo --\u003E\n    \u003Cdiv class=\"photo\"\u003E\t\t\t\t\t\t\t\t\t\t\t\t\t\t\t\t\t\t\t\t\t\n        \u003Cdiv class=\"cadre_photo_principale\"\u003E\t\t\n        \n            \t\t\t\t\t\n                    \u003Ca href=\"monolocale-in-una-reisdence-3-stelle-val-dallos-le-village.html?origine=carnet#media\"\u003E\n                        \u003Cimg class=\"photo_principale\" alt=\"S\u00e9jour de studio lumineux avec canap\u00e9 et fauteuils, table basse, coin cuisine \u00e9quip\u00e9, ameublement bois, fen\u00eatres\" src=\"https:\/\/www.valdallos.com\/medias\/images\/prestations\/multitailles\/320x240_79094-1_img_3362_copie.jpg\" itemprop=\"image\"\u003E\n                    \u003C\/a\u003E\t\t\t\t\t\t\n                \n                    \u003C\/div\u003E\t\t\t\t\t\t\t\t\t\t\t\t\t\t\t\t\t\t\t \t\t\n    \u003C\/div\u003E\n    \n    \u003C!-- partie nom prest --\u003E\n    \u003Cdiv class=\"nom\"\u003E\n        \u003Ch2\u003EVandeplas - Ducrin Danielle\u003C\/h2\u003E\n        \n            \u003C\/div\u003E\n\n         \n    \u003C!-- partie adresse --\u003E\n    \u003Cdiv class=\"adresse\"\u003E\n    \n          \n    \u003C\/div\u003E\n    \n    \u003C!-- partie liens --\u003E\n    \u003Cdiv class=\"liens\"\u003E\n            \u003Ca class=\"btn-icon btn-view \" title=\"Vedi il file dettagliato\" href=\"monolocale-in-una-reisdence-3-stelle-val-dallos-le-village.html?origine=carnet\"\u003E\u003C\/a\u003E\u003C!--\u003Ca class=\"btn-icon btn-view \" title=\"\" href=\"?origine=carnet#thaut\"\u003E\u003C\/a\u003E--\u003E\n      \u003Ca class=\"btn-icon btn-trash carnet_voyage_supprimer\" title=\"Elimina questo file dal mio diario di viaggio\" href=\"carnet-voyage?action=remove&fiche=G|6061460|6061459\"\u003E\u003C\/a\u003E\n    \u003C\/div\u003E\n\n\u003C\/div\u003E\n\n","icon":"https:\/\/static.ingenie.fr\/images\/carnetVoyageV3\/G.png"},"fiche":"G|6061460|6061459","popup":"\u003Cdiv id=\"bloc_popup_ajout_fiche_carnet\"\u003E\n    \u003Cdiv class=\"info_popup_ajout_fiche_carnet\"\u003E\n        Hai appena aggiunto questo elemento alla tua selezione:    \u003C\/div\u003E\n    \u003Cdiv class=\"prest_popup_ajout_fiche_carnet\"\u003E\n        Vandeplas - Ducrin Danielle    \u003C\/div\u003E\n    \u003Cdiv class=\"bloc_btn_ajout_fiche_carnet form_submit_div\"\u003E\n        \u003Cinput type=\"button\" value=\"Continua la mia selezione\" title=\"Continua la mia selezione\" name=\"btn_close\" class=\"btn_close_popup_carnet form_submit\" onclick=\"$.colorbox.close()\" \/\u003E\n        \u003Cinput type=\"button\" value=\"Visualizza la mia selezione\" title=\"Visualizza la mia selezione\" name=\"btn_panier\" class=\"btn_panier_popup_carnet form_submit\" onclick=\"if(typeof CarnetVoyage != 'undefined') {CarnetVoyage.voirCarnet();}\" \/\u003E\n    \u003C\/div\u003E\n    \u003Cdiv class=\"bloc_btn_ajout_fiche_carnet\"\u003E\n        \u003Cinput type=\"checkbox\" value=\"1\" name=\"desactiver_popup\" id=\"desactiver_popup\" \/\u003E\n        \u003Clabel for=\"desactiver_popup\"\u003ENon visualizzare pi\u00f9 questo messaggio\u003C\/label\u003E\n    \u003C\/div\u003E\n\u003C\/div\u003E","success":1}