{"nbFiches":1,"dataPrest":{"infoPrest":{"pave1":{"libelle":"Descriptif","contenu":"\u003Cspan style=\"line-height: 20.7999992370605px;\"\u003EConfortevole residence nel centro e vicino alle piste\u003C\/span\u003E","fichiers":[]},"pave2":{"libelle":"Indirizzo","contenu":"","fichiers":[]},"pave3":{"libelle":"Tarifs Hiver","contenu":"","fichiers":[]},"pave4":{"libelle":"Tarifs Et\u00e9","contenu":"","fichiers":[]},"pave5":{"libelle":"URL de la r\u00e9servation ou vente en ligne","contenu":"","fichiers":[]},"pave6":{"libelle":"Descriptif court","contenu":"","fichiers":[]},"pave7":{"libelle":"Descriptif d\u00e9taill\u00e9","contenu":"","fichiers":[]},"pave8":{"libelle":"Bons plans","contenu":"","fichiers":[]},"pave9":{"libelle":"Compl\u00e9ment localisation","contenu":"","fichiers":[]},"pave10":{"libelle":"Compl\u00e9ment accueil","contenu":"","fichiers":[]},"pave11":{"libelle":"P\u00e9riodes en clair","contenu":"","fichiers":[]},"pave12":{"libelle":"Tarifs en clair","contenu":"","fichiers":[]},"pave13":{"libelle":"Compl\u00e9ment Tarifs","contenu":"","fichiers":[]},"pave14":{"libelle":"Compl\u00e9ment R\u00e9servation","contenu":"","fichiers":[]},"pave15":{"libelle":"Descriptif court","contenu":"","fichiers":[]},"pave16":{"libelle":"Descriptif d\u00e9taill\u00e9","contenu":"","fichiers":[]},"pave17":{"libelle":"Bons plans","contenu":"","fichiers":[]},"pave18":{"libelle":"Tarifs (Tarifs en clair, Compl\u00e9ment Tarifs)","contenu":"","fichiers":[]},"pave19":{"libelle":"P\u00e9riodes en clair","contenu":"","fichiers":[]},"pave20":{"libelle":"Descriptif court","contenu":"","fichiers":[]},"pave21":{"libelle":"Descriptif d\u00e9taill\u00e9","contenu":"","fichiers":[]},"pave22":{"libelle":"Bons plans","contenu":"","fichiers":[]},"pave23":{"libelle":"Tarifs (Tarifs en clair, Compl\u00e9ment Tarifs)","contenu":"","fichiers":[]},"pave24":{"libelle":"P\u00e9riodes en clair","contenu":"","fichiers":[]},"pave25":{"libelle":"Dispositions sp\u00e9ciales","contenu":"","fichiers":[]},"Libelle":"R\u00e9sidence de tourisme Vacanc\u00e9ole  \u201ccentral park\u201c","Reference":"","Reftar":"","Type":"PRESTATION","TypePrestataire":"G","ContexteStat":"PRESTATION-G-631175-01","DateModificationIso":"2026-04-27T13:46:00+02:00","Adresse":{"LigneAdresse1":"centre station","LigneAdresse2":"labellemontagne","LigneAdresse3":"","CodePostal":"04260","Ville":"LA FOUX D'ALLOS","Cedex":"","Etat":"","Pays":"FRA"},"Id":"g-631175-01","Code":"G|631175|01","Cle":"G|631175|01","Url":"residenza-central-park-val-dallos-la-foux-1.html","Localisation":{"GoogleMap":{"Latitude":"44.28908","Longitude":"6.56938"}},"ZoneGeo":"","Criteres":{"DISPONIBILITES[DISPORELANCE":"","GPREST[GLOCAS":"","GPREST[GCOU":"","GCAPACITE[9PERS":"","GLABEL[GCLEVA":"","GLOGEM[GAPPRE":"","GCHAR[GCHARC":"","GHANDI[GACCHA":"","GEQUIS[GCHSAT":"","GEQUIS[GTELEV":"","GPARKI[GPARKC":"","GFAMPLUS[GMICRO":"","GFAMPLUS[GLANGE":"","GFAMPLUS[GCHAISEHAUT":"","GFAMPLUS[GJEUXINT":"","GFAMPLUS[GLITBEBE":"","GFAMPLUS[GOFFRE":"sauna et hammam, r\u00e9sidence en coeur de station, pr\u00eat de mat\u00e9riel","CINTSITRA[8809":"","CINTSITRA[5660":"","VilleSitra[37282":"","PUBLICATION[VALDALLOS":"","PUBLICATION[VERDONTOURISME":"","AFFGTYPE[APPART":"","GNOMBRE[8PERS":"","AFFEQUIP[PARKING":"","GLOC[G18":"","LOCVERDON[37282":""},"Prestataire":{"pave1":{"libelle":"Descrittivo","contenu":""},"pave2":{"libelle":"Descriptif court","contenu":"Situato in posizione ideale nel centro della localit\u00e0, il residence turistico Central Park vi d\u00e0 il benvenuto nella Val d'Allos."},"pave3":{"libelle":"Descriptif d\u00e9taill\u00e9","contenu":""},"pave4":{"libelle":"Bons plans","contenu":""},"pave5":{"libelle":"Compl\u00e9ment localisation","contenu":""},"pave6":{"libelle":"Compl\u00e9ment accueil","contenu":""},"pave7":{"libelle":"P\u00e9riodes en clair","contenu":"Dal 19\/12\/2025 al 22\/03\/2026 ogni giorno.\u003Cbr \/\u003E\n\u003Cbr \/\u003E\nDal 26\/06 al 30\/08\/2026 ogni giorno."},"pave8":{"libelle":"Tarifs en clair","contenu":"Tasse non incluse."},"pave9":{"libelle":"Compl\u00e9ment Tarifs","contenu":""},"pave10":{"libelle":"Compl\u00e9ment R\u00e9servation","contenu":""},"pave11":{"libelle":"Descriptif court","contenu":""},"pave12":{"libelle":"Descriptif d\u00e9taill\u00e9","contenu":""},"pave13":{"libelle":"Bons plans","contenu":""},"pave14":{"libelle":"Tarifs (Tarifs en clair, Compl\u00e9ment Tarifs)","contenu":""},"pave15":{"libelle":"P\u00e9riodes en clair","contenu":""},"pave16":{"libelle":"Descriptif court","contenu":""},"pave17":{"libelle":"Descriptif d\u00e9taill\u00e9","contenu":""},"pave18":{"libelle":"Bons plans","contenu":""},"pave19":{"libelle":"Tarifs (Tarifs en clair, Compl\u00e9ment Tarifs)","contenu":""},"pave20":{"libelle":"P\u00e9riodes en clair","contenu":""},"pave21":{"libelle":"Dispositions sp\u00e9ciales","contenu":""},"pave22":{"libelle":"Nouveaut\u00e9s","contenu":""},"pave23":{"libelle":"Gestes pour l'environnement","contenu":""},"pave24":{"libelle":"","contenu":""},"pave25":{"libelle":"","contenu":""},"ContactsParType":{"COM":{"118132":{"id_contact":"118132","type_contact":"COM","categorie_contact":"PRESTATAIRE","societe_contact":"","fonction_contact":"","civilite_nom_prenom_contact":"Braymand Nicolas ","adresse1_contact":"","adresse2_contact":"","adresse3_contact":"","cpostal_contact":"","ville_contact":"","teldom_contact":"","telbur_contact":"","fax_contact":"","portable_contact":"","email_contact":"","siteweb_contact":"","commentaire_contact":"","langue_contact":"","autre_moyen_com":[]}},"RES":{"118133":{"id_contact":"118133","type_contact":"RES","categorie_contact":"PRESTATAIRE","societe_contact":"","fonction_contact":"","civilite_nom_prenom_contact":"Vacanceole ","adresse1_contact":"","adresse2_contact":"","adresse3_contact":"","cpostal_contact":"","ville_contact":"","teldom_contact":"04 79 75 75 20","telbur_contact":"","fax_contact":"","portable_contact":"","email_contact":"","siteweb_contact":"","commentaire_contact":"","langue_contact":"","autre_moyen_com":[]}}},"ZoneGeoLibelle":"Val d\u2019Allos \u2013 La Foux","Libelle":"Residenza Central Park","Nom":"R\u00e9sidence  Central Park","Prenom":"","NomPrenom":"R\u00e9sidence  Central Park ","CiviliteNomPrenom":"R\u00e9sidence  Central Park ","Cle":"G|631175","PrestataireParent":"","ContexteStat":"PRESTATAIRE-G-631175","DateModificationIso":"2026-04-16T00:25:00+02:00","Type":"PRESTATAIRE","TypePrestataire":"G","Adresse":{"LigneAdresse1":"centre station","LigneAdresse2":"Val d'Allos - La Foux","LigneAdresse3":"","CodePostal":"04260","Ville":"La Foux d\u2019Allos","Cedex":"","Etat":"","Pays":"FRA"},"Email":"reservations@vacanceole.com","Telephone":"04 79 75 75 20","TelephoneBureau":"04 92 83 00 33","Portable":"","SiteWeb":"https:\/\/vacanceole.com\/location-vacances\/24-residence-central-park-la-foux-allos","Fax":"","Id":"g-631175","Code":"G|631175","Fichier":{"Image":[{"url":"https:\/\/www.valdallos.com\/medias\/images\/prestataires\/139027-central_park_reception.jpg","chemin":"..\/medias\/images\/prestataires\/139027-central_park_reception.jpg","libelle":"Hall d'entr\u00e9e de la r\u00e9sidence, tables et chaises en bois, panneaux d'affichages, r\u00e9ception.","extension":"jpg","categorie":"","largeur":2000,"theme":"","hauteur":1500,"type":"Image","origine":"","liaisonPave":"","langue":"","id":"139027","urlVignette":"https:\/\/www.valdallos.com\/medias\/images\/prestataires\/v-139027-central_park_reception.jpg","alt":"Hall d'entr\u00e9e de la r\u00e9sidence, tables et chaises en bois, panneaux d'affichages, r\u00e9ception.","title":"Hall d'entr\u00e9e de la r\u00e9sidence, tables et chaises en bois, panneaux d'affichages, r\u00e9ception.","MultiTaille":{"1920x1440":{"url":"https:\/\/www.valdallos.com\/medias\/images\/prestataires\/multitailles\/1920x1440_139027-central_park_reception.jpg"},"1200x900":{"url":"https:\/\/www.valdallos.com\/medias\/images\/prestataires\/multitailles\/1200x900_139027-central_park_reception.jpg"},"800x600":{"url":"https:\/\/www.valdallos.com\/medias\/images\/prestataires\/multitailles\/800x600_139027-central_park_reception.jpg"},"640x480":{"url":"https:\/\/www.valdallos.com\/medias\/images\/prestataires\/multitailles\/640x480_139027-central_park_reception.jpg"},"320x240":{"url":"https:\/\/www.valdallos.com\/medias\/images\/prestataires\/multitailles\/320x240_139027-central_park_reception.jpg"},"160x120":{"url":"https:\/\/www.valdallos.com\/medias\/images\/prestataires\/multitailles\/160x120_139027-central_park_reception.jpg"},"origine":{"url":"https:\/\/www.valdallos.com\/medias\/images\/prestataires\/139027-central_park_reception.jpg"}},"urlLien":"","typeLien":"","nofollow":"N","copyright":"vacanceole"},{"url":"https:\/\/www.valdallos.com\/medias\/images\/prestataires\/139028-central_park_salon.jpg","chemin":"..\/medias\/images\/prestataires\/139028-central_park_salon.jpg","libelle":"Salon d'appartement lumineux avec canap\u00e9, fauteuil, table basse, porte-fen\u00eatre donnant sur une terrasse","extension":"jpg","categorie":"","largeur":2000,"theme":"","hauteur":1502,"type":"Image","origine":"","liaisonPave":"","langue":"","id":"139028","urlVignette":"https:\/\/www.valdallos.com\/medias\/images\/prestataires\/v-139028-central_park_salon.jpg","alt":"Salon d'appartement lumineux avec canap\u00e9, fauteuil, table basse, porte-fen\u00eatre donnant sur une terrasse","title":"Salon d'appartement lumineux avec canap\u00e9, fauteuil, table basse, porte-fen\u00eatre donnant sur une terrasse","MultiTaille":{"1920x1440":{"url":"https:\/\/www.valdallos.com\/medias\/images\/prestataires\/multitailles\/1920x1440_139028-central_park_salon.jpg"},"1200x900":{"url":"https:\/\/www.valdallos.com\/medias\/images\/prestataires\/multitailles\/1200x900_139028-central_park_salon.jpg"},"800x600":{"url":"https:\/\/www.valdallos.com\/medias\/images\/prestataires\/multitailles\/800x600_139028-central_park_salon.jpg"},"640x480":{"url":"https:\/\/www.valdallos.com\/medias\/images\/prestataires\/multitailles\/640x480_139028-central_park_salon.jpg"},"320x240":{"url":"https:\/\/www.valdallos.com\/medias\/images\/prestataires\/multitailles\/320x240_139028-central_park_salon.jpg"},"160x120":{"url":"https:\/\/www.valdallos.com\/medias\/images\/prestataires\/multitailles\/160x120_139028-central_park_salon.jpg"},"origine":{"url":"https:\/\/www.valdallos.com\/medias\/images\/prestataires\/139028-central_park_salon.jpg"}},"urlLien":"","typeLien":"","nofollow":"N","copyright":"vacanceole"},{"url":"https:\/\/www.valdallos.com\/medias\/images\/prestataires\/139029-central_park_cuisine.jpg","chemin":"..\/medias\/images\/prestataires\/139029-central_park_cuisine.jpg","libelle":"S\u00e9jour d'appartement, table \u00e0 manger, coin cuisine avec plaques \u00e9lectriques, lave-vaisselle, micro-ondes","extension":"jpg","categorie":"","largeur":1936,"theme":"","hauteur":1296,"type":"Image","origine":"","liaisonPave":"","langue":"","id":"139029","urlVignette":"https:\/\/www.valdallos.com\/medias\/images\/prestataires\/v-139029-central_park_cuisine.jpg","alt":"S\u00e9jour d'appartement, table \u00e0 manger, coin cuisine avec plaques \u00e9lectriques, lave-vaisselle, micro-ondes","title":"S\u00e9jour d'appartement, table \u00e0 manger, coin cuisine avec plaques \u00e9lectriques, lave-vaisselle, micro-ondes","MultiTaille":{"1920x1440":{"url":"https:\/\/www.valdallos.com\/medias\/images\/prestataires\/multitailles\/1920x1440_139029-central_park_cuisine.jpg"},"1200x900":{"url":"https:\/\/www.valdallos.com\/medias\/images\/prestataires\/multitailles\/1200x900_139029-central_park_cuisine.jpg"},"800x600":{"url":"https:\/\/www.valdallos.com\/medias\/images\/prestataires\/multitailles\/800x600_139029-central_park_cuisine.jpg"},"640x480":{"url":"https:\/\/www.valdallos.com\/medias\/images\/prestataires\/multitailles\/640x480_139029-central_park_cuisine.jpg"},"320x240":{"url":"https:\/\/www.valdallos.com\/medias\/images\/prestataires\/multitailles\/320x240_139029-central_park_cuisine.jpg"},"160x120":{"url":"https:\/\/www.valdallos.com\/medias\/images\/prestataires\/multitailles\/160x120_139029-central_park_cuisine.jpg"},"origine":{"url":"https:\/\/www.valdallos.com\/medias\/images\/prestataires\/139029-central_park_cuisine.jpg"}},"urlLien":"","typeLien":"","nofollow":"N","copyright":"vacanceole"},{"url":"https:\/\/www.valdallos.com\/medias\/images\/prestataires\/139030-central_park_chambre.jpg","chemin":"..\/medias\/images\/prestataires\/139030-central_park_chambre.jpg","libelle":"Chambre \u00e0 coucher avec lit double, ameublement bois, fen\u00eatre","extension":"jpg","categorie":"","largeur":2000,"theme":"","hauteur":1519,"type":"Image","origine":"","liaisonPave":"","langue":"","id":"139030","urlVignette":"https:\/\/www.valdallos.com\/medias\/images\/prestataires\/v-139030-central_park_chambre.jpg","alt":"Chambre \u00e0 coucher avec lit double, ameublement bois, fen\u00eatre","title":"Chambre \u00e0 coucher avec lit double, ameublement bois, fen\u00eatre","MultiTaille":{"1920x1440":{"url":"https:\/\/www.valdallos.com\/medias\/images\/prestataires\/multitailles\/1920x1440_139030-central_park_chambre.jpg"},"1200x900":{"url":"https:\/\/www.valdallos.com\/medias\/images\/prestataires\/multitailles\/1200x900_139030-central_park_chambre.jpg"},"800x600":{"url":"https:\/\/www.valdallos.com\/medias\/images\/prestataires\/multitailles\/800x600_139030-central_park_chambre.jpg"},"640x480":{"url":"https:\/\/www.valdallos.com\/medias\/images\/prestataires\/multitailles\/640x480_139030-central_park_chambre.jpg"},"320x240":{"url":"https:\/\/www.valdallos.com\/medias\/images\/prestataires\/multitailles\/320x240_139030-central_park_chambre.jpg"},"160x120":{"url":"https:\/\/www.valdallos.com\/medias\/images\/prestataires\/multitailles\/160x120_139030-central_park_chambre.jpg"},"origine":{"url":"https:\/\/www.valdallos.com\/medias\/images\/prestataires\/139030-central_park_chambre.jpg"}},"urlLien":"","typeLien":"","nofollow":"N","copyright":"vacanceole"},{"url":"https:\/\/www.valdallos.com\/medias\/images\/prestataires\/139031-central_park_ete.jpg","chemin":"..\/medias\/images\/prestataires\/139031-central_park_ete.jpg","libelle":"Vue ext\u00e9rieure de la r\u00e9sidence \u00e0 la Foux, sur plusieurs \u00e9tages avec terrasses","extension":"jpg","categorie":"","largeur":2000,"theme":"ETE","hauteur":1500,"type":"Image","origine":"","liaisonPave":"","langue":"","id":"139031","urlVignette":"https:\/\/www.valdallos.com\/medias\/images\/prestataires\/v-139031-central_park_ete.jpg","alt":"Vue ext\u00e9rieure de la r\u00e9sidence \u00e0 la Foux, sur plusieurs \u00e9tages avec terrasses","title":"Vue ext\u00e9rieure de la r\u00e9sidence \u00e0 la Foux, sur plusieurs \u00e9tages avec terrasses","MultiTaille":{"1920x1440":{"url":"https:\/\/www.valdallos.com\/medias\/images\/prestataires\/multitailles\/1920x1440_139031-central_park_ete.jpg"},"1200x900":{"url":"https:\/\/www.valdallos.com\/medias\/images\/prestataires\/multitailles\/1200x900_139031-central_park_ete.jpg"},"800x600":{"url":"https:\/\/www.valdallos.com\/medias\/images\/prestataires\/multitailles\/800x600_139031-central_park_ete.jpg"},"640x480":{"url":"https:\/\/www.valdallos.com\/medias\/images\/prestataires\/multitailles\/640x480_139031-central_park_ete.jpg"},"320x240":{"url":"https:\/\/www.valdallos.com\/medias\/images\/prestataires\/multitailles\/320x240_139031-central_park_ete.jpg"},"160x120":{"url":"https:\/\/www.valdallos.com\/medias\/images\/prestataires\/multitailles\/160x120_139031-central_park_ete.jpg"},"origine":{"url":"https:\/\/www.valdallos.com\/medias\/images\/prestataires\/139031-central_park_ete.jpg"}},"urlLien":"","typeLien":"","nofollow":"N","copyright":"vacanceole"},{"url":"https:\/\/www.valdallos.com\/medias\/images\/prestataires\/139032-central_park_hiver_zomm.jpg","chemin":"..\/medias\/images\/prestataires\/139032-central_park_hiver_zomm.jpg","libelle":"Vue de face des \u00e9tages sup\u00e9rieurs de la r\u00e9sidence, avec terrasses et fen\u00eatres","extension":"jpg","categorie":"","largeur":1936,"theme":"HIVER","hauteur":1296,"type":"Image","origine":"","liaisonPave":"","langue":"","id":"139032","urlVignette":"https:\/\/www.valdallos.com\/medias\/images\/prestataires\/v-139032-central_park_hiver_zomm.jpg","alt":"Vue de face des \u00e9tages sup\u00e9rieurs de la r\u00e9sidence, avec terrasses et fen\u00eatres","title":"Vue de face des \u00e9tages sup\u00e9rieurs de la r\u00e9sidence, avec terrasses et fen\u00eatres","MultiTaille":{"1920x1440":{"url":"https:\/\/www.valdallos.com\/medias\/images\/prestataires\/multitailles\/1920x1440_139032-central_park_hiver_zomm.jpg"},"1200x900":{"url":"https:\/\/www.valdallos.com\/medias\/images\/prestataires\/multitailles\/1200x900_139032-central_park_hiver_zomm.jpg"},"800x600":{"url":"https:\/\/www.valdallos.com\/medias\/images\/prestataires\/multitailles\/800x600_139032-central_park_hiver_zomm.jpg"},"640x480":{"url":"https:\/\/www.valdallos.com\/medias\/images\/prestataires\/multitailles\/640x480_139032-central_park_hiver_zomm.jpg"},"320x240":{"url":"https:\/\/www.valdallos.com\/medias\/images\/prestataires\/multitailles\/320x240_139032-central_park_hiver_zomm.jpg"},"160x120":{"url":"https:\/\/www.valdallos.com\/medias\/images\/prestataires\/multitailles\/160x120_139032-central_park_hiver_zomm.jpg"},"origine":{"url":"https:\/\/www.valdallos.com\/medias\/images\/prestataires\/139032-central_park_hiver_zomm.jpg"}},"urlLien":"","typeLien":"","nofollow":"N","copyright":"vacanceole"},{"url":"https:\/\/www.valdallos.com\/medias\/images\/prestataires\/139033-central_park_hiver.jpg","chemin":"..\/medias\/images\/prestataires\/139033-central_park_hiver.jpg","libelle":"Vue de la r\u00e9sidence sur 4 \u00e9tages avec terrasses enneig\u00e9es","extension":"jpg","categorie":"","largeur":1936,"theme":"HIVER","hauteur":1296,"type":"Image","origine":"","liaisonPave":"","langue":"","id":"139033","urlVignette":"https:\/\/www.valdallos.com\/medias\/images\/prestataires\/v-139033-central_park_hiver.jpg","alt":"Vue de la r\u00e9sidence sur 4 \u00e9tages avec terrasses enneig\u00e9es","title":"Vue de la r\u00e9sidence sur 4 \u00e9tages avec terrasses enneig\u00e9es","MultiTaille":{"1920x1440":{"url":"https:\/\/www.valdallos.com\/medias\/images\/prestataires\/multitailles\/1920x1440_139033-central_park_hiver.jpg"},"1200x900":{"url":"https:\/\/www.valdallos.com\/medias\/images\/prestataires\/multitailles\/1200x900_139033-central_park_hiver.jpg"},"800x600":{"url":"https:\/\/www.valdallos.com\/medias\/images\/prestataires\/multitailles\/800x600_139033-central_park_hiver.jpg"},"640x480":{"url":"https:\/\/www.valdallos.com\/medias\/images\/prestataires\/multitailles\/640x480_139033-central_park_hiver.jpg"},"320x240":{"url":"https:\/\/www.valdallos.com\/medias\/images\/prestataires\/multitailles\/320x240_139033-central_park_hiver.jpg"},"160x120":{"url":"https:\/\/www.valdallos.com\/medias\/images\/prestataires\/multitailles\/160x120_139033-central_park_hiver.jpg"},"origine":{"url":"https:\/\/www.valdallos.com\/medias\/images\/prestataires\/139033-central_park_hiver.jpg"}},"urlLien":"","typeLien":"","nofollow":"N","copyright":"vacanceole"}],"ByCategorie":{"":[{"url":"https:\/\/www.valdallos.com\/medias\/images\/prestataires\/139027-central_park_reception.jpg","chemin":"..\/medias\/images\/prestataires\/139027-central_park_reception.jpg","libelle":"Hall d'entr\u00e9e de la r\u00e9sidence, tables et chaises en bois, panneaux d'affichages, r\u00e9ception.","extension":"jpg","categorie":"","largeur":2000,"theme":"","hauteur":1500,"type":"Image","origine":"","liaisonPave":"","langue":"","id":"139027","urlVignette":"https:\/\/www.valdallos.com\/medias\/images\/prestataires\/v-139027-central_park_reception.jpg","alt":"Hall d'entr\u00e9e de la r\u00e9sidence, tables et chaises en bois, panneaux d'affichages, r\u00e9ception.","title":"Hall d'entr\u00e9e de la r\u00e9sidence, tables et chaises en bois, panneaux d'affichages, r\u00e9ception.","MultiTaille":{"1920x1440":{"url":"https:\/\/www.valdallos.com\/medias\/images\/prestataires\/multitailles\/1920x1440_139027-central_park_reception.jpg"},"1200x900":{"url":"https:\/\/www.valdallos.com\/medias\/images\/prestataires\/multitailles\/1200x900_139027-central_park_reception.jpg"},"800x600":{"url":"https:\/\/www.valdallos.com\/medias\/images\/prestataires\/multitailles\/800x600_139027-central_park_reception.jpg"},"640x480":{"url":"https:\/\/www.valdallos.com\/medias\/images\/prestataires\/multitailles\/640x480_139027-central_park_reception.jpg"},"320x240":{"url":"https:\/\/www.valdallos.com\/medias\/images\/prestataires\/multitailles\/320x240_139027-central_park_reception.jpg"},"160x120":{"url":"https:\/\/www.valdallos.com\/medias\/images\/prestataires\/multitailles\/160x120_139027-central_park_reception.jpg"},"origine":{"url":"https:\/\/www.valdallos.com\/medias\/images\/prestataires\/139027-central_park_reception.jpg"}},"urlLien":"","typeLien":"","nofollow":"N","copyright":"vacanceole"},{"url":"https:\/\/www.valdallos.com\/medias\/images\/prestataires\/139028-central_park_salon.jpg","chemin":"..\/medias\/images\/prestataires\/139028-central_park_salon.jpg","libelle":"Salon d'appartement lumineux avec canap\u00e9, fauteuil, table basse, porte-fen\u00eatre donnant sur une terrasse","extension":"jpg","categorie":"","largeur":2000,"theme":"","hauteur":1502,"type":"Image","origine":"","liaisonPave":"","langue":"","id":"139028","urlVignette":"https:\/\/www.valdallos.com\/medias\/images\/prestataires\/v-139028-central_park_salon.jpg","alt":"Salon d'appartement lumineux avec canap\u00e9, fauteuil, table basse, porte-fen\u00eatre donnant sur une terrasse","title":"Salon d'appartement lumineux avec canap\u00e9, fauteuil, table basse, porte-fen\u00eatre donnant sur une terrasse","MultiTaille":{"1920x1440":{"url":"https:\/\/www.valdallos.com\/medias\/images\/prestataires\/multitailles\/1920x1440_139028-central_park_salon.jpg"},"1200x900":{"url":"https:\/\/www.valdallos.com\/medias\/images\/prestataires\/multitailles\/1200x900_139028-central_park_salon.jpg"},"800x600":{"url":"https:\/\/www.valdallos.com\/medias\/images\/prestataires\/multitailles\/800x600_139028-central_park_salon.jpg"},"640x480":{"url":"https:\/\/www.valdallos.com\/medias\/images\/prestataires\/multitailles\/640x480_139028-central_park_salon.jpg"},"320x240":{"url":"https:\/\/www.valdallos.com\/medias\/images\/prestataires\/multitailles\/320x240_139028-central_park_salon.jpg"},"160x120":{"url":"https:\/\/www.valdallos.com\/medias\/images\/prestataires\/multitailles\/160x120_139028-central_park_salon.jpg"},"origine":{"url":"https:\/\/www.valdallos.com\/medias\/images\/prestataires\/139028-central_park_salon.jpg"}},"urlLien":"","typeLien":"","nofollow":"N","copyright":"vacanceole"},{"url":"https:\/\/www.valdallos.com\/medias\/images\/prestataires\/139029-central_park_cuisine.jpg","chemin":"..\/medias\/images\/prestataires\/139029-central_park_cuisine.jpg","libelle":"S\u00e9jour d'appartement, table \u00e0 manger, coin cuisine avec plaques \u00e9lectriques, lave-vaisselle, micro-ondes","extension":"jpg","categorie":"","largeur":1936,"theme":"","hauteur":1296,"type":"Image","origine":"","liaisonPave":"","langue":"","id":"139029","urlVignette":"https:\/\/www.valdallos.com\/medias\/images\/prestataires\/v-139029-central_park_cuisine.jpg","alt":"S\u00e9jour d'appartement, table \u00e0 manger, coin cuisine avec plaques \u00e9lectriques, lave-vaisselle, micro-ondes","title":"S\u00e9jour d'appartement, table \u00e0 manger, coin cuisine avec plaques \u00e9lectriques, lave-vaisselle, micro-ondes","MultiTaille":{"1920x1440":{"url":"https:\/\/www.valdallos.com\/medias\/images\/prestataires\/multitailles\/1920x1440_139029-central_park_cuisine.jpg"},"1200x900":{"url":"https:\/\/www.valdallos.com\/medias\/images\/prestataires\/multitailles\/1200x900_139029-central_park_cuisine.jpg"},"800x600":{"url":"https:\/\/www.valdallos.com\/medias\/images\/prestataires\/multitailles\/800x600_139029-central_park_cuisine.jpg"},"640x480":{"url":"https:\/\/www.valdallos.com\/medias\/images\/prestataires\/multitailles\/640x480_139029-central_park_cuisine.jpg"},"320x240":{"url":"https:\/\/www.valdallos.com\/medias\/images\/prestataires\/multitailles\/320x240_139029-central_park_cuisine.jpg"},"160x120":{"url":"https:\/\/www.valdallos.com\/medias\/images\/prestataires\/multitailles\/160x120_139029-central_park_cuisine.jpg"},"origine":{"url":"https:\/\/www.valdallos.com\/medias\/images\/prestataires\/139029-central_park_cuisine.jpg"}},"urlLien":"","typeLien":"","nofollow":"N","copyright":"vacanceole"},{"url":"https:\/\/www.valdallos.com\/medias\/images\/prestataires\/139030-central_park_chambre.jpg","chemin":"..\/medias\/images\/prestataires\/139030-central_park_chambre.jpg","libelle":"Chambre \u00e0 coucher avec lit double, ameublement bois, fen\u00eatre","extension":"jpg","categorie":"","largeur":2000,"theme":"","hauteur":1519,"type":"Image","origine":"","liaisonPave":"","langue":"","id":"139030","urlVignette":"https:\/\/www.valdallos.com\/medias\/images\/prestataires\/v-139030-central_park_chambre.jpg","alt":"Chambre \u00e0 coucher avec lit double, ameublement bois, fen\u00eatre","title":"Chambre \u00e0 coucher avec lit double, ameublement bois, fen\u00eatre","MultiTaille":{"1920x1440":{"url":"https:\/\/www.valdallos.com\/medias\/images\/prestataires\/multitailles\/1920x1440_139030-central_park_chambre.jpg"},"1200x900":{"url":"https:\/\/www.valdallos.com\/medias\/images\/prestataires\/multitailles\/1200x900_139030-central_park_chambre.jpg"},"800x600":{"url":"https:\/\/www.valdallos.com\/medias\/images\/prestataires\/multitailles\/800x600_139030-central_park_chambre.jpg"},"640x480":{"url":"https:\/\/www.valdallos.com\/medias\/images\/prestataires\/multitailles\/640x480_139030-central_park_chambre.jpg"},"320x240":{"url":"https:\/\/www.valdallos.com\/medias\/images\/prestataires\/multitailles\/320x240_139030-central_park_chambre.jpg"},"160x120":{"url":"https:\/\/www.valdallos.com\/medias\/images\/prestataires\/multitailles\/160x120_139030-central_park_chambre.jpg"},"origine":{"url":"https:\/\/www.valdallos.com\/medias\/images\/prestataires\/139030-central_park_chambre.jpg"}},"urlLien":"","typeLien":"","nofollow":"N","copyright":"vacanceole"},{"url":"https:\/\/www.valdallos.com\/medias\/images\/prestataires\/139031-central_park_ete.jpg","chemin":"..\/medias\/images\/prestataires\/139031-central_park_ete.jpg","libelle":"Vue ext\u00e9rieure de la r\u00e9sidence \u00e0 la Foux, sur plusieurs \u00e9tages avec terrasses","extension":"jpg","categorie":"","largeur":2000,"theme":"ETE","hauteur":1500,"type":"Image","origine":"","liaisonPave":"","langue":"","id":"139031","urlVignette":"https:\/\/www.valdallos.com\/medias\/images\/prestataires\/v-139031-central_park_ete.jpg","alt":"Vue ext\u00e9rieure de la r\u00e9sidence \u00e0 la Foux, sur plusieurs \u00e9tages avec terrasses","title":"Vue ext\u00e9rieure de la r\u00e9sidence \u00e0 la Foux, sur plusieurs \u00e9tages avec terrasses","MultiTaille":{"1920x1440":{"url":"https:\/\/www.valdallos.com\/medias\/images\/prestataires\/multitailles\/1920x1440_139031-central_park_ete.jpg"},"1200x900":{"url":"https:\/\/www.valdallos.com\/medias\/images\/prestataires\/multitailles\/1200x900_139031-central_park_ete.jpg"},"800x600":{"url":"https:\/\/www.valdallos.com\/medias\/images\/prestataires\/multitailles\/800x600_139031-central_park_ete.jpg"},"640x480":{"url":"https:\/\/www.valdallos.com\/medias\/images\/prestataires\/multitailles\/640x480_139031-central_park_ete.jpg"},"320x240":{"url":"https:\/\/www.valdallos.com\/medias\/images\/prestataires\/multitailles\/320x240_139031-central_park_ete.jpg"},"160x120":{"url":"https:\/\/www.valdallos.com\/medias\/images\/prestataires\/multitailles\/160x120_139031-central_park_ete.jpg"},"origine":{"url":"https:\/\/www.valdallos.com\/medias\/images\/prestataires\/139031-central_park_ete.jpg"}},"urlLien":"","typeLien":"","nofollow":"N","copyright":"vacanceole"},{"url":"https:\/\/www.valdallos.com\/medias\/images\/prestataires\/139032-central_park_hiver_zomm.jpg","chemin":"..\/medias\/images\/prestataires\/139032-central_park_hiver_zomm.jpg","libelle":"Vue de face des \u00e9tages sup\u00e9rieurs de la r\u00e9sidence, avec terrasses et fen\u00eatres","extension":"jpg","categorie":"","largeur":1936,"theme":"HIVER","hauteur":1296,"type":"Image","origine":"","liaisonPave":"","langue":"","id":"139032","urlVignette":"https:\/\/www.valdallos.com\/medias\/images\/prestataires\/v-139032-central_park_hiver_zomm.jpg","alt":"Vue de face des \u00e9tages sup\u00e9rieurs de la r\u00e9sidence, avec terrasses et fen\u00eatres","title":"Vue de face des \u00e9tages sup\u00e9rieurs de la r\u00e9sidence, avec terrasses et fen\u00eatres","MultiTaille":{"1920x1440":{"url":"https:\/\/www.valdallos.com\/medias\/images\/prestataires\/multitailles\/1920x1440_139032-central_park_hiver_zomm.jpg"},"1200x900":{"url":"https:\/\/www.valdallos.com\/medias\/images\/prestataires\/multitailles\/1200x900_139032-central_park_hiver_zomm.jpg"},"800x600":{"url":"https:\/\/www.valdallos.com\/medias\/images\/prestataires\/multitailles\/800x600_139032-central_park_hiver_zomm.jpg"},"640x480":{"url":"https:\/\/www.valdallos.com\/medias\/images\/prestataires\/multitailles\/640x480_139032-central_park_hiver_zomm.jpg"},"320x240":{"url":"https:\/\/www.valdallos.com\/medias\/images\/prestataires\/multitailles\/320x240_139032-central_park_hiver_zomm.jpg"},"160x120":{"url":"https:\/\/www.valdallos.com\/medias\/images\/prestataires\/multitailles\/160x120_139032-central_park_hiver_zomm.jpg"},"origine":{"url":"https:\/\/www.valdallos.com\/medias\/images\/prestataires\/139032-central_park_hiver_zomm.jpg"}},"urlLien":"","typeLien":"","nofollow":"N","copyright":"vacanceole"},{"url":"https:\/\/www.valdallos.com\/medias\/images\/prestataires\/139033-central_park_hiver.jpg","chemin":"..\/medias\/images\/prestataires\/139033-central_park_hiver.jpg","libelle":"Vue de la r\u00e9sidence sur 4 \u00e9tages avec terrasses enneig\u00e9es","extension":"jpg","categorie":"","largeur":1936,"theme":"HIVER","hauteur":1296,"type":"Image","origine":"","liaisonPave":"","langue":"","id":"139033","urlVignette":"https:\/\/www.valdallos.com\/medias\/images\/prestataires\/v-139033-central_park_hiver.jpg","alt":"Vue de la r\u00e9sidence sur 4 \u00e9tages avec terrasses enneig\u00e9es","title":"Vue de la r\u00e9sidence sur 4 \u00e9tages avec terrasses enneig\u00e9es","MultiTaille":{"1920x1440":{"url":"https:\/\/www.valdallos.com\/medias\/images\/prestataires\/multitailles\/1920x1440_139033-central_park_hiver.jpg"},"1200x900":{"url":"https:\/\/www.valdallos.com\/medias\/images\/prestataires\/multitailles\/1200x900_139033-central_park_hiver.jpg"},"800x600":{"url":"https:\/\/www.valdallos.com\/medias\/images\/prestataires\/multitailles\/800x600_139033-central_park_hiver.jpg"},"640x480":{"url":"https:\/\/www.valdallos.com\/medias\/images\/prestataires\/multitailles\/640x480_139033-central_park_hiver.jpg"},"320x240":{"url":"https:\/\/www.valdallos.com\/medias\/images\/prestataires\/multitailles\/320x240_139033-central_park_hiver.jpg"},"160x120":{"url":"https:\/\/www.valdallos.com\/medias\/images\/prestataires\/multitailles\/160x120_139033-central_park_hiver.jpg"},"origine":{"url":"https:\/\/www.valdallos.com\/medias\/images\/prestataires\/139033-central_park_hiver.jpg"}},"urlLien":"","typeLien":"","nofollow":"N","copyright":"vacanceole"}]}},"Url":"residenza-central-park-val-dallos-la-foux.html","Localisation":{"GoogleMap":{"Latitude":"44.289097","Longitude":"6.569218"},"PlanStation":{"idPlan":"6","nomPlan":"[NEW] Plan La Foux","carte":"\/plan\/plan_station_2018[HIVER_FR[.jpg","PositionAbs":"614","PositionOrd":"203"}},"ZoneGeo":"FRPA04VAV1800","Criteres":{"GINFADH[GFIN":"","P.PUBLICATION[VALDALLOS":"","P.PUBLICATION[VERDONTOURISME":"","GTIMMO[GRESID":"","P.classementPrefectoral[2662":"","P.classementPrefectoral[FAM":"","VIRTFICHELISTE[ANIMADMIS":"","VIRTFICHELISTE[PARKING":"","VIRTFICHELISTE[WEBWIFI":"","VIRTFICHELISTE[CV":"","VIRTFICHELISTE[FAMILLEPLUS":"","P.GLOC[G18":"","P.115[1536":"","P.113[1593":"","P.125[624":"","P.23[698":"","P.126[972":"","P.126[1318":"","P.122[4063":"","P.services[687":"","P.services[1025":"","P.79[993":"","P.118[1028":"","P.118[1110":"","P.118[1145":"","P.118[1150":"","P.78[1029":"","P.78[1115":"","P.prestations[animauxAcceptes":"","P.prestations[animauxAcceptesSupplement":"","P.prestations[surchargeTourismesAdaptes":"","P.prestations[surchargeDescriptifHandicapMoteur":"","P.prestations[surchargeDescriptifHandicapAuditif":"","P.prestations[surchargeDescriptifHandicapVisuel":"","P.prestations[surchargeDescriptifHandicapMental":"","P.prestations[surchargeNombreFauteuilsRoulants":"","P.72[797":"","P.69[838":"","P.69[983":"","P.69[1011":"","P.69[1014":"","P.69[1015":"","P.68[876":"","P.68[971":"","P.68[1004":"","P.70[922":"","P.70[943":"","P.70[999":"","P.languesParlees[1192":"","P.languesParlees[1197":"","P.3650[3652":"","P.7237[160":"","P.7237[183":"","P.environnements[171":"","P.environnements[178":"","P.environnements[184":"","P.environnements[193":"","P.114[416":"","P.114[418":"","P.114[435":"","P.114[436":"","P.modesPaiement[1268":"","P.modesPaiement[1274":"","P.tourismeAffaires[tourismeAffairesEnabled":"","P.tourismeAffaires[devise":"EUR","P.hebergementCollectifType[2649":"","P.informationsHebergementCollectif[dateClassement":"2017-05-11","P.classementPrefectoral[2657":"","P.6602[5330":"","P.typesHebergement[1317":"","P.5403[1613":"","P.5403[1681":"","P.5402[1625":"","P.5401[1632":"","P.capacite[capaciteTotale":"170","P.capacite[capaciteTotaleReelle":"32","P.capacite[nombreAppartements":"32","P.capacite[nombreDortoirs":"0","P.CINTSITRA[5660":"","P.CINTSITRA[5663":"","P.CINTSITRA[5664":"","P.CINTSITRA[6787":"","P.CINTSITRA[8809":"","P.6241[126905":"","P.6241[5740912":"","P.3218[311229":"","P.3220[587401":"","P.3220[5575332":"","P.3233[591419":"","P.3221[4876304":"","P.3219[5127066":"","P.3219[5239406":"","P.3240[5778284":"","P.3230[6139211":"","P.VilleSitra[37282":"","P.VillageDeDepart[37282":""},"DateFinPublication":""},"Fichier":{"Image":[{"url":"https:\/\/www.valdallos.com\/medias\/images\/prestations\/central-park-hiver-zomm-42554.jpg","chemin":"..\/medias\/images\/prestations\/central-park-hiver-zomm-42554.jpg","libelle":"central-park-hiver-zomm-42554","extension":"jpg","categorie":"","largeur":1936,"theme":"","hauteur":1296,"type":"Image","origine":"","liaisonPave":"","langue":"","id":"42554","urlVignette":"https:\/\/www.valdallos.com\/medias\/images\/prestations\/v-central-park-hiver-zomm-42554.jpg","alt":"central-park-hiver-zomm-42554","title":"central-park-hiver-zomm-42554","MultiTaille":{"1920x1440":{"url":"https:\/\/www.valdallos.com\/medias\/images\/prestations\/multitailles\/1920x1440_central-park-hiver-zomm-42554.jpg"},"1200x900":{"url":"https:\/\/www.valdallos.com\/medias\/images\/prestations\/multitailles\/1200x900_central-park-hiver-zomm-42554.jpg"},"800x600":{"url":"https:\/\/www.valdallos.com\/medias\/images\/prestations\/multitailles\/800x600_central-park-hiver-zomm-42554.jpg"},"640x480":{"url":"https:\/\/www.valdallos.com\/medias\/images\/prestations\/multitailles\/640x480_central-park-hiver-zomm-42554.jpg"},"320x240":{"url":"https:\/\/www.valdallos.com\/medias\/images\/prestations\/multitailles\/320x240_central-park-hiver-zomm-42554.jpg"},"160x120":{"url":"https:\/\/www.valdallos.com\/medias\/images\/prestations\/multitailles\/160x120_central-park-hiver-zomm-42554.jpg"},"origine":{"url":"https:\/\/www.valdallos.com\/medias\/images\/prestations\/central-park-hiver-zomm-42554.jpg"}},"urlLien":"","typeLien":"","nofollow":"N","copyright":""}],"ByCategorie":{"":[{"url":"https:\/\/www.valdallos.com\/medias\/images\/prestations\/central-park-hiver-zomm-42554.jpg","chemin":"..\/medias\/images\/prestations\/central-park-hiver-zomm-42554.jpg","libelle":"central-park-hiver-zomm-42554","extension":"jpg","categorie":"","largeur":1936,"theme":"","hauteur":1296,"type":"Image","origine":"","liaisonPave":"","langue":"","id":"42554","urlVignette":"https:\/\/www.valdallos.com\/medias\/images\/prestations\/v-central-park-hiver-zomm-42554.jpg","alt":"central-park-hiver-zomm-42554","title":"central-park-hiver-zomm-42554","MultiTaille":{"1920x1440":{"url":"https:\/\/www.valdallos.com\/medias\/images\/prestations\/multitailles\/1920x1440_central-park-hiver-zomm-42554.jpg"},"1200x900":{"url":"https:\/\/www.valdallos.com\/medias\/images\/prestations\/multitailles\/1200x900_central-park-hiver-zomm-42554.jpg"},"800x600":{"url":"https:\/\/www.valdallos.com\/medias\/images\/prestations\/multitailles\/800x600_central-park-hiver-zomm-42554.jpg"},"640x480":{"url":"https:\/\/www.valdallos.com\/medias\/images\/prestations\/multitailles\/640x480_central-park-hiver-zomm-42554.jpg"},"320x240":{"url":"https:\/\/www.valdallos.com\/medias\/images\/prestations\/multitailles\/320x240_central-park-hiver-zomm-42554.jpg"},"160x120":{"url":"https:\/\/www.valdallos.com\/medias\/images\/prestations\/multitailles\/160x120_central-park-hiver-zomm-42554.jpg"},"origine":{"url":"https:\/\/www.valdallos.com\/medias\/images\/prestations\/central-park-hiver-zomm-42554.jpg"}},"urlLien":"","typeLien":"","nofollow":"N","copyright":""}]}},"DateDebPublication":"","DateFinPublication":"","PrixAPartirDe":"","PrixPour":"","FicheListeEnCours":"fiche_liste_immobilier_prestation_OT_v3","ParametresModele":{"AfficherPhotos":1,"NbPhotosMax":6,"AfficherReserver":0,"AfficherContact":0,"AfficherSalle":1,"AfficherZoneGeo":0,"AfficherEnSavoirPlus":"0","AfficherUneSeuleOuverture":0,"AfficherContactCarte":1,"AfficherTarifsChaudAPartirDe":0,"AfficherTarifChaudSansRecherche":0,"AfficherDispoAccordeon":"1","AfficherDispoResa":"1","AfficherPrixAPartirDe":"1","BlocCritereInfo":{"critere1":{"libelle":"","liste_critere":["classementPrefectoral|2631|G","classementPrefectoral|2630|G","classementPrefectoral|2629|G","classementPrefectoral|2628|G","classementPrefectoral|2627|G","classementPrefectoral|2632|G"]},"critere2":{"libelle":"","liste_critere":["GLOC|G"]},"critere3":{"libelle":""},"critere4":{"libelle":""},"critere5":{"libelle":"","liste_critere":["GHANDI|G","AFFEQUIP|WIFI|G","AFFEQUIP|ANIMAUX|G","AFFEQUIP|PARKING|G","AFFEQUIP|LAVEVAIS|G","AFFEQUIP|LAVELINGEAFF|G","GCHAMB|G","NBPERS|G","GSURFA|G","GLOGEM|G"]},"critere6":{"libelle":"","liste_critere":["GLABEL|GCLEVA|G"]},"critere7":{"libelle":""},"critere8":{"libelle":""},"critere9":{"libelle":""},"afficherpictoetpaslibelle":"1"},"BlocPaveInfo":{"texte1":{"pave":["6","15","20"],"longeurmax":"250","afficherLibelle":"0","garderHtml":"0","boutonVoirPlus":""},"texte3":{"longeurmax":"","afficherLibelle":"0","garderHtml":"0","boutonVoirPlus":""}},"CriteresComportementDispo":"DISPONIBILITES[PLANNINGACT","PositionBloc":"GALLERIE|ZONEPRINCIPALFICHEPRESTA|NOM|CARNET_VOYAGE|ACCROCHE_TARIF_DISPO","TypePrestataire":"G","ComportementResa":false,"ComportementDispo":false},"AffichageCoordonnees":[],"Coordonnees":{"Ville":"LA FOUX D'ALLOS"},"ContexteId":"PRESTATION|G|631175|01","ContexteIdHtml":"PRESTATION-G-631175-01","cleContexte":"G|631175|01","Bloc":{"texte1":"","texte3":"","critere1":{"libelle":"","contenu":[]},"critere2":{"libelle":"","contenu":{"GLOC":{"libelle":"Localizzare","contenu":{"1":"Val d'Allos - La Foux"},"codesValeurs":{"1":"GLOC|G18|G"},"criteres_datas":{"valeurs":{"1":{"G18":{"descriptif":""}}}}}}},"critere3":{"libelle":"","contenu":[]},"critere4":{"libelle":"","contenu":[]},"critere5":{"libelle":"","contenu":{"GLOGEM":{"libelle":"tipo di alloggio","contenu":{"3":"appartamento  in residence"},"codesValeurs":{"3":"GLOGEM|GAPPRE|G"},"criteres_datas":{"valeurs":{"3":{"GAPPRE":{"descriptif":""}}}}},"GHANDI":{"libelle":"accessibilita disabili","contenu":{"1":"\u003Cimg src=\"https:\/\/www.valdallos.com\/medias\/images\/picto\/accessible_persones_a_mobilite_reduite.gif\"  alt=\"accessibilita disabili\" title=\"accessibilita disabili\" \/\u003E"},"codesValeurs":{"1":"GHANDI|GACCHA|G"},"criteres_datas":{"valeurs":{"1":{"GACCHA":{"descriptif":""}}}}},"AFFEQUIP":{"libelle":"Servizi","contenu":{"3":"Parcheggio \/ Garage"},"codesValeurs":{"3":"AFFEQUIP|PARKING|G"},"criteres_datas":{"valeurs":{"3":{"PARKING":{"descriptif":""}}}}}}},"critere6":{"libelle":"","contenu":{"GLABEL":{"libelle":"marchio","contenu":{"1":"\u003Cimg src=\"https:\/\/www.valdallos.com\/medias\/images\/picto\/GLABEL-GCLEVA-G.jpg\"  alt=\"Famille Plus\" title=\"Famille Plus\" \/\u003E"},"codesValeurs":{"1":"GLABEL|GCLEVA|G"},"criteres_datas":{"valeurs":{"1":{"GCLEVA":{"descriptif":""}}}}}}},"critere7":{"libelle":"","contenu":[]},"critere8":{"libelle":"","contenu":[]},"critere9":{"libelle":"","contenu":[]}},"LocalisationGps":{"Latitude":"44.28908","Longitude":"6.56938"},"libelleDuPrestataire":"","vuePrestataire":{"pave1":{"libelle":"Descrittivo","contenu":""},"pave2":{"libelle":"Descriptif court","contenu":"Situato in posizione ideale nel centro della localit\u00e0, il residence turistico Central Park vi d\u00e0 il benvenuto nella Val d'Allos."},"pave3":{"libelle":"Descriptif d\u00e9taill\u00e9","contenu":""},"pave4":{"libelle":"Bons plans","contenu":""},"pave5":{"libelle":"Compl\u00e9ment localisation","contenu":""},"pave6":{"libelle":"Compl\u00e9ment accueil","contenu":""},"pave7":{"libelle":"P\u00e9riodes en clair","contenu":"Dal 19\/12\/2025 al 22\/03\/2026 ogni giorno.\u003Cbr \/\u003E\n\u003Cbr \/\u003E\nDal 26\/06 al 30\/08\/2026 ogni giorno."},"pave8":{"libelle":"Tarifs en clair","contenu":"Tasse non incluse."},"pave9":{"libelle":"Compl\u00e9ment Tarifs","contenu":""},"pave10":{"libelle":"Compl\u00e9ment R\u00e9servation","contenu":""},"pave11":{"libelle":"Descriptif court","contenu":""},"pave12":{"libelle":"Descriptif d\u00e9taill\u00e9","contenu":""},"pave13":{"libelle":"Bons plans","contenu":""},"pave14":{"libelle":"Tarifs (Tarifs en clair, Compl\u00e9ment Tarifs)","contenu":""},"pave15":{"libelle":"P\u00e9riodes en clair","contenu":""},"pave16":{"libelle":"Descriptif court","contenu":""},"pave17":{"libelle":"Descriptif d\u00e9taill\u00e9","contenu":""},"pave18":{"libelle":"Bons plans","contenu":""},"pave19":{"libelle":"Tarifs (Tarifs en clair, Compl\u00e9ment Tarifs)","contenu":""},"pave20":{"libelle":"P\u00e9riodes en clair","contenu":""},"pave21":{"libelle":"Dispositions sp\u00e9ciales","contenu":""},"pave22":{"libelle":"Nouveaut\u00e9s","contenu":""},"pave23":{"libelle":"Gestes pour l'environnement","contenu":""},"pave24":{"libelle":"","contenu":""},"pave25":{"libelle":"","contenu":""},"ContactsParType":{"COM":{"118132":{"id_contact":"118132","type_contact":"COM","categorie_contact":"PRESTATAIRE","societe_contact":"","fonction_contact":"","civilite_nom_prenom_contact":"Braymand Nicolas ","adresse1_contact":"","adresse2_contact":"","adresse3_contact":"","cpostal_contact":"","ville_contact":"","teldom_contact":"","telbur_contact":"","fax_contact":"","portable_contact":"","email_contact":"","siteweb_contact":"","commentaire_contact":"","langue_contact":"","autre_moyen_com":[]}},"RES":{"118133":{"id_contact":"118133","type_contact":"RES","categorie_contact":"PRESTATAIRE","societe_contact":"","fonction_contact":"","civilite_nom_prenom_contact":"Vacanceole ","adresse1_contact":"","adresse2_contact":"","adresse3_contact":"","cpostal_contact":"","ville_contact":"","teldom_contact":"04 79 75 75 20","telbur_contact":"","fax_contact":"","portable_contact":"","email_contact":"","siteweb_contact":"","commentaire_contact":"","langue_contact":"","autre_moyen_com":[]}}},"ZoneGeoLibelle":"Val d\u2019Allos \u2013 La Foux","Libelle":"Residenza Central Park","Nom":"R\u00e9sidence  Central Park","Prenom":"","NomPrenom":"R\u00e9sidence  Central Park ","CiviliteNomPrenom":"R\u00e9sidence  Central Park ","Cle":"G|631175","PrestataireParent":"","ContexteStat":"PRESTATAIRE-G-631175","DateModificationIso":"2026-04-16T00:25:00+02:00","Type":"PRESTATAIRE","TypePrestataire":"G","Adresse":{"LigneAdresse1":"centre station","LigneAdresse2":"Val d'Allos - La Foux","LigneAdresse3":"","CodePostal":"04260","Ville":"La Foux d\u2019Allos","Cedex":"","Etat":"","Pays":"FRA"},"Email":"reservations@vacanceole.com","Telephone":"04 79 75 75 20","TelephoneBureau":"04 92 83 00 33","Portable":"","SiteWeb":"https:\/\/vacanceole.com\/location-vacances\/24-residence-central-park-la-foux-allos","Fax":"","Id":"g-631175","Code":"G|631175","Fichier":{"Image":[{"url":"https:\/\/www.valdallos.com\/medias\/images\/prestataires\/139027-central_park_reception.jpg","chemin":"..\/medias\/images\/prestataires\/139027-central_park_reception.jpg","libelle":"Hall d'entr\u00e9e de la r\u00e9sidence, tables et chaises en bois, panneaux d'affichages, r\u00e9ception.","extension":"jpg","categorie":"","largeur":2000,"theme":"","hauteur":1500,"type":"Image","origine":"","liaisonPave":"","langue":"","id":"139027","urlVignette":"https:\/\/www.valdallos.com\/medias\/images\/prestataires\/v-139027-central_park_reception.jpg","alt":"Hall d'entr\u00e9e de la r\u00e9sidence, tables et chaises en bois, panneaux d'affichages, r\u00e9ception.","title":"Hall d'entr\u00e9e de la r\u00e9sidence, tables et chaises en bois, panneaux d'affichages, r\u00e9ception.","MultiTaille":{"1920x1440":{"url":"https:\/\/www.valdallos.com\/medias\/images\/prestataires\/multitailles\/1920x1440_139027-central_park_reception.jpg"},"1200x900":{"url":"https:\/\/www.valdallos.com\/medias\/images\/prestataires\/multitailles\/1200x900_139027-central_park_reception.jpg"},"800x600":{"url":"https:\/\/www.valdallos.com\/medias\/images\/prestataires\/multitailles\/800x600_139027-central_park_reception.jpg"},"640x480":{"url":"https:\/\/www.valdallos.com\/medias\/images\/prestataires\/multitailles\/640x480_139027-central_park_reception.jpg"},"320x240":{"url":"https:\/\/www.valdallos.com\/medias\/images\/prestataires\/multitailles\/320x240_139027-central_park_reception.jpg"},"160x120":{"url":"https:\/\/www.valdallos.com\/medias\/images\/prestataires\/multitailles\/160x120_139027-central_park_reception.jpg"},"origine":{"url":"https:\/\/www.valdallos.com\/medias\/images\/prestataires\/139027-central_park_reception.jpg"}},"urlLien":"","typeLien":"","nofollow":"N","copyright":"vacanceole"},{"url":"https:\/\/www.valdallos.com\/medias\/images\/prestataires\/139028-central_park_salon.jpg","chemin":"..\/medias\/images\/prestataires\/139028-central_park_salon.jpg","libelle":"Salon d'appartement lumineux avec canap\u00e9, fauteuil, table basse, porte-fen\u00eatre donnant sur une terrasse","extension":"jpg","categorie":"","largeur":2000,"theme":"","hauteur":1502,"type":"Image","origine":"","liaisonPave":"","langue":"","id":"139028","urlVignette":"https:\/\/www.valdallos.com\/medias\/images\/prestataires\/v-139028-central_park_salon.jpg","alt":"Salon d'appartement lumineux avec canap\u00e9, fauteuil, table basse, porte-fen\u00eatre donnant sur une terrasse","title":"Salon d'appartement lumineux avec canap\u00e9, fauteuil, table basse, porte-fen\u00eatre donnant sur une terrasse","MultiTaille":{"1920x1440":{"url":"https:\/\/www.valdallos.com\/medias\/images\/prestataires\/multitailles\/1920x1440_139028-central_park_salon.jpg"},"1200x900":{"url":"https:\/\/www.valdallos.com\/medias\/images\/prestataires\/multitailles\/1200x900_139028-central_park_salon.jpg"},"800x600":{"url":"https:\/\/www.valdallos.com\/medias\/images\/prestataires\/multitailles\/800x600_139028-central_park_salon.jpg"},"640x480":{"url":"https:\/\/www.valdallos.com\/medias\/images\/prestataires\/multitailles\/640x480_139028-central_park_salon.jpg"},"320x240":{"url":"https:\/\/www.valdallos.com\/medias\/images\/prestataires\/multitailles\/320x240_139028-central_park_salon.jpg"},"160x120":{"url":"https:\/\/www.valdallos.com\/medias\/images\/prestataires\/multitailles\/160x120_139028-central_park_salon.jpg"},"origine":{"url":"https:\/\/www.valdallos.com\/medias\/images\/prestataires\/139028-central_park_salon.jpg"}},"urlLien":"","typeLien":"","nofollow":"N","copyright":"vacanceole"},{"url":"https:\/\/www.valdallos.com\/medias\/images\/prestataires\/139029-central_park_cuisine.jpg","chemin":"..\/medias\/images\/prestataires\/139029-central_park_cuisine.jpg","libelle":"S\u00e9jour d'appartement, table \u00e0 manger, coin cuisine avec plaques \u00e9lectriques, lave-vaisselle, micro-ondes","extension":"jpg","categorie":"","largeur":1936,"theme":"","hauteur":1296,"type":"Image","origine":"","liaisonPave":"","langue":"","id":"139029","urlVignette":"https:\/\/www.valdallos.com\/medias\/images\/prestataires\/v-139029-central_park_cuisine.jpg","alt":"S\u00e9jour d'appartement, table \u00e0 manger, coin cuisine avec plaques \u00e9lectriques, lave-vaisselle, micro-ondes","title":"S\u00e9jour d'appartement, table \u00e0 manger, coin cuisine avec plaques \u00e9lectriques, lave-vaisselle, micro-ondes","MultiTaille":{"1920x1440":{"url":"https:\/\/www.valdallos.com\/medias\/images\/prestataires\/multitailles\/1920x1440_139029-central_park_cuisine.jpg"},"1200x900":{"url":"https:\/\/www.valdallos.com\/medias\/images\/prestataires\/multitailles\/1200x900_139029-central_park_cuisine.jpg"},"800x600":{"url":"https:\/\/www.valdallos.com\/medias\/images\/prestataires\/multitailles\/800x600_139029-central_park_cuisine.jpg"},"640x480":{"url":"https:\/\/www.valdallos.com\/medias\/images\/prestataires\/multitailles\/640x480_139029-central_park_cuisine.jpg"},"320x240":{"url":"https:\/\/www.valdallos.com\/medias\/images\/prestataires\/multitailles\/320x240_139029-central_park_cuisine.jpg"},"160x120":{"url":"https:\/\/www.valdallos.com\/medias\/images\/prestataires\/multitailles\/160x120_139029-central_park_cuisine.jpg"},"origine":{"url":"https:\/\/www.valdallos.com\/medias\/images\/prestataires\/139029-central_park_cuisine.jpg"}},"urlLien":"","typeLien":"","nofollow":"N","copyright":"vacanceole"},{"url":"https:\/\/www.valdallos.com\/medias\/images\/prestataires\/139030-central_park_chambre.jpg","chemin":"..\/medias\/images\/prestataires\/139030-central_park_chambre.jpg","libelle":"Chambre \u00e0 coucher avec lit double, ameublement bois, fen\u00eatre","extension":"jpg","categorie":"","largeur":2000,"theme":"","hauteur":1519,"type":"Image","origine":"","liaisonPave":"","langue":"","id":"139030","urlVignette":"https:\/\/www.valdallos.com\/medias\/images\/prestataires\/v-139030-central_park_chambre.jpg","alt":"Chambre \u00e0 coucher avec lit double, ameublement bois, fen\u00eatre","title":"Chambre \u00e0 coucher avec lit double, ameublement bois, fen\u00eatre","MultiTaille":{"1920x1440":{"url":"https:\/\/www.valdallos.com\/medias\/images\/prestataires\/multitailles\/1920x1440_139030-central_park_chambre.jpg"},"1200x900":{"url":"https:\/\/www.valdallos.com\/medias\/images\/prestataires\/multitailles\/1200x900_139030-central_park_chambre.jpg"},"800x600":{"url":"https:\/\/www.valdallos.com\/medias\/images\/prestataires\/multitailles\/800x600_139030-central_park_chambre.jpg"},"640x480":{"url":"https:\/\/www.valdallos.com\/medias\/images\/prestataires\/multitailles\/640x480_139030-central_park_chambre.jpg"},"320x240":{"url":"https:\/\/www.valdallos.com\/medias\/images\/prestataires\/multitailles\/320x240_139030-central_park_chambre.jpg"},"160x120":{"url":"https:\/\/www.valdallos.com\/medias\/images\/prestataires\/multitailles\/160x120_139030-central_park_chambre.jpg"},"origine":{"url":"https:\/\/www.valdallos.com\/medias\/images\/prestataires\/139030-central_park_chambre.jpg"}},"urlLien":"","typeLien":"","nofollow":"N","copyright":"vacanceole"},{"url":"https:\/\/www.valdallos.com\/medias\/images\/prestataires\/139031-central_park_ete.jpg","chemin":"..\/medias\/images\/prestataires\/139031-central_park_ete.jpg","libelle":"Vue ext\u00e9rieure de la r\u00e9sidence \u00e0 la Foux, sur plusieurs \u00e9tages avec terrasses","extension":"jpg","categorie":"","largeur":2000,"theme":"ETE","hauteur":1500,"type":"Image","origine":"","liaisonPave":"","langue":"","id":"139031","urlVignette":"https:\/\/www.valdallos.com\/medias\/images\/prestataires\/v-139031-central_park_ete.jpg","alt":"Vue ext\u00e9rieure de la r\u00e9sidence \u00e0 la Foux, sur plusieurs \u00e9tages avec terrasses","title":"Vue ext\u00e9rieure de la r\u00e9sidence \u00e0 la Foux, sur plusieurs \u00e9tages avec terrasses","MultiTaille":{"1920x1440":{"url":"https:\/\/www.valdallos.com\/medias\/images\/prestataires\/multitailles\/1920x1440_139031-central_park_ete.jpg"},"1200x900":{"url":"https:\/\/www.valdallos.com\/medias\/images\/prestataires\/multitailles\/1200x900_139031-central_park_ete.jpg"},"800x600":{"url":"https:\/\/www.valdallos.com\/medias\/images\/prestataires\/multitailles\/800x600_139031-central_park_ete.jpg"},"640x480":{"url":"https:\/\/www.valdallos.com\/medias\/images\/prestataires\/multitailles\/640x480_139031-central_park_ete.jpg"},"320x240":{"url":"https:\/\/www.valdallos.com\/medias\/images\/prestataires\/multitailles\/320x240_139031-central_park_ete.jpg"},"160x120":{"url":"https:\/\/www.valdallos.com\/medias\/images\/prestataires\/multitailles\/160x120_139031-central_park_ete.jpg"},"origine":{"url":"https:\/\/www.valdallos.com\/medias\/images\/prestataires\/139031-central_park_ete.jpg"}},"urlLien":"","typeLien":"","nofollow":"N","copyright":"vacanceole"},{"url":"https:\/\/www.valdallos.com\/medias\/images\/prestataires\/139032-central_park_hiver_zomm.jpg","chemin":"..\/medias\/images\/prestataires\/139032-central_park_hiver_zomm.jpg","libelle":"Vue de face des \u00e9tages sup\u00e9rieurs de la r\u00e9sidence, avec terrasses et fen\u00eatres","extension":"jpg","categorie":"","largeur":1936,"theme":"HIVER","hauteur":1296,"type":"Image","origine":"","liaisonPave":"","langue":"","id":"139032","urlVignette":"https:\/\/www.valdallos.com\/medias\/images\/prestataires\/v-139032-central_park_hiver_zomm.jpg","alt":"Vue de face des \u00e9tages sup\u00e9rieurs de la r\u00e9sidence, avec terrasses et fen\u00eatres","title":"Vue de face des \u00e9tages sup\u00e9rieurs de la r\u00e9sidence, avec terrasses et fen\u00eatres","MultiTaille":{"1920x1440":{"url":"https:\/\/www.valdallos.com\/medias\/images\/prestataires\/multitailles\/1920x1440_139032-central_park_hiver_zomm.jpg"},"1200x900":{"url":"https:\/\/www.valdallos.com\/medias\/images\/prestataires\/multitailles\/1200x900_139032-central_park_hiver_zomm.jpg"},"800x600":{"url":"https:\/\/www.valdallos.com\/medias\/images\/prestataires\/multitailles\/800x600_139032-central_park_hiver_zomm.jpg"},"640x480":{"url":"https:\/\/www.valdallos.com\/medias\/images\/prestataires\/multitailles\/640x480_139032-central_park_hiver_zomm.jpg"},"320x240":{"url":"https:\/\/www.valdallos.com\/medias\/images\/prestataires\/multitailles\/320x240_139032-central_park_hiver_zomm.jpg"},"160x120":{"url":"https:\/\/www.valdallos.com\/medias\/images\/prestataires\/multitailles\/160x120_139032-central_park_hiver_zomm.jpg"},"origine":{"url":"https:\/\/www.valdallos.com\/medias\/images\/prestataires\/139032-central_park_hiver_zomm.jpg"}},"urlLien":"","typeLien":"","nofollow":"N","copyright":"vacanceole"},{"url":"https:\/\/www.valdallos.com\/medias\/images\/prestataires\/139033-central_park_hiver.jpg","chemin":"..\/medias\/images\/prestataires\/139033-central_park_hiver.jpg","libelle":"Vue de la r\u00e9sidence sur 4 \u00e9tages avec terrasses enneig\u00e9es","extension":"jpg","categorie":"","largeur":1936,"theme":"HIVER","hauteur":1296,"type":"Image","origine":"","liaisonPave":"","langue":"","id":"139033","urlVignette":"https:\/\/www.valdallos.com\/medias\/images\/prestataires\/v-139033-central_park_hiver.jpg","alt":"Vue de la r\u00e9sidence sur 4 \u00e9tages avec terrasses enneig\u00e9es","title":"Vue de la r\u00e9sidence sur 4 \u00e9tages avec terrasses enneig\u00e9es","MultiTaille":{"1920x1440":{"url":"https:\/\/www.valdallos.com\/medias\/images\/prestataires\/multitailles\/1920x1440_139033-central_park_hiver.jpg"},"1200x900":{"url":"https:\/\/www.valdallos.com\/medias\/images\/prestataires\/multitailles\/1200x900_139033-central_park_hiver.jpg"},"800x600":{"url":"https:\/\/www.valdallos.com\/medias\/images\/prestataires\/multitailles\/800x600_139033-central_park_hiver.jpg"},"640x480":{"url":"https:\/\/www.valdallos.com\/medias\/images\/prestataires\/multitailles\/640x480_139033-central_park_hiver.jpg"},"320x240":{"url":"https:\/\/www.valdallos.com\/medias\/images\/prestataires\/multitailles\/320x240_139033-central_park_hiver.jpg"},"160x120":{"url":"https:\/\/www.valdallos.com\/medias\/images\/prestataires\/multitailles\/160x120_139033-central_park_hiver.jpg"},"origine":{"url":"https:\/\/www.valdallos.com\/medias\/images\/prestataires\/139033-central_park_hiver.jpg"}},"urlLien":"","typeLien":"","nofollow":"N","copyright":"vacanceole"}],"ByCategorie":{"":[{"url":"https:\/\/www.valdallos.com\/medias\/images\/prestataires\/139027-central_park_reception.jpg","chemin":"..\/medias\/images\/prestataires\/139027-central_park_reception.jpg","libelle":"Hall d'entr\u00e9e de la r\u00e9sidence, tables et chaises en bois, panneaux d'affichages, r\u00e9ception.","extension":"jpg","categorie":"","largeur":2000,"theme":"","hauteur":1500,"type":"Image","origine":"","liaisonPave":"","langue":"","id":"139027","urlVignette":"https:\/\/www.valdallos.com\/medias\/images\/prestataires\/v-139027-central_park_reception.jpg","alt":"Hall d'entr\u00e9e de la r\u00e9sidence, tables et chaises en bois, panneaux d'affichages, r\u00e9ception.","title":"Hall d'entr\u00e9e de la r\u00e9sidence, tables et chaises en bois, panneaux d'affichages, r\u00e9ception.","MultiTaille":{"1920x1440":{"url":"https:\/\/www.valdallos.com\/medias\/images\/prestataires\/multitailles\/1920x1440_139027-central_park_reception.jpg"},"1200x900":{"url":"https:\/\/www.valdallos.com\/medias\/images\/prestataires\/multitailles\/1200x900_139027-central_park_reception.jpg"},"800x600":{"url":"https:\/\/www.valdallos.com\/medias\/images\/prestataires\/multitailles\/800x600_139027-central_park_reception.jpg"},"640x480":{"url":"https:\/\/www.valdallos.com\/medias\/images\/prestataires\/multitailles\/640x480_139027-central_park_reception.jpg"},"320x240":{"url":"https:\/\/www.valdallos.com\/medias\/images\/prestataires\/multitailles\/320x240_139027-central_park_reception.jpg"},"160x120":{"url":"https:\/\/www.valdallos.com\/medias\/images\/prestataires\/multitailles\/160x120_139027-central_park_reception.jpg"},"origine":{"url":"https:\/\/www.valdallos.com\/medias\/images\/prestataires\/139027-central_park_reception.jpg"}},"urlLien":"","typeLien":"","nofollow":"N","copyright":"vacanceole"},{"url":"https:\/\/www.valdallos.com\/medias\/images\/prestataires\/139028-central_park_salon.jpg","chemin":"..\/medias\/images\/prestataires\/139028-central_park_salon.jpg","libelle":"Salon d'appartement lumineux avec canap\u00e9, fauteuil, table basse, porte-fen\u00eatre donnant sur une terrasse","extension":"jpg","categorie":"","largeur":2000,"theme":"","hauteur":1502,"type":"Image","origine":"","liaisonPave":"","langue":"","id":"139028","urlVignette":"https:\/\/www.valdallos.com\/medias\/images\/prestataires\/v-139028-central_park_salon.jpg","alt":"Salon d'appartement lumineux avec canap\u00e9, fauteuil, table basse, porte-fen\u00eatre donnant sur une terrasse","title":"Salon d'appartement lumineux avec canap\u00e9, fauteuil, table basse, porte-fen\u00eatre donnant sur une terrasse","MultiTaille":{"1920x1440":{"url":"https:\/\/www.valdallos.com\/medias\/images\/prestataires\/multitailles\/1920x1440_139028-central_park_salon.jpg"},"1200x900":{"url":"https:\/\/www.valdallos.com\/medias\/images\/prestataires\/multitailles\/1200x900_139028-central_park_salon.jpg"},"800x600":{"url":"https:\/\/www.valdallos.com\/medias\/images\/prestataires\/multitailles\/800x600_139028-central_park_salon.jpg"},"640x480":{"url":"https:\/\/www.valdallos.com\/medias\/images\/prestataires\/multitailles\/640x480_139028-central_park_salon.jpg"},"320x240":{"url":"https:\/\/www.valdallos.com\/medias\/images\/prestataires\/multitailles\/320x240_139028-central_park_salon.jpg"},"160x120":{"url":"https:\/\/www.valdallos.com\/medias\/images\/prestataires\/multitailles\/160x120_139028-central_park_salon.jpg"},"origine":{"url":"https:\/\/www.valdallos.com\/medias\/images\/prestataires\/139028-central_park_salon.jpg"}},"urlLien":"","typeLien":"","nofollow":"N","copyright":"vacanceole"},{"url":"https:\/\/www.valdallos.com\/medias\/images\/prestataires\/139029-central_park_cuisine.jpg","chemin":"..\/medias\/images\/prestataires\/139029-central_park_cuisine.jpg","libelle":"S\u00e9jour d'appartement, table \u00e0 manger, coin cuisine avec plaques \u00e9lectriques, lave-vaisselle, micro-ondes","extension":"jpg","categorie":"","largeur":1936,"theme":"","hauteur":1296,"type":"Image","origine":"","liaisonPave":"","langue":"","id":"139029","urlVignette":"https:\/\/www.valdallos.com\/medias\/images\/prestataires\/v-139029-central_park_cuisine.jpg","alt":"S\u00e9jour d'appartement, table \u00e0 manger, coin cuisine avec plaques \u00e9lectriques, lave-vaisselle, micro-ondes","title":"S\u00e9jour d'appartement, table \u00e0 manger, coin cuisine avec plaques \u00e9lectriques, lave-vaisselle, micro-ondes","MultiTaille":{"1920x1440":{"url":"https:\/\/www.valdallos.com\/medias\/images\/prestataires\/multitailles\/1920x1440_139029-central_park_cuisine.jpg"},"1200x900":{"url":"https:\/\/www.valdallos.com\/medias\/images\/prestataires\/multitailles\/1200x900_139029-central_park_cuisine.jpg"},"800x600":{"url":"https:\/\/www.valdallos.com\/medias\/images\/prestataires\/multitailles\/800x600_139029-central_park_cuisine.jpg"},"640x480":{"url":"https:\/\/www.valdallos.com\/medias\/images\/prestataires\/multitailles\/640x480_139029-central_park_cuisine.jpg"},"320x240":{"url":"https:\/\/www.valdallos.com\/medias\/images\/prestataires\/multitailles\/320x240_139029-central_park_cuisine.jpg"},"160x120":{"url":"https:\/\/www.valdallos.com\/medias\/images\/prestataires\/multitailles\/160x120_139029-central_park_cuisine.jpg"},"origine":{"url":"https:\/\/www.valdallos.com\/medias\/images\/prestataires\/139029-central_park_cuisine.jpg"}},"urlLien":"","typeLien":"","nofollow":"N","copyright":"vacanceole"},{"url":"https:\/\/www.valdallos.com\/medias\/images\/prestataires\/139030-central_park_chambre.jpg","chemin":"..\/medias\/images\/prestataires\/139030-central_park_chambre.jpg","libelle":"Chambre \u00e0 coucher avec lit double, ameublement bois, fen\u00eatre","extension":"jpg","categorie":"","largeur":2000,"theme":"","hauteur":1519,"type":"Image","origine":"","liaisonPave":"","langue":"","id":"139030","urlVignette":"https:\/\/www.valdallos.com\/medias\/images\/prestataires\/v-139030-central_park_chambre.jpg","alt":"Chambre \u00e0 coucher avec lit double, ameublement bois, fen\u00eatre","title":"Chambre \u00e0 coucher avec lit double, ameublement bois, fen\u00eatre","MultiTaille":{"1920x1440":{"url":"https:\/\/www.valdallos.com\/medias\/images\/prestataires\/multitailles\/1920x1440_139030-central_park_chambre.jpg"},"1200x900":{"url":"https:\/\/www.valdallos.com\/medias\/images\/prestataires\/multitailles\/1200x900_139030-central_park_chambre.jpg"},"800x600":{"url":"https:\/\/www.valdallos.com\/medias\/images\/prestataires\/multitailles\/800x600_139030-central_park_chambre.jpg"},"640x480":{"url":"https:\/\/www.valdallos.com\/medias\/images\/prestataires\/multitailles\/640x480_139030-central_park_chambre.jpg"},"320x240":{"url":"https:\/\/www.valdallos.com\/medias\/images\/prestataires\/multitailles\/320x240_139030-central_park_chambre.jpg"},"160x120":{"url":"https:\/\/www.valdallos.com\/medias\/images\/prestataires\/multitailles\/160x120_139030-central_park_chambre.jpg"},"origine":{"url":"https:\/\/www.valdallos.com\/medias\/images\/prestataires\/139030-central_park_chambre.jpg"}},"urlLien":"","typeLien":"","nofollow":"N","copyright":"vacanceole"},{"url":"https:\/\/www.valdallos.com\/medias\/images\/prestataires\/139031-central_park_ete.jpg","chemin":"..\/medias\/images\/prestataires\/139031-central_park_ete.jpg","libelle":"Vue ext\u00e9rieure de la r\u00e9sidence \u00e0 la Foux, sur plusieurs \u00e9tages avec terrasses","extension":"jpg","categorie":"","largeur":2000,"theme":"ETE","hauteur":1500,"type":"Image","origine":"","liaisonPave":"","langue":"","id":"139031","urlVignette":"https:\/\/www.valdallos.com\/medias\/images\/prestataires\/v-139031-central_park_ete.jpg","alt":"Vue ext\u00e9rieure de la r\u00e9sidence \u00e0 la Foux, sur plusieurs \u00e9tages avec terrasses","title":"Vue ext\u00e9rieure de la r\u00e9sidence \u00e0 la Foux, sur plusieurs \u00e9tages avec terrasses","MultiTaille":{"1920x1440":{"url":"https:\/\/www.valdallos.com\/medias\/images\/prestataires\/multitailles\/1920x1440_139031-central_park_ete.jpg"},"1200x900":{"url":"https:\/\/www.valdallos.com\/medias\/images\/prestataires\/multitailles\/1200x900_139031-central_park_ete.jpg"},"800x600":{"url":"https:\/\/www.valdallos.com\/medias\/images\/prestataires\/multitailles\/800x600_139031-central_park_ete.jpg"},"640x480":{"url":"https:\/\/www.valdallos.com\/medias\/images\/prestataires\/multitailles\/640x480_139031-central_park_ete.jpg"},"320x240":{"url":"https:\/\/www.valdallos.com\/medias\/images\/prestataires\/multitailles\/320x240_139031-central_park_ete.jpg"},"160x120":{"url":"https:\/\/www.valdallos.com\/medias\/images\/prestataires\/multitailles\/160x120_139031-central_park_ete.jpg"},"origine":{"url":"https:\/\/www.valdallos.com\/medias\/images\/prestataires\/139031-central_park_ete.jpg"}},"urlLien":"","typeLien":"","nofollow":"N","copyright":"vacanceole"},{"url":"https:\/\/www.valdallos.com\/medias\/images\/prestataires\/139032-central_park_hiver_zomm.jpg","chemin":"..\/medias\/images\/prestataires\/139032-central_park_hiver_zomm.jpg","libelle":"Vue de face des \u00e9tages sup\u00e9rieurs de la r\u00e9sidence, avec terrasses et fen\u00eatres","extension":"jpg","categorie":"","largeur":1936,"theme":"HIVER","hauteur":1296,"type":"Image","origine":"","liaisonPave":"","langue":"","id":"139032","urlVignette":"https:\/\/www.valdallos.com\/medias\/images\/prestataires\/v-139032-central_park_hiver_zomm.jpg","alt":"Vue de face des \u00e9tages sup\u00e9rieurs de la r\u00e9sidence, avec terrasses et fen\u00eatres","title":"Vue de face des \u00e9tages sup\u00e9rieurs de la r\u00e9sidence, avec terrasses et fen\u00eatres","MultiTaille":{"1920x1440":{"url":"https:\/\/www.valdallos.com\/medias\/images\/prestataires\/multitailles\/1920x1440_139032-central_park_hiver_zomm.jpg"},"1200x900":{"url":"https:\/\/www.valdallos.com\/medias\/images\/prestataires\/multitailles\/1200x900_139032-central_park_hiver_zomm.jpg"},"800x600":{"url":"https:\/\/www.valdallos.com\/medias\/images\/prestataires\/multitailles\/800x600_139032-central_park_hiver_zomm.jpg"},"640x480":{"url":"https:\/\/www.valdallos.com\/medias\/images\/prestataires\/multitailles\/640x480_139032-central_park_hiver_zomm.jpg"},"320x240":{"url":"https:\/\/www.valdallos.com\/medias\/images\/prestataires\/multitailles\/320x240_139032-central_park_hiver_zomm.jpg"},"160x120":{"url":"https:\/\/www.valdallos.com\/medias\/images\/prestataires\/multitailles\/160x120_139032-central_park_hiver_zomm.jpg"},"origine":{"url":"https:\/\/www.valdallos.com\/medias\/images\/prestataires\/139032-central_park_hiver_zomm.jpg"}},"urlLien":"","typeLien":"","nofollow":"N","copyright":"vacanceole"},{"url":"https:\/\/www.valdallos.com\/medias\/images\/prestataires\/139033-central_park_hiver.jpg","chemin":"..\/medias\/images\/prestataires\/139033-central_park_hiver.jpg","libelle":"Vue de la r\u00e9sidence sur 4 \u00e9tages avec terrasses enneig\u00e9es","extension":"jpg","categorie":"","largeur":1936,"theme":"HIVER","hauteur":1296,"type":"Image","origine":"","liaisonPave":"","langue":"","id":"139033","urlVignette":"https:\/\/www.valdallos.com\/medias\/images\/prestataires\/v-139033-central_park_hiver.jpg","alt":"Vue de la r\u00e9sidence sur 4 \u00e9tages avec terrasses enneig\u00e9es","title":"Vue de la r\u00e9sidence sur 4 \u00e9tages avec terrasses enneig\u00e9es","MultiTaille":{"1920x1440":{"url":"https:\/\/www.valdallos.com\/medias\/images\/prestataires\/multitailles\/1920x1440_139033-central_park_hiver.jpg"},"1200x900":{"url":"https:\/\/www.valdallos.com\/medias\/images\/prestataires\/multitailles\/1200x900_139033-central_park_hiver.jpg"},"800x600":{"url":"https:\/\/www.valdallos.com\/medias\/images\/prestataires\/multitailles\/800x600_139033-central_park_hiver.jpg"},"640x480":{"url":"https:\/\/www.valdallos.com\/medias\/images\/prestataires\/multitailles\/640x480_139033-central_park_hiver.jpg"},"320x240":{"url":"https:\/\/www.valdallos.com\/medias\/images\/prestataires\/multitailles\/320x240_139033-central_park_hiver.jpg"},"160x120":{"url":"https:\/\/www.valdallos.com\/medias\/images\/prestataires\/multitailles\/160x120_139033-central_park_hiver.jpg"},"origine":{"url":"https:\/\/www.valdallos.com\/medias\/images\/prestataires\/139033-central_park_hiver.jpg"}},"urlLien":"","typeLien":"","nofollow":"N","copyright":"vacanceole"}]}},"Url":"residenza-central-park-val-dallos-la-foux.html","Localisation":{"GoogleMap":{"Latitude":"44.289097","Longitude":"6.569218"},"PlanStation":{"idPlan":"6","nomPlan":"[NEW] Plan La Foux","carte":"\/plan\/plan_station_2018[HIVER_FR[.jpg","PositionAbs":"614","PositionOrd":"203"}},"ZoneGeo":"FRPA04VAV1800","Criteres":{"GINFADH[GFIN":"","P.PUBLICATION[VALDALLOS":"","P.PUBLICATION[VERDONTOURISME":"","GTIMMO[GRESID":"","P.classementPrefectoral[2662":"","P.classementPrefectoral[FAM":"","VIRTFICHELISTE[ANIMADMIS":"","VIRTFICHELISTE[PARKING":"","VIRTFICHELISTE[WEBWIFI":"","VIRTFICHELISTE[CV":"","VIRTFICHELISTE[FAMILLEPLUS":"","P.GLOC[G18":"","P.115[1536":"","P.113[1593":"","P.125[624":"","P.23[698":"","P.126[972":"","P.126[1318":"","P.122[4063":"","P.services[687":"","P.services[1025":"","P.79[993":"","P.118[1028":"","P.118[1110":"","P.118[1145":"","P.118[1150":"","P.78[1029":"","P.78[1115":"","P.prestations[animauxAcceptes":"","P.prestations[animauxAcceptesSupplement":"","P.prestations[surchargeTourismesAdaptes":"","P.prestations[surchargeDescriptifHandicapMoteur":"","P.prestations[surchargeDescriptifHandicapAuditif":"","P.prestations[surchargeDescriptifHandicapVisuel":"","P.prestations[surchargeDescriptifHandicapMental":"","P.prestations[surchargeNombreFauteuilsRoulants":"","P.72[797":"","P.69[838":"","P.69[983":"","P.69[1011":"","P.69[1014":"","P.69[1015":"","P.68[876":"","P.68[971":"","P.68[1004":"","P.70[922":"","P.70[943":"","P.70[999":"","P.languesParlees[1192":"","P.languesParlees[1197":"","P.3650[3652":"","P.7237[160":"","P.7237[183":"","P.environnements[171":"","P.environnements[178":"","P.environnements[184":"","P.environnements[193":"","P.114[416":"","P.114[418":"","P.114[435":"","P.114[436":"","P.modesPaiement[1268":"","P.modesPaiement[1274":"","P.tourismeAffaires[tourismeAffairesEnabled":"","P.tourismeAffaires[devise":"EUR","P.hebergementCollectifType[2649":"","P.informationsHebergementCollectif[dateClassement":"2017-05-11","P.classementPrefectoral[2657":"","P.6602[5330":"","P.typesHebergement[1317":"","P.5403[1613":"","P.5403[1681":"","P.5402[1625":"","P.5401[1632":"","P.capacite[capaciteTotale":"170","P.capacite[capaciteTotaleReelle":"32","P.capacite[nombreAppartements":"32","P.capacite[nombreDortoirs":"0","P.CINTSITRA[5660":"","P.CINTSITRA[5663":"","P.CINTSITRA[5664":"","P.CINTSITRA[6787":"","P.CINTSITRA[8809":"","P.6241[126905":"","P.6241[5740912":"","P.3218[311229":"","P.3220[587401":"","P.3220[5575332":"","P.3233[591419":"","P.3221[4876304":"","P.3219[5127066":"","P.3219[5239406":"","P.3240[5778284":"","P.3230[6139211":"","P.VilleSitra[37282":"","P.VillageDeDepart[37282":""},"DateFinPublication":"","AffichageCoordonnees":[]},"listeCriteres":{"DISPONIBILITES":{"DISPORELANCE":""},"GPREST":{"GLOCAS":"","GCOU":""},"GCAPACITE":{"9PERS":""},"GLABEL":{"GCLEVA":""},"GLOGEM":{"GAPPRE":""},"GCHAR":{"GCHARC":""},"GHANDI":{"GACCHA":""},"GEQUIS":{"GCHSAT":"","GTELEV":""},"GPARKI":{"GPARKC":""},"GFAMPLUS":{"GMICRO":"","GLANGE":"","GCHAISEHAUT":"","GJEUXINT":"","GLITBEBE":"","GOFFRE":"sauna et hammam, r\u00e9sidence en coeur de station, pr\u00eat de mat\u00e9riel"},"CINTSITRA":{"8809":"","5660":""},"VilleSitra":{"37282":""},"PUBLICATION":{"VALDALLOS":"","VERDONTOURISME":""},"AFFGTYPE":{"APPART":""},"GNOMBRE":{"8PERS":""},"AFFEQUIP":{"PARKING":""},"GLOC":{"G18":""},"LOCVERDON":{"37282":""},"GINFADH":{"GFIN":""},"P.PUBLICATION":{"VALDALLOS":"","VERDONTOURISME":""},"GTIMMO":{"GRESID":""},"P.classementPrefectoral":{"2662":"","FAM":"","2657":""},"VIRTFICHELISTE":{"ANIMADMIS":"","PARKING":"","WEBWIFI":"","CV":"","FAMILLEPLUS":""},"P.GLOC":{"G18":""},"P.115":{"1536":""},"P.113":{"1593":""},"P.125":{"624":""},"P.23":{"698":""},"P.126":{"972":"","1318":""},"P.122":{"4063":""},"P.services":{"687":"","1025":""},"P.79":{"993":""},"P.118":{"1028":"","1110":"","1145":"","1150":""},"P.78":{"1029":"","1115":""},"P.prestations":{"animauxAcceptes":"","animauxAcceptesSupplement":"","surchargeTourismesAdaptes":"","surchargeDescriptifHandicapMoteur":"","surchargeDescriptifHandicapAuditif":"","surchargeDescriptifHandicapVisuel":"","surchargeDescriptifHandicapMental":"","surchargeNombreFauteuilsRoulants":""},"P.72":{"797":""},"P.69":{"838":"","983":"","1011":"","1014":"","1015":""},"P.68":{"876":"","971":"","1004":""},"P.70":{"922":"","943":"","999":""},"P.languesParlees":{"1192":"","1197":""},"P.3650":{"3652":""},"P.7237":{"160":"","183":""},"P.environnements":{"171":"","178":"","184":"","193":""},"P.114":{"416":"","418":"","435":"","436":""},"P.modesPaiement":{"1268":"","1274":""},"P.tourismeAffaires":{"tourismeAffairesEnabled":"","devise":"EUR"},"P.hebergementCollectifType":{"2649":""},"P.informationsHebergementCollectif":{"dateClassement":"2017-05-11"},"P.6602":{"5330":""},"P.typesHebergement":{"1317":""},"P.5403":{"1613":"","1681":""},"P.5402":{"1625":""},"P.5401":{"1632":""},"P.capacite":{"capaciteTotale":"170","capaciteTotaleReelle":"32","nombreAppartements":"32","nombreDortoirs":"0"},"P.CINTSITRA":{"5660":"","5663":"","5664":"","6787":"","8809":""},"P.6241":{"126905":"","5740912":""},"P.3218":{"311229":""},"P.3220":{"587401":"","5575332":""},"P.3233":{"591419":""},"P.3221":{"4876304":""},"P.3219":{"5127066":"","5239406":""},"P.3240":{"5778284":""},"P.3230":{"6139211":""},"P.VilleSitra":{"37282":""},"P.VillageDeDepart":{"37282":""}},"dansCarnetVoyage":true,"Ouverture":""},"html":" \n \u003Cdiv id=\"CV-PRESTATION-G-631175-01\" data-contexte-id=\"PRESTATION|G|631175|01\" data-cle=\"G|631175|01\" class=\"fiche-liste\"\u003E\n    \n\n    \u003C!-- partie photo --\u003E\n    \u003Cdiv class=\"photo\"\u003E\t\t\t\t\t\t\t\t\t\t\t\t\t\t\t\t\t\t\t\t\t\n        \u003Cdiv class=\"cadre_photo_principale\"\u003E\t\t\n        \n            \t\t\t\t\t\n                    \u003Ca href=\"residenza-central-park-val-dallos-la-foux-1.html?origine=carnet#media\"\u003E\n                        \u003Cimg class=\"photo_principale\" alt=\"central-park-hiver-zomm-42554\" src=\"https:\/\/www.valdallos.com\/medias\/images\/prestations\/multitailles\/320x240_central-park-hiver-zomm-42554.jpg\" itemprop=\"image\"\u003E\n                    \u003C\/a\u003E\t\t\t\t\t\t\n                \n                    \u003C\/div\u003E\t\t\t\t\t\t\t\t\t\t\t\t\t\t\t\t\t\t\t \t\t\n    \u003C\/div\u003E\n    \n    \u003C!-- partie nom prest --\u003E\n    \u003Cdiv class=\"nom\"\u003E\n        \u003Ch2\u003ER\u00e9sidence de tourisme Vacanc\u00e9ole  \u201ccentral park\u201c\u003C\/h2\u003E\n        \n            \u003C\/div\u003E\n\n         \n    \u003C!-- partie adresse --\u003E\n    \u003Cdiv class=\"adresse\"\u003E\n    \n          \n    \u003C\/div\u003E\n    \n    \u003C!-- partie liens --\u003E\n    \u003Cdiv class=\"liens\"\u003E\n            \u003Ca class=\"btn-icon btn-view \" title=\"Vedi il file dettagliato\" href=\"residenza-central-park-val-dallos-la-foux-1.html?origine=carnet\"\u003E\u003C\/a\u003E\u003C!--\u003Ca class=\"btn-icon btn-view \" title=\"\" href=\"?origine=carnet#thaut\"\u003E\u003C\/a\u003E--\u003E\n      \u003Ca class=\"btn-icon btn-trash carnet_voyage_supprimer\" title=\"Elimina questo file dal mio diario di viaggio\" href=\"carnet-voyage?action=remove&fiche=G|631175|01\"\u003E\u003C\/a\u003E\n    \u003C\/div\u003E\n\n\u003C\/div\u003E\n\n","icon":"https:\/\/static.ingenie.fr\/images\/carnetVoyageV3\/G.png"},"fiche":"G|631175|01","popup":"\u003Cdiv id=\"bloc_popup_ajout_fiche_carnet\"\u003E\n    \u003Cdiv class=\"info_popup_ajout_fiche_carnet\"\u003E\n        Hai appena aggiunto questo elemento alla tua selezione:    \u003C\/div\u003E\n    \u003Cdiv class=\"prest_popup_ajout_fiche_carnet\"\u003E\n        R&eacute;sidence de tourisme Vacanc&eacute;ole  &ldquo;central park&ldquo;    \u003C\/div\u003E\n    \u003Cdiv class=\"bloc_btn_ajout_fiche_carnet form_submit_div\"\u003E\n        \u003Cinput type=\"button\" value=\"Continua la mia selezione\" title=\"Continua la mia selezione\" name=\"btn_close\" class=\"btn_close_popup_carnet form_submit\" onclick=\"$.colorbox.close()\" \/\u003E\n        \u003Cinput type=\"button\" value=\"Visualizza la mia selezione\" title=\"Visualizza la mia selezione\" name=\"btn_panier\" class=\"btn_panier_popup_carnet form_submit\" onclick=\"if(typeof CarnetVoyage != 'undefined') {CarnetVoyage.voirCarnet();}\" \/\u003E\n    \u003C\/div\u003E\n    \u003Cdiv class=\"bloc_btn_ajout_fiche_carnet\"\u003E\n        \u003Cinput type=\"checkbox\" value=\"1\" name=\"desactiver_popup\" id=\"desactiver_popup\" \/\u003E\n        \u003Clabel for=\"desactiver_popup\"\u003ENon visualizzare pi\u00f9 questo messaggio\u003C\/label\u003E\n    \u003C\/div\u003E\n\u003C\/div\u003E","success":1}