{"nbFiches":1,"dataPrest":{"infoPrest":{"pave1":{"libelle":"Descrittivo","contenu":""},"pave2":{"libelle":"Descriptif court","contenu":"Residence vicina alle piste di sci  con servizzi."},"pave3":{"libelle":"Descriptif d\u00e9taill\u00e9","contenu":""},"pave4":{"libelle":"Bons plans","contenu":""},"pave5":{"libelle":"Compl\u00e9ment localisation","contenu":""},"pave6":{"libelle":"Compl\u00e9ment accueil","contenu":""},"pave7":{"libelle":"P\u00e9riodes en clair","contenu":"Tutto l'anno ogni giorno."},"pave8":{"libelle":"Tarifs en clair","contenu":"Tasse non incluse."},"pave9":{"libelle":"Compl\u00e9ment Tarifs","contenu":""},"pave10":{"libelle":"Compl\u00e9ment R\u00e9servation","contenu":""},"pave11":{"libelle":"Descriptif court","contenu":""},"pave12":{"libelle":"Descriptif d\u00e9taill\u00e9","contenu":""},"pave13":{"libelle":"Bons plans","contenu":""},"pave14":{"libelle":"Tarifs (Tarifs en clair, Compl\u00e9ment Tarifs)","contenu":""},"pave15":{"libelle":"P\u00e9riodes en clair","contenu":""},"pave16":{"libelle":"Descriptif court","contenu":""},"pave17":{"libelle":"Descriptif d\u00e9taill\u00e9","contenu":""},"pave18":{"libelle":"Bons plans","contenu":""},"pave19":{"libelle":"Tarifs (Tarifs en clair, Compl\u00e9ment Tarifs)","contenu":""},"pave20":{"libelle":"P\u00e9riodes en clair","contenu":""},"pave21":{"libelle":"Dispositions sp\u00e9ciales","contenu":""},"pave22":{"libelle":"Nouveaut\u00e9s","contenu":""},"pave23":{"libelle":"Gestes pour l'environnement","contenu":""},"pave24":{"libelle":"","contenu":""},"pave25":{"libelle":"","contenu":""},"ContactsParType":{"":{"117271":{"id_contact":"117271","type_contact":"","categorie_contact":"PRESTATAIRE","societe_contact":"","fonction_contact":"","civilite_nom_prenom_contact":"P\u00e9ri Bruno ","adresse1_contact":"","adresse2_contact":"","adresse3_contact":"","cpostal_contact":"","ville_contact":"","teldom_contact":"","telbur_contact":"","fax_contact":"","portable_contact":"","email_contact":"","siteweb_contact":"","commentaire_contact":"","langue_contact":"","autre_moyen_com":[]}},"RES":{"117272":{"id_contact":"117272","type_contact":"RES","categorie_contact":"PRESTATAIRE","societe_contact":"","fonction_contact":"","civilite_nom_prenom_contact":"Je r\u00e9serve mon s\u00e9jour ","adresse1_contact":"","adresse2_contact":"","adresse3_contact":"","cpostal_contact":"","ville_contact":"","teldom_contact":"","telbur_contact":"","fax_contact":"","portable_contact":"","email_contact":"","siteweb_contact":"https:\/\/cdva.resalys.com\/rsl\/clickbooking","commentaire_contact":"","langue_contact":"","autre_moyen_com":[]}}},"ZoneGeoLibelle":"Val d\u2019Allos \u2013 La Foux","Libelle":"Residenza Les Cimes du Val d'Allos","Nom":"R\u00e9sidence de tourisme les Cimes du Val d'Allos","Prenom":"","NomPrenom":"R\u00e9sidence de tourisme les Cimes du Val d'Allos ","CiviliteNomPrenom":"R\u00e9sidence de tourisme les Cimes du Val d'Allos ","Cle":"G|631326","PrestataireParent":"","ContexteStat":"PRESTATAIRE-G-631326","DateModificationIso":"2026-03-06T00:20:00+01:00","Type":"PRESTATAIRE","TypePrestataire":"G","Adresse":{"LigneAdresse1":"lieu dit la sestri\u00e8re","LigneAdresse2":"route du col d'Allos","LigneAdresse3":"Val d'Allos - la Foux","CodePostal":"04260","Ville":"La Foux d\u2019Allos","Cedex":"","Etat":"","Pays":"FRA"},"Email":"reservation@lescimesduvaldallos.com","Telephone":"04 92 83 65 59","TelephoneBureau":"","Portable":"","SiteWeb":"http:\/\/www.lescimesduvaldallos.com","Fax":"","Id":"g-631326","Code":"G|631326","Fichier":{"Image":[{"url":"https:\/\/www.valdallos.com\/medias\/images\/prestataires\/136738-cime_2014_sejour.jpg","chemin":"..\/medias\/images\/prestataires\/136738-cime_2014_sejour.jpg","libelle":"S\u00e9jour lumineux d'appartement avec canap\u00e9, fauteuil, table \u00e0 manger, TV, s\u00e9parations vers autres espaces","extension":"jpg","categorie":"","largeur":800,"theme":"","hauteur":533,"type":"Image","origine":"","liaisonPave":"","langue":"","id":"136738","urlVignette":"https:\/\/www.valdallos.com\/medias\/images\/prestataires\/v-136738-cime_2014_sejour.jpg","alt":"S\u00e9jour lumineux d'appartement avec canap\u00e9, fauteuil, table \u00e0 manger, TV, s\u00e9parations vers autres espaces","title":"S\u00e9jour lumineux d'appartement avec canap\u00e9, fauteuil, table \u00e0 manger, TV, s\u00e9parations vers autres espaces","MultiTaille":{"1920x1440":{"url":"https:\/\/www.valdallos.com\/medias\/images\/prestataires\/multitailles\/1920x1440_136738-cime_2014_sejour.jpg"},"1200x900":{"url":"https:\/\/www.valdallos.com\/medias\/images\/prestataires\/multitailles\/1200x900_136738-cime_2014_sejour.jpg"},"800x600":{"url":"https:\/\/www.valdallos.com\/medias\/images\/prestataires\/multitailles\/800x600_136738-cime_2014_sejour.jpg"},"640x480":{"url":"https:\/\/www.valdallos.com\/medias\/images\/prestataires\/multitailles\/640x480_136738-cime_2014_sejour.jpg"},"320x240":{"url":"https:\/\/www.valdallos.com\/medias\/images\/prestataires\/multitailles\/320x240_136738-cime_2014_sejour.jpg"},"160x120":{"url":"https:\/\/www.valdallos.com\/medias\/images\/prestataires\/multitailles\/160x120_136738-cime_2014_sejour.jpg"},"origine":{"url":"https:\/\/www.valdallos.com\/medias\/images\/prestataires\/136738-cime_2014_sejour.jpg"}},"urlLien":"","typeLien":"","nofollow":"N","copyright":"Les cimes du Val d'Allos"},{"url":"https:\/\/www.valdallos.com\/medias\/images\/prestataires\/136739-cime_2014_salon.jpg","chemin":"..\/medias\/images\/prestataires\/136739-cime_2014_salon.jpg","libelle":"S\u00e9jour d'appartement avec canap\u00e9-lit, table \u00e0 manger, TV murale","extension":"jpg","categorie":"","largeur":800,"theme":"","hauteur":533,"type":"Image","origine":"","liaisonPave":"","langue":"","id":"136739","urlVignette":"https:\/\/www.valdallos.com\/medias\/images\/prestataires\/v-136739-cime_2014_salon.jpg","alt":"S\u00e9jour d'appartement avec canap\u00e9-lit, table \u00e0 manger, TV murale","title":"S\u00e9jour d'appartement avec canap\u00e9-lit, table \u00e0 manger, TV murale","MultiTaille":{"1920x1440":{"url":"https:\/\/www.valdallos.com\/medias\/images\/prestataires\/multitailles\/1920x1440_136739-cime_2014_salon.jpg"},"1200x900":{"url":"https:\/\/www.valdallos.com\/medias\/images\/prestataires\/multitailles\/1200x900_136739-cime_2014_salon.jpg"},"800x600":{"url":"https:\/\/www.valdallos.com\/medias\/images\/prestataires\/multitailles\/800x600_136739-cime_2014_salon.jpg"},"640x480":{"url":"https:\/\/www.valdallos.com\/medias\/images\/prestataires\/multitailles\/640x480_136739-cime_2014_salon.jpg"},"320x240":{"url":"https:\/\/www.valdallos.com\/medias\/images\/prestataires\/multitailles\/320x240_136739-cime_2014_salon.jpg"},"160x120":{"url":"https:\/\/www.valdallos.com\/medias\/images\/prestataires\/multitailles\/160x120_136739-cime_2014_salon.jpg"},"origine":{"url":"https:\/\/www.valdallos.com\/medias\/images\/prestataires\/136739-cime_2014_salon.jpg"}},"urlLien":"","typeLien":"","nofollow":"N","copyright":"Les cimes du Val d'Allos"},{"url":"https:\/\/www.valdallos.com\/medias\/images\/prestataires\/136740-cime_2014_chambre.jpg","chemin":"..\/medias\/images\/prestataires\/136740-cime_2014_chambre.jpg","libelle":"Chambre \u00e0 coucher d'appartement avec lit double et lit simple, ameublement bois, fen\u00eatre","extension":"jpg","categorie":"","largeur":800,"theme":"","hauteur":533,"type":"Image","origine":"","liaisonPave":"","langue":"","id":"136740","urlVignette":"https:\/\/www.valdallos.com\/medias\/images\/prestataires\/v-136740-cime_2014_chambre.jpg","alt":"Chambre \u00e0 coucher d'appartement avec lit double et lit simple, ameublement bois, fen\u00eatre","title":"Chambre \u00e0 coucher d'appartement avec lit double et lit simple, ameublement bois, fen\u00eatre","MultiTaille":{"1920x1440":{"url":"https:\/\/www.valdallos.com\/medias\/images\/prestataires\/multitailles\/1920x1440_136740-cime_2014_chambre.jpg"},"1200x900":{"url":"https:\/\/www.valdallos.com\/medias\/images\/prestataires\/multitailles\/1200x900_136740-cime_2014_chambre.jpg"},"800x600":{"url":"https:\/\/www.valdallos.com\/medias\/images\/prestataires\/multitailles\/800x600_136740-cime_2014_chambre.jpg"},"640x480":{"url":"https:\/\/www.valdallos.com\/medias\/images\/prestataires\/multitailles\/640x480_136740-cime_2014_chambre.jpg"},"320x240":{"url":"https:\/\/www.valdallos.com\/medias\/images\/prestataires\/multitailles\/320x240_136740-cime_2014_chambre.jpg"},"160x120":{"url":"https:\/\/www.valdallos.com\/medias\/images\/prestataires\/multitailles\/160x120_136740-cime_2014_chambre.jpg"},"origine":{"url":"https:\/\/www.valdallos.com\/medias\/images\/prestataires\/136740-cime_2014_chambre.jpg"}},"urlLien":"","typeLien":"","nofollow":"N","copyright":"Les cimes du Val d'Allos"},{"url":"https:\/\/www.valdallos.com\/medias\/images\/prestataires\/136741-cime_2014_chambre2.jpg","chemin":"..\/medias\/images\/prestataires\/136741-cime_2014_chambre2.jpg","libelle":"Chambre \u00e0 coucher avec lit double, fen\u00eatre et rideaux","extension":"jpg","categorie":"","largeur":800,"theme":"","hauteur":533,"type":"Image","origine":"","liaisonPave":"","langue":"","id":"136741","urlVignette":"https:\/\/www.valdallos.com\/medias\/images\/prestataires\/v-136741-cime_2014_chambre2.jpg","alt":"Chambre \u00e0 coucher avec lit double, fen\u00eatre et rideaux","title":"Chambre \u00e0 coucher avec lit double, fen\u00eatre et rideaux","MultiTaille":{"1920x1440":{"url":"https:\/\/www.valdallos.com\/medias\/images\/prestataires\/multitailles\/1920x1440_136741-cime_2014_chambre2.jpg"},"1200x900":{"url":"https:\/\/www.valdallos.com\/medias\/images\/prestataires\/multitailles\/1200x900_136741-cime_2014_chambre2.jpg"},"800x600":{"url":"https:\/\/www.valdallos.com\/medias\/images\/prestataires\/multitailles\/800x600_136741-cime_2014_chambre2.jpg"},"640x480":{"url":"https:\/\/www.valdallos.com\/medias\/images\/prestataires\/multitailles\/640x480_136741-cime_2014_chambre2.jpg"},"320x240":{"url":"https:\/\/www.valdallos.com\/medias\/images\/prestataires\/multitailles\/320x240_136741-cime_2014_chambre2.jpg"},"160x120":{"url":"https:\/\/www.valdallos.com\/medias\/images\/prestataires\/multitailles\/160x120_136741-cime_2014_chambre2.jpg"},"origine":{"url":"https:\/\/www.valdallos.com\/medias\/images\/prestataires\/136741-cime_2014_chambre2.jpg"}},"urlLien":"","typeLien":"","nofollow":"N","copyright":"Les cimes du Val d'Allos"},{"url":"https:\/\/www.valdallos.com\/medias\/images\/prestataires\/136742-cime_2014_piscine.jpg","chemin":"..\/medias\/images\/prestataires\/136742-cime_2014_piscine.jpg","libelle":"Piscine priv\u00e9e de la r\u00e9sidence","extension":"jpg","categorie":"","largeur":800,"theme":"","hauteur":533,"type":"Image","origine":"","liaisonPave":"","langue":"","id":"136742","urlVignette":"https:\/\/www.valdallos.com\/medias\/images\/prestataires\/v-136742-cime_2014_piscine.jpg","alt":"Piscine priv\u00e9e de la r\u00e9sidence","title":"Piscine priv\u00e9e de la r\u00e9sidence","MultiTaille":{"1920x1440":{"url":"https:\/\/www.valdallos.com\/medias\/images\/prestataires\/multitailles\/1920x1440_136742-cime_2014_piscine.jpg"},"1200x900":{"url":"https:\/\/www.valdallos.com\/medias\/images\/prestataires\/multitailles\/1200x900_136742-cime_2014_piscine.jpg"},"800x600":{"url":"https:\/\/www.valdallos.com\/medias\/images\/prestataires\/multitailles\/800x600_136742-cime_2014_piscine.jpg"},"640x480":{"url":"https:\/\/www.valdallos.com\/medias\/images\/prestataires\/multitailles\/640x480_136742-cime_2014_piscine.jpg"},"320x240":{"url":"https:\/\/www.valdallos.com\/medias\/images\/prestataires\/multitailles\/320x240_136742-cime_2014_piscine.jpg"},"160x120":{"url":"https:\/\/www.valdallos.com\/medias\/images\/prestataires\/multitailles\/160x120_136742-cime_2014_piscine.jpg"},"origine":{"url":"https:\/\/www.valdallos.com\/medias\/images\/prestataires\/136742-cime_2014_piscine.jpg"}},"urlLien":"","typeLien":"","nofollow":"N","copyright":"office de tourisme du Val d'Allos R Palomba"},{"url":"https:\/\/www.valdallos.com\/medias\/images\/prestataires\/136743-cime_2014_ete.jpg","chemin":"..\/medias\/images\/prestataires\/136743-cime_2014_ete.jpg","libelle":"Vue de face de la r\u00e9sidence, b\u00e2timent en bois sur plusieurs \u00e9tages, montagnes en arri\u00e8re-plan","extension":"jpg","categorie":"","largeur":800,"theme":"ETE","hauteur":533,"type":"Image","origine":"","liaisonPave":"","langue":"","id":"136743","urlVignette":"https:\/\/www.valdallos.com\/medias\/images\/prestataires\/v-136743-cime_2014_ete.jpg","alt":"Vue de face de la r\u00e9sidence, b\u00e2timent en bois sur plusieurs \u00e9tages, montagnes en arri\u00e8re-plan","title":"Vue de face de la r\u00e9sidence, b\u00e2timent en bois sur plusieurs \u00e9tages, montagnes en arri\u00e8re-plan","MultiTaille":{"1920x1440":{"url":"https:\/\/www.valdallos.com\/medias\/images\/prestataires\/multitailles\/1920x1440_136743-cime_2014_ete.jpg"},"1200x900":{"url":"https:\/\/www.valdallos.com\/medias\/images\/prestataires\/multitailles\/1200x900_136743-cime_2014_ete.jpg"},"800x600":{"url":"https:\/\/www.valdallos.com\/medias\/images\/prestataires\/multitailles\/800x600_136743-cime_2014_ete.jpg"},"640x480":{"url":"https:\/\/www.valdallos.com\/medias\/images\/prestataires\/multitailles\/640x480_136743-cime_2014_ete.jpg"},"320x240":{"url":"https:\/\/www.valdallos.com\/medias\/images\/prestataires\/multitailles\/320x240_136743-cime_2014_ete.jpg"},"160x120":{"url":"https:\/\/www.valdallos.com\/medias\/images\/prestataires\/multitailles\/160x120_136743-cime_2014_ete.jpg"},"origine":{"url":"https:\/\/www.valdallos.com\/medias\/images\/prestataires\/136743-cime_2014_ete.jpg"}},"urlLien":"","typeLien":"","nofollow":"N","copyright":"Les cimes du Val d'Allos"},{"url":"https:\/\/www.valdallos.com\/medias\/images\/prestataires\/136744-cime_2014_hiver.jpg","chemin":"..\/medias\/images\/prestataires\/136744-cime_2014_hiver.jpg","libelle":"Vue de c\u00f4t\u00e9 de la r\u00e9sidence, b\u00e2timent sur plusieurs \u00e9tages, neige sur les toits, for\u00eat en arri\u00e8re-plan","extension":"jpg","categorie":"","largeur":800,"theme":"HIVER","hauteur":533,"type":"Image","origine":"","liaisonPave":"","langue":"","id":"136744","urlVignette":"https:\/\/www.valdallos.com\/medias\/images\/prestataires\/v-136744-cime_2014_hiver.jpg","alt":"Vue de c\u00f4t\u00e9 de la r\u00e9sidence, b\u00e2timent sur plusieurs \u00e9tages, neige sur les toits, for\u00eat en arri\u00e8re-plan","title":"Vue de c\u00f4t\u00e9 de la r\u00e9sidence, b\u00e2timent sur plusieurs \u00e9tages, neige sur les toits, for\u00eat en arri\u00e8re-plan","MultiTaille":{"1920x1440":{"url":"https:\/\/www.valdallos.com\/medias\/images\/prestataires\/multitailles\/1920x1440_136744-cime_2014_hiver.jpg"},"1200x900":{"url":"https:\/\/www.valdallos.com\/medias\/images\/prestataires\/multitailles\/1200x900_136744-cime_2014_hiver.jpg"},"800x600":{"url":"https:\/\/www.valdallos.com\/medias\/images\/prestataires\/multitailles\/800x600_136744-cime_2014_hiver.jpg"},"640x480":{"url":"https:\/\/www.valdallos.com\/medias\/images\/prestataires\/multitailles\/640x480_136744-cime_2014_hiver.jpg"},"320x240":{"url":"https:\/\/www.valdallos.com\/medias\/images\/prestataires\/multitailles\/320x240_136744-cime_2014_hiver.jpg"},"160x120":{"url":"https:\/\/www.valdallos.com\/medias\/images\/prestataires\/multitailles\/160x120_136744-cime_2014_hiver.jpg"},"origine":{"url":"https:\/\/www.valdallos.com\/medias\/images\/prestataires\/136744-cime_2014_hiver.jpg"}},"urlLien":"","typeLien":"","nofollow":"N","copyright":"Les cimes du Val d'Allos"},{"url":"https:\/\/www.valdallos.com\/medias\/images\/prestataires\/136745-cimes_hiver2.jpg","chemin":"..\/medias\/images\/prestataires\/136745-cimes_hiver2.jpg","libelle":"Vue de c\u00f4t\u00e9 de la r\u00e9sidence, b\u00e2timent sur plusieurs \u00e9tages, neige autour du b\u00e2timent et vue de la station","extension":"jpg","categorie":"","largeur":1200,"theme":"HIVER","hauteur":800,"type":"Image","origine":"","liaisonPave":"","langue":"","id":"136745","urlVignette":"https:\/\/www.valdallos.com\/medias\/images\/prestataires\/v-136745-cimes_hiver2.jpg","alt":"Vue de c\u00f4t\u00e9 de la r\u00e9sidence, b\u00e2timent sur plusieurs \u00e9tages, neige autour du b\u00e2timent et vue de la station","title":"Vue de c\u00f4t\u00e9 de la r\u00e9sidence, b\u00e2timent sur plusieurs \u00e9tages, neige autour du b\u00e2timent et vue de la station","MultiTaille":{"1920x1440":{"url":"https:\/\/www.valdallos.com\/medias\/images\/prestataires\/multitailles\/1920x1440_136745-cimes_hiver2.jpg"},"1200x900":{"url":"https:\/\/www.valdallos.com\/medias\/images\/prestataires\/multitailles\/1200x900_136745-cimes_hiver2.jpg"},"800x600":{"url":"https:\/\/www.valdallos.com\/medias\/images\/prestataires\/multitailles\/800x600_136745-cimes_hiver2.jpg"},"640x480":{"url":"https:\/\/www.valdallos.com\/medias\/images\/prestataires\/multitailles\/640x480_136745-cimes_hiver2.jpg"},"320x240":{"url":"https:\/\/www.valdallos.com\/medias\/images\/prestataires\/multitailles\/320x240_136745-cimes_hiver2.jpg"},"160x120":{"url":"https:\/\/www.valdallos.com\/medias\/images\/prestataires\/multitailles\/160x120_136745-cimes_hiver2.jpg"},"origine":{"url":"https:\/\/www.valdallos.com\/medias\/images\/prestataires\/136745-cimes_hiver2.jpg"}},"urlLien":"","typeLien":"","nofollow":"N","copyright":"Les cimes du Val d'Allos"}],"ByCategorie":{"":[{"url":"https:\/\/www.valdallos.com\/medias\/images\/prestataires\/136738-cime_2014_sejour.jpg","chemin":"..\/medias\/images\/prestataires\/136738-cime_2014_sejour.jpg","libelle":"S\u00e9jour lumineux d'appartement avec canap\u00e9, fauteuil, table \u00e0 manger, TV, s\u00e9parations vers autres espaces","extension":"jpg","categorie":"","largeur":800,"theme":"","hauteur":533,"type":"Image","origine":"","liaisonPave":"","langue":"","id":"136738","urlVignette":"https:\/\/www.valdallos.com\/medias\/images\/prestataires\/v-136738-cime_2014_sejour.jpg","alt":"S\u00e9jour lumineux d'appartement avec canap\u00e9, fauteuil, table \u00e0 manger, TV, s\u00e9parations vers autres espaces","title":"S\u00e9jour lumineux d'appartement avec canap\u00e9, fauteuil, table \u00e0 manger, TV, s\u00e9parations vers autres espaces","MultiTaille":{"1920x1440":{"url":"https:\/\/www.valdallos.com\/medias\/images\/prestataires\/multitailles\/1920x1440_136738-cime_2014_sejour.jpg"},"1200x900":{"url":"https:\/\/www.valdallos.com\/medias\/images\/prestataires\/multitailles\/1200x900_136738-cime_2014_sejour.jpg"},"800x600":{"url":"https:\/\/www.valdallos.com\/medias\/images\/prestataires\/multitailles\/800x600_136738-cime_2014_sejour.jpg"},"640x480":{"url":"https:\/\/www.valdallos.com\/medias\/images\/prestataires\/multitailles\/640x480_136738-cime_2014_sejour.jpg"},"320x240":{"url":"https:\/\/www.valdallos.com\/medias\/images\/prestataires\/multitailles\/320x240_136738-cime_2014_sejour.jpg"},"160x120":{"url":"https:\/\/www.valdallos.com\/medias\/images\/prestataires\/multitailles\/160x120_136738-cime_2014_sejour.jpg"},"origine":{"url":"https:\/\/www.valdallos.com\/medias\/images\/prestataires\/136738-cime_2014_sejour.jpg"}},"urlLien":"","typeLien":"","nofollow":"N","copyright":"Les cimes du Val d'Allos"},{"url":"https:\/\/www.valdallos.com\/medias\/images\/prestataires\/136739-cime_2014_salon.jpg","chemin":"..\/medias\/images\/prestataires\/136739-cime_2014_salon.jpg","libelle":"S\u00e9jour d'appartement avec canap\u00e9-lit, table \u00e0 manger, TV murale","extension":"jpg","categorie":"","largeur":800,"theme":"","hauteur":533,"type":"Image","origine":"","liaisonPave":"","langue":"","id":"136739","urlVignette":"https:\/\/www.valdallos.com\/medias\/images\/prestataires\/v-136739-cime_2014_salon.jpg","alt":"S\u00e9jour d'appartement avec canap\u00e9-lit, table \u00e0 manger, TV murale","title":"S\u00e9jour d'appartement avec canap\u00e9-lit, table \u00e0 manger, TV murale","MultiTaille":{"1920x1440":{"url":"https:\/\/www.valdallos.com\/medias\/images\/prestataires\/multitailles\/1920x1440_136739-cime_2014_salon.jpg"},"1200x900":{"url":"https:\/\/www.valdallos.com\/medias\/images\/prestataires\/multitailles\/1200x900_136739-cime_2014_salon.jpg"},"800x600":{"url":"https:\/\/www.valdallos.com\/medias\/images\/prestataires\/multitailles\/800x600_136739-cime_2014_salon.jpg"},"640x480":{"url":"https:\/\/www.valdallos.com\/medias\/images\/prestataires\/multitailles\/640x480_136739-cime_2014_salon.jpg"},"320x240":{"url":"https:\/\/www.valdallos.com\/medias\/images\/prestataires\/multitailles\/320x240_136739-cime_2014_salon.jpg"},"160x120":{"url":"https:\/\/www.valdallos.com\/medias\/images\/prestataires\/multitailles\/160x120_136739-cime_2014_salon.jpg"},"origine":{"url":"https:\/\/www.valdallos.com\/medias\/images\/prestataires\/136739-cime_2014_salon.jpg"}},"urlLien":"","typeLien":"","nofollow":"N","copyright":"Les cimes du Val d'Allos"},{"url":"https:\/\/www.valdallos.com\/medias\/images\/prestataires\/136740-cime_2014_chambre.jpg","chemin":"..\/medias\/images\/prestataires\/136740-cime_2014_chambre.jpg","libelle":"Chambre \u00e0 coucher d'appartement avec lit double et lit simple, ameublement bois, fen\u00eatre","extension":"jpg","categorie":"","largeur":800,"theme":"","hauteur":533,"type":"Image","origine":"","liaisonPave":"","langue":"","id":"136740","urlVignette":"https:\/\/www.valdallos.com\/medias\/images\/prestataires\/v-136740-cime_2014_chambre.jpg","alt":"Chambre \u00e0 coucher d'appartement avec lit double et lit simple, ameublement bois, fen\u00eatre","title":"Chambre \u00e0 coucher d'appartement avec lit double et lit simple, ameublement bois, fen\u00eatre","MultiTaille":{"1920x1440":{"url":"https:\/\/www.valdallos.com\/medias\/images\/prestataires\/multitailles\/1920x1440_136740-cime_2014_chambre.jpg"},"1200x900":{"url":"https:\/\/www.valdallos.com\/medias\/images\/prestataires\/multitailles\/1200x900_136740-cime_2014_chambre.jpg"},"800x600":{"url":"https:\/\/www.valdallos.com\/medias\/images\/prestataires\/multitailles\/800x600_136740-cime_2014_chambre.jpg"},"640x480":{"url":"https:\/\/www.valdallos.com\/medias\/images\/prestataires\/multitailles\/640x480_136740-cime_2014_chambre.jpg"},"320x240":{"url":"https:\/\/www.valdallos.com\/medias\/images\/prestataires\/multitailles\/320x240_136740-cime_2014_chambre.jpg"},"160x120":{"url":"https:\/\/www.valdallos.com\/medias\/images\/prestataires\/multitailles\/160x120_136740-cime_2014_chambre.jpg"},"origine":{"url":"https:\/\/www.valdallos.com\/medias\/images\/prestataires\/136740-cime_2014_chambre.jpg"}},"urlLien":"","typeLien":"","nofollow":"N","copyright":"Les cimes du Val d'Allos"},{"url":"https:\/\/www.valdallos.com\/medias\/images\/prestataires\/136741-cime_2014_chambre2.jpg","chemin":"..\/medias\/images\/prestataires\/136741-cime_2014_chambre2.jpg","libelle":"Chambre \u00e0 coucher avec lit double, fen\u00eatre et rideaux","extension":"jpg","categorie":"","largeur":800,"theme":"","hauteur":533,"type":"Image","origine":"","liaisonPave":"","langue":"","id":"136741","urlVignette":"https:\/\/www.valdallos.com\/medias\/images\/prestataires\/v-136741-cime_2014_chambre2.jpg","alt":"Chambre \u00e0 coucher avec lit double, fen\u00eatre et rideaux","title":"Chambre \u00e0 coucher avec lit double, fen\u00eatre et rideaux","MultiTaille":{"1920x1440":{"url":"https:\/\/www.valdallos.com\/medias\/images\/prestataires\/multitailles\/1920x1440_136741-cime_2014_chambre2.jpg"},"1200x900":{"url":"https:\/\/www.valdallos.com\/medias\/images\/prestataires\/multitailles\/1200x900_136741-cime_2014_chambre2.jpg"},"800x600":{"url":"https:\/\/www.valdallos.com\/medias\/images\/prestataires\/multitailles\/800x600_136741-cime_2014_chambre2.jpg"},"640x480":{"url":"https:\/\/www.valdallos.com\/medias\/images\/prestataires\/multitailles\/640x480_136741-cime_2014_chambre2.jpg"},"320x240":{"url":"https:\/\/www.valdallos.com\/medias\/images\/prestataires\/multitailles\/320x240_136741-cime_2014_chambre2.jpg"},"160x120":{"url":"https:\/\/www.valdallos.com\/medias\/images\/prestataires\/multitailles\/160x120_136741-cime_2014_chambre2.jpg"},"origine":{"url":"https:\/\/www.valdallos.com\/medias\/images\/prestataires\/136741-cime_2014_chambre2.jpg"}},"urlLien":"","typeLien":"","nofollow":"N","copyright":"Les cimes du Val d'Allos"},{"url":"https:\/\/www.valdallos.com\/medias\/images\/prestataires\/136742-cime_2014_piscine.jpg","chemin":"..\/medias\/images\/prestataires\/136742-cime_2014_piscine.jpg","libelle":"Piscine priv\u00e9e de la r\u00e9sidence","extension":"jpg","categorie":"","largeur":800,"theme":"","hauteur":533,"type":"Image","origine":"","liaisonPave":"","langue":"","id":"136742","urlVignette":"https:\/\/www.valdallos.com\/medias\/images\/prestataires\/v-136742-cime_2014_piscine.jpg","alt":"Piscine priv\u00e9e de la r\u00e9sidence","title":"Piscine priv\u00e9e de la r\u00e9sidence","MultiTaille":{"1920x1440":{"url":"https:\/\/www.valdallos.com\/medias\/images\/prestataires\/multitailles\/1920x1440_136742-cime_2014_piscine.jpg"},"1200x900":{"url":"https:\/\/www.valdallos.com\/medias\/images\/prestataires\/multitailles\/1200x900_136742-cime_2014_piscine.jpg"},"800x600":{"url":"https:\/\/www.valdallos.com\/medias\/images\/prestataires\/multitailles\/800x600_136742-cime_2014_piscine.jpg"},"640x480":{"url":"https:\/\/www.valdallos.com\/medias\/images\/prestataires\/multitailles\/640x480_136742-cime_2014_piscine.jpg"},"320x240":{"url":"https:\/\/www.valdallos.com\/medias\/images\/prestataires\/multitailles\/320x240_136742-cime_2014_piscine.jpg"},"160x120":{"url":"https:\/\/www.valdallos.com\/medias\/images\/prestataires\/multitailles\/160x120_136742-cime_2014_piscine.jpg"},"origine":{"url":"https:\/\/www.valdallos.com\/medias\/images\/prestataires\/136742-cime_2014_piscine.jpg"}},"urlLien":"","typeLien":"","nofollow":"N","copyright":"office de tourisme du Val d'Allos R Palomba"},{"url":"https:\/\/www.valdallos.com\/medias\/images\/prestataires\/136743-cime_2014_ete.jpg","chemin":"..\/medias\/images\/prestataires\/136743-cime_2014_ete.jpg","libelle":"Vue de face de la r\u00e9sidence, b\u00e2timent en bois sur plusieurs \u00e9tages, montagnes en arri\u00e8re-plan","extension":"jpg","categorie":"","largeur":800,"theme":"ETE","hauteur":533,"type":"Image","origine":"","liaisonPave":"","langue":"","id":"136743","urlVignette":"https:\/\/www.valdallos.com\/medias\/images\/prestataires\/v-136743-cime_2014_ete.jpg","alt":"Vue de face de la r\u00e9sidence, b\u00e2timent en bois sur plusieurs \u00e9tages, montagnes en arri\u00e8re-plan","title":"Vue de face de la r\u00e9sidence, b\u00e2timent en bois sur plusieurs \u00e9tages, montagnes en arri\u00e8re-plan","MultiTaille":{"1920x1440":{"url":"https:\/\/www.valdallos.com\/medias\/images\/prestataires\/multitailles\/1920x1440_136743-cime_2014_ete.jpg"},"1200x900":{"url":"https:\/\/www.valdallos.com\/medias\/images\/prestataires\/multitailles\/1200x900_136743-cime_2014_ete.jpg"},"800x600":{"url":"https:\/\/www.valdallos.com\/medias\/images\/prestataires\/multitailles\/800x600_136743-cime_2014_ete.jpg"},"640x480":{"url":"https:\/\/www.valdallos.com\/medias\/images\/prestataires\/multitailles\/640x480_136743-cime_2014_ete.jpg"},"320x240":{"url":"https:\/\/www.valdallos.com\/medias\/images\/prestataires\/multitailles\/320x240_136743-cime_2014_ete.jpg"},"160x120":{"url":"https:\/\/www.valdallos.com\/medias\/images\/prestataires\/multitailles\/160x120_136743-cime_2014_ete.jpg"},"origine":{"url":"https:\/\/www.valdallos.com\/medias\/images\/prestataires\/136743-cime_2014_ete.jpg"}},"urlLien":"","typeLien":"","nofollow":"N","copyright":"Les cimes du Val d'Allos"},{"url":"https:\/\/www.valdallos.com\/medias\/images\/prestataires\/136744-cime_2014_hiver.jpg","chemin":"..\/medias\/images\/prestataires\/136744-cime_2014_hiver.jpg","libelle":"Vue de c\u00f4t\u00e9 de la r\u00e9sidence, b\u00e2timent sur plusieurs \u00e9tages, neige sur les toits, for\u00eat en arri\u00e8re-plan","extension":"jpg","categorie":"","largeur":800,"theme":"HIVER","hauteur":533,"type":"Image","origine":"","liaisonPave":"","langue":"","id":"136744","urlVignette":"https:\/\/www.valdallos.com\/medias\/images\/prestataires\/v-136744-cime_2014_hiver.jpg","alt":"Vue de c\u00f4t\u00e9 de la r\u00e9sidence, b\u00e2timent sur plusieurs \u00e9tages, neige sur les toits, for\u00eat en arri\u00e8re-plan","title":"Vue de c\u00f4t\u00e9 de la r\u00e9sidence, b\u00e2timent sur plusieurs \u00e9tages, neige sur les toits, for\u00eat en arri\u00e8re-plan","MultiTaille":{"1920x1440":{"url":"https:\/\/www.valdallos.com\/medias\/images\/prestataires\/multitailles\/1920x1440_136744-cime_2014_hiver.jpg"},"1200x900":{"url":"https:\/\/www.valdallos.com\/medias\/images\/prestataires\/multitailles\/1200x900_136744-cime_2014_hiver.jpg"},"800x600":{"url":"https:\/\/www.valdallos.com\/medias\/images\/prestataires\/multitailles\/800x600_136744-cime_2014_hiver.jpg"},"640x480":{"url":"https:\/\/www.valdallos.com\/medias\/images\/prestataires\/multitailles\/640x480_136744-cime_2014_hiver.jpg"},"320x240":{"url":"https:\/\/www.valdallos.com\/medias\/images\/prestataires\/multitailles\/320x240_136744-cime_2014_hiver.jpg"},"160x120":{"url":"https:\/\/www.valdallos.com\/medias\/images\/prestataires\/multitailles\/160x120_136744-cime_2014_hiver.jpg"},"origine":{"url":"https:\/\/www.valdallos.com\/medias\/images\/prestataires\/136744-cime_2014_hiver.jpg"}},"urlLien":"","typeLien":"","nofollow":"N","copyright":"Les cimes du Val d'Allos"},{"url":"https:\/\/www.valdallos.com\/medias\/images\/prestataires\/136745-cimes_hiver2.jpg","chemin":"..\/medias\/images\/prestataires\/136745-cimes_hiver2.jpg","libelle":"Vue de c\u00f4t\u00e9 de la r\u00e9sidence, b\u00e2timent sur plusieurs \u00e9tages, neige autour du b\u00e2timent et vue de la station","extension":"jpg","categorie":"","largeur":1200,"theme":"HIVER","hauteur":800,"type":"Image","origine":"","liaisonPave":"","langue":"","id":"136745","urlVignette":"https:\/\/www.valdallos.com\/medias\/images\/prestataires\/v-136745-cimes_hiver2.jpg","alt":"Vue de c\u00f4t\u00e9 de la r\u00e9sidence, b\u00e2timent sur plusieurs \u00e9tages, neige autour du b\u00e2timent et vue de la station","title":"Vue de c\u00f4t\u00e9 de la r\u00e9sidence, b\u00e2timent sur plusieurs \u00e9tages, neige autour du b\u00e2timent et vue de la station","MultiTaille":{"1920x1440":{"url":"https:\/\/www.valdallos.com\/medias\/images\/prestataires\/multitailles\/1920x1440_136745-cimes_hiver2.jpg"},"1200x900":{"url":"https:\/\/www.valdallos.com\/medias\/images\/prestataires\/multitailles\/1200x900_136745-cimes_hiver2.jpg"},"800x600":{"url":"https:\/\/www.valdallos.com\/medias\/images\/prestataires\/multitailles\/800x600_136745-cimes_hiver2.jpg"},"640x480":{"url":"https:\/\/www.valdallos.com\/medias\/images\/prestataires\/multitailles\/640x480_136745-cimes_hiver2.jpg"},"320x240":{"url":"https:\/\/www.valdallos.com\/medias\/images\/prestataires\/multitailles\/320x240_136745-cimes_hiver2.jpg"},"160x120":{"url":"https:\/\/www.valdallos.com\/medias\/images\/prestataires\/multitailles\/160x120_136745-cimes_hiver2.jpg"},"origine":{"url":"https:\/\/www.valdallos.com\/medias\/images\/prestataires\/136745-cimes_hiver2.jpg"}},"urlLien":"","typeLien":"","nofollow":"N","copyright":"Les cimes du Val d'Allos"}]}},"Url":"residenza-les-cimes-du-val-d-allos-val-dallos-la-foux.html","Localisation":{"GoogleMap":{"Latitude":"44.297768","Longitude":"6.569091"},"PlanStation":{"idPlan":"6","nomPlan":"[NEW] Plan La Foux","carte":"\/plan\/plan_station_2018[HIVER_FR[.jpg","PositionAbs":"1235","PositionOrd":"398"}},"ZoneGeo":"Val d\u2019Allos \u2013 La Foux","LiensEtWidgetsParType":{"R":[{"Id":"18","TypePrestataire":"G","CodePrestataire":"631326","CodePrestation":"","CodeLibelle":"","Type":"R","Url":"https:\/\/cdva.resalys.com\/rsl\/clickbooking","Defaut":"N","Langue":"","Nature":"URL","Import":"","LibelleText":"","Theme":""}]},"LiensEtWidgets":[{"Id":"18","TypePrestataire":"G","CodePrestataire":"631326","CodePrestation":"","CodeLibelle":"","Type":"R","Url":"https:\/\/cdva.resalys.com\/rsl\/clickbooking","Defaut":"N","Langue":"","Nature":"URL","Import":"","LibelleText":"","Theme":""}],"Criteres":{"GINFADH[GFIN":"","P.PUBLICATION[VALDALLOS":"","P.PUBLICATION[VERDONTOURISME":"","GTIMMO[GRESID":"","P.classementPrefectoral[FAM":"","VIRTFICHELISTE[ANIMADMIS":"","VIRTFICHELISTE[PARKING":"","VIRTFICHELISTE[WEBWIFI":"","VIRTFICHELISTE[CV":"","VIRTFICHELISTE[FAMILLEPLUS":"","VIRTFICHELISTE[PISCINE":"","P.GLOC[G18":"","P.113[1593":"","P.23[698":"","P.23[957":"","P.23[1054":"","P.127[914":"","P.127[1064":"","P.126[972":"","P.126[1050":"","P.123[1093":"","P.123[1504":"","P.equipements[1300":"","P.122[4063":"","P.services[687":"","P.services[1025":"","P.79[993":"","P.118[1028":"","P.118[1110":"","P.118[1145":"","P.118[1150":"","P.78[1111":"","P.78[1115":"","P.78[1166":"","P.prestations[animauxAcceptes":"","P.prestations[animauxAcceptesSupplement":"","P.prestations[surchargeTourismesAdaptes":"","P.prestations[surchargeDescriptifHandicapMoteur":"","P.prestations[surchargeDescriptifHandicapAuditif":"","P.prestations[surchargeDescriptifHandicapVisuel":"","P.prestations[surchargeDescriptifHandicapMental":"","P.prestations[surchargeNombreFauteuilsRoulants":"","P.69[838":"","P.69[1014":"","P.69[1015":"","P.69[4060":"","P.languesParlees[1192":"","P.languesParlees[1197":"","P.3650[3653":"","P.5[593":"","P.7237[160":"","P.7237[183":"","P.6528[169":"","P.environnements[171":"","P.environnements[193":"","P.114[416":"","P.114[418":"","P.114[435":"","P.114[436":"","P.modesPaiement[1268":"","P.modesPaiement[1271":"","P.modesPaiement[1274":"","P.tourismeAffaires[tourismeAffairesEnabled":"","P.tourismeAffaires[devise":"EUR","P.hebergementCollectifType[2649":"","P.informationsHebergementCollectif[dateClassement":"2023-09-25","P.classementPrefectoral[2660":"","P.typesHebergement[1317":"","P.5403[1613":"","P.5402[1625":"","P.capacite[capaciteTotale":"614","P.capacite[capaciteTotaleReelle":"107","P.capacite[nombreAppartements":"97","P.CINTSITRA[5660":"","P.CINTSITRA[5663":"","P.CINTSITRA[5664":"","P.CINTSITRA[6787":"","P.CINTSITRA[8809":"","P.6241[126905":"","P.6241[5740912":"","P.3218[311229":"","P.3220[587401":"","P.3220[5575332":"","P.3233[591419":"","P.3221[4876304":"","P.3219[5127066":"","P.3219[5239406":"","P.3240[5778284":"","P.3230[6139211":"","P.VilleSitra[37282":"","P.VillageDeDepart[37282":"","P.114[439":""},"DateFinPublication":"","PrixAPartirDe":"","PrixPour":"","FicheListeEnCours":"fiche_liste_immobilier_OT_v3","ParametresModele":{"AfficherPhotos":1,"NbPhotosMax":6,"AfficherReserver":0,"AfficherContact":0,"AfficherSalle":1,"AfficherZoneGeo":"1","AfficherEnSavoirPlus":"0","AfficherUneSeuleOuverture":0,"AfficherContactCarte":1,"AfficherTarifsChaudAPartirDe":0,"AfficherTarifChaudSansRecherche":0,"AfficherDispoAccordeon":"1","AfficherDispoResa":"1","AfficherVille":"1","BlocCritereInfo":{"critere1":{"libelle":"","liste_critere":["P.classementPrefectoral|G"]},"critere2":{"libelle":"","liste_critere":["P.typesHebergement|G"]},"critere3":{"libelle":""},"critere4":{"libelle":""},"critere5":{"libelle":"","liste_critere":["P.hebergementCollectifType|G","P.VilleSitra|G","P.services|G","P.78|1115|G","P.72|882|G","P.126|G","P.23|G","P.123|G","P.tourismesAdaptes|3653|G","VIRTFICHELISTE|G"]},"critere6":{"libelle":""},"critere7":{"libelle":""},"critere8":{"libelle":""},"afficherpictoetpaslibelle":"1"},"BlocPaveInfo":{"texte1":{"pave":["2","11","16"],"longeurmax":"250","afficherLibelle":"0","garderHtml":"0"}},"PositionBloc":"GALLERIE|ZONEPRINCIPALFICHEPRESTA|NOM|CARNET_VOYAGE","TypePrestataire":"G","ComportementResa":false,"ComportementDispo":false},"AffichageCoordonnees":[],"Coordonnees":{"Ville":"La Foux d\u2019Allos"},"ContexteId":"PRESTATAIRE|G|631326","ContexteIdHtml":"PRESTATAIRE-G-631326","cleContexte":"G|631326","Bloc":{"texte1":"Residence vicina alle piste di sci  con servizzi.","texte3":"","critere1":{"libelle":"","contenu":{"P.classementPrefectoral":{"libelle":"","contenu":{"2":"\u003Cimg src=\"https:\/\/www.valdallos.com\/medias\/images\/picto\/P.classementPrefectoral-2660-G.png\"  alt=\"3 stelle\" title=\"3 stelle\" \/\u003E","5":"\u003Cimg src=\"https:\/\/www.valdallos.com\/medias\/images\/picto\/P.classementPrefectoral-FAM-G.png\"  alt=\"Famille Plus montagne\" title=\"Famille Plus montagne\" \/\u003E"},"codesValeurs":{"5":"P.classementPrefectoral|FAM|G","2":"P.classementPrefectoral|2660|G"},"criteres_datas":{"valeurs":{"5":{"FAM":{"descriptif":""}},"2":{"2660":{"descriptif":""}}}}}}},"critere2":{"libelle":"","contenu":{"P.typesHebergement":{"libelle":"","contenu":{"1":"Appartamenti"},"codesValeurs":{"1":"P.typesHebergement|1317|G"},"criteres_datas":{"valeurs":{"1":{"1317":{"descriptif":""}}}}}}},"critere3":{"libelle":"","contenu":[]},"critere4":{"libelle":"","contenu":[]},"critere5":{"libelle":"","contenu":{"P.VilleSitra":{"libelle":"Citt\u00e0","contenu":{"34":"La Foux d\u2019Allos"},"codesValeurs":{"34":"P.VilleSitra|37282|G"},"criteres_datas":{"valeurs":{"34":{"37282":{"descriptif":""}}}}},"P.hebergementCollectifType":{"libelle":"","contenu":{"3":"Residence turistico"},"codesValeurs":{"3":"P.hebergementCollectifType|2649|G"},"criteres_datas":{"valeurs":{"3":{"2649":{"descriptif":""}}}}},"P.services":{"libelle":"Servizi","contenu":{"1":"Animali ammessi","2":"Animali con supplemento"},"codesValeurs":{"1":"P.services|687|G","2":"P.services|1025|G"},"criteres_datas":{"valeurs":{"1":{"687":{"descriptif":""}},"2":{"1025":{"descriptif":""}}}}},"P.78":{"libelle":"Assistenza clienti\/pratica","contenu":{"1":"Accesso Internet Wifi"},"codesValeurs":{"1":"P.78|1115|G"},"criteres_datas":{"valeurs":{"1":{"1115":{"descriptif":""}}}}},"P.126":{"libelle":"Sosta","contenu":{"1":"Parcheggio","4":"Garage"},"codesValeurs":{"1":"P.126|972|G","4":"P.126|1050|G"},"criteres_datas":{"valeurs":{"1":{"972":{"descriptif":""}},"4":{"1050":{"descriptif":""}}}}},"P.23":{"libelle":"Attrezzature salute\/benessere","contenu":{"1":"Sauna","2":"Hammam","3":"Jacuzzi\u00ae"},"codesValeurs":{"1":"P.23|698|G","3":"P.23|957|G","2":"P.23|1054|G"},"criteres_datas":{"valeurs":{"1":{"698":{"descriptif":""}},"3":{"957":{"descriptif":""}},"2":{"1054":{"descriptif":""}}}}},"P.123":{"libelle":"Attrezzature attivit\u00e0 sportive","contenu":{"1":"Piscina","2":"Piscina riscaldata"},"codesValeurs":{"1":"P.123|1093|G","2":"P.123|1504|G"},"criteres_datas":{"valeurs":{"1":{"1093":{"descriptif":""}},"2":{"1504":{"descriptif":""}}}}},"VIRTFICHELISTE":{"libelle":"Attrezzature & servizi","contenu":{"1":"Animali permessi","2":"Parcheggio","3":"Internet","4":"Traveller's cheque","5":"Famille Pus","6":"Piscina"},"codesValeurs":{"1":"VIRTFICHELISTE|ANIMADMIS|G","2":"VIRTFICHELISTE|PARKING|G","3":"VIRTFICHELISTE|WEBWIFI|G","4":"VIRTFICHELISTE|CV|G","5":"VIRTFICHELISTE|FAMILLEPLUS|G","6":"VIRTFICHELISTE|PISCINE|G"},"criteres_datas":{"valeurs":{"1":{"ANIMADMIS":{"descriptif":""}},"2":{"PARKING":{"descriptif":""}},"3":{"WEBWIFI":{"descriptif":""}},"4":{"CV":{"descriptif":""}},"5":{"FAMILLEPLUS":{"descriptif":""}},"6":{"PISCINE":{"descriptif":""}}}}}}},"critere6":{"libelle":"","contenu":[]},"critere7":{"libelle":"","contenu":[]},"critere8":{"libelle":"","contenu":[]},"critere9":{"libelle":"","contenu":[]}},"LocalisationGps":{"Latitude":"44.297768","Longitude":"6.569091"},"libelleDuPrestataire":"","listeCriteres":{"GINFADH":{"GFIN":""},"P.PUBLICATION":{"VALDALLOS":"","VERDONTOURISME":""},"GTIMMO":{"GRESID":""},"P.classementPrefectoral":{"FAM":"","2660":""},"VIRTFICHELISTE":{"ANIMADMIS":"","PARKING":"","WEBWIFI":"","CV":"","FAMILLEPLUS":"","PISCINE":""},"P.GLOC":{"G18":""},"P.113":{"1593":""},"P.23":{"698":"","957":"","1054":""},"P.127":{"914":"","1064":""},"P.126":{"972":"","1050":""},"P.123":{"1093":"","1504":""},"P.equipements":{"1300":""},"P.122":{"4063":""},"P.services":{"687":"","1025":""},"P.79":{"993":""},"P.118":{"1028":"","1110":"","1145":"","1150":""},"P.78":{"1111":"","1115":"","1166":""},"P.prestations":{"animauxAcceptes":"","animauxAcceptesSupplement":"","surchargeTourismesAdaptes":"","surchargeDescriptifHandicapMoteur":"","surchargeDescriptifHandicapAuditif":"","surchargeDescriptifHandicapVisuel":"","surchargeDescriptifHandicapMental":"","surchargeNombreFauteuilsRoulants":""},"P.69":{"838":"","1014":"","1015":"","4060":""},"P.languesParlees":{"1192":"","1197":""},"P.3650":{"3653":""},"P.5":{"593":""},"P.7237":{"160":"","183":""},"P.6528":{"169":""},"P.environnements":{"171":"","193":""},"P.114":{"416":"","418":"","435":"","436":"","439":""},"P.modesPaiement":{"1268":"","1271":"","1274":""},"P.tourismeAffaires":{"tourismeAffairesEnabled":"","devise":"EUR"},"P.hebergementCollectifType":{"2649":""},"P.informationsHebergementCollectif":{"dateClassement":"2023-09-25"},"P.typesHebergement":{"1317":""},"P.5403":{"1613":""},"P.5402":{"1625":""},"P.capacite":{"capaciteTotale":"614","capaciteTotaleReelle":"107","nombreAppartements":"97"},"P.CINTSITRA":{"5660":"","5663":"","5664":"","6787":"","8809":""},"P.6241":{"126905":"","5740912":""},"P.3218":{"311229":""},"P.3220":{"587401":"","5575332":""},"P.3233":{"591419":""},"P.3221":{"4876304":""},"P.3219":{"5127066":"","5239406":""},"P.3240":{"5778284":""},"P.3230":{"6139211":""},"P.VilleSitra":{"37282":""},"P.VillageDeDepart":{"37282":""}},"dansCarnetVoyage":true,"Ouverture":"","WidgetDispoRechercheDate":false,"WidgetDispoVoirLienVoirToutesDispos":true,"ChargerWidgetDispoAuClic":true,"WidgetDispo":"\u003Cspan\u003E\u003C\/span\u003E","JsOnClickBtnDispo":"\u003Cscript\u003E\n                try{\n                    WidgetDispos.addChargementAuClicBtnDispoAccordeon('PRESTATAIRE-G-631326',{tabParamsWidgetDispo : {\"id\":\"G|631326\",\"origineListeInfo\":\"\",\"vue\":\"semaineLigne\",\"prestation\":\"all\",\"mode\":\"ajax\",\"url_fiche\":\"residenza-les-cimes-du-val-d-allos-val-dallos-la-foux.html\",\"id_form_contact\":\"42\",\"version\":\"2\",\"parametersWidgetV2\":{\"el\":\"blocDispo-PRESTATAIRE-G-631326\",\"object\":{\"code\":\"G|631326\"},\"cid\":\"8\",\"site\":{\"code\":\"SITE2018\",\"url\":\"https:\\\/\\\/it.valdallos.com\"},\"slider\":{\"controls\":{\"arrows\":{\"enable\":true,\"showLocked\":true,\"style\":\"button\"}}},\"booking\":{\"enable\":false,\"waitForWindowLoad\":false,\"parameters\":{\"idWidget\":\"blocResa-PRESTATAIRE-G-631326\",\"queryParams\":null,\"withoutForm\":true}},\"options\":{\"typeDate\":\"SS\",\"elReferer\":\"PRESTATAIRE-G-631326\",\"ingContext\":\"RESA\",\"urlFiche\":\"residenza-les-cimes-du-val-d-allos-val-dallos-la-foux.html\",\"startDate\":null,\"templates\":{\"Week\":\"semaine\",\"Days\":\"mois\"},\"plugContactForm\":\"42\"}}},idBloc : \"blocDispo-PRESTATAIRE-G-631326\"});\n                }\n                catch(e) {\n                    \/\/console.log(e);\n                }\u003C\/script\u003E"},"html":" \n \u003Cdiv id=\"CV-PRESTATAIRE-G-631326\" data-contexte-id=\"PRESTATAIRE|G|631326\" data-cle=\"G|631326\" class=\"fiche-liste\"\u003E\n    \n\n    \u003C!-- partie photo --\u003E\n    \u003Cdiv class=\"photo\"\u003E\t\t\t\t\t\t\t\t\t\t\t\t\t\t\t\t\t\t\t\t\t\n        \u003Cdiv class=\"cadre_photo_principale\"\u003E\t\t\n        \n            \t\t\t\t\t\n                    \u003Ca href=\"residenza-les-cimes-du-val-d-allos-val-dallos-la-foux.html?origine=carnet#media\"\u003E\n                        \u003Cimg class=\"photo_principale\" alt=\"S\u00e9jour lumineux d'appartement avec canap\u00e9, fauteuil, table \u00e0 manger, TV, s\u00e9parations vers autres espaces\" src=\"https:\/\/www.valdallos.com\/medias\/images\/prestataires\/multitailles\/320x240_136738-cime_2014_sejour.jpg\" itemprop=\"image\"\u003E\n                    \u003C\/a\u003E\t\t\t\t\t\t\n                \n                    \u003C\/div\u003E\t\t\t\t\t\t\t\t\t\t\t\t\t\t\t\t\t\t\t \t\t\n    \u003C\/div\u003E\n    \n    \u003C!-- partie nom prest --\u003E\n    \u003Cdiv class=\"nom\"\u003E\n        \u003Ch2\u003EResidenza Les Cimes du Val d'Allos\u003C\/h2\u003E\n        \n            \u003C\/div\u003E\n\n         \n    \u003C!-- partie adresse --\u003E\n    \u003Cdiv class=\"adresse\"\u003E\n    \n          \n    \u003C\/div\u003E\n    \n    \u003C!-- partie liens --\u003E\n    \u003Cdiv class=\"liens\"\u003E\n            \u003Ca class=\"btn-icon btn-view \" title=\"Vedi il file dettagliato\" href=\"residenza-les-cimes-du-val-d-allos-val-dallos-la-foux.html?origine=carnet\"\u003E\u003C\/a\u003E\u003C!--\u003Ca class=\"btn-icon btn-view \" title=\"\" href=\"?origine=carnet#thaut\"\u003E\u003C\/a\u003E--\u003E\n      \u003Ca class=\"btn-icon btn-trash carnet_voyage_supprimer\" title=\"Elimina questo file dal mio diario di viaggio\" href=\"carnet-voyage?action=remove&fiche=G|631326\"\u003E\u003C\/a\u003E\n    \u003C\/div\u003E\n\n\u003C\/div\u003E\n\n","icon":"https:\/\/static.ingenie.fr\/images\/carnetVoyageV3\/G.png"},"fiche":"G|631326","popup":"\u003Cdiv id=\"bloc_popup_ajout_fiche_carnet\"\u003E\n    \u003Cdiv class=\"info_popup_ajout_fiche_carnet\"\u003E\n        Hai appena aggiunto questo elemento alla tua selezione:    \u003C\/div\u003E\n    \u003Cdiv class=\"prest_popup_ajout_fiche_carnet\"\u003E\n        Residenza Les Cimes du Val d&#039;Allos    \u003C\/div\u003E\n    \u003Cdiv class=\"bloc_btn_ajout_fiche_carnet form_submit_div\"\u003E\n        \u003Cinput type=\"button\" value=\"Continua la mia selezione\" title=\"Continua la mia selezione\" name=\"btn_close\" class=\"btn_close_popup_carnet form_submit\" onclick=\"$.colorbox.close()\" \/\u003E\n        \u003Cinput type=\"button\" value=\"Visualizza la mia selezione\" title=\"Visualizza la mia selezione\" name=\"btn_panier\" class=\"btn_panier_popup_carnet form_submit\" onclick=\"if(typeof CarnetVoyage != 'undefined') {CarnetVoyage.voirCarnet();}\" \/\u003E\n    \u003C\/div\u003E\n    \u003Cdiv class=\"bloc_btn_ajout_fiche_carnet\"\u003E\n        \u003Cinput type=\"checkbox\" value=\"1\" name=\"desactiver_popup\" id=\"desactiver_popup\" \/\u003E\n        \u003Clabel for=\"desactiver_popup\"\u003ENon visualizzare pi\u00f9 questo messaggio\u003C\/label\u003E\n    \u003C\/div\u003E\n\u003C\/div\u003E","success":1}