{"nbFiches":2,"dataPrest":{"infoPrest":{"pave1":{"libelle":"Descriptif","contenu":"","fichiers":[]},"pave2":{"libelle":"Indirizzo","contenu":"","fichiers":[]},"pave3":{"libelle":"Tarifs Hiver","contenu":"","fichiers":[]},"pave4":{"libelle":"Tarifs Et\u00e9","contenu":"","fichiers":[]},"pave5":{"libelle":"URL de la r\u00e9servation ou vente en ligne","contenu":"","fichiers":[]},"pave6":{"libelle":"Descriptif court","contenu":"A 2 minuto d'auto dalla stazione sciistica di La Foux d'Allos, in un ambiente unico e tranquillo, questo splendido chalet familiare di 120 m2 (136 m2 con il secondo soggiorno -veranda), completamente attrezzato e rinnovato.","fichiers":[]},"pave7":{"libelle":"Descriptif d\u00e9taill\u00e9","contenu":"","fichiers":[]},"pave8":{"libelle":"Bons plans","contenu":"","fichiers":[]},"pave9":{"libelle":"Compl\u00e9ment localisation","contenu":"","fichiers":[]},"pave10":{"libelle":"Compl\u00e9ment accueil","contenu":"","fichiers":[]},"pave11":{"libelle":"P\u00e9riodes en clair","contenu":"Tutto l'anno ogni giorno.","fichiers":[]},"pave12":{"libelle":"Tarifs en clair","contenu":"Tasse non incluse.","fichiers":[]},"pave13":{"libelle":"Compl\u00e9ment Tarifs","contenu":"","fichiers":[]},"pave14":{"libelle":"Compl\u00e9ment R\u00e9servation","contenu":"","fichiers":[]},"pave15":{"libelle":"Descriptif court","contenu":"","fichiers":[]},"pave16":{"libelle":"Descriptif d\u00e9taill\u00e9","contenu":"","fichiers":[]},"pave17":{"libelle":"Bons plans","contenu":"","fichiers":[]},"pave18":{"libelle":"Tarifs (Tarifs en clair, Compl\u00e9ment Tarifs)","contenu":"","fichiers":[]},"pave19":{"libelle":"P\u00e9riodes en clair","contenu":"","fichiers":[]},"pave20":{"libelle":"Descriptif court","contenu":"","fichiers":[]},"pave21":{"libelle":"Descriptif d\u00e9taill\u00e9","contenu":"","fichiers":[]},"pave22":{"libelle":"Bons plans","contenu":"","fichiers":[]},"pave23":{"libelle":"Tarifs (Tarifs en clair, Compl\u00e9ment Tarifs)","contenu":"","fichiers":[]},"pave24":{"libelle":"P\u00e9riodes en clair","contenu":"","fichiers":[]},"pave25":{"libelle":"Dispositions sp\u00e9ciales","contenu":"","fichiers":[]},"Libelle":"Limousin Eric \"Chalet Ressource\"","Reference":"","Reftar":"","Type":"PRESTATION","TypePrestataire":"G","ContexteStat":"PRESTATION-G-6705401-6705400","DateModificationIso":"2026-04-27T13:46:00+02:00","Adresse":{"LigneAdresse1":"Lieu dit le sarret","LigneAdresse2":"","LigneAdresse3":"","CodePostal":"04260","Ville":"La Foux d\u2019Allos","Cedex":"","Etat":"","Pays":"FRA"},"Id":"g-6705401-6705400","Code":"G|6705401|6705400","Cle":"G|6705401|6705400","Url":"chalet-4-stelle-val-d-allos-val-dallos-la-foux.html","Localisation":{"GoogleMap":{"Latitude":"44.273471","Longitude":"6.578936"}},"ZoneGeo":"","Criteres":{"DISPONIBILITES[DISPORELANCE":"","GPREST[GLOCAS":"","GCAPACITE[10PERS":"","NBPERS[GCAP10":"","GLOGEM[GCHALI":"","GEQUIC[GLAVEV":"","GACTIV[GINTER":"","GPARKI[GPARKC":"","GPARKI[GPARKE":"","PUBLICATION[VALDALLOS":"","PUBLICATION[VERDONTOURISME":"","AFFGTYPE[CHALET":"","GNOMBRE[8PERS":"","AFFEQUIP[WIFI":"","AFFEQUIP[PARKING":"","AFFEQUIP[LAVEVAIS":"","AFFEQUIP[LAVELINGEAFF":"","AFFEQUIP[JAR":"","AFFEQUIP[POELE":"","GLOC[G18":"","LOCVERDON[37282":"","AFFPRES[AFFP4":"","VISIBWEB[PLANNINGVISIBLE":"","127[606":"","127[811":"","127[976":"","122[612":"","122[803":"","122[4054":"","122[4055":"","122[4063":"","22[672":"","22[723":"","22[1058":"","22[1089":"","22[1479":"","126[972":"","126[1050":"","126[1323":"","123[4554":"","78[1130":"","78[1166":"","78[5061":"","prestations[surchargeTourismesAdaptes":"","prestations[surchargeDescriptifHandicapMoteur":"","prestations[surchargeDescriptifHandicapAuditif":"","prestations[surchargeDescriptifHandicapVisuel":"","prestations[surchargeDescriptifHandicapMental":"","prestations[surchargeNombreFauteuilsRoulants":"","110[671":"","110[3924":"","70[774":"","70[895":"","70[907":"","70[919":"","70[922":"","70[943":"","70[946":"","70[950":"","70[951":"","70[999":"","70[1010":"","70[1012":"","70[5915":"","70[5940":"","70[6801":"","69[838":"","69[904":"","69[983":"","69[3694":"","69[6804":"","72[842":"","72[963":"","72[5418":"","71[877":"","71[987":"","68[898":"","68[971":"","68[1004":"","68[1005":"","68[1009":"","73[902":"","73[973":"","73[974":"","73[6487":"","languesParlees[1197":"","environnements[171":"","114[416":"","114[418":"","114[435":"","114[436":"","modesPaiement[1281":"","tourismeAffaires[tourismeAffairesEnabled":"","tourismeAffaires[devise":"EUR","hebergementLocatifType[2620":"","informationsHebergementLocatif[dateClassement":"2023-10-12","classementPrefectoral[2630":"","5401[1614":"","5402[1625":"","capacite[capaciteHebergement":"10","capacite[capaciteMaximumPossible":"12","capacite[nombreSallesDeBain":"2","capacite[nombreWC":"2","capacite[nombreLitsDoubles":"2","capacite[nombreLitsSimples":"4","capacite[surface":"120","capacite[nombrePieces":"4","capacite[nombreChambres":"3","capacite[nombreEtages":"2","CINTSITRA[5660":"","CINTSITRA[8809":"","6241[126905":"","6241[5740912":"","3218[311229":"","3220[587401":"","3220[5575332":"","3233[591419":"","3221[4876304":"","3219[5127066":"","3219[5239406":"","3240[5778284":"","3230[6139211":"","VilleSitra[37282":"","VillageDeDepart[37282":"","114[439":"","DISPONIBILITES[PLANNINGACT":""},"ContactsParType":{"IWEB":{"116552":{"id_contact":"116552","type_contact":"IWEB","categorie_contact":"PRESTATION","societe_contact":"","fonction_contact":"","civilite_nom_prenom_contact":"Limousin Eric  ","adresse1_contact":"","adresse2_contact":"","adresse3_contact":"","cpostal_contact":"","ville_contact":"","teldom_contact":"","telbur_contact":"","fax_contact":"","portable_contact":"06 86 41 94 63","email_contact":"ericlimousin13@gmail.com","siteweb_contact":"","commentaire_contact":"","langue_contact":"","autre_moyen_com":[]}},"":{"116553":{"id_contact":"116553","type_contact":"","categorie_contact":"PRESTATION","societe_contact":"","fonction_contact":"","civilite_nom_prenom_contact":"Limousin Eric ","adresse1_contact":"","adresse2_contact":"","adresse3_contact":"","cpostal_contact":"","ville_contact":"","teldom_contact":"","telbur_contact":"","fax_contact":"","portable_contact":"","email_contact":"","siteweb_contact":"","commentaire_contact":"","langue_contact":"","autre_moyen_com":[]}}},"ContactRemplaceCoordonnees":"116552","Prestataire":{"pave1":{"libelle":"","contenu":""},"pave2":{"libelle":"","contenu":""},"pave3":{"libelle":"","contenu":""},"pave4":{"libelle":"","contenu":""},"pave5":{"libelle":"","contenu":""},"pave6":{"libelle":"","contenu":""},"pave7":{"libelle":"","contenu":""},"pave8":{"libelle":"","contenu":""},"pave9":{"libelle":"","contenu":""},"pave10":{"libelle":"","contenu":""},"pave11":{"libelle":"","contenu":""},"pave12":{"libelle":"","contenu":""},"pave13":{"libelle":"","contenu":""},"pave14":{"libelle":"","contenu":""},"pave15":{"libelle":"","contenu":""},"pave16":{"libelle":"","contenu":""},"pave17":{"libelle":"","contenu":""},"pave18":{"libelle":"","contenu":""},"pave19":{"libelle":"","contenu":""},"pave20":{"libelle":"","contenu":""},"pave21":{"libelle":"","contenu":""},"pave22":{"libelle":"","contenu":""},"pave23":{"libelle":"","contenu":""},"pave24":{"libelle":"","contenu":""},"pave25":{"libelle":"","contenu":""},"ContactsParType":{"":{"114750":{"id_contact":"114750","type_contact":"","categorie_contact":"PRESTATAIRE","societe_contact":"","fonction_contact":"","civilite_nom_prenom_contact":"Limousin Eric ","adresse1_contact":"","adresse2_contact":"","adresse3_contact":"","cpostal_contact":"","ville_contact":"","teldom_contact":"","telbur_contact":"","fax_contact":"","portable_contact":"","email_contact":"","siteweb_contact":"","commentaire_contact":"","langue_contact":"","autre_moyen_com":[]}},"GEST":{"114752":{"id_contact":"114752","type_contact":"GEST","categorie_contact":"PRESTATAIRE","societe_contact":"","fonction_contact":"","civilite_nom_prenom_contact":"Limousin Eric ","adresse1_contact":"83 boulevard du Redon","adresse2_contact":"Bat E6","adresse3_contact":"R\u00e9sidence La Rouvi\u00e8re","cpostal_contact":"13009","ville_contact":"Marseille","teldom_contact":"","telbur_contact":"","fax_contact":"","portable_contact":"06 86 41 94 63","email_contact":"ericlimousin13@gmail.com","siteweb_contact":"","commentaire_contact":"","langue_contact":"","autre_moyen_com":[]}}},"ZoneGeoLibelle":"Val d'Allos","Libelle":"Limousin Eric","Nom":"Limousin Eric ","Prenom":"","NomPrenom":"Limousin Eric  ","CiviliteNomPrenom":"Limousin Eric  ","Cle":"G|6705401","PrestataireParent":"","ContexteStat":"PRESTATAIRE-G-6705401","DateModificationIso":"2025-11-19T00:35:00+01:00","Type":"PRESTATAIRE","TypePrestataire":"G","Adresse":{"LigneAdresse1":"","LigneAdresse2":"","LigneAdresse3":"","CodePostal":"","Ville":"","Cedex":"","Etat":"","Pays":""},"Email":"ericlimousin13@gmail.com","Telephone":"","TelephoneBureau":"","Portable":"06 86 41 94 63","SiteWeb":"","Fax":"","Id":"g-6705401","Code":"G|6705401","Fichier":[],"Url":"","Localisation":{"GoogleMap":{"Latitude":"","Longitude":""}},"ZoneGeo":"FRPA04VAVALLO","Criteres":{"GTIMMO[GPARTI":"","P.3218[591381":"","P.3233[591419":"","P.3219[5127066":"","P.3219[7174261":"","P.4805[5427637":"","P.6242[5460436":"","P.3220[5693878":"","P.5311[5693903":"","P.3227[6008197":"","P.VilleSitra[4539":"","P.VillageDeDepart[4539":""},"DateFinPublication":""},"Fichier":{"Image":[{"url":"https:\/\/www.valdallos.com\/medias\/images\/prestations\/78589-photo_presentation_chalet_ressource_de_mr_limousin_eric.jpg","chemin":"..\/medias\/images\/prestations\/78589-photo_presentation_chalet_ressource_de_mr_limousin_eric.jpg","libelle":"Terrasse en bois du chalet avec grande table d'ext\u00e9rieur, transat, v\u00e9randa, vue d\u00e9gag\u00e9e avec paysage d'\u00e9t\u00e9","extension":"jpg","categorie":"","largeur":1200,"theme":"ETE","hauteur":898,"type":"Image","origine":"","liaisonPave":"","langue":"","id":"78589","urlVignette":"https:\/\/www.valdallos.com\/medias\/images\/prestations\/v-78589-photo_presentation_chalet_ressource_de_mr_limousin_eric.jpg","alt":"Terrasse en bois du chalet avec grande table d'ext\u00e9rieur, transat, v\u00e9randa, vue d\u00e9gag\u00e9e avec paysage d'\u00e9t\u00e9","title":"Terrasse en bois du chalet avec grande table d'ext\u00e9rieur, transat, v\u00e9randa, vue d\u00e9gag\u00e9e avec paysage d'\u00e9t\u00e9","MultiTaille":{"1920x1440":{"url":"https:\/\/www.valdallos.com\/medias\/images\/prestations\/multitailles\/1920x1440_78589-photo_presentation_chalet_ressource_de_mr_limousin_eric.jpg"},"1200x900":{"url":"https:\/\/www.valdallos.com\/medias\/images\/prestations\/multitailles\/1200x900_78589-photo_presentation_chalet_ressource_de_mr_limousin_eric.jpg"},"800x600":{"url":"https:\/\/www.valdallos.com\/medias\/images\/prestations\/multitailles\/800x600_78589-photo_presentation_chalet_ressource_de_mr_limousin_eric.jpg"},"640x480":{"url":"https:\/\/www.valdallos.com\/medias\/images\/prestations\/multitailles\/640x480_78589-photo_presentation_chalet_ressource_de_mr_limousin_eric.jpg"},"320x240":{"url":"https:\/\/www.valdallos.com\/medias\/images\/prestations\/multitailles\/320x240_78589-photo_presentation_chalet_ressource_de_mr_limousin_eric.jpg"},"160x120":{"url":"https:\/\/www.valdallos.com\/medias\/images\/prestations\/multitailles\/160x120_78589-photo_presentation_chalet_ressource_de_mr_limousin_eric.jpg"},"origine":{"url":"https:\/\/www.valdallos.com\/medias\/images\/prestations\/78589-photo_presentation_chalet_ressource_de_mr_limousin_eric.jpg"}},"urlLien":"","typeLien":"","nofollow":"N","copyright":"Limousin Eric"},{"url":"https:\/\/www.valdallos.com\/medias\/images\/prestations\/78590-ch_longue_terrasse.jpg","chemin":"..\/medias\/images\/prestations\/78590-ch_longue_terrasse.jpg","libelle":"Terrasse en bois du chalet avec transat, vue d\u00e9gag\u00e9e avec paysage d'\u00e9t\u00e9","extension":"jpg","categorie":"","largeur":1200,"theme":"ETE","hauteur":889,"type":"Image","origine":"","liaisonPave":"","langue":"","id":"78590","urlVignette":"https:\/\/www.valdallos.com\/medias\/images\/prestations\/v-78590-ch_longue_terrasse.jpg","alt":"Terrasse en bois du chalet avec transat, vue d\u00e9gag\u00e9e avec paysage d'\u00e9t\u00e9","title":"Terrasse en bois du chalet avec transat, vue d\u00e9gag\u00e9e avec paysage d'\u00e9t\u00e9","MultiTaille":{"1920x1440":{"url":"https:\/\/www.valdallos.com\/medias\/images\/prestations\/multitailles\/1920x1440_78590-ch_longue_terrasse.jpg"},"1200x900":{"url":"https:\/\/www.valdallos.com\/medias\/images\/prestations\/multitailles\/1200x900_78590-ch_longue_terrasse.jpg"},"800x600":{"url":"https:\/\/www.valdallos.com\/medias\/images\/prestations\/multitailles\/800x600_78590-ch_longue_terrasse.jpg"},"640x480":{"url":"https:\/\/www.valdallos.com\/medias\/images\/prestations\/multitailles\/640x480_78590-ch_longue_terrasse.jpg"},"320x240":{"url":"https:\/\/www.valdallos.com\/medias\/images\/prestations\/multitailles\/320x240_78590-ch_longue_terrasse.jpg"},"160x120":{"url":"https:\/\/www.valdallos.com\/medias\/images\/prestations\/multitailles\/160x120_78590-ch_longue_terrasse.jpg"},"origine":{"url":"https:\/\/www.valdallos.com\/medias\/images\/prestations\/78590-ch_longue_terrasse.jpg"}},"urlLien":"","typeLien":"","nofollow":"N","copyright":"Limousin Eric"},{"url":"https:\/\/www.valdallos.com\/medias\/images\/prestations\/78591-capture_26.jpg","chemin":"..\/medias\/images\/prestations\/78591-capture_26.jpg","libelle":"S\u00e9jour lumineux dans une v\u00e9randa en bois, avec canap\u00e9, tapis, table basse, TV, porte-fen\u00eatre, jonction avec un salon int\u00e9rieur carrel\u00e9","extension":"jpg","categorie":"","largeur":1200,"theme":"","hauteur":900,"type":"Image","origine":"","liaisonPave":"","langue":"","id":"78591","urlVignette":"https:\/\/www.valdallos.com\/medias\/images\/prestations\/v-78591-capture_26.jpg","alt":"S\u00e9jour lumineux dans une v\u00e9randa en bois, avec canap\u00e9, tapis, table basse, TV, porte-fen\u00eatre, jonction avec un salon int\u00e9rieur carrel\u00e9","title":"S\u00e9jour lumineux dans une v\u00e9randa en bois, avec canap\u00e9, tapis, table basse, TV, porte-fen\u00eatre, jonction avec un salon int\u00e9rieur carrel\u00e9","MultiTaille":{"1920x1440":{"url":"https:\/\/www.valdallos.com\/medias\/images\/prestations\/multitailles\/1920x1440_78591-capture_26.jpg"},"1200x900":{"url":"https:\/\/www.valdallos.com\/medias\/images\/prestations\/multitailles\/1200x900_78591-capture_26.jpg"},"800x600":{"url":"https:\/\/www.valdallos.com\/medias\/images\/prestations\/multitailles\/800x600_78591-capture_26.jpg"},"640x480":{"url":"https:\/\/www.valdallos.com\/medias\/images\/prestations\/multitailles\/640x480_78591-capture_26.jpg"},"320x240":{"url":"https:\/\/www.valdallos.com\/medias\/images\/prestations\/multitailles\/320x240_78591-capture_26.jpg"},"160x120":{"url":"https:\/\/www.valdallos.com\/medias\/images\/prestations\/multitailles\/160x120_78591-capture_26.jpg"},"origine":{"url":"https:\/\/www.valdallos.com\/medias\/images\/prestations\/78591-capture_26.jpg"}},"urlLien":"","typeLien":"","nofollow":"N","copyright":"Limousin Eric"},{"url":"https:\/\/www.valdallos.com\/medias\/images\/prestations\/78592-img_0626_2.jpg","chemin":"..\/medias\/images\/prestations\/78592-img_0626_2.jpg","libelle":"S\u00e9jour lumineux avec table \u00e0 manger, ameublement bois, poutres au plafond, portes-fen\u00eatres donnant sur une terrasse en bois","extension":"jpg","categorie":"","largeur":1200,"theme":"","hauteur":900,"type":"Image","origine":"","liaisonPave":"","langue":"","id":"78592","urlVignette":"https:\/\/www.valdallos.com\/medias\/images\/prestations\/v-78592-img_0626_2.jpg","alt":"S\u00e9jour lumineux avec table \u00e0 manger, ameublement bois, poutres au plafond, portes-fen\u00eatres donnant sur une terrasse en bois","title":"S\u00e9jour lumineux avec table \u00e0 manger, ameublement bois, poutres au plafond, portes-fen\u00eatres donnant sur une terrasse en bois","MultiTaille":{"1920x1440":{"url":"https:\/\/www.valdallos.com\/medias\/images\/prestations\/multitailles\/1920x1440_78592-img_0626_2.jpg"},"1200x900":{"url":"https:\/\/www.valdallos.com\/medias\/images\/prestations\/multitailles\/1200x900_78592-img_0626_2.jpg"},"800x600":{"url":"https:\/\/www.valdallos.com\/medias\/images\/prestations\/multitailles\/800x600_78592-img_0626_2.jpg"},"640x480":{"url":"https:\/\/www.valdallos.com\/medias\/images\/prestations\/multitailles\/640x480_78592-img_0626_2.jpg"},"320x240":{"url":"https:\/\/www.valdallos.com\/medias\/images\/prestations\/multitailles\/320x240_78592-img_0626_2.jpg"},"160x120":{"url":"https:\/\/www.valdallos.com\/medias\/images\/prestations\/multitailles\/160x120_78592-img_0626_2.jpg"},"origine":{"url":"https:\/\/www.valdallos.com\/medias\/images\/prestations\/78592-img_0626_2.jpg"}},"urlLien":"","typeLien":"","nofollow":"N","copyright":"Limousin Eric"},{"url":"https:\/\/www.valdallos.com\/medias\/images\/prestations\/78593-cuisine.jpg","chemin":"..\/medias\/images\/prestations\/78593-cuisine.jpg","libelle":"Coin cuisine moderne et lumineux, plaques \u00e9lectriques, four, micro-onde","extension":"jpg","categorie":"","largeur":1200,"theme":"","hauteur":899,"type":"Image","origine":"","liaisonPave":"","langue":"","id":"78593","urlVignette":"https:\/\/www.valdallos.com\/medias\/images\/prestations\/v-78593-cuisine.jpg","alt":"Coin cuisine moderne et lumineux, plaques \u00e9lectriques, four, micro-onde","title":"Coin cuisine moderne et lumineux, plaques \u00e9lectriques, four, micro-onde","MultiTaille":{"1920x1440":{"url":"https:\/\/www.valdallos.com\/medias\/images\/prestations\/multitailles\/1920x1440_78593-cuisine.jpg"},"1200x900":{"url":"https:\/\/www.valdallos.com\/medias\/images\/prestations\/multitailles\/1200x900_78593-cuisine.jpg"},"800x600":{"url":"https:\/\/www.valdallos.com\/medias\/images\/prestations\/multitailles\/800x600_78593-cuisine.jpg"},"640x480":{"url":"https:\/\/www.valdallos.com\/medias\/images\/prestations\/multitailles\/640x480_78593-cuisine.jpg"},"320x240":{"url":"https:\/\/www.valdallos.com\/medias\/images\/prestations\/multitailles\/320x240_78593-cuisine.jpg"},"160x120":{"url":"https:\/\/www.valdallos.com\/medias\/images\/prestations\/multitailles\/160x120_78593-cuisine.jpg"},"origine":{"url":"https:\/\/www.valdallos.com\/medias\/images\/prestations\/78593-cuisine.jpg"}},"urlLien":"","typeLien":"","nofollow":"N","copyright":"Limousin Eric"},{"url":"https:\/\/www.valdallos.com\/medias\/images\/prestations\/78594-img_8773_2.jpg","chemin":"..\/medias\/images\/prestations\/78594-img_8773_2.jpg","libelle":"Grand s\u00e9jour lumineux avec chemin\u00e9e, canap\u00e9, fauteuils, ameublement bois, poutres apparentes, parquet au sol, fen\u00eatre","extension":"jpg","categorie":"","largeur":1200,"theme":"","hauteur":900,"type":"Image","origine":"","liaisonPave":"","langue":"","id":"78594","urlVignette":"https:\/\/www.valdallos.com\/medias\/images\/prestations\/v-78594-img_8773_2.jpg","alt":"Grand s\u00e9jour lumineux avec chemin\u00e9e, canap\u00e9, fauteuils, ameublement bois, poutres apparentes, parquet au sol, fen\u00eatre","title":"Grand s\u00e9jour lumineux avec chemin\u00e9e, canap\u00e9, fauteuils, ameublement bois, poutres apparentes, parquet au sol, fen\u00eatre","MultiTaille":{"1920x1440":{"url":"https:\/\/www.valdallos.com\/medias\/images\/prestations\/multitailles\/1920x1440_78594-img_8773_2.jpg"},"1200x900":{"url":"https:\/\/www.valdallos.com\/medias\/images\/prestations\/multitailles\/1200x900_78594-img_8773_2.jpg"},"800x600":{"url":"https:\/\/www.valdallos.com\/medias\/images\/prestations\/multitailles\/800x600_78594-img_8773_2.jpg"},"640x480":{"url":"https:\/\/www.valdallos.com\/medias\/images\/prestations\/multitailles\/640x480_78594-img_8773_2.jpg"},"320x240":{"url":"https:\/\/www.valdallos.com\/medias\/images\/prestations\/multitailles\/320x240_78594-img_8773_2.jpg"},"160x120":{"url":"https:\/\/www.valdallos.com\/medias\/images\/prestations\/multitailles\/160x120_78594-img_8773_2.jpg"},"origine":{"url":"https:\/\/www.valdallos.com\/medias\/images\/prestations\/78594-img_8773_2.jpg"}},"urlLien":"","typeLien":"","nofollow":"N","copyright":"Limousin Eric"},{"url":"https:\/\/www.valdallos.com\/medias\/images\/prestations\/78595-capture_32.jpg","chemin":"..\/medias\/images\/prestations\/78595-capture_32.jpg","libelle":"Chambre \u00e0 coucher lumineuse avec lit double, ameublement bois, parquet au sol, fen\u00eatres donnant sur les montagnes","extension":"jpg","categorie":"","largeur":1200,"theme":"","hauteur":902,"type":"Image","origine":"","liaisonPave":"","langue":"","id":"78595","urlVignette":"https:\/\/www.valdallos.com\/medias\/images\/prestations\/v-78595-capture_32.jpg","alt":"Chambre \u00e0 coucher lumineuse avec lit double, ameublement bois, parquet au sol, fen\u00eatres donnant sur les montagnes","title":"Chambre \u00e0 coucher lumineuse avec lit double, ameublement bois, parquet au sol, fen\u00eatres donnant sur les montagnes","MultiTaille":{"1920x1440":{"url":"https:\/\/www.valdallos.com\/medias\/images\/prestations\/multitailles\/1920x1440_78595-capture_32.jpg"},"1200x900":{"url":"https:\/\/www.valdallos.com\/medias\/images\/prestations\/multitailles\/1200x900_78595-capture_32.jpg"},"800x600":{"url":"https:\/\/www.valdallos.com\/medias\/images\/prestations\/multitailles\/800x600_78595-capture_32.jpg"},"640x480":{"url":"https:\/\/www.valdallos.com\/medias\/images\/prestations\/multitailles\/640x480_78595-capture_32.jpg"},"320x240":{"url":"https:\/\/www.valdallos.com\/medias\/images\/prestations\/multitailles\/320x240_78595-capture_32.jpg"},"160x120":{"url":"https:\/\/www.valdallos.com\/medias\/images\/prestations\/multitailles\/160x120_78595-capture_32.jpg"},"origine":{"url":"https:\/\/www.valdallos.com\/medias\/images\/prestations\/78595-capture_32.jpg"}},"urlLien":"","typeLien":"","nofollow":"N","copyright":"Limousin Eric"},{"url":"https:\/\/www.valdallos.com\/medias\/images\/prestations\/78596-capture_38.jpg","chemin":"..\/medias\/images\/prestations\/78596-capture_38.jpg","libelle":"Chambre \u00e0 coucher lumineuse avec lit double, ameublement bois, parquet au sol","extension":"jpg","categorie":"","largeur":1200,"theme":"","hauteur":896,"type":"Image","origine":"","liaisonPave":"","langue":"","id":"78596","urlVignette":"https:\/\/www.valdallos.com\/medias\/images\/prestations\/v-78596-capture_38.jpg","alt":"Chambre \u00e0 coucher lumineuse avec lit double, ameublement bois, parquet au sol","title":"Chambre \u00e0 coucher lumineuse avec lit double, ameublement bois, parquet au sol","MultiTaille":{"1920x1440":{"url":"https:\/\/www.valdallos.com\/medias\/images\/prestations\/multitailles\/1920x1440_78596-capture_38.jpg"},"1200x900":{"url":"https:\/\/www.valdallos.com\/medias\/images\/prestations\/multitailles\/1200x900_78596-capture_38.jpg"},"800x600":{"url":"https:\/\/www.valdallos.com\/medias\/images\/prestations\/multitailles\/800x600_78596-capture_38.jpg"},"640x480":{"url":"https:\/\/www.valdallos.com\/medias\/images\/prestations\/multitailles\/640x480_78596-capture_38.jpg"},"320x240":{"url":"https:\/\/www.valdallos.com\/medias\/images\/prestations\/multitailles\/320x240_78596-capture_38.jpg"},"160x120":{"url":"https:\/\/www.valdallos.com\/medias\/images\/prestations\/multitailles\/160x120_78596-capture_38.jpg"},"origine":{"url":"https:\/\/www.valdallos.com\/medias\/images\/prestations\/78596-capture_38.jpg"}},"urlLien":"","typeLien":"","nofollow":"N","copyright":"Limousin Eric"},{"url":"https:\/\/www.valdallos.com\/medias\/images\/prestations\/78597-cha1.jpg","chemin":"..\/medias\/images\/prestations\/78597-cha1.jpg","libelle":"Chambre \u00e0 coucher lumineuse avec lits superpos\u00e9s et deux lits simples, ameublement bois, parquet au sol, fen\u00eatre","extension":"jpg","categorie":"","largeur":1200,"theme":"","hauteur":900,"type":"Image","origine":"","liaisonPave":"","langue":"","id":"78597","urlVignette":"https:\/\/www.valdallos.com\/medias\/images\/prestations\/v-78597-cha1.jpg","alt":"Chambre \u00e0 coucher lumineuse avec lits superpos\u00e9s et deux lits simples, ameublement bois, parquet au sol, fen\u00eatre","title":"Chambre \u00e0 coucher lumineuse avec lits superpos\u00e9s et deux lits simples, ameublement bois, parquet au sol, fen\u00eatre","MultiTaille":{"1920x1440":{"url":"https:\/\/www.valdallos.com\/medias\/images\/prestations\/multitailles\/1920x1440_78597-cha1.jpg"},"1200x900":{"url":"https:\/\/www.valdallos.com\/medias\/images\/prestations\/multitailles\/1200x900_78597-cha1.jpg"},"800x600":{"url":"https:\/\/www.valdallos.com\/medias\/images\/prestations\/multitailles\/800x600_78597-cha1.jpg"},"640x480":{"url":"https:\/\/www.valdallos.com\/medias\/images\/prestations\/multitailles\/640x480_78597-cha1.jpg"},"320x240":{"url":"https:\/\/www.valdallos.com\/medias\/images\/prestations\/multitailles\/320x240_78597-cha1.jpg"},"160x120":{"url":"https:\/\/www.valdallos.com\/medias\/images\/prestations\/multitailles\/160x120_78597-cha1.jpg"},"origine":{"url":"https:\/\/www.valdallos.com\/medias\/images\/prestations\/78597-cha1.jpg"}},"urlLien":"","typeLien":"","nofollow":"N","copyright":"Limousin Eric"},{"url":"https:\/\/www.valdallos.com\/medias\/images\/prestations\/78598-img_8808_2.jpg","chemin":"..\/medias\/images\/prestations\/78598-img_8808_2.jpg","libelle":"Salle de bains lumineuse avec grand bac \u00e0 douche, ameublement bois, radiateur, parquet au sol, fen\u00eatre","extension":"jpg","categorie":"","largeur":1200,"theme":"","hauteur":900,"type":"Image","origine":"","liaisonPave":"","langue":"","id":"78598","urlVignette":"https:\/\/www.valdallos.com\/medias\/images\/prestations\/v-78598-img_8808_2.jpg","alt":"Salle de bains lumineuse avec grand bac \u00e0 douche, ameublement bois, radiateur, parquet au sol, fen\u00eatre","title":"Salle de bains lumineuse avec grand bac \u00e0 douche, ameublement bois, radiateur, parquet au sol, fen\u00eatre","MultiTaille":{"1920x1440":{"url":"https:\/\/www.valdallos.com\/medias\/images\/prestations\/multitailles\/1920x1440_78598-img_8808_2.jpg"},"1200x900":{"url":"https:\/\/www.valdallos.com\/medias\/images\/prestations\/multitailles\/1200x900_78598-img_8808_2.jpg"},"800x600":{"url":"https:\/\/www.valdallos.com\/medias\/images\/prestations\/multitailles\/800x600_78598-img_8808_2.jpg"},"640x480":{"url":"https:\/\/www.valdallos.com\/medias\/images\/prestations\/multitailles\/640x480_78598-img_8808_2.jpg"},"320x240":{"url":"https:\/\/www.valdallos.com\/medias\/images\/prestations\/multitailles\/320x240_78598-img_8808_2.jpg"},"160x120":{"url":"https:\/\/www.valdallos.com\/medias\/images\/prestations\/multitailles\/160x120_78598-img_8808_2.jpg"},"origine":{"url":"https:\/\/www.valdallos.com\/medias\/images\/prestations\/78598-img_8808_2.jpg"}},"urlLien":"","typeLien":"","nofollow":"N","copyright":"Limousin Eric"},{"url":"https:\/\/www.valdallos.com\/medias\/images\/prestations\/78599-ping.jpg","chemin":"..\/medias\/images\/prestations\/78599-ping.jpg","libelle":"Table de tennis de table au milieu d'un jardin en \u00e9t\u00e9","extension":"jpg","categorie":"","largeur":1200,"theme":"ETE","hauteur":898,"type":"Image","origine":"","liaisonPave":"","langue":"","id":"78599","urlVignette":"https:\/\/www.valdallos.com\/medias\/images\/prestations\/v-78599-ping.jpg","alt":"Table de tennis de table au milieu d'un jardin en \u00e9t\u00e9","title":"Table de tennis de table au milieu d'un jardin en \u00e9t\u00e9","MultiTaille":{"1920x1440":{"url":"https:\/\/www.valdallos.com\/medias\/images\/prestations\/multitailles\/1920x1440_78599-ping.jpg"},"1200x900":{"url":"https:\/\/www.valdallos.com\/medias\/images\/prestations\/multitailles\/1200x900_78599-ping.jpg"},"800x600":{"url":"https:\/\/www.valdallos.com\/medias\/images\/prestations\/multitailles\/800x600_78599-ping.jpg"},"640x480":{"url":"https:\/\/www.valdallos.com\/medias\/images\/prestations\/multitailles\/640x480_78599-ping.jpg"},"320x240":{"url":"https:\/\/www.valdallos.com\/medias\/images\/prestations\/multitailles\/320x240_78599-ping.jpg"},"160x120":{"url":"https:\/\/www.valdallos.com\/medias\/images\/prestations\/multitailles\/160x120_78599-ping.jpg"},"origine":{"url":"https:\/\/www.valdallos.com\/medias\/images\/prestations\/78599-ping.jpg"}},"urlLien":"","typeLien":"","nofollow":"N","copyright":"Limousin Eric"},{"url":"https:\/\/www.valdallos.com\/medias\/images\/prestations\/78600-jardin_jeux1_copie.jpg","chemin":"..\/medias\/images\/prestations\/78600-jardin_jeux1_copie.jpg","libelle":"Jardin ensoleill\u00e9 avec aire de jeux et filet de volley-ball","extension":"jpg","categorie":"","largeur":1200,"theme":"ETE","hauteur":900,"type":"Image","origine":"","liaisonPave":"","langue":"","id":"78600","urlVignette":"https:\/\/www.valdallos.com\/medias\/images\/prestations\/v-78600-jardin_jeux1_copie.jpg","alt":"Jardin ensoleill\u00e9 avec aire de jeux et filet de volley-ball","title":"Jardin ensoleill\u00e9 avec aire de jeux et filet de volley-ball","MultiTaille":{"1920x1440":{"url":"https:\/\/www.valdallos.com\/medias\/images\/prestations\/multitailles\/1920x1440_78600-jardin_jeux1_copie.jpg"},"1200x900":{"url":"https:\/\/www.valdallos.com\/medias\/images\/prestations\/multitailles\/1200x900_78600-jardin_jeux1_copie.jpg"},"800x600":{"url":"https:\/\/www.valdallos.com\/medias\/images\/prestations\/multitailles\/800x600_78600-jardin_jeux1_copie.jpg"},"640x480":{"url":"https:\/\/www.valdallos.com\/medias\/images\/prestations\/multitailles\/640x480_78600-jardin_jeux1_copie.jpg"},"320x240":{"url":"https:\/\/www.valdallos.com\/medias\/images\/prestations\/multitailles\/320x240_78600-jardin_jeux1_copie.jpg"},"160x120":{"url":"https:\/\/www.valdallos.com\/medias\/images\/prestations\/multitailles\/160x120_78600-jardin_jeux1_copie.jpg"},"origine":{"url":"https:\/\/www.valdallos.com\/medias\/images\/prestations\/78600-jardin_jeux1_copie.jpg"}},"urlLien":"","typeLien":"","nofollow":"N","copyright":"Limousin Eric"},{"url":"https:\/\/www.valdallos.com\/medias\/images\/prestations\/78601-table_copie.jpg","chemin":"..\/medias\/images\/prestations\/78601-table_copie.jpg","libelle":"Jardin ensoleill\u00e9 avec table en bois, cabane et arbres","extension":"jpg","categorie":"","largeur":1200,"theme":"ETE","hauteur":899,"type":"Image","origine":"","liaisonPave":"","langue":"","id":"78601","urlVignette":"https:\/\/www.valdallos.com\/medias\/images\/prestations\/v-78601-table_copie.jpg","alt":"Jardin ensoleill\u00e9 avec table en bois, cabane et arbres","title":"Jardin ensoleill\u00e9 avec table en bois, cabane et arbres","MultiTaille":{"1920x1440":{"url":"https:\/\/www.valdallos.com\/medias\/images\/prestations\/multitailles\/1920x1440_78601-table_copie.jpg"},"1200x900":{"url":"https:\/\/www.valdallos.com\/medias\/images\/prestations\/multitailles\/1200x900_78601-table_copie.jpg"},"800x600":{"url":"https:\/\/www.valdallos.com\/medias\/images\/prestations\/multitailles\/800x600_78601-table_copie.jpg"},"640x480":{"url":"https:\/\/www.valdallos.com\/medias\/images\/prestations\/multitailles\/640x480_78601-table_copie.jpg"},"320x240":{"url":"https:\/\/www.valdallos.com\/medias\/images\/prestations\/multitailles\/320x240_78601-table_copie.jpg"},"160x120":{"url":"https:\/\/www.valdallos.com\/medias\/images\/prestations\/multitailles\/160x120_78601-table_copie.jpg"},"origine":{"url":"https:\/\/www.valdallos.com\/medias\/images\/prestations\/78601-table_copie.jpg"}},"urlLien":"","typeLien":"","nofollow":"N","copyright":"Limousin Eric"},{"url":"https:\/\/www.valdallos.com\/medias\/images\/prestations\/78587-1.jpg","chemin":"..\/medias\/images\/prestations\/78587-1.jpg","libelle":"Grand chalet en bois sur 2 \u00e9tages, garage, terrasses en bois, paysage enneig\u00e9","extension":"jpg","categorie":"","largeur":1200,"theme":"HIVER","hauteur":900,"type":"Image","origine":"","liaisonPave":"","langue":"","id":"78587","urlVignette":"https:\/\/www.valdallos.com\/medias\/images\/prestations\/v-78587-1.jpg","alt":"Grand chalet en bois sur 2 \u00e9tages, garage, terrasses en bois, paysage enneig\u00e9","title":"Grand chalet en bois sur 2 \u00e9tages, garage, terrasses en bois, paysage enneig\u00e9","MultiTaille":{"1920x1440":{"url":"https:\/\/www.valdallos.com\/medias\/images\/prestations\/multitailles\/1920x1440_78587-1.jpg"},"1200x900":{"url":"https:\/\/www.valdallos.com\/medias\/images\/prestations\/multitailles\/1200x900_78587-1.jpg"},"800x600":{"url":"https:\/\/www.valdallos.com\/medias\/images\/prestations\/multitailles\/800x600_78587-1.jpg"},"640x480":{"url":"https:\/\/www.valdallos.com\/medias\/images\/prestations\/multitailles\/640x480_78587-1.jpg"},"320x240":{"url":"https:\/\/www.valdallos.com\/medias\/images\/prestations\/multitailles\/320x240_78587-1.jpg"},"160x120":{"url":"https:\/\/www.valdallos.com\/medias\/images\/prestations\/multitailles\/160x120_78587-1.jpg"},"origine":{"url":"https:\/\/www.valdallos.com\/medias\/images\/prestations\/78587-1.jpg"}},"urlLien":"","typeLien":"","nofollow":"N","copyright":"Limousin Eric"},{"url":"https:\/\/www.valdallos.com\/medias\/images\/prestations\/78588-2.jpg","chemin":"..\/medias\/images\/prestations\/78588-2.jpg","libelle":"Terrasse en bois du chalet avec grande table d'ext\u00e9rieur, transat, v\u00e9randa, vue d\u00e9gag\u00e9e avec paysage enneig\u00e9","extension":"jpg","categorie":"","largeur":1200,"theme":"HIVER","hauteur":900,"type":"Image","origine":"","liaisonPave":"","langue":"","id":"78588","urlVignette":"https:\/\/www.valdallos.com\/medias\/images\/prestations\/v-78588-2.jpg","alt":"Terrasse en bois du chalet avec grande table d'ext\u00e9rieur, transat, v\u00e9randa, vue d\u00e9gag\u00e9e avec paysage enneig\u00e9","title":"Terrasse en bois du chalet avec grande table d'ext\u00e9rieur, transat, v\u00e9randa, vue d\u00e9gag\u00e9e avec paysage enneig\u00e9","MultiTaille":{"1920x1440":{"url":"https:\/\/www.valdallos.com\/medias\/images\/prestations\/multitailles\/1920x1440_78588-2.jpg"},"1200x900":{"url":"https:\/\/www.valdallos.com\/medias\/images\/prestations\/multitailles\/1200x900_78588-2.jpg"},"800x600":{"url":"https:\/\/www.valdallos.com\/medias\/images\/prestations\/multitailles\/800x600_78588-2.jpg"},"640x480":{"url":"https:\/\/www.valdallos.com\/medias\/images\/prestations\/multitailles\/640x480_78588-2.jpg"},"320x240":{"url":"https:\/\/www.valdallos.com\/medias\/images\/prestations\/multitailles\/320x240_78588-2.jpg"},"160x120":{"url":"https:\/\/www.valdallos.com\/medias\/images\/prestations\/multitailles\/160x120_78588-2.jpg"},"origine":{"url":"https:\/\/www.valdallos.com\/medias\/images\/prestations\/78588-2.jpg"}},"urlLien":"","typeLien":"","nofollow":"N","copyright":"Limousin Eric"}],"ByCategorie":{"":[{"url":"https:\/\/www.valdallos.com\/medias\/images\/prestations\/78589-photo_presentation_chalet_ressource_de_mr_limousin_eric.jpg","chemin":"..\/medias\/images\/prestations\/78589-photo_presentation_chalet_ressource_de_mr_limousin_eric.jpg","libelle":"Terrasse en bois du chalet avec grande table d'ext\u00e9rieur, transat, v\u00e9randa, vue d\u00e9gag\u00e9e avec paysage d'\u00e9t\u00e9","extension":"jpg","categorie":"","largeur":1200,"theme":"ETE","hauteur":898,"type":"Image","origine":"","liaisonPave":"","langue":"","id":"78589","urlVignette":"https:\/\/www.valdallos.com\/medias\/images\/prestations\/v-78589-photo_presentation_chalet_ressource_de_mr_limousin_eric.jpg","alt":"Terrasse en bois du chalet avec grande table d'ext\u00e9rieur, transat, v\u00e9randa, vue d\u00e9gag\u00e9e avec paysage d'\u00e9t\u00e9","title":"Terrasse en bois du chalet avec grande table d'ext\u00e9rieur, transat, v\u00e9randa, vue d\u00e9gag\u00e9e avec paysage d'\u00e9t\u00e9","MultiTaille":{"1920x1440":{"url":"https:\/\/www.valdallos.com\/medias\/images\/prestations\/multitailles\/1920x1440_78589-photo_presentation_chalet_ressource_de_mr_limousin_eric.jpg"},"1200x900":{"url":"https:\/\/www.valdallos.com\/medias\/images\/prestations\/multitailles\/1200x900_78589-photo_presentation_chalet_ressource_de_mr_limousin_eric.jpg"},"800x600":{"url":"https:\/\/www.valdallos.com\/medias\/images\/prestations\/multitailles\/800x600_78589-photo_presentation_chalet_ressource_de_mr_limousin_eric.jpg"},"640x480":{"url":"https:\/\/www.valdallos.com\/medias\/images\/prestations\/multitailles\/640x480_78589-photo_presentation_chalet_ressource_de_mr_limousin_eric.jpg"},"320x240":{"url":"https:\/\/www.valdallos.com\/medias\/images\/prestations\/multitailles\/320x240_78589-photo_presentation_chalet_ressource_de_mr_limousin_eric.jpg"},"160x120":{"url":"https:\/\/www.valdallos.com\/medias\/images\/prestations\/multitailles\/160x120_78589-photo_presentation_chalet_ressource_de_mr_limousin_eric.jpg"},"origine":{"url":"https:\/\/www.valdallos.com\/medias\/images\/prestations\/78589-photo_presentation_chalet_ressource_de_mr_limousin_eric.jpg"}},"urlLien":"","typeLien":"","nofollow":"N","copyright":"Limousin Eric"},{"url":"https:\/\/www.valdallos.com\/medias\/images\/prestations\/78590-ch_longue_terrasse.jpg","chemin":"..\/medias\/images\/prestations\/78590-ch_longue_terrasse.jpg","libelle":"Terrasse en bois du chalet avec transat, vue d\u00e9gag\u00e9e avec paysage d'\u00e9t\u00e9","extension":"jpg","categorie":"","largeur":1200,"theme":"ETE","hauteur":889,"type":"Image","origine":"","liaisonPave":"","langue":"","id":"78590","urlVignette":"https:\/\/www.valdallos.com\/medias\/images\/prestations\/v-78590-ch_longue_terrasse.jpg","alt":"Terrasse en bois du chalet avec transat, vue d\u00e9gag\u00e9e avec paysage d'\u00e9t\u00e9","title":"Terrasse en bois du chalet avec transat, vue d\u00e9gag\u00e9e avec paysage d'\u00e9t\u00e9","MultiTaille":{"1920x1440":{"url":"https:\/\/www.valdallos.com\/medias\/images\/prestations\/multitailles\/1920x1440_78590-ch_longue_terrasse.jpg"},"1200x900":{"url":"https:\/\/www.valdallos.com\/medias\/images\/prestations\/multitailles\/1200x900_78590-ch_longue_terrasse.jpg"},"800x600":{"url":"https:\/\/www.valdallos.com\/medias\/images\/prestations\/multitailles\/800x600_78590-ch_longue_terrasse.jpg"},"640x480":{"url":"https:\/\/www.valdallos.com\/medias\/images\/prestations\/multitailles\/640x480_78590-ch_longue_terrasse.jpg"},"320x240":{"url":"https:\/\/www.valdallos.com\/medias\/images\/prestations\/multitailles\/320x240_78590-ch_longue_terrasse.jpg"},"160x120":{"url":"https:\/\/www.valdallos.com\/medias\/images\/prestations\/multitailles\/160x120_78590-ch_longue_terrasse.jpg"},"origine":{"url":"https:\/\/www.valdallos.com\/medias\/images\/prestations\/78590-ch_longue_terrasse.jpg"}},"urlLien":"","typeLien":"","nofollow":"N","copyright":"Limousin Eric"},{"url":"https:\/\/www.valdallos.com\/medias\/images\/prestations\/78591-capture_26.jpg","chemin":"..\/medias\/images\/prestations\/78591-capture_26.jpg","libelle":"S\u00e9jour lumineux dans une v\u00e9randa en bois, avec canap\u00e9, tapis, table basse, TV, porte-fen\u00eatre, jonction avec un salon int\u00e9rieur carrel\u00e9","extension":"jpg","categorie":"","largeur":1200,"theme":"","hauteur":900,"type":"Image","origine":"","liaisonPave":"","langue":"","id":"78591","urlVignette":"https:\/\/www.valdallos.com\/medias\/images\/prestations\/v-78591-capture_26.jpg","alt":"S\u00e9jour lumineux dans une v\u00e9randa en bois, avec canap\u00e9, tapis, table basse, TV, porte-fen\u00eatre, jonction avec un salon int\u00e9rieur carrel\u00e9","title":"S\u00e9jour lumineux dans une v\u00e9randa en bois, avec canap\u00e9, tapis, table basse, TV, porte-fen\u00eatre, jonction avec un salon int\u00e9rieur carrel\u00e9","MultiTaille":{"1920x1440":{"url":"https:\/\/www.valdallos.com\/medias\/images\/prestations\/multitailles\/1920x1440_78591-capture_26.jpg"},"1200x900":{"url":"https:\/\/www.valdallos.com\/medias\/images\/prestations\/multitailles\/1200x900_78591-capture_26.jpg"},"800x600":{"url":"https:\/\/www.valdallos.com\/medias\/images\/prestations\/multitailles\/800x600_78591-capture_26.jpg"},"640x480":{"url":"https:\/\/www.valdallos.com\/medias\/images\/prestations\/multitailles\/640x480_78591-capture_26.jpg"},"320x240":{"url":"https:\/\/www.valdallos.com\/medias\/images\/prestations\/multitailles\/320x240_78591-capture_26.jpg"},"160x120":{"url":"https:\/\/www.valdallos.com\/medias\/images\/prestations\/multitailles\/160x120_78591-capture_26.jpg"},"origine":{"url":"https:\/\/www.valdallos.com\/medias\/images\/prestations\/78591-capture_26.jpg"}},"urlLien":"","typeLien":"","nofollow":"N","copyright":"Limousin Eric"},{"url":"https:\/\/www.valdallos.com\/medias\/images\/prestations\/78592-img_0626_2.jpg","chemin":"..\/medias\/images\/prestations\/78592-img_0626_2.jpg","libelle":"S\u00e9jour lumineux avec table \u00e0 manger, ameublement bois, poutres au plafond, portes-fen\u00eatres donnant sur une terrasse en bois","extension":"jpg","categorie":"","largeur":1200,"theme":"","hauteur":900,"type":"Image","origine":"","liaisonPave":"","langue":"","id":"78592","urlVignette":"https:\/\/www.valdallos.com\/medias\/images\/prestations\/v-78592-img_0626_2.jpg","alt":"S\u00e9jour lumineux avec table \u00e0 manger, ameublement bois, poutres au plafond, portes-fen\u00eatres donnant sur une terrasse en bois","title":"S\u00e9jour lumineux avec table \u00e0 manger, ameublement bois, poutres au plafond, portes-fen\u00eatres donnant sur une terrasse en bois","MultiTaille":{"1920x1440":{"url":"https:\/\/www.valdallos.com\/medias\/images\/prestations\/multitailles\/1920x1440_78592-img_0626_2.jpg"},"1200x900":{"url":"https:\/\/www.valdallos.com\/medias\/images\/prestations\/multitailles\/1200x900_78592-img_0626_2.jpg"},"800x600":{"url":"https:\/\/www.valdallos.com\/medias\/images\/prestations\/multitailles\/800x600_78592-img_0626_2.jpg"},"640x480":{"url":"https:\/\/www.valdallos.com\/medias\/images\/prestations\/multitailles\/640x480_78592-img_0626_2.jpg"},"320x240":{"url":"https:\/\/www.valdallos.com\/medias\/images\/prestations\/multitailles\/320x240_78592-img_0626_2.jpg"},"160x120":{"url":"https:\/\/www.valdallos.com\/medias\/images\/prestations\/multitailles\/160x120_78592-img_0626_2.jpg"},"origine":{"url":"https:\/\/www.valdallos.com\/medias\/images\/prestations\/78592-img_0626_2.jpg"}},"urlLien":"","typeLien":"","nofollow":"N","copyright":"Limousin Eric"},{"url":"https:\/\/www.valdallos.com\/medias\/images\/prestations\/78593-cuisine.jpg","chemin":"..\/medias\/images\/prestations\/78593-cuisine.jpg","libelle":"Coin cuisine moderne et lumineux, plaques \u00e9lectriques, four, micro-onde","extension":"jpg","categorie":"","largeur":1200,"theme":"","hauteur":899,"type":"Image","origine":"","liaisonPave":"","langue":"","id":"78593","urlVignette":"https:\/\/www.valdallos.com\/medias\/images\/prestations\/v-78593-cuisine.jpg","alt":"Coin cuisine moderne et lumineux, plaques \u00e9lectriques, four, micro-onde","title":"Coin cuisine moderne et lumineux, plaques \u00e9lectriques, four, micro-onde","MultiTaille":{"1920x1440":{"url":"https:\/\/www.valdallos.com\/medias\/images\/prestations\/multitailles\/1920x1440_78593-cuisine.jpg"},"1200x900":{"url":"https:\/\/www.valdallos.com\/medias\/images\/prestations\/multitailles\/1200x900_78593-cuisine.jpg"},"800x600":{"url":"https:\/\/www.valdallos.com\/medias\/images\/prestations\/multitailles\/800x600_78593-cuisine.jpg"},"640x480":{"url":"https:\/\/www.valdallos.com\/medias\/images\/prestations\/multitailles\/640x480_78593-cuisine.jpg"},"320x240":{"url":"https:\/\/www.valdallos.com\/medias\/images\/prestations\/multitailles\/320x240_78593-cuisine.jpg"},"160x120":{"url":"https:\/\/www.valdallos.com\/medias\/images\/prestations\/multitailles\/160x120_78593-cuisine.jpg"},"origine":{"url":"https:\/\/www.valdallos.com\/medias\/images\/prestations\/78593-cuisine.jpg"}},"urlLien":"","typeLien":"","nofollow":"N","copyright":"Limousin Eric"},{"url":"https:\/\/www.valdallos.com\/medias\/images\/prestations\/78594-img_8773_2.jpg","chemin":"..\/medias\/images\/prestations\/78594-img_8773_2.jpg","libelle":"Grand s\u00e9jour lumineux avec chemin\u00e9e, canap\u00e9, fauteuils, ameublement bois, poutres apparentes, parquet au sol, fen\u00eatre","extension":"jpg","categorie":"","largeur":1200,"theme":"","hauteur":900,"type":"Image","origine":"","liaisonPave":"","langue":"","id":"78594","urlVignette":"https:\/\/www.valdallos.com\/medias\/images\/prestations\/v-78594-img_8773_2.jpg","alt":"Grand s\u00e9jour lumineux avec chemin\u00e9e, canap\u00e9, fauteuils, ameublement bois, poutres apparentes, parquet au sol, fen\u00eatre","title":"Grand s\u00e9jour lumineux avec chemin\u00e9e, canap\u00e9, fauteuils, ameublement bois, poutres apparentes, parquet au sol, fen\u00eatre","MultiTaille":{"1920x1440":{"url":"https:\/\/www.valdallos.com\/medias\/images\/prestations\/multitailles\/1920x1440_78594-img_8773_2.jpg"},"1200x900":{"url":"https:\/\/www.valdallos.com\/medias\/images\/prestations\/multitailles\/1200x900_78594-img_8773_2.jpg"},"800x600":{"url":"https:\/\/www.valdallos.com\/medias\/images\/prestations\/multitailles\/800x600_78594-img_8773_2.jpg"},"640x480":{"url":"https:\/\/www.valdallos.com\/medias\/images\/prestations\/multitailles\/640x480_78594-img_8773_2.jpg"},"320x240":{"url":"https:\/\/www.valdallos.com\/medias\/images\/prestations\/multitailles\/320x240_78594-img_8773_2.jpg"},"160x120":{"url":"https:\/\/www.valdallos.com\/medias\/images\/prestations\/multitailles\/160x120_78594-img_8773_2.jpg"},"origine":{"url":"https:\/\/www.valdallos.com\/medias\/images\/prestations\/78594-img_8773_2.jpg"}},"urlLien":"","typeLien":"","nofollow":"N","copyright":"Limousin Eric"},{"url":"https:\/\/www.valdallos.com\/medias\/images\/prestations\/78595-capture_32.jpg","chemin":"..\/medias\/images\/prestations\/78595-capture_32.jpg","libelle":"Chambre \u00e0 coucher lumineuse avec lit double, ameublement bois, parquet au sol, fen\u00eatres donnant sur les montagnes","extension":"jpg","categorie":"","largeur":1200,"theme":"","hauteur":902,"type":"Image","origine":"","liaisonPave":"","langue":"","id":"78595","urlVignette":"https:\/\/www.valdallos.com\/medias\/images\/prestations\/v-78595-capture_32.jpg","alt":"Chambre \u00e0 coucher lumineuse avec lit double, ameublement bois, parquet au sol, fen\u00eatres donnant sur les montagnes","title":"Chambre \u00e0 coucher lumineuse avec lit double, ameublement bois, parquet au sol, fen\u00eatres donnant sur les montagnes","MultiTaille":{"1920x1440":{"url":"https:\/\/www.valdallos.com\/medias\/images\/prestations\/multitailles\/1920x1440_78595-capture_32.jpg"},"1200x900":{"url":"https:\/\/www.valdallos.com\/medias\/images\/prestations\/multitailles\/1200x900_78595-capture_32.jpg"},"800x600":{"url":"https:\/\/www.valdallos.com\/medias\/images\/prestations\/multitailles\/800x600_78595-capture_32.jpg"},"640x480":{"url":"https:\/\/www.valdallos.com\/medias\/images\/prestations\/multitailles\/640x480_78595-capture_32.jpg"},"320x240":{"url":"https:\/\/www.valdallos.com\/medias\/images\/prestations\/multitailles\/320x240_78595-capture_32.jpg"},"160x120":{"url":"https:\/\/www.valdallos.com\/medias\/images\/prestations\/multitailles\/160x120_78595-capture_32.jpg"},"origine":{"url":"https:\/\/www.valdallos.com\/medias\/images\/prestations\/78595-capture_32.jpg"}},"urlLien":"","typeLien":"","nofollow":"N","copyright":"Limousin Eric"},{"url":"https:\/\/www.valdallos.com\/medias\/images\/prestations\/78596-capture_38.jpg","chemin":"..\/medias\/images\/prestations\/78596-capture_38.jpg","libelle":"Chambre \u00e0 coucher lumineuse avec lit double, ameublement bois, parquet au sol","extension":"jpg","categorie":"","largeur":1200,"theme":"","hauteur":896,"type":"Image","origine":"","liaisonPave":"","langue":"","id":"78596","urlVignette":"https:\/\/www.valdallos.com\/medias\/images\/prestations\/v-78596-capture_38.jpg","alt":"Chambre \u00e0 coucher lumineuse avec lit double, ameublement bois, parquet au sol","title":"Chambre \u00e0 coucher lumineuse avec lit double, ameublement bois, parquet au sol","MultiTaille":{"1920x1440":{"url":"https:\/\/www.valdallos.com\/medias\/images\/prestations\/multitailles\/1920x1440_78596-capture_38.jpg"},"1200x900":{"url":"https:\/\/www.valdallos.com\/medias\/images\/prestations\/multitailles\/1200x900_78596-capture_38.jpg"},"800x600":{"url":"https:\/\/www.valdallos.com\/medias\/images\/prestations\/multitailles\/800x600_78596-capture_38.jpg"},"640x480":{"url":"https:\/\/www.valdallos.com\/medias\/images\/prestations\/multitailles\/640x480_78596-capture_38.jpg"},"320x240":{"url":"https:\/\/www.valdallos.com\/medias\/images\/prestations\/multitailles\/320x240_78596-capture_38.jpg"},"160x120":{"url":"https:\/\/www.valdallos.com\/medias\/images\/prestations\/multitailles\/160x120_78596-capture_38.jpg"},"origine":{"url":"https:\/\/www.valdallos.com\/medias\/images\/prestations\/78596-capture_38.jpg"}},"urlLien":"","typeLien":"","nofollow":"N","copyright":"Limousin Eric"},{"url":"https:\/\/www.valdallos.com\/medias\/images\/prestations\/78597-cha1.jpg","chemin":"..\/medias\/images\/prestations\/78597-cha1.jpg","libelle":"Chambre \u00e0 coucher lumineuse avec lits superpos\u00e9s et deux lits simples, ameublement bois, parquet au sol, fen\u00eatre","extension":"jpg","categorie":"","largeur":1200,"theme":"","hauteur":900,"type":"Image","origine":"","liaisonPave":"","langue":"","id":"78597","urlVignette":"https:\/\/www.valdallos.com\/medias\/images\/prestations\/v-78597-cha1.jpg","alt":"Chambre \u00e0 coucher lumineuse avec lits superpos\u00e9s et deux lits simples, ameublement bois, parquet au sol, fen\u00eatre","title":"Chambre \u00e0 coucher lumineuse avec lits superpos\u00e9s et deux lits simples, ameublement bois, parquet au sol, fen\u00eatre","MultiTaille":{"1920x1440":{"url":"https:\/\/www.valdallos.com\/medias\/images\/prestations\/multitailles\/1920x1440_78597-cha1.jpg"},"1200x900":{"url":"https:\/\/www.valdallos.com\/medias\/images\/prestations\/multitailles\/1200x900_78597-cha1.jpg"},"800x600":{"url":"https:\/\/www.valdallos.com\/medias\/images\/prestations\/multitailles\/800x600_78597-cha1.jpg"},"640x480":{"url":"https:\/\/www.valdallos.com\/medias\/images\/prestations\/multitailles\/640x480_78597-cha1.jpg"},"320x240":{"url":"https:\/\/www.valdallos.com\/medias\/images\/prestations\/multitailles\/320x240_78597-cha1.jpg"},"160x120":{"url":"https:\/\/www.valdallos.com\/medias\/images\/prestations\/multitailles\/160x120_78597-cha1.jpg"},"origine":{"url":"https:\/\/www.valdallos.com\/medias\/images\/prestations\/78597-cha1.jpg"}},"urlLien":"","typeLien":"","nofollow":"N","copyright":"Limousin Eric"},{"url":"https:\/\/www.valdallos.com\/medias\/images\/prestations\/78598-img_8808_2.jpg","chemin":"..\/medias\/images\/prestations\/78598-img_8808_2.jpg","libelle":"Salle de bains lumineuse avec grand bac \u00e0 douche, ameublement bois, radiateur, parquet au sol, fen\u00eatre","extension":"jpg","categorie":"","largeur":1200,"theme":"","hauteur":900,"type":"Image","origine":"","liaisonPave":"","langue":"","id":"78598","urlVignette":"https:\/\/www.valdallos.com\/medias\/images\/prestations\/v-78598-img_8808_2.jpg","alt":"Salle de bains lumineuse avec grand bac \u00e0 douche, ameublement bois, radiateur, parquet au sol, fen\u00eatre","title":"Salle de bains lumineuse avec grand bac \u00e0 douche, ameublement bois, radiateur, parquet au sol, fen\u00eatre","MultiTaille":{"1920x1440":{"url":"https:\/\/www.valdallos.com\/medias\/images\/prestations\/multitailles\/1920x1440_78598-img_8808_2.jpg"},"1200x900":{"url":"https:\/\/www.valdallos.com\/medias\/images\/prestations\/multitailles\/1200x900_78598-img_8808_2.jpg"},"800x600":{"url":"https:\/\/www.valdallos.com\/medias\/images\/prestations\/multitailles\/800x600_78598-img_8808_2.jpg"},"640x480":{"url":"https:\/\/www.valdallos.com\/medias\/images\/prestations\/multitailles\/640x480_78598-img_8808_2.jpg"},"320x240":{"url":"https:\/\/www.valdallos.com\/medias\/images\/prestations\/multitailles\/320x240_78598-img_8808_2.jpg"},"160x120":{"url":"https:\/\/www.valdallos.com\/medias\/images\/prestations\/multitailles\/160x120_78598-img_8808_2.jpg"},"origine":{"url":"https:\/\/www.valdallos.com\/medias\/images\/prestations\/78598-img_8808_2.jpg"}},"urlLien":"","typeLien":"","nofollow":"N","copyright":"Limousin Eric"},{"url":"https:\/\/www.valdallos.com\/medias\/images\/prestations\/78599-ping.jpg","chemin":"..\/medias\/images\/prestations\/78599-ping.jpg","libelle":"Table de tennis de table au milieu d'un jardin en \u00e9t\u00e9","extension":"jpg","categorie":"","largeur":1200,"theme":"ETE","hauteur":898,"type":"Image","origine":"","liaisonPave":"","langue":"","id":"78599","urlVignette":"https:\/\/www.valdallos.com\/medias\/images\/prestations\/v-78599-ping.jpg","alt":"Table de tennis de table au milieu d'un jardin en \u00e9t\u00e9","title":"Table de tennis de table au milieu d'un jardin en \u00e9t\u00e9","MultiTaille":{"1920x1440":{"url":"https:\/\/www.valdallos.com\/medias\/images\/prestations\/multitailles\/1920x1440_78599-ping.jpg"},"1200x900":{"url":"https:\/\/www.valdallos.com\/medias\/images\/prestations\/multitailles\/1200x900_78599-ping.jpg"},"800x600":{"url":"https:\/\/www.valdallos.com\/medias\/images\/prestations\/multitailles\/800x600_78599-ping.jpg"},"640x480":{"url":"https:\/\/www.valdallos.com\/medias\/images\/prestations\/multitailles\/640x480_78599-ping.jpg"},"320x240":{"url":"https:\/\/www.valdallos.com\/medias\/images\/prestations\/multitailles\/320x240_78599-ping.jpg"},"160x120":{"url":"https:\/\/www.valdallos.com\/medias\/images\/prestations\/multitailles\/160x120_78599-ping.jpg"},"origine":{"url":"https:\/\/www.valdallos.com\/medias\/images\/prestations\/78599-ping.jpg"}},"urlLien":"","typeLien":"","nofollow":"N","copyright":"Limousin Eric"},{"url":"https:\/\/www.valdallos.com\/medias\/images\/prestations\/78600-jardin_jeux1_copie.jpg","chemin":"..\/medias\/images\/prestations\/78600-jardin_jeux1_copie.jpg","libelle":"Jardin ensoleill\u00e9 avec aire de jeux et filet de volley-ball","extension":"jpg","categorie":"","largeur":1200,"theme":"ETE","hauteur":900,"type":"Image","origine":"","liaisonPave":"","langue":"","id":"78600","urlVignette":"https:\/\/www.valdallos.com\/medias\/images\/prestations\/v-78600-jardin_jeux1_copie.jpg","alt":"Jardin ensoleill\u00e9 avec aire de jeux et filet de volley-ball","title":"Jardin ensoleill\u00e9 avec aire de jeux et filet de volley-ball","MultiTaille":{"1920x1440":{"url":"https:\/\/www.valdallos.com\/medias\/images\/prestations\/multitailles\/1920x1440_78600-jardin_jeux1_copie.jpg"},"1200x900":{"url":"https:\/\/www.valdallos.com\/medias\/images\/prestations\/multitailles\/1200x900_78600-jardin_jeux1_copie.jpg"},"800x600":{"url":"https:\/\/www.valdallos.com\/medias\/images\/prestations\/multitailles\/800x600_78600-jardin_jeux1_copie.jpg"},"640x480":{"url":"https:\/\/www.valdallos.com\/medias\/images\/prestations\/multitailles\/640x480_78600-jardin_jeux1_copie.jpg"},"320x240":{"url":"https:\/\/www.valdallos.com\/medias\/images\/prestations\/multitailles\/320x240_78600-jardin_jeux1_copie.jpg"},"160x120":{"url":"https:\/\/www.valdallos.com\/medias\/images\/prestations\/multitailles\/160x120_78600-jardin_jeux1_copie.jpg"},"origine":{"url":"https:\/\/www.valdallos.com\/medias\/images\/prestations\/78600-jardin_jeux1_copie.jpg"}},"urlLien":"","typeLien":"","nofollow":"N","copyright":"Limousin Eric"},{"url":"https:\/\/www.valdallos.com\/medias\/images\/prestations\/78601-table_copie.jpg","chemin":"..\/medias\/images\/prestations\/78601-table_copie.jpg","libelle":"Jardin ensoleill\u00e9 avec table en bois, cabane et arbres","extension":"jpg","categorie":"","largeur":1200,"theme":"ETE","hauteur":899,"type":"Image","origine":"","liaisonPave":"","langue":"","id":"78601","urlVignette":"https:\/\/www.valdallos.com\/medias\/images\/prestations\/v-78601-table_copie.jpg","alt":"Jardin ensoleill\u00e9 avec table en bois, cabane et arbres","title":"Jardin ensoleill\u00e9 avec table en bois, cabane et arbres","MultiTaille":{"1920x1440":{"url":"https:\/\/www.valdallos.com\/medias\/images\/prestations\/multitailles\/1920x1440_78601-table_copie.jpg"},"1200x900":{"url":"https:\/\/www.valdallos.com\/medias\/images\/prestations\/multitailles\/1200x900_78601-table_copie.jpg"},"800x600":{"url":"https:\/\/www.valdallos.com\/medias\/images\/prestations\/multitailles\/800x600_78601-table_copie.jpg"},"640x480":{"url":"https:\/\/www.valdallos.com\/medias\/images\/prestations\/multitailles\/640x480_78601-table_copie.jpg"},"320x240":{"url":"https:\/\/www.valdallos.com\/medias\/images\/prestations\/multitailles\/320x240_78601-table_copie.jpg"},"160x120":{"url":"https:\/\/www.valdallos.com\/medias\/images\/prestations\/multitailles\/160x120_78601-table_copie.jpg"},"origine":{"url":"https:\/\/www.valdallos.com\/medias\/images\/prestations\/78601-table_copie.jpg"}},"urlLien":"","typeLien":"","nofollow":"N","copyright":"Limousin Eric"},{"url":"https:\/\/www.valdallos.com\/medias\/images\/prestations\/78587-1.jpg","chemin":"..\/medias\/images\/prestations\/78587-1.jpg","libelle":"Grand chalet en bois sur 2 \u00e9tages, garage, terrasses en bois, paysage enneig\u00e9","extension":"jpg","categorie":"","largeur":1200,"theme":"HIVER","hauteur":900,"type":"Image","origine":"","liaisonPave":"","langue":"","id":"78587","urlVignette":"https:\/\/www.valdallos.com\/medias\/images\/prestations\/v-78587-1.jpg","alt":"Grand chalet en bois sur 2 \u00e9tages, garage, terrasses en bois, paysage enneig\u00e9","title":"Grand chalet en bois sur 2 \u00e9tages, garage, terrasses en bois, paysage enneig\u00e9","MultiTaille":{"1920x1440":{"url":"https:\/\/www.valdallos.com\/medias\/images\/prestations\/multitailles\/1920x1440_78587-1.jpg"},"1200x900":{"url":"https:\/\/www.valdallos.com\/medias\/images\/prestations\/multitailles\/1200x900_78587-1.jpg"},"800x600":{"url":"https:\/\/www.valdallos.com\/medias\/images\/prestations\/multitailles\/800x600_78587-1.jpg"},"640x480":{"url":"https:\/\/www.valdallos.com\/medias\/images\/prestations\/multitailles\/640x480_78587-1.jpg"},"320x240":{"url":"https:\/\/www.valdallos.com\/medias\/images\/prestations\/multitailles\/320x240_78587-1.jpg"},"160x120":{"url":"https:\/\/www.valdallos.com\/medias\/images\/prestations\/multitailles\/160x120_78587-1.jpg"},"origine":{"url":"https:\/\/www.valdallos.com\/medias\/images\/prestations\/78587-1.jpg"}},"urlLien":"","typeLien":"","nofollow":"N","copyright":"Limousin Eric"},{"url":"https:\/\/www.valdallos.com\/medias\/images\/prestations\/78588-2.jpg","chemin":"..\/medias\/images\/prestations\/78588-2.jpg","libelle":"Terrasse en bois du chalet avec grande table d'ext\u00e9rieur, transat, v\u00e9randa, vue d\u00e9gag\u00e9e avec paysage enneig\u00e9","extension":"jpg","categorie":"","largeur":1200,"theme":"HIVER","hauteur":900,"type":"Image","origine":"","liaisonPave":"","langue":"","id":"78588","urlVignette":"https:\/\/www.valdallos.com\/medias\/images\/prestations\/v-78588-2.jpg","alt":"Terrasse en bois du chalet avec grande table d'ext\u00e9rieur, transat, v\u00e9randa, vue d\u00e9gag\u00e9e avec paysage enneig\u00e9","title":"Terrasse en bois du chalet avec grande table d'ext\u00e9rieur, transat, v\u00e9randa, vue d\u00e9gag\u00e9e avec paysage enneig\u00e9","MultiTaille":{"1920x1440":{"url":"https:\/\/www.valdallos.com\/medias\/images\/prestations\/multitailles\/1920x1440_78588-2.jpg"},"1200x900":{"url":"https:\/\/www.valdallos.com\/medias\/images\/prestations\/multitailles\/1200x900_78588-2.jpg"},"800x600":{"url":"https:\/\/www.valdallos.com\/medias\/images\/prestations\/multitailles\/800x600_78588-2.jpg"},"640x480":{"url":"https:\/\/www.valdallos.com\/medias\/images\/prestations\/multitailles\/640x480_78588-2.jpg"},"320x240":{"url":"https:\/\/www.valdallos.com\/medias\/images\/prestations\/multitailles\/320x240_78588-2.jpg"},"160x120":{"url":"https:\/\/www.valdallos.com\/medias\/images\/prestations\/multitailles\/160x120_78588-2.jpg"},"origine":{"url":"https:\/\/www.valdallos.com\/medias\/images\/prestations\/78588-2.jpg"}},"urlLien":"","typeLien":"","nofollow":"N","copyright":"Limousin Eric"}]}},"DateDebPublication":"","DateFinPublication":"","PrixAPartirDe":"","PrixPour":"","FicheListeEnCours":"fiche_liste_immobilier_prestation_OT_v3","ParametresModele":{"AfficherPhotos":1,"NbPhotosMax":6,"AfficherReserver":0,"AfficherContact":0,"AfficherSalle":1,"AfficherZoneGeo":0,"AfficherEnSavoirPlus":"0","AfficherUneSeuleOuverture":0,"AfficherContactCarte":1,"AfficherTarifsChaudAPartirDe":0,"AfficherTarifChaudSansRecherche":0,"AfficherDispoAccordeon":"1","AfficherDispoResa":"1","AfficherPrixAPartirDe":"1","BlocCritereInfo":{"critere1":{"libelle":"","liste_critere":["classementPrefectoral|2631|G","classementPrefectoral|2630|G","classementPrefectoral|2629|G","classementPrefectoral|2628|G","classementPrefectoral|2627|G","classementPrefectoral|2632|G"]},"critere2":{"libelle":"","liste_critere":["GLOC|G"]},"critere3":{"libelle":""},"critere4":{"libelle":""},"critere5":{"libelle":"","liste_critere":["GHANDI|G","AFFEQUIP|WIFI|G","AFFEQUIP|ANIMAUX|G","AFFEQUIP|PARKING|G","AFFEQUIP|LAVEVAIS|G","AFFEQUIP|LAVELINGEAFF|G","GCHAMB|G","NBPERS|G","GSURFA|G","GLOGEM|G"]},"critere6":{"libelle":"","liste_critere":["GLABEL|GCLEVA|G"]},"critere7":{"libelle":""},"critere8":{"libelle":""},"critere9":{"libelle":""},"afficherpictoetpaslibelle":"1"},"BlocPaveInfo":{"texte1":{"pave":["6","15","20"],"longeurmax":"250","afficherLibelle":"0","garderHtml":"0","boutonVoirPlus":""},"texte3":{"longeurmax":"","afficherLibelle":"0","garderHtml":"0","boutonVoirPlus":""}},"CriteresComportementDispo":"DISPONIBILITES[PLANNINGACT","PositionBloc":"GALLERIE|ZONEPRINCIPALFICHEPRESTA|NOM|CARNET_VOYAGE|ACCROCHE_TARIF_DISPO","TypePrestataire":"G","ComportementResa":false,"ComportementDispo":true},"AffichageCoordonnees":[],"Coordonnees":{"Ville":"La Foux d\u2019Allos"},"ContexteId":"PRESTATION|G|6705401|6705400","ContexteIdHtml":"PRESTATION-G-6705401-6705400","cleContexte":"G|6705401|6705400","Bloc":{"texte1":"A 2 minuto d'auto dalla stazione sciistica di La Foux d'Allos, in un ambiente unico e tranquillo, questo splendido chalet familiare di 120 m2 (136 m2 con il secondo soggiorno -veranda), completamente attrezzato e rinnovato.","texte3":"","critere1":{"libelle":"","contenu":{"classementPrefectoral":{"libelle":"","contenu":{"2":"\u003Cimg src=\"https:\/\/www.valdallos.com\/medias\/images\/picto\/classementPrefectoral-2630-G.png\"  alt=\"4 stelle\" title=\"4 stelle\" \/\u003E"},"codesValeurs":{"2":"classementPrefectoral|2630|G"},"criteres_datas":{"valeurs":{"2":{"2630":{"descriptif":""}}}}}}},"critere2":{"libelle":"","contenu":{"GLOC":{"libelle":"Localizzare","contenu":{"1":"Val d'Allos - La Foux"},"codesValeurs":{"1":"GLOC|G18|G"},"criteres_datas":{"valeurs":{"1":{"G18":{"descriptif":""}}}}}}},"critere3":{"libelle":"","contenu":[]},"critere4":{"libelle":"","contenu":[]},"critere5":{"libelle":"","contenu":{"NBPERS":{"libelle":"Persone","contenu":{"8":"10 persone"},"codesValeurs":{"8":"NBPERS|GCAP10|G"},"criteres_datas":{"valeurs":{"8":{"GCAP10":{"descriptif":""}}}}},"GLOGEM":{"libelle":"tipo di alloggio","contenu":{"4":"Chalet"},"codesValeurs":{"4":"GLOGEM|GCHALI|G"},"criteres_datas":{"valeurs":{"4":{"GCHALI":{"descriptif":""}}}}},"AFFEQUIP":{"libelle":"Servizi","contenu":{"1":"Acc\u00e8s Internet \/ Wifi","3":"Parcheggio \/ Garage","4":"Lavastoviglie","5":"Lavatrice"},"codesValeurs":{"1":"AFFEQUIP|WIFI|G","3":"AFFEQUIP|PARKING|G","4":"AFFEQUIP|LAVEVAIS|G","5":"AFFEQUIP|LAVELINGEAFF|G"},"criteres_datas":{"valeurs":{"1":{"WIFI":{"descriptif":""}},"3":{"PARKING":{"descriptif":""}},"4":{"LAVEVAIS":{"descriptif":""}},"5":{"LAVELINGEAFF":{"descriptif":""}}}}}}},"critere6":{"libelle":"","contenu":[]},"critere7":{"libelle":"","contenu":[]},"critere8":{"libelle":"","contenu":[]},"critere9":{"libelle":"","contenu":[]}},"LocalisationGps":{"Latitude":"44.273471","Longitude":"6.578936"},"libelleDuPrestataire":"","vuePrestataire":{"pave1":{"libelle":"","contenu":""},"pave2":{"libelle":"","contenu":""},"pave3":{"libelle":"","contenu":""},"pave4":{"libelle":"","contenu":""},"pave5":{"libelle":"","contenu":""},"pave6":{"libelle":"","contenu":""},"pave7":{"libelle":"","contenu":""},"pave8":{"libelle":"","contenu":""},"pave9":{"libelle":"","contenu":""},"pave10":{"libelle":"","contenu":""},"pave11":{"libelle":"","contenu":""},"pave12":{"libelle":"","contenu":""},"pave13":{"libelle":"","contenu":""},"pave14":{"libelle":"","contenu":""},"pave15":{"libelle":"","contenu":""},"pave16":{"libelle":"","contenu":""},"pave17":{"libelle":"","contenu":""},"pave18":{"libelle":"","contenu":""},"pave19":{"libelle":"","contenu":""},"pave20":{"libelle":"","contenu":""},"pave21":{"libelle":"","contenu":""},"pave22":{"libelle":"","contenu":""},"pave23":{"libelle":"","contenu":""},"pave24":{"libelle":"","contenu":""},"pave25":{"libelle":"","contenu":""},"ContactsParType":{"":{"114750":{"id_contact":"114750","type_contact":"","categorie_contact":"PRESTATAIRE","societe_contact":"","fonction_contact":"","civilite_nom_prenom_contact":"Limousin Eric ","adresse1_contact":"","adresse2_contact":"","adresse3_contact":"","cpostal_contact":"","ville_contact":"","teldom_contact":"","telbur_contact":"","fax_contact":"","portable_contact":"","email_contact":"","siteweb_contact":"","commentaire_contact":"","langue_contact":"","autre_moyen_com":[]}},"GEST":{"114752":{"id_contact":"114752","type_contact":"GEST","categorie_contact":"PRESTATAIRE","societe_contact":"","fonction_contact":"","civilite_nom_prenom_contact":"Limousin Eric ","adresse1_contact":"83 boulevard du Redon","adresse2_contact":"Bat E6","adresse3_contact":"R\u00e9sidence La Rouvi\u00e8re","cpostal_contact":"13009","ville_contact":"Marseille","teldom_contact":"","telbur_contact":"","fax_contact":"","portable_contact":"06 86 41 94 63","email_contact":"ericlimousin13@gmail.com","siteweb_contact":"","commentaire_contact":"","langue_contact":"","autre_moyen_com":[]}}},"ZoneGeoLibelle":"Val d'Allos","Libelle":"Limousin Eric","Nom":"Limousin Eric ","Prenom":"","NomPrenom":"Limousin Eric  ","CiviliteNomPrenom":"Limousin Eric  ","Cle":"G|6705401","PrestataireParent":"","ContexteStat":"PRESTATAIRE-G-6705401","DateModificationIso":"2025-11-19T00:35:00+01:00","Type":"PRESTATAIRE","TypePrestataire":"G","Adresse":{"LigneAdresse1":"","LigneAdresse2":"","LigneAdresse3":"","CodePostal":"","Ville":"","Cedex":"","Etat":"","Pays":""},"Email":"ericlimousin13@gmail.com","Telephone":"","TelephoneBureau":"","Portable":"06 86 41 94 63","SiteWeb":"","Fax":"","Id":"g-6705401","Code":"G|6705401","Fichier":[],"Url":"","Localisation":{"GoogleMap":{"Latitude":"","Longitude":""}},"ZoneGeo":"FRPA04VAVALLO","Criteres":{"GTIMMO[GPARTI":"","P.3218[591381":"","P.3233[591419":"","P.3219[5127066":"","P.3219[7174261":"","P.4805[5427637":"","P.6242[5460436":"","P.3220[5693878":"","P.5311[5693903":"","P.3227[6008197":"","P.VilleSitra[4539":"","P.VillageDeDepart[4539":""},"DateFinPublication":"","AffichageCoordonnees":[]},"listeCriteres":{"DISPONIBILITES":{"DISPORELANCE":"","PLANNINGACT":""},"GPREST":{"GLOCAS":""},"GCAPACITE":{"10PERS":""},"NBPERS":{"GCAP10":""},"GLOGEM":{"GCHALI":""},"GEQUIC":{"GLAVEV":""},"GACTIV":{"GINTER":""},"GPARKI":{"GPARKC":"","GPARKE":""},"PUBLICATION":{"VALDALLOS":"","VERDONTOURISME":""},"AFFGTYPE":{"CHALET":""},"GNOMBRE":{"8PERS":""},"AFFEQUIP":{"WIFI":"","PARKING":"","LAVEVAIS":"","LAVELINGEAFF":"","JAR":"","POELE":""},"GLOC":{"G18":""},"LOCVERDON":{"37282":""},"AFFPRES":{"AFFP4":""},"VISIBWEB":{"PLANNINGVISIBLE":""},"127":{"606":"","811":"","976":""},"122":{"612":"","803":"","4054":"","4055":"","4063":""},"22":{"672":"","723":"","1058":"","1089":"","1479":""},"126":{"972":"","1050":"","1323":""},"123":{"4554":""},"78":{"1130":"","1166":"","5061":""},"prestations":{"surchargeTourismesAdaptes":"","surchargeDescriptifHandicapMoteur":"","surchargeDescriptifHandicapAuditif":"","surchargeDescriptifHandicapVisuel":"","surchargeDescriptifHandicapMental":"","surchargeNombreFauteuilsRoulants":""},"110":{"671":"","3924":""},"70":{"774":"","895":"","907":"","919":"","922":"","943":"","946":"","950":"","951":"","999":"","1010":"","1012":"","5915":"","5940":"","6801":""},"69":{"838":"","904":"","983":"","3694":"","6804":""},"72":{"842":"","963":"","5418":""},"71":{"877":"","987":""},"68":{"898":"","971":"","1004":"","1005":"","1009":""},"73":{"902":"","973":"","974":"","6487":""},"languesParlees":{"1197":""},"environnements":{"171":""},"114":{"416":"","418":"","435":"","436":"","439":""},"modesPaiement":{"1281":""},"tourismeAffaires":{"tourismeAffairesEnabled":"","devise":"EUR"},"hebergementLocatifType":{"2620":""},"informationsHebergementLocatif":{"dateClassement":"2023-10-12"},"classementPrefectoral":{"2630":""},"5401":{"1614":""},"5402":{"1625":""},"capacite":{"capaciteHebergement":"10","capaciteMaximumPossible":"12","nombreSallesDeBain":"2","nombreWC":"2","nombreLitsDoubles":"2","nombreLitsSimples":"4","surface":"120","nombrePieces":"4","nombreChambres":"3","nombreEtages":"2"},"CINTSITRA":{"5660":"","8809":""},"6241":{"126905":"","5740912":""},"3218":{"311229":""},"3220":{"587401":"","5575332":""},"3233":{"591419":""},"3221":{"4876304":""},"3219":{"5127066":"","5239406":""},"3240":{"5778284":""},"3230":{"6139211":""},"VilleSitra":{"37282":""},"VillageDeDepart":{"37282":""},"GTIMMO":{"GPARTI":""},"P.3218":{"591381":""},"P.3233":{"591419":""},"P.3219":{"5127066":"","7174261":""},"P.4805":{"5427637":""},"P.6242":{"5460436":""},"P.3220":{"5693878":""},"P.5311":{"5693903":""},"P.3227":{"6008197":""},"P.VilleSitra":{"4539":""},"P.VillageDeDepart":{"4539":""}},"dansCarnetVoyage":true,"Ouverture":"","WidgetDispoRechercheDate":false,"WidgetDispoVoirLienVoirToutesDispos":true,"ChargerWidgetDispoAuClic":true,"WidgetDispo":"\u003Cspan\u003E\u003C\/span\u003E","JsOnClickBtnDispo":"\u003Cscript\u003E\n                try{\n                    WidgetDispos.addChargementAuClicBtnDispoAccordeon('PRESTATION-G-6705401-6705400',{tabParamsWidgetDispo : {\"id\":\"G|6705401|6705400\",\"origineListeInfo\":\"\",\"vue\":\"semaineLigne\",\"mode\":\"ajax\",\"url_fiche\":\"chalet-4-stelle-val-d-allos-val-dallos-la-foux.html\",\"id_form_contact\":\"42\",\"version\":\"2\",\"parametersWidgetV2\":{\"el\":\"blocDispo-PRESTATION-G-6705401-6705400\",\"object\":{\"code\":\"G|6705401|6705400\"},\"cid\":\"8\",\"site\":{\"code\":\"SITE2018\",\"url\":\"https:\\\/\\\/it.valdallos.com\"},\"slider\":{\"controls\":{\"arrows\":{\"enable\":true,\"showLocked\":true,\"style\":\"button\"}}},\"booking\":{\"enable\":false,\"waitForWindowLoad\":false,\"parameters\":{\"idWidget\":\"blocResa-PRESTATION-G-6705401-6705400\",\"queryParams\":null,\"withoutForm\":true}},\"options\":{\"typeDate\":\"SS\",\"elReferer\":\"PRESTATION-G-6705401-6705400\",\"ingContext\":\"RESA\",\"urlFiche\":\"chalet-4-stelle-val-d-allos-val-dallos-la-foux.html\",\"startDate\":null,\"templates\":{\"Week\":\"semaine\",\"Days\":\"mois\"},\"plugContactForm\":\"42\"}}},idBloc : \"blocDispo-PRESTATION-G-6705401-6705400\",prestation : \"G|6705401|6705400\"});\n                }\n                catch(e) {\n                    \/\/console.log(e);\n                }\u003C\/script\u003E"},"html":" \n \u003Cdiv id=\"CV-PRESTATION-G-6705401-6705400\" data-contexte-id=\"PRESTATION|G|6705401|6705400\" data-cle=\"G|6705401|6705400\" class=\"fiche-liste\"\u003E\n    \n\n    \u003C!-- partie photo --\u003E\n    \u003Cdiv class=\"photo\"\u003E\t\t\t\t\t\t\t\t\t\t\t\t\t\t\t\t\t\t\t\t\t\n        \u003Cdiv class=\"cadre_photo_principale\"\u003E\t\t\n        \n            \t\t\t\t\t\n                    \u003Ca href=\"chalet-4-stelle-val-d-allos-val-dallos-la-foux.html?origine=carnet#media\"\u003E\n                        \u003Cimg class=\"photo_principale\" alt=\"Terrasse en bois du chalet avec grande table d'ext\u00e9rieur, transat, v\u00e9randa, vue d\u00e9gag\u00e9e avec paysage d'\u00e9t\u00e9\" src=\"https:\/\/www.valdallos.com\/medias\/images\/prestations\/multitailles\/320x240_78589-photo_presentation_chalet_ressource_de_mr_limousin_eric.jpg\" itemprop=\"image\"\u003E\n                    \u003C\/a\u003E\t\t\t\t\t\t\n                \n                    \u003C\/div\u003E\t\t\t\t\t\t\t\t\t\t\t\t\t\t\t\t\t\t\t \t\t\n    \u003C\/div\u003E\n    \n    \u003C!-- partie nom prest --\u003E\n    \u003Cdiv class=\"nom\"\u003E\n        \u003Ch2\u003ELimousin Eric \"Chalet Ressource\"\u003C\/h2\u003E\n        \n            \u003C\/div\u003E\n\n         \n    \u003C!-- partie adresse --\u003E\n    \u003Cdiv class=\"adresse\"\u003E\n    \n          \n    \u003C\/div\u003E\n    \n    \u003C!-- partie liens --\u003E\n    \u003Cdiv class=\"liens\"\u003E\n            \u003Ca class=\"btn-icon btn-view \" title=\"Vedi il file dettagliato\" href=\"chalet-4-stelle-val-d-allos-val-dallos-la-foux.html?origine=carnet\"\u003E\u003C\/a\u003E\u003C!--\u003Ca class=\"btn-icon btn-view \" title=\"\" href=\"?origine=carnet#thaut\"\u003E\u003C\/a\u003E--\u003E\n      \u003Ca class=\"btn-icon btn-trash carnet_voyage_supprimer\" title=\"Elimina questo file dal mio diario di viaggio\" href=\"carnet-voyage?action=remove&fiche=G|6705401|6705400\"\u003E\u003C\/a\u003E\n    \u003C\/div\u003E\n\n\u003C\/div\u003E\n\n","icon":"https:\/\/static.ingenie.fr\/images\/carnetVoyageV3\/G.png"},"fiche":"G|6705401|6705400","popup":"\u003Cdiv id=\"bloc_popup_ajout_fiche_carnet\"\u003E\n    \u003Cdiv class=\"info_popup_ajout_fiche_carnet\"\u003E\n        Hai appena aggiunto questo elemento alla tua selezione:    \u003C\/div\u003E\n    \u003Cdiv class=\"prest_popup_ajout_fiche_carnet\"\u003E\n        Limousin Eric &quot;Chalet Ressource&quot;    \u003C\/div\u003E\n    \u003Cdiv class=\"bloc_btn_ajout_fiche_carnet form_submit_div\"\u003E\n        \u003Cinput type=\"button\" value=\"Continua la mia selezione\" title=\"Continua la mia selezione\" name=\"btn_close\" class=\"btn_close_popup_carnet form_submit\" onclick=\"$.colorbox.close()\" \/\u003E\n        \u003Cinput type=\"button\" value=\"Visualizza la mia selezione\" title=\"Visualizza la mia selezione\" name=\"btn_panier\" class=\"btn_panier_popup_carnet form_submit\" onclick=\"if(typeof CarnetVoyage != 'undefined') {CarnetVoyage.voirCarnet();}\" \/\u003E\n    \u003C\/div\u003E\n    \u003Cdiv class=\"bloc_btn_ajout_fiche_carnet\"\u003E\n        \u003Cinput type=\"checkbox\" value=\"1\" name=\"desactiver_popup\" id=\"desactiver_popup\" \/\u003E\n        \u003Clabel for=\"desactiver_popup\"\u003ENon visualizzare pi\u00f9 questo messaggio\u003C\/label\u003E\n    \u003C\/div\u003E\n\u003C\/div\u003E","success":1}