{"nbFiches":1,"dataPrest":{"infoPrest":{"pave1":{"libelle":"","contenu":""},"pave2":{"libelle":"","contenu":""},"pave3":{"libelle":"","contenu":""},"pave4":{"libelle":"","contenu":""},"pave5":{"libelle":"","contenu":""},"pave6":{"libelle":"","contenu":""},"pave7":{"libelle":"","contenu":""},"pave8":{"libelle":"","contenu":""},"pave9":{"libelle":"","contenu":""},"pave10":{"libelle":"","contenu":""},"pave11":{"libelle":"","contenu":""},"pave12":{"libelle":"","contenu":""},"pave13":{"libelle":"","contenu":""},"pave14":{"libelle":"","contenu":""},"pave15":{"libelle":"","contenu":""},"pave16":{"libelle":"","contenu":""},"pave17":{"libelle":"","contenu":""},"pave18":{"libelle":"","contenu":""},"pave19":{"libelle":"","contenu":""},"pave20":{"libelle":"","contenu":""},"pave21":{"libelle":"","contenu":""},"pave22":{"libelle":"","contenu":""},"pave23":{"libelle":"","contenu":""},"pave24":{"libelle":"","contenu":""},"pave25":{"libelle":"","contenu":""},"Libelle":"R\u00e9sidence de tourisme Vacanc\u00e9ole \u201cles chalets du Verdon\u201c","Reference":"","Reftar":"","Type":"PRESTATION","TypePrestataire":"G","ContexteStat":"PRESTATION-G-688429-01","DateModificationIso":"2026-04-27T13:46:00+02:00","Adresse":{"LigneAdresse1":"quartier pont de Labrau","LigneAdresse2":"","LigneAdresse3":"","CodePostal":"04260","Ville":"LA FOUX D'ALLOS","Cedex":"","Etat":"","Pays":"FRA"},"Id":"g-688429-01","Code":"G|688429|01","Cle":"G|688429|01","Url":"residence-les-chalets-du-verdon-val-dallos-la-foux-1.html","Localisation":{"GoogleMap":{"Latitude":"44.28391","Longitude":"6.57165"}},"ZoneGeo":"","Criteres":{"DISPONIBILITES[DISPORELANCE":"","GPREST[GLOCAS":"","GPREST[GCOU":"","GCAPACITE[8PERS":"","NBPERS[GCAP08":"","GLABEL[GCLEVA":"","GLOGEM[GAPPRE":"","GCHAR[GCHARC":"","GCHAR[GCHRCA":"300\u20ac","GCHAR[GCHATS":"","GCHAR[GCHAAS":"non comprise","GCHAR[GCHARDO":"","GHANDI[GACCHA":"","GEQUIS[GTELEV":"","GACTIV[GINTER":"","GPARKI[GPARKE":"","GFAMPLUS[GMICRO":"","GFAMPLUS[GCHAISEHAUT":"","GFAMPLUS[GJEUXINT":"","GFAMPLUS[GLITBEBE":"","GFAMPLUS[GOFFRE":"","CINTSITRA[5660":"","113[1593":"","PUBLICATION[VALDALLOS":"","PUBLICATION[VERDONTOURISME":"","AFFGTYPE[APPART":"","GNOMBRE[8PERS":"","AFFEQUIP[WIFI":"","AFFEQUIP[PARKING":""},"Prestataire":{"pave1":{"libelle":"Descrittivo","contenu":""},"pave2":{"libelle":"Descriptif court","contenu":"Nel cuore di un autentico ambiente montano, la residenza turistica Chalets du Verdon vi d\u00e0 il benvenuto nel Val d'Allos, dove la modernit\u00e0 incontra la tradizione."},"pave3":{"libelle":"Descriptif d\u00e9taill\u00e9","contenu":""},"pave4":{"libelle":"Bons plans","contenu":""},"pave5":{"libelle":"Compl\u00e9ment localisation","contenu":""},"pave6":{"libelle":"Compl\u00e9ment accueil","contenu":""},"pave7":{"libelle":"P\u00e9riodes en clair","contenu":"Dal 19\/12\/2025 al 29\/03\/2026 ogni giorno.\u003Cbr \/\u003E\n\u003Cbr \/\u003E\nDal 26\/06 al 30\/08\/2026 ogni giorno."},"pave8":{"libelle":"Tarifs en clair","contenu":"Tasse non incluse."},"pave9":{"libelle":"Compl\u00e9ment Tarifs","contenu":""},"pave10":{"libelle":"Compl\u00e9ment R\u00e9servation","contenu":""},"pave11":{"libelle":"Descriptif court","contenu":""},"pave12":{"libelle":"Descriptif d\u00e9taill\u00e9","contenu":""},"pave13":{"libelle":"Bons plans","contenu":""},"pave14":{"libelle":"Tarifs (Tarifs en clair, Compl\u00e9ment Tarifs)","contenu":""},"pave15":{"libelle":"P\u00e9riodes en clair","contenu":""},"pave16":{"libelle":"Descriptif court","contenu":""},"pave17":{"libelle":"Descriptif d\u00e9taill\u00e9","contenu":""},"pave18":{"libelle":"Bons plans","contenu":""},"pave19":{"libelle":"Tarifs (Tarifs en clair, Compl\u00e9ment Tarifs)","contenu":""},"pave20":{"libelle":"P\u00e9riodes en clair","contenu":""},"pave21":{"libelle":"Dispositions sp\u00e9ciales","contenu":""},"pave22":{"libelle":"Nouveaut\u00e9s","contenu":""},"pave23":{"libelle":"Gestes pour l'environnement","contenu":""},"pave24":{"libelle":"","contenu":""},"pave25":{"libelle":"","contenu":""},"ContactsParType":{"RES":{"118186":{"id_contact":"118186","type_contact":"RES","categorie_contact":"PRESTATAIRE","societe_contact":"","fonction_contact":"","civilite_nom_prenom_contact":"Vacanceole ","adresse1_contact":"","adresse2_contact":"","adresse3_contact":"","cpostal_contact":"","ville_contact":"","teldom_contact":"04 79 75 75 20","telbur_contact":"","fax_contact":"","portable_contact":"","email_contact":"","siteweb_contact":"","commentaire_contact":"","langue_contact":"","autre_moyen_com":[]}}},"ZoneGeoLibelle":"Val d\u2019Allos \u2013 La Foux","Libelle":"Residence les Chalets du Verdon","Nom":"R\u00e9sidence les Chalets du Verdon","Prenom":"","NomPrenom":"R\u00e9sidence les Chalets du Verdon ","CiviliteNomPrenom":"R\u00e9sidence les Chalets du Verdon ","Cle":"G|688429","PrestataireParent":"","ContexteStat":"PRESTATAIRE-G-688429","DateModificationIso":"2026-04-26T00:07:00+02:00","Type":"PRESTATAIRE","TypePrestataire":"G","Adresse":{"LigneAdresse1":"quartier le Schuss","LigneAdresse2":"le pont de Labrau","LigneAdresse3":"Val d'Allos - La Foux","CodePostal":"04260","Ville":"La Foux d\u2019Allos","Cedex":"","Etat":"","Pays":"FRA"},"Email":"reservations@vacanceole.com","Telephone":"04 92 83 83 14","TelephoneBureau":"04 79 75 75 20","Portable":"","SiteWeb":"https:\/\/www.vacanceole.com\/location-vacances\/25-residence-les-chalets-du-verdon-la-foux-allos","Fax":"","Id":"g-688429","Code":"G|688429","Fichier":{"Image":[{"url":"https:\/\/www.valdallos.com\/medias\/images\/prestataires\/139177-chalets_verdon_sejour.jpg","chemin":"..\/medias\/images\/prestataires\/139177-chalets_verdon_sejour.jpg","libelle":"S\u00e9jour lumineux d'appartement avec canap\u00e9, meuble TV, TV, tabl \u00e0 manger, porte-fen\u00eatre donnant sur un balcon, vue sur la station","extension":"jpg","categorie":"","largeur":1200,"theme":"","hauteur":800,"type":"Image","origine":"","liaisonPave":"","langue":"","id":"139177","urlVignette":"https:\/\/www.valdallos.com\/medias\/images\/prestataires\/v-139177-chalets_verdon_sejour.jpg","alt":"S\u00e9jour lumineux d'appartement avec canap\u00e9, meuble TV, TV, tabl \u00e0 manger, porte-fen\u00eatre donnant sur un balcon, vue sur la station","title":"S\u00e9jour lumineux d'appartement avec canap\u00e9, meuble TV, TV, tabl \u00e0 manger, porte-fen\u00eatre donnant sur un balcon, vue sur la station","MultiTaille":{"1920x1440":{"url":"https:\/\/www.valdallos.com\/medias\/images\/prestataires\/multitailles\/1920x1440_139177-chalets_verdon_sejour.jpg"},"1200x900":{"url":"https:\/\/www.valdallos.com\/medias\/images\/prestataires\/multitailles\/1200x900_139177-chalets_verdon_sejour.jpg"},"800x600":{"url":"https:\/\/www.valdallos.com\/medias\/images\/prestataires\/multitailles\/800x600_139177-chalets_verdon_sejour.jpg"},"640x480":{"url":"https:\/\/www.valdallos.com\/medias\/images\/prestataires\/multitailles\/640x480_139177-chalets_verdon_sejour.jpg"},"320x240":{"url":"https:\/\/www.valdallos.com\/medias\/images\/prestataires\/multitailles\/320x240_139177-chalets_verdon_sejour.jpg"},"160x120":{"url":"https:\/\/www.valdallos.com\/medias\/images\/prestataires\/multitailles\/160x120_139177-chalets_verdon_sejour.jpg"},"origine":{"url":"https:\/\/www.valdallos.com\/medias\/images\/prestataires\/139177-chalets_verdon_sejour.jpg"}},"urlLien":"","typeLien":"","nofollow":"N","copyright":"vacanceole"},{"url":"https:\/\/www.valdallos.com\/medias\/images\/prestataires\/139178-chalets_verdon_chambre.jpg","chemin":"..\/medias\/images\/prestataires\/139178-chalets_verdon_chambre.jpg","libelle":"Chambre \u00e0 coucher d'appartement avec lit double, fen\u00eatre hublot, porte-fen\u00eatre donnant sur balcon","extension":"jpg","categorie":"","largeur":1200,"theme":"","hauteur":800,"type":"Image","origine":"","liaisonPave":"","langue":"","id":"139178","urlVignette":"https:\/\/www.valdallos.com\/medias\/images\/prestataires\/v-139178-chalets_verdon_chambre.jpg","alt":"Chambre \u00e0 coucher d'appartement avec lit double, fen\u00eatre hublot, porte-fen\u00eatre donnant sur balcon","title":"Chambre \u00e0 coucher d'appartement avec lit double, fen\u00eatre hublot, porte-fen\u00eatre donnant sur balcon","MultiTaille":{"1920x1440":{"url":"https:\/\/www.valdallos.com\/medias\/images\/prestataires\/multitailles\/1920x1440_139178-chalets_verdon_chambre.jpg"},"1200x900":{"url":"https:\/\/www.valdallos.com\/medias\/images\/prestataires\/multitailles\/1200x900_139178-chalets_verdon_chambre.jpg"},"800x600":{"url":"https:\/\/www.valdallos.com\/medias\/images\/prestataires\/multitailles\/800x600_139178-chalets_verdon_chambre.jpg"},"640x480":{"url":"https:\/\/www.valdallos.com\/medias\/images\/prestataires\/multitailles\/640x480_139178-chalets_verdon_chambre.jpg"},"320x240":{"url":"https:\/\/www.valdallos.com\/medias\/images\/prestataires\/multitailles\/320x240_139178-chalets_verdon_chambre.jpg"},"160x120":{"url":"https:\/\/www.valdallos.com\/medias\/images\/prestataires\/multitailles\/160x120_139178-chalets_verdon_chambre.jpg"},"origine":{"url":"https:\/\/www.valdallos.com\/medias\/images\/prestataires\/139178-chalets_verdon_chambre.jpg"}},"urlLien":"","typeLien":"","nofollow":"N","copyright":"Vacanceole"},{"url":"https:\/\/www.valdallos.com\/medias\/images\/prestataires\/139179-chalets_verdon_exterieur_ete.jpg","chemin":"..\/medias\/images\/prestataires\/139179-chalets_verdon_exterieur_ete.jpg","libelle":"Vue de la r\u00e9sidence, deux b\u00e2timents sur plusieurs \u00e9tages reli\u00e9s par une aile centrale avec r\u00e9ception, cadre montagne","extension":"jpg","categorie":"","largeur":1200,"theme":"","hauteur":800,"type":"Image","origine":"","liaisonPave":"","langue":"","id":"139179","urlVignette":"https:\/\/www.valdallos.com\/medias\/images\/prestataires\/v-139179-chalets_verdon_exterieur_ete.jpg","alt":"Vue de la r\u00e9sidence, deux b\u00e2timents sur plusieurs \u00e9tages reli\u00e9s par une aile centrale avec r\u00e9ception, cadre montagne","title":"Vue de la r\u00e9sidence, deux b\u00e2timents sur plusieurs \u00e9tages reli\u00e9s par une aile centrale avec r\u00e9ception, cadre montagne","MultiTaille":{"1920x1440":{"url":"https:\/\/www.valdallos.com\/medias\/images\/prestataires\/multitailles\/1920x1440_139179-chalets_verdon_exterieur_ete.jpg"},"1200x900":{"url":"https:\/\/www.valdallos.com\/medias\/images\/prestataires\/multitailles\/1200x900_139179-chalets_verdon_exterieur_ete.jpg"},"800x600":{"url":"https:\/\/www.valdallos.com\/medias\/images\/prestataires\/multitailles\/800x600_139179-chalets_verdon_exterieur_ete.jpg"},"640x480":{"url":"https:\/\/www.valdallos.com\/medias\/images\/prestataires\/multitailles\/640x480_139179-chalets_verdon_exterieur_ete.jpg"},"320x240":{"url":"https:\/\/www.valdallos.com\/medias\/images\/prestataires\/multitailles\/320x240_139179-chalets_verdon_exterieur_ete.jpg"},"160x120":{"url":"https:\/\/www.valdallos.com\/medias\/images\/prestataires\/multitailles\/160x120_139179-chalets_verdon_exterieur_ete.jpg"},"origine":{"url":"https:\/\/www.valdallos.com\/medias\/images\/prestataires\/139179-chalets_verdon_exterieur_ete.jpg"}},"urlLien":"","typeLien":"","nofollow":"N","copyright":"les chalets du verdon"},{"url":"https:\/\/www.valdallos.com\/medias\/images\/prestataires\/139180-chalets_verdon_petit_dejeuner_03.jpg","chemin":"..\/medias\/images\/prestataires\/139180-chalets_verdon_petit_dejeuner_03.jpg","libelle":"Hall de la r\u00e9sidence et mess avec tables \u00e0 manger, comptoir, carrelage au sol","extension":"jpg","categorie":"","largeur":1200,"theme":"","hauteur":800,"type":"Image","origine":"","liaisonPave":"","langue":"","id":"139180","urlVignette":"https:\/\/www.valdallos.com\/medias\/images\/prestataires\/v-139180-chalets_verdon_petit_dejeuner_03.jpg","alt":"Hall de la r\u00e9sidence et mess avec tables \u00e0 manger, comptoir, carrelage au sol","title":"Hall de la r\u00e9sidence et mess avec tables \u00e0 manger, comptoir, carrelage au sol","MultiTaille":{"1920x1440":{"url":"https:\/\/www.valdallos.com\/medias\/images\/prestataires\/multitailles\/1920x1440_139180-chalets_verdon_petit_dejeuner_03.jpg"},"1200x900":{"url":"https:\/\/www.valdallos.com\/medias\/images\/prestataires\/multitailles\/1200x900_139180-chalets_verdon_petit_dejeuner_03.jpg"},"800x600":{"url":"https:\/\/www.valdallos.com\/medias\/images\/prestataires\/multitailles\/800x600_139180-chalets_verdon_petit_dejeuner_03.jpg"},"640x480":{"url":"https:\/\/www.valdallos.com\/medias\/images\/prestataires\/multitailles\/640x480_139180-chalets_verdon_petit_dejeuner_03.jpg"},"320x240":{"url":"https:\/\/www.valdallos.com\/medias\/images\/prestataires\/multitailles\/320x240_139180-chalets_verdon_petit_dejeuner_03.jpg"},"160x120":{"url":"https:\/\/www.valdallos.com\/medias\/images\/prestataires\/multitailles\/160x120_139180-chalets_verdon_petit_dejeuner_03.jpg"},"origine":{"url":"https:\/\/www.valdallos.com\/medias\/images\/prestataires\/139180-chalets_verdon_petit_dejeuner_03.jpg"}},"urlLien":"","typeLien":"","nofollow":"N","copyright":"les chalets du verdon"},{"url":"https:\/\/www.valdallos.com\/medias\/images\/prestataires\/139181-chalets_verdon_piscine.jpg","chemin":"..\/medias\/images\/prestataires\/139181-chalets_verdon_piscine.jpg","libelle":"Piscine de la r\u00e9sidence avec transats","extension":"jpg","categorie":"","largeur":1200,"theme":"","hauteur":800,"type":"Image","origine":"","liaisonPave":"","langue":"","id":"139181","urlVignette":"https:\/\/www.valdallos.com\/medias\/images\/prestataires\/v-139181-chalets_verdon_piscine.jpg","alt":"Piscine de la r\u00e9sidence avec transats","title":"Piscine de la r\u00e9sidence avec transats","MultiTaille":{"1920x1440":{"url":"https:\/\/www.valdallos.com\/medias\/images\/prestataires\/multitailles\/1920x1440_139181-chalets_verdon_piscine.jpg"},"1200x900":{"url":"https:\/\/www.valdallos.com\/medias\/images\/prestataires\/multitailles\/1200x900_139181-chalets_verdon_piscine.jpg"},"800x600":{"url":"https:\/\/www.valdallos.com\/medias\/images\/prestataires\/multitailles\/800x600_139181-chalets_verdon_piscine.jpg"},"640x480":{"url":"https:\/\/www.valdallos.com\/medias\/images\/prestataires\/multitailles\/640x480_139181-chalets_verdon_piscine.jpg"},"320x240":{"url":"https:\/\/www.valdallos.com\/medias\/images\/prestataires\/multitailles\/320x240_139181-chalets_verdon_piscine.jpg"},"160x120":{"url":"https:\/\/www.valdallos.com\/medias\/images\/prestataires\/multitailles\/160x120_139181-chalets_verdon_piscine.jpg"},"origine":{"url":"https:\/\/www.valdallos.com\/medias\/images\/prestataires\/139181-chalets_verdon_piscine.jpg"}},"urlLien":"","typeLien":"","nofollow":"N","copyright":"les chalets du verdon"},{"url":"https:\/\/www.valdallos.com\/medias\/images\/prestataires\/139182-chalets_verdon_reception.jpg","chemin":"..\/medias\/images\/prestataires\/139182-chalets_verdon_reception.jpg","libelle":"R\u00e9ception de la r\u00e9sidence, carrelage au sol, comptoir d'accueil, chaises pour l'attente, porte vers salon","extension":"jpg","categorie":"","largeur":1200,"theme":"","hauteur":800,"type":"Image","origine":"","liaisonPave":"","langue":"","id":"139182","urlVignette":"https:\/\/www.valdallos.com\/medias\/images\/prestataires\/v-139182-chalets_verdon_reception.jpg","alt":"R\u00e9ception de la r\u00e9sidence, carrelage au sol, comptoir d'accueil, chaises pour l'attente, porte vers salon","title":"R\u00e9ception de la r\u00e9sidence, carrelage au sol, comptoir d'accueil, chaises pour l'attente, porte vers salon","MultiTaille":{"1920x1440":{"url":"https:\/\/www.valdallos.com\/medias\/images\/prestataires\/multitailles\/1920x1440_139182-chalets_verdon_reception.jpg"},"1200x900":{"url":"https:\/\/www.valdallos.com\/medias\/images\/prestataires\/multitailles\/1200x900_139182-chalets_verdon_reception.jpg"},"800x600":{"url":"https:\/\/www.valdallos.com\/medias\/images\/prestataires\/multitailles\/800x600_139182-chalets_verdon_reception.jpg"},"640x480":{"url":"https:\/\/www.valdallos.com\/medias\/images\/prestataires\/multitailles\/640x480_139182-chalets_verdon_reception.jpg"},"320x240":{"url":"https:\/\/www.valdallos.com\/medias\/images\/prestataires\/multitailles\/320x240_139182-chalets_verdon_reception.jpg"},"160x120":{"url":"https:\/\/www.valdallos.com\/medias\/images\/prestataires\/multitailles\/160x120_139182-chalets_verdon_reception.jpg"},"origine":{"url":"https:\/\/www.valdallos.com\/medias\/images\/prestataires\/139182-chalets_verdon_reception.jpg"}},"urlLien":"","typeLien":"","nofollow":"N","copyright":"les chalets du verdon"},{"url":"https:\/\/www.valdallos.com\/medias\/images\/prestataires\/139183-chaletsverdon_piscine2.jpg","chemin":"..\/medias\/images\/prestataires\/139183-chaletsverdon_piscine2.jpg","libelle":"Piscine priv\u00e9e de la r\u00e9sidence, ambiance nocturne, transats","extension":"jpg","categorie":"","largeur":800,"theme":"","hauteur":529,"type":"Image","origine":"","liaisonPave":"","langue":"","id":"139183","urlVignette":"https:\/\/www.valdallos.com\/medias\/images\/prestataires\/v-139183-chaletsverdon_piscine2.jpg","alt":"Piscine priv\u00e9e de la r\u00e9sidence, ambiance nocturne, transats","title":"Piscine priv\u00e9e de la r\u00e9sidence, ambiance nocturne, transats","MultiTaille":{"1920x1440":{"url":"https:\/\/www.valdallos.com\/medias\/images\/prestataires\/multitailles\/1920x1440_139183-chaletsverdon_piscine2.jpg"},"1200x900":{"url":"https:\/\/www.valdallos.com\/medias\/images\/prestataires\/multitailles\/1200x900_139183-chaletsverdon_piscine2.jpg"},"800x600":{"url":"https:\/\/www.valdallos.com\/medias\/images\/prestataires\/multitailles\/800x600_139183-chaletsverdon_piscine2.jpg"},"640x480":{"url":"https:\/\/www.valdallos.com\/medias\/images\/prestataires\/multitailles\/640x480_139183-chaletsverdon_piscine2.jpg"},"320x240":{"url":"https:\/\/www.valdallos.com\/medias\/images\/prestataires\/multitailles\/320x240_139183-chaletsverdon_piscine2.jpg"},"160x120":{"url":"https:\/\/www.valdallos.com\/medias\/images\/prestataires\/multitailles\/160x120_139183-chaletsverdon_piscine2.jpg"},"origine":{"url":"https:\/\/www.valdallos.com\/medias\/images\/prestataires\/139183-chaletsverdon_piscine2.jpg"}},"urlLien":"","typeLien":"","nofollow":"N","copyright":"les chalets du verdon"},{"url":"https:\/\/www.valdallos.com\/medias\/images\/prestataires\/139184-chalets_verdon_salle_de_bain.jpg","chemin":"..\/medias\/images\/prestataires\/139184-chalets_verdon_salle_de_bain.jpg","libelle":"Salles de bains d'appartement, moderne, avec baignoire, \u00e9viers, miroirs","extension":"jpg","categorie":"","largeur":1200,"theme":"","hauteur":800,"type":"Image","origine":"","liaisonPave":"","langue":"","id":"139184","urlVignette":"https:\/\/www.valdallos.com\/medias\/images\/prestataires\/v-139184-chalets_verdon_salle_de_bain.jpg","alt":"Salles de bains d'appartement, moderne, avec baignoire, \u00e9viers, miroirs","title":"Salles de bains d'appartement, moderne, avec baignoire, \u00e9viers, miroirs","MultiTaille":{"1920x1440":{"url":"https:\/\/www.valdallos.com\/medias\/images\/prestataires\/multitailles\/1920x1440_139184-chalets_verdon_salle_de_bain.jpg"},"1200x900":{"url":"https:\/\/www.valdallos.com\/medias\/images\/prestataires\/multitailles\/1200x900_139184-chalets_verdon_salle_de_bain.jpg"},"800x600":{"url":"https:\/\/www.valdallos.com\/medias\/images\/prestataires\/multitailles\/800x600_139184-chalets_verdon_salle_de_bain.jpg"},"640x480":{"url":"https:\/\/www.valdallos.com\/medias\/images\/prestataires\/multitailles\/640x480_139184-chalets_verdon_salle_de_bain.jpg"},"320x240":{"url":"https:\/\/www.valdallos.com\/medias\/images\/prestataires\/multitailles\/320x240_139184-chalets_verdon_salle_de_bain.jpg"},"160x120":{"url":"https:\/\/www.valdallos.com\/medias\/images\/prestataires\/multitailles\/160x120_139184-chalets_verdon_salle_de_bain.jpg"},"origine":{"url":"https:\/\/www.valdallos.com\/medias\/images\/prestataires\/139184-chalets_verdon_salle_de_bain.jpg"}},"urlLien":"","typeLien":"","nofollow":"N","copyright":"les chalets du verdon"},{"url":"https:\/\/www.valdallos.com\/medias\/images\/prestataires\/139185-chalets_verdon_sejour2.jpg","chemin":"..\/medias\/images\/prestataires\/139185-chalets_verdon_sejour2.jpg","libelle":"Salon d'appartement avec table \u00e0 manger, canap\u00e9, TV, ameublement bois, fen\u00eatre","extension":"jpg","categorie":"","largeur":1200,"theme":"","hauteur":800,"type":"Image","origine":"","liaisonPave":"","langue":"","id":"139185","urlVignette":"https:\/\/www.valdallos.com\/medias\/images\/prestataires\/v-139185-chalets_verdon_sejour2.jpg","alt":"Salon d'appartement avec table \u00e0 manger, canap\u00e9, TV, ameublement bois, fen\u00eatre","title":"Salon d'appartement avec table \u00e0 manger, canap\u00e9, TV, ameublement bois, fen\u00eatre","MultiTaille":{"1920x1440":{"url":"https:\/\/www.valdallos.com\/medias\/images\/prestataires\/multitailles\/1920x1440_139185-chalets_verdon_sejour2.jpg"},"1200x900":{"url":"https:\/\/www.valdallos.com\/medias\/images\/prestataires\/multitailles\/1200x900_139185-chalets_verdon_sejour2.jpg"},"800x600":{"url":"https:\/\/www.valdallos.com\/medias\/images\/prestataires\/multitailles\/800x600_139185-chalets_verdon_sejour2.jpg"},"640x480":{"url":"https:\/\/www.valdallos.com\/medias\/images\/prestataires\/multitailles\/640x480_139185-chalets_verdon_sejour2.jpg"},"320x240":{"url":"https:\/\/www.valdallos.com\/medias\/images\/prestataires\/multitailles\/320x240_139185-chalets_verdon_sejour2.jpg"},"160x120":{"url":"https:\/\/www.valdallos.com\/medias\/images\/prestataires\/multitailles\/160x120_139185-chalets_verdon_sejour2.jpg"},"origine":{"url":"https:\/\/www.valdallos.com\/medias\/images\/prestataires\/139185-chalets_verdon_sejour2.jpg"}},"urlLien":"","typeLien":"","nofollow":"N","copyright":"les chalets du verdon"},{"url":"https:\/\/www.valdallos.com\/medias\/images\/prestataires\/139186-vacanceole_logotype_signature.jpg","chemin":"..\/medias\/images\/prestataires\/139186-vacanceole_logotype_signature.jpg","libelle":"Logo Vacanc\u00e9ole, \"Le souffle de vos vacances\"","extension":"jpg","categorie":"","largeur":1200,"theme":"","hauteur":408,"type":"Image","origine":"","liaisonPave":"","langue":"","id":"139186","urlVignette":"https:\/\/www.valdallos.com\/medias\/images\/prestataires\/v-139186-vacanceole_logotype_signature.jpg","alt":"Logo Vacanc\u00e9ole, \"Le souffle de vos vacances\"","title":"Logo Vacanc\u00e9ole, \"Le souffle de vos vacances\"","MultiTaille":{"1920x1440":{"url":"https:\/\/www.valdallos.com\/medias\/images\/prestataires\/multitailles\/1920x1440_139186-vacanceole_logotype_signature.jpg"},"1200x900":{"url":"https:\/\/www.valdallos.com\/medias\/images\/prestataires\/multitailles\/1200x900_139186-vacanceole_logotype_signature.jpg"},"800x600":{"url":"https:\/\/www.valdallos.com\/medias\/images\/prestataires\/multitailles\/800x600_139186-vacanceole_logotype_signature.jpg"},"640x480":{"url":"https:\/\/www.valdallos.com\/medias\/images\/prestataires\/multitailles\/640x480_139186-vacanceole_logotype_signature.jpg"},"320x240":{"url":"https:\/\/www.valdallos.com\/medias\/images\/prestataires\/multitailles\/320x240_139186-vacanceole_logotype_signature.jpg"},"160x120":{"url":"https:\/\/www.valdallos.com\/medias\/images\/prestataires\/multitailles\/160x120_139186-vacanceole_logotype_signature.jpg"},"origine":{"url":"https:\/\/www.valdallos.com\/medias\/images\/prestataires\/139186-vacanceole_logotype_signature.jpg"}},"urlLien":"","typeLien":"","nofollow":"N","copyright":"vacanceole"}],"ByCategorie":{"":[{"url":"https:\/\/www.valdallos.com\/medias\/images\/prestataires\/139177-chalets_verdon_sejour.jpg","chemin":"..\/medias\/images\/prestataires\/139177-chalets_verdon_sejour.jpg","libelle":"S\u00e9jour lumineux d'appartement avec canap\u00e9, meuble TV, TV, tabl \u00e0 manger, porte-fen\u00eatre donnant sur un balcon, vue sur la station","extension":"jpg","categorie":"","largeur":1200,"theme":"","hauteur":800,"type":"Image","origine":"","liaisonPave":"","langue":"","id":"139177","urlVignette":"https:\/\/www.valdallos.com\/medias\/images\/prestataires\/v-139177-chalets_verdon_sejour.jpg","alt":"S\u00e9jour lumineux d'appartement avec canap\u00e9, meuble TV, TV, tabl \u00e0 manger, porte-fen\u00eatre donnant sur un balcon, vue sur la station","title":"S\u00e9jour lumineux d'appartement avec canap\u00e9, meuble TV, TV, tabl \u00e0 manger, porte-fen\u00eatre donnant sur un balcon, vue sur la station","MultiTaille":{"1920x1440":{"url":"https:\/\/www.valdallos.com\/medias\/images\/prestataires\/multitailles\/1920x1440_139177-chalets_verdon_sejour.jpg"},"1200x900":{"url":"https:\/\/www.valdallos.com\/medias\/images\/prestataires\/multitailles\/1200x900_139177-chalets_verdon_sejour.jpg"},"800x600":{"url":"https:\/\/www.valdallos.com\/medias\/images\/prestataires\/multitailles\/800x600_139177-chalets_verdon_sejour.jpg"},"640x480":{"url":"https:\/\/www.valdallos.com\/medias\/images\/prestataires\/multitailles\/640x480_139177-chalets_verdon_sejour.jpg"},"320x240":{"url":"https:\/\/www.valdallos.com\/medias\/images\/prestataires\/multitailles\/320x240_139177-chalets_verdon_sejour.jpg"},"160x120":{"url":"https:\/\/www.valdallos.com\/medias\/images\/prestataires\/multitailles\/160x120_139177-chalets_verdon_sejour.jpg"},"origine":{"url":"https:\/\/www.valdallos.com\/medias\/images\/prestataires\/139177-chalets_verdon_sejour.jpg"}},"urlLien":"","typeLien":"","nofollow":"N","copyright":"vacanceole"},{"url":"https:\/\/www.valdallos.com\/medias\/images\/prestataires\/139178-chalets_verdon_chambre.jpg","chemin":"..\/medias\/images\/prestataires\/139178-chalets_verdon_chambre.jpg","libelle":"Chambre \u00e0 coucher d'appartement avec lit double, fen\u00eatre hublot, porte-fen\u00eatre donnant sur balcon","extension":"jpg","categorie":"","largeur":1200,"theme":"","hauteur":800,"type":"Image","origine":"","liaisonPave":"","langue":"","id":"139178","urlVignette":"https:\/\/www.valdallos.com\/medias\/images\/prestataires\/v-139178-chalets_verdon_chambre.jpg","alt":"Chambre \u00e0 coucher d'appartement avec lit double, fen\u00eatre hublot, porte-fen\u00eatre donnant sur balcon","title":"Chambre \u00e0 coucher d'appartement avec lit double, fen\u00eatre hublot, porte-fen\u00eatre donnant sur balcon","MultiTaille":{"1920x1440":{"url":"https:\/\/www.valdallos.com\/medias\/images\/prestataires\/multitailles\/1920x1440_139178-chalets_verdon_chambre.jpg"},"1200x900":{"url":"https:\/\/www.valdallos.com\/medias\/images\/prestataires\/multitailles\/1200x900_139178-chalets_verdon_chambre.jpg"},"800x600":{"url":"https:\/\/www.valdallos.com\/medias\/images\/prestataires\/multitailles\/800x600_139178-chalets_verdon_chambre.jpg"},"640x480":{"url":"https:\/\/www.valdallos.com\/medias\/images\/prestataires\/multitailles\/640x480_139178-chalets_verdon_chambre.jpg"},"320x240":{"url":"https:\/\/www.valdallos.com\/medias\/images\/prestataires\/multitailles\/320x240_139178-chalets_verdon_chambre.jpg"},"160x120":{"url":"https:\/\/www.valdallos.com\/medias\/images\/prestataires\/multitailles\/160x120_139178-chalets_verdon_chambre.jpg"},"origine":{"url":"https:\/\/www.valdallos.com\/medias\/images\/prestataires\/139178-chalets_verdon_chambre.jpg"}},"urlLien":"","typeLien":"","nofollow":"N","copyright":"Vacanceole"},{"url":"https:\/\/www.valdallos.com\/medias\/images\/prestataires\/139179-chalets_verdon_exterieur_ete.jpg","chemin":"..\/medias\/images\/prestataires\/139179-chalets_verdon_exterieur_ete.jpg","libelle":"Vue de la r\u00e9sidence, deux b\u00e2timents sur plusieurs \u00e9tages reli\u00e9s par une aile centrale avec r\u00e9ception, cadre montagne","extension":"jpg","categorie":"","largeur":1200,"theme":"","hauteur":800,"type":"Image","origine":"","liaisonPave":"","langue":"","id":"139179","urlVignette":"https:\/\/www.valdallos.com\/medias\/images\/prestataires\/v-139179-chalets_verdon_exterieur_ete.jpg","alt":"Vue de la r\u00e9sidence, deux b\u00e2timents sur plusieurs \u00e9tages reli\u00e9s par une aile centrale avec r\u00e9ception, cadre montagne","title":"Vue de la r\u00e9sidence, deux b\u00e2timents sur plusieurs \u00e9tages reli\u00e9s par une aile centrale avec r\u00e9ception, cadre montagne","MultiTaille":{"1920x1440":{"url":"https:\/\/www.valdallos.com\/medias\/images\/prestataires\/multitailles\/1920x1440_139179-chalets_verdon_exterieur_ete.jpg"},"1200x900":{"url":"https:\/\/www.valdallos.com\/medias\/images\/prestataires\/multitailles\/1200x900_139179-chalets_verdon_exterieur_ete.jpg"},"800x600":{"url":"https:\/\/www.valdallos.com\/medias\/images\/prestataires\/multitailles\/800x600_139179-chalets_verdon_exterieur_ete.jpg"},"640x480":{"url":"https:\/\/www.valdallos.com\/medias\/images\/prestataires\/multitailles\/640x480_139179-chalets_verdon_exterieur_ete.jpg"},"320x240":{"url":"https:\/\/www.valdallos.com\/medias\/images\/prestataires\/multitailles\/320x240_139179-chalets_verdon_exterieur_ete.jpg"},"160x120":{"url":"https:\/\/www.valdallos.com\/medias\/images\/prestataires\/multitailles\/160x120_139179-chalets_verdon_exterieur_ete.jpg"},"origine":{"url":"https:\/\/www.valdallos.com\/medias\/images\/prestataires\/139179-chalets_verdon_exterieur_ete.jpg"}},"urlLien":"","typeLien":"","nofollow":"N","copyright":"les chalets du verdon"},{"url":"https:\/\/www.valdallos.com\/medias\/images\/prestataires\/139180-chalets_verdon_petit_dejeuner_03.jpg","chemin":"..\/medias\/images\/prestataires\/139180-chalets_verdon_petit_dejeuner_03.jpg","libelle":"Hall de la r\u00e9sidence et mess avec tables \u00e0 manger, comptoir, carrelage au sol","extension":"jpg","categorie":"","largeur":1200,"theme":"","hauteur":800,"type":"Image","origine":"","liaisonPave":"","langue":"","id":"139180","urlVignette":"https:\/\/www.valdallos.com\/medias\/images\/prestataires\/v-139180-chalets_verdon_petit_dejeuner_03.jpg","alt":"Hall de la r\u00e9sidence et mess avec tables \u00e0 manger, comptoir, carrelage au sol","title":"Hall de la r\u00e9sidence et mess avec tables \u00e0 manger, comptoir, carrelage au sol","MultiTaille":{"1920x1440":{"url":"https:\/\/www.valdallos.com\/medias\/images\/prestataires\/multitailles\/1920x1440_139180-chalets_verdon_petit_dejeuner_03.jpg"},"1200x900":{"url":"https:\/\/www.valdallos.com\/medias\/images\/prestataires\/multitailles\/1200x900_139180-chalets_verdon_petit_dejeuner_03.jpg"},"800x600":{"url":"https:\/\/www.valdallos.com\/medias\/images\/prestataires\/multitailles\/800x600_139180-chalets_verdon_petit_dejeuner_03.jpg"},"640x480":{"url":"https:\/\/www.valdallos.com\/medias\/images\/prestataires\/multitailles\/640x480_139180-chalets_verdon_petit_dejeuner_03.jpg"},"320x240":{"url":"https:\/\/www.valdallos.com\/medias\/images\/prestataires\/multitailles\/320x240_139180-chalets_verdon_petit_dejeuner_03.jpg"},"160x120":{"url":"https:\/\/www.valdallos.com\/medias\/images\/prestataires\/multitailles\/160x120_139180-chalets_verdon_petit_dejeuner_03.jpg"},"origine":{"url":"https:\/\/www.valdallos.com\/medias\/images\/prestataires\/139180-chalets_verdon_petit_dejeuner_03.jpg"}},"urlLien":"","typeLien":"","nofollow":"N","copyright":"les chalets du verdon"},{"url":"https:\/\/www.valdallos.com\/medias\/images\/prestataires\/139181-chalets_verdon_piscine.jpg","chemin":"..\/medias\/images\/prestataires\/139181-chalets_verdon_piscine.jpg","libelle":"Piscine de la r\u00e9sidence avec transats","extension":"jpg","categorie":"","largeur":1200,"theme":"","hauteur":800,"type":"Image","origine":"","liaisonPave":"","langue":"","id":"139181","urlVignette":"https:\/\/www.valdallos.com\/medias\/images\/prestataires\/v-139181-chalets_verdon_piscine.jpg","alt":"Piscine de la r\u00e9sidence avec transats","title":"Piscine de la r\u00e9sidence avec transats","MultiTaille":{"1920x1440":{"url":"https:\/\/www.valdallos.com\/medias\/images\/prestataires\/multitailles\/1920x1440_139181-chalets_verdon_piscine.jpg"},"1200x900":{"url":"https:\/\/www.valdallos.com\/medias\/images\/prestataires\/multitailles\/1200x900_139181-chalets_verdon_piscine.jpg"},"800x600":{"url":"https:\/\/www.valdallos.com\/medias\/images\/prestataires\/multitailles\/800x600_139181-chalets_verdon_piscine.jpg"},"640x480":{"url":"https:\/\/www.valdallos.com\/medias\/images\/prestataires\/multitailles\/640x480_139181-chalets_verdon_piscine.jpg"},"320x240":{"url":"https:\/\/www.valdallos.com\/medias\/images\/prestataires\/multitailles\/320x240_139181-chalets_verdon_piscine.jpg"},"160x120":{"url":"https:\/\/www.valdallos.com\/medias\/images\/prestataires\/multitailles\/160x120_139181-chalets_verdon_piscine.jpg"},"origine":{"url":"https:\/\/www.valdallos.com\/medias\/images\/prestataires\/139181-chalets_verdon_piscine.jpg"}},"urlLien":"","typeLien":"","nofollow":"N","copyright":"les chalets du verdon"},{"url":"https:\/\/www.valdallos.com\/medias\/images\/prestataires\/139182-chalets_verdon_reception.jpg","chemin":"..\/medias\/images\/prestataires\/139182-chalets_verdon_reception.jpg","libelle":"R\u00e9ception de la r\u00e9sidence, carrelage au sol, comptoir d'accueil, chaises pour l'attente, porte vers salon","extension":"jpg","categorie":"","largeur":1200,"theme":"","hauteur":800,"type":"Image","origine":"","liaisonPave":"","langue":"","id":"139182","urlVignette":"https:\/\/www.valdallos.com\/medias\/images\/prestataires\/v-139182-chalets_verdon_reception.jpg","alt":"R\u00e9ception de la r\u00e9sidence, carrelage au sol, comptoir d'accueil, chaises pour l'attente, porte vers salon","title":"R\u00e9ception de la r\u00e9sidence, carrelage au sol, comptoir d'accueil, chaises pour l'attente, porte vers salon","MultiTaille":{"1920x1440":{"url":"https:\/\/www.valdallos.com\/medias\/images\/prestataires\/multitailles\/1920x1440_139182-chalets_verdon_reception.jpg"},"1200x900":{"url":"https:\/\/www.valdallos.com\/medias\/images\/prestataires\/multitailles\/1200x900_139182-chalets_verdon_reception.jpg"},"800x600":{"url":"https:\/\/www.valdallos.com\/medias\/images\/prestataires\/multitailles\/800x600_139182-chalets_verdon_reception.jpg"},"640x480":{"url":"https:\/\/www.valdallos.com\/medias\/images\/prestataires\/multitailles\/640x480_139182-chalets_verdon_reception.jpg"},"320x240":{"url":"https:\/\/www.valdallos.com\/medias\/images\/prestataires\/multitailles\/320x240_139182-chalets_verdon_reception.jpg"},"160x120":{"url":"https:\/\/www.valdallos.com\/medias\/images\/prestataires\/multitailles\/160x120_139182-chalets_verdon_reception.jpg"},"origine":{"url":"https:\/\/www.valdallos.com\/medias\/images\/prestataires\/139182-chalets_verdon_reception.jpg"}},"urlLien":"","typeLien":"","nofollow":"N","copyright":"les chalets du verdon"},{"url":"https:\/\/www.valdallos.com\/medias\/images\/prestataires\/139183-chaletsverdon_piscine2.jpg","chemin":"..\/medias\/images\/prestataires\/139183-chaletsverdon_piscine2.jpg","libelle":"Piscine priv\u00e9e de la r\u00e9sidence, ambiance nocturne, transats","extension":"jpg","categorie":"","largeur":800,"theme":"","hauteur":529,"type":"Image","origine":"","liaisonPave":"","langue":"","id":"139183","urlVignette":"https:\/\/www.valdallos.com\/medias\/images\/prestataires\/v-139183-chaletsverdon_piscine2.jpg","alt":"Piscine priv\u00e9e de la r\u00e9sidence, ambiance nocturne, transats","title":"Piscine priv\u00e9e de la r\u00e9sidence, ambiance nocturne, transats","MultiTaille":{"1920x1440":{"url":"https:\/\/www.valdallos.com\/medias\/images\/prestataires\/multitailles\/1920x1440_139183-chaletsverdon_piscine2.jpg"},"1200x900":{"url":"https:\/\/www.valdallos.com\/medias\/images\/prestataires\/multitailles\/1200x900_139183-chaletsverdon_piscine2.jpg"},"800x600":{"url":"https:\/\/www.valdallos.com\/medias\/images\/prestataires\/multitailles\/800x600_139183-chaletsverdon_piscine2.jpg"},"640x480":{"url":"https:\/\/www.valdallos.com\/medias\/images\/prestataires\/multitailles\/640x480_139183-chaletsverdon_piscine2.jpg"},"320x240":{"url":"https:\/\/www.valdallos.com\/medias\/images\/prestataires\/multitailles\/320x240_139183-chaletsverdon_piscine2.jpg"},"160x120":{"url":"https:\/\/www.valdallos.com\/medias\/images\/prestataires\/multitailles\/160x120_139183-chaletsverdon_piscine2.jpg"},"origine":{"url":"https:\/\/www.valdallos.com\/medias\/images\/prestataires\/139183-chaletsverdon_piscine2.jpg"}},"urlLien":"","typeLien":"","nofollow":"N","copyright":"les chalets du verdon"},{"url":"https:\/\/www.valdallos.com\/medias\/images\/prestataires\/139184-chalets_verdon_salle_de_bain.jpg","chemin":"..\/medias\/images\/prestataires\/139184-chalets_verdon_salle_de_bain.jpg","libelle":"Salles de bains d'appartement, moderne, avec baignoire, \u00e9viers, miroirs","extension":"jpg","categorie":"","largeur":1200,"theme":"","hauteur":800,"type":"Image","origine":"","liaisonPave":"","langue":"","id":"139184","urlVignette":"https:\/\/www.valdallos.com\/medias\/images\/prestataires\/v-139184-chalets_verdon_salle_de_bain.jpg","alt":"Salles de bains d'appartement, moderne, avec baignoire, \u00e9viers, miroirs","title":"Salles de bains d'appartement, moderne, avec baignoire, \u00e9viers, miroirs","MultiTaille":{"1920x1440":{"url":"https:\/\/www.valdallos.com\/medias\/images\/prestataires\/multitailles\/1920x1440_139184-chalets_verdon_salle_de_bain.jpg"},"1200x900":{"url":"https:\/\/www.valdallos.com\/medias\/images\/prestataires\/multitailles\/1200x900_139184-chalets_verdon_salle_de_bain.jpg"},"800x600":{"url":"https:\/\/www.valdallos.com\/medias\/images\/prestataires\/multitailles\/800x600_139184-chalets_verdon_salle_de_bain.jpg"},"640x480":{"url":"https:\/\/www.valdallos.com\/medias\/images\/prestataires\/multitailles\/640x480_139184-chalets_verdon_salle_de_bain.jpg"},"320x240":{"url":"https:\/\/www.valdallos.com\/medias\/images\/prestataires\/multitailles\/320x240_139184-chalets_verdon_salle_de_bain.jpg"},"160x120":{"url":"https:\/\/www.valdallos.com\/medias\/images\/prestataires\/multitailles\/160x120_139184-chalets_verdon_salle_de_bain.jpg"},"origine":{"url":"https:\/\/www.valdallos.com\/medias\/images\/prestataires\/139184-chalets_verdon_salle_de_bain.jpg"}},"urlLien":"","typeLien":"","nofollow":"N","copyright":"les chalets du verdon"},{"url":"https:\/\/www.valdallos.com\/medias\/images\/prestataires\/139185-chalets_verdon_sejour2.jpg","chemin":"..\/medias\/images\/prestataires\/139185-chalets_verdon_sejour2.jpg","libelle":"Salon d'appartement avec table \u00e0 manger, canap\u00e9, TV, ameublement bois, fen\u00eatre","extension":"jpg","categorie":"","largeur":1200,"theme":"","hauteur":800,"type":"Image","origine":"","liaisonPave":"","langue":"","id":"139185","urlVignette":"https:\/\/www.valdallos.com\/medias\/images\/prestataires\/v-139185-chalets_verdon_sejour2.jpg","alt":"Salon d'appartement avec table \u00e0 manger, canap\u00e9, TV, ameublement bois, fen\u00eatre","title":"Salon d'appartement avec table \u00e0 manger, canap\u00e9, TV, ameublement bois, fen\u00eatre","MultiTaille":{"1920x1440":{"url":"https:\/\/www.valdallos.com\/medias\/images\/prestataires\/multitailles\/1920x1440_139185-chalets_verdon_sejour2.jpg"},"1200x900":{"url":"https:\/\/www.valdallos.com\/medias\/images\/prestataires\/multitailles\/1200x900_139185-chalets_verdon_sejour2.jpg"},"800x600":{"url":"https:\/\/www.valdallos.com\/medias\/images\/prestataires\/multitailles\/800x600_139185-chalets_verdon_sejour2.jpg"},"640x480":{"url":"https:\/\/www.valdallos.com\/medias\/images\/prestataires\/multitailles\/640x480_139185-chalets_verdon_sejour2.jpg"},"320x240":{"url":"https:\/\/www.valdallos.com\/medias\/images\/prestataires\/multitailles\/320x240_139185-chalets_verdon_sejour2.jpg"},"160x120":{"url":"https:\/\/www.valdallos.com\/medias\/images\/prestataires\/multitailles\/160x120_139185-chalets_verdon_sejour2.jpg"},"origine":{"url":"https:\/\/www.valdallos.com\/medias\/images\/prestataires\/139185-chalets_verdon_sejour2.jpg"}},"urlLien":"","typeLien":"","nofollow":"N","copyright":"les chalets du verdon"},{"url":"https:\/\/www.valdallos.com\/medias\/images\/prestataires\/139186-vacanceole_logotype_signature.jpg","chemin":"..\/medias\/images\/prestataires\/139186-vacanceole_logotype_signature.jpg","libelle":"Logo Vacanc\u00e9ole, \"Le souffle de vos vacances\"","extension":"jpg","categorie":"","largeur":1200,"theme":"","hauteur":408,"type":"Image","origine":"","liaisonPave":"","langue":"","id":"139186","urlVignette":"https:\/\/www.valdallos.com\/medias\/images\/prestataires\/v-139186-vacanceole_logotype_signature.jpg","alt":"Logo Vacanc\u00e9ole, \"Le souffle de vos vacances\"","title":"Logo Vacanc\u00e9ole, \"Le souffle de vos vacances\"","MultiTaille":{"1920x1440":{"url":"https:\/\/www.valdallos.com\/medias\/images\/prestataires\/multitailles\/1920x1440_139186-vacanceole_logotype_signature.jpg"},"1200x900":{"url":"https:\/\/www.valdallos.com\/medias\/images\/prestataires\/multitailles\/1200x900_139186-vacanceole_logotype_signature.jpg"},"800x600":{"url":"https:\/\/www.valdallos.com\/medias\/images\/prestataires\/multitailles\/800x600_139186-vacanceole_logotype_signature.jpg"},"640x480":{"url":"https:\/\/www.valdallos.com\/medias\/images\/prestataires\/multitailles\/640x480_139186-vacanceole_logotype_signature.jpg"},"320x240":{"url":"https:\/\/www.valdallos.com\/medias\/images\/prestataires\/multitailles\/320x240_139186-vacanceole_logotype_signature.jpg"},"160x120":{"url":"https:\/\/www.valdallos.com\/medias\/images\/prestataires\/multitailles\/160x120_139186-vacanceole_logotype_signature.jpg"},"origine":{"url":"https:\/\/www.valdallos.com\/medias\/images\/prestataires\/139186-vacanceole_logotype_signature.jpg"}},"urlLien":"","typeLien":"","nofollow":"N","copyright":"vacanceole"}]}},"Url":"residence-les-chalets-du-verdon-val-dallos-la-foux.html","Localisation":{"GoogleMap":{"Latitude":"44.285354","Longitude":"6.570817"},"PlanStation":{"idPlan":"6","nomPlan":"[NEW] Plan La Foux","carte":"\/plan\/plan_station_2018[HIVER_FR[.jpg","PositionAbs":"339","PositionOrd":"208"}},"ZoneGeo":"FRPA04VAV1800","Criteres":{"GINFADH[GDEB":"20150624","GINFADH[GFIN":"","P.PUBLICATION[VALDALLOS":"","P.PUBLICATION[VERDONTOURISME":"","GTIMMO[GRESID":"","P.classementPrefectoral[2662":"","P.classementPrefectoral[FAM":"","VIRTFICHELISTE[ANIMADMIS":"","VIRTFICHELISTE[PARKING":"","VIRTFICHELISTE[WEBWIFI":"","VIRTFICHELISTE[CV":"","VIRTFICHELISTE[FAMILLEPLUS":"","VIRTFICHELISTE[PISCINE":"","P.GLOC[G18":"","P.113[1593":"","P.127[606":"","P.125[624":"","P.126[972":"","P.126[1318":"","P.23[1054":"","P.123[1093":"","P.123[1504":"","P.122[4063":"","P.services[687":"","P.services[1025":"","P.78[1029":"","P.118[1145":"","P.118[1150":"","P.119[1177":"","P.prestations[animauxAcceptes":"","P.prestations[animauxAcceptesSupplement":"","P.prestations[surchargeTourismesAdaptes":"","P.prestations[surchargeDescriptifHandicapMoteur":"","P.prestations[surchargeDescriptifHandicapAuditif":"","P.prestations[surchargeDescriptifHandicapVisuel":"","P.prestations[surchargeDescriptifHandicapMental":"","P.prestations[surchargeNombreFauteuilsRoulants":"","P.69[838":"","P.69[1014":"","P.69[1015":"","P.69[3694":"","P.69[4060":"","P.72[842":"","P.72[882":"","P.languesParlees[1192":"","P.languesParlees[1197":"","P.tourismesAdaptes[3651":"","P.7237[160":"","P.7237[183":"","P.6528[169":"","P.environnements[171":"","P.environnements[178":"","P.environnements[193":"","P.114[416":"","P.114[418":"","P.114[435":"","P.114[436":"","P.modesPaiement[1268":"","P.modesPaiement[1274":"","P.tourismeAffaires[tourismeAffairesEnabled":"","P.tourismeAffaires[devise":"EUR","P.hebergementCollectifType[2649":"","P.informationsHebergementCollectif[dateClassement":"2018-04-24","P.classementPrefectoral[2657":"","P.6602[5330":"","P.typesHebergement[1317":"","P.5402[1625":"","P.5403[1613":"","P.capacite[capaciteTotale":"300","P.capacite[capaciteTotaleReelle":"42","P.capacite[nombreAppartements":"42","P.CINTSITRA[5660":"","P.CINTSITRA[5663":"","P.CINTSITRA[5664":"","P.CINTSITRA[6787":"","P.CINTSITRA[8809":"","P.6241[126905":"","P.6241[5740912":"","P.3218[311229":"","P.3220[587401":"","P.3220[5575332":"","P.3233[591419":"","P.3221[4876304":"","P.3219[5127066":"","P.3219[5239406":"","P.3240[5778284":"","P.3230[6139211":"","P.VilleSitra[37282":"","P.VillageDeDepart[37282":""},"DateFinPublication":""},"Fichier":{"Image":[{"url":"https:\/\/www.valdallos.com\/medias\/images\/prestations\/residence-les-chalets-du-verdon-947.jpg","chemin":"..\/medias\/images\/prestations\/residence-les-chalets-du-verdon-947.jpg","libelle":"residence les chalets du verdon","extension":"jpg","categorie":"","largeur":1200,"theme":"ETE","hauteur":800,"type":"Image","origine":"","liaisonPave":"","langue":"","id":"947","urlVignette":"https:\/\/www.valdallos.com\/medias\/images\/prestations\/v-residence-les-chalets-du-verdon-947.jpg","alt":"residence les chalets du verdon","title":"residence les chalets du verdon","MultiTaille":{"1920x1440":{"url":"https:\/\/www.valdallos.com\/medias\/images\/prestations\/multitailles\/1920x1440_residence-les-chalets-du-verdon-947.jpg"},"1200x900":{"url":"https:\/\/www.valdallos.com\/medias\/images\/prestations\/multitailles\/1200x900_residence-les-chalets-du-verdon-947.jpg"},"800x600":{"url":"https:\/\/www.valdallos.com\/medias\/images\/prestations\/multitailles\/800x600_residence-les-chalets-du-verdon-947.jpg"},"640x480":{"url":"https:\/\/www.valdallos.com\/medias\/images\/prestations\/multitailles\/640x480_residence-les-chalets-du-verdon-947.jpg"},"320x240":{"url":"https:\/\/www.valdallos.com\/medias\/images\/prestations\/multitailles\/320x240_residence-les-chalets-du-verdon-947.jpg"},"160x120":{"url":"https:\/\/www.valdallos.com\/medias\/images\/prestations\/multitailles\/160x120_residence-les-chalets-du-verdon-947.jpg"},"origine":{"url":"https:\/\/www.valdallos.com\/medias\/images\/prestations\/residence-les-chalets-du-verdon-947.jpg"}},"urlLien":"","typeLien":"|","nofollow":"N","copyright":"photo vacanceole"},{"url":"https:\/\/www.valdallos.com\/medias\/images\/prestations\/residence-les-chalets-du-verdon-952.jpg","chemin":"..\/medias\/images\/prestations\/residence-les-chalets-du-verdon-952.jpg","libelle":"residence les chalets du verdon","extension":"jpg","categorie":"","largeur":1200,"theme":"","hauteur":800,"type":"Image","origine":"","liaisonPave":"","langue":"","id":"952","urlVignette":"https:\/\/www.valdallos.com\/medias\/images\/prestations\/v-residence-les-chalets-du-verdon-952.jpg","alt":"residence les chalets du verdon","title":"residence les chalets du verdon","MultiTaille":{"1920x1440":{"url":"https:\/\/www.valdallos.com\/medias\/images\/prestations\/multitailles\/1920x1440_residence-les-chalets-du-verdon-952.jpg"},"1200x900":{"url":"https:\/\/www.valdallos.com\/medias\/images\/prestations\/multitailles\/1200x900_residence-les-chalets-du-verdon-952.jpg"},"800x600":{"url":"https:\/\/www.valdallos.com\/medias\/images\/prestations\/multitailles\/800x600_residence-les-chalets-du-verdon-952.jpg"},"640x480":{"url":"https:\/\/www.valdallos.com\/medias\/images\/prestations\/multitailles\/640x480_residence-les-chalets-du-verdon-952.jpg"},"320x240":{"url":"https:\/\/www.valdallos.com\/medias\/images\/prestations\/multitailles\/320x240_residence-les-chalets-du-verdon-952.jpg"},"160x120":{"url":"https:\/\/www.valdallos.com\/medias\/images\/prestations\/multitailles\/160x120_residence-les-chalets-du-verdon-952.jpg"},"origine":{"url":"https:\/\/www.valdallos.com\/medias\/images\/prestations\/residence-les-chalets-du-verdon-952.jpg"}},"urlLien":"","typeLien":"|","nofollow":"N","copyright":"photo vacanceole"},{"url":"https:\/\/www.valdallos.com\/medias\/images\/prestations\/residence-les-chalets-du-verdon-954.jpg","chemin":"..\/medias\/images\/prestations\/residence-les-chalets-du-verdon-954.jpg","libelle":"residence les chalets du verdon","extension":"jpg","categorie":"","largeur":1200,"theme":"","hauteur":800,"type":"Image","origine":"","liaisonPave":"","langue":"","id":"954","urlVignette":"https:\/\/www.valdallos.com\/medias\/images\/prestations\/v-residence-les-chalets-du-verdon-954.jpg","alt":"residence les chalets du verdon","title":"residence les chalets du verdon","MultiTaille":{"1920x1440":{"url":"https:\/\/www.valdallos.com\/medias\/images\/prestations\/multitailles\/1920x1440_residence-les-chalets-du-verdon-954.jpg"},"1200x900":{"url":"https:\/\/www.valdallos.com\/medias\/images\/prestations\/multitailles\/1200x900_residence-les-chalets-du-verdon-954.jpg"},"800x600":{"url":"https:\/\/www.valdallos.com\/medias\/images\/prestations\/multitailles\/800x600_residence-les-chalets-du-verdon-954.jpg"},"640x480":{"url":"https:\/\/www.valdallos.com\/medias\/images\/prestations\/multitailles\/640x480_residence-les-chalets-du-verdon-954.jpg"},"320x240":{"url":"https:\/\/www.valdallos.com\/medias\/images\/prestations\/multitailles\/320x240_residence-les-chalets-du-verdon-954.jpg"},"160x120":{"url":"https:\/\/www.valdallos.com\/medias\/images\/prestations\/multitailles\/160x120_residence-les-chalets-du-verdon-954.jpg"},"origine":{"url":"https:\/\/www.valdallos.com\/medias\/images\/prestations\/residence-les-chalets-du-verdon-954.jpg"}},"urlLien":"","typeLien":"|","nofollow":"N","copyright":"photo vacanceole"},{"url":"https:\/\/www.valdallos.com\/medias\/images\/prestations\/residence-les-chalets-du-verdon-953.jpg","chemin":"..\/medias\/images\/prestations\/residence-les-chalets-du-verdon-953.jpg","libelle":"residence les chalets du verdon","extension":"jpg","categorie":"","largeur":1200,"theme":"","hauteur":800,"type":"Image","origine":"","liaisonPave":"","langue":"","id":"953","urlVignette":"https:\/\/www.valdallos.com\/medias\/images\/prestations\/v-residence-les-chalets-du-verdon-953.jpg","alt":"residence les chalets du verdon","title":"residence les chalets du verdon","MultiTaille":{"1920x1440":{"url":"https:\/\/www.valdallos.com\/medias\/images\/prestations\/multitailles\/1920x1440_residence-les-chalets-du-verdon-953.jpg"},"1200x900":{"url":"https:\/\/www.valdallos.com\/medias\/images\/prestations\/multitailles\/1200x900_residence-les-chalets-du-verdon-953.jpg"},"800x600":{"url":"https:\/\/www.valdallos.com\/medias\/images\/prestations\/multitailles\/800x600_residence-les-chalets-du-verdon-953.jpg"},"640x480":{"url":"https:\/\/www.valdallos.com\/medias\/images\/prestations\/multitailles\/640x480_residence-les-chalets-du-verdon-953.jpg"},"320x240":{"url":"https:\/\/www.valdallos.com\/medias\/images\/prestations\/multitailles\/320x240_residence-les-chalets-du-verdon-953.jpg"},"160x120":{"url":"https:\/\/www.valdallos.com\/medias\/images\/prestations\/multitailles\/160x120_residence-les-chalets-du-verdon-953.jpg"},"origine":{"url":"https:\/\/www.valdallos.com\/medias\/images\/prestations\/residence-les-chalets-du-verdon-953.jpg"}},"urlLien":"","typeLien":"|","nofollow":"N","copyright":"photo vacanceole"},{"url":"https:\/\/www.valdallos.com\/medias\/images\/prestations\/residence-les-chalets-du-verdon-948.jpg","chemin":"..\/medias\/images\/prestations\/residence-les-chalets-du-verdon-948.jpg","libelle":"residence les chalets du verdon","extension":"jpg","categorie":"","largeur":1200,"theme":"","hauteur":800,"type":"Image","origine":"","liaisonPave":"","langue":"","id":"948","urlVignette":"https:\/\/www.valdallos.com\/medias\/images\/prestations\/v-residence-les-chalets-du-verdon-948.jpg","alt":"residence les chalets du verdon","title":"residence les chalets du verdon","MultiTaille":{"1920x1440":{"url":"https:\/\/www.valdallos.com\/medias\/images\/prestations\/multitailles\/1920x1440_residence-les-chalets-du-verdon-948.jpg"},"1200x900":{"url":"https:\/\/www.valdallos.com\/medias\/images\/prestations\/multitailles\/1200x900_residence-les-chalets-du-verdon-948.jpg"},"800x600":{"url":"https:\/\/www.valdallos.com\/medias\/images\/prestations\/multitailles\/800x600_residence-les-chalets-du-verdon-948.jpg"},"640x480":{"url":"https:\/\/www.valdallos.com\/medias\/images\/prestations\/multitailles\/640x480_residence-les-chalets-du-verdon-948.jpg"},"320x240":{"url":"https:\/\/www.valdallos.com\/medias\/images\/prestations\/multitailles\/320x240_residence-les-chalets-du-verdon-948.jpg"},"160x120":{"url":"https:\/\/www.valdallos.com\/medias\/images\/prestations\/multitailles\/160x120_residence-les-chalets-du-verdon-948.jpg"},"origine":{"url":"https:\/\/www.valdallos.com\/medias\/images\/prestations\/residence-les-chalets-du-verdon-948.jpg"}},"urlLien":"","typeLien":"|","nofollow":"N","copyright":"photo vacanceole"},{"url":"https:\/\/www.valdallos.com\/medias\/images\/prestations\/residence-les-chalets-du-verdon-949.jpg","chemin":"..\/medias\/images\/prestations\/residence-les-chalets-du-verdon-949.jpg","libelle":"residence les chalets du verdon","extension":"jpg","categorie":"","largeur":1200,"theme":"","hauteur":800,"type":"Image","origine":"","liaisonPave":"","langue":"","id":"949","urlVignette":"https:\/\/www.valdallos.com\/medias\/images\/prestations\/v-residence-les-chalets-du-verdon-949.jpg","alt":"residence les chalets du verdon","title":"residence les chalets du verdon","MultiTaille":{"1920x1440":{"url":"https:\/\/www.valdallos.com\/medias\/images\/prestations\/multitailles\/1920x1440_residence-les-chalets-du-verdon-949.jpg"},"1200x900":{"url":"https:\/\/www.valdallos.com\/medias\/images\/prestations\/multitailles\/1200x900_residence-les-chalets-du-verdon-949.jpg"},"800x600":{"url":"https:\/\/www.valdallos.com\/medias\/images\/prestations\/multitailles\/800x600_residence-les-chalets-du-verdon-949.jpg"},"640x480":{"url":"https:\/\/www.valdallos.com\/medias\/images\/prestations\/multitailles\/640x480_residence-les-chalets-du-verdon-949.jpg"},"320x240":{"url":"https:\/\/www.valdallos.com\/medias\/images\/prestations\/multitailles\/320x240_residence-les-chalets-du-verdon-949.jpg"},"160x120":{"url":"https:\/\/www.valdallos.com\/medias\/images\/prestations\/multitailles\/160x120_residence-les-chalets-du-verdon-949.jpg"},"origine":{"url":"https:\/\/www.valdallos.com\/medias\/images\/prestations\/residence-les-chalets-du-verdon-949.jpg"}},"urlLien":"","typeLien":"|","nofollow":"N","copyright":"photo vacanceole"},{"url":"https:\/\/www.valdallos.com\/medias\/images\/prestations\/residence-les-chalets-du-verdon-951.jpg","chemin":"..\/medias\/images\/prestations\/residence-les-chalets-du-verdon-951.jpg","libelle":"residence les chalets du verdon","extension":"jpg","categorie":"","largeur":1200,"theme":"","hauteur":800,"type":"Image","origine":"","liaisonPave":"","langue":"","id":"951","urlVignette":"https:\/\/www.valdallos.com\/medias\/images\/prestations\/v-residence-les-chalets-du-verdon-951.jpg","alt":"residence les chalets du verdon","title":"residence les chalets du verdon","MultiTaille":{"1920x1440":{"url":"https:\/\/www.valdallos.com\/medias\/images\/prestations\/multitailles\/1920x1440_residence-les-chalets-du-verdon-951.jpg"},"1200x900":{"url":"https:\/\/www.valdallos.com\/medias\/images\/prestations\/multitailles\/1200x900_residence-les-chalets-du-verdon-951.jpg"},"800x600":{"url":"https:\/\/www.valdallos.com\/medias\/images\/prestations\/multitailles\/800x600_residence-les-chalets-du-verdon-951.jpg"},"640x480":{"url":"https:\/\/www.valdallos.com\/medias\/images\/prestations\/multitailles\/640x480_residence-les-chalets-du-verdon-951.jpg"},"320x240":{"url":"https:\/\/www.valdallos.com\/medias\/images\/prestations\/multitailles\/320x240_residence-les-chalets-du-verdon-951.jpg"},"160x120":{"url":"https:\/\/www.valdallos.com\/medias\/images\/prestations\/multitailles\/160x120_residence-les-chalets-du-verdon-951.jpg"},"origine":{"url":"https:\/\/www.valdallos.com\/medias\/images\/prestations\/residence-les-chalets-du-verdon-951.jpg"}},"urlLien":"","typeLien":"|","nofollow":"N","copyright":"photo vacanceole"},{"url":"https:\/\/www.valdallos.com\/medias\/images\/prestations\/residence-les-chalets-du-verdon-950.jpg","chemin":"..\/medias\/images\/prestations\/residence-les-chalets-du-verdon-950.jpg","libelle":"residence les chalets du verdon","extension":"jpg","categorie":"","largeur":1200,"theme":"","hauteur":800,"type":"Image","origine":"","liaisonPave":"","langue":"","id":"950","urlVignette":"https:\/\/www.valdallos.com\/medias\/images\/prestations\/v-residence-les-chalets-du-verdon-950.jpg","alt":"residence les chalets du verdon","title":"residence les chalets du verdon","MultiTaille":{"1920x1440":{"url":"https:\/\/www.valdallos.com\/medias\/images\/prestations\/multitailles\/1920x1440_residence-les-chalets-du-verdon-950.jpg"},"1200x900":{"url":"https:\/\/www.valdallos.com\/medias\/images\/prestations\/multitailles\/1200x900_residence-les-chalets-du-verdon-950.jpg"},"800x600":{"url":"https:\/\/www.valdallos.com\/medias\/images\/prestations\/multitailles\/800x600_residence-les-chalets-du-verdon-950.jpg"},"640x480":{"url":"https:\/\/www.valdallos.com\/medias\/images\/prestations\/multitailles\/640x480_residence-les-chalets-du-verdon-950.jpg"},"320x240":{"url":"https:\/\/www.valdallos.com\/medias\/images\/prestations\/multitailles\/320x240_residence-les-chalets-du-verdon-950.jpg"},"160x120":{"url":"https:\/\/www.valdallos.com\/medias\/images\/prestations\/multitailles\/160x120_residence-les-chalets-du-verdon-950.jpg"},"origine":{"url":"https:\/\/www.valdallos.com\/medias\/images\/prestations\/residence-les-chalets-du-verdon-950.jpg"}},"urlLien":"","typeLien":"|","nofollow":"N","copyright":"photo vacanceole"}],"ByCategorie":{"":[{"url":"https:\/\/www.valdallos.com\/medias\/images\/prestations\/residence-les-chalets-du-verdon-947.jpg","chemin":"..\/medias\/images\/prestations\/residence-les-chalets-du-verdon-947.jpg","libelle":"residence les chalets du verdon","extension":"jpg","categorie":"","largeur":1200,"theme":"ETE","hauteur":800,"type":"Image","origine":"","liaisonPave":"","langue":"","id":"947","urlVignette":"https:\/\/www.valdallos.com\/medias\/images\/prestations\/v-residence-les-chalets-du-verdon-947.jpg","alt":"residence les chalets du verdon","title":"residence les chalets du verdon","MultiTaille":{"1920x1440":{"url":"https:\/\/www.valdallos.com\/medias\/images\/prestations\/multitailles\/1920x1440_residence-les-chalets-du-verdon-947.jpg"},"1200x900":{"url":"https:\/\/www.valdallos.com\/medias\/images\/prestations\/multitailles\/1200x900_residence-les-chalets-du-verdon-947.jpg"},"800x600":{"url":"https:\/\/www.valdallos.com\/medias\/images\/prestations\/multitailles\/800x600_residence-les-chalets-du-verdon-947.jpg"},"640x480":{"url":"https:\/\/www.valdallos.com\/medias\/images\/prestations\/multitailles\/640x480_residence-les-chalets-du-verdon-947.jpg"},"320x240":{"url":"https:\/\/www.valdallos.com\/medias\/images\/prestations\/multitailles\/320x240_residence-les-chalets-du-verdon-947.jpg"},"160x120":{"url":"https:\/\/www.valdallos.com\/medias\/images\/prestations\/multitailles\/160x120_residence-les-chalets-du-verdon-947.jpg"},"origine":{"url":"https:\/\/www.valdallos.com\/medias\/images\/prestations\/residence-les-chalets-du-verdon-947.jpg"}},"urlLien":"","typeLien":"|","nofollow":"N","copyright":"photo vacanceole"},{"url":"https:\/\/www.valdallos.com\/medias\/images\/prestations\/residence-les-chalets-du-verdon-952.jpg","chemin":"..\/medias\/images\/prestations\/residence-les-chalets-du-verdon-952.jpg","libelle":"residence les chalets du verdon","extension":"jpg","categorie":"","largeur":1200,"theme":"","hauteur":800,"type":"Image","origine":"","liaisonPave":"","langue":"","id":"952","urlVignette":"https:\/\/www.valdallos.com\/medias\/images\/prestations\/v-residence-les-chalets-du-verdon-952.jpg","alt":"residence les chalets du verdon","title":"residence les chalets du verdon","MultiTaille":{"1920x1440":{"url":"https:\/\/www.valdallos.com\/medias\/images\/prestations\/multitailles\/1920x1440_residence-les-chalets-du-verdon-952.jpg"},"1200x900":{"url":"https:\/\/www.valdallos.com\/medias\/images\/prestations\/multitailles\/1200x900_residence-les-chalets-du-verdon-952.jpg"},"800x600":{"url":"https:\/\/www.valdallos.com\/medias\/images\/prestations\/multitailles\/800x600_residence-les-chalets-du-verdon-952.jpg"},"640x480":{"url":"https:\/\/www.valdallos.com\/medias\/images\/prestations\/multitailles\/640x480_residence-les-chalets-du-verdon-952.jpg"},"320x240":{"url":"https:\/\/www.valdallos.com\/medias\/images\/prestations\/multitailles\/320x240_residence-les-chalets-du-verdon-952.jpg"},"160x120":{"url":"https:\/\/www.valdallos.com\/medias\/images\/prestations\/multitailles\/160x120_residence-les-chalets-du-verdon-952.jpg"},"origine":{"url":"https:\/\/www.valdallos.com\/medias\/images\/prestations\/residence-les-chalets-du-verdon-952.jpg"}},"urlLien":"","typeLien":"|","nofollow":"N","copyright":"photo vacanceole"},{"url":"https:\/\/www.valdallos.com\/medias\/images\/prestations\/residence-les-chalets-du-verdon-954.jpg","chemin":"..\/medias\/images\/prestations\/residence-les-chalets-du-verdon-954.jpg","libelle":"residence les chalets du verdon","extension":"jpg","categorie":"","largeur":1200,"theme":"","hauteur":800,"type":"Image","origine":"","liaisonPave":"","langue":"","id":"954","urlVignette":"https:\/\/www.valdallos.com\/medias\/images\/prestations\/v-residence-les-chalets-du-verdon-954.jpg","alt":"residence les chalets du verdon","title":"residence les chalets du verdon","MultiTaille":{"1920x1440":{"url":"https:\/\/www.valdallos.com\/medias\/images\/prestations\/multitailles\/1920x1440_residence-les-chalets-du-verdon-954.jpg"},"1200x900":{"url":"https:\/\/www.valdallos.com\/medias\/images\/prestations\/multitailles\/1200x900_residence-les-chalets-du-verdon-954.jpg"},"800x600":{"url":"https:\/\/www.valdallos.com\/medias\/images\/prestations\/multitailles\/800x600_residence-les-chalets-du-verdon-954.jpg"},"640x480":{"url":"https:\/\/www.valdallos.com\/medias\/images\/prestations\/multitailles\/640x480_residence-les-chalets-du-verdon-954.jpg"},"320x240":{"url":"https:\/\/www.valdallos.com\/medias\/images\/prestations\/multitailles\/320x240_residence-les-chalets-du-verdon-954.jpg"},"160x120":{"url":"https:\/\/www.valdallos.com\/medias\/images\/prestations\/multitailles\/160x120_residence-les-chalets-du-verdon-954.jpg"},"origine":{"url":"https:\/\/www.valdallos.com\/medias\/images\/prestations\/residence-les-chalets-du-verdon-954.jpg"}},"urlLien":"","typeLien":"|","nofollow":"N","copyright":"photo vacanceole"},{"url":"https:\/\/www.valdallos.com\/medias\/images\/prestations\/residence-les-chalets-du-verdon-953.jpg","chemin":"..\/medias\/images\/prestations\/residence-les-chalets-du-verdon-953.jpg","libelle":"residence les chalets du verdon","extension":"jpg","categorie":"","largeur":1200,"theme":"","hauteur":800,"type":"Image","origine":"","liaisonPave":"","langue":"","id":"953","urlVignette":"https:\/\/www.valdallos.com\/medias\/images\/prestations\/v-residence-les-chalets-du-verdon-953.jpg","alt":"residence les chalets du verdon","title":"residence les chalets du verdon","MultiTaille":{"1920x1440":{"url":"https:\/\/www.valdallos.com\/medias\/images\/prestations\/multitailles\/1920x1440_residence-les-chalets-du-verdon-953.jpg"},"1200x900":{"url":"https:\/\/www.valdallos.com\/medias\/images\/prestations\/multitailles\/1200x900_residence-les-chalets-du-verdon-953.jpg"},"800x600":{"url":"https:\/\/www.valdallos.com\/medias\/images\/prestations\/multitailles\/800x600_residence-les-chalets-du-verdon-953.jpg"},"640x480":{"url":"https:\/\/www.valdallos.com\/medias\/images\/prestations\/multitailles\/640x480_residence-les-chalets-du-verdon-953.jpg"},"320x240":{"url":"https:\/\/www.valdallos.com\/medias\/images\/prestations\/multitailles\/320x240_residence-les-chalets-du-verdon-953.jpg"},"160x120":{"url":"https:\/\/www.valdallos.com\/medias\/images\/prestations\/multitailles\/160x120_residence-les-chalets-du-verdon-953.jpg"},"origine":{"url":"https:\/\/www.valdallos.com\/medias\/images\/prestations\/residence-les-chalets-du-verdon-953.jpg"}},"urlLien":"","typeLien":"|","nofollow":"N","copyright":"photo vacanceole"},{"url":"https:\/\/www.valdallos.com\/medias\/images\/prestations\/residence-les-chalets-du-verdon-948.jpg","chemin":"..\/medias\/images\/prestations\/residence-les-chalets-du-verdon-948.jpg","libelle":"residence les chalets du verdon","extension":"jpg","categorie":"","largeur":1200,"theme":"","hauteur":800,"type":"Image","origine":"","liaisonPave":"","langue":"","id":"948","urlVignette":"https:\/\/www.valdallos.com\/medias\/images\/prestations\/v-residence-les-chalets-du-verdon-948.jpg","alt":"residence les chalets du verdon","title":"residence les chalets du verdon","MultiTaille":{"1920x1440":{"url":"https:\/\/www.valdallos.com\/medias\/images\/prestations\/multitailles\/1920x1440_residence-les-chalets-du-verdon-948.jpg"},"1200x900":{"url":"https:\/\/www.valdallos.com\/medias\/images\/prestations\/multitailles\/1200x900_residence-les-chalets-du-verdon-948.jpg"},"800x600":{"url":"https:\/\/www.valdallos.com\/medias\/images\/prestations\/multitailles\/800x600_residence-les-chalets-du-verdon-948.jpg"},"640x480":{"url":"https:\/\/www.valdallos.com\/medias\/images\/prestations\/multitailles\/640x480_residence-les-chalets-du-verdon-948.jpg"},"320x240":{"url":"https:\/\/www.valdallos.com\/medias\/images\/prestations\/multitailles\/320x240_residence-les-chalets-du-verdon-948.jpg"},"160x120":{"url":"https:\/\/www.valdallos.com\/medias\/images\/prestations\/multitailles\/160x120_residence-les-chalets-du-verdon-948.jpg"},"origine":{"url":"https:\/\/www.valdallos.com\/medias\/images\/prestations\/residence-les-chalets-du-verdon-948.jpg"}},"urlLien":"","typeLien":"|","nofollow":"N","copyright":"photo vacanceole"},{"url":"https:\/\/www.valdallos.com\/medias\/images\/prestations\/residence-les-chalets-du-verdon-949.jpg","chemin":"..\/medias\/images\/prestations\/residence-les-chalets-du-verdon-949.jpg","libelle":"residence les chalets du verdon","extension":"jpg","categorie":"","largeur":1200,"theme":"","hauteur":800,"type":"Image","origine":"","liaisonPave":"","langue":"","id":"949","urlVignette":"https:\/\/www.valdallos.com\/medias\/images\/prestations\/v-residence-les-chalets-du-verdon-949.jpg","alt":"residence les chalets du verdon","title":"residence les chalets du verdon","MultiTaille":{"1920x1440":{"url":"https:\/\/www.valdallos.com\/medias\/images\/prestations\/multitailles\/1920x1440_residence-les-chalets-du-verdon-949.jpg"},"1200x900":{"url":"https:\/\/www.valdallos.com\/medias\/images\/prestations\/multitailles\/1200x900_residence-les-chalets-du-verdon-949.jpg"},"800x600":{"url":"https:\/\/www.valdallos.com\/medias\/images\/prestations\/multitailles\/800x600_residence-les-chalets-du-verdon-949.jpg"},"640x480":{"url":"https:\/\/www.valdallos.com\/medias\/images\/prestations\/multitailles\/640x480_residence-les-chalets-du-verdon-949.jpg"},"320x240":{"url":"https:\/\/www.valdallos.com\/medias\/images\/prestations\/multitailles\/320x240_residence-les-chalets-du-verdon-949.jpg"},"160x120":{"url":"https:\/\/www.valdallos.com\/medias\/images\/prestations\/multitailles\/160x120_residence-les-chalets-du-verdon-949.jpg"},"origine":{"url":"https:\/\/www.valdallos.com\/medias\/images\/prestations\/residence-les-chalets-du-verdon-949.jpg"}},"urlLien":"","typeLien":"|","nofollow":"N","copyright":"photo vacanceole"},{"url":"https:\/\/www.valdallos.com\/medias\/images\/prestations\/residence-les-chalets-du-verdon-951.jpg","chemin":"..\/medias\/images\/prestations\/residence-les-chalets-du-verdon-951.jpg","libelle":"residence les chalets du verdon","extension":"jpg","categorie":"","largeur":1200,"theme":"","hauteur":800,"type":"Image","origine":"","liaisonPave":"","langue":"","id":"951","urlVignette":"https:\/\/www.valdallos.com\/medias\/images\/prestations\/v-residence-les-chalets-du-verdon-951.jpg","alt":"residence les chalets du verdon","title":"residence les chalets du verdon","MultiTaille":{"1920x1440":{"url":"https:\/\/www.valdallos.com\/medias\/images\/prestations\/multitailles\/1920x1440_residence-les-chalets-du-verdon-951.jpg"},"1200x900":{"url":"https:\/\/www.valdallos.com\/medias\/images\/prestations\/multitailles\/1200x900_residence-les-chalets-du-verdon-951.jpg"},"800x600":{"url":"https:\/\/www.valdallos.com\/medias\/images\/prestations\/multitailles\/800x600_residence-les-chalets-du-verdon-951.jpg"},"640x480":{"url":"https:\/\/www.valdallos.com\/medias\/images\/prestations\/multitailles\/640x480_residence-les-chalets-du-verdon-951.jpg"},"320x240":{"url":"https:\/\/www.valdallos.com\/medias\/images\/prestations\/multitailles\/320x240_residence-les-chalets-du-verdon-951.jpg"},"160x120":{"url":"https:\/\/www.valdallos.com\/medias\/images\/prestations\/multitailles\/160x120_residence-les-chalets-du-verdon-951.jpg"},"origine":{"url":"https:\/\/www.valdallos.com\/medias\/images\/prestations\/residence-les-chalets-du-verdon-951.jpg"}},"urlLien":"","typeLien":"|","nofollow":"N","copyright":"photo vacanceole"},{"url":"https:\/\/www.valdallos.com\/medias\/images\/prestations\/residence-les-chalets-du-verdon-950.jpg","chemin":"..\/medias\/images\/prestations\/residence-les-chalets-du-verdon-950.jpg","libelle":"residence les chalets du verdon","extension":"jpg","categorie":"","largeur":1200,"theme":"","hauteur":800,"type":"Image","origine":"","liaisonPave":"","langue":"","id":"950","urlVignette":"https:\/\/www.valdallos.com\/medias\/images\/prestations\/v-residence-les-chalets-du-verdon-950.jpg","alt":"residence les chalets du verdon","title":"residence les chalets du verdon","MultiTaille":{"1920x1440":{"url":"https:\/\/www.valdallos.com\/medias\/images\/prestations\/multitailles\/1920x1440_residence-les-chalets-du-verdon-950.jpg"},"1200x900":{"url":"https:\/\/www.valdallos.com\/medias\/images\/prestations\/multitailles\/1200x900_residence-les-chalets-du-verdon-950.jpg"},"800x600":{"url":"https:\/\/www.valdallos.com\/medias\/images\/prestations\/multitailles\/800x600_residence-les-chalets-du-verdon-950.jpg"},"640x480":{"url":"https:\/\/www.valdallos.com\/medias\/images\/prestations\/multitailles\/640x480_residence-les-chalets-du-verdon-950.jpg"},"320x240":{"url":"https:\/\/www.valdallos.com\/medias\/images\/prestations\/multitailles\/320x240_residence-les-chalets-du-verdon-950.jpg"},"160x120":{"url":"https:\/\/www.valdallos.com\/medias\/images\/prestations\/multitailles\/160x120_residence-les-chalets-du-verdon-950.jpg"},"origine":{"url":"https:\/\/www.valdallos.com\/medias\/images\/prestations\/residence-les-chalets-du-verdon-950.jpg"}},"urlLien":"","typeLien":"|","nofollow":"N","copyright":"photo vacanceole"}]}},"DateDebPublication":"","DateFinPublication":"","PrixAPartirDe":"","PrixPour":"","FicheListeEnCours":"fiche_liste_immobilier_prestation_OT_v3","ParametresModele":{"AfficherPhotos":1,"NbPhotosMax":6,"AfficherReserver":0,"AfficherContact":0,"AfficherSalle":1,"AfficherZoneGeo":0,"AfficherEnSavoirPlus":"0","AfficherUneSeuleOuverture":0,"AfficherContactCarte":1,"AfficherTarifsChaudAPartirDe":0,"AfficherTarifChaudSansRecherche":0,"AfficherDispoAccordeon":"1","AfficherDispoResa":"1","AfficherPrixAPartirDe":"1","BlocCritereInfo":{"critere1":{"libelle":"","liste_critere":["classementPrefectoral|2631|G","classementPrefectoral|2630|G","classementPrefectoral|2629|G","classementPrefectoral|2628|G","classementPrefectoral|2627|G","classementPrefectoral|2632|G"]},"critere2":{"libelle":"","liste_critere":["GLOC|G"]},"critere3":{"libelle":""},"critere4":{"libelle":""},"critere5":{"libelle":"","liste_critere":["GHANDI|G","AFFEQUIP|WIFI|G","AFFEQUIP|ANIMAUX|G","AFFEQUIP|PARKING|G","AFFEQUIP|LAVEVAIS|G","AFFEQUIP|LAVELINGEAFF|G","GCHAMB|G","NBPERS|G","GSURFA|G","GLOGEM|G"]},"critere6":{"libelle":"","liste_critere":["GLABEL|GCLEVA|G"]},"critere7":{"libelle":""},"critere8":{"libelle":""},"critere9":{"libelle":""},"afficherpictoetpaslibelle":"1"},"BlocPaveInfo":{"texte1":{"pave":["6","15","20"],"longeurmax":"250","afficherLibelle":"0","garderHtml":"0","boutonVoirPlus":""},"texte3":{"longeurmax":"","afficherLibelle":"0","garderHtml":"0","boutonVoirPlus":""}},"CriteresComportementDispo":"DISPONIBILITES[PLANNINGACT","PositionBloc":"GALLERIE|ZONEPRINCIPALFICHEPRESTA|NOM|CARNET_VOYAGE|ACCROCHE_TARIF_DISPO","TypePrestataire":"G","ComportementResa":false,"ComportementDispo":false},"AffichageCoordonnees":[],"Coordonnees":{"Ville":"LA FOUX D'ALLOS"},"ContexteId":"PRESTATION|G|688429|01","ContexteIdHtml":"PRESTATION-G-688429-01","cleContexte":"G|688429|01","Bloc":{"texte1":"","texte3":"","critere1":{"libelle":"","contenu":[]},"critere2":{"libelle":"","contenu":[]},"critere3":{"libelle":"","contenu":[]},"critere4":{"libelle":"","contenu":[]},"critere5":{"libelle":"","contenu":{"NBPERS":{"libelle":"Persone","contenu":{"7":"8 persone"},"codesValeurs":{"7":"NBPERS|GCAP08|G"},"criteres_datas":{"valeurs":{"7":{"GCAP08":{"descriptif":""}}}}},"GLOGEM":{"libelle":"tipo di alloggio","contenu":{"3":"appartamento  in residence"},"codesValeurs":{"3":"GLOGEM|GAPPRE|G"},"criteres_datas":{"valeurs":{"3":{"GAPPRE":{"descriptif":""}}}}},"GHANDI":{"libelle":"accessibilita disabili","contenu":{"1":"\u003Cimg src=\"https:\/\/www.valdallos.com\/medias\/images\/picto\/accessible_persones_a_mobilite_reduite.gif\"  alt=\"accessibilita disabili\" title=\"accessibilita disabili\" \/\u003E"},"codesValeurs":{"1":"GHANDI|GACCHA|G"},"criteres_datas":{"valeurs":{"1":{"GACCHA":{"descriptif":""}}}}},"AFFEQUIP":{"libelle":"Servizi","contenu":{"1":"Acc\u00e8s Internet \/ Wifi","3":"Parcheggio \/ Garage"},"codesValeurs":{"1":"AFFEQUIP|WIFI|G","3":"AFFEQUIP|PARKING|G"},"criteres_datas":{"valeurs":{"1":{"WIFI":{"descriptif":""}},"3":{"PARKING":{"descriptif":""}}}}}}},"critere6":{"libelle":"","contenu":{"GLABEL":{"libelle":"marchio","contenu":{"1":"\u003Cimg src=\"https:\/\/www.valdallos.com\/medias\/images\/picto\/GLABEL-GCLEVA-G.jpg\"  alt=\"Famille Plus\" title=\"Famille Plus\" \/\u003E"},"codesValeurs":{"1":"GLABEL|GCLEVA|G"},"criteres_datas":{"valeurs":{"1":{"GCLEVA":{"descriptif":""}}}}}}},"critere7":{"libelle":"","contenu":[]},"critere8":{"libelle":"","contenu":[]},"critere9":{"libelle":"","contenu":[]}},"LocalisationGps":{"Latitude":"44.28391","Longitude":"6.57165"},"libelleDuPrestataire":"","vuePrestataire":{"pave1":{"libelle":"Descrittivo","contenu":""},"pave2":{"libelle":"Descriptif court","contenu":"Nel cuore di un autentico ambiente montano, la residenza turistica Chalets du Verdon vi d\u00e0 il benvenuto nel Val d'Allos, dove la modernit\u00e0 incontra la tradizione."},"pave3":{"libelle":"Descriptif d\u00e9taill\u00e9","contenu":""},"pave4":{"libelle":"Bons plans","contenu":""},"pave5":{"libelle":"Compl\u00e9ment localisation","contenu":""},"pave6":{"libelle":"Compl\u00e9ment accueil","contenu":""},"pave7":{"libelle":"P\u00e9riodes en clair","contenu":"Dal 19\/12\/2025 al 29\/03\/2026 ogni giorno.\u003Cbr \/\u003E\n\u003Cbr \/\u003E\nDal 26\/06 al 30\/08\/2026 ogni giorno."},"pave8":{"libelle":"Tarifs en clair","contenu":"Tasse non incluse."},"pave9":{"libelle":"Compl\u00e9ment Tarifs","contenu":""},"pave10":{"libelle":"Compl\u00e9ment R\u00e9servation","contenu":""},"pave11":{"libelle":"Descriptif court","contenu":""},"pave12":{"libelle":"Descriptif d\u00e9taill\u00e9","contenu":""},"pave13":{"libelle":"Bons plans","contenu":""},"pave14":{"libelle":"Tarifs (Tarifs en clair, Compl\u00e9ment Tarifs)","contenu":""},"pave15":{"libelle":"P\u00e9riodes en clair","contenu":""},"pave16":{"libelle":"Descriptif court","contenu":""},"pave17":{"libelle":"Descriptif d\u00e9taill\u00e9","contenu":""},"pave18":{"libelle":"Bons plans","contenu":""},"pave19":{"libelle":"Tarifs (Tarifs en clair, Compl\u00e9ment Tarifs)","contenu":""},"pave20":{"libelle":"P\u00e9riodes en clair","contenu":""},"pave21":{"libelle":"Dispositions sp\u00e9ciales","contenu":""},"pave22":{"libelle":"Nouveaut\u00e9s","contenu":""},"pave23":{"libelle":"Gestes pour l'environnement","contenu":""},"pave24":{"libelle":"","contenu":""},"pave25":{"libelle":"","contenu":""},"ContactsParType":{"RES":{"118186":{"id_contact":"118186","type_contact":"RES","categorie_contact":"PRESTATAIRE","societe_contact":"","fonction_contact":"","civilite_nom_prenom_contact":"Vacanceole ","adresse1_contact":"","adresse2_contact":"","adresse3_contact":"","cpostal_contact":"","ville_contact":"","teldom_contact":"04 79 75 75 20","telbur_contact":"","fax_contact":"","portable_contact":"","email_contact":"","siteweb_contact":"","commentaire_contact":"","langue_contact":"","autre_moyen_com":[]}}},"ZoneGeoLibelle":"Val d\u2019Allos \u2013 La Foux","Libelle":"Residence les Chalets du Verdon","Nom":"R\u00e9sidence les Chalets du Verdon","Prenom":"","NomPrenom":"R\u00e9sidence les Chalets du Verdon ","CiviliteNomPrenom":"R\u00e9sidence les Chalets du Verdon ","Cle":"G|688429","PrestataireParent":"","ContexteStat":"PRESTATAIRE-G-688429","DateModificationIso":"2026-04-26T00:07:00+02:00","Type":"PRESTATAIRE","TypePrestataire":"G","Adresse":{"LigneAdresse1":"quartier le Schuss","LigneAdresse2":"le pont de Labrau","LigneAdresse3":"Val d'Allos - La Foux","CodePostal":"04260","Ville":"La Foux d\u2019Allos","Cedex":"","Etat":"","Pays":"FRA"},"Email":"reservations@vacanceole.com","Telephone":"04 92 83 83 14","TelephoneBureau":"04 79 75 75 20","Portable":"","SiteWeb":"https:\/\/www.vacanceole.com\/location-vacances\/25-residence-les-chalets-du-verdon-la-foux-allos","Fax":"","Id":"g-688429","Code":"G|688429","Fichier":{"Image":[{"url":"https:\/\/www.valdallos.com\/medias\/images\/prestataires\/139177-chalets_verdon_sejour.jpg","chemin":"..\/medias\/images\/prestataires\/139177-chalets_verdon_sejour.jpg","libelle":"S\u00e9jour lumineux d'appartement avec canap\u00e9, meuble TV, TV, tabl \u00e0 manger, porte-fen\u00eatre donnant sur un balcon, vue sur la station","extension":"jpg","categorie":"","largeur":1200,"theme":"","hauteur":800,"type":"Image","origine":"","liaisonPave":"","langue":"","id":"139177","urlVignette":"https:\/\/www.valdallos.com\/medias\/images\/prestataires\/v-139177-chalets_verdon_sejour.jpg","alt":"S\u00e9jour lumineux d'appartement avec canap\u00e9, meuble TV, TV, tabl \u00e0 manger, porte-fen\u00eatre donnant sur un balcon, vue sur la station","title":"S\u00e9jour lumineux d'appartement avec canap\u00e9, meuble TV, TV, tabl \u00e0 manger, porte-fen\u00eatre donnant sur un balcon, vue sur la station","MultiTaille":{"1920x1440":{"url":"https:\/\/www.valdallos.com\/medias\/images\/prestataires\/multitailles\/1920x1440_139177-chalets_verdon_sejour.jpg"},"1200x900":{"url":"https:\/\/www.valdallos.com\/medias\/images\/prestataires\/multitailles\/1200x900_139177-chalets_verdon_sejour.jpg"},"800x600":{"url":"https:\/\/www.valdallos.com\/medias\/images\/prestataires\/multitailles\/800x600_139177-chalets_verdon_sejour.jpg"},"640x480":{"url":"https:\/\/www.valdallos.com\/medias\/images\/prestataires\/multitailles\/640x480_139177-chalets_verdon_sejour.jpg"},"320x240":{"url":"https:\/\/www.valdallos.com\/medias\/images\/prestataires\/multitailles\/320x240_139177-chalets_verdon_sejour.jpg"},"160x120":{"url":"https:\/\/www.valdallos.com\/medias\/images\/prestataires\/multitailles\/160x120_139177-chalets_verdon_sejour.jpg"},"origine":{"url":"https:\/\/www.valdallos.com\/medias\/images\/prestataires\/139177-chalets_verdon_sejour.jpg"}},"urlLien":"","typeLien":"","nofollow":"N","copyright":"vacanceole"},{"url":"https:\/\/www.valdallos.com\/medias\/images\/prestataires\/139178-chalets_verdon_chambre.jpg","chemin":"..\/medias\/images\/prestataires\/139178-chalets_verdon_chambre.jpg","libelle":"Chambre \u00e0 coucher d'appartement avec lit double, fen\u00eatre hublot, porte-fen\u00eatre donnant sur balcon","extension":"jpg","categorie":"","largeur":1200,"theme":"","hauteur":800,"type":"Image","origine":"","liaisonPave":"","langue":"","id":"139178","urlVignette":"https:\/\/www.valdallos.com\/medias\/images\/prestataires\/v-139178-chalets_verdon_chambre.jpg","alt":"Chambre \u00e0 coucher d'appartement avec lit double, fen\u00eatre hublot, porte-fen\u00eatre donnant sur balcon","title":"Chambre \u00e0 coucher d'appartement avec lit double, fen\u00eatre hublot, porte-fen\u00eatre donnant sur balcon","MultiTaille":{"1920x1440":{"url":"https:\/\/www.valdallos.com\/medias\/images\/prestataires\/multitailles\/1920x1440_139178-chalets_verdon_chambre.jpg"},"1200x900":{"url":"https:\/\/www.valdallos.com\/medias\/images\/prestataires\/multitailles\/1200x900_139178-chalets_verdon_chambre.jpg"},"800x600":{"url":"https:\/\/www.valdallos.com\/medias\/images\/prestataires\/multitailles\/800x600_139178-chalets_verdon_chambre.jpg"},"640x480":{"url":"https:\/\/www.valdallos.com\/medias\/images\/prestataires\/multitailles\/640x480_139178-chalets_verdon_chambre.jpg"},"320x240":{"url":"https:\/\/www.valdallos.com\/medias\/images\/prestataires\/multitailles\/320x240_139178-chalets_verdon_chambre.jpg"},"160x120":{"url":"https:\/\/www.valdallos.com\/medias\/images\/prestataires\/multitailles\/160x120_139178-chalets_verdon_chambre.jpg"},"origine":{"url":"https:\/\/www.valdallos.com\/medias\/images\/prestataires\/139178-chalets_verdon_chambre.jpg"}},"urlLien":"","typeLien":"","nofollow":"N","copyright":"Vacanceole"},{"url":"https:\/\/www.valdallos.com\/medias\/images\/prestataires\/139179-chalets_verdon_exterieur_ete.jpg","chemin":"..\/medias\/images\/prestataires\/139179-chalets_verdon_exterieur_ete.jpg","libelle":"Vue de la r\u00e9sidence, deux b\u00e2timents sur plusieurs \u00e9tages reli\u00e9s par une aile centrale avec r\u00e9ception, cadre montagne","extension":"jpg","categorie":"","largeur":1200,"theme":"","hauteur":800,"type":"Image","origine":"","liaisonPave":"","langue":"","id":"139179","urlVignette":"https:\/\/www.valdallos.com\/medias\/images\/prestataires\/v-139179-chalets_verdon_exterieur_ete.jpg","alt":"Vue de la r\u00e9sidence, deux b\u00e2timents sur plusieurs \u00e9tages reli\u00e9s par une aile centrale avec r\u00e9ception, cadre montagne","title":"Vue de la r\u00e9sidence, deux b\u00e2timents sur plusieurs \u00e9tages reli\u00e9s par une aile centrale avec r\u00e9ception, cadre montagne","MultiTaille":{"1920x1440":{"url":"https:\/\/www.valdallos.com\/medias\/images\/prestataires\/multitailles\/1920x1440_139179-chalets_verdon_exterieur_ete.jpg"},"1200x900":{"url":"https:\/\/www.valdallos.com\/medias\/images\/prestataires\/multitailles\/1200x900_139179-chalets_verdon_exterieur_ete.jpg"},"800x600":{"url":"https:\/\/www.valdallos.com\/medias\/images\/prestataires\/multitailles\/800x600_139179-chalets_verdon_exterieur_ete.jpg"},"640x480":{"url":"https:\/\/www.valdallos.com\/medias\/images\/prestataires\/multitailles\/640x480_139179-chalets_verdon_exterieur_ete.jpg"},"320x240":{"url":"https:\/\/www.valdallos.com\/medias\/images\/prestataires\/multitailles\/320x240_139179-chalets_verdon_exterieur_ete.jpg"},"160x120":{"url":"https:\/\/www.valdallos.com\/medias\/images\/prestataires\/multitailles\/160x120_139179-chalets_verdon_exterieur_ete.jpg"},"origine":{"url":"https:\/\/www.valdallos.com\/medias\/images\/prestataires\/139179-chalets_verdon_exterieur_ete.jpg"}},"urlLien":"","typeLien":"","nofollow":"N","copyright":"les chalets du verdon"},{"url":"https:\/\/www.valdallos.com\/medias\/images\/prestataires\/139180-chalets_verdon_petit_dejeuner_03.jpg","chemin":"..\/medias\/images\/prestataires\/139180-chalets_verdon_petit_dejeuner_03.jpg","libelle":"Hall de la r\u00e9sidence et mess avec tables \u00e0 manger, comptoir, carrelage au sol","extension":"jpg","categorie":"","largeur":1200,"theme":"","hauteur":800,"type":"Image","origine":"","liaisonPave":"","langue":"","id":"139180","urlVignette":"https:\/\/www.valdallos.com\/medias\/images\/prestataires\/v-139180-chalets_verdon_petit_dejeuner_03.jpg","alt":"Hall de la r\u00e9sidence et mess avec tables \u00e0 manger, comptoir, carrelage au sol","title":"Hall de la r\u00e9sidence et mess avec tables \u00e0 manger, comptoir, carrelage au sol","MultiTaille":{"1920x1440":{"url":"https:\/\/www.valdallos.com\/medias\/images\/prestataires\/multitailles\/1920x1440_139180-chalets_verdon_petit_dejeuner_03.jpg"},"1200x900":{"url":"https:\/\/www.valdallos.com\/medias\/images\/prestataires\/multitailles\/1200x900_139180-chalets_verdon_petit_dejeuner_03.jpg"},"800x600":{"url":"https:\/\/www.valdallos.com\/medias\/images\/prestataires\/multitailles\/800x600_139180-chalets_verdon_petit_dejeuner_03.jpg"},"640x480":{"url":"https:\/\/www.valdallos.com\/medias\/images\/prestataires\/multitailles\/640x480_139180-chalets_verdon_petit_dejeuner_03.jpg"},"320x240":{"url":"https:\/\/www.valdallos.com\/medias\/images\/prestataires\/multitailles\/320x240_139180-chalets_verdon_petit_dejeuner_03.jpg"},"160x120":{"url":"https:\/\/www.valdallos.com\/medias\/images\/prestataires\/multitailles\/160x120_139180-chalets_verdon_petit_dejeuner_03.jpg"},"origine":{"url":"https:\/\/www.valdallos.com\/medias\/images\/prestataires\/139180-chalets_verdon_petit_dejeuner_03.jpg"}},"urlLien":"","typeLien":"","nofollow":"N","copyright":"les chalets du verdon"},{"url":"https:\/\/www.valdallos.com\/medias\/images\/prestataires\/139181-chalets_verdon_piscine.jpg","chemin":"..\/medias\/images\/prestataires\/139181-chalets_verdon_piscine.jpg","libelle":"Piscine de la r\u00e9sidence avec transats","extension":"jpg","categorie":"","largeur":1200,"theme":"","hauteur":800,"type":"Image","origine":"","liaisonPave":"","langue":"","id":"139181","urlVignette":"https:\/\/www.valdallos.com\/medias\/images\/prestataires\/v-139181-chalets_verdon_piscine.jpg","alt":"Piscine de la r\u00e9sidence avec transats","title":"Piscine de la r\u00e9sidence avec transats","MultiTaille":{"1920x1440":{"url":"https:\/\/www.valdallos.com\/medias\/images\/prestataires\/multitailles\/1920x1440_139181-chalets_verdon_piscine.jpg"},"1200x900":{"url":"https:\/\/www.valdallos.com\/medias\/images\/prestataires\/multitailles\/1200x900_139181-chalets_verdon_piscine.jpg"},"800x600":{"url":"https:\/\/www.valdallos.com\/medias\/images\/prestataires\/multitailles\/800x600_139181-chalets_verdon_piscine.jpg"},"640x480":{"url":"https:\/\/www.valdallos.com\/medias\/images\/prestataires\/multitailles\/640x480_139181-chalets_verdon_piscine.jpg"},"320x240":{"url":"https:\/\/www.valdallos.com\/medias\/images\/prestataires\/multitailles\/320x240_139181-chalets_verdon_piscine.jpg"},"160x120":{"url":"https:\/\/www.valdallos.com\/medias\/images\/prestataires\/multitailles\/160x120_139181-chalets_verdon_piscine.jpg"},"origine":{"url":"https:\/\/www.valdallos.com\/medias\/images\/prestataires\/139181-chalets_verdon_piscine.jpg"}},"urlLien":"","typeLien":"","nofollow":"N","copyright":"les chalets du verdon"},{"url":"https:\/\/www.valdallos.com\/medias\/images\/prestataires\/139182-chalets_verdon_reception.jpg","chemin":"..\/medias\/images\/prestataires\/139182-chalets_verdon_reception.jpg","libelle":"R\u00e9ception de la r\u00e9sidence, carrelage au sol, comptoir d'accueil, chaises pour l'attente, porte vers salon","extension":"jpg","categorie":"","largeur":1200,"theme":"","hauteur":800,"type":"Image","origine":"","liaisonPave":"","langue":"","id":"139182","urlVignette":"https:\/\/www.valdallos.com\/medias\/images\/prestataires\/v-139182-chalets_verdon_reception.jpg","alt":"R\u00e9ception de la r\u00e9sidence, carrelage au sol, comptoir d'accueil, chaises pour l'attente, porte vers salon","title":"R\u00e9ception de la r\u00e9sidence, carrelage au sol, comptoir d'accueil, chaises pour l'attente, porte vers salon","MultiTaille":{"1920x1440":{"url":"https:\/\/www.valdallos.com\/medias\/images\/prestataires\/multitailles\/1920x1440_139182-chalets_verdon_reception.jpg"},"1200x900":{"url":"https:\/\/www.valdallos.com\/medias\/images\/prestataires\/multitailles\/1200x900_139182-chalets_verdon_reception.jpg"},"800x600":{"url":"https:\/\/www.valdallos.com\/medias\/images\/prestataires\/multitailles\/800x600_139182-chalets_verdon_reception.jpg"},"640x480":{"url":"https:\/\/www.valdallos.com\/medias\/images\/prestataires\/multitailles\/640x480_139182-chalets_verdon_reception.jpg"},"320x240":{"url":"https:\/\/www.valdallos.com\/medias\/images\/prestataires\/multitailles\/320x240_139182-chalets_verdon_reception.jpg"},"160x120":{"url":"https:\/\/www.valdallos.com\/medias\/images\/prestataires\/multitailles\/160x120_139182-chalets_verdon_reception.jpg"},"origine":{"url":"https:\/\/www.valdallos.com\/medias\/images\/prestataires\/139182-chalets_verdon_reception.jpg"}},"urlLien":"","typeLien":"","nofollow":"N","copyright":"les chalets du verdon"},{"url":"https:\/\/www.valdallos.com\/medias\/images\/prestataires\/139183-chaletsverdon_piscine2.jpg","chemin":"..\/medias\/images\/prestataires\/139183-chaletsverdon_piscine2.jpg","libelle":"Piscine priv\u00e9e de la r\u00e9sidence, ambiance nocturne, transats","extension":"jpg","categorie":"","largeur":800,"theme":"","hauteur":529,"type":"Image","origine":"","liaisonPave":"","langue":"","id":"139183","urlVignette":"https:\/\/www.valdallos.com\/medias\/images\/prestataires\/v-139183-chaletsverdon_piscine2.jpg","alt":"Piscine priv\u00e9e de la r\u00e9sidence, ambiance nocturne, transats","title":"Piscine priv\u00e9e de la r\u00e9sidence, ambiance nocturne, transats","MultiTaille":{"1920x1440":{"url":"https:\/\/www.valdallos.com\/medias\/images\/prestataires\/multitailles\/1920x1440_139183-chaletsverdon_piscine2.jpg"},"1200x900":{"url":"https:\/\/www.valdallos.com\/medias\/images\/prestataires\/multitailles\/1200x900_139183-chaletsverdon_piscine2.jpg"},"800x600":{"url":"https:\/\/www.valdallos.com\/medias\/images\/prestataires\/multitailles\/800x600_139183-chaletsverdon_piscine2.jpg"},"640x480":{"url":"https:\/\/www.valdallos.com\/medias\/images\/prestataires\/multitailles\/640x480_139183-chaletsverdon_piscine2.jpg"},"320x240":{"url":"https:\/\/www.valdallos.com\/medias\/images\/prestataires\/multitailles\/320x240_139183-chaletsverdon_piscine2.jpg"},"160x120":{"url":"https:\/\/www.valdallos.com\/medias\/images\/prestataires\/multitailles\/160x120_139183-chaletsverdon_piscine2.jpg"},"origine":{"url":"https:\/\/www.valdallos.com\/medias\/images\/prestataires\/139183-chaletsverdon_piscine2.jpg"}},"urlLien":"","typeLien":"","nofollow":"N","copyright":"les chalets du verdon"},{"url":"https:\/\/www.valdallos.com\/medias\/images\/prestataires\/139184-chalets_verdon_salle_de_bain.jpg","chemin":"..\/medias\/images\/prestataires\/139184-chalets_verdon_salle_de_bain.jpg","libelle":"Salles de bains d'appartement, moderne, avec baignoire, \u00e9viers, miroirs","extension":"jpg","categorie":"","largeur":1200,"theme":"","hauteur":800,"type":"Image","origine":"","liaisonPave":"","langue":"","id":"139184","urlVignette":"https:\/\/www.valdallos.com\/medias\/images\/prestataires\/v-139184-chalets_verdon_salle_de_bain.jpg","alt":"Salles de bains d'appartement, moderne, avec baignoire, \u00e9viers, miroirs","title":"Salles de bains d'appartement, moderne, avec baignoire, \u00e9viers, miroirs","MultiTaille":{"1920x1440":{"url":"https:\/\/www.valdallos.com\/medias\/images\/prestataires\/multitailles\/1920x1440_139184-chalets_verdon_salle_de_bain.jpg"},"1200x900":{"url":"https:\/\/www.valdallos.com\/medias\/images\/prestataires\/multitailles\/1200x900_139184-chalets_verdon_salle_de_bain.jpg"},"800x600":{"url":"https:\/\/www.valdallos.com\/medias\/images\/prestataires\/multitailles\/800x600_139184-chalets_verdon_salle_de_bain.jpg"},"640x480":{"url":"https:\/\/www.valdallos.com\/medias\/images\/prestataires\/multitailles\/640x480_139184-chalets_verdon_salle_de_bain.jpg"},"320x240":{"url":"https:\/\/www.valdallos.com\/medias\/images\/prestataires\/multitailles\/320x240_139184-chalets_verdon_salle_de_bain.jpg"},"160x120":{"url":"https:\/\/www.valdallos.com\/medias\/images\/prestataires\/multitailles\/160x120_139184-chalets_verdon_salle_de_bain.jpg"},"origine":{"url":"https:\/\/www.valdallos.com\/medias\/images\/prestataires\/139184-chalets_verdon_salle_de_bain.jpg"}},"urlLien":"","typeLien":"","nofollow":"N","copyright":"les chalets du verdon"},{"url":"https:\/\/www.valdallos.com\/medias\/images\/prestataires\/139185-chalets_verdon_sejour2.jpg","chemin":"..\/medias\/images\/prestataires\/139185-chalets_verdon_sejour2.jpg","libelle":"Salon d'appartement avec table \u00e0 manger, canap\u00e9, TV, ameublement bois, fen\u00eatre","extension":"jpg","categorie":"","largeur":1200,"theme":"","hauteur":800,"type":"Image","origine":"","liaisonPave":"","langue":"","id":"139185","urlVignette":"https:\/\/www.valdallos.com\/medias\/images\/prestataires\/v-139185-chalets_verdon_sejour2.jpg","alt":"Salon d'appartement avec table \u00e0 manger, canap\u00e9, TV, ameublement bois, fen\u00eatre","title":"Salon d'appartement avec table \u00e0 manger, canap\u00e9, TV, ameublement bois, fen\u00eatre","MultiTaille":{"1920x1440":{"url":"https:\/\/www.valdallos.com\/medias\/images\/prestataires\/multitailles\/1920x1440_139185-chalets_verdon_sejour2.jpg"},"1200x900":{"url":"https:\/\/www.valdallos.com\/medias\/images\/prestataires\/multitailles\/1200x900_139185-chalets_verdon_sejour2.jpg"},"800x600":{"url":"https:\/\/www.valdallos.com\/medias\/images\/prestataires\/multitailles\/800x600_139185-chalets_verdon_sejour2.jpg"},"640x480":{"url":"https:\/\/www.valdallos.com\/medias\/images\/prestataires\/multitailles\/640x480_139185-chalets_verdon_sejour2.jpg"},"320x240":{"url":"https:\/\/www.valdallos.com\/medias\/images\/prestataires\/multitailles\/320x240_139185-chalets_verdon_sejour2.jpg"},"160x120":{"url":"https:\/\/www.valdallos.com\/medias\/images\/prestataires\/multitailles\/160x120_139185-chalets_verdon_sejour2.jpg"},"origine":{"url":"https:\/\/www.valdallos.com\/medias\/images\/prestataires\/139185-chalets_verdon_sejour2.jpg"}},"urlLien":"","typeLien":"","nofollow":"N","copyright":"les chalets du verdon"},{"url":"https:\/\/www.valdallos.com\/medias\/images\/prestataires\/139186-vacanceole_logotype_signature.jpg","chemin":"..\/medias\/images\/prestataires\/139186-vacanceole_logotype_signature.jpg","libelle":"Logo Vacanc\u00e9ole, \"Le souffle de vos vacances\"","extension":"jpg","categorie":"","largeur":1200,"theme":"","hauteur":408,"type":"Image","origine":"","liaisonPave":"","langue":"","id":"139186","urlVignette":"https:\/\/www.valdallos.com\/medias\/images\/prestataires\/v-139186-vacanceole_logotype_signature.jpg","alt":"Logo Vacanc\u00e9ole, \"Le souffle de vos vacances\"","title":"Logo Vacanc\u00e9ole, \"Le souffle de vos vacances\"","MultiTaille":{"1920x1440":{"url":"https:\/\/www.valdallos.com\/medias\/images\/prestataires\/multitailles\/1920x1440_139186-vacanceole_logotype_signature.jpg"},"1200x900":{"url":"https:\/\/www.valdallos.com\/medias\/images\/prestataires\/multitailles\/1200x900_139186-vacanceole_logotype_signature.jpg"},"800x600":{"url":"https:\/\/www.valdallos.com\/medias\/images\/prestataires\/multitailles\/800x600_139186-vacanceole_logotype_signature.jpg"},"640x480":{"url":"https:\/\/www.valdallos.com\/medias\/images\/prestataires\/multitailles\/640x480_139186-vacanceole_logotype_signature.jpg"},"320x240":{"url":"https:\/\/www.valdallos.com\/medias\/images\/prestataires\/multitailles\/320x240_139186-vacanceole_logotype_signature.jpg"},"160x120":{"url":"https:\/\/www.valdallos.com\/medias\/images\/prestataires\/multitailles\/160x120_139186-vacanceole_logotype_signature.jpg"},"origine":{"url":"https:\/\/www.valdallos.com\/medias\/images\/prestataires\/139186-vacanceole_logotype_signature.jpg"}},"urlLien":"","typeLien":"","nofollow":"N","copyright":"vacanceole"}],"ByCategorie":{"":[{"url":"https:\/\/www.valdallos.com\/medias\/images\/prestataires\/139177-chalets_verdon_sejour.jpg","chemin":"..\/medias\/images\/prestataires\/139177-chalets_verdon_sejour.jpg","libelle":"S\u00e9jour lumineux d'appartement avec canap\u00e9, meuble TV, TV, tabl \u00e0 manger, porte-fen\u00eatre donnant sur un balcon, vue sur la station","extension":"jpg","categorie":"","largeur":1200,"theme":"","hauteur":800,"type":"Image","origine":"","liaisonPave":"","langue":"","id":"139177","urlVignette":"https:\/\/www.valdallos.com\/medias\/images\/prestataires\/v-139177-chalets_verdon_sejour.jpg","alt":"S\u00e9jour lumineux d'appartement avec canap\u00e9, meuble TV, TV, tabl \u00e0 manger, porte-fen\u00eatre donnant sur un balcon, vue sur la station","title":"S\u00e9jour lumineux d'appartement avec canap\u00e9, meuble TV, TV, tabl \u00e0 manger, porte-fen\u00eatre donnant sur un balcon, vue sur la station","MultiTaille":{"1920x1440":{"url":"https:\/\/www.valdallos.com\/medias\/images\/prestataires\/multitailles\/1920x1440_139177-chalets_verdon_sejour.jpg"},"1200x900":{"url":"https:\/\/www.valdallos.com\/medias\/images\/prestataires\/multitailles\/1200x900_139177-chalets_verdon_sejour.jpg"},"800x600":{"url":"https:\/\/www.valdallos.com\/medias\/images\/prestataires\/multitailles\/800x600_139177-chalets_verdon_sejour.jpg"},"640x480":{"url":"https:\/\/www.valdallos.com\/medias\/images\/prestataires\/multitailles\/640x480_139177-chalets_verdon_sejour.jpg"},"320x240":{"url":"https:\/\/www.valdallos.com\/medias\/images\/prestataires\/multitailles\/320x240_139177-chalets_verdon_sejour.jpg"},"160x120":{"url":"https:\/\/www.valdallos.com\/medias\/images\/prestataires\/multitailles\/160x120_139177-chalets_verdon_sejour.jpg"},"origine":{"url":"https:\/\/www.valdallos.com\/medias\/images\/prestataires\/139177-chalets_verdon_sejour.jpg"}},"urlLien":"","typeLien":"","nofollow":"N","copyright":"vacanceole"},{"url":"https:\/\/www.valdallos.com\/medias\/images\/prestataires\/139178-chalets_verdon_chambre.jpg","chemin":"..\/medias\/images\/prestataires\/139178-chalets_verdon_chambre.jpg","libelle":"Chambre \u00e0 coucher d'appartement avec lit double, fen\u00eatre hublot, porte-fen\u00eatre donnant sur balcon","extension":"jpg","categorie":"","largeur":1200,"theme":"","hauteur":800,"type":"Image","origine":"","liaisonPave":"","langue":"","id":"139178","urlVignette":"https:\/\/www.valdallos.com\/medias\/images\/prestataires\/v-139178-chalets_verdon_chambre.jpg","alt":"Chambre \u00e0 coucher d'appartement avec lit double, fen\u00eatre hublot, porte-fen\u00eatre donnant sur balcon","title":"Chambre \u00e0 coucher d'appartement avec lit double, fen\u00eatre hublot, porte-fen\u00eatre donnant sur balcon","MultiTaille":{"1920x1440":{"url":"https:\/\/www.valdallos.com\/medias\/images\/prestataires\/multitailles\/1920x1440_139178-chalets_verdon_chambre.jpg"},"1200x900":{"url":"https:\/\/www.valdallos.com\/medias\/images\/prestataires\/multitailles\/1200x900_139178-chalets_verdon_chambre.jpg"},"800x600":{"url":"https:\/\/www.valdallos.com\/medias\/images\/prestataires\/multitailles\/800x600_139178-chalets_verdon_chambre.jpg"},"640x480":{"url":"https:\/\/www.valdallos.com\/medias\/images\/prestataires\/multitailles\/640x480_139178-chalets_verdon_chambre.jpg"},"320x240":{"url":"https:\/\/www.valdallos.com\/medias\/images\/prestataires\/multitailles\/320x240_139178-chalets_verdon_chambre.jpg"},"160x120":{"url":"https:\/\/www.valdallos.com\/medias\/images\/prestataires\/multitailles\/160x120_139178-chalets_verdon_chambre.jpg"},"origine":{"url":"https:\/\/www.valdallos.com\/medias\/images\/prestataires\/139178-chalets_verdon_chambre.jpg"}},"urlLien":"","typeLien":"","nofollow":"N","copyright":"Vacanceole"},{"url":"https:\/\/www.valdallos.com\/medias\/images\/prestataires\/139179-chalets_verdon_exterieur_ete.jpg","chemin":"..\/medias\/images\/prestataires\/139179-chalets_verdon_exterieur_ete.jpg","libelle":"Vue de la r\u00e9sidence, deux b\u00e2timents sur plusieurs \u00e9tages reli\u00e9s par une aile centrale avec r\u00e9ception, cadre montagne","extension":"jpg","categorie":"","largeur":1200,"theme":"","hauteur":800,"type":"Image","origine":"","liaisonPave":"","langue":"","id":"139179","urlVignette":"https:\/\/www.valdallos.com\/medias\/images\/prestataires\/v-139179-chalets_verdon_exterieur_ete.jpg","alt":"Vue de la r\u00e9sidence, deux b\u00e2timents sur plusieurs \u00e9tages reli\u00e9s par une aile centrale avec r\u00e9ception, cadre montagne","title":"Vue de la r\u00e9sidence, deux b\u00e2timents sur plusieurs \u00e9tages reli\u00e9s par une aile centrale avec r\u00e9ception, cadre montagne","MultiTaille":{"1920x1440":{"url":"https:\/\/www.valdallos.com\/medias\/images\/prestataires\/multitailles\/1920x1440_139179-chalets_verdon_exterieur_ete.jpg"},"1200x900":{"url":"https:\/\/www.valdallos.com\/medias\/images\/prestataires\/multitailles\/1200x900_139179-chalets_verdon_exterieur_ete.jpg"},"800x600":{"url":"https:\/\/www.valdallos.com\/medias\/images\/prestataires\/multitailles\/800x600_139179-chalets_verdon_exterieur_ete.jpg"},"640x480":{"url":"https:\/\/www.valdallos.com\/medias\/images\/prestataires\/multitailles\/640x480_139179-chalets_verdon_exterieur_ete.jpg"},"320x240":{"url":"https:\/\/www.valdallos.com\/medias\/images\/prestataires\/multitailles\/320x240_139179-chalets_verdon_exterieur_ete.jpg"},"160x120":{"url":"https:\/\/www.valdallos.com\/medias\/images\/prestataires\/multitailles\/160x120_139179-chalets_verdon_exterieur_ete.jpg"},"origine":{"url":"https:\/\/www.valdallos.com\/medias\/images\/prestataires\/139179-chalets_verdon_exterieur_ete.jpg"}},"urlLien":"","typeLien":"","nofollow":"N","copyright":"les chalets du verdon"},{"url":"https:\/\/www.valdallos.com\/medias\/images\/prestataires\/139180-chalets_verdon_petit_dejeuner_03.jpg","chemin":"..\/medias\/images\/prestataires\/139180-chalets_verdon_petit_dejeuner_03.jpg","libelle":"Hall de la r\u00e9sidence et mess avec tables \u00e0 manger, comptoir, carrelage au sol","extension":"jpg","categorie":"","largeur":1200,"theme":"","hauteur":800,"type":"Image","origine":"","liaisonPave":"","langue":"","id":"139180","urlVignette":"https:\/\/www.valdallos.com\/medias\/images\/prestataires\/v-139180-chalets_verdon_petit_dejeuner_03.jpg","alt":"Hall de la r\u00e9sidence et mess avec tables \u00e0 manger, comptoir, carrelage au sol","title":"Hall de la r\u00e9sidence et mess avec tables \u00e0 manger, comptoir, carrelage au sol","MultiTaille":{"1920x1440":{"url":"https:\/\/www.valdallos.com\/medias\/images\/prestataires\/multitailles\/1920x1440_139180-chalets_verdon_petit_dejeuner_03.jpg"},"1200x900":{"url":"https:\/\/www.valdallos.com\/medias\/images\/prestataires\/multitailles\/1200x900_139180-chalets_verdon_petit_dejeuner_03.jpg"},"800x600":{"url":"https:\/\/www.valdallos.com\/medias\/images\/prestataires\/multitailles\/800x600_139180-chalets_verdon_petit_dejeuner_03.jpg"},"640x480":{"url":"https:\/\/www.valdallos.com\/medias\/images\/prestataires\/multitailles\/640x480_139180-chalets_verdon_petit_dejeuner_03.jpg"},"320x240":{"url":"https:\/\/www.valdallos.com\/medias\/images\/prestataires\/multitailles\/320x240_139180-chalets_verdon_petit_dejeuner_03.jpg"},"160x120":{"url":"https:\/\/www.valdallos.com\/medias\/images\/prestataires\/multitailles\/160x120_139180-chalets_verdon_petit_dejeuner_03.jpg"},"origine":{"url":"https:\/\/www.valdallos.com\/medias\/images\/prestataires\/139180-chalets_verdon_petit_dejeuner_03.jpg"}},"urlLien":"","typeLien":"","nofollow":"N","copyright":"les chalets du verdon"},{"url":"https:\/\/www.valdallos.com\/medias\/images\/prestataires\/139181-chalets_verdon_piscine.jpg","chemin":"..\/medias\/images\/prestataires\/139181-chalets_verdon_piscine.jpg","libelle":"Piscine de la r\u00e9sidence avec transats","extension":"jpg","categorie":"","largeur":1200,"theme":"","hauteur":800,"type":"Image","origine":"","liaisonPave":"","langue":"","id":"139181","urlVignette":"https:\/\/www.valdallos.com\/medias\/images\/prestataires\/v-139181-chalets_verdon_piscine.jpg","alt":"Piscine de la r\u00e9sidence avec transats","title":"Piscine de la r\u00e9sidence avec transats","MultiTaille":{"1920x1440":{"url":"https:\/\/www.valdallos.com\/medias\/images\/prestataires\/multitailles\/1920x1440_139181-chalets_verdon_piscine.jpg"},"1200x900":{"url":"https:\/\/www.valdallos.com\/medias\/images\/prestataires\/multitailles\/1200x900_139181-chalets_verdon_piscine.jpg"},"800x600":{"url":"https:\/\/www.valdallos.com\/medias\/images\/prestataires\/multitailles\/800x600_139181-chalets_verdon_piscine.jpg"},"640x480":{"url":"https:\/\/www.valdallos.com\/medias\/images\/prestataires\/multitailles\/640x480_139181-chalets_verdon_piscine.jpg"},"320x240":{"url":"https:\/\/www.valdallos.com\/medias\/images\/prestataires\/multitailles\/320x240_139181-chalets_verdon_piscine.jpg"},"160x120":{"url":"https:\/\/www.valdallos.com\/medias\/images\/prestataires\/multitailles\/160x120_139181-chalets_verdon_piscine.jpg"},"origine":{"url":"https:\/\/www.valdallos.com\/medias\/images\/prestataires\/139181-chalets_verdon_piscine.jpg"}},"urlLien":"","typeLien":"","nofollow":"N","copyright":"les chalets du verdon"},{"url":"https:\/\/www.valdallos.com\/medias\/images\/prestataires\/139182-chalets_verdon_reception.jpg","chemin":"..\/medias\/images\/prestataires\/139182-chalets_verdon_reception.jpg","libelle":"R\u00e9ception de la r\u00e9sidence, carrelage au sol, comptoir d'accueil, chaises pour l'attente, porte vers salon","extension":"jpg","categorie":"","largeur":1200,"theme":"","hauteur":800,"type":"Image","origine":"","liaisonPave":"","langue":"","id":"139182","urlVignette":"https:\/\/www.valdallos.com\/medias\/images\/prestataires\/v-139182-chalets_verdon_reception.jpg","alt":"R\u00e9ception de la r\u00e9sidence, carrelage au sol, comptoir d'accueil, chaises pour l'attente, porte vers salon","title":"R\u00e9ception de la r\u00e9sidence, carrelage au sol, comptoir d'accueil, chaises pour l'attente, porte vers salon","MultiTaille":{"1920x1440":{"url":"https:\/\/www.valdallos.com\/medias\/images\/prestataires\/multitailles\/1920x1440_139182-chalets_verdon_reception.jpg"},"1200x900":{"url":"https:\/\/www.valdallos.com\/medias\/images\/prestataires\/multitailles\/1200x900_139182-chalets_verdon_reception.jpg"},"800x600":{"url":"https:\/\/www.valdallos.com\/medias\/images\/prestataires\/multitailles\/800x600_139182-chalets_verdon_reception.jpg"},"640x480":{"url":"https:\/\/www.valdallos.com\/medias\/images\/prestataires\/multitailles\/640x480_139182-chalets_verdon_reception.jpg"},"320x240":{"url":"https:\/\/www.valdallos.com\/medias\/images\/prestataires\/multitailles\/320x240_139182-chalets_verdon_reception.jpg"},"160x120":{"url":"https:\/\/www.valdallos.com\/medias\/images\/prestataires\/multitailles\/160x120_139182-chalets_verdon_reception.jpg"},"origine":{"url":"https:\/\/www.valdallos.com\/medias\/images\/prestataires\/139182-chalets_verdon_reception.jpg"}},"urlLien":"","typeLien":"","nofollow":"N","copyright":"les chalets du verdon"},{"url":"https:\/\/www.valdallos.com\/medias\/images\/prestataires\/139183-chaletsverdon_piscine2.jpg","chemin":"..\/medias\/images\/prestataires\/139183-chaletsverdon_piscine2.jpg","libelle":"Piscine priv\u00e9e de la r\u00e9sidence, ambiance nocturne, transats","extension":"jpg","categorie":"","largeur":800,"theme":"","hauteur":529,"type":"Image","origine":"","liaisonPave":"","langue":"","id":"139183","urlVignette":"https:\/\/www.valdallos.com\/medias\/images\/prestataires\/v-139183-chaletsverdon_piscine2.jpg","alt":"Piscine priv\u00e9e de la r\u00e9sidence, ambiance nocturne, transats","title":"Piscine priv\u00e9e de la r\u00e9sidence, ambiance nocturne, transats","MultiTaille":{"1920x1440":{"url":"https:\/\/www.valdallos.com\/medias\/images\/prestataires\/multitailles\/1920x1440_139183-chaletsverdon_piscine2.jpg"},"1200x900":{"url":"https:\/\/www.valdallos.com\/medias\/images\/prestataires\/multitailles\/1200x900_139183-chaletsverdon_piscine2.jpg"},"800x600":{"url":"https:\/\/www.valdallos.com\/medias\/images\/prestataires\/multitailles\/800x600_139183-chaletsverdon_piscine2.jpg"},"640x480":{"url":"https:\/\/www.valdallos.com\/medias\/images\/prestataires\/multitailles\/640x480_139183-chaletsverdon_piscine2.jpg"},"320x240":{"url":"https:\/\/www.valdallos.com\/medias\/images\/prestataires\/multitailles\/320x240_139183-chaletsverdon_piscine2.jpg"},"160x120":{"url":"https:\/\/www.valdallos.com\/medias\/images\/prestataires\/multitailles\/160x120_139183-chaletsverdon_piscine2.jpg"},"origine":{"url":"https:\/\/www.valdallos.com\/medias\/images\/prestataires\/139183-chaletsverdon_piscine2.jpg"}},"urlLien":"","typeLien":"","nofollow":"N","copyright":"les chalets du verdon"},{"url":"https:\/\/www.valdallos.com\/medias\/images\/prestataires\/139184-chalets_verdon_salle_de_bain.jpg","chemin":"..\/medias\/images\/prestataires\/139184-chalets_verdon_salle_de_bain.jpg","libelle":"Salles de bains d'appartement, moderne, avec baignoire, \u00e9viers, miroirs","extension":"jpg","categorie":"","largeur":1200,"theme":"","hauteur":800,"type":"Image","origine":"","liaisonPave":"","langue":"","id":"139184","urlVignette":"https:\/\/www.valdallos.com\/medias\/images\/prestataires\/v-139184-chalets_verdon_salle_de_bain.jpg","alt":"Salles de bains d'appartement, moderne, avec baignoire, \u00e9viers, miroirs","title":"Salles de bains d'appartement, moderne, avec baignoire, \u00e9viers, miroirs","MultiTaille":{"1920x1440":{"url":"https:\/\/www.valdallos.com\/medias\/images\/prestataires\/multitailles\/1920x1440_139184-chalets_verdon_salle_de_bain.jpg"},"1200x900":{"url":"https:\/\/www.valdallos.com\/medias\/images\/prestataires\/multitailles\/1200x900_139184-chalets_verdon_salle_de_bain.jpg"},"800x600":{"url":"https:\/\/www.valdallos.com\/medias\/images\/prestataires\/multitailles\/800x600_139184-chalets_verdon_salle_de_bain.jpg"},"640x480":{"url":"https:\/\/www.valdallos.com\/medias\/images\/prestataires\/multitailles\/640x480_139184-chalets_verdon_salle_de_bain.jpg"},"320x240":{"url":"https:\/\/www.valdallos.com\/medias\/images\/prestataires\/multitailles\/320x240_139184-chalets_verdon_salle_de_bain.jpg"},"160x120":{"url":"https:\/\/www.valdallos.com\/medias\/images\/prestataires\/multitailles\/160x120_139184-chalets_verdon_salle_de_bain.jpg"},"origine":{"url":"https:\/\/www.valdallos.com\/medias\/images\/prestataires\/139184-chalets_verdon_salle_de_bain.jpg"}},"urlLien":"","typeLien":"","nofollow":"N","copyright":"les chalets du verdon"},{"url":"https:\/\/www.valdallos.com\/medias\/images\/prestataires\/139185-chalets_verdon_sejour2.jpg","chemin":"..\/medias\/images\/prestataires\/139185-chalets_verdon_sejour2.jpg","libelle":"Salon d'appartement avec table \u00e0 manger, canap\u00e9, TV, ameublement bois, fen\u00eatre","extension":"jpg","categorie":"","largeur":1200,"theme":"","hauteur":800,"type":"Image","origine":"","liaisonPave":"","langue":"","id":"139185","urlVignette":"https:\/\/www.valdallos.com\/medias\/images\/prestataires\/v-139185-chalets_verdon_sejour2.jpg","alt":"Salon d'appartement avec table \u00e0 manger, canap\u00e9, TV, ameublement bois, fen\u00eatre","title":"Salon d'appartement avec table \u00e0 manger, canap\u00e9, TV, ameublement bois, fen\u00eatre","MultiTaille":{"1920x1440":{"url":"https:\/\/www.valdallos.com\/medias\/images\/prestataires\/multitailles\/1920x1440_139185-chalets_verdon_sejour2.jpg"},"1200x900":{"url":"https:\/\/www.valdallos.com\/medias\/images\/prestataires\/multitailles\/1200x900_139185-chalets_verdon_sejour2.jpg"},"800x600":{"url":"https:\/\/www.valdallos.com\/medias\/images\/prestataires\/multitailles\/800x600_139185-chalets_verdon_sejour2.jpg"},"640x480":{"url":"https:\/\/www.valdallos.com\/medias\/images\/prestataires\/multitailles\/640x480_139185-chalets_verdon_sejour2.jpg"},"320x240":{"url":"https:\/\/www.valdallos.com\/medias\/images\/prestataires\/multitailles\/320x240_139185-chalets_verdon_sejour2.jpg"},"160x120":{"url":"https:\/\/www.valdallos.com\/medias\/images\/prestataires\/multitailles\/160x120_139185-chalets_verdon_sejour2.jpg"},"origine":{"url":"https:\/\/www.valdallos.com\/medias\/images\/prestataires\/139185-chalets_verdon_sejour2.jpg"}},"urlLien":"","typeLien":"","nofollow":"N","copyright":"les chalets du verdon"},{"url":"https:\/\/www.valdallos.com\/medias\/images\/prestataires\/139186-vacanceole_logotype_signature.jpg","chemin":"..\/medias\/images\/prestataires\/139186-vacanceole_logotype_signature.jpg","libelle":"Logo Vacanc\u00e9ole, \"Le souffle de vos vacances\"","extension":"jpg","categorie":"","largeur":1200,"theme":"","hauteur":408,"type":"Image","origine":"","liaisonPave":"","langue":"","id":"139186","urlVignette":"https:\/\/www.valdallos.com\/medias\/images\/prestataires\/v-139186-vacanceole_logotype_signature.jpg","alt":"Logo Vacanc\u00e9ole, \"Le souffle de vos vacances\"","title":"Logo Vacanc\u00e9ole, \"Le souffle de vos vacances\"","MultiTaille":{"1920x1440":{"url":"https:\/\/www.valdallos.com\/medias\/images\/prestataires\/multitailles\/1920x1440_139186-vacanceole_logotype_signature.jpg"},"1200x900":{"url":"https:\/\/www.valdallos.com\/medias\/images\/prestataires\/multitailles\/1200x900_139186-vacanceole_logotype_signature.jpg"},"800x600":{"url":"https:\/\/www.valdallos.com\/medias\/images\/prestataires\/multitailles\/800x600_139186-vacanceole_logotype_signature.jpg"},"640x480":{"url":"https:\/\/www.valdallos.com\/medias\/images\/prestataires\/multitailles\/640x480_139186-vacanceole_logotype_signature.jpg"},"320x240":{"url":"https:\/\/www.valdallos.com\/medias\/images\/prestataires\/multitailles\/320x240_139186-vacanceole_logotype_signature.jpg"},"160x120":{"url":"https:\/\/www.valdallos.com\/medias\/images\/prestataires\/multitailles\/160x120_139186-vacanceole_logotype_signature.jpg"},"origine":{"url":"https:\/\/www.valdallos.com\/medias\/images\/prestataires\/139186-vacanceole_logotype_signature.jpg"}},"urlLien":"","typeLien":"","nofollow":"N","copyright":"vacanceole"}]}},"Url":"residence-les-chalets-du-verdon-val-dallos-la-foux.html","Localisation":{"GoogleMap":{"Latitude":"44.285354","Longitude":"6.570817"},"PlanStation":{"idPlan":"6","nomPlan":"[NEW] Plan La Foux","carte":"\/plan\/plan_station_2018[HIVER_FR[.jpg","PositionAbs":"339","PositionOrd":"208"}},"ZoneGeo":"FRPA04VAV1800","Criteres":{"GINFADH[GDEB":"20150624","GINFADH[GFIN":"","P.PUBLICATION[VALDALLOS":"","P.PUBLICATION[VERDONTOURISME":"","GTIMMO[GRESID":"","P.classementPrefectoral[2662":"","P.classementPrefectoral[FAM":"","VIRTFICHELISTE[ANIMADMIS":"","VIRTFICHELISTE[PARKING":"","VIRTFICHELISTE[WEBWIFI":"","VIRTFICHELISTE[CV":"","VIRTFICHELISTE[FAMILLEPLUS":"","VIRTFICHELISTE[PISCINE":"","P.GLOC[G18":"","P.113[1593":"","P.127[606":"","P.125[624":"","P.126[972":"","P.126[1318":"","P.23[1054":"","P.123[1093":"","P.123[1504":"","P.122[4063":"","P.services[687":"","P.services[1025":"","P.78[1029":"","P.118[1145":"","P.118[1150":"","P.119[1177":"","P.prestations[animauxAcceptes":"","P.prestations[animauxAcceptesSupplement":"","P.prestations[surchargeTourismesAdaptes":"","P.prestations[surchargeDescriptifHandicapMoteur":"","P.prestations[surchargeDescriptifHandicapAuditif":"","P.prestations[surchargeDescriptifHandicapVisuel":"","P.prestations[surchargeDescriptifHandicapMental":"","P.prestations[surchargeNombreFauteuilsRoulants":"","P.69[838":"","P.69[1014":"","P.69[1015":"","P.69[3694":"","P.69[4060":"","P.72[842":"","P.72[882":"","P.languesParlees[1192":"","P.languesParlees[1197":"","P.tourismesAdaptes[3651":"","P.7237[160":"","P.7237[183":"","P.6528[169":"","P.environnements[171":"","P.environnements[178":"","P.environnements[193":"","P.114[416":"","P.114[418":"","P.114[435":"","P.114[436":"","P.modesPaiement[1268":"","P.modesPaiement[1274":"","P.tourismeAffaires[tourismeAffairesEnabled":"","P.tourismeAffaires[devise":"EUR","P.hebergementCollectifType[2649":"","P.informationsHebergementCollectif[dateClassement":"2018-04-24","P.classementPrefectoral[2657":"","P.6602[5330":"","P.typesHebergement[1317":"","P.5402[1625":"","P.5403[1613":"","P.capacite[capaciteTotale":"300","P.capacite[capaciteTotaleReelle":"42","P.capacite[nombreAppartements":"42","P.CINTSITRA[5660":"","P.CINTSITRA[5663":"","P.CINTSITRA[5664":"","P.CINTSITRA[6787":"","P.CINTSITRA[8809":"","P.6241[126905":"","P.6241[5740912":"","P.3218[311229":"","P.3220[587401":"","P.3220[5575332":"","P.3233[591419":"","P.3221[4876304":"","P.3219[5127066":"","P.3219[5239406":"","P.3240[5778284":"","P.3230[6139211":"","P.VilleSitra[37282":"","P.VillageDeDepart[37282":""},"DateFinPublication":"","AffichageCoordonnees":[]},"listeCriteres":{"DISPONIBILITES":{"DISPORELANCE":""},"GPREST":{"GLOCAS":"","GCOU":""},"GCAPACITE":{"8PERS":""},"NBPERS":{"GCAP08":""},"GLABEL":{"GCLEVA":""},"GLOGEM":{"GAPPRE":""},"GCHAR":{"GCHARC":"","GCHRCA":"300\u20ac","GCHATS":"","GCHAAS":"non comprise","GCHARDO":""},"GHANDI":{"GACCHA":""},"GEQUIS":{"GTELEV":""},"GACTIV":{"GINTER":""},"GPARKI":{"GPARKE":""},"GFAMPLUS":{"GMICRO":"","GCHAISEHAUT":"","GJEUXINT":"","GLITBEBE":"","GOFFRE":""},"CINTSITRA":{"5660":""},"113":{"1593":""},"PUBLICATION":{"VALDALLOS":"","VERDONTOURISME":""},"AFFGTYPE":{"APPART":""},"GNOMBRE":{"8PERS":""},"AFFEQUIP":{"WIFI":"","PARKING":""},"GINFADH":{"GDEB":"20150624","GFIN":""},"P.PUBLICATION":{"VALDALLOS":"","VERDONTOURISME":""},"GTIMMO":{"GRESID":""},"P.classementPrefectoral":{"2662":"","FAM":"","2657":""},"VIRTFICHELISTE":{"ANIMADMIS":"","PARKING":"","WEBWIFI":"","CV":"","FAMILLEPLUS":"","PISCINE":""},"P.GLOC":{"G18":""},"P.113":{"1593":""},"P.127":{"606":""},"P.125":{"624":""},"P.126":{"972":"","1318":""},"P.23":{"1054":""},"P.123":{"1093":"","1504":""},"P.122":{"4063":""},"P.services":{"687":"","1025":""},"P.78":{"1029":""},"P.118":{"1145":"","1150":""},"P.119":{"1177":""},"P.prestations":{"animauxAcceptes":"","animauxAcceptesSupplement":"","surchargeTourismesAdaptes":"","surchargeDescriptifHandicapMoteur":"","surchargeDescriptifHandicapAuditif":"","surchargeDescriptifHandicapVisuel":"","surchargeDescriptifHandicapMental":"","surchargeNombreFauteuilsRoulants":""},"P.69":{"838":"","1014":"","1015":"","3694":"","4060":""},"P.72":{"842":"","882":""},"P.languesParlees":{"1192":"","1197":""},"P.tourismesAdaptes":{"3651":""},"P.7237":{"160":"","183":""},"P.6528":{"169":""},"P.environnements":{"171":"","178":"","193":""},"P.114":{"416":"","418":"","435":"","436":""},"P.modesPaiement":{"1268":"","1274":""},"P.tourismeAffaires":{"tourismeAffairesEnabled":"","devise":"EUR"},"P.hebergementCollectifType":{"2649":""},"P.informationsHebergementCollectif":{"dateClassement":"2018-04-24"},"P.6602":{"5330":""},"P.typesHebergement":{"1317":""},"P.5402":{"1625":""},"P.5403":{"1613":""},"P.capacite":{"capaciteTotale":"300","capaciteTotaleReelle":"42","nombreAppartements":"42"},"P.CINTSITRA":{"5660":"","5663":"","5664":"","6787":"","8809":""},"P.6241":{"126905":"","5740912":""},"P.3218":{"311229":""},"P.3220":{"587401":"","5575332":""},"P.3233":{"591419":""},"P.3221":{"4876304":""},"P.3219":{"5127066":"","5239406":""},"P.3240":{"5778284":""},"P.3230":{"6139211":""},"P.VilleSitra":{"37282":""},"P.VillageDeDepart":{"37282":""}},"dansCarnetVoyage":true,"Ouverture":""},"html":" \n \u003Cdiv id=\"CV-PRESTATION-G-688429-01\" data-contexte-id=\"PRESTATION|G|688429|01\" data-cle=\"G|688429|01\" class=\"fiche-liste\"\u003E\n    \n\n    \u003C!-- partie photo --\u003E\n    \u003Cdiv class=\"photo\"\u003E\t\t\t\t\t\t\t\t\t\t\t\t\t\t\t\t\t\t\t\t\t\n        \u003Cdiv class=\"cadre_photo_principale\"\u003E\t\t\n        \n            \t\t\t\t\t\n                    \u003Ca href=\"residence-les-chalets-du-verdon-val-dallos-la-foux-1.html?origine=carnet#media\"\u003E\n                        \u003Cimg class=\"photo_principale\" alt=\"residence les chalets du verdon\" src=\"https:\/\/www.valdallos.com\/medias\/images\/prestations\/multitailles\/320x240_residence-les-chalets-du-verdon-947.jpg\" itemprop=\"image\"\u003E\n                    \u003C\/a\u003E\t\t\t\t\t\t\n                \n                    \u003C\/div\u003E\t\t\t\t\t\t\t\t\t\t\t\t\t\t\t\t\t\t\t \t\t\n    \u003C\/div\u003E\n    \n    \u003C!-- partie nom prest --\u003E\n    \u003Cdiv class=\"nom\"\u003E\n        \u003Ch2\u003ER\u00e9sidence de tourisme Vacanc\u00e9ole \u201cles chalets du Verdon\u201c\u003C\/h2\u003E\n        \n            \u003C\/div\u003E\n\n         \n    \u003C!-- partie adresse --\u003E\n    \u003Cdiv class=\"adresse\"\u003E\n    \n          \n    \u003C\/div\u003E\n    \n    \u003C!-- partie liens --\u003E\n    \u003Cdiv class=\"liens\"\u003E\n            \u003Ca class=\"btn-icon btn-view \" title=\"Vedi il file dettagliato\" href=\"residence-les-chalets-du-verdon-val-dallos-la-foux-1.html?origine=carnet\"\u003E\u003C\/a\u003E\u003C!--\u003Ca class=\"btn-icon btn-view \" title=\"\" href=\"?origine=carnet#thaut\"\u003E\u003C\/a\u003E--\u003E\n      \u003Ca class=\"btn-icon btn-trash carnet_voyage_supprimer\" title=\"Elimina questo file dal mio diario di viaggio\" href=\"carnet-voyage?action=remove&fiche=G|688429|01\"\u003E\u003C\/a\u003E\n    \u003C\/div\u003E\n\n\u003C\/div\u003E\n\n","icon":"https:\/\/static.ingenie.fr\/images\/carnetVoyageV3\/G.png"},"fiche":"G|688429|01","popup":"\u003Cdiv id=\"bloc_popup_ajout_fiche_carnet\"\u003E\n    \u003Cdiv class=\"info_popup_ajout_fiche_carnet\"\u003E\n        Hai appena aggiunto questo elemento alla tua selezione:    \u003C\/div\u003E\n    \u003Cdiv class=\"prest_popup_ajout_fiche_carnet\"\u003E\n        R&eacute;sidence de tourisme Vacanc&eacute;ole &ldquo;les chalets du Verdon&ldquo;    \u003C\/div\u003E\n    \u003Cdiv class=\"bloc_btn_ajout_fiche_carnet form_submit_div\"\u003E\n        \u003Cinput type=\"button\" value=\"Continua la mia selezione\" title=\"Continua la mia selezione\" name=\"btn_close\" class=\"btn_close_popup_carnet form_submit\" onclick=\"$.colorbox.close()\" \/\u003E\n        \u003Cinput type=\"button\" value=\"Visualizza la mia selezione\" title=\"Visualizza la mia selezione\" name=\"btn_panier\" class=\"btn_panier_popup_carnet form_submit\" onclick=\"if(typeof CarnetVoyage != 'undefined') {CarnetVoyage.voirCarnet();}\" \/\u003E\n    \u003C\/div\u003E\n    \u003Cdiv class=\"bloc_btn_ajout_fiche_carnet\"\u003E\n        \u003Cinput type=\"checkbox\" value=\"1\" name=\"desactiver_popup\" id=\"desactiver_popup\" \/\u003E\n        \u003Clabel for=\"desactiver_popup\"\u003ENon visualizzare pi\u00f9 questo messaggio\u003C\/label\u003E\n    \u003C\/div\u003E\n\u003C\/div\u003E","success":1}