{"nbFiches":1,"dataPrest":{"infoPrest":{"pave1":{"libelle":"Descriptif","contenu":"","fichiers":[]},"pave2":{"libelle":"Indirizzo","contenu":"","fichiers":[]},"pave3":{"libelle":"Tarifs Hiver","contenu":"","fichiers":[]},"pave4":{"libelle":"Tarifs Et\u00e9","contenu":"","fichiers":[]},"pave5":{"libelle":"URL de la r\u00e9servation ou vente en ligne","contenu":"","fichiers":[]},"pave6":{"libelle":"Descriptif court","contenu":"","fichiers":[]},"pave7":{"libelle":"Descriptif d\u00e9taill\u00e9","contenu":"","fichiers":[]},"pave8":{"libelle":"Bons plans","contenu":"","fichiers":[]},"pave9":{"libelle":"Compl\u00e9ment localisation","contenu":"","fichiers":[]},"pave10":{"libelle":"Compl\u00e9ment accueil","contenu":"","fichiers":[]},"pave11":{"libelle":"P\u00e9riodes en clair","contenu":"","fichiers":[]},"pave12":{"libelle":"Tarifs en clair","contenu":"","fichiers":[]},"pave13":{"libelle":"Compl\u00e9ment Tarifs","contenu":"","fichiers":[]},"pave14":{"libelle":"Compl\u00e9ment R\u00e9servation","contenu":"","fichiers":[]},"pave15":{"libelle":"Descriptif court","contenu":"","fichiers":[]},"pave16":{"libelle":"Descriptif d\u00e9taill\u00e9","contenu":"","fichiers":[]},"pave17":{"libelle":"Bons plans","contenu":"","fichiers":[]},"pave18":{"libelle":"Tarifs (Tarifs en clair, Compl\u00e9ment Tarifs)","contenu":"","fichiers":[]},"pave19":{"libelle":"P\u00e9riodes en clair","contenu":"","fichiers":[]},"pave20":{"libelle":"Descriptif court","contenu":"","fichiers":[]},"pave21":{"libelle":"Descriptif d\u00e9taill\u00e9","contenu":"","fichiers":[]},"pave22":{"libelle":"Bons plans","contenu":"","fichiers":[]},"pave23":{"libelle":"Tarifs (Tarifs en clair, Compl\u00e9ment Tarifs)","contenu":"","fichiers":[]},"pave24":{"libelle":"P\u00e9riodes en clair","contenu":"","fichiers":[]},"pave25":{"libelle":"Dispositions sp\u00e9ciales","contenu":"","fichiers":[]},"Libelle":"Ternengo Francois","Reference":"","Reftar":"","Type":"PRESTATION","TypePrestataire":"G","ContexteStat":"PRESTATION-G-7133601-7134089","DateModificationIso":"2026-04-27T13:46:00+02:00","Adresse":{"LigneAdresse1":"91 Bis Impasse du Sarret","LigneAdresse2":"","LigneAdresse3":"","CodePostal":"04260","Ville":"La Foux d\u2019Allos","Cedex":"","Etat":"","Pays":"FRA"},"Id":"g-7133601-7134089","Code":"G|7133601|7134089","Cle":"G|7133601|7134089","Url":"chalet-3-stelle-val-d-allos.html","Localisation":{"GoogleMap":{"Latitude":"44.272531","Longitude":"6.580392"}},"ZoneGeo":"","Criteres":{"DISPONIBILITES[DISPORELANCE":"","GCAPACITE[12PERS":"","NBPERS[GCAP12":"","GLOGEM[GCHALI":"","GEQUIC[GLAVEV":"","GACTIV[GINTER":"","PUBLICATION[VALDALLOS":"","PUBLICATION[VERDONTOURISME":"","AFFEQUIP[WIFI":"","AFFEQUIP[LAVEVAIS":"","AFFEQUIP[LAVELINGEAFF":"","AFFEQUIP[JAR":"","AFFEQUIP[POELE":"","AFFPRES[AFFP3":"","AFFGTYPE[CHALET":"","GNOMBRE[8PERS":"","22[672":"","22[723":"","22[1058":"","22[1479":"","127[811":"","126[1050":"","122[4054":"","122[4055":"","122[4063":"","prestations[surchargeTourismesAdaptes":"","prestations[surchargeDescriptifHandicapMoteur":"","prestations[surchargeDescriptifHandicapAuditif":"","prestations[surchargeDescriptifHandicapVisuel":"","prestations[surchargeDescriptifHandicapMental":"","prestations[surchargeNombreFauteuilsRoulants":"","73[796":"","73[902":"","73[973":"","72[842":"","71[877":"","71[987":"","70[895":"","70[919":"","70[922":"","70[950":"","68[971":"","languesParlees[1197":"","modesPaiement[1271":"","modesPaiement[1277":"","modesPaiement[1281":"","tourismeAffaires[tourismeAffairesEnabled":"","tourismeAffaires[devise":"EUR","hebergementLocatifType[2620":"","informationsHebergementLocatif[dateClassement":"2024-06-06","classementPrefectoral[2629":"","5401[1614":"","capacite[capaciteHebergement":"12","capacite[surface":"220","capacite[nombreChambres":"4","CINTSITRA[5660":"","CINTSITRA[8809":"","6241[126905":"","6241[5740912":"","3218[311229":"","3220[587401":"","3220[5575332":"","3233[591419":"","3221[4876304":"","3219[5127066":"","3219[5239406":"","3240[5778284":"","3230[6139211":"","VilleSitra[37282":"","VillageDeDepart[37282":"","GLOC[G18":"","LOCVERDON[37282":""},"ContactsParType":{"IWEB":{"117725":{"id_contact":"117725","type_contact":"IWEB","categorie_contact":"PRESTATION","societe_contact":"","fonction_contact":"","civilite_nom_prenom_contact":"Ternengo Valdambrini Fran\u00e7ois  ","adresse1_contact":"","adresse2_contact":"","adresse3_contact":"","cpostal_contact":"","ville_contact":"","teldom_contact":"06 88 07 93 82","telbur_contact":"","fax_contact":"","portable_contact":"06 16 45 37 08","email_contact":"francois.ternengo@wanadoo.fr","siteweb_contact":"","commentaire_contact":"","langue_contact":"","autre_moyen_com":[]}}},"ContactRemplaceCoordonnees":"117725","Prestataire":{"pave1":{"libelle":"","contenu":""},"pave2":{"libelle":"","contenu":""},"pave3":{"libelle":"","contenu":""},"pave4":{"libelle":"","contenu":""},"pave5":{"libelle":"","contenu":""},"pave6":{"libelle":"","contenu":""},"pave7":{"libelle":"","contenu":""},"pave8":{"libelle":"","contenu":""},"pave9":{"libelle":"","contenu":""},"pave10":{"libelle":"","contenu":""},"pave11":{"libelle":"","contenu":""},"pave12":{"libelle":"","contenu":""},"pave13":{"libelle":"","contenu":""},"pave14":{"libelle":"","contenu":""},"pave15":{"libelle":"","contenu":""},"pave16":{"libelle":"","contenu":""},"pave17":{"libelle":"","contenu":""},"pave18":{"libelle":"","contenu":""},"pave19":{"libelle":"","contenu":""},"pave20":{"libelle":"","contenu":""},"pave21":{"libelle":"","contenu":""},"pave22":{"libelle":"","contenu":""},"pave23":{"libelle":"","contenu":""},"pave24":{"libelle":"","contenu":""},"pave25":{"libelle":"","contenu":""},"ContactsParType":{"LIEU":{"114818":{"id_contact":"114818","type_contact":"LIEU","categorie_contact":"PRESTATAIRE","societe_contact":"","fonction_contact":"","civilite_nom_prenom_contact":"Ternengo Valdambrini Fran\u00e7ois ","adresse1_contact":"","adresse2_contact":"","adresse3_contact":"","cpostal_contact":"","ville_contact":"","teldom_contact":"","telbur_contact":"","fax_contact":"","portable_contact":"06 88 07 93 82","email_contact":"","siteweb_contact":"","commentaire_contact":"","langue_contact":"","autre_moyen_com":[]}},"":{"114819":{"id_contact":"114819","type_contact":"","categorie_contact":"PRESTATAIRE","societe_contact":"","fonction_contact":"","civilite_nom_prenom_contact":"M TERNENGO VALDAMBRINI Fran\u00e7ois ","adresse1_contact":"","adresse2_contact":"","adresse3_contact":"","cpostal_contact":"","ville_contact":"","teldom_contact":"","telbur_contact":"","fax_contact":"","portable_contact":"06 16 45 37 08","email_contact":"","siteweb_contact":"","commentaire_contact":"","langue_contact":"","autre_moyen_com":[]}},"GEST":{"114821":{"id_contact":"114821","type_contact":"GEST","categorie_contact":"PRESTATAIRE","societe_contact":"","fonction_contact":"","civilite_nom_prenom_contact":"Ternengo Valdambrini Fran\u00e7ois ","adresse1_contact":"534 chemin de saquier - maison 7","adresse2_contact":"","adresse3_contact":"","cpostal_contact":"06200","ville_contact":"Nice","teldom_contact":"","telbur_contact":"","fax_contact":"","portable_contact":"06 16 45 37 08","email_contact":"francois.ternengo@wanadoo.fr","siteweb_contact":"","commentaire_contact":"","langue_contact":"","autre_moyen_com":[]}}},"Libelle":"Ternengo Valdambrini Fran\u00e7ois","Nom":"Ternengo Valdambrini Fran\u00e7ois ","Prenom":"","NomPrenom":"Ternengo Valdambrini Fran\u00e7ois  ","CiviliteNomPrenom":"Ternengo Valdambrini Fran\u00e7ois  ","Cle":"G|7133601","PrestataireParent":"","ContexteStat":"PRESTATAIRE-G-7133601","DateModificationIso":"2025-11-19T00:36:00+01:00","Type":"PRESTATAIRE","TypePrestataire":"G","Adresse":{"LigneAdresse1":"","LigneAdresse2":"","LigneAdresse3":"","CodePostal":"","Ville":"","Cedex":"","Etat":"","Pays":""},"Email":"francois.ternengo@wanadoo.fr","Telephone":"06 88 07 93 82","TelephoneBureau":"","Portable":"06 16 45 37 08","SiteWeb":"","Fax":"","Id":"g-7133601","Code":"G|7133601","Fichier":[],"Url":"","Localisation":{"GoogleMap":{"Latitude":"","Longitude":""}},"ZoneGeo":"","Criteres":{"GTIMMO[GPARTI":"","P.3240[100012":"","P.3240[100180":"","P.3240[4920302":"","P.6241[100154":"","P.3218[585905":"","P.3233[591419":"","P.3219[5127176":"","P.3219[7242385":"","P.4805[5505653":"","P.3230[5674661":"","P.VilleSitra[37423":"","P.VillageDeDepart[37423":""},"DateFinPublication":""},"Fichier":{"Image":[{"url":"https:\/\/www.valdallos.com\/medias\/images\/prestations\/79199-20230122_175311_2.jpg","chemin":"..\/medias\/images\/prestations\/79199-20230122_175311_2.jpg","libelle":"Vue du chalet \u00e0 double appartement sur 3 \u00e9tages, excentr\u00e9 au milieu de la nature enneig\u00e9e","extension":"jpg","categorie":"","largeur":1200,"theme":"","hauteur":675,"type":"Image","origine":"","liaisonPave":"","langue":"","id":"79199","urlVignette":"https:\/\/www.valdallos.com\/medias\/images\/prestations\/v-79199-20230122_175311_2.jpg","alt":"Vue du chalet \u00e0 double appartement sur 3 \u00e9tages, excentr\u00e9 au milieu de la nature enneig\u00e9e","title":"Vue du chalet \u00e0 double appartement sur 3 \u00e9tages, excentr\u00e9 au milieu de la nature enneig\u00e9e","MultiTaille":{"1920x1440":{"url":"https:\/\/www.valdallos.com\/medias\/images\/prestations\/multitailles\/1920x1440_79199-20230122_175311_2.jpg"},"1200x900":{"url":"https:\/\/www.valdallos.com\/medias\/images\/prestations\/multitailles\/1200x900_79199-20230122_175311_2.jpg"},"800x600":{"url":"https:\/\/www.valdallos.com\/medias\/images\/prestations\/multitailles\/800x600_79199-20230122_175311_2.jpg"},"640x480":{"url":"https:\/\/www.valdallos.com\/medias\/images\/prestations\/multitailles\/640x480_79199-20230122_175311_2.jpg"},"320x240":{"url":"https:\/\/www.valdallos.com\/medias\/images\/prestations\/multitailles\/320x240_79199-20230122_175311_2.jpg"},"160x120":{"url":"https:\/\/www.valdallos.com\/medias\/images\/prestations\/multitailles\/160x120_79199-20230122_175311_2.jpg"},"origine":{"url":"https:\/\/www.valdallos.com\/medias\/images\/prestations\/79199-20230122_175311_2.jpg"}},"urlLien":"","typeLien":"","nofollow":"N","copyright":"F.Ternengo"},{"url":"https:\/\/www.valdallos.com\/medias\/images\/prestations\/79200-20180415_151820_2.jpg","chemin":"..\/medias\/images\/prestations\/79200-20180415_151820_2.jpg","libelle":"C\u00f4t\u00e9 du chalet, porte d'entr\u00e9e et deux garages","extension":"jpg","categorie":"","largeur":1200,"theme":"","hauteur":900,"type":"Image","origine":"","liaisonPave":"","langue":"","id":"79200","urlVignette":"https:\/\/www.valdallos.com\/medias\/images\/prestations\/v-79200-20180415_151820_2.jpg","alt":"C\u00f4t\u00e9 du chalet, porte d'entr\u00e9e et deux garages","title":"C\u00f4t\u00e9 du chalet, porte d'entr\u00e9e et deux garages","MultiTaille":{"1920x1440":{"url":"https:\/\/www.valdallos.com\/medias\/images\/prestations\/multitailles\/1920x1440_79200-20180415_151820_2.jpg"},"1200x900":{"url":"https:\/\/www.valdallos.com\/medias\/images\/prestations\/multitailles\/1200x900_79200-20180415_151820_2.jpg"},"800x600":{"url":"https:\/\/www.valdallos.com\/medias\/images\/prestations\/multitailles\/800x600_79200-20180415_151820_2.jpg"},"640x480":{"url":"https:\/\/www.valdallos.com\/medias\/images\/prestations\/multitailles\/640x480_79200-20180415_151820_2.jpg"},"320x240":{"url":"https:\/\/www.valdallos.com\/medias\/images\/prestations\/multitailles\/320x240_79200-20180415_151820_2.jpg"},"160x120":{"url":"https:\/\/www.valdallos.com\/medias\/images\/prestations\/multitailles\/160x120_79200-20180415_151820_2.jpg"},"origine":{"url":"https:\/\/www.valdallos.com\/medias\/images\/prestations\/79200-20180415_151820_2.jpg"}},"urlLien":"","typeLien":"","nofollow":"N","copyright":"F.Ternengo"},{"url":"https:\/\/www.valdallos.com\/medias\/images\/prestations\/79201-img_20230819_wa0008.jpg","chemin":"..\/medias\/images\/prestations\/79201-img_20230819_wa0008.jpg","libelle":"S\u00e9jour lumineux et confortable avec canap\u00e9, fauteuils, table basse, po\u00eale \u00e0 bois, carrelage au sol","extension":"jpg","categorie":"","largeur":1200,"theme":"","hauteur":900,"type":"Image","origine":"","liaisonPave":"","langue":"","id":"79201","urlVignette":"https:\/\/www.valdallos.com\/medias\/images\/prestations\/v-79201-img_20230819_wa0008.jpg","alt":"S\u00e9jour lumineux et confortable avec canap\u00e9, fauteuils, table basse, po\u00eale \u00e0 bois, carrelage au sol","title":"S\u00e9jour lumineux et confortable avec canap\u00e9, fauteuils, table basse, po\u00eale \u00e0 bois, carrelage au sol","MultiTaille":{"1920x1440":{"url":"https:\/\/www.valdallos.com\/medias\/images\/prestations\/multitailles\/1920x1440_79201-img_20230819_wa0008.jpg"},"1200x900":{"url":"https:\/\/www.valdallos.com\/medias\/images\/prestations\/multitailles\/1200x900_79201-img_20230819_wa0008.jpg"},"800x600":{"url":"https:\/\/www.valdallos.com\/medias\/images\/prestations\/multitailles\/800x600_79201-img_20230819_wa0008.jpg"},"640x480":{"url":"https:\/\/www.valdallos.com\/medias\/images\/prestations\/multitailles\/640x480_79201-img_20230819_wa0008.jpg"},"320x240":{"url":"https:\/\/www.valdallos.com\/medias\/images\/prestations\/multitailles\/320x240_79201-img_20230819_wa0008.jpg"},"160x120":{"url":"https:\/\/www.valdallos.com\/medias\/images\/prestations\/multitailles\/160x120_79201-img_20230819_wa0008.jpg"},"origine":{"url":"https:\/\/www.valdallos.com\/medias\/images\/prestations\/79201-img_20230819_wa0008.jpg"}},"urlLien":"","typeLien":"","nofollow":"N","copyright":"F.Ternengo"},{"url":"https:\/\/www.valdallos.com\/medias\/images\/prestations\/79202-img_20230819_wa0009.jpg","chemin":"..\/medias\/images\/prestations\/79202-img_20230819_wa0009.jpg","libelle":"Salon d'appartement lumineux avec table \u00e0 manger, ameublement bois, portes-fen\u00eatres, carrelage au sol","extension":"jpg","categorie":"","largeur":1200,"theme":"","hauteur":900,"type":"Image","origine":"","liaisonPave":"","langue":"","id":"79202","urlVignette":"https:\/\/www.valdallos.com\/medias\/images\/prestations\/v-79202-img_20230819_wa0009.jpg","alt":"Salon d'appartement lumineux avec table \u00e0 manger, ameublement bois, portes-fen\u00eatres, carrelage au sol","title":"Salon d'appartement lumineux avec table \u00e0 manger, ameublement bois, portes-fen\u00eatres, carrelage au sol","MultiTaille":{"1920x1440":{"url":"https:\/\/www.valdallos.com\/medias\/images\/prestations\/multitailles\/1920x1440_79202-img_20230819_wa0009.jpg"},"1200x900":{"url":"https:\/\/www.valdallos.com\/medias\/images\/prestations\/multitailles\/1200x900_79202-img_20230819_wa0009.jpg"},"800x600":{"url":"https:\/\/www.valdallos.com\/medias\/images\/prestations\/multitailles\/800x600_79202-img_20230819_wa0009.jpg"},"640x480":{"url":"https:\/\/www.valdallos.com\/medias\/images\/prestations\/multitailles\/640x480_79202-img_20230819_wa0009.jpg"},"320x240":{"url":"https:\/\/www.valdallos.com\/medias\/images\/prestations\/multitailles\/320x240_79202-img_20230819_wa0009.jpg"},"160x120":{"url":"https:\/\/www.valdallos.com\/medias\/images\/prestations\/multitailles\/160x120_79202-img_20230819_wa0009.jpg"},"origine":{"url":"https:\/\/www.valdallos.com\/medias\/images\/prestations\/79202-img_20230819_wa0009.jpg"}},"urlLien":"","typeLien":"","nofollow":"N","copyright":"F.Ternengo"},{"url":"https:\/\/www.valdallos.com\/medias\/images\/prestations\/79203-img_20230819_wa0004.jpg","chemin":"..\/medias\/images\/prestations\/79203-img_20230819_wa0004.jpg","libelle":"Chambre \u00e0 coucher avec lit double, ameublement bois, sol carrel\u00e9","extension":"jpg","categorie":"","largeur":900,"theme":"","hauteur":1200,"type":"Image","origine":"","liaisonPave":"","langue":"","id":"79203","urlVignette":"https:\/\/www.valdallos.com\/medias\/images\/prestations\/v-79203-img_20230819_wa0004.jpg","alt":"Chambre \u00e0 coucher avec lit double, ameublement bois, sol carrel\u00e9","title":"Chambre \u00e0 coucher avec lit double, ameublement bois, sol carrel\u00e9","MultiTaille":{"1920x1440":{"url":"https:\/\/www.valdallos.com\/medias\/images\/prestations\/multitailles\/1920x1440_79203-img_20230819_wa0004.jpg"},"1200x900":{"url":"https:\/\/www.valdallos.com\/medias\/images\/prestations\/multitailles\/1200x900_79203-img_20230819_wa0004.jpg"},"800x600":{"url":"https:\/\/www.valdallos.com\/medias\/images\/prestations\/multitailles\/800x600_79203-img_20230819_wa0004.jpg"},"640x480":{"url":"https:\/\/www.valdallos.com\/medias\/images\/prestations\/multitailles\/640x480_79203-img_20230819_wa0004.jpg"},"320x240":{"url":"https:\/\/www.valdallos.com\/medias\/images\/prestations\/multitailles\/320x240_79203-img_20230819_wa0004.jpg"},"160x120":{"url":"https:\/\/www.valdallos.com\/medias\/images\/prestations\/multitailles\/160x120_79203-img_20230819_wa0004.jpg"},"origine":{"url":"https:\/\/www.valdallos.com\/medias\/images\/prestations\/79203-img_20230819_wa0004.jpg"}},"urlLien":"","typeLien":"","nofollow":"N","copyright":"F.Ternengo"},{"url":"https:\/\/www.valdallos.com\/medias\/images\/prestations\/79204-20230122_185324.jpg","chemin":"..\/medias\/images\/prestations\/79204-20230122_185324.jpg","libelle":"Salle de jeux sous combles en mezzanine, baby-foot, billard, canap\u00e9 et fauteuils en cuir","extension":"jpg","categorie":"","largeur":1200,"theme":"","hauteur":675,"type":"Image","origine":"","liaisonPave":"","langue":"","id":"79204","urlVignette":"https:\/\/www.valdallos.com\/medias\/images\/prestations\/v-79204-20230122_185324.jpg","alt":"Salle de jeux sous combles en mezzanine, baby-foot, billard, canap\u00e9 et fauteuils en cuir","title":"Salle de jeux sous combles en mezzanine, baby-foot, billard, canap\u00e9 et fauteuils en cuir","MultiTaille":{"1920x1440":{"url":"https:\/\/www.valdallos.com\/medias\/images\/prestations\/multitailles\/1920x1440_79204-20230122_185324.jpg"},"1200x900":{"url":"https:\/\/www.valdallos.com\/medias\/images\/prestations\/multitailles\/1200x900_79204-20230122_185324.jpg"},"800x600":{"url":"https:\/\/www.valdallos.com\/medias\/images\/prestations\/multitailles\/800x600_79204-20230122_185324.jpg"},"640x480":{"url":"https:\/\/www.valdallos.com\/medias\/images\/prestations\/multitailles\/640x480_79204-20230122_185324.jpg"},"320x240":{"url":"https:\/\/www.valdallos.com\/medias\/images\/prestations\/multitailles\/320x240_79204-20230122_185324.jpg"},"160x120":{"url":"https:\/\/www.valdallos.com\/medias\/images\/prestations\/multitailles\/160x120_79204-20230122_185324.jpg"},"origine":{"url":"https:\/\/www.valdallos.com\/medias\/images\/prestations\/79204-20230122_185324.jpg"}},"urlLien":"","typeLien":"","nofollow":"N","copyright":"F.Ternengo"},{"url":"https:\/\/www.valdallos.com\/medias\/images\/prestations\/79205-20230210_175912.jpg","chemin":"..\/medias\/images\/prestations\/79205-20230210_175912.jpg","libelle":"Salon d'appartement avec chemin\u00e9e, TV, fen\u00eatre, ameublement bois, escalier vers l'\u00e9tage sup\u00e9rieur","extension":"jpg","categorie":"","largeur":1200,"theme":"","hauteur":675,"type":"Image","origine":"","liaisonPave":"","langue":"","id":"79205","urlVignette":"https:\/\/www.valdallos.com\/medias\/images\/prestations\/v-79205-20230210_175912.jpg","alt":"Salon d'appartement avec chemin\u00e9e, TV, fen\u00eatre, ameublement bois, escalier vers l'\u00e9tage sup\u00e9rieur","title":"Salon d'appartement avec chemin\u00e9e, TV, fen\u00eatre, ameublement bois, escalier vers l'\u00e9tage sup\u00e9rieur","MultiTaille":{"1920x1440":{"url":"https:\/\/www.valdallos.com\/medias\/images\/prestations\/multitailles\/1920x1440_79205-20230210_175912.jpg"},"1200x900":{"url":"https:\/\/www.valdallos.com\/medias\/images\/prestations\/multitailles\/1200x900_79205-20230210_175912.jpg"},"800x600":{"url":"https:\/\/www.valdallos.com\/medias\/images\/prestations\/multitailles\/800x600_79205-20230210_175912.jpg"},"640x480":{"url":"https:\/\/www.valdallos.com\/medias\/images\/prestations\/multitailles\/640x480_79205-20230210_175912.jpg"},"320x240":{"url":"https:\/\/www.valdallos.com\/medias\/images\/prestations\/multitailles\/320x240_79205-20230210_175912.jpg"},"160x120":{"url":"https:\/\/www.valdallos.com\/medias\/images\/prestations\/multitailles\/160x120_79205-20230210_175912.jpg"},"origine":{"url":"https:\/\/www.valdallos.com\/medias\/images\/prestations\/79205-20230210_175912.jpg"}},"urlLien":"","typeLien":"","nofollow":"N","copyright":"F.Ternengo"},{"url":"https:\/\/www.valdallos.com\/medias\/images\/prestations\/79206-20230515_142400.jpg","chemin":"..\/medias\/images\/prestations\/79206-20230515_142400.jpg","libelle":"Salon lumineux avec ameublement bois, canap\u00e9, portes-fen\u00eatres, carrelage au sol","extension":"jpg","categorie":"","largeur":1200,"theme":"","hauteur":675,"type":"Image","origine":"","liaisonPave":"","langue":"","id":"79206","urlVignette":"https:\/\/www.valdallos.com\/medias\/images\/prestations\/v-79206-20230515_142400.jpg","alt":"Salon lumineux avec ameublement bois, canap\u00e9, portes-fen\u00eatres, carrelage au sol","title":"Salon lumineux avec ameublement bois, canap\u00e9, portes-fen\u00eatres, carrelage au sol","MultiTaille":{"1920x1440":{"url":"https:\/\/www.valdallos.com\/medias\/images\/prestations\/multitailles\/1920x1440_79206-20230515_142400.jpg"},"1200x900":{"url":"https:\/\/www.valdallos.com\/medias\/images\/prestations\/multitailles\/1200x900_79206-20230515_142400.jpg"},"800x600":{"url":"https:\/\/www.valdallos.com\/medias\/images\/prestations\/multitailles\/800x600_79206-20230515_142400.jpg"},"640x480":{"url":"https:\/\/www.valdallos.com\/medias\/images\/prestations\/multitailles\/640x480_79206-20230515_142400.jpg"},"320x240":{"url":"https:\/\/www.valdallos.com\/medias\/images\/prestations\/multitailles\/320x240_79206-20230515_142400.jpg"},"160x120":{"url":"https:\/\/www.valdallos.com\/medias\/images\/prestations\/multitailles\/160x120_79206-20230515_142400.jpg"},"origine":{"url":"https:\/\/www.valdallos.com\/medias\/images\/prestations\/79206-20230515_142400.jpg"}},"urlLien":"","typeLien":"","nofollow":"N","copyright":"F.Ternengo"}],"ByCategorie":{"":[{"url":"https:\/\/www.valdallos.com\/medias\/images\/prestations\/79199-20230122_175311_2.jpg","chemin":"..\/medias\/images\/prestations\/79199-20230122_175311_2.jpg","libelle":"Vue du chalet \u00e0 double appartement sur 3 \u00e9tages, excentr\u00e9 au milieu de la nature enneig\u00e9e","extension":"jpg","categorie":"","largeur":1200,"theme":"","hauteur":675,"type":"Image","origine":"","liaisonPave":"","langue":"","id":"79199","urlVignette":"https:\/\/www.valdallos.com\/medias\/images\/prestations\/v-79199-20230122_175311_2.jpg","alt":"Vue du chalet \u00e0 double appartement sur 3 \u00e9tages, excentr\u00e9 au milieu de la nature enneig\u00e9e","title":"Vue du chalet \u00e0 double appartement sur 3 \u00e9tages, excentr\u00e9 au milieu de la nature enneig\u00e9e","MultiTaille":{"1920x1440":{"url":"https:\/\/www.valdallos.com\/medias\/images\/prestations\/multitailles\/1920x1440_79199-20230122_175311_2.jpg"},"1200x900":{"url":"https:\/\/www.valdallos.com\/medias\/images\/prestations\/multitailles\/1200x900_79199-20230122_175311_2.jpg"},"800x600":{"url":"https:\/\/www.valdallos.com\/medias\/images\/prestations\/multitailles\/800x600_79199-20230122_175311_2.jpg"},"640x480":{"url":"https:\/\/www.valdallos.com\/medias\/images\/prestations\/multitailles\/640x480_79199-20230122_175311_2.jpg"},"320x240":{"url":"https:\/\/www.valdallos.com\/medias\/images\/prestations\/multitailles\/320x240_79199-20230122_175311_2.jpg"},"160x120":{"url":"https:\/\/www.valdallos.com\/medias\/images\/prestations\/multitailles\/160x120_79199-20230122_175311_2.jpg"},"origine":{"url":"https:\/\/www.valdallos.com\/medias\/images\/prestations\/79199-20230122_175311_2.jpg"}},"urlLien":"","typeLien":"","nofollow":"N","copyright":"F.Ternengo"},{"url":"https:\/\/www.valdallos.com\/medias\/images\/prestations\/79200-20180415_151820_2.jpg","chemin":"..\/medias\/images\/prestations\/79200-20180415_151820_2.jpg","libelle":"C\u00f4t\u00e9 du chalet, porte d'entr\u00e9e et deux garages","extension":"jpg","categorie":"","largeur":1200,"theme":"","hauteur":900,"type":"Image","origine":"","liaisonPave":"","langue":"","id":"79200","urlVignette":"https:\/\/www.valdallos.com\/medias\/images\/prestations\/v-79200-20180415_151820_2.jpg","alt":"C\u00f4t\u00e9 du chalet, porte d'entr\u00e9e et deux garages","title":"C\u00f4t\u00e9 du chalet, porte d'entr\u00e9e et deux garages","MultiTaille":{"1920x1440":{"url":"https:\/\/www.valdallos.com\/medias\/images\/prestations\/multitailles\/1920x1440_79200-20180415_151820_2.jpg"},"1200x900":{"url":"https:\/\/www.valdallos.com\/medias\/images\/prestations\/multitailles\/1200x900_79200-20180415_151820_2.jpg"},"800x600":{"url":"https:\/\/www.valdallos.com\/medias\/images\/prestations\/multitailles\/800x600_79200-20180415_151820_2.jpg"},"640x480":{"url":"https:\/\/www.valdallos.com\/medias\/images\/prestations\/multitailles\/640x480_79200-20180415_151820_2.jpg"},"320x240":{"url":"https:\/\/www.valdallos.com\/medias\/images\/prestations\/multitailles\/320x240_79200-20180415_151820_2.jpg"},"160x120":{"url":"https:\/\/www.valdallos.com\/medias\/images\/prestations\/multitailles\/160x120_79200-20180415_151820_2.jpg"},"origine":{"url":"https:\/\/www.valdallos.com\/medias\/images\/prestations\/79200-20180415_151820_2.jpg"}},"urlLien":"","typeLien":"","nofollow":"N","copyright":"F.Ternengo"},{"url":"https:\/\/www.valdallos.com\/medias\/images\/prestations\/79201-img_20230819_wa0008.jpg","chemin":"..\/medias\/images\/prestations\/79201-img_20230819_wa0008.jpg","libelle":"S\u00e9jour lumineux et confortable avec canap\u00e9, fauteuils, table basse, po\u00eale \u00e0 bois, carrelage au sol","extension":"jpg","categorie":"","largeur":1200,"theme":"","hauteur":900,"type":"Image","origine":"","liaisonPave":"","langue":"","id":"79201","urlVignette":"https:\/\/www.valdallos.com\/medias\/images\/prestations\/v-79201-img_20230819_wa0008.jpg","alt":"S\u00e9jour lumineux et confortable avec canap\u00e9, fauteuils, table basse, po\u00eale \u00e0 bois, carrelage au sol","title":"S\u00e9jour lumineux et confortable avec canap\u00e9, fauteuils, table basse, po\u00eale \u00e0 bois, carrelage au sol","MultiTaille":{"1920x1440":{"url":"https:\/\/www.valdallos.com\/medias\/images\/prestations\/multitailles\/1920x1440_79201-img_20230819_wa0008.jpg"},"1200x900":{"url":"https:\/\/www.valdallos.com\/medias\/images\/prestations\/multitailles\/1200x900_79201-img_20230819_wa0008.jpg"},"800x600":{"url":"https:\/\/www.valdallos.com\/medias\/images\/prestations\/multitailles\/800x600_79201-img_20230819_wa0008.jpg"},"640x480":{"url":"https:\/\/www.valdallos.com\/medias\/images\/prestations\/multitailles\/640x480_79201-img_20230819_wa0008.jpg"},"320x240":{"url":"https:\/\/www.valdallos.com\/medias\/images\/prestations\/multitailles\/320x240_79201-img_20230819_wa0008.jpg"},"160x120":{"url":"https:\/\/www.valdallos.com\/medias\/images\/prestations\/multitailles\/160x120_79201-img_20230819_wa0008.jpg"},"origine":{"url":"https:\/\/www.valdallos.com\/medias\/images\/prestations\/79201-img_20230819_wa0008.jpg"}},"urlLien":"","typeLien":"","nofollow":"N","copyright":"F.Ternengo"},{"url":"https:\/\/www.valdallos.com\/medias\/images\/prestations\/79202-img_20230819_wa0009.jpg","chemin":"..\/medias\/images\/prestations\/79202-img_20230819_wa0009.jpg","libelle":"Salon d'appartement lumineux avec table \u00e0 manger, ameublement bois, portes-fen\u00eatres, carrelage au sol","extension":"jpg","categorie":"","largeur":1200,"theme":"","hauteur":900,"type":"Image","origine":"","liaisonPave":"","langue":"","id":"79202","urlVignette":"https:\/\/www.valdallos.com\/medias\/images\/prestations\/v-79202-img_20230819_wa0009.jpg","alt":"Salon d'appartement lumineux avec table \u00e0 manger, ameublement bois, portes-fen\u00eatres, carrelage au sol","title":"Salon d'appartement lumineux avec table \u00e0 manger, ameublement bois, portes-fen\u00eatres, carrelage au sol","MultiTaille":{"1920x1440":{"url":"https:\/\/www.valdallos.com\/medias\/images\/prestations\/multitailles\/1920x1440_79202-img_20230819_wa0009.jpg"},"1200x900":{"url":"https:\/\/www.valdallos.com\/medias\/images\/prestations\/multitailles\/1200x900_79202-img_20230819_wa0009.jpg"},"800x600":{"url":"https:\/\/www.valdallos.com\/medias\/images\/prestations\/multitailles\/800x600_79202-img_20230819_wa0009.jpg"},"640x480":{"url":"https:\/\/www.valdallos.com\/medias\/images\/prestations\/multitailles\/640x480_79202-img_20230819_wa0009.jpg"},"320x240":{"url":"https:\/\/www.valdallos.com\/medias\/images\/prestations\/multitailles\/320x240_79202-img_20230819_wa0009.jpg"},"160x120":{"url":"https:\/\/www.valdallos.com\/medias\/images\/prestations\/multitailles\/160x120_79202-img_20230819_wa0009.jpg"},"origine":{"url":"https:\/\/www.valdallos.com\/medias\/images\/prestations\/79202-img_20230819_wa0009.jpg"}},"urlLien":"","typeLien":"","nofollow":"N","copyright":"F.Ternengo"},{"url":"https:\/\/www.valdallos.com\/medias\/images\/prestations\/79203-img_20230819_wa0004.jpg","chemin":"..\/medias\/images\/prestations\/79203-img_20230819_wa0004.jpg","libelle":"Chambre \u00e0 coucher avec lit double, ameublement bois, sol carrel\u00e9","extension":"jpg","categorie":"","largeur":900,"theme":"","hauteur":1200,"type":"Image","origine":"","liaisonPave":"","langue":"","id":"79203","urlVignette":"https:\/\/www.valdallos.com\/medias\/images\/prestations\/v-79203-img_20230819_wa0004.jpg","alt":"Chambre \u00e0 coucher avec lit double, ameublement bois, sol carrel\u00e9","title":"Chambre \u00e0 coucher avec lit double, ameublement bois, sol carrel\u00e9","MultiTaille":{"1920x1440":{"url":"https:\/\/www.valdallos.com\/medias\/images\/prestations\/multitailles\/1920x1440_79203-img_20230819_wa0004.jpg"},"1200x900":{"url":"https:\/\/www.valdallos.com\/medias\/images\/prestations\/multitailles\/1200x900_79203-img_20230819_wa0004.jpg"},"800x600":{"url":"https:\/\/www.valdallos.com\/medias\/images\/prestations\/multitailles\/800x600_79203-img_20230819_wa0004.jpg"},"640x480":{"url":"https:\/\/www.valdallos.com\/medias\/images\/prestations\/multitailles\/640x480_79203-img_20230819_wa0004.jpg"},"320x240":{"url":"https:\/\/www.valdallos.com\/medias\/images\/prestations\/multitailles\/320x240_79203-img_20230819_wa0004.jpg"},"160x120":{"url":"https:\/\/www.valdallos.com\/medias\/images\/prestations\/multitailles\/160x120_79203-img_20230819_wa0004.jpg"},"origine":{"url":"https:\/\/www.valdallos.com\/medias\/images\/prestations\/79203-img_20230819_wa0004.jpg"}},"urlLien":"","typeLien":"","nofollow":"N","copyright":"F.Ternengo"},{"url":"https:\/\/www.valdallos.com\/medias\/images\/prestations\/79204-20230122_185324.jpg","chemin":"..\/medias\/images\/prestations\/79204-20230122_185324.jpg","libelle":"Salle de jeux sous combles en mezzanine, baby-foot, billard, canap\u00e9 et fauteuils en cuir","extension":"jpg","categorie":"","largeur":1200,"theme":"","hauteur":675,"type":"Image","origine":"","liaisonPave":"","langue":"","id":"79204","urlVignette":"https:\/\/www.valdallos.com\/medias\/images\/prestations\/v-79204-20230122_185324.jpg","alt":"Salle de jeux sous combles en mezzanine, baby-foot, billard, canap\u00e9 et fauteuils en cuir","title":"Salle de jeux sous combles en mezzanine, baby-foot, billard, canap\u00e9 et fauteuils en cuir","MultiTaille":{"1920x1440":{"url":"https:\/\/www.valdallos.com\/medias\/images\/prestations\/multitailles\/1920x1440_79204-20230122_185324.jpg"},"1200x900":{"url":"https:\/\/www.valdallos.com\/medias\/images\/prestations\/multitailles\/1200x900_79204-20230122_185324.jpg"},"800x600":{"url":"https:\/\/www.valdallos.com\/medias\/images\/prestations\/multitailles\/800x600_79204-20230122_185324.jpg"},"640x480":{"url":"https:\/\/www.valdallos.com\/medias\/images\/prestations\/multitailles\/640x480_79204-20230122_185324.jpg"},"320x240":{"url":"https:\/\/www.valdallos.com\/medias\/images\/prestations\/multitailles\/320x240_79204-20230122_185324.jpg"},"160x120":{"url":"https:\/\/www.valdallos.com\/medias\/images\/prestations\/multitailles\/160x120_79204-20230122_185324.jpg"},"origine":{"url":"https:\/\/www.valdallos.com\/medias\/images\/prestations\/79204-20230122_185324.jpg"}},"urlLien":"","typeLien":"","nofollow":"N","copyright":"F.Ternengo"},{"url":"https:\/\/www.valdallos.com\/medias\/images\/prestations\/79205-20230210_175912.jpg","chemin":"..\/medias\/images\/prestations\/79205-20230210_175912.jpg","libelle":"Salon d'appartement avec chemin\u00e9e, TV, fen\u00eatre, ameublement bois, escalier vers l'\u00e9tage sup\u00e9rieur","extension":"jpg","categorie":"","largeur":1200,"theme":"","hauteur":675,"type":"Image","origine":"","liaisonPave":"","langue":"","id":"79205","urlVignette":"https:\/\/www.valdallos.com\/medias\/images\/prestations\/v-79205-20230210_175912.jpg","alt":"Salon d'appartement avec chemin\u00e9e, TV, fen\u00eatre, ameublement bois, escalier vers l'\u00e9tage sup\u00e9rieur","title":"Salon d'appartement avec chemin\u00e9e, TV, fen\u00eatre, ameublement bois, escalier vers l'\u00e9tage sup\u00e9rieur","MultiTaille":{"1920x1440":{"url":"https:\/\/www.valdallos.com\/medias\/images\/prestations\/multitailles\/1920x1440_79205-20230210_175912.jpg"},"1200x900":{"url":"https:\/\/www.valdallos.com\/medias\/images\/prestations\/multitailles\/1200x900_79205-20230210_175912.jpg"},"800x600":{"url":"https:\/\/www.valdallos.com\/medias\/images\/prestations\/multitailles\/800x600_79205-20230210_175912.jpg"},"640x480":{"url":"https:\/\/www.valdallos.com\/medias\/images\/prestations\/multitailles\/640x480_79205-20230210_175912.jpg"},"320x240":{"url":"https:\/\/www.valdallos.com\/medias\/images\/prestations\/multitailles\/320x240_79205-20230210_175912.jpg"},"160x120":{"url":"https:\/\/www.valdallos.com\/medias\/images\/prestations\/multitailles\/160x120_79205-20230210_175912.jpg"},"origine":{"url":"https:\/\/www.valdallos.com\/medias\/images\/prestations\/79205-20230210_175912.jpg"}},"urlLien":"","typeLien":"","nofollow":"N","copyright":"F.Ternengo"},{"url":"https:\/\/www.valdallos.com\/medias\/images\/prestations\/79206-20230515_142400.jpg","chemin":"..\/medias\/images\/prestations\/79206-20230515_142400.jpg","libelle":"Salon lumineux avec ameublement bois, canap\u00e9, portes-fen\u00eatres, carrelage au sol","extension":"jpg","categorie":"","largeur":1200,"theme":"","hauteur":675,"type":"Image","origine":"","liaisonPave":"","langue":"","id":"79206","urlVignette":"https:\/\/www.valdallos.com\/medias\/images\/prestations\/v-79206-20230515_142400.jpg","alt":"Salon lumineux avec ameublement bois, canap\u00e9, portes-fen\u00eatres, carrelage au sol","title":"Salon lumineux avec ameublement bois, canap\u00e9, portes-fen\u00eatres, carrelage au sol","MultiTaille":{"1920x1440":{"url":"https:\/\/www.valdallos.com\/medias\/images\/prestations\/multitailles\/1920x1440_79206-20230515_142400.jpg"},"1200x900":{"url":"https:\/\/www.valdallos.com\/medias\/images\/prestations\/multitailles\/1200x900_79206-20230515_142400.jpg"},"800x600":{"url":"https:\/\/www.valdallos.com\/medias\/images\/prestations\/multitailles\/800x600_79206-20230515_142400.jpg"},"640x480":{"url":"https:\/\/www.valdallos.com\/medias\/images\/prestations\/multitailles\/640x480_79206-20230515_142400.jpg"},"320x240":{"url":"https:\/\/www.valdallos.com\/medias\/images\/prestations\/multitailles\/320x240_79206-20230515_142400.jpg"},"160x120":{"url":"https:\/\/www.valdallos.com\/medias\/images\/prestations\/multitailles\/160x120_79206-20230515_142400.jpg"},"origine":{"url":"https:\/\/www.valdallos.com\/medias\/images\/prestations\/79206-20230515_142400.jpg"}},"urlLien":"","typeLien":"","nofollow":"N","copyright":"F.Ternengo"}]}},"DateDebPublication":"","DateFinPublication":"","PrixAPartirDe":"","PrixPour":"","FicheListeEnCours":"fiche_liste_immobilier_prestation_OT_v3","ParametresModele":{"AfficherPhotos":1,"NbPhotosMax":6,"AfficherReserver":0,"AfficherContact":0,"AfficherSalle":1,"AfficherZoneGeo":0,"AfficherEnSavoirPlus":"0","AfficherUneSeuleOuverture":0,"AfficherContactCarte":1,"AfficherTarifsChaudAPartirDe":0,"AfficherTarifChaudSansRecherche":0,"AfficherDispoAccordeon":"1","AfficherDispoResa":"1","AfficherPrixAPartirDe":"1","BlocCritereInfo":{"critere1":{"libelle":"","liste_critere":["classementPrefectoral|2631|G","classementPrefectoral|2630|G","classementPrefectoral|2629|G","classementPrefectoral|2628|G","classementPrefectoral|2627|G","classementPrefectoral|2632|G"]},"critere2":{"libelle":"","liste_critere":["GLOC|G"]},"critere3":{"libelle":""},"critere4":{"libelle":""},"critere5":{"libelle":"","liste_critere":["GHANDI|G","AFFEQUIP|WIFI|G","AFFEQUIP|ANIMAUX|G","AFFEQUIP|PARKING|G","AFFEQUIP|LAVEVAIS|G","AFFEQUIP|LAVELINGEAFF|G","GCHAMB|G","NBPERS|G","GSURFA|G","GLOGEM|G"]},"critere6":{"libelle":"","liste_critere":["GLABEL|GCLEVA|G"]},"critere7":{"libelle":""},"critere8":{"libelle":""},"critere9":{"libelle":""},"afficherpictoetpaslibelle":"1"},"BlocPaveInfo":{"texte1":{"pave":["6","15","20"],"longeurmax":"250","afficherLibelle":"0","garderHtml":"0","boutonVoirPlus":""},"texte3":{"longeurmax":"","afficherLibelle":"0","garderHtml":"0","boutonVoirPlus":""}},"CriteresComportementDispo":"DISPONIBILITES[PLANNINGACT","PositionBloc":"GALLERIE|ZONEPRINCIPALFICHEPRESTA|NOM|CARNET_VOYAGE|ACCROCHE_TARIF_DISPO","TypePrestataire":"G","ComportementResa":false,"ComportementDispo":false},"AffichageCoordonnees":[],"Coordonnees":{"Ville":"La Foux d\u2019Allos"},"ContexteId":"PRESTATION|G|7133601|7134089","ContexteIdHtml":"PRESTATION-G-7133601-7134089","cleContexte":"G|7133601|7134089","Bloc":{"texte1":"","texte3":"","critere1":{"libelle":"","contenu":{"classementPrefectoral":{"libelle":"","contenu":{"3":"\u003Cimg src=\"https:\/\/www.valdallos.com\/medias\/images\/picto\/classementPrefectoral-2629-G.png\"  alt=\"3 stelle\" title=\"3 stelle\" \/\u003E"},"codesValeurs":{"3":"classementPrefectoral|2629|G"},"criteres_datas":{"valeurs":{"3":{"2629":{"descriptif":""}}}}}}},"critere2":{"libelle":"","contenu":{"GLOC":{"libelle":"Localizzare","contenu":{"1":"Val d'Allos - La Foux"},"codesValeurs":{"1":"GLOC|G18|G"},"criteres_datas":{"valeurs":{"1":{"G18":{"descriptif":""}}}}}}},"critere3":{"libelle":"","contenu":[]},"critere4":{"libelle":"","contenu":[]},"critere5":{"libelle":"","contenu":{"NBPERS":{"libelle":"Persone","contenu":{"9":"11 & 12 persone"},"codesValeurs":{"9":"NBPERS|GCAP12|G"},"criteres_datas":{"valeurs":{"9":{"GCAP12":{"descriptif":""}}}}},"GLOGEM":{"libelle":"tipo di alloggio","contenu":{"4":"Chalet"},"codesValeurs":{"4":"GLOGEM|GCHALI|G"},"criteres_datas":{"valeurs":{"4":{"GCHALI":{"descriptif":""}}}}},"AFFEQUIP":{"libelle":"Servizi","contenu":{"1":"Acc\u00e8s Internet \/ Wifi","4":"Lavastoviglie","5":"Lavatrice"},"codesValeurs":{"1":"AFFEQUIP|WIFI|G","4":"AFFEQUIP|LAVEVAIS|G","5":"AFFEQUIP|LAVELINGEAFF|G"},"criteres_datas":{"valeurs":{"1":{"WIFI":{"descriptif":""}},"4":{"LAVEVAIS":{"descriptif":""}},"5":{"LAVELINGEAFF":{"descriptif":""}}}}}}},"critere6":{"libelle":"","contenu":[]},"critere7":{"libelle":"","contenu":[]},"critere8":{"libelle":"","contenu":[]},"critere9":{"libelle":"","contenu":[]}},"LocalisationGps":{"Latitude":"44.272531","Longitude":"6.580392"},"libelleDuPrestataire":"","vuePrestataire":{"pave1":{"libelle":"","contenu":""},"pave2":{"libelle":"","contenu":""},"pave3":{"libelle":"","contenu":""},"pave4":{"libelle":"","contenu":""},"pave5":{"libelle":"","contenu":""},"pave6":{"libelle":"","contenu":""},"pave7":{"libelle":"","contenu":""},"pave8":{"libelle":"","contenu":""},"pave9":{"libelle":"","contenu":""},"pave10":{"libelle":"","contenu":""},"pave11":{"libelle":"","contenu":""},"pave12":{"libelle":"","contenu":""},"pave13":{"libelle":"","contenu":""},"pave14":{"libelle":"","contenu":""},"pave15":{"libelle":"","contenu":""},"pave16":{"libelle":"","contenu":""},"pave17":{"libelle":"","contenu":""},"pave18":{"libelle":"","contenu":""},"pave19":{"libelle":"","contenu":""},"pave20":{"libelle":"","contenu":""},"pave21":{"libelle":"","contenu":""},"pave22":{"libelle":"","contenu":""},"pave23":{"libelle":"","contenu":""},"pave24":{"libelle":"","contenu":""},"pave25":{"libelle":"","contenu":""},"ContactsParType":{"LIEU":{"114818":{"id_contact":"114818","type_contact":"LIEU","categorie_contact":"PRESTATAIRE","societe_contact":"","fonction_contact":"","civilite_nom_prenom_contact":"Ternengo Valdambrini Fran\u00e7ois ","adresse1_contact":"","adresse2_contact":"","adresse3_contact":"","cpostal_contact":"","ville_contact":"","teldom_contact":"","telbur_contact":"","fax_contact":"","portable_contact":"06 88 07 93 82","email_contact":"","siteweb_contact":"","commentaire_contact":"","langue_contact":"","autre_moyen_com":[]}},"":{"114819":{"id_contact":"114819","type_contact":"","categorie_contact":"PRESTATAIRE","societe_contact":"","fonction_contact":"","civilite_nom_prenom_contact":"M TERNENGO VALDAMBRINI Fran\u00e7ois ","adresse1_contact":"","adresse2_contact":"","adresse3_contact":"","cpostal_contact":"","ville_contact":"","teldom_contact":"","telbur_contact":"","fax_contact":"","portable_contact":"06 16 45 37 08","email_contact":"","siteweb_contact":"","commentaire_contact":"","langue_contact":"","autre_moyen_com":[]}},"GEST":{"114821":{"id_contact":"114821","type_contact":"GEST","categorie_contact":"PRESTATAIRE","societe_contact":"","fonction_contact":"","civilite_nom_prenom_contact":"Ternengo Valdambrini Fran\u00e7ois ","adresse1_contact":"534 chemin de saquier - maison 7","adresse2_contact":"","adresse3_contact":"","cpostal_contact":"06200","ville_contact":"Nice","teldom_contact":"","telbur_contact":"","fax_contact":"","portable_contact":"06 16 45 37 08","email_contact":"francois.ternengo@wanadoo.fr","siteweb_contact":"","commentaire_contact":"","langue_contact":"","autre_moyen_com":[]}}},"Libelle":"Ternengo Valdambrini Fran\u00e7ois","Nom":"Ternengo Valdambrini Fran\u00e7ois ","Prenom":"","NomPrenom":"Ternengo Valdambrini Fran\u00e7ois  ","CiviliteNomPrenom":"Ternengo Valdambrini Fran\u00e7ois  ","Cle":"G|7133601","PrestataireParent":"","ContexteStat":"PRESTATAIRE-G-7133601","DateModificationIso":"2025-11-19T00:36:00+01:00","Type":"PRESTATAIRE","TypePrestataire":"G","Adresse":{"LigneAdresse1":"","LigneAdresse2":"","LigneAdresse3":"","CodePostal":"","Ville":"","Cedex":"","Etat":"","Pays":""},"Email":"francois.ternengo@wanadoo.fr","Telephone":"06 88 07 93 82","TelephoneBureau":"","Portable":"06 16 45 37 08","SiteWeb":"","Fax":"","Id":"g-7133601","Code":"G|7133601","Fichier":[],"Url":"","Localisation":{"GoogleMap":{"Latitude":"","Longitude":""}},"ZoneGeo":"","Criteres":{"GTIMMO[GPARTI":"","P.3240[100012":"","P.3240[100180":"","P.3240[4920302":"","P.6241[100154":"","P.3218[585905":"","P.3233[591419":"","P.3219[5127176":"","P.3219[7242385":"","P.4805[5505653":"","P.3230[5674661":"","P.VilleSitra[37423":"","P.VillageDeDepart[37423":""},"DateFinPublication":"","AffichageCoordonnees":[]},"listeCriteres":{"DISPONIBILITES":{"DISPORELANCE":""},"GCAPACITE":{"12PERS":""},"NBPERS":{"GCAP12":""},"GLOGEM":{"GCHALI":""},"GEQUIC":{"GLAVEV":""},"GACTIV":{"GINTER":""},"PUBLICATION":{"VALDALLOS":"","VERDONTOURISME":""},"AFFEQUIP":{"WIFI":"","LAVEVAIS":"","LAVELINGEAFF":"","JAR":"","POELE":""},"AFFPRES":{"AFFP3":""},"AFFGTYPE":{"CHALET":""},"GNOMBRE":{"8PERS":""},"22":{"672":"","723":"","1058":"","1479":""},"127":{"811":""},"126":{"1050":""},"122":{"4054":"","4055":"","4063":""},"prestations":{"surchargeTourismesAdaptes":"","surchargeDescriptifHandicapMoteur":"","surchargeDescriptifHandicapAuditif":"","surchargeDescriptifHandicapVisuel":"","surchargeDescriptifHandicapMental":"","surchargeNombreFauteuilsRoulants":""},"73":{"796":"","902":"","973":""},"72":{"842":""},"71":{"877":"","987":""},"70":{"895":"","919":"","922":"","950":""},"68":{"971":""},"languesParlees":{"1197":""},"modesPaiement":{"1271":"","1277":"","1281":""},"tourismeAffaires":{"tourismeAffairesEnabled":"","devise":"EUR"},"hebergementLocatifType":{"2620":""},"informationsHebergementLocatif":{"dateClassement":"2024-06-06"},"classementPrefectoral":{"2629":""},"5401":{"1614":""},"capacite":{"capaciteHebergement":"12","surface":"220","nombreChambres":"4"},"CINTSITRA":{"5660":"","8809":""},"6241":{"126905":"","5740912":""},"3218":{"311229":""},"3220":{"587401":"","5575332":""},"3233":{"591419":""},"3221":{"4876304":""},"3219":{"5127066":"","5239406":""},"3240":{"5778284":""},"3230":{"6139211":""},"VilleSitra":{"37282":""},"VillageDeDepart":{"37282":""},"GLOC":{"G18":""},"LOCVERDON":{"37282":""},"GTIMMO":{"GPARTI":""},"P.3240":{"100012":"","100180":"","4920302":""},"P.6241":{"100154":""},"P.3218":{"585905":""},"P.3233":{"591419":""},"P.3219":{"5127176":"","7242385":""},"P.4805":{"5505653":""},"P.3230":{"5674661":""},"P.VilleSitra":{"37423":""},"P.VillageDeDepart":{"37423":""}},"dansCarnetVoyage":true,"Ouverture":""},"html":" \n \u003Cdiv id=\"CV-PRESTATION-G-7133601-7134089\" data-contexte-id=\"PRESTATION|G|7133601|7134089\" data-cle=\"G|7133601|7134089\" class=\"fiche-liste\"\u003E\n    \n\n    \u003C!-- partie photo --\u003E\n    \u003Cdiv class=\"photo\"\u003E\t\t\t\t\t\t\t\t\t\t\t\t\t\t\t\t\t\t\t\t\t\n        \u003Cdiv class=\"cadre_photo_principale\"\u003E\t\t\n        \n            \t\t\t\t\t\n                    \u003Ca href=\"chalet-3-stelle-val-d-allos.html?origine=carnet#media\"\u003E\n                        \u003Cimg class=\"photo_principale\" alt=\"Vue du chalet \u00e0 double appartement sur 3 \u00e9tages, excentr\u00e9 au milieu de la nature enneig\u00e9e\" src=\"https:\/\/www.valdallos.com\/medias\/images\/prestations\/multitailles\/320x240_79199-20230122_175311_2.jpg\" itemprop=\"image\"\u003E\n                    \u003C\/a\u003E\t\t\t\t\t\t\n                \n                    \u003C\/div\u003E\t\t\t\t\t\t\t\t\t\t\t\t\t\t\t\t\t\t\t \t\t\n    \u003C\/div\u003E\n    \n    \u003C!-- partie nom prest --\u003E\n    \u003Cdiv class=\"nom\"\u003E\n        \u003Ch2\u003ETernengo Francois\u003C\/h2\u003E\n        \n            \u003C\/div\u003E\n\n         \n    \u003C!-- partie adresse --\u003E\n    \u003Cdiv class=\"adresse\"\u003E\n    \n          \n    \u003C\/div\u003E\n    \n    \u003C!-- partie liens --\u003E\n    \u003Cdiv class=\"liens\"\u003E\n            \u003Ca class=\"btn-icon btn-view \" title=\"Vedi il file dettagliato\" href=\"chalet-3-stelle-val-d-allos.html?origine=carnet\"\u003E\u003C\/a\u003E\u003C!--\u003Ca class=\"btn-icon btn-view \" title=\"\" href=\"?origine=carnet#thaut\"\u003E\u003C\/a\u003E--\u003E\n      \u003Ca class=\"btn-icon btn-trash carnet_voyage_supprimer\" title=\"Elimina questo file dal mio diario di viaggio\" href=\"carnet-voyage?action=remove&fiche=G|7133601|7134089\"\u003E\u003C\/a\u003E\n    \u003C\/div\u003E\n\n\u003C\/div\u003E\n\n","icon":"https:\/\/static.ingenie.fr\/images\/carnetVoyageV3\/G.png"},"fiche":"G|7133601|7134089","popup":"\u003Cdiv id=\"bloc_popup_ajout_fiche_carnet\"\u003E\n    \u003Cdiv class=\"info_popup_ajout_fiche_carnet\"\u003E\n        Hai appena aggiunto questo elemento alla tua selezione:    \u003C\/div\u003E\n    \u003Cdiv class=\"prest_popup_ajout_fiche_carnet\"\u003E\n        Ternengo Francois    \u003C\/div\u003E\n    \u003Cdiv class=\"bloc_btn_ajout_fiche_carnet form_submit_div\"\u003E\n        \u003Cinput type=\"button\" value=\"Continua la mia selezione\" title=\"Continua la mia selezione\" name=\"btn_close\" class=\"btn_close_popup_carnet form_submit\" onclick=\"$.colorbox.close()\" \/\u003E\n        \u003Cinput type=\"button\" value=\"Visualizza la mia selezione\" title=\"Visualizza la mia selezione\" name=\"btn_panier\" class=\"btn_panier_popup_carnet form_submit\" onclick=\"if(typeof CarnetVoyage != 'undefined') {CarnetVoyage.voirCarnet();}\" \/\u003E\n    \u003C\/div\u003E\n    \u003Cdiv class=\"bloc_btn_ajout_fiche_carnet\"\u003E\n        \u003Cinput type=\"checkbox\" value=\"1\" name=\"desactiver_popup\" id=\"desactiver_popup\" \/\u003E\n        \u003Clabel for=\"desactiver_popup\"\u003ENon visualizzare pi\u00f9 questo messaggio\u003C\/label\u003E\n    \u003C\/div\u003E\n\u003C\/div\u003E","success":1}