{"nbFiches":1,"dataPrest":{"infoPrest":{"pave1":{"libelle":"Descrittivo","contenu":"10 camere dottori per 5 persone"},"pave2":{"libelle":"Tarifs hiver","contenu":""},"pave3":{"libelle":"Tarifs \u00e9t\u00e9","contenu":""},"pave4":{"libelle":"URL de la r\u00e9servation ou vente en ligne","contenu":""},"pave5":{"libelle":"Descriptif court","contenu":"10 camere dottori per 5 persone"},"pave6":{"libelle":"Descriptif d\u00e9taill\u00e9","contenu":""},"pave7":{"libelle":"Bons plans","contenu":""},"pave8":{"libelle":"Compl\u00e9ment localisation","contenu":""},"pave9":{"libelle":"Compl\u00e9ment accueil","contenu":""},"pave10":{"libelle":"P\u00e9riodes en clair","contenu":"Dal 20\/12\/2025 al 22\/03\/2026 ogni giorno.\u003Cbr \/\u003E\n\u003Cbr \/\u003E\nDal 27\/06 al 30\/08\/2026 ogni giorno."},"pave11":{"libelle":"Tarifs en clair","contenu":"Tasse non incluse."},"pave12":{"libelle":"Compl\u00e9ment Tarifs","contenu":""},"pave13":{"libelle":"Compl\u00e9ment R\u00e9servation","contenu":""},"pave14":{"libelle":"Descriptif court","contenu":""},"pave15":{"libelle":"Descriptif d\u00e9taill\u00e9","contenu":""},"pave16":{"libelle":"Bons plans","contenu":""},"pave17":{"libelle":"Tarifs (Tarifs en clair, Compl\u00e9ment Tarifs)","contenu":""},"pave18":{"libelle":"P\u00e9riodes en clair","contenu":""},"pave19":{"libelle":"Descriptif court","contenu":""},"pave20":{"libelle":"Descriptif d\u00e9taill\u00e9","contenu":""},"pave21":{"libelle":"Bons plans","contenu":""},"pave22":{"libelle":"Tarifs (Tarifs en clair, Compl\u00e9ment Tarifs)","contenu":""},"pave23":{"libelle":"P\u00e9riodes en clair","contenu":""},"pave24":{"libelle":"Nouveaut\u00e9s","contenu":""},"pave25":{"libelle":"Dispositions sp\u00e9ciales","contenu":""},"ContactsParType":{"":{"117194":{"id_contact":"117194","type_contact":"","categorie_contact":"PRESTATAIRE","societe_contact":"","fonction_contact":"","civilite_nom_prenom_contact":"MME hartl francoise ","adresse1_contact":"","adresse2_contact":"","adresse3_contact":"","cpostal_contact":"","ville_contact":"","teldom_contact":"","telbur_contact":"","fax_contact":"","portable_contact":"","email_contact":"","siteweb_contact":"","commentaire_contact":"","langue_contact":"","autre_moyen_com":[]}}},"ZoneGeoLibelle":"Val d\u2019Allos \u2013 Le Seignus","Libelle":"Chez Franz","Nom":"Centre de Vacances Chez Franz","Prenom":"","NomPrenom":"Centre de Vacances Chez Franz ","CiviliteNomPrenom":"Centre de Vacances Chez Franz ","Cle":"H|4619929","PrestataireParent":"H|628166","ContexteStat":"PRESTATAIRE-H-4619929","DateModificationIso":"2026-04-28T13:47:00+02:00","Type":"PRESTATAIRE","TypePrestataire":"H","Adresse":{"LigneAdresse1":"centre station","LigneAdresse2":"Val d'Allos - le Seignus","LigneAdresse3":"","CodePostal":"04260","Ville":"Le Seignus","Cedex":"","Etat":"","Pays":"FRA"},"Email":"francoise.hotel-franz@wanadoo.fr","Telephone":"04 92 83 01 06","TelephoneBureau":"","Portable":"06 85 31 38 98","SiteWeb":"http:\/\/www.hotel-franz.com","Fax":"","Id":"h-4619929","Code":"H|4619929","Fichier":{"Image":[{"url":"https:\/\/www.valdallos.com\/medias\/images\/prestataires\/136587-franz_3_f_hartl.jpg","chemin":"..\/medias\/images\/prestataires\/136587-franz_3_f_hartl.jpg","libelle":"Grande chambre \u00e0 coucher lumineuse sous combles, avec lit double et lits simples, d\u00e9coration en lambris et ameublement bois, fen\u00eatres","extension":"jpg","categorie":"","largeur":1200,"theme":"","hauteur":800,"type":"Image","origine":"","liaisonPave":"","langue":"","id":"136587","urlVignette":"https:\/\/www.valdallos.com\/medias\/images\/prestataires\/v-136587-franz_3_f_hartl.jpg","alt":"Grande chambre \u00e0 coucher lumineuse sous combles, avec lit double et lits simples, d\u00e9coration en lambris et ameublement bois, fen\u00eatres","title":"Grande chambre \u00e0 coucher lumineuse sous combles, avec lit double et lits simples, d\u00e9coration en lambris et ameublement bois, fen\u00eatres","MultiTaille":{"1920x1440":{"url":"https:\/\/www.valdallos.com\/medias\/images\/prestataires\/multitailles\/1920x1440_136587-franz_3_f_hartl.jpg"},"1200x900":{"url":"https:\/\/www.valdallos.com\/medias\/images\/prestataires\/multitailles\/1200x900_136587-franz_3_f_hartl.jpg"},"800x600":{"url":"https:\/\/www.valdallos.com\/medias\/images\/prestataires\/multitailles\/800x600_136587-franz_3_f_hartl.jpg"},"640x480":{"url":"https:\/\/www.valdallos.com\/medias\/images\/prestataires\/multitailles\/640x480_136587-franz_3_f_hartl.jpg"},"320x240":{"url":"https:\/\/www.valdallos.com\/medias\/images\/prestataires\/multitailles\/320x240_136587-franz_3_f_hartl.jpg"},"160x120":{"url":"https:\/\/www.valdallos.com\/medias\/images\/prestataires\/multitailles\/160x120_136587-franz_3_f_hartl.jpg"},"origine":{"url":"https:\/\/www.valdallos.com\/medias\/images\/prestataires\/136587-franz_3_f_hartl.jpg"}},"urlLien":"","typeLien":"","nofollow":"N","copyright":"F Hartl"},{"url":"https:\/\/www.valdallos.com\/medias\/images\/prestataires\/136588-franz3.jpg","chemin":"..\/medias\/images\/prestataires\/136588-franz3.jpg","libelle":"Grande chambre \u00e0 coucher lumineuse sous combles avec lit double et lits simples, d\u00e9coration en lambris et ameublement bois, fen\u00eatres","extension":"jpg","categorie":"","largeur":1200,"theme":"","hauteur":654,"type":"Image","origine":"","liaisonPave":"","langue":"","id":"136588","urlVignette":"https:\/\/www.valdallos.com\/medias\/images\/prestataires\/v-136588-franz3.jpg","alt":"Grande chambre \u00e0 coucher lumineuse sous combles avec lit double et lits simples, d\u00e9coration en lambris et ameublement bois, fen\u00eatres","title":"Grande chambre \u00e0 coucher lumineuse sous combles avec lit double et lits simples, d\u00e9coration en lambris et ameublement bois, fen\u00eatres","MultiTaille":{"1920x1440":{"url":"https:\/\/www.valdallos.com\/medias\/images\/prestataires\/multitailles\/1920x1440_136588-franz3.jpg"},"1200x900":{"url":"https:\/\/www.valdallos.com\/medias\/images\/prestataires\/multitailles\/1200x900_136588-franz3.jpg"},"800x600":{"url":"https:\/\/www.valdallos.com\/medias\/images\/prestataires\/multitailles\/800x600_136588-franz3.jpg"},"640x480":{"url":"https:\/\/www.valdallos.com\/medias\/images\/prestataires\/multitailles\/640x480_136588-franz3.jpg"},"320x240":{"url":"https:\/\/www.valdallos.com\/medias\/images\/prestataires\/multitailles\/320x240_136588-franz3.jpg"},"160x120":{"url":"https:\/\/www.valdallos.com\/medias\/images\/prestataires\/multitailles\/160x120_136588-franz3.jpg"},"origine":{"url":"https:\/\/www.valdallos.com\/medias\/images\/prestataires\/136588-franz3.jpg"}},"urlLien":"","typeLien":"","nofollow":"N","copyright":"office de tourisme du Val d'Allos AG"},{"url":"https:\/\/www.valdallos.com\/medias\/images\/prestataires\/136589-franz_ete.jpg","chemin":"..\/medias\/images\/prestataires\/136589-franz_ete.jpg","libelle":"Ext\u00e9rieur de l'h\u00f4tel, chalet sur 3 \u00e9tages avec terrasse fleurie. Devanture de l'h\u00f4tel. Vue sur les montagnes en \u00e9t\u00e9","extension":"jpg","categorie":"","largeur":1200,"theme":"ETE","hauteur":900,"type":"Image","origine":"","liaisonPave":"","langue":"","id":"136589","urlVignette":"https:\/\/www.valdallos.com\/medias\/images\/prestataires\/v-136589-franz_ete.jpg","alt":"Ext\u00e9rieur de l'h\u00f4tel, chalet sur 3 \u00e9tages avec terrasse fleurie. Devanture de l'h\u00f4tel. Vue sur les montagnes en \u00e9t\u00e9","title":"Ext\u00e9rieur de l'h\u00f4tel, chalet sur 3 \u00e9tages avec terrasse fleurie. Devanture de l'h\u00f4tel. Vue sur les montagnes en \u00e9t\u00e9","MultiTaille":{"1920x1440":{"url":"https:\/\/www.valdallos.com\/medias\/images\/prestataires\/multitailles\/1920x1440_136589-franz_ete.jpg"},"1200x900":{"url":"https:\/\/www.valdallos.com\/medias\/images\/prestataires\/multitailles\/1200x900_136589-franz_ete.jpg"},"800x600":{"url":"https:\/\/www.valdallos.com\/medias\/images\/prestataires\/multitailles\/800x600_136589-franz_ete.jpg"},"640x480":{"url":"https:\/\/www.valdallos.com\/medias\/images\/prestataires\/multitailles\/640x480_136589-franz_ete.jpg"},"320x240":{"url":"https:\/\/www.valdallos.com\/medias\/images\/prestataires\/multitailles\/320x240_136589-franz_ete.jpg"},"160x120":{"url":"https:\/\/www.valdallos.com\/medias\/images\/prestataires\/multitailles\/160x120_136589-franz_ete.jpg"},"origine":{"url":"https:\/\/www.valdallos.com\/medias\/images\/prestataires\/136589-franz_ete.jpg"}},"urlLien":"","typeLien":"","nofollow":"N","copyright":"F Hartl"}],"ByCategorie":{"":[{"url":"https:\/\/www.valdallos.com\/medias\/images\/prestataires\/136587-franz_3_f_hartl.jpg","chemin":"..\/medias\/images\/prestataires\/136587-franz_3_f_hartl.jpg","libelle":"Grande chambre \u00e0 coucher lumineuse sous combles, avec lit double et lits simples, d\u00e9coration en lambris et ameublement bois, fen\u00eatres","extension":"jpg","categorie":"","largeur":1200,"theme":"","hauteur":800,"type":"Image","origine":"","liaisonPave":"","langue":"","id":"136587","urlVignette":"https:\/\/www.valdallos.com\/medias\/images\/prestataires\/v-136587-franz_3_f_hartl.jpg","alt":"Grande chambre \u00e0 coucher lumineuse sous combles, avec lit double et lits simples, d\u00e9coration en lambris et ameublement bois, fen\u00eatres","title":"Grande chambre \u00e0 coucher lumineuse sous combles, avec lit double et lits simples, d\u00e9coration en lambris et ameublement bois, fen\u00eatres","MultiTaille":{"1920x1440":{"url":"https:\/\/www.valdallos.com\/medias\/images\/prestataires\/multitailles\/1920x1440_136587-franz_3_f_hartl.jpg"},"1200x900":{"url":"https:\/\/www.valdallos.com\/medias\/images\/prestataires\/multitailles\/1200x900_136587-franz_3_f_hartl.jpg"},"800x600":{"url":"https:\/\/www.valdallos.com\/medias\/images\/prestataires\/multitailles\/800x600_136587-franz_3_f_hartl.jpg"},"640x480":{"url":"https:\/\/www.valdallos.com\/medias\/images\/prestataires\/multitailles\/640x480_136587-franz_3_f_hartl.jpg"},"320x240":{"url":"https:\/\/www.valdallos.com\/medias\/images\/prestataires\/multitailles\/320x240_136587-franz_3_f_hartl.jpg"},"160x120":{"url":"https:\/\/www.valdallos.com\/medias\/images\/prestataires\/multitailles\/160x120_136587-franz_3_f_hartl.jpg"},"origine":{"url":"https:\/\/www.valdallos.com\/medias\/images\/prestataires\/136587-franz_3_f_hartl.jpg"}},"urlLien":"","typeLien":"","nofollow":"N","copyright":"F Hartl"},{"url":"https:\/\/www.valdallos.com\/medias\/images\/prestataires\/136588-franz3.jpg","chemin":"..\/medias\/images\/prestataires\/136588-franz3.jpg","libelle":"Grande chambre \u00e0 coucher lumineuse sous combles avec lit double et lits simples, d\u00e9coration en lambris et ameublement bois, fen\u00eatres","extension":"jpg","categorie":"","largeur":1200,"theme":"","hauteur":654,"type":"Image","origine":"","liaisonPave":"","langue":"","id":"136588","urlVignette":"https:\/\/www.valdallos.com\/medias\/images\/prestataires\/v-136588-franz3.jpg","alt":"Grande chambre \u00e0 coucher lumineuse sous combles avec lit double et lits simples, d\u00e9coration en lambris et ameublement bois, fen\u00eatres","title":"Grande chambre \u00e0 coucher lumineuse sous combles avec lit double et lits simples, d\u00e9coration en lambris et ameublement bois, fen\u00eatres","MultiTaille":{"1920x1440":{"url":"https:\/\/www.valdallos.com\/medias\/images\/prestataires\/multitailles\/1920x1440_136588-franz3.jpg"},"1200x900":{"url":"https:\/\/www.valdallos.com\/medias\/images\/prestataires\/multitailles\/1200x900_136588-franz3.jpg"},"800x600":{"url":"https:\/\/www.valdallos.com\/medias\/images\/prestataires\/multitailles\/800x600_136588-franz3.jpg"},"640x480":{"url":"https:\/\/www.valdallos.com\/medias\/images\/prestataires\/multitailles\/640x480_136588-franz3.jpg"},"320x240":{"url":"https:\/\/www.valdallos.com\/medias\/images\/prestataires\/multitailles\/320x240_136588-franz3.jpg"},"160x120":{"url":"https:\/\/www.valdallos.com\/medias\/images\/prestataires\/multitailles\/160x120_136588-franz3.jpg"},"origine":{"url":"https:\/\/www.valdallos.com\/medias\/images\/prestataires\/136588-franz3.jpg"}},"urlLien":"","typeLien":"","nofollow":"N","copyright":"office de tourisme du Val d'Allos AG"},{"url":"https:\/\/www.valdallos.com\/medias\/images\/prestataires\/136589-franz_ete.jpg","chemin":"..\/medias\/images\/prestataires\/136589-franz_ete.jpg","libelle":"Ext\u00e9rieur de l'h\u00f4tel, chalet sur 3 \u00e9tages avec terrasse fleurie. Devanture de l'h\u00f4tel. Vue sur les montagnes en \u00e9t\u00e9","extension":"jpg","categorie":"","largeur":1200,"theme":"ETE","hauteur":900,"type":"Image","origine":"","liaisonPave":"","langue":"","id":"136589","urlVignette":"https:\/\/www.valdallos.com\/medias\/images\/prestataires\/v-136589-franz_ete.jpg","alt":"Ext\u00e9rieur de l'h\u00f4tel, chalet sur 3 \u00e9tages avec terrasse fleurie. Devanture de l'h\u00f4tel. Vue sur les montagnes en \u00e9t\u00e9","title":"Ext\u00e9rieur de l'h\u00f4tel, chalet sur 3 \u00e9tages avec terrasse fleurie. Devanture de l'h\u00f4tel. Vue sur les montagnes en \u00e9t\u00e9","MultiTaille":{"1920x1440":{"url":"https:\/\/www.valdallos.com\/medias\/images\/prestataires\/multitailles\/1920x1440_136589-franz_ete.jpg"},"1200x900":{"url":"https:\/\/www.valdallos.com\/medias\/images\/prestataires\/multitailles\/1200x900_136589-franz_ete.jpg"},"800x600":{"url":"https:\/\/www.valdallos.com\/medias\/images\/prestataires\/multitailles\/800x600_136589-franz_ete.jpg"},"640x480":{"url":"https:\/\/www.valdallos.com\/medias\/images\/prestataires\/multitailles\/640x480_136589-franz_ete.jpg"},"320x240":{"url":"https:\/\/www.valdallos.com\/medias\/images\/prestataires\/multitailles\/320x240_136589-franz_ete.jpg"},"160x120":{"url":"https:\/\/www.valdallos.com\/medias\/images\/prestataires\/multitailles\/160x120_136589-franz_ete.jpg"},"origine":{"url":"https:\/\/www.valdallos.com\/medias\/images\/prestataires\/136589-franz_ete.jpg"}},"urlLien":"","typeLien":"","nofollow":"N","copyright":"F Hartl"}]}},"Url":"centro-franz.html","Localisation":{"GoogleMap":{"Latitude":"44.240577","Longitude":"6.616576"},"PlanStation":{"idPlan":"7","nomPlan":"[NEW] Plan Village Allos","carte":"\/plan\/plan_village_2018[HIVER_FR[.jpg","PositionAbs":"327","PositionOrd":"275"}},"ZoneGeo":"","Criteres":{"HINFADH[HFIN":"","INFORE[DDEINF":"","PUBLICATION[VALDALLOS":"","PUBLICATION[VERDONTOURISME":"","DISPONIBILITES[DISPORELANCE":"","TYPEHERBEGEMENT[CENTREDEVACANCES":"","TYPEHEBVERDON[CENTREDEVACANCES":"","HCHAHO[HTYCOL":"","AFFEQUIP[WIFI":"","AFFEQUIP[ANIMAUX":"","AFFEQUIP[CV":"","AFFEQUIP[DEMIPENSION":"","AFFEQUIP[PENSIONCOMPLETE":"","HLOC[G15":"","LOCVERDON[37281":"","HPSEUDO[CENTREDEVACANCESNONMISJ":"","P.127[606":"","P.122[612":"","P.22[723":"","P.22[1058":"","P.125[1106":"","P.services[687":"","P.117[921":"","P.117[1127":"","P.78[1115":"","P.prestations[animauxAcceptes":"","P.prestations[surchargeTourismesAdaptes":"","P.prestations[surchargeDescriptifHandicapMoteur":"","P.prestations[surchargeDescriptifHandicapAuditif":"","P.prestations[surchargeDescriptifHandicapVisuel":"","P.prestations[surchargeDescriptifHandicapMental":"","P.prestations[surchargeNombreFauteuilsRoulants":"","P.71[877":"","P.72[963":"","P.69[3694":"","P.languesParlees[1192":"","P.languesParlees[1197":"","P.3[558":"","P.3[563":"","P.5[593":"","P.114[416":"","P.114[418":"","P.114[435":"","P.114[436":"","P.modesPaiement[1265":"","P.modesPaiement[1268":"","P.modesPaiement[1271":"","P.modesPaiement[1274":"","P.modesPaiement[1277":"","P.tourismeAffaires[tourismeAffairesEnabled":"","P.tourismeAffaires[devise":"EUR","P.hebergementCollectifType[2642":"","P.HebergementCollectifAgrementType[2672":"040061004","P.capacite[capaciteTotale":"90","P.capacite[nombreDortoirs":"6","P.CINTSITRA[5660":"","P.CINTSITRA[5663":"","P.CINTSITRA[5664":"","P.CINTSITRA[8809":"","P.6241[126905":"","P.6241[5740912":"","P.3218[311229":"","P.3220[587401":"","P.3220[5575332":"","P.3233[591419":"","P.3221[4876304":"","P.3219[5127066":"","P.3219[5127127":"","P.3219[5239406":"","P.3219[6436838":"","P.3240[5778284":"","P.6242[5843488":"","P.3230[6139211":"","P.VilleSitra[37281":"","P.VillageDeDepart[1559":"","P.VillageDeDepart[37281":""},"DateFinPublication":"","PrixAPartirDe":"","PrixPour":"","FicheListeEnCours":"fiche_liste_hotel_OT_v3","ParametresModele":{"AfficherPhotos":1,"NbPhotosMax":6,"AfficherReserver":0,"AfficherContact":"1","AfficherSalle":1,"AfficherZoneGeo":"0","AfficherEnSavoirPlus":"0","AfficherUneSeuleOuverture":0,"AfficherContactCarte":1,"AfficherTarifsChaudAPartirDe":0,"AfficherTarifChaudSansRecherche":0,"AfficherVille":"1","BlocCritereInfo":{"critere1":{"libelle":"","liste_critere":["P.classement|H","P.labels|H"]},"critere2":{"libelle":"","liste_critere":["HLOC|H"]},"critere3":{"libelle":""},"critere4":{"libelle":""},"critere5":{"libelle":""},"critere6":{"libelle":"","liste_critere":["P.113|1593|H"]},"critere7":{"libelle":""},"critere8":{"libelle":""},"afficherpictoetpaslibelle":"1"},"BlocPaveInfo":{"texte1":{"pave":["5","14","19"],"longeurmax":"250","afficherLibelle":"0","garderHtml":"0"}},"CriteresComportementDispo":"DISPONIBILITES[PLANNINGACT","PositionBloc":"GALLERIE|ZONEPRINCIPALFICHEPRESTA|NOM|CARNET_VOYAGE","TypePrestataire":"H","ComportementResa":false,"ComportementDispo":false},"AffichageCoordonnees":[],"Coordonnees":{"Ville":"Le Seignus"},"ContexteId":"PRESTATAIRE|H|4619929","ContexteIdHtml":"PRESTATAIRE-H-4619929","cleContexte":"H|4619929","Bloc":{"texte1":"10 camere dottori per 5 persone","texte3":"","critere1":{"libelle":"","contenu":[]},"critere2":{"libelle":"","contenu":{"HLOC":{"libelle":"Localizzare","contenu":{"2":"Val d'Allos - le Seignus"},"codesValeurs":{"2":"HLOC|G15|H"},"criteres_datas":{"valeurs":{"2":{"G15":{"descriptif":""}}}}}}},"critere3":{"libelle":"","contenu":[]},"critere4":{"libelle":"","contenu":[]},"critere5":{"libelle":"","contenu":[]},"critere6":{"libelle":"","contenu":[]},"critere7":{"libelle":"","contenu":[]},"critere8":{"libelle":"","contenu":[]},"critere9":{"libelle":"","contenu":[]}},"LocalisationGps":{"Latitude":"44.240577","Longitude":"6.616576"},"libelleDuPrestataire":"","listeCriteres":{"HINFADH":{"HFIN":""},"INFORE":{"DDEINF":""},"PUBLICATION":{"VALDALLOS":"","VERDONTOURISME":""},"DISPONIBILITES":{"DISPORELANCE":""},"TYPEHERBEGEMENT":{"CENTREDEVACANCES":""},"TYPEHEBVERDON":{"CENTREDEVACANCES":""},"HCHAHO":{"HTYCOL":""},"AFFEQUIP":{"WIFI":"","ANIMAUX":"","CV":"","DEMIPENSION":"","PENSIONCOMPLETE":""},"HLOC":{"G15":""},"LOCVERDON":{"37281":""},"HPSEUDO":{"CENTREDEVACANCESNONMISJ":""},"P.127":{"606":""},"P.122":{"612":""},"P.22":{"723":"","1058":""},"P.125":{"1106":""},"P.services":{"687":""},"P.117":{"921":"","1127":""},"P.78":{"1115":""},"P.prestations":{"animauxAcceptes":"","surchargeTourismesAdaptes":"","surchargeDescriptifHandicapMoteur":"","surchargeDescriptifHandicapAuditif":"","surchargeDescriptifHandicapVisuel":"","surchargeDescriptifHandicapMental":"","surchargeNombreFauteuilsRoulants":""},"P.71":{"877":""},"P.72":{"963":""},"P.69":{"3694":""},"P.languesParlees":{"1192":"","1197":""},"P.3":{"558":"","563":""},"P.5":{"593":""},"P.114":{"416":"","418":"","435":"","436":""},"P.modesPaiement":{"1265":"","1268":"","1271":"","1274":"","1277":""},"P.tourismeAffaires":{"tourismeAffairesEnabled":"","devise":"EUR"},"P.hebergementCollectifType":{"2642":""},"P.HebergementCollectifAgrementType":{"2672":"040061004"},"P.capacite":{"capaciteTotale":"90","nombreDortoirs":"6"},"P.CINTSITRA":{"5660":"","5663":"","5664":"","8809":""},"P.6241":{"126905":"","5740912":""},"P.3218":{"311229":""},"P.3220":{"587401":"","5575332":""},"P.3233":{"591419":""},"P.3221":{"4876304":""},"P.3219":{"5127066":"","5127127":"","5239406":"","6436838":""},"P.3240":{"5778284":""},"P.6242":{"5843488":""},"P.3230":{"6139211":""},"P.VilleSitra":{"37281":""},"P.VillageDeDepart":{"1559":"","37281":""}},"dansCarnetVoyage":true,"Ouverture":""},"html":" \n \u003Cdiv id=\"CV-PRESTATAIRE-H-4619929\" data-contexte-id=\"PRESTATAIRE|H|4619929\" data-cle=\"H|4619929\" class=\"fiche-liste\"\u003E\n    \n\n    \u003C!-- partie photo --\u003E\n    \u003Cdiv class=\"photo\"\u003E\t\t\t\t\t\t\t\t\t\t\t\t\t\t\t\t\t\t\t\t\t\n        \u003Cdiv class=\"cadre_photo_principale\"\u003E\t\t\n        \n            \t\t\t\t\t\n                    \u003Ca href=\"centro-franz.html?origine=carnet#media\"\u003E\n                        \u003Cimg class=\"photo_principale\" alt=\"Grande chambre \u00e0 coucher lumineuse sous combles, avec lit double et lits simples, d\u00e9coration en lambris et ameublement bois, fen\u00eatres\" src=\"https:\/\/www.valdallos.com\/medias\/images\/prestataires\/multitailles\/320x240_136587-franz_3_f_hartl.jpg\" itemprop=\"image\"\u003E\n                    \u003C\/a\u003E\t\t\t\t\t\t\n                \n                    \u003C\/div\u003E\t\t\t\t\t\t\t\t\t\t\t\t\t\t\t\t\t\t\t \t\t\n    \u003C\/div\u003E\n    \n    \u003C!-- partie nom prest --\u003E\n    \u003Cdiv class=\"nom\"\u003E\n        \u003Ch2\u003EChez Franz\u003C\/h2\u003E\n        \n            \u003C\/div\u003E\n\n         \n    \u003C!-- partie adresse --\u003E\n    \u003Cdiv class=\"adresse\"\u003E\n    \n          \n    \u003C\/div\u003E\n    \n    \u003C!-- partie liens --\u003E\n    \u003Cdiv class=\"liens\"\u003E\n            \u003Ca class=\"btn-icon btn-view \" title=\"Vedi il file dettagliato\" href=\"centro-franz.html?origine=carnet\"\u003E\u003C\/a\u003E\u003C!--\u003Ca class=\"btn-icon btn-view \" title=\"\" href=\"?origine=carnet#thaut\"\u003E\u003C\/a\u003E--\u003E\n      \u003Ca class=\"btn-icon btn-trash carnet_voyage_supprimer\" title=\"Elimina questo file dal mio diario di viaggio\" href=\"carnet-voyage?action=remove&fiche=H|4619929\"\u003E\u003C\/a\u003E\n    \u003C\/div\u003E\n\n\u003C\/div\u003E\n\n","icon":"https:\/\/static.ingenie.fr\/images\/carnetVoyageV3\/H.png"},"fiche":"H|4619929","popup":"\u003Cdiv id=\"bloc_popup_ajout_fiche_carnet\"\u003E\n    \u003Cdiv class=\"info_popup_ajout_fiche_carnet\"\u003E\n        Hai appena aggiunto questo elemento alla tua selezione:    \u003C\/div\u003E\n    \u003Cdiv class=\"prest_popup_ajout_fiche_carnet\"\u003E\n        Chez Franz    \u003C\/div\u003E\n    \u003Cdiv class=\"bloc_btn_ajout_fiche_carnet form_submit_div\"\u003E\n        \u003Cinput type=\"button\" value=\"Continua la mia selezione\" title=\"Continua la mia selezione\" name=\"btn_close\" class=\"btn_close_popup_carnet form_submit\" onclick=\"$.colorbox.close()\" \/\u003E\n        \u003Cinput type=\"button\" value=\"Visualizza la mia selezione\" title=\"Visualizza la mia selezione\" name=\"btn_panier\" class=\"btn_panier_popup_carnet form_submit\" onclick=\"if(typeof CarnetVoyage != 'undefined') {CarnetVoyage.voirCarnet();}\" \/\u003E\n    \u003C\/div\u003E\n    \u003Cdiv class=\"bloc_btn_ajout_fiche_carnet\"\u003E\n        \u003Cinput type=\"checkbox\" value=\"1\" name=\"desactiver_popup\" id=\"desactiver_popup\" \/\u003E\n        \u003Clabel for=\"desactiver_popup\"\u003ENon visualizzare pi\u00f9 questo messaggio\u003C\/label\u003E\n    \u003C\/div\u003E\n\u003C\/div\u003E","success":1}