{"nbFiches":1,"dataPrest":{"infoPrest":{"pave1":{"libelle":"Descrittivo","contenu":"Albergo ai piedi delle piste"},"pave2":{"libelle":"Tarifs hiver","contenu":""},"pave3":{"libelle":"Tarifs \u00e9t\u00e9","contenu":""},"pave4":{"libelle":"URL de la r\u00e9servation ou vente en ligne","contenu":""},"pave5":{"libelle":"Descriptif court","contenu":"Albergo ai piedi delle piste"},"pave6":{"libelle":"Descriptif d\u00e9taill\u00e9","contenu":""},"pave7":{"libelle":"Bons plans","contenu":""},"pave8":{"libelle":"Compl\u00e9ment localisation","contenu":""},"pave9":{"libelle":"Compl\u00e9ment accueil","contenu":""},"pave10":{"libelle":"P\u00e9riodes en clair","contenu":"Dal 20\/12\/2025 al 22\/03\/2026 ogni giorno.\u003Cbr \/\u003E\n\u003Cbr \/\u003E\nDal 27\/06 al 06\/09\/2026 il sabato."},"pave11":{"libelle":"Tarifs en clair","contenu":"Dal 13\/12\/2025 al 22\/03\/2026\u003Cbr \/\u003E\nCamera doppia: a partire da 79 \u20ac\u003Cbr \/\u003E\nMezza pensione: a partire da 75 \u20ac\u003Cbr \/\u003E\nPrima colazione: 7,50 \u20ac.\u003Cbr \/\u003E\n\u003Cbr \/\u003E\nDal 27\/06 al 06\/09\/2026\u003Cbr \/\u003E\nCamera doppia: 83 \u20ac\u003Cbr \/\u003E\nMezza pensione: 75 \u20ac\u003Cbr \/\u003E\nPrima colazione: 7,50 \u20ac.\u003Cbr \/\u003E\n\u003Cbr \/\u003E\n\u003Cbr \/\u003E\nTasse non incluse."},"pave12":{"libelle":"Compl\u00e9ment Tarifs","contenu":""},"pave13":{"libelle":"Compl\u00e9ment R\u00e9servation","contenu":""},"pave14":{"libelle":"Descriptif court","contenu":""},"pave15":{"libelle":"Descriptif d\u00e9taill\u00e9","contenu":""},"pave16":{"libelle":"Bons plans","contenu":""},"pave17":{"libelle":"Tarifs (Tarifs en clair, Compl\u00e9ment Tarifs)","contenu":""},"pave18":{"libelle":"P\u00e9riodes en clair","contenu":""},"pave19":{"libelle":"Descriptif court","contenu":""},"pave20":{"libelle":"Descriptif d\u00e9taill\u00e9","contenu":""},"pave21":{"libelle":"Bons plans","contenu":""},"pave22":{"libelle":"Tarifs (Tarifs en clair, Compl\u00e9ment Tarifs)","contenu":""},"pave23":{"libelle":"P\u00e9riodes en clair","contenu":""},"pave24":{"libelle":"Nouveaut\u00e9s","contenu":""},"pave25":{"libelle":"Dispositions sp\u00e9ciales","contenu":""},"ContactsParType":{"":{"117908":{"id_contact":"117908","type_contact":"","categorie_contact":"PRESTATAIRE","societe_contact":"","fonction_contact":"","civilite_nom_prenom_contact":"MME hartl francoise ","adresse1_contact":"","adresse2_contact":"","adresse3_contact":"","cpostal_contact":"","ville_contact":"","teldom_contact":"","telbur_contact":"","fax_contact":"","portable_contact":"","email_contact":"","siteweb_contact":"","commentaire_contact":"","langue_contact":"","autre_moyen_com":[]}}},"ZoneGeoLibelle":"Val d\u2019Allos \u2013 Le Seignus","Libelle":"Albergo Chez Franz","Nom":"H\u00f4tel Chez Franz","Prenom":"","NomPrenom":"H\u00f4tel Chez Franz ","CiviliteNomPrenom":"H\u00f4tel Chez Franz ","Cle":"H|628166","PrestataireParent":"","ContexteStat":"PRESTATAIRE-H-628166","DateModificationIso":"2026-04-27T13:47:00+02:00","Type":"PRESTATAIRE","TypePrestataire":"H","Adresse":{"LigneAdresse1":"centre station","LigneAdresse2":"Val d'Allos - le Seignus","LigneAdresse3":"","CodePostal":"04260","Ville":"Le Seignus","Cedex":"","Etat":"","Pays":"FRA"},"Email":"francoise.hotel-franz@wanadoo.fr","Telephone":"04 92 83 01 06","TelephoneBureau":"","Portable":"06 85 31 38 98","SiteWeb":"http:\/\/www.hotel-franz.com","Fax":"","Id":"h-628166","Code":"H|628166","Fichier":{"Image":[{"url":"https:\/\/www.valdallos.com\/medias\/images\/prestataires\/138342-franz_ete.jpg","chemin":"..\/medias\/images\/prestataires\/138342-franz_ete.jpg","libelle":"Hotel chez Franz","extension":"jpg","categorie":"","largeur":1200,"theme":"ETE","hauteur":900,"type":"Image","origine":"","liaisonPave":"","langue":"","id":"138342","urlVignette":"https:\/\/www.valdallos.com\/medias\/images\/prestataires\/v-138342-franz_ete.jpg","alt":"Hotel chez Franz","title":"Hotel chez Franz","MultiTaille":{"1920x1440":{"url":"https:\/\/www.valdallos.com\/medias\/images\/prestataires\/multitailles\/1920x1440_138342-franz_ete.jpg"},"1200x900":{"url":"https:\/\/www.valdallos.com\/medias\/images\/prestataires\/multitailles\/1200x900_138342-franz_ete.jpg"},"800x600":{"url":"https:\/\/www.valdallos.com\/medias\/images\/prestataires\/multitailles\/800x600_138342-franz_ete.jpg"},"640x480":{"url":"https:\/\/www.valdallos.com\/medias\/images\/prestataires\/multitailles\/640x480_138342-franz_ete.jpg"},"320x240":{"url":"https:\/\/www.valdallos.com\/medias\/images\/prestataires\/multitailles\/320x240_138342-franz_ete.jpg"},"160x120":{"url":"https:\/\/www.valdallos.com\/medias\/images\/prestataires\/multitailles\/160x120_138342-franz_ete.jpg"},"origine":{"url":"https:\/\/www.valdallos.com\/medias\/images\/prestataires\/138342-franz_ete.jpg"}},"urlLien":"","typeLien":"","nofollow":"N","copyright":"F hartl"},{"url":"https:\/\/www.valdallos.com\/medias\/images\/prestataires\/138344-franz_3.jpg","chemin":"..\/medias\/images\/prestataires\/138344-franz_3.jpg","libelle":"Hotel Franz","extension":"jpg","categorie":"","largeur":1200,"theme":"","hauteur":900,"type":"Image","origine":"","liaisonPave":"","langue":"","id":"138344","urlVignette":"https:\/\/www.valdallos.com\/medias\/images\/prestataires\/v-138344-franz_3.jpg","alt":"Hotel Franz","title":"Hotel Franz","MultiTaille":{"1920x1440":{"url":"https:\/\/www.valdallos.com\/medias\/images\/prestataires\/multitailles\/1920x1440_138344-franz_3.jpg"},"1200x900":{"url":"https:\/\/www.valdallos.com\/medias\/images\/prestataires\/multitailles\/1200x900_138344-franz_3.jpg"},"800x600":{"url":"https:\/\/www.valdallos.com\/medias\/images\/prestataires\/multitailles\/800x600_138344-franz_3.jpg"},"640x480":{"url":"https:\/\/www.valdallos.com\/medias\/images\/prestataires\/multitailles\/640x480_138344-franz_3.jpg"},"320x240":{"url":"https:\/\/www.valdallos.com\/medias\/images\/prestataires\/multitailles\/320x240_138344-franz_3.jpg"},"160x120":{"url":"https:\/\/www.valdallos.com\/medias\/images\/prestataires\/multitailles\/160x120_138344-franz_3.jpg"},"origine":{"url":"https:\/\/www.valdallos.com\/medias\/images\/prestataires\/138344-franz_3.jpg"}},"urlLien":"","typeLien":"","nofollow":"N","copyright":"office de tourisme du Val d'Allos AG\/F Hartl"},{"url":"https:\/\/www.valdallos.com\/medias\/images\/prestataires\/138345-franz3.jpg","chemin":"..\/medias\/images\/prestataires\/138345-franz3.jpg","libelle":"Hotel Franz","extension":"jpg","categorie":"","largeur":1200,"theme":"","hauteur":654,"type":"Image","origine":"","liaisonPave":"","langue":"","id":"138345","urlVignette":"https:\/\/www.valdallos.com\/medias\/images\/prestataires\/v-138345-franz3.jpg","alt":"Hotel Franz","title":"Hotel Franz","MultiTaille":{"1920x1440":{"url":"https:\/\/www.valdallos.com\/medias\/images\/prestataires\/multitailles\/1920x1440_138345-franz3.jpg"},"1200x900":{"url":"https:\/\/www.valdallos.com\/medias\/images\/prestataires\/multitailles\/1200x900_138345-franz3.jpg"},"800x600":{"url":"https:\/\/www.valdallos.com\/medias\/images\/prestataires\/multitailles\/800x600_138345-franz3.jpg"},"640x480":{"url":"https:\/\/www.valdallos.com\/medias\/images\/prestataires\/multitailles\/640x480_138345-franz3.jpg"},"320x240":{"url":"https:\/\/www.valdallos.com\/medias\/images\/prestataires\/multitailles\/320x240_138345-franz3.jpg"},"160x120":{"url":"https:\/\/www.valdallos.com\/medias\/images\/prestataires\/multitailles\/160x120_138345-franz3.jpg"},"origine":{"url":"https:\/\/www.valdallos.com\/medias\/images\/prestataires\/138345-franz3.jpg"}},"urlLien":"","typeLien":"","nofollow":"N","copyright":"office de tourisme du Val d'Allos AG"},{"url":"https:\/\/www.valdallos.com\/medias\/images\/prestataires\/138346-franz_6.jpg","chemin":"..\/medias\/images\/prestataires\/138346-franz_6.jpg","libelle":"H\u00f4tel Chez Franz","extension":"jpg","categorie":"","largeur":1200,"theme":"","hauteur":900,"type":"Image","origine":"","liaisonPave":"","langue":"","id":"138346","urlVignette":"https:\/\/www.valdallos.com\/medias\/images\/prestataires\/v-138346-franz_6.jpg","alt":"H\u00f4tel Chez Franz","title":"H\u00f4tel Chez Franz","MultiTaille":{"1920x1440":{"url":"https:\/\/www.valdallos.com\/medias\/images\/prestataires\/multitailles\/1920x1440_138346-franz_6.jpg"},"1200x900":{"url":"https:\/\/www.valdallos.com\/medias\/images\/prestataires\/multitailles\/1200x900_138346-franz_6.jpg"},"800x600":{"url":"https:\/\/www.valdallos.com\/medias\/images\/prestataires\/multitailles\/800x600_138346-franz_6.jpg"},"640x480":{"url":"https:\/\/www.valdallos.com\/medias\/images\/prestataires\/multitailles\/640x480_138346-franz_6.jpg"},"320x240":{"url":"https:\/\/www.valdallos.com\/medias\/images\/prestataires\/multitailles\/320x240_138346-franz_6.jpg"},"160x120":{"url":"https:\/\/www.valdallos.com\/medias\/images\/prestataires\/multitailles\/160x120_138346-franz_6.jpg"},"origine":{"url":"https:\/\/www.valdallos.com\/medias\/images\/prestataires\/138346-franz_6.jpg"}},"urlLien":"","typeLien":"","nofollow":"N","copyright":"office de tourisme du Val d'Allos AG"},{"url":"https:\/\/www.valdallos.com\/medias\/images\/prestataires\/138347-franz_f_hartlaurelien.jpg","chemin":"..\/medias\/images\/prestataires\/138347-franz_f_hartlaurelien.jpg","libelle":"Restaurant Chez Franz","extension":"jpg","categorie":"","largeur":1200,"theme":"ETE","hauteur":900,"type":"Image","origine":"","liaisonPave":"","langue":"","id":"138347","urlVignette":"https:\/\/www.valdallos.com\/medias\/images\/prestataires\/v-138347-franz_f_hartlaurelien.jpg","alt":"Restaurant Chez Franz","title":"Restaurant Chez Franz","MultiTaille":{"1920x1440":{"url":"https:\/\/www.valdallos.com\/medias\/images\/prestataires\/multitailles\/1920x1440_138347-franz_f_hartlaurelien.jpg"},"1200x900":{"url":"https:\/\/www.valdallos.com\/medias\/images\/prestataires\/multitailles\/1200x900_138347-franz_f_hartlaurelien.jpg"},"800x600":{"url":"https:\/\/www.valdallos.com\/medias\/images\/prestataires\/multitailles\/800x600_138347-franz_f_hartlaurelien.jpg"},"640x480":{"url":"https:\/\/www.valdallos.com\/medias\/images\/prestataires\/multitailles\/640x480_138347-franz_f_hartlaurelien.jpg"},"320x240":{"url":"https:\/\/www.valdallos.com\/medias\/images\/prestataires\/multitailles\/320x240_138347-franz_f_hartlaurelien.jpg"},"160x120":{"url":"https:\/\/www.valdallos.com\/medias\/images\/prestataires\/multitailles\/160x120_138347-franz_f_hartlaurelien.jpg"},"origine":{"url":"https:\/\/www.valdallos.com\/medias\/images\/prestataires\/138347-franz_f_hartlaurelien.jpg"}},"urlLien":"","typeLien":"","nofollow":"N","copyright":"F Hartl"},{"url":"https:\/\/www.valdallos.com\/medias\/images\/prestataires\/138343-franz_hiver.jpg","chemin":"..\/medias\/images\/prestataires\/138343-franz_hiver.jpg","libelle":"H\u00f4tel Chez Franz","extension":"jpg","categorie":"","largeur":1125,"theme":"HIVER","hauteur":828,"type":"Image","origine":"","liaisonPave":"","langue":"","id":"138343","urlVignette":"https:\/\/www.valdallos.com\/medias\/images\/prestataires\/v-138343-franz_hiver.jpg","alt":"H\u00f4tel Chez Franz","title":"H\u00f4tel Chez Franz","MultiTaille":{"1920x1440":{"url":"https:\/\/www.valdallos.com\/medias\/images\/prestataires\/multitailles\/1920x1440_138343-franz_hiver.jpg"},"1200x900":{"url":"https:\/\/www.valdallos.com\/medias\/images\/prestataires\/multitailles\/1200x900_138343-franz_hiver.jpg"},"800x600":{"url":"https:\/\/www.valdallos.com\/medias\/images\/prestataires\/multitailles\/800x600_138343-franz_hiver.jpg"},"640x480":{"url":"https:\/\/www.valdallos.com\/medias\/images\/prestataires\/multitailles\/640x480_138343-franz_hiver.jpg"},"320x240":{"url":"https:\/\/www.valdallos.com\/medias\/images\/prestataires\/multitailles\/320x240_138343-franz_hiver.jpg"},"160x120":{"url":"https:\/\/www.valdallos.com\/medias\/images\/prestataires\/multitailles\/160x120_138343-franz_hiver.jpg"},"origine":{"url":"https:\/\/www.valdallos.com\/medias\/images\/prestataires\/138343-franz_hiver.jpg"}},"urlLien":"","typeLien":"","nofollow":"N","copyright":"F Hartl"},{"url":"https:\/\/www.valdallos.com\/medias\/images\/prestataires\/138348-franz_image00003_f_hartl.jpg","chemin":"..\/medias\/images\/prestataires\/138348-franz_image00003_f_hartl.jpg","libelle":"Restaurant Chez Franz","extension":"jpg","categorie":"","largeur":1200,"theme":"HIVER","hauteur":900,"type":"Image","origine":"","liaisonPave":"","langue":"","id":"138348","urlVignette":"https:\/\/www.valdallos.com\/medias\/images\/prestataires\/v-138348-franz_image00003_f_hartl.jpg","alt":"Restaurant Chez Franz","title":"Restaurant Chez Franz","MultiTaille":{"1920x1440":{"url":"https:\/\/www.valdallos.com\/medias\/images\/prestataires\/multitailles\/1920x1440_138348-franz_image00003_f_hartl.jpg"},"1200x900":{"url":"https:\/\/www.valdallos.com\/medias\/images\/prestataires\/multitailles\/1200x900_138348-franz_image00003_f_hartl.jpg"},"800x600":{"url":"https:\/\/www.valdallos.com\/medias\/images\/prestataires\/multitailles\/800x600_138348-franz_image00003_f_hartl.jpg"},"640x480":{"url":"https:\/\/www.valdallos.com\/medias\/images\/prestataires\/multitailles\/640x480_138348-franz_image00003_f_hartl.jpg"},"320x240":{"url":"https:\/\/www.valdallos.com\/medias\/images\/prestataires\/multitailles\/320x240_138348-franz_image00003_f_hartl.jpg"},"160x120":{"url":"https:\/\/www.valdallos.com\/medias\/images\/prestataires\/multitailles\/160x120_138348-franz_image00003_f_hartl.jpg"},"origine":{"url":"https:\/\/www.valdallos.com\/medias\/images\/prestataires\/138348-franz_image00003_f_hartl.jpg"}},"urlLien":"","typeLien":"","nofollow":"N","copyright":"F Hartl"}],"ByCategorie":{"":[{"url":"https:\/\/www.valdallos.com\/medias\/images\/prestataires\/138342-franz_ete.jpg","chemin":"..\/medias\/images\/prestataires\/138342-franz_ete.jpg","libelle":"Hotel chez Franz","extension":"jpg","categorie":"","largeur":1200,"theme":"ETE","hauteur":900,"type":"Image","origine":"","liaisonPave":"","langue":"","id":"138342","urlVignette":"https:\/\/www.valdallos.com\/medias\/images\/prestataires\/v-138342-franz_ete.jpg","alt":"Hotel chez Franz","title":"Hotel chez Franz","MultiTaille":{"1920x1440":{"url":"https:\/\/www.valdallos.com\/medias\/images\/prestataires\/multitailles\/1920x1440_138342-franz_ete.jpg"},"1200x900":{"url":"https:\/\/www.valdallos.com\/medias\/images\/prestataires\/multitailles\/1200x900_138342-franz_ete.jpg"},"800x600":{"url":"https:\/\/www.valdallos.com\/medias\/images\/prestataires\/multitailles\/800x600_138342-franz_ete.jpg"},"640x480":{"url":"https:\/\/www.valdallos.com\/medias\/images\/prestataires\/multitailles\/640x480_138342-franz_ete.jpg"},"320x240":{"url":"https:\/\/www.valdallos.com\/medias\/images\/prestataires\/multitailles\/320x240_138342-franz_ete.jpg"},"160x120":{"url":"https:\/\/www.valdallos.com\/medias\/images\/prestataires\/multitailles\/160x120_138342-franz_ete.jpg"},"origine":{"url":"https:\/\/www.valdallos.com\/medias\/images\/prestataires\/138342-franz_ete.jpg"}},"urlLien":"","typeLien":"","nofollow":"N","copyright":"F hartl"},{"url":"https:\/\/www.valdallos.com\/medias\/images\/prestataires\/138344-franz_3.jpg","chemin":"..\/medias\/images\/prestataires\/138344-franz_3.jpg","libelle":"Hotel Franz","extension":"jpg","categorie":"","largeur":1200,"theme":"","hauteur":900,"type":"Image","origine":"","liaisonPave":"","langue":"","id":"138344","urlVignette":"https:\/\/www.valdallos.com\/medias\/images\/prestataires\/v-138344-franz_3.jpg","alt":"Hotel Franz","title":"Hotel Franz","MultiTaille":{"1920x1440":{"url":"https:\/\/www.valdallos.com\/medias\/images\/prestataires\/multitailles\/1920x1440_138344-franz_3.jpg"},"1200x900":{"url":"https:\/\/www.valdallos.com\/medias\/images\/prestataires\/multitailles\/1200x900_138344-franz_3.jpg"},"800x600":{"url":"https:\/\/www.valdallos.com\/medias\/images\/prestataires\/multitailles\/800x600_138344-franz_3.jpg"},"640x480":{"url":"https:\/\/www.valdallos.com\/medias\/images\/prestataires\/multitailles\/640x480_138344-franz_3.jpg"},"320x240":{"url":"https:\/\/www.valdallos.com\/medias\/images\/prestataires\/multitailles\/320x240_138344-franz_3.jpg"},"160x120":{"url":"https:\/\/www.valdallos.com\/medias\/images\/prestataires\/multitailles\/160x120_138344-franz_3.jpg"},"origine":{"url":"https:\/\/www.valdallos.com\/medias\/images\/prestataires\/138344-franz_3.jpg"}},"urlLien":"","typeLien":"","nofollow":"N","copyright":"office de tourisme du Val d'Allos AG\/F Hartl"},{"url":"https:\/\/www.valdallos.com\/medias\/images\/prestataires\/138345-franz3.jpg","chemin":"..\/medias\/images\/prestataires\/138345-franz3.jpg","libelle":"Hotel Franz","extension":"jpg","categorie":"","largeur":1200,"theme":"","hauteur":654,"type":"Image","origine":"","liaisonPave":"","langue":"","id":"138345","urlVignette":"https:\/\/www.valdallos.com\/medias\/images\/prestataires\/v-138345-franz3.jpg","alt":"Hotel Franz","title":"Hotel Franz","MultiTaille":{"1920x1440":{"url":"https:\/\/www.valdallos.com\/medias\/images\/prestataires\/multitailles\/1920x1440_138345-franz3.jpg"},"1200x900":{"url":"https:\/\/www.valdallos.com\/medias\/images\/prestataires\/multitailles\/1200x900_138345-franz3.jpg"},"800x600":{"url":"https:\/\/www.valdallos.com\/medias\/images\/prestataires\/multitailles\/800x600_138345-franz3.jpg"},"640x480":{"url":"https:\/\/www.valdallos.com\/medias\/images\/prestataires\/multitailles\/640x480_138345-franz3.jpg"},"320x240":{"url":"https:\/\/www.valdallos.com\/medias\/images\/prestataires\/multitailles\/320x240_138345-franz3.jpg"},"160x120":{"url":"https:\/\/www.valdallos.com\/medias\/images\/prestataires\/multitailles\/160x120_138345-franz3.jpg"},"origine":{"url":"https:\/\/www.valdallos.com\/medias\/images\/prestataires\/138345-franz3.jpg"}},"urlLien":"","typeLien":"","nofollow":"N","copyright":"office de tourisme du Val d'Allos AG"},{"url":"https:\/\/www.valdallos.com\/medias\/images\/prestataires\/138346-franz_6.jpg","chemin":"..\/medias\/images\/prestataires\/138346-franz_6.jpg","libelle":"H\u00f4tel Chez Franz","extension":"jpg","categorie":"","largeur":1200,"theme":"","hauteur":900,"type":"Image","origine":"","liaisonPave":"","langue":"","id":"138346","urlVignette":"https:\/\/www.valdallos.com\/medias\/images\/prestataires\/v-138346-franz_6.jpg","alt":"H\u00f4tel Chez Franz","title":"H\u00f4tel Chez Franz","MultiTaille":{"1920x1440":{"url":"https:\/\/www.valdallos.com\/medias\/images\/prestataires\/multitailles\/1920x1440_138346-franz_6.jpg"},"1200x900":{"url":"https:\/\/www.valdallos.com\/medias\/images\/prestataires\/multitailles\/1200x900_138346-franz_6.jpg"},"800x600":{"url":"https:\/\/www.valdallos.com\/medias\/images\/prestataires\/multitailles\/800x600_138346-franz_6.jpg"},"640x480":{"url":"https:\/\/www.valdallos.com\/medias\/images\/prestataires\/multitailles\/640x480_138346-franz_6.jpg"},"320x240":{"url":"https:\/\/www.valdallos.com\/medias\/images\/prestataires\/multitailles\/320x240_138346-franz_6.jpg"},"160x120":{"url":"https:\/\/www.valdallos.com\/medias\/images\/prestataires\/multitailles\/160x120_138346-franz_6.jpg"},"origine":{"url":"https:\/\/www.valdallos.com\/medias\/images\/prestataires\/138346-franz_6.jpg"}},"urlLien":"","typeLien":"","nofollow":"N","copyright":"office de tourisme du Val d'Allos AG"},{"url":"https:\/\/www.valdallos.com\/medias\/images\/prestataires\/138347-franz_f_hartlaurelien.jpg","chemin":"..\/medias\/images\/prestataires\/138347-franz_f_hartlaurelien.jpg","libelle":"Restaurant Chez Franz","extension":"jpg","categorie":"","largeur":1200,"theme":"ETE","hauteur":900,"type":"Image","origine":"","liaisonPave":"","langue":"","id":"138347","urlVignette":"https:\/\/www.valdallos.com\/medias\/images\/prestataires\/v-138347-franz_f_hartlaurelien.jpg","alt":"Restaurant Chez Franz","title":"Restaurant Chez Franz","MultiTaille":{"1920x1440":{"url":"https:\/\/www.valdallos.com\/medias\/images\/prestataires\/multitailles\/1920x1440_138347-franz_f_hartlaurelien.jpg"},"1200x900":{"url":"https:\/\/www.valdallos.com\/medias\/images\/prestataires\/multitailles\/1200x900_138347-franz_f_hartlaurelien.jpg"},"800x600":{"url":"https:\/\/www.valdallos.com\/medias\/images\/prestataires\/multitailles\/800x600_138347-franz_f_hartlaurelien.jpg"},"640x480":{"url":"https:\/\/www.valdallos.com\/medias\/images\/prestataires\/multitailles\/640x480_138347-franz_f_hartlaurelien.jpg"},"320x240":{"url":"https:\/\/www.valdallos.com\/medias\/images\/prestataires\/multitailles\/320x240_138347-franz_f_hartlaurelien.jpg"},"160x120":{"url":"https:\/\/www.valdallos.com\/medias\/images\/prestataires\/multitailles\/160x120_138347-franz_f_hartlaurelien.jpg"},"origine":{"url":"https:\/\/www.valdallos.com\/medias\/images\/prestataires\/138347-franz_f_hartlaurelien.jpg"}},"urlLien":"","typeLien":"","nofollow":"N","copyright":"F Hartl"},{"url":"https:\/\/www.valdallos.com\/medias\/images\/prestataires\/138343-franz_hiver.jpg","chemin":"..\/medias\/images\/prestataires\/138343-franz_hiver.jpg","libelle":"H\u00f4tel Chez Franz","extension":"jpg","categorie":"","largeur":1125,"theme":"HIVER","hauteur":828,"type":"Image","origine":"","liaisonPave":"","langue":"","id":"138343","urlVignette":"https:\/\/www.valdallos.com\/medias\/images\/prestataires\/v-138343-franz_hiver.jpg","alt":"H\u00f4tel Chez Franz","title":"H\u00f4tel Chez Franz","MultiTaille":{"1920x1440":{"url":"https:\/\/www.valdallos.com\/medias\/images\/prestataires\/multitailles\/1920x1440_138343-franz_hiver.jpg"},"1200x900":{"url":"https:\/\/www.valdallos.com\/medias\/images\/prestataires\/multitailles\/1200x900_138343-franz_hiver.jpg"},"800x600":{"url":"https:\/\/www.valdallos.com\/medias\/images\/prestataires\/multitailles\/800x600_138343-franz_hiver.jpg"},"640x480":{"url":"https:\/\/www.valdallos.com\/medias\/images\/prestataires\/multitailles\/640x480_138343-franz_hiver.jpg"},"320x240":{"url":"https:\/\/www.valdallos.com\/medias\/images\/prestataires\/multitailles\/320x240_138343-franz_hiver.jpg"},"160x120":{"url":"https:\/\/www.valdallos.com\/medias\/images\/prestataires\/multitailles\/160x120_138343-franz_hiver.jpg"},"origine":{"url":"https:\/\/www.valdallos.com\/medias\/images\/prestataires\/138343-franz_hiver.jpg"}},"urlLien":"","typeLien":"","nofollow":"N","copyright":"F Hartl"},{"url":"https:\/\/www.valdallos.com\/medias\/images\/prestataires\/138348-franz_image00003_f_hartl.jpg","chemin":"..\/medias\/images\/prestataires\/138348-franz_image00003_f_hartl.jpg","libelle":"Restaurant Chez Franz","extension":"jpg","categorie":"","largeur":1200,"theme":"HIVER","hauteur":900,"type":"Image","origine":"","liaisonPave":"","langue":"","id":"138348","urlVignette":"https:\/\/www.valdallos.com\/medias\/images\/prestataires\/v-138348-franz_image00003_f_hartl.jpg","alt":"Restaurant Chez Franz","title":"Restaurant Chez Franz","MultiTaille":{"1920x1440":{"url":"https:\/\/www.valdallos.com\/medias\/images\/prestataires\/multitailles\/1920x1440_138348-franz_image00003_f_hartl.jpg"},"1200x900":{"url":"https:\/\/www.valdallos.com\/medias\/images\/prestataires\/multitailles\/1200x900_138348-franz_image00003_f_hartl.jpg"},"800x600":{"url":"https:\/\/www.valdallos.com\/medias\/images\/prestataires\/multitailles\/800x600_138348-franz_image00003_f_hartl.jpg"},"640x480":{"url":"https:\/\/www.valdallos.com\/medias\/images\/prestataires\/multitailles\/640x480_138348-franz_image00003_f_hartl.jpg"},"320x240":{"url":"https:\/\/www.valdallos.com\/medias\/images\/prestataires\/multitailles\/320x240_138348-franz_image00003_f_hartl.jpg"},"160x120":{"url":"https:\/\/www.valdallos.com\/medias\/images\/prestataires\/multitailles\/160x120_138348-franz_image00003_f_hartl.jpg"},"origine":{"url":"https:\/\/www.valdallos.com\/medias\/images\/prestataires\/138348-franz_image00003_f_hartl.jpg"}},"urlLien":"","typeLien":"","nofollow":"N","copyright":"F Hartl"}]}},"Url":"albergo-chez-franz-non-classificato.html","Localisation":{"GoogleMap":{"Latitude":"44.240577","Longitude":"6.616576"},"PlanStation":{"idPlan":"7","nomPlan":"[NEW] Plan Village Allos","carte":"\/plan\/plan_village_2018[HIVER_FR[.jpg","PositionAbs":"328","PositionOrd":"279"}},"ZoneGeo":"","Criteres":{"HINFADH[HFIN":"","INFORE[DDEINF":"","PUBLICATION[VALDALLOS":"","PUBLICATION[VERDONTOURISME":"","DISPONIBILITES[DISPORELANCE":"","TYPEHERBEGEMENT[HOTEL":"","TYPEHEBVERDON[HOTEL":"","HAAGRENUM[HAGRE":"040061004","HCLASS[H0ETOI":"","AFFEQUIP[WIFI":"","AFFEQUIP[ANIMAUX":"","AFFEQUIP[CV":"","AFFEQUIP[DEMIPENSION":"","AFFEQUIP[PENSIONCOMPLETE":"","HLOC[G15":"","LOCVERDON[37281":"","P.127[606":"","P.122[612":"","P.122[715":"","P.22[723":"","P.22[1058":"","P.125[1106":"","P.equipements[1300":"","P.services[687":"","P.117[921":"","P.117[926":"","P.117[1127":"","P.78[1115":"","P.119[1177":"","P.prestations[animauxAcceptes":"","P.prestations[surchargeTourismesAdaptes":"","P.prestations[surchargeDescriptifHandicapMoteur":"","P.prestations[surchargeDescriptifHandicapAuditif":"","P.prestations[surchargeDescriptifHandicapVisuel":"","P.prestations[surchargeDescriptifHandicapMental":"","P.prestations[surchargeNombreFauteuilsRoulants":"","P.73[850":"","P.71[877":"","P.72[963":"","P.69[3694":"","P.languesParlees[1192":"","P.languesParlees[1197":"","P.tourismesAdaptes[3651":"","P.3[558":"","P.3[563":"","P.5[593":"","P.environnements[171":"","P.environnements[178":"","P.environnements[184":"","P.environnements[193":"","P.114[416":"","P.114[418":"","P.114[435":"","P.114[436":"","P.modesPaiement[1265":"","P.modesPaiement[1268":"","P.modesPaiement[1271":"","P.modesPaiement[1274":"","P.modesPaiement[1277":"","P.tourismeAffaires[tourismeAffairesEnabled":"","P.tourismeAffaires[devise":"EUR","P.hotellerieType[2736":"","P.classement[2756":"","P.capacite[nombreChambresDeclareesHotelier":"22","P.capacite[nombreTotalPersonnes":"90","P.capacite[nombreTotalPersonnesReel":"80","P.CINTSITRA[5660":"","P.CINTSITRA[5663":"","P.CINTSITRA[5664":"","P.CINTSITRA[8809":"","P.6241[126905":"","P.6241[5740912":"","P.3218[311229":"","P.3220[587401":"","P.3220[5575332":"","P.3233[591419":"","P.3221[4876304":"","P.3219[5127066":"","P.3219[5127127":"","P.3219[5239406":"","P.3219[6436838":"","P.3240[5778284":"","P.6242[5843488":"","P.3230[6139211":"","P.VilleSitra[37281":"","P.VillageDeDepart[1559":"","P.VillageDeDepart[37281":"","HPSEUDO[HOTEL":"","VISIBWEB[PLANNINGACT":"","DISPONIBILITES[PLANNINGACT":""},"DateFinPublication":"","PrixAPartirDe":"","PrixPour":"","FicheListeEnCours":"fiche_liste_hotel_OT_v3","ParametresModele":{"AfficherPhotos":1,"NbPhotosMax":6,"AfficherReserver":0,"AfficherContact":"1","AfficherSalle":1,"AfficherZoneGeo":"0","AfficherEnSavoirPlus":"0","AfficherUneSeuleOuverture":0,"AfficherContactCarte":1,"AfficherTarifsChaudAPartirDe":0,"AfficherTarifChaudSansRecherche":0,"AfficherVille":"1","BlocCritereInfo":{"critere1":{"libelle":"","liste_critere":["P.classement|H","P.labels|H"]},"critere2":{"libelle":"","liste_critere":["HLOC|H"]},"critere3":{"libelle":""},"critere4":{"libelle":""},"critere5":{"libelle":""},"critere6":{"libelle":"","liste_critere":["P.113|1593|H"]},"critere7":{"libelle":""},"critere8":{"libelle":""},"afficherpictoetpaslibelle":"1"},"BlocPaveInfo":{"texte1":{"pave":["5","14","19"],"longeurmax":"250","afficherLibelle":"0","garderHtml":"0"}},"CriteresComportementDispo":"DISPONIBILITES[PLANNINGACT","PositionBloc":"GALLERIE|ZONEPRINCIPALFICHEPRESTA|NOM|CARNET_VOYAGE","TypePrestataire":"H","ComportementResa":false,"ComportementDispo":true},"AffichageCoordonnees":[],"Coordonnees":{"Ville":"Le Seignus"},"ContexteId":"PRESTATAIRE|H|628166","ContexteIdHtml":"PRESTATAIRE-H-628166","cleContexte":"H|628166","Bloc":{"texte1":"Albergo ai piedi delle piste","texte3":"","critere1":{"libelle":"","contenu":{"P.classement":{"libelle":"","contenu":{"5":"Non classificato"},"codesValeurs":{"5":"P.classement|2756|H"},"criteres_datas":{"valeurs":{"5":{"2756":{"descriptif":""}}}}}}},"critere2":{"libelle":"","contenu":{"HLOC":{"libelle":"Localizzare","contenu":{"2":"Val d'Allos - le Seignus"},"codesValeurs":{"2":"HLOC|G15|H"},"criteres_datas":{"valeurs":{"2":{"G15":{"descriptif":""}}}}}}},"critere3":{"libelle":"","contenu":[]},"critere4":{"libelle":"","contenu":[]},"critere5":{"libelle":"","contenu":[]},"critere6":{"libelle":"","contenu":[]},"critere7":{"libelle":"","contenu":[]},"critere8":{"libelle":"","contenu":[]},"critere9":{"libelle":"","contenu":[]}},"LocalisationGps":{"Latitude":"44.240577","Longitude":"6.616576"},"libelleDuPrestataire":"","listeCriteres":{"HINFADH":{"HFIN":""},"INFORE":{"DDEINF":""},"PUBLICATION":{"VALDALLOS":"","VERDONTOURISME":""},"DISPONIBILITES":{"DISPORELANCE":"","PLANNINGACT":""},"TYPEHERBEGEMENT":{"HOTEL":""},"TYPEHEBVERDON":{"HOTEL":""},"HAAGRENUM":{"HAGRE":"040061004"},"HCLASS":{"H0ETOI":""},"AFFEQUIP":{"WIFI":"","ANIMAUX":"","CV":"","DEMIPENSION":"","PENSIONCOMPLETE":""},"HLOC":{"G15":""},"LOCVERDON":{"37281":""},"P.127":{"606":""},"P.122":{"612":"","715":""},"P.22":{"723":"","1058":""},"P.125":{"1106":""},"P.equipements":{"1300":""},"P.services":{"687":""},"P.117":{"921":"","926":"","1127":""},"P.78":{"1115":""},"P.119":{"1177":""},"P.prestations":{"animauxAcceptes":"","surchargeTourismesAdaptes":"","surchargeDescriptifHandicapMoteur":"","surchargeDescriptifHandicapAuditif":"","surchargeDescriptifHandicapVisuel":"","surchargeDescriptifHandicapMental":"","surchargeNombreFauteuilsRoulants":""},"P.73":{"850":""},"P.71":{"877":""},"P.72":{"963":""},"P.69":{"3694":""},"P.languesParlees":{"1192":"","1197":""},"P.tourismesAdaptes":{"3651":""},"P.3":{"558":"","563":""},"P.5":{"593":""},"P.environnements":{"171":"","178":"","184":"","193":""},"P.114":{"416":"","418":"","435":"","436":""},"P.modesPaiement":{"1265":"","1268":"","1271":"","1274":"","1277":""},"P.tourismeAffaires":{"tourismeAffairesEnabled":"","devise":"EUR"},"P.hotellerieType":{"2736":""},"P.classement":{"2756":""},"P.capacite":{"nombreChambresDeclareesHotelier":"22","nombreTotalPersonnes":"90","nombreTotalPersonnesReel":"80"},"P.CINTSITRA":{"5660":"","5663":"","5664":"","8809":""},"P.6241":{"126905":"","5740912":""},"P.3218":{"311229":""},"P.3220":{"587401":"","5575332":""},"P.3233":{"591419":""},"P.3221":{"4876304":""},"P.3219":{"5127066":"","5127127":"","5239406":"","6436838":""},"P.3240":{"5778284":""},"P.6242":{"5843488":""},"P.3230":{"6139211":""},"P.VilleSitra":{"37281":""},"P.VillageDeDepart":{"1559":"","37281":""},"HPSEUDO":{"HOTEL":""},"VISIBWEB":{"PLANNINGACT":""}},"dansCarnetVoyage":true,"Ouverture":""},"html":" \n \u003Cdiv id=\"CV-PRESTATAIRE-H-628166\" data-contexte-id=\"PRESTATAIRE|H|628166\" data-cle=\"H|628166\" class=\"fiche-liste\"\u003E\n    \n\n    \u003C!-- partie photo --\u003E\n    \u003Cdiv class=\"photo\"\u003E\t\t\t\t\t\t\t\t\t\t\t\t\t\t\t\t\t\t\t\t\t\n        \u003Cdiv class=\"cadre_photo_principale\"\u003E\t\t\n        \n            \t\t\t\t\t\n                    \u003Ca href=\"albergo-chez-franz-non-classificato.html?origine=carnet#media\"\u003E\n                        \u003Cimg class=\"photo_principale\" alt=\"Hotel chez Franz\" src=\"https:\/\/www.valdallos.com\/medias\/images\/prestataires\/multitailles\/320x240_138342-franz_ete.jpg\" itemprop=\"image\"\u003E\n                    \u003C\/a\u003E\t\t\t\t\t\t\n                \n                    \u003C\/div\u003E\t\t\t\t\t\t\t\t\t\t\t\t\t\t\t\t\t\t\t \t\t\n    \u003C\/div\u003E\n    \n    \u003C!-- partie nom prest --\u003E\n    \u003Cdiv class=\"nom\"\u003E\n        \u003Ch2\u003EAlbergo Chez Franz\u003C\/h2\u003E\n        \n            \u003C\/div\u003E\n\n         \n    \u003C!-- partie adresse --\u003E\n    \u003Cdiv class=\"adresse\"\u003E\n    \n          \n    \u003C\/div\u003E\n    \n    \u003C!-- partie liens --\u003E\n    \u003Cdiv class=\"liens\"\u003E\n            \u003Ca class=\"btn-icon btn-view \" title=\"Vedi il file dettagliato\" href=\"albergo-chez-franz-non-classificato.html?origine=carnet\"\u003E\u003C\/a\u003E\u003C!--\u003Ca class=\"btn-icon btn-view \" title=\"\" href=\"?origine=carnet#thaut\"\u003E\u003C\/a\u003E--\u003E\n      \u003Ca class=\"btn-icon btn-trash carnet_voyage_supprimer\" title=\"Elimina questo file dal mio diario di viaggio\" href=\"carnet-voyage?action=remove&fiche=H|628166\"\u003E\u003C\/a\u003E\n    \u003C\/div\u003E\n\n\u003C\/div\u003E\n\n","icon":"https:\/\/static.ingenie.fr\/images\/carnetVoyageV3\/H.png"},"fiche":"H|628166","popup":"\u003Cdiv id=\"bloc_popup_ajout_fiche_carnet\"\u003E\n    \u003Cdiv class=\"info_popup_ajout_fiche_carnet\"\u003E\n        Hai appena aggiunto questo elemento alla tua selezione:    \u003C\/div\u003E\n    \u003Cdiv class=\"prest_popup_ajout_fiche_carnet\"\u003E\n        Albergo Chez Franz    \u003C\/div\u003E\n    \u003Cdiv class=\"bloc_btn_ajout_fiche_carnet form_submit_div\"\u003E\n        \u003Cinput type=\"button\" value=\"Continua la mia selezione\" title=\"Continua la mia selezione\" name=\"btn_close\" class=\"btn_close_popup_carnet form_submit\" onclick=\"$.colorbox.close()\" \/\u003E\n        \u003Cinput type=\"button\" value=\"Visualizza la mia selezione\" title=\"Visualizza la mia selezione\" name=\"btn_panier\" class=\"btn_panier_popup_carnet form_submit\" onclick=\"if(typeof CarnetVoyage != 'undefined') {CarnetVoyage.voirCarnet();}\" \/\u003E\n    \u003C\/div\u003E\n    \u003Cdiv class=\"bloc_btn_ajout_fiche_carnet\"\u003E\n        \u003Cinput type=\"checkbox\" value=\"1\" name=\"desactiver_popup\" id=\"desactiver_popup\" \/\u003E\n        \u003Clabel for=\"desactiver_popup\"\u003ENon visualizzare pi\u00f9 questo messaggio\u003C\/label\u003E\n    \u003C\/div\u003E\n\u003C\/div\u003E","success":1}