{"nbFiches":1,"dataPrest":{"infoPrest":{"pave1":{"libelle":"Descrittivo","contenu":"\u003Cbr \/\u003E\r\nAlbergo a strapiombo del villaggio"},"pave2":{"libelle":"Tarifs hiver","contenu":""},"pave3":{"libelle":"Tarifs \u00e9t\u00e9","contenu":""},"pave4":{"libelle":"URL de la r\u00e9servation ou vente en ligne","contenu":""},"pave5":{"libelle":"Descriptif court","contenu":"Albergo a strapiombo del villaggio. Grande camere con balcone.\u003Cbr \/\u003E\r\nLa sera e possible di mangiare al ristorante dell'albergo."},"pave6":{"libelle":"Descriptif d\u00e9taill\u00e9","contenu":""},"pave7":{"libelle":"Bons plans","contenu":""},"pave8":{"libelle":"Compl\u00e9ment localisation","contenu":""},"pave9":{"libelle":"Compl\u00e9ment accueil","contenu":""},"pave10":{"libelle":"P\u00e9riodes en clair","contenu":"Dal 01\/06 al 27\/09\/2026 ogni giorno."},"pave11":{"libelle":"Tarifs en clair","contenu":"Dal 19\/12\/2025 al 26\/04\/2026\u003Cbr \/\u003E\nCamera doppia: a partire da 90 \u20ac\u003Cbr \/\u003E\nPrima colazione: a partire da 13 \u20ac.\u003Cbr \/\u003E\n\u003Cbr \/\u003E\nDal 01\/06 al 27\/09\/2026\u003Cbr \/\u003E\nCamera doppia: a partire da 90 \u20ac\u003Cbr \/\u003E\nCamera tripla: a partire da 145 \u20ac\u003Cbr \/\u003E\nPrima colazione: a partire da 13,50 \u20ac.\u003Cbr \/\u003E\n\u003Cbr \/\u003E\n\u003Cbr \/\u003E\nTasse non incluse."},"pave12":{"libelle":"Compl\u00e9ment Tarifs","contenu":""},"pave13":{"libelle":"Compl\u00e9ment R\u00e9servation","contenu":""},"pave14":{"libelle":"Descriptif court","contenu":""},"pave15":{"libelle":"Descriptif d\u00e9taill\u00e9","contenu":""},"pave16":{"libelle":"Bons plans","contenu":""},"pave17":{"libelle":"Tarifs (Tarifs en clair, Compl\u00e9ment Tarifs)","contenu":""},"pave18":{"libelle":"P\u00e9riodes en clair","contenu":""},"pave19":{"libelle":"Descriptif court","contenu":""},"pave20":{"libelle":"Descriptif d\u00e9taill\u00e9","contenu":""},"pave21":{"libelle":"Bons plans","contenu":""},"pave22":{"libelle":"Tarifs (Tarifs en clair, Compl\u00e9ment Tarifs)","contenu":""},"pave23":{"libelle":"P\u00e9riodes en clair","contenu":""},"pave24":{"libelle":"Nouveaut\u00e9s","contenu":""},"pave25":{"libelle":"Dispositions sp\u00e9ciales","contenu":""},"ContactsParType":{"":{"118153":{"id_contact":"118153","type_contact":"","categorie_contact":"PRESTATAIRE","societe_contact":"","fonction_contact":"","civilite_nom_prenom_contact":"MRM Considere Maryline et Manu ","adresse1_contact":"","adresse2_contact":"","adresse3_contact":"","cpostal_contact":"","ville_contact":"","teldom_contact":"","telbur_contact":"","fax_contact":"","portable_contact":"","email_contact":"","siteweb_contact":"","commentaire_contact":"","langue_contact":"","autre_moyen_com":[]}},"RES":{"118154":{"id_contact":"118154","type_contact":"RES","categorie_contact":"PRESTATAIRE","societe_contact":"","fonction_contact":"","civilite_nom_prenom_contact":"R\u00e9servation ","adresse1_contact":"","adresse2_contact":"","adresse3_contact":"","cpostal_contact":"","ville_contact":"","teldom_contact":"","telbur_contact":"","fax_contact":"","portable_contact":"","email_contact":"","siteweb_contact":"https:\/\/www.hotelpleinsoleil.com\/","commentaire_contact":"","langue_contact":"","autre_moyen_com":[]}}},"ZoneGeoLibelle":"Val d\u2019Allos \u2013 Le village","Libelle":"Albergo Plein Soleil","Nom":"H\u00f4tel Plein Soleil","Prenom":"","NomPrenom":"H\u00f4tel Plein Soleil ","CiviliteNomPrenom":"H\u00f4tel Plein Soleil ","Cle":"H|628417","PrestataireParent":"Z|BPHOTELPLSOLEIL","ContexteStat":"PRESTATAIRE-H-628417","DateModificationIso":"2026-04-28T13:48:00+02:00","Type":"PRESTATAIRE","TypePrestataire":"H","Adresse":{"LigneAdresse1":"Super Allos","LigneAdresse2":"route du Brec","LigneAdresse3":"Val d'Allos - le Village","CodePostal":"04260","Ville":"Allos","Cedex":"","Etat":"","Pays":"FRA"},"Email":"reservation@hotelpleinsoleil.com","Telephone":"04 92 83 84 13","TelephoneBureau":"","Portable":"06 98 76 84 13","SiteWeb":"http:\/\/www.hotelpleinsoleil.com","Fax":"","Id":"h-628417","Code":"H|628417","Fichier":{"Image":[{"url":"https:\/\/www.valdallos.com\/medias\/images\/prestataires\/139099-hotel_plein_soleil_0.jpg","chemin":"..\/medias\/images\/prestataires\/139099-hotel_plein_soleil_0.jpg","libelle":"H\u00f4tel Plein Soleil","extension":"jpg","categorie":"","largeur":1200,"theme":"","hauteur":901,"type":"Image","origine":"","liaisonPave":"","langue":"","id":"139099","urlVignette":"https:\/\/www.valdallos.com\/medias\/images\/prestataires\/v-139099-hotel_plein_soleil_0.jpg","alt":"H\u00f4tel Plein Soleil","title":"H\u00f4tel Plein Soleil","MultiTaille":{"1920x1440":{"url":"https:\/\/www.valdallos.com\/medias\/images\/prestataires\/multitailles\/1920x1440_139099-hotel_plein_soleil_0.jpg"},"1200x900":{"url":"https:\/\/www.valdallos.com\/medias\/images\/prestataires\/multitailles\/1200x900_139099-hotel_plein_soleil_0.jpg"},"800x600":{"url":"https:\/\/www.valdallos.com\/medias\/images\/prestataires\/multitailles\/800x600_139099-hotel_plein_soleil_0.jpg"},"640x480":{"url":"https:\/\/www.valdallos.com\/medias\/images\/prestataires\/multitailles\/640x480_139099-hotel_plein_soleil_0.jpg"},"320x240":{"url":"https:\/\/www.valdallos.com\/medias\/images\/prestataires\/multitailles\/320x240_139099-hotel_plein_soleil_0.jpg"},"160x120":{"url":"https:\/\/www.valdallos.com\/medias\/images\/prestataires\/multitailles\/160x120_139099-hotel_plein_soleil_0.jpg"},"origine":{"url":"https:\/\/www.valdallos.com\/medias\/images\/prestataires\/139099-hotel_plein_soleil_0.jpg"}},"urlLien":"","typeLien":"","nofollow":"N","copyright":"H\u00f4tel plein soleil"},{"url":"https:\/\/www.valdallos.com\/medias\/images\/prestataires\/139100-plein_soleil7.jpg","chemin":"..\/medias\/images\/prestataires\/139100-plein_soleil7.jpg","libelle":"H\u00f4tel Plein Soleil","extension":"jpg","categorie":"","largeur":1200,"theme":"","hauteur":962,"type":"Image","origine":"","liaisonPave":"","langue":"","id":"139100","urlVignette":"https:\/\/www.valdallos.com\/medias\/images\/prestataires\/v-139100-plein_soleil7.jpg","alt":"H\u00f4tel Plein Soleil","title":"H\u00f4tel Plein Soleil","MultiTaille":{"1920x1440":{"url":"https:\/\/www.valdallos.com\/medias\/images\/prestataires\/multitailles\/1920x1440_139100-plein_soleil7.jpg"},"1200x900":{"url":"https:\/\/www.valdallos.com\/medias\/images\/prestataires\/multitailles\/1200x900_139100-plein_soleil7.jpg"},"800x600":{"url":"https:\/\/www.valdallos.com\/medias\/images\/prestataires\/multitailles\/800x600_139100-plein_soleil7.jpg"},"640x480":{"url":"https:\/\/www.valdallos.com\/medias\/images\/prestataires\/multitailles\/640x480_139100-plein_soleil7.jpg"},"320x240":{"url":"https:\/\/www.valdallos.com\/medias\/images\/prestataires\/multitailles\/320x240_139100-plein_soleil7.jpg"},"160x120":{"url":"https:\/\/www.valdallos.com\/medias\/images\/prestataires\/multitailles\/160x120_139100-plein_soleil7.jpg"},"origine":{"url":"https:\/\/www.valdallos.com\/medias\/images\/prestataires\/139100-plein_soleil7.jpg"}},"urlLien":"","typeLien":"","nofollow":"N","copyright":"M Considere"},{"url":"https:\/\/www.valdallos.com\/medias\/images\/prestataires\/139101-plein_soleil8.jpg","chemin":"..\/medias\/images\/prestataires\/139101-plein_soleil8.jpg","libelle":"H\u00f4tel Plein Soleil","extension":"jpg","categorie":"","largeur":1200,"theme":"","hauteur":900,"type":"Image","origine":"","liaisonPave":"","langue":"","id":"139101","urlVignette":"https:\/\/www.valdallos.com\/medias\/images\/prestataires\/v-139101-plein_soleil8.jpg","alt":"H\u00f4tel Plein Soleil","title":"H\u00f4tel Plein Soleil","MultiTaille":{"1920x1440":{"url":"https:\/\/www.valdallos.com\/medias\/images\/prestataires\/multitailles\/1920x1440_139101-plein_soleil8.jpg"},"1200x900":{"url":"https:\/\/www.valdallos.com\/medias\/images\/prestataires\/multitailles\/1200x900_139101-plein_soleil8.jpg"},"800x600":{"url":"https:\/\/www.valdallos.com\/medias\/images\/prestataires\/multitailles\/800x600_139101-plein_soleil8.jpg"},"640x480":{"url":"https:\/\/www.valdallos.com\/medias\/images\/prestataires\/multitailles\/640x480_139101-plein_soleil8.jpg"},"320x240":{"url":"https:\/\/www.valdallos.com\/medias\/images\/prestataires\/multitailles\/320x240_139101-plein_soleil8.jpg"},"160x120":{"url":"https:\/\/www.valdallos.com\/medias\/images\/prestataires\/multitailles\/160x120_139101-plein_soleil8.jpg"},"origine":{"url":"https:\/\/www.valdallos.com\/medias\/images\/prestataires\/139101-plein_soleil8.jpg"}},"urlLien":"","typeLien":"","nofollow":"N","copyright":"M Considere"},{"url":"https:\/\/www.valdallos.com\/medias\/images\/prestataires\/139102-plein_soleil_6.jpg","chemin":"..\/medias\/images\/prestataires\/139102-plein_soleil_6.jpg","libelle":"H\u00f4tel Plein Soleil","extension":"jpg","categorie":"","largeur":1200,"theme":"","hauteur":900,"type":"Image","origine":"","liaisonPave":"","langue":"","id":"139102","urlVignette":"https:\/\/www.valdallos.com\/medias\/images\/prestataires\/v-139102-plein_soleil_6.jpg","alt":"H\u00f4tel Plein Soleil","title":"H\u00f4tel Plein Soleil","MultiTaille":{"1920x1440":{"url":"https:\/\/www.valdallos.com\/medias\/images\/prestataires\/multitailles\/1920x1440_139102-plein_soleil_6.jpg"},"1200x900":{"url":"https:\/\/www.valdallos.com\/medias\/images\/prestataires\/multitailles\/1200x900_139102-plein_soleil_6.jpg"},"800x600":{"url":"https:\/\/www.valdallos.com\/medias\/images\/prestataires\/multitailles\/800x600_139102-plein_soleil_6.jpg"},"640x480":{"url":"https:\/\/www.valdallos.com\/medias\/images\/prestataires\/multitailles\/640x480_139102-plein_soleil_6.jpg"},"320x240":{"url":"https:\/\/www.valdallos.com\/medias\/images\/prestataires\/multitailles\/320x240_139102-plein_soleil_6.jpg"},"160x120":{"url":"https:\/\/www.valdallos.com\/medias\/images\/prestataires\/multitailles\/160x120_139102-plein_soleil_6.jpg"},"origine":{"url":"https:\/\/www.valdallos.com\/medias\/images\/prestataires\/139102-plein_soleil_6.jpg"}},"urlLien":"","typeLien":"","nofollow":"N","copyright":"M Considere"},{"url":"https:\/\/www.valdallos.com\/medias\/images\/prestataires\/139103-plein_soleil_1.jpg","chemin":"..\/medias\/images\/prestataires\/139103-plein_soleil_1.jpg","libelle":"hotel Plein Soleil","extension":"jpg","categorie":"","largeur":1200,"theme":"","hauteur":900,"type":"Image","origine":"","liaisonPave":"","langue":"","id":"139103","urlVignette":"https:\/\/www.valdallos.com\/medias\/images\/prestataires\/v-139103-plein_soleil_1.jpg","alt":"hotel Plein Soleil","title":"hotel Plein Soleil","MultiTaille":{"1920x1440":{"url":"https:\/\/www.valdallos.com\/medias\/images\/prestataires\/multitailles\/1920x1440_139103-plein_soleil_1.jpg"},"1200x900":{"url":"https:\/\/www.valdallos.com\/medias\/images\/prestataires\/multitailles\/1200x900_139103-plein_soleil_1.jpg"},"800x600":{"url":"https:\/\/www.valdallos.com\/medias\/images\/prestataires\/multitailles\/800x600_139103-plein_soleil_1.jpg"},"640x480":{"url":"https:\/\/www.valdallos.com\/medias\/images\/prestataires\/multitailles\/640x480_139103-plein_soleil_1.jpg"},"320x240":{"url":"https:\/\/www.valdallos.com\/medias\/images\/prestataires\/multitailles\/320x240_139103-plein_soleil_1.jpg"},"160x120":{"url":"https:\/\/www.valdallos.com\/medias\/images\/prestataires\/multitailles\/160x120_139103-plein_soleil_1.jpg"},"origine":{"url":"https:\/\/www.valdallos.com\/medias\/images\/prestataires\/139103-plein_soleil_1.jpg"}},"urlLien":"","typeLien":"","nofollow":"N","copyright":"office de tourisme du Val d'Allos AG"},{"url":"https:\/\/www.valdallos.com\/medias\/images\/prestataires\/139104-plein_soleil_2.jpg","chemin":"..\/medias\/images\/prestataires\/139104-plein_soleil_2.jpg","libelle":"hotel Plein Soleil","extension":"jpg","categorie":"","largeur":1200,"theme":"","hauteur":900,"type":"Image","origine":"","liaisonPave":"","langue":"","id":"139104","urlVignette":"https:\/\/www.valdallos.com\/medias\/images\/prestataires\/v-139104-plein_soleil_2.jpg","alt":"hotel Plein Soleil","title":"hotel Plein Soleil","MultiTaille":{"1920x1440":{"url":"https:\/\/www.valdallos.com\/medias\/images\/prestataires\/multitailles\/1920x1440_139104-plein_soleil_2.jpg"},"1200x900":{"url":"https:\/\/www.valdallos.com\/medias\/images\/prestataires\/multitailles\/1200x900_139104-plein_soleil_2.jpg"},"800x600":{"url":"https:\/\/www.valdallos.com\/medias\/images\/prestataires\/multitailles\/800x600_139104-plein_soleil_2.jpg"},"640x480":{"url":"https:\/\/www.valdallos.com\/medias\/images\/prestataires\/multitailles\/640x480_139104-plein_soleil_2.jpg"},"320x240":{"url":"https:\/\/www.valdallos.com\/medias\/images\/prestataires\/multitailles\/320x240_139104-plein_soleil_2.jpg"},"160x120":{"url":"https:\/\/www.valdallos.com\/medias\/images\/prestataires\/multitailles\/160x120_139104-plein_soleil_2.jpg"},"origine":{"url":"https:\/\/www.valdallos.com\/medias\/images\/prestataires\/139104-plein_soleil_2.jpg"}},"urlLien":"","typeLien":"","nofollow":"N","copyright":"office de tourisme du Val d'Allos AG"},{"url":"https:\/\/www.valdallos.com\/medias\/images\/prestataires\/139105-plein_soleil.jpg","chemin":"..\/medias\/images\/prestataires\/139105-plein_soleil.jpg","libelle":"H\u00f4tel Plein Soleil","extension":"jpg","categorie":"","largeur":800,"theme":"ETE","hauteur":592,"type":"Image","origine":"","liaisonPave":"","langue":"","id":"139105","urlVignette":"https:\/\/www.valdallos.com\/medias\/images\/prestataires\/v-139105-plein_soleil.jpg","alt":"H\u00f4tel Plein Soleil","title":"H\u00f4tel Plein Soleil","MultiTaille":{"1920x1440":{"url":"https:\/\/www.valdallos.com\/medias\/images\/prestataires\/multitailles\/1920x1440_139105-plein_soleil.jpg"},"1200x900":{"url":"https:\/\/www.valdallos.com\/medias\/images\/prestataires\/multitailles\/1200x900_139105-plein_soleil.jpg"},"800x600":{"url":"https:\/\/www.valdallos.com\/medias\/images\/prestataires\/multitailles\/800x600_139105-plein_soleil.jpg"},"640x480":{"url":"https:\/\/www.valdallos.com\/medias\/images\/prestataires\/multitailles\/640x480_139105-plein_soleil.jpg"},"320x240":{"url":"https:\/\/www.valdallos.com\/medias\/images\/prestataires\/multitailles\/320x240_139105-plein_soleil.jpg"},"160x120":{"url":"https:\/\/www.valdallos.com\/medias\/images\/prestataires\/multitailles\/160x120_139105-plein_soleil.jpg"},"origine":{"url":"https:\/\/www.valdallos.com\/medias\/images\/prestataires\/139105-plein_soleil.jpg"}},"urlLien":"","typeLien":"","nofollow":"N","copyright":"Plein Soleil"}],"ByCategorie":{"":[{"url":"https:\/\/www.valdallos.com\/medias\/images\/prestataires\/139099-hotel_plein_soleil_0.jpg","chemin":"..\/medias\/images\/prestataires\/139099-hotel_plein_soleil_0.jpg","libelle":"H\u00f4tel Plein Soleil","extension":"jpg","categorie":"","largeur":1200,"theme":"","hauteur":901,"type":"Image","origine":"","liaisonPave":"","langue":"","id":"139099","urlVignette":"https:\/\/www.valdallos.com\/medias\/images\/prestataires\/v-139099-hotel_plein_soleil_0.jpg","alt":"H\u00f4tel Plein Soleil","title":"H\u00f4tel Plein Soleil","MultiTaille":{"1920x1440":{"url":"https:\/\/www.valdallos.com\/medias\/images\/prestataires\/multitailles\/1920x1440_139099-hotel_plein_soleil_0.jpg"},"1200x900":{"url":"https:\/\/www.valdallos.com\/medias\/images\/prestataires\/multitailles\/1200x900_139099-hotel_plein_soleil_0.jpg"},"800x600":{"url":"https:\/\/www.valdallos.com\/medias\/images\/prestataires\/multitailles\/800x600_139099-hotel_plein_soleil_0.jpg"},"640x480":{"url":"https:\/\/www.valdallos.com\/medias\/images\/prestataires\/multitailles\/640x480_139099-hotel_plein_soleil_0.jpg"},"320x240":{"url":"https:\/\/www.valdallos.com\/medias\/images\/prestataires\/multitailles\/320x240_139099-hotel_plein_soleil_0.jpg"},"160x120":{"url":"https:\/\/www.valdallos.com\/medias\/images\/prestataires\/multitailles\/160x120_139099-hotel_plein_soleil_0.jpg"},"origine":{"url":"https:\/\/www.valdallos.com\/medias\/images\/prestataires\/139099-hotel_plein_soleil_0.jpg"}},"urlLien":"","typeLien":"","nofollow":"N","copyright":"H\u00f4tel plein soleil"},{"url":"https:\/\/www.valdallos.com\/medias\/images\/prestataires\/139100-plein_soleil7.jpg","chemin":"..\/medias\/images\/prestataires\/139100-plein_soleil7.jpg","libelle":"H\u00f4tel Plein Soleil","extension":"jpg","categorie":"","largeur":1200,"theme":"","hauteur":962,"type":"Image","origine":"","liaisonPave":"","langue":"","id":"139100","urlVignette":"https:\/\/www.valdallos.com\/medias\/images\/prestataires\/v-139100-plein_soleil7.jpg","alt":"H\u00f4tel Plein Soleil","title":"H\u00f4tel Plein Soleil","MultiTaille":{"1920x1440":{"url":"https:\/\/www.valdallos.com\/medias\/images\/prestataires\/multitailles\/1920x1440_139100-plein_soleil7.jpg"},"1200x900":{"url":"https:\/\/www.valdallos.com\/medias\/images\/prestataires\/multitailles\/1200x900_139100-plein_soleil7.jpg"},"800x600":{"url":"https:\/\/www.valdallos.com\/medias\/images\/prestataires\/multitailles\/800x600_139100-plein_soleil7.jpg"},"640x480":{"url":"https:\/\/www.valdallos.com\/medias\/images\/prestataires\/multitailles\/640x480_139100-plein_soleil7.jpg"},"320x240":{"url":"https:\/\/www.valdallos.com\/medias\/images\/prestataires\/multitailles\/320x240_139100-plein_soleil7.jpg"},"160x120":{"url":"https:\/\/www.valdallos.com\/medias\/images\/prestataires\/multitailles\/160x120_139100-plein_soleil7.jpg"},"origine":{"url":"https:\/\/www.valdallos.com\/medias\/images\/prestataires\/139100-plein_soleil7.jpg"}},"urlLien":"","typeLien":"","nofollow":"N","copyright":"M Considere"},{"url":"https:\/\/www.valdallos.com\/medias\/images\/prestataires\/139101-plein_soleil8.jpg","chemin":"..\/medias\/images\/prestataires\/139101-plein_soleil8.jpg","libelle":"H\u00f4tel Plein Soleil","extension":"jpg","categorie":"","largeur":1200,"theme":"","hauteur":900,"type":"Image","origine":"","liaisonPave":"","langue":"","id":"139101","urlVignette":"https:\/\/www.valdallos.com\/medias\/images\/prestataires\/v-139101-plein_soleil8.jpg","alt":"H\u00f4tel Plein Soleil","title":"H\u00f4tel Plein Soleil","MultiTaille":{"1920x1440":{"url":"https:\/\/www.valdallos.com\/medias\/images\/prestataires\/multitailles\/1920x1440_139101-plein_soleil8.jpg"},"1200x900":{"url":"https:\/\/www.valdallos.com\/medias\/images\/prestataires\/multitailles\/1200x900_139101-plein_soleil8.jpg"},"800x600":{"url":"https:\/\/www.valdallos.com\/medias\/images\/prestataires\/multitailles\/800x600_139101-plein_soleil8.jpg"},"640x480":{"url":"https:\/\/www.valdallos.com\/medias\/images\/prestataires\/multitailles\/640x480_139101-plein_soleil8.jpg"},"320x240":{"url":"https:\/\/www.valdallos.com\/medias\/images\/prestataires\/multitailles\/320x240_139101-plein_soleil8.jpg"},"160x120":{"url":"https:\/\/www.valdallos.com\/medias\/images\/prestataires\/multitailles\/160x120_139101-plein_soleil8.jpg"},"origine":{"url":"https:\/\/www.valdallos.com\/medias\/images\/prestataires\/139101-plein_soleil8.jpg"}},"urlLien":"","typeLien":"","nofollow":"N","copyright":"M Considere"},{"url":"https:\/\/www.valdallos.com\/medias\/images\/prestataires\/139102-plein_soleil_6.jpg","chemin":"..\/medias\/images\/prestataires\/139102-plein_soleil_6.jpg","libelle":"H\u00f4tel Plein Soleil","extension":"jpg","categorie":"","largeur":1200,"theme":"","hauteur":900,"type":"Image","origine":"","liaisonPave":"","langue":"","id":"139102","urlVignette":"https:\/\/www.valdallos.com\/medias\/images\/prestataires\/v-139102-plein_soleil_6.jpg","alt":"H\u00f4tel Plein Soleil","title":"H\u00f4tel Plein Soleil","MultiTaille":{"1920x1440":{"url":"https:\/\/www.valdallos.com\/medias\/images\/prestataires\/multitailles\/1920x1440_139102-plein_soleil_6.jpg"},"1200x900":{"url":"https:\/\/www.valdallos.com\/medias\/images\/prestataires\/multitailles\/1200x900_139102-plein_soleil_6.jpg"},"800x600":{"url":"https:\/\/www.valdallos.com\/medias\/images\/prestataires\/multitailles\/800x600_139102-plein_soleil_6.jpg"},"640x480":{"url":"https:\/\/www.valdallos.com\/medias\/images\/prestataires\/multitailles\/640x480_139102-plein_soleil_6.jpg"},"320x240":{"url":"https:\/\/www.valdallos.com\/medias\/images\/prestataires\/multitailles\/320x240_139102-plein_soleil_6.jpg"},"160x120":{"url":"https:\/\/www.valdallos.com\/medias\/images\/prestataires\/multitailles\/160x120_139102-plein_soleil_6.jpg"},"origine":{"url":"https:\/\/www.valdallos.com\/medias\/images\/prestataires\/139102-plein_soleil_6.jpg"}},"urlLien":"","typeLien":"","nofollow":"N","copyright":"M Considere"},{"url":"https:\/\/www.valdallos.com\/medias\/images\/prestataires\/139103-plein_soleil_1.jpg","chemin":"..\/medias\/images\/prestataires\/139103-plein_soleil_1.jpg","libelle":"hotel Plein Soleil","extension":"jpg","categorie":"","largeur":1200,"theme":"","hauteur":900,"type":"Image","origine":"","liaisonPave":"","langue":"","id":"139103","urlVignette":"https:\/\/www.valdallos.com\/medias\/images\/prestataires\/v-139103-plein_soleil_1.jpg","alt":"hotel Plein Soleil","title":"hotel Plein Soleil","MultiTaille":{"1920x1440":{"url":"https:\/\/www.valdallos.com\/medias\/images\/prestataires\/multitailles\/1920x1440_139103-plein_soleil_1.jpg"},"1200x900":{"url":"https:\/\/www.valdallos.com\/medias\/images\/prestataires\/multitailles\/1200x900_139103-plein_soleil_1.jpg"},"800x600":{"url":"https:\/\/www.valdallos.com\/medias\/images\/prestataires\/multitailles\/800x600_139103-plein_soleil_1.jpg"},"640x480":{"url":"https:\/\/www.valdallos.com\/medias\/images\/prestataires\/multitailles\/640x480_139103-plein_soleil_1.jpg"},"320x240":{"url":"https:\/\/www.valdallos.com\/medias\/images\/prestataires\/multitailles\/320x240_139103-plein_soleil_1.jpg"},"160x120":{"url":"https:\/\/www.valdallos.com\/medias\/images\/prestataires\/multitailles\/160x120_139103-plein_soleil_1.jpg"},"origine":{"url":"https:\/\/www.valdallos.com\/medias\/images\/prestataires\/139103-plein_soleil_1.jpg"}},"urlLien":"","typeLien":"","nofollow":"N","copyright":"office de tourisme du Val d'Allos AG"},{"url":"https:\/\/www.valdallos.com\/medias\/images\/prestataires\/139104-plein_soleil_2.jpg","chemin":"..\/medias\/images\/prestataires\/139104-plein_soleil_2.jpg","libelle":"hotel Plein Soleil","extension":"jpg","categorie":"","largeur":1200,"theme":"","hauteur":900,"type":"Image","origine":"","liaisonPave":"","langue":"","id":"139104","urlVignette":"https:\/\/www.valdallos.com\/medias\/images\/prestataires\/v-139104-plein_soleil_2.jpg","alt":"hotel Plein Soleil","title":"hotel Plein Soleil","MultiTaille":{"1920x1440":{"url":"https:\/\/www.valdallos.com\/medias\/images\/prestataires\/multitailles\/1920x1440_139104-plein_soleil_2.jpg"},"1200x900":{"url":"https:\/\/www.valdallos.com\/medias\/images\/prestataires\/multitailles\/1200x900_139104-plein_soleil_2.jpg"},"800x600":{"url":"https:\/\/www.valdallos.com\/medias\/images\/prestataires\/multitailles\/800x600_139104-plein_soleil_2.jpg"},"640x480":{"url":"https:\/\/www.valdallos.com\/medias\/images\/prestataires\/multitailles\/640x480_139104-plein_soleil_2.jpg"},"320x240":{"url":"https:\/\/www.valdallos.com\/medias\/images\/prestataires\/multitailles\/320x240_139104-plein_soleil_2.jpg"},"160x120":{"url":"https:\/\/www.valdallos.com\/medias\/images\/prestataires\/multitailles\/160x120_139104-plein_soleil_2.jpg"},"origine":{"url":"https:\/\/www.valdallos.com\/medias\/images\/prestataires\/139104-plein_soleil_2.jpg"}},"urlLien":"","typeLien":"","nofollow":"N","copyright":"office de tourisme du Val d'Allos AG"},{"url":"https:\/\/www.valdallos.com\/medias\/images\/prestataires\/139105-plein_soleil.jpg","chemin":"..\/medias\/images\/prestataires\/139105-plein_soleil.jpg","libelle":"H\u00f4tel Plein Soleil","extension":"jpg","categorie":"","largeur":800,"theme":"ETE","hauteur":592,"type":"Image","origine":"","liaisonPave":"","langue":"","id":"139105","urlVignette":"https:\/\/www.valdallos.com\/medias\/images\/prestataires\/v-139105-plein_soleil.jpg","alt":"H\u00f4tel Plein Soleil","title":"H\u00f4tel Plein Soleil","MultiTaille":{"1920x1440":{"url":"https:\/\/www.valdallos.com\/medias\/images\/prestataires\/multitailles\/1920x1440_139105-plein_soleil.jpg"},"1200x900":{"url":"https:\/\/www.valdallos.com\/medias\/images\/prestataires\/multitailles\/1200x900_139105-plein_soleil.jpg"},"800x600":{"url":"https:\/\/www.valdallos.com\/medias\/images\/prestataires\/multitailles\/800x600_139105-plein_soleil.jpg"},"640x480":{"url":"https:\/\/www.valdallos.com\/medias\/images\/prestataires\/multitailles\/640x480_139105-plein_soleil.jpg"},"320x240":{"url":"https:\/\/www.valdallos.com\/medias\/images\/prestataires\/multitailles\/320x240_139105-plein_soleil.jpg"},"160x120":{"url":"https:\/\/www.valdallos.com\/medias\/images\/prestataires\/multitailles\/160x120_139105-plein_soleil.jpg"},"origine":{"url":"https:\/\/www.valdallos.com\/medias\/images\/prestataires\/139105-plein_soleil.jpg"}},"urlLien":"","typeLien":"","nofollow":"N","copyright":"Plein Soleil"}]}},"Url":"albergo-plein-soleil-2-stelle-famille.html","Localisation":{"GoogleMap":{"Latitude":"44.243642","Longitude":"6.62737"},"PlanStation":{"idPlan":"7","nomPlan":"[NEW] Plan Village Allos","carte":"\/plan\/plan_village_2018[HIVER_FR[.jpg","PositionAbs":"1082","PositionOrd":"216"}},"ZoneGeo":"","LiensEtWidgetsParType":{"R":[{"Id":"16418","TypePrestataire":"H","CodePrestataire":"628417","CodePrestation":"","CodeLibelle":"URL00002395","Type":"R","Url":"https:\/\/www.hotelpleinsoleil.com\/","Defaut":"N","Langue":"","Nature":"URL","Import":"SITRA2","LibelleText":"R\u00e9servation","Theme":""}]},"LiensEtWidgets":[{"Id":"16418","TypePrestataire":"H","CodePrestataire":"628417","CodePrestation":"","CodeLibelle":"URL00002395","Type":"R","Url":"https:\/\/www.hotelpleinsoleil.com\/","Defaut":"N","Langue":"","Nature":"URL","Import":"SITRA2","LibelleText":"R\u00e9servation","Theme":""}],"Criteres":{"HINFADH[HFIN":"","INFORE[DDEINF":"","PUBLICATION[VALDALLOS":"","PUBLICATION[VERDONTOURISME":"","DISPONIBILITES[DISPORELANCE":"","TYPEHERBEGEMENT[HOTEL":"","TYPEHEBVERDON[HOTEL":"","HCHAHO[HTYCOL":"","HCLASS[H3ETOI":"","AFFEQUIP[WIFI":"","AFFEQUIP[PARKING":"","AFFEQUIP[CV":"","AFFEQUIP[DEMIPENSION":"","HLOC[G14":"","LOCVERDON[1559":"","HPSEUDO[HTELNONMISJOURDANSLAP":"","P.4790[5063":"","P.125[1106":"","P.6763[6764":"","P.6763[5048":"","P.126[972":"","P.22[723":"","P.117[926":"","P.117[1127":"","P.78[1115":"","P.prestations[surchargeTourismesAdaptes":"","P.prestations[surchargeDescriptifHandicapMoteur":"","P.prestations[surchargeDescriptifHandicapAuditif":"","P.prestations[surchargeDescriptifHandicapVisuel":"","P.prestations[surchargeDescriptifHandicapMental":"","P.prestations[surchargeNombreFauteuilsRoulants":"","P.32[777":"","P.72[963":"","P.73[850":"","P.languesParlees[1192":"","P.languesParlees[1197":"","P.tourismesAdaptes[3651":"","P.2[509":"","P.2[513":"","P.5[593":"","P.6528[169":"","P.6528[162":"","P.environnements[176":"","P.114[416":"","P.114[418":"","P.114[435":"","P.114[436":"","P.modesPaiement[1268":"","P.modesPaiement[1277":"","P.modesPaiement[1274":"","P.tourismeAffaires[tourismeAffairesEnabled":"","P.tourismeAffaires[devise":"EUR","P.hotellerieType[2736":"","P.informationsHotellerie[dateClassement":"2022-09-29","P.classement[2750":"","P.capacite[nombreChambresClassees":"12","P.capacite[nombreChambresDeclareesHotelier":"12","P.capacite[nombreTotalPersonnes":"29","P.capacite[nombreTotalPersonnesReel":"29","P.CINTSITRA[5660":"","P.CINTSITRA[5663":"","P.CINTSITRA[5664":"","P.CINTSITRA[8809":"","P.6241[126905":"","P.6241[5740912":"","P.3218[311229":"","P.3220[587401":"","P.3220[5575332":"","P.3233[591419":"","P.3221[4876304":"","P.3219[5127127":"","P.3219[5239406":"","P.3219[6436838":"","P.3240[5778284":"","P.6242[5843488":"","P.3230[6139211":"","P.VilleSitra[1559":"","P.VillageDeDepart[1559":""},"DateFinPublication":"","PrixAPartirDe":"","PrixPour":"","FicheListeEnCours":"fiche_liste_hotel_OT_v3","ParametresModele":{"AfficherPhotos":1,"NbPhotosMax":6,"AfficherReserver":0,"AfficherContact":"1","AfficherSalle":1,"AfficherZoneGeo":"0","AfficherEnSavoirPlus":"0","AfficherUneSeuleOuverture":0,"AfficherContactCarte":1,"AfficherTarifsChaudAPartirDe":0,"AfficherTarifChaudSansRecherche":0,"AfficherVille":"1","BlocCritereInfo":{"critere1":{"libelle":"","liste_critere":["P.classement|H","P.labels|H"]},"critere2":{"libelle":"","liste_critere":["HLOC|H"]},"critere3":{"libelle":""},"critere4":{"libelle":""},"critere5":{"libelle":""},"critere6":{"libelle":"","liste_critere":["P.113|1593|H"]},"critere7":{"libelle":""},"critere8":{"libelle":""},"afficherpictoetpaslibelle":"1"},"BlocPaveInfo":{"texte1":{"pave":["5","14","19"],"longeurmax":"250","afficherLibelle":"0","garderHtml":"0"}},"CriteresComportementDispo":"DISPONIBILITES[PLANNINGACT","PositionBloc":"GALLERIE|ZONEPRINCIPALFICHEPRESTA|NOM|CARNET_VOYAGE","TypePrestataire":"H","ComportementResa":false,"ComportementDispo":false},"AffichageCoordonnees":[],"Coordonnees":{"Ville":"Allos"},"ContexteId":"PRESTATAIRE|H|628417","ContexteIdHtml":"PRESTATAIRE-H-628417","cleContexte":"H|628417","Bloc":{"texte1":"Albergo a strapiombo del villaggio. Grande camere con balcone.\r\nLa sera e possible di mangiare al ristorante dell'albergo.","texte3":"","critere1":{"libelle":"","contenu":{"P.classement":{"libelle":"","contenu":{"2":"\u003Cimg src=\"https:\/\/www.valdallos.com\/medias\/images\/picto\/P.classement-2750-H.png\"  alt=\"3 stelle\" title=\"3 stelle\" \/\u003E"},"codesValeurs":{"2":"P.classement|2750|H"},"criteres_datas":{"valeurs":{"2":{"2750":{"descriptif":""}}}}}}},"critere2":{"libelle":"","contenu":{"HLOC":{"libelle":"Localizzare","contenu":{"3":"Val d'Allos - le village"},"codesValeurs":{"3":"HLOC|G14|H"},"criteres_datas":{"valeurs":{"3":{"G14":{"descriptif":""}}}}}}},"critere3":{"libelle":"","contenu":[]},"critere4":{"libelle":"","contenu":[]},"critere5":{"libelle":"","contenu":[]},"critere6":{"libelle":"","contenu":[]},"critere7":{"libelle":"","contenu":[]},"critere8":{"libelle":"","contenu":[]},"critere9":{"libelle":"","contenu":[]}},"LocalisationGps":{"Latitude":"44.243642","Longitude":"6.62737"},"libelleDuPrestataire":"","listeCriteres":{"HINFADH":{"HFIN":""},"INFORE":{"DDEINF":""},"PUBLICATION":{"VALDALLOS":"","VERDONTOURISME":""},"DISPONIBILITES":{"DISPORELANCE":""},"TYPEHERBEGEMENT":{"HOTEL":""},"TYPEHEBVERDON":{"HOTEL":""},"HCHAHO":{"HTYCOL":""},"HCLASS":{"H3ETOI":""},"AFFEQUIP":{"WIFI":"","PARKING":"","CV":"","DEMIPENSION":""},"HLOC":{"G14":""},"LOCVERDON":{"1559":""},"HPSEUDO":{"HTELNONMISJOURDANSLAP":""},"P.4790":{"5063":""},"P.125":{"1106":""},"P.6763":{"6764":"","5048":""},"P.126":{"972":""},"P.22":{"723":""},"P.117":{"926":"","1127":""},"P.78":{"1115":""},"P.prestations":{"surchargeTourismesAdaptes":"","surchargeDescriptifHandicapMoteur":"","surchargeDescriptifHandicapAuditif":"","surchargeDescriptifHandicapVisuel":"","surchargeDescriptifHandicapMental":"","surchargeNombreFauteuilsRoulants":""},"P.32":{"777":""},"P.72":{"963":""},"P.73":{"850":""},"P.languesParlees":{"1192":"","1197":""},"P.tourismesAdaptes":{"3651":""},"P.2":{"509":"","513":""},"P.5":{"593":""},"P.6528":{"169":"","162":""},"P.environnements":{"176":""},"P.114":{"416":"","418":"","435":"","436":""},"P.modesPaiement":{"1268":"","1277":"","1274":""},"P.tourismeAffaires":{"tourismeAffairesEnabled":"","devise":"EUR"},"P.hotellerieType":{"2736":""},"P.informationsHotellerie":{"dateClassement":"2022-09-29"},"P.classement":{"2750":""},"P.capacite":{"nombreChambresClassees":"12","nombreChambresDeclareesHotelier":"12","nombreTotalPersonnes":"29","nombreTotalPersonnesReel":"29"},"P.CINTSITRA":{"5660":"","5663":"","5664":"","8809":""},"P.6241":{"126905":"","5740912":""},"P.3218":{"311229":""},"P.3220":{"587401":"","5575332":""},"P.3233":{"591419":""},"P.3221":{"4876304":""},"P.3219":{"5127127":"","5239406":"","6436838":""},"P.3240":{"5778284":""},"P.6242":{"5843488":""},"P.3230":{"6139211":""},"P.VilleSitra":{"1559":""},"P.VillageDeDepart":{"1559":""}},"dansCarnetVoyage":true,"Ouverture":""},"html":" \n \u003Cdiv id=\"CV-PRESTATAIRE-H-628417\" data-contexte-id=\"PRESTATAIRE|H|628417\" data-cle=\"H|628417\" class=\"fiche-liste\"\u003E\n    \n\n    \u003C!-- partie photo --\u003E\n    \u003Cdiv class=\"photo\"\u003E\t\t\t\t\t\t\t\t\t\t\t\t\t\t\t\t\t\t\t\t\t\n        \u003Cdiv class=\"cadre_photo_principale\"\u003E\t\t\n        \n            \t\t\t\t\t\n                    \u003Ca href=\"albergo-plein-soleil-2-stelle-famille.html?origine=carnet#media\"\u003E\n                        \u003Cimg class=\"photo_principale\" alt=\"H\u00f4tel Plein Soleil\" src=\"https:\/\/www.valdallos.com\/medias\/images\/prestataires\/multitailles\/320x240_139099-hotel_plein_soleil_0.jpg\" itemprop=\"image\"\u003E\n                    \u003C\/a\u003E\t\t\t\t\t\t\n                \n                    \u003C\/div\u003E\t\t\t\t\t\t\t\t\t\t\t\t\t\t\t\t\t\t\t \t\t\n    \u003C\/div\u003E\n    \n    \u003C!-- partie nom prest --\u003E\n    \u003Cdiv class=\"nom\"\u003E\n        \u003Ch2\u003EAlbergo Plein Soleil\u003C\/h2\u003E\n        \n            \u003C\/div\u003E\n\n         \n    \u003C!-- partie adresse --\u003E\n    \u003Cdiv class=\"adresse\"\u003E\n    \n          \n    \u003C\/div\u003E\n    \n    \u003C!-- partie liens --\u003E\n    \u003Cdiv class=\"liens\"\u003E\n            \u003Ca class=\"btn-icon btn-view \" title=\"Vedi il file dettagliato\" href=\"albergo-plein-soleil-2-stelle-famille.html?origine=carnet\"\u003E\u003C\/a\u003E\u003C!--\u003Ca class=\"btn-icon btn-view \" title=\"\" href=\"?origine=carnet#thaut\"\u003E\u003C\/a\u003E--\u003E\n      \u003Ca class=\"btn-icon btn-trash carnet_voyage_supprimer\" title=\"Elimina questo file dal mio diario di viaggio\" href=\"carnet-voyage?action=remove&fiche=H|628417\"\u003E\u003C\/a\u003E\n    \u003C\/div\u003E\n\n\u003C\/div\u003E\n\n","icon":"https:\/\/static.ingenie.fr\/images\/carnetVoyageV3\/H.png"},"fiche":"H|628417","popup":"\u003Cdiv id=\"bloc_popup_ajout_fiche_carnet\"\u003E\n    \u003Cdiv class=\"info_popup_ajout_fiche_carnet\"\u003E\n        Hai appena aggiunto questo elemento alla tua selezione:    \u003C\/div\u003E\n    \u003Cdiv class=\"prest_popup_ajout_fiche_carnet\"\u003E\n        Albergo Plein Soleil    \u003C\/div\u003E\n    \u003Cdiv class=\"bloc_btn_ajout_fiche_carnet form_submit_div\"\u003E\n        \u003Cinput type=\"button\" value=\"Continua la mia selezione\" title=\"Continua la mia selezione\" name=\"btn_close\" class=\"btn_close_popup_carnet form_submit\" onclick=\"$.colorbox.close()\" \/\u003E\n        \u003Cinput type=\"button\" value=\"Visualizza la mia selezione\" title=\"Visualizza la mia selezione\" name=\"btn_panier\" class=\"btn_panier_popup_carnet form_submit\" onclick=\"if(typeof CarnetVoyage != 'undefined') {CarnetVoyage.voirCarnet();}\" \/\u003E\n    \u003C\/div\u003E\n    \u003Cdiv class=\"bloc_btn_ajout_fiche_carnet\"\u003E\n        \u003Cinput type=\"checkbox\" value=\"1\" name=\"desactiver_popup\" id=\"desactiver_popup\" \/\u003E\n        \u003Clabel for=\"desactiver_popup\"\u003ENon visualizzare pi\u00f9 questo messaggio\u003C\/label\u003E\n    \u003C\/div\u003E\n\u003C\/div\u003E","success":1}