{"nbFiches":1,"dataPrest":{"infoPrest":{"pave1":{"libelle":"Descriptif","contenu":"Ristorante di altitudine, sulle piste e godetevi un panorama eccezionale in montagna."},"pave2":{"libelle":"URL de la r\u00e9servation ou vente en ligne","contenu":""},"pave3":{"libelle":"Descriptif court","contenu":""},"pave4":{"libelle":"Descriptif d\u00e9taill\u00e9","contenu":""},"pave5":{"libelle":"Bons plans","contenu":""},"pave6":{"libelle":"Compl\u00e9ment localisation","contenu":""},"pave7":{"libelle":"Compl\u00e9ment accueil","contenu":""},"pave8":{"libelle":"P\u00e9riodes en clair","contenu":"Dal 13\/12\/2025 al 06\/04\/2026 ogni giorno."},"pave9":{"libelle":"Tarifs en clair","contenu":""},"pave10":{"libelle":"Compl\u00e9ment Tarifs","contenu":""},"pave11":{"libelle":"Compl\u00e9ment R\u00e9servation","contenu":""},"pave12":{"libelle":"Descriptif court","contenu":""},"pave13":{"libelle":"Descriptif d\u00e9taill\u00e9","contenu":""},"pave14":{"libelle":"Bons plans","contenu":""},"pave15":{"libelle":"Tarifs (Tarifs en clair, Compl\u00e9ment Tarifs)","contenu":""},"pave16":{"libelle":"P\u00e9riodes en clair","contenu":""},"pave17":{"libelle":"Descriptif court","contenu":""},"pave18":{"libelle":"Descriptif d\u00e9taill\u00e9","contenu":""},"pave19":{"libelle":"Bons plans","contenu":""},"pave20":{"libelle":"Tarifs (Tarifs en clair, Compl\u00e9ment Tarifs)","contenu":""},"pave21":{"libelle":"P\u00e9riodes en clair","contenu":""},"pave22":{"libelle":"Dispositions sp\u00e9ciales","contenu":""},"pave23":{"libelle":"Nouveaut\u00e9s","contenu":""},"pave24":{"libelle":"Gestes pour l'environnement","contenu":""},"pave25":{"libelle":"","contenu":""},"ZoneGeoLibelle":"Val d'Allos","Libelle":"Altitudine ristorante Le Panorama","Nom":"Restaurant d'altitude Le Panorama","Prenom":"","NomPrenom":"Restaurant d'altitude Le Panorama ","CiviliteNomPrenom":"Restaurant d'altitude Le Panorama ","Cle":"T|4877489","PrestataireParent":"","ContexteStat":"PRESTATAIRE-T-4877489","DateModificationIso":"2026-04-14T00:12:00+02:00","Type":"PRESTATAIRE","TypePrestataire":"T","Adresse":{"LigneAdresse1":"restaurant sur les pistes","LigneAdresse2":"Val d'Allos la Foux","LigneAdresse3":"","CodePostal":"04260","Ville":"La Foux d\u2019Allos","Cedex":"","Etat":"","Pays":"FRA"},"Email":"sanmorelo@gmail.com","Telephone":"","TelephoneBureau":"","Portable":"06 47 35 11 48","SiteWeb":"","Fax":"","Id":"t-4877489","Code":"T|4877489","Fichier":{"ByCategorie":{"DEFAUT":[{"url":"https:\/\/www.valdallos.com\/medias\/images\/info_menu\/defaut-1771-2463.jpg","chemin":"..\/medias\/images\/info_menu\/defaut-1771-2463.jpg","libelle":"Defaut","extension":"jpg","categorie":"SOMM2014","largeur":640,"theme":"","hauteur":426,"type":"Image","origine":"","liaisonPave":"","langue":"","id":"2463","urlVignette":"https:\/\/www.valdallos.com\/medias\/images\/info_menu\/v-defaut-1771-2463.jpg","alt":"Defaut","title":"D\u00e9faut","MultiTaille":{"1920x1440":{"url":"https:\/\/www.valdallos.com\/medias\/images\/info_menu\/multitailles\/1920x1440_defaut-1771-2463.jpg"},"1200x900":{"url":"https:\/\/www.valdallos.com\/medias\/images\/info_menu\/multitailles\/1200x900_defaut-1771-2463.jpg"},"800x600":{"url":"https:\/\/www.valdallos.com\/medias\/images\/info_menu\/multitailles\/800x600_defaut-1771-2463.jpg"},"640x480":{"url":"https:\/\/www.valdallos.com\/medias\/images\/info_menu\/multitailles\/640x480_defaut-1771-2463.jpg"},"320x240":{"url":"https:\/\/www.valdallos.com\/medias\/images\/info_menu\/multitailles\/320x240_defaut-1771-2463.jpg"},"160x120":{"url":"https:\/\/www.valdallos.com\/medias\/images\/info_menu\/multitailles\/160x120_defaut-1771-2463.jpg"},"origine":{"url":"https:\/\/www.valdallos.com\/medias\/images\/info_menu\/defaut-1771-2463.jpg"}},"urlLien":"","typeLien":"|","nofollow":"N","copyright":""}]},"Image":[{"url":"https:\/\/www.valdallos.com\/medias\/images\/info_menu\/defaut-1771-2463.jpg","chemin":"..\/medias\/images\/info_menu\/defaut-1771-2463.jpg","libelle":"Defaut","extension":"jpg","categorie":"SOMM2014","largeur":640,"theme":"","hauteur":426,"type":"Image","origine":"","liaisonPave":"","langue":"","id":"2463","urlVignette":"https:\/\/www.valdallos.com\/medias\/images\/info_menu\/v-defaut-1771-2463.jpg","alt":"Defaut","title":"D\u00e9faut","MultiTaille":{"1920x1440":{"url":"https:\/\/www.valdallos.com\/medias\/images\/info_menu\/multitailles\/1920x1440_defaut-1771-2463.jpg"},"1200x900":{"url":"https:\/\/www.valdallos.com\/medias\/images\/info_menu\/multitailles\/1200x900_defaut-1771-2463.jpg"},"800x600":{"url":"https:\/\/www.valdallos.com\/medias\/images\/info_menu\/multitailles\/800x600_defaut-1771-2463.jpg"},"640x480":{"url":"https:\/\/www.valdallos.com\/medias\/images\/info_menu\/multitailles\/640x480_defaut-1771-2463.jpg"},"320x240":{"url":"https:\/\/www.valdallos.com\/medias\/images\/info_menu\/multitailles\/320x240_defaut-1771-2463.jpg"},"160x120":{"url":"https:\/\/www.valdallos.com\/medias\/images\/info_menu\/multitailles\/160x120_defaut-1771-2463.jpg"},"origine":{"url":"https:\/\/www.valdallos.com\/medias\/images\/info_menu\/defaut-1771-2463.jpg"}},"urlLien":"","typeLien":"|","nofollow":"N","copyright":""}]},"Url":"altitudine-ristorante-le-panorama.html","Localisation":{"GoogleMap":{"Latitude":"44.299764","Longitude":"6.583237"},"PlanStation":{"idPlan":"8","nomPlan":"[NEW] Plan des pistes Espace Lumi\u00e8re","carte":"\/plan\/plan_des_pistes_lumiere.jpg","PositionAbs":"518","PositionOrd":"358"}},"ZoneGeo":"","Criteres":{"ZONEGEO[FRPA04VAV1800":"","PUBLICATION[VALDALLOS":"","TADHER[ROFFIC":"","P.prestations[surchargeTourismesAdaptes":"","P.prestations[surchargeDescriptifHandicapMoteur":"","P.prestations[surchargeDescriptifHandicapAuditif":"","P.prestations[surchargeDescriptifHandicapVisuel":"","P.prestations[surchargeDescriptifHandicapMental":"","P.prestations[surchargeNombreFauteuilsRoulants":"","P.languesParlees[1197":"","P.languesParlees[1200":"","P.tourismesAdaptes[3651":"","P.environnements[171":"","P.114[416":"","P.114[435":"","P.114[436":"","P.modesPaiement[1268":"","P.modesPaiement[1285":"","P.tourismeAffaires[tourismeAffairesEnabled":"","P.tourismeAffaires[devise":"EUR","P.restaurationType[2866":"","P.specialites[7254":"","P.categories[2895":"","P.capacite[nombreMaximumCouverts":"80","P.capacite[nombreCouvertsTerrasse":"160","P.CINTSITRA[5660":"","P.CINTSITRA[5664":"","P.CINTSITRA[8809":"","P.6241[126905":"","P.6241[5740912":"","P.3218[311229":"","P.3220[587401":"","P.3220[5575332":"","P.3233[591419":"","P.3221[4876304":"","P.3219[5127066":"","P.3219[5239406":"","P.3240[5778284":"","P.3230[6139211":"","P.VilleSitra[37282":"","P.VillageDeDepart[37282":""},"DateFinPublication":"","PrixAPartirDe":"","PrixPour":"","FicheListeEnCours":"fiche_liste_restaurants_OT_v2018","ParametresModele":{"AfficherPhotos":1,"NbPhotosMax":6,"AfficherReserver":0,"AfficherContact":"1","AfficherSalle":1,"AfficherZoneGeo":0,"AfficherEnSavoirPlus":"0","AfficherUneSeuleOuverture":0,"AfficherContactCarte":1,"AfficherTarifsChaudAPartirDe":0,"AfficherTarifChaudSansRecherche":0,"AffichageCoordonnees":"Telephone|TelephoneBureau|Portable","AfficherAvis":"0","AfficherAvisIngenie":"1","BlocCritereInfo":{"critere1":{"libelle":""},"critere2":{"libelle":""},"critere3":{"libelle":""},"critere4":{"libelle":""},"critere5":{"libelle":"","liste_critere":["P.113|1593|T","P.113|1680|T"]},"critere6":{"libelle":""},"critere7":{"libelle":"","liste_critere":["ZONEGEO|T"]},"critere8":{"libelle":""},"critere9":{"libelle":""},"afficherpictoetpaslibelle":"1"},"Criteres":"PUBLICATION[VALDALLOS","PositionBloc":"GALLERIE|NOM|ADRESSE|DESCRIPTIF|CRITERESORDONNEES|ZONEPRINCIPALFICHEPRESTA|AVIS|LIEN_RESERVER_DETAIL|DISPO|CARNET_VOYAGE|URL","TypePrestataire":"T","ComportementResa":false,"ComportementDispo":false},"AffichageCoordonnees":{"Portable":"06 47 35 11 48"},"Coordonnees":{"Ville":"La Foux d\u2019Allos"},"ContexteId":"PRESTATAIRE|T|4877489","ContexteIdHtml":"PRESTATAIRE-T-4877489","cleContexte":"T|4877489","Bloc":{"texte1":"","texte3":"","critere1":{"libelle":"","contenu":[]},"critere2":{"libelle":"","contenu":[]},"critere3":{"libelle":"","contenu":[]},"critere4":{"libelle":"","contenu":[]},"critere5":{"libelle":"","contenu":[]},"critere6":{"libelle":"","contenu":[]},"critere7":{"libelle":"","contenu":{"ZONEGEO":{"libelle":"Citt\u00e0","contenu":{"1":"Val d'Allos la Foux"},"codesValeurs":{"1":"ZONEGEO|FRPA04VAV1800|T"},"criteres_datas":{"valeurs":{"1":{"FRPA04VAV1800":{"descriptif":""}}}}}}},"critere8":{"libelle":"","contenu":[]},"critere9":{"libelle":"","contenu":[]}},"LocalisationGps":{"Latitude":"44.299764","Longitude":"6.583237"},"libelleDuPrestataire":"","listeCriteres":{"ZONEGEO":{"FRPA04VAV1800":""},"PUBLICATION":{"VALDALLOS":""},"TADHER":{"ROFFIC":""},"P.prestations":{"surchargeTourismesAdaptes":"","surchargeDescriptifHandicapMoteur":"","surchargeDescriptifHandicapAuditif":"","surchargeDescriptifHandicapVisuel":"","surchargeDescriptifHandicapMental":"","surchargeNombreFauteuilsRoulants":""},"P.languesParlees":{"1197":"","1200":""},"P.tourismesAdaptes":{"3651":""},"P.environnements":{"171":""},"P.114":{"416":"","435":"","436":""},"P.modesPaiement":{"1268":"","1285":""},"P.tourismeAffaires":{"tourismeAffairesEnabled":"","devise":"EUR"},"P.restaurationType":{"2866":""},"P.specialites":{"7254":""},"P.categories":{"2895":""},"P.capacite":{"nombreMaximumCouverts":"80","nombreCouvertsTerrasse":"160"},"P.CINTSITRA":{"5660":"","5664":"","8809":""},"P.6241":{"126905":"","5740912":""},"P.3218":{"311229":""},"P.3220":{"587401":"","5575332":""},"P.3233":{"591419":""},"P.3221":{"4876304":""},"P.3219":{"5127066":"","5239406":""},"P.3240":{"5778284":""},"P.3230":{"6139211":""},"P.VilleSitra":{"37282":""},"P.VillageDeDepart":{"37282":""}},"dansCarnetVoyage":true,"Ouverture":""},"html":" \n \u003Cdiv id=\"CV-PRESTATAIRE-T-4877489\" data-contexte-id=\"PRESTATAIRE|T|4877489\" data-cle=\"T|4877489\" class=\"fiche-liste\"\u003E\n    \n\n    \u003C!-- partie photo --\u003E\n    \u003Cdiv class=\"photo\"\u003E\t\t\t\t\t\t\t\t\t\t\t\t\t\t\t\t\t\t\t\t\t\n        \u003Cdiv class=\"cadre_photo_principale\"\u003E\t\t\n        \n            \t\t\t\t\t\n                    \u003Ca href=\"altitudine-ristorante-le-panorama.html?origine=carnet#media\"\u003E\n                        \u003Cimg class=\"photo_principale\" alt=\"Defaut\" src=\"https:\/\/www.valdallos.com\/medias\/images\/info_menu\/multitailles\/320x240_defaut-1771-2463.jpg\" itemprop=\"image\"\u003E\n                    \u003C\/a\u003E\t\t\t\t\t\t\n                \n                    \u003C\/div\u003E\t\t\t\t\t\t\t\t\t\t\t\t\t\t\t\t\t\t\t \t\t\n    \u003C\/div\u003E\n    \n    \u003C!-- partie nom prest --\u003E\n    \u003Cdiv class=\"nom\"\u003E\n        \u003Ch2\u003EAltitudine ristorante Le Panorama\u003C\/h2\u003E\n        \n            \u003C\/div\u003E\n\n         \n    \u003C!-- partie adresse --\u003E\n    \u003Cdiv class=\"adresse\"\u003E\n    \n          \n    \u003C\/div\u003E\n    \n    \u003C!-- partie liens --\u003E\n    \u003Cdiv class=\"liens\"\u003E\n            \u003Ca class=\"btn-icon btn-view \" title=\"Vedi il file dettagliato\" href=\"altitudine-ristorante-le-panorama.html?origine=carnet\"\u003E\u003C\/a\u003E\u003C!--\u003Ca class=\"btn-icon btn-view \" title=\"\" href=\"?origine=carnet#thaut\"\u003E\u003C\/a\u003E--\u003E\n      \u003Ca class=\"btn-icon btn-trash carnet_voyage_supprimer\" title=\"Elimina questo file dal mio diario di viaggio\" href=\"carnet-voyage?action=remove&fiche=T|4877489\"\u003E\u003C\/a\u003E\n    \u003C\/div\u003E\n\n\u003C\/div\u003E\n\n","icon":"https:\/\/static.ingenie.fr\/images\/carnetVoyageV3\/T.png"},"fiche":"T|4877489","popup":"\u003Cdiv id=\"bloc_popup_ajout_fiche_carnet\"\u003E\n    \u003Cdiv class=\"info_popup_ajout_fiche_carnet\"\u003E\n        Hai appena aggiunto questo elemento alla tua selezione:    \u003C\/div\u003E\n    \u003Cdiv class=\"prest_popup_ajout_fiche_carnet\"\u003E\n        Altitudine ristorante Le Panorama    \u003C\/div\u003E\n    \u003Cdiv class=\"bloc_btn_ajout_fiche_carnet form_submit_div\"\u003E\n        \u003Cinput type=\"button\" value=\"Continua la mia selezione\" title=\"Continua la mia selezione\" name=\"btn_close\" class=\"btn_close_popup_carnet form_submit\" onclick=\"$.colorbox.close()\" \/\u003E\n        \u003Cinput type=\"button\" value=\"Visualizza la mia selezione\" title=\"Visualizza la mia selezione\" name=\"btn_panier\" class=\"btn_panier_popup_carnet form_submit\" onclick=\"if(typeof CarnetVoyage != 'undefined') {CarnetVoyage.voirCarnet();}\" \/\u003E\n    \u003C\/div\u003E\n    \u003Cdiv class=\"bloc_btn_ajout_fiche_carnet\"\u003E\n        \u003Cinput type=\"checkbox\" value=\"1\" name=\"desactiver_popup\" id=\"desactiver_popup\" \/\u003E\n        \u003Clabel for=\"desactiver_popup\"\u003ENon visualizzare pi\u00f9 questo messaggio\u003C\/label\u003E\n    \u003C\/div\u003E\n\u003C\/div\u003E","success":1}