{"nbFiches":1,"dataPrest":{"infoPrest":{"pave1":{"libelle":"Descriptif","contenu":"Pizza, specialit\u00e0 di montagna\u003Cbr \/\u003E\r\nSnack a mezzogiorno e Restaurant Lounge Cocktail la sera"},"pave2":{"libelle":"URL de la r\u00e9servation ou vente en ligne","contenu":""},"pave3":{"libelle":"Descriptif court","contenu":""},"pave4":{"libelle":"Descriptif d\u00e9taill\u00e9","contenu":""},"pave5":{"libelle":"Bons plans","contenu":""},"pave6":{"libelle":"Compl\u00e9ment localisation","contenu":""},"pave7":{"libelle":"Compl\u00e9ment accueil","contenu":""},"pave8":{"libelle":"P\u00e9riodes en clair","contenu":"Dal 13\/12\/2025 al 22\/03\/2026 ogni giorno da 8:30."},"pave9":{"libelle":"Tarifs en clair","contenu":""},"pave10":{"libelle":"Compl\u00e9ment Tarifs","contenu":""},"pave11":{"libelle":"Compl\u00e9ment R\u00e9servation","contenu":""},"pave12":{"libelle":"Descriptif court","contenu":""},"pave13":{"libelle":"Descriptif d\u00e9taill\u00e9","contenu":""},"pave14":{"libelle":"Bons plans","contenu":""},"pave15":{"libelle":"Tarifs (Tarifs en clair, Compl\u00e9ment Tarifs)","contenu":""},"pave16":{"libelle":"P\u00e9riodes en clair","contenu":""},"pave17":{"libelle":"Descriptif court","contenu":""},"pave18":{"libelle":"Descriptif d\u00e9taill\u00e9","contenu":""},"pave19":{"libelle":"Bons plans","contenu":""},"pave20":{"libelle":"Tarifs (Tarifs en clair, Compl\u00e9ment Tarifs)","contenu":""},"pave21":{"libelle":"P\u00e9riodes en clair","contenu":""},"pave22":{"libelle":"Dispositions sp\u00e9ciales","contenu":""},"pave23":{"libelle":"Nouveaut\u00e9s","contenu":""},"pave24":{"libelle":"Gestes pour l'environnement","contenu":""},"pave25":{"libelle":"","contenu":""},"ContactsParType":{"":{"117317":{"id_contact":"117317","type_contact":"","categorie_contact":"PRESTATAIRE","societe_contact":"","fonction_contact":"","civilite_nom_prenom_contact":"Gaillard Fabrice ","adresse1_contact":"","adresse2_contact":"","adresse3_contact":"","cpostal_contact":"","ville_contact":"","teldom_contact":"","telbur_contact":"","fax_contact":"","portable_contact":"","email_contact":"","siteweb_contact":"","commentaire_contact":"","langue_contact":"","autre_moyen_com":[]}}},"Libelle":"Ristorante Rest'O Wap","Nom":"Restaurant Rest'O Wap","Prenom":"","NomPrenom":"Restaurant Rest'O Wap ","CiviliteNomPrenom":"Restaurant Rest'O Wap ","Cle":"T|4877517","PrestataireParent":"","ContexteStat":"PRESTATAIRE-T-4877517","DateModificationIso":"2026-03-13T08:45:00+01:00","Type":"PRESTATAIRE","TypePrestataire":"T","Adresse":{"LigneAdresse1":"Centre station","LigneAdresse2":"Val d'Allos - le Seignus","LigneAdresse3":"","CodePostal":"04260","Ville":"Le Seignus","Cedex":"","Etat":"","Pays":"FRA"},"Email":"contact@espacefun.fr","Telephone":"04 92 83 10 21","TelephoneBureau":"","Portable":"07 60 46 02 12","SiteWeb":"","Fax":"","Id":"t-4877517","Code":"T|4877517","Fichier":{"Image":[{"url":"https:\/\/www.valdallos.com\/medias\/images\/prestataires\/136835-restowap3.jpg","chemin":"..\/medias\/images\/prestataires\/136835-restowap3.jpg","libelle":"Vue d'ensemble du restaurant, b\u00e2timent en bois sur deux \u00e9tages avec deux entr\u00e9es, terrasse ext\u00e9rieure. Panneaux \"Boissons C\u00f4t\u00e9 Snack\" et \"Rest\"O Wap\" en fa\u00e7ade.","extension":"jpg","categorie":"","largeur":1200,"theme":"","hauteur":900,"type":"Image","origine":"","liaisonPave":"","langue":"","id":"136835","urlVignette":"https:\/\/www.valdallos.com\/medias\/images\/prestataires\/v-136835-restowap3.jpg","alt":"Vue d'ensemble du restaurant, b\u00e2timent en bois sur deux \u00e9tages avec deux entr\u00e9es, terrasse ext\u00e9rieure. Panneaux \"Boissons C\u00f4t\u00e9 Snack\" et \"Rest\"O Wap\" en fa\u00e7ade.","title":"Vue d'ensemble du restaurant, b\u00e2timent en bois sur deux \u00e9tages avec deux entr\u00e9es, terrasse ext\u00e9rieure. Panneaux \"Boissons C\u00f4t\u00e9 Snack\" et \"Rest\"O Wap\" en fa\u00e7ade.","MultiTaille":{"1920x1440":{"url":"https:\/\/www.valdallos.com\/medias\/images\/prestataires\/multitailles\/1920x1440_136835-restowap3.jpg"},"1200x900":{"url":"https:\/\/www.valdallos.com\/medias\/images\/prestataires\/multitailles\/1200x900_136835-restowap3.jpg"},"800x600":{"url":"https:\/\/www.valdallos.com\/medias\/images\/prestataires\/multitailles\/800x600_136835-restowap3.jpg"},"640x480":{"url":"https:\/\/www.valdallos.com\/medias\/images\/prestataires\/multitailles\/640x480_136835-restowap3.jpg"},"320x240":{"url":"https:\/\/www.valdallos.com\/medias\/images\/prestataires\/multitailles\/320x240_136835-restowap3.jpg"},"160x120":{"url":"https:\/\/www.valdallos.com\/medias\/images\/prestataires\/multitailles\/160x120_136835-restowap3.jpg"},"origine":{"url":"https:\/\/www.valdallos.com\/medias\/images\/prestataires\/136835-restowap3.jpg"}},"urlLien":"","typeLien":"","nofollow":"N","copyright":"office de tourisme du Val d'Allos CB"},{"url":"https:\/\/www.valdallos.com\/medias\/images\/prestataires\/136836-restowap2.jpg","chemin":"..\/medias\/images\/prestataires\/136836-restowap2.jpg","libelle":"Vue d'ensemble du restaurant, b\u00e2timent en bois sur deux \u00e9tages avec deux entr\u00e9es, terrasse ext\u00e9rieure. Panneaux \"Boissons C\u00f4t\u00e9 Snack\" et \"Rest\"O Wap\" en fa\u00e7ade. Montagnes enneig\u00e9es en arri\u00e8re-plan.","extension":"jpg","categorie":"","largeur":1200,"theme":"","hauteur":900,"type":"Image","origine":"","liaisonPave":"","langue":"","id":"136836","urlVignette":"https:\/\/www.valdallos.com\/medias\/images\/prestataires\/v-136836-restowap2.jpg","alt":"Vue d'ensemble du restaurant, b\u00e2timent en bois sur deux \u00e9tages avec deux entr\u00e9es, terrasse ext\u00e9rieure. Panneaux \"Boissons C\u00f4t\u00e9 Snack\" et \"Rest\"O Wap\" en fa\u00e7ade. Montagnes enneig\u00e9es en arri\u00e8re-plan.","title":"Vue d'ensemble du restaurant, b\u00e2timent en bois sur deux \u00e9tages avec deux entr\u00e9es, terrasse ext\u00e9rieure. Panneaux \"Boissons C\u00f4t\u00e9 Snack\" et \"Rest\"O Wap\" en fa\u00e7ade. Montagnes enneig\u00e9es en arri\u00e8re-plan.","MultiTaille":{"1920x1440":{"url":"https:\/\/www.valdallos.com\/medias\/images\/prestataires\/multitailles\/1920x1440_136836-restowap2.jpg"},"1200x900":{"url":"https:\/\/www.valdallos.com\/medias\/images\/prestataires\/multitailles\/1200x900_136836-restowap2.jpg"},"800x600":{"url":"https:\/\/www.valdallos.com\/medias\/images\/prestataires\/multitailles\/800x600_136836-restowap2.jpg"},"640x480":{"url":"https:\/\/www.valdallos.com\/medias\/images\/prestataires\/multitailles\/640x480_136836-restowap2.jpg"},"320x240":{"url":"https:\/\/www.valdallos.com\/medias\/images\/prestataires\/multitailles\/320x240_136836-restowap2.jpg"},"160x120":{"url":"https:\/\/www.valdallos.com\/medias\/images\/prestataires\/multitailles\/160x120_136836-restowap2.jpg"},"origine":{"url":"https:\/\/www.valdallos.com\/medias\/images\/prestataires\/136836-restowap2.jpg"}},"urlLien":"","typeLien":"","nofollow":"N","copyright":"B Courbon"}],"ByCategorie":{"":[{"url":"https:\/\/www.valdallos.com\/medias\/images\/prestataires\/136835-restowap3.jpg","chemin":"..\/medias\/images\/prestataires\/136835-restowap3.jpg","libelle":"Vue d'ensemble du restaurant, b\u00e2timent en bois sur deux \u00e9tages avec deux entr\u00e9es, terrasse ext\u00e9rieure. Panneaux \"Boissons C\u00f4t\u00e9 Snack\" et \"Rest\"O Wap\" en fa\u00e7ade.","extension":"jpg","categorie":"","largeur":1200,"theme":"","hauteur":900,"type":"Image","origine":"","liaisonPave":"","langue":"","id":"136835","urlVignette":"https:\/\/www.valdallos.com\/medias\/images\/prestataires\/v-136835-restowap3.jpg","alt":"Vue d'ensemble du restaurant, b\u00e2timent en bois sur deux \u00e9tages avec deux entr\u00e9es, terrasse ext\u00e9rieure. Panneaux \"Boissons C\u00f4t\u00e9 Snack\" et \"Rest\"O Wap\" en fa\u00e7ade.","title":"Vue d'ensemble du restaurant, b\u00e2timent en bois sur deux \u00e9tages avec deux entr\u00e9es, terrasse ext\u00e9rieure. Panneaux \"Boissons C\u00f4t\u00e9 Snack\" et \"Rest\"O Wap\" en fa\u00e7ade.","MultiTaille":{"1920x1440":{"url":"https:\/\/www.valdallos.com\/medias\/images\/prestataires\/multitailles\/1920x1440_136835-restowap3.jpg"},"1200x900":{"url":"https:\/\/www.valdallos.com\/medias\/images\/prestataires\/multitailles\/1200x900_136835-restowap3.jpg"},"800x600":{"url":"https:\/\/www.valdallos.com\/medias\/images\/prestataires\/multitailles\/800x600_136835-restowap3.jpg"},"640x480":{"url":"https:\/\/www.valdallos.com\/medias\/images\/prestataires\/multitailles\/640x480_136835-restowap3.jpg"},"320x240":{"url":"https:\/\/www.valdallos.com\/medias\/images\/prestataires\/multitailles\/320x240_136835-restowap3.jpg"},"160x120":{"url":"https:\/\/www.valdallos.com\/medias\/images\/prestataires\/multitailles\/160x120_136835-restowap3.jpg"},"origine":{"url":"https:\/\/www.valdallos.com\/medias\/images\/prestataires\/136835-restowap3.jpg"}},"urlLien":"","typeLien":"","nofollow":"N","copyright":"office de tourisme du Val d'Allos CB"},{"url":"https:\/\/www.valdallos.com\/medias\/images\/prestataires\/136836-restowap2.jpg","chemin":"..\/medias\/images\/prestataires\/136836-restowap2.jpg","libelle":"Vue d'ensemble du restaurant, b\u00e2timent en bois sur deux \u00e9tages avec deux entr\u00e9es, terrasse ext\u00e9rieure. Panneaux \"Boissons C\u00f4t\u00e9 Snack\" et \"Rest\"O Wap\" en fa\u00e7ade. Montagnes enneig\u00e9es en arri\u00e8re-plan.","extension":"jpg","categorie":"","largeur":1200,"theme":"","hauteur":900,"type":"Image","origine":"","liaisonPave":"","langue":"","id":"136836","urlVignette":"https:\/\/www.valdallos.com\/medias\/images\/prestataires\/v-136836-restowap2.jpg","alt":"Vue d'ensemble du restaurant, b\u00e2timent en bois sur deux \u00e9tages avec deux entr\u00e9es, terrasse ext\u00e9rieure. Panneaux \"Boissons C\u00f4t\u00e9 Snack\" et \"Rest\"O Wap\" en fa\u00e7ade. Montagnes enneig\u00e9es en arri\u00e8re-plan.","title":"Vue d'ensemble du restaurant, b\u00e2timent en bois sur deux \u00e9tages avec deux entr\u00e9es, terrasse ext\u00e9rieure. Panneaux \"Boissons C\u00f4t\u00e9 Snack\" et \"Rest\"O Wap\" en fa\u00e7ade. Montagnes enneig\u00e9es en arri\u00e8re-plan.","MultiTaille":{"1920x1440":{"url":"https:\/\/www.valdallos.com\/medias\/images\/prestataires\/multitailles\/1920x1440_136836-restowap2.jpg"},"1200x900":{"url":"https:\/\/www.valdallos.com\/medias\/images\/prestataires\/multitailles\/1200x900_136836-restowap2.jpg"},"800x600":{"url":"https:\/\/www.valdallos.com\/medias\/images\/prestataires\/multitailles\/800x600_136836-restowap2.jpg"},"640x480":{"url":"https:\/\/www.valdallos.com\/medias\/images\/prestataires\/multitailles\/640x480_136836-restowap2.jpg"},"320x240":{"url":"https:\/\/www.valdallos.com\/medias\/images\/prestataires\/multitailles\/320x240_136836-restowap2.jpg"},"160x120":{"url":"https:\/\/www.valdallos.com\/medias\/images\/prestataires\/multitailles\/160x120_136836-restowap2.jpg"},"origine":{"url":"https:\/\/www.valdallos.com\/medias\/images\/prestataires\/136836-restowap2.jpg"}},"urlLien":"","typeLien":"","nofollow":"N","copyright":"B Courbon"}]}},"Url":"ristorante-rest-o-wap.html","Localisation":{"GoogleMap":{"Latitude":"44.24115","Longitude":"6.616401"}},"ZoneGeo":"","Criteres":{"TINFADH[TFIN":"","TADHER[ROFFIC":"","ZONEGEO[FRPA04VAV1500":"","PUBLICATION[VALDALLOS":"","P.services[687":"","P.prestations[animauxAcceptes":"","P.prestations[surchargeTourismesAdaptes":"","P.prestations[surchargeDescriptifHandicapMoteur":"","P.prestations[surchargeDescriptifHandicapAuditif":"","P.prestations[surchargeDescriptifHandicapVisuel":"","P.prestations[surchargeDescriptifHandicapMental":"","P.prestations[surchargeNombreFauteuilsRoulants":"","P.languesParlees[1192":"","P.languesParlees[1197":"","P.languesParlees[1200":"","P.environnements[171":"","P.environnements[184":"","P.114[435":"","P.modesPaiement[1268":"","P.modesPaiement[1273":"","P.modesPaiement[1285":"","P.tourismeAffaires[tourismeAffairesEnabled":"","P.tourismeAffaires[devise":"EUR","P.restaurationType[2866":"","P.categories[2883":"","P.categories[2886":"","P.capacite[nombreMaximumCouverts":"45","P.capacite[nombreCouvertsTerrasse":"60","P.CINTSITRA[5660":"","P.CINTSITRA[5664":"","P.CINTSITRA[8809":"","P.6241[126905":"","P.6241[5740912":"","P.3218[311229":"","P.3220[587401":"","P.3220[5575332":"","P.3233[591419":"","P.3221[4876304":"","P.3219[5127066":"","P.3219[5239406":"","P.3240[5778284":"","P.3230[6139211":"","P.VilleSitra[37281":"","P.VillageDeDepart[37281":""},"DateFinPublication":"","PrixAPartirDe":"","PrixPour":"","FicheListeEnCours":"fiche_liste_restaurants_OT_v2018","ParametresModele":{"AfficherPhotos":1,"NbPhotosMax":6,"AfficherReserver":0,"AfficherContact":"1","AfficherSalle":1,"AfficherZoneGeo":0,"AfficherEnSavoirPlus":"0","AfficherUneSeuleOuverture":0,"AfficherContactCarte":1,"AfficherTarifsChaudAPartirDe":0,"AfficherTarifChaudSansRecherche":0,"AffichageCoordonnees":"Telephone|TelephoneBureau|Portable","AfficherAvis":"0","AfficherAvisIngenie":"1","BlocCritereInfo":{"critere1":{"libelle":""},"critere2":{"libelle":""},"critere3":{"libelle":""},"critere4":{"libelle":""},"critere5":{"libelle":"","liste_critere":["P.113|1593|T","P.113|1680|T"]},"critere6":{"libelle":""},"critere7":{"libelle":"","liste_critere":["ZONEGEO|T"]},"critere8":{"libelle":""},"critere9":{"libelle":""},"afficherpictoetpaslibelle":"1"},"Criteres":"PUBLICATION[VALDALLOS","PositionBloc":"GALLERIE|NOM|ADRESSE|DESCRIPTIF|CRITERESORDONNEES|ZONEPRINCIPALFICHEPRESTA|AVIS|LIEN_RESERVER_DETAIL|DISPO|CARNET_VOYAGE|URL","TypePrestataire":"T","ComportementResa":false,"ComportementDispo":false},"AffichageCoordonnees":{"Telephone":"04 92 83 10 21","Portable":"07 60 46 02 12"},"Coordonnees":{"Ville":"Le Seignus"},"ContexteId":"PRESTATAIRE|T|4877517","ContexteIdHtml":"PRESTATAIRE-T-4877517","cleContexte":"T|4877517","Bloc":{"texte1":"","texte3":"","critere1":{"libelle":"","contenu":[]},"critere2":{"libelle":"","contenu":[]},"critere3":{"libelle":"","contenu":[]},"critere4":{"libelle":"","contenu":[]},"critere5":{"libelle":"","contenu":[]},"critere6":{"libelle":"","contenu":[]},"critere7":{"libelle":"","contenu":{"ZONEGEO":{"libelle":"Citt\u00e0","contenu":{"2":"Val d'Allos le Seignus"},"codesValeurs":{"2":"ZONEGEO|FRPA04VAV1500|T"},"criteres_datas":{"valeurs":{"2":{"FRPA04VAV1500":{"descriptif":""}}}}}}},"critere8":{"libelle":"","contenu":[]},"critere9":{"libelle":"","contenu":[]}},"LocalisationGps":{"Latitude":"44.24115","Longitude":"6.616401"},"libelleDuPrestataire":"","listeCriteres":{"TINFADH":{"TFIN":""},"TADHER":{"ROFFIC":""},"ZONEGEO":{"FRPA04VAV1500":""},"PUBLICATION":{"VALDALLOS":""},"P.services":{"687":""},"P.prestations":{"animauxAcceptes":"","surchargeTourismesAdaptes":"","surchargeDescriptifHandicapMoteur":"","surchargeDescriptifHandicapAuditif":"","surchargeDescriptifHandicapVisuel":"","surchargeDescriptifHandicapMental":"","surchargeNombreFauteuilsRoulants":""},"P.languesParlees":{"1192":"","1197":"","1200":""},"P.environnements":{"171":"","184":""},"P.114":{"435":""},"P.modesPaiement":{"1268":"","1273":"","1285":""},"P.tourismeAffaires":{"tourismeAffairesEnabled":"","devise":"EUR"},"P.restaurationType":{"2866":""},"P.categories":{"2883":"","2886":""},"P.capacite":{"nombreMaximumCouverts":"45","nombreCouvertsTerrasse":"60"},"P.CINTSITRA":{"5660":"","5664":"","8809":""},"P.6241":{"126905":"","5740912":""},"P.3218":{"311229":""},"P.3220":{"587401":"","5575332":""},"P.3233":{"591419":""},"P.3221":{"4876304":""},"P.3219":{"5127066":"","5239406":""},"P.3240":{"5778284":""},"P.3230":{"6139211":""},"P.VilleSitra":{"37281":""},"P.VillageDeDepart":{"37281":""}},"dansCarnetVoyage":true,"Ouverture":""},"html":" \n \u003Cdiv id=\"CV-PRESTATAIRE-T-4877517\" data-contexte-id=\"PRESTATAIRE|T|4877517\" data-cle=\"T|4877517\" class=\"fiche-liste\"\u003E\n    \n\n    \u003C!-- partie photo --\u003E\n    \u003Cdiv class=\"photo\"\u003E\t\t\t\t\t\t\t\t\t\t\t\t\t\t\t\t\t\t\t\t\t\n        \u003Cdiv class=\"cadre_photo_principale\"\u003E\t\t\n        \n            \t\t\t\t\t\n                    \u003Ca href=\"ristorante-rest-o-wap.html?origine=carnet#media\"\u003E\n                        \u003Cimg class=\"photo_principale\" alt=\"Vue d'ensemble du restaurant, b\u00e2timent en bois sur deux \u00e9tages avec deux entr\u00e9es, terrasse ext\u00e9rieure. Panneaux \"Boissons C\u00f4t\u00e9 Snack\" et \"Rest\"O Wap\" en fa\u00e7ade.\" src=\"https:\/\/www.valdallos.com\/medias\/images\/prestataires\/multitailles\/320x240_136835-restowap3.jpg\" itemprop=\"image\"\u003E\n                    \u003C\/a\u003E\t\t\t\t\t\t\n                \n                    \u003C\/div\u003E\t\t\t\t\t\t\t\t\t\t\t\t\t\t\t\t\t\t\t \t\t\n    \u003C\/div\u003E\n    \n    \u003C!-- partie nom prest --\u003E\n    \u003Cdiv class=\"nom\"\u003E\n        \u003Ch2\u003ERistorante Rest'O Wap\u003C\/h2\u003E\n        \n            \u003C\/div\u003E\n\n         \n    \u003C!-- partie adresse --\u003E\n    \u003Cdiv class=\"adresse\"\u003E\n    \n          \n    \u003C\/div\u003E\n    \n    \u003C!-- partie liens --\u003E\n    \u003Cdiv class=\"liens\"\u003E\n            \u003Ca class=\"btn-icon btn-view \" title=\"Vedi il file dettagliato\" href=\"ristorante-rest-o-wap.html?origine=carnet\"\u003E\u003C\/a\u003E\u003C!--\u003Ca class=\"btn-icon btn-view \" title=\"\" href=\"?origine=carnet#thaut\"\u003E\u003C\/a\u003E--\u003E\n      \u003Ca class=\"btn-icon btn-trash carnet_voyage_supprimer\" title=\"Elimina questo file dal mio diario di viaggio\" href=\"carnet-voyage?action=remove&fiche=T|4877517\"\u003E\u003C\/a\u003E\n    \u003C\/div\u003E\n\n\u003C\/div\u003E\n\n","icon":"https:\/\/static.ingenie.fr\/images\/carnetVoyageV3\/T.png"},"fiche":"T|4877517","popup":"\u003Cdiv id=\"bloc_popup_ajout_fiche_carnet\"\u003E\n    \u003Cdiv class=\"info_popup_ajout_fiche_carnet\"\u003E\n        Hai appena aggiunto questo elemento alla tua selezione:    \u003C\/div\u003E\n    \u003Cdiv class=\"prest_popup_ajout_fiche_carnet\"\u003E\n        Ristorante Rest&#039;O Wap    \u003C\/div\u003E\n    \u003Cdiv class=\"bloc_btn_ajout_fiche_carnet form_submit_div\"\u003E\n        \u003Cinput type=\"button\" value=\"Continua la mia selezione\" title=\"Continua la mia selezione\" name=\"btn_close\" class=\"btn_close_popup_carnet form_submit\" onclick=\"$.colorbox.close()\" \/\u003E\n        \u003Cinput type=\"button\" value=\"Visualizza la mia selezione\" title=\"Visualizza la mia selezione\" name=\"btn_panier\" class=\"btn_panier_popup_carnet form_submit\" onclick=\"if(typeof CarnetVoyage != 'undefined') {CarnetVoyage.voirCarnet();}\" \/\u003E\n    \u003C\/div\u003E\n    \u003Cdiv class=\"bloc_btn_ajout_fiche_carnet\"\u003E\n        \u003Cinput type=\"checkbox\" value=\"1\" name=\"desactiver_popup\" id=\"desactiver_popup\" \/\u003E\n        \u003Clabel for=\"desactiver_popup\"\u003ENon visualizzare pi\u00f9 questo messaggio\u003C\/label\u003E\n    \u003C\/div\u003E\n\u003C\/div\u003E","success":1}