{"nbFiches":1,"dataPrest":{"infoPrest":{"pave1":{"libelle":"Descriptif","contenu":"Formaggi e salumeria di Corsica\u003Cbr \/\u003E\r\nSpecialit\u00e0"},"pave2":{"libelle":"URL de la r\u00e9servation ou vente en ligne","contenu":""},"pave3":{"libelle":"Descriptif court","contenu":""},"pave4":{"libelle":"Descriptif d\u00e9taill\u00e9","contenu":""},"pave5":{"libelle":"Bons plans","contenu":""},"pave6":{"libelle":"Compl\u00e9ment localisation","contenu":""},"pave7":{"libelle":"Compl\u00e9ment accueil","contenu":""},"pave8":{"libelle":"P\u00e9riodes en clair","contenu":"Dal 01\/12\/2025 al 30\/04\/2026 il luned\u00ec, marted\u00ec, gioved\u00ec, venerd\u00ec e fine settimana dalle 10:30 alle 15 e dalle 18 alle 23."},"pave9":{"libelle":"Tarifs en clair","contenu":""},"pave10":{"libelle":"Compl\u00e9ment Tarifs","contenu":""},"pave11":{"libelle":"Compl\u00e9ment R\u00e9servation","contenu":""},"pave12":{"libelle":"Descriptif court","contenu":""},"pave13":{"libelle":"Descriptif d\u00e9taill\u00e9","contenu":""},"pave14":{"libelle":"Bons plans","contenu":""},"pave15":{"libelle":"Tarifs (Tarifs en clair, Compl\u00e9ment Tarifs)","contenu":""},"pave16":{"libelle":"P\u00e9riodes en clair","contenu":""},"pave17":{"libelle":"Descriptif court","contenu":""},"pave18":{"libelle":"Descriptif d\u00e9taill\u00e9","contenu":""},"pave19":{"libelle":"Bons plans","contenu":""},"pave20":{"libelle":"Tarifs (Tarifs en clair, Compl\u00e9ment Tarifs)","contenu":""},"pave21":{"libelle":"P\u00e9riodes en clair","contenu":""},"pave22":{"libelle":"Dispositions sp\u00e9ciales","contenu":""},"pave23":{"libelle":"Nouveaut\u00e9s","contenu":""},"pave24":{"libelle":"Gestes pour l'environnement","contenu":""},"pave25":{"libelle":"","contenu":""},"ContactsParType":{"":{"118201":{"id_contact":"118201","type_contact":"","categorie_contact":"PRESTATAIRE","societe_contact":"","fonction_contact":"","civilite_nom_prenom_contact":"M Arezki Christophe ","adresse1_contact":"","adresse2_contact":"","adresse3_contact":"","cpostal_contact":"","ville_contact":"","teldom_contact":"","telbur_contact":"","fax_contact":"","portable_contact":"","email_contact":"","siteweb_contact":"","commentaire_contact":"","langue_contact":"","autre_moyen_com":[]}}},"Libelle":"Ristorante L'impr\u00e9vu","Nom":"Restaurant L'impr\u00e9vu","Prenom":"","NomPrenom":"Restaurant L'impr\u00e9vu ","CiviliteNomPrenom":"Restaurant L'impr\u00e9vu ","Cle":"T|5667921","PrestataireParent":"","ContexteStat":"PRESTATAIRE-T-5667921","DateModificationIso":"2026-04-29T00:09:00+02:00","Type":"PRESTATAIRE","TypePrestataire":"T","Adresse":{"LigneAdresse1":"Grand rue","LigneAdresse2":"Val d'Allos - le Village","LigneAdresse3":"","CodePostal":"04260","Ville":"Allos","Cedex":"","Etat":"","Pays":"FRA"},"Email":"tof.arezki13@hotmail.fr","Telephone":"","TelephoneBureau":"","Portable":"07 89 84 72 45","SiteWeb":"","Fax":"","Id":"t-5667921","Code":"T|5667921","Fichier":{"Image":[{"url":"https:\/\/www.valdallos.com\/medias\/images\/prestataires\/139214-limprevu_photo_imprevu.jpg","chemin":"..\/medias\/images\/prestataires\/139214-limprevu_photo_imprevu.jpg","libelle":"Terrasse ext\u00e9rieure du restaurant, situ\u00e9e dans la grand rue d'Allos, fausse pelouse au sol, tables et chaises. Inscription sur fa\u00e7ade : 'L'Impr\u00e9vu, La Beaut\u00e9 d'une \u00eele \u00e0 la montagne\"","extension":"jpg","categorie":"","largeur":1200,"theme":"","hauteur":555,"type":"Image","origine":"","liaisonPave":"","langue":"","id":"139214","urlVignette":"https:\/\/www.valdallos.com\/medias\/images\/prestataires\/v-139214-limprevu_photo_imprevu.jpg","alt":"Terrasse ext\u00e9rieure du restaurant, situ\u00e9e dans la grand rue d'Allos, fausse pelouse au sol, tables et chaises. Inscription sur fa\u00e7ade : 'L'Impr\u00e9vu, La Beaut\u00e9 d'une \u00eele \u00e0 la montagne\"","title":"Terrasse ext\u00e9rieure du restaurant, situ\u00e9e dans la grand rue d'Allos, fausse pelouse au sol, tables et chaises. Inscription sur fa\u00e7ade : 'L'Impr\u00e9vu, La Beaut\u00e9 d'une \u00eele \u00e0 la montagne\"","MultiTaille":{"1920x1440":{"url":"https:\/\/www.valdallos.com\/medias\/images\/prestataires\/multitailles\/1920x1440_139214-limprevu_photo_imprevu.jpg"},"1200x900":{"url":"https:\/\/www.valdallos.com\/medias\/images\/prestataires\/multitailles\/1200x900_139214-limprevu_photo_imprevu.jpg"},"800x600":{"url":"https:\/\/www.valdallos.com\/medias\/images\/prestataires\/multitailles\/800x600_139214-limprevu_photo_imprevu.jpg"},"640x480":{"url":"https:\/\/www.valdallos.com\/medias\/images\/prestataires\/multitailles\/640x480_139214-limprevu_photo_imprevu.jpg"},"320x240":{"url":"https:\/\/www.valdallos.com\/medias\/images\/prestataires\/multitailles\/320x240_139214-limprevu_photo_imprevu.jpg"},"160x120":{"url":"https:\/\/www.valdallos.com\/medias\/images\/prestataires\/multitailles\/160x120_139214-limprevu_photo_imprevu.jpg"},"origine":{"url":"https:\/\/www.valdallos.com\/medias\/images\/prestataires\/139214-limprevu_photo_imprevu.jpg"}},"urlLien":"","typeLien":"","nofollow":"N","copyright":"L'impr\u00e9vu"},{"url":"https:\/\/www.valdallos.com\/medias\/images\/prestataires\/139215-limprevu3_photo_limprevu.jpg","chemin":"..\/medias\/images\/prestataires\/139215-limprevu3_photo_limprevu.jpg","libelle":"Plat de lasagnes avec basilic et l\u00e9gumes","extension":"jpg","categorie":"","largeur":681,"theme":"","hauteur":1200,"type":"Image","origine":"","liaisonPave":"","langue":"","id":"139215","urlVignette":"https:\/\/www.valdallos.com\/medias\/images\/prestataires\/v-139215-limprevu3_photo_limprevu.jpg","alt":"Plat de lasagnes avec basilic et l\u00e9gumes","title":"Plat de lasagnes avec basilic et l\u00e9gumes","MultiTaille":{"1920x1440":{"url":"https:\/\/www.valdallos.com\/medias\/images\/prestataires\/multitailles\/1920x1440_139215-limprevu3_photo_limprevu.jpg"},"1200x900":{"url":"https:\/\/www.valdallos.com\/medias\/images\/prestataires\/multitailles\/1200x900_139215-limprevu3_photo_limprevu.jpg"},"800x600":{"url":"https:\/\/www.valdallos.com\/medias\/images\/prestataires\/multitailles\/800x600_139215-limprevu3_photo_limprevu.jpg"},"640x480":{"url":"https:\/\/www.valdallos.com\/medias\/images\/prestataires\/multitailles\/640x480_139215-limprevu3_photo_limprevu.jpg"},"320x240":{"url":"https:\/\/www.valdallos.com\/medias\/images\/prestataires\/multitailles\/320x240_139215-limprevu3_photo_limprevu.jpg"},"160x120":{"url":"https:\/\/www.valdallos.com\/medias\/images\/prestataires\/multitailles\/160x120_139215-limprevu3_photo_limprevu.jpg"},"origine":{"url":"https:\/\/www.valdallos.com\/medias\/images\/prestataires\/139215-limprevu3_photo_limprevu.jpg"}},"urlLien":"","typeLien":"","nofollow":"N","copyright":"L'impr\u00e9vu"},{"url":"https:\/\/www.valdallos.com\/medias\/images\/prestataires\/139216-limprevu4_photo_limprevu.jpg","chemin":"..\/medias\/images\/prestataires\/139216-limprevu4_photo_limprevu.jpg","libelle":"Planche \u00e0 d\u00e9couper en forme d'\u00eele de Corse avec charcuterie, fromage, olive et basilic","extension":"jpg","categorie":"","largeur":640,"theme":"","hauteur":1287,"type":"Image","origine":"","liaisonPave":"","langue":"","id":"139216","urlVignette":"https:\/\/www.valdallos.com\/medias\/images\/prestataires\/v-139216-limprevu4_photo_limprevu.jpg","alt":"Planche \u00e0 d\u00e9couper en forme d'\u00eele de Corse avec charcuterie, fromage, olive et basilic","title":"Planche \u00e0 d\u00e9couper en forme d'\u00eele de Corse avec charcuterie, fromage, olive et basilic","MultiTaille":{"1920x1440":{"url":"https:\/\/www.valdallos.com\/medias\/images\/prestataires\/multitailles\/1920x1440_139216-limprevu4_photo_limprevu.jpg"},"1200x900":{"url":"https:\/\/www.valdallos.com\/medias\/images\/prestataires\/multitailles\/1200x900_139216-limprevu4_photo_limprevu.jpg"},"800x600":{"url":"https:\/\/www.valdallos.com\/medias\/images\/prestataires\/multitailles\/800x600_139216-limprevu4_photo_limprevu.jpg"},"640x480":{"url":"https:\/\/www.valdallos.com\/medias\/images\/prestataires\/multitailles\/640x480_139216-limprevu4_photo_limprevu.jpg"},"320x240":{"url":"https:\/\/www.valdallos.com\/medias\/images\/prestataires\/multitailles\/320x240_139216-limprevu4_photo_limprevu.jpg"},"160x120":{"url":"https:\/\/www.valdallos.com\/medias\/images\/prestataires\/multitailles\/160x120_139216-limprevu4_photo_limprevu.jpg"},"origine":{"url":"https:\/\/www.valdallos.com\/medias\/images\/prestataires\/139216-limprevu4_photo_limprevu.jpg"}},"urlLien":"","typeLien":"","nofollow":"N","copyright":"L'impr\u00e9vu"},{"url":"https:\/\/www.valdallos.com\/medias\/images\/prestataires\/139217-limprevu2_photo_imprevu.jpg","chemin":"..\/medias\/images\/prestataires\/139217-limprevu2_photo_imprevu.jpg","libelle":"Terrasse ext\u00e9rieure du restaurant dans la grand-rue d'Allos, fausse pelouse, tables et chaises, parasols","extension":"jpg","categorie":"","largeur":486,"theme":"","hauteur":606,"type":"Image","origine":"","liaisonPave":"","langue":"","id":"139217","urlVignette":"https:\/\/www.valdallos.com\/medias\/images\/prestataires\/v-139217-limprevu2_photo_imprevu.jpg","alt":"Terrasse ext\u00e9rieure du restaurant dans la grand-rue d'Allos, fausse pelouse, tables et chaises, parasols","title":"Terrasse ext\u00e9rieure du restaurant dans la grand-rue d'Allos, fausse pelouse, tables et chaises, parasols","MultiTaille":{"1920x1440":{"url":"https:\/\/www.valdallos.com\/medias\/images\/prestataires\/multitailles\/1920x1440_139217-limprevu2_photo_imprevu.jpg"},"1200x900":{"url":"https:\/\/www.valdallos.com\/medias\/images\/prestataires\/multitailles\/1200x900_139217-limprevu2_photo_imprevu.jpg"},"800x600":{"url":"https:\/\/www.valdallos.com\/medias\/images\/prestataires\/multitailles\/800x600_139217-limprevu2_photo_imprevu.jpg"},"640x480":{"url":"https:\/\/www.valdallos.com\/medias\/images\/prestataires\/multitailles\/640x480_139217-limprevu2_photo_imprevu.jpg"},"320x240":{"url":"https:\/\/www.valdallos.com\/medias\/images\/prestataires\/multitailles\/320x240_139217-limprevu2_photo_imprevu.jpg"},"160x120":{"url":"https:\/\/www.valdallos.com\/medias\/images\/prestataires\/multitailles\/160x120_139217-limprevu2_photo_imprevu.jpg"},"origine":{"url":"https:\/\/www.valdallos.com\/medias\/images\/prestataires\/139217-limprevu2_photo_imprevu.jpg"}},"urlLien":"","typeLien":"","nofollow":"N","copyright":"L'impr\u00e9vu"}],"ByCategorie":{"":[{"url":"https:\/\/www.valdallos.com\/medias\/images\/prestataires\/139214-limprevu_photo_imprevu.jpg","chemin":"..\/medias\/images\/prestataires\/139214-limprevu_photo_imprevu.jpg","libelle":"Terrasse ext\u00e9rieure du restaurant, situ\u00e9e dans la grand rue d'Allos, fausse pelouse au sol, tables et chaises. Inscription sur fa\u00e7ade : 'L'Impr\u00e9vu, La Beaut\u00e9 d'une \u00eele \u00e0 la montagne\"","extension":"jpg","categorie":"","largeur":1200,"theme":"","hauteur":555,"type":"Image","origine":"","liaisonPave":"","langue":"","id":"139214","urlVignette":"https:\/\/www.valdallos.com\/medias\/images\/prestataires\/v-139214-limprevu_photo_imprevu.jpg","alt":"Terrasse ext\u00e9rieure du restaurant, situ\u00e9e dans la grand rue d'Allos, fausse pelouse au sol, tables et chaises. Inscription sur fa\u00e7ade : 'L'Impr\u00e9vu, La Beaut\u00e9 d'une \u00eele \u00e0 la montagne\"","title":"Terrasse ext\u00e9rieure du restaurant, situ\u00e9e dans la grand rue d'Allos, fausse pelouse au sol, tables et chaises. Inscription sur fa\u00e7ade : 'L'Impr\u00e9vu, La Beaut\u00e9 d'une \u00eele \u00e0 la montagne\"","MultiTaille":{"1920x1440":{"url":"https:\/\/www.valdallos.com\/medias\/images\/prestataires\/multitailles\/1920x1440_139214-limprevu_photo_imprevu.jpg"},"1200x900":{"url":"https:\/\/www.valdallos.com\/medias\/images\/prestataires\/multitailles\/1200x900_139214-limprevu_photo_imprevu.jpg"},"800x600":{"url":"https:\/\/www.valdallos.com\/medias\/images\/prestataires\/multitailles\/800x600_139214-limprevu_photo_imprevu.jpg"},"640x480":{"url":"https:\/\/www.valdallos.com\/medias\/images\/prestataires\/multitailles\/640x480_139214-limprevu_photo_imprevu.jpg"},"320x240":{"url":"https:\/\/www.valdallos.com\/medias\/images\/prestataires\/multitailles\/320x240_139214-limprevu_photo_imprevu.jpg"},"160x120":{"url":"https:\/\/www.valdallos.com\/medias\/images\/prestataires\/multitailles\/160x120_139214-limprevu_photo_imprevu.jpg"},"origine":{"url":"https:\/\/www.valdallos.com\/medias\/images\/prestataires\/139214-limprevu_photo_imprevu.jpg"}},"urlLien":"","typeLien":"","nofollow":"N","copyright":"L'impr\u00e9vu"},{"url":"https:\/\/www.valdallos.com\/medias\/images\/prestataires\/139215-limprevu3_photo_limprevu.jpg","chemin":"..\/medias\/images\/prestataires\/139215-limprevu3_photo_limprevu.jpg","libelle":"Plat de lasagnes avec basilic et l\u00e9gumes","extension":"jpg","categorie":"","largeur":681,"theme":"","hauteur":1200,"type":"Image","origine":"","liaisonPave":"","langue":"","id":"139215","urlVignette":"https:\/\/www.valdallos.com\/medias\/images\/prestataires\/v-139215-limprevu3_photo_limprevu.jpg","alt":"Plat de lasagnes avec basilic et l\u00e9gumes","title":"Plat de lasagnes avec basilic et l\u00e9gumes","MultiTaille":{"1920x1440":{"url":"https:\/\/www.valdallos.com\/medias\/images\/prestataires\/multitailles\/1920x1440_139215-limprevu3_photo_limprevu.jpg"},"1200x900":{"url":"https:\/\/www.valdallos.com\/medias\/images\/prestataires\/multitailles\/1200x900_139215-limprevu3_photo_limprevu.jpg"},"800x600":{"url":"https:\/\/www.valdallos.com\/medias\/images\/prestataires\/multitailles\/800x600_139215-limprevu3_photo_limprevu.jpg"},"640x480":{"url":"https:\/\/www.valdallos.com\/medias\/images\/prestataires\/multitailles\/640x480_139215-limprevu3_photo_limprevu.jpg"},"320x240":{"url":"https:\/\/www.valdallos.com\/medias\/images\/prestataires\/multitailles\/320x240_139215-limprevu3_photo_limprevu.jpg"},"160x120":{"url":"https:\/\/www.valdallos.com\/medias\/images\/prestataires\/multitailles\/160x120_139215-limprevu3_photo_limprevu.jpg"},"origine":{"url":"https:\/\/www.valdallos.com\/medias\/images\/prestataires\/139215-limprevu3_photo_limprevu.jpg"}},"urlLien":"","typeLien":"","nofollow":"N","copyright":"L'impr\u00e9vu"},{"url":"https:\/\/www.valdallos.com\/medias\/images\/prestataires\/139216-limprevu4_photo_limprevu.jpg","chemin":"..\/medias\/images\/prestataires\/139216-limprevu4_photo_limprevu.jpg","libelle":"Planche \u00e0 d\u00e9couper en forme d'\u00eele de Corse avec charcuterie, fromage, olive et basilic","extension":"jpg","categorie":"","largeur":640,"theme":"","hauteur":1287,"type":"Image","origine":"","liaisonPave":"","langue":"","id":"139216","urlVignette":"https:\/\/www.valdallos.com\/medias\/images\/prestataires\/v-139216-limprevu4_photo_limprevu.jpg","alt":"Planche \u00e0 d\u00e9couper en forme d'\u00eele de Corse avec charcuterie, fromage, olive et basilic","title":"Planche \u00e0 d\u00e9couper en forme d'\u00eele de Corse avec charcuterie, fromage, olive et basilic","MultiTaille":{"1920x1440":{"url":"https:\/\/www.valdallos.com\/medias\/images\/prestataires\/multitailles\/1920x1440_139216-limprevu4_photo_limprevu.jpg"},"1200x900":{"url":"https:\/\/www.valdallos.com\/medias\/images\/prestataires\/multitailles\/1200x900_139216-limprevu4_photo_limprevu.jpg"},"800x600":{"url":"https:\/\/www.valdallos.com\/medias\/images\/prestataires\/multitailles\/800x600_139216-limprevu4_photo_limprevu.jpg"},"640x480":{"url":"https:\/\/www.valdallos.com\/medias\/images\/prestataires\/multitailles\/640x480_139216-limprevu4_photo_limprevu.jpg"},"320x240":{"url":"https:\/\/www.valdallos.com\/medias\/images\/prestataires\/multitailles\/320x240_139216-limprevu4_photo_limprevu.jpg"},"160x120":{"url":"https:\/\/www.valdallos.com\/medias\/images\/prestataires\/multitailles\/160x120_139216-limprevu4_photo_limprevu.jpg"},"origine":{"url":"https:\/\/www.valdallos.com\/medias\/images\/prestataires\/139216-limprevu4_photo_limprevu.jpg"}},"urlLien":"","typeLien":"","nofollow":"N","copyright":"L'impr\u00e9vu"},{"url":"https:\/\/www.valdallos.com\/medias\/images\/prestataires\/139217-limprevu2_photo_imprevu.jpg","chemin":"..\/medias\/images\/prestataires\/139217-limprevu2_photo_imprevu.jpg","libelle":"Terrasse ext\u00e9rieure du restaurant dans la grand-rue d'Allos, fausse pelouse, tables et chaises, parasols","extension":"jpg","categorie":"","largeur":486,"theme":"","hauteur":606,"type":"Image","origine":"","liaisonPave":"","langue":"","id":"139217","urlVignette":"https:\/\/www.valdallos.com\/medias\/images\/prestataires\/v-139217-limprevu2_photo_imprevu.jpg","alt":"Terrasse ext\u00e9rieure du restaurant dans la grand-rue d'Allos, fausse pelouse, tables et chaises, parasols","title":"Terrasse ext\u00e9rieure du restaurant dans la grand-rue d'Allos, fausse pelouse, tables et chaises, parasols","MultiTaille":{"1920x1440":{"url":"https:\/\/www.valdallos.com\/medias\/images\/prestataires\/multitailles\/1920x1440_139217-limprevu2_photo_imprevu.jpg"},"1200x900":{"url":"https:\/\/www.valdallos.com\/medias\/images\/prestataires\/multitailles\/1200x900_139217-limprevu2_photo_imprevu.jpg"},"800x600":{"url":"https:\/\/www.valdallos.com\/medias\/images\/prestataires\/multitailles\/800x600_139217-limprevu2_photo_imprevu.jpg"},"640x480":{"url":"https:\/\/www.valdallos.com\/medias\/images\/prestataires\/multitailles\/640x480_139217-limprevu2_photo_imprevu.jpg"},"320x240":{"url":"https:\/\/www.valdallos.com\/medias\/images\/prestataires\/multitailles\/320x240_139217-limprevu2_photo_imprevu.jpg"},"160x120":{"url":"https:\/\/www.valdallos.com\/medias\/images\/prestataires\/multitailles\/160x120_139217-limprevu2_photo_imprevu.jpg"},"origine":{"url":"https:\/\/www.valdallos.com\/medias\/images\/prestataires\/139217-limprevu2_photo_imprevu.jpg"}},"urlLien":"","typeLien":"","nofollow":"N","copyright":"L'impr\u00e9vu"}]}},"Url":"ristorante-l-imprevu.html","Localisation":{"GoogleMap":{"Latitude":"44.240949","Longitude":"6.627388"},"PlanStation":{"idPlan":"7","nomPlan":"[NEW] Plan Village Allos","carte":"\/plan\/plan_village_2018[HIVER_FR[.jpg","PositionAbs":"1201","PositionOrd":"375"}},"ZoneGeo":"","Criteres":{"TINFADH[TDEB":"20210716","TINFADH[TCOMM":"","ZONEGEO[FRPA04VAV1400":"","PUBLICATION[VALDALLOSREDUIT":"","TADHER[TNOOFFIC":"","P.categories[SPECMONT":"","P.services[687":"","P.prestations[animauxAcceptes":"","P.prestations[surchargeTourismesAdaptes":"","P.prestations[surchargeDescriptifHandicapMoteur":"","P.prestations[surchargeDescriptifHandicapAuditif":"","P.prestations[surchargeDescriptifHandicapVisuel":"","P.prestations[surchargeDescriptifHandicapMental":"","P.prestations[surchargeNombreFauteuilsRoulants":"","P.languesParlees[1189":"","P.languesParlees[1192":"","P.languesParlees[1194":"","P.languesParlees[1197":"","P.3650[3652":"","P.114[416":"","P.114[418":"","P.114[435":"","P.114[436":"","P.modesPaiement[1271":"","P.modesPaiement[1268":"","P.modesPaiement[1277":"","P.tourismeAffaires[tourismeAffairesEnabled":"","P.tourismeAffaires[devise":"EUR","P.restaurationType[2866":"","P.specialites[2989":"","P.specialites[2983":"","P.specialites[5689":"","P.categories[2887":"","P.capacite[nombreSalles":"1","P.capacite[nombreMaximumCouverts":"30","P.capacite[nombreCouvertsTerrasse":"50","P.CINTSITRA[5661":"","P.CINTSITRA[5663":"","P.CINTSITRA[5664":"","P.CINTSITRA[8809":"","P.6241[126905":"","P.6241[5740912":"","P.3218[311229":"","P.3220[587401":"","P.3220[5575332":"","P.3233[591419":"","P.3221[4876304":"","P.3219[5127127":"","P.3219[5239406":"","P.3219[6436838":"","P.3240[5778284":"","P.6242[5843488":"","P.3230[6139211":"","P.VilleSitra[1559":"","P.VillageDeDepart[1559":""},"DateFinPublication":"","PrixAPartirDe":"","PrixPour":"","FicheListeEnCours":"fiche_liste_restaurants_OT_v2018_reduit","ParametresModele":{"AfficherPhotos":"0","NbPhotosMax":6,"AfficherReserver":0,"AfficherContact":0,"AfficherSalle":1,"AfficherZoneGeo":0,"AfficherEnSavoirPlus":"0","AfficherUneSeuleOuverture":0,"AfficherContactCarte":1,"AfficherTarifsChaudAPartirDe":0,"AfficherTarifChaudSansRecherche":0,"AfficherAvis":"0","AfficherAvisIngenie":"1","BlocCritereInfo":{"critere1":{"libelle":""},"critere2":{"libelle":"","liste_critere":["ZONEGEO|T"]},"critere3":{"libelle":""},"critere4":{"libelle":""},"critere5":{"libelle":""},"critere6":{"libelle":""},"critere7":{"libelle":""},"critere8":{"libelle":""},"afficherpictoetpaslibelle":"1"},"BlocPaveInfo":{"texte1":{"longeurmax":"250","afficherLibelle":"0","garderHtml":"0"}},"Criteres":"PUBLICATION[VALDALLOSREDUIT","PositionBloc":"GALLERIE|NOM|DESCRIPTIF|ZONEPRINCIPALFICHEPRESTA|AVIS|LIEN_RESERVER_DETAIL|URL|CARNET_VOYAGE","TypePrestataire":"T","ComportementResa":false,"ComportementDispo":false},"AffichageCoordonnees":[],"Coordonnees":{"Ville":"Allos"},"ContexteId":"PRESTATAIRE|T|5667921","ContexteIdHtml":"PRESTATAIRE-T-5667921","cleContexte":"T|5667921","Bloc":{"texte1":"","texte3":"","critere1":{"libelle":"","contenu":[]},"critere2":{"libelle":"","contenu":{"ZONEGEO":{"libelle":"Citt\u00e0","contenu":{"3":"Val d'Allos le Village"},"codesValeurs":{"3":"ZONEGEO|FRPA04VAV1400|T"},"criteres_datas":{"valeurs":{"3":{"FRPA04VAV1400":{"descriptif":""}}}}}}},"critere3":{"libelle":"","contenu":[]},"critere4":{"libelle":"","contenu":[]},"critere5":{"libelle":"","contenu":[]},"critere6":{"libelle":"","contenu":[]},"critere7":{"libelle":"","contenu":[]},"critere8":{"libelle":"","contenu":[]},"critere9":{"libelle":"","contenu":[]}},"LocalisationGps":{"Latitude":"44.240949","Longitude":"6.627388"},"libelleDuPrestataire":"","listeCriteres":{"TINFADH":{"TDEB":"20210716","TCOMM":""},"ZONEGEO":{"FRPA04VAV1400":""},"PUBLICATION":{"VALDALLOSREDUIT":""},"TADHER":{"TNOOFFIC":""},"P.categories":{"SPECMONT":"","2887":""},"P.services":{"687":""},"P.prestations":{"animauxAcceptes":"","surchargeTourismesAdaptes":"","surchargeDescriptifHandicapMoteur":"","surchargeDescriptifHandicapAuditif":"","surchargeDescriptifHandicapVisuel":"","surchargeDescriptifHandicapMental":"","surchargeNombreFauteuilsRoulants":""},"P.languesParlees":{"1189":"","1192":"","1194":"","1197":""},"P.3650":{"3652":""},"P.114":{"416":"","418":"","435":"","436":""},"P.modesPaiement":{"1271":"","1268":"","1277":""},"P.tourismeAffaires":{"tourismeAffairesEnabled":"","devise":"EUR"},"P.restaurationType":{"2866":""},"P.specialites":{"2989":"","2983":"","5689":""},"P.capacite":{"nombreSalles":"1","nombreMaximumCouverts":"30","nombreCouvertsTerrasse":"50"},"P.CINTSITRA":{"5661":"","5663":"","5664":"","8809":""},"P.6241":{"126905":"","5740912":""},"P.3218":{"311229":""},"P.3220":{"587401":"","5575332":""},"P.3233":{"591419":""},"P.3221":{"4876304":""},"P.3219":{"5127127":"","5239406":"","6436838":""},"P.3240":{"5778284":""},"P.6242":{"5843488":""},"P.3230":{"6139211":""},"P.VilleSitra":{"1559":""},"P.VillageDeDepart":{"1559":""}},"dansCarnetVoyage":true,"Ouverture":""},"html":" \n \u003Cdiv id=\"CV-PRESTATAIRE-T-5667921\" data-contexte-id=\"PRESTATAIRE|T|5667921\" data-cle=\"T|5667921\" class=\"fiche-liste\"\u003E\n    \n\n    \u003C!-- partie photo --\u003E\n    \u003Cdiv class=\"photo\"\u003E\t\t\t\t\t\t\t\t\t\t\t\t\t\t\t\t\t\t\t\t\t\n        \u003Cdiv class=\"cadre_photo_principale\"\u003E\t\t\n        \n            \t\t\t\t\t\n                    \u003Ca href=\"ristorante-l-imprevu.html?origine=carnet#media\"\u003E\n                        \u003Cimg class=\"photo_principale\" alt=\"Terrasse ext\u00e9rieure du restaurant, situ\u00e9e dans la grand rue d'Allos, fausse pelouse au sol, tables et chaises. Inscription sur fa\u00e7ade : 'L'Impr\u00e9vu, La Beaut\u00e9 d'une \u00eele \u00e0 la montagne\"\" src=\"https:\/\/www.valdallos.com\/medias\/images\/prestataires\/multitailles\/320x240_139214-limprevu_photo_imprevu.jpg\" itemprop=\"image\"\u003E\n                    \u003C\/a\u003E\t\t\t\t\t\t\n                \n                    \u003C\/div\u003E\t\t\t\t\t\t\t\t\t\t\t\t\t\t\t\t\t\t\t \t\t\n    \u003C\/div\u003E\n    \n    \u003C!-- partie nom prest --\u003E\n    \u003Cdiv class=\"nom\"\u003E\n        \u003Ch2\u003ERistorante L'impr\u00e9vu\u003C\/h2\u003E\n        \n            \u003C\/div\u003E\n\n         \n    \u003C!-- partie adresse --\u003E\n    \u003Cdiv class=\"adresse\"\u003E\n    \n          \n    \u003C\/div\u003E\n    \n    \u003C!-- partie liens --\u003E\n    \u003Cdiv class=\"liens\"\u003E\n            \u003Ca class=\"btn-icon btn-view \" title=\"Vedi il file dettagliato\" href=\"ristorante-l-imprevu.html?origine=carnet\"\u003E\u003C\/a\u003E\u003C!--\u003Ca class=\"btn-icon btn-view \" title=\"\" href=\"?origine=carnet#thaut\"\u003E\u003C\/a\u003E--\u003E\n      \u003Ca class=\"btn-icon btn-trash carnet_voyage_supprimer\" title=\"Elimina questo file dal mio diario di viaggio\" href=\"carnet-voyage?action=remove&fiche=T|5667921\"\u003E\u003C\/a\u003E\n    \u003C\/div\u003E\n\n\u003C\/div\u003E\n\n","icon":"https:\/\/static.ingenie.fr\/images\/carnetVoyageV3\/T.png"},"fiche":"T|5667921","popup":"\u003Cdiv id=\"bloc_popup_ajout_fiche_carnet\"\u003E\n    \u003Cdiv class=\"info_popup_ajout_fiche_carnet\"\u003E\n        Hai appena aggiunto questo elemento alla tua selezione:    \u003C\/div\u003E\n    \u003Cdiv class=\"prest_popup_ajout_fiche_carnet\"\u003E\n        Ristorante L&#039;impr&eacute;vu    \u003C\/div\u003E\n    \u003Cdiv class=\"bloc_btn_ajout_fiche_carnet form_submit_div\"\u003E\n        \u003Cinput type=\"button\" value=\"Continua la mia selezione\" title=\"Continua la mia selezione\" name=\"btn_close\" class=\"btn_close_popup_carnet form_submit\" onclick=\"$.colorbox.close()\" \/\u003E\n        \u003Cinput type=\"button\" value=\"Visualizza la mia selezione\" title=\"Visualizza la mia selezione\" name=\"btn_panier\" class=\"btn_panier_popup_carnet form_submit\" onclick=\"if(typeof CarnetVoyage != 'undefined') {CarnetVoyage.voirCarnet();}\" \/\u003E\n    \u003C\/div\u003E\n    \u003Cdiv class=\"bloc_btn_ajout_fiche_carnet\"\u003E\n        \u003Cinput type=\"checkbox\" value=\"1\" name=\"desactiver_popup\" id=\"desactiver_popup\" \/\u003E\n        \u003Clabel for=\"desactiver_popup\"\u003ENon visualizzare pi\u00f9 questo messaggio\u003C\/label\u003E\n    \u003C\/div\u003E\n\u003C\/div\u003E","success":1}