{"nbFiches":1,"dataPrest":{"infoPrest":{"pave1":{"libelle":"Descriptif","contenu":"Ristorante davanti alle piste\u003Cbr \/\u003E\r\nCucina fatta in casa"},"pave2":{"libelle":"URL de la r\u00e9servation ou vente en ligne","contenu":""},"pave3":{"libelle":"Descriptif court","contenu":""},"pave4":{"libelle":"Descriptif d\u00e9taill\u00e9","contenu":""},"pave5":{"libelle":"Bons plans","contenu":""},"pave6":{"libelle":"Compl\u00e9ment localisation","contenu":""},"pave7":{"libelle":"Compl\u00e9ment accueil","contenu":""},"pave8":{"libelle":"P\u00e9riodes en clair","contenu":"Dal 20\/12\/2025 al 22\/03\/2026 ogni giorno dalle 8 alle 18."},"pave9":{"libelle":"Tarifs en clair","contenu":""},"pave10":{"libelle":"Compl\u00e9ment Tarifs","contenu":""},"pave11":{"libelle":"Compl\u00e9ment R\u00e9servation","contenu":""},"pave12":{"libelle":"Descriptif court","contenu":""},"pave13":{"libelle":"Descriptif d\u00e9taill\u00e9","contenu":""},"pave14":{"libelle":"Bons plans","contenu":""},"pave15":{"libelle":"Tarifs (Tarifs en clair, Compl\u00e9ment Tarifs)","contenu":""},"pave16":{"libelle":"P\u00e9riodes en clair","contenu":""},"pave17":{"libelle":"Descriptif court","contenu":"Ristorante sul fronte della neve che offre un servizio non stop da 8h a 18h"},"pave18":{"libelle":"Descriptif d\u00e9taill\u00e9","contenu":""},"pave19":{"libelle":"Bons plans","contenu":""},"pave20":{"libelle":"Tarifs (Tarifs en clair, Compl\u00e9ment Tarifs)","contenu":""},"pave21":{"libelle":"P\u00e9riodes en clair","contenu":""},"pave22":{"libelle":"Dispositions sp\u00e9ciales","contenu":""},"pave23":{"libelle":"Nouveaut\u00e9s","contenu":""},"pave24":{"libelle":"Gestes pour l'environnement","contenu":""},"pave25":{"libelle":"","contenu":""},"ContactsParType":{"":{"117332":{"id_contact":"117332","type_contact":"","categorie_contact":"PRESTATAIRE","societe_contact":"","fonction_contact":"","civilite_nom_prenom_contact":"MME Pellissier Sylvie ","adresse1_contact":"","adresse2_contact":"","adresse3_contact":"","cpostal_contact":"","ville_contact":"","teldom_contact":"","telbur_contact":"","fax_contact":"","portable_contact":"","email_contact":"","siteweb_contact":"","commentaire_contact":"","langue_contact":"","autre_moyen_com":[]}}},"ZoneGeoLibelle":"Val d\u2019Allos \u2013 Le Seignus","Libelle":"Ristorante Le Clos Bertrand","Nom":"Restaurant Le Clos Bertrand","Prenom":"","NomPrenom":"Restaurant Le Clos Bertrand ","CiviliteNomPrenom":"Restaurant Le Clos Bertrand ","Cle":"T|634057","PrestataireParent":"","ContexteStat":"PRESTATAIRE-T-634057","DateModificationIso":"2026-03-13T08:45:00+01:00","Type":"PRESTATAIRE","TypePrestataire":"T","Adresse":{"LigneAdresse1":"centre station","LigneAdresse2":"Val d'Allos - le Seignus","LigneAdresse3":"","CodePostal":"04260","Ville":"Le Seignus","Cedex":"","Etat":"","Pays":"FRA"},"Email":"","Telephone":"","TelephoneBureau":"","Portable":"","SiteWeb":"","Fax":"","Id":"t-634057","Code":"T|634057","Fichier":{"Image":[{"url":"https:\/\/www.valdallos.com\/medias\/images\/prestataires\/136879-clos_bertrand.jpg","chemin":"..\/medias\/images\/prestataires\/136879-clos_bertrand.jpg","libelle":"Terrasse ext\u00e9rieure du restaurant, tables et chaises, et b\u00e2timent principal, en pierre, sur deux \u00e9tages. Panneau au 2e \u00e9tage : \"Bar Restaurant Le Clos Bertrand\"","extension":"jpg","categorie":"","largeur":800,"theme":"","hauteur":533,"type":"Image","origine":"","liaisonPave":"","langue":"","id":"136879","urlVignette":"https:\/\/www.valdallos.com\/medias\/images\/prestataires\/v-136879-clos_bertrand.jpg","alt":"Terrasse ext\u00e9rieure du restaurant, tables et chaises, et b\u00e2timent principal, en pierre, sur deux \u00e9tages. Panneau au 2e \u00e9tage : \"Bar Restaurant Le Clos Bertrand\"","title":"Terrasse ext\u00e9rieure du restaurant, tables et chaises, et b\u00e2timent principal, en pierre, sur deux \u00e9tages. Panneau au 2e \u00e9tage : \"Bar Restaurant Le Clos Bertrand\"","MultiTaille":{"1920x1440":{"url":"https:\/\/www.valdallos.com\/medias\/images\/prestataires\/multitailles\/1920x1440_136879-clos_bertrand.jpg"},"1200x900":{"url":"https:\/\/www.valdallos.com\/medias\/images\/prestataires\/multitailles\/1200x900_136879-clos_bertrand.jpg"},"800x600":{"url":"https:\/\/www.valdallos.com\/medias\/images\/prestataires\/multitailles\/800x600_136879-clos_bertrand.jpg"},"640x480":{"url":"https:\/\/www.valdallos.com\/medias\/images\/prestataires\/multitailles\/640x480_136879-clos_bertrand.jpg"},"320x240":{"url":"https:\/\/www.valdallos.com\/medias\/images\/prestataires\/multitailles\/320x240_136879-clos_bertrand.jpg"},"160x120":{"url":"https:\/\/www.valdallos.com\/medias\/images\/prestataires\/multitailles\/160x120_136879-clos_bertrand.jpg"},"origine":{"url":"https:\/\/www.valdallos.com\/medias\/images\/prestataires\/136879-clos_bertrand.jpg"}},"urlLien":"","typeLien":"","nofollow":"N","copyright":"office de tourisme du Val d'Allos R Palomba"}],"ByCategorie":{"":[{"url":"https:\/\/www.valdallos.com\/medias\/images\/prestataires\/136879-clos_bertrand.jpg","chemin":"..\/medias\/images\/prestataires\/136879-clos_bertrand.jpg","libelle":"Terrasse ext\u00e9rieure du restaurant, tables et chaises, et b\u00e2timent principal, en pierre, sur deux \u00e9tages. Panneau au 2e \u00e9tage : \"Bar Restaurant Le Clos Bertrand\"","extension":"jpg","categorie":"","largeur":800,"theme":"","hauteur":533,"type":"Image","origine":"","liaisonPave":"","langue":"","id":"136879","urlVignette":"https:\/\/www.valdallos.com\/medias\/images\/prestataires\/v-136879-clos_bertrand.jpg","alt":"Terrasse ext\u00e9rieure du restaurant, tables et chaises, et b\u00e2timent principal, en pierre, sur deux \u00e9tages. Panneau au 2e \u00e9tage : \"Bar Restaurant Le Clos Bertrand\"","title":"Terrasse ext\u00e9rieure du restaurant, tables et chaises, et b\u00e2timent principal, en pierre, sur deux \u00e9tages. Panneau au 2e \u00e9tage : \"Bar Restaurant Le Clos Bertrand\"","MultiTaille":{"1920x1440":{"url":"https:\/\/www.valdallos.com\/medias\/images\/prestataires\/multitailles\/1920x1440_136879-clos_bertrand.jpg"},"1200x900":{"url":"https:\/\/www.valdallos.com\/medias\/images\/prestataires\/multitailles\/1200x900_136879-clos_bertrand.jpg"},"800x600":{"url":"https:\/\/www.valdallos.com\/medias\/images\/prestataires\/multitailles\/800x600_136879-clos_bertrand.jpg"},"640x480":{"url":"https:\/\/www.valdallos.com\/medias\/images\/prestataires\/multitailles\/640x480_136879-clos_bertrand.jpg"},"320x240":{"url":"https:\/\/www.valdallos.com\/medias\/images\/prestataires\/multitailles\/320x240_136879-clos_bertrand.jpg"},"160x120":{"url":"https:\/\/www.valdallos.com\/medias\/images\/prestataires\/multitailles\/160x120_136879-clos_bertrand.jpg"},"origine":{"url":"https:\/\/www.valdallos.com\/medias\/images\/prestataires\/136879-clos_bertrand.jpg"}},"urlLien":"","typeLien":"","nofollow":"N","copyright":"office de tourisme du Val d'Allos R Palomba"}]}},"Url":"restaurant-le-clos-bertrand.html","Localisation":{"GoogleMap":{"Latitude":"44.24114","Longitude":"6.615815"},"PlanStation":{"idPlan":"7","nomPlan":"[NEW] Plan Village Allos","carte":"\/plan\/plan_village_2018[HIVER_FR[.jpg","PositionAbs":"378","PositionOrd":"226"}},"ZoneGeo":"","Criteres":{"TINFADH[TCOMM":"","TFAMPLU[TCHAIHAU":"","TFAMPLU[TPLATJOUR":"12 ans","TFAMPLU[TJOUETS":"","ZONEGEO[FRPA04VAV1500":"","P.categories[CV":"","PUBLICATION[VALDALLOSREDUIT":"","TADHER[TNOOFFIC":"","P.categories[SPECMONT":"","P.125[3725":"","P.125[1106":"","P.125[741":"","P.126[1321":"","P.122[4063":"","P.22[723":"","P.services[687":"","P.78[1115":"","P.prestations[animauxAcceptes":"","P.prestations[surchargeTourismesAdaptes":"","P.prestations[surchargeDescriptifHandicapMoteur":"","P.prestations[surchargeDescriptifHandicapAuditif":"","P.prestations[surchargeDescriptifHandicapVisuel":"","P.prestations[surchargeDescriptifHandicapMental":"","P.prestations[surchargeNombreFauteuilsRoulants":"","P.languesParlees[1197":"","P.3650[3652":"","P.2[509":"","P.2[513":"","P.5[593":"","P.environnements[171":"","P.environnements[193":"","P.environnements[3972":"","P.environnements[184":"","P.114[435":"","P.modesPaiement[1271":"","P.modesPaiement[1285":"","P.modesPaiement[1268":"","P.modesPaiement[1277":"","P.modesPaiement[1274":"","P.tourismeAffaires[tourismeAffairesEnabled":"","P.tourismeAffaires[devise":"EUR","P.restaurationType[2866":"","P.specialites[2989":"","P.specialites[2983":"","P.specialites[4109":"","P.specialites[4463":"","P.categories[2883":"","P.capacite[nombreMaximumCouverts":"150","P.capacite[nombreCouvertsTerrasse":"150","P.CINTSITRA[5661":"","P.CINTSITRA[5664":"","P.CINTSITRA[8809":"","P.6241[126905":"","P.6241[5740912":"","P.3218[311229":"","P.3220[587401":"","P.3220[5575332":"","P.3233[591419":"","P.3221[4876304":"","P.3219[5127066":"","P.3219[5127127":"","P.3219[5239406":"","P.3219[6436838":"","P.3240[5778284":"","P.6242[5843488":"","P.3230[6139211":"","P.VilleSitra[37281":"","P.VillageDeDepart[1559":"","P.VillageDeDepart[37281":""},"DateFinPublication":"","PrixAPartirDe":"","PrixPour":"","FicheListeEnCours":"fiche_liste_restaurants_OT_v2018_reduit","ParametresModele":{"AfficherPhotos":"0","NbPhotosMax":6,"AfficherReserver":0,"AfficherContact":0,"AfficherSalle":1,"AfficherZoneGeo":0,"AfficherEnSavoirPlus":"0","AfficherUneSeuleOuverture":0,"AfficherContactCarte":1,"AfficherTarifsChaudAPartirDe":0,"AfficherTarifChaudSansRecherche":0,"AfficherAvis":"0","AfficherAvisIngenie":"1","BlocCritereInfo":{"critere1":{"libelle":""},"critere2":{"libelle":"","liste_critere":["ZONEGEO|T"]},"critere3":{"libelle":""},"critere4":{"libelle":""},"critere5":{"libelle":""},"critere6":{"libelle":""},"critere7":{"libelle":""},"critere8":{"libelle":""},"afficherpictoetpaslibelle":"1"},"BlocPaveInfo":{"texte1":{"longeurmax":"250","afficherLibelle":"0","garderHtml":"0"}},"Criteres":"PUBLICATION[VALDALLOSREDUIT","PositionBloc":"GALLERIE|NOM|DESCRIPTIF|ZONEPRINCIPALFICHEPRESTA|AVIS|LIEN_RESERVER_DETAIL|URL|CARNET_VOYAGE","TypePrestataire":"T","ComportementResa":false,"ComportementDispo":false},"AffichageCoordonnees":[],"Coordonnees":{"Ville":"Le Seignus"},"ContexteId":"PRESTATAIRE|T|634057","ContexteIdHtml":"PRESTATAIRE-T-634057","cleContexte":"T|634057","Bloc":{"texte1":"","texte3":"","critere1":{"libelle":"","contenu":[]},"critere2":{"libelle":"","contenu":{"ZONEGEO":{"libelle":"Citt\u00e0","contenu":{"2":"Val d'Allos le Seignus"},"codesValeurs":{"2":"ZONEGEO|FRPA04VAV1500|T"},"criteres_datas":{"valeurs":{"2":{"FRPA04VAV1500":{"descriptif":""}}}}}}},"critere3":{"libelle":"","contenu":[]},"critere4":{"libelle":"","contenu":[]},"critere5":{"libelle":"","contenu":[]},"critere6":{"libelle":"","contenu":[]},"critere7":{"libelle":"","contenu":[]},"critere8":{"libelle":"","contenu":[]},"critere9":{"libelle":"","contenu":[]}},"LocalisationGps":{"Latitude":"44.24114","Longitude":"6.615815"},"libelleDuPrestataire":"","listeCriteres":{"TINFADH":{"TCOMM":""},"TFAMPLU":{"TCHAIHAU":"","TPLATJOUR":"12 ans","TJOUETS":""},"ZONEGEO":{"FRPA04VAV1500":""},"P.categories":{"CV":"","SPECMONT":"","2883":""},"PUBLICATION":{"VALDALLOSREDUIT":""},"TADHER":{"TNOOFFIC":""},"P.125":{"3725":"","1106":"","741":""},"P.126":{"1321":""},"P.122":{"4063":""},"P.22":{"723":""},"P.services":{"687":""},"P.78":{"1115":""},"P.prestations":{"animauxAcceptes":"","surchargeTourismesAdaptes":"","surchargeDescriptifHandicapMoteur":"","surchargeDescriptifHandicapAuditif":"","surchargeDescriptifHandicapVisuel":"","surchargeDescriptifHandicapMental":"","surchargeNombreFauteuilsRoulants":""},"P.languesParlees":{"1197":""},"P.3650":{"3652":""},"P.2":{"509":"","513":""},"P.5":{"593":""},"P.environnements":{"171":"","193":"","3972":"","184":""},"P.114":{"435":""},"P.modesPaiement":{"1271":"","1285":"","1268":"","1277":"","1274":""},"P.tourismeAffaires":{"tourismeAffairesEnabled":"","devise":"EUR"},"P.restaurationType":{"2866":""},"P.specialites":{"2989":"","2983":"","4109":"","4463":""},"P.capacite":{"nombreMaximumCouverts":"150","nombreCouvertsTerrasse":"150"},"P.CINTSITRA":{"5661":"","5664":"","8809":""},"P.6241":{"126905":"","5740912":""},"P.3218":{"311229":""},"P.3220":{"587401":"","5575332":""},"P.3233":{"591419":""},"P.3221":{"4876304":""},"P.3219":{"5127066":"","5127127":"","5239406":"","6436838":""},"P.3240":{"5778284":""},"P.6242":{"5843488":""},"P.3230":{"6139211":""},"P.VilleSitra":{"37281":""},"P.VillageDeDepart":{"1559":"","37281":""}},"dansCarnetVoyage":true,"Ouverture":""},"html":" \n \u003Cdiv id=\"CV-PRESTATAIRE-T-634057\" data-contexte-id=\"PRESTATAIRE|T|634057\" data-cle=\"T|634057\" class=\"fiche-liste\"\u003E\n    \n\n    \u003C!-- partie photo --\u003E\n    \u003Cdiv class=\"photo\"\u003E\t\t\t\t\t\t\t\t\t\t\t\t\t\t\t\t\t\t\t\t\t\n        \u003Cdiv class=\"cadre_photo_principale\"\u003E\t\t\n        \n            \t\t\t\t\t\n                    \u003Ca href=\"restaurant-le-clos-bertrand.html?origine=carnet#media\"\u003E\n                        \u003Cimg class=\"photo_principale\" alt=\"Terrasse ext\u00e9rieure du restaurant, tables et chaises, et b\u00e2timent principal, en pierre, sur deux \u00e9tages. Panneau au 2e \u00e9tage : \"Bar Restaurant Le Clos Bertrand\"\" src=\"https:\/\/www.valdallos.com\/medias\/images\/prestataires\/multitailles\/320x240_136879-clos_bertrand.jpg\" itemprop=\"image\"\u003E\n                    \u003C\/a\u003E\t\t\t\t\t\t\n                \n                    \u003C\/div\u003E\t\t\t\t\t\t\t\t\t\t\t\t\t\t\t\t\t\t\t \t\t\n    \u003C\/div\u003E\n    \n    \u003C!-- partie nom prest --\u003E\n    \u003Cdiv class=\"nom\"\u003E\n        \u003Ch2\u003ERistorante Le Clos Bertrand\u003C\/h2\u003E\n        \n            \u003C\/div\u003E\n\n         \n    \u003C!-- partie adresse --\u003E\n    \u003Cdiv class=\"adresse\"\u003E\n    \n          \n    \u003C\/div\u003E\n    \n    \u003C!-- partie liens --\u003E\n    \u003Cdiv class=\"liens\"\u003E\n            \u003Ca class=\"btn-icon btn-view \" title=\"Vedi il file dettagliato\" href=\"restaurant-le-clos-bertrand.html?origine=carnet\"\u003E\u003C\/a\u003E\u003C!--\u003Ca class=\"btn-icon btn-view \" title=\"\" href=\"?origine=carnet#thaut\"\u003E\u003C\/a\u003E--\u003E\n      \u003Ca class=\"btn-icon btn-trash carnet_voyage_supprimer\" title=\"Elimina questo file dal mio diario di viaggio\" href=\"carnet-voyage?action=remove&fiche=T|634057\"\u003E\u003C\/a\u003E\n    \u003C\/div\u003E\n\n\u003C\/div\u003E\n\n","icon":"https:\/\/static.ingenie.fr\/images\/carnetVoyageV3\/T.png"},"fiche":"T|634057","popup":"\u003Cdiv id=\"bloc_popup_ajout_fiche_carnet\"\u003E\n    \u003Cdiv class=\"info_popup_ajout_fiche_carnet\"\u003E\n        Hai appena aggiunto questo elemento alla tua selezione:    \u003C\/div\u003E\n    \u003Cdiv class=\"prest_popup_ajout_fiche_carnet\"\u003E\n        Ristorante Le Clos Bertrand    \u003C\/div\u003E\n    \u003Cdiv class=\"bloc_btn_ajout_fiche_carnet form_submit_div\"\u003E\n        \u003Cinput type=\"button\" value=\"Continua la mia selezione\" title=\"Continua la mia selezione\" name=\"btn_close\" class=\"btn_close_popup_carnet form_submit\" onclick=\"$.colorbox.close()\" \/\u003E\n        \u003Cinput type=\"button\" value=\"Visualizza la mia selezione\" title=\"Visualizza la mia selezione\" name=\"btn_panier\" class=\"btn_panier_popup_carnet form_submit\" onclick=\"if(typeof CarnetVoyage != 'undefined') {CarnetVoyage.voirCarnet();}\" \/\u003E\n    \u003C\/div\u003E\n    \u003Cdiv class=\"bloc_btn_ajout_fiche_carnet\"\u003E\n        \u003Cinput type=\"checkbox\" value=\"1\" name=\"desactiver_popup\" id=\"desactiver_popup\" \/\u003E\n        \u003Clabel for=\"desactiver_popup\"\u003ENon visualizzare pi\u00f9 questo messaggio\u003C\/label\u003E\n    \u003C\/div\u003E\n\u003C\/div\u003E","success":1}