{"nbFiches":2,"dataPrest":{"infoPrest":{"pave1":{"libelle":"Descriptif","contenu":"Ristorante, specialit\u00e0 di montagna, pizzeria, creperie"},"pave2":{"libelle":"URL de la r\u00e9servation ou vente en ligne","contenu":""},"pave3":{"libelle":"Descriptif court","contenu":""},"pave4":{"libelle":"Descriptif d\u00e9taill\u00e9","contenu":""},"pave5":{"libelle":"Bons plans","contenu":""},"pave6":{"libelle":"Compl\u00e9ment localisation","contenu":""},"pave7":{"libelle":"Compl\u00e9ment accueil","contenu":""},"pave8":{"libelle":"P\u00e9riodes en clair","contenu":"Dal 13\/12\/2025 al 29\/03\/2026 ogni giorno.\u003Cbr \/\u003E\n\u003Cbr \/\u003E\nDal 04\/07 al 30\/08\/2026 ogni giorno."},"pave9":{"libelle":"Tarifs en clair","contenu":""},"pave10":{"libelle":"Compl\u00e9ment Tarifs","contenu":""},"pave11":{"libelle":"Compl\u00e9ment R\u00e9servation","contenu":""},"pave12":{"libelle":"Descriptif court","contenu":""},"pave13":{"libelle":"Descriptif d\u00e9taill\u00e9","contenu":""},"pave14":{"libelle":"Bons plans","contenu":""},"pave15":{"libelle":"Tarifs (Tarifs en clair, Compl\u00e9ment Tarifs)","contenu":""},"pave16":{"libelle":"P\u00e9riodes en clair","contenu":""},"pave17":{"libelle":"Descriptif court","contenu":""},"pave18":{"libelle":"Descriptif d\u00e9taill\u00e9","contenu":""},"pave19":{"libelle":"Bons plans","contenu":""},"pave20":{"libelle":"Tarifs (Tarifs en clair, Compl\u00e9ment Tarifs)","contenu":""},"pave21":{"libelle":"P\u00e9riodes en clair","contenu":""},"pave22":{"libelle":"Dispositions sp\u00e9ciales","contenu":""},"pave23":{"libelle":"Nouveaut\u00e9s","contenu":""},"pave24":{"libelle":"Gestes pour l'environnement","contenu":""},"pave25":{"libelle":"","contenu":""},"ContactsParType":{"":{"117959":{"id_contact":"117959","type_contact":"","categorie_contact":"PRESTATAIRE","societe_contact":"","fonction_contact":"","civilite_nom_prenom_contact":"fabre muriel ","adresse1_contact":"","adresse2_contact":"","adresse3_contact":"","cpostal_contact":"","ville_contact":"","teldom_contact":"","telbur_contact":"","fax_contact":"","portable_contact":"","email_contact":"","siteweb_contact":"","commentaire_contact":"","langue_contact":"","autre_moyen_com":[]}}},"ZoneGeoLibelle":"Val d\u2019Allos \u2013 La Foux","Libelle":"Ristorante Pourquoi pas ?","Nom":"Restaurant Pourquoi Pas ?","Prenom":"","NomPrenom":"Restaurant Pourquoi Pas ? ","CiviliteNomPrenom":"Restaurant Pourquoi Pas ? ","Cle":"T|634100","PrestataireParent":"","ContexteStat":"PRESTATAIRE-T-634100","DateModificationIso":"2026-04-06T00:08:00+02:00","Type":"PRESTATAIRE","TypePrestataire":"T","Adresse":{"LigneAdresse1":"galerie marchande","LigneAdresse2":"centre station","LigneAdresse3":"Val d'Allos - La Foux","CodePostal":"04260","Ville":"La Foux d\u2019Allos","Cedex":"","Etat":"","Pays":"FRA"},"Email":"muriel.fabre00@orange.fr","Telephone":"04 92 83 83 34","TelephoneBureau":"","Portable":"06 83 85 63 58","SiteWeb":"","Fax":"","Id":"t-634100","Code":"T|634100","Fichier":{"Image":[{"url":"https:\/\/www.valdallos.com\/medias\/images\/prestataires\/138614-pourquoi_pas_3.jpg","chemin":"..\/medias\/images\/prestataires\/138614-pourquoi_pas_3.jpg","libelle":"Salle de restaurant lumineuse avec d\u00e9coration int\u00e9rieur bois, tables et chaises assorties, tableau au mur, porte-fen\u00eatre donnant sur la galerie marchande","extension":"jpg","categorie":"","largeur":2016,"theme":"","hauteur":1512,"type":"Image","origine":"","liaisonPave":"","langue":"","id":"138614","urlVignette":"https:\/\/www.valdallos.com\/medias\/images\/prestataires\/v-138614-pourquoi_pas_3.jpg","alt":"Salle de restaurant lumineuse avec d\u00e9coration int\u00e9rieur bois, tables et chaises assorties, tableau au mur, porte-fen\u00eatre donnant sur la galerie marchande","title":"Salle de restaurant lumineuse avec d\u00e9coration int\u00e9rieur bois, tables et chaises assorties, tableau au mur, porte-fen\u00eatre donnant sur la galerie marchande","MultiTaille":{"1920x1440":{"url":"https:\/\/www.valdallos.com\/medias\/images\/prestataires\/multitailles\/1920x1440_138614-pourquoi_pas_3.jpg"},"1200x900":{"url":"https:\/\/www.valdallos.com\/medias\/images\/prestataires\/multitailles\/1200x900_138614-pourquoi_pas_3.jpg"},"800x600":{"url":"https:\/\/www.valdallos.com\/medias\/images\/prestataires\/multitailles\/800x600_138614-pourquoi_pas_3.jpg"},"640x480":{"url":"https:\/\/www.valdallos.com\/medias\/images\/prestataires\/multitailles\/640x480_138614-pourquoi_pas_3.jpg"},"320x240":{"url":"https:\/\/www.valdallos.com\/medias\/images\/prestataires\/multitailles\/320x240_138614-pourquoi_pas_3.jpg"},"160x120":{"url":"https:\/\/www.valdallos.com\/medias\/images\/prestataires\/multitailles\/160x120_138614-pourquoi_pas_3.jpg"},"origine":{"url":"https:\/\/www.valdallos.com\/medias\/images\/prestataires\/138614-pourquoi_pas_3.jpg"}},"urlLien":"","typeLien":"","nofollow":"N","copyright":"Le Pourquoi pas"},{"url":"https:\/\/www.valdallos.com\/medias\/images\/prestataires\/138615-pourquoipas19.jpg","chemin":"..\/medias\/images\/prestataires\/138615-pourquoipas19.jpg","libelle":"Salle de restaurant lumineuse et moderne avec tables et chaises, fen\u00eatre au fond donnant sur la galerie marchande","extension":"jpg","categorie":"","largeur":295,"theme":"","hauteur":640,"type":"Image","origine":"","liaisonPave":"","langue":"","id":"138615","urlVignette":"https:\/\/www.valdallos.com\/medias\/images\/prestataires\/v-138615-pourquoipas19.jpg","alt":"Salle de restaurant lumineuse et moderne avec tables et chaises, fen\u00eatre au fond donnant sur la galerie marchande","title":"Salle de restaurant lumineuse et moderne avec tables et chaises, fen\u00eatre au fond donnant sur la galerie marchande","MultiTaille":{"1920x1440":{"url":"https:\/\/www.valdallos.com\/medias\/images\/prestataires\/multitailles\/1920x1440_138615-pourquoipas19.jpg"},"1200x900":{"url":"https:\/\/www.valdallos.com\/medias\/images\/prestataires\/multitailles\/1200x900_138615-pourquoipas19.jpg"},"800x600":{"url":"https:\/\/www.valdallos.com\/medias\/images\/prestataires\/multitailles\/800x600_138615-pourquoipas19.jpg"},"640x480":{"url":"https:\/\/www.valdallos.com\/medias\/images\/prestataires\/multitailles\/640x480_138615-pourquoipas19.jpg"},"320x240":{"url":"https:\/\/www.valdallos.com\/medias\/images\/prestataires\/multitailles\/320x240_138615-pourquoipas19.jpg"},"160x120":{"url":"https:\/\/www.valdallos.com\/medias\/images\/prestataires\/multitailles\/160x120_138615-pourquoipas19.jpg"},"origine":{"url":"https:\/\/www.valdallos.com\/medias\/images\/prestataires\/138615-pourquoipas19.jpg"}},"urlLien":"","typeLien":"","nofollow":"N","copyright":"Le pourquoi pas"},{"url":"https:\/\/www.valdallos.com\/medias\/images\/prestataires\/138616-pourquoipas192.jpg","chemin":"..\/medias\/images\/prestataires\/138616-pourquoipas192.jpg","libelle":"Vue du restaurant depuis l'ext\u00e9rieur de la galerie marchande. Terrasse ext\u00e9rieure avec parasol. Panneau avec inscription : \"Pourquoi pas, sp\u00e9cialit\u00e9s fromag\u00e8res\"","extension":"jpg","categorie":"","largeur":640,"theme":"","hauteur":480,"type":"Image","origine":"","liaisonPave":"","langue":"","id":"138616","urlVignette":"https:\/\/www.valdallos.com\/medias\/images\/prestataires\/v-138616-pourquoipas192.jpg","alt":"Vue du restaurant depuis l'ext\u00e9rieur de la galerie marchande. Terrasse ext\u00e9rieure avec parasol. Panneau avec inscription : \"Pourquoi pas, sp\u00e9cialit\u00e9s fromag\u00e8res\"","title":"Vue du restaurant depuis l'ext\u00e9rieur de la galerie marchande. Terrasse ext\u00e9rieure avec parasol. Panneau avec inscription : \"Pourquoi pas, sp\u00e9cialit\u00e9s fromag\u00e8res\"","MultiTaille":{"1920x1440":{"url":"https:\/\/www.valdallos.com\/medias\/images\/prestataires\/multitailles\/1920x1440_138616-pourquoipas192.jpg"},"1200x900":{"url":"https:\/\/www.valdallos.com\/medias\/images\/prestataires\/multitailles\/1200x900_138616-pourquoipas192.jpg"},"800x600":{"url":"https:\/\/www.valdallos.com\/medias\/images\/prestataires\/multitailles\/800x600_138616-pourquoipas192.jpg"},"640x480":{"url":"https:\/\/www.valdallos.com\/medias\/images\/prestataires\/multitailles\/640x480_138616-pourquoipas192.jpg"},"320x240":{"url":"https:\/\/www.valdallos.com\/medias\/images\/prestataires\/multitailles\/320x240_138616-pourquoipas192.jpg"},"160x120":{"url":"https:\/\/www.valdallos.com\/medias\/images\/prestataires\/multitailles\/160x120_138616-pourquoipas192.jpg"},"origine":{"url":"https:\/\/www.valdallos.com\/medias\/images\/prestataires\/138616-pourquoipas192.jpg"}},"urlLien":"","typeLien":"","nofollow":"N","copyright":"Le pourquoi pas"},{"url":"https:\/\/www.valdallos.com\/medias\/images\/prestataires\/138617-pourquoipas193.jpg","chemin":"..\/medias\/images\/prestataires\/138617-pourquoipas193.jpg","libelle":"Terrasse ext\u00e9rieure du restaurant, dans une cour en dallage, tables et chaises sous parasols rouges","extension":"jpg","categorie":"","largeur":480,"theme":"","hauteur":640,"type":"Image","origine":"","liaisonPave":"","langue":"","id":"138617","urlVignette":"https:\/\/www.valdallos.com\/medias\/images\/prestataires\/v-138617-pourquoipas193.jpg","alt":"Terrasse ext\u00e9rieure du restaurant, dans une cour en dallage, tables et chaises sous parasols rouges","title":"Terrasse ext\u00e9rieure du restaurant, dans une cour en dallage, tables et chaises sous parasols rouges","MultiTaille":{"1920x1440":{"url":"https:\/\/www.valdallos.com\/medias\/images\/prestataires\/multitailles\/1920x1440_138617-pourquoipas193.jpg"},"1200x900":{"url":"https:\/\/www.valdallos.com\/medias\/images\/prestataires\/multitailles\/1200x900_138617-pourquoipas193.jpg"},"800x600":{"url":"https:\/\/www.valdallos.com\/medias\/images\/prestataires\/multitailles\/800x600_138617-pourquoipas193.jpg"},"640x480":{"url":"https:\/\/www.valdallos.com\/medias\/images\/prestataires\/multitailles\/640x480_138617-pourquoipas193.jpg"},"320x240":{"url":"https:\/\/www.valdallos.com\/medias\/images\/prestataires\/multitailles\/320x240_138617-pourquoipas193.jpg"},"160x120":{"url":"https:\/\/www.valdallos.com\/medias\/images\/prestataires\/multitailles\/160x120_138617-pourquoipas193.jpg"},"origine":{"url":"https:\/\/www.valdallos.com\/medias\/images\/prestataires\/138617-pourquoipas193.jpg"}},"urlLien":"","typeLien":"","nofollow":"N","copyright":"Le pourquoi pas"},{"url":"https:\/\/www.valdallos.com\/medias\/images\/prestataires\/138618-pourquoi_pas_1.jpg","chemin":"..\/medias\/images\/prestataires\/138618-pourquoi_pas_1.jpg","libelle":"Devanture du restaurant avec terrasse ext\u00e9rieure avec tables et chaises. Panneau avec inscription : \"Pourquoi pas ? Cr\u00eaperie Pizza\" \"Sp\u00e9cialit\u00e9s montagnardes\"","extension":"jpg","categorie":"","largeur":2016,"theme":"","hauteur":1512,"type":"Image","origine":"","liaisonPave":"","langue":"","id":"138618","urlVignette":"https:\/\/www.valdallos.com\/medias\/images\/prestataires\/v-138618-pourquoi_pas_1.jpg","alt":"Devanture du restaurant avec terrasse ext\u00e9rieure avec tables et chaises. Panneau avec inscription : \"Pourquoi pas ? Cr\u00eaperie Pizza\" \"Sp\u00e9cialit\u00e9s montagnardes\"","title":"Devanture du restaurant avec terrasse ext\u00e9rieure avec tables et chaises. Panneau avec inscription : \"Pourquoi pas ? Cr\u00eaperie Pizza\" \"Sp\u00e9cialit\u00e9s montagnardes\"","MultiTaille":{"1920x1440":{"url":"https:\/\/www.valdallos.com\/medias\/images\/prestataires\/multitailles\/1920x1440_138618-pourquoi_pas_1.jpg"},"1200x900":{"url":"https:\/\/www.valdallos.com\/medias\/images\/prestataires\/multitailles\/1200x900_138618-pourquoi_pas_1.jpg"},"800x600":{"url":"https:\/\/www.valdallos.com\/medias\/images\/prestataires\/multitailles\/800x600_138618-pourquoi_pas_1.jpg"},"640x480":{"url":"https:\/\/www.valdallos.com\/medias\/images\/prestataires\/multitailles\/640x480_138618-pourquoi_pas_1.jpg"},"320x240":{"url":"https:\/\/www.valdallos.com\/medias\/images\/prestataires\/multitailles\/320x240_138618-pourquoi_pas_1.jpg"},"160x120":{"url":"https:\/\/www.valdallos.com\/medias\/images\/prestataires\/multitailles\/160x120_138618-pourquoi_pas_1.jpg"},"origine":{"url":"https:\/\/www.valdallos.com\/medias\/images\/prestataires\/138618-pourquoi_pas_1.jpg"}},"urlLien":"","typeLien":"","nofollow":"N","copyright":"Le Pourquoi pas"},{"url":"https:\/\/www.valdallos.com\/medias\/images\/prestataires\/138619-pourquoi_pas_5.jpg","chemin":"..\/medias\/images\/prestataires\/138619-pourquoi_pas_5.jpg","libelle":"Devanture du restaurant de nuit avec terrasse ext\u00e9rieure avec tables et chaises. Panneau avec inscription : \"Pourquoi pas ? Cr\u00eaperie Pizza\" \"Sp\u00e9cialit\u00e9s montagnardes\"","extension":"jpg","categorie":"","largeur":1920,"theme":"","hauteur":1080,"type":"Image","origine":"","liaisonPave":"","langue":"","id":"138619","urlVignette":"https:\/\/www.valdallos.com\/medias\/images\/prestataires\/v-138619-pourquoi_pas_5.jpg","alt":"Devanture du restaurant de nuit avec terrasse ext\u00e9rieure avec tables et chaises. Panneau avec inscription : \"Pourquoi pas ? Cr\u00eaperie Pizza\" \"Sp\u00e9cialit\u00e9s montagnardes\"","title":"Devanture du restaurant de nuit avec terrasse ext\u00e9rieure avec tables et chaises. Panneau avec inscription : \"Pourquoi pas ? Cr\u00eaperie Pizza\" \"Sp\u00e9cialit\u00e9s montagnardes\"","MultiTaille":{"1920x1440":{"url":"https:\/\/www.valdallos.com\/medias\/images\/prestataires\/multitailles\/1920x1440_138619-pourquoi_pas_5.jpg"},"1200x900":{"url":"https:\/\/www.valdallos.com\/medias\/images\/prestataires\/multitailles\/1200x900_138619-pourquoi_pas_5.jpg"},"800x600":{"url":"https:\/\/www.valdallos.com\/medias\/images\/prestataires\/multitailles\/800x600_138619-pourquoi_pas_5.jpg"},"640x480":{"url":"https:\/\/www.valdallos.com\/medias\/images\/prestataires\/multitailles\/640x480_138619-pourquoi_pas_5.jpg"},"320x240":{"url":"https:\/\/www.valdallos.com\/medias\/images\/prestataires\/multitailles\/320x240_138619-pourquoi_pas_5.jpg"},"160x120":{"url":"https:\/\/www.valdallos.com\/medias\/images\/prestataires\/multitailles\/160x120_138619-pourquoi_pas_5.jpg"},"origine":{"url":"https:\/\/www.valdallos.com\/medias\/images\/prestataires\/138619-pourquoi_pas_5.jpg"}},"urlLien":"","typeLien":"","nofollow":"N","copyright":"Le Pourquoi pas"},{"url":"https:\/\/www.valdallos.com\/medias\/images\/prestataires\/138620-pourquoi_pas_4.jpg","chemin":"..\/medias\/images\/prestataires\/138620-pourquoi_pas_4.jpg","libelle":"Devanture du restaurant en \u00e9t\u00e9 avec terrasse ext\u00e9rieure avec tables, chaises et parasols rouges. Panneau avec inscription : \"Pourquoi pas ? Cr\u00eaperie Pizza\" \"Sp\u00e9cialit\u00e9s montagnardes\"","extension":"jpg","categorie":"","largeur":1280,"theme":"","hauteur":960,"type":"Image","origine":"","liaisonPave":"","langue":"","id":"138620","urlVignette":"https:\/\/www.valdallos.com\/medias\/images\/prestataires\/v-138620-pourquoi_pas_4.jpg","alt":"Devanture du restaurant en \u00e9t\u00e9 avec terrasse ext\u00e9rieure avec tables, chaises et parasols rouges. Panneau avec inscription : \"Pourquoi pas ? Cr\u00eaperie Pizza\" \"Sp\u00e9cialit\u00e9s montagnardes\"","title":"Devanture du restaurant en \u00e9t\u00e9 avec terrasse ext\u00e9rieure avec tables, chaises et parasols rouges. Panneau avec inscription : \"Pourquoi pas ? Cr\u00eaperie Pizza\" \"Sp\u00e9cialit\u00e9s montagnardes\"","MultiTaille":{"1920x1440":{"url":"https:\/\/www.valdallos.com\/medias\/images\/prestataires\/multitailles\/1920x1440_138620-pourquoi_pas_4.jpg"},"1200x900":{"url":"https:\/\/www.valdallos.com\/medias\/images\/prestataires\/multitailles\/1200x900_138620-pourquoi_pas_4.jpg"},"800x600":{"url":"https:\/\/www.valdallos.com\/medias\/images\/prestataires\/multitailles\/800x600_138620-pourquoi_pas_4.jpg"},"640x480":{"url":"https:\/\/www.valdallos.com\/medias\/images\/prestataires\/multitailles\/640x480_138620-pourquoi_pas_4.jpg"},"320x240":{"url":"https:\/\/www.valdallos.com\/medias\/images\/prestataires\/multitailles\/320x240_138620-pourquoi_pas_4.jpg"},"160x120":{"url":"https:\/\/www.valdallos.com\/medias\/images\/prestataires\/multitailles\/160x120_138620-pourquoi_pas_4.jpg"},"origine":{"url":"https:\/\/www.valdallos.com\/medias\/images\/prestataires\/138620-pourquoi_pas_4.jpg"}},"urlLien":"","typeLien":"","nofollow":"N","copyright":"Le Pourquoi pas"}],"ByCategorie":{"":[{"url":"https:\/\/www.valdallos.com\/medias\/images\/prestataires\/138614-pourquoi_pas_3.jpg","chemin":"..\/medias\/images\/prestataires\/138614-pourquoi_pas_3.jpg","libelle":"Salle de restaurant lumineuse avec d\u00e9coration int\u00e9rieur bois, tables et chaises assorties, tableau au mur, porte-fen\u00eatre donnant sur la galerie marchande","extension":"jpg","categorie":"","largeur":2016,"theme":"","hauteur":1512,"type":"Image","origine":"","liaisonPave":"","langue":"","id":"138614","urlVignette":"https:\/\/www.valdallos.com\/medias\/images\/prestataires\/v-138614-pourquoi_pas_3.jpg","alt":"Salle de restaurant lumineuse avec d\u00e9coration int\u00e9rieur bois, tables et chaises assorties, tableau au mur, porte-fen\u00eatre donnant sur la galerie marchande","title":"Salle de restaurant lumineuse avec d\u00e9coration int\u00e9rieur bois, tables et chaises assorties, tableau au mur, porte-fen\u00eatre donnant sur la galerie marchande","MultiTaille":{"1920x1440":{"url":"https:\/\/www.valdallos.com\/medias\/images\/prestataires\/multitailles\/1920x1440_138614-pourquoi_pas_3.jpg"},"1200x900":{"url":"https:\/\/www.valdallos.com\/medias\/images\/prestataires\/multitailles\/1200x900_138614-pourquoi_pas_3.jpg"},"800x600":{"url":"https:\/\/www.valdallos.com\/medias\/images\/prestataires\/multitailles\/800x600_138614-pourquoi_pas_3.jpg"},"640x480":{"url":"https:\/\/www.valdallos.com\/medias\/images\/prestataires\/multitailles\/640x480_138614-pourquoi_pas_3.jpg"},"320x240":{"url":"https:\/\/www.valdallos.com\/medias\/images\/prestataires\/multitailles\/320x240_138614-pourquoi_pas_3.jpg"},"160x120":{"url":"https:\/\/www.valdallos.com\/medias\/images\/prestataires\/multitailles\/160x120_138614-pourquoi_pas_3.jpg"},"origine":{"url":"https:\/\/www.valdallos.com\/medias\/images\/prestataires\/138614-pourquoi_pas_3.jpg"}},"urlLien":"","typeLien":"","nofollow":"N","copyright":"Le Pourquoi pas"},{"url":"https:\/\/www.valdallos.com\/medias\/images\/prestataires\/138615-pourquoipas19.jpg","chemin":"..\/medias\/images\/prestataires\/138615-pourquoipas19.jpg","libelle":"Salle de restaurant lumineuse et moderne avec tables et chaises, fen\u00eatre au fond donnant sur la galerie marchande","extension":"jpg","categorie":"","largeur":295,"theme":"","hauteur":640,"type":"Image","origine":"","liaisonPave":"","langue":"","id":"138615","urlVignette":"https:\/\/www.valdallos.com\/medias\/images\/prestataires\/v-138615-pourquoipas19.jpg","alt":"Salle de restaurant lumineuse et moderne avec tables et chaises, fen\u00eatre au fond donnant sur la galerie marchande","title":"Salle de restaurant lumineuse et moderne avec tables et chaises, fen\u00eatre au fond donnant sur la galerie marchande","MultiTaille":{"1920x1440":{"url":"https:\/\/www.valdallos.com\/medias\/images\/prestataires\/multitailles\/1920x1440_138615-pourquoipas19.jpg"},"1200x900":{"url":"https:\/\/www.valdallos.com\/medias\/images\/prestataires\/multitailles\/1200x900_138615-pourquoipas19.jpg"},"800x600":{"url":"https:\/\/www.valdallos.com\/medias\/images\/prestataires\/multitailles\/800x600_138615-pourquoipas19.jpg"},"640x480":{"url":"https:\/\/www.valdallos.com\/medias\/images\/prestataires\/multitailles\/640x480_138615-pourquoipas19.jpg"},"320x240":{"url":"https:\/\/www.valdallos.com\/medias\/images\/prestataires\/multitailles\/320x240_138615-pourquoipas19.jpg"},"160x120":{"url":"https:\/\/www.valdallos.com\/medias\/images\/prestataires\/multitailles\/160x120_138615-pourquoipas19.jpg"},"origine":{"url":"https:\/\/www.valdallos.com\/medias\/images\/prestataires\/138615-pourquoipas19.jpg"}},"urlLien":"","typeLien":"","nofollow":"N","copyright":"Le pourquoi pas"},{"url":"https:\/\/www.valdallos.com\/medias\/images\/prestataires\/138616-pourquoipas192.jpg","chemin":"..\/medias\/images\/prestataires\/138616-pourquoipas192.jpg","libelle":"Vue du restaurant depuis l'ext\u00e9rieur de la galerie marchande. Terrasse ext\u00e9rieure avec parasol. Panneau avec inscription : \"Pourquoi pas, sp\u00e9cialit\u00e9s fromag\u00e8res\"","extension":"jpg","categorie":"","largeur":640,"theme":"","hauteur":480,"type":"Image","origine":"","liaisonPave":"","langue":"","id":"138616","urlVignette":"https:\/\/www.valdallos.com\/medias\/images\/prestataires\/v-138616-pourquoipas192.jpg","alt":"Vue du restaurant depuis l'ext\u00e9rieur de la galerie marchande. Terrasse ext\u00e9rieure avec parasol. Panneau avec inscription : \"Pourquoi pas, sp\u00e9cialit\u00e9s fromag\u00e8res\"","title":"Vue du restaurant depuis l'ext\u00e9rieur de la galerie marchande. Terrasse ext\u00e9rieure avec parasol. Panneau avec inscription : \"Pourquoi pas, sp\u00e9cialit\u00e9s fromag\u00e8res\"","MultiTaille":{"1920x1440":{"url":"https:\/\/www.valdallos.com\/medias\/images\/prestataires\/multitailles\/1920x1440_138616-pourquoipas192.jpg"},"1200x900":{"url":"https:\/\/www.valdallos.com\/medias\/images\/prestataires\/multitailles\/1200x900_138616-pourquoipas192.jpg"},"800x600":{"url":"https:\/\/www.valdallos.com\/medias\/images\/prestataires\/multitailles\/800x600_138616-pourquoipas192.jpg"},"640x480":{"url":"https:\/\/www.valdallos.com\/medias\/images\/prestataires\/multitailles\/640x480_138616-pourquoipas192.jpg"},"320x240":{"url":"https:\/\/www.valdallos.com\/medias\/images\/prestataires\/multitailles\/320x240_138616-pourquoipas192.jpg"},"160x120":{"url":"https:\/\/www.valdallos.com\/medias\/images\/prestataires\/multitailles\/160x120_138616-pourquoipas192.jpg"},"origine":{"url":"https:\/\/www.valdallos.com\/medias\/images\/prestataires\/138616-pourquoipas192.jpg"}},"urlLien":"","typeLien":"","nofollow":"N","copyright":"Le pourquoi pas"},{"url":"https:\/\/www.valdallos.com\/medias\/images\/prestataires\/138617-pourquoipas193.jpg","chemin":"..\/medias\/images\/prestataires\/138617-pourquoipas193.jpg","libelle":"Terrasse ext\u00e9rieure du restaurant, dans une cour en dallage, tables et chaises sous parasols rouges","extension":"jpg","categorie":"","largeur":480,"theme":"","hauteur":640,"type":"Image","origine":"","liaisonPave":"","langue":"","id":"138617","urlVignette":"https:\/\/www.valdallos.com\/medias\/images\/prestataires\/v-138617-pourquoipas193.jpg","alt":"Terrasse ext\u00e9rieure du restaurant, dans une cour en dallage, tables et chaises sous parasols rouges","title":"Terrasse ext\u00e9rieure du restaurant, dans une cour en dallage, tables et chaises sous parasols rouges","MultiTaille":{"1920x1440":{"url":"https:\/\/www.valdallos.com\/medias\/images\/prestataires\/multitailles\/1920x1440_138617-pourquoipas193.jpg"},"1200x900":{"url":"https:\/\/www.valdallos.com\/medias\/images\/prestataires\/multitailles\/1200x900_138617-pourquoipas193.jpg"},"800x600":{"url":"https:\/\/www.valdallos.com\/medias\/images\/prestataires\/multitailles\/800x600_138617-pourquoipas193.jpg"},"640x480":{"url":"https:\/\/www.valdallos.com\/medias\/images\/prestataires\/multitailles\/640x480_138617-pourquoipas193.jpg"},"320x240":{"url":"https:\/\/www.valdallos.com\/medias\/images\/prestataires\/multitailles\/320x240_138617-pourquoipas193.jpg"},"160x120":{"url":"https:\/\/www.valdallos.com\/medias\/images\/prestataires\/multitailles\/160x120_138617-pourquoipas193.jpg"},"origine":{"url":"https:\/\/www.valdallos.com\/medias\/images\/prestataires\/138617-pourquoipas193.jpg"}},"urlLien":"","typeLien":"","nofollow":"N","copyright":"Le pourquoi pas"},{"url":"https:\/\/www.valdallos.com\/medias\/images\/prestataires\/138618-pourquoi_pas_1.jpg","chemin":"..\/medias\/images\/prestataires\/138618-pourquoi_pas_1.jpg","libelle":"Devanture du restaurant avec terrasse ext\u00e9rieure avec tables et chaises. Panneau avec inscription : \"Pourquoi pas ? Cr\u00eaperie Pizza\" \"Sp\u00e9cialit\u00e9s montagnardes\"","extension":"jpg","categorie":"","largeur":2016,"theme":"","hauteur":1512,"type":"Image","origine":"","liaisonPave":"","langue":"","id":"138618","urlVignette":"https:\/\/www.valdallos.com\/medias\/images\/prestataires\/v-138618-pourquoi_pas_1.jpg","alt":"Devanture du restaurant avec terrasse ext\u00e9rieure avec tables et chaises. Panneau avec inscription : \"Pourquoi pas ? Cr\u00eaperie Pizza\" \"Sp\u00e9cialit\u00e9s montagnardes\"","title":"Devanture du restaurant avec terrasse ext\u00e9rieure avec tables et chaises. Panneau avec inscription : \"Pourquoi pas ? Cr\u00eaperie Pizza\" \"Sp\u00e9cialit\u00e9s montagnardes\"","MultiTaille":{"1920x1440":{"url":"https:\/\/www.valdallos.com\/medias\/images\/prestataires\/multitailles\/1920x1440_138618-pourquoi_pas_1.jpg"},"1200x900":{"url":"https:\/\/www.valdallos.com\/medias\/images\/prestataires\/multitailles\/1200x900_138618-pourquoi_pas_1.jpg"},"800x600":{"url":"https:\/\/www.valdallos.com\/medias\/images\/prestataires\/multitailles\/800x600_138618-pourquoi_pas_1.jpg"},"640x480":{"url":"https:\/\/www.valdallos.com\/medias\/images\/prestataires\/multitailles\/640x480_138618-pourquoi_pas_1.jpg"},"320x240":{"url":"https:\/\/www.valdallos.com\/medias\/images\/prestataires\/multitailles\/320x240_138618-pourquoi_pas_1.jpg"},"160x120":{"url":"https:\/\/www.valdallos.com\/medias\/images\/prestataires\/multitailles\/160x120_138618-pourquoi_pas_1.jpg"},"origine":{"url":"https:\/\/www.valdallos.com\/medias\/images\/prestataires\/138618-pourquoi_pas_1.jpg"}},"urlLien":"","typeLien":"","nofollow":"N","copyright":"Le Pourquoi pas"},{"url":"https:\/\/www.valdallos.com\/medias\/images\/prestataires\/138619-pourquoi_pas_5.jpg","chemin":"..\/medias\/images\/prestataires\/138619-pourquoi_pas_5.jpg","libelle":"Devanture du restaurant de nuit avec terrasse ext\u00e9rieure avec tables et chaises. Panneau avec inscription : \"Pourquoi pas ? Cr\u00eaperie Pizza\" \"Sp\u00e9cialit\u00e9s montagnardes\"","extension":"jpg","categorie":"","largeur":1920,"theme":"","hauteur":1080,"type":"Image","origine":"","liaisonPave":"","langue":"","id":"138619","urlVignette":"https:\/\/www.valdallos.com\/medias\/images\/prestataires\/v-138619-pourquoi_pas_5.jpg","alt":"Devanture du restaurant de nuit avec terrasse ext\u00e9rieure avec tables et chaises. Panneau avec inscription : \"Pourquoi pas ? Cr\u00eaperie Pizza\" \"Sp\u00e9cialit\u00e9s montagnardes\"","title":"Devanture du restaurant de nuit avec terrasse ext\u00e9rieure avec tables et chaises. Panneau avec inscription : \"Pourquoi pas ? Cr\u00eaperie Pizza\" \"Sp\u00e9cialit\u00e9s montagnardes\"","MultiTaille":{"1920x1440":{"url":"https:\/\/www.valdallos.com\/medias\/images\/prestataires\/multitailles\/1920x1440_138619-pourquoi_pas_5.jpg"},"1200x900":{"url":"https:\/\/www.valdallos.com\/medias\/images\/prestataires\/multitailles\/1200x900_138619-pourquoi_pas_5.jpg"},"800x600":{"url":"https:\/\/www.valdallos.com\/medias\/images\/prestataires\/multitailles\/800x600_138619-pourquoi_pas_5.jpg"},"640x480":{"url":"https:\/\/www.valdallos.com\/medias\/images\/prestataires\/multitailles\/640x480_138619-pourquoi_pas_5.jpg"},"320x240":{"url":"https:\/\/www.valdallos.com\/medias\/images\/prestataires\/multitailles\/320x240_138619-pourquoi_pas_5.jpg"},"160x120":{"url":"https:\/\/www.valdallos.com\/medias\/images\/prestataires\/multitailles\/160x120_138619-pourquoi_pas_5.jpg"},"origine":{"url":"https:\/\/www.valdallos.com\/medias\/images\/prestataires\/138619-pourquoi_pas_5.jpg"}},"urlLien":"","typeLien":"","nofollow":"N","copyright":"Le Pourquoi pas"},{"url":"https:\/\/www.valdallos.com\/medias\/images\/prestataires\/138620-pourquoi_pas_4.jpg","chemin":"..\/medias\/images\/prestataires\/138620-pourquoi_pas_4.jpg","libelle":"Devanture du restaurant en \u00e9t\u00e9 avec terrasse ext\u00e9rieure avec tables, chaises et parasols rouges. Panneau avec inscription : \"Pourquoi pas ? Cr\u00eaperie Pizza\" \"Sp\u00e9cialit\u00e9s montagnardes\"","extension":"jpg","categorie":"","largeur":1280,"theme":"","hauteur":960,"type":"Image","origine":"","liaisonPave":"","langue":"","id":"138620","urlVignette":"https:\/\/www.valdallos.com\/medias\/images\/prestataires\/v-138620-pourquoi_pas_4.jpg","alt":"Devanture du restaurant en \u00e9t\u00e9 avec terrasse ext\u00e9rieure avec tables, chaises et parasols rouges. Panneau avec inscription : \"Pourquoi pas ? Cr\u00eaperie Pizza\" \"Sp\u00e9cialit\u00e9s montagnardes\"","title":"Devanture du restaurant en \u00e9t\u00e9 avec terrasse ext\u00e9rieure avec tables, chaises et parasols rouges. Panneau avec inscription : \"Pourquoi pas ? Cr\u00eaperie Pizza\" \"Sp\u00e9cialit\u00e9s montagnardes\"","MultiTaille":{"1920x1440":{"url":"https:\/\/www.valdallos.com\/medias\/images\/prestataires\/multitailles\/1920x1440_138620-pourquoi_pas_4.jpg"},"1200x900":{"url":"https:\/\/www.valdallos.com\/medias\/images\/prestataires\/multitailles\/1200x900_138620-pourquoi_pas_4.jpg"},"800x600":{"url":"https:\/\/www.valdallos.com\/medias\/images\/prestataires\/multitailles\/800x600_138620-pourquoi_pas_4.jpg"},"640x480":{"url":"https:\/\/www.valdallos.com\/medias\/images\/prestataires\/multitailles\/640x480_138620-pourquoi_pas_4.jpg"},"320x240":{"url":"https:\/\/www.valdallos.com\/medias\/images\/prestataires\/multitailles\/320x240_138620-pourquoi_pas_4.jpg"},"160x120":{"url":"https:\/\/www.valdallos.com\/medias\/images\/prestataires\/multitailles\/160x120_138620-pourquoi_pas_4.jpg"},"origine":{"url":"https:\/\/www.valdallos.com\/medias\/images\/prestataires\/138620-pourquoi_pas_4.jpg"}},"urlLien":"","typeLien":"","nofollow":"N","copyright":"Le Pourquoi pas"}]}},"Url":"pourquoi-pas.html","Localisation":{"GoogleMap":{"Latitude":"44.289827","Longitude":"6.569325"},"PlanStation":{"idPlan":"6","nomPlan":"[NEW] Plan La Foux","carte":"\/plan\/plan_station_2018[HIVER_FR[.jpg","PositionAbs":"645","PositionOrd":"236"}},"ZoneGeo":"","LiensEtWidgetsParType":{"TA":[{"Id":"2558","TypePrestataire":"T","CodePrestataire":"634100","CodePrestation":"","CodeLibelle":"","Type":"TA","Url":"https:\/\/www.tripadvisor.fr\/Restaurant_Review-g7002973-d4156627-Reviews-Le_Pourquoi_Pas-La_Foux_d_Allos_Allos_Alpes_de_Haute_Provence_Provence_Alpes_Cot.html","Defaut":"N","Langue":"","Nature":"URL","Import":"","LibelleText":"","Theme":""}]},"LiensEtWidgets":[{"Id":"2558","TypePrestataire":"T","CodePrestataire":"634100","CodePrestation":"","CodeLibelle":"","Type":"TA","Url":"https:\/\/www.tripadvisor.fr\/Restaurant_Review-g7002973-d4156627-Reviews-Le_Pourquoi_Pas-La_Foux_d_Allos_Allos_Alpes_de_Haute_Provence_Provence_Alpes_Cot.html","Defaut":"N","Langue":"","Nature":"URL","Import":"","LibelleText":"","Theme":""}],"Criteres":{"TINFADH[TFIN":"","TADHER[ROFFIC":"","ZONEGEO[FRPA04VAV1800":"","P.categories[CV":"","PUBLICATION[VALDALLOS":"","P.categories[SPECMONT":"","P.services[687":"","P.119[1177":"","P.119[1217":"","P.prestations[animauxAcceptes":"","P.prestations[surchargeTourismesAdaptes":"","P.prestations[surchargeDescriptifHandicapMoteur":"","P.prestations[surchargeDescriptifHandicapAuditif":"","P.prestations[surchargeDescriptifHandicapVisuel":"","P.prestations[surchargeDescriptifHandicapMental":"","P.prestations[surchargeNombreFauteuilsRoulants":"","P.languesParlees[1192":"","P.languesParlees[1197":"","P.3650[3652":"","P.2[509":"","P.2[513":"","P.5[593":"","P.environnements[171":"","P.environnements[178":"","P.environnements[184":"","P.environnements[193":"","P.114[416":"","P.114[418":"","P.114[435":"","P.114[436":"","P.modesPaiement[1268":"","P.modesPaiement[1271":"","P.modesPaiement[1274":"","P.modesPaiement[1277":"","P.modesPaiement[1285":"","P.tourismeAffaires[tourismeAffairesEnabled":"","P.tourismeAffaires[devise":"EUR","P.restaurationType[2866":"","P.specialites[2983":"","P.specialites[2989":"","P.categories[2882":"","P.categories[2883":"","P.categories[2886":"","P.capacite[nombreSalles":"1","P.capacite[nombreMaximumCouverts":"50","P.capacite[nombreCouvertsTerrasse":"30","P.CINTSITRA[5660":"","P.CINTSITRA[5663":"","P.CINTSITRA[5664":"","P.CINTSITRA[8809":"","P.6241[126905":"","P.6241[5740912":"","P.3218[311229":"","P.3220[587401":"","P.3220[5575332":"","P.3233[591419":"","P.3221[4876304":"","P.3219[5127066":"","P.3219[5127127":"","P.3219[5239406":"","P.3219[6436838":"","P.3240[5778284":"","P.6242[5843488":"","P.3230[6139211":"","P.VilleSitra[37282":"","P.VillageDeDepart[1559":"","P.VillageDeDepart[37282":""},"DateFinPublication":"","PrixAPartirDe":"","PrixPour":"","FicheListeEnCours":"fiche_liste_restaurants_OT_v2018","ParametresModele":{"AfficherPhotos":1,"NbPhotosMax":6,"AfficherReserver":0,"AfficherContact":"1","AfficherSalle":1,"AfficherZoneGeo":0,"AfficherEnSavoirPlus":"0","AfficherUneSeuleOuverture":0,"AfficherContactCarte":1,"AfficherTarifsChaudAPartirDe":0,"AfficherTarifChaudSansRecherche":0,"AffichageCoordonnees":"Telephone|TelephoneBureau|Portable","AfficherAvis":"0","AfficherAvisIngenie":"1","BlocCritereInfo":{"critere1":{"libelle":""},"critere2":{"libelle":""},"critere3":{"libelle":""},"critere4":{"libelle":""},"critere5":{"libelle":"","liste_critere":["P.113|1593|T","P.113|1680|T"]},"critere6":{"libelle":""},"critere7":{"libelle":"","liste_critere":["ZONEGEO|T"]},"critere8":{"libelle":""},"critere9":{"libelle":""},"afficherpictoetpaslibelle":"1"},"Criteres":"PUBLICATION[VALDALLOS","PositionBloc":"GALLERIE|NOM|ADRESSE|DESCRIPTIF|CRITERESORDONNEES|ZONEPRINCIPALFICHEPRESTA|AVIS|LIEN_RESERVER_DETAIL|DISPO|CARNET_VOYAGE|URL","TypePrestataire":"T","ComportementResa":false,"ComportementDispo":false},"AffichageCoordonnees":{"Telephone":"04 92 83 83 34","Portable":"06 83 85 63 58"},"Coordonnees":{"Ville":"La Foux d\u2019Allos"},"ContexteId":"PRESTATAIRE|T|634100","ContexteIdHtml":"PRESTATAIRE-T-634100","cleContexte":"T|634100","Bloc":{"texte1":"","texte3":"","critere1":{"libelle":"","contenu":[]},"critere2":{"libelle":"","contenu":[]},"critere3":{"libelle":"","contenu":[]},"critere4":{"libelle":"","contenu":[]},"critere5":{"libelle":"","contenu":[]},"critere6":{"libelle":"","contenu":[]},"critere7":{"libelle":"","contenu":{"ZONEGEO":{"libelle":"Citt\u00e0","contenu":{"1":"Val d'Allos la Foux"},"codesValeurs":{"1":"ZONEGEO|FRPA04VAV1800|T"},"criteres_datas":{"valeurs":{"1":{"FRPA04VAV1800":{"descriptif":""}}}}}}},"critere8":{"libelle":"","contenu":[]},"critere9":{"libelle":"","contenu":[]}},"LocalisationGps":{"Latitude":"44.289827","Longitude":"6.569325"},"libelleDuPrestataire":"","listeCriteres":{"TINFADH":{"TFIN":""},"TADHER":{"ROFFIC":""},"ZONEGEO":{"FRPA04VAV1800":""},"P.categories":{"CV":"","SPECMONT":"","2882":"","2883":"","2886":""},"PUBLICATION":{"VALDALLOS":""},"P.services":{"687":""},"P.119":{"1177":"","1217":""},"P.prestations":{"animauxAcceptes":"","surchargeTourismesAdaptes":"","surchargeDescriptifHandicapMoteur":"","surchargeDescriptifHandicapAuditif":"","surchargeDescriptifHandicapVisuel":"","surchargeDescriptifHandicapMental":"","surchargeNombreFauteuilsRoulants":""},"P.languesParlees":{"1192":"","1197":""},"P.3650":{"3652":""},"P.2":{"509":"","513":""},"P.5":{"593":""},"P.environnements":{"171":"","178":"","184":"","193":""},"P.114":{"416":"","418":"","435":"","436":""},"P.modesPaiement":{"1268":"","1271":"","1274":"","1277":"","1285":""},"P.tourismeAffaires":{"tourismeAffairesEnabled":"","devise":"EUR"},"P.restaurationType":{"2866":""},"P.specialites":{"2983":"","2989":""},"P.capacite":{"nombreSalles":"1","nombreMaximumCouverts":"50","nombreCouvertsTerrasse":"30"},"P.CINTSITRA":{"5660":"","5663":"","5664":"","8809":""},"P.6241":{"126905":"","5740912":""},"P.3218":{"311229":""},"P.3220":{"587401":"","5575332":""},"P.3233":{"591419":""},"P.3221":{"4876304":""},"P.3219":{"5127066":"","5127127":"","5239406":"","6436838":""},"P.3240":{"5778284":""},"P.6242":{"5843488":""},"P.3230":{"6139211":""},"P.VilleSitra":{"37282":""},"P.VillageDeDepart":{"1559":"","37282":""}},"dansCarnetVoyage":true,"Ouverture":""},"html":" \n \u003Cdiv id=\"CV-PRESTATAIRE-T-634100\" data-contexte-id=\"PRESTATAIRE|T|634100\" data-cle=\"T|634100\" class=\"fiche-liste\"\u003E\n    \n\n    \u003C!-- partie photo --\u003E\n    \u003Cdiv class=\"photo\"\u003E\t\t\t\t\t\t\t\t\t\t\t\t\t\t\t\t\t\t\t\t\t\n        \u003Cdiv class=\"cadre_photo_principale\"\u003E\t\t\n        \n            \t\t\t\t\t\n                    \u003Ca href=\"pourquoi-pas.html?origine=carnet#media\"\u003E\n                        \u003Cimg class=\"photo_principale\" alt=\"Salle de restaurant lumineuse avec d\u00e9coration int\u00e9rieur bois, tables et chaises assorties, tableau au mur, porte-fen\u00eatre donnant sur la galerie marchande\" src=\"https:\/\/www.valdallos.com\/medias\/images\/prestataires\/multitailles\/320x240_138614-pourquoi_pas_3.jpg\" itemprop=\"image\"\u003E\n                    \u003C\/a\u003E\t\t\t\t\t\t\n                \n                    \u003C\/div\u003E\t\t\t\t\t\t\t\t\t\t\t\t\t\t\t\t\t\t\t \t\t\n    \u003C\/div\u003E\n    \n    \u003C!-- partie nom prest --\u003E\n    \u003Cdiv class=\"nom\"\u003E\n        \u003Ch2\u003ERistorante Pourquoi pas ?\u003C\/h2\u003E\n        \n            \u003C\/div\u003E\n\n         \n    \u003C!-- partie adresse --\u003E\n    \u003Cdiv class=\"adresse\"\u003E\n    \n          \n    \u003C\/div\u003E\n    \n    \u003C!-- partie liens --\u003E\n    \u003Cdiv class=\"liens\"\u003E\n            \u003Ca class=\"btn-icon btn-view \" title=\"Vedi il file dettagliato\" href=\"pourquoi-pas.html?origine=carnet\"\u003E\u003C\/a\u003E\u003C!--\u003Ca class=\"btn-icon btn-view \" title=\"\" href=\"?origine=carnet#thaut\"\u003E\u003C\/a\u003E--\u003E\n      \u003Ca class=\"btn-icon btn-trash carnet_voyage_supprimer\" title=\"Elimina questo file dal mio diario di viaggio\" href=\"carnet-voyage?action=remove&fiche=T|634100\"\u003E\u003C\/a\u003E\n    \u003C\/div\u003E\n\n\u003C\/div\u003E\n\n","icon":"https:\/\/static.ingenie.fr\/images\/carnetVoyageV3\/T.png"},"fiche":"T|634100","popup":"\u003Cdiv id=\"bloc_popup_ajout_fiche_carnet\"\u003E\n    \u003Cdiv class=\"info_popup_ajout_fiche_carnet\"\u003E\n        Hai appena aggiunto questo elemento alla tua selezione:    \u003C\/div\u003E\n    \u003Cdiv class=\"prest_popup_ajout_fiche_carnet\"\u003E\n        Ristorante Pourquoi pas ?    \u003C\/div\u003E\n    \u003Cdiv class=\"bloc_btn_ajout_fiche_carnet form_submit_div\"\u003E\n        \u003Cinput type=\"button\" value=\"Continua la mia selezione\" title=\"Continua la mia selezione\" name=\"btn_close\" class=\"btn_close_popup_carnet form_submit\" onclick=\"$.colorbox.close()\" \/\u003E\n        \u003Cinput type=\"button\" value=\"Visualizza la mia selezione\" title=\"Visualizza la mia selezione\" name=\"btn_panier\" class=\"btn_panier_popup_carnet form_submit\" onclick=\"if(typeof CarnetVoyage != 'undefined') {CarnetVoyage.voirCarnet();}\" \/\u003E\n    \u003C\/div\u003E\n    \u003Cdiv class=\"bloc_btn_ajout_fiche_carnet\"\u003E\n        \u003Cinput type=\"checkbox\" value=\"1\" name=\"desactiver_popup\" id=\"desactiver_popup\" \/\u003E\n        \u003Clabel for=\"desactiver_popup\"\u003ENon visualizzare pi\u00f9 questo messaggio\u003C\/label\u003E\n    \u003C\/div\u003E\n\u003C\/div\u003E","success":1}