{"nbFiches":1,"dataPrest":{"infoPrest":{"pave1":{"libelle":"Descriptif","contenu":"Ristorante con specialit\u00e0 di montagna, ambiente  piacevole\u003Cbr \/\u003E\r\nPrenotazione telefonica unicamente"},"pave2":{"libelle":"URL de la r\u00e9servation ou vente en ligne","contenu":""},"pave3":{"libelle":"Descriptif court","contenu":""},"pave4":{"libelle":"Descriptif d\u00e9taill\u00e9","contenu":""},"pave5":{"libelle":"Bons plans","contenu":""},"pave6":{"libelle":"Compl\u00e9ment localisation","contenu":""},"pave7":{"libelle":"Compl\u00e9ment accueil","contenu":""},"pave8":{"libelle":"P\u00e9riodes en clair","contenu":"Dal 20\/12\/2025 al 06\/04\/2026 il luned\u00ec, marted\u00ec, gioved\u00ec, venerd\u00ec e fine settimana."},"pave9":{"libelle":"Tarifs en clair","contenu":""},"pave10":{"libelle":"Compl\u00e9ment Tarifs","contenu":""},"pave11":{"libelle":"Compl\u00e9ment R\u00e9servation","contenu":""},"pave12":{"libelle":"Descriptif court","contenu":""},"pave13":{"libelle":"Descriptif d\u00e9taill\u00e9","contenu":""},"pave14":{"libelle":"Bons plans","contenu":""},"pave15":{"libelle":"Tarifs (Tarifs en clair, Compl\u00e9ment Tarifs)","contenu":""},"pave16":{"libelle":"P\u00e9riodes en clair","contenu":""},"pave17":{"libelle":"Descriptif court","contenu":""},"pave18":{"libelle":"Descriptif d\u00e9taill\u00e9","contenu":""},"pave19":{"libelle":"Bons plans","contenu":""},"pave20":{"libelle":"Tarifs (Tarifs en clair, Compl\u00e9ment Tarifs)","contenu":""},"pave21":{"libelle":"P\u00e9riodes en clair","contenu":""},"pave22":{"libelle":"Dispositions sp\u00e9ciales","contenu":""},"pave23":{"libelle":"Nouveaut\u00e9s","contenu":""},"pave24":{"libelle":"Gestes pour l'environnement","contenu":""},"pave25":{"libelle":"","contenu":""},"ContactsParType":{"":{"118091":{"id_contact":"118091","type_contact":"","categorie_contact":"PRESTATAIRE","societe_contact":"","fonction_contact":"","civilite_nom_prenom_contact":"MRM Genton ","adresse1_contact":"","adresse2_contact":"","adresse3_contact":"","cpostal_contact":"","ville_contact":"","teldom_contact":"","telbur_contact":"","fax_contact":"","portable_contact":"","email_contact":"","siteweb_contact":"","commentaire_contact":"","langue_contact":"","autre_moyen_com":[]}}},"ZoneGeoLibelle":"Val d\u2019Allos \u2013 La Foux","Libelle":"Ristorante Chez Natacha et Ga\u00ebl","Nom":"Restaurant Chez Natacha et Ga\u00ebl","Prenom":"","NomPrenom":"Restaurant Chez Natacha et Ga\u00ebl ","CiviliteNomPrenom":"Restaurant Chez Natacha et Ga\u00ebl ","Cle":"T|634196","PrestataireParent":"","ContexteStat":"PRESTATAIRE-T-634196","DateModificationIso":"2026-04-14T00:13:00+02:00","Type":"PRESTATAIRE","TypePrestataire":"T","Adresse":{"LigneAdresse1":"Galerie marchande","LigneAdresse2":"Val d'Allos - La Foux","LigneAdresse3":"","CodePostal":"04260","Ville":"La Foux d\u2019Allos","Cedex":"","Etat":"","Pays":"FRA"},"Email":"gael.genton@orange.fr","Telephone":"04 92 83 55 32","TelephoneBureau":"","Portable":"","SiteWeb":"http:\/\/www.cheznatachaetgael.fr","Fax":"","Id":"t-634196","Code":"T|634196","Fichier":{"Image":[{"url":"https:\/\/www.valdallos.com\/medias\/images\/prestataires\/138946-pal96857.jpg","chemin":"..\/medias\/images\/prestataires\/138946-pal96857.jpg","libelle":"Vitrine du restaurant, fa\u00e7ade en bois avec inscription grav\u00e9e \"Natacha et Ga\u00ebl\". A l'int\u00e9rieure table et chaises, ambiance confortable","extension":"jpg","categorie":"","largeur":4252,"theme":"","hauteur":2835,"type":"Image","origine":"","liaisonPave":"","langue":"","id":"138946","urlVignette":"https:\/\/www.valdallos.com\/medias\/images\/prestataires\/v-138946-pal96857.jpg","alt":"Vitrine du restaurant, fa\u00e7ade en bois avec inscription grav\u00e9e \"Natacha et Ga\u00ebl\". A l'int\u00e9rieure table et chaises, ambiance confortable","title":"Vitrine du restaurant, fa\u00e7ade en bois avec inscription grav\u00e9e \"Natacha et Ga\u00ebl\". A l'int\u00e9rieure table et chaises, ambiance confortable","MultiTaille":{"1920x1440":{"url":"https:\/\/www.valdallos.com\/medias\/images\/prestataires\/multitailles\/1920x1440_138946-pal96857.jpg"},"1200x900":{"url":"https:\/\/www.valdallos.com\/medias\/images\/prestataires\/multitailles\/1200x900_138946-pal96857.jpg"},"800x600":{"url":"https:\/\/www.valdallos.com\/medias\/images\/prestataires\/multitailles\/800x600_138946-pal96857.jpg"},"640x480":{"url":"https:\/\/www.valdallos.com\/medias\/images\/prestataires\/multitailles\/640x480_138946-pal96857.jpg"},"320x240":{"url":"https:\/\/www.valdallos.com\/medias\/images\/prestataires\/multitailles\/320x240_138946-pal96857.jpg"},"160x120":{"url":"https:\/\/www.valdallos.com\/medias\/images\/prestataires\/multitailles\/160x120_138946-pal96857.jpg"},"origine":{"url":"https:\/\/www.valdallos.com\/medias\/images\/prestataires\/138946-pal96857.jpg"}},"urlLien":"","typeLien":"","nofollow":"N","copyright":"Office de tourisme du Val d'Allos - R Palomba"}],"ByCategorie":{"":[{"url":"https:\/\/www.valdallos.com\/medias\/images\/prestataires\/138946-pal96857.jpg","chemin":"..\/medias\/images\/prestataires\/138946-pal96857.jpg","libelle":"Vitrine du restaurant, fa\u00e7ade en bois avec inscription grav\u00e9e \"Natacha et Ga\u00ebl\". A l'int\u00e9rieure table et chaises, ambiance confortable","extension":"jpg","categorie":"","largeur":4252,"theme":"","hauteur":2835,"type":"Image","origine":"","liaisonPave":"","langue":"","id":"138946","urlVignette":"https:\/\/www.valdallos.com\/medias\/images\/prestataires\/v-138946-pal96857.jpg","alt":"Vitrine du restaurant, fa\u00e7ade en bois avec inscription grav\u00e9e \"Natacha et Ga\u00ebl\". A l'int\u00e9rieure table et chaises, ambiance confortable","title":"Vitrine du restaurant, fa\u00e7ade en bois avec inscription grav\u00e9e \"Natacha et Ga\u00ebl\". A l'int\u00e9rieure table et chaises, ambiance confortable","MultiTaille":{"1920x1440":{"url":"https:\/\/www.valdallos.com\/medias\/images\/prestataires\/multitailles\/1920x1440_138946-pal96857.jpg"},"1200x900":{"url":"https:\/\/www.valdallos.com\/medias\/images\/prestataires\/multitailles\/1200x900_138946-pal96857.jpg"},"800x600":{"url":"https:\/\/www.valdallos.com\/medias\/images\/prestataires\/multitailles\/800x600_138946-pal96857.jpg"},"640x480":{"url":"https:\/\/www.valdallos.com\/medias\/images\/prestataires\/multitailles\/640x480_138946-pal96857.jpg"},"320x240":{"url":"https:\/\/www.valdallos.com\/medias\/images\/prestataires\/multitailles\/320x240_138946-pal96857.jpg"},"160x120":{"url":"https:\/\/www.valdallos.com\/medias\/images\/prestataires\/multitailles\/160x120_138946-pal96857.jpg"},"origine":{"url":"https:\/\/www.valdallos.com\/medias\/images\/prestataires\/138946-pal96857.jpg"}},"urlLien":"","typeLien":"","nofollow":"N","copyright":"Office de tourisme du Val d'Allos - R Palomba"}]}},"Url":"chez-natacha-et-gael.html","Localisation":{"GoogleMap":{"Latitude":"44.289723","Longitude":"6.569271"},"PlanStation":{"idPlan":"6","nomPlan":"[NEW] Plan La Foux","carte":"\/plan\/plan_station_2018[HIVER_FR[.jpg","PositionAbs":"636","PositionOrd":"226"}},"ZoneGeo":"","Criteres":{"TINFADH[TCOMM":"","TADHER[ROFFIC":"","TSERVI[TFPLUS":"","TSERVI[TFAMPLETE":"","TFAMPLU[TCHAIHAU":"","TFAMPLU[TREHAU":"","TFAMPLU[TPLATJOUR":"10 ans","TFAMPLU[TLEPLUS":"set de table avec jeux","ZONEGEO[FRPA04VAV1800":"","P.categories[CV":"","P.categories[LABELFAMILLEAFF":"","PUBLICATION[VALDALLOS":"","P.categories[SPECMONT":"","P.113[1593":"","P.126[1321":"","P.125[3725":"","P.services[687":"","P.services[1025":"","P.prestations[animauxAcceptes":"","P.prestations[animauxAcceptesSupplement":"","P.prestations[surchargeTourismesAdaptes":"","P.prestations[surchargeDescriptifHandicapMoteur":"","P.prestations[surchargeDescriptifHandicapAuditif":"","P.prestations[surchargeDescriptifHandicapVisuel":"","P.prestations[surchargeDescriptifHandicapMental":"","P.prestations[surchargeNombreFauteuilsRoulants":"","P.languesParlees[1192":"","P.languesParlees[1197":"","P.3650[3652":"","P.2[509":"","P.2[513":"","P.5[593":"","P.environnements[171":"","P.environnements[184":"","P.environnements[193":"","P.114[416":"","P.114[435":"","P.114[436":"","P.modesPaiement[1268":"","P.modesPaiement[1271":"","P.modesPaiement[1274":"","P.modesPaiement[1277":"","P.modesPaiement[1285":"","P.tourismeAffaires[tourismeAffairesEnabled":"","P.tourismeAffaires[devise":"EUR","P.restaurationType[2866":"","P.specialites[2983":"","P.specialites[2989":"","P.categories[2883":"","P.capacite[nombreSalles":"1","P.capacite[nombreMaximumCouverts":"32","P.CINTSITRA[5660":"","P.CINTSITRA[5664":"","P.CINTSITRA[8809":"","P.6241[126905":"","P.6241[5740912":"","P.3218[311229":"","P.3220[587401":"","P.3220[5575332":"","P.3233[591419":"","P.3221[4876304":"","P.3219[5127066":"","P.3219[5127127":"","P.3219[5239406":"","P.3219[6436838":"","P.3240[5778284":"","P.6242[5843488":"","P.3230[6139211":"","P.VilleSitra[37282":"","P.VillageDeDepart[1559":"","P.VillageDeDepart[37282":""},"DateFinPublication":"","PrixAPartirDe":"","PrixPour":"","FicheListeEnCours":"fiche_liste_restaurants_OT_v2018","ParametresModele":{"AfficherPhotos":1,"NbPhotosMax":6,"AfficherReserver":0,"AfficherContact":"1","AfficherSalle":1,"AfficherZoneGeo":0,"AfficherEnSavoirPlus":"0","AfficherUneSeuleOuverture":0,"AfficherContactCarte":1,"AfficherTarifsChaudAPartirDe":0,"AfficherTarifChaudSansRecherche":0,"AffichageCoordonnees":"Telephone|TelephoneBureau|Portable","AfficherAvis":"0","AfficherAvisIngenie":"1","BlocCritereInfo":{"critere1":{"libelle":""},"critere2":{"libelle":""},"critere3":{"libelle":""},"critere4":{"libelle":""},"critere5":{"libelle":"","liste_critere":["P.113|1593|T","P.113|1680|T"]},"critere6":{"libelle":""},"critere7":{"libelle":"","liste_critere":["ZONEGEO|T"]},"critere8":{"libelle":""},"critere9":{"libelle":""},"afficherpictoetpaslibelle":"1"},"Criteres":"PUBLICATION[VALDALLOS","PositionBloc":"GALLERIE|NOM|ADRESSE|DESCRIPTIF|CRITERESORDONNEES|ZONEPRINCIPALFICHEPRESTA|AVIS|LIEN_RESERVER_DETAIL|DISPO|CARNET_VOYAGE|URL","TypePrestataire":"T","ComportementResa":false,"ComportementDispo":false},"AffichageCoordonnees":{"Telephone":"04 92 83 55 32"},"Coordonnees":{"Ville":"La Foux d\u2019Allos"},"ContexteId":"PRESTATAIRE|T|634196","ContexteIdHtml":"PRESTATAIRE-T-634196","cleContexte":"T|634196","Bloc":{"texte1":"","texte3":"","critere1":{"libelle":"","contenu":[]},"critere2":{"libelle":"","contenu":[]},"critere3":{"libelle":"","contenu":[]},"critere4":{"libelle":"","contenu":[]},"critere5":{"libelle":"","contenu":{"P.113":{"libelle":"Nazionale","contenu":{"1":"\u003Cimg src=\"https:\/\/www.valdallos.com\/medias\/images\/picto\/P.113-1593-T.png\"  alt=\"Famille plus\" title=\"Famille plus\" \/\u003E"},"codesValeurs":{"1":"P.113|1593|T"},"criteres_datas":{"valeurs":{"1":{"1593":{"descriptif":""}}}}}}},"critere6":{"libelle":"","contenu":[]},"critere7":{"libelle":"","contenu":{"ZONEGEO":{"libelle":"Citt\u00e0","contenu":{"1":"Val d'Allos la Foux"},"codesValeurs":{"1":"ZONEGEO|FRPA04VAV1800|T"},"criteres_datas":{"valeurs":{"1":{"FRPA04VAV1800":{"descriptif":""}}}}}}},"critere8":{"libelle":"","contenu":[]},"critere9":{"libelle":"","contenu":[]}},"LocalisationGps":{"Latitude":"44.289723","Longitude":"6.569271"},"libelleDuPrestataire":"","listeCriteres":{"TINFADH":{"TCOMM":""},"TADHER":{"ROFFIC":""},"TSERVI":{"TFPLUS":"","TFAMPLETE":""},"TFAMPLU":{"TCHAIHAU":"","TREHAU":"","TPLATJOUR":"10 ans","TLEPLUS":"set de table avec jeux"},"ZONEGEO":{"FRPA04VAV1800":""},"P.categories":{"CV":"","LABELFAMILLEAFF":"","SPECMONT":"","2883":""},"PUBLICATION":{"VALDALLOS":""},"P.113":{"1593":""},"P.126":{"1321":""},"P.125":{"3725":""},"P.services":{"687":"","1025":""},"P.prestations":{"animauxAcceptes":"","animauxAcceptesSupplement":"","surchargeTourismesAdaptes":"","surchargeDescriptifHandicapMoteur":"","surchargeDescriptifHandicapAuditif":"","surchargeDescriptifHandicapVisuel":"","surchargeDescriptifHandicapMental":"","surchargeNombreFauteuilsRoulants":""},"P.languesParlees":{"1192":"","1197":""},"P.3650":{"3652":""},"P.2":{"509":"","513":""},"P.5":{"593":""},"P.environnements":{"171":"","184":"","193":""},"P.114":{"416":"","435":"","436":""},"P.modesPaiement":{"1268":"","1271":"","1274":"","1277":"","1285":""},"P.tourismeAffaires":{"tourismeAffairesEnabled":"","devise":"EUR"},"P.restaurationType":{"2866":""},"P.specialites":{"2983":"","2989":""},"P.capacite":{"nombreSalles":"1","nombreMaximumCouverts":"32"},"P.CINTSITRA":{"5660":"","5664":"","8809":""},"P.6241":{"126905":"","5740912":""},"P.3218":{"311229":""},"P.3220":{"587401":"","5575332":""},"P.3233":{"591419":""},"P.3221":{"4876304":""},"P.3219":{"5127066":"","5127127":"","5239406":"","6436838":""},"P.3240":{"5778284":""},"P.6242":{"5843488":""},"P.3230":{"6139211":""},"P.VilleSitra":{"37282":""},"P.VillageDeDepart":{"1559":"","37282":""}},"dansCarnetVoyage":true,"Ouverture":""},"html":" \n \u003Cdiv id=\"CV-PRESTATAIRE-T-634196\" data-contexte-id=\"PRESTATAIRE|T|634196\" data-cle=\"T|634196\" class=\"fiche-liste\"\u003E\n    \n\n    \u003C!-- partie photo --\u003E\n    \u003Cdiv class=\"photo\"\u003E\t\t\t\t\t\t\t\t\t\t\t\t\t\t\t\t\t\t\t\t\t\n        \u003Cdiv class=\"cadre_photo_principale\"\u003E\t\t\n        \n            \t\t\t\t\t\n                    \u003Ca href=\"chez-natacha-et-gael.html?origine=carnet#media\"\u003E\n                        \u003Cimg class=\"photo_principale\" alt=\"Vitrine du restaurant, fa\u00e7ade en bois avec inscription grav\u00e9e \"Natacha et Ga\u00ebl\". A l'int\u00e9rieure table et chaises, ambiance confortable\" src=\"https:\/\/www.valdallos.com\/medias\/images\/prestataires\/multitailles\/320x240_138946-pal96857.jpg\" itemprop=\"image\"\u003E\n                    \u003C\/a\u003E\t\t\t\t\t\t\n                \n                    \u003C\/div\u003E\t\t\t\t\t\t\t\t\t\t\t\t\t\t\t\t\t\t\t \t\t\n    \u003C\/div\u003E\n    \n    \u003C!-- partie nom prest --\u003E\n    \u003Cdiv class=\"nom\"\u003E\n        \u003Ch2\u003ERistorante Chez Natacha et Ga\u00ebl\u003C\/h2\u003E\n        \n            \u003C\/div\u003E\n\n         \n    \u003C!-- partie adresse --\u003E\n    \u003Cdiv class=\"adresse\"\u003E\n    \n          \n    \u003C\/div\u003E\n    \n    \u003C!-- partie liens --\u003E\n    \u003Cdiv class=\"liens\"\u003E\n            \u003Ca class=\"btn-icon btn-view \" title=\"Vedi il file dettagliato\" href=\"chez-natacha-et-gael.html?origine=carnet\"\u003E\u003C\/a\u003E\u003C!--\u003Ca class=\"btn-icon btn-view \" title=\"\" href=\"?origine=carnet#thaut\"\u003E\u003C\/a\u003E--\u003E\n      \u003Ca class=\"btn-icon btn-trash carnet_voyage_supprimer\" title=\"Elimina questo file dal mio diario di viaggio\" href=\"carnet-voyage?action=remove&fiche=T|634196\"\u003E\u003C\/a\u003E\n    \u003C\/div\u003E\n\n\u003C\/div\u003E\n\n","icon":"https:\/\/static.ingenie.fr\/images\/carnetVoyageV3\/T.png"},"fiche":"T|634196","popup":"\u003Cdiv id=\"bloc_popup_ajout_fiche_carnet\"\u003E\n    \u003Cdiv class=\"info_popup_ajout_fiche_carnet\"\u003E\n        Hai appena aggiunto questo elemento alla tua selezione:    \u003C\/div\u003E\n    \u003Cdiv class=\"prest_popup_ajout_fiche_carnet\"\u003E\n        Ristorante Chez Natacha et Ga&euml;l    \u003C\/div\u003E\n    \u003Cdiv class=\"bloc_btn_ajout_fiche_carnet form_submit_div\"\u003E\n        \u003Cinput type=\"button\" value=\"Continua la mia selezione\" title=\"Continua la mia selezione\" name=\"btn_close\" class=\"btn_close_popup_carnet form_submit\" onclick=\"$.colorbox.close()\" \/\u003E\n        \u003Cinput type=\"button\" value=\"Visualizza la mia selezione\" title=\"Visualizza la mia selezione\" name=\"btn_panier\" class=\"btn_panier_popup_carnet form_submit\" onclick=\"if(typeof CarnetVoyage != 'undefined') {CarnetVoyage.voirCarnet();}\" \/\u003E\n    \u003C\/div\u003E\n    \u003Cdiv class=\"bloc_btn_ajout_fiche_carnet\"\u003E\n        \u003Cinput type=\"checkbox\" value=\"1\" name=\"desactiver_popup\" id=\"desactiver_popup\" \/\u003E\n        \u003Clabel for=\"desactiver_popup\"\u003ENon visualizzare pi\u00f9 questo messaggio\u003C\/label\u003E\n    \u003C\/div\u003E\n\u003C\/div\u003E","success":1}