{"nbFiches":1,"dataPrest":{"infoPrest":{"pave1":{"libelle":"Descriptif","contenu":"Ristorante vicino alla seggiovia dell'aiguille\u003Cbr \/\u003E\r\nAccessibile ai piedi"},"pave2":{"libelle":"URL de la r\u00e9servation ou vente en ligne","contenu":""},"pave3":{"libelle":"Descriptif court","contenu":""},"pave4":{"libelle":"Descriptif d\u00e9taill\u00e9","contenu":""},"pave5":{"libelle":"Bons plans","contenu":""},"pave6":{"libelle":"Compl\u00e9ment localisation","contenu":""},"pave7":{"libelle":"Compl\u00e9ment accueil","contenu":""},"pave8":{"libelle":"P\u00e9riodes en clair","contenu":"Dal 13\/12\/2025 al 06\/04\/2026 ogni giorno."},"pave9":{"libelle":"Tarifs en clair","contenu":""},"pave10":{"libelle":"Compl\u00e9ment Tarifs","contenu":""},"pave11":{"libelle":"Compl\u00e9ment R\u00e9servation","contenu":""},"pave12":{"libelle":"Descriptif court","contenu":""},"pave13":{"libelle":"Descriptif d\u00e9taill\u00e9","contenu":""},"pave14":{"libelle":"Bons plans","contenu":""},"pave15":{"libelle":"Tarifs (Tarifs en clair, Compl\u00e9ment Tarifs)","contenu":""},"pave16":{"libelle":"P\u00e9riodes en clair","contenu":""},"pave17":{"libelle":"Descriptif court","contenu":""},"pave18":{"libelle":"Descriptif d\u00e9taill\u00e9","contenu":""},"pave19":{"libelle":"Bons plans","contenu":""},"pave20":{"libelle":"Tarifs (Tarifs en clair, Compl\u00e9ment Tarifs)","contenu":""},"pave21":{"libelle":"P\u00e9riodes en clair","contenu":""},"pave22":{"libelle":"Dispositions sp\u00e9ciales","contenu":""},"pave23":{"libelle":"Nouveaut\u00e9s","contenu":""},"pave24":{"libelle":"Gestes pour l'environnement","contenu":""},"pave25":{"libelle":"","contenu":""},"ContactsParType":{"":{"118092":{"id_contact":"118092","type_contact":"","categorie_contact":"PRESTATAIRE","societe_contact":"","fonction_contact":"","civilite_nom_prenom_contact":"MME Bonnet Sophie ","adresse1_contact":"","adresse2_contact":"","adresse3_contact":"","cpostal_contact":"","ville_contact":"","teldom_contact":"","telbur_contact":"","fax_contact":"","portable_contact":"","email_contact":"","siteweb_contact":"","commentaire_contact":"","langue_contact":"","autre_moyen_com":[]}}},"ZoneGeoLibelle":"Val d\u2019Allos \u2013 La Foux","Libelle":"Snack  Sympa snack","Nom":"Snack le Sympa snack","Prenom":"","NomPrenom":"Snack le Sympa snack ","CiviliteNomPrenom":"Snack le Sympa snack ","Cle":"T|634205","PrestataireParent":"","ContexteStat":"PRESTATAIRE-T-634205","DateModificationIso":"2026-04-14T00:13:00+02:00","Type":"PRESTATAIRE","TypePrestataire":"T","Adresse":{"LigneAdresse1":"piste de l'aiguille","LigneAdresse2":"Val d'Allos - La Foux","LigneAdresse3":"","CodePostal":"04260","Ville":"La Foux d\u2019Allos","Cedex":"","Etat":"","Pays":"FRA"},"Email":"hotelduverdon@orange.fr","Telephone":"04 92 83 11 82","TelephoneBureau":"","Portable":"06 37 93 48 88","SiteWeb":"","Fax":"","Id":"t-634205","Code":"T|634205","Fichier":{"Image":[{"url":"https:\/\/www.valdallos.com\/medias\/images\/prestataires\/138947-sympa_snack2.jpg","chemin":"..\/medias\/images\/prestataires\/138947-sympa_snack2.jpg","libelle":"Vue d'ensemble hivernale du restaurant en bois, situ\u00e9 devant des immeubles de la station de ski, en haut d'un b\u00e2timent sur deux niveaux, terrasse. Panneau \"Sympa Snack\" sur la devanture. Montagnes enneig\u00e9es en arri\u00e8re-plan.","extension":"jpg","categorie":"","largeur":1200,"theme":"","hauteur":900,"type":"Image","origine":"","liaisonPave":"","langue":"","id":"138947","urlVignette":"https:\/\/www.valdallos.com\/medias\/images\/prestataires\/v-138947-sympa_snack2.jpg","alt":"Vue d'ensemble hivernale du restaurant en bois, situ\u00e9 devant des immeubles de la station de ski, en haut d'un b\u00e2timent sur deux niveaux, terrasse. Panneau \"Sympa Snack\" sur la devanture. Montagnes enneig\u00e9es en arri\u00e8re-plan.","title":"Vue d'ensemble hivernale du restaurant en bois, situ\u00e9 devant des immeubles de la station de ski, en haut d'un b\u00e2timent sur deux niveaux, terrasse. Panneau \"Sympa Snack\" sur la devanture. Montagnes enneig\u00e9es en arri\u00e8re-plan.","MultiTaille":{"1920x1440":{"url":"https:\/\/www.valdallos.com\/medias\/images\/prestataires\/multitailles\/1920x1440_138947-sympa_snack2.jpg"},"1200x900":{"url":"https:\/\/www.valdallos.com\/medias\/images\/prestataires\/multitailles\/1200x900_138947-sympa_snack2.jpg"},"800x600":{"url":"https:\/\/www.valdallos.com\/medias\/images\/prestataires\/multitailles\/800x600_138947-sympa_snack2.jpg"},"640x480":{"url":"https:\/\/www.valdallos.com\/medias\/images\/prestataires\/multitailles\/640x480_138947-sympa_snack2.jpg"},"320x240":{"url":"https:\/\/www.valdallos.com\/medias\/images\/prestataires\/multitailles\/320x240_138947-sympa_snack2.jpg"},"160x120":{"url":"https:\/\/www.valdallos.com\/medias\/images\/prestataires\/multitailles\/160x120_138947-sympa_snack2.jpg"},"origine":{"url":"https:\/\/www.valdallos.com\/medias\/images\/prestataires\/138947-sympa_snack2.jpg"}},"urlLien":"","typeLien":"","nofollow":"N","copyright":"office de tourisme du Val d'Allos CB"},{"url":"https:\/\/www.valdallos.com\/medias\/images\/prestataires\/138948-sympa_snack.jpg","chemin":"..\/medias\/images\/prestataires\/138948-sympa_snack.jpg","libelle":"Vue d'ensemble du restaurant en bois, situ\u00e9 devant des immeubles de la station de ski, en haut d'un b\u00e2timent sur deux niveaux, terrasse. Panneau \"Sympa Snack\" sur la devanture. Montagnes en arri\u00e8re-plan","extension":"jpg","categorie":"","largeur":1200,"theme":"","hauteur":736,"type":"Image","origine":"","liaisonPave":"","langue":"","id":"138948","urlVignette":"https:\/\/www.valdallos.com\/medias\/images\/prestataires\/v-138948-sympa_snack.jpg","alt":"Vue d'ensemble du restaurant en bois, situ\u00e9 devant des immeubles de la station de ski, en haut d'un b\u00e2timent sur deux niveaux, terrasse. Panneau \"Sympa Snack\" sur la devanture. Montagnes en arri\u00e8re-plan","title":"Vue d'ensemble du restaurant en bois, situ\u00e9 devant des immeubles de la station de ski, en haut d'un b\u00e2timent sur deux niveaux, terrasse. Panneau \"Sympa Snack\" sur la devanture. Montagnes en arri\u00e8re-plan","MultiTaille":{"1920x1440":{"url":"https:\/\/www.valdallos.com\/medias\/images\/prestataires\/multitailles\/1920x1440_138948-sympa_snack.jpg"},"1200x900":{"url":"https:\/\/www.valdallos.com\/medias\/images\/prestataires\/multitailles\/1200x900_138948-sympa_snack.jpg"},"800x600":{"url":"https:\/\/www.valdallos.com\/medias\/images\/prestataires\/multitailles\/800x600_138948-sympa_snack.jpg"},"640x480":{"url":"https:\/\/www.valdallos.com\/medias\/images\/prestataires\/multitailles\/640x480_138948-sympa_snack.jpg"},"320x240":{"url":"https:\/\/www.valdallos.com\/medias\/images\/prestataires\/multitailles\/320x240_138948-sympa_snack.jpg"},"160x120":{"url":"https:\/\/www.valdallos.com\/medias\/images\/prestataires\/multitailles\/160x120_138948-sympa_snack.jpg"},"origine":{"url":"https:\/\/www.valdallos.com\/medias\/images\/prestataires\/138948-sympa_snack.jpg"}},"urlLien":"","typeLien":"","nofollow":"N","copyright":"B Courbon"}],"ByCategorie":{"":[{"url":"https:\/\/www.valdallos.com\/medias\/images\/prestataires\/138947-sympa_snack2.jpg","chemin":"..\/medias\/images\/prestataires\/138947-sympa_snack2.jpg","libelle":"Vue d'ensemble hivernale du restaurant en bois, situ\u00e9 devant des immeubles de la station de ski, en haut d'un b\u00e2timent sur deux niveaux, terrasse. Panneau \"Sympa Snack\" sur la devanture. Montagnes enneig\u00e9es en arri\u00e8re-plan.","extension":"jpg","categorie":"","largeur":1200,"theme":"","hauteur":900,"type":"Image","origine":"","liaisonPave":"","langue":"","id":"138947","urlVignette":"https:\/\/www.valdallos.com\/medias\/images\/prestataires\/v-138947-sympa_snack2.jpg","alt":"Vue d'ensemble hivernale du restaurant en bois, situ\u00e9 devant des immeubles de la station de ski, en haut d'un b\u00e2timent sur deux niveaux, terrasse. Panneau \"Sympa Snack\" sur la devanture. Montagnes enneig\u00e9es en arri\u00e8re-plan.","title":"Vue d'ensemble hivernale du restaurant en bois, situ\u00e9 devant des immeubles de la station de ski, en haut d'un b\u00e2timent sur deux niveaux, terrasse. Panneau \"Sympa Snack\" sur la devanture. Montagnes enneig\u00e9es en arri\u00e8re-plan.","MultiTaille":{"1920x1440":{"url":"https:\/\/www.valdallos.com\/medias\/images\/prestataires\/multitailles\/1920x1440_138947-sympa_snack2.jpg"},"1200x900":{"url":"https:\/\/www.valdallos.com\/medias\/images\/prestataires\/multitailles\/1200x900_138947-sympa_snack2.jpg"},"800x600":{"url":"https:\/\/www.valdallos.com\/medias\/images\/prestataires\/multitailles\/800x600_138947-sympa_snack2.jpg"},"640x480":{"url":"https:\/\/www.valdallos.com\/medias\/images\/prestataires\/multitailles\/640x480_138947-sympa_snack2.jpg"},"320x240":{"url":"https:\/\/www.valdallos.com\/medias\/images\/prestataires\/multitailles\/320x240_138947-sympa_snack2.jpg"},"160x120":{"url":"https:\/\/www.valdallos.com\/medias\/images\/prestataires\/multitailles\/160x120_138947-sympa_snack2.jpg"},"origine":{"url":"https:\/\/www.valdallos.com\/medias\/images\/prestataires\/138947-sympa_snack2.jpg"}},"urlLien":"","typeLien":"","nofollow":"N","copyright":"office de tourisme du Val d'Allos CB"},{"url":"https:\/\/www.valdallos.com\/medias\/images\/prestataires\/138948-sympa_snack.jpg","chemin":"..\/medias\/images\/prestataires\/138948-sympa_snack.jpg","libelle":"Vue d'ensemble du restaurant en bois, situ\u00e9 devant des immeubles de la station de ski, en haut d'un b\u00e2timent sur deux niveaux, terrasse. Panneau \"Sympa Snack\" sur la devanture. Montagnes en arri\u00e8re-plan","extension":"jpg","categorie":"","largeur":1200,"theme":"","hauteur":736,"type":"Image","origine":"","liaisonPave":"","langue":"","id":"138948","urlVignette":"https:\/\/www.valdallos.com\/medias\/images\/prestataires\/v-138948-sympa_snack.jpg","alt":"Vue d'ensemble du restaurant en bois, situ\u00e9 devant des immeubles de la station de ski, en haut d'un b\u00e2timent sur deux niveaux, terrasse. Panneau \"Sympa Snack\" sur la devanture. Montagnes en arri\u00e8re-plan","title":"Vue d'ensemble du restaurant en bois, situ\u00e9 devant des immeubles de la station de ski, en haut d'un b\u00e2timent sur deux niveaux, terrasse. Panneau \"Sympa Snack\" sur la devanture. Montagnes en arri\u00e8re-plan","MultiTaille":{"1920x1440":{"url":"https:\/\/www.valdallos.com\/medias\/images\/prestataires\/multitailles\/1920x1440_138948-sympa_snack.jpg"},"1200x900":{"url":"https:\/\/www.valdallos.com\/medias\/images\/prestataires\/multitailles\/1200x900_138948-sympa_snack.jpg"},"800x600":{"url":"https:\/\/www.valdallos.com\/medias\/images\/prestataires\/multitailles\/800x600_138948-sympa_snack.jpg"},"640x480":{"url":"https:\/\/www.valdallos.com\/medias\/images\/prestataires\/multitailles\/640x480_138948-sympa_snack.jpg"},"320x240":{"url":"https:\/\/www.valdallos.com\/medias\/images\/prestataires\/multitailles\/320x240_138948-sympa_snack.jpg"},"160x120":{"url":"https:\/\/www.valdallos.com\/medias\/images\/prestataires\/multitailles\/160x120_138948-sympa_snack.jpg"},"origine":{"url":"https:\/\/www.valdallos.com\/medias\/images\/prestataires\/138948-sympa_snack.jpg"}},"urlLien":"","typeLien":"","nofollow":"N","copyright":"B Courbon"}]}},"Url":"snack-sympa-snack.html","Localisation":{"GoogleMap":{"Latitude":"44.291113","Longitude":"6.56748"},"PlanStation":{"idPlan":"6","nomPlan":"[NEW] Plan La Foux","carte":"\/plan\/plan_station_2018[HIVER_FR[.jpg","PositionAbs":"785","PositionOrd":"178"}},"ZoneGeo":"","Criteres":{"TINFADH[TCOMM":"","TADHER[ROFFIC":"","ZONEGEO[FRPA04VAV1800":"","P.categories[CV":"","PUBLICATION[VALDALLOS":"","P.126[1321":"","P.services[687":"","P.prestations[animauxAcceptes":"","P.prestations[surchargeTourismesAdaptes":"","P.prestations[surchargeDescriptifHandicapMoteur":"","P.prestations[surchargeDescriptifHandicapAuditif":"","P.prestations[surchargeDescriptifHandicapVisuel":"","P.prestations[surchargeDescriptifHandicapMental":"","P.prestations[surchargeNombreFauteuilsRoulants":"","P.languesParlees[1197":"","P.tourismesAdaptes[3651":"","P.2[496":"","P.2[509":"","P.2[513":"","P.5[593":"","P.environnements[171":"","P.environnements[193":"","P.environnements[3972":"","P.114[416":"","P.114[435":"","P.114[436":"","P.modesPaiement[1268":"","P.modesPaiement[1274":"","P.modesPaiement[1277":"","P.modesPaiement[1285":"","P.tourismeAffaires[tourismeAffairesEnabled":"","P.tourismeAffaires[devise":"EUR","P.restaurationType[2866":"","P.specialites[2989":"","P.specialites[4109":"","P.categories[2887":"","P.capacite[nombreSalles":"1","P.capacite[nombreMaximumCouverts":"70","P.capacite[nombreCouvertsTerrasse":"150","P.CINTSITRA[5660":"","P.CINTSITRA[5664":"","P.CINTSITRA[8809":"","P.6241[126905":"","P.6241[5740912":"","P.3218[311229":"","P.3220[587401":"","P.3220[5575332":"","P.3233[591419":"","P.3221[4876304":"","P.3219[5127066":"","P.3219[5127127":"","P.3219[5239406":"","P.3219[6436838":"","P.3240[5778284":"","P.6242[5843488":"","P.3230[6139211":"","P.VilleSitra[37282":"","P.VillageDeDepart[1559":"","P.VillageDeDepart[37282":""},"DateFinPublication":"","PrixAPartirDe":"","PrixPour":"","FicheListeEnCours":"fiche_liste_restaurants_OT_v2018","ParametresModele":{"AfficherPhotos":1,"NbPhotosMax":6,"AfficherReserver":0,"AfficherContact":"1","AfficherSalle":1,"AfficherZoneGeo":0,"AfficherEnSavoirPlus":"0","AfficherUneSeuleOuverture":0,"AfficherContactCarte":1,"AfficherTarifsChaudAPartirDe":0,"AfficherTarifChaudSansRecherche":0,"AffichageCoordonnees":"Telephone|TelephoneBureau|Portable","AfficherAvis":"0","AfficherAvisIngenie":"1","BlocCritereInfo":{"critere1":{"libelle":""},"critere2":{"libelle":""},"critere3":{"libelle":""},"critere4":{"libelle":""},"critere5":{"libelle":"","liste_critere":["P.113|1593|T","P.113|1680|T"]},"critere6":{"libelle":""},"critere7":{"libelle":"","liste_critere":["ZONEGEO|T"]},"critere8":{"libelle":""},"critere9":{"libelle":""},"afficherpictoetpaslibelle":"1"},"Criteres":"PUBLICATION[VALDALLOS","PositionBloc":"GALLERIE|NOM|ADRESSE|DESCRIPTIF|CRITERESORDONNEES|ZONEPRINCIPALFICHEPRESTA|AVIS|LIEN_RESERVER_DETAIL|DISPO|CARNET_VOYAGE|URL","TypePrestataire":"T","ComportementResa":false,"ComportementDispo":false},"AffichageCoordonnees":{"Telephone":"04 92 83 11 82","Portable":"06 37 93 48 88"},"Coordonnees":{"Ville":"La Foux d\u2019Allos"},"ContexteId":"PRESTATAIRE|T|634205","ContexteIdHtml":"PRESTATAIRE-T-634205","cleContexte":"T|634205","Bloc":{"texte1":"","texte3":"","critere1":{"libelle":"","contenu":[]},"critere2":{"libelle":"","contenu":[]},"critere3":{"libelle":"","contenu":[]},"critere4":{"libelle":"","contenu":[]},"critere5":{"libelle":"","contenu":[]},"critere6":{"libelle":"","contenu":[]},"critere7":{"libelle":"","contenu":{"ZONEGEO":{"libelle":"Citt\u00e0","contenu":{"1":"Val d'Allos la Foux"},"codesValeurs":{"1":"ZONEGEO|FRPA04VAV1800|T"},"criteres_datas":{"valeurs":{"1":{"FRPA04VAV1800":{"descriptif":""}}}}}}},"critere8":{"libelle":"","contenu":[]},"critere9":{"libelle":"","contenu":[]}},"LocalisationGps":{"Latitude":"44.291113","Longitude":"6.56748"},"libelleDuPrestataire":"","listeCriteres":{"TINFADH":{"TCOMM":""},"TADHER":{"ROFFIC":""},"ZONEGEO":{"FRPA04VAV1800":""},"P.categories":{"CV":"","2887":""},"PUBLICATION":{"VALDALLOS":""},"P.126":{"1321":""},"P.services":{"687":""},"P.prestations":{"animauxAcceptes":"","surchargeTourismesAdaptes":"","surchargeDescriptifHandicapMoteur":"","surchargeDescriptifHandicapAuditif":"","surchargeDescriptifHandicapVisuel":"","surchargeDescriptifHandicapMental":"","surchargeNombreFauteuilsRoulants":""},"P.languesParlees":{"1197":""},"P.tourismesAdaptes":{"3651":""},"P.2":{"496":"","509":"","513":""},"P.5":{"593":""},"P.environnements":{"171":"","193":"","3972":""},"P.114":{"416":"","435":"","436":""},"P.modesPaiement":{"1268":"","1274":"","1277":"","1285":""},"P.tourismeAffaires":{"tourismeAffairesEnabled":"","devise":"EUR"},"P.restaurationType":{"2866":""},"P.specialites":{"2989":"","4109":""},"P.capacite":{"nombreSalles":"1","nombreMaximumCouverts":"70","nombreCouvertsTerrasse":"150"},"P.CINTSITRA":{"5660":"","5664":"","8809":""},"P.6241":{"126905":"","5740912":""},"P.3218":{"311229":""},"P.3220":{"587401":"","5575332":""},"P.3233":{"591419":""},"P.3221":{"4876304":""},"P.3219":{"5127066":"","5127127":"","5239406":"","6436838":""},"P.3240":{"5778284":""},"P.6242":{"5843488":""},"P.3230":{"6139211":""},"P.VilleSitra":{"37282":""},"P.VillageDeDepart":{"1559":"","37282":""}},"dansCarnetVoyage":true,"Ouverture":""},"html":" \n \u003Cdiv id=\"CV-PRESTATAIRE-T-634205\" data-contexte-id=\"PRESTATAIRE|T|634205\" data-cle=\"T|634205\" class=\"fiche-liste\"\u003E\n    \n\n    \u003C!-- partie photo --\u003E\n    \u003Cdiv class=\"photo\"\u003E\t\t\t\t\t\t\t\t\t\t\t\t\t\t\t\t\t\t\t\t\t\n        \u003Cdiv class=\"cadre_photo_principale\"\u003E\t\t\n        \n            \t\t\t\t\t\n                    \u003Ca href=\"snack-sympa-snack.html?origine=carnet#media\"\u003E\n                        \u003Cimg class=\"photo_principale\" alt=\"Vue d'ensemble hivernale du restaurant en bois, situ\u00e9 devant des immeubles de la station de ski, en haut d'un b\u00e2timent sur deux niveaux, terrasse. Panneau \"Sympa Snack\" sur la devanture. Montagnes enneig\u00e9es en arri\u00e8re-plan.\" src=\"https:\/\/www.valdallos.com\/medias\/images\/prestataires\/multitailles\/320x240_138947-sympa_snack2.jpg\" itemprop=\"image\"\u003E\n                    \u003C\/a\u003E\t\t\t\t\t\t\n                \n                    \u003C\/div\u003E\t\t\t\t\t\t\t\t\t\t\t\t\t\t\t\t\t\t\t \t\t\n    \u003C\/div\u003E\n    \n    \u003C!-- partie nom prest --\u003E\n    \u003Cdiv class=\"nom\"\u003E\n        \u003Ch2\u003ESnack  Sympa snack\u003C\/h2\u003E\n        \n            \u003C\/div\u003E\n\n         \n    \u003C!-- partie adresse --\u003E\n    \u003Cdiv class=\"adresse\"\u003E\n    \n          \n    \u003C\/div\u003E\n    \n    \u003C!-- partie liens --\u003E\n    \u003Cdiv class=\"liens\"\u003E\n            \u003Ca class=\"btn-icon btn-view \" title=\"Vedi il file dettagliato\" href=\"snack-sympa-snack.html?origine=carnet\"\u003E\u003C\/a\u003E\u003C!--\u003Ca class=\"btn-icon btn-view \" title=\"\" href=\"?origine=carnet#thaut\"\u003E\u003C\/a\u003E--\u003E\n      \u003Ca class=\"btn-icon btn-trash carnet_voyage_supprimer\" title=\"Elimina questo file dal mio diario di viaggio\" href=\"carnet-voyage?action=remove&fiche=T|634205\"\u003E\u003C\/a\u003E\n    \u003C\/div\u003E\n\n\u003C\/div\u003E\n\n","icon":"https:\/\/static.ingenie.fr\/images\/carnetVoyageV3\/T.png"},"fiche":"T|634205","popup":"\u003Cdiv id=\"bloc_popup_ajout_fiche_carnet\"\u003E\n    \u003Cdiv class=\"info_popup_ajout_fiche_carnet\"\u003E\n        Hai appena aggiunto questo elemento alla tua selezione:    \u003C\/div\u003E\n    \u003Cdiv class=\"prest_popup_ajout_fiche_carnet\"\u003E\n        Snack  Sympa snack    \u003C\/div\u003E\n    \u003Cdiv class=\"bloc_btn_ajout_fiche_carnet form_submit_div\"\u003E\n        \u003Cinput type=\"button\" value=\"Continua la mia selezione\" title=\"Continua la mia selezione\" name=\"btn_close\" class=\"btn_close_popup_carnet form_submit\" onclick=\"$.colorbox.close()\" \/\u003E\n        \u003Cinput type=\"button\" value=\"Visualizza la mia selezione\" title=\"Visualizza la mia selezione\" name=\"btn_panier\" class=\"btn_panier_popup_carnet form_submit\" onclick=\"if(typeof CarnetVoyage != 'undefined') {CarnetVoyage.voirCarnet();}\" \/\u003E\n    \u003C\/div\u003E\n    \u003Cdiv class=\"bloc_btn_ajout_fiche_carnet\"\u003E\n        \u003Cinput type=\"checkbox\" value=\"1\" name=\"desactiver_popup\" id=\"desactiver_popup\" \/\u003E\n        \u003Clabel for=\"desactiver_popup\"\u003ENon visualizzare pi\u00f9 questo messaggio\u003C\/label\u003E\n    \u003C\/div\u003E\n\u003C\/div\u003E","success":1}